{"id":10345,"date":"2024-06-25T18:56:47","date_gmt":"2024-06-25T16:56:47","guid":{"rendered":"https:\/\/www.neuillysurmarne.fr\/?page_id=10345"},"modified":"2026-01-29T10:52:56","modified_gmt":"2026-01-29T09:52:56","slug":"pharmacies-de-garde","status":"publish","type":"page","link":"https:\/\/www.neuillysurmarne.fr\/ar\/pharmacies-de-garde\/","title":{"rendered":"\u0627\u0644\u0635\u064a\u062f\u0644\u064a\u0627\u062a \u062a\u062d\u062a \u0627\u0644\u0637\u0644\u0628"},"content":{"rendered":"<div data-elementor-type=\"wp-page\" data-elementor-id=\"10345\" class=\"elementor elementor-10345\" data-elementor-post-type=\"page\">\n\t\t\t\t<div class=\"elementor-element elementor-element-98bc7d8 e-flex e-con-boxed e-con e-parent\" data-id=\"98bc7d8\" data-element_type=\"container\" data-e-type=\"container\">\n\t\t\t\t\t<div class=\"e-con-inner\">\n\t\t\t\t<div class=\"elementor-element elementor-element-ae62bc5 elementor-cta--skin-classic elementor-animated-content elementor-bg-transform elementor-bg-transform-zoom-in elementor-widget elementor-widget-call-to-action\" data-id=\"ae62bc5\" data-element_type=\"widget\" data-e-type=\"widget\" data-widget_type=\"call-to-action.default\">\n\t\t\t\t<div class=\"elementor-widget-container\">\n\t\t\t\t\t\t\t<a class=\"elementor-cta\" href=\"https:\/\/monpharmacien-idf.fr\/\">\n\t\t\t\t\t<div class=\"elementor-cta__bg-wrapper\">\n\t\t\t\t<div class=\"elementor-cta__bg elementor-bg\" style=\"background-image: url(https:\/\/www.neuillysurmarne.fr\/wp-content\/uploads\/2024\/06\/AdobeStock_487484701-1024x434.jpeg);\" role=\"img\" aria-label=\"pharmacie pharmacienne m\u00e9dicaments\"><\/div>\n\t\t\t\t<div class=\"elementor-cta__bg-overlay\"><\/div>\n\t\t\t<\/div>\n\t\t\t\t\t\t\t<div class=\"elementor-cta__content\">\n\t\t\t\t\n\t\t\t\t\t\t\t\t\t<h4 class=\"elementor-cta__title elementor-cta__content-item elementor-content-item\">\n\t\t\t\t\t\t\u0627\u0628\u062d\u062b \u0639\u0646 \u0635\u064a\u062f\u0644\u064a\u0629 \u062a\u062d\u062a \u0627\u0644\u0637\u0644\u0628\t\t\t\t\t<\/h4>\n\t\t\t\t\n\t\t\t\t\t\t\t\t\t<div class=\"elementor-cta__description elementor-cta__content-item elementor-content-item\">\n\t\t\t\t\t\t\u0641\u064a \u0623\u064a\u0627\u0645 \u0627\u0644\u0623\u0633\u0628\u0648\u0639 \u0648\u0623\u064a\u0627\u0645 \u0627\u0644\u0622\u062d\u0627\u062f \u0648\u0627\u0644\u0639\u0637\u0644\u0627\u062a \u0627\u0644\u0631\u0633\u0645\u064a\u0629\u060c \u0645\u0646 \u0627\u0644\u0633\u0647\u0644 \u0645\u0639\u0631\u0641\u0629 \u0627\u0644\u0635\u064a\u062f\u0644\u064a\u0627\u062a \u0627\u0644\u062a\u064a \u062a\u0639\u0645\u0644 \u0628\u0627\u0644\u0642\u0631\u0628 \u0645\u0646\u0643.\t\t\t\t\t<\/div>\n\t\t\t\t\n\t\t\t\t\t\t\t\t\t<div class=\"elementor-cta__button-wrapper elementor-cta__content-item elementor-content-item\">\n\t\t\t\t\t<span class=\"elementor-cta__button elementor-button elementor-size-\">\n\t\t\t\t\t\t\u0627\u0646\u0642\u0631 \u0647\u0646\u0627 \u0644\u0644\u0639\u062b\u0648\u0631 \u0639\u0644\u0649 \u0635\u064a\u062f\u0644\u064a\u0629\t\t\t\t\t<\/span>\n\t\t\t\t\t<\/div>\n\t\t\t\t\t\t\t<\/div>\n\t\t\t\t\t\t<\/a>\n\t\t\t\t\t\t<\/div>\n\t\t\t\t<\/div>\n\t\t\t\t\t<\/div>\n\t\t\t\t<\/div>\n\t\t<div class=\"elementor-element elementor-element-e6d4e00 e-flex e-con-boxed e-con e-parent\" data-id=\"e6d4e00\" data-element_type=\"container\" data-e-type=\"container\">\n\t\t\t\t\t<div class=\"e-con-inner\">\n\t\t\t\t<div class=\"elementor-element elementor-element-fcb1f39 elementor-widget elementor-widget-text-editor\" data-id=\"fcb1f39\" data-element_type=\"widget\" data-e-type=\"widget\" data-widget_type=\"text-editor.default\">\n\t\t\t\t<div class=\"elementor-widget-container\">\n\t\t\t\t\t\t\t\t\t<p>\u27a1\ufe0f <strong><a href=\"https:\/\/www.neuillysurmarne.fr\/wp-content\/uploads\/2026\/01\/2026_-01ARRETE_GardesJours2026_27.pdf\">Arr\u00eat\u00e9 sign\u00e9 par l&rsquo;ARS fixant la permanence des officines de jour<\/a><\/strong> \u2600\ufe0f<\/p><p>\u27a1\ufe0f <strong><a href=\"https:\/\/www.neuillysurmarne.fr\/wp-content\/uploads\/2026\/01\/Gardes_jour93_2026.pdf\">Gardes de jour 2026 &#8211; D\u00e9partement de la Seine-Saint-Denis<\/a><\/strong> \u2600\ufe0f<\/p><p>\u27a1\ufe0f <strong><a href=\"https:\/\/www.neuillysurmarne.fr\/wp-content\/uploads\/2026\/01\/2026_01ARRETE_GardesNuits2026_27.pdf\">Arr\u00eat\u00e9 sign\u00e9 par l&rsquo;ARS fixant la permanence des officines de nuit<\/a><\/strong> \ud83c\udf19<\/p><p>\u27a1\ufe0f <strong><a href=\"https:\/\/www.neuillysurmarne.fr\/wp-content\/uploads\/2026\/01\/Gardes_nuit93_2026-vf.pdf\">Gardes de nuit 2026 &#8211; D\u00e9partement de la Seine-Saint-Denis<\/a><\/strong> \ud83c\udf19<\/p>\t\t\t\t\t\t\t\t<\/div>\n\t\t\t\t<\/div>\n\t\t\t\t\t<\/div>\n\t\t\t\t<\/div>\n\t\t\t\t<\/div>","protected":false},"excerpt":{"rendered":"<p>Trouvez une pharmacie de garde En semaine, les dimanches et les jours f\u00e9ri\u00e9s, identifiez facilement les pharmacies de garde pr\u00e8s de chez vous. Cliquez ici pour trouver une pharmacie \u27a1\ufe0f Arr\u00eat\u00e9 sign\u00e9 par l&rsquo;ARS fixant la permanence des officines de jour \u2600\ufe0f \u27a1\ufe0f Gardes de jour 2026 &#8211; D\u00e9partement de la Seine-Saint-Denis \u2600\ufe0f \u27a1\ufe0f Arr\u00eat\u00e9 [&hellip;]<\/p>\n","protected":false},"author":2,"featured_media":10347,"parent":0,"menu_order":0,"comment_status":"closed","ping_status":"closed","template":"","meta":{"_acf_changed":false,"footnotes":""},"class_list":["post-10345","page","type-page","status-publish","has-post-thumbnail","hentry"],"acf":[],"yoast_head":"<!-- This site is optimized with the Yoast SEO plugin v27.4 - https:\/\/yoast.com\/product\/yoast-seo-wordpress\/ -->\n<title>Pharmacies de garde - Mairie de Neuilly-sur-Marne<\/title>\n<meta name=\"robots\" content=\"index, follow, max-snippet:-1, max-image-preview:large, max-video-preview:-1\" \/>\n<link rel=\"canonical\" href=\"https:\/\/www.neuillysurmarne.fr\/ar\/pharmacies-de-garde\/\" \/>\n<meta property=\"og:locale\" content=\"ar_AR\" \/>\n<meta property=\"og:type\" content=\"article\" \/>\n<meta property=\"og:title\" content=\"Pharmacies de garde - Mairie de Neuilly-sur-Marne\" \/>\n<meta property=\"og:description\" content=\"Trouvez une pharmacie de garde En semaine, les dimanches et les jours f\u00e9ri\u00e9s, identifiez facilement les pharmacies de garde pr\u00e8s de chez vous. Cliquez ici pour trouver une pharmacie \u27a1\ufe0f Arr\u00eat\u00e9 sign\u00e9 par l&rsquo;ARS fixant la permanence des officines de jour \u2600\ufe0f \u27a1\ufe0f Gardes de jour 2026 &#8211; D\u00e9partement de la Seine-Saint-Denis \u2600\ufe0f \u27a1\ufe0f Arr\u00eat\u00e9 [&hellip;]\" \/>\n<meta property=\"og:url\" content=\"https:\/\/www.neuillysurmarne.fr\/ar\/pharmacies-de-garde\/\" \/>\n<meta property=\"og:site_name\" content=\"Mairie de Neuilly-sur-Marne\" \/>\n<meta property=\"article:publisher\" content=\"https:\/\/www.facebook.com\/ville.neuilly\" \/>\n<meta property=\"article:modified_time\" content=\"2026-01-29T09:52:56+00:00\" \/>\n<meta property=\"og:image\" content=\"https:\/\/www.neuillysurmarne.fr\/wp-content\/uploads\/2024\/06\/AdobeStock_487484701-scaled.jpeg\" \/>\n\t<meta property=\"og:image:width\" content=\"2560\" \/>\n\t<meta property=\"og:image:height\" content=\"1084\" \/>\n\t<meta property=\"og:image:type\" content=\"image\/jpeg\" \/>\n<meta name=\"twitter:card\" content=\"summary_large_image\" \/>\n<meta name=\"twitter:label1\" content=\"\u0648\u0642\u062a \u0627\u0644\u0642\u0631\u0627\u0621\u0629 \u0627\u0644\u0645\u064f\u0642\u062f\u0651\u0631\" \/>\n\t<meta name=\"twitter:data1\" content=\"\u062f\u0642\u064a\u0642\u062a\u0627\u0646\" \/>\n<script type=\"application\/ld+json\" class=\"yoast-schema-graph\">{\"@context\":\"https:\\\/\\\/schema.org\",\"@graph\":[{\"@type\":\"WebPage\",\"@id\":\"https:\\\/\\\/www.neuillysurmarne.fr\\\/pharmacies-de-garde\\\/\",\"url\":\"https:\\\/\\\/www.neuillysurmarne.fr\\\/pharmacies-de-garde\\\/\",\"name\":\"Pharmacies de garde - Mairie de Neuilly-sur-Marne\",\"isPartOf\":{\"@id\":\"https:\\\/\\\/www.neuillysurmarne.fr\\\/es\\\/#website\"},\"primaryImageOfPage\":{\"@id\":\"https:\\\/\\\/www.neuillysurmarne.fr\\\/pharmacies-de-garde\\\/#primaryimage\"},\"image\":{\"@id\":\"https:\\\/\\\/www.neuillysurmarne.fr\\\/pharmacies-de-garde\\\/#primaryimage\"},\"thumbnailUrl\":\"https:\\\/\\\/www.neuillysurmarne.fr\\\/wp-content\\\/uploads\\\/2024\\\/06\\\/AdobeStock_487484701-scaled.jpeg\",\"datePublished\":\"2024-06-25T16:56:47+00:00\",\"dateModified\":\"2026-01-29T09:52:56+00:00\",\"breadcrumb\":{\"@id\":\"https:\\\/\\\/www.neuillysurmarne.fr\\\/pharmacies-de-garde\\\/#breadcrumb\"},\"inLanguage\":\"ar\",\"potentialAction\":[{\"@type\":\"ReadAction\",\"target\":[\"https:\\\/\\\/www.neuillysurmarne.fr\\\/pharmacies-de-garde\\\/\"]}]},{\"@type\":\"ImageObject\",\"inLanguage\":\"ar\",\"@id\":\"https:\\\/\\\/www.neuillysurmarne.fr\\\/pharmacies-de-garde\\\/#primaryimage\",\"url\":\"https:\\\/\\\/www.neuillysurmarne.fr\\\/wp-content\\\/uploads\\\/2024\\\/06\\\/AdobeStock_487484701-scaled.jpeg\",\"contentUrl\":\"https:\\\/\\\/www.neuillysurmarne.fr\\\/wp-content\\\/uploads\\\/2024\\\/06\\\/AdobeStock_487484701-scaled.jpeg\",\"width\":2560,\"height\":1084},{\"@type\":\"BreadcrumbList\",\"@id\":\"https:\\\/\\\/www.neuillysurmarne.fr\\\/pharmacies-de-garde\\\/#breadcrumb\",\"itemListElement\":[{\"@type\":\"ListItem\",\"position\":1,\"name\":\"Accueil\",\"item\":\"https:\\\/\\\/www.neuillysurmarne.fr\\\/\"},{\"@type\":\"ListItem\",\"position\":2,\"name\":\"Pharmacies de garde\"}]},{\"@type\":\"WebSite\",\"@id\":\"https:\\\/\\\/www.neuillysurmarne.fr\\\/es\\\/#website\",\"url\":\"https:\\\/\\\/www.neuillysurmarne.fr\\\/es\\\/\",\"name\":\"Mairie de Neuilly-sur-Marne\",\"description\":\"BETA\",\"publisher\":{\"@id\":\"https:\\\/\\\/www.neuillysurmarne.fr\\\/es\\\/#organization\"},\"potentialAction\":[{\"@type\":\"SearchAction\",\"target\":{\"@type\":\"EntryPoint\",\"urlTemplate\":\"https:\\\/\\\/www.neuillysurmarne.fr\\\/es\\\/?s={search_term_string}\"},\"query-input\":{\"@type\":\"PropertyValueSpecification\",\"valueRequired\":true,\"valueName\":\"search_term_string\"}}],\"inLanguage\":\"ar\"},{\"@type\":\"Organization\",\"@id\":\"https:\\\/\\\/www.neuillysurmarne.fr\\\/es\\\/#organization\",\"name\":\"Mairie de Neuilly-sur-Marne\",\"url\":\"https:\\\/\\\/www.neuillysurmarne.fr\\\/es\\\/\",\"logo\":{\"@type\":\"ImageObject\",\"inLanguage\":\"ar\",\"@id\":\"https:\\\/\\\/www.neuillysurmarne.fr\\\/es\\\/#\\\/schema\\\/logo\\\/image\\\/\",\"url\":\"https:\\\/\\\/www.neuillysurmarne.fr\\\/wp-content\\\/uploads\\\/2023\\\/10\\\/LOGO-NeuillysurMarne-blanc.png\",\"contentUrl\":\"https:\\\/\\\/www.neuillysurmarne.fr\\\/wp-content\\\/uploads\\\/2023\\\/10\\\/LOGO-NeuillysurMarne-blanc.png\",\"width\":3308,\"height\":2586,\"caption\":\"Mairie de Neuilly-sur-Marne\"},\"image\":{\"@id\":\"https:\\\/\\\/www.neuillysurmarne.fr\\\/es\\\/#\\\/schema\\\/logo\\\/image\\\/\"},\"sameAs\":[\"https:\\\/\\\/www.facebook.com\\\/ville.neuilly\",\"https:\\\/\\\/www.instagram.com\\\/neuilly_marne\\\/\",\"https:\\\/\\\/www.linkedin.com\\\/company\\\/ville-de-neuilly-sur-marne\\\/\",\"https:\\\/\\\/www.youtube.com\\\/channel\\\/UCDdZ0TLrV8rfIqjBGvoeB5A\",\"https:\\\/\\\/www.tiktok.com\\\/@villedeneuillysurmarne\"]}]}<\/script>\n<!-- \/ Yoast SEO plugin. -->","yoast_head_json":{"title":"Pharmacies de garde - Mairie de Neuilly-sur-Marne","robots":{"index":"index","follow":"follow","max-snippet":"max-snippet:-1","max-image-preview":"max-image-preview:large","max-video-preview":"max-video-preview:-1"},"canonical":"https:\/\/www.neuillysurmarne.fr\/ar\/pharmacies-de-garde\/","og_locale":"ar_AR","og_type":"article","og_title":"Pharmacies de garde - Mairie de Neuilly-sur-Marne","og_description":"Trouvez une pharmacie de garde En semaine, les dimanches et les jours f\u00e9ri\u00e9s, identifiez facilement les pharmacies de garde pr\u00e8s de chez vous. Cliquez ici pour trouver une pharmacie \u27a1\ufe0f Arr\u00eat\u00e9 sign\u00e9 par l&rsquo;ARS fixant la permanence des officines de jour \u2600\ufe0f \u27a1\ufe0f Gardes de jour 2026 &#8211; D\u00e9partement de la Seine-Saint-Denis \u2600\ufe0f \u27a1\ufe0f Arr\u00eat\u00e9 [&hellip;]","og_url":"https:\/\/www.neuillysurmarne.fr\/ar\/pharmacies-de-garde\/","og_site_name":"Mairie de Neuilly-sur-Marne","article_publisher":"https:\/\/www.facebook.com\/ville.neuilly","article_modified_time":"2026-01-29T09:52:56+00:00","og_image":[{"width":2560,"height":1084,"url":"https:\/\/www.neuillysurmarne.fr\/wp-content\/uploads\/2024\/06\/AdobeStock_487484701-scaled.jpeg","type":"image\/jpeg"}],"twitter_card":"summary_large_image","twitter_misc":{"\u0648\u0642\u062a \u0627\u0644\u0642\u0631\u0627\u0621\u0629 \u0627\u0644\u0645\u064f\u0642\u062f\u0651\u0631":"\u062f\u0642\u064a\u0642\u062a\u0627\u0646"},"schema":{"@context":"https:\/\/schema.org","@graph":[{"@type":"WebPage","@id":"https:\/\/www.neuillysurmarne.fr\/pharmacies-de-garde\/","url":"https:\/\/www.neuillysurmarne.fr\/pharmacies-de-garde\/","name":"Pharmacies de garde - Mairie de Neuilly-sur-Marne","isPartOf":{"@id":"https:\/\/www.neuillysurmarne.fr\/es\/#website"},"primaryImageOfPage":{"@id":"https:\/\/www.neuillysurmarne.fr\/pharmacies-de-garde\/#primaryimage"},"image":{"@id":"https:\/\/www.neuillysurmarne.fr\/pharmacies-de-garde\/#primaryimage"},"thumbnailUrl":"https:\/\/www.neuillysurmarne.fr\/wp-content\/uploads\/2024\/06\/AdobeStock_487484701-scaled.jpeg","datePublished":"2024-06-25T16:56:47+00:00","dateModified":"2026-01-29T09:52:56+00:00","breadcrumb":{"@id":"https:\/\/www.neuillysurmarne.fr\/pharmacies-de-garde\/#breadcrumb"},"inLanguage":"ar","potentialAction":[{"@type":"ReadAction","target":["https:\/\/www.neuillysurmarne.fr\/pharmacies-de-garde\/"]}]},{"@type":"ImageObject","inLanguage":"ar","@id":"https:\/\/www.neuillysurmarne.fr\/pharmacies-de-garde\/#primaryimage","url":"https:\/\/www.neuillysurmarne.fr\/wp-content\/uploads\/2024\/06\/AdobeStock_487484701-scaled.jpeg","contentUrl":"https:\/\/www.neuillysurmarne.fr\/wp-content\/uploads\/2024\/06\/AdobeStock_487484701-scaled.jpeg","width":2560,"height":1084},{"@type":"BreadcrumbList","@id":"https:\/\/www.neuillysurmarne.fr\/pharmacies-de-garde\/#breadcrumb","itemListElement":[{"@type":"ListItem","position":1,"name":"Accueil","item":"https:\/\/www.neuillysurmarne.fr\/"},{"@type":"ListItem","position":2,"name":"Pharmacies de garde"}]},{"@type":"WebSite","@id":"https:\/\/www.neuillysurmarne.fr\/es\/#website","url":"https:\/\/www.neuillysurmarne.fr\/es\/","name":"\u062f\u0627\u0631 \u0628\u0644\u062f\u064a\u0629 \u0646\u0648\u064a\u064a-\u0633\u0648\u0631-\u0645\u0627\u0631\u0646","description":"\u0628\u064a\u062a\u0627","publisher":{"@id":"https:\/\/www.neuillysurmarne.fr\/es\/#organization"},"potentialAction":[{"@type":"SearchAction","target":{"@type":"EntryPoint","urlTemplate":"https:\/\/www.neuillysurmarne.fr\/es\/?s={search_term_string}"},"query-input":{"@type":"PropertyValueSpecification","valueRequired":true,"valueName":"search_term_string"}}],"inLanguage":"ar"},{"@type":"Organization","@id":"https:\/\/www.neuillysurmarne.fr\/es\/#organization","name":"\u062f\u0627\u0631 \u0628\u0644\u062f\u064a\u0629 \u0646\u0648\u064a\u064a-\u0633\u0648\u0631-\u0645\u0627\u0631\u0646","url":"https:\/\/www.neuillysurmarne.fr\/es\/","logo":{"@type":"ImageObject","inLanguage":"ar","@id":"https:\/\/www.neuillysurmarne.fr\/es\/#\/schema\/logo\/image\/","url":"https:\/\/www.neuillysurmarne.fr\/wp-content\/uploads\/2023\/10\/LOGO-NeuillysurMarne-blanc.png","contentUrl":"https:\/\/www.neuillysurmarne.fr\/wp-content\/uploads\/2023\/10\/LOGO-NeuillysurMarne-blanc.png","width":3308,"height":2586,"caption":"Mairie de Neuilly-sur-Marne"},"image":{"@id":"https:\/\/www.neuillysurmarne.fr\/es\/#\/schema\/logo\/image\/"},"sameAs":["https:\/\/www.facebook.com\/ville.neuilly","https:\/\/www.instagram.com\/neuilly_marne\/","https:\/\/www.linkedin.com\/company\/ville-de-neuilly-sur-marne\/","https:\/\/www.youtube.com\/channel\/UCDdZ0TLrV8rfIqjBGvoeB5A","https:\/\/www.tiktok.com\/@villedeneuillysurmarne"]}]}},"_links":{"self":[{"href":"https:\/\/www.neuillysurmarne.fr\/ar\/wp-json\/wp\/v2\/pages\/10345","targetHints":{"allow":["GET"]}}],"collection":[{"href":"https:\/\/www.neuillysurmarne.fr\/ar\/wp-json\/wp\/v2\/pages"}],"about":[{"href":"https:\/\/www.neuillysurmarne.fr\/ar\/wp-json\/wp\/v2\/types\/page"}],"author":[{"embeddable":true,"href":"https:\/\/www.neuillysurmarne.fr\/ar\/wp-json\/wp\/v2\/users\/2"}],"replies":[{"embeddable":true,"href":"https:\/\/www.neuillysurmarne.fr\/ar\/wp-json\/wp\/v2\/comments?post=10345"}],"version-history":[{"count":7,"href":"https:\/\/www.neuillysurmarne.fr\/ar\/wp-json\/wp\/v2\/pages\/10345\/revisions"}],"predecessor-version":[{"id":17311,"href":"https:\/\/www.neuillysurmarne.fr\/ar\/wp-json\/wp\/v2\/pages\/10345\/revisions\/17311"}],"wp:featuredmedia":[{"embeddable":true,"href":"https:\/\/www.neuillysurmarne.fr\/ar\/wp-json\/wp\/v2\/media\/10347"}],"wp:attachment":[{"href":"https:\/\/www.neuillysurmarne.fr\/ar\/wp-json\/wp\/v2\/media?parent=10345"}],"curies":[{"name":"wp","href":"https:\/\/api.w.org\/{rel}","templated":true}]}}