{"id":1051,"date":"2023-11-17T16:51:01","date_gmt":"2023-11-17T15:51:01","guid":{"rendered":"https:\/\/www.neuillysurmarne.fr\/?page_id=1051"},"modified":"2024-03-01T15:33:05","modified_gmt":"2024-03-01T14:33:05","slug":"ecole-elementaire-louis-pasteur","status":"publish","type":"page","link":"https:\/\/www.neuillysurmarne.fr\/ar\/ecole-elementaire-louis-pasteur\/","title":{"rendered":"\u0645\u062f\u0627\u0631\u0633 \u0644\u0648\u064a\u0633 \u0628\u0627\u0633\u062a\u0648\u0631 \u0627\u0644\u0627\u0628\u062a\u062f\u0627\u0626\u064a\u0629"},"content":{"rendered":"<div class=\"content-header-wrap no-thumbnail\">\n<div class=\"informations\">\n<div class=\"postalAddress\">\n<div>\n<h2>\u0627\u0644\u0639\u0631\u0636 \u0627\u0644\u062a\u0642\u062f\u064a\u0645\u064a<\/h2>\n<\/div>\n<div class=\"destinataire\">\u0645\u062f\u0627\u0631\u0633 \u0644\u0648\u064a\u0633 \u0628\u0627\u0633\u062a\u0648\u0631 \u0627\u0644\u0627\u0628\u062a\u062f\u0627\u0626\u064a\u0629,<\/div>\n<div class=\"streetAddress\">4 \u0634\u0627\u0631\u0639 4 \u0634\u0627\u0631\u0639 \u0623\u0628\u064a\u0644 \u062a\u0627\u0641\u064a\u064a\u0647<\/div>\n<p><a class=\"postal-address-link\" title=\"\u0627\u0641\u062a\u062d \u0627\u0644\u0639\u0646\u0648\u0627\u0646 \u0641\u064a \u062e\u0631\u0627\u0626\u0637 \u062c\u0648\u062c\u0644\" href=\"https:\/\/maps.google.fr\/?q=%C3%89cole+%C3%A9l%C3%A9mentaire+Louis+Pasteur%2C+4+rue+Abel+Tuffier%2C+93330+Neuilly-sur-Marne\" target=\"_blank\" rel=\"noopener\"><span class=\"postalCode\">93330<\/span>\u00a0<span class=\"addressLocality\">\u0646\u0648\u064a\u064a-\u0633\u0648\u0631-\u0645\u0627\u0631\u0646<\/span><\/a><\/p>\n<\/div>\n<p><span class=\"telephone\">01 43 08 13 87<\/span><br \/>\n<a class=\"email\" href=\"mailto:ce.0930994a@ac-creteil.fr\">ce.0930994a@ac-creteil.fr<\/a><\/p>\n<div class=\"person\"><span class=\"honorificPrefix\">\u0627\u0644\u0633\u064a\u062f\u0629<\/span>\u00a0<span class=\"familyName\">\u062f\u064a\u0648\u0646<\/span><\/div>\n<\/div>\n<\/div>\n<p><strong>\u062d\u0641\u0644 \u0627\u0644\u0627\u0633\u062a\u0642\u0628\u0627\u0644 \u0627\u0644\u0635\u0628\u0627\u062d\u064a :<br \/>\n\u0645\u0631\u0643\u0632 \u0627\u0644\u0627\u0633\u062a\u0642\u0628\u0627\u0644 \u062f\u0648 \u0628\u0631\u064a \u0641\u0644\u0648\u0631\u064a<\/strong><br \/>\n\u064a\u062e\u0636\u0639 \u0627\u0641\u062a\u062a\u0627\u062d \u062d\u0636\u0627\u0646\u0629 \u0627\u0644\u0623\u0637\u0641\u0627\u0644 \u0627\u0644\u0635\u0628\u0627\u062d\u064a\u0629 \u0641\u064a \u0627\u0644\u0645\u062f\u0627\u0631\u0633 \u0627\u0644\u0627\u0628\u062a\u062f\u0627\u0626\u064a\u0629 \u0644\u062d\u062f \u0623\u062f\u0646\u0649 \u0645\u0646 \u0627\u0644\u0627\u0644\u062a\u0632\u0627\u0645 \u0628\u0627\u0644\u062d\u0636\u0648\u0631 \u064a\u0628\u0644\u063a 12 \u0637\u0641\u0644\u0627\u064b.<br \/>\n\u064a\u0633\u062a\u0642\u0628\u0644 \u0641\u0631\u064a\u0642 \u0645\u0646 \u0645\u0648\u0638\u0641\u064a \u0627\u0644\u0628\u0644\u062f\u064a\u0629 \u0627\u0644\u0623\u0637\u0641\u0627\u0644 \u0645\u0646 \u0627\u0644\u0633\u0627\u0639\u0629 7:00 \u0635\u0628\u0627\u062d\u0627\u064b \u0648\u064a\u0631\u0627\u0641\u0642\u0647\u0645 \u0625\u0644\u0649 \u0627\u0644\u0645\u062f\u0631\u0633\u0629 \u0628\u062d\u0644\u0648\u0644 \u0627\u0644\u0633\u0627\u0639\u0629 8:30 \u0635\u0628\u0627\u062d\u0627\u064b.<\/p>\n<p><strong>\u0627\u0644\u0648\u062c\u0628\u0627\u062a \u0627\u0644\u0645\u062f\u0631\u0633\u064a\u0629 :<\/strong><br \/>\n\u062a\u062a\u0648\u0641\u0631 \u0627\u0644\u0648\u062c\u0628\u0627\u062a \u0627\u0644\u0645\u062f\u0631\u0633\u064a\u0629 \u0645\u0646 \u0627\u0644\u0633\u0627\u0639\u0629 11:30 \u0635\u0628\u0627\u062d\u0627\u064b \u0625\u0644\u0649 1:30 \u0638\u0647\u0631\u0627\u064b. \u064a\u062a\u0648\u0644\u0649 \u0631\u0639\u0627\u064a\u0629 \u0627\u0644\u0623\u0637\u0641\u0627\u0644 \u0641\u0631\u064a\u0642 \u0645\u0646 \u0627\u0644\u0645\u0648\u0638\u0641\u064a\u0646 \u0627\u0644\u0645\u062d\u0644\u064a\u064a\u0646.<br \/>\n\u064a\u0648\u0636\u062d \u0645\u064a\u062b\u0627\u0642 \u0627\u0644\u0645\u0637\u0627\u0639\u0645 \u0627\u0644\u0645\u062f\u0631\u0633\u064a\u0629 \u062a\u0641\u0627\u0635\u064a\u0644 \u0643\u064a\u0641\u064a\u0629 \u0639\u0645\u0644 \u0627\u0644\u0646\u0634\u0627\u0637 \u0648\u0627\u0644\u0642\u0648\u0627\u0639\u062f \u0627\u0644\u0648\u0627\u062c\u0628 \u0627\u062d\u062a\u0631\u0627\u0645\u0647\u0627.<\/p>\n<p><strong>\u062f\u0631\u0627\u0633\u0629:<\/strong><br \/>\n\u062a\u0645\u062a\u062f \u0641\u062a\u0631\u0629 \u0627\u0644\u062f\u0631\u0627\u0633\u0629 \u0645\u0646 \u0627\u0644\u0633\u0627\u0639\u0629 4:30 \u0639\u0635\u0631\u0627\u064b \u0625\u0644\u0649 \u0627\u0644\u0633\u0627\u0639\u0629 6:00 \u0645\u0633\u0627\u0621\u064b. \u064a\u062a\u0645 \u062a\u0646\u0638\u064a\u0645 \u0641\u062a\u0631\u0629 \u0627\u0633\u062a\u0631\u0627\u062d\u0629 \u0648\u0648\u062c\u0628\u0629 \u062e\u0641\u064a\u0641\u0629 (\u064a\u062c\u0628 \u0639\u0644\u0649 \u0627\u0644\u0639\u0627\u0626\u0644\u0627\u062a \u062a\u0648\u0641\u064a\u0631 \u0627\u0644\u0648\u062c\u0628\u0627\u062a \u0627\u0644\u062e\u0641\u064a\u0641\u0629) \u062d\u062a\u0649 \u0627\u0644\u0633\u0627\u0639\u0629 5 \u0645\u0633\u0627\u0621\u064b. \u0645\u0646 \u0627\u0644\u0633\u0627\u0639\u0629 5:00 \u0645\u0633\u0627\u0621\u064b \u0625\u0644\u0649 \u0627\u0644\u0633\u0627\u0639\u0629 6:00 \u0645\u0633\u0627\u0621\u064b\u060c \u0641\u062a\u0631\u0629 \u062f\u0631\u0627\u0633\u064a\u0629 \u062a\u062d\u062a \u0627\u0644\u0625\u0634\u0631\u0627\u0641 \u062a\u062a\u064a\u062d \u0644\u0644\u0623\u0637\u0641\u0627\u0644 \u0627\u0644\u0639\u0645\u0644 \u0639\u0644\u0649 \u062f\u0631\u0648\u0633\u0647\u0645.<\/p>\n<h2>\u0627\u0644\u0637\u0627\u0642\u0629 \u0627\u0644\u0627\u0633\u062a\u064a\u0639\u0627\u0628\u064a\u0629<\/h2>\n<p>\u0639\u062f\u062f \u0627\u0644\u062a\u0644\u0627\u0645\u064a\u0630: 367<br \/>\n\u0639\u062f\u062f \u0627\u0644\u0641\u0635\u0648\u0644: 15<br \/>\n\u0645\u062a\u0648\u0633\u0637 \u0639\u062f\u062f \u0627\u0644\u062a\u0644\u0627\u0645\u064a\u0630 \u0641\u064a \u0627\u0644\u0641\u0635\u0644 \u0627\u0644\u0648\u0627\u062d\u062f: 24<\/p>","protected":false},"excerpt":{"rendered":"<p>Pr\u00e9sentation \u00c9cole \u00e9l\u00e9mentaire Louis Pasteur, 4 rue Abel Tuffier, 93330\u00a0Neuilly-sur-Marne 01 43 08 13 87 ce.0930994a@ac-creteil.fr Mme\u00a0DEON Accueil du matin : Lieu de l\u2019accueil Centre du Pr\u00e9 Fleuri L\u2019ouverture de l\u2019accueil du matin en \u00e9l\u00e9mentaire est conditionn\u00e9 \u00e0 un engagement de fr\u00e9quentation d\u2019au moins 12 enfants. Une \u00e9quipe d\u2019animation municipale accueille les enfants \u00e0 partir [&hellip;]<\/p>\n","protected":false},"author":1,"featured_media":0,"parent":0,"menu_order":0,"comment_status":"closed","ping_status":"closed","template":"","meta":{"_acf_changed":false,"footnotes":""},"class_list":["post-1051","page","type-page","status-publish","hentry"],"acf":[],"yoast_head":"<!-- This site is optimized with the Yoast SEO plugin v27.4 - https:\/\/yoast.com\/product\/yoast-seo-wordpress\/ -->\n<title>\u00c9cole \u00e9l\u00e9mentaire Louis Pasteur - Mairie de Neuilly-sur-Marne<\/title>\n<meta name=\"robots\" content=\"index, follow, max-snippet:-1, max-image-preview:large, max-video-preview:-1\" \/>\n<link rel=\"canonical\" href=\"https:\/\/www.neuillysurmarne.fr\/ar\/ecole-elementaire-louis-pasteur\/\" \/>\n<meta property=\"og:locale\" content=\"ar_AR\" \/>\n<meta property=\"og:type\" content=\"article\" \/>\n<meta property=\"og:title\" content=\"\u00c9cole \u00e9l\u00e9mentaire Louis Pasteur - Mairie de Neuilly-sur-Marne\" \/>\n<meta property=\"og:description\" content=\"Pr\u00e9sentation \u00c9cole \u00e9l\u00e9mentaire Louis Pasteur, 4 rue Abel Tuffier, 93330\u00a0Neuilly-sur-Marne 01 43 08 13 87 ce.0930994a@ac-creteil.fr Mme\u00a0DEON Accueil du matin : Lieu de l\u2019accueil Centre du Pr\u00e9 Fleuri L\u2019ouverture de l\u2019accueil du matin en \u00e9l\u00e9mentaire est conditionn\u00e9 \u00e0 un engagement de fr\u00e9quentation d\u2019au moins 12 enfants. Une \u00e9quipe d\u2019animation municipale accueille les enfants \u00e0 partir [&hellip;]\" \/>\n<meta property=\"og:url\" content=\"https:\/\/www.neuillysurmarne.fr\/ar\/ecole-elementaire-louis-pasteur\/\" \/>\n<meta property=\"og:site_name\" content=\"Mairie de Neuilly-sur-Marne\" \/>\n<meta property=\"article:publisher\" content=\"https:\/\/www.facebook.com\/ville.neuilly\" \/>\n<meta property=\"article:modified_time\" content=\"2024-03-01T14:33:05+00:00\" \/>\n<meta name=\"twitter:card\" content=\"summary_large_image\" \/>\n<meta name=\"twitter:label1\" content=\"\u0648\u0642\u062a \u0627\u0644\u0642\u0631\u0627\u0621\u0629 \u0627\u0644\u0645\u064f\u0642\u062f\u0651\u0631\" \/>\n\t<meta name=\"twitter:data1\" content=\"\u062f\u0642\u064a\u0642\u0629 \u0648\u0627\u062d\u062f\u0629\" \/>\n<script type=\"application\/ld+json\" class=\"yoast-schema-graph\">{\"@context\":\"https:\\\/\\\/schema.org\",\"@graph\":[{\"@type\":\"WebPage\",\"@id\":\"https:\\\/\\\/www.neuillysurmarne.fr\\\/ecole-elementaire-louis-pasteur\\\/\",\"url\":\"https:\\\/\\\/www.neuillysurmarne.fr\\\/ecole-elementaire-louis-pasteur\\\/\",\"name\":\"\u00c9cole \u00e9l\u00e9mentaire Louis Pasteur - Mairie de Neuilly-sur-Marne\",\"isPartOf\":{\"@id\":\"https:\\\/\\\/www.neuillysurmarne.fr\\\/es\\\/#website\"},\"datePublished\":\"2023-11-17T15:51:01+00:00\",\"dateModified\":\"2024-03-01T14:33:05+00:00\",\"breadcrumb\":{\"@id\":\"https:\\\/\\\/www.neuillysurmarne.fr\\\/ecole-elementaire-louis-pasteur\\\/#breadcrumb\"},\"inLanguage\":\"ar\",\"potentialAction\":[{\"@type\":\"ReadAction\",\"target\":[\"https:\\\/\\\/www.neuillysurmarne.fr\\\/ecole-elementaire-louis-pasteur\\\/\"]}]},{\"@type\":\"BreadcrumbList\",\"@id\":\"https:\\\/\\\/www.neuillysurmarne.fr\\\/ecole-elementaire-louis-pasteur\\\/#breadcrumb\",\"itemListElement\":[{\"@type\":\"ListItem\",\"position\":1,\"name\":\"Accueil\",\"item\":\"https:\\\/\\\/www.neuillysurmarne.fr\\\/\"},{\"@type\":\"ListItem\",\"position\":2,\"name\":\"\u00c9cole \u00e9l\u00e9mentaire Louis Pasteur\"}]},{\"@type\":\"WebSite\",\"@id\":\"https:\\\/\\\/www.neuillysurmarne.fr\\\/es\\\/#website\",\"url\":\"https:\\\/\\\/www.neuillysurmarne.fr\\\/es\\\/\",\"name\":\"Mairie de Neuilly-sur-Marne\",\"description\":\"BETA\",\"publisher\":{\"@id\":\"https:\\\/\\\/www.neuillysurmarne.fr\\\/es\\\/#organization\"},\"potentialAction\":[{\"@type\":\"SearchAction\",\"target\":{\"@type\":\"EntryPoint\",\"urlTemplate\":\"https:\\\/\\\/www.neuillysurmarne.fr\\\/es\\\/?s={search_term_string}\"},\"query-input\":{\"@type\":\"PropertyValueSpecification\",\"valueRequired\":true,\"valueName\":\"search_term_string\"}}],\"inLanguage\":\"ar\"},{\"@type\":\"Organization\",\"@id\":\"https:\\\/\\\/www.neuillysurmarne.fr\\\/es\\\/#organization\",\"name\":\"Mairie de Neuilly-sur-Marne\",\"url\":\"https:\\\/\\\/www.neuillysurmarne.fr\\\/es\\\/\",\"logo\":{\"@type\":\"ImageObject\",\"inLanguage\":\"ar\",\"@id\":\"https:\\\/\\\/www.neuillysurmarne.fr\\\/es\\\/#\\\/schema\\\/logo\\\/image\\\/\",\"url\":\"https:\\\/\\\/www.neuillysurmarne.fr\\\/wp-content\\\/uploads\\\/2023\\\/10\\\/LOGO-NeuillysurMarne-blanc.png\",\"contentUrl\":\"https:\\\/\\\/www.neuillysurmarne.fr\\\/wp-content\\\/uploads\\\/2023\\\/10\\\/LOGO-NeuillysurMarne-blanc.png\",\"width\":3308,\"height\":2586,\"caption\":\"Mairie de Neuilly-sur-Marne\"},\"image\":{\"@id\":\"https:\\\/\\\/www.neuillysurmarne.fr\\\/es\\\/#\\\/schema\\\/logo\\\/image\\\/\"},\"sameAs\":[\"https:\\\/\\\/www.facebook.com\\\/ville.neuilly\",\"https:\\\/\\\/www.instagram.com\\\/neuilly_marne\\\/\",\"https:\\\/\\\/www.linkedin.com\\\/company\\\/ville-de-neuilly-sur-marne\\\/\",\"https:\\\/\\\/www.youtube.com\\\/channel\\\/UCDdZ0TLrV8rfIqjBGvoeB5A\",\"https:\\\/\\\/www.tiktok.com\\\/@villedeneuillysurmarne\"]}]}<\/script>\n<!-- \/ Yoast SEO plugin. -->","yoast_head_json":{"title":"\u00c9cole \u00e9l\u00e9mentaire Louis Pasteur - Mairie de Neuilly-sur-Marne","robots":{"index":"index","follow":"follow","max-snippet":"max-snippet:-1","max-image-preview":"max-image-preview:large","max-video-preview":"max-video-preview:-1"},"canonical":"https:\/\/www.neuillysurmarne.fr\/ar\/ecole-elementaire-louis-pasteur\/","og_locale":"ar_AR","og_type":"article","og_title":"\u00c9cole \u00e9l\u00e9mentaire Louis Pasteur - Mairie de Neuilly-sur-Marne","og_description":"Pr\u00e9sentation \u00c9cole \u00e9l\u00e9mentaire Louis Pasteur, 4 rue Abel Tuffier, 93330\u00a0Neuilly-sur-Marne 01 43 08 13 87 ce.0930994a@ac-creteil.fr Mme\u00a0DEON Accueil du matin : Lieu de l\u2019accueil Centre du Pr\u00e9 Fleuri L\u2019ouverture de l\u2019accueil du matin en \u00e9l\u00e9mentaire est conditionn\u00e9 \u00e0 un engagement de fr\u00e9quentation d\u2019au moins 12 enfants. Une \u00e9quipe d\u2019animation municipale accueille les enfants \u00e0 partir [&hellip;]","og_url":"https:\/\/www.neuillysurmarne.fr\/ar\/ecole-elementaire-louis-pasteur\/","og_site_name":"Mairie de Neuilly-sur-Marne","article_publisher":"https:\/\/www.facebook.com\/ville.neuilly","article_modified_time":"2024-03-01T14:33:05+00:00","twitter_card":"summary_large_image","twitter_misc":{"\u0648\u0642\u062a \u0627\u0644\u0642\u0631\u0627\u0621\u0629 \u0627\u0644\u0645\u064f\u0642\u062f\u0651\u0631":"\u062f\u0642\u064a\u0642\u0629 \u0648\u0627\u062d\u062f\u0629"},"schema":{"@context":"https:\/\/schema.org","@graph":[{"@type":"WebPage","@id":"https:\/\/www.neuillysurmarne.fr\/ecole-elementaire-louis-pasteur\/","url":"https:\/\/www.neuillysurmarne.fr\/ecole-elementaire-louis-pasteur\/","name":"\u00c9cole \u00e9l\u00e9mentaire Louis Pasteur - Mairie de Neuilly-sur-Marne","isPartOf":{"@id":"https:\/\/www.neuillysurmarne.fr\/es\/#website"},"datePublished":"2023-11-17T15:51:01+00:00","dateModified":"2024-03-01T14:33:05+00:00","breadcrumb":{"@id":"https:\/\/www.neuillysurmarne.fr\/ecole-elementaire-louis-pasteur\/#breadcrumb"},"inLanguage":"ar","potentialAction":[{"@type":"ReadAction","target":["https:\/\/www.neuillysurmarne.fr\/ecole-elementaire-louis-pasteur\/"]}]},{"@type":"BreadcrumbList","@id":"https:\/\/www.neuillysurmarne.fr\/ecole-elementaire-louis-pasteur\/#breadcrumb","itemListElement":[{"@type":"ListItem","position":1,"name":"Accueil","item":"https:\/\/www.neuillysurmarne.fr\/"},{"@type":"ListItem","position":2,"name":"\u00c9cole \u00e9l\u00e9mentaire Louis Pasteur"}]},{"@type":"WebSite","@id":"https:\/\/www.neuillysurmarne.fr\/es\/#website","url":"https:\/\/www.neuillysurmarne.fr\/es\/","name":"\u062f\u0627\u0631 \u0628\u0644\u062f\u064a\u0629 \u0646\u0648\u064a\u064a-\u0633\u0648\u0631-\u0645\u0627\u0631\u0646","description":"\u0628\u064a\u062a\u0627","publisher":{"@id":"https:\/\/www.neuillysurmarne.fr\/es\/#organization"},"potentialAction":[{"@type":"SearchAction","target":{"@type":"EntryPoint","urlTemplate":"https:\/\/www.neuillysurmarne.fr\/es\/?s={search_term_string}"},"query-input":{"@type":"PropertyValueSpecification","valueRequired":true,"valueName":"search_term_string"}}],"inLanguage":"ar"},{"@type":"Organization","@id":"https:\/\/www.neuillysurmarne.fr\/es\/#organization","name":"\u062f\u0627\u0631 \u0628\u0644\u062f\u064a\u0629 \u0646\u0648\u064a\u064a-\u0633\u0648\u0631-\u0645\u0627\u0631\u0646","url":"https:\/\/www.neuillysurmarne.fr\/es\/","logo":{"@type":"ImageObject","inLanguage":"ar","@id":"https:\/\/www.neuillysurmarne.fr\/es\/#\/schema\/logo\/image\/","url":"https:\/\/www.neuillysurmarne.fr\/wp-content\/uploads\/2023\/10\/LOGO-NeuillysurMarne-blanc.png","contentUrl":"https:\/\/www.neuillysurmarne.fr\/wp-content\/uploads\/2023\/10\/LOGO-NeuillysurMarne-blanc.png","width":3308,"height":2586,"caption":"Mairie de Neuilly-sur-Marne"},"image":{"@id":"https:\/\/www.neuillysurmarne.fr\/es\/#\/schema\/logo\/image\/"},"sameAs":["https:\/\/www.facebook.com\/ville.neuilly","https:\/\/www.instagram.com\/neuilly_marne\/","https:\/\/www.linkedin.com\/company\/ville-de-neuilly-sur-marne\/","https:\/\/www.youtube.com\/channel\/UCDdZ0TLrV8rfIqjBGvoeB5A","https:\/\/www.tiktok.com\/@villedeneuillysurmarne"]}]}},"_links":{"self":[{"href":"https:\/\/www.neuillysurmarne.fr\/ar\/wp-json\/wp\/v2\/pages\/1051","targetHints":{"allow":["GET"]}}],"collection":[{"href":"https:\/\/www.neuillysurmarne.fr\/ar\/wp-json\/wp\/v2\/pages"}],"about":[{"href":"https:\/\/www.neuillysurmarne.fr\/ar\/wp-json\/wp\/v2\/types\/page"}],"author":[{"embeddable":true,"href":"https:\/\/www.neuillysurmarne.fr\/ar\/wp-json\/wp\/v2\/users\/1"}],"replies":[{"embeddable":true,"href":"https:\/\/www.neuillysurmarne.fr\/ar\/wp-json\/wp\/v2\/comments?post=1051"}],"version-history":[{"count":3,"href":"https:\/\/www.neuillysurmarne.fr\/ar\/wp-json\/wp\/v2\/pages\/1051\/revisions"}],"predecessor-version":[{"id":5233,"href":"https:\/\/www.neuillysurmarne.fr\/ar\/wp-json\/wp\/v2\/pages\/1051\/revisions\/5233"}],"wp:attachment":[{"href":"https:\/\/www.neuillysurmarne.fr\/ar\/wp-json\/wp\/v2\/media?parent=1051"}],"curies":[{"name":"wp","href":"https:\/\/api.w.org\/{rel}","templated":true}]}}