{"id":1551,"date":"2024-01-02T14:07:28","date_gmt":"2024-01-02T13:07:28","guid":{"rendered":"https:\/\/www.neuillysurmarne.fr\/?page_id=1551"},"modified":"2025-06-24T12:30:58","modified_gmt":"2025-06-24T10:30:58","slug":"patrimoine-de-la-ville","status":"publish","type":"page","link":"https:\/\/www.neuillysurmarne.fr\/ar\/patrimoine-de-la-ville\/","title":{"rendered":"\u062a\u0631\u0627\u062b \u0627\u0644\u0645\u062f\u064a\u0646\u0629"},"content":{"rendered":"\t\t<div data-elementor-type=\"wp-page\" data-elementor-id=\"1551\" class=\"elementor elementor-1551\" data-elementor-post-type=\"page\">\n\t\t\t\t<div class=\"elementor-element elementor-element-27e15405 e-flex e-con-boxed e-con e-parent\" data-id=\"27e15405\" data-element_type=\"container\" data-e-type=\"container\">\n\t\t\t\t\t<div class=\"e-con-inner\">\n\t\t\t\t<div class=\"elementor-element elementor-element-33e54f2 elementor-widget elementor-widget-text-editor\" data-id=\"33e54f2\" data-element_type=\"widget\" data-e-type=\"widget\" data-widget_type=\"text-editor.default\">\n\t\t\t\t<div class=\"elementor-widget-container\">\n\t\t\t\t\t\t\t\t\t<h2>Monuments et b\u00e2timents de la ville<\/h2>\t\t\t\t\t\t\t\t<\/div>\n\t\t\t\t<\/div>\n\t\t\t\t<div class=\"elementor-element elementor-element-e3f6814 elementor-widget elementor-widget-n-accordion\" data-id=\"e3f6814\" data-element_type=\"widget\" data-e-type=\"widget\" data-settings=\"{&quot;default_state&quot;:&quot;all_collapsed&quot;,&quot;max_items_expended&quot;:&quot;one&quot;,&quot;n_accordion_animation_duration&quot;:{&quot;unit&quot;:&quot;ms&quot;,&quot;size&quot;:400,&quot;sizes&quot;:[]}}\" data-widget_type=\"nested-accordion.default\">\n\t\t\t\t<div class=\"elementor-widget-container\">\n\t\t\t\t\t\t\t<div class=\"e-n-accordion\" aria-label=\"Accordion. Open links with Enter or Space, close with Escape, and navigate with Arrow Keys\">\n\t\t\t\t\t\t<details id=\"e-n-accordion-item-2390\" class=\"e-n-accordion-item\" >\n\t\t\t\t<summary class=\"e-n-accordion-item-title\" data-accordion-index=\"1\" tabindex=\"0\" aria-expanded=\"false\" aria-controls=\"e-n-accordion-item-2390\" >\n\t\t\t\t\t<span class='e-n-accordion-item-title-header'><div class=\"e-n-accordion-item-title-text\"> \u00c9glise Saint-Baudile <\/div><\/span>\n\t\t\t\t\t\t\t<span class='e-n-accordion-item-title-icon'>\n\t\t\t<span class='e-opened' ><svg aria-hidden=\"true\" class=\"e-font-icon-svg e-fas-minus\" viewBox=\"0 0 448 512\" xmlns=\"http:\/\/www.w3.org\/2000\/svg\"><path d=\"M416 208H32c-17.67 0-32 14.33-32 32v32c0 17.67 14.33 32 32 32h384c17.67 0 32-14.33 32-32v-32c0-17.67-14.33-32-32-32z\"><\/path><\/svg><\/span>\n\t\t\t<span class='e-closed'><svg aria-hidden=\"true\" class=\"e-font-icon-svg e-fas-plus\" viewBox=\"0 0 448 512\" xmlns=\"http:\/\/www.w3.org\/2000\/svg\"><path d=\"M416 208H272V64c0-17.67-14.33-32-32-32h-32c-17.67 0-32 14.33-32 32v144H32c-17.67 0-32 14.33-32 32v32c0 17.67 14.33 32 32 32h144v144c0 17.67 14.33 32 32 32h32c17.67 0 32-14.33 32-32V304h144c17.67 0 32-14.33 32-32v-32c0-17.67-14.33-32-32-32z\"><\/path><\/svg><\/span>\n\t\t<\/span>\n\n\t\t\t\t\t\t<\/summary>\n\t\t\t\t<div role=\"region\" aria-labelledby=\"e-n-accordion-item-2390\" class=\"elementor-element elementor-element-3f0e442 e-flex e-con-boxed e-con e-child\" data-id=\"3f0e442\" data-element_type=\"container\" data-e-type=\"container\">\n\t\t\t\t\t<div class=\"e-con-inner\">\n\t\t\t\t<div class=\"elementor-element elementor-element-bba5325 elementor-widget elementor-widget-text-editor\" data-id=\"bba5325\" data-element_type=\"widget\" data-e-type=\"widget\" data-widget_type=\"text-editor.default\">\n\t\t\t\t<div class=\"elementor-widget-container\">\n\t\t\t\t\t\t\t\t\t<h3><strong>\u00c9glise Saint-Baudile<\/strong><\/h3><p><strong>Class\u00e9 Monument historique en 1913, c\u2019est le plus ancien \u00e9difice de notre commune.<\/strong><\/p><p><strong>\u00a0<\/strong>\u00c9difice de style gothique, sa construction a commenc\u00e9 \u00e0 la fin du XII<sup> \u00e8me<\/sup> si\u00e8cle gr\u00e2ce au cur\u00e9 Foulques, pr\u00e9dicateur de la IV<sup>\u00e8me<\/sup> croisade. Les travaux s\u2019ach\u00e8veront en 1202 mais en r\u00e9alit\u00e9 elle ne sera jamais totalement termin\u00e9e. Une exposition a eu lieu en 2012 \u00e0 l\u2019H\u00f4tel de ville pour faire d\u00e9couvrir comment elle aurait pu \u00eatre si son \u00e9dification avait \u00e9t\u00e9 achev\u00e9e. Foulques sera enterr\u00e9 dans le ch\u0153ur de l\u2019\u00e9glise. Sa dalle tumulaire n\u2019est pas la dalle initiale, sa tombe ayant \u00e9t\u00e9 d\u00e9truite en 1779. C\u2019est seulement en 1900 qu\u2019elle fut replac\u00e9e.<\/p><h3><strong>Saint-Baudile<\/strong><\/h3><p>C\u2019est un \u00ab martyr \u00bb originaire d\u2019Orl\u00e9ans qui entre le III<sup> \u00e8me<\/sup> et le IV<sup> \u00e8me<\/sup> si\u00e8cle \u0153uvra \u00e0 l\u2019\u00e9vang\u00e9lisation dans toute la Gaule. Selon certains r\u00e9cits ayant interrompu un rituel pa\u00efen, il fut d\u00e9capit\u00e9. Quelques 400 \u00e9glises lui sont consacr\u00e9es. Celle de notre commune se caract\u00e9rise par un m\u00e9lange de 2 styles roman et ogival. Elle mesure 25 m de long et 11 m de large. Elle peut accueillir pr\u00e8s de 350 fid\u00e8les. Elle se compose d\u2019une nef \u00e0 3 trav\u00e9es, d\u2019un ch\u0153ur \u00e0 2 trav\u00e9es et de 2 bas-c\u00f4t\u00e9s. L\u2019arc du portail est un arc d\u2019ogive et son sommet est relev\u00e9 en pointe.<\/p><h3><strong>Le ch\u0153ur<\/strong><\/h3><p>L\u2019autel est un meuble de ch\u00eaneau d\u00e9cor\u00e9 \u00ab avec un tr\u00e8fle \u00e0 la serviette \u00bb.\u00a0 C\u2019est au moment de la s\u00e9paration de l\u2019Eglise et de l\u2019Etat en 1905 que le cur\u00e9 de l\u2019\u00e9poque l\u2019a r\u00e9cup\u00e9r\u00e9, ainsi que des boiseries et des bancs. Le Christ au-dessus de l\u2019autel date du XIX<sup> \u00e8me<\/sup> si\u00e8cle. Sur l\u2019un des piliers il est possible d\u2019admirer un moulage de la Vierge Marie acquis en 1980 et dont l\u2019original se trouve \u00e0 la basilique Saint-Denis.<\/p><h3><strong>Les bas-c\u00f4t\u00e9s<\/strong><\/h3><p>Sur le tabernacle de gauche, il y a un temple au centre duquel figure la Vierge, qui d\u00e9corait autrefois la partie sup\u00e9rieure d\u2019un \u00ab b\u00e2ton de procession \u00bb port\u00e9 en t\u00eate de cort\u00e8ge. A droite, une statue de Saint-Vincent patron des vignerons de la fin du XVIII<sup> \u00e8me<\/sup> si\u00e8cle car \u00e0 Neuilly-sur-Marne il y avait des vignes\u00a0!<\/p><h3><strong>Les vitraux<\/strong><\/h3><p>Les plus anciens portent des inscriptions datant de 1861-1869 mais la plupart ont \u00e9t\u00e9 d\u00e9truits pendant la guerre de 1870 et des intemp\u00e9ries. Ceux qui se situent au Nord et le triptyque gothique \u00e9clairent le ch\u0153ur. Ils datent de la fin du XIX<sup> \u00e8me<\/sup> si\u00e8cle. En 1902, l\u2019Abb\u00e9 Charasson a fait percer des ouvertures pour y placer d\u2019autres vitraux constitu\u00e9s de mosa\u00efques. Les plus modernes se situent au Sud. Ils remplacent ceux d\u00e9truits en 1940.<\/p><h3><strong>Les cloches<\/strong><\/h3><p>Marie-Jeanne, Marie-Charlotte, Elisabeth et Louise donnent l\u2019heure et veillent sur l\u2019\u00e9difice depuis 1891.<\/p><h3><strong>L\u2019orgue<\/strong><\/h3><p>Il s\u2019agit d\u2019un orgue Merklin romantique qui date de 1865, qui fut c\u00e9d\u00e9 \u00e0 l\u2019\u00e9glise par l\u2019h\u00f4pital de Ville-Evrard au d\u00e9part des s\u0153urs de Saint-Joseph en 1884. Il a d\u00e9j\u00e0 fait l\u2019objet de 2 restaurations en 1982 et en 2017.<\/p><h3><strong>Les b\u00e9nitiers<\/strong><\/h3><p>Ce sont d\u2019authentiques coquillages pos\u00e9s sur de petites colonnes, vestiges d\u2019un oratoire qui a disparu.<\/p>\t\t\t\t\t\t\t\t<\/div>\n\t\t\t\t<\/div>\n\t\t\t\t<div class=\"elementor-element elementor-element-8f6deb2 elementor-widget elementor-widget-image\" data-id=\"8f6deb2\" data-element_type=\"widget\" data-e-type=\"widget\" data-widget_type=\"image.default\">\n\t\t\t\t<div class=\"elementor-widget-container\">\n\t\t\t\t\t\t\t\t\t\t\t\t\t\t\t\t<a href=\"https:\/\/www.neuillysurmarne.fr\/wp-content\/uploads\/2024\/07\/Illustrations-Eglise-St-Baudile-06.2021-22-scaled.jpg\" data-elementor-open-lightbox=\"yes\" data-elementor-lightbox-title=\"Illustrations Eglise St Baudile 06.2021-22\" data-e-action-hash=\"#elementor-action%3Aaction%3Dlightbox%26settings%3DeyJpZCI6MTE1NTcsInVybCI6Imh0dHBzOlwvXC93d3cubmV1aWxseXN1cm1hcm5lLmZyXC93cC1jb250ZW50XC91cGxvYWRzXC8yMDI0XC8wN1wvSWxsdXN0cmF0aW9ucy1FZ2xpc2UtU3QtQmF1ZGlsZS0wNi4yMDIxLTIyLXNjYWxlZC5qcGcifQ%3D%3D\">\n\t\t\t\t\t\t\t<img fetchpriority=\"high\" decoding=\"async\" width=\"768\" height=\"512\" src=\"https:\/\/www.neuillysurmarne.fr\/wp-content\/uploads\/2024\/07\/Illustrations-Eglise-St-Baudile-06.2021-22-768x512.jpg\" class=\"attachment-medium_large size-medium_large wp-image-11557\" alt=\"\" srcset=\"https:\/\/www.neuillysurmarne.fr\/wp-content\/uploads\/2024\/07\/Illustrations-Eglise-St-Baudile-06.2021-22-768x512.jpg 768w, https:\/\/www.neuillysurmarne.fr\/wp-content\/uploads\/2024\/07\/Illustrations-Eglise-St-Baudile-06.2021-22-300x200.jpg 300w, https:\/\/www.neuillysurmarne.fr\/wp-content\/uploads\/2024\/07\/Illustrations-Eglise-St-Baudile-06.2021-22-1024x683.jpg 1024w, https:\/\/www.neuillysurmarne.fr\/wp-content\/uploads\/2024\/07\/Illustrations-Eglise-St-Baudile-06.2021-22-1536x1024.jpg 1536w, https:\/\/www.neuillysurmarne.fr\/wp-content\/uploads\/2024\/07\/Illustrations-Eglise-St-Baudile-06.2021-22-2048x1365.jpg 2048w, https:\/\/www.neuillysurmarne.fr\/wp-content\/uploads\/2024\/07\/Illustrations-Eglise-St-Baudile-06.2021-22-18x12.jpg 18w\" sizes=\"(max-width: 768px) 100vw, 768px\" \/>\t\t\t\t\t\t\t\t<\/a>\n\t\t\t\t\t\t\t\t\t\t\t\t\t\t\t<\/div>\n\t\t\t\t<\/div>\n\t\t\t\t\t<\/div>\n\t\t\t\t<\/div>\n\t\t\t\t\t<\/details>\n\t\t\t\t\t\t<details id=\"e-n-accordion-item-2391\" class=\"e-n-accordion-item\" >\n\t\t\t\t<summary class=\"e-n-accordion-item-title\" data-accordion-index=\"2\" tabindex=\"-1\" aria-expanded=\"false\" aria-controls=\"e-n-accordion-item-2391\" >\n\t\t\t\t\t<span class='e-n-accordion-item-title-header'><div class=\"e-n-accordion-item-title-text\"> Une salle des f\u00eates en plein centre-ville <\/div><\/span>\n\t\t\t\t\t\t\t<span class='e-n-accordion-item-title-icon'>\n\t\t\t<span class='e-opened' ><svg aria-hidden=\"true\" class=\"e-font-icon-svg e-fas-minus\" viewBox=\"0 0 448 512\" xmlns=\"http:\/\/www.w3.org\/2000\/svg\"><path d=\"M416 208H32c-17.67 0-32 14.33-32 32v32c0 17.67 14.33 32 32 32h384c17.67 0 32-14.33 32-32v-32c0-17.67-14.33-32-32-32z\"><\/path><\/svg><\/span>\n\t\t\t<span class='e-closed'><svg aria-hidden=\"true\" class=\"e-font-icon-svg e-fas-plus\" viewBox=\"0 0 448 512\" xmlns=\"http:\/\/www.w3.org\/2000\/svg\"><path d=\"M416 208H272V64c0-17.67-14.33-32-32-32h-32c-17.67 0-32 14.33-32 32v144H32c-17.67 0-32 14.33-32 32v32c0 17.67 14.33 32 32 32h144v144c0 17.67 14.33 32 32 32h32c17.67 0 32-14.33 32-32V304h144c17.67 0 32-14.33 32-32v-32c0-17.67-14.33-32-32-32z\"><\/path><\/svg><\/span>\n\t\t<\/span>\n\n\t\t\t\t\t\t<\/summary>\n\t\t\t\t<div role=\"region\" aria-labelledby=\"e-n-accordion-item-2391\" class=\"elementor-element elementor-element-2f8953b e-con-full e-flex e-con e-child\" data-id=\"2f8953b\" data-element_type=\"container\" data-e-type=\"container\">\n\t\t\t\t<div class=\"elementor-element elementor-element-cc006d5 elementor-widget elementor-widget-text-editor\" data-id=\"cc006d5\" data-element_type=\"widget\" data-e-type=\"widget\" data-widget_type=\"text-editor.default\">\n\t\t\t\t<div class=\"elementor-widget-container\">\n\t\t\t\t\t\t\t\t\t<h3 id=\"salle\"><strong>Une salle des f\u00eates en plein centre-ville<\/strong><\/h3><p>La salle des f\u00eates \u00e9tait situ\u00e9e \u00e0 l\u2019angle de la rue Gambetta et de la place du Chanoine H\u00e9roux. \u00c0 l\u2019origine, il s\u2019agissait de construire un immeuble afin d\u2019y installer le Patronage La\u00efque, anc\u00eatre des centres de loisirs, et diverses \u0153uvres sociales de la commune. L\u2019H\u00f4tel de Ville de cette \u00e9poque, trop petit, ne pouvait h\u00e9berger les diff\u00e9rentes soci\u00e9t\u00e9s d\u2019assistance, de solidarit\u00e9 et d\u2019\u00e9ducation, et encore moins accueillir le projet de biblioth\u00e8que envisag\u00e9 alors par la municipalit\u00e9. Le Patronage et toutes les \u0153uvres postscolaires, telles que l\u2019amicale des \u00e9coles ou la soci\u00e9t\u00e9 de pr\u00e9paration militaire, se voyaient contraints de recourir \u00e0 l\u2019hospitalit\u00e9 des habitants ou bien d\u2019utiliser le pr\u00e9au de l\u2019\u00e9cole Amiard. Il fallait donc trouver une solution.<\/p><p>C\u2019est \u00e0 l\u2019unanimit\u00e9 que le Conseil Municipal vota le 26 juillet 1912 le projet de cr\u00e9ation d\u2019une salle de r\u00e9union, avec adjonction d\u2019une biblioth\u00e8que et d\u2019annexes. L\u2019emplacement choisi \u00e9tait au c\u0153ur de la ville, tout pr\u00e8s de l\u2019\u00e9glise, sur le terrain du presbyt\u00e8re. L\u2019architecte communal Breasson dessina les plans du b\u00e2timent et, d\u00e8s f\u00e9vrier 1914, la commune commen\u00e7a la s\u00e9lection des entreprises devant participer aux travaux de construction de la \u00ab salle de r\u00e9union et de conf\u00e9rences des \u0153uvres postscolaires \u00bb.<\/p><p>Le chantier fut perturb\u00e9 et retard\u00e9 par la Premi\u00e8re Guerre mondiale. Il se prolongea jusqu\u2019en 1922. Le 21 septembre de cette ann\u00e9e, le Conseil Municipal d\u00e9cida de solliciter une subvention pour financer la fin des travaux commenc\u00e9s en 1914, <i>\u00ab consid\u00e9rant l\u2019utilit\u00e9 du projet \u2026. Qui contribuera \u00e0 d\u00e9velopper chez la jeunesse non seulement les facult\u00e9s physiques mais aussi les facult\u00e9s morales ce qui, pour l\u2019avenir du pays, a une importance incontestable \u00bb.<\/i><\/p><p>Le b\u00e2timent comprenait un jardin dont l\u2019am\u00e9nagement fut dessin\u00e9 par Abel Tuffier, fondateur de la Soci\u00e9t\u00e9 d\u2019Horticulture de Neuilly et adjoint au maire de 1925 \u00e0 1935.<\/p><p>L\u2019utilisation de la salle commen\u00e7a au d\u00e9but de l\u2019ann\u00e9e 1923 avec, notamment, la soci\u00e9t\u00e9 L\u2019Esp\u00e9rance qui organisa un bal masqu\u00e9 et travesti. Au fil des ans, la salle des f\u00eates accueillit les spectacles des enfants des \u00e9coles, les jeux interclasses, les f\u00eates des m\u00e8res, les repas des anciens ainsi que les bals organis\u00e9s par les nombreuses associations noc\u00e9ennes. En 1950, la ville y f\u00eata le 75\u00e8me anniversaire de Th\u00e9ophile Gaubert, maire de Neuilly de 1935 \u00e0 1953 (mandat interrompu par la Seconde Guerre Mondiale). Vers 1955, la salle fut \u00e9quip\u00e9e d\u2019une cabine de projection pour donner des s\u00e9ances cin\u00e9matographiques. Elle continua ainsi \u00e0 animer la vie locale jusqu\u2019en 1982, date \u00e0 laquelle elle fut d\u00e9molie.<\/p><p>Depuis le quartier s\u2019est modernis\u00e9 et \u00e0 son emplacement se trouvent aujourd\u2019hui la r\u00e9sidence Les Balcons de la Fontaine et une partie de la place du Chanoine H\u00e9roux. Le complexe Marcel Pagnol, cr\u00e9\u00e9 d\u00e8s 1976 avenue L\u00e9on Blum, a pris le relais de la salle de la rue Gambetta.<\/p>\t\t\t\t\t\t\t\t<\/div>\n\t\t\t\t<\/div>\n\t\t\t\t<\/div>\n\t\t\t\t\t<\/details>\n\t\t\t\t\t\t<details id=\"e-n-accordion-item-2392\" class=\"e-n-accordion-item\" >\n\t\t\t\t<summary class=\"e-n-accordion-item-title\" data-accordion-index=\"3\" tabindex=\"-1\" aria-expanded=\"false\" aria-controls=\"e-n-accordion-item-2392\" >\n\t\t\t\t\t<span class='e-n-accordion-item-title-header'><div class=\"e-n-accordion-item-title-text\"> L'\u00e9cole maternelle Les Fleurs <\/div><\/span>\n\t\t\t\t\t\t\t<span class='e-n-accordion-item-title-icon'>\n\t\t\t<span class='e-opened' ><svg aria-hidden=\"true\" class=\"e-font-icon-svg e-fas-minus\" viewBox=\"0 0 448 512\" xmlns=\"http:\/\/www.w3.org\/2000\/svg\"><path d=\"M416 208H32c-17.67 0-32 14.33-32 32v32c0 17.67 14.33 32 32 32h384c17.67 0 32-14.33 32-32v-32c0-17.67-14.33-32-32-32z\"><\/path><\/svg><\/span>\n\t\t\t<span class='e-closed'><svg aria-hidden=\"true\" class=\"e-font-icon-svg e-fas-plus\" viewBox=\"0 0 448 512\" xmlns=\"http:\/\/www.w3.org\/2000\/svg\"><path d=\"M416 208H272V64c0-17.67-14.33-32-32-32h-32c-17.67 0-32 14.33-32 32v144H32c-17.67 0-32 14.33-32 32v32c0 17.67 14.33 32 32 32h144v144c0 17.67 14.33 32 32 32h32c17.67 0 32-14.33 32-32V304h144c17.67 0 32-14.33 32-32v-32c0-17.67-14.33-32-32-32z\"><\/path><\/svg><\/span>\n\t\t<\/span>\n\n\t\t\t\t\t\t<\/summary>\n\t\t\t\t<div role=\"region\" aria-labelledby=\"e-n-accordion-item-2392\" class=\"elementor-element elementor-element-17c6e9e e-con-full e-flex e-con e-child\" data-id=\"17c6e9e\" data-element_type=\"container\" data-e-type=\"container\">\n\t\t\t\t<div class=\"elementor-element elementor-element-216774c elementor-widget elementor-widget-text-editor\" data-id=\"216774c\" data-element_type=\"widget\" data-e-type=\"widget\" data-widget_type=\"text-editor.default\">\n\t\t\t\t<div class=\"elementor-widget-container\">\n\t\t\t\t\t\t\t\t\t<h3 id=\"fleurs\"><strong>L\u2019\u00e9cole maternelle Les Fleurs<\/strong><\/h3><p>L\u2019actuelle \u00e9cole Les Fleurs est situ\u00e9e dans un quartier qu\u2019on appelle 11 novembre, Les Fleurs ou bien Les 24 arpents. Jusqu\u2019au d\u00e9but des ann\u00e9es 1960, cette zone situ\u00e9e au Nord du lotissement des 24 arpents \u00e9tait occup\u00e9e par quelques pavillons et surtout par des terres mara\u00eech\u00e8res.<\/p><p>Le quartier va se d\u00e9velopper avec la construction de plusieurs r\u00e9sidences telles que Les Iris, Les Jonquilles, Les Tournesols, etc. &#8230; Les immeubles seront habit\u00e9s \u00e0 partir de 1964 ou du 1er semestre 1967. Les noms de ces r\u00e9sidences, ainsi que ceux des rues du lotissement des 24 arpents, sont \u00e0 l\u2019origine du nom \u00ab Fleurs \u00bb utilis\u00e9 pour d\u00e9signer l\u2019\u00e9cole et le quartier.<\/p><p>L\u2019arriv\u00e9e de nouveaux habitants n\u00e9cessite la construction de nouvelles classes pour scolariser les enfants. En 1965, la mairie confie \u00e0 un architecte, M. Le Goas, le projet de construction d\u2019un ensemble compos\u00e9 d\u2019un groupe scolaire maternel et d\u2019un centre polyvalent. Cet ensemble est d\u00e9sign\u00e9 avec les termes Centre Nord ou bien Les Fleurs, sans qu\u2019un nom officiel lui soit donn\u00e9. Il doit \u00eatre \u00e9difi\u00e9 vers le 89 rue du 11 novembre.<\/p><p>En attendant l\u2019acquisition des terrains et la r\u00e9alisation du groupe scolaire, la Ville ach\u00e8te un groupe de 4 classes d\u00e9montables en bande (b\u00e2timents pr\u00e9fabriqu\u00e9s) et les installe sur un terrain qu\u2019elle poss\u00e8de dans ce quartier. Ce terrain, en bordure de la rue du 11 novembre, correspond \u00e0 peu pr\u00e8s \u00e0 l\u2019actuel square de la Lib\u00e9ration. Trois classes ouvrent \u00e0 la fin de l\u2019ann\u00e9e 1965 pour accueillir 148 \u00e9l\u00e8ves, soit pr\u00e8s de 50 \u00e9l\u00e8ves par classe. Ces classes \u00e9tant dans un premier temps rattach\u00e9es \u00e0 l\u2019\u00e9cole maternelle des Fauvettes (groupe scolaire Marcel Cachin), la direction de l\u2019\u00e9cole est assur\u00e9e par Mme Deminier qui exerce sur deux \u00e9coles en m\u00eame temps. Mme Arbogast prend le relais sur l\u2019\u00e9cole des Fleurs en 1966.<\/p><p>Jusque dans les ann\u00e9es 1970, les nouvelles r\u00e9sidences cohabitent encore avec quelques champs. L\u2019\u00e9cole maternelle est toujours install\u00e9e dans des b\u00e2timents pr\u00e9fabriqu\u00e9s, mais ils sont plus spacieux. Ils ont \u00e9t\u00e9 d\u00e9plac\u00e9s pour la r\u00e9alisation de la rue de La Lib\u00e9ration. \u00c0 partir de la rentr\u00e9e scolaire de 1968, l\u2019\u00e9cole comprend 5 classes pour 210 enfants (42 enfants par classe en moyenne).<\/p><p>Un nouveau projet de groupe scolaire est \u00e9tabli par l\u2019architecte Robert Lechauguette. Le 13 d\u00e9cembre 1968, le Conseil Municipal donne \u00e0 ce projet d\u2019\u00e9cole le nom de Charles Perrault, mais Les Fleurs reste son nom d\u2019usage. Le 9 mars 1978, le Conseil Municipal d\u00e9cide de suivre l\u2019avis des enseignants et des parents d\u2019\u00e9l\u00e8ves en renon\u00e7ant au nom de Charles Perrault. L\u2019\u00e9cole s\u2019appellera d\u00e9sormais \u00e9cole maternelle Les Fleurs.<\/p><p>L\u2019acquisition des terrains s\u2019av\u00e8re compliqu\u00e9e. L\u2019\u00e9cole maternelle de 6 classes sera finalement construite par l\u2019architecte Barea et livr\u00e9e le 2 f\u00e9vrier 1981. Dans le cadre de l\u2019am\u00e9nagement de la Z.A.C. du 11 Novembre, l\u2019\u00e9cole a \u00e9t\u00e9 agrandie en 2005 avec la cr\u00e9ation d\u2019un nouveau dortoir, d\u2019une biblioth\u00e8que et d\u2019une salle de jeux-garderie.<\/p>\t\t\t\t\t\t\t\t<\/div>\n\t\t\t\t<\/div>\n\t\t\t\t<\/div>\n\t\t\t\t\t<\/details>\n\t\t\t\t\t\t<details id=\"e-n-accordion-item-2393\" class=\"e-n-accordion-item\" >\n\t\t\t\t<summary class=\"e-n-accordion-item-title\" data-accordion-index=\"4\" tabindex=\"-1\" aria-expanded=\"false\" aria-controls=\"e-n-accordion-item-2393\" >\n\t\t\t\t\t<span class='e-n-accordion-item-title-header'><div class=\"e-n-accordion-item-title-text\"> L'\u00e9cole maternelle Les Papillons <\/div><\/span>\n\t\t\t\t\t\t\t<span class='e-n-accordion-item-title-icon'>\n\t\t\t<span class='e-opened' ><svg aria-hidden=\"true\" class=\"e-font-icon-svg e-fas-minus\" viewBox=\"0 0 448 512\" xmlns=\"http:\/\/www.w3.org\/2000\/svg\"><path d=\"M416 208H32c-17.67 0-32 14.33-32 32v32c0 17.67 14.33 32 32 32h384c17.67 0 32-14.33 32-32v-32c0-17.67-14.33-32-32-32z\"><\/path><\/svg><\/span>\n\t\t\t<span class='e-closed'><svg aria-hidden=\"true\" class=\"e-font-icon-svg e-fas-plus\" viewBox=\"0 0 448 512\" xmlns=\"http:\/\/www.w3.org\/2000\/svg\"><path d=\"M416 208H272V64c0-17.67-14.33-32-32-32h-32c-17.67 0-32 14.33-32 32v144H32c-17.67 0-32 14.33-32 32v32c0 17.67 14.33 32 32 32h144v144c0 17.67 14.33 32 32 32h32c17.67 0 32-14.33 32-32V304h144c17.67 0 32-14.33 32-32v-32c0-17.67-14.33-32-32-32z\"><\/path><\/svg><\/span>\n\t\t<\/span>\n\n\t\t\t\t\t\t<\/summary>\n\t\t\t\t<div role=\"region\" aria-labelledby=\"e-n-accordion-item-2393\" class=\"elementor-element elementor-element-cdc6559 e-flex e-con-boxed e-con e-child\" data-id=\"cdc6559\" data-element_type=\"container\" data-e-type=\"container\">\n\t\t\t\t\t<div class=\"e-con-inner\">\n\t\t\t\t<div class=\"elementor-element elementor-element-68612e4 elementor-widget elementor-widget-text-editor\" data-id=\"68612e4\" data-element_type=\"widget\" data-e-type=\"widget\" data-widget_type=\"text-editor.default\">\n\t\t\t\t<div class=\"elementor-widget-container\">\n\t\t\t\t\t\t\t\t\t<h3 id=\"papillons\"><strong>L\u2019\u00e9cole maternelle Les Papillons<\/strong><\/h3><p>La pouss\u00e9e d\u00e9mographique, le d\u00e9veloppement et l\u2019urbanisation de la r\u00e9gion parisienne ont entra\u00een\u00e9 \u00e0 la fin des ann\u00e9es 1950 un accroissement de la population. Cela a logiquement conduit \u00e0 une augmentation de la demande de logements dans l\u2019Est de l\u2019agglom\u00e9ration parisienne et \u00e0 Neuilly-sur-Marne en particulier. Pour faire face \u00e0 cette \u00e9volution, la Municipalit\u00e9 d\u00e9cide en 1959 d\u2019organiser l\u2019espace urbain et d\u2019\u00e9laborer un plan d\u2019am\u00e9nagement communal. Ce plan d\u2019am\u00e9nagement pr\u00e9voyait notamment la construction d\u2019un nouveau quartier appel\u00e9 \u00ab Fauvettes \u00bb. Le projet pr\u00e9voit la construction, sur des terres mara\u00eech\u00e8res, d\u2019environ 3000 logements avec les rues et les \u00e9quipements utiles \u00e0 la population.<\/p><p>Le quartier est pratiquement achev\u00e9 en 1974. La Ville doit alors construire plusieurs groupes scolaires pour accueillir les enfants, dont l\u2019\u00e9cole maternelle Les Papillons. Le terrain choisi pour cette nouvelle \u00e9cole est situ\u00e9 \u00e0 l\u2019angle de la rue Paul Thomoux, actuelle rue Paul et Camille Thomoux, et du chemin de Meaux, devenu avenue L\u00e9on Blum. Cet emplacement avait \u00e9t\u00e9 achet\u00e9 par la ville en 1924 afin de construire le troisi\u00e8me groupe scolaire de la commune, Marcel Cachin. Le terrain ayant \u00e9t\u00e9 utilis\u00e9 pour construire des logements sociaux en 1953, le groupe scolaire Marcel Cachin avait finalement \u00e9t\u00e9 construit sur un terrain juste \u00e0 c\u00f4t\u00e9. Mais en 1973, les logements sociaux furent d\u00e9molis et le terrain revint \u00e0 sa vocation premi\u00e8re.<\/p><p>En 1974, le groupe scolaire Marcel Cachin doit \u00eatre agrandi afin d\u2019accueillir les enfants des nouveaux logements du quartier. Le projet d\u2019extension pr\u00e9voit 22 classes de primaires ainsi que 6 classes de maternelles pouvant accueillir chacune 40 \u00e9l\u00e8ves de 2 \u00e0 6 ans. Cette extension sera d\u00e9nomm\u00e9e \u00e9cole maternelle Les Papillons par le Conseil Municipal le 23 janvier 1975. Le chantier d\u00e9bute vers d\u00e9cembre 1975 pour une livraison pr\u00e9vue en ao\u00fbt 1976. En effet, l\u2019\u00e9cole doit accueillir les \u00e9l\u00e8ves d\u00e8s le 13 septembre 1976.<\/p><p>La premi\u00e8re directrice de l\u2019\u00e9cole Les Papillons est Mme Deminier, qui \u00e9tait auparavant directrice de l\u2019\u00e9cole maternelle Marcel Cachin. En octobre 1976, les six classes de l\u2019\u00e9cole maternelle accueillent 212 \u00e9l\u00e8ves, soit une moyenne de 35 enfants par classe. Ce chiffre baissera ensuite. Ainsi, \u00e0 la rentr\u00e9e de septembre 1985, 153 enfants sont inscrits.<\/p>\t\t\t\t\t\t\t\t<\/div>\n\t\t\t\t<\/div>\n\t\t\t\t\t<\/div>\n\t\t\t\t<\/div>\n\t\t\t\t\t<\/details>\n\t\t\t\t\t\t<details id=\"e-n-accordion-item-2394\" class=\"e-n-accordion-item\" >\n\t\t\t\t<summary class=\"e-n-accordion-item-title\" data-accordion-index=\"5\" tabindex=\"-1\" aria-expanded=\"false\" aria-controls=\"e-n-accordion-item-2394\" >\n\t\t\t\t\t<span class='e-n-accordion-item-title-header'><div class=\"e-n-accordion-item-title-text\"> Le groupe scolaire Jean Jaur\u00e8s <\/div><\/span>\n\t\t\t\t\t\t\t<span class='e-n-accordion-item-title-icon'>\n\t\t\t<span class='e-opened' ><svg aria-hidden=\"true\" class=\"e-font-icon-svg e-fas-minus\" viewBox=\"0 0 448 512\" xmlns=\"http:\/\/www.w3.org\/2000\/svg\"><path d=\"M416 208H32c-17.67 0-32 14.33-32 32v32c0 17.67 14.33 32 32 32h384c17.67 0 32-14.33 32-32v-32c0-17.67-14.33-32-32-32z\"><\/path><\/svg><\/span>\n\t\t\t<span class='e-closed'><svg aria-hidden=\"true\" class=\"e-font-icon-svg e-fas-plus\" viewBox=\"0 0 448 512\" xmlns=\"http:\/\/www.w3.org\/2000\/svg\"><path d=\"M416 208H272V64c0-17.67-14.33-32-32-32h-32c-17.67 0-32 14.33-32 32v144H32c-17.67 0-32 14.33-32 32v32c0 17.67 14.33 32 32 32h144v144c0 17.67 14.33 32 32 32h32c17.67 0 32-14.33 32-32V304h144c17.67 0 32-14.33 32-32v-32c0-17.67-14.33-32-32-32z\"><\/path><\/svg><\/span>\n\t\t<\/span>\n\n\t\t\t\t\t\t<\/summary>\n\t\t\t\t<div role=\"region\" aria-labelledby=\"e-n-accordion-item-2394\" class=\"elementor-element elementor-element-73c4f70 e-flex e-con-boxed e-con e-child\" data-id=\"73c4f70\" data-element_type=\"container\" data-e-type=\"container\">\n\t\t\t\t\t<div class=\"e-con-inner\">\n\t\t\t\t<div class=\"elementor-element elementor-element-f84f783 elementor-widget elementor-widget-text-editor\" data-id=\"f84f783\" data-element_type=\"widget\" data-e-type=\"widget\" data-widget_type=\"text-editor.default\">\n\t\t\t\t<div class=\"elementor-widget-container\">\n\t\t\t\t\t\t\t\t\t<h3 id=\"jaures\"><strong>Groupe scolaire Jean Jaur\u00e8s<\/strong><\/h3><p>Jusqu\u2019au d\u00e9but du 20\u00e8me si\u00e8cle, Neuilly-sur-Marne est essentiellement un village agricole. En 1893, apr\u00e8s la s\u00e9paration du hameau de Neuilly-Plaisance, la commune compte 1 613 habitants qui habitent principalement dans le c\u0153ur du village. En 1911, le nombre d\u2019habitants est pass\u00e9 \u00e0 2 990 puis \u00e0 8 654 en 1926. Cette augmentation s\u2019explique par la cr\u00e9ation de lotissements. \u00c0 Neuilly-sur-Marne, les premiers lotissements apparaissent au d\u00e9but du 20\u00e8me si\u00e8cle.<\/p><p>Ces nouveaux quartiers, constitu\u00e9s de petits ou grands pavillons, vont se d\u00e9velopper pour plusieurs raisons. L\u2019ouverture des asiles de Ville-Evrard et Maison-Blanche va amener une nouvelle population. La Premi\u00e8re Guerre mondiale va provoquer le besoin de nouveaux logements. Beaucoup de gens r\u00eavent d\u2019un petit pavillon avec jardin. Enfin, Neuilly-sur-Marne a de grandes surfaces de terres agricoles qui peuvent \u00eatre lib\u00e9r\u00e9es pour construire ces nouveaux quartiers.\u00a0<\/p><p>Construit dans les ann\u00e9es 1920, bien apr\u00e8s les lotissements Les 24 arpents et l\u2019Epi d\u2019Or cr\u00e9\u00e9s d\u00e8s 1902, l\u2019Avenir est l\u2019un des quartiers les plus \u00e9tendus de la ville. En 1920, la soci\u00e9t\u00e9 anonyme \u00ab \u00e9tablissements Poliet et Chausson \u00bb ach\u00e8te les terrains constituant le Domaine du Chesnay situ\u00e9 sur les communes de Gagny, Neuilly-sur-Marne et Gournay-sur-Marne. Charles-Emmanuel Koch acquiert pr\u00e8s de 24 hectares de ce domaine situ\u00e9s \u00e0 Neuilly au lieu-dit La Justice, qu\u2019il revend ensuite en parcelles. Ainsi s\u2019\u00e9bauche le lotissement de l\u2019Avenir, dont la cr\u00e9ation sera approuv\u00e9e le 30 juin 1925 par arr\u00eat\u00e9 pr\u00e9fectoral.<\/p><p>Dans ce nouvel espace qui se profile, 6000 m\u00e8tres carr\u00e9s sont r\u00e9serv\u00e9s \u00e0 la commune pour l\u2019\u00e9dification d\u2019\u00e9quipements communaux, de jardins, d\u2019un march\u00e9. Tr\u00e8s vite, la construction d\u2019une \u00e9cole est jug\u00e9e n\u00e9cessaire. Neuilly-sur-Marne ne compte alors qu\u2019une seule \u00e9cole cr\u00e9\u00e9e en 1895 (d\u00e9nomm\u00e9e Louis Amiard en 1935). Les enfants r\u00e9sidant \u00e0 l\u2019Avenir doivent donc se rendre \u00e0 pied ou en transport en commun \u00e0 l\u2019\u00e9cole du centre-ville.<\/p><p>En 1928, la Ville estime que le nombre d\u2019enfants du quartier susceptibles d\u2019\u00eatre scolaris\u00e9s (6-13 ans) est entre 75 et 95, auxquels s\u2019ajoutent environ 30 enfants de moins de 6 ans. Le 29 septembre 1928, d\u00e9cision est prise de cr\u00e9er une \u00e9cole de deux classes mixtes. Pour cela, la commune pr\u00e9voit l\u2019acquisition du terrain (5827,50 m\u00b2) pour une somme de 44 122 francs (200 m\u00b2 ont \u00e9t\u00e9 c\u00e9d\u00e9s gratuitement par l\u2019association syndicale du lotissement).<\/p><p>Le projet comprend un seul logement de fonction. La Ville cherche donc un couple d\u2019instituteurs. Le devis pour la construction et l\u2019\u00e9quipement de l\u2019\u00e9cole, dress\u00e9 par les architectes Drouet et Disse, est de 504 000 francs. Cette somme correspond \u00e0 environ 31 millions d\u2019euros actuellement. D\u00e8s 1932, le Conseil Municipal d\u00e9lib\u00e8re pour les agrandissements successifs de l\u2019\u00e9cole.<\/p><p>Avant la Seconde Guerre mondiale, le groupe scolaire de l\u2019Avenir \u00e9tait une \u00e9cole mixte o\u00f9 les gar\u00e7ons et les filles travaillaient ensemble. En septembre 1940, l\u2019inspection acad\u00e9mique d\u00e9cida de le scinder en deux \u00e9coles de gar\u00e7ons et de filles. Apr\u00e8s la guerre, en 1945, une p\u00e9tition de m\u00e8res de famille du quartier demanda le retour \u00e0 la mixit\u00e9. Ces p\u00e9titionnaires appuyaient leur demande sur les r\u00e9sultats au certificat d\u2019\u00e9tudes, meilleurs avant-guerre. Cette demande fut rejet\u00e9e.\u00a0<\/p><p>En 1947 et en 1953 eurent lieu diff\u00e9rents am\u00e9nagements et agrandissements, notamment la cr\u00e9ation d\u2019une classe maternelle. Elle est inaugur\u00e9e le 12 octobre 1947. En 1954, 107 enfants \u00e9tant inscrits en maternelle, la Ville obtient la cr\u00e9ation d\u2019une seconde classe.<\/p><p>En 1961, un nouveau b\u00e2timent comprenant 2 niveaux est construit pour les classes \u00e9l\u00e9mentaires. Le b\u00e2timent d\u2019origine est alors r\u00e9am\u00e9nag\u00e9 pour accueillir plus confortablement l\u2019\u00e9cole maternelle. Les architectes Georges Jouven et Claude Le Goas sont charg\u00e9s de ce projet. Dans une d\u00e9lib\u00e9ration du 8 juillet 1961, le Conseil Municipal donne \u00e0 l\u2019\u00e9cole le nom de Jean Jaur\u00e8s. La \u00ab place de l\u2019\u00e9cole de l\u2019Avenir \u00bb, au nom d\u00e9sormais obsol\u00e8te, a \u00e9t\u00e9 cl\u00f4tur\u00e9e en 1966.<\/p>\t\t\t\t\t\t\t\t<\/div>\n\t\t\t\t<\/div>\n\t\t\t\t\t<\/div>\n\t\t\t\t<\/div>\n\t\t\t\t\t<\/details>\n\t\t\t\t\t\t<details id=\"e-n-accordion-item-2395\" class=\"e-n-accordion-item\" >\n\t\t\t\t<summary class=\"e-n-accordion-item-title\" data-accordion-index=\"6\" tabindex=\"-1\" aria-expanded=\"false\" aria-controls=\"e-n-accordion-item-2395\" >\n\t\t\t\t\t<span class='e-n-accordion-item-title-header'><div class=\"e-n-accordion-item-title-text\"> Le groupe scolaire La Fontaine <\/div><\/span>\n\t\t\t\t\t\t\t<span class='e-n-accordion-item-title-icon'>\n\t\t\t<span class='e-opened' ><svg aria-hidden=\"true\" class=\"e-font-icon-svg e-fas-minus\" viewBox=\"0 0 448 512\" xmlns=\"http:\/\/www.w3.org\/2000\/svg\"><path d=\"M416 208H32c-17.67 0-32 14.33-32 32v32c0 17.67 14.33 32 32 32h384c17.67 0 32-14.33 32-32v-32c0-17.67-14.33-32-32-32z\"><\/path><\/svg><\/span>\n\t\t\t<span class='e-closed'><svg aria-hidden=\"true\" class=\"e-font-icon-svg e-fas-plus\" viewBox=\"0 0 448 512\" xmlns=\"http:\/\/www.w3.org\/2000\/svg\"><path d=\"M416 208H272V64c0-17.67-14.33-32-32-32h-32c-17.67 0-32 14.33-32 32v144H32c-17.67 0-32 14.33-32 32v32c0 17.67 14.33 32 32 32h144v144c0 17.67 14.33 32 32 32h32c17.67 0 32-14.33 32-32V304h144c17.67 0 32-14.33 32-32v-32c0-17.67-14.33-32-32-32z\"><\/path><\/svg><\/span>\n\t\t<\/span>\n\n\t\t\t\t\t\t<\/summary>\n\t\t\t\t<div role=\"region\" aria-labelledby=\"e-n-accordion-item-2395\" class=\"elementor-element elementor-element-4b55f12 e-flex e-con-boxed e-con e-child\" data-id=\"4b55f12\" data-element_type=\"container\" data-e-type=\"container\">\n\t\t\t\t\t<div class=\"e-con-inner\">\n\t\t\t\t<div class=\"elementor-element elementor-element-f31785c elementor-widget elementor-widget-text-editor\" data-id=\"f31785c\" data-element_type=\"widget\" data-e-type=\"widget\" data-widget_type=\"text-editor.default\">\n\t\t\t\t<div class=\"elementor-widget-container\">\n\t\t\t\t\t\t\t\t\t<h3 id=\"fontaine\"><strong>Groupe scolaire La Fontaine<\/strong><\/h3><p>Le projet de construire un groupe scolaire au nord de la Ville a \u00e9t\u00e9 lanc\u00e9 en 1964. D\u00e9sign\u00e9 tout d\u2019abord par le nom de \u00ab Fauvettes-Nord \u00bb, il est destin\u00e9 \u00e0 accueillir les enfants des ensembles d\u2019habitation La Sabli\u00e8re, Logirep et Saint-Baudile en cours de cr\u00e9ation.<\/p><p>Le 14 f\u00e9vrier 1964, le Conseil Municipal d\u00e9cide l\u2019acquisition d\u2019un ensemble de terrains d\u2019une superficie totale de 41 556 m\u00b2. Cet ensemble est compos\u00e9 de parcelles agricoles, de vergers, de jardins, d&rsquo;exploitations horticoles et de quelques habitations.<\/p><p>Le premier projet comprend un centre polyvalent avec une \u00e9cole, une cr\u00e8che, une grande salle de r\u00e9union, une petite biblioth\u00e8que, etc. Seul le groupe scolaire sera r\u00e9alis\u00e9. La conception est confi\u00e9e \u00e0 l\u2019architecte Robert L\u00e9chauguette qui va devoir am\u00e9nager le terrain en tenant compte du trac\u00e9 d\u2019une autoroute qui ne sera finalement pas r\u00e9alis\u00e9e.<\/p><p>Le groupe scolaire devait \u00eatre compos\u00e9 de 4 b\u00e2timents : un b\u00e2timent pour l\u2019enseignement \u00e9l\u00e9mentaire (compos\u00e9 de 10 classes filles et 10 classes gar\u00e7ons, 2 classes de perfectionnement, 2 salles polyvalentes et 2 r\u00e9fectoires), un b\u00e2timent pour la maternelle (compos\u00e9 de 9 classes, d\u2019une salle de jeux et d\u2019un r\u00e9fectoire), un b\u00e2timent destin\u00e9 \u00e0 la cuisin et un immeuble de 10 logements pour les enseignants.<\/p><p>En 1965, la mixit\u00e9 devient obligatoire dans les \u00e9coles \u00e9l\u00e9mentaires nouvellement cr\u00e9\u00e9es. Le projet sera donc modifi\u00e9 afin d\u2019ouvrir 20 classes mixtes. Le chantier commence le 12 septembre 1967. Le groupe scolaire \u00ab Fauvettes-Nord \u00bb a \u00e9t\u00e9 nomm\u00e9 Jean de La Fontaine le 26 avril 1968 par le Conseil Municipal alors que les travaux n\u2019\u00e9taient pas termin\u00e9s.<\/p><p>Les classes \u00e9l\u00e9mentaires vont commencer \u00e0 accueillir les \u00e9l\u00e8ves \u00e0 partir de la rentr\u00e9e de septembre 1968. Quatre classes maternelles ont \u00e9t\u00e9 install\u00e9es dans des b\u00e2timents pr\u00e9fabriqu\u00e9s pr\u00e8s de l\u2019\u00e9cole Marcel Cachin en attendant leur construction.<\/p><p>Le groupe scolaire achev\u00e9 comprend 20 classes \u00e9l\u00e9mentaires, 2 classes de perfectionnement et 2 groupes de 4 classes maternelles. Son inauguration a eu lieu le 20 septembre 1969, en m\u00eame temps que le groupe scolaire Louis Pasteur et le C.E.S. Honor\u00e9 de Balzac.<\/p><p>\u00c0 partir de 1971, le nom de l\u2019\u00e9crivain Florian (1755-1794) vient s\u2019ajouter \u00e0 celui de La Fontaine, afin d\u2019identifier clairement tout d\u2019abord les deux \u00e9coles maternelles puis \u00e9galement les deux \u00e9coles primaires.<\/p><p>Le 17 d\u00e9cembre 1975, le Conseil Municipal d\u00e9lib\u00e8re sur l\u2019utilisation de 26 300 francs, correspondant \u00e0 1% du montant de la subvention accord\u00e9e pour la construction du groupe scolaire La Fontaine. Cette somme doit obligatoirement \u00eatre utilis\u00e9e pour la d\u00e9coration du groupe scolaire. Un projet \u00e9labor\u00e9 par Fran\u00e7ois Cante, dit Pacos, r\u00e9sidant \u00e0 Gagny est alors propos\u00e9 par l\u2019architecte du groupe scolaire.<\/p><p>L\u2019artiste propose d\u2019installer, sur une pelouse face au b\u00e2timent principal, une sculpture fleur d&rsquo;inspiration v\u00e9g\u00e9tale, destin\u00e9e \u00e0 animer l&rsquo;espace et personnaliser l&rsquo;entr\u00e9e du groupe scolaire. D\u2019une hauteur d\u2019environ 1,20 m, r\u00e9alis\u00e9e en stratifi\u00e9 de polyester teint\u00e9 dans la masse, cette sculpture de couleur orange, de mati\u00e8re granuleuse, a \u00e9t\u00e9 valid\u00e9e par un arr\u00eat\u00e9 pr\u00e9fectoral du 30\/09\/1975. Fran\u00e7ois Cante-Pacos est aujourd\u2019hui un artiste reconnu. Son \u0153uvre est toujours dans le groupe scolaire La Fontaine.<\/p>\t\t\t\t\t\t\t\t<\/div>\n\t\t\t\t<\/div>\n\t\t\t\t\t<\/div>\n\t\t\t\t<\/div>\n\t\t\t\t\t<\/details>\n\t\t\t\t\t\t<details id=\"e-n-accordion-item-2396\" class=\"e-n-accordion-item\" >\n\t\t\t\t<summary class=\"e-n-accordion-item-title\" data-accordion-index=\"7\" tabindex=\"-1\" aria-expanded=\"false\" aria-controls=\"e-n-accordion-item-2396\" >\n\t\t\t\t\t<span class='e-n-accordion-item-title-header'><div class=\"e-n-accordion-item-title-text\"> Le groupe scolaire Marcel Cachin <\/div><\/span>\n\t\t\t\t\t\t\t<span class='e-n-accordion-item-title-icon'>\n\t\t\t<span class='e-opened' ><svg aria-hidden=\"true\" class=\"e-font-icon-svg e-fas-minus\" viewBox=\"0 0 448 512\" xmlns=\"http:\/\/www.w3.org\/2000\/svg\"><path d=\"M416 208H32c-17.67 0-32 14.33-32 32v32c0 17.67 14.33 32 32 32h384c17.67 0 32-14.33 32-32v-32c0-17.67-14.33-32-32-32z\"><\/path><\/svg><\/span>\n\t\t\t<span class='e-closed'><svg aria-hidden=\"true\" class=\"e-font-icon-svg e-fas-plus\" viewBox=\"0 0 448 512\" xmlns=\"http:\/\/www.w3.org\/2000\/svg\"><path d=\"M416 208H272V64c0-17.67-14.33-32-32-32h-32c-17.67 0-32 14.33-32 32v144H32c-17.67 0-32 14.33-32 32v32c0 17.67 14.33 32 32 32h144v144c0 17.67 14.33 32 32 32h32c17.67 0 32-14.33 32-32V304h144c17.67 0 32-14.33 32-32v-32c0-17.67-14.33-32-32-32z\"><\/path><\/svg><\/span>\n\t\t<\/span>\n\n\t\t\t\t\t\t<\/summary>\n\t\t\t\t<div role=\"region\" aria-labelledby=\"e-n-accordion-item-2396\" class=\"elementor-element elementor-element-532759d e-flex e-con-boxed e-con e-child\" data-id=\"532759d\" data-element_type=\"container\" data-e-type=\"container\">\n\t\t\t\t\t<div class=\"e-con-inner\">\n\t\t\t\t<div class=\"elementor-element elementor-element-e0c436b elementor-widget elementor-widget-text-editor\" data-id=\"e0c436b\" data-element_type=\"widget\" data-e-type=\"widget\" data-widget_type=\"text-editor.default\">\n\t\t\t\t<div class=\"elementor-widget-container\">\n\t\t\t\t\t\t\t\t\t<h3 id=\"cachin\"><strong>Le groupe scolaire Marcel Cachin<\/strong><\/h3><p>L\u2019\u00e9cole Marcel Cachin a d\u2019abord \u00e9t\u00e9 appel\u00e9e \u00ab groupe scolaire des Fauvettes \u00bb, en lien avec le quartier de son implantation. Il faut tout de m\u00eame pr\u00e9ciser que le quartier des Fauvettes ne ressemblait \u00e0 l\u2019\u00e9poque pas encore \u00e0 celui que nous connaissons actuellement.<\/p><p>Aux alentours de 1956 na\u00eet le projet de construire une troisi\u00e8me \u00e9cole \u00e0 Neuilly-sur-Marne. Ce besoin repose sur le nombre croissant de la population du quartier des Fauvettes, sur l\u2019\u00e9loignement de l\u2019\u00e9cole Amiard qui oblige les enfants \u00e0 parcourir une longue distance et sur la surcharge de cette m\u00eame \u00e9cole.<\/p><p>Le groupe scolaire \u00e9difi\u00e9 sur 5 948 m\u00b2 de terrain comporte \u00e0 l\u2019origine un b\u00e2timent principal de deux \u00e9tages. L\u2019enseignement public n\u2019est pas mixte \u00e0 l\u2019\u00e9poque. L\u2019\u00e9cole comprend donc 5 classes \u00e9l\u00e9mentaires filles avec un pr\u00e9au, 5 classes \u00e9l\u00e9mentaires gar\u00e7ons avec un pr\u00e9au, 1 salle de travaux manuels pour les gar\u00e7ons, 1 salle d\u2019enseignement m\u00e9nager pour les filles. La maternelle comprend 3 classes, 1 pr\u00e9au ferm\u00e9, 1 salle de repos, 1 salle de propret\u00e9 et W.C. et 1 salle d\u2019attente. Le groupe scolaire compte 3 cours de r\u00e9cr\u00e9ation s\u00e9par\u00e9es. Face au b\u00e2timent principal se trouvent le r\u00e9fectoire et la cuisine, ainsi qu\u2019un cabinet m\u00e9dical. En bordure de la rue Paul Thomoux se trouvent les logements des enseignants.<\/p><p>Le 14 ao\u00fbt 1958, le Conseil Municipal lui donne le nom de Marcel Cachin, d\u00e9c\u00e9d\u00e9 quelques mois auparavant. Ce choix est motiv\u00e9 notamment par la carri\u00e8re universitaire de Marcel Cachin et par son \u0153uvre d\u2019\u00e9crivain journaliste. L\u2019inauguration a lieu le dimanche 21 septembre 1958. A cette p\u00e9riode, la rentr\u00e9e scolaire avait lieu le 1er octobre.<\/p><p>L\u2019\u00e9cole a \u00e9t\u00e9 agrandie \u00e0 la fin des ann\u00e9es 60, tout d\u2019abord avec des classes pr\u00e9fabriqu\u00e9es. En 1968, le groupe scolaire comprenait 20 classes \u00e9l\u00e9mentaires et 6 classes de maternelles contre 12 \u00e9l\u00e9mentaires et 3 maternelles en 1965.<\/p><p>La cantine a \u00e9t\u00e9 agrandie vers 1962, puis dans les ann\u00e9es 90.<\/p>\t\t\t\t\t\t\t\t<\/div>\n\t\t\t\t<\/div>\n\t\t\t\t\t<\/div>\n\t\t\t\t<\/div>\n\t\t\t\t\t<\/details>\n\t\t\t\t\t\t<details id=\"e-n-accordion-item-2397\" class=\"e-n-accordion-item\" >\n\t\t\t\t<summary class=\"e-n-accordion-item-title\" data-accordion-index=\"8\" tabindex=\"-1\" aria-expanded=\"false\" aria-controls=\"e-n-accordion-item-2397\" >\n\t\t\t\t\t<span class='e-n-accordion-item-title-header'><div class=\"e-n-accordion-item-title-text\"> Les groupes scolaires Claude Rouget de Lisle et Andr\u00e9 Ch\u00e9nier <\/div><\/span>\n\t\t\t\t\t\t\t<span class='e-n-accordion-item-title-icon'>\n\t\t\t<span class='e-opened' ><svg aria-hidden=\"true\" class=\"e-font-icon-svg e-fas-minus\" viewBox=\"0 0 448 512\" xmlns=\"http:\/\/www.w3.org\/2000\/svg\"><path d=\"M416 208H32c-17.67 0-32 14.33-32 32v32c0 17.67 14.33 32 32 32h384c17.67 0 32-14.33 32-32v-32c0-17.67-14.33-32-32-32z\"><\/path><\/svg><\/span>\n\t\t\t<span class='e-closed'><svg aria-hidden=\"true\" class=\"e-font-icon-svg e-fas-plus\" viewBox=\"0 0 448 512\" xmlns=\"http:\/\/www.w3.org\/2000\/svg\"><path d=\"M416 208H272V64c0-17.67-14.33-32-32-32h-32c-17.67 0-32 14.33-32 32v144H32c-17.67 0-32 14.33-32 32v32c0 17.67 14.33 32 32 32h144v144c0 17.67 14.33 32 32 32h32c17.67 0 32-14.33 32-32V304h144c17.67 0 32-14.33 32-32v-32c0-17.67-14.33-32-32-32z\"><\/path><\/svg><\/span>\n\t\t<\/span>\n\n\t\t\t\t\t\t<\/summary>\n\t\t\t\t<div role=\"region\" aria-labelledby=\"e-n-accordion-item-2397\" class=\"elementor-element elementor-element-69be5f0 e-flex e-con-boxed e-con e-child\" data-id=\"69be5f0\" data-element_type=\"container\" data-e-type=\"container\">\n\t\t\t\t\t<div class=\"e-con-inner\">\n\t\t\t\t<div class=\"elementor-element elementor-element-9094669 elementor-widget elementor-widget-text-editor\" data-id=\"9094669\" data-element_type=\"widget\" data-e-type=\"widget\" data-widget_type=\"text-editor.default\">\n\t\t\t\t<div class=\"elementor-widget-container\">\n\t\t\t\t\t\t\t\t\t<h3 id=\"rouget\"><strong>Les groupes scolaires Claude Rouget de Lisle et Andr\u00e9 Ch\u00e9nier<\/strong><\/h3><p>Dans les ann\u00e9es 1960-1970, Neuilly-sur-Marne va conna\u00eetre des changements importants. De nouveaux quartiers sont construits sur des terrains jusqu\u2019alors d\u00e9volus \u00e0 l\u2019agriculture. La population noc\u00e9enne augmente. En 1954, la Ville comptait 12 798 habitants, 15 144 en 1962, 22 543 en 1968 et 30 168 en 1975. Le nombre d\u2019enfants \u00e0 scolariser en maternelle et en \u00e9l\u00e9mentaire cro\u00eet \u00e9galement.<\/p><p>Les trois groupes scolaires, Louis Amiard (inaugur\u00e9 en 1895), Jean Jaur\u00e8s (1928) et Marcel Cachin (1958), ont \u00e9t\u00e9 agrandis et r\u00e9am\u00e9nag\u00e9s \u00e0 plusieurs reprises. La Ville installe des b\u00e2timents pr\u00e9fabriqu\u00e9s dans les cours d\u2019\u00e9coles ou sur des terrains disponibles. \u00c0 la rentr\u00e9e de septembre 1962, 2 150 enfants sont accueillis dans 64 classes. En septembre 1971, les \u00e9coles de la ville accueilleront 5 348 enfants dans 182 classes. Durant ces 9 ann\u00e9es, la commune aura donc construit ou am\u00e9nag\u00e9 118 classes suppl\u00e9mentaires. Les ouvertures de classes d\u00e9pendent, bien s\u00fbr, de la capacit\u00e9 de construction de la Ville mais aussi des autorisations du Minist\u00e8re de l&rsquo;\u00c9ducation nationale.<\/p><p>En 1968, la commune planifie la construction, dans le futur quartier des Fauvettes, d\u2019un groupe scolaire comprenant 20 classes d\u2019\u00e9l\u00e9mentaires, 2 classes de perfectionnement et 8 classes de maternelles. Ce groupe scolaire est d\u00e9sign\u00e9 dans les documents pr\u00e9paratoires par \u00ab groupe scolaire du stade \u00bb en raison de sa proximit\u00e9 avec le stade Georges Foulon. Une d\u00e9lib\u00e9ration du 25 novembre 1968 le d\u00e9nomme Rouget de Lisle, en hommage au c\u00e9l\u00e8bre officier et compositeur fran\u00e7ais. Ce projet sera autoris\u00e9 par l\u2019Education Nationale en 1970. L\u2019architecte est Robert Lechauguette.<\/p><p>Les travaux semblent commencer en 1971 avec la construction de 10 classes \u00e9l\u00e9mentaires, 2 classes de perfectionnement et 4 maternelles. Les 14 autres classes doivent \u00eatre r\u00e9alis\u00e9es en 1972. A partir de 1972, le groupe scolaire se divise en deux groupes aux noms diff\u00e9rents : Rouget de Lisle et Andr\u00e9 Ch\u00e9nier, en r\u00e9f\u00e9rence au po\u00e8te fran\u00e7ais r\u00e9volutionnaire ayant pay\u00e9 de sa vie son opposition aux exc\u00e8s de la Terreur.<\/p><p>Les deux groupes scolaires ont \u00e9t\u00e9 inaugur\u00e9s le 27 octobre 1973. Toutefois, les locaux de l\u2019\u00e9l\u00e9mentaire Andr\u00e9 Ch\u00e9nier seront occup\u00e9s par le coll\u00e8ge Georges Braque durant l\u2019ann\u00e9e scolaire 1973-1974. Ils seront rendus \u00e0 l\u2019enseignement primaire en septembre 1974.<\/p><p>L\u2019\u00e9cole maternelle Andr\u00e9 Ch\u00e9nier n\u2019est pas construite au m\u00eame endroit que les trois autres \u00e9coles du groupe scolaire. Elle est situ\u00e9e \u00e0 l\u2019angle des rues d\u2019Artois et du 8 mai 1945, au pied de l\u2019esplanade de Rambouillet. Une partie de la cour de r\u00e9cr\u00e9ation, qui est sur plusieurs niveaux, est localis\u00e9e sur cette esplanade. Une rampe relie l\u2019\u00e9cole et l\u2019esplanade. La partie basse de la cour jouxte des parkings situ\u00e9s sous l\u2019esplanade. Les \u00e9l\u00e8ves acc\u00e8dent \u00e0 l\u2019\u00e9cole depuis une rampe.<\/p><p>Au d\u00e9but des ann\u00e9es 2000, cette \u00e9cole construite dans les ann\u00e9es 1970 se r\u00e9v\u00e8le trop petite pour les besoins p\u00e9dagogiques modernes (biblioth\u00e8que, salle informatique etc\u2026). De plus, il devient indispensable de r\u00e9organiser la restauration scolaire. C\u2019est pourquoi, le 14 novembre 2002, le Conseil Municipal d\u00e9cide l\u2019agrandissement de l\u2019\u00e9cole maternelle Ch\u00e9nier.<\/p><p>Un b\u00e2timent de 166 m\u00b2 sera construit au sud du b\u00e2timent existant afin d\u2019accueillir un r\u00e9fectoire, une garderie et des locaux annexes. Cette nouvelle construction est reli\u00e9e \u00e0 l\u2019\u00e9cole existante par une galerie. Les anciens r\u00e9fectoire et office sont transform\u00e9s notamment en biblioth\u00e8que et salle informatique. Des travaux d\u2019isolation et de mises aux normes sont effectu\u00e9s \u00e0 cette occasion. La cour est \u00e9galement r\u00e9organis\u00e9e. Le projet est con\u00e7u par les architectes G. Gardaire et H. Bouzemi du bureau d\u2019\u00e9tudes municipal.<\/p><p>Commenc\u00e9 en septembre 2004, le chantier est d\u00e9clar\u00e9 achev\u00e9 le 1er septembre 2005. La zone de travaux \u00e9tant d\u00e9limit\u00e9e et prot\u00e9g\u00e9e, l\u2019\u00e9cole maternelle a pu continuer \u00e0 recevoir les \u00e9l\u00e8ves pendant le chantier.<\/p>\t\t\t\t\t\t\t\t<\/div>\n\t\t\t\t<\/div>\n\t\t\t\t\t<\/div>\n\t\t\t\t<\/div>\n\t\t\t\t\t<\/details>\n\t\t\t\t\t\t<details id=\"e-n-accordion-item-2398\" class=\"e-n-accordion-item\" >\n\t\t\t\t<summary class=\"e-n-accordion-item-title\" data-accordion-index=\"9\" tabindex=\"-1\" aria-expanded=\"false\" aria-controls=\"e-n-accordion-item-2398\" >\n\t\t\t\t\t<span class='e-n-accordion-item-title-header'><div class=\"e-n-accordion-item-title-text\"> Les groupes scolaires Jean-Baptiste Du Hamel et Paul Val\u00e9ry <\/div><\/span>\n\t\t\t\t\t\t\t<span class='e-n-accordion-item-title-icon'>\n\t\t\t<span class='e-opened' ><svg aria-hidden=\"true\" class=\"e-font-icon-svg e-fas-minus\" viewBox=\"0 0 448 512\" xmlns=\"http:\/\/www.w3.org\/2000\/svg\"><path d=\"M416 208H32c-17.67 0-32 14.33-32 32v32c0 17.67 14.33 32 32 32h384c17.67 0 32-14.33 32-32v-32c0-17.67-14.33-32-32-32z\"><\/path><\/svg><\/span>\n\t\t\t<span class='e-closed'><svg aria-hidden=\"true\" class=\"e-font-icon-svg e-fas-plus\" viewBox=\"0 0 448 512\" xmlns=\"http:\/\/www.w3.org\/2000\/svg\"><path d=\"M416 208H272V64c0-17.67-14.33-32-32-32h-32c-17.67 0-32 14.33-32 32v144H32c-17.67 0-32 14.33-32 32v32c0 17.67 14.33 32 32 32h144v144c0 17.67 14.33 32 32 32h32c17.67 0 32-14.33 32-32V304h144c17.67 0 32-14.33 32-32v-32c0-17.67-14.33-32-32-32z\"><\/path><\/svg><\/span>\n\t\t<\/span>\n\n\t\t\t\t\t\t<\/summary>\n\t\t\t\t<div role=\"region\" aria-labelledby=\"e-n-accordion-item-2398\" class=\"elementor-element elementor-element-398feaa e-flex e-con-boxed e-con e-child\" data-id=\"398feaa\" data-element_type=\"container\" data-e-type=\"container\">\n\t\t\t\t\t<div class=\"e-con-inner\">\n\t\t\t\t<div class=\"elementor-element elementor-element-24b225a elementor-widget elementor-widget-text-editor\" data-id=\"24b225a\" data-element_type=\"widget\" data-e-type=\"widget\" data-widget_type=\"text-editor.default\">\n\t\t\t\t<div class=\"elementor-widget-container\">\n\t\t\t\t\t\t\t\t\t<h3 id=\"hamel\"><strong>Les groupes scolaires Jean-Baptiste Du Hamel et Paul Val\u00e9ry<\/strong><\/h3><p>En 1959, pour faire face \u00e0 l\u2019augmentation de la demande de logements, la Municipalit\u00e9 a d\u00e9cid\u00e9 d\u2019organiser l\u2019espace urbain et d\u2019\u00e9laborer un plan d\u2019am\u00e9nagement communal. Ce plan d\u2019am\u00e9nagement pr\u00e9voyait notamment la construction du nouveau quartier appel\u00e9 \u00ab Fauvettes \u00bb. En mai 1963, la municipalit\u00e9 d\u00e9l\u00e8gue l\u2019am\u00e9nagement du quartier \u00e0 une soci\u00e9t\u00e9, la Semeaso. Le projet pr\u00e9voit la construction d\u2019environ 3000 logements avec les rues et les \u00e9quipements utiles \u00e0 la population, dont des \u00e9coles.<\/p><p>La construction du groupe scolaire \u00ab Thomoux-Cimeti\u00e8re \u00bb est d\u00e9cid\u00e9e par le Conseil Municipal en 1968. Ce projet, d\u00e9sign\u00e9 tout d\u2019abord par sa localisation, prend ensuite le nom du Noc\u00e9en Jean-Baptiste Du Hamel par une d\u00e9lib\u00e9ration du 26 avril 1968. Homme de sciences, philosophe et th\u00e9ologien, Jean-Baptiste Du Hamel (1624-1706) f\u00fbt \u00e9galement en son temps cur\u00e9 de Neuilly-sur-Marne.<\/p><p>Le groupe scolaire comprenant deux \u00e9coles regroupant \u00e9l\u00e9mentaires et maternelles, celles-ci sont d\u00e9nomm\u00e9es Jean-Baptiste Du Hamel 1 et Jean-Baptiste Du Hamel 2. Le projet est confi\u00e9 \u00e0 l\u2019architecte Henry Pottier, sa mise en \u0153uvre sera effectu\u00e9e par l\u2019entreprise SAE (Soci\u00e9t\u00e9 auxiliaire d\u2019entreprises) sp\u00e9cialis\u00e9e dans les constructions scolaires industrialis\u00e9es. Le groupe scolaire doit comprendre 22 classes \u00e9l\u00e9mentaires, 8 classes maternelles et 2 classes de perfectionnement r\u00e9parties sur 2 \u00e9coles. Sont pr\u00e9vus \u00e9galement les r\u00e9fectoires, les cuisines, des installations sportives, un cabinet m\u00e9dical et des logements pour les enseignants. Le groupe scolaire doit avoir une orientation est-ouest pour b\u00e9n\u00e9ficier d\u2019un ensoleillement maximum<\/p><p>La r\u00e9ception des b\u00e2timents par la commune s\u2019est faite en plusieurs \u00e9tapes. Les classes \u00e9l\u00e9mentaires de Du Hamel 1 semblent \u00eatre termin\u00e9es le 11 septembre 1970 et les classes maternelles en septembre 1971 seulement. L\u2019accueil des \u00e9l\u00e8ves s\u2019est donc fait progressivement et, pour certains, dans des classes provisoires install\u00e9es dans des b\u00e2timents pr\u00e9fabriqu\u00e9s situ\u00e9s 33 rue du G\u00e9n\u00e9ral Schmitz pour les \u00e9l\u00e9mentaires et 1 rue de Tourville pour les maternelles.<\/p><p>Le groupe scolaire accueillait des enfants de la r\u00e9sidence du Marais Saint-Baudile, situ\u00e9e autour de la place Jean Bart. Ces enfants devaient donc traverser le chantier de construction du quartier des Fauvettes. La ville organisa un transport en autocar et proposa \u00e9galement un circuit \u00e0 pied par des rues moins dangereuses.<\/p><p>Le 26 f\u00e9vrier 1971, le Conseil Municipal change le nom du groupe scolaire afin d\u2019\u00e9viter les confusions. Du Hamel 1 et Du Hamel 2 deviennent Jean-Baptiste Du Hamel et Paul Val\u00e9ry, en r\u00e9f\u00e9rence \u00e0 l\u2019\u00e9crivain fran\u00e7ais. Les classes du groupe scolaire Paul Val\u00e9ry semblent accueillir leurs premiers \u00e9l\u00e8ves \u00e0 la rentr\u00e9e de septembre 1971. Les premiers responsables du groupe scolaire Du Hamel sont Mme Harousse pour la maternelle et M. L\u00e9vy pour l\u2019\u00e9l\u00e9mentaire. \u00c0 Paul Val\u00e9ry, Mme Andr\u00e9 dirige l\u2019\u00e9cole maternelle et Mme Faure l\u2019\u00e9l\u00e9mentaire.<\/p><p>En ao\u00fbt 1976, une sculpture est install\u00e9e sur la bande de gazon qui s\u00e9pare la cour en deux parties. Cette \u0153uvre en b\u00e9ton de couleur blanche mesurant 2 m\u00e8tres de hauteur et 1,20 de largeur pour 15 cm d\u2019\u00e9paisseur symbolise un arbre. Elle a \u00e9t\u00e9 r\u00e9alis\u00e9e par Elzbieta Violet, artiste plasticienne, connue sous son pr\u00e9nom Elzbieta pour ses livres jeunesse.<\/p><p>En 1979, l\u2019\u00e9cole \u00e9l\u00e9mentaire Jean-Baptiste Du Hamel devient \u00e9cole d\u2019application. Ainsi, l\u2019\u00e9cole participe \u00e0 la formation des enseignants tout en \u00e9tant une \u00e9cole comme les autres. En 1993, l\u2019\u00e9cole maternelle Du Hamel est agrandie. Le projet de sur\u00e9l\u00e9vation d\u2019une partie du b\u00e2timent est men\u00e9 par le cabinet d\u2019architecture Tecnova.<\/p>\t\t\t\t\t\t\t\t<\/div>\n\t\t\t\t<\/div>\n\t\t\t\t\t<\/div>\n\t\t\t\t<\/div>\n\t\t\t\t\t<\/details>\n\t\t\t\t\t\t<details id=\"e-n-accordion-item-2399\" class=\"e-n-accordion-item\" >\n\t\t\t\t<summary class=\"e-n-accordion-item-title\" data-accordion-index=\"10\" tabindex=\"-1\" aria-expanded=\"false\" aria-controls=\"e-n-accordion-item-2399\" >\n\t\t\t\t\t<span class='e-n-accordion-item-title-header'><div class=\"e-n-accordion-item-title-text\"> Le coll\u00e8ge Albert Camus <\/div><\/span>\n\t\t\t\t\t\t\t<span class='e-n-accordion-item-title-icon'>\n\t\t\t<span class='e-opened' ><svg aria-hidden=\"true\" class=\"e-font-icon-svg e-fas-minus\" viewBox=\"0 0 448 512\" xmlns=\"http:\/\/www.w3.org\/2000\/svg\"><path d=\"M416 208H32c-17.67 0-32 14.33-32 32v32c0 17.67 14.33 32 32 32h384c17.67 0 32-14.33 32-32v-32c0-17.67-14.33-32-32-32z\"><\/path><\/svg><\/span>\n\t\t\t<span class='e-closed'><svg aria-hidden=\"true\" class=\"e-font-icon-svg e-fas-plus\" viewBox=\"0 0 448 512\" xmlns=\"http:\/\/www.w3.org\/2000\/svg\"><path d=\"M416 208H272V64c0-17.67-14.33-32-32-32h-32c-17.67 0-32 14.33-32 32v144H32c-17.67 0-32 14.33-32 32v32c0 17.67 14.33 32 32 32h144v144c0 17.67 14.33 32 32 32h32c17.67 0 32-14.33 32-32V304h144c17.67 0 32-14.33 32-32v-32c0-17.67-14.33-32-32-32z\"><\/path><\/svg><\/span>\n\t\t<\/span>\n\n\t\t\t\t\t\t<\/summary>\n\t\t\t\t<div role=\"region\" aria-labelledby=\"e-n-accordion-item-2399\" class=\"elementor-element elementor-element-a611d1e e-con-full e-flex e-con e-child\" data-id=\"a611d1e\" data-element_type=\"container\" data-e-type=\"container\">\n\t\t\t\t<div class=\"elementor-element elementor-element-969c78b elementor-widget elementor-widget-text-editor\" data-id=\"969c78b\" data-element_type=\"widget\" data-e-type=\"widget\" data-widget_type=\"text-editor.default\">\n\t\t\t\t<div class=\"elementor-widget-container\">\n\t\t\t\t\t\t\t\t\t<h3 id=\"camus\"><strong>Le coll\u00e8ge Albert Camus<\/strong><\/h3><p>Jusqu\u2019en 1959, les petits Noc\u00e9ens qui souhaitaient poursuivre leur scolarit\u00e9 apr\u00e8s l\u2019\u00e9cole primaire devaient aller dans d\u2019autres communes. Il existait alors trois \u00e9coles \u00e9l\u00e9mentaires : Louis Amiard, Jean Jaur\u00e8s et Marcel Cachin. Face \u00e0 cette situation, \u00e0 la rentr\u00e9e 1959, deux classes compl\u00e9mentaires furent cr\u00e9\u00e9es dans des locaux de l\u2019\u00e9cole Amiard : une classe de 6\u00e8me et une classe de 5\u00e8me.<\/p><p>D\u00e8s 1960, il devient indispensable de d\u00e9velopper davantage ces cours compl\u00e9mentaires. La commune ach\u00e8te alors des terrains \u00e0 c\u00f4t\u00e9 de l\u2019\u00e9cole Amiard. Des classes pr\u00e9fabriqu\u00e9es sont install\u00e9es dans un premier temps, puis la commune lance le chantier de construction du Coll\u00e8ge d\u2019Enseignement G\u00e9n\u00e9ral (CEG) Louis Amiard qui doit accueillir 400 \u00e9l\u00e8ves. \u00c0 cette \u00e9poque, les coll\u00e8ges \u00e9taient construits et entretenus par les communes avec une partie de financements d\u2019\u00c9tat. Il sera inaugur\u00e9 le 8 avril 1967 par M. Raymond Chassagne, maire, en pr\u00e9sence du pr\u00e9fet de Seine Saint-Denis, de l\u2019inspecteur d\u2019acad\u00e9mie et de bien d\u2019autres personnalit\u00e9s.<\/p><p>En 1969, la Ville d\u00e9cide de transformer l\u2019\u00e9tablissement en Coll\u00e8ge d\u2019Enseignement Secondaire (CES) de 900 places. Des travaux sont entrepris. Il faudra attendre 1970 pour que le coll\u00e8ge porte un nom qui le diff\u00e9rencie du groupe scolaire Amiard. La municipalit\u00e9 a souhait\u00e9 tout d\u2019abord le nommer CES Alphonse Daudet. Mais le Conseil d\u2019administration de l\u2019\u00e9tablissement a propos\u00e9 Albert Camus, ce qui a \u00e9t\u00e9 accept\u00e9 par le Conseil Municipal le 30 janvier 1970.<\/p><p>Le coll\u00e8ge est nationalis\u00e9 en 1976. Puis l\u2019acte 1 de la d\u00e9centralisation, organis\u00e9e par des lois vot\u00e9es entre 1982 et 1984, confie la gestion des coll\u00e8ges de Neuilly-sur-Marne au d\u00e9partement de la Seine-Saint-Denis. Au milieu des ann\u00e9es 1990, le coll\u00e8ge a b\u00e9n\u00e9fici\u00e9 d\u2019une op\u00e9ration de r\u00e9habilitation et d\u2019extension qui lui donne une nouvelle image. Ce nouveau coll\u00e8ge Albert Camus est inaugur\u00e9 le 7 octobre 1995.<\/p>\t\t\t\t\t\t\t\t<\/div>\n\t\t\t\t<\/div>\n\t\t\t\t<\/div>\n\t\t\t\t\t<\/details>\n\t\t\t\t\t\t<details id=\"e-n-accordion-item-23910\" class=\"e-n-accordion-item\" >\n\t\t\t\t<summary class=\"e-n-accordion-item-title\" data-accordion-index=\"11\" tabindex=\"-1\" aria-expanded=\"false\" aria-controls=\"e-n-accordion-item-23910\" >\n\t\t\t\t\t<span class='e-n-accordion-item-title-header'><div class=\"e-n-accordion-item-title-text\"> Le groupe scolaire Louis Pasteur <\/div><\/span>\n\t\t\t\t\t\t\t<span class='e-n-accordion-item-title-icon'>\n\t\t\t<span class='e-opened' ><svg aria-hidden=\"true\" class=\"e-font-icon-svg e-fas-minus\" viewBox=\"0 0 448 512\" xmlns=\"http:\/\/www.w3.org\/2000\/svg\"><path d=\"M416 208H32c-17.67 0-32 14.33-32 32v32c0 17.67 14.33 32 32 32h384c17.67 0 32-14.33 32-32v-32c0-17.67-14.33-32-32-32z\"><\/path><\/svg><\/span>\n\t\t\t<span class='e-closed'><svg aria-hidden=\"true\" class=\"e-font-icon-svg e-fas-plus\" viewBox=\"0 0 448 512\" xmlns=\"http:\/\/www.w3.org\/2000\/svg\"><path d=\"M416 208H272V64c0-17.67-14.33-32-32-32h-32c-17.67 0-32 14.33-32 32v144H32c-17.67 0-32 14.33-32 32v32c0 17.67 14.33 32 32 32h144v144c0 17.67 14.33 32 32 32h32c17.67 0 32-14.33 32-32V304h144c17.67 0 32-14.33 32-32v-32c0-17.67-14.33-32-32-32z\"><\/path><\/svg><\/span>\n\t\t<\/span>\n\n\t\t\t\t\t\t<\/summary>\n\t\t\t\t<div role=\"region\" aria-labelledby=\"e-n-accordion-item-23910\" class=\"elementor-element elementor-element-8021dae e-flex e-con-boxed e-con e-child\" data-id=\"8021dae\" data-element_type=\"container\" data-e-type=\"container\">\n\t\t\t\t\t<div class=\"e-con-inner\">\n\t\t\t\t<div class=\"elementor-element elementor-element-78d49bf elementor-widget elementor-widget-text-editor\" data-id=\"78d49bf\" data-element_type=\"widget\" data-e-type=\"widget\" data-widget_type=\"text-editor.default\">\n\t\t\t\t<div class=\"elementor-widget-container\">\n\t\t\t\t\t\t\t\t\t<h3 id=\"pasteur\"><strong>Le groupe scolaire Louis Pasteur<\/strong><\/h3><p>L\u2019actuel quartier Pasteur est en grande partie constitu\u00e9 d\u2019anciens lotissements cr\u00e9\u00e9s au d\u00e9but du 20\u00e8me si\u00e8cle. Ce sont les lotissements du Pr\u00e9 fleuri, Le Verdoyant, La Guette.\u00a0<\/p><p>Le quartier continue de se d\u00e9velopper dans les ann\u00e9es 1950 et 1960. Les enfants \u00e9taient scolaris\u00e9s \u00e0 l\u2019\u00e9cole Louis Amiard. Ils devaient donc traverser la route nationale 34 qui avait \u00e9t\u00e9 d\u00e9vi\u00e9e et \u00e9largie en 1961. Cette travers\u00e9e pouvait \u00eatre dangereuse et, de plus, le groupe scolaire Louis Amiard \u00e9tait surcharg\u00e9.<\/p><p>Le projet de construction d\u2019un nouveau groupe scolaire, appel\u00e9 Centre Sud, date de juillet 1962. La d\u00e9cision d\u2019acqu\u00e9rir les terrains a \u00e9t\u00e9 prise en juin 1963. L\u2019implantation du groupe scolaire devait permettre d\u2019accueillir les \u00e9l\u00e8ves r\u00e9sidant au sud de la route nationale. Le projet initial comprend une \u00e9cole maternelle et deux \u00e9coles \u00e9l\u00e9mentaires de 8 classes et annexes, ainsi que deux logements de fonction pour les enseignants.<\/p><p>L\u2019implantation des deux b\u00e2timents est justifi\u00e9e par la cr\u00e9ation d\u2019une \u00e9cole de filles et d\u2019une \u00e9cole de gar\u00e7ons, ainsi que par la disposition des terrains disponibles. En 1965, la mixit\u00e9 devient obligatoire dans les \u00e9coles \u00e9l\u00e9mentaires nouvellement cr\u00e9\u00e9es. Les deux b\u00e2timents du projet seront construits mais les filles et les gar\u00e7ons fr\u00e9quenteront les m\u00eames classes.<\/p><p>Le 17 octobre 1963, le Conseil Municipal s\u00e9lectionne, parmi les laur\u00e9ats du concours de prototypes scolaires de Seine-et-Oise 1961, la proposition des architectes S\u00e9nevat et Solotareff. La soci\u00e9t\u00e9 SAE ayant rompu son engagement \u00e0 construire ce projet, la municipalit\u00e9 a d\u00fb choisir un autre projet parmi les prototypes.<\/p><p>Le groupe scolaire est finalement con\u00e7u par les architectes Paul Chemetov, Georges Loiseau, Jean Perrotet et Jean Tribel. Les travaux doivent \u00eatre r\u00e9alis\u00e9s par la soci\u00e9t\u00e9 Vonrufs et Latard. Leur projet pr\u00e9voit \u00e9galement un gymnase qui ne sera jamais construit. L\u2019ex\u00e9cution des travaux a \u00e9t\u00e9 plus particuli\u00e8rement suivie par Georges Loiseau et Jean Tribel. Le b\u00e2timent a \u00e9t\u00e9 r\u00e9alis\u00e9 en b\u00e9ton avec des parements en briques de Vaugirard.<\/p><p>Les travaux commenc\u00e8rent le 30 mai 1967 pour les maternelles et le 21 d\u00e9cembre pour les \u00e9l\u00e9mentaires. Le nom de Louis Pasteur a \u00e9t\u00e9 donn\u00e9 au groupe scolaire par une d\u00e9lib\u00e9ration du 22 mars 1968. La rentr\u00e9e en maternelle, 4 classes, s\u2019est faite \u00e0 P\u00e2ques 1968. Les 8 premi\u00e8res classes \u00e9l\u00e9mentaires ont ouvert \u00e0 la rentr\u00e9e 1968-1969. D\u00e8s 1968, la deuxi\u00e8me tranche du groupe scolaire est pr\u00e9vue. Les travaux commencent en 1969. Les deux groupes scolaires ont \u00e9t\u00e9 inaugur\u00e9s le samedi 20 septembre de la m\u00eame ann\u00e9e.<\/p><p>En 1989, l\u2019\u00e9cole maternelle a \u00e9t\u00e9 agrandie.<\/p>\t\t\t\t\t\t\t\t<\/div>\n\t\t\t\t<\/div>\n\t\t\t\t\t<\/div>\n\t\t\t\t<\/div>\n\t\t\t\t\t<\/details>\n\t\t\t\t\t<\/div>\n\t\t\t\t\t\t<\/div>\n\t\t\t\t<\/div>\n\t\t\t\t<div class=\"elementor-element elementor-element-ade6334 elementor-widget elementor-widget-text-editor\" data-id=\"ade6334\" data-element_type=\"widget\" data-e-type=\"widget\" data-widget_type=\"text-editor.default\">\n\t\t\t\t<div class=\"elementor-widget-container\">\n\t\t\t\t\t\t\t\t\t<h2>Quartiers de la ville<\/h2>\t\t\t\t\t\t\t\t<\/div>\n\t\t\t\t<\/div>\n\t\t\t\t<div class=\"elementor-element elementor-element-a18ad4a elementor-widget elementor-widget-n-accordion\" data-id=\"a18ad4a\" data-element_type=\"widget\" data-e-type=\"widget\" data-settings=\"{&quot;default_state&quot;:&quot;all_collapsed&quot;,&quot;max_items_expended&quot;:&quot;one&quot;,&quot;n_accordion_animation_duration&quot;:{&quot;unit&quot;:&quot;ms&quot;,&quot;size&quot;:400,&quot;sizes&quot;:[]}}\" data-widget_type=\"nested-accordion.default\">\n\t\t\t\t<div class=\"elementor-widget-container\">\n\t\t\t\t\t\t\t<div class=\"e-n-accordion\" aria-label=\"Accordion. Open links with Enter or Space, close with Escape, and navigate with Arrow Keys\">\n\t\t\t\t\t\t<details id=\"e-n-accordion-item-1690\" class=\"e-n-accordion-item\" >\n\t\t\t\t<summary class=\"e-n-accordion-item-title\" data-accordion-index=\"1\" tabindex=\"0\" aria-expanded=\"false\" aria-controls=\"e-n-accordion-item-1690\" >\n\t\t\t\t\t<span class='e-n-accordion-item-title-header'><div class=\"e-n-accordion-item-title-text\"> Les vacheries, des lieux disparus <\/div><\/span>\n\t\t\t\t\t\t\t<span class='e-n-accordion-item-title-icon'>\n\t\t\t<span class='e-opened' ><svg aria-hidden=\"true\" class=\"e-font-icon-svg e-fas-minus\" viewBox=\"0 0 448 512\" xmlns=\"http:\/\/www.w3.org\/2000\/svg\"><path d=\"M416 208H32c-17.67 0-32 14.33-32 32v32c0 17.67 14.33 32 32 32h384c17.67 0 32-14.33 32-32v-32c0-17.67-14.33-32-32-32z\"><\/path><\/svg><\/span>\n\t\t\t<span class='e-closed'><svg aria-hidden=\"true\" class=\"e-font-icon-svg e-fas-plus\" viewBox=\"0 0 448 512\" xmlns=\"http:\/\/www.w3.org\/2000\/svg\"><path d=\"M416 208H272V64c0-17.67-14.33-32-32-32h-32c-17.67 0-32 14.33-32 32v144H32c-17.67 0-32 14.33-32 32v32c0 17.67 14.33 32 32 32h144v144c0 17.67 14.33 32 32 32h32c17.67 0 32-14.33 32-32V304h144c17.67 0 32-14.33 32-32v-32c0-17.67-14.33-32-32-32z\"><\/path><\/svg><\/span>\n\t\t<\/span>\n\n\t\t\t\t\t\t<\/summary>\n\t\t\t\t<div role=\"region\" aria-labelledby=\"e-n-accordion-item-1690\" class=\"elementor-element elementor-element-c20ba90 e-con-full e-flex e-con e-child\" data-id=\"c20ba90\" data-element_type=\"container\" data-e-type=\"container\">\n\t\t\t\t<div class=\"elementor-element elementor-element-d4ad948 elementor-widget elementor-widget-text-editor\" data-id=\"d4ad948\" data-element_type=\"widget\" data-e-type=\"widget\" data-widget_type=\"text-editor.default\">\n\t\t\t\t<div class=\"elementor-widget-container\">\n\t\t\t\t\t\t\t\t\t<h3><strong>Des lieux disparus, les vacheries<\/strong><\/h3><p>Quoi de plus simple que d\u2019acheter du lait dans un magasin ? Et pourtant, il n\u2019en a pas toujours \u00e9t\u00e9 ainsi. Longtemps, le lait ne pouvait \u00eatre transport\u00e9. Il existait alors, dans les villes, des vacheries o\u00f9 \u00e9taient nourries des vaches \u00e0 lait. Des vacheries ont exist\u00e9 \u00e0 Neuilly-sur-Marne jusque dans les ann\u00e9es 80, dans ce qui est actuellement le centre-ville. Nous trouvons leur trace dans les Archives Municipales gr\u00e2ce aux factures du lait que la commune ach\u00e8te pour ses besoins ou pour ceux des Noc\u00e9ens n\u00e9cessiteux.<\/p><p>Ces \u00e9tablissements \u00e9taient surveill\u00e9s par l\u2019administration pour des raisons sanitaires, de sant\u00e9 du b\u00e9tail et d\u2019hygi\u00e8ne, nuisances \u00e9ventuelles pour les riverains. Ainsi, en 1897, M. Forget qui exploite une vacherie au 23 rue du G\u00e9n\u00e9ral Donzelot, actuelle rue Pierre Brossolette, demande l\u2019autorisation d\u2019y cr\u00e9er une porcherie. Cette extension lui sera refus\u00e9e car l\u2019emplacement n\u2019est pas suffisamment \u00e9loign\u00e9 des autres habitations. Pour la vacherie, Neuilly comptant alors moins de 5 000 habitants, les contr\u00f4les sont moins stricts.<\/p><p>Nous trouvons \u00e9galement la trace d\u2019autres fournisseurs de lait qui peuvent \u00eatre assimil\u00e9s \u00e0 des vacheries. Ainsi, la maison Tulpin, \u00ab nourrisseur \u00bb, rue Rousselet. Deux vacheries ont \u00e9t\u00e9 exploit\u00e9es pendant de nombreuses ann\u00e9es au 22 rue de Gagny, actuelle rue Paul et Camille Thomoux, et au 7 rue du Docteur Peneau, cour Saint-Nicolas. La vacherie de la rue de Gagny a \u00e9t\u00e9 ouverte en 1928 par M. Domergue et n\u2019a ferm\u00e9 qu\u2019en 1969 alors qu\u2019elle appartenait \u00e0 M. Rouaut. L\u2019\u00e9table abritait 12 vaches et pouvait en recevoir 18 au maximum.<\/p><p>Pour la vacherie de la rue Peneau, nous trouvons une premi\u00e8re facture en 1918 de Lambert, cultivateur-nourrisseur. Le dernier fermier, Ren\u00e9 Peignard, est parti en 1981. M. Peignard avait une vingtaine de vaches ainsi que des poules et des cochons. L\u2019enseigne de la ferme indiquait \u00ab lait chaud matin et soir \u00bb. Le lait \u00e9tait dit chaud car il \u00e9tait vendu directement apr\u00e8s la traite des vaches alors qu\u2019il \u00e9tait encore ti\u00e8de. On pouvait lui acheter des faisselles appel\u00e9es \u00ab petits c\u0153urs \u00bb. Le fermier ne poss\u00e9dait pas de terrain pour faire pa\u00eetre les vaches, il devait donc acheter le fourrage. Cette exploitation pouvait \u00eatre source de mauvaises odeurs car les b\u00eates \u00e9taient nourries avec de la pulpe de betteraves sucri\u00e8res.<\/p><p>Entre 1912 et 1918, nous avons la trace d\u2019une vacherie au 75 rue de Paris, actuelle rue Emile Cossonneau, exploit\u00e9e par M. Lachasse.<\/p>\t\t\t\t\t\t\t\t<\/div>\n\t\t\t\t<\/div>\n\t\t\t\t<\/div>\n\t\t\t\t\t<\/details>\n\t\t\t\t\t\t<details id=\"e-n-accordion-item-1691\" class=\"e-n-accordion-item\" >\n\t\t\t\t<summary class=\"e-n-accordion-item-title\" data-accordion-index=\"2\" tabindex=\"-1\" aria-expanded=\"false\" aria-controls=\"e-n-accordion-item-1691\" >\n\t\t\t\t\t<span class='e-n-accordion-item-title-header'><div class=\"e-n-accordion-item-title-text\"> Les premiers lieux de baignade <\/div><\/span>\n\t\t\t\t\t\t\t<span class='e-n-accordion-item-title-icon'>\n\t\t\t<span class='e-opened' ><svg aria-hidden=\"true\" class=\"e-font-icon-svg e-fas-minus\" viewBox=\"0 0 448 512\" xmlns=\"http:\/\/www.w3.org\/2000\/svg\"><path d=\"M416 208H32c-17.67 0-32 14.33-32 32v32c0 17.67 14.33 32 32 32h384c17.67 0 32-14.33 32-32v-32c0-17.67-14.33-32-32-32z\"><\/path><\/svg><\/span>\n\t\t\t<span class='e-closed'><svg aria-hidden=\"true\" class=\"e-font-icon-svg e-fas-plus\" viewBox=\"0 0 448 512\" xmlns=\"http:\/\/www.w3.org\/2000\/svg\"><path d=\"M416 208H272V64c0-17.67-14.33-32-32-32h-32c-17.67 0-32 14.33-32 32v144H32c-17.67 0-32 14.33-32 32v32c0 17.67 14.33 32 32 32h144v144c0 17.67 14.33 32 32 32h32c17.67 0 32-14.33 32-32V304h144c17.67 0 32-14.33 32-32v-32c0-17.67-14.33-32-32-32z\"><\/path><\/svg><\/span>\n\t\t<\/span>\n\n\t\t\t\t\t\t<\/summary>\n\t\t\t\t<div role=\"region\" aria-labelledby=\"e-n-accordion-item-1691\" class=\"elementor-element elementor-element-52356cd e-con-full e-flex e-con e-child\" data-id=\"52356cd\" data-element_type=\"container\" data-e-type=\"container\">\n\t\t\t\t<div class=\"elementor-element elementor-element-4a4893e elementor-widget elementor-widget-text-editor\" data-id=\"4a4893e\" data-element_type=\"widget\" data-e-type=\"widget\" data-widget_type=\"text-editor.default\">\n\t\t\t\t<div class=\"elementor-widget-container\">\n\t\t\t\t\t\t\t\t\t<h3 id=\"baignade\"><strong>Les premiers lieux de baignade<\/strong><\/h3><p>L\u2019histoire des baignades am\u00e9nag\u00e9es \u00e0 Neuilly remonte \u00e0 la fin du XIX\u00e8me si\u00e8cle. Bien s\u00fbr, il est probable que des enfants et des adultes se baignaient dans la Marne avant cette p\u00e9riode. On se baigne alors autant par jeu que pour se laver car l\u2019eau courante est peu r\u00e9pandue. Mais cette pratique n\u2019\u00e9tait pas organis\u00e9e.<\/p><p>Dans les ann\u00e9es 1890, le ma\u00eetre de bains Durieux g\u00e9rait un bateau-lavoir pour laver le linge et une baignade en rivi\u00e8re. Il s\u2019agissait d\u2019une entreprise priv\u00e9e sur un terrain du d\u00e9partement de la Seine (la Haute-\u00cele) pour laquelle la commune ne pouvait percevoir aucune redevance. En 1893, le Conseil Municipal avait r\u00e9fl\u00e9chi \u00e0 l\u2019id\u00e9e de cr\u00e9er une baignade publique, mais ce projet \u00e9tait trop cher pour la commune.<\/p><p>\u00c0 proximit\u00e9 de la baignade Durieux, la ville avait fait construire un abreuvoir-baignade pour les chevaux. De nombreux agriculteurs r\u00e9clamaient l\u2019installation de cet \u00e9quipement d\u00e8s 1881. Le choix de l\u2019emplacement devait recevoir l\u2019agr\u00e9ment des services de la navigation. Il fut finalement construit en 1897-1898. Une grande partie de son financement fut assur\u00e9 par les utilisateurs, le modeste solde restant \u00e0 la charge de la commune.<\/p><p>Cet abreuvoir-baignade n\u2019\u00e9tait utilis\u00e9 que par les chevaux, comme le prouvent des cartes postales. \u00c0 partir des ann\u00e9es 1920, son entretien devenait trop co\u00fbteux. L\u2019abreuvoir n\u2019\u00e9tait plus d\u00e9limit\u00e9 que par des pieux. En 1932, il ne semblait plus \u00eatre utilis\u00e9. Les pieux qui restaient ont \u00e9t\u00e9 coup\u00e9s car ils formaient un barrage pendant les crues de la Marne.<\/p><p>L\u2019affluence que suscita l\u2019engouement pour la baignade amena peu \u00e0 peu la municipalit\u00e9 \u00e0 intervenir. Tout d\u2019abord, des baigneurs continuaient \u00e0 nager en dehors de la baignade am\u00e9nag\u00e9e. Or, \u00e0 certains endroits, la Marne \u00e9tait dangereuse. En 1898, un arr\u00eat\u00e9 limita la zone de baignade autoris\u00e9e. Ensuite, certains baigneurs ayant eu des comportements jug\u00e9s contraire \u00e0 la d\u00e9cence, le maire dut r\u00e9glementer les lieux par un arr\u00eat\u00e9 de police en 1924. Il fut alors interdit de se d\u00e9shabiller sur la berge et de sortir des limites de la baignade sans \u00eatre enti\u00e8rement v\u00eatu. Pour le bain, le port d\u2019un cale\u00e7on ou d\u2019un v\u00eatement \u00e9tait obligatoire.<\/p><p>En 1935, Monsieur Durieux demande au Conseil Municipal d\u2019\u00e9tablir un service de surveillance \u00e0 la baignade. Cette demande n\u2019aboutira pas car la ville a des projets plus ambitieux. C\u2019est que cette ann\u00e9e 1935 est marqu\u00e9e par de grands changements politiques \u00e0 Neuilly ! Comme dans d&rsquo;autres villes, les \u00e9lections municipales sont remport\u00e9es par le Parti Communiste. La nouvelle municipalit\u00e9, dirig\u00e9e par Th\u00e9ophile Gaubert, envisage de cr\u00e9er un parc des sports sur la Haute-\u00cele. H\u00e9las, ce projet ne verra pas le jour.<\/p>\t\t\t\t\t\t\t\t<\/div>\n\t\t\t\t<\/div>\n\t\t\t\t<\/div>\n\t\t\t\t\t<\/details>\n\t\t\t\t\t\t<details id=\"e-n-accordion-item-1692\" class=\"e-n-accordion-item\" >\n\t\t\t\t<summary class=\"e-n-accordion-item-title\" data-accordion-index=\"3\" tabindex=\"-1\" aria-expanded=\"false\" aria-controls=\"e-n-accordion-item-1692\" >\n\t\t\t\t\t<span class='e-n-accordion-item-title-header'><div class=\"e-n-accordion-item-title-text\"> La plage municipale populaire <\/div><\/span>\n\t\t\t\t\t\t\t<span class='e-n-accordion-item-title-icon'>\n\t\t\t<span class='e-opened' ><svg aria-hidden=\"true\" class=\"e-font-icon-svg e-fas-minus\" viewBox=\"0 0 448 512\" xmlns=\"http:\/\/www.w3.org\/2000\/svg\"><path d=\"M416 208H32c-17.67 0-32 14.33-32 32v32c0 17.67 14.33 32 32 32h384c17.67 0 32-14.33 32-32v-32c0-17.67-14.33-32-32-32z\"><\/path><\/svg><\/span>\n\t\t\t<span class='e-closed'><svg aria-hidden=\"true\" class=\"e-font-icon-svg e-fas-plus\" viewBox=\"0 0 448 512\" xmlns=\"http:\/\/www.w3.org\/2000\/svg\"><path d=\"M416 208H272V64c0-17.67-14.33-32-32-32h-32c-17.67 0-32 14.33-32 32v144H32c-17.67 0-32 14.33-32 32v32c0 17.67 14.33 32 32 32h144v144c0 17.67 14.33 32 32 32h32c17.67 0 32-14.33 32-32V304h144c17.67 0 32-14.33 32-32v-32c0-17.67-14.33-32-32-32z\"><\/path><\/svg><\/span>\n\t\t<\/span>\n\n\t\t\t\t\t\t<\/summary>\n\t\t\t\t<div role=\"region\" aria-labelledby=\"e-n-accordion-item-1692\" class=\"elementor-element elementor-element-145c3e3 e-con-full e-flex e-con e-child\" data-id=\"145c3e3\" data-element_type=\"container\" data-e-type=\"container\">\n\t\t\t\t<div class=\"elementor-element elementor-element-dfcc844 elementor-widget elementor-widget-text-editor\" data-id=\"dfcc844\" data-element_type=\"widget\" data-e-type=\"widget\" data-widget_type=\"text-editor.default\">\n\t\t\t\t<div class=\"elementor-widget-container\">\n\t\t\t\t\t\t\t\t\t<h3 id=\"populaire\"><strong>La Plage Municipale Populaire (1937-1977)<\/strong><\/h3><p>Dans les ann\u00e9es 30, les baignades am\u00e9nag\u00e9es se d\u00e9veloppent sur les bords de la Marne. \u00c0 proximit\u00e9 de Neuilly, on peut alors se baigner \u00e0 Gournay-sur-Marne ou au Perreux. Avec le Front Populaire, les travailleurs ont obtenu les cong\u00e9s pay\u00e9s et la semaine de 40 heures. La municipalit\u00e9 communiste de Neuilly-sur-Marne souhaite <i>\u00ab procurer ce qu\u2019il faut pour passer agr\u00e9ablement les loisirs, reposer leur corps et vivifier les poumons empoisonn\u00e9s par les poussi\u00e8res des usines<\/i> <i>\u00bb<\/i>.<\/p><p>En 1937, la municipalit\u00e9 renonce \u00e0 son projet trop ambitieux de cr\u00e9er un parc des sports et des loisirs. Elle am\u00e9nage une Plage Municipale Populaire \u00e0 la Haute-\u00cele sur un terrain d\u2019environ 39 000 m\u00b2, qu\u2019elle loua pour 30 ans au d\u00e9partement de la Seine, en \u00e9change d\u2019un franc symbolique. Ce terrain avait tout d\u2019abord \u00e9t\u00e9 demand\u00e9 par le club du personnel des asiles mais, en avril 1936, celui-ci avait donn\u00e9 pleins pouvoirs \u00e0 la Ville pour r\u00e9aliser son projet. Il faut souligner que Louis Amiard, maire jusqu\u2019en 1935, avait soutenu la demande des soci\u00e9t\u00e9s sportives pour obtenir ce terrain.<\/p><p>La fabrication des installations fut confi\u00e9e au charron-forgeron, Emile Bourgine, comme l\u2019atteste le contrat ci-dessous.<\/p><p>La plage fut inaugur\u00e9e le 1er ao\u00fbt 1937 par une f\u00eate au cours de laquelle on put voir des exhibitions de lutte gr\u00e9co-romaine, des \u00e9preuves de natation et une d\u00e9monstration de catch effectu\u00e9e par le champion d\u2019Europe Gaston Navailles, qui habitait Neuilly-sur-Marne. Le 15 ao\u00fbt, la plage accueillait ses premiers clients. Le prix d\u2019entr\u00e9e \u00e9tait de 1,50 francs (cela \u00e9quivaut \u00e0 environ 0,83 euros actuellement) les week-end et f\u00eates et 1 franc en semaine (vestiaire et cabine compris). Les enfants entraient gratuitement le jeudi. Il \u00e9tait de plus possible de s\u2019abonner pour la saison (15 francs soit 8,25 euros actuels).<\/p><p>Pour les plus jeunes, la plage municipale fut l\u2019occasion d\u2019apprendre \u00e0 nager car, outre un surveillant et un employ\u00e9 pr\u00e9pos\u00e9 \u00e0 l\u2019entretien, l\u2019\u00e9tablissement avait son ma\u00eetre-nageur. La plage accueillait \u00e9galement des personnes n\u2019habitant pas la commune. Ainsi, 300 enfants de Saint-Denis sont venus chaque mercredi apr\u00e8s-midi du 19 juillet au 25 septembre 1948. Malgr\u00e9 des tarifs incitatifs, de nombreuses personnes, et notamment des enfants, se baignaient en dehors de la plage.<\/p><p>Des travaux furent effectu\u00e9s r\u00e9guli\u00e8rement, soit pour am\u00e9liorer les \u00e9quipements, soit pour les reconstruire apr\u00e8s des intemp\u00e9ries comme les inondations de 1945. En 1954, la baignade fut r\u00e9am\u00e9nag\u00e9e \u00e0 la demande des services de la navigation. Pour ne pas g\u00eaner le flux de la Marne, ces derniers exig\u00e8rent la suppression des installations fixes qui furent remplac\u00e9es par des pontons flottants. Le grand bassin mesurait 50 m\u00e8tres sur 19 m\u00e8tres, le bassin \u00e9cole \u00e9tait plus modeste (12,50 x 6,15 m\u00e8tres).<\/p><p>Le bail du terrain fut renouvel\u00e9 en 1967 pour un loyer de 780 francs par an. \u00c0 cette occasion, il fut rappel\u00e9 \u00e0 la Ville que le terrain ne devait accueillir aucune manifestation politique. Il faut pr\u00e9ciser que, durant l\u2019apr\u00e8s-guerre, plusieurs f\u00eates \u00e0 connotation politique avaient eu lieu sur la Haute-\u00cele (la f\u00eate de l\u2019Avant-Garde, par exemple).<\/p><p>En 1970, les tarifs ont augment\u00e9 : 3 francs pour les adultes (environ 3,10 euros actuels), 1,50 francs pour les enfants de 6 \u00e0 14 ans, gratuit\u00e9 pour les enfants de moins de 6 ans. Une carte familiale r\u00e9serv\u00e9e aux familles noc\u00e9ennes permettait de profiter de la saison compl\u00e8te pour 20 francs.<\/p><p>Les activit\u00e9s de la plage devaient cohabiter avec d\u2019autres formes de loisirs. Ainsi, r\u00e9guli\u00e8rement, des tensions se manifestaient avec les p\u00eacheurs. La baignade resta en activit\u00e9 jusqu\u2019en 1977. Cette ann\u00e9e-l\u00e0, en raison de la pollution de la Marne, la Ville mit fin aux jeux de plage.<\/p><p>Dans les ann\u00e9es 80 fut cr\u00e9\u00e9e une base nautique qui reste un lieu de promenade appr\u00e9ci\u00e9. En septembre 2007, le terrain de la Haute-Ile (camping compris) a \u00e9t\u00e9 achet\u00e9 au D\u00e9partement de Seine Saint-Denis.<\/p>\t\t\t\t\t\t\t\t<\/div>\n\t\t\t\t<\/div>\n\t\t\t\t<\/div>\n\t\t\t\t\t<\/details>\n\t\t\t\t\t\t<details id=\"e-n-accordion-item-1693\" class=\"e-n-accordion-item\" >\n\t\t\t\t<summary class=\"e-n-accordion-item-title\" data-accordion-index=\"4\" tabindex=\"-1\" aria-expanded=\"false\" aria-controls=\"e-n-accordion-item-1693\" >\n\t\t\t\t\t<span class='e-n-accordion-item-title-header'><div class=\"e-n-accordion-item-title-text\"> La Marne, un lieu de f\u00eate <\/div><\/span>\n\t\t\t\t\t\t\t<span class='e-n-accordion-item-title-icon'>\n\t\t\t<span class='e-opened' ><svg aria-hidden=\"true\" class=\"e-font-icon-svg e-fas-minus\" viewBox=\"0 0 448 512\" xmlns=\"http:\/\/www.w3.org\/2000\/svg\"><path d=\"M416 208H32c-17.67 0-32 14.33-32 32v32c0 17.67 14.33 32 32 32h384c17.67 0 32-14.33 32-32v-32c0-17.67-14.33-32-32-32z\"><\/path><\/svg><\/span>\n\t\t\t<span class='e-closed'><svg aria-hidden=\"true\" class=\"e-font-icon-svg e-fas-plus\" viewBox=\"0 0 448 512\" xmlns=\"http:\/\/www.w3.org\/2000\/svg\"><path d=\"M416 208H272V64c0-17.67-14.33-32-32-32h-32c-17.67 0-32 14.33-32 32v144H32c-17.67 0-32 14.33-32 32v32c0 17.67 14.33 32 32 32h144v144c0 17.67 14.33 32 32 32h32c17.67 0 32-14.33 32-32V304h144c17.67 0 32-14.33 32-32v-32c0-17.67-14.33-32-32-32z\"><\/path><\/svg><\/span>\n\t\t<\/span>\n\n\t\t\t\t\t\t<\/summary>\n\t\t\t\t<div role=\"region\" aria-labelledby=\"e-n-accordion-item-1693\" class=\"elementor-element elementor-element-ed711f8 e-flex e-con-boxed e-con e-child\" data-id=\"ed711f8\" data-element_type=\"container\" data-e-type=\"container\">\n\t\t\t\t\t<div class=\"e-con-inner\">\n\t\t\t\t<div class=\"elementor-element elementor-element-15ae6d4 elementor-widget elementor-widget-text-editor\" data-id=\"15ae6d4\" data-element_type=\"widget\" data-e-type=\"widget\" data-widget_type=\"text-editor.default\">\n\t\t\t\t<div class=\"elementor-widget-container\">\n\t\t\t\t\t\t\t\t\t<h3 id=\"fete\"><strong>La Marne, un lieu de f\u00eates<\/strong><\/h3><p>Les bords de Marne et le canal ont toujours \u00e9t\u00e9 un lieu d\u2019animation et de f\u00eate. La proximit\u00e9 de la place du jeu de Paume, appel\u00e9e \u00e9galement place des f\u00eates, en est une des causes. D\u00e8s la fin du 19\u00e8me si\u00e8cle, les Noc\u00e9ens s\u2019y rendent pour des concours de p\u00eache \u00e0 la ligne ou des feux d\u2019artifices.<\/p><p>La cr\u00e9ation de la Plage Municipale Populaire a fait d\u00e9finitivement de la Haute-\u00cele un lieu de divertissement. La plage \u00e9tait pendant la saison d\u2019ouverture, g\u00e9n\u00e9ralement du 15 mai au 15 septembre, un des hauts lieux d\u2019animation de la Ville. Cela \u00e9tait le fruit du dynamisme du Comit\u00e9 de la Plage. Le bal du muguet de 1965 en est un exemple. Selon les articles de la presse locale, la reine du Muguet \u00e9lue le 1er mai 1965 s\u2019appelait Mireille. Elle a re\u00e7u le diad\u00e8me traditionnel des reines, une \u00e9charpe aux couleurs de la Ville ainsi qu\u2019une broche. Ses dauphines se pr\u00e9nommaient Rosita et Marie-Christine.<\/p><p>Les nombreuses f\u00eates et comm\u00e9morations qui ont succ\u00e9d\u00e9 \u00e0 la Seconde Guerre mondiale \u00e9taient souvent organis\u00e9es sur les bords de Marne. Il ne faut pas oublier les f\u00eates sportives. Ainsi, le 21 juillet 1946, la plage accueillait une grande journ\u00e9e nautique. Au programme, on trouvait notamment une finale du championnat de natation d\u2019\u00cele-de-France et un match de water-polo. Et bien s\u00fbr, en cl\u00f4ture, un grand gala de nuit avec l\u2019embrasement et l\u2019illumination de la plage.<\/p>\t\t\t\t\t\t\t\t<\/div>\n\t\t\t\t<\/div>\n\t\t\t\t\t<\/div>\n\t\t\t\t<\/div>\n\t\t\t\t\t<\/details>\n\t\t\t\t\t\t<details id=\"e-n-accordion-item-1694\" class=\"e-n-accordion-item\" >\n\t\t\t\t<summary class=\"e-n-accordion-item-title\" data-accordion-index=\"5\" tabindex=\"-1\" aria-expanded=\"false\" aria-controls=\"e-n-accordion-item-1694\" >\n\t\t\t\t\t<span class='e-n-accordion-item-title-header'><div class=\"e-n-accordion-item-title-text\"> La plage pendant la Seconde Guerre mondiale <\/div><\/span>\n\t\t\t\t\t\t\t<span class='e-n-accordion-item-title-icon'>\n\t\t\t<span class='e-opened' ><svg aria-hidden=\"true\" class=\"e-font-icon-svg e-fas-minus\" viewBox=\"0 0 448 512\" xmlns=\"http:\/\/www.w3.org\/2000\/svg\"><path d=\"M416 208H32c-17.67 0-32 14.33-32 32v32c0 17.67 14.33 32 32 32h384c17.67 0 32-14.33 32-32v-32c0-17.67-14.33-32-32-32z\"><\/path><\/svg><\/span>\n\t\t\t<span class='e-closed'><svg aria-hidden=\"true\" class=\"e-font-icon-svg e-fas-plus\" viewBox=\"0 0 448 512\" xmlns=\"http:\/\/www.w3.org\/2000\/svg\"><path d=\"M416 208H272V64c0-17.67-14.33-32-32-32h-32c-17.67 0-32 14.33-32 32v144H32c-17.67 0-32 14.33-32 32v32c0 17.67 14.33 32 32 32h144v144c0 17.67 14.33 32 32 32h32c17.67 0 32-14.33 32-32V304h144c17.67 0 32-14.33 32-32v-32c0-17.67-14.33-32-32-32z\"><\/path><\/svg><\/span>\n\t\t<\/span>\n\n\t\t\t\t\t\t<\/summary>\n\t\t\t\t<div role=\"region\" aria-labelledby=\"e-n-accordion-item-1694\" class=\"elementor-element elementor-element-ffa1bac e-flex e-con-boxed e-con e-child\" data-id=\"ffa1bac\" data-element_type=\"container\" data-e-type=\"container\">\n\t\t\t\t\t<div class=\"e-con-inner\">\n\t\t\t\t<div class=\"elementor-element elementor-element-3f908c8 elementor-widget elementor-widget-text-editor\" data-id=\"3f908c8\" data-element_type=\"widget\" data-e-type=\"widget\" data-widget_type=\"text-editor.default\">\n\t\t\t\t<div class=\"elementor-widget-container\">\n\t\t\t\t\t\t\t\t\t<h3 id=\"plage\"><strong>La plage pendant la Seconde Guerre mondiale (1939-1944)<\/strong><\/h3><p>Durant les ann\u00e9es de guerre, la Plage Municipale Populaire resta ouverte autant que cela fut possible. Des am\u00e9nagements sportifs y furent m\u00eame r\u00e9alis\u00e9s pour accueillir les jeunes et en 1943, un commer\u00e7ant fut autoris\u00e9 \u00e0 installer une buvette durant les mois de juillet et ao\u00fbt dans l\u2019un des b\u00e2timents install\u00e9s sur le site.<\/p><p>La mairie essayait de maintenir des activit\u00e9s de loisirs pour des enfants et des familles \u00e9prouv\u00e9s par les restrictions et les difficult\u00e9s engendr\u00e9es par la guerre et l\u2019occupation allemande. La natation scolaire a \u00e9galement permis \u00e0 de nombreux enfants d\u2019apprendre \u00e0 nager pendant cette p\u00e9riode. En 1943, la municipalit\u00e9 constate qu\u2019une partie de la population n\u2019a pas de maillot de bain et ne peut venir \u00e0 la plage. Elle essaie donc d\u2019acheter 200 maillots et une cinquantaine de slips malgr\u00e9 la p\u00e9nurie de textile.<\/p><p>Les soldats allemands pouvaient acc\u00e9der \u00e0 la plage, comme l\u2019atteste ce document non dat\u00e9.<\/p><p>La maintenance et le d\u00e9veloppement des installations de la plage ont p\u00e2ti des restrictions de la guerre, mais les installations n\u2019ont pas \u00e9t\u00e9 d\u00e9truites. En revanche, deux inondations successives en d\u00e9cembre 1944 et f\u00e9vrier 1945 ont caus\u00e9 d\u2019importants d\u00e9g\u00e2ts.\u00a0<\/p>\t\t\t\t\t\t\t\t<\/div>\n\t\t\t\t<\/div>\n\t\t\t\t\t<\/div>\n\t\t\t\t<\/div>\n\t\t\t\t\t<\/details>\n\t\t\t\t\t\t<details id=\"e-n-accordion-item-1695\" class=\"e-n-accordion-item\" >\n\t\t\t\t<summary class=\"e-n-accordion-item-title\" data-accordion-index=\"6\" tabindex=\"-1\" aria-expanded=\"false\" aria-controls=\"e-n-accordion-item-1695\" >\n\t\t\t\t\t<span class='e-n-accordion-item-title-header'><div class=\"e-n-accordion-item-title-text\"> Le pont routier <\/div><\/span>\n\t\t\t\t\t\t\t<span class='e-n-accordion-item-title-icon'>\n\t\t\t<span class='e-opened' ><svg aria-hidden=\"true\" class=\"e-font-icon-svg e-fas-minus\" viewBox=\"0 0 448 512\" xmlns=\"http:\/\/www.w3.org\/2000\/svg\"><path d=\"M416 208H32c-17.67 0-32 14.33-32 32v32c0 17.67 14.33 32 32 32h384c17.67 0 32-14.33 32-32v-32c0-17.67-14.33-32-32-32z\"><\/path><\/svg><\/span>\n\t\t\t<span class='e-closed'><svg aria-hidden=\"true\" class=\"e-font-icon-svg e-fas-plus\" viewBox=\"0 0 448 512\" xmlns=\"http:\/\/www.w3.org\/2000\/svg\"><path d=\"M416 208H272V64c0-17.67-14.33-32-32-32h-32c-17.67 0-32 14.33-32 32v144H32c-17.67 0-32 14.33-32 32v32c0 17.67 14.33 32 32 32h144v144c0 17.67 14.33 32 32 32h32c17.67 0 32-14.33 32-32V304h144c17.67 0 32-14.33 32-32v-32c0-17.67-14.33-32-32-32z\"><\/path><\/svg><\/span>\n\t\t<\/span>\n\n\t\t\t\t\t\t<\/summary>\n\t\t\t\t<div role=\"region\" aria-labelledby=\"e-n-accordion-item-1695\" class=\"elementor-element elementor-element-0dd25d3 e-flex e-con-boxed e-con e-child\" data-id=\"0dd25d3\" data-element_type=\"container\" data-e-type=\"container\">\n\t\t\t\t\t<div class=\"e-con-inner\">\n\t\t\t\t<div class=\"elementor-element elementor-element-ce3475b elementor-widget elementor-widget-text-editor\" data-id=\"ce3475b\" data-element_type=\"widget\" data-e-type=\"widget\" data-widget_type=\"text-editor.default\">\n\t\t\t\t<div class=\"elementor-widget-container\">\n\t\t\t\t\t\t\t\t\t<h3 id=\"pont\"><strong>Le pont routier<\/strong><\/h3><p>Pendant longtemps, la travers\u00e9e de la Marne s\u2019est faite par nacelle (barque) payante. En 1884, la question d\u2019un pont sur la Marne est \u00e0 l\u2019ordre du jour du Conseil Municipal. Son financement est source de discorde entre les conseillers municipaux de Neuilly-centre et ceux du hameau de Plaisance, qui deviendra Neuilly-Plaisance en 1892. La commune contacte les villes voisines pour les int\u00e9resser \u00e0 ce projet.<\/p><p>Finalement construit, le pont est inaugur\u00e9 le 30 mai 1889. Un nouveau conflit na\u00eet sur sa d\u00e9nomination. Les Nois\u00e9ens tiennent \u00e0 ce qu\u2019on l\u2019appelle \u00ab de Noisy \u00bb arguant du fait que leur commune a pay\u00e9 la plus grosse partie des travaux. Du c\u00f4t\u00e9 de Neuilly, on s\u2019en tient plus sagement \u00e0 \u00ab des deux communes \u00bb. Ce sera pendant longtemps un excellent pr\u00e9texte pour s\u2019insulter copieusement d\u2019une rive \u00e0 l\u2019autre.\u00a0<\/p><p>Le pont sera d\u00e9truit pour des raisons strat\u00e9giques militaires le 14 juin 1940. Un pont provisoire \u00e0 une seule voie le remplacera et sera \u00e0 son tour abattu par les Allemands dans la nuit du 25 au 26 ao\u00fbt 1944. D\u00e8s la Lib\u00e9ration, on cherche de nouveau \u00e0 relier les deux rives de la Marne par un passeur en attendant de relever la structure d\u00e9truite.<\/p><p>C\u2019est M. Le Pichon de Gournay qui en obtiendra la concession suite \u00e0 des n\u00e9gociations entre les communes de Noisy-le-Grand et Neuilly-sur-Marne, la Compagnie G\u00e9n\u00e9rale des Eaux, int\u00e9ress\u00e9e pour la circulation de son personnel entre les deux usines, et les Ponts et Chauss\u00e9es. Ce sont ces derniers qui prendront en charge le salaire du passeur laissant aux communes l\u2019\u00e9clairage des abords et les baraques d\u2019appontements. Un pont provisoire est ensuite install\u00e9. Il restera en fonction jusqu\u2019\u00e0 la construction du pont actuel.<\/p><p>L\u2019actuel ouvrage en b\u00e9ton a \u00e9t\u00e9 construit d\u2019avril 1967 \u00e0 novembre 1968. Il est long de 85 m\u00e8tres et p\u00e8se 500 tonnes. Douze journ\u00e9es de travail furent n\u00e9cessaires \u00e0 sa r\u00e9alisation et aucune charge financi\u00e8re ne fut impos\u00e9e aux communes. Il a \u00e9t\u00e9 inaugur\u00e9 le 13 d\u00e9cembre 1968.<\/p>\t\t\t\t\t\t\t\t<\/div>\n\t\t\t\t<\/div>\n\t\t\t\t\t<\/div>\n\t\t\t\t<\/div>\n\t\t\t\t\t<\/details>\n\t\t\t\t\t<\/div>\n\t\t\t\t\t\t<\/div>\n\t\t\t\t<\/div>\n\t\t\t\t<div class=\"elementor-element elementor-element-118ba07 elementor-widget elementor-widget-text-editor\" data-id=\"118ba07\" data-element_type=\"widget\" data-e-type=\"widget\" data-widget_type=\"text-editor.default\">\n\t\t\t\t<div class=\"elementor-widget-container\">\n\t\t\t\t\t\t\t\t\t<h2>Rues de la ville<\/h2>\t\t\t\t\t\t\t\t<\/div>\n\t\t\t\t<\/div>\n\t\t\t\t<div class=\"elementor-element elementor-element-aa4d052 elementor-widget elementor-widget-text-editor\" data-id=\"aa4d052\" data-element_type=\"widget\" data-e-type=\"widget\" data-widget_type=\"text-editor.default\">\n\t\t\t\t<div class=\"elementor-widget-container\">\n\t\t\t\t\t\t\t\t\t<p>Pendant longtemps, le nom des rues \u00e9tait simplement donn\u00e9 en fonction de la situation du lieu qu\u2019elles desservaient (anciennes rues de Noisy-le-Grand, de la Marne etc. \u2026). \u00c0 ces noms s\u2019\u00e9taient ajout\u00e9 les noms de saints (ancienne rue Saint-Martin) et, bien s\u00fbr, celui de Foulques.<\/p>\t\t\t\t\t\t\t\t<\/div>\n\t\t\t\t<\/div>\n\t\t\t\t<div class=\"elementor-element elementor-element-8ab586e elementor-widget elementor-widget-n-accordion\" data-id=\"8ab586e\" data-element_type=\"widget\" data-e-type=\"widget\" data-settings=\"{&quot;default_state&quot;:&quot;all_collapsed&quot;,&quot;max_items_expended&quot;:&quot;one&quot;,&quot;n_accordion_animation_duration&quot;:{&quot;unit&quot;:&quot;ms&quot;,&quot;size&quot;:400,&quot;sizes&quot;:[]}}\" data-widget_type=\"nested-accordion.default\">\n\t\t\t\t<div class=\"elementor-widget-container\">\n\t\t\t\t\t\t\t<div class=\"e-n-accordion\" aria-label=\"Accordion. Open links with Enter or Space, close with Escape, and navigate with Arrow Keys\">\n\t\t\t\t\t\t<details id=\"e-n-accordion-item-1450\" class=\"e-n-accordion-item\" >\n\t\t\t\t<summary class=\"e-n-accordion-item-title\" data-accordion-index=\"1\" tabindex=\"0\" aria-expanded=\"false\" aria-controls=\"e-n-accordion-item-1450\" >\n\t\t\t\t\t<span class='e-n-accordion-item-title-header'><div class=\"e-n-accordion-item-title-text\"> Histoire des rues de Neuilly-sur-Marne <\/div><\/span>\n\t\t\t\t\t\t\t<span class='e-n-accordion-item-title-icon'>\n\t\t\t<span class='e-opened' ><svg aria-hidden=\"true\" class=\"e-font-icon-svg e-fas-minus\" viewBox=\"0 0 448 512\" xmlns=\"http:\/\/www.w3.org\/2000\/svg\"><path d=\"M416 208H32c-17.67 0-32 14.33-32 32v32c0 17.67 14.33 32 32 32h384c17.67 0 32-14.33 32-32v-32c0-17.67-14.33-32-32-32z\"><\/path><\/svg><\/span>\n\t\t\t<span class='e-closed'><svg aria-hidden=\"true\" class=\"e-font-icon-svg e-fas-plus\" viewBox=\"0 0 448 512\" xmlns=\"http:\/\/www.w3.org\/2000\/svg\"><path d=\"M416 208H272V64c0-17.67-14.33-32-32-32h-32c-17.67 0-32 14.33-32 32v144H32c-17.67 0-32 14.33-32 32v32c0 17.67 14.33 32 32 32h144v144c0 17.67 14.33 32 32 32h32c17.67 0 32-14.33 32-32V304h144c17.67 0 32-14.33 32-32v-32c0-17.67-14.33-32-32-32z\"><\/path><\/svg><\/span>\n\t\t<\/span>\n\n\t\t\t\t\t\t<\/summary>\n\t\t\t\t<div role=\"region\" aria-labelledby=\"e-n-accordion-item-1450\" class=\"elementor-element elementor-element-87b3d6d e-con-full e-flex e-con e-child\" data-id=\"87b3d6d\" data-element_type=\"container\" data-e-type=\"container\">\n\t\t\t\t<div class=\"elementor-element elementor-element-3374945 elementor-widget elementor-widget-text-editor\" data-id=\"3374945\" data-element_type=\"widget\" data-e-type=\"widget\" data-widget_type=\"text-editor.default\">\n\t\t\t\t<div class=\"elementor-widget-container\">\n\t\t\t\t\t\t\t\t\t<p>A partir de la fin du 19<sup>\u00e8me<\/sup> si\u00e8cle, la d\u00e9nomination des rues conna\u00eet plusieurs grandes \u00e9tapes.<\/p><ul><li>Le 10 septembre 1894, le Conseil Municipal fixa pour la premi\u00e8re fois le nom de toutes les rues afin de les pourvoir de plaques indicatrices et surtout d\u2019imposer la num\u00e9rotation des b\u00e2timents. Cette d\u00e9lib\u00e9ration pr\u00e9sente les anciennes et les nouvelles d\u00e9nominations. Certains noms furent confirm\u00e9s par la Municipalit\u00e9. On voit appara\u00eetre alors les noms de personnalit\u00e9s publiques d\u00e9c\u00e9d\u00e9es ou non, locales ou nationales. On peut citer le g\u00e9n\u00e9ral Donzelot, Victor Hugo, Pasteur etc. \u2026. La ville a inform\u00e9 les repr\u00e9sentants de ces personnalit\u00e9s de sa d\u00e9cision.<\/li><\/ul><p>\u00a0<\/p><ul><li>Dans la premi\u00e8re moiti\u00e9 du 20<sup>\u00e8me<\/sup> si\u00e8cle, Neuilly s\u2019est d\u00e9velopp\u00e9 gr\u00e2ce \u00e0 la construction de plusieurs lotissements tels que L\u2019Epi d\u2019or, Les 24 arpents, La Carri\u00e8re, La Grosse Pierre etc. \u2026. Ces lotissements ont cr\u00e9\u00e9 et, donc, d\u00e9nomm\u00e9 les voies desservant leur quartier. Ces rues priv\u00e9es \u00e9taient g\u00e9n\u00e9ralement destin\u00e9es \u00e0 devenir des voies publiques. Lors de leur int\u00e9gration dans le domaine communal, la ville a souvent conserv\u00e9 leur nom (rue de la Carri\u00e8re, avenue Descartes, avenue Robert etc. \u2026).<\/li><\/ul><p>\u00a0<\/p><ul><li>Apr\u00e8s la Seconde Guerre Mondiale, comme partout en France, des rues ont \u00e9t\u00e9 d\u00e9baptis\u00e9es pour porter le nom de r\u00e9sistants ou militaires tu\u00e9s par les Allemands. Ainsi, 13 rues ont \u00e9t\u00e9 renomm\u00e9es par une d\u00e9lib\u00e9ration du Conseil Municipal du 27 octobre 1944. On peut citer la rue Jules Lamant et ses fils (ancienne rue des Cottages) ou la rue Emile Cossonneau.<\/li><\/ul><p>\u00a0<\/p><ul><li>A partir des ann\u00e9es 60, des quartiers d\u2019immeubles collectifs sont construits et, donc, de nouvelles rues. Le quartier des Fauvettes est le plus grand mais il ne faut pas oublier le quartier des Bouleaux ou celui des Primev\u00e8res ainsi que les Z.A.C. r\u00e9centes telles que Donzelot ou la Maltourn\u00e9e. Ainsi, le 20 septembre 1968, le Conseil Municipal a d\u00e9cid\u00e9 de donner des noms de provinces fran\u00e7aises aux voies du quartier des Fauvettes (rue de Savoie, all\u00e9e de l\u2019\u00cele-de-France).<\/li><\/ul><p>\u00a0<\/p><ul><li>Les ann\u00e9es 2020 voient l\u2019\u00e9mergence d\u2019un nouveau quartier construit sur le site de l\u2019ancien h\u00f4pital psychiatrique de Maison-Blanche. Les 30 janvier 2019 et 16 septembre 2020, le Conseil Municipal a donn\u00e9 des noms de po\u00e8tes \u00e0 ses voies.<\/li><\/ul>\t\t\t\t\t\t\t\t<\/div>\n\t\t\t\t<\/div>\n\t\t\t\t<\/div>\n\t\t\t\t\t<\/details>\n\t\t\t\t\t\t<details id=\"e-n-accordion-item-1451\" class=\"e-n-accordion-item\" >\n\t\t\t\t<summary class=\"e-n-accordion-item-title\" data-accordion-index=\"2\" tabindex=\"-1\" aria-expanded=\"false\" aria-controls=\"e-n-accordion-item-1451\" >\n\t\t\t\t\t<span class='e-n-accordion-item-title-header'><div class=\"e-n-accordion-item-title-text\"> En chiffres <\/div><\/span>\n\t\t\t\t\t\t\t<span class='e-n-accordion-item-title-icon'>\n\t\t\t<span class='e-opened' ><svg aria-hidden=\"true\" class=\"e-font-icon-svg e-fas-minus\" viewBox=\"0 0 448 512\" xmlns=\"http:\/\/www.w3.org\/2000\/svg\"><path d=\"M416 208H32c-17.67 0-32 14.33-32 32v32c0 17.67 14.33 32 32 32h384c17.67 0 32-14.33 32-32v-32c0-17.67-14.33-32-32-32z\"><\/path><\/svg><\/span>\n\t\t\t<span class='e-closed'><svg aria-hidden=\"true\" class=\"e-font-icon-svg e-fas-plus\" viewBox=\"0 0 448 512\" xmlns=\"http:\/\/www.w3.org\/2000\/svg\"><path d=\"M416 208H272V64c0-17.67-14.33-32-32-32h-32c-17.67 0-32 14.33-32 32v144H32c-17.67 0-32 14.33-32 32v32c0 17.67 14.33 32 32 32h144v144c0 17.67 14.33 32 32 32h32c17.67 0 32-14.33 32-32V304h144c17.67 0 32-14.33 32-32v-32c0-17.67-14.33-32-32-32z\"><\/path><\/svg><\/span>\n\t\t<\/span>\n\n\t\t\t\t\t\t<\/summary>\n\t\t\t\t<div role=\"region\" aria-labelledby=\"e-n-accordion-item-1451\" class=\"elementor-element elementor-element-ad8b963 e-con-full e-flex e-con e-child\" data-id=\"ad8b963\" data-element_type=\"container\" data-e-type=\"container\">\n\t\t\t\t<div class=\"elementor-element elementor-element-9bc8962 elementor-widget elementor-widget-text-editor\" data-id=\"9bc8962\" data-element_type=\"widget\" data-e-type=\"widget\" data-widget_type=\"text-editor.default\">\n\t\t\t\t<div class=\"elementor-widget-container\">\n\t\t\t\t\t\t\t\t\t<h3><strong>19 mars 1962 (rue du)<\/strong><\/h3><p>Les accords entre les repr\u00e9sentants de la France et du gouvernement provisoire de la R\u00e9publique alg\u00e9rienne form\u00e9 par le Front de lib\u00e9ration nationale (FLN) durant la guerre d\u2019Alg\u00e9rie sont sign\u00e9s le 18 mars 1962 \u00e0 Evian et se traduisent imm\u00e9diatement par un cessez-le-feu applicable sur tout le territoire alg\u00e9rien d\u00e8s le lendemain. Suite \u00e0 une demande d\u2019Anciens Combattants, le Conseil Municipal a donn\u00e9 ce nom le 7 f\u00e9vrier 1980 \u00e0 la rue de Champagne.<\/p><h3><strong>8 mai 1945 (avenue du)<\/strong><\/h3><p>Le Conseil Municipal, le 6 avril 1978, a donn\u00e9 ce nom \u00e0 l\u2019ancienne avenue d\u2019\u00cele-de-France afin de comm\u00e9morer la victoire des Alli\u00e9s sur l&rsquo;Allemagne nazie et la fin de la Seconde Guerre mondiale en Europe marqu\u00e9e par l&rsquo;annonce de la capitulation de l&rsquo;Allemagne.<\/p><h3><strong>24 arpents (place des)<\/strong><\/h3><p>Place construite en 2001. Ce nom donn\u00e9 par le Conseil Municipal le 3 mai 2001 fait r\u00e9f\u00e9rence au lotissement situ\u00e9 \u00e0 proximit\u00e9.<\/p>\t\t\t\t\t\t\t\t<\/div>\n\t\t\t\t<\/div>\n\t\t\t\t<\/div>\n\t\t\t\t\t<\/details>\n\t\t\t\t\t\t<details id=\"e-n-accordion-item-1452\" class=\"e-n-accordion-item\" >\n\t\t\t\t<summary class=\"e-n-accordion-item-title\" data-accordion-index=\"3\" tabindex=\"-1\" aria-expanded=\"false\" aria-controls=\"e-n-accordion-item-1452\" >\n\t\t\t\t\t<span class='e-n-accordion-item-title-header'><div class=\"e-n-accordion-item-title-text\"> A <\/div><\/span>\n\t\t\t\t\t\t\t<span class='e-n-accordion-item-title-icon'>\n\t\t\t<span class='e-opened' ><svg aria-hidden=\"true\" class=\"e-font-icon-svg e-fas-minus\" viewBox=\"0 0 448 512\" xmlns=\"http:\/\/www.w3.org\/2000\/svg\"><path d=\"M416 208H32c-17.67 0-32 14.33-32 32v32c0 17.67 14.33 32 32 32h384c17.67 0 32-14.33 32-32v-32c0-17.67-14.33-32-32-32z\"><\/path><\/svg><\/span>\n\t\t\t<span class='e-closed'><svg aria-hidden=\"true\" class=\"e-font-icon-svg e-fas-plus\" viewBox=\"0 0 448 512\" xmlns=\"http:\/\/www.w3.org\/2000\/svg\"><path d=\"M416 208H272V64c0-17.67-14.33-32-32-32h-32c-17.67 0-32 14.33-32 32v144H32c-17.67 0-32 14.33-32 32v32c0 17.67 14.33 32 32 32h144v144c0 17.67 14.33 32 32 32h32c17.67 0 32-14.33 32-32V304h144c17.67 0 32-14.33 32-32v-32c0-17.67-14.33-32-32-32z\"><\/path><\/svg><\/span>\n\t\t<\/span>\n\n\t\t\t\t\t\t<\/summary>\n\t\t\t\t<div role=\"region\" aria-labelledby=\"e-n-accordion-item-1452\" class=\"elementor-element elementor-element-7ec6a8a e-con-full e-flex e-con e-child\" data-id=\"7ec6a8a\" data-element_type=\"container\" data-e-type=\"container\">\n\t\t\t\t<div class=\"elementor-element elementor-element-84c7708 elementor-widget elementor-widget-text-editor\" data-id=\"84c7708\" data-element_type=\"widget\" data-e-type=\"widget\" data-widget_type=\"text-editor.default\">\n\t\t\t\t<div class=\"elementor-widget-container\">\n\t\t\t\t\t\t\t\t\t<h3><strong>Abel Tuffier (rue)<\/strong><\/h3><p>Abel L\u00e9on Tuffier, n\u00e9 le 23 mars 1863 \u00e0 Bonneval, d\u00e9c\u00e9d\u00e9 \u00e0 Neuilly le 29 f\u00e9vrier 1940. Adjoint au Maire pendant 10 ans jusqu\u2019en 1935. Fondateur de la Soci\u00e9t\u00e9 d\u2019Horticulture. Son nom a \u00e9t\u00e9 donn\u00e9 le 3 janvier 1941 par la D\u00e9l\u00e9gation Sp\u00e9ciale (organe rempla\u00e7ant le Conseil Municipal pendant la Seconde Guerre mondiale). Cette rue s\u2019appelait l\u2019avenue des Marronniers depuis une d\u00e9lib\u00e9ration du Conseil Municipal du 9 f\u00e9vrier 1929. Cette voie, c\u00e9d\u00e9e \u00e0 la commune le 2 avril 1926, avait \u00e9t\u00e9 nomm\u00e9e avenue du Centre par l\u2019Association Syndicale du Lotissement. La Municipalit\u00e9 l\u2019a rebaptis\u00e9e pour \u00e9viter la confusion avec une autre avenue du Centre, situ\u00e9e dans le lotissement des 24 arpents.<\/p><h3><strong>Acacias (all\u00e9e des)<\/strong><\/h3><p>Voie priv\u00e9e. Nom donn\u00e9 le 23 d\u00e9cembre 1966 par l\u2019organisme propri\u00e9taire et approuv\u00e9 par le Conseil Municipal le 7 janvier 1967.<\/p><h3><strong>Aim\u00e9 C\u00e9saire (rue)<\/strong><\/h3><p>Aim\u00e9 C\u00e9saire, n\u00e9 le 26 juin 1913 \u00e0 Basse-Pointe et mort le 17 avril 2008 \u00e0 Fort-de-France, est un \u00e9crivain et homme politique fran\u00e7ais, \u00e0 la fois po\u00e8te, dramaturge, essayiste, et biographe. Voie nouvelle du quartier de Maison-Blanche d\u00e9nomm\u00e9e par le Conseil Municipal le 30 janvier 2019.<\/p><h3><strong>Alain Savary (all\u00e9e)<\/strong><\/h3><p>Homme politique (1918-1988). R\u00e9novateur du Parti Socialiste dont il a \u00e9t\u00e9 le premier secr\u00e9taire de 1969 \u00e0 1971. D\u00e9put\u00e9 de Haute-Garonne et Pr\u00e9sident du Conseil R\u00e9gional du Midi-Pyr\u00e9n\u00e9es. Ministre de l&rsquo;Education Nationale entre 1981 et 1984. Le Conseil Municipal a donn\u00e9 son nom le 16 juin 1988 \u00e0 une voie priv\u00e9e nouvellement cr\u00e9\u00e9e.<\/p><h3><strong>Albert Camus (rue)<\/strong><\/h3><p>Ecrivain fran\u00e7ais n\u00e9 en 1913 \u00e0 Mondovi en Alg\u00e9rie, prix Nobel 1957, mort en 1960. Son nom a \u00e9t\u00e9 donn\u00e9 \u00e0 cette voie le 15 d\u00e9cembre 1966 par son propri\u00e9taire, la r\u00e9sidence Le Marais Saint-Baudile. D\u00e9nomination approuv\u00e9e en Bureau Municipal le 7 janvier 1967. Le 12 mars 1994 a eu lieu l&rsquo;ouverture officielle de la rue Albert Camus qui venait d&rsquo;\u00eatre compl\u00e8tement refaite et devait \u00eatre int\u00e9gr\u00e9e dans le domaine communal.<\/p><h3><strong>Alfred de Musset (rue)<\/strong><\/h3><p>Alfred de Musset est un \u00e9crivain fran\u00e7ais de la p\u00e9riode romantique, n\u00e9 le 11 d\u00e9cembre 1810 \u00e0 Paris, o\u00f9 il est mort le 2 mai 1857. Voie nouvelle du quartier de Maison-Blanche d\u00e9nomm\u00e9e par le Conseil Municipal le 30 janvier 2019.<\/p><h3><strong>Alfred de Vigny (rue)<\/strong><\/h3><p>Ecrivain et po\u00e8te n\u00e9 \u00e0 Loches (1797-1863). Nom donn\u00e9 le 8 octobre 1981 par le Conseil Municipal \u00e0 une voie priv\u00e9e de la r\u00e9sidence La Lut\u00e8ce dans le quartier de l\u2019Avenir.<\/p><h3><strong>Alfred Kastler (rue)<\/strong><\/h3><p>Physicien fran\u00e7ais n\u00e9 \u00e0 Guebwiller en 1902 et mort en 1984. Prix Nobel 1966 pour son invention du \u00ab\u00a0pompage optique\u00a0\u00bb utilis\u00e9 dans les lasers et les masers. Voie priv\u00e9e d\u00e9nomm\u00e9e par le Conseil Municipal le 8 octobre 1987 lors de sa cr\u00e9ation.<\/p><h3><strong>Alouettes (rue des)<\/strong><\/h3><p>Voie de la Cit\u00e9 des Bouleaux nomm\u00e9e ainsi par son organisme propri\u00e9taire le 27 juillet 1966. Les noms de la cit\u00e9 ont \u00e9t\u00e9 choisis par analogie avec la rue voisine dite Des Fauvettes.<\/p><h3><strong>Alsace Lorraine (rue d\u2019)<\/strong><\/h3><p>Nom donn\u00e9 le 29 septembre 1968 \u00e0 une voie construite lors de la cr\u00e9ation du quartier des Fauvettes. Partie des anciennes provinces fran\u00e7aises d&rsquo;Alsace et de Lorraine annex\u00e9e par l&rsquo;Allemagne de 1871 \u00e0 1919 puis de 1940 \u00e0 1944-1945. Elle correspond aux d\u00e9partements actuels de la Moselle, du Bas-Rhin et du Haut-Rhin.<\/p><h3><strong>Amiral Courbet (rue de l\u2019)<\/strong><\/h3><p>Am\u00e9d\u00e9e Anatole Courbet (1827-1885). Amiral fran\u00e7ais. Il \u00e9tablit le protectorat fran\u00e7ais sur l&rsquo;Annam (1883) et combattit les pavillons noirs et les chinois. Nom donn\u00e9 \u00e0 la rue de l\u2019\u00e9cluse le 10 septembre 1894, il d\u00e9signe \u00e9galement la voie priv\u00e9e interne \u00e0 la r\u00e9sidence Les jardins de l\u2019\u00e9cluse depuis octobre 2003.<\/p><h3><strong>Andr\u00e9e Ch\u00e9did (rue)<\/strong><\/h3><p>Andr\u00e9e Chedid, n\u00e9e Andr\u00e9e Saab en 1920 au Caire et morte en 2011 \u00e0 Paris, est une femme de lettres et po\u00e9tesse fran\u00e7aise d\u2019origine syro-libanaise. Elle \u00e9crit son premier roman en 1952 et \u00e9crit des nouvelles, des po\u00e8mes, des pi\u00e8ces de th\u00e9\u00e2tre, des romans, et de la litt\u00e9rature jeunesse. Voie nouvelle du quartier de Maison-Blanche d\u00e9nomm\u00e9e par le Conseil Municipal le 30 janvier 2019.<\/p><h3><strong>Andr\u00e9 Gide (rue)<\/strong><\/h3><p>Ecrivain fran\u00e7ais, prix Nobel 1947 (1869-1951). Voie nouvelle du quartier des Primev\u00e8res d\u00e9nomm\u00e9e par le Conseil Municipal le 25 f\u00e9vrier 1972.<\/p><h3><strong>Anjou (rue d\u2019)<\/strong><\/h3><p>Nom d\u2019une province de France donn\u00e9 le 29 septembre 1968 \u00e0 une voie construite lors de la cr\u00e9ation du quartier des Fauvettes.<\/p><h3><strong>Anna-Elisabeth de Noailles (place)<\/strong><\/h3><p>Anna de Noailles, n\u00e9e Ana-Elisaveta Bibescu Basarab Br\u00e2ncoveanu, est une po\u00e9tesse et une romanci\u00e8re fran\u00e7aise d&rsquo;origine roumaine, n\u00e9e \u00e0 Paris en 1876 et morte dans la m\u00eame ville en 1933. Voie nouvelle du quartier de Maison-Blanche d\u00e9nomm\u00e9e par le Conseil Municipal le 30 janvier 2019.<\/p><h3><strong>Antonin Artaud (avenue)<\/strong><\/h3><p>Antonin Artaud, n\u00e9 \u00e0 Marseille en 1896 et mort \u00e0 Ivry-sur-Seine en 1948, est un th\u00e9oricien du th\u00e9\u00e2tre, acteur, \u00e9crivain, essayiste, dessinateur et po\u00e8te fran\u00e7ais. Voie nouvelle du quartier de Maison-Blanche d\u00e9nomm\u00e9e par le Conseil Municipal le 30 janvier 2019.<\/p><h3><strong>Argel\u00e8s (esplanade d\u2019)<\/strong><\/h3><p>Chef-lieu de canton des Pyr\u00e9n\u00e9es-Orientales. Nom donn\u00e9 le 21 mai 1971 \u00e0 une esplanade du quartier des Fauvettes en cours de construction.<\/p><h3><strong>Aristide Briand (boulevard)<\/strong><\/h3><p>Homme politique fran\u00e7ais (1862-1932). Ardent pacifiste et partisan d&rsquo;une politique de r\u00e9conciliation avec l&rsquo;Allemagne, il fut l&rsquo;un des animateurs de la Soci\u00e9t\u00e9 des Nations et re\u00e7ut le Prix Nobel de la Paix en 1926. Cette voie cr\u00e9\u00e9e en 1932 entre la Route Nationale 34 et l\u2019avenue Paul Doumer a \u00e9t\u00e9 d\u00e9nomm\u00e9e le 27 mai 1932.<\/p><h3><strong>Artois (all\u00e9e)<\/strong><\/h3><p>Nom d\u2019une province de France donn\u00e9 le 21 mai 1971 \u00e0 une voie construite lors de la cr\u00e9ation du quartier des Fauvettes.<\/p><h3><strong>Artois (rue)<\/strong><\/h3><p>Nom d\u2019une province de France donn\u00e9 le 29 septembre 1968 \u00e0 une voie construite lors de la cr\u00e9ation du quartier des Fauvettes.<\/p><h3><strong>Arthur Dalidet (rue) <\/strong><\/h3><p>Arthur Auguste Louis Dalidet n\u00e9 le 11 octobre 1906 \u00e0 Nantes. Membre du Parti Communiste Fran\u00e7ais, r\u00e9sistant sous le surnom de Paul Desormeaux, il a \u00e9t\u00e9 fusill\u00e9 au Mont Val\u00e9rien le 30 mai 1942. Son nom a \u00e9t\u00e9 donn\u00e9 \u00e0 la rue de Lafontaine (ex rue de l\u2019Avenir) par une d\u00e9lib\u00e9ration du 27 octobre 1944. Cette rue avait \u00e9t\u00e9 cr\u00e9\u00e9e dans les ann\u00e9es 1910-1920 par le lotissement Le Pav\u00e9. En 1937, la commune avait demand\u00e9 au lotissement de changer le nom de la rue de l\u2019Avenir qui faisait confusion avec le quartier de l\u2019Avenir. La rue avait alors re\u00e7u le nom de Lafontaine.<\/p><h3><strong>Arthur Rimbaud (rue)<\/strong><\/h3><p>Po\u00e8te fran\u00e7ais (1854-1891). Nom donn\u00e9 le 8 octobre 1981 par le Conseil Municipal \u00e0 une voie priv\u00e9e de la r\u00e9sidence La Lut\u00e8ce dans le quartier de l\u2019Avenir.<\/p><h3><strong>Aub\u00e9pines (all\u00e9e des)<\/strong><\/h3><p>Voie nouvelle priv\u00e9e nomm\u00e9e par le Conseil Municipal le 16 juin 1988.<\/p><h3><strong>Auvergne (rue d\u2019)<\/strong><\/h3><p>Nom d\u2019une province de France donn\u00e9 le 29 septembre 1968 \u00e0 une voie construite lors de la cr\u00e9ation du quartier des Fauvettes.<\/p><h3><strong>Avron (rue d\u2019)<\/strong><\/h3><p>Voie cr\u00e9\u00e9e et nomm\u00e9e par le lotissement Les 24 arpents vers 1900. Cette avenue a \u00e9t\u00e9 class\u00e9e dans la voirie communale en 1940.<\/p>\t\t\t\t\t\t\t\t<\/div>\n\t\t\t\t<\/div>\n\t\t\t\t<\/div>\n\t\t\t\t\t<\/details>\n\t\t\t\t\t\t<details id=\"e-n-accordion-item-1453\" class=\"e-n-accordion-item\" >\n\t\t\t\t<summary class=\"e-n-accordion-item-title\" data-accordion-index=\"4\" tabindex=\"-1\" aria-expanded=\"false\" aria-controls=\"e-n-accordion-item-1453\" >\n\t\t\t\t\t<span class='e-n-accordion-item-title-header'><div class=\"e-n-accordion-item-title-text\"> B <\/div><\/span>\n\t\t\t\t\t\t\t<span class='e-n-accordion-item-title-icon'>\n\t\t\t<span class='e-opened' ><svg aria-hidden=\"true\" class=\"e-font-icon-svg e-fas-minus\" viewBox=\"0 0 448 512\" xmlns=\"http:\/\/www.w3.org\/2000\/svg\"><path d=\"M416 208H32c-17.67 0-32 14.33-32 32v32c0 17.67 14.33 32 32 32h384c17.67 0 32-14.33 32-32v-32c0-17.67-14.33-32-32-32z\"><\/path><\/svg><\/span>\n\t\t\t<span class='e-closed'><svg aria-hidden=\"true\" class=\"e-font-icon-svg e-fas-plus\" viewBox=\"0 0 448 512\" xmlns=\"http:\/\/www.w3.org\/2000\/svg\"><path d=\"M416 208H272V64c0-17.67-14.33-32-32-32h-32c-17.67 0-32 14.33-32 32v144H32c-17.67 0-32 14.33-32 32v32c0 17.67 14.33 32 32 32h144v144c0 17.67 14.33 32 32 32h32c17.67 0 32-14.33 32-32V304h144c17.67 0 32-14.33 32-32v-32c0-17.67-14.33-32-32-32z\"><\/path><\/svg><\/span>\n\t\t<\/span>\n\n\t\t\t\t\t\t<\/summary>\n\t\t\t\t<div role=\"region\" aria-labelledby=\"e-n-accordion-item-1453\" class=\"elementor-element elementor-element-3527946 e-flex e-con-boxed e-con e-child\" data-id=\"3527946\" data-element_type=\"container\" data-e-type=\"container\">\n\t\t\t\t\t<div class=\"e-con-inner\">\n\t\t\t\t<div class=\"elementor-element elementor-element-8f86ce0 elementor-widget elementor-widget-text-editor\" data-id=\"8f86ce0\" data-element_type=\"widget\" data-e-type=\"widget\" data-widget_type=\"text-editor.default\">\n\t\t\t\t<div class=\"elementor-widget-container\">\n\t\t\t\t\t\t\t\t\t<h3><strong>Bergeronnettes (rue des)<\/strong><\/h3><p>Voie de la Cit\u00e9 des Pommiers nomm\u00e9e ainsi par son organisme propri\u00e9taire le 27 juillet 1966. Les noms de la cit\u00e9 ont \u00e9t\u00e9 choisis par analogie avec la rue voisine dite Des Fauvettes.<\/p><h3><strong>Berry (rue du)<\/strong><\/h3><p>Nom d\u2019une province de France donn\u00e9 le 29 septembre 1968 \u00e0 une voie construite lors de la cr\u00e9ation du quartier des Fauvettes.<\/p><h3><strong>Bizet (avenue)<\/strong><\/h3><p>Georges Bizet (1838-1875), compositeur fran\u00e7ais. Voie cr\u00e9\u00e9e par le lotissement de l\u2019Avenir dans les ann\u00e9es 1920 et class\u00e9e dans la voirie communale en 1937.<\/p><h3><strong>Blancheville (avenue de)<\/strong><\/h3><p>Voie cr\u00e9\u00e9e par la soci\u00e9t\u00e9 civile particuli\u00e8re de Blancheville en 1958 et c\u00e9d\u00e9e \u00e0 la commune en 1968.<\/p><h3><strong>Blancheville (rocade de)<\/strong><\/h3><p>Voie cr\u00e9\u00e9e par la soci\u00e9t\u00e9 civile particuli\u00e8re de Blancheville en 1958 et c\u00e9d\u00e9e \u00e0 la commune en 1968.<\/p><h3><strong>Bleuets (rue des)<\/strong><\/h3><p>Voie cr\u00e9\u00e9e et nomm\u00e9e par le lotissement Les 24 arpents vers 1900. Cette avenue a \u00e9t\u00e9 class\u00e9e dans la voirie communale en 1940.<\/p><h3><strong>Bocage (rue du)<\/strong><\/h3><p>La rue du Bocage a \u00e9t\u00e9 habit\u00e9e d\u00e8s le d\u00e9but du XX\u00e8me si\u00e8cle mais a subi de nombreux bouleversements li\u00e9s \u00e0 la cr\u00e9ation de la voie ferr\u00e9e, ligne de grande ceinture entre Bobigny et Sucy-Bonneuil. La rue rejoignait \u00e0 l\u2019origine la rue des Prairies mais le 7 mars 1930, le Syndicat des chemins de fer de grande ceinture remet \u00e0 Louis Amiard, maire de Neuilly-sur-Marne, la nouvelle rue du Bocage, prolong\u00e9e pour rejoindre la route nationale et d\u00e9vi\u00e9e pour longer le talus de la voie ferr\u00e9e. La rue devient alors une voie publique qui conserve le nom donn\u00e9 probablement par ses premiers propri\u00e9taires.<\/p><h3><strong>Boris Vian (rue)<\/strong><\/h3><p>Boris Vian, n\u00e9 en 1920 \u00e0 Ville-d&rsquo;Avray et mort en 1959 \u00e0 Paris, est un \u00e9crivain, po\u00e8te, parolier, chanteur, critique musical, musicien de jazz et directeur artistique fran\u00e7ais. Voie nouvelle du quartier de Maison-Blanche d\u00e9nomm\u00e9e par le Conseil Municipal le 30 janvier 2019.<\/p><h3><strong>Bouleaux (avenue des)<\/strong><\/h3><p>Voie de la Cit\u00e9 des Bouleaux nomm\u00e9e ainsi par son organisme propri\u00e9taire le 27 juillet 1966. Les noms de la cit\u00e9 ont \u00e9t\u00e9 choisis par analogie avec la rue voisine dite Des Fauvettes.<\/p><h3><strong>Bouvreuils (rue des)<\/strong><\/h3><p>Voie de la Cit\u00e9 des Bouleaux nomm\u00e9e ainsi par son organisme propri\u00e9taire le 27 juillet 1966. Les noms de la cit\u00e9 ont \u00e9t\u00e9 choisis par analogie avec la rue voisine dite Des Fauvettes.<\/p>\t\t\t\t\t\t\t\t<\/div>\n\t\t\t\t<\/div>\n\t\t\t\t\t<\/div>\n\t\t\t\t<\/div>\n\t\t\t\t\t<\/details>\n\t\t\t\t\t\t<details id=\"e-n-accordion-item-1454\" class=\"e-n-accordion-item\" >\n\t\t\t\t<summary class=\"e-n-accordion-item-title\" data-accordion-index=\"5\" tabindex=\"-1\" aria-expanded=\"false\" aria-controls=\"e-n-accordion-item-1454\" >\n\t\t\t\t\t<span class='e-n-accordion-item-title-header'><div class=\"e-n-accordion-item-title-text\"> C <\/div><\/span>\n\t\t\t\t\t\t\t<span class='e-n-accordion-item-title-icon'>\n\t\t\t<span class='e-opened' ><svg aria-hidden=\"true\" class=\"e-font-icon-svg e-fas-minus\" viewBox=\"0 0 448 512\" xmlns=\"http:\/\/www.w3.org\/2000\/svg\"><path d=\"M416 208H32c-17.67 0-32 14.33-32 32v32c0 17.67 14.33 32 32 32h384c17.67 0 32-14.33 32-32v-32c0-17.67-14.33-32-32-32z\"><\/path><\/svg><\/span>\n\t\t\t<span class='e-closed'><svg aria-hidden=\"true\" class=\"e-font-icon-svg e-fas-plus\" viewBox=\"0 0 448 512\" xmlns=\"http:\/\/www.w3.org\/2000\/svg\"><path d=\"M416 208H272V64c0-17.67-14.33-32-32-32h-32c-17.67 0-32 14.33-32 32v144H32c-17.67 0-32 14.33-32 32v32c0 17.67 14.33 32 32 32h144v144c0 17.67 14.33 32 32 32h32c17.67 0 32-14.33 32-32V304h144c17.67 0 32-14.33 32-32v-32c0-17.67-14.33-32-32-32z\"><\/path><\/svg><\/span>\n\t\t<\/span>\n\n\t\t\t\t\t\t<\/summary>\n\t\t\t\t<div role=\"region\" aria-labelledby=\"e-n-accordion-item-1454\" class=\"elementor-element elementor-element-ed8589f e-flex e-con-boxed e-con e-child\" data-id=\"ed8589f\" data-element_type=\"container\" data-e-type=\"container\">\n\t\t\t\t\t<div class=\"e-con-inner\">\n\t\t\t\t<div class=\"elementor-element elementor-element-414b196 elementor-widget elementor-widget-text-editor\" data-id=\"414b196\" data-element_type=\"widget\" data-e-type=\"widget\" data-widget_type=\"text-editor.default\">\n\t\t\t\t<div class=\"elementor-widget-container\">\n\t\t\t\t\t\t\t\t\t<h3><strong>Camille Claudel (all\u00e9e)<\/strong><\/h3><p>Sculpteur 1864-1946. Collaboratrice et amie de Rodin. Elle fut intern\u00e9e de 1913 jusqu&rsquo;\u00e0 sa mort, notamment au Centre Hospitalier de Ville-Evrard. Nom donn\u00e9 le 23 mai 1991 \u00e0 cette voie nouvellement cr\u00e9\u00e9e.<\/p><h3><strong>Campanules (all\u00e9e des)<\/strong><\/h3><p>Voie nouvelle nomm\u00e9e le 27 janvier 1977.<\/p><h3><strong>Capucines (all\u00e9e ou rue des)<\/strong><\/h3><p>Voie priv\u00e9e de la cit\u00e9 des Capucines cr\u00e9\u00e9e et d\u00e9nomm\u00e9e par son propri\u00e9taire vers 1968.<\/p><h3><strong>Carnot (boulevard)<\/strong><\/h3><p>Marie Fran\u00e7ois Sadi Carnot, ing\u00e9nieur et homme politique. N\u00e9 en 1837, \u00e9lu Pr\u00e9sident de la R\u00e9publique en 1887. Assassin\u00e9 \u00e0 Lyon par l&rsquo;anarchiste Caserio en 1894. Son nom a \u00e9t\u00e9 donn\u00e9 le 10 septembre 1894 \u00e0 la ruelle et la cour du Tison qui \u00e9taient populeuses et insalubres et devaient \u00eatre am\u00e9nag\u00e9es. Ce boulevard avait pour but de relier le centre-ville \u00e0 la nouvelle \u00e9cole (l\u2019\u00e9cole Amiard inaugur\u00e9e en 1895) et d&rsquo;assainir le quartier. Le trac\u00e9 originel du boulevard Carnot allait du boulevard de la R\u00e9publique \u00e0 l\u2019actuelle rue Th\u00e9ophile Gaubert. La d\u00e9viation et l\u2019\u00e9largissement de la route nationale 34 en a supprim\u00e9 une partie.<\/p><h3><strong>Carri\u00e8re (chemin ou sentier de la)<\/strong><\/h3><p>Ancien chemin des Eaux am\u00e9nag\u00e9 par le lotissement La Carri\u00e8re vers 1921 sur un terrain situ\u00e9 au lieu-dit La Carri\u00e8re ou La Baronne. Le 15 mai 1921 a \u00e9t\u00e9 constitu\u00e9e la soci\u00e9t\u00e9 d&rsquo;\u00e9pargne ayant pour but l&rsquo;acquisition d&rsquo;un terrain (soci\u00e9t\u00e9 La Carri\u00e8re). L&rsquo;arr\u00eat\u00e9 de classement de la voie a \u00e9t\u00e9 notifi\u00e9 le 10 avril 1941. Autre nom : sentier Saint Denis de Livris ou Livry (document des ann\u00e9es 1880). \u00c0 l&rsquo;origine, ce chemin rejoignait l&rsquo;avenue des pelouses d&rsquo;Avron (Plaisance). Le nom de chemin des Livrys appara\u00eet sur un plan du lotissement de 1921.<\/p><h3><strong>Carri\u00e8re (rue de la)<\/strong><\/h3><p>Rue construite et nomm\u00e9e par le lotissement La Carri\u00e8re vers 1921.<\/p><h3><strong>C\u00e8dres (all\u00e9e des)<\/strong><\/h3><p>Voie priv\u00e9e nomm\u00e9e par son organisme propri\u00e9taire le 23 d\u00e9cembre 1966, nom approuv\u00e9 en Conseil Municipal le 7 janvier 1967.<\/p><h3><strong>Chalets (avenue des)<\/strong><\/h3><p>La rue des Chalets appartenait au lotissement \u00ab\u00a0Domaine de la Maltourn\u00e9e\u00a0\u00bb cr\u00e9\u00e9 en 1908. Elle a \u00e9t\u00e9 class\u00e9e dans la voirie communale en 1938 en conservant son nom.<\/p><h3><strong>Champs fleuris (avenue, rue ou parfois impasse)<\/strong><\/h3><p>Le lotissement a \u00e9t\u00e9 cr\u00e9\u00e9 par la soci\u00e9t\u00e9 \u00ab Le Champs Fleuri \u00bb. Ce quartier a \u00e9t\u00e9 construit au cours de l\u2019ann\u00e9e 1950 dans le cadre des Cit\u00e9s d\u2019Urgence r\u00e9alis\u00e9es par l\u2019Abb\u00e9 Pierre. Ces constructions ont b\u00e9n\u00e9fici\u00e9 d\u2019une proc\u00e9dure administrative all\u00e9g\u00e9e (pas de permis de construire) et ont \u00e9t\u00e9 tacitement reconnues par l\u2019administration de l\u2019\u00e9poque. Cette avenue a \u00e9t\u00e9 class\u00e9e dans la voirie communale en 1974 en conservant son nom.<\/p><h3><strong>Chanoine H\u00e9roux (place du)<\/strong><\/h3><p>Georges Modeste H\u00e9roux n\u00e9 le 15 juin 1882 \u00e0 Boss\u00e9e en Indre et Loire, d\u00e9c\u00e9d\u00e9 le 12 d\u00e9cembre 1971 \u00e0 Neuilly-sur-Marne. Cur\u00e9 de Neuilly. Le Conseil Municipal a donn\u00e9 son nom \u00e0 la place entourant l\u2019\u00e9glise le 17 d\u00e9cembre 1971.<\/p><h3><strong>Chanoux (sentier des)<\/strong><\/h3><p>Ce sentier, ayant donn\u00e9 son nom \u00e0 la zone industrielle rappelle qu\u2019autrefois le chanvre \u00e9tait cultiv\u00e9 sur les pentes d\u2019Avron, l\u00e0 o\u00f9 la vigne ne poussait pas (source\u00a0: Histoires noc\u00e9ennes, Association Fran\u00e7ois-Xavier Donzelot, 2014).<\/p><h3><strong>Chantilly (esplanade de)<\/strong><\/h3><p>Chef-lieu de canton de l&rsquo;Oise o\u00f9 se trouve le ch\u00e2teau des Montmorency et des Cond\u00e9s reconstruit au XIX\u00e8me si\u00e8cle. Nom donn\u00e9 le 21 mai 1971 \u00e0 une esplanade du quartier des Fauvettes en cours de construction.<\/p><h3><strong>Chardonnerets (rue des)<\/strong><\/h3><p>Voie de la Cit\u00e9 des Bouleaux nomm\u00e9e ainsi par son organisme propri\u00e9taire le 27 juillet 1966. Les noms de la cit\u00e9 ont \u00e9t\u00e9 choisis par analogie avec la rue voisine dite Des Fauvettes.<\/p><h3><strong>Charles Baudelaire (rue)<\/strong><\/h3><p>Charles Baudelaire est un po\u00e8te fran\u00e7ais. N\u00e9 \u00e0 Paris le 9 avril 1821, il meurt dans la m\u00eame ville le 31 ao\u00fbt 1867. Voie nouvelle du quartier de Maison-Blanche d\u00e9nomm\u00e9e par le Conseil Municipal le 30 janvier 2019.<\/p><h3><strong>Charles Richet (place)<\/strong><\/h3><p>Physiologiste fran\u00e7ais (1850-1935), il d\u00e9couvrit avec Portier l&rsquo;anaphylaxie et s&rsquo;int\u00e9ressa \u00e0 la parapsychologie. Prix Nobel en 1913. Le Conseil Municipal a donn\u00e9 son nom \u00e0 une nouvelle voie du quartier des Primev\u00e8res le 25 f\u00e9vrier 1972.<\/p><h3><strong>Chelles (avenue de)<\/strong><\/h3><p>Voie cr\u00e9\u00e9e par le lotissement de l\u2019Avenir dans les ann\u00e9es 1920 et class\u00e9e dans la voirie communale en 1937. Chelles, commune voisine de Neuilly-sur-Marne, est un chef-lieu de canton de Seine-et-Marne.<\/p><h3><strong>Chesnay (avenue du)<\/strong><\/h3><p>Nom faisant r\u00e9f\u00e9rence au \u00ab\u00a0Domaine du Chesnay\u00a0\u00bb dont faisait partie ce quartier. Le domaine du Chesnay est mentionn\u00e9 pour la premi\u00e8re fois au XI\u00e8me si\u00e8cle. L\u2019origine de son nom ne vient probablement pas du ch\u00eane mais d\u2019un nom de personne Canus ou Kanus. Voie cr\u00e9\u00e9e par le lotissement de l\u2019Avenir dans les ann\u00e9es 1920 et class\u00e9e dans la voirie communale en 1937.<\/p><h3><strong>Ch\u00e9tivet (rue de)<\/strong><\/h3><p>Rue situ\u00e9e \u00e0 la limite de Gournay-sur-Marne, int\u00e9gr\u00e9e \u00e0 Neuilly suite \u00e0 un \u00e9change de terres entre les deux communes en 1889.<\/p><h3><strong>Cheval blanc (passage du)<\/strong><\/h3><p>Ce passage porte le nom d\u2019une auberge implant\u00e9e au 123 rue de Paris jusqu\u2019en 1950.<\/p><h3><strong>Cl\u00e9ment Adler (rue)<\/strong><\/h3><p>Ing\u00e9nieur fran\u00e7ais (1841-1925) consid\u00e9r\u00e9 comme le p\u00e8re de l&rsquo;aviation. Il mit au point un \u00ab\u00a0plus lourd que l&rsquo;air\u00a0\u00bb avec lequel il s&rsquo;\u00e9leva de terre en 1890. Voie cr\u00e9\u00e9e lors de l\u2019am\u00e9nagement du quartier de la Maltourn\u00e9e en 1993 et d\u00e9nomm\u00e9e le 16 d\u00e9cembre de la m\u00eame ann\u00e9e.<\/p><h3><strong>Coli (passage)<\/strong><\/h3><p>Fran\u00e7ois Coli, aviateur fran\u00e7ais (Marseille 1881 \u2013 Atlantique Nord 1927). Il disparut le 8 mai 1927 avec Nungesser, \u00e0 bord de \u00ab l\u2019Oiseau blanc \u00bb, lors d\u2019une tentative de liaison Paris \u2013 New York sans escale. Le nom de Coli a \u00e9t\u00e9 donn\u00e9 le 1er f\u00e9vrier 1929 par les premiers propri\u00e9taires de la voie (Les petits propri\u00e9taires du groupement de la Grosse Pierre). La rue s\u2019appelait auparavant le passage des Serbes.<\/p><h3><strong>Collioure (esplanade de)<\/strong><\/h3><p>Commune des Pyr\u00e9n\u00e9es-Orientales. Nom donn\u00e9 le 21 mai 1971 \u00e0 une esplanade du quartier des Fauvettes en cours de construction.<\/p><h3><strong>Colonel Moll (rue du)<\/strong><\/h3><p>Henri Moll (1871-1911), militaire fran\u00e7ais ayant servi en Afrique. Il a particip\u00e9 \u00e0 la d\u00e9limitation de la fronti\u00e8re entre le Soudan fran\u00e7ais et le Nig\u00e9ria anglais. Il devient commandant des pays sous protectorat du Tchad en 1909. Il meurt lors de combats contre les troupes de deux sultans r\u00e9fractaires \u00e0 la colonisation fran\u00e7aise. Le conseil municipal, le 15 f\u00e9vrier 1911, a donn\u00e9 son nom \u00e0 la partie de la rue Foulques donnant sur l\u2019actuelle rue Paul et Camille Thomoux et \u00e0 son prolongement, pr\u00e9vu \u00e0 cette \u00e9poque jusqu\u2019\u00e0 la rue du G\u00e9n\u00e9ral Schmitz. Cette derni\u00e8re partie est apparemment situ\u00e9e au lieu-dit Clos Le Duc.<\/p><h3><strong>Commerce (all\u00e9e du)<\/strong><\/h3><p>Voie cr\u00e9\u00e9e lors de la construction du quartier des Fauvettes et nomm\u00e9e le 24 novembre 1972.<\/p><h3><strong>Commerce (place du)<\/strong><\/h3><p>Voie cr\u00e9\u00e9e lors de la construction du quartier des Fauvettes et nomm\u00e9e le 17 d\u00e9cembre 1971.<\/p>\t\t\t\t\t\t\t\t<\/div>\n\t\t\t\t<\/div>\n\t\t\t\t\t<\/div>\n\t\t\t\t<\/div>\n\t\t\t\t\t<\/details>\n\t\t\t\t\t\t<details id=\"e-n-accordion-item-1455\" class=\"e-n-accordion-item\" >\n\t\t\t\t<summary class=\"e-n-accordion-item-title\" data-accordion-index=\"6\" tabindex=\"-1\" aria-expanded=\"false\" aria-controls=\"e-n-accordion-item-1455\" >\n\t\t\t\t\t<span class='e-n-accordion-item-title-header'><div class=\"e-n-accordion-item-title-text\"> D <\/div><\/span>\n\t\t\t\t\t\t\t<span class='e-n-accordion-item-title-icon'>\n\t\t\t<span class='e-opened' ><svg aria-hidden=\"true\" class=\"e-font-icon-svg e-fas-minus\" viewBox=\"0 0 448 512\" xmlns=\"http:\/\/www.w3.org\/2000\/svg\"><path d=\"M416 208H32c-17.67 0-32 14.33-32 32v32c0 17.67 14.33 32 32 32h384c17.67 0 32-14.33 32-32v-32c0-17.67-14.33-32-32-32z\"><\/path><\/svg><\/span>\n\t\t\t<span class='e-closed'><svg aria-hidden=\"true\" class=\"e-font-icon-svg e-fas-plus\" viewBox=\"0 0 448 512\" xmlns=\"http:\/\/www.w3.org\/2000\/svg\"><path d=\"M416 208H272V64c0-17.67-14.33-32-32-32h-32c-17.67 0-32 14.33-32 32v144H32c-17.67 0-32 14.33-32 32v32c0 17.67 14.33 32 32 32h144v144c0 17.67 14.33 32 32 32h32c17.67 0 32-14.33 32-32V304h144c17.67 0 32-14.33 32-32v-32c0-17.67-14.33-32-32-32z\"><\/path><\/svg><\/span>\n\t\t<\/span>\n\n\t\t\t\t\t\t<\/summary>\n\t\t\t\t<div role=\"region\" aria-labelledby=\"e-n-accordion-item-1455\" class=\"elementor-element elementor-element-d28f178 e-flex e-con-boxed e-con e-child\" data-id=\"d28f178\" data-element_type=\"container\" data-e-type=\"container\">\n\t\t\t\t\t<div class=\"e-con-inner\">\n\t\t\t\t<div class=\"elementor-element elementor-element-5b69898 elementor-widget elementor-widget-text-editor\" data-id=\"5b69898\" data-element_type=\"widget\" data-e-type=\"widget\" data-widget_type=\"text-editor.default\">\n\t\t\t\t<div class=\"elementor-widget-container\">\n\t\t\t\t\t\t\t\t\t<h3><strong>Danielle Casanova (rue)<\/strong><\/h3><p>Danielle Casanova, n\u00e9e Vincentella Perini, Ajaccio, Corse (9 janvier 1909 &#8211; Auschwitz, 9 mai 1943) est une militante communiste et une R\u00e9sistante, morte en d\u00e9portation. Elle a \u00e9t\u00e9 responsable des Jeunesses communistes, avant de fonder l&rsquo;Union des jeunes filles de France. Cette voie est l\u2019ancienne Avenue des 24 arpents en r\u00e9f\u00e9rence au lotissement du m\u00eame nom. Cette rue se nommait rue Thierrat dans le cahier des charges du lotissement de 1910. Le nom de 24 arpents a probablement \u00e9t\u00e9 donn\u00e9 en 1926. Le nom de Danielle Casanova a \u00e9t\u00e9 donn\u00e9 par une d\u00e9lib\u00e9ration du Conseil Municipal du 27 octobre 1944.<\/p><h3><strong>Dauphin\u00e9 (avenue du)<\/strong><\/h3><p>Nom d\u2019une province de France donn\u00e9 le 29 septembre 1968 \u00e0 une voie construite lors de la cr\u00e9ation du quartier des Fauvettes.<\/p><h3><strong>Descartes (avenue)<\/strong><\/h3><p>Ren\u00e9 Descartes (1596-1650) philosophe, math\u00e9maticien et physicien fran\u00e7ais. Voie cr\u00e9\u00e9e par le lotissement de l\u2019Avenir dans les ann\u00e9es 1920 et class\u00e9e dans la voirie communale en 1937.<\/p><h3><strong>Diderot (rue)<\/strong><\/h3><p>Denis Diderot (1713-1784) philosophe fran\u00e7ais, animateur de l&rsquo;<em>Encyclop\u00e9die<\/em>. Il composa des essais et des romans dont <em>Le neveu de Rameau<\/em>. Int\u00e9ress\u00e9 par le th\u00e9\u00e2tre, il \u00e9crivit <em>Le fils nature<\/em> et fut l&rsquo;un des plus ardents propagateurs des id\u00e9es du 18<sup>\u00e8me<\/sup>. Voie cr\u00e9\u00e9e lors de l\u2019am\u00e9nagement du quartier Donzelot et d\u00e9nomm\u00e9e le 16 d\u00e9cembre 1993. La construction de 39 maisons de ville et de 80 logements collectifs a n\u00e9cessit\u00e9 une extension de la voie en 2002.<\/p><h3><strong>Docteur Peneau (rue du)<\/strong><\/h3><p>Fran\u00e7ois Peneau n\u00e9 en 1787 \u00e0 Vertou (Loire Inf\u00e9rieure), d\u00e9c\u00e9d\u00e9 le 12 mars 1866 \u00e0 Neuilly-sur-Marne, chirurgien. Il fut maire de Neuilly vers 1827. Son nom s\u2019\u00e9crit parfois Penaud (d\u00e9lib\u00e9ration du 10 septembre 1894<em>). \u00ab\u00a0Epoux de la veuve Margallant. Docteur en m\u00e9decine dont la charit\u00e9 et la bienveillance pour tous les habitants sont rest\u00e9s en si bon souvenir que la municipalit\u00e9 a donn\u00e9 son nom \u00e0 l&rsquo;une des rues du pays. Mme Veuve Margallant avait h\u00e9rit\u00e9 de l&rsquo;auberge de la poste.\u00a0\u00bb<\/em>, source\u00a0: <em>Neuilly-sur-Marne, ses souvenirs depuis les temps les plus recul\u00e9s jusqu&rsquo;\u00e0 nos jours<\/em>, Abb\u00e9 Charasson, 1903.<\/p><p>Le Conseil Municipal a donn\u00e9 son nom le 10 septembre 1894 \u00e0 la rue Saint-Nicolas.<\/p><h3><strong>Docteur Robert Schapira (rue du)<\/strong><\/h3><p>M\u00e9decin g\u00e9n\u00e9raliste (1915-1994) qui exer\u00e7a de 1949 \u00e0 1983 \u00e0 Neuilly-sur-Marne au 33 boulevard du mar\u00e9chal Foch. Pendant la seconde guerre mondiale, il quitta la France et prit part \u00e0 la campagne d&rsquo;Italie sous les ordres du g\u00e9n\u00e9ral de Lattre de Tassigny. Il \u00e9tait chevalier de la L\u00e9gion d\u2019Honneur et possesseur de la Croix de Guerre avec citation. Nom donn\u00e9 \u00e0 des parties de la rue Penet et de la rue du Jeu de Paume le 24 avril 1997.<\/p><h3><strong>Docteurs Chassigneux (place des)<\/strong><\/h3><p>Jean-Pierre Chassigneux n\u00e9 \u00e0 Paris le 30 novembre 1895, Madeleine Boyer-Chassigneux n\u00e9e le 22 ao\u00fbt 1900 \u00e0 Saint-Mand\u00e9. Nom donn\u00e9 \u00e0 une nouvelle place le 8 octobre 1987. Anciens R\u00e9sistants, ces m\u00e9decins noc\u00e9ens \u00e9taient connus pour leur action sociale vis-\u00e0-vis des Noc\u00e9ens et plus particuli\u00e8rement des plus d\u00e9favoris\u00e9s.<\/p><h3><strong>Duguay Trouin (rue)<\/strong><\/h3><p>Ren\u00e9 Duguay Trouin, marin n\u00e9 \u00e0 Saint-Malo, mort \u00e0 Paris, corsaire du Roi (1673-1736). Voie construite par la r\u00e9sidence Le Marais Saint-Baudile qui lui a donn\u00e9 ce nom le 15 d\u00e9cembre 1966. Ce nom a \u00e9t\u00e9 approuv\u00e9 par le Conseil Municipal le 7 janvier 1967.<\/p><h3><strong>Duperrey (all\u00e9e)<\/strong><\/h3><p>Louis Isidore Duperrey, n\u00e9 \u00e0 Paris le 21 octobre 1786 et mort le 25 ao\u00fbt 1865, \u00e9tait un marin, explorateur et cartographe fran\u00e7ais. Voie priv\u00e9e cr\u00e9\u00e9e par la r\u00e9sidence Le Bailli de Suffren lors de la construction du quartier des Fauvettes.<\/p>\t\t\t\t\t\t\t\t<\/div>\n\t\t\t\t<\/div>\n\t\t\t\t\t<\/div>\n\t\t\t\t<\/div>\n\t\t\t\t\t<\/details>\n\t\t\t\t\t\t<details id=\"e-n-accordion-item-1456\" class=\"e-n-accordion-item\" >\n\t\t\t\t<summary class=\"e-n-accordion-item-title\" data-accordion-index=\"7\" tabindex=\"-1\" aria-expanded=\"false\" aria-controls=\"e-n-accordion-item-1456\" >\n\t\t\t\t\t<span class='e-n-accordion-item-title-header'><div class=\"e-n-accordion-item-title-text\"> E <\/div><\/span>\n\t\t\t\t\t\t\t<span class='e-n-accordion-item-title-icon'>\n\t\t\t<span class='e-opened' ><svg aria-hidden=\"true\" class=\"e-font-icon-svg e-fas-minus\" viewBox=\"0 0 448 512\" xmlns=\"http:\/\/www.w3.org\/2000\/svg\"><path d=\"M416 208H32c-17.67 0-32 14.33-32 32v32c0 17.67 14.33 32 32 32h384c17.67 0 32-14.33 32-32v-32c0-17.67-14.33-32-32-32z\"><\/path><\/svg><\/span>\n\t\t\t<span class='e-closed'><svg aria-hidden=\"true\" class=\"e-font-icon-svg e-fas-plus\" viewBox=\"0 0 448 512\" xmlns=\"http:\/\/www.w3.org\/2000\/svg\"><path d=\"M416 208H272V64c0-17.67-14.33-32-32-32h-32c-17.67 0-32 14.33-32 32v144H32c-17.67 0-32 14.33-32 32v32c0 17.67 14.33 32 32 32h144v144c0 17.67 14.33 32 32 32h32c17.67 0 32-14.33 32-32V304h144c17.67 0 32-14.33 32-32v-32c0-17.67-14.33-32-32-32z\"><\/path><\/svg><\/span>\n\t\t<\/span>\n\n\t\t\t\t\t\t<\/summary>\n\t\t\t\t<div role=\"region\" aria-labelledby=\"e-n-accordion-item-1456\" class=\"elementor-element elementor-element-4f6472c e-flex e-con-boxed e-con e-child\" data-id=\"4f6472c\" data-element_type=\"container\" data-e-type=\"container\">\n\t\t\t\t\t<div class=\"e-con-inner\">\n\t\t\t\t<div class=\"elementor-element elementor-element-7543be4 elementor-widget elementor-widget-text-editor\" data-id=\"7543be4\" data-element_type=\"widget\" data-e-type=\"widget\" data-widget_type=\"text-editor.default\">\n\t\t\t\t<div class=\"elementor-widget-container\">\n\t\t\t\t\t\t\t\t\t<h3><strong>Ecluse (chemin de l\u2019)<\/strong><\/h3><p>Chemin menant \u00e0 l&rsquo;\u00e9cluse \u00e9difi\u00e9e lors de la construction du canal achev\u00e9 vers 1870. L&rsquo;\u00e9cluse est un ouvrage am\u00e9nag\u00e9 entre deux plans d&rsquo;eau de niveau diff\u00e9rent pour permettre aux bateaux de passer de l&rsquo;un \u00e0 l&rsquo;autre.<\/p><h3><strong>Edith Piaf (rue)<\/strong><\/h3><p>De son vrai nom Giovanna Gassion (1915-1953), la \u00ab m\u00f4me Piaf \u00bb fut une des plus grandes figures de la chanson fran\u00e7aise. Elle a inspir\u00e9 des auteurs de qualit\u00e9 et a r\u00e9v\u00e9l\u00e9 de nombreux jeunes talents. Cette voie, cr\u00e9\u00e9e en 1991 entre la rue de la Fertile Plaine et la rue Jacques Brel, a \u00e9t\u00e9 nomm\u00e9e par le Conseil Municipal le 23 mai 1991.<\/p><h3><strong>Egalit\u00e9 (rue de l\u2019)<\/strong><\/h3><p>Voie cr\u00e9\u00e9e et nomm\u00e9e par le lotissement l\u2019Epi d\u2019Or vers 1911, elle a \u00e9t\u00e9 class\u00e9e dans la voirie communale en 1943. Elle a \u00e9t\u00e9 prolong\u00e9e par une portion de voie priv\u00e9e construite par le lotissement Le Parc de Neuilly \u00e0 la fin des ann\u00e9es 1950.<\/p><h3><strong>Eglantines (rue des)<\/strong><\/h3><p>Voie priv\u00e9e de la cit\u00e9 La Ruelle Marguerite cr\u00e9\u00e9e et d\u00e9nomm\u00e9e par son propri\u00e9taire vers 1960.<\/p><h3><strong>Emile Cossonneau (rue)<\/strong><\/h3><p>Ouvrier serrurier, Emile Cossonneau (1893-1943) adh\u00e9ra au Parti Communiste en 1929. Il devint maire de Gagny en 1935 et fut d\u00e9put\u00e9 de Seine et Oise de 1936 \u00e0 1942. Arr\u00eat\u00e9 le 8 octobre 1939 et d\u00e9chu de son mandat le 20 f\u00e9vrier 1940, il fut condamn\u00e9 et transf\u00e9r\u00e9 au groupe p\u00e9nitentiaire de Maison-Carr\u00e9 en Alg\u00e9rie. Lib\u00e9r\u00e9 le 5 f\u00e9vrier 1943 par les Alli\u00e9s, il gagna Londres. Son avion fut abattu dans la nuit du 10 au 11 d\u00e9cembre 1943 alors qu&rsquo;il rejoignait la France. Son nom a \u00e9t\u00e9 donn\u00e9 \u00e0 une partie de la rue de Paris le 27 octobre 1944. Emile Cossonneau \u00e9tait proche de Th\u00e9ophile Gaubert, maire de Neuilly-sur-Marne \u00e0 partir de 1935.<\/p><h3><strong>Emile Zola (rue)<\/strong><\/h3><p>Ecrivain fran\u00e7ais (1840-1902), chef de l&rsquo;\u00e9cole naturaliste. Il prit parti dans les luttes politiques et \u00e9crivit notamment \u00ab\u00a0J&rsquo;accuse\u00a0\u00bb en 1898. Voie cr\u00e9\u00e9e lors de l\u2019am\u00e9nagement du quartier Donzelot et d\u00e9nomm\u00e9e le 16 d\u00e9cembre 1993.<\/p><h3><strong>Empereur (chemin de l\u2019)<\/strong><\/h3><p>Ce nom viendrait de l&rsquo;Empereur Napol\u00e9on qui aurait aim\u00e9 venir y galoper quand il s\u00e9journait dans la maison de Jos\u00e9phine \u00e0 Noisy-le-Grand.<\/p><h3><strong>Epargne (rue de l\u2019)<\/strong><\/h3><p>Voie cr\u00e9\u00e9e et nomm\u00e9e par le lotissement l\u2019Epi d\u2019Or vers 1911, elle a \u00e9t\u00e9 class\u00e9e dans la voirie communale en 1943.<\/p><h3><strong>Epi d\u2019or (rue de l\u2019)<\/strong><\/h3><p>Voie cr\u00e9\u00e9e et nomm\u00e9e par le lotissement l\u2019Epi d\u2019Or vers 1911, elle a \u00e9t\u00e9 class\u00e9e dans la voirie communale en 1943.<\/p><h3><strong>Ermitage (rue de l\u2019)<\/strong><\/h3><p>La rue de l&rsquo;Ermitage appartenait au lotissement \u00ab\u00a0Domaine de la Maltourn\u00e9e\u00a0\u00bb qui l\u2019a construite vers 1910. Elle a \u00e9t\u00e9 class\u00e9e dans la voirie communale en 1938 en conservant son nom.<\/p><h3><strong>Estienne d\u2019Orves (rue)<\/strong><\/h3><p>Voie cr\u00e9\u00e9e et nomm\u00e9e rue du Centre par le lotissement Les 24 arpents vers 1900. Cette avenue a \u00e9t\u00e9 class\u00e9e dans la voirie communale en 1940. Honor\u00e9 d\u2019Estienne d\u2019Orves, officier de marine (1901-1941). Consid\u00e9r\u00e9 comme un des pionniers de la R\u00e9sistance, les Allemands le fusill\u00e8rent au Mont Val\u00e9rien. Son nom a \u00e9t\u00e9 donn\u00e9 le 27 octobre 1944 \u00e0 l\u2019ancienne rue du Centre.<\/p><h3><strong>Eug\u00e8ne Fromentin (avenue)<\/strong><\/h3><p>Ancien Adjoint au Maire, nomm\u00e9 par le pouvoir central en f\u00e9vrier 1869. Son nom a \u00e9t\u00e9 donn\u00e9 \u00e0 cette voie, ancienne rue des Plantes cr\u00e9\u00e9e vers 1914, par une d\u00e9lib\u00e9ration du 2 mars 1935. Par cet acte, la Municipalit\u00e9 voulait perp\u00e9tuer le nom d\u2019une des plus vieilles familles de la ville.<\/p><h3><strong>Europe (square de l\u2019)<\/strong><\/h3><p>Square du quartier des Fauvettes d\u00e9nomm\u00e9 le 24 novembre 1972.<\/p>\t\t\t\t\t\t\t\t<\/div>\n\t\t\t\t<\/div>\n\t\t\t\t\t<\/div>\n\t\t\t\t<\/div>\n\t\t\t\t\t<\/details>\n\t\t\t\t\t\t<details id=\"e-n-accordion-item-1457\" class=\"e-n-accordion-item\" >\n\t\t\t\t<summary class=\"e-n-accordion-item-title\" data-accordion-index=\"8\" tabindex=\"-1\" aria-expanded=\"false\" aria-controls=\"e-n-accordion-item-1457\" >\n\t\t\t\t\t<span class='e-n-accordion-item-title-header'><div class=\"e-n-accordion-item-title-text\"> F <\/div><\/span>\n\t\t\t\t\t\t\t<span class='e-n-accordion-item-title-icon'>\n\t\t\t<span class='e-opened' ><svg aria-hidden=\"true\" class=\"e-font-icon-svg e-fas-minus\" viewBox=\"0 0 448 512\" xmlns=\"http:\/\/www.w3.org\/2000\/svg\"><path d=\"M416 208H32c-17.67 0-32 14.33-32 32v32c0 17.67 14.33 32 32 32h384c17.67 0 32-14.33 32-32v-32c0-17.67-14.33-32-32-32z\"><\/path><\/svg><\/span>\n\t\t\t<span class='e-closed'><svg aria-hidden=\"true\" class=\"e-font-icon-svg e-fas-plus\" viewBox=\"0 0 448 512\" xmlns=\"http:\/\/www.w3.org\/2000\/svg\"><path d=\"M416 208H272V64c0-17.67-14.33-32-32-32h-32c-17.67 0-32 14.33-32 32v144H32c-17.67 0-32 14.33-32 32v32c0 17.67 14.33 32 32 32h144v144c0 17.67 14.33 32 32 32h32c17.67 0 32-14.33 32-32V304h144c17.67 0 32-14.33 32-32v-32c0-17.67-14.33-32-32-32z\"><\/path><\/svg><\/span>\n\t\t<\/span>\n\n\t\t\t\t\t\t<\/summary>\n\t\t\t\t<div role=\"region\" aria-labelledby=\"e-n-accordion-item-1457\" class=\"elementor-element elementor-element-90b870e e-flex e-con-boxed e-con e-child\" data-id=\"90b870e\" data-element_type=\"container\" data-e-type=\"container\">\n\t\t\t\t\t<div class=\"e-con-inner\">\n\t\t\t\t<div class=\"elementor-element elementor-element-6361d32 elementor-widget elementor-widget-text-editor\" data-id=\"6361d32\" data-element_type=\"widget\" data-e-type=\"widget\" data-widget_type=\"text-editor.default\">\n\t\t\t\t<div class=\"elementor-widget-container\">\n\t\t\t\t\t\t\t\t\t<h3><strong>Farandole (place de la)<\/strong><\/h3><p>Place nomm\u00e9e par le Conseil Municipal le 29 avril 2004. Elle est situ\u00e9e sur le site de l\u2019h\u00f4pital de Maison Blanche et donne acc\u00e8s \u00e0 la cr\u00e8che La Farandole et au centre de long s\u00e9jour La Roseraie.<\/p><h3><strong>Fauvettes (rue des)<\/strong><\/h3><p>Un sentier des Fauvettes existait d\u00e9j\u00e0 au 19<sup>\u00e8me<\/sup> si\u00e8cle. Certains y voient une transposition des cornettes des s\u0153urs dont les propri\u00e9t\u00e9s furent \u00e0 l\u2019origine du quartier (extrait d\u2019<em>Histoires noc\u00e9ennes<\/em>, Association Fran\u00e7ois-Xavier Donzelot, 2014).<\/p><h3><strong>Ferdinand Buisson (boulevard)<\/strong><\/h3><p>P\u00e9dagogue fran\u00e7ais (1841-1932). Collaborateur de Jules Ferry, il fut l&rsquo;un des fondateurs de la Ligue des Droits de l&rsquo;Homme, prix Nobel de la Paix 1927. Voie nouvelle du quartier des Primev\u00e8res d\u00e9nomm\u00e9e par le Conseil Municipal le 25 f\u00e9vrier 1972.<\/p><h3><strong>Fertile Plaine (rue de la)<\/strong><\/h3><p>Voie cr\u00e9\u00e9e et nomm\u00e9e par le lotissement La Fertile Plaine vers 1920, class\u00e9e dans la voirie communale vers 1937. Le 23 mai 1991, le Conseil Municipal a confirm\u00e9 ce nom en le donnant au prolongement de cette voie.<\/p><h3><strong>Flandres (all\u00e9e des)<\/strong><\/h3><p>Nom d\u2019une province de France donn\u00e9 le 29 septembre 1968 \u00e0 une voie construite lors de la cr\u00e9ation du quartier des Fauvettes.<\/p><h3><strong>Fontainebleau (esplanade)<\/strong><\/h3><p>Chef-lieu d&rsquo;arrondissement de Seine-et-Marne, ch\u00e2teau royal d&rsquo;origine m\u00e9di\u00e9vale reconstruit \u00e0 partir de 1528 pour Fran\u00e7ois 1er. Nom donn\u00e9 le 21 mai 1971 \u00e0 une esplanade du quartier des Fauvettes en cours de construction.<\/p><h3><strong>Foulques (rue)<\/strong><\/h3><p>Cette rue, cr\u00e9\u00e9e au milieu du 19\u00e8me si\u00e8cle, correspond \u00e0 une partie du trac\u00e9 original de la rue Foulques, avant son prolongement. Elle a \u00e9t\u00e9 class\u00e9e comme chemin vicinal n\u00b09 en 1903. Parmi les anciens occupants de la rue Foulques, nous pouvons citer Monsieur Bourgine, charron-forgeron dont les locaux se trouvaient \u00e0 l\u2019angle avec la rue de Paris (actuelle RN 34). Le conseil municipal lui demande, en 1901, d\u2019enlever les v\u00e9hicules qui encombrent la rue Foulques. Foulques \u00e9tait un pr\u00eatre n\u00e9 \u00e0 Neuilly-sur-Marne vers 1170-1172. Charg\u00e9 par le Pape Innocent III de pr\u00eacher la quatri\u00e8me croisade (1199). Mort en ao\u00fbt 1202 pr\u00e8s du chantier de construction de l\u2019\u00e9glise Saint-Baudile.<\/p><h3><strong>Fran\u00e7ois Mauriac (avenue)<\/strong><\/h3><p>Ecrivain et journaliste fran\u00e7ais n\u00e9 \u00e0 Bordeaux. Acad\u00e9micien, prix Nobel 1952 (1885-1970). Voie nouvelle du quartier des Primev\u00e8res d\u00e9nomm\u00e9e par le Conseil Municipal le 25 f\u00e9vrier 1972.<\/p><h3><strong>Fran\u00e7ois Mitterrand (place)<\/strong><\/h3><p>Fran\u00e7ois Mitterrand (1916-1996) homme politique fran\u00e7ais. Pr\u00e9sident de la R\u00e9publique de 1981 \u00e0 1995. Son nom a \u00e9t\u00e9 donn\u00e9 \u00e0 la place devant l\u2019h\u00f4tel de ville le 8 f\u00e9vrier 1996.<\/p><h3><strong>Fran\u00e7ois Villon (avenue)<\/strong><\/h3><p>Po\u00e8te fran\u00e7ais (1431- apr\u00e8s 1463). Voie priv\u00e9e nouvelle nomm\u00e9e par le Conseil Municipal le 8 octobre 1981.<\/p><h3><strong>Fraternit\u00e9 (all\u00e9e de la)<\/strong><\/h3><p>Voie nouvelle nomm\u00e9e le 20 avril 1989.<\/p><h3><strong>Fr\u00e9d\u00e9ric Passy (rue)<\/strong><\/h3><p>Economiste et pacifiste ardent (1822-1912), prix Nobel de la paix en 1901. Voie nouvelle du quartier des Primev\u00e8res d\u00e9nomm\u00e9e le 25 f\u00e9vrier 1972.<\/p><h3><strong>Fr\u00e8res Lumi\u00e8re (rue des)<\/strong><\/h3><p>Auguste (1862-1954) et Louis (1864-1948) Lumi\u00e8re. Industriels, inventeurs et r\u00e9alisateurs du cin\u00e9matographe (1895), auteurs de travaux sur la photographie. Voie de la zone industrielle Les Chanoux cr\u00e9\u00e9e dans les ann\u00e9es 1970 et nomm\u00e9e par le Conseil Municipal le 24 avril 1975.<\/p><h3><strong>Fr\u00e8res Tisserand (rue des)<\/strong><\/h3><p>Anciennement rue des Cent-Dix. Voie cr\u00e9\u00e9e par le lotissement l\u2019Epi d\u2019Or vers 1904, elle a \u00e9t\u00e9 class\u00e9e dans la voirie communale en 1943. Les Fr\u00e8res Tisserand sont morts pour la France, morts au champ d\u2019honneur en 1940. Ils r\u00e9sidaient, ainsi que leur famille, dans le quartier de l\u2019Epi d\u2019Or. Leur nom a \u00e9t\u00e9 donn\u00e9 \u00e0 la rue des Cent-dix par une d\u00e9lib\u00e9ration du 20 f\u00e9vrier 1955. L\u2019ancien nom de cette voie peut s\u2019expliquer par le fait que le lotissement comportait 110 lots \u00e0 b\u00e2tir.<\/p>\t\t\t\t\t\t\t\t<\/div>\n\t\t\t\t<\/div>\n\t\t\t\t\t<\/div>\n\t\t\t\t<\/div>\n\t\t\t\t\t<\/details>\n\t\t\t\t\t\t<details id=\"e-n-accordion-item-1458\" class=\"e-n-accordion-item\" >\n\t\t\t\t<summary class=\"e-n-accordion-item-title\" data-accordion-index=\"9\" tabindex=\"-1\" aria-expanded=\"false\" aria-controls=\"e-n-accordion-item-1458\" >\n\t\t\t\t\t<span class='e-n-accordion-item-title-header'><div class=\"e-n-accordion-item-title-text\"> G <\/div><\/span>\n\t\t\t\t\t\t\t<span class='e-n-accordion-item-title-icon'>\n\t\t\t<span class='e-opened' ><svg aria-hidden=\"true\" class=\"e-font-icon-svg e-fas-minus\" viewBox=\"0 0 448 512\" xmlns=\"http:\/\/www.w3.org\/2000\/svg\"><path d=\"M416 208H32c-17.67 0-32 14.33-32 32v32c0 17.67 14.33 32 32 32h384c17.67 0 32-14.33 32-32v-32c0-17.67-14.33-32-32-32z\"><\/path><\/svg><\/span>\n\t\t\t<span class='e-closed'><svg aria-hidden=\"true\" class=\"e-font-icon-svg e-fas-plus\" viewBox=\"0 0 448 512\" xmlns=\"http:\/\/www.w3.org\/2000\/svg\"><path d=\"M416 208H272V64c0-17.67-14.33-32-32-32h-32c-17.67 0-32 14.33-32 32v144H32c-17.67 0-32 14.33-32 32v32c0 17.67 14.33 32 32 32h144v144c0 17.67 14.33 32 32 32h32c17.67 0 32-14.33 32-32V304h144c17.67 0 32-14.33 32-32v-32c0-17.67-14.33-32-32-32z\"><\/path><\/svg><\/span>\n\t\t<\/span>\n\n\t\t\t\t\t\t<\/summary>\n\t\t\t\t<div role=\"region\" aria-labelledby=\"e-n-accordion-item-1458\" class=\"elementor-element elementor-element-acd41c9 e-flex e-con-boxed e-con e-child\" data-id=\"acd41c9\" data-element_type=\"container\" data-e-type=\"container\">\n\t\t\t\t\t<div class=\"e-con-inner\">\n\t\t\t\t<div class=\"elementor-element elementor-element-7dfc13b elementor-widget elementor-widget-text-editor\" data-id=\"7dfc13b\" data-element_type=\"widget\" data-e-type=\"widget\" data-widget_type=\"text-editor.default\">\n\t\t\t\t<div class=\"elementor-widget-container\">\n\t\t\t\t\t\t\t\t\t<h3><strong>Gabrielle (impasse)<\/strong><\/h3><p>Selon un courrier de M. \u00ab\u00a0Grimoldi\u00a0\u00bb du 15\/01\/1897, la rue a \u00e9t\u00e9 trac\u00e9e par M. Rafin lors du lotissement de son terrain. La rue n&rsquo;appartenait \u00e0 personne \u00e0 cette date. Le sol de voie a \u00e9t\u00e9 acquis par la ville dans les ann\u00e9es 1980.<\/p><h3><strong>Gabrielle (rue)<\/strong><\/h3><p>Selon un courrier de M. \u00ab\u00a0Grimoldi\u00a0\u00bb du 15\/01\/1897, la rue a \u00e9t\u00e9 trac\u00e9e par M. Rafin lors du lotissement de son terrain. La rue n&rsquo;appartenait \u00e0 personne \u00e0 cette date. Le sol de voie a \u00e9t\u00e9 acquis par la ville dans les ann\u00e9es 1980.<\/p><h3><strong>Gambetta (rue)<\/strong><\/h3><p>L\u00e9on Gambetta (1838-1882). Homme d&rsquo;Etat, il demanda la d\u00e9ch\u00e9ance de l&rsquo;Empereur et proclama la R\u00e9publique depuis l&rsquo;H\u00f4tel de Ville de Paris le 4 septembre 1870. Le Conseil Municipal a donn\u00e9 son nom le 10 septembre 1894 \u00e0 la rue du Bois. La rue semble avoir \u00e9t\u00e9 prolong\u00e9e vers 1921 par une partie priv\u00e9e entre la rue du Colonel Moll et le boulevard de la R\u00e9publique.<\/p><h3><strong>Gare (place de la)<\/strong><\/h3><p>Li\u00e9e \u00e0 la construction de la gare vers 1928.<\/p><h3><strong>Gaston Deferre (all\u00e9e)<\/strong><\/h3><p>Ancien r\u00e9sistant et homme politique (1910-1986), ayant exerc\u00e9 successivement de 1945 \u00e0 1986, les fonctions de Maire de Marseille, de d\u00e9put\u00e9 des Bouches du Rh\u00f4ne, Ministre de l&rsquo;int\u00e9rieur. Voie priv\u00e9e nouvelle nomm\u00e9e par le Conseil Municipal le 17 d\u00e9cembre 1987.<\/p><h3><strong>Gaston Navailles (rue)<\/strong><\/h3><p>Gaston Pierre Navailles, n\u00e9 le 17 janvier 1908 \u00e0 Paulhac (Haute-Loire), domicili\u00e9 \u00e0 Neuilly, 5 rue de la Libert\u00e9. Champion de France de boxe poids lourds, international de lutte et de catch. Sergent-chef au 2\u00e8me r\u00e9giment de chasseurs parachutistes. H\u00e9ros de la R\u00e9sistance. Fusill\u00e9 par les Allemands le 20 juin 1944 au lieu-dit La Vachegarde (ou Hachegarde), mairie de S\u00e9rent (Morbihan) ou bien \u00e0 St Marcel en Malestroit (Morbihan). Son nom a \u00e9t\u00e9 donn\u00e9 le 6 juillet 1949 \u00e0 la grande all\u00e9e des Fauvettes.<\/p><h3><strong>Gavroche (all\u00e9e)<\/strong><\/h3><p>Personnage du roman <em>Les Mis\u00e9rables<\/em> de Victor Hugo. Gamin de Paris railleur, il meurt sur les barricades de l&rsquo;insurrection de 1832 en chantant <em>\u00ab\u00a0la faute \u00e0 Voltaire, la faute \u00e0 Rousseau\u00a0\u00bb<\/em>. Voie priv\u00e9e nouvelle desservant alors le foyer des Gavroches, d\u00e9nomm\u00e9e par le Conseil Municipal le 17 septembre 1992.<\/p><h3><strong>G\u00e9n\u00e9ral de Gaulle (avenue du)<\/strong><\/h3><p>Charles de Gaulle (1890-1970) militaire et homme politique fran\u00e7ais. Le Conseil Municipal a donn\u00e9 son nom le 31 mai 1965 \u00e0 la partie de la rue de Paris (route nationale 34) comprise entre l&rsquo;avenue Paul Doumer (actuelle rue des martyrs de la d\u00e9portation) et la rue Pasteur.<\/p><h3><strong>G\u00e9n\u00e9ral Donzelot (rue du)<\/strong><\/h3><p>Fran\u00e7ois-Xavier Donzelot (n\u00e9 le 7 janvier 1764 \u00e0 Mamirolle, Doubs &#8211; mort le 11 juin 1843 \u00e0 Neuilly-sur-Marne). Ce militaire fran\u00e7ais a servi notamment dans les arm\u00e9es de la R\u00e9volution et de l&rsquo;Empire. Son nom est grav\u00e9 sur l\u2019arc de triomphe \u00e0 Paris. Pour plus de d\u00e9tails sur sa carri\u00e8re militaire, voir le livre <em>Neuilly-sur-Marne 1000 ans<\/em>. A partir de 1804, il rach\u00e8te progressivement les terres du domaine de Ville-Evrard. Il y prend sa retraite en 1825. En plus de l\u2019h\u00f4pital de Ville-Evrard ouvert en 1868, de nombreux \u00e9quipements publics actuels sont construits sur des terres venant de cet important domaine. Ainsi, le 17 avril 1854, les h\u00e9ritiers du G\u00e9n\u00e9ral Donzelot ont donn\u00e9 \u00e0 la commune un terrain pour \u00e9tablir le cimeti\u00e8re (agrandi depuis). Un espace de 20 m\u00b2 y \u00e9tait r\u00e9serv\u00e9 \u00e0 perp\u00e9tuit\u00e9 pour servir de s\u00e9pulture aux membres de la famille du g\u00e9n\u00e9ral. Ce sont \u00e9galement des terres du g\u00e9n\u00e9ral Donzelot qui furent donn\u00e9es pour le creusement du canal qui d\u00e9buta vers 1850. Son nom a \u00e9t\u00e9 donn\u00e9 \u00e0 la rue de Ville Evrard le 10 septembre 1894.<\/p><h3><strong>G\u00e9n\u00e9ral Le Corguill\u00e9 (rue du)<\/strong><\/h3><p>Jean Alexandre D\u00e9sir\u00e9 Le Corguill\u00e9 n\u00e9 \u00e0 Neuilly-sur-Marne le 24 mars 1893, cit\u00e9 \u00e0 l&rsquo;ordre du r\u00e9giment le 24 juillet 1916 et d\u00e9c\u00e9d\u00e9 le 27 octobre 1965 \u00e0 l\u2019h\u00f4pital B\u00e9gin de Saint-Mand\u00e9. En 1934, il commandait l\u2019une des compagnies qui d\u00e9fendaient le Palais Bourbon contre les \u00e9meutes fascistes. Il fut membre de la R\u00e9sistance pendant l\u2019occupation allemande au sein du Mouvement de Lib\u00e9ration du Nord puis des Forces Fran\u00e7aises de l\u2019Int\u00e9rieur (F.F.I.). Le g\u00e9n\u00e9ral de brigade Le Corguill\u00e9 a re\u00e7u plusieurs d\u00e9corations dont la croix de guerre, la m\u00e9daille de la r\u00e9sistance et la L\u00e9gion d\u2019honneur. C\u2019\u00e9tait un r\u00e9publicain dont on trouve la trace dans l\u2019Association Nationale des Anciens Combattants de la R\u00e9sistance (ANACR) ou le Secours Populaire. C\u2019\u00e9tait un humaniste dont on trouve la signature sur des articles publi\u00e9s par la revue du M.R.A.P. dans les ann\u00e9es 50. Son inhumation \u00e0 Neuilly le 29 octobre 1965 a r\u00e9uni des repr\u00e9sentants de plusieurs associations d\u2019anciens combattants. Le nom de cette rue a toujours \u00e9t\u00e9 \u00e9crit de fa\u00e7ons diff\u00e9rentes et ce, m\u00eame dans la d\u00e9lib\u00e9ration du 27 juin 1969 qui d\u00e9nomme la voie. Le d\u00e9placement de cette voie en 2012 a \u00e9t\u00e9 l\u2019occasion de rectifier cette erreur et de faire red\u00e9couvrir ce Noc\u00e9en.<\/p><h3><strong>G\u00e9n\u00e9ral Schmitz (rue du)<\/strong><\/h3><p>Isidore, Pierre Schmitz (Neuilly-sur-Marne 21 juillet 1820 \u2013 Paris 1892). G\u00e9n\u00e9ral fran\u00e7ais, fils du Baron Nicolas Schmitz, il fit les campagnes d\u2019Alg\u00e9rie, de Crim\u00e9e, fut nomm\u00e9 officier d\u2019ordonnance de Napol\u00e9on III et en 1859 l\u2019Empereur l\u2019envoya porter \u00e0 l\u2019Imp\u00e9ratrice r\u00e9gente les drapeaux pris \u00e0 Magenta. Il prit ensuite part \u00e0 la guerre de Chine (1860) puis \u00e0 la 2\u00e8me guerre d\u2019Italie (1866-1867). Au d\u00e9but de la guerre Franco-allemande, il fut appel\u00e9 aupr\u00e8s du g\u00e9n\u00e9ral Trochu comme chef de l\u2019\u00e9tat-major g\u00e9n\u00e9ral de l\u2019Arm\u00e9e de Paris. Membre du Conseil Sup\u00e9rieur de la Guerre de 1874 \u00e0 1886. Son nom a \u00e9t\u00e9 donn\u00e9 \u00e0 l\u2019ancienne rue du cimeti\u00e8re le 10 septembre 1894. Il est \u00e0 noter que la d\u00e9lib\u00e9ration transcrit son nom de fa\u00e7on incorrecte (Schmith). Cette voie d\u00e9sign\u00e9e \u00e9galement sous le nom de chemin vicinal n\u00b02 \u00e9tait prolong\u00e9e au-del\u00e0 du cimeti\u00e8re par le chemin rural du petit bois jusqu\u2019au chemin de Meaux (actuelle rue Louis Vannini). Aujourd\u2019hui, la rue du G\u00e9n\u00e9ral Schmitz s\u2019arr\u00eate devant un b\u00e2timent communal, le Centre Technique Municipal construit en 1998. L\u2019actuelle rue du G\u00e9n\u00e9ral Schmitz ne pourrait plus s\u2019appeler rue du cimeti\u00e8re.<\/p><h3><strong>Georges Braque (all\u00e9e)<\/strong><\/h3><p>All\u00e9e reliant la rue d\u2019Anjou et la rue de Suffren, d\u00e9nomm\u00e9e par le Conseil Municipal le 21 janvier 2016.<\/p><h3><strong>Georges Brassens (all\u00e9e)<\/strong><\/h3><p>Chanteur fran\u00e7ais (1921-1981). Voie priv\u00e9e nouvelle d\u00e9nomm\u00e9e par le Conseil Municipal le 15 mai 1986.<\/p><h3><strong>G\u00e9rard de Nerval (all\u00e9e)<\/strong><\/h3><p>G\u00e9rard Labrunie, dit G\u00e9rard de Nerval, est un \u00e9crivain et un po\u00e8te fran\u00e7ais, n\u00e9 le 22 mai 1808 \u00e0 Paris, ville o\u00f9 il est mort le 26 janvier 1855. Voie nouvelle du quartier de Maison-Blanche d\u00e9nomm\u00e9e par le Conseil Municipal le 30 janvier 2019.<\/p><h3><strong>G\u00e9rard Philippe (rue)<\/strong><\/h3><p>Acteur et com\u00e9dien (1929-1959). Il a \u00e9t\u00e9 le meilleur jeune premier h\u00e9ro\u00efque de sa g\u00e9n\u00e9ration. Avec Jean Vilar, il a d\u00e9velopp\u00e9 le festival d\u2019Avignon et le Th\u00e9\u00e2tre National Populaire. Voie cr\u00e9\u00e9e en 1991 et nomm\u00e9e le 23 mai 1991.<\/p><h3><strong>Glycines (rue des)<\/strong><\/h3><p>Voie cr\u00e9\u00e9e par le lotissement Les 24 arpents vers 1900. Cette rue a \u00e9t\u00e9 class\u00e9e dans la voirie communale en 1940. Son premier nom \u00e9tait la rue des 24 arpents mais, pour \u00e9viter toute confusion avec l\u2019avenue du m\u00eame nom, l\u2019association syndicale l\u2019a d\u00e9nomm\u00e9e rue des Glycines \u00e0 partir du 1er juin 1926.<\/p><h3><strong>Grand cerf (all\u00e9e du)<\/strong><\/h3><p>Venelle cr\u00e9\u00e9e lors des travaux d\u2019am\u00e9nagement du centre-ville et d\u00e9nomm\u00e9e par le Conseil Municipal le 27 juin 2013. Ce nom fait r\u00e9f\u00e9rence au caf\u00e9-restaurant du Grand cerf autrefois install\u00e9 rue Th\u00e9ophile Gaubert.<\/p><h3><strong>Grille (chemin de la)<\/strong><\/h3><p>Voie ancienne mais am\u00e9nag\u00e9e en 1976. Le 14 octobre 2004, le Conseil Municipal a \u00e9galement d\u00e9nomm\u00e9 ainsi une voie priv\u00e9e interne \u00e0 la r\u00e9sidence Le Domaine des Pervenches.<\/p><h3><strong>Guette (rue de la)<\/strong><\/h3><p>Rue construite par le lotissement La Guette vers 1910. Ce nom vient d\u2019un lieu-dit pr\u00e9existant. Class\u00e9e dans la voirie communale en 1969.<\/p><h3><strong>Guillaume Apollinaire (all\u00e9e)<\/strong><\/h3><p>Guillaume Albert Vladimir Alexandre Apollinaire de Kostrowitzky, dit Guillaume Apollinaire, est un po\u00e8te et \u00e9crivain fran\u00e7ais, critique et th\u00e9oricien d&rsquo;art qui serait n\u00e9 sujet polonais de l&rsquo;Empire russe, le 26 ao\u00fbt 1880 \u00e0 Rome. Voie nouvelle du quartier de Maison-Blanche d\u00e9nomm\u00e9e par le Conseil Municipal le 30 janvier 2019.<\/p><h3><strong>Guillaume Tell (all\u00e9e)<\/strong><\/h3><p>H\u00e9ros l\u00e9gendaire de l&rsquo;ind\u00e9pendance suisse qui v\u00e9cut au d\u00e9but du 14<sup>\u00e8me<\/sup> si\u00e8cle. Voie priv\u00e9e nouvelle d\u00e9nomm\u00e9e par son organisme propri\u00e9taire le 9 janvier 1967. Nom approuv\u00e9 par le Conseil Municipal le 28 janvier 1967.<\/p><h3><strong>Guynemer (all\u00e9e)<\/strong><\/h3><p>Georges Guynemer (1894-1917). Aviateur fran\u00e7ais n\u00e9 \u00e0 Paris. Commandant l&rsquo;escadrille des cigognes, il \u00e9tait titulaire de 54 victoires lorsqu&rsquo;il fut abattu. Son h\u00e9ro\u00efsme en a fait une figure l\u00e9gendaire de l&rsquo;aviation fran\u00e7aise. L&rsquo;actuelle all\u00e9e Guynemer est un passage cr\u00e9\u00e9 dans la r\u00e9sidence Les Crois\u00e9s pour permettre de joindre la place de l&rsquo;\u00e9glise et la place Stalingrad. A cet endroit, passait auparavant la rue Guynemer. Au 19<sup>\u00e8me<\/sup> si\u00e8cle, rue de la Marne puis Hippolyte Maze \u00e0 partir de 1894. L\u2019all\u00e9e a \u00e9t\u00e9 d\u00e9nomm\u00e9e par le Conseil Municipal le 9 mars 1978.<\/p>\t\t\t\t\t\t\t\t<\/div>\n\t\t\t\t<\/div>\n\t\t\t\t\t<\/div>\n\t\t\t\t<\/div>\n\t\t\t\t\t<\/details>\n\t\t\t\t\t\t<details id=\"e-n-accordion-item-1459\" class=\"e-n-accordion-item\" >\n\t\t\t\t<summary class=\"e-n-accordion-item-title\" data-accordion-index=\"10\" tabindex=\"-1\" aria-expanded=\"false\" aria-controls=\"e-n-accordion-item-1459\" >\n\t\t\t\t\t<span class='e-n-accordion-item-title-header'><div class=\"e-n-accordion-item-title-text\"> H <\/div><\/span>\n\t\t\t\t\t\t\t<span class='e-n-accordion-item-title-icon'>\n\t\t\t<span class='e-opened' ><svg aria-hidden=\"true\" class=\"e-font-icon-svg e-fas-minus\" viewBox=\"0 0 448 512\" xmlns=\"http:\/\/www.w3.org\/2000\/svg\"><path d=\"M416 208H32c-17.67 0-32 14.33-32 32v32c0 17.67 14.33 32 32 32h384c17.67 0 32-14.33 32-32v-32c0-17.67-14.33-32-32-32z\"><\/path><\/svg><\/span>\n\t\t\t<span class='e-closed'><svg aria-hidden=\"true\" class=\"e-font-icon-svg e-fas-plus\" viewBox=\"0 0 448 512\" xmlns=\"http:\/\/www.w3.org\/2000\/svg\"><path d=\"M416 208H272V64c0-17.67-14.33-32-32-32h-32c-17.67 0-32 14.33-32 32v144H32c-17.67 0-32 14.33-32 32v32c0 17.67 14.33 32 32 32h144v144c0 17.67 14.33 32 32 32h32c17.67 0 32-14.33 32-32V304h144c17.67 0 32-14.33 32-32v-32c0-17.67-14.33-32-32-32z\"><\/path><\/svg><\/span>\n\t\t<\/span>\n\n\t\t\t\t\t\t<\/summary>\n\t\t\t\t<div role=\"region\" aria-labelledby=\"e-n-accordion-item-1459\" class=\"elementor-element elementor-element-bce0e02 e-flex e-con-boxed e-con e-child\" data-id=\"bce0e02\" data-element_type=\"container\" data-e-type=\"container\">\n\t\t\t\t\t<div class=\"e-con-inner\">\n\t\t\t\t<div class=\"elementor-element elementor-element-6f7db6e elementor-widget elementor-widget-text-editor\" data-id=\"6f7db6e\" data-element_type=\"widget\" data-e-type=\"widget\" data-widget_type=\"text-editor.default\">\n\t\t\t\t<div class=\"elementor-widget-container\">\n\t\t\t\t\t\t\t\t\t<h3><strong>Haies (rue des)<\/strong><\/h3><p>Ancienne avenue de Villemomble nomm\u00e9e ainsi par le Conseil Municipal le 25 f\u00e9vrier 1972. Elle faisait partie du lotissement du Val Coteau cr\u00e9\u00e9 au d\u00e9but du 20<sup>\u00e8me<\/sup> si\u00e8cle mais approuv\u00e9 vers 1930. Selon un courrier<em>, \u00ab\u00a0la cr\u00e9ation des voies d\u00e9nomm\u00e9es avenue de Villemomble et avenue des Sorbiers a \u00e9t\u00e9 le fait des riverains qui se sont par la suite constitu\u00e9s en association syndicale pour leur am\u00e9nagement\u00a0\u00bb<\/em>.<\/p><h3><strong>Halage (chemin de)<\/strong><\/h3><p>Chemin destin\u00e9 au halage le long du canal et de la Marne.<\/p><h3><strong>Haute \u00eele (chemin de la)<\/strong><\/h3><p>Chemin menant de l\u2019\u00e9cluse jusqu\u2019au camping municipal.<\/p><h3><strong>H\u00e9l\u00e8ne Boucher (rue)<\/strong><\/h3><p>Aviatrice fran\u00e7aise (1908-1934) qui fut d\u00e9tentrice de 7 records mondiaux. Nom donn\u00e9 le 16 d\u00e9cembre 1993 \u00e0 une voie nouvelle du quartier de la Maltourn\u00e9e.<\/p><h3><strong>Henri Barbusse (place)<\/strong><\/h3><p>Ecrivain (Asni\u00e8res 1873 &#8211; Moscou 1935). C\u00e9l\u00e8bre pour le roman <em>Le Feu<\/em>, fort pris\u00e9 par tous ceux qui connurent, de pr\u00e8s ou de loin, la Premi\u00e8re Guerre mondiale. Place am\u00e9nag\u00e9e au lieu-dit La Hacarde pour l&rsquo;\u00e9rection du monument aux morts en 1922, elle est nomm\u00e9e place Henri Barbusse le 24 septembre 1935. Par une d\u00e9cision de la D\u00e9l\u00e9gation sp\u00e9ciale du 15 janvier 1940, la place Henri Barbusse est redevenue place de la Hacarde. Ceci jusqu&rsquo;\u00e0 la fin de la guerre. Elle a retrouv\u00e9 son nom apr\u00e8s la guerre par une d\u00e9lib\u00e9ration du 6 octobre 1944 appliqu\u00e9e \u00e0 l&rsquo;occasion de la comm\u00e9moration des martyrs de Chateaubriand le 22 octobre 1944.<\/p><h3><strong>Henri Becquerel (rue)<\/strong><\/h3><p>Henri Becquerel (1852-1908), prix Nobel en 1903. Il d\u00e9couvrit le ph\u00e9nom\u00e8ne de radioactivit\u00e9 en 1896 ainsi que les propri\u00e9t\u00e9s ionisantes du rayonnement. Le Conseil Municipal a donn\u00e9 son nom le 20 juin 1996 \u00e0 une voie priv\u00e9e desservant le lotissement de la S.C.I. La Br\u00fbl\u00e9e situ\u00e9 9 \u00e0 13 rue des Fr\u00e8res Lumi\u00e8re dans la zone industrielle des Chanoux.<\/p><h3><strong>Hippolyte Pina (rue)<\/strong><\/h3><p>N\u00e9 \u00e0 Cacc\u00e9rio, Italie, le 31 ao\u00fbt 1903. D\u00e9c\u00e9d\u00e9 le 8 f\u00e9vrier 1962 \u00e0 Charonne (Paris). R\u00e9sidant dans le lotissement du Ch\u00e9nay (Gagny). Le 8 f\u00e9vrier 1962, 20 000 personnes participent \u00e0 Paris \u00e0 une manifestation pour la paix en Alg\u00e9rie. A l&rsquo;issue de ce d\u00e9fil\u00e9 pacifique, les forces de l&rsquo;ordre chargent les manifestants aux abords de la station de m\u00e9tro Charonne. Un d\u00e9cha\u00eenement de violences polici\u00e8res qui fera neuf morts dont Hippolyte Pina, militant CGT et antifasciste. Son nom a \u00e9t\u00e9 donn\u00e9 \u00e0 une partie du chemin de Meaux le 14 f\u00e9vrier 1964.<\/p><h3><strong>Houette (impasse)<\/strong><\/h3><p>Voie cr\u00e9\u00e9e par le lotissement la Guette au d\u00e9but du 20<sup>\u00e8me<\/sup> si\u00e8cle.<\/p>\t\t\t\t\t\t\t\t<\/div>\n\t\t\t\t<\/div>\n\t\t\t\t\t<\/div>\n\t\t\t\t<\/div>\n\t\t\t\t\t<\/details>\n\t\t\t\t\t\t<details id=\"e-n-accordion-item-14510\" class=\"e-n-accordion-item\" >\n\t\t\t\t<summary class=\"e-n-accordion-item-title\" data-accordion-index=\"11\" tabindex=\"-1\" aria-expanded=\"false\" aria-controls=\"e-n-accordion-item-14510\" >\n\t\t\t\t\t<span class='e-n-accordion-item-title-header'><div class=\"e-n-accordion-item-title-text\"> I <\/div><\/span>\n\t\t\t\t\t\t\t<span class='e-n-accordion-item-title-icon'>\n\t\t\t<span class='e-opened' ><svg aria-hidden=\"true\" class=\"e-font-icon-svg e-fas-minus\" viewBox=\"0 0 448 512\" xmlns=\"http:\/\/www.w3.org\/2000\/svg\"><path d=\"M416 208H32c-17.67 0-32 14.33-32 32v32c0 17.67 14.33 32 32 32h384c17.67 0 32-14.33 32-32v-32c0-17.67-14.33-32-32-32z\"><\/path><\/svg><\/span>\n\t\t\t<span class='e-closed'><svg aria-hidden=\"true\" class=\"e-font-icon-svg e-fas-plus\" viewBox=\"0 0 448 512\" xmlns=\"http:\/\/www.w3.org\/2000\/svg\"><path d=\"M416 208H272V64c0-17.67-14.33-32-32-32h-32c-17.67 0-32 14.33-32 32v144H32c-17.67 0-32 14.33-32 32v32c0 17.67 14.33 32 32 32h144v144c0 17.67 14.33 32 32 32h32c17.67 0 32-14.33 32-32V304h144c17.67 0 32-14.33 32-32v-32c0-17.67-14.33-32-32-32z\"><\/path><\/svg><\/span>\n\t\t<\/span>\n\n\t\t\t\t\t\t<\/summary>\n\t\t\t\t<div role=\"region\" aria-labelledby=\"e-n-accordion-item-14510\" class=\"elementor-element elementor-element-9dce456 e-flex e-con-boxed e-con e-child\" data-id=\"9dce456\" data-element_type=\"container\" data-e-type=\"container\">\n\t\t\t\t\t<div class=\"e-con-inner\">\n\t\t\t\t<div class=\"elementor-element elementor-element-a613d8f elementor-widget elementor-widget-text-editor\" data-id=\"a613d8f\" data-element_type=\"widget\" data-e-type=\"widget\" data-widget_type=\"text-editor.default\">\n\t\t\t\t<div class=\"elementor-widget-container\">\n\t\t\t\t\t\t\t\t\t<h3><strong>\u00cele-de-France (all\u00e9e de l\u2019)<\/strong><\/h3><p>Nom d\u2019une province de France donn\u00e9 le 29 septembre 1968 \u00e0 une voie construite lors de la cr\u00e9ation du quartier des Fauvettes.<\/p>\t\t\t\t\t\t\t\t<\/div>\n\t\t\t\t<\/div>\n\t\t\t\t\t<\/div>\n\t\t\t\t<\/div>\n\t\t\t\t\t<\/details>\n\t\t\t\t\t\t<details id=\"e-n-accordion-item-14511\" class=\"e-n-accordion-item\" >\n\t\t\t\t<summary class=\"e-n-accordion-item-title\" data-accordion-index=\"12\" tabindex=\"-1\" aria-expanded=\"false\" aria-controls=\"e-n-accordion-item-14511\" >\n\t\t\t\t\t<span class='e-n-accordion-item-title-header'><div class=\"e-n-accordion-item-title-text\"> J <\/div><\/span>\n\t\t\t\t\t\t\t<span class='e-n-accordion-item-title-icon'>\n\t\t\t<span class='e-opened' ><svg aria-hidden=\"true\" class=\"e-font-icon-svg e-fas-minus\" viewBox=\"0 0 448 512\" xmlns=\"http:\/\/www.w3.org\/2000\/svg\"><path d=\"M416 208H32c-17.67 0-32 14.33-32 32v32c0 17.67 14.33 32 32 32h384c17.67 0 32-14.33 32-32v-32c0-17.67-14.33-32-32-32z\"><\/path><\/svg><\/span>\n\t\t\t<span class='e-closed'><svg aria-hidden=\"true\" class=\"e-font-icon-svg e-fas-plus\" viewBox=\"0 0 448 512\" xmlns=\"http:\/\/www.w3.org\/2000\/svg\"><path d=\"M416 208H272V64c0-17.67-14.33-32-32-32h-32c-17.67 0-32 14.33-32 32v144H32c-17.67 0-32 14.33-32 32v32c0 17.67 14.33 32 32 32h144v144c0 17.67 14.33 32 32 32h32c17.67 0 32-14.33 32-32V304h144c17.67 0 32-14.33 32-32v-32c0-17.67-14.33-32-32-32z\"><\/path><\/svg><\/span>\n\t\t<\/span>\n\n\t\t\t\t\t\t<\/summary>\n\t\t\t\t<div role=\"region\" aria-labelledby=\"e-n-accordion-item-14511\" class=\"elementor-element elementor-element-b99e89e e-flex e-con-boxed e-con e-child\" data-id=\"b99e89e\" data-element_type=\"container\" data-e-type=\"container\">\n\t\t\t\t\t<div class=\"e-con-inner\">\n\t\t\t\t<div class=\"elementor-element elementor-element-26cda62 elementor-widget elementor-widget-text-editor\" data-id=\"26cda62\" data-element_type=\"widget\" data-e-type=\"widget\" data-widget_type=\"text-editor.default\">\n\t\t\t\t<div class=\"elementor-widget-container\">\n\t\t\t\t\t\t\t\t\t<h3><strong>Jacques Brel (rue)<\/strong><\/h3><p>Auteur compositeur interpr\u00e8te (1929-1978). Il a \u00e9t\u00e9 un des meilleurs auteurs compositeurs des ann\u00e9es 1955-1966. Voie nouvelle nomm\u00e9e le 23 mai 1991 (entre la rue des Sorbiers et la rue G\u00e9rard Philippe).<\/p><h3><strong>Jacques Cartier (rue)<\/strong><\/h3><p>Navigateur n\u00e9 et mort \u00e0 Saint-Malo (1491-1557). Il prit possession du territoire actuel du Canada au nom du Roi de France, Fran\u00e7ois 1er. Voie construite par la r\u00e9sidence Le Marais Saint-Baudile qui lui a donn\u00e9 ce nom le 15 d\u00e9cembre 1966. Ce nom a \u00e9t\u00e9 approuv\u00e9 par le Conseil Municipal le 7 janvier 1967.<\/p><h3><strong>Jacques Monod (rue)<\/strong><\/h3><p>M\u00e9decin et biochimiste fran\u00e7ais (1910-1976), prix Nobel de physiologie et de m\u00e9decine en 1965. Voie priv\u00e9e d\u00e9nomm\u00e9e par le Conseil Municipal le 8 octobre 1987.<\/p><h3><strong>Jacques Pr\u00e9vert (rue)<\/strong><\/h3><p>Po\u00e8te fran\u00e7ais (1900-1977). Voie priv\u00e9e de la r\u00e9sidence La Lut\u00e8ce d\u00e9nomm\u00e9e par le Conseil Municipal le 8 octobre 1981.<\/p><h3><strong>Jean Bart (place)<\/strong><\/h3><p>Corsaire et chef d&rsquo;escadre fran\u00e7ais, n\u00e9 et mort \u00e0 Dunkerque (1650-1702). Voie construite par la r\u00e9sidence Le Marais Saint-Baudile qui lui a donn\u00e9 ce nom le 15 d\u00e9cembre 1966. Ce nom a \u00e9t\u00e9 approuv\u00e9 par le Conseil Municipal le 7 janvier 1967.<\/p><h3><strong>Jean Jaur\u00e8s (avenue)<\/strong><\/h3><p>Professeur et homme politique fran\u00e7ais (1859-1914). Fondateur du journal<em> L&rsquo;Humanit\u00e9<\/em> et du parti socialiste fran\u00e7ais. Assassin\u00e9 le 13 juillet 1914. Le Conseil Municipal a donn\u00e9 son nom le 23 mai 1933 \u00e0 la partie de la rue de Paris entre la rue du G\u00e9n\u00e9ral Donzelot et la Pointe de Gournay (Route nationale 34).<\/p><h3><strong>Jean Moulin (all\u00e9e)<\/strong><\/h3><p>Patriote n\u00e9 \u00e0 B\u00e9ziers (1899-1943), fondateur du Conseil National de la R\u00e9sistance. Voie priv\u00e9e nouvelle d\u00e9nomm\u00e9e par le Conseil Municipal le 17 mai 1984.<\/p><h3><strong>Jean Perrin (rue)<\/strong><\/h3><p>Physicien fran\u00e7ais, prix Nobel 1926 (1870-1942). Voie du quartier des Primev\u00e8res d\u00e9nomm\u00e9e le 25 f\u00e9vrier 1972.<\/p><h3><strong>Jean St\u00e9phan (avenue)<\/strong><\/h3><p>Jean St\u00e9phan, n\u00e9 le 28 octobre 1912 \u00e0 Rennes. Infirmier \u00e0 Ville Evrard, R\u00e9sistant, membre de l&rsquo;Organisation secr\u00e8te (OS). F.T.P.F., membre du Parti Communiste Fran\u00e7ais, il collabore avec L\u00e9on Parenty \u00e0 la reconstitution de son parti \u00e0 Clichy-sous-Bois, avec des liaisons au Raincy, \u00e0 Montfermeil et \u00e0 Livry-Gargan. Il participe \u00e0 l&rsquo;organisation locale du Front national (F.N.) et est responsable d\u2019un secteur comprenant Neuilly-Plaisance, Noisy-le-Grand, Gagny. Son groupe ex\u00e9cute plusieurs actions de sabotage dont l&rsquo;incendie de mat\u00e9riel ennemi \u00e0 Gonesse, \u00e0 Vincennes en \u00e9t\u00e9 1941. Jean St\u00e9phan est arr\u00eat\u00e9 par des gendarmes le 21 mars 1942, apr\u00e8s avoir quitt\u00e9 l&rsquo;h\u00f4pital de Ville-Evrard o\u00f9 il travaillait, se rendant dans le quartier de l&rsquo;Avenir, en v\u00e9lo. Ils d\u00e9couvrent dans les sacoches des tracts de R\u00e9sistance. Livr\u00e9 \u00e0 la Gestapo, il sera fusill\u00e9 le 13 avril 1942 au Mont Val\u00e9rien \u00e0 9 Heures 23. Avant de mourir, il \u00e9crit une lettre \u00e9mouvante \u00e0 son \u00e9pouse et \u00e0 ses enfants. Son nom a \u00e9t\u00e9 donn\u00e9 \u00e0 l\u2019all\u00e9e ou avenue des Ormes par une d\u00e9lib\u00e9ration du conseil municipal compos\u00e9 par le comit\u00e9 local de la Lib\u00e9ration et appliqu\u00e9e \u00e0 l&rsquo;occasion de la comm\u00e9moration des martyrs de Chateaubriand le 22 octobre 1944. Le 16 octobre 1946 une rue lui a \u00e9t\u00e9 attribu\u00e9e \u00e0 Gagny. Sur une plaque comm\u00e9morative au rez-de-chauss\u00e9e du b\u00e2timent administratif de l&rsquo;h\u00f4pital psychiatrique de Ville-Evrard, son nom est grav\u00e9 parmi tous ceux qui ont donn\u00e9 leur vie.<\/p><h3><strong>Jean-Jacques Rousseau (rue)<\/strong><\/h3><p>Ecrivain fran\u00e7ais (1712-1778), il a pr\u00e9par\u00e9 les grands changements politiques de la R\u00e9volution et l&rsquo;av\u00e8nement du romantisme. Voie nouvelle du quartier Donzelot d\u00e9nomm\u00e9e le 16 d\u00e9cembre 1993.<\/p><h3><strong>Jeu de Paume (rue du)<\/strong><\/h3><p>Serment du jeu de paume (20 juin 1789) : serment que pr\u00eat\u00e8rent les d\u00e9put\u00e9s du tiers \u00e9tat <em>\u00ab\u00a0de ne pas se s\u00e9parer avant d&rsquo;avoir donn\u00e9 une constitution \u00e0 la France\u00a0\u00bb<\/em>. Le Roi leur ayant interdit l&rsquo;acc\u00e8s de la salle des menus-plaisirs \u00e0 Versailles, o\u00f9 ils d\u00e9lib\u00e9raient habituellement, ils s&rsquo;\u00e9taient transport\u00e9s dans celle du jeu de paume. Le jeu de paume est l&rsquo;anc\u00eatre de la pelote basque et des sports de raquettes. Une d\u00e9lib\u00e9ration du 10 septembre 1894 confirme ce nom d\u00e9j\u00e0 en vigueur depuis le 19<sup>\u00e8me<\/sup> si\u00e8cle.<\/p><h3><strong>Joliot Curie (rue)<\/strong><\/h3><p>Le nom complet donn\u00e9 \u00e0 cette voie par le Conseil Municipal est \u00ab rue Ir\u00e8ne Joliot-Curie et Pierre Joliot \u00bb. La municipalit\u00e9 a probablement confondu Pierre Curie (p\u00e8re d\u2019Ir\u00e8ne) et Fr\u00e9d\u00e9ric Joliot (son \u00e9poux). Ir\u00e8ne (1897-1956), fille de Pierre et Marie Curie, et son mari Jean-Fr\u00e9d\u00e9ric Joliot dit Fr\u00e9d\u00e9ric Joliot-Curie (1900-1958), tous deux physiciens fran\u00e7ais, prix Nobel de chimie 1935. En 1936, Ir\u00e8ne fut sous-secr\u00e9taire d&rsquo;Etat \u00e0 la recherche scientifique. Fr\u00e9d\u00e9ric dirigea la construction de la premi\u00e8re pile atomique fran\u00e7aise (1948). Leur nom a \u00e9t\u00e9 donn\u00e9 le 18 f\u00e9vrier 1959 \u00e0 l\u2019ancienne impasse Yvonne. Cette voie a \u00e9t\u00e9 prolong\u00e9e dans les ann\u00e9es 1950 et, reliant la rue Paul Thomoux et la rue du Onze novembre, n&rsquo;\u00e9tait plus une impasse.<\/p><h3><strong>Jos\u00e9-Maria de Heredia (place)<\/strong><\/h3><p>Jos\u00e9-Maria de Heredia, n\u00e9 le 22 novembre 1842 \u00e0 Cuba et mort le 3 octobre 1905 en France, est un homme de lettres d&rsquo;origine cubaine. N\u00e9 sujet espagnol, il a \u00e9t\u00e9 naturalis\u00e9 fran\u00e7ais en 1893. Son \u0153uvre po\u00e9tique a fait de lui l&rsquo;un des ma\u00eetres du mouvement parnassien. Voie nouvelle du quartier de Maison-Blanche d\u00e9nomm\u00e9e par le Conseil Municipal le 30 janvier 2019.<\/p><h3><strong>Jules Auffret (rue)<\/strong><\/h3><p>Jules Auffret, n\u00e9 en 1902 \u00e0 Trignac (Loire-Atlantique), entre \u00e0 treize ans \u00e0 l\u2019usine m\u00e9tallurgique de la Basse-Loire, puis aux forges de Montoir-de-Bretagne et aux chantiers de Penhou\u00ebt. Syndiqu\u00e9 d\u00e8s l\u2019\u00e2ge de treize ans, socialiste \u00e0 dix-huit, il fonde en 1920 la section communiste de Trignac. Ne trouvant plus de travail en raison de son activit\u00e9 syndicale, il vient \u00e0 Paris et entre \u00e0 la Soci\u00e9t\u00e9 d\u2019\u00e9clairage, chauffage et force motrice en 1929. En mai 1935, il est \u00e9lu conseiller municipal de Bondy, o\u00f9 il devient adjoint au maire, puis, en juin, est \u00e9lu conseiller g\u00e9n\u00e9ral du canton de Noisy-le-Sec. Il sera fusill\u00e9 par les Allemands le 22 octobre 1941 \u00e0 Ch\u00e2teaubriant. Son nom a \u00e9t\u00e9 donn\u00e9 \u00e0 la rue du Pr\u00e9 Fleuri par le Conseil Municipal le 27 octobre 1944. L\u2019ancien nom avait \u00e9t\u00e9 donn\u00e9 par l\u2019Association Syndicale du Lotissement le 12 juillet 1907 ou 1912.<\/p><h3><strong>\u00a0<\/strong><strong>Jules Lamant et ses fils (rue)<\/strong><\/h3><p>Morts pour la France \u00e0 Forfry (Seine et Marne) le 26 ao\u00fbt 1944. Jules Eug\u00e8ne Lamant (n\u00e9 le 27\/03\/1894 \u00e0 Neuilly), Albert Adrien (n\u00e9 le 28\/10\/1922 \u00e0 Neuilly), Louis Roger (n\u00e9 le 13\/08\/1925 \u00e0 Neuilly). La famille Lamant \u00e9tait domicili\u00e9e au 6 bis boulevard Carnot. Leur nom a \u00e9t\u00e9 donn\u00e9 le 27 octobre 1944 \u00e0 la rue des Cottages.<\/p>\t\t\t\t\t\t\t\t<\/div>\n\t\t\t\t<\/div>\n\t\t\t\t\t<\/div>\n\t\t\t\t<\/div>\n\t\t\t\t\t<\/details>\n\t\t\t\t\t\t<details id=\"e-n-accordion-item-14512\" class=\"e-n-accordion-item\" >\n\t\t\t\t<summary class=\"e-n-accordion-item-title\" data-accordion-index=\"13\" tabindex=\"-1\" aria-expanded=\"false\" aria-controls=\"e-n-accordion-item-14512\" >\n\t\t\t\t\t<span class='e-n-accordion-item-title-header'><div class=\"e-n-accordion-item-title-text\"> L <\/div><\/span>\n\t\t\t\t\t\t\t<span class='e-n-accordion-item-title-icon'>\n\t\t\t<span class='e-opened' ><svg aria-hidden=\"true\" class=\"e-font-icon-svg e-fas-minus\" viewBox=\"0 0 448 512\" xmlns=\"http:\/\/www.w3.org\/2000\/svg\"><path d=\"M416 208H32c-17.67 0-32 14.33-32 32v32c0 17.67 14.33 32 32 32h384c17.67 0 32-14.33 32-32v-32c0-17.67-14.33-32-32-32z\"><\/path><\/svg><\/span>\n\t\t\t<span class='e-closed'><svg aria-hidden=\"true\" class=\"e-font-icon-svg e-fas-plus\" viewBox=\"0 0 448 512\" xmlns=\"http:\/\/www.w3.org\/2000\/svg\"><path d=\"M416 208H272V64c0-17.67-14.33-32-32-32h-32c-17.67 0-32 14.33-32 32v144H32c-17.67 0-32 14.33-32 32v32c0 17.67 14.33 32 32 32h144v144c0 17.67 14.33 32 32 32h32c17.67 0 32-14.33 32-32V304h144c17.67 0 32-14.33 32-32v-32c0-17.67-14.33-32-32-32z\"><\/path><\/svg><\/span>\n\t\t<\/span>\n\n\t\t\t\t\t\t<\/summary>\n\t\t\t\t<div role=\"region\" aria-labelledby=\"e-n-accordion-item-14512\" class=\"elementor-element elementor-element-9f5d810 e-flex e-con-boxed e-con e-child\" data-id=\"9f5d810\" data-element_type=\"container\" data-e-type=\"container\">\n\t\t\t\t\t<div class=\"e-con-inner\">\n\t\t\t\t<div class=\"elementor-element elementor-element-22b768e elementor-widget elementor-widget-text-editor\" data-id=\"22b768e\" data-element_type=\"widget\" data-e-type=\"widget\" data-widget_type=\"text-editor.default\">\n\t\t\t\t<div class=\"elementor-widget-container\">\n\t\t\t\t\t\t\t\t\t<h3><strong>Languedoc (all\u00e9e du)<\/strong><\/h3><p>Nom d\u2019une province de France donn\u00e9 le 29 septembre 1968 \u00e0 une voie construite lors de la cr\u00e9ation du quartier des Fauvettes.<\/p><h3><strong>Latham (rue)<\/strong><\/h3><p>Hubert Latham, aviateur fran\u00e7ais (1883-1912). Voie cr\u00e9\u00e9e et d\u00e9nomm\u00e9e par le lotissement de La Guette. Apparemment d\u00e9sign\u00e9e tout d\u2019abord comme rue de la Guette comme la rue qui lui est perpendiculaire.<\/p><h3><strong>Lauriers (all\u00e9e des)<\/strong><\/h3><p>Voie nouvelle cr\u00e9\u00e9e lors de la construction du Clos des Romarins, c\u00e9d\u00e9e \u00e0 la commune en 2005. Elle avait \u00e9t\u00e9 nomm\u00e9e le 13 octobre 1994.<\/p><h3><strong>Lavoisier (avenue)<\/strong><\/h3><p>Antoine Laurent de Lavoisier (1743-1794). Chimiste fran\u00e7ais. D\u00e9put\u00e9 suppl\u00e9ant, il fit partie de la commission charg\u00e9e d&rsquo;\u00e9tablir le syst\u00e8me m\u00e9trique. Ex\u00e9cut\u00e9 avec les fermiers g\u00e9n\u00e9raux dont il faisait partie. Voie cr\u00e9\u00e9e par le lotissement de l\u2019Avenir dans les ann\u00e9es 1920 et class\u00e9e dans la voirie communale en 1937.<\/p><h3><strong>Ledru-Rollin (rue)<\/strong><\/h3><p>Auguste Ledru-Rollin (1807-1874), homme politique fran\u00e7ais. Son nom a \u00e9t\u00e9 donn\u00e9 le 10 septembre 1894 \u00e0 la rue Saint Beno\u00eet.<\/p><h3><strong>L\u00e9o Lagrange (all\u00e9e)<\/strong><\/h3><p>Homme politique fran\u00e7ais (1900-1940). D\u00e9put\u00e9 socialiste (1932-1940), sous-secr\u00e9taire d&rsquo;Etat aux sports et aux loisirs (1936-1938), il favorisa le d\u00e9veloppement du sport populaire. \u00c0 la d\u00e9claration de guerre, en 1939, alors parlementaire, il rejoint volontairement le commandement militaire, avant d&rsquo;\u00eatre tu\u00e9 le 9 juin 1940 \u00e0 Evergnicourt d&rsquo;un \u00e9clat d&rsquo;obus. Le Conseil Municipal a donn\u00e9 ce nom le 17 d\u00e9cembre 1987 \u00e0 une voie priv\u00e9e existante.<\/p><h3><strong>L\u00e9on Blum (avenue)<\/strong><\/h3><p>Homme politique fran\u00e7ais (1872-1950). Chef du parti socialiste, il constitua en 1936 le gouvernement dit \u00ab\u00a0de front populaire\u00a0\u00bb. Son nom a \u00e9t\u00e9 donn\u00e9 le 24 novembre 1972 \u00e0 l\u2019ancienne rue Julian Grimau.<\/p><h3><strong>L\u00e9on Bourgeois (place)<\/strong><\/h3><p>Administrateur et homme politique (1851-1925). Pr\u00e9fet de police en 1887, ministre de l&rsquo;int\u00e9rieur en 1890 puis de l&rsquo;instruction publique. Ministre de la justice en 1893, pr\u00e9sident du Conseil en 1895. Le 25 f\u00e9vrier 1972, le Conseil Municipal a donn\u00e9 son nom a \u00e9t\u00e9 donn\u00e9 \u00e0 une place cr\u00e9\u00e9e dans le quartier des Primev\u00e8res.<\/p><h3><strong>L\u00e9on Jouhaux (rue)<\/strong><\/h3><p>Secr\u00e9taire g\u00e9n\u00e9ral de la C.G.T. de 1909 \u00e0 1940, prix Nobel de la paix en 1951 (1879-1954). Voie nouvelle du quartier des Primev\u00e8res d\u00e9nomm\u00e9e le 25 f\u00e9vrier 1972.<\/p><h3><strong>L\u00e9opold S\u00e9dar Senghor (avenue)<\/strong><\/h3><p>L\u00e9opold S\u00e9dar Senghor, n\u00e9 le 9 octobre 1906 \u00e0 Joal, au S\u00e9n\u00e9gal, et mort le 20 d\u00e9cembre 2001 \u00e0 Verson, en France, est un po\u00e8te, \u00e9crivain, homme d&rsquo;\u00c9tat fran\u00e7ais, puis s\u00e9n\u00e9galais et premier pr\u00e9sident de la R\u00e9publique du S\u00e9n\u00e9gal. Il fut aussi le premier Africain \u00e0 si\u00e9ger \u00e0 l&rsquo;Acad\u00e9mie fran\u00e7aise. Voie nouvelle du quartier de Maison-Blanche d\u00e9nomm\u00e9e par le Conseil Municipal le 30 janvier 2019.<\/p><h3><strong>Lib\u00e9ration (rue de la)<\/strong><\/h3><p>Voie situ\u00e9e \u00e0 l&rsquo;extr\u00e9mit\u00e9 des 24 arpents, de la voie ferr\u00e9e \u00e0 la rue du Onze novembre. Une d\u00e9lib\u00e9ration du 10 ao\u00fbt 1967 d\u00e9cide de la construction de cette rue dont le nom a \u00e9t\u00e9 donn\u00e9 le 31 mai 1965.<\/p><h3><strong>Libert\u00e9 (rue de la)<\/strong><\/h3><p>Nom donn\u00e9 \u00e0 une partie de la rue du Raincy le 30 novembre 1934. La cr\u00e9ation de la voie ferr\u00e9e avait scind\u00e9 la rue du Raincy en deux tron\u00e7ons (actuelle rue du Raincy et rue de la Libert\u00e9). Class\u00e9e dans la voirie urbaine en 1923.<\/p><h3><strong>Lilas (rue des)<\/strong><\/h3><p>Voie cr\u00e9\u00e9e et nomm\u00e9e par le lotissement Les 24 arpents vers 1900. Cette avenue a \u00e9t\u00e9 class\u00e9e dans la voirie communale en 1940.<\/p><h3><strong>Loriots (rue des)<\/strong><\/h3><p>Voie de la Cit\u00e9 des Bouleaux nomm\u00e9e ainsi par son organisme propri\u00e9taire le 27 juillet 1966. Les noms de la cit\u00e9 ont \u00e9t\u00e9 choisis par analogie avec la rue voisine dite Des Fauvettes.<\/p><h3><strong>Louis Amp\u00e8re (rue)<\/strong><\/h3><p>Andr\u00e9-Marie Amp\u00e8re, n\u00e9 \u00e0 Lyon le 20 janvier 1775 et mort \u00e0 Marseille le 10 juin 1836, est un math\u00e9maticien et physicien fran\u00e7ais. Il inventa le premier t\u00e9l\u00e9graphe \u00e9lectrique et, avec Fran\u00e7ois Arago, l&rsquo;\u00e9lectroaimant, et il \u00e9non\u00e7a en 1827 la th\u00e9orie de l&rsquo;\u00e9lectromagn\u00e9tisme. Son nom a \u00e9t\u00e9 donn\u00e9 \u00e0 l&rsquo;unit\u00e9 internationale de courant \u00e9lectrique : l&rsquo;amp\u00e8re. Voie de la Zone industrielle Les Chanoux d\u00e9nomm\u00e9e le 24 avril 1975. \u00c0 ce jour, nous n\u2019avons pas d\u2019explications sur l\u2019utilisation du pr\u00e9nom Louis.<\/p><h3><strong>Louis Armand (boulevard)<\/strong><\/h3><p>Ing\u00e9nieur et humaniste entr\u00e9 \u00e0 l&rsquo;Acad\u00e9mie fran\u00e7aise en 1963 (1905-1971). Voie nouvelle du quartier des Primev\u00e8res d\u00e9nomm\u00e9e par le Conseil Municipal le 25 f\u00e9vrier 1972.<\/p><h3><strong>Louis Bl\u00e9riot (rue)<\/strong><\/h3><p>Aviateur et constructeur fran\u00e7ais (1872-1936) qui traversa le premier la Manche en avion le 25 juillet 1909. Voie cr\u00e9\u00e9e lors de l\u2019am\u00e9nagement du quartier de la Maltourn\u00e9e et d\u00e9nomm\u00e9e le 16 d\u00e9cembre 1993.<\/p><h3><strong>Louis Vannini (rue)<\/strong><\/h3><p>Luigi Remigio Costante Vannini n\u00e9 \u00e0 Sienne (Italie) le 11 novembre 1891, mort pour la France le 16 ao\u00fbt 1944. Habitant de Neuilly, rue de Meaux, fusill\u00e9 par les Allemands \u00e0 la cascade du bois de Boulogne sur ordre du G\u00e9n\u00e9ral Von Choltitz. Son nom a \u00e9t\u00e9 donn\u00e9 le 9 d\u00e9cembre 1949 \u00e0 une partie du chemin de Meaux (entre Neuilly-Plaisance et la rue Paul Thomoux). L\u2019inauguration eut lieu le 19 novembre 1950 lors de l\u2019anniversaire de la prise de Berlin.<\/p><h3><strong>Louise de Vilmorin (rue)<\/strong><\/h3><p>Louise de Vilmorin, de son nom complet Louise Lev\u00eaque de Vilmorin, est une femme de lettres fran\u00e7aise, n\u00e9e le 4 avril 1902 \u00e0 Verri\u00e8res-le-Buisson, o\u00f9 elle est morte le 26 d\u00e9cembre 1969. Elle \u00e9tait parfois surnomm\u00e9e \u00ab Madame de \u00bb, en r\u00e9f\u00e9rence \u00e0 son roman \u00e0 succ\u00e8s port\u00e9 au grand \u00e9cran. Voie nouvelle du quartier de Maison-Blanche d\u00e9nomm\u00e9e par le Conseil Municipal le 30 janvier 2019.<\/p><h3><strong>Louise Lab\u00e9 (place)<\/strong><\/h3><p>Louise Lab\u00e9 n\u00e9e vers 1524 \u00e0 Lyon, morte le 25 avril 1566 \u00e0 Parcieux-en-Dombes o\u00f9 elle fut enterr\u00e9e, est une po\u00e9tesse fran\u00e7aise surnomm\u00e9e \u00ab La Belle Cordi\u00e8re \u00bb. Elle fait partie des po\u00e8tes en activit\u00e9 \u00e0 Lyon pendant la Renaissance. Voie nouvelle du quartier de Maison-Blanche d\u00e9nomm\u00e9e par le Conseil Municipal le 30 janvier 2019.<\/p><h3><strong>Louise Michel (all\u00e9e)<\/strong><\/h3><p>Anarchiste fran\u00e7aise (1830-1905). Institutrice, affili\u00e9e \u00e0 l&rsquo;Internationale, elle prit part \u00e0 la Commune (1871) et fut d\u00e9port\u00e9e en Nouvelle Cal\u00e9donie. Le Conseil Municipal a donn\u00e9 ce nom le 17 d\u00e9cembre 1987 \u00e0 une voie priv\u00e9e existante.<\/p>\t\t\t\t\t\t\t\t<\/div>\n\t\t\t\t<\/div>\n\t\t\t\t\t<\/div>\n\t\t\t\t<\/div>\n\t\t\t\t\t<\/details>\n\t\t\t\t\t\t<details id=\"e-n-accordion-item-14513\" class=\"e-n-accordion-item\" >\n\t\t\t\t<summary class=\"e-n-accordion-item-title\" data-accordion-index=\"14\" tabindex=\"-1\" aria-expanded=\"false\" aria-controls=\"e-n-accordion-item-14513\" >\n\t\t\t\t\t<span class='e-n-accordion-item-title-header'><div class=\"e-n-accordion-item-title-text\"> M <\/div><\/span>\n\t\t\t\t\t\t\t<span class='e-n-accordion-item-title-icon'>\n\t\t\t<span class='e-opened' ><svg aria-hidden=\"true\" class=\"e-font-icon-svg e-fas-minus\" viewBox=\"0 0 448 512\" xmlns=\"http:\/\/www.w3.org\/2000\/svg\"><path d=\"M416 208H32c-17.67 0-32 14.33-32 32v32c0 17.67 14.33 32 32 32h384c17.67 0 32-14.33 32-32v-32c0-17.67-14.33-32-32-32z\"><\/path><\/svg><\/span>\n\t\t\t<span class='e-closed'><svg aria-hidden=\"true\" class=\"e-font-icon-svg e-fas-plus\" viewBox=\"0 0 448 512\" xmlns=\"http:\/\/www.w3.org\/2000\/svg\"><path d=\"M416 208H272V64c0-17.67-14.33-32-32-32h-32c-17.67 0-32 14.33-32 32v144H32c-17.67 0-32 14.33-32 32v32c0 17.67 14.33 32 32 32h144v144c0 17.67 14.33 32 32 32h32c17.67 0 32-14.33 32-32V304h144c17.67 0 32-14.33 32-32v-32c0-17.67-14.33-32-32-32z\"><\/path><\/svg><\/span>\n\t\t<\/span>\n\n\t\t\t\t\t\t<\/summary>\n\t\t\t\t<div role=\"region\" aria-labelledby=\"e-n-accordion-item-14513\" class=\"elementor-element elementor-element-98397fd e-flex e-con-boxed e-con e-child\" data-id=\"98397fd\" data-element_type=\"container\" data-e-type=\"container\">\n\t\t\t\t\t<div class=\"e-con-inner\">\n\t\t\t\t<div class=\"elementor-element elementor-element-5ea2f85 elementor-widget elementor-widget-text-editor\" data-id=\"5ea2f85\" data-element_type=\"widget\" data-e-type=\"widget\" data-widget_type=\"text-editor.default\">\n\t\t\t\t<div class=\"elementor-widget-container\">\n\t\t\t\t\t\t\t\t\t<h3><strong>Maison Blanche (avenue de)<\/strong><\/h3><p>Voie cr\u00e9\u00e9e par le lotissement de l\u2019Avenir dans les ann\u00e9es 1920 et class\u00e9e dans la voirie communale en 1937.<\/p><h3><strong>Marais (impasse du)<\/strong><\/h3><p>Voie priv\u00e9e cr\u00e9\u00e9e lors de la construction de la r\u00e9sidence Le Clos Villebois (23 maisons) et d\u00e9nomm\u00e9e par le Conseil Municipal le 5 avril 2001.<\/p><h3><strong>Marais des catins (sentier du)<\/strong><\/h3><p>Appel\u00e9 parfois chemin des catins. Il s\u2019agissait d\u2019une zone de mar\u00e9cages dus aux ruisseaux descendant du plateau d\u2019Avron.<\/p><h3><strong>Marceline Desbordes-Valmore (rue)<\/strong><\/h3><p>Marceline Desbordes-Valmore, n\u00e9e le 20 juin 1786 \u00e0 Douai et morte le 23 juillet 1859 \u00e0 Paris, est une po\u00e9tesse fran\u00e7aise. Voie nouvelle du quartier de Maison-Blanche d\u00e9nomm\u00e9e par le Conseil Municipal le 30 janvier 2019.<\/p><h3><strong>Marchandises (avenue des)<\/strong><\/h3><p>Li\u00e9e \u00e0 la construction de la gare.<\/p><h3><strong>Mar\u00e9chal de Lattre de Tassigny (rue du)<\/strong><\/h3><p>Jean de Lattre de Tassigny n\u00e9 \u00e0 Mouilleron en Pardes (Vend\u00e9e). Pendant la Seconde Guerre Mondiale, il commanda la 1<sup>\u00e8re<\/sup> arm\u00e9e fran\u00e7aise et la mena de la Provence au Rhin et au Danube (1944-1945). Haut-commissaire et commandant en chef en Indochine (1950-1952). Son nom a \u00e9t\u00e9 donn\u00e9 \u00e0 une voie nouvelle le 31 mai 1965.<\/p><h3><strong>Mar\u00e9chal Foch (boulevard du)<\/strong><\/h3><p>Ferdinand Foch (1851-1929), Mar\u00e9chal de France. Il se montra remarquable lors de la bataille de la Marne (1914) puis dirigea la bataille de la Somme (1916). En 1918, il mena les troupes alli\u00e9es \u00e0 la victoire. Nom donn\u00e9 le 23 mai 1933 \u00e0 une partie de la rue de Paris (Route Nationale 34).<\/p><h3><strong>Mar\u00e9chal Leclerc (avenue du)<\/strong><\/h3><p>Philippe de Hauteclocque dit Leclerc (1902-1947), mar\u00e9chal de France. Il fut l\u2019un des principaux chefs militaires de la France libre durant la Seconde Guerre Mondiale. Son nom a \u00e9t\u00e9 donn\u00e9 le 31 mai 1965 \u00e0 une partie de la rue de Paris (Route Nationale 34).<\/p><h3><strong>Marguerite (villa)<\/strong><\/h3><p>Voie priv\u00e9e<\/p><h3><strong>Marjolaine (all\u00e9e)<\/strong><\/h3><p>D\u00e9lib\u00e9ration du Conseil Municipal le 3 mai 2001.<\/p><h3><strong>Marronniers (place des)<\/strong><\/h3><p>Le 6 mars 1908, le conseil d&rsquo;administration du lotissement du Pr\u00e9 Fleuri d\u00e9cide de faire planter 6 arbres (marronniers) sur la place du Pr\u00e9 Fleuri. Le 13 mars 1908, il est question de 14 arbres. En 1926, l&rsquo;acte de vente mentionne le nom de place du Pr\u00e9 Fleuri. La place a probablement pris le nom de place des marronniers apr\u00e8s que l&rsquo;avenue du Centre a \u00e9t\u00e9 nomm\u00e9e avenue des marronniers en 1929.<\/p><h3><strong>Martyrs de la d\u00e9portation (rue des)<\/strong><\/h3><p>Evocation de la souffrance de celles et ceux qui furent d\u00e9port\u00e9s de France entre 1941 et 1944. Nom donn\u00e9 \u00e0 une partie de l\u2019avenue Paul Doumer le 9 novembre 1978.<\/p><h3><strong>Marx Dormoy (rue)<\/strong><\/h3><p>Homme politique, membre du gouvernement de Front Populaire (1888-1941). En juillet 1940, il fait partie des 80 parlementaires refusant de voter les pleins pouvoirs au mar\u00e9chal P\u00e9tain. En r\u00e9sidence surveill\u00e9e \u00e0 Mont\u00e9limar, il est assassin\u00e9 dans la nuit du 25 au 26 juillet 1941 par une bombe plac\u00e9e sous son lit par d\u2019anciens cagoulards. Nom donn\u00e9 \u00e0 la rue de Noisy-le-Grand le 11 juin 1947. L\u2019inauguration eut lieu le 31 ao\u00fbt 1947.<\/p><h3><strong>Massenet (rue)<\/strong><\/h3><p>Jules Massenet, compositeur fran\u00e7ais (1842-1912). Voie cr\u00e9\u00e9e par le lotissement de l\u2019Avenir dans les ann\u00e9es 1920 et class\u00e9e dans la voirie communale en 1937.<\/p><h3><strong>Mathieu (rue)<\/strong><\/h3><p>Alphonse Mathieu n\u00e9 en 1845, \u00e9lecteur en 1897 ? La rue existait en 1929.<\/p><h3><strong>Maurice Berteaux (boulevard)<\/strong><\/h3><p>Homme politique (1855-1911). Ministre de la Guerre, Pr\u00e9sident du Conseil G\u00e9n\u00e9ral, D\u00e9put\u00e9 de Seine et Oise, ami de Louis Amiard qui fut maire de Neuilly de 1905 \u00e0 1935. Voie construite vers 1909 et nomm\u00e9e le 24 juin 1911.<\/p><h3><strong>Meaux (esplanade de)<\/strong><\/h3><p>Chef-lieu d&rsquo;arrondissement de Seine-et-Marne. Nom donn\u00e9 le 21 mai 1971 \u00e0 une esplanade du quartier des Fauvettes en cours de construction.<\/p><h3><strong>Melun (esplanade de)<\/strong><\/h3><p>Chef-lieu du d\u00e9partement de Seine-et-Marne. Nom donn\u00e9 le 21 mai 1971 \u00e0 une esplanade du quartier des Fauvettes en cours de construction.<\/p><h3><strong>Mend\u00e8s France (place)<\/strong><\/h3><p>Pierre Mend\u00e8s France (1907-1982), homme politique. Pr\u00e9sident du Conseil en 1954-1955, il mit fin \u00e0 la guerre d&rsquo;Indochine et accorda l&rsquo;autonomie interne \u00e0 la Tunisie. Nom donn\u00e9 par le Conseil Municipal le 25 novembre 1982.<\/p><h3><strong>M\u00e9sanges (rue des)<\/strong><\/h3><p>Voie de la Cit\u00e9 des Bouleaux nomm\u00e9e ainsi par son organisme propri\u00e9taire le 27 juillet 1966. Les noms de la cit\u00e9 ont \u00e9t\u00e9 choisis par analogie avec la rue voisine dite Des Fauvettes.<\/p><h3><strong>Moli\u00e8re (all\u00e9e)<\/strong><\/h3><p>Jean-Baptiste Poquelin dit Moli\u00e8re (1622-1673), auteur dramatique fran\u00e7ais. Voie priv\u00e9e nouvelle d\u00e9nomm\u00e9e par le Conseil Municipal le 17 septembre 1992.<\/p><h3><strong>Myosotis (all\u00e9e des)<\/strong><\/h3><p>Voie cr\u00e9\u00e9e vers 1965 et nomm\u00e9e par d\u00e9lib\u00e9ration du Conseil Municipal le 27 janvier 1977.<\/p>\t\t\t\t\t\t\t\t<\/div>\n\t\t\t\t<\/div>\n\t\t\t\t\t<\/div>\n\t\t\t\t<\/div>\n\t\t\t\t\t<\/details>\n\t\t\t\t\t\t<details id=\"e-n-accordion-item-14514\" class=\"e-n-accordion-item\" >\n\t\t\t\t<summary class=\"e-n-accordion-item-title\" data-accordion-index=\"15\" tabindex=\"-1\" aria-expanded=\"false\" aria-controls=\"e-n-accordion-item-14514\" >\n\t\t\t\t\t<span class='e-n-accordion-item-title-header'><div class=\"e-n-accordion-item-title-text\"> N <\/div><\/span>\n\t\t\t\t\t\t\t<span class='e-n-accordion-item-title-icon'>\n\t\t\t<span class='e-opened' ><svg aria-hidden=\"true\" class=\"e-font-icon-svg e-fas-minus\" viewBox=\"0 0 448 512\" xmlns=\"http:\/\/www.w3.org\/2000\/svg\"><path d=\"M416 208H32c-17.67 0-32 14.33-32 32v32c0 17.67 14.33 32 32 32h384c17.67 0 32-14.33 32-32v-32c0-17.67-14.33-32-32-32z\"><\/path><\/svg><\/span>\n\t\t\t<span class='e-closed'><svg aria-hidden=\"true\" class=\"e-font-icon-svg e-fas-plus\" viewBox=\"0 0 448 512\" xmlns=\"http:\/\/www.w3.org\/2000\/svg\"><path d=\"M416 208H272V64c0-17.67-14.33-32-32-32h-32c-17.67 0-32 14.33-32 32v144H32c-17.67 0-32 14.33-32 32v32c0 17.67 14.33 32 32 32h144v144c0 17.67 14.33 32 32 32h32c17.67 0 32-14.33 32-32V304h144c17.67 0 32-14.33 32-32v-32c0-17.67-14.33-32-32-32z\"><\/path><\/svg><\/span>\n\t\t<\/span>\n\n\t\t\t\t\t\t<\/summary>\n\t\t\t\t<div role=\"region\" aria-labelledby=\"e-n-accordion-item-14514\" class=\"elementor-element elementor-element-bbcd2dc e-flex e-con-boxed e-con e-child\" data-id=\"bbcd2dc\" data-element_type=\"container\" data-e-type=\"container\">\n\t\t\t\t\t<div class=\"e-con-inner\">\n\t\t\t\t<div class=\"elementor-element elementor-element-3546385 elementor-widget elementor-widget-text-editor\" data-id=\"3546385\" data-element_type=\"widget\" data-e-type=\"widget\" data-widget_type=\"text-editor.default\">\n\t\t\t\t<div class=\"elementor-widget-container\">\n\t\t\t\t\t\t\t\t\t<h3><strong>Newton (all\u00e9e)<\/strong><\/h3><p>Sir Isaac Newton (1642-1727) savant anglais. Voie priv\u00e9e nouvelle d\u00e9nomm\u00e9e par son organisme propri\u00e9taire le 9 janvier 1967, nom approuv\u00e9 par le Conseil Municipal le 28 janvier 1967.<\/p><h3><strong>Nic\u00e9phore Niepce (rocade)<\/strong><\/h3><p>Physicien fran\u00e7ais n\u00e9 \u00e0 Ch\u00e2lons-sur-Sa\u00f4ne (1765-1833) inventeur de la photographie. Le Conseil Municipal a donn\u00e9 son nom le 15 novembre 1990 \u00e0 cette voie priv\u00e9e construite lors dans la zone industrielle Les Chanoux.<\/p><h3><strong>Nungesser (rue)<\/strong><\/h3><p>Charles Nungesser (Paris 1892 \u2013 Atlantique nord 1927). Un des as de l\u2019aviation fran\u00e7aise pendant la 1\u00e8re Guerre Mondiale. Il disparut avec Fran\u00e7ois Coli le 8 mai 1927, \u00e0 bord de \u00ab l\u2019Oiseau Blanc \u00bb lors d\u2019une tentative de liaison Paris \u2013 New York sans escale. Ce nom, donn\u00e9 par le groupement des propri\u00e9taires du lotissement La Grosse Pierre le 1er f\u00e9vrier 1929, a remplac\u00e9 celui de rue des Bulgares.<\/p>\t\t\t\t\t\t\t\t<\/div>\n\t\t\t\t<\/div>\n\t\t\t\t\t<\/div>\n\t\t\t\t<\/div>\n\t\t\t\t\t<\/details>\n\t\t\t\t\t\t<details id=\"e-n-accordion-item-14515\" class=\"e-n-accordion-item\" >\n\t\t\t\t<summary class=\"e-n-accordion-item-title\" data-accordion-index=\"16\" tabindex=\"-1\" aria-expanded=\"false\" aria-controls=\"e-n-accordion-item-14515\" >\n\t\t\t\t\t<span class='e-n-accordion-item-title-header'><div class=\"e-n-accordion-item-title-text\"> O <\/div><\/span>\n\t\t\t\t\t\t\t<span class='e-n-accordion-item-title-icon'>\n\t\t\t<span class='e-opened' ><svg aria-hidden=\"true\" class=\"e-font-icon-svg e-fas-minus\" viewBox=\"0 0 448 512\" xmlns=\"http:\/\/www.w3.org\/2000\/svg\"><path d=\"M416 208H32c-17.67 0-32 14.33-32 32v32c0 17.67 14.33 32 32 32h384c17.67 0 32-14.33 32-32v-32c0-17.67-14.33-32-32-32z\"><\/path><\/svg><\/span>\n\t\t\t<span class='e-closed'><svg aria-hidden=\"true\" class=\"e-font-icon-svg e-fas-plus\" viewBox=\"0 0 448 512\" xmlns=\"http:\/\/www.w3.org\/2000\/svg\"><path d=\"M416 208H272V64c0-17.67-14.33-32-32-32h-32c-17.67 0-32 14.33-32 32v144H32c-17.67 0-32 14.33-32 32v32c0 17.67 14.33 32 32 32h144v144c0 17.67 14.33 32 32 32h32c17.67 0 32-14.33 32-32V304h144c17.67 0 32-14.33 32-32v-32c0-17.67-14.33-32-32-32z\"><\/path><\/svg><\/span>\n\t\t<\/span>\n\n\t\t\t\t\t\t<\/summary>\n\t\t\t\t<div role=\"region\" aria-labelledby=\"e-n-accordion-item-14515\" class=\"elementor-element elementor-element-6ef6b63 e-flex e-con-boxed e-con e-child\" data-id=\"6ef6b63\" data-element_type=\"container\" data-e-type=\"container\">\n\t\t\t\t\t<div class=\"e-con-inner\">\n\t\t\t\t<div class=\"elementor-element elementor-element-21169cd elementor-widget elementor-widget-text-editor\" data-id=\"21169cd\" data-element_type=\"widget\" data-e-type=\"widget\" data-widget_type=\"text-editor.default\">\n\t\t\t\t<div class=\"elementor-widget-container\">\n\t\t\t\t\t\t\t\t\t<h3><strong>Onze novembre (rue du)<\/strong><\/h3><p>Date de l\u2019armistice de 1918 qui mit fin \u00e0 la 1<sup>\u00e8re<\/sup> Guerre Mondiale. Ce nom a \u00e9t\u00e9 donn\u00e9 \u00e0 l\u2019ancienne ruelle Marguerite le 2 f\u00e9vrier 1929 pour rappeler cette date importante mais aussi \u00e0 la suite de r\u00e9clamations. En effet, la commune de Neuilly-Plaisance comportait une rue Marguerite. Cette situation entrainait des confusions g\u00eanantes.<\/p>\t\t\t\t\t\t\t\t<\/div>\n\t\t\t\t<\/div>\n\t\t\t\t\t<\/div>\n\t\t\t\t<\/div>\n\t\t\t\t\t<\/details>\n\t\t\t\t\t\t<details id=\"e-n-accordion-item-14516\" class=\"e-n-accordion-item\" >\n\t\t\t\t<summary class=\"e-n-accordion-item-title\" data-accordion-index=\"17\" tabindex=\"-1\" aria-expanded=\"false\" aria-controls=\"e-n-accordion-item-14516\" >\n\t\t\t\t\t<span class='e-n-accordion-item-title-header'><div class=\"e-n-accordion-item-title-text\"> P <\/div><\/span>\n\t\t\t\t\t\t\t<span class='e-n-accordion-item-title-icon'>\n\t\t\t<span class='e-opened' ><svg aria-hidden=\"true\" class=\"e-font-icon-svg e-fas-minus\" viewBox=\"0 0 448 512\" xmlns=\"http:\/\/www.w3.org\/2000\/svg\"><path d=\"M416 208H32c-17.67 0-32 14.33-32 32v32c0 17.67 14.33 32 32 32h384c17.67 0 32-14.33 32-32v-32c0-17.67-14.33-32-32-32z\"><\/path><\/svg><\/span>\n\t\t\t<span class='e-closed'><svg aria-hidden=\"true\" class=\"e-font-icon-svg e-fas-plus\" viewBox=\"0 0 448 512\" xmlns=\"http:\/\/www.w3.org\/2000\/svg\"><path d=\"M416 208H272V64c0-17.67-14.33-32-32-32h-32c-17.67 0-32 14.33-32 32v144H32c-17.67 0-32 14.33-32 32v32c0 17.67 14.33 32 32 32h144v144c0 17.67 14.33 32 32 32h32c17.67 0 32-14.33 32-32V304h144c17.67 0 32-14.33 32-32v-32c0-17.67-14.33-32-32-32z\"><\/path><\/svg><\/span>\n\t\t<\/span>\n\n\t\t\t\t\t\t<\/summary>\n\t\t\t\t<div role=\"region\" aria-labelledby=\"e-n-accordion-item-14516\" class=\"elementor-element elementor-element-6ebb6af e-flex e-con-boxed e-con e-child\" data-id=\"6ebb6af\" data-element_type=\"container\" data-e-type=\"container\">\n\t\t\t\t\t<div class=\"e-con-inner\">\n\t\t\t\t<div class=\"elementor-element elementor-element-6d553a1 elementor-widget elementor-widget-text-editor\" data-id=\"6d553a1\" data-element_type=\"widget\" data-e-type=\"widget\" data-widget_type=\"text-editor.default\">\n\t\t\t\t<div class=\"elementor-widget-container\">\n\t\t\t\t\t\t\t\t\t<h3><strong>Paix (rue de la)<\/strong><\/h3><p>Une d\u00e9lib\u00e9ration du 16 novembre 1932 informe qu&rsquo;une rue priv\u00e9e vient de changer de nom. La rue de la Paix s\u2019appelait auparavant rue du Mar\u00e9chal Foch. Elle fut peut-\u00eatre cr\u00e9\u00e9e vers 1928 avec le lotissement des 18 arpents (ou lotissement des \u00e9coles). En 1948, on trouve mention d&rsquo;une association syndicale autoris\u00e9e \u00ab\u00a0La rue de la Paix\u00a0\u00bb.<\/p><h3><strong>Parc (esplanade du)<\/strong><\/h3><p>Nom donn\u00e9 le 21 mai 1971 \u00e0 une esplanade du quartier des Fauvettes en cours de construction.<\/p><h3><strong>Parrain (rue)<\/strong><\/h3><p>Voie priv\u00e9e c\u00e9d\u00e9e gratuitement \u00e0 la commune en 1974 (d\u00e9lib\u00e9ration du 22\/11\/1974). Un prolongement de cette rue fut coup\u00e9 par la ligne de chemin de fer et devint la rue du Plateau.<\/p><h3><strong>Pascal (avenue)<\/strong><\/h3><p>Blaise Pascal (1623-1662) savant, philosophe et \u00e9crivain fran\u00e7ais. Voie cr\u00e9\u00e9e par le lotissement de l\u2019Avenir dans les ann\u00e9es 1920 et class\u00e9e dans la voirie communale en 1937.<\/p><h3><strong>Pasteur (rue)<\/strong><\/h3><p>Louis Pasteur (Dole 1822 &#8211; Villeneuve l&rsquo;Etang 1895) chimiste et biologiste fran\u00e7ais. Son nom a \u00e9t\u00e9 donn\u00e9 le 10 septembre 1894 \u00e0 la rue Verte. Il est tout \u00e0 fait exceptionnel que son nom ait \u00e9t\u00e9 donn\u00e9 \u00e0 une voie alors qu\u2019il \u00e9tait encore vivant.<\/p><h3><strong>Paul Doumer (rue)<\/strong><\/h3><p>Homme politique (1857-1932), Pr\u00e9sident de la R\u00e9publique en 1931, assassin\u00e9 en 1932. Son nom a \u00e9t\u00e9 donn\u00e9 le 27 mai 1932 \u00e0 la rue de Rosny.<\/p><h3><strong>Paul Eluard (rue)<\/strong><\/h3><p>Paul \u00c9luard, nom de plume d&rsquo;Eug\u00e8ne Grindel, n\u00e9 \u00e0 Saint-Denis le 14 d\u00e9cembre 1895 et mort \u00e0 Charenton-le-Pont le 18 novembre 1952, est un po\u00e8te fran\u00e7ais. En 1916, il choisit le nom de Paul \u00c9luard, patronyme emprunt\u00e9 \u00e0 sa grand-m\u00e8re maternelle, F\u00e9licie. Voie nouvelle du quartier de Maison-Blanche d\u00e9nomm\u00e9e par le Conseil Municipal le 30 janvier 2019.<\/p><h3><strong>Paul et Camille Thomoux (rue)<\/strong><\/h3><p>Le nom de Paul Thomoux a \u00e9t\u00e9 donn\u00e9 le 11 juin 1947 \u00e0 la rue de Gagny. L\u2019inauguration eut lieu le 31 ao\u00fbt 1947. Le 2 avril 1965, le pr\u00e9nom de son \u00e9pouse Camille a \u00e9t\u00e9 ajout\u00e9.<\/p><h3><strong>Paul Lafargue (rue)<\/strong><\/h3><p>Homme politique (Santiago de Cuba 1842 \u2013 1911), disciple et gendre de Karl Marx, fondateur avec Jules Guesde du Parti Ouvrier Fran\u00e7ais en 1880. Cette rue a \u00e9t\u00e9 cr\u00e9\u00e9e en 1913 \u00e0 partir d\u2019une d\u00e9viation du chemin du marais Saint-Baudile. Elle a \u00e9t\u00e9 viabilis\u00e9e et class\u00e9e en 1936. Elle s\u2019appelait \u00e0 l\u2019origine rue Gaston. On peut supposer que son nom vient du fondateur du lotissement Paris-Neuilly, Gaston Bigot. Le 23 d\u00e9cembre 1936, le conseil municipal la d\u00e9nomme rue Paul Lafargue. Elle est inaugur\u00e9e le 9 mai 1937. Le 3 novembre 1940, la D\u00e9l\u00e9gation Sp\u00e9ciale g\u00e9rant la commune pendant le r\u00e9gime de Vichy la d\u00e9baptise et la nomme rue Rodin. La d\u00e9cision communale devance ainsi une circulaire du Pr\u00e9fet de Seine-et-Oise demandant la suppression du nom de Paul Lafargue. La rue retrouve son nom apr\u00e8s la lib\u00e9ration \u00e0 l&rsquo;occasion de la comm\u00e9moration des martyrs de Ch\u00e2teaubriant le 22 octobre 1944.<\/p><h3><strong>Paul Langevin (rue)<\/strong><\/h3><p>Physicien fran\u00e7ais, membre de l&rsquo;Acad\u00e9mie des sciences (1872-1946). Voie de la zone industrielle Les Chanoux d\u00e9nomm\u00e9e le 24 avril 1975.<\/p><h3><strong>Paul Vaillant-Couturier (avenue)<\/strong><\/h3><p>Paul Charles Couturier, dit Paul Vaillant-Couturier, n\u00e9 le 8 janvier 1892 \u00e0 Paris, d\u00e9c\u00e9d\u00e9 le 10 octobre 1937 \u00e0 Paris, \u00e9tait un \u00e9crivain, journaliste et homme politique fran\u00e7ais. Le 18 novembre 1937, le Conseil Municipal donne son accord \u00e0 une demande de la ville de Gagny de donner son nom \u00e0 la route de Gournay qui est mitoyenne aux deux communes. Neuilly accepte \u00e0 condition que les nouvelles plaques de rues pr\u00e9cisent l\u2019ancien nom de la voie. Le 3 novembre 1940, la D\u00e9l\u00e9gation Sp\u00e9ciale, qui g\u00e8re la ville pendant la guerre, la d\u00e9baptise et la nomme rue Claude Debussy. Le 27 octobre 1944, le Conseil Municipal issu de la R\u00e9sistance lui redonne le nom de Paul Vaillant-Couturier.<\/p><h3><strong>Paul Verlaine (avenue)<\/strong><\/h3><p>Paul Verlaine est un \u00e9crivain et po\u00e8te fran\u00e7ais n\u00e9 \u00e0 Metz le 30 mars 1844 et mort \u00e0 Paris le 8 janvier 1896. Il s&rsquo;essaie \u00e0 la po\u00e9sie et publie son premier recueil, <em>Po\u00e8mes saturniens<\/em> en 1866, \u00e0 22 ans. Il \u00e9pouse en 1870 Mathilde Maut\u00e9. Le couple aura un enfant, Georges Verlaine. Voie nouvelle du quartier de Maison-Blanche d\u00e9nomm\u00e9e par le Conseil Municipal le 30 janvier 2019.<\/p><h3><strong>Perche (rue)<\/strong><\/h3><p>La rue Perche est situ\u00e9e entre la route nationale 34 (boulevard du Mar\u00e9chal Foch) et la Marne, dans le lieu-dit Le dessous du pav\u00e9 ou Les Javeaux. Il s\u2019agissait \u00e0 l\u2019origine d\u2019un chemin priv\u00e9 appartenant \u00e0 M. Perche puis \u00e0 la Soci\u00e9t\u00e9 Charlier-Salle. D\u00e8s 1889, Monsieur Perche propose de c\u00e9der le chemin \u00e0 la commune. Cette proposition est toujours d\u00e9crite comme \u00ab cession du chemin Perche \u00bb puis \u00ab cession de la rue Perche \u00bb ou \u00ab cession de l\u2019avenue Perche \u00bb. La soci\u00e9t\u00e9 Charlier-Salle a c\u00e9d\u00e9 la voie gratuitement en 1956. La voie a gard\u00e9 ce nom sans qu\u2019une d\u00e9lib\u00e9ration du Conseil Municipal le d\u00e9cide.<\/p><h3><strong>Pervenches (all\u00e9e des)<\/strong><\/h3><p>Voie cr\u00e9\u00e9e vers 1965 et nomm\u00e9e le 27 janvier 1977.<\/p><h3><strong>Peupliers (all\u00e9e des)<\/strong><\/h3><p>Voie priv\u00e9e nomm\u00e9e le 23 d\u00e9cembre 1966 par l\u2019organisme propri\u00e9taire. Nom approuv\u00e9 par le Conseil Municipal le 7 janvier 1967.<\/p><h3><strong>Pierre Brossolette (rue)<\/strong><\/h3><p>Homme politique et journaliste (1903-1944). Ce socialiste, R\u00e9sistant de la premi\u00e8re heure, fut arr\u00eat\u00e9 par les Allemands qui le tortur\u00e8rent. Afin de ne pas parler, il se suicida dans sa cellule. Son nom a \u00e9t\u00e9 donn\u00e9 le 14 juin 1947 \u00e0 une partie de la rue du G\u00e9n\u00e9ral Donzelot situ\u00e9e \u00ab entre la place de la R\u00e9sistance et l\u2019\u00e9querre form\u00e9e \u00e0 la limite du domaine de Ville-Evrard \u00bb. Les b\u00e2timents concern\u00e9s portent les num\u00e9ros 1 \u00e0 51. L\u2019inauguration eut lieu le 31 ao\u00fbt 1947.<\/p><h3><strong>Pierre de Ronsard (rue)<\/strong><\/h3><p>Pierre de Ronsard n\u00e9 en septembre 1524 au ch\u00e2teau de la Possonni\u00e8re, pr\u00e8s du village de Couture-sur-Loir en Vend\u00f4mois, et mort le 27 d\u00e9cembre 1585 au prieur\u00e9 de Saint-Cosme en Touraine, est un des po\u00e8tes fran\u00e7ais les plus importants du XVI\u1d49 si\u00e8cle. Voie nouvelle du quartier de Maison-Blanche d\u00e9nomm\u00e9e par le Conseil Municipal le 30 janvier 2019.<\/p><h3><strong>Pins (all\u00e9e des)<\/strong><\/h3><p>Voie priv\u00e9e nomm\u00e9e le 23 d\u00e9cembre 1966 par l\u2019organisme propri\u00e9taire. Nom approuv\u00e9 par le Conseil Municipal le 7 janvier 1967.<\/p><h3><strong>Pinsons (rue des)<\/strong><\/h3><p>Nom d\u2019oiseau, rue du quartier des Bouleaux.<\/p><h3><strong>Plateau (rue du)<\/strong><\/h3><p>Pour mettre fin aux probl\u00e8mes de distribution du courrier, le Conseil Municipal a donn\u00e9 ce nom le 24 juillet 1931 \u00e0 la rue Parrain prolong\u00e9e.<\/p><h3><strong>Plumeraies (all\u00e9e des)<\/strong><\/h3><p>Voie priv\u00e9e cr\u00e9\u00e9e vers 1964 et nomm\u00e9e par le Conseil Municipal le 26 mai 1983.<\/p><h3><strong>Poilu (rue du)<\/strong><\/h3><p>Voie cr\u00e9\u00e9e et nomm\u00e9e par le lotissement La Fertile Plaine vers 1920, class\u00e9e dans la voirie communale vers 1937. Cette voie ayant \u00e9t\u00e9 prolong\u00e9e, le Conseil Municipal a confirm\u00e9 ce nom pour toute la longueur de la rue le 23 mai 1991. Le nom de cette rue fait r\u00e9f\u00e9rence au surnom donn\u00e9 aux soldats de la 1\u00e8re Guerre Mondiale. Il est fort possible que les fondateurs du lotissement ou des membres de leur famille aient combattu. La cr\u00e9ation du lotissement est proche de la fin de la guerre. Il existe de nombreuses voies en France portant des noms similaires : rue du Poilu, rue des Poilus, rue des Poilus de 14-18 etc. \u2026<\/p><h3><strong>Pommiers (rue des)<\/strong><\/h3><p>Voie cr\u00e9\u00e9e et nomm\u00e9e par la Cit\u00e9 Les Pommiers le 9 janvier 1967.<\/p><h3><strong>Pontoise (esplanade de)<\/strong><\/h3><p>Chef-lieu du Val d&rsquo;Oise. Nom donn\u00e9 le 21 mai 1971 \u00e0 une esplanade du quartier des Fauvettes en cours de construction.<\/p><h3><strong>Port (rue du)<\/strong><\/h3><p>Cette rue conduit \u00e0 l\u2019\u00e9cluse du canal. Son trac\u00e9 et sa propri\u00e9t\u00e9 ont \u00e9t\u00e9 l\u2019objet de nombreuses discussions avec l\u2019h\u00f4pital de Ville-Evrard. Elle prit ce nom en pr\u00e9vision du port de marchandises qui devait \u00eatre construit en amont de l\u2019\u00e9cluse. En fait, elle conduit maintenant au port de plaisance (extrait d\u2019<em>Histoires noc\u00e9ennes<\/em>, Association Fran\u00e7ois-Xavier Donzelot, 2014).<\/p><h3><strong>Prairies (rue des)<\/strong><\/h3><p>La rue des Prairies faisait partie du lotissement \u00ab\u00a0Domaine de la Maltourn\u00e9e\u00a0\u00bb qui lui a donn\u00e9 ce nom. Construite vers 1912, elle fut en partie d\u00e9truite lors de la construction de la voie de chemin de fer en 1925.<\/p><h3><strong>Pr\u00e9sident Kennedy (rue du)<\/strong><\/h3><p>John Fitzgerald Kennedy (1917-1963), homme d&rsquo;\u00e9tat am\u00e9ricain. Son nom a \u00e9t\u00e9 donn\u00e9 \u00e0 une nouvelle voie le 31 mai 1965.<\/p><h3><strong>Prince (chemin du)<\/strong><\/h3><p>Ce nom aurait pour origine le ou les Princes d&rsquo;Orl\u00e9ans venant y chevaucher ou chasser quand ils s\u00e9journaient au ch\u00e2teau du Raincy<\/p><h3><strong>Princes (avenue des)<\/strong><\/h3><p>Ce nom aurait pour origine le ou les Princes d&rsquo;Orl\u00e9ans venant y chevaucher ou chasser quand ils s\u00e9journaient au ch\u00e2teau. Cette voie priv\u00e9e a \u00e9t\u00e9 c\u00e9d\u00e9e \u00e0 la ville en 1974.<\/p><h3><strong>Processions (chemin des)<\/strong><\/h3><p>Nom faisant r\u00e9f\u00e9rence aux processions des Rogations, qui au retour du printemps portaient solennellement la statue de Saint-Baudile ou de Saint-Vincent aux quatre coins de la commune, pour qu\u2019il favorise la croissance des moissons et des fruits.<\/p>\t\t\t\t\t\t\t\t<\/div>\n\t\t\t\t<\/div>\n\t\t\t\t\t<\/div>\n\t\t\t\t<\/div>\n\t\t\t\t\t<\/details>\n\t\t\t\t\t\t<details id=\"e-n-accordion-item-14517\" class=\"e-n-accordion-item\" >\n\t\t\t\t<summary class=\"e-n-accordion-item-title\" data-accordion-index=\"18\" tabindex=\"-1\" aria-expanded=\"false\" aria-controls=\"e-n-accordion-item-14517\" >\n\t\t\t\t\t<span class='e-n-accordion-item-title-header'><div class=\"e-n-accordion-item-title-text\"> R <\/div><\/span>\n\t\t\t\t\t\t\t<span class='e-n-accordion-item-title-icon'>\n\t\t\t<span class='e-opened' ><svg aria-hidden=\"true\" class=\"e-font-icon-svg e-fas-minus\" viewBox=\"0 0 448 512\" xmlns=\"http:\/\/www.w3.org\/2000\/svg\"><path d=\"M416 208H32c-17.67 0-32 14.33-32 32v32c0 17.67 14.33 32 32 32h384c17.67 0 32-14.33 32-32v-32c0-17.67-14.33-32-32-32z\"><\/path><\/svg><\/span>\n\t\t\t<span class='e-closed'><svg aria-hidden=\"true\" class=\"e-font-icon-svg e-fas-plus\" viewBox=\"0 0 448 512\" xmlns=\"http:\/\/www.w3.org\/2000\/svg\"><path d=\"M416 208H272V64c0-17.67-14.33-32-32-32h-32c-17.67 0-32 14.33-32 32v144H32c-17.67 0-32 14.33-32 32v32c0 17.67 14.33 32 32 32h144v144c0 17.67 14.33 32 32 32h32c17.67 0 32-14.33 32-32V304h144c17.67 0 32-14.33 32-32v-32c0-17.67-14.33-32-32-32z\"><\/path><\/svg><\/span>\n\t\t<\/span>\n\n\t\t\t\t\t\t<\/summary>\n\t\t\t\t<div role=\"region\" aria-labelledby=\"e-n-accordion-item-14517\" class=\"elementor-element elementor-element-ac18788 e-flex e-con-boxed e-con e-child\" data-id=\"ac18788\" data-element_type=\"container\" data-e-type=\"container\">\n\t\t\t\t\t<div class=\"e-con-inner\">\n\t\t\t\t<div class=\"elementor-element elementor-element-f6d129b elementor-widget elementor-widget-text-editor\" data-id=\"f6d129b\" data-element_type=\"widget\" data-e-type=\"widget\" data-widget_type=\"text-editor.default\">\n\t\t\t\t<div class=\"elementor-widget-container\">\n\t\t\t\t\t\t\t\t\t<h3><strong>Racine (avenue)<\/strong><\/h3><p>Jean Racine (1639-1699) po\u00e8te tragique fran\u00e7ais. Voie cr\u00e9\u00e9e par le lotissement de l\u2019Avenir dans les ann\u00e9es 1920 et class\u00e9e dans la voirie communale en 1937.<\/p><h3><strong>Raymond Queneau (all\u00e9e)<\/strong><\/h3><p>Raymond Queneau, n\u00e9 au Havre le 21 f\u00e9vrier 1903 et mort \u00e0 Paris 13\u1d49 le 25 octobre 1976, est un romancier, po\u00e8te, dramaturge fran\u00e7ais, cofondateur du groupe litt\u00e9raire Oulipo. Voie nouvelle du quartier de Maison-Blanche d\u00e9nomm\u00e9e par le Conseil Municipal le 30 janvier 2019.<\/p><h3><strong>Raincy (rue du)<\/strong><\/h3><p>Le chemin rural n\u00b010 (chemin de Neuilly \u00e0 Villemomble) a \u00e9t\u00e9 rectifi\u00e9 et \u00e9largi en 1910 environ. Son nom \u00e9tait le chemin des Trous. Le changement de d\u00e9nomination a \u00e9t\u00e9 demand\u00e9 par les riverains. Une d\u00e9lib\u00e9ration du 25 novembre 1925 lui donne le nom de rue du Raincy. Ce chemin bordait le lotissement La Carri\u00e8re. La rue a \u00e9t\u00e9 coup\u00e9e en deux par la voie de chemin de fer. L&rsquo;autre partie est devenue la rue de la Libert\u00e9 en 1934.<\/p><h3><strong>Rambouillet (esplanade de)<\/strong><\/h3><p>Chef-lieu d&rsquo;arrondissement des Yvelines comprenant un ch\u00e2teau des XIV-XVIII\u00e8me si\u00e8cles aujourd&rsquo;hui affect\u00e9 \u00e0 la Pr\u00e9sidence de la R\u00e9publique. Nom donn\u00e9 le 21 mai 1971 \u00e0 une esplanade du quartier des Fauvettes en cours de construction.<\/p><h3><strong>Raymond Bilbor (rue)<\/strong><\/h3><p>Raymond Bilbor (Ch\u00e2lons-sur-Marne 1898 \u2013 Neuilly 09\/12\/1970). Maire de Neuilly de 1953 \u00e0 1965 (Parti Communiste). Anciennement rue de la Butte, cette voie cr\u00e9\u00e9e par le lotissement \u00ab La Carri\u00e8re \u00bb a \u00e9t\u00e9 nomm\u00e9e ainsi par le Conseil Municipal le 6 ao\u00fbt 1971 en hommage \u00e0 Raymond Bilbor qui r\u00e9sidait au num\u00e9ro 8 de la rue d\u00e8s 1921.<\/p><h3><strong>Raymond Chassagne (place)<\/strong><\/h3><p>Maire de Neuilly-sur-Marne de 1965 \u00e0 1974. Voie nouvelle d\u00e9nomm\u00e9e le 17 d\u00e9cembre 1981.<\/p><h3><strong>Raymond Poincar\u00e9 (rue)<\/strong><\/h3><p>Homme politique (1860-1934). Nom donn\u00e9 le 31 mai 1965 \u00e0 une rue de la zone industrielle Les Chanoux.<\/p><h3><strong>Ren\u00e9 Cassin (all\u00e9e)<\/strong><\/h3><p>Juriste fran\u00e7ais (1887-1976), pr\u00e9sident de la cour europ\u00e9enne des droits de l&rsquo;homme (1965), prix Nobel de la paix (1968). Le Conseil Municipal a donn\u00e9 ce nom le 17 d\u00e9cembre 1987 \u00e0 une voie priv\u00e9e existante.<\/p><h3><strong>Ren\u00e9e (impasse)<\/strong><\/h3><p>Ren\u00e9e ou Ren\u00e9 ? Apparemment cr\u00e9\u00e9e vers 1928 avec le lotissement des 18 arpents.<\/p><h3><strong>Ren\u00e9e Vivien (rue)<\/strong><\/h3><p>Pauline Mary Tarn, alias Ren\u00e9e Vivien, est n\u00e9e le 11 juin 1877 \u00e0 Londres et morte le 18 novembre 1909 \u00e0 Paris, surnomm\u00e9e \u00ab Sapho 1900 \u00bb, est une po\u00e9tesse britannique de langue fran\u00e7aise aux multiples appartenances litt\u00e9raires, relevant \u00e0 la fois du Parnasse, du Symbolisme, du Pr\u00e9rapha\u00e9lisme, et du romantisme tardif qu&rsquo;est le Naturisme \u00e0 la Belle \u00c9poque. Demeur\u00e9e l&rsquo;une des grandes ic\u00f4nes du g\u00e9nie f\u00e9minin \u00e0 travers les si\u00e8cles, son \u0153uvre fait constamment l&rsquo;objet de nouvelles recherches. Voie nouvelle du quartier de Maison-Blanche d\u00e9nomm\u00e9e par le Conseil Municipal le 16 septembre 2020.<\/p><h3><strong>R\u00e9publique (boulevard de la)<\/strong><\/h3><p>R\u00e9gime politique dans lequel la loi s&rsquo;applique \u00e0 tous sans exception et o\u00f9 la fonction de chef de l&rsquo;Etat n&rsquo;est pas h\u00e9r\u00e9ditaire. La R\u00e9publique fran\u00e7aise. Le boulevard des \u00e9coles est devenu boulevard de la R\u00e9publique le 30 juillet 1913. Cette voie a \u00e9t\u00e9 d\u00e9nomm\u00e9e boulevard du Mar\u00e9chal P\u00e9tain le 03\/01\/1941. Elle a retrouv\u00e9 son nom apr\u00e8s la guerre par une d\u00e9lib\u00e9ration du 06\/10\/1944 appliqu\u00e9e \u00e0 l&rsquo;occasion de la comm\u00e9moration des martyrs de Chateaubriant le 22\/10\/1944.<\/p><h3><strong>R\u00e9sistance (place de la)<\/strong><\/h3><p>Action clandestine men\u00e9e par des organisations civiles et militaires en Europe contre l&rsquo;occupant allemand au cours de la seconde guerre mondiale. Par son action, la R\u00e9sistance a fortement contribu\u00e9 \u00e0 la lib\u00e9ration du territoire fran\u00e7ais et au soutien de l&rsquo;action du G\u00e9n\u00e9ral de Gaulle. Nom donn\u00e9 \u00e0 l\u2019ancienne place d\u2019Armes le 27 octobre 1944 par le Conseil Municipal issu du Comit\u00e9 local de la Lib\u00e9ration.<\/p><h3><strong>Robert (avenue)<\/strong><\/h3><p>Dans les ann\u00e9es 1910, le lotissement Le Verdoyant a \u00e9t\u00e9 cr\u00e9\u00e9 par deux s\u0153urs Robert. Le cahier des charges du lotissement stipule : \u00ab\u00a0<em>les vendeuses vont faire \u00e9tablir une avenue dite avenue Robert, laquelle devra toujours \u00eatre ainsi nomm\u00e9e\u00a0\u00bb<\/em>.<\/p><h3><strong>Robert Desnos (rue)<\/strong><\/h3><p>Robert Desnos [d\u025bs\u02c8no\u02d0s] est un po\u00e8te fran\u00e7ais, n\u00e9 le 4 juillet 1900 dans le 11\u1d49 arrondissement de Paris et mort du typhus le 8 juin 1945 au camp de concentration de Theresienstadt, en Tch\u00e9coslovaquie \u00e0 peine lib\u00e9r\u00e9e par l&rsquo;Arm\u00e9e rouge. Voie nouvelle du quartier de Maison-Blanche d\u00e9nomm\u00e9e par le Conseil Municipal le 30 janvier 2019.<\/p><h3><strong>Robert Schumann (avenue)<\/strong><\/h3><p>Homme politique (1886-1963) qui \u0153uvra pour que l&rsquo;id\u00e9e europ\u00e9enne prenne vie. Il fut l&rsquo;auteur du plan pour la communaut\u00e9 europ\u00e9enne du charbon et de l&rsquo;acier (1951) et l&rsquo;initiateur de la r\u00e9conciliation franco-allemande. Le 31 mai 1965, le Conseil Municipal donna son nom \u00e0 une partie du chemin de l\u2019\u00e9gout.<\/p><h3><strong>Roger Salengro (rue)<\/strong><\/h3><p>Roger, Henri, Charles Salengro n\u00e9 le 30 mai 1890 \u00e0 Lille, membre important de la SFIO, maire de Lille de 1925 \u00e0 1936, ministre de l\u2019Int\u00e9rieur de L\u00e9on Blum. Roger Salengro a \u00e9t\u00e9 victime d\u2019une campagne de calomnies l\u2019accusant d\u2019avoir d\u00e9sert\u00e9 en 1915. Innocent\u00e9, il s\u2019est suicid\u00e9 le 17 novembre 1936. Ses fun\u00e9railles, le 22 novembre 1936, r\u00e9unirent 1 million de personnes. Son nom a \u00e9t\u00e9 donn\u00e9 \u00e0 l\u2019avenue des Roses par une d\u00e9lib\u00e9ration du 27 octobre 1944. Ce nom avait \u00e9t\u00e9 donn\u00e9 \u00e0 une autre rue en 1936 suite \u00e0 la demande de la section SFIO de Neuilly-sur-Marne. Sous le gouvernement de Vichy, la rue avait \u00e9t\u00e9 d\u00e9baptis\u00e9e.<\/p><h3><strong>Roitelets (rue des)<\/strong><\/h3><p>Voie de la Cit\u00e9 des Bouleaux nomm\u00e9e ainsi par son organisme propri\u00e9taire le 27 juillet 1966. Les noms de la cit\u00e9 ont \u00e9t\u00e9 choisis par analogie avec la rue voisine dite Des Fauvettes.<\/p><h3><strong>Romarins (rue des)<\/strong><\/h3><p>Voie ceinturant la r\u00e9sidence des Romarins, d\u00e9butant 5 rue du Mar\u00e9chal de Lattre de Tassigny et se terminant au num\u00e9ro 17 de cette m\u00eame voie. Cette nouvelle rue a \u00e9t\u00e9 d\u00e9nomm\u00e9e le 13 octobre 1994 par le Conseil Municipal.<\/p><h3><strong>Rosemonde G\u00e9rard (all\u00e9e)<\/strong><\/h3><p>Louise-Rose-\u00c9tiennette G\u00e9rard, dite Rosemonde G\u00e9rard, n\u00e9e le 5 avril 1866 \u00e0 Paris o\u00f9 elle est morte le 8 juillet 1953, est une po\u00e9tesse et com\u00e9dienne fran\u00e7aise. Elle fut l&rsquo;\u00e9pouse d&rsquo;Edmond Rostand. Voie nouvelle du quartier de Maison-Blanche d\u00e9nomm\u00e9e par le Conseil Municipal le 30 janvier 2019.<\/p><h3><strong>Roses (all\u00e9e des)<\/strong><\/h3><p>Le 19 avril 1984, le Conseil Municipal d\u00e9nomme All\u00e9e des Roses, la voie qui dessert un petit lotissement d\u00e9bouchant sur le 24 rue Abel Tuffier.<\/p><h3><strong>Rossignols (rue des)<\/strong><\/h3><p>Voie de la Cit\u00e9 des Bouleaux nomm\u00e9e ainsi par son organisme propri\u00e9taire le 27 juillet 1966. Les noms de la cit\u00e9 ont \u00e9t\u00e9 choisis par analogie avec la rue voisine dite Des Fauvettes.<\/p><h3><strong>Rouges Gorges (all\u00e9e des)<\/strong><\/h3><p>Voie priv\u00e9e. Ancienne all\u00e9e Audrey nomm\u00e9e par le Conseil Municipal le 12 juillet 1984.<\/p><h3><strong>Rousselet (rue)<\/strong><\/h3><p>Hippolyte Rousselet, maire de Neuilly en 1896, d\u00e9c\u00e9d\u00e9 en 1897. Nom donn\u00e9 le 18 f\u00e9vrier 1905 au chemin de la Procession. En 1965, le trac\u00e9 de la voie a \u00e9t\u00e9 red\u00e9fini entre le chemin des processions et le chemin de fer rue du Plateau.<\/p><h3><strong>Roussillon (all\u00e9e du)<\/strong><\/h3><p>Nom d\u2019une province de France donn\u00e9 le 29 septembre 1968 \u00e0 une voie construite lors de la cr\u00e9ation du quartier des Fauvettes.<\/p><h3><strong>Roussillon (place du)<\/strong><\/h3><p>Nom d\u2019une province de France donn\u00e9 le 25 d\u00e9cembre 1976 \u00e0 une voie construite lors de la cr\u00e9ation du quartier des Fauvettes.<\/p><h3><strong>Roussillon (rue du)<\/strong><\/h3><p>Nom d\u2019une province de France donn\u00e9 le 29 septembre 1968 \u00e0 une voie construite lors de la cr\u00e9ation du quartier des Fauvettes.<\/p>\t\t\t\t\t\t\t\t<\/div>\n\t\t\t\t<\/div>\n\t\t\t\t\t<\/div>\n\t\t\t\t<\/div>\n\t\t\t\t\t<\/details>\n\t\t\t\t\t\t<details id=\"e-n-accordion-item-14518\" class=\"e-n-accordion-item\" >\n\t\t\t\t<summary class=\"e-n-accordion-item-title\" data-accordion-index=\"19\" tabindex=\"-1\" aria-expanded=\"false\" aria-controls=\"e-n-accordion-item-14518\" >\n\t\t\t\t\t<span class='e-n-accordion-item-title-header'><div class=\"e-n-accordion-item-title-text\"> S <\/div><\/span>\n\t\t\t\t\t\t\t<span class='e-n-accordion-item-title-icon'>\n\t\t\t<span class='e-opened' ><svg aria-hidden=\"true\" class=\"e-font-icon-svg e-fas-minus\" viewBox=\"0 0 448 512\" xmlns=\"http:\/\/www.w3.org\/2000\/svg\"><path d=\"M416 208H32c-17.67 0-32 14.33-32 32v32c0 17.67 14.33 32 32 32h384c17.67 0 32-14.33 32-32v-32c0-17.67-14.33-32-32-32z\"><\/path><\/svg><\/span>\n\t\t\t<span class='e-closed'><svg aria-hidden=\"true\" class=\"e-font-icon-svg e-fas-plus\" viewBox=\"0 0 448 512\" xmlns=\"http:\/\/www.w3.org\/2000\/svg\"><path d=\"M416 208H272V64c0-17.67-14.33-32-32-32h-32c-17.67 0-32 14.33-32 32v144H32c-17.67 0-32 14.33-32 32v32c0 17.67 14.33 32 32 32h144v144c0 17.67 14.33 32 32 32h32c17.67 0 32-14.33 32-32V304h144c17.67 0 32-14.33 32-32v-32c0-17.67-14.33-32-32-32z\"><\/path><\/svg><\/span>\n\t\t<\/span>\n\n\t\t\t\t\t\t<\/summary>\n\t\t\t\t<div role=\"region\" aria-labelledby=\"e-n-accordion-item-14518\" class=\"elementor-element elementor-element-8c41e5b e-flex e-con-boxed e-con e-child\" data-id=\"8c41e5b\" data-element_type=\"container\" data-e-type=\"container\">\n\t\t\t\t\t<div class=\"e-con-inner\">\n\t\t\t\t<div class=\"elementor-element elementor-element-9aaaae4 elementor-widget elementor-widget-text-editor\" data-id=\"9aaaae4\" data-element_type=\"widget\" data-e-type=\"widget\" data-widget_type=\"text-editor.default\">\n\t\t\t\t<div class=\"elementor-widget-container\">\n\t\t\t\t\t\t\t\t\t<h3><strong>Saint-Baudile (avenue)<\/strong><\/h3><p>Nom du saint patron de la paroisse de Neuilly-sur-Marne, martyr de la fin du III\u00e8me si\u00e8cle qui aurait \u00e9t\u00e9 d\u00e9capit\u00e9 \u00e0 N\u00eemes.<\/p><h3><strong>Saint-Flour (esplanade de)<\/strong><\/h3><p>Chef-lieu d&rsquo;arrondissement du Cantal. Nom donn\u00e9 le 21 mai 1971 \u00e0 une esplanade du quartier des Fauvettes en cours de construction.<\/p><h3><strong>Saint-Georges (rue)<\/strong><\/h3><p>Ancienne voie priv\u00e9e, ouverte \u00e0 la circulation en 2009. Cette rue porte probablement le nom du saint patron du cur\u00e9 H\u00e9roux, martyr du III\u00e8me si\u00e8cle.<\/p><h3><strong>Saint-Germain (esplanade de)<\/strong><\/h3><p>Chef-lieu d&rsquo;arrondissement des Yvelines, ch\u00e2teau reconstruit pour Fran\u00e7ois 1er. Nom donn\u00e9 le 21 mai 1971 \u00e0 une esplanade du quartier des Fauvettes en cours de construction.<\/p><h3><strong>Saint-Nicolas (cour)<\/strong><\/h3><p>IV\u00e8me si\u00e8cle, patron de la Russie et des petits enfants. La cour Saint-Nicolas donne sur la rue du Docteur Peneau anciennement nomm\u00e9e rue Saint-Nicolas. Voie priv\u00e9e.<\/p><h3><strong>Saint-Sa\u00ebns (avenue)<\/strong><\/h3><p>Camille Saint-Sa\u00ebns (1835-1921), compositeur fran\u00e7ais. Voie cr\u00e9\u00e9e par le lotissement de l\u2019Avenir dans les ann\u00e9es 1920 et class\u00e9e dans la voirie communale en 1937.<\/p><h3><strong>Saint-Vincent (chemin)<\/strong><\/h3><p>Patron des vignerons. Nom donn\u00e9 le 25 f\u00e9vrier 1972 \u00e0 la voie reliant la rue des Lilas \u00e0 la rue Louis Vannini. Ce nom fait r\u00e9f\u00e9rence au pass\u00e9 viticole de Neuilly.<\/p><h3><strong>Sauges (all\u00e9e des)<\/strong><\/h3><p>Voie nouvelle cr\u00e9\u00e9e lors de la construction du Clos des Romarins, c\u00e9d\u00e9e \u00e0 la commune en 2005. Elle avait \u00e9t\u00e9 nomm\u00e9e le 13 octobre 1994 par le Conseil Municipal.<\/p><h3><strong>Saules (all\u00e9e des)<\/strong><\/h3><p>Voie priv\u00e9e nomm\u00e9e le 23 d\u00e9cembre 1966 par l\u2019organisme propri\u00e9taire. Nom approuv\u00e9 par le Conseil Municipal le 7 janvier 1967.<\/p><h3><strong>Savoie (rue de)<\/strong><\/h3><p>Nom d\u2019une province de France donn\u00e9 le 29 septembre 1968 \u00e0 une voie construite lors de la cr\u00e9ation du quartier des Fauvettes.<\/p><h3><strong>Simone Bigot (rue)<\/strong><\/h3><p>Le nom de cette rue date du lotissement Paris-Neuilly vers 1913. Le Conseil Municipal ne l\u2019a jamais modifi\u00e9. Il est probable que le fondateur du lotissement, Gaston Bigot, ait voulu rendre hommage \u00e0 sa famille. Toutefois, on trouve des rues Simone Bigot \u00e0 Neuilly-Plaisance, Champigny-sur-Marne, Clichy-la-Garenne. Il n\u2019y a pas d\u2019explication \u00e0 ce jour.<\/p><h3><strong>Site agr\u00e9able (rue du)<\/strong><\/h3><p>Lieu-dit figurant au cadastre \u00e0 cet emplacement. La d\u00e9l\u00e9gation sp\u00e9ciale a donn\u00e9 ce nom le 3 janvier 1941 \u00e0 la rue principale d\u2019un petit lotissement.<\/p><h3><strong>Solidarit\u00e9 (rue de la)<\/strong><\/h3><p>Voie cr\u00e9\u00e9e et nomm\u00e9e par le lotissement l\u2019Epi d\u2019Or vers 1911, elle a \u00e9t\u00e9 class\u00e9e dans la voirie communale en 1943.<\/p><h3><strong>Sorbiers (rue des)<\/strong><\/h3><p>Cette rue faisait partie du lotissement du Val Coteau cr\u00e9\u00e9 au d\u00e9but du 20\u00e8me si\u00e8cle mais approuv\u00e9 vers 1930. Selon un courrier du 6 novembre 1952<em>, \u00ab\u00a0la cr\u00e9ation des voies d\u00e9nomm\u00e9es avenue de Villemomble et avenue des Sorbiers a \u00e9t\u00e9 le fait des riverains qui se sont par la suite constitu\u00e9s en association syndicale pour leur am\u00e9nagement\u00a0\u00bb<\/em>.<\/p><h3><strong>Stalingrad (place)<\/strong><\/h3><p>Bataille de la Seconde Guerre Mondiale (septembre 1942 &#8211; f\u00e9vrier 1943). Apr\u00e8s de durs combats autour de Stalingrad, les Sovi\u00e9tiques vainquirent la Vi\u00e8me arm\u00e9e allemande qui capitula le 2 f\u00e9vrier 1943. Cette bataille marqua le tournant d\u00e9cisif de la guerre sur le front russe. Nom donn\u00e9 \u00e0 l\u2019ancienne place des f\u00eates le 17 novembre 1949. L\u2019inauguration eut lieu le 19 novembre 1950 lors de l\u2019anniversaire de la prise de Berlin.<\/p><h3><strong>Suffren (all\u00e9e de)<\/strong><\/h3><p>Pierre Andr\u00e9 de Suffren de Saint-Tropez (1729-1788), marin fran\u00e7ais parfois appel\u00e9 \u00ab\u00a0le Bailli de Suffren\u00a0\u00bb. Capitaine de vaisseau puis chef d&rsquo;escadre dans la marine royale, il participa \u00e0 la guerre de l&rsquo;ind\u00e9pendance am\u00e9ricaine avant de servir glorieusement aux Indes contre la Grande-Bretagne (1782-1783). Apr\u00e8s son retour en France, il fut fait vice-amiral. Voie nouvelle cr\u00e9\u00e9e avec le quartier des Fauvettes. La date de sa d\u00e9nomination n\u2019est pas identifi\u00e9e.<\/p><h3><strong>Suffren (rue de)<\/strong><\/h3><p>Voie priv\u00e9e nouvelle cr\u00e9\u00e9e par la r\u00e9sidence Le Marais Saint Baudile qui l\u2019a nomm\u00e9e le 15 d\u00e9cembre 1966. D\u00e9nomination approuv\u00e9e par le Conseil Municipal le 7 janvier 1967.<\/p>\t\t\t\t\t\t\t\t<\/div>\n\t\t\t\t<\/div>\n\t\t\t\t\t<\/div>\n\t\t\t\t<\/div>\n\t\t\t\t\t<\/details>\n\t\t\t\t\t\t<details id=\"e-n-accordion-item-14519\" class=\"e-n-accordion-item\" >\n\t\t\t\t<summary class=\"e-n-accordion-item-title\" data-accordion-index=\"20\" tabindex=\"-1\" aria-expanded=\"false\" aria-controls=\"e-n-accordion-item-14519\" >\n\t\t\t\t\t<span class='e-n-accordion-item-title-header'><div class=\"e-n-accordion-item-title-text\"> T <\/div><\/span>\n\t\t\t\t\t\t\t<span class='e-n-accordion-item-title-icon'>\n\t\t\t<span class='e-opened' ><svg aria-hidden=\"true\" class=\"e-font-icon-svg e-fas-minus\" viewBox=\"0 0 448 512\" xmlns=\"http:\/\/www.w3.org\/2000\/svg\"><path d=\"M416 208H32c-17.67 0-32 14.33-32 32v32c0 17.67 14.33 32 32 32h384c17.67 0 32-14.33 32-32v-32c0-17.67-14.33-32-32-32z\"><\/path><\/svg><\/span>\n\t\t\t<span class='e-closed'><svg aria-hidden=\"true\" class=\"e-font-icon-svg e-fas-plus\" viewBox=\"0 0 448 512\" xmlns=\"http:\/\/www.w3.org\/2000\/svg\"><path d=\"M416 208H272V64c0-17.67-14.33-32-32-32h-32c-17.67 0-32 14.33-32 32v144H32c-17.67 0-32 14.33-32 32v32c0 17.67 14.33 32 32 32h144v144c0 17.67 14.33 32 32 32h32c17.67 0 32-14.33 32-32V304h144c17.67 0 32-14.33 32-32v-32c0-17.67-14.33-32-32-32z\"><\/path><\/svg><\/span>\n\t\t<\/span>\n\n\t\t\t\t\t\t<\/summary>\n\t\t\t\t<div role=\"region\" aria-labelledby=\"e-n-accordion-item-14519\" class=\"elementor-element elementor-element-c38fc96 e-flex e-con-boxed e-con e-child\" data-id=\"c38fc96\" data-element_type=\"container\" data-e-type=\"container\">\n\t\t\t\t\t<div class=\"e-con-inner\">\n\t\t\t\t<div class=\"elementor-element elementor-element-1b5878b elementor-widget elementor-widget-text-editor\" data-id=\"1b5878b\" data-element_type=\"widget\" data-e-type=\"widget\" data-widget_type=\"text-editor.default\">\n\t\t\t\t<div class=\"elementor-widget-container\">\n\t\t\t\t\t\t\t\t\t<h3><strong>Temple (rue du)<\/strong><\/h3><p>Le 6 septembre 1931, les propri\u00e9taires des terrains du lotissement du Temple d\u00e9cident de se constituer en syndicat autoris\u00e9 afin d&rsquo;obtenir la viabilit\u00e9 de leurs terrains. Une note de 1932 indique que le lotissement comprend six maisons construites en mat\u00e9riaux durs et 21 habitants. Il n&rsquo;y a aucune canalisation d&rsquo;eau, de gaz, d&rsquo;\u00e9lectricit\u00e9 et d&rsquo;\u00e9gouts. Le 8 d\u00e9cembre 1940, l&rsquo;association syndicale informe que du fait d&rsquo;avoir obtenu la subvention de l&rsquo;Etat, la rue du temple n&rsquo;est plus une rue priv\u00e9e et que les trottoirs ne sont pas la propri\u00e9t\u00e9 des riverains. Il est donc interdit de les utiliser pour la culture. Arr\u00eat\u00e9 pr\u00e9fectoral de classement de la voie le 3 ao\u00fbt 1953.<\/p><h3><strong>Th\u00e9ophile Gaubert (rue)<\/strong><\/h3><p>Infirmier, maire de Neuilly de 1935 \u00e0 1939 et de 1944 \u00e0 1953 (Parti Communiste). Son nom a \u00e9t\u00e9 donn\u00e9 le 2 avril 1965 \u00e0 une partie de la rue de Paris.<\/p><h3><strong>Th\u00e9ophile Gautier (square)<\/strong><\/h3><p>Jules Pierre Th\u00e9ophile Gautier, n\u00e9 \u00e0 Tarbes le 30 ao\u00fbt 1811 et mort \u00e0 Neuilly-sur-Seine le 23 octobre 1872, est un po\u00e8te, romancier et critique d&rsquo;art fran\u00e7ais. Fils de Jean-Pierre Gautier et d&rsquo;Ad\u00e9la\u00efde Cocard, Th\u00e9ophile Gautier n\u00e9 dans les Hautes-Pyr\u00e9n\u00e9es, est cependant parisien depuis sa plus jeune enfance. Voie nouvelle du quartier de Maison-Blanche d\u00e9nomm\u00e9e par le Conseil Municipal le 30 janvier 2019.<\/p><h3><strong>Thyms (all\u00e9e des)<\/strong><\/h3><p>Voie nouvelle cr\u00e9\u00e9e lors de la construction du Clos des Romarins, c\u00e9d\u00e9e \u00e0 la commune en 2005. Elle avait \u00e9t\u00e9 nomm\u00e9e le 13 octobre 1994 par le Conseil Municipal.<\/p><h3><strong>Tilleuls (all\u00e9e des)<\/strong><\/h3><p>Voie priv\u00e9e nomm\u00e9e le 23 d\u00e9cembre 1966 par l\u2019organisme propri\u00e9taire. Nom approuv\u00e9 par le Conseil Municipal le 7 janvier 1967.<\/p><h3><strong>Touquet (all\u00e9e du)<\/strong><\/h3><p>Voie priv\u00e9e nouvelle nomm\u00e9e par le Conseil Municipal le 4 mai 1995. Le Touquet est une commune du Pas-de-Calais.<\/p><h3><strong>Touquet (rue)<\/strong><\/h3><p>Voie nouvelle d\u00e9nomm\u00e9e par le Conseil Municipal le 16 octobre 2014<\/p><h3><strong>Touquet (esplanade du)<\/strong><\/h3><p>Nom donn\u00e9 le 21 mai 1971 \u00e0 une esplanade du quartier des Fauvettes en cours de construction. Le Touquet est une commune du Pas-de-Calais.<\/p><h3><strong>Touraine (rue de)<\/strong><\/h3><p>Nom d\u2019une province de France donn\u00e9 le 29 septembre 1968 \u00e0 une voie construite lors de la cr\u00e9ation du quartier des Fauvettes.<\/p><h3><strong>Tourville (rue de)<\/strong><\/h3><p>Anne de Costentin, comte de Tourville (1642-1701) mar\u00e9chal de France. Voie priv\u00e9e nouvelle cr\u00e9\u00e9e par la r\u00e9sidence Le Marais Saint Baudile qui l\u2019a nomm\u00e9e le 15 d\u00e9cembre 1966. D\u00e9nomination approuv\u00e9e par le Conseil Municipal le 7 janvier 1967.<\/p><h3><strong>Turgot (avenue)<\/strong><\/h3><p>Anne Robert Jacques Turgot, Baron de l&rsquo;Aulne (1727-1781), homme <strong>d\u2019\u00c9tat<\/strong> et \u00e9conomiste fran\u00e7ais. Voie cr\u00e9\u00e9e par le lotissement de l\u2019Avenir dans les ann\u00e9es 1920 et class\u00e9e dans la voirie communale en 1937.<\/p>\t\t\t\t\t\t\t\t<\/div>\n\t\t\t\t<\/div>\n\t\t\t\t\t<\/div>\n\t\t\t\t<\/div>\n\t\t\t\t\t<\/details>\n\t\t\t\t\t\t<details id=\"e-n-accordion-item-14520\" class=\"e-n-accordion-item\" >\n\t\t\t\t<summary class=\"e-n-accordion-item-title\" data-accordion-index=\"21\" tabindex=\"-1\" aria-expanded=\"false\" aria-controls=\"e-n-accordion-item-14520\" >\n\t\t\t\t\t<span class='e-n-accordion-item-title-header'><div class=\"e-n-accordion-item-title-text\"> V <\/div><\/span>\n\t\t\t\t\t\t\t<span class='e-n-accordion-item-title-icon'>\n\t\t\t<span class='e-opened' ><svg aria-hidden=\"true\" class=\"e-font-icon-svg e-fas-minus\" viewBox=\"0 0 448 512\" xmlns=\"http:\/\/www.w3.org\/2000\/svg\"><path d=\"M416 208H32c-17.67 0-32 14.33-32 32v32c0 17.67 14.33 32 32 32h384c17.67 0 32-14.33 32-32v-32c0-17.67-14.33-32-32-32z\"><\/path><\/svg><\/span>\n\t\t\t<span class='e-closed'><svg aria-hidden=\"true\" class=\"e-font-icon-svg e-fas-plus\" viewBox=\"0 0 448 512\" xmlns=\"http:\/\/www.w3.org\/2000\/svg\"><path d=\"M416 208H272V64c0-17.67-14.33-32-32-32h-32c-17.67 0-32 14.33-32 32v144H32c-17.67 0-32 14.33-32 32v32c0 17.67 14.33 32 32 32h144v144c0 17.67 14.33 32 32 32h32c17.67 0 32-14.33 32-32V304h144c17.67 0 32-14.33 32-32v-32c0-17.67-14.33-32-32-32z\"><\/path><\/svg><\/span>\n\t\t<\/span>\n\n\t\t\t\t\t\t<\/summary>\n\t\t\t\t<div role=\"region\" aria-labelledby=\"e-n-accordion-item-14520\" class=\"elementor-element elementor-element-8dac7a1 e-flex e-con-boxed e-con e-child\" data-id=\"8dac7a1\" data-element_type=\"container\" data-e-type=\"container\">\n\t\t\t\t\t<div class=\"e-con-inner\">\n\t\t\t\t<div class=\"elementor-element elementor-element-00b0683 elementor-widget elementor-widget-text-editor\" data-id=\"00b0683\" data-element_type=\"widget\" data-e-type=\"widget\" data-widget_type=\"text-editor.default\">\n\t\t\t\t<div class=\"elementor-widget-container\">\n\t\t\t\t\t\t\t\t\t<h3><strong>Val de Marne (all\u00e9e du)<\/strong><\/h3><p>Voie priv\u00e9e interne \u00e0 la r\u00e9sidence du Val de Marne nomm\u00e9e par le Conseil Municipal le 26 mai 1983.<\/p><h3><strong>Valmy (all\u00e9e de)<\/strong><\/h3><p>Bataille de Valmy (20 septembre 1792), victoire de Dumouriez et de Kellermann sur les Prussiens pr\u00e8s de Sainte-Menehould (Marne). Elle marqua l&rsquo;arr\u00eat de l&rsquo;invasion et rendit confiance \u00e0 l&rsquo;arm\u00e9e fran\u00e7aise. Nom donn\u00e9 par le Conseil Municipal le 25 mai 1989 \u00e0 une voie priv\u00e9e nouvellement cr\u00e9\u00e9e.<\/p><h3><strong>Verdoyant (rue du)<\/strong><\/h3><p>Voie cr\u00e9\u00e9e par le lotissement Le Verdoyant (ou La Guette) vers 1920.<\/p><h3><strong>Verdun (avenue de)<\/strong><\/h3><p>Chef-lieu d&rsquo;arrondissement de la Meuse. Bataille de la Premi\u00e8re Guerre Mondiale (f\u00e9vrier \u00e0 d\u00e9cembre 1916). Une d\u00e9lib\u00e9ration n\u00b04046 du 26\/04\/1968 pr\u00e9voyait de d\u00e9nommer ainsi l&rsquo;axe Nord-Sud de l&rsquo;op\u00e9ration Stade Fauvettes mais dans la totalit\u00e9 de son parcours entre l&rsquo;avenue L\u00e9on Blum et l&rsquo;avenue du Mar\u00e9chal Leclerc. Finalement, seule la partie au sud de la place des victoires sera d\u00e9nomm\u00e9e ainsi le 20 septembre 1968.<\/p><h3><strong>Verger (rue du)<\/strong><\/h3><p>Voie cr\u00e9\u00e9e et nomm\u00e9e par le lotissement La Fertile Plaine vers 1920, class\u00e9e dans la voirie communale vers 1937.<\/p><h3><strong>Versailles (all\u00e9e de)<\/strong><\/h3><p>Chef-lieu des Yvelines, ch\u00e2teau devenu Palais Royal pour Louis XIV. Nom donn\u00e9 par le Conseil Municipal le 4 mai 1995 \u00e0 une voie priv\u00e9e nouvelle du quartier des Fauvettes.<\/p><h3><strong>Versailles (esplanade de)<\/strong><\/h3><p>Chef-lieu des Yvelines, ch\u00e2teau devenu Palais Royal pour Louis XIV. Nom donn\u00e9 le 21 mai 1971 \u00e0 une esplanade du quartier des Fauvettes en cours de construction.<\/p><h3><strong>Victoires (place des)<\/strong><\/h3><p>Place cr\u00e9\u00e9e lors de la construction du quartier des Fauvettes et nomm\u00e9e par le Conseil Municipal le 21 mai 1971.<\/p><p><strong>Victor Hugo (rue)<\/strong><\/p><p>Po\u00e8te fran\u00e7ais (1802-1885). Nom donn\u00e9 le 10 septembre 1894 \u00e0 la rue Saint-Martin.<\/p><h3><strong>Vignes (chemin des)<\/strong><\/h3><p>Ancien chemin qui conduisait aux vignes des coteaux d\u2019Avron coup\u00e9 en deux tron\u00e7ons par la construction de la voie ferr\u00e9e.<\/p><h3><strong>Ville de Paris (rue de la)<\/strong><\/h3><p>Autrefois d\u00e9sign\u00e9e sous le nom de \u00ab chemin de l\u2019\u00e9gout du d\u00e9partement de la Seine \u00bb, probablement class\u00e9e dans la voirie communale en 1973.<\/p><h3><strong>Villebois Mareuil (rue)<\/strong><\/h3><p>Victor de Villebois Mareuil (1847-1900). Colonel fran\u00e7ais tu\u00e9 au Transvaal, aux c\u00f4t\u00e9s des Boers pendant la guerre qu&rsquo;ils livr\u00e8rent aux Anglais. Rue construite et d\u00e9nomm\u00e9e par le lotissement Le Domaine de la Maltourn\u00e9e vers 1910. Class\u00e9e dans la voirie communale vers 1938.<\/p><h3><strong>Villemomble (rue de)<\/strong><\/h3><p>Chef-lieu de canton de Seine Saint-Denis, commune limitrophe de Neuilly.<\/p><h3><strong>Voltaire (rue)<\/strong><\/h3><p>(1694-1778) po\u00e8te, dramaturge, philosophe (<em>Le dictionnaire philosophique<\/em>, 1764) ; ses \u0153uvres historiques fond\u00e8rent la conception moderne de l&rsquo;histoire. Voie cr\u00e9\u00e9e lors de l\u2019am\u00e9nagement du quartier Donzelot et d\u00e9nomm\u00e9e le 16 d\u00e9cembre 1993.<\/p>\t\t\t\t\t\t\t\t<\/div>\n\t\t\t\t<\/div>\n\t\t\t\t\t<\/div>\n\t\t\t\t<\/div>\n\t\t\t\t\t<\/details>\n\t\t\t\t\t\t<details id=\"e-n-accordion-item-14521\" class=\"e-n-accordion-item\" >\n\t\t\t\t<summary class=\"e-n-accordion-item-title\" data-accordion-index=\"22\" tabindex=\"-1\" aria-expanded=\"false\" aria-controls=\"e-n-accordion-item-14521\" >\n\t\t\t\t\t<span class='e-n-accordion-item-title-header'><div class=\"e-n-accordion-item-title-text\"> W <\/div><\/span>\n\t\t\t\t\t\t\t<span class='e-n-accordion-item-title-icon'>\n\t\t\t<span class='e-opened' ><svg aria-hidden=\"true\" class=\"e-font-icon-svg e-fas-minus\" viewBox=\"0 0 448 512\" xmlns=\"http:\/\/www.w3.org\/2000\/svg\"><path d=\"M416 208H32c-17.67 0-32 14.33-32 32v32c0 17.67 14.33 32 32 32h384c17.67 0 32-14.33 32-32v-32c0-17.67-14.33-32-32-32z\"><\/path><\/svg><\/span>\n\t\t\t<span class='e-closed'><svg aria-hidden=\"true\" class=\"e-font-icon-svg e-fas-plus\" viewBox=\"0 0 448 512\" xmlns=\"http:\/\/www.w3.org\/2000\/svg\"><path d=\"M416 208H272V64c0-17.67-14.33-32-32-32h-32c-17.67 0-32 14.33-32 32v144H32c-17.67 0-32 14.33-32 32v32c0 17.67 14.33 32 32 32h144v144c0 17.67 14.33 32 32 32h32c17.67 0 32-14.33 32-32V304h144c17.67 0 32-14.33 32-32v-32c0-17.67-14.33-32-32-32z\"><\/path><\/svg><\/span>\n\t\t<\/span>\n\n\t\t\t\t\t\t<\/summary>\n\t\t\t\t<div role=\"region\" aria-labelledby=\"e-n-accordion-item-14521\" class=\"elementor-element elementor-element-4da97a9 e-flex e-con-boxed e-con e-child\" data-id=\"4da97a9\" data-element_type=\"container\" data-e-type=\"container\">\n\t\t\t\t\t<div class=\"e-con-inner\">\n\t\t\t\t<div class=\"elementor-element elementor-element-7fefaf5 elementor-widget elementor-widget-text-editor\" data-id=\"7fefaf5\" data-element_type=\"widget\" data-e-type=\"widget\" data-widget_type=\"text-editor.default\">\n\t\t\t\t<div class=\"elementor-widget-container\">\n\t\t\t\t\t\t\t\t\t<h3><strong>Welter (rue)<\/strong><\/h3><p>Jean Nicolas Welter (ou Velter) n\u00e9 vers 1820. Instituteur \u00e0 Neuilly dans les ann\u00e9es 1840-1850. Son nom a \u00e9t\u00e9 donn\u00e9 le 10 septembre 1894 \u00e0 la rue du Buis.<\/p><h3><strong>Winston Churchill (avenue)<\/strong><\/h3><p>Sir Winston L\u00e9onard Spencer Churchill (1874-1965), homme politique britannique. Premier Ministre (1940-1945 et 1951-1955), leader du parti conservateur. Animateur de l&rsquo;effort de guerre britannique et un des protagonistes de la victoire alli\u00e9e sur l&rsquo;Axe. Le 31 mai 1965, le Conseil Municipal donna son nom \u00e0 une partie du chemin de l\u2019\u00e9gout.<\/p>\t\t\t\t\t\t\t\t<\/div>\n\t\t\t\t<\/div>\n\t\t\t\t\t<\/div>\n\t\t\t\t<\/div>\n\t\t\t\t\t<\/details>\n\t\t\t\t\t<\/div>\n\t\t\t\t\t\t<\/div>\n\t\t\t\t<\/div>\n\t\t\t\t\t<\/div>\n\t\t\t\t<\/div>\n\t\t\t\t<\/div>\n\t\t","protected":false},"excerpt":{"rendered":"<p>Monuments et b\u00e2timents de la ville \u00c9glise Saint-Baudile \u00c9glise Saint-Baudile Class\u00e9 Monument historique en 1913, c\u2019est le plus ancien \u00e9difice de notre commune. \u00a0\u00c9difice de style gothique, sa construction a commenc\u00e9 \u00e0 la fin du XII \u00e8me si\u00e8cle gr\u00e2ce au cur\u00e9 Foulques, pr\u00e9dicateur de la IV\u00e8me croisade. Les travaux s\u2019ach\u00e8veront en 1202 mais en r\u00e9alit\u00e9 [&hellip;]<\/p>\n","protected":false},"author":1,"featured_media":9874,"parent":0,"menu_order":0,"comment_status":"closed","ping_status":"closed","template":"","meta":{"_acf_changed":false,"footnotes":""},"class_list":["post-1551","page","type-page","status-publish","has-post-thumbnail","hentry"],"acf":[],"yoast_head":"<!-- This site is optimized with the Yoast SEO plugin v27.4 - https:\/\/yoast.com\/product\/yoast-seo-wordpress\/ -->\n<title>Patrimoine de la ville - Mairie de Neuilly-sur-Marne<\/title>\n<meta name=\"robots\" content=\"index, follow, max-snippet:-1, max-image-preview:large, max-video-preview:-1\" \/>\n<link rel=\"canonical\" href=\"https:\/\/www.neuillysurmarne.fr\/ar\/patrimoine-de-la-ville\/\" \/>\n<meta property=\"og:locale\" content=\"ar_AR\" \/>\n<meta property=\"og:type\" content=\"article\" \/>\n<meta property=\"og:title\" content=\"Patrimoine de la ville - Mairie de Neuilly-sur-Marne\" \/>\n<meta property=\"og:description\" content=\"Monuments et b\u00e2timents de la ville \u00c9glise Saint-Baudile \u00c9glise Saint-Baudile Class\u00e9 Monument historique en 1913, c\u2019est le plus ancien \u00e9difice de notre commune. \u00a0\u00c9difice de style gothique, sa construction a commenc\u00e9 \u00e0 la fin du XII \u00e8me si\u00e8cle gr\u00e2ce au cur\u00e9 Foulques, pr\u00e9dicateur de la IV\u00e8me croisade. Les travaux s\u2019ach\u00e8veront en 1202 mais en r\u00e9alit\u00e9 [&hellip;]\" \/>\n<meta property=\"og:url\" content=\"https:\/\/www.neuillysurmarne.fr\/ar\/patrimoine-de-la-ville\/\" \/>\n<meta property=\"og:site_name\" content=\"Mairie de Neuilly-sur-Marne\" \/>\n<meta property=\"article:publisher\" content=\"https:\/\/www.facebook.com\/ville.neuilly\" \/>\n<meta property=\"article:modified_time\" content=\"2025-06-24T10:30:58+00:00\" \/>\n<meta property=\"og:image\" content=\"https:\/\/www.neuillysurmarne.fr\/wp-content\/uploads\/2024\/06\/AMNeuillySurMarne_1Fi9-019-scaled.jpg\" \/>\n\t<meta property=\"og:image:width\" content=\"2560\" \/>\n\t<meta property=\"og:image:height\" content=\"1897\" \/>\n\t<meta property=\"og:image:type\" content=\"image\/jpeg\" \/>\n<meta name=\"twitter:card\" content=\"summary_large_image\" \/>\n<meta name=\"twitter:label1\" content=\"\u0648\u0642\u062a \u0627\u0644\u0642\u0631\u0627\u0621\u0629 \u0627\u0644\u0645\u064f\u0642\u062f\u0651\u0631\" \/>\n\t<meta name=\"twitter:data1\" content=\"219 \u062f\u0642\u064a\u0642\u0629\" \/>\n<script type=\"application\/ld+json\" class=\"yoast-schema-graph\">{\"@context\":\"https:\\\/\\\/schema.org\",\"@graph\":[{\"@type\":\"WebPage\",\"@id\":\"https:\\\/\\\/www.neuillysurmarne.fr\\\/patrimoine-de-la-ville\\\/\",\"url\":\"https:\\\/\\\/www.neuillysurmarne.fr\\\/patrimoine-de-la-ville\\\/\",\"name\":\"Patrimoine de la ville - Mairie de Neuilly-sur-Marne\",\"isPartOf\":{\"@id\":\"https:\\\/\\\/www.neuillysurmarne.fr\\\/es\\\/#website\"},\"primaryImageOfPage\":{\"@id\":\"https:\\\/\\\/www.neuillysurmarne.fr\\\/patrimoine-de-la-ville\\\/#primaryimage\"},\"image\":{\"@id\":\"https:\\\/\\\/www.neuillysurmarne.fr\\\/patrimoine-de-la-ville\\\/#primaryimage\"},\"thumbnailUrl\":\"https:\\\/\\\/www.neuillysurmarne.fr\\\/wp-content\\\/uploads\\\/2024\\\/06\\\/AMNeuillySurMarne_1Fi9-019-scaled.jpg\",\"datePublished\":\"2024-01-02T13:07:28+00:00\",\"dateModified\":\"2025-06-24T10:30:58+00:00\",\"breadcrumb\":{\"@id\":\"https:\\\/\\\/www.neuillysurmarne.fr\\\/patrimoine-de-la-ville\\\/#breadcrumb\"},\"inLanguage\":\"ar\",\"potentialAction\":[{\"@type\":\"ReadAction\",\"target\":[\"https:\\\/\\\/www.neuillysurmarne.fr\\\/patrimoine-de-la-ville\\\/\"]}]},{\"@type\":\"ImageObject\",\"inLanguage\":\"ar\",\"@id\":\"https:\\\/\\\/www.neuillysurmarne.fr\\\/patrimoine-de-la-ville\\\/#primaryimage\",\"url\":\"https:\\\/\\\/www.neuillysurmarne.fr\\\/wp-content\\\/uploads\\\/2024\\\/06\\\/AMNeuillySurMarne_1Fi9-019-scaled.jpg\",\"contentUrl\":\"https:\\\/\\\/www.neuillysurmarne.fr\\\/wp-content\\\/uploads\\\/2024\\\/06\\\/AMNeuillySurMarne_1Fi9-019-scaled.jpg\",\"width\":2560,\"height\":1897},{\"@type\":\"BreadcrumbList\",\"@id\":\"https:\\\/\\\/www.neuillysurmarne.fr\\\/patrimoine-de-la-ville\\\/#breadcrumb\",\"itemListElement\":[{\"@type\":\"ListItem\",\"position\":1,\"name\":\"Accueil\",\"item\":\"https:\\\/\\\/www.neuillysurmarne.fr\\\/\"},{\"@type\":\"ListItem\",\"position\":2,\"name\":\"Patrimoine de la ville\"}]},{\"@type\":\"WebSite\",\"@id\":\"https:\\\/\\\/www.neuillysurmarne.fr\\\/es\\\/#website\",\"url\":\"https:\\\/\\\/www.neuillysurmarne.fr\\\/es\\\/\",\"name\":\"Mairie de Neuilly-sur-Marne\",\"description\":\"BETA\",\"publisher\":{\"@id\":\"https:\\\/\\\/www.neuillysurmarne.fr\\\/es\\\/#organization\"},\"potentialAction\":[{\"@type\":\"SearchAction\",\"target\":{\"@type\":\"EntryPoint\",\"urlTemplate\":\"https:\\\/\\\/www.neuillysurmarne.fr\\\/es\\\/?s={search_term_string}\"},\"query-input\":{\"@type\":\"PropertyValueSpecification\",\"valueRequired\":true,\"valueName\":\"search_term_string\"}}],\"inLanguage\":\"ar\"},{\"@type\":\"Organization\",\"@id\":\"https:\\\/\\\/www.neuillysurmarne.fr\\\/es\\\/#organization\",\"name\":\"Mairie de Neuilly-sur-Marne\",\"url\":\"https:\\\/\\\/www.neuillysurmarne.fr\\\/es\\\/\",\"logo\":{\"@type\":\"ImageObject\",\"inLanguage\":\"ar\",\"@id\":\"https:\\\/\\\/www.neuillysurmarne.fr\\\/es\\\/#\\\/schema\\\/logo\\\/image\\\/\",\"url\":\"https:\\\/\\\/www.neuillysurmarne.fr\\\/wp-content\\\/uploads\\\/2023\\\/10\\\/LOGO-NeuillysurMarne-blanc.png\",\"contentUrl\":\"https:\\\/\\\/www.neuillysurmarne.fr\\\/wp-content\\\/uploads\\\/2023\\\/10\\\/LOGO-NeuillysurMarne-blanc.png\",\"width\":3308,\"height\":2586,\"caption\":\"Mairie de Neuilly-sur-Marne\"},\"image\":{\"@id\":\"https:\\\/\\\/www.neuillysurmarne.fr\\\/es\\\/#\\\/schema\\\/logo\\\/image\\\/\"},\"sameAs\":[\"https:\\\/\\\/www.facebook.com\\\/ville.neuilly\",\"https:\\\/\\\/www.instagram.com\\\/neuilly_marne\\\/\",\"https:\\\/\\\/www.linkedin.com\\\/company\\\/ville-de-neuilly-sur-marne\\\/\",\"https:\\\/\\\/www.youtube.com\\\/channel\\\/UCDdZ0TLrV8rfIqjBGvoeB5A\",\"https:\\\/\\\/www.tiktok.com\\\/@villedeneuillysurmarne\"]}]}<\/script>\n<!-- \/ Yoast SEO plugin. -->","yoast_head_json":{"title":"Patrimoine de la ville - Mairie de Neuilly-sur-Marne","robots":{"index":"index","follow":"follow","max-snippet":"max-snippet:-1","max-image-preview":"max-image-preview:large","max-video-preview":"max-video-preview:-1"},"canonical":"https:\/\/www.neuillysurmarne.fr\/ar\/patrimoine-de-la-ville\/","og_locale":"ar_AR","og_type":"article","og_title":"Patrimoine de la ville - Mairie de Neuilly-sur-Marne","og_description":"Monuments et b\u00e2timents de la ville \u00c9glise Saint-Baudile \u00c9glise Saint-Baudile Class\u00e9 Monument historique en 1913, c\u2019est le plus ancien \u00e9difice de notre commune. \u00a0\u00c9difice de style gothique, sa construction a commenc\u00e9 \u00e0 la fin du XII \u00e8me si\u00e8cle gr\u00e2ce au cur\u00e9 Foulques, pr\u00e9dicateur de la IV\u00e8me croisade. Les travaux s\u2019ach\u00e8veront en 1202 mais en r\u00e9alit\u00e9 [&hellip;]","og_url":"https:\/\/www.neuillysurmarne.fr\/ar\/patrimoine-de-la-ville\/","og_site_name":"Mairie de Neuilly-sur-Marne","article_publisher":"https:\/\/www.facebook.com\/ville.neuilly","article_modified_time":"2025-06-24T10:30:58+00:00","og_image":[{"width":2560,"height":1897,"url":"https:\/\/www.neuillysurmarne.fr\/wp-content\/uploads\/2024\/06\/AMNeuillySurMarne_1Fi9-019-scaled.jpg","type":"image\/jpeg"}],"twitter_card":"summary_large_image","twitter_misc":{"\u0648\u0642\u062a \u0627\u0644\u0642\u0631\u0627\u0621\u0629 \u0627\u0644\u0645\u064f\u0642\u062f\u0651\u0631":"219 \u062f\u0642\u064a\u0642\u0629"},"schema":{"@context":"https:\/\/schema.org","@graph":[{"@type":"WebPage","@id":"https:\/\/www.neuillysurmarne.fr\/patrimoine-de-la-ville\/","url":"https:\/\/www.neuillysurmarne.fr\/patrimoine-de-la-ville\/","name":"Patrimoine de la ville - Mairie de Neuilly-sur-Marne","isPartOf":{"@id":"https:\/\/www.neuillysurmarne.fr\/es\/#website"},"primaryImageOfPage":{"@id":"https:\/\/www.neuillysurmarne.fr\/patrimoine-de-la-ville\/#primaryimage"},"image":{"@id":"https:\/\/www.neuillysurmarne.fr\/patrimoine-de-la-ville\/#primaryimage"},"thumbnailUrl":"https:\/\/www.neuillysurmarne.fr\/wp-content\/uploads\/2024\/06\/AMNeuillySurMarne_1Fi9-019-scaled.jpg","datePublished":"2024-01-02T13:07:28+00:00","dateModified":"2025-06-24T10:30:58+00:00","breadcrumb":{"@id":"https:\/\/www.neuillysurmarne.fr\/patrimoine-de-la-ville\/#breadcrumb"},"inLanguage":"ar","potentialAction":[{"@type":"ReadAction","target":["https:\/\/www.neuillysurmarne.fr\/patrimoine-de-la-ville\/"]}]},{"@type":"ImageObject","inLanguage":"ar","@id":"https:\/\/www.neuillysurmarne.fr\/patrimoine-de-la-ville\/#primaryimage","url":"https:\/\/www.neuillysurmarne.fr\/wp-content\/uploads\/2024\/06\/AMNeuillySurMarne_1Fi9-019-scaled.jpg","contentUrl":"https:\/\/www.neuillysurmarne.fr\/wp-content\/uploads\/2024\/06\/AMNeuillySurMarne_1Fi9-019-scaled.jpg","width":2560,"height":1897},{"@type":"BreadcrumbList","@id":"https:\/\/www.neuillysurmarne.fr\/patrimoine-de-la-ville\/#breadcrumb","itemListElement":[{"@type":"ListItem","position":1,"name":"Accueil","item":"https:\/\/www.neuillysurmarne.fr\/"},{"@type":"ListItem","position":2,"name":"Patrimoine de la ville"}]},{"@type":"WebSite","@id":"https:\/\/www.neuillysurmarne.fr\/es\/#website","url":"https:\/\/www.neuillysurmarne.fr\/es\/","name":"\u062f\u0627\u0631 \u0628\u0644\u062f\u064a\u0629 \u0646\u0648\u064a\u064a-\u0633\u0648\u0631-\u0645\u0627\u0631\u0646","description":"\u0628\u064a\u062a\u0627","publisher":{"@id":"https:\/\/www.neuillysurmarne.fr\/es\/#organization"},"potentialAction":[{"@type":"SearchAction","target":{"@type":"EntryPoint","urlTemplate":"https:\/\/www.neuillysurmarne.fr\/es\/?s={search_term_string}"},"query-input":{"@type":"PropertyValueSpecification","valueRequired":true,"valueName":"search_term_string"}}],"inLanguage":"ar"},{"@type":"Organization","@id":"https:\/\/www.neuillysurmarne.fr\/es\/#organization","name":"\u062f\u0627\u0631 \u0628\u0644\u062f\u064a\u0629 \u0646\u0648\u064a\u064a-\u0633\u0648\u0631-\u0645\u0627\u0631\u0646","url":"https:\/\/www.neuillysurmarne.fr\/es\/","logo":{"@type":"ImageObject","inLanguage":"ar","@id":"https:\/\/www.neuillysurmarne.fr\/es\/#\/schema\/logo\/image\/","url":"https:\/\/www.neuillysurmarne.fr\/wp-content\/uploads\/2023\/10\/LOGO-NeuillysurMarne-blanc.png","contentUrl":"https:\/\/www.neuillysurmarne.fr\/wp-content\/uploads\/2023\/10\/LOGO-NeuillysurMarne-blanc.png","width":3308,"height":2586,"caption":"Mairie de Neuilly-sur-Marne"},"image":{"@id":"https:\/\/www.neuillysurmarne.fr\/es\/#\/schema\/logo\/image\/"},"sameAs":["https:\/\/www.facebook.com\/ville.neuilly","https:\/\/www.instagram.com\/neuilly_marne\/","https:\/\/www.linkedin.com\/company\/ville-de-neuilly-sur-marne\/","https:\/\/www.youtube.com\/channel\/UCDdZ0TLrV8rfIqjBGvoeB5A","https:\/\/www.tiktok.com\/@villedeneuillysurmarne"]}]}},"_links":{"self":[{"href":"https:\/\/www.neuillysurmarne.fr\/ar\/wp-json\/wp\/v2\/pages\/1551","targetHints":{"allow":["GET"]}}],"collection":[{"href":"https:\/\/www.neuillysurmarne.fr\/ar\/wp-json\/wp\/v2\/pages"}],"about":[{"href":"https:\/\/www.neuillysurmarne.fr\/ar\/wp-json\/wp\/v2\/types\/page"}],"author":[{"embeddable":true,"href":"https:\/\/www.neuillysurmarne.fr\/ar\/wp-json\/wp\/v2\/users\/1"}],"replies":[{"embeddable":true,"href":"https:\/\/www.neuillysurmarne.fr\/ar\/wp-json\/wp\/v2\/comments?post=1551"}],"version-history":[{"count":86,"href":"https:\/\/www.neuillysurmarne.fr\/ar\/wp-json\/wp\/v2\/pages\/1551\/revisions"}],"predecessor-version":[{"id":15431,"href":"https:\/\/www.neuillysurmarne.fr\/ar\/wp-json\/wp\/v2\/pages\/1551\/revisions\/15431"}],"wp:featuredmedia":[{"embeddable":true,"href":"https:\/\/www.neuillysurmarne.fr\/ar\/wp-json\/wp\/v2\/media\/9874"}],"wp:attachment":[{"href":"https:\/\/www.neuillysurmarne.fr\/ar\/wp-json\/wp\/v2\/media?parent=1551"}],"curies":[{"name":"wp","href":"https:\/\/api.w.org\/{rel}","templated":true}]}}