{"id":431,"date":"2023-11-13T11:17:57","date_gmt":"2023-11-13T10:17:57","guid":{"rendered":"https:\/\/www.neuillysurmarne.fr\/?page_id=431"},"modified":"2024-06-26T14:42:32","modified_gmt":"2024-06-26T12:42:32","slug":"voter-a-neuilly-sur-marne","status":"publish","type":"page","link":"https:\/\/www.neuillysurmarne.fr\/ar\/voter-a-neuilly-sur-marne\/","title":{"rendered":"\u0627\u0644\u062a\u0635\u0648\u064a\u062a \u0641\u064a \u0646\u0648\u064a\u064a-\u0633\u0648\u0631-\u0645\u0627\u0631\u0646"},"content":{"rendered":"<div data-elementor-type=\"wp-page\" data-elementor-id=\"431\" class=\"elementor elementor-431\" data-elementor-post-type=\"page\">\n\t\t\t\t<div class=\"elementor-element elementor-element-7b41b125 e-flex e-con-boxed e-con e-parent\" data-id=\"7b41b125\" data-element_type=\"container\" data-e-type=\"container\">\n\t\t\t\t\t<div class=\"e-con-inner\">\n\t\t\t\t<div class=\"elementor-element elementor-element-ae408ce elementor-widget elementor-widget-text-editor\" data-id=\"ae408ce\" data-element_type=\"widget\" data-e-type=\"widget\" data-widget_type=\"text-editor.default\">\n\t\t\t\t<div class=\"elementor-widget-container\">\n\t\t\t\t\t\t\t\t\t<p>\u0627\u0644\u062d\u0642 \u0641\u064a \u0627\u0644\u062a\u0635\u0648\u064a\u062a \u0647\u0648 \u0623\u062d\u062f \u0623\u0633\u0633 \u062f\u064a\u0645\u0642\u0631\u0627\u0637\u064a\u062a\u0646\u0627. \u0641\u064a \u0641\u0631\u0646\u0633\u0627\u060c \u062a\u0645 \u0627\u0644\u062d\u0635\u0648\u0644 \u0639\u0644\u0649 \u0647\u0630\u0627 \u0627\u0644\u062d\u0642 \u062a\u062f\u0631\u064a\u062c\u064a\u064b\u0627: 1848 \u0644\u0644\u0631\u062c\u0627\u0644 \u06481944 \u0644\u0644\u0646\u0633\u0627\u0621. \u0648\u0641\u064a \u0627\u0644\u0648\u0642\u062a \u0627\u0644\u062d\u0627\u0636\u0631\u00a0<strong>\u0627\u0644\u062a\u0635\u0648\u064a\u062a \u062d\u0642<\/strong>. \u0648\u0647\u0648 \u0623\u064a\u0636\u064b\u0627\u00a0<strong>\u0648\u0627\u062c\u0628 \u0645\u062f\u0646\u064a<\/strong>.<\/p><p>\u062d\u0642 \u0627\u0644\u062a\u0635\u0648\u064a\u062a \u0645\u0643\u0641\u0648\u0644 \u0644\u062c\u0645\u064a\u0639 \u0627\u0644\u0645\u0648\u0627\u0637\u0646\u064a\u0646 \u0627\u0644\u0641\u0631\u0646\u0633\u064a\u064a\u0646. \u0643\u0645\u0627 \u064a\u0645\u0643\u0646 \u0644\u0645\u0648\u0627\u0637\u0646\u064a \u0627\u0644\u062f\u0648\u0644 \u0627\u0644\u0623\u0639\u0636\u0627\u0621 \u0641\u064a \u0627\u0644\u0627\u062a\u062d\u0627\u062f \u0627\u0644\u0623\u0648\u0631\u0648\u0628\u064a \u0627\u0644\u062a\u0635\u0648\u064a\u062a \u0641\u064a \u0627\u0644\u0627\u0646\u062a\u062e\u0627\u0628\u0627\u062a \u0627\u0644\u0628\u0644\u062f\u064a\u0629 \u0648\u0627\u0644\u0623\u0648\u0631\u0648\u0628\u064a\u0629.<\/p><p>\u0645\u0646 \u0627\u0644\u0645\u0645\u0643\u0646 \u0627\u0644\u062a\u0633\u062c\u064a\u0644 \u0641\u064a \u0627\u0644\u0642\u0648\u0627\u0626\u0645 \u0627\u0644\u0627\u0646\u062a\u062e\u0627\u0628\u064a\u0629 \u0648\u0627\u0644\u062a\u0635\u0648\u064a\u062a \u0641\u064a \u0646\u0641\u0633 \u0627\u0644\u0639\u0627\u0645. \u0648\u0645\u0639 \u0630\u0644\u0643\u060c \u0647\u0646\u0627\u0643 \u0645\u0648\u0639\u062f \u0646\u0647\u0627\u0626\u064a \u0644\u0644\u062a\u0633\u062c\u064a\u0644.<\/p><p>\u064a\u0645\u0643\u0646\u0643 \u0627\u0644\u062a\u0633\u062c\u064a\u0644 \u0647\u0646\u0627:<\/p><ul><li>\u0628\u0627\u0644\u062a\u0648\u062c\u0647 \u0625\u0644\u0649 \u0625\u062f\u0627\u0631\u0629 \u0627\u0644\u0634\u0624\u0648\u0646 \u0627\u0644\u0639\u0627\u0645\u0629 \u0641\u064a \u062f\u0627\u0631 \u0627\u0644\u0628\u0644\u062f\u064a\u0629 \u0645\u0639 \u0627\u0644\u0645\u0633\u062a\u0646\u062f\u0627\u062a \u0627\u0644\u062f\u0627\u0639\u0645\u0629 \u0627\u0644\u062e\u0627\u0635\u0629 \u0628\u0643<\/li><li>\u0639\u0644\u0649 \u0627\u0644\u0625\u0646\u062a\u0631\u0646\u062a \u0623\u062f\u0646\u0627\u0647<\/li><\/ul>\t\t\t\t\t\t\t\t<\/div>\n\t\t\t\t<\/div>\n\t\t\t\t<div class=\"elementor-element elementor-element-7430e20 elementor--h-position-center elementor--v-position-middle elementor-arrows-position-inside elementor-pagination-position-inside elementor-widget elementor-widget-slides\" data-id=\"7430e20\" data-element_type=\"widget\" data-e-type=\"widget\" data-settings=\"{&quot;navigation&quot;:&quot;both&quot;,&quot;autoplay&quot;:&quot;yes&quot;,&quot;pause_on_hover&quot;:&quot;yes&quot;,&quot;pause_on_interaction&quot;:&quot;yes&quot;,&quot;autoplay_speed&quot;:5000,&quot;infinite&quot;:&quot;yes&quot;,&quot;transition&quot;:&quot;slide&quot;,&quot;transition_speed&quot;:500}\" data-widget_type=\"slides.default\">\n\t\t\t\t<div class=\"elementor-widget-container\">\n\t\t\t\t\t\t\t\t\t<div class=\"elementor-swiper\">\n\t\t\t\t\t<div class=\"elementor-slides-wrapper elementor-main-swiper swiper\" role=\"region\" aria-roledescription=\"carousel\" aria-label=\"Slides\" dir=\"rtl\" data-animation=\"fadeInUp\">\n\t\t\t\t<div class=\"swiper-wrapper elementor-slides\">\n\t\t\t\t\t\t\t\t\t\t<div class=\"elementor-repeater-item-5ecd456 swiper-slide\" role=\"group\" aria-roledescription=\"slide\"><div class=\"swiper-slide-bg elementor-ken-burns elementor-ken-burns--in\" role=\"img\" aria-label=\"Participons \u00e0 la vie de la commune : votons !\"><\/div><div class=\"elementor-background-overlay\"><\/div><a class=\"swiper-slide-inner\" href=\"https:\/\/www.service-public.fr\/particuliers\/vosdroits\/R16396?wpmobileexternal=true&#038;wpmobileexternal=true&#038;wpappninja_v=0y035fi0x\"><div class=\"swiper-slide-contents\"><div class=\"elementor-slide-heading\">\u0627\u0644\u062a\u0633\u062c\u064a\u0644 \u0641\u064a \u0627\u0644\u0642\u0648\u0627\u0626\u0645 \u0627\u0644\u0627\u0646\u062a\u062e\u0627\u0628\u064a\u0629<\/div><div class=\"elementor-slide-description\">\u0627\u0644\u0625\u062c\u0631\u0627\u0621 \u0639\u0628\u0631 \u0627\u0644\u0625\u0646\u062a\u0631\u0646\u062a<\/div><div  class=\"elementor-button elementor-slide-button elementor-size-sm\">\u0627\u0646\u0642\u0631 \u0647\u0646\u0627<\/div><\/div><\/a><\/div><div class=\"elementor-repeater-item-e61bc50 swiper-slide\" role=\"group\" aria-roledescription=\"slide\"><div class=\"swiper-slide-bg elementor-ken-burns elementor-ken-burns--in\" role=\"img\" aria-label=\"Man putting ballot into voting box on blue background\"><\/div><div class=\"elementor-background-overlay\"><\/div><a class=\"swiper-slide-inner\" href=\"https:\/\/www.service-public.fr\/particuliers\/vosdroits\/F1604\"><div class=\"swiper-slide-contents\"><div class=\"elementor-slide-heading\">\u0627\u0644\u062a\u0635\u0648\u064a\u062a \u0628\u0627\u0644\u0648\u0643\u0627\u0644\u0629<\/div><div class=\"elementor-slide-description\">\u0639\u0645\u0644 \u062a\u0648\u0643\u064a\u0644 \u0631\u0633\u0645\u064a<\/div><div  class=\"elementor-button elementor-slide-button elementor-size-sm\">\u0627\u0646\u0642\u0631 \u0647\u0646\u0627<\/div><\/div><\/a><\/div><div class=\"elementor-repeater-item-f23e0cb swiper-slide\" role=\"group\" aria-roledescription=\"slide\"><div class=\"swiper-slide-bg elementor-ken-burns elementor-ken-burns--in\" role=\"img\" aria-label=\"Illustration abstentionBureau de vote \u00e0 Douarnenez - second tour des \u00e9lections l\u00e9gislatives\"><\/div><div class=\"elementor-background-overlay\"><\/div><a class=\"swiper-slide-inner\" href=\"https:\/\/neuilly.maps.arcgis.com\/apps\/webappviewer\/index.html?id=a7c51e90671f4a76821360212f7aa550\"><div class=\"swiper-slide-contents\"><div class=\"elementor-slide-heading\">\u0627\u0644\u0628\u062d\u062b \u0639\u0646 \u0645\u0631\u0643\u0632 \u0627\u0642\u062a\u0631\u0627\u0639<\/div><div class=\"elementor-slide-description\">\u062e\u0631\u064a\u0637\u0629 \u062a\u0641\u0627\u0639\u0644\u064a\u0629<\/div><div  class=\"elementor-button elementor-slide-button elementor-size-sm\">\u0627\u0646\u0642\u0631 \u0647\u0646\u0627<\/div><\/div><\/a><\/div>\t\t\t\t<\/div>\n\t\t\t\t\t\t\t\t\t\t\t\t\t\t\t<div class=\"elementor-swiper-button elementor-swiper-button-prev\" role=\"button\" tabindex=\"0\" aria-label=\"\u0627\u0644\u0634\u0631\u064a\u062d\u0629 \u0627\u0644\u0633\u0627\u0628\u0642\u0629\" data-no-translation-aria-label=\"\">\n\t\t\t\t\t\t\t<svg aria-hidden=\"true\" class=\"e-font-icon-svg e-eicon-chevron-right\" viewbox=\"0 0 1000 1000\" xmlns=\"http:\/\/www.w3.org\/2000\/svg\"><path d=\"M696 533C708 521 713 504 713 487 713 471 708 454 696 446L400 146C388 133 375 125 354 125 338 125 325 129 313 142 300 154 292 171 292 187 292 204 296 221 308 233L563 492 304 771C292 783 288 800 288 817 288 833 296 850 308 863 321 871 338 875 354 875 371 875 388 867 400 854L696 533Z\"><\/path><\/svg>\t\t\t\t\t\t<\/div>\n\t\t\t\t\t\t<div class=\"elementor-swiper-button elementor-swiper-button-next\" role=\"button\" tabindex=\"0\" aria-label=\"\u0627\u0644\u0634\u0631\u064a\u062d\u0629 \u0627\u0644\u062a\u0627\u0644\u064a\u0629\" data-no-translation-aria-label=\"\">\n\t\t\t\t\t\t\t<svg aria-hidden=\"true\" class=\"e-font-icon-svg e-eicon-chevron-left\" viewbox=\"0 0 1000 1000\" xmlns=\"http:\/\/www.w3.org\/2000\/svg\"><path d=\"M646 125C629 125 613 133 604 142L308 442C296 454 292 471 292 487 292 504 296 521 308 533L604 854C617 867 629 875 646 875 663 875 679 871 692 858 704 846 713 829 713 812 713 796 708 779 692 767L438 487 692 225C700 217 708 204 708 187 708 171 704 154 692 142 675 129 663 125 646 125Z\"><\/path><\/svg>\t\t\t\t\t\t<\/div>\n\t\t\t\t\t\t\t\t\t\t\t\t\t\t\t\t<div class=\"swiper-pagination\"><\/div>\n\t\t\t\t\t\t\t\t\t\t\t\t<\/div>\n\t\t\t\t<\/div>\n\t\t\t\t\t\t\t\t<\/div>\n\t\t\t\t<\/div>\n\t\t\t\t\t<\/div>\n\t\t\t\t<\/div>\n\t\t\t\t<\/div>","protected":false},"excerpt":{"rendered":"<p>Le droit de vote constitue l\u2019un des fondements de notre d\u00e9mocratie. En France, la conqu\u00eate de ce droit fut progressive : 1848 pour les hommes et 1944 pour les femmes. Aujourd\u2019hui,\u00a0voter est un droit. C\u2019est aussi\u00a0un devoir civique. Le droit de vote est garanti \u00e0 l\u2019ensemble des citoyens fran\u00e7ais. Les citoyens des pays membres de [&hellip;]<\/p>\n","protected":false},"author":1,"featured_media":7388,"parent":0,"menu_order":0,"comment_status":"closed","ping_status":"closed","template":"","meta":{"_acf_changed":false,"footnotes":""},"class_list":["post-431","page","type-page","status-publish","has-post-thumbnail","hentry"],"acf":[],"yoast_head":"<!-- This site is optimized with the Yoast SEO plugin v27.4 - https:\/\/yoast.com\/product\/yoast-seo-wordpress\/ -->\n<title>Voter \u00e0 Neuilly-sur-Marne - Mairie de Neuilly-sur-Marne<\/title>\n<meta name=\"robots\" content=\"index, follow, max-snippet:-1, max-image-preview:large, max-video-preview:-1\" \/>\n<link rel=\"canonical\" href=\"https:\/\/www.neuillysurmarne.fr\/ar\/voter-a-neuilly-sur-marne\/\" \/>\n<meta property=\"og:locale\" content=\"ar_AR\" \/>\n<meta property=\"og:type\" content=\"article\" \/>\n<meta property=\"og:title\" content=\"Voter \u00e0 Neuilly-sur-Marne - Mairie de Neuilly-sur-Marne\" \/>\n<meta property=\"og:description\" content=\"Le droit de vote constitue l\u2019un des fondements de notre d\u00e9mocratie. En France, la conqu\u00eate de ce droit fut progressive : 1848 pour les hommes et 1944 pour les femmes. Aujourd\u2019hui,\u00a0voter est un droit. C\u2019est aussi\u00a0un devoir civique. Le droit de vote est garanti \u00e0 l\u2019ensemble des citoyens fran\u00e7ais. Les citoyens des pays membres de [&hellip;]\" \/>\n<meta property=\"og:url\" content=\"https:\/\/www.neuillysurmarne.fr\/ar\/voter-a-neuilly-sur-marne\/\" \/>\n<meta property=\"og:site_name\" content=\"Mairie de Neuilly-sur-Marne\" \/>\n<meta property=\"article:publisher\" content=\"https:\/\/www.facebook.com\/ville.neuilly\" \/>\n<meta property=\"article:modified_time\" content=\"2024-06-26T12:42:32+00:00\" \/>\n<meta property=\"og:image\" content=\"https:\/\/www.neuillysurmarne.fr\/wp-content\/uploads\/2024\/05\/CM-investiture-02.2022-10-scaled.jpg\" \/>\n\t<meta property=\"og:image:width\" content=\"2560\" \/>\n\t<meta property=\"og:image:height\" content=\"1707\" \/>\n\t<meta property=\"og:image:type\" content=\"image\/jpeg\" \/>\n<meta name=\"twitter:card\" content=\"summary_large_image\" \/>\n<meta name=\"twitter:label1\" content=\"\u0648\u0642\u062a \u0627\u0644\u0642\u0631\u0627\u0621\u0629 \u0627\u0644\u0645\u064f\u0642\u062f\u0651\u0631\" \/>\n\t<meta name=\"twitter:data1\" content=\"\u062f\u0642\u064a\u0642\u0629 \u0648\u0627\u062d\u062f\u0629\" \/>\n<script type=\"application\/ld+json\" class=\"yoast-schema-graph\">{\"@context\":\"https:\\\/\\\/schema.org\",\"@graph\":[{\"@type\":\"WebPage\",\"@id\":\"https:\\\/\\\/www.neuillysurmarne.fr\\\/voter-a-neuilly-sur-marne\\\/\",\"url\":\"https:\\\/\\\/www.neuillysurmarne.fr\\\/voter-a-neuilly-sur-marne\\\/\",\"name\":\"Voter \u00e0 Neuilly-sur-Marne - Mairie de Neuilly-sur-Marne\",\"isPartOf\":{\"@id\":\"https:\\\/\\\/www.neuillysurmarne.fr\\\/es\\\/#website\"},\"primaryImageOfPage\":{\"@id\":\"https:\\\/\\\/www.neuillysurmarne.fr\\\/voter-a-neuilly-sur-marne\\\/#primaryimage\"},\"image\":{\"@id\":\"https:\\\/\\\/www.neuillysurmarne.fr\\\/voter-a-neuilly-sur-marne\\\/#primaryimage\"},\"thumbnailUrl\":\"https:\\\/\\\/www.neuillysurmarne.fr\\\/wp-content\\\/uploads\\\/2024\\\/05\\\/CM-investiture-02.2022-10-scaled.jpg\",\"datePublished\":\"2023-11-13T10:17:57+00:00\",\"dateModified\":\"2024-06-26T12:42:32+00:00\",\"breadcrumb\":{\"@id\":\"https:\\\/\\\/www.neuillysurmarne.fr\\\/voter-a-neuilly-sur-marne\\\/#breadcrumb\"},\"inLanguage\":\"ar\",\"potentialAction\":[{\"@type\":\"ReadAction\",\"target\":[\"https:\\\/\\\/www.neuillysurmarne.fr\\\/voter-a-neuilly-sur-marne\\\/\"]}]},{\"@type\":\"ImageObject\",\"inLanguage\":\"ar\",\"@id\":\"https:\\\/\\\/www.neuillysurmarne.fr\\\/voter-a-neuilly-sur-marne\\\/#primaryimage\",\"url\":\"https:\\\/\\\/www.neuillysurmarne.fr\\\/wp-content\\\/uploads\\\/2024\\\/05\\\/CM-investiture-02.2022-10-scaled.jpg\",\"contentUrl\":\"https:\\\/\\\/www.neuillysurmarne.fr\\\/wp-content\\\/uploads\\\/2024\\\/05\\\/CM-investiture-02.2022-10-scaled.jpg\",\"width\":2560,\"height\":1707},{\"@type\":\"BreadcrumbList\",\"@id\":\"https:\\\/\\\/www.neuillysurmarne.fr\\\/voter-a-neuilly-sur-marne\\\/#breadcrumb\",\"itemListElement\":[{\"@type\":\"ListItem\",\"position\":1,\"name\":\"Accueil\",\"item\":\"https:\\\/\\\/www.neuillysurmarne.fr\\\/\"},{\"@type\":\"ListItem\",\"position\":2,\"name\":\"Voter \u00e0 Neuilly-sur-Marne\"}]},{\"@type\":\"WebSite\",\"@id\":\"https:\\\/\\\/www.neuillysurmarne.fr\\\/es\\\/#website\",\"url\":\"https:\\\/\\\/www.neuillysurmarne.fr\\\/es\\\/\",\"name\":\"Mairie de Neuilly-sur-Marne\",\"description\":\"BETA\",\"publisher\":{\"@id\":\"https:\\\/\\\/www.neuillysurmarne.fr\\\/es\\\/#organization\"},\"potentialAction\":[{\"@type\":\"SearchAction\",\"target\":{\"@type\":\"EntryPoint\",\"urlTemplate\":\"https:\\\/\\\/www.neuillysurmarne.fr\\\/es\\\/?s={search_term_string}\"},\"query-input\":{\"@type\":\"PropertyValueSpecification\",\"valueRequired\":true,\"valueName\":\"search_term_string\"}}],\"inLanguage\":\"ar\"},{\"@type\":\"Organization\",\"@id\":\"https:\\\/\\\/www.neuillysurmarne.fr\\\/es\\\/#organization\",\"name\":\"Mairie de Neuilly-sur-Marne\",\"url\":\"https:\\\/\\\/www.neuillysurmarne.fr\\\/es\\\/\",\"logo\":{\"@type\":\"ImageObject\",\"inLanguage\":\"ar\",\"@id\":\"https:\\\/\\\/www.neuillysurmarne.fr\\\/es\\\/#\\\/schema\\\/logo\\\/image\\\/\",\"url\":\"https:\\\/\\\/www.neuillysurmarne.fr\\\/wp-content\\\/uploads\\\/2023\\\/10\\\/LOGO-NeuillysurMarne-blanc.png\",\"contentUrl\":\"https:\\\/\\\/www.neuillysurmarne.fr\\\/wp-content\\\/uploads\\\/2023\\\/10\\\/LOGO-NeuillysurMarne-blanc.png\",\"width\":3308,\"height\":2586,\"caption\":\"Mairie de Neuilly-sur-Marne\"},\"image\":{\"@id\":\"https:\\\/\\\/www.neuillysurmarne.fr\\\/es\\\/#\\\/schema\\\/logo\\\/image\\\/\"},\"sameAs\":[\"https:\\\/\\\/www.facebook.com\\\/ville.neuilly\",\"https:\\\/\\\/www.instagram.com\\\/neuilly_marne\\\/\",\"https:\\\/\\\/www.linkedin.com\\\/company\\\/ville-de-neuilly-sur-marne\\\/\",\"https:\\\/\\\/www.youtube.com\\\/channel\\\/UCDdZ0TLrV8rfIqjBGvoeB5A\",\"https:\\\/\\\/www.tiktok.com\\\/@villedeneuillysurmarne\"]}]}<\/script>\n<!-- \/ Yoast SEO plugin. -->","yoast_head_json":{"title":"Voter \u00e0 Neuilly-sur-Marne - Mairie de Neuilly-sur-Marne","robots":{"index":"index","follow":"follow","max-snippet":"max-snippet:-1","max-image-preview":"max-image-preview:large","max-video-preview":"max-video-preview:-1"},"canonical":"https:\/\/www.neuillysurmarne.fr\/ar\/voter-a-neuilly-sur-marne\/","og_locale":"ar_AR","og_type":"article","og_title":"Voter \u00e0 Neuilly-sur-Marne - Mairie de Neuilly-sur-Marne","og_description":"Le droit de vote constitue l\u2019un des fondements de notre d\u00e9mocratie. En France, la conqu\u00eate de ce droit fut progressive : 1848 pour les hommes et 1944 pour les femmes. Aujourd\u2019hui,\u00a0voter est un droit. C\u2019est aussi\u00a0un devoir civique. Le droit de vote est garanti \u00e0 l\u2019ensemble des citoyens fran\u00e7ais. Les citoyens des pays membres de [&hellip;]","og_url":"https:\/\/www.neuillysurmarne.fr\/ar\/voter-a-neuilly-sur-marne\/","og_site_name":"Mairie de Neuilly-sur-Marne","article_publisher":"https:\/\/www.facebook.com\/ville.neuilly","article_modified_time":"2024-06-26T12:42:32+00:00","og_image":[{"width":2560,"height":1707,"url":"https:\/\/www.neuillysurmarne.fr\/wp-content\/uploads\/2024\/05\/CM-investiture-02.2022-10-scaled.jpg","type":"image\/jpeg"}],"twitter_card":"summary_large_image","twitter_misc":{"\u0648\u0642\u062a \u0627\u0644\u0642\u0631\u0627\u0621\u0629 \u0627\u0644\u0645\u064f\u0642\u062f\u0651\u0631":"\u062f\u0642\u064a\u0642\u0629 \u0648\u0627\u062d\u062f\u0629"},"schema":{"@context":"https:\/\/schema.org","@graph":[{"@type":"WebPage","@id":"https:\/\/www.neuillysurmarne.fr\/voter-a-neuilly-sur-marne\/","url":"https:\/\/www.neuillysurmarne.fr\/voter-a-neuilly-sur-marne\/","name":"Voter \u00e0 Neuilly-sur-Marne - Mairie de Neuilly-sur-Marne","isPartOf":{"@id":"https:\/\/www.neuillysurmarne.fr\/es\/#website"},"primaryImageOfPage":{"@id":"https:\/\/www.neuillysurmarne.fr\/voter-a-neuilly-sur-marne\/#primaryimage"},"image":{"@id":"https:\/\/www.neuillysurmarne.fr\/voter-a-neuilly-sur-marne\/#primaryimage"},"thumbnailUrl":"https:\/\/www.neuillysurmarne.fr\/wp-content\/uploads\/2024\/05\/CM-investiture-02.2022-10-scaled.jpg","datePublished":"2023-11-13T10:17:57+00:00","dateModified":"2024-06-26T12:42:32+00:00","breadcrumb":{"@id":"https:\/\/www.neuillysurmarne.fr\/voter-a-neuilly-sur-marne\/#breadcrumb"},"inLanguage":"ar","potentialAction":[{"@type":"ReadAction","target":["https:\/\/www.neuillysurmarne.fr\/voter-a-neuilly-sur-marne\/"]}]},{"@type":"ImageObject","inLanguage":"ar","@id":"https:\/\/www.neuillysurmarne.fr\/voter-a-neuilly-sur-marne\/#primaryimage","url":"https:\/\/www.neuillysurmarne.fr\/wp-content\/uploads\/2024\/05\/CM-investiture-02.2022-10-scaled.jpg","contentUrl":"https:\/\/www.neuillysurmarne.fr\/wp-content\/uploads\/2024\/05\/CM-investiture-02.2022-10-scaled.jpg","width":2560,"height":1707},{"@type":"BreadcrumbList","@id":"https:\/\/www.neuillysurmarne.fr\/voter-a-neuilly-sur-marne\/#breadcrumb","itemListElement":[{"@type":"ListItem","position":1,"name":"Accueil","item":"https:\/\/www.neuillysurmarne.fr\/"},{"@type":"ListItem","position":2,"name":"Voter \u00e0 Neuilly-sur-Marne"}]},{"@type":"WebSite","@id":"https:\/\/www.neuillysurmarne.fr\/es\/#website","url":"https:\/\/www.neuillysurmarne.fr\/es\/","name":"\u062f\u0627\u0631 \u0628\u0644\u062f\u064a\u0629 \u0646\u0648\u064a\u064a-\u0633\u0648\u0631-\u0645\u0627\u0631\u0646","description":"\u0628\u064a\u062a\u0627","publisher":{"@id":"https:\/\/www.neuillysurmarne.fr\/es\/#organization"},"potentialAction":[{"@type":"SearchAction","target":{"@type":"EntryPoint","urlTemplate":"https:\/\/www.neuillysurmarne.fr\/es\/?s={search_term_string}"},"query-input":{"@type":"PropertyValueSpecification","valueRequired":true,"valueName":"search_term_string"}}],"inLanguage":"ar"},{"@type":"Organization","@id":"https:\/\/www.neuillysurmarne.fr\/es\/#organization","name":"\u062f\u0627\u0631 \u0628\u0644\u062f\u064a\u0629 \u0646\u0648\u064a\u064a-\u0633\u0648\u0631-\u0645\u0627\u0631\u0646","url":"https:\/\/www.neuillysurmarne.fr\/es\/","logo":{"@type":"ImageObject","inLanguage":"ar","@id":"https:\/\/www.neuillysurmarne.fr\/es\/#\/schema\/logo\/image\/","url":"https:\/\/www.neuillysurmarne.fr\/wp-content\/uploads\/2023\/10\/LOGO-NeuillysurMarne-blanc.png","contentUrl":"https:\/\/www.neuillysurmarne.fr\/wp-content\/uploads\/2023\/10\/LOGO-NeuillysurMarne-blanc.png","width":3308,"height":2586,"caption":"Mairie de Neuilly-sur-Marne"},"image":{"@id":"https:\/\/www.neuillysurmarne.fr\/es\/#\/schema\/logo\/image\/"},"sameAs":["https:\/\/www.facebook.com\/ville.neuilly","https:\/\/www.instagram.com\/neuilly_marne\/","https:\/\/www.linkedin.com\/company\/ville-de-neuilly-sur-marne\/","https:\/\/www.youtube.com\/channel\/UCDdZ0TLrV8rfIqjBGvoeB5A","https:\/\/www.tiktok.com\/@villedeneuillysurmarne"]}]}},"_links":{"self":[{"href":"https:\/\/www.neuillysurmarne.fr\/ar\/wp-json\/wp\/v2\/pages\/431","targetHints":{"allow":["GET"]}}],"collection":[{"href":"https:\/\/www.neuillysurmarne.fr\/ar\/wp-json\/wp\/v2\/pages"}],"about":[{"href":"https:\/\/www.neuillysurmarne.fr\/ar\/wp-json\/wp\/v2\/types\/page"}],"author":[{"embeddable":true,"href":"https:\/\/www.neuillysurmarne.fr\/ar\/wp-json\/wp\/v2\/users\/1"}],"replies":[{"embeddable":true,"href":"https:\/\/www.neuillysurmarne.fr\/ar\/wp-json\/wp\/v2\/comments?post=431"}],"version-history":[{"count":40,"href":"https:\/\/www.neuillysurmarne.fr\/ar\/wp-json\/wp\/v2\/pages\/431\/revisions"}],"predecessor-version":[{"id":10610,"href":"https:\/\/www.neuillysurmarne.fr\/ar\/wp-json\/wp\/v2\/pages\/431\/revisions\/10610"}],"wp:featuredmedia":[{"embeddable":true,"href":"https:\/\/www.neuillysurmarne.fr\/ar\/wp-json\/wp\/v2\/media\/7388"}],"wp:attachment":[{"href":"https:\/\/www.neuillysurmarne.fr\/ar\/wp-json\/wp\/v2\/media?parent=431"}],"curies":[{"name":"wp","href":"https:\/\/api.w.org\/{rel}","templated":true}]}}