{"id":462,"date":"2023-11-13T11:29:47","date_gmt":"2023-11-13T10:29:47","guid":{"rendered":"https:\/\/www.neuillysurmarne.fr\/?page_id=462"},"modified":"2025-10-09T15:22:58","modified_gmt":"2025-10-09T13:22:58","slug":"contrat-de-ville","status":"publish","type":"page","link":"https:\/\/www.neuillysurmarne.fr\/ar\/contrat-de-ville\/","title":{"rendered":"Contrat de ville"},"content":{"rendered":"<div data-elementor-type=\"wp-page\" data-elementor-id=\"462\" class=\"elementor elementor-462\" data-elementor-post-type=\"page\">\n\t\t\t\t<div class=\"elementor-element elementor-element-47210806 e-flex e-con-boxed e-con e-parent\" data-id=\"47210806\" data-element_type=\"container\" data-e-type=\"container\">\n\t\t\t\t\t<div class=\"e-con-inner\">\n\t\t\t\t<div class=\"elementor-element elementor-element-d80ad0a elementor-widget elementor-widget-text-editor\" data-id=\"d80ad0a\" data-element_type=\"widget\" data-e-type=\"widget\" data-widget_type=\"text-editor.default\">\n\t\t\t\t<div class=\"elementor-widget-container\">\n\t\t\t\t\t\t\t\t\t<p data-start=\"210\" data-end=\"520\">Dans le cadre du <strong data-start=\"227\" data-end=\"257\">Contrat de Ville 2024-2030<\/strong> de Grand Paris Grand Est, sign\u00e9 le 29 mars 2024, la programmation 2026 fait l\u2019objet d\u2019un <strong data-start=\"347\" data-end=\"366\">appel \u00e0 projets<\/strong> destin\u00e9 \u00e0 soutenir les initiatives en faveur des habitants des quartiers prioritaires, notamment celui de <strong data-start=\"473\" data-end=\"499\">Val Coteau \/ Fauvettes<\/strong> \u00e0 Neuilly-sur-Marne.<\/p><p data-start=\"522\" data-end=\"635\">Les porteurs de projets sont invit\u00e9s \u00e0 d\u00e9poser leurs demandes de subvention en respectant le calendrier suivant :<\/p><ul data-start=\"637\" data-end=\"945\"><li data-start=\"637\" data-end=\"836\"><p data-start=\"639\" data-end=\"836\"><strong data-start=\"639\" data-end=\"658\">4 novembre 2025<\/strong> : date limite de d\u00e9p\u00f4t des pr\u00e9-dossiers (un formulaire par projet) \u00e0 adresser par courriel \u00e0 <strong><a class=\"decorated-link cursor-pointer\" href=\"mailto:dynamiques.locales@neuillysurmarne.fr\" rel=\"noopener\" data-start=\"798\" data-end=\"835\">dynamiques.locales@neuillysurmarne.fr<\/a><\/strong><\/p><\/li><li data-start=\"637\" data-end=\"836\">30 novembre 2025 : date limite pour la saisie des demandes sur le portail national Dauphin<\/li><\/ul>\t\t\t\t\t\t\t\t<\/div>\n\t\t\t\t<\/div>\n\t\t\t\t<div class=\"elementor-element elementor-element-1fe4aed elementor-widget elementor-widget-text-editor\" data-id=\"1fe4aed\" data-element_type=\"widget\" data-e-type=\"widget\" data-widget_type=\"text-editor.default\">\n\t\t\t\t<div class=\"elementor-widget-container\">\n\t\t\t\t\t\t\t\t\t<p>\u27a1\ufe0f <strong><a href=\"https:\/\/www.neuillysurmarne.fr\/wp-content\/uploads\/2025\/10\/AAP-2026-Lettre-de-cadrage-Signe.pdf\">Lettre de cadrage adress\u00e9e par M. Le Pr\u00e9fet d\u00e9l\u00e9gu\u00e9 pour l&rsquo;\u00e9galit\u00e9 des chances<\/a><\/strong><br \/>\u27a1\ufe0f <strong><a href=\"https:\/\/www.neuillysurmarne.fr\/wp-content\/uploads\/2025\/10\/GPGE_NOTICE-Politique-de-la-ville_AAP-2026.pdf\">Notice explicative<\/a><\/strong><br \/>\u27a1\ufe0f <strong><a href=\"https:\/\/www.neuillysurmarne.fr\/wp-content\/uploads\/2025\/10\/Formulaire-Pre-dossier-2026.docx\">Formulaire de pr\u00e9-demande<\/a><\/strong><br \/>\u27a1\ufe0f <strong><a href=\"https:\/\/www.neuillysurmarne.fr\/wp-content\/uploads\/2025\/10\/Formulaire-Bilan-intermediaire-2024-2030.docx\">Formulaire de bilan interm\u00e9diaire<\/a><\/strong><\/p>\t\t\t\t\t\t\t\t<\/div>\n\t\t\t\t<\/div>\n\t\t\t\t<div class=\"elementor-element elementor-element-bd7e606 elementor-widget elementor-widget-text-editor\" data-id=\"bd7e606\" data-element_type=\"widget\" data-e-type=\"widget\" data-widget_type=\"text-editor.default\">\n\t\t\t\t<div class=\"elementor-widget-container\">\n\t\t\t\t\t\t\t\t\t<p><strong>\u0627\u0644\u0645\u0632\u064a\u062f \u0645\u0646 \u0627\u0644\u0645\u0639\u0644\u0648\u0645\u0627\u062a :<\/strong><br \/>\ud83d\udcde 01 43 08 74 59 \/ 01 43 08 89 11<br \/>\ud83d\udce7 <strong><a href=\"mailto:dynamiques.locales@neuillysurmarne.fr\">dynamiques.locales@neuillysurmarne.fr<\/a><\/strong><\/p>\t\t\t\t\t\t\t\t<\/div>\n\t\t\t\t<\/div>\n\t\t\t\t\t<\/div>\n\t\t\t\t<\/div>\n\t\t\t\t<\/div>","protected":false},"excerpt":{"rendered":"<p>Dans le cadre du Contrat de Ville 2024-2030 de Grand Paris Grand Est, sign\u00e9 le 29 mars 2024, la programmation 2026 fait l\u2019objet d\u2019un appel \u00e0 projets destin\u00e9 \u00e0 soutenir les initiatives en faveur des habitants des quartiers prioritaires, notamment celui de Val Coteau \/ Fauvettes \u00e0 Neuilly-sur-Marne. Les porteurs de projets sont invit\u00e9s \u00e0 [&hellip;]<\/p>\n","protected":false},"author":1,"featured_media":6677,"parent":0,"menu_order":0,"comment_status":"closed","ping_status":"closed","template":"","meta":{"_acf_changed":false,"footnotes":""},"class_list":["post-462","page","type-page","status-publish","has-post-thumbnail","hentry"],"acf":[],"yoast_head":"<!-- This site is optimized with the Yoast SEO plugin v27.4 - https:\/\/yoast.com\/product\/yoast-seo-wordpress\/ -->\n<title>Contrat de ville - Mairie de Neuilly-sur-Marne<\/title>\n<meta name=\"robots\" content=\"index, follow, max-snippet:-1, max-image-preview:large, max-video-preview:-1\" \/>\n<link rel=\"canonical\" href=\"https:\/\/www.neuillysurmarne.fr\/ar\/contrat-de-ville\/\" \/>\n<meta property=\"og:locale\" content=\"ar_AR\" \/>\n<meta property=\"og:type\" content=\"article\" \/>\n<meta property=\"og:title\" content=\"Contrat de ville - Mairie de Neuilly-sur-Marne\" \/>\n<meta property=\"og:description\" content=\"Dans le cadre du Contrat de Ville 2024-2030 de Grand Paris Grand Est, sign\u00e9 le 29 mars 2024, la programmation 2026 fait l\u2019objet d\u2019un appel \u00e0 projets destin\u00e9 \u00e0 soutenir les initiatives en faveur des habitants des quartiers prioritaires, notamment celui de Val Coteau \/ Fauvettes \u00e0 Neuilly-sur-Marne. Les porteurs de projets sont invit\u00e9s \u00e0 [&hellip;]\" \/>\n<meta property=\"og:url\" content=\"https:\/\/www.neuillysurmarne.fr\/ar\/contrat-de-ville\/\" \/>\n<meta property=\"og:site_name\" content=\"Mairie de Neuilly-sur-Marne\" \/>\n<meta property=\"article:publisher\" content=\"https:\/\/www.facebook.com\/ville.neuilly\" \/>\n<meta property=\"article:modified_time\" content=\"2025-10-09T13:22:58+00:00\" \/>\n<meta property=\"og:image\" content=\"https:\/\/www.neuillysurmarne.fr\/wp-content\/uploads\/2024\/05\/AdobeStock_707271372-scaled.jpeg\" \/>\n\t<meta property=\"og:image:width\" content=\"2560\" \/>\n\t<meta property=\"og:image:height\" content=\"936\" \/>\n\t<meta property=\"og:image:type\" content=\"image\/jpeg\" \/>\n<meta name=\"twitter:card\" content=\"summary_large_image\" \/>\n<meta name=\"twitter:label1\" content=\"\u0648\u0642\u062a \u0627\u0644\u0642\u0631\u0627\u0621\u0629 \u0627\u0644\u0645\u064f\u0642\u062f\u0651\u0631\" \/>\n\t<meta name=\"twitter:data1\" content=\"\u062f\u0642\u064a\u0642\u062a\u0627\u0646\" \/>\n<script type=\"application\/ld+json\" class=\"yoast-schema-graph\">{\"@context\":\"https:\\\/\\\/schema.org\",\"@graph\":[{\"@type\":\"WebPage\",\"@id\":\"https:\\\/\\\/www.neuillysurmarne.fr\\\/contrat-de-ville\\\/\",\"url\":\"https:\\\/\\\/www.neuillysurmarne.fr\\\/contrat-de-ville\\\/\",\"name\":\"Contrat de ville - Mairie de Neuilly-sur-Marne\",\"isPartOf\":{\"@id\":\"https:\\\/\\\/www.neuillysurmarne.fr\\\/es\\\/#website\"},\"primaryImageOfPage\":{\"@id\":\"https:\\\/\\\/www.neuillysurmarne.fr\\\/contrat-de-ville\\\/#primaryimage\"},\"image\":{\"@id\":\"https:\\\/\\\/www.neuillysurmarne.fr\\\/contrat-de-ville\\\/#primaryimage\"},\"thumbnailUrl\":\"https:\\\/\\\/www.neuillysurmarne.fr\\\/wp-content\\\/uploads\\\/2024\\\/05\\\/AdobeStock_707271372-scaled.jpeg\",\"datePublished\":\"2023-11-13T10:29:47+00:00\",\"dateModified\":\"2025-10-09T13:22:58+00:00\",\"breadcrumb\":{\"@id\":\"https:\\\/\\\/www.neuillysurmarne.fr\\\/contrat-de-ville\\\/#breadcrumb\"},\"inLanguage\":\"ar\",\"potentialAction\":[{\"@type\":\"ReadAction\",\"target\":[\"https:\\\/\\\/www.neuillysurmarne.fr\\\/contrat-de-ville\\\/\"]}]},{\"@type\":\"ImageObject\",\"inLanguage\":\"ar\",\"@id\":\"https:\\\/\\\/www.neuillysurmarne.fr\\\/contrat-de-ville\\\/#primaryimage\",\"url\":\"https:\\\/\\\/www.neuillysurmarne.fr\\\/wp-content\\\/uploads\\\/2024\\\/05\\\/AdobeStock_707271372-scaled.jpeg\",\"contentUrl\":\"https:\\\/\\\/www.neuillysurmarne.fr\\\/wp-content\\\/uploads\\\/2024\\\/05\\\/AdobeStock_707271372-scaled.jpeg\",\"width\":2560,\"height\":936,\"caption\":\"Toy city. Miniature models of realistic houses, blurred background. Wallpaper with toy residential complex.\"},{\"@type\":\"BreadcrumbList\",\"@id\":\"https:\\\/\\\/www.neuillysurmarne.fr\\\/contrat-de-ville\\\/#breadcrumb\",\"itemListElement\":[{\"@type\":\"ListItem\",\"position\":1,\"name\":\"Accueil\",\"item\":\"https:\\\/\\\/www.neuillysurmarne.fr\\\/\"},{\"@type\":\"ListItem\",\"position\":2,\"name\":\"Contrat de ville\"}]},{\"@type\":\"WebSite\",\"@id\":\"https:\\\/\\\/www.neuillysurmarne.fr\\\/es\\\/#website\",\"url\":\"https:\\\/\\\/www.neuillysurmarne.fr\\\/es\\\/\",\"name\":\"Mairie de Neuilly-sur-Marne\",\"description\":\"BETA\",\"publisher\":{\"@id\":\"https:\\\/\\\/www.neuillysurmarne.fr\\\/es\\\/#organization\"},\"potentialAction\":[{\"@type\":\"SearchAction\",\"target\":{\"@type\":\"EntryPoint\",\"urlTemplate\":\"https:\\\/\\\/www.neuillysurmarne.fr\\\/es\\\/?s={search_term_string}\"},\"query-input\":{\"@type\":\"PropertyValueSpecification\",\"valueRequired\":true,\"valueName\":\"search_term_string\"}}],\"inLanguage\":\"ar\"},{\"@type\":\"Organization\",\"@id\":\"https:\\\/\\\/www.neuillysurmarne.fr\\\/es\\\/#organization\",\"name\":\"Mairie de Neuilly-sur-Marne\",\"url\":\"https:\\\/\\\/www.neuillysurmarne.fr\\\/es\\\/\",\"logo\":{\"@type\":\"ImageObject\",\"inLanguage\":\"ar\",\"@id\":\"https:\\\/\\\/www.neuillysurmarne.fr\\\/es\\\/#\\\/schema\\\/logo\\\/image\\\/\",\"url\":\"https:\\\/\\\/www.neuillysurmarne.fr\\\/wp-content\\\/uploads\\\/2023\\\/10\\\/LOGO-NeuillysurMarne-blanc.png\",\"contentUrl\":\"https:\\\/\\\/www.neuillysurmarne.fr\\\/wp-content\\\/uploads\\\/2023\\\/10\\\/LOGO-NeuillysurMarne-blanc.png\",\"width\":3308,\"height\":2586,\"caption\":\"Mairie de Neuilly-sur-Marne\"},\"image\":{\"@id\":\"https:\\\/\\\/www.neuillysurmarne.fr\\\/es\\\/#\\\/schema\\\/logo\\\/image\\\/\"},\"sameAs\":[\"https:\\\/\\\/www.facebook.com\\\/ville.neuilly\",\"https:\\\/\\\/www.instagram.com\\\/neuilly_marne\\\/\",\"https:\\\/\\\/www.linkedin.com\\\/company\\\/ville-de-neuilly-sur-marne\\\/\",\"https:\\\/\\\/www.youtube.com\\\/channel\\\/UCDdZ0TLrV8rfIqjBGvoeB5A\",\"https:\\\/\\\/www.tiktok.com\\\/@villedeneuillysurmarne\"]}]}<\/script>\n<!-- \/ Yoast SEO plugin. -->","yoast_head_json":{"title":"Contrat de ville - Mairie de Neuilly-sur-Marne","robots":{"index":"index","follow":"follow","max-snippet":"max-snippet:-1","max-image-preview":"max-image-preview:large","max-video-preview":"max-video-preview:-1"},"canonical":"https:\/\/www.neuillysurmarne.fr\/ar\/contrat-de-ville\/","og_locale":"ar_AR","og_type":"article","og_title":"Contrat de ville - Mairie de Neuilly-sur-Marne","og_description":"Dans le cadre du Contrat de Ville 2024-2030 de Grand Paris Grand Est, sign\u00e9 le 29 mars 2024, la programmation 2026 fait l\u2019objet d\u2019un appel \u00e0 projets destin\u00e9 \u00e0 soutenir les initiatives en faveur des habitants des quartiers prioritaires, notamment celui de Val Coteau \/ Fauvettes \u00e0 Neuilly-sur-Marne. Les porteurs de projets sont invit\u00e9s \u00e0 [&hellip;]","og_url":"https:\/\/www.neuillysurmarne.fr\/ar\/contrat-de-ville\/","og_site_name":"Mairie de Neuilly-sur-Marne","article_publisher":"https:\/\/www.facebook.com\/ville.neuilly","article_modified_time":"2025-10-09T13:22:58+00:00","og_image":[{"width":2560,"height":936,"url":"https:\/\/www.neuillysurmarne.fr\/wp-content\/uploads\/2024\/05\/AdobeStock_707271372-scaled.jpeg","type":"image\/jpeg"}],"twitter_card":"summary_large_image","twitter_misc":{"\u0648\u0642\u062a \u0627\u0644\u0642\u0631\u0627\u0621\u0629 \u0627\u0644\u0645\u064f\u0642\u062f\u0651\u0631":"\u062f\u0642\u064a\u0642\u062a\u0627\u0646"},"schema":{"@context":"https:\/\/schema.org","@graph":[{"@type":"WebPage","@id":"https:\/\/www.neuillysurmarne.fr\/contrat-de-ville\/","url":"https:\/\/www.neuillysurmarne.fr\/contrat-de-ville\/","name":"Contrat de ville - Mairie de Neuilly-sur-Marne","isPartOf":{"@id":"https:\/\/www.neuillysurmarne.fr\/es\/#website"},"primaryImageOfPage":{"@id":"https:\/\/www.neuillysurmarne.fr\/contrat-de-ville\/#primaryimage"},"image":{"@id":"https:\/\/www.neuillysurmarne.fr\/contrat-de-ville\/#primaryimage"},"thumbnailUrl":"https:\/\/www.neuillysurmarne.fr\/wp-content\/uploads\/2024\/05\/AdobeStock_707271372-scaled.jpeg","datePublished":"2023-11-13T10:29:47+00:00","dateModified":"2025-10-09T13:22:58+00:00","breadcrumb":{"@id":"https:\/\/www.neuillysurmarne.fr\/contrat-de-ville\/#breadcrumb"},"inLanguage":"ar","potentialAction":[{"@type":"ReadAction","target":["https:\/\/www.neuillysurmarne.fr\/contrat-de-ville\/"]}]},{"@type":"ImageObject","inLanguage":"ar","@id":"https:\/\/www.neuillysurmarne.fr\/contrat-de-ville\/#primaryimage","url":"https:\/\/www.neuillysurmarne.fr\/wp-content\/uploads\/2024\/05\/AdobeStock_707271372-scaled.jpeg","contentUrl":"https:\/\/www.neuillysurmarne.fr\/wp-content\/uploads\/2024\/05\/AdobeStock_707271372-scaled.jpeg","width":2560,"height":936,"caption":"Toy city. Miniature models of realistic houses, blurred background. Wallpaper with toy residential complex."},{"@type":"BreadcrumbList","@id":"https:\/\/www.neuillysurmarne.fr\/contrat-de-ville\/#breadcrumb","itemListElement":[{"@type":"ListItem","position":1,"name":"Accueil","item":"https:\/\/www.neuillysurmarne.fr\/"},{"@type":"ListItem","position":2,"name":"Contrat de ville"}]},{"@type":"WebSite","@id":"https:\/\/www.neuillysurmarne.fr\/es\/#website","url":"https:\/\/www.neuillysurmarne.fr\/es\/","name":"\u062f\u0627\u0631 \u0628\u0644\u062f\u064a\u0629 \u0646\u0648\u064a\u064a-\u0633\u0648\u0631-\u0645\u0627\u0631\u0646","description":"\u0628\u064a\u062a\u0627","publisher":{"@id":"https:\/\/www.neuillysurmarne.fr\/es\/#organization"},"potentialAction":[{"@type":"SearchAction","target":{"@type":"EntryPoint","urlTemplate":"https:\/\/www.neuillysurmarne.fr\/es\/?s={search_term_string}"},"query-input":{"@type":"PropertyValueSpecification","valueRequired":true,"valueName":"search_term_string"}}],"inLanguage":"ar"},{"@type":"Organization","@id":"https:\/\/www.neuillysurmarne.fr\/es\/#organization","name":"\u062f\u0627\u0631 \u0628\u0644\u062f\u064a\u0629 \u0646\u0648\u064a\u064a-\u0633\u0648\u0631-\u0645\u0627\u0631\u0646","url":"https:\/\/www.neuillysurmarne.fr\/es\/","logo":{"@type":"ImageObject","inLanguage":"ar","@id":"https:\/\/www.neuillysurmarne.fr\/es\/#\/schema\/logo\/image\/","url":"https:\/\/www.neuillysurmarne.fr\/wp-content\/uploads\/2023\/10\/LOGO-NeuillysurMarne-blanc.png","contentUrl":"https:\/\/www.neuillysurmarne.fr\/wp-content\/uploads\/2023\/10\/LOGO-NeuillysurMarne-blanc.png","width":3308,"height":2586,"caption":"Mairie de Neuilly-sur-Marne"},"image":{"@id":"https:\/\/www.neuillysurmarne.fr\/es\/#\/schema\/logo\/image\/"},"sameAs":["https:\/\/www.facebook.com\/ville.neuilly","https:\/\/www.instagram.com\/neuilly_marne\/","https:\/\/www.linkedin.com\/company\/ville-de-neuilly-sur-marne\/","https:\/\/www.youtube.com\/channel\/UCDdZ0TLrV8rfIqjBGvoeB5A","https:\/\/www.tiktok.com\/@villedeneuillysurmarne"]}]}},"_links":{"self":[{"href":"https:\/\/www.neuillysurmarne.fr\/ar\/wp-json\/wp\/v2\/pages\/462","targetHints":{"allow":["GET"]}}],"collection":[{"href":"https:\/\/www.neuillysurmarne.fr\/ar\/wp-json\/wp\/v2\/pages"}],"about":[{"href":"https:\/\/www.neuillysurmarne.fr\/ar\/wp-json\/wp\/v2\/types\/page"}],"author":[{"embeddable":true,"href":"https:\/\/www.neuillysurmarne.fr\/ar\/wp-json\/wp\/v2\/users\/1"}],"replies":[{"embeddable":true,"href":"https:\/\/www.neuillysurmarne.fr\/ar\/wp-json\/wp\/v2\/comments?post=462"}],"version-history":[{"count":32,"href":"https:\/\/www.neuillysurmarne.fr\/ar\/wp-json\/wp\/v2\/pages\/462\/revisions"}],"predecessor-version":[{"id":16575,"href":"https:\/\/www.neuillysurmarne.fr\/ar\/wp-json\/wp\/v2\/pages\/462\/revisions\/16575"}],"wp:featuredmedia":[{"embeddable":true,"href":"https:\/\/www.neuillysurmarne.fr\/ar\/wp-json\/wp\/v2\/media\/6677"}],"wp:attachment":[{"href":"https:\/\/www.neuillysurmarne.fr\/ar\/wp-json\/wp\/v2\/media?parent=462"}],"curies":[{"name":"wp","href":"https:\/\/api.w.org\/{rel}","templated":true}]}}