{"id":602,"date":"2023-11-13T12:39:31","date_gmt":"2023-11-13T11:39:31","guid":{"rendered":"https:\/\/www.neuillysurmarne.fr\/?page_id=602"},"modified":"2024-06-26T18:08:06","modified_gmt":"2024-06-26T16:08:06","slug":"ville-aidante-alzheimer","status":"publish","type":"page","link":"https:\/\/www.neuillysurmarne.fr\/ar\/ville-aidante-alzheimer\/","title":{"rendered":"\u0641\u064a\u0644 \u0627\u064a\u062f\u0627\u0646\u062a\u064a \u0627\u0644\u0632\u0647\u0627\u064a\u0645\u0631"},"content":{"rendered":"<div data-elementor-type=\"wp-page\" data-elementor-id=\"602\" class=\"elementor elementor-602\" data-elementor-post-type=\"page\">\n\t\t\t\t<div class=\"elementor-element elementor-element-16129004 e-flex e-con-boxed e-con e-parent\" data-id=\"16129004\" data-element_type=\"container\" data-e-type=\"container\">\n\t\t\t\t\t<div class=\"e-con-inner\">\n\t\t<div class=\"elementor-element elementor-element-7856c74 e-flex e-con-boxed e-con e-child\" data-id=\"7856c74\" data-element_type=\"container\" data-e-type=\"container\">\n\t\t\t\t\t<div class=\"e-con-inner\">\n\t\t\t\t<div class=\"elementor-element elementor-element-f31cbde elementor-widget elementor-widget-image\" data-id=\"f31cbde\" data-element_type=\"widget\" data-e-type=\"widget\" data-widget_type=\"image.default\">\n\t\t\t\t<div class=\"elementor-widget-container\">\n\t\t\t\t\t\t\t\t\t\t\t\t\t\t\t<img fetchpriority=\"high\" decoding=\"async\" width=\"800\" height=\"309\" src=\"https:\/\/www.neuillysurmarne.fr\/wp-content\/uploads\/2024\/05\/Ville-aidante-Alzheimer.png\" class=\"attachment-large size-large wp-image-6995\" alt=\"\" srcset=\"https:\/\/www.neuillysurmarne.fr\/wp-content\/uploads\/2024\/05\/Ville-aidante-Alzheimer.png 900w, https:\/\/www.neuillysurmarne.fr\/wp-content\/uploads\/2024\/05\/Ville-aidante-Alzheimer-300x116.png 300w, https:\/\/www.neuillysurmarne.fr\/wp-content\/uploads\/2024\/05\/Ville-aidante-Alzheimer-768x297.png 768w\" sizes=\"(max-width: 800px) 100vw, 800px\" \/>\t\t\t\t\t\t\t\t\t\t\t\t\t\t\t<\/div>\n\t\t\t\t<\/div>\n\t\t\t\t\t<\/div>\n\t\t\t\t<\/div>\n\t\t<div class=\"elementor-element elementor-element-886f06c e-grid e-con-boxed e-con e-child\" data-id=\"886f06c\" data-element_type=\"container\" data-e-type=\"container\">\n\t\t\t\t\t<div class=\"e-con-inner\">\n\t\t\t\t<div class=\"elementor-element elementor-element-606a8ae elementor-widget elementor-widget-text-editor\" data-id=\"606a8ae\" data-element_type=\"widget\" data-e-type=\"widget\" data-widget_type=\"text-editor.default\">\n\t\t\t\t<div class=\"elementor-widget-container\">\n\t\t\t\t\t\t\t\t\t<h3><strong>\u0645\u0631\u0636 \u0627\u0644\u0632\u0647\u0627\u064a\u0645\u0631 \u0641\u064a \u0642\u0644\u0628 \u0627\u0644\u062d\u064a\u0627\u0629 \u0627\u0644\u0639\u0627\u0645\u0629<\/strong><\/h3><p>\u0628\u062d\u0644\u0648\u0644 \u0646\u0647\u0627\u064a\u0629 \u0639\u0627\u0645 2021\u060c \u0633\u062a\u0635\u0628\u062d \u0645\u062f\u064a\u0646\u0629 \u0646\u0648\u064a\u064a \u0633\u0648\u0631 \u0645\u0627\u0631\u0646\u00a0<strong>\u0623\u0648\u0644 \"\u0645\u062f\u064a\u0646\u0629 \u0644\u0645\u0633\u0627\u0639\u062f\u0629 \u0645\u0631\u0636\u0649 \u0627\u0644\u0632\u0647\u0627\u064a\u0645\u0631\" \u0641\u064a \u0645\u0642\u0627\u0637\u0639\u0629 \u0633\u064a\u0646 \u0633\u0627\u0646 \u062f\u0648\u0646\u064a<\/strong>. \u0648\u0642\u062f \u0623\u0628\u062f\u062a \u0627\u0644\u0645\u062f\u064a\u0646\u0629 \u0627\u0644\u062a\u0632\u0627\u0645\u0647\u0627 \u0645\u0646 \u062e\u0644\u0627\u0644 \u0625\u0642\u0627\u0645\u0629 \u0634\u0631\u0627\u0643\u0629 \u0645\u0639 \u0627\u0644\u062c\u0645\u0639\u064a\u0629\u00a0<a href=\"https:\/\/www.francealzheimer.org\/notre-vision\/batir-ensemble-societe-inclusive\/dynamique-ville-aidante-alzheimer\/\"><strong>\u0641\u0631\u0646\u0633\u0627 \u0627\u0644\u0632\u0647\u0627\u064a\u0645\u0631<\/strong><\/a>.<\/p><p>\u064a\u062a\u0636\u0645\u0646 \u0630\u0644\u0643 \u0627\u0644\u0627\u0634\u062a\u0631\u0627\u0643 \u0641\u064a \u0645\u064a\u062b\u0627\u0642 \"\u0641\u064a\u0644 \u0623\u064a\u062f\u0627\u0646\u062a\u064a \u0627\u0644\u0632\u0647\u0627\u064a\u0645\u0631\" \u0648\u00a0<strong>\u062a\u0639\u0632\u064a\u0632 \u0625\u062f\u0645\u0627\u062c \u0623\u0643\u0628\u0631 \u0644\u0644\u0623\u0634\u062e\u0627\u0635 \u0627\u0644\u0645\u0635\u0627\u0628\u064a\u0646 \u0628\u0647\u0630\u0627 \u0627\u0644\u0645\u0631\u0636 \u0623\u0648 \u0645\u0631\u0636 \u0630\u064a \u0635\u0644\u0629 \u0641\u064a \u0627\u0644\u0633\u0627\u062d\u0629 \u0627\u0644\u0639\u0627\u0645\u0629<\/strong>. \u0635\u062d\u064a\u062d \u0623\u0646 \u0627\u0644\u0623\u0634\u062e\u0627\u0635 \u0627\u0644\u0645\u0631\u0636\u0649 \u064a\u062a\u062e\u0644\u0648\u0646 \u0623\u062d\u064a\u0627\u0646\u064b\u0627 \u0639\u0646 \u0627\u0644\u062e\u0631\u0648\u062c \u0645\u0646 \u0645\u0646\u0627\u0632\u0644\u0647\u0645 \u0623\u0648 \u0627\u0644\u0630\u0647\u0627\u0628 \u0625\u0644\u0649 \u0627\u0644\u0646\u0627\u062f\u064a \u0627\u0644\u062a\u0631\u0641\u064a\u0647\u064a \u0623\u0648 \u062d\u062a\u0649 \u0627\u0644\u062a\u0633\u0648\u0642\u060c \u0644\u0623\u0646\u0647\u0645 \u0644\u0627 \u064a\u062c\u062f\u0648\u0646 \u0645\u0643\u0627\u0646\u0647\u0645 \u0641\u064a \u0645\u062c\u062a\u0645\u0639 \u0644\u0627 \u064a\u0632\u0627\u0644 \u0644\u0627 \u064a\u0631\u062d\u0628 \u0628\u0647\u0645 \u0628\u062a\u0641\u0647\u0645.<\/p>\t\t\t\t\t\t\t\t<\/div>\n\t\t\t\t<\/div>\n\t\t\t\t<div class=\"elementor-element elementor-element-c9e1f81 elementor-widget elementor-widget-image\" data-id=\"c9e1f81\" data-element_type=\"widget\" data-e-type=\"widget\" data-widget_type=\"image.default\">\n\t\t\t\t<div class=\"elementor-widget-container\">\n\t\t\t\t\t\t\t\t\t\t\t\t\t\t\t<img decoding=\"async\" width=\"800\" height=\"534\" src=\"https:\/\/www.neuillysurmarne.fr\/wp-content\/uploads\/2024\/05\/AdobeStock_622013806-1024x683.jpeg\" class=\"attachment-large size-large wp-image-7208\" alt=\"\" srcset=\"https:\/\/www.neuillysurmarne.fr\/wp-content\/uploads\/2024\/05\/AdobeStock_622013806-1024x683.jpeg 1024w, https:\/\/www.neuillysurmarne.fr\/wp-content\/uploads\/2024\/05\/AdobeStock_622013806-300x200.jpeg 300w, https:\/\/www.neuillysurmarne.fr\/wp-content\/uploads\/2024\/05\/AdobeStock_622013806-768x512.jpeg 768w, https:\/\/www.neuillysurmarne.fr\/wp-content\/uploads\/2024\/05\/AdobeStock_622013806-1536x1024.jpeg 1536w, https:\/\/www.neuillysurmarne.fr\/wp-content\/uploads\/2024\/05\/AdobeStock_622013806-2048x1365.jpeg 2048w\" sizes=\"(max-width: 800px) 100vw, 800px\" \/>\t\t\t\t\t\t\t\t\t\t\t\t\t\t\t<\/div>\n\t\t\t\t<\/div>\n\t\t\t\t\t<\/div>\n\t\t\t\t<\/div>\n\t\t\t\t<div class=\"elementor-element elementor-element-16ad9223 elementor-widget elementor-widget-text-editor\" data-id=\"16ad9223\" data-element_type=\"widget\" data-e-type=\"widget\" data-widget_type=\"text-editor.default\">\n\t\t\t\t<div class=\"elementor-widget-container\">\n\t\t\t\t\t\t\t\t\t<h3><strong>\u062f\u0648\u0631\u0627\u062a \u062a\u062f\u0631\u064a\u0628\u064a\u0629 \u0645\u062c\u0627\u0646\u064a\u0629 \u0648\u0645\u0642\u0627\u0647\u064a \u0627\u0644\u0630\u0627\u0643\u0631\u0629<\/strong><\/h3><p>\u0645\u0646 \u062e\u0644\u0627\u0644 \u0647\u0630\u0647 \u0627\u0644\u0634\u0631\u0627\u0643\u0629\u060c \u062a\u0647\u062f\u0641 \u0627\u0644\u0645\u062f\u064a\u0646\u0629 \u0648\u0627\u0644\u0645\u0631\u0643\u0632 \u0627\u0644\u0645\u062c\u062a\u0645\u0639\u064a \u0644\u0644\u0639\u0645\u0644 \u0627\u0644\u0627\u062c\u062a\u0645\u0627\u0639\u064a (CCAS) \u0625\u0644\u0649 \u062a\u0633\u0647\u064a\u0644 \u0627\u0644\u0648\u0635\u0648\u0644 \u0625\u0644\u0649 \u0627\u0644\u0645\u0639\u0644\u0648\u0645\u0627\u062a \u0648\u0627\u0644\u0645\u0628\u0627\u062f\u0631\u0627\u062a \u0627\u0644\u062a\u064a \u062a\u0642\u062a\u0631\u062d\u0647\u0627 \u0627\u0644\u062c\u0645\u0639\u064a\u0629 \u0644\u0645\u0633\u0627\u0639\u062f\u0629 \u0627\u0644\u0639\u0627\u0626\u0644\u0627\u062a \u0639\u0644\u0649 \u0641\u0647\u0645 \u0639\u0648\u0627\u0642\u0628 \u0627\u0644\u0645\u0631\u0636 \u0628\u0634\u0643\u0644 \u0623\u0641\u0636\u0644.\u00a0 <strong>\u0627\u0644\u0625\u0631\u0634\u0627\u062f \u0648\u0627\u0644\u0634\u0645\u0648\u0644\u064a\u0629 \u0648\u0627\u0644\u062a\u0648\u0639\u064a\u0629<\/strong>\u00a0\u0647\u064a \u0627\u0644\u0645\u062d\u0627\u0648\u0631 \u0627\u0644\u0631\u0626\u064a\u0633\u064a\u0629 \u0627\u0644\u062b\u0644\u0627\u062b\u0629 \u0644\u0647\u0630\u0647 \u0627\u0644\u0634\u0631\u0627\u0643\u0629.<\/p><p>\u0644\u0647\u0630\u0627 \u0627\u0644\u0633\u0628\u0628 \u062a\u0642\u062f\u0645 \u0641\u0631\u0646\u0633\u0627 \u0623\u0644\u0632\u0647\u0627\u064a\u0645\u0631 \u0644\u0623\u0647\u0627\u0644\u064a \u0646\u0648\u0633\u064a\u0647\u00a0<strong>\u062a\u062f\u0631\u064a\u0628 \u0645\u062c\u0627\u0646\u064a<\/strong>\u00a015 \u0633\u0627\u0639\u0629 \u0644\u0645\u0642\u062f\u0645\u064a \u0627\u0644\u0631\u0639\u0627\u064a\u0629 \u0627\u0644\u0623\u0633\u0631\u064a\u0629. \u0647\u0630\u0647 \u0647\u064a \u0623\u0648\u0644\u0649 \u0645\u0628\u0627\u062f\u0631\u0627\u062a \u0627\u0644\u062f\u0639\u0645 \u0627\u0644\u0639\u062f\u064a\u062f\u0629 \u0627\u0644\u062a\u064a \u0633\u064a\u062a\u0645 \u062a\u0646\u0641\u064a\u0630\u0647\u0627. \u0628\u0627\u0644\u0625\u0636\u0627\u0641\u0629 \u0625\u0644\u0649 \u0630\u0644\u0643\u00a0<strong>\u0645\u0642\u0627\u0647\u064a \u0627\u0644\u0630\u0627\u0643\u0631\u0629<\/strong>\u00a0\u0633\u064a\u062a\u0645 \u062a\u0646\u0638\u064a\u0645 \u0646\u062f\u0648\u0627\u062a \u0633\u064a\u062d\u0636\u0631 \u062e\u0644\u0627\u0644\u0647\u0627 \u0623\u062e\u0635\u0627\u0626\u064a\u0648\u0646 \u0644\u0644\u0627\u0633\u062a\u0645\u0627\u0639 \u0625\u0644\u0649 \u0645\u0646 \u064a\u0631\u063a\u0628\u0648\u0646 \u0641\u064a \u0630\u0644\u0643 \u0648\u0625\u0628\u0644\u0627\u063a\u0647\u0645 \u0648\u062a\u0642\u062f\u064a\u0645 \u0627\u0644\u0645\u0634\u0648\u0631\u0629 \u0644\u0647\u0645\u060c \u062d\u062a\u0649 \u064a\u062a\u0645\u0643\u0646\u0648\u0627 \u0645\u0646 \u0627\u062c\u062a\u064a\u0627\u0632 \u0645\u0631\u0627\u062d\u0644 \u0627\u0644\u0645\u0631\u0636 \u0627\u0644\u0645\u062e\u062a\u0644\u0641\u0629 \u0628\u0623\u0643\u0628\u0631 \u0642\u062f\u0631 \u0645\u0645\u0643\u0646 \u0645\u0646 \u0627\u0644\u0647\u062f\u0648\u0621. \u0643\u0645\u0627 \u0633\u064a\u062a\u0645 \u062a\u0646\u0638\u064a\u0645 \u0645\u0628\u0627\u062f\u0631\u0627\u062a \u0623\u062e\u0631\u0649\u060c \u0645\u062b\u0644 \u0645\u062c\u0645\u0648\u0639\u0627\u062a \u0627\u0644\u0646\u0642\u0627\u0634 \u0648\u0627\u0644\u062f\u0639\u0645 \u0639\u0628\u0631 \u0627\u0644\u0647\u0627\u062a\u0641 \u0648\u0627\u0644\u0646\u0632\u0647\u0627\u062a \u0627\u0644\u0627\u062c\u062a\u0645\u0627\u0639\u064a\u0629. \u0648\u0628\u0647\u0630\u0647 \u0627\u0644\u0637\u0631\u064a\u0642\u0629\u060c \u062a\u0644\u062a\u0632\u0645 \u0646\u0648\u064a\u064a-\u0633\u0648\u0631-\u0645\u0627\u0631\u0646 \u0628\u0645\u0633\u0627\u0639\u062f\u0629 \u0627\u0644\u0645\u0635\u0627\u0628\u064a\u0646 \u0648\u0645\u0642\u062f\u0645\u064a \u0627\u0644\u0631\u0639\u0627\u064a\u0629 \u0644\u0647\u0645 \u0639\u0644\u0649 \u0645\u0648\u0627\u0635\u0644\u0629 \u0627\u0644\u0627\u0633\u062a\u0645\u062a\u0627\u0639 \u0628\u0627\u0644\u062d\u064a\u0627\u0629 \u0648\u0628\u0645\u062f\u064a\u0646\u062a\u0647\u0645.<\/p>\t\t\t\t\t\t\t\t<\/div>\n\t\t\t\t<\/div>\n\t\t\t\t\t<\/div>\n\t\t\t\t<\/div>\n\t\t\t\t<\/div>","protected":false},"excerpt":{"rendered":"<p>Alzheimer au c\u0153ur de l&rsquo;espace public \u00c0 la fin de l\u2019ann\u00e9e 2021, Neuilly-sur-Marne est devenue\u00a0la premi\u00e8re \u00ab\u00a0Ville Aidante Alzheimer\u00a0\u00bb du d\u00e9partement de la Seine-Saint-Denis. La Ville a en effet marqu\u00e9 son engagement par la mise en place d\u2019un partenariat avec l\u2019association\u00a0France Alzheimer. Celui-ci consiste \u00e0 adh\u00e9rer \u00e0 la charte \u00ab\u00a0Ville Aidante Alzheimer\u00a0\u00bb et \u00e0\u00a0favoriser davantage [&hellip;]<\/p>\n","protected":false},"author":1,"featured_media":7210,"parent":0,"menu_order":0,"comment_status":"closed","ping_status":"closed","template":"","meta":{"_acf_changed":false,"footnotes":""},"class_list":["post-602","page","type-page","status-publish","has-post-thumbnail","hentry"],"acf":[],"yoast_head":"<!-- This site is optimized with the Yoast SEO plugin v27.4 - https:\/\/yoast.com\/product\/yoast-seo-wordpress\/ -->\n<title>Ville Aidante Alzheimer - Mairie de Neuilly-sur-Marne<\/title>\n<meta name=\"robots\" content=\"index, follow, max-snippet:-1, max-image-preview:large, max-video-preview:-1\" \/>\n<link rel=\"canonical\" href=\"https:\/\/www.neuillysurmarne.fr\/ar\/ville-aidante-alzheimer\/\" \/>\n<meta property=\"og:locale\" content=\"ar_AR\" \/>\n<meta property=\"og:type\" content=\"article\" \/>\n<meta property=\"og:title\" content=\"Ville Aidante Alzheimer - Mairie de Neuilly-sur-Marne\" \/>\n<meta property=\"og:description\" content=\"Alzheimer au c\u0153ur de l&rsquo;espace public \u00c0 la fin de l\u2019ann\u00e9e 2021, Neuilly-sur-Marne est devenue\u00a0la premi\u00e8re \u00ab\u00a0Ville Aidante Alzheimer\u00a0\u00bb du d\u00e9partement de la Seine-Saint-Denis. La Ville a en effet marqu\u00e9 son engagement par la mise en place d\u2019un partenariat avec l\u2019association\u00a0France Alzheimer. Celui-ci consiste \u00e0 adh\u00e9rer \u00e0 la charte \u00ab\u00a0Ville Aidante Alzheimer\u00a0\u00bb et \u00e0\u00a0favoriser davantage [&hellip;]\" \/>\n<meta property=\"og:url\" content=\"https:\/\/www.neuillysurmarne.fr\/ar\/ville-aidante-alzheimer\/\" \/>\n<meta property=\"og:site_name\" content=\"Mairie de Neuilly-sur-Marne\" \/>\n<meta property=\"article:publisher\" content=\"https:\/\/www.facebook.com\/ville.neuilly\" \/>\n<meta property=\"article:modified_time\" content=\"2024-06-26T16:08:06+00:00\" \/>\n<meta property=\"og:image\" content=\"https:\/\/www.neuillysurmarne.fr\/wp-content\/uploads\/2024\/05\/AdobeStock_670386562-scaled.jpeg\" \/>\n\t<meta property=\"og:image:width\" content=\"2560\" \/>\n\t<meta property=\"og:image:height\" content=\"1138\" \/>\n\t<meta property=\"og:image:type\" content=\"image\/jpeg\" \/>\n<meta name=\"twitter:card\" content=\"summary_large_image\" \/>\n<meta name=\"twitter:label1\" content=\"\u0648\u0642\u062a \u0627\u0644\u0642\u0631\u0627\u0621\u0629 \u0627\u0644\u0645\u064f\u0642\u062f\u0651\u0631\" \/>\n\t<meta name=\"twitter:data1\" content=\"\u062f\u0642\u064a\u0642\u062a\u0627\u0646\" \/>\n<script type=\"application\/ld+json\" class=\"yoast-schema-graph\">{\"@context\":\"https:\\\/\\\/schema.org\",\"@graph\":[{\"@type\":\"WebPage\",\"@id\":\"https:\\\/\\\/www.neuillysurmarne.fr\\\/ville-aidante-alzheimer\\\/\",\"url\":\"https:\\\/\\\/www.neuillysurmarne.fr\\\/ville-aidante-alzheimer\\\/\",\"name\":\"Ville Aidante Alzheimer - Mairie de Neuilly-sur-Marne\",\"isPartOf\":{\"@id\":\"https:\\\/\\\/www.neuillysurmarne.fr\\\/es\\\/#website\"},\"primaryImageOfPage\":{\"@id\":\"https:\\\/\\\/www.neuillysurmarne.fr\\\/ville-aidante-alzheimer\\\/#primaryimage\"},\"image\":{\"@id\":\"https:\\\/\\\/www.neuillysurmarne.fr\\\/ville-aidante-alzheimer\\\/#primaryimage\"},\"thumbnailUrl\":\"https:\\\/\\\/www.neuillysurmarne.fr\\\/wp-content\\\/uploads\\\/2024\\\/05\\\/AdobeStock_670386562-scaled.jpeg\",\"datePublished\":\"2023-11-13T11:39:31+00:00\",\"dateModified\":\"2024-06-26T16:08:06+00:00\",\"breadcrumb\":{\"@id\":\"https:\\\/\\\/www.neuillysurmarne.fr\\\/ville-aidante-alzheimer\\\/#breadcrumb\"},\"inLanguage\":\"ar\",\"potentialAction\":[{\"@type\":\"ReadAction\",\"target\":[\"https:\\\/\\\/www.neuillysurmarne.fr\\\/ville-aidante-alzheimer\\\/\"]}]},{\"@type\":\"ImageObject\",\"inLanguage\":\"ar\",\"@id\":\"https:\\\/\\\/www.neuillysurmarne.fr\\\/ville-aidante-alzheimer\\\/#primaryimage\",\"url\":\"https:\\\/\\\/www.neuillysurmarne.fr\\\/wp-content\\\/uploads\\\/2024\\\/05\\\/AdobeStock_670386562-scaled.jpeg\",\"contentUrl\":\"https:\\\/\\\/www.neuillysurmarne.fr\\\/wp-content\\\/uploads\\\/2024\\\/05\\\/AdobeStock_670386562-scaled.jpeg\",\"width\":2560,\"height\":1138,\"caption\":\"Parkinson disease patient, Alzheimer elderly senior, Arthritis person's hand in support of nursing family caregiver care for disability awareness day, National care givers month, aging society concept\"},{\"@type\":\"BreadcrumbList\",\"@id\":\"https:\\\/\\\/www.neuillysurmarne.fr\\\/ville-aidante-alzheimer\\\/#breadcrumb\",\"itemListElement\":[{\"@type\":\"ListItem\",\"position\":1,\"name\":\"Accueil\",\"item\":\"https:\\\/\\\/www.neuillysurmarne.fr\\\/\"},{\"@type\":\"ListItem\",\"position\":2,\"name\":\"Ville Aidante Alzheimer\"}]},{\"@type\":\"WebSite\",\"@id\":\"https:\\\/\\\/www.neuillysurmarne.fr\\\/es\\\/#website\",\"url\":\"https:\\\/\\\/www.neuillysurmarne.fr\\\/es\\\/\",\"name\":\"Mairie de Neuilly-sur-Marne\",\"description\":\"BETA\",\"publisher\":{\"@id\":\"https:\\\/\\\/www.neuillysurmarne.fr\\\/es\\\/#organization\"},\"potentialAction\":[{\"@type\":\"SearchAction\",\"target\":{\"@type\":\"EntryPoint\",\"urlTemplate\":\"https:\\\/\\\/www.neuillysurmarne.fr\\\/es\\\/?s={search_term_string}\"},\"query-input\":{\"@type\":\"PropertyValueSpecification\",\"valueRequired\":true,\"valueName\":\"search_term_string\"}}],\"inLanguage\":\"ar\"},{\"@type\":\"Organization\",\"@id\":\"https:\\\/\\\/www.neuillysurmarne.fr\\\/es\\\/#organization\",\"name\":\"Mairie de Neuilly-sur-Marne\",\"url\":\"https:\\\/\\\/www.neuillysurmarne.fr\\\/es\\\/\",\"logo\":{\"@type\":\"ImageObject\",\"inLanguage\":\"ar\",\"@id\":\"https:\\\/\\\/www.neuillysurmarne.fr\\\/es\\\/#\\\/schema\\\/logo\\\/image\\\/\",\"url\":\"https:\\\/\\\/www.neuillysurmarne.fr\\\/wp-content\\\/uploads\\\/2023\\\/10\\\/LOGO-NeuillysurMarne-blanc.png\",\"contentUrl\":\"https:\\\/\\\/www.neuillysurmarne.fr\\\/wp-content\\\/uploads\\\/2023\\\/10\\\/LOGO-NeuillysurMarne-blanc.png\",\"width\":3308,\"height\":2586,\"caption\":\"Mairie de Neuilly-sur-Marne\"},\"image\":{\"@id\":\"https:\\\/\\\/www.neuillysurmarne.fr\\\/es\\\/#\\\/schema\\\/logo\\\/image\\\/\"},\"sameAs\":[\"https:\\\/\\\/www.facebook.com\\\/ville.neuilly\",\"https:\\\/\\\/www.instagram.com\\\/neuilly_marne\\\/\",\"https:\\\/\\\/www.linkedin.com\\\/company\\\/ville-de-neuilly-sur-marne\\\/\",\"https:\\\/\\\/www.youtube.com\\\/channel\\\/UCDdZ0TLrV8rfIqjBGvoeB5A\",\"https:\\\/\\\/www.tiktok.com\\\/@villedeneuillysurmarne\"]}]}<\/script>\n<!-- \/ Yoast SEO plugin. -->","yoast_head_json":{"title":"Ville Aidante Alzheimer - Mairie de Neuilly-sur-Marne","robots":{"index":"index","follow":"follow","max-snippet":"max-snippet:-1","max-image-preview":"max-image-preview:large","max-video-preview":"max-video-preview:-1"},"canonical":"https:\/\/www.neuillysurmarne.fr\/ar\/ville-aidante-alzheimer\/","og_locale":"ar_AR","og_type":"article","og_title":"Ville Aidante Alzheimer - Mairie de Neuilly-sur-Marne","og_description":"Alzheimer au c\u0153ur de l&rsquo;espace public \u00c0 la fin de l\u2019ann\u00e9e 2021, Neuilly-sur-Marne est devenue\u00a0la premi\u00e8re \u00ab\u00a0Ville Aidante Alzheimer\u00a0\u00bb du d\u00e9partement de la Seine-Saint-Denis. La Ville a en effet marqu\u00e9 son engagement par la mise en place d\u2019un partenariat avec l\u2019association\u00a0France Alzheimer. Celui-ci consiste \u00e0 adh\u00e9rer \u00e0 la charte \u00ab\u00a0Ville Aidante Alzheimer\u00a0\u00bb et \u00e0\u00a0favoriser davantage [&hellip;]","og_url":"https:\/\/www.neuillysurmarne.fr\/ar\/ville-aidante-alzheimer\/","og_site_name":"Mairie de Neuilly-sur-Marne","article_publisher":"https:\/\/www.facebook.com\/ville.neuilly","article_modified_time":"2024-06-26T16:08:06+00:00","og_image":[{"width":2560,"height":1138,"url":"https:\/\/www.neuillysurmarne.fr\/wp-content\/uploads\/2024\/05\/AdobeStock_670386562-scaled.jpeg","type":"image\/jpeg"}],"twitter_card":"summary_large_image","twitter_misc":{"\u0648\u0642\u062a \u0627\u0644\u0642\u0631\u0627\u0621\u0629 \u0627\u0644\u0645\u064f\u0642\u062f\u0651\u0631":"\u062f\u0642\u064a\u0642\u062a\u0627\u0646"},"schema":{"@context":"https:\/\/schema.org","@graph":[{"@type":"WebPage","@id":"https:\/\/www.neuillysurmarne.fr\/ville-aidante-alzheimer\/","url":"https:\/\/www.neuillysurmarne.fr\/ville-aidante-alzheimer\/","name":"Ville Aidante Alzheimer - Mairie de Neuilly-sur-Marne","isPartOf":{"@id":"https:\/\/www.neuillysurmarne.fr\/es\/#website"},"primaryImageOfPage":{"@id":"https:\/\/www.neuillysurmarne.fr\/ville-aidante-alzheimer\/#primaryimage"},"image":{"@id":"https:\/\/www.neuillysurmarne.fr\/ville-aidante-alzheimer\/#primaryimage"},"thumbnailUrl":"https:\/\/www.neuillysurmarne.fr\/wp-content\/uploads\/2024\/05\/AdobeStock_670386562-scaled.jpeg","datePublished":"2023-11-13T11:39:31+00:00","dateModified":"2024-06-26T16:08:06+00:00","breadcrumb":{"@id":"https:\/\/www.neuillysurmarne.fr\/ville-aidante-alzheimer\/#breadcrumb"},"inLanguage":"ar","potentialAction":[{"@type":"ReadAction","target":["https:\/\/www.neuillysurmarne.fr\/ville-aidante-alzheimer\/"]}]},{"@type":"ImageObject","inLanguage":"ar","@id":"https:\/\/www.neuillysurmarne.fr\/ville-aidante-alzheimer\/#primaryimage","url":"https:\/\/www.neuillysurmarne.fr\/wp-content\/uploads\/2024\/05\/AdobeStock_670386562-scaled.jpeg","contentUrl":"https:\/\/www.neuillysurmarne.fr\/wp-content\/uploads\/2024\/05\/AdobeStock_670386562-scaled.jpeg","width":2560,"height":1138,"caption":"Parkinson disease patient, Alzheimer elderly senior, Arthritis person's hand in support of nursing family caregiver care for disability awareness day, National care givers month, aging society concept"},{"@type":"BreadcrumbList","@id":"https:\/\/www.neuillysurmarne.fr\/ville-aidante-alzheimer\/#breadcrumb","itemListElement":[{"@type":"ListItem","position":1,"name":"Accueil","item":"https:\/\/www.neuillysurmarne.fr\/"},{"@type":"ListItem","position":2,"name":"Ville Aidante Alzheimer"}]},{"@type":"WebSite","@id":"https:\/\/www.neuillysurmarne.fr\/es\/#website","url":"https:\/\/www.neuillysurmarne.fr\/es\/","name":"\u062f\u0627\u0631 \u0628\u0644\u062f\u064a\u0629 \u0646\u0648\u064a\u064a-\u0633\u0648\u0631-\u0645\u0627\u0631\u0646","description":"\u0628\u064a\u062a\u0627","publisher":{"@id":"https:\/\/www.neuillysurmarne.fr\/es\/#organization"},"potentialAction":[{"@type":"SearchAction","target":{"@type":"EntryPoint","urlTemplate":"https:\/\/www.neuillysurmarne.fr\/es\/?s={search_term_string}"},"query-input":{"@type":"PropertyValueSpecification","valueRequired":true,"valueName":"search_term_string"}}],"inLanguage":"ar"},{"@type":"Organization","@id":"https:\/\/www.neuillysurmarne.fr\/es\/#organization","name":"\u062f\u0627\u0631 \u0628\u0644\u062f\u064a\u0629 \u0646\u0648\u064a\u064a-\u0633\u0648\u0631-\u0645\u0627\u0631\u0646","url":"https:\/\/www.neuillysurmarne.fr\/es\/","logo":{"@type":"ImageObject","inLanguage":"ar","@id":"https:\/\/www.neuillysurmarne.fr\/es\/#\/schema\/logo\/image\/","url":"https:\/\/www.neuillysurmarne.fr\/wp-content\/uploads\/2023\/10\/LOGO-NeuillysurMarne-blanc.png","contentUrl":"https:\/\/www.neuillysurmarne.fr\/wp-content\/uploads\/2023\/10\/LOGO-NeuillysurMarne-blanc.png","width":3308,"height":2586,"caption":"Mairie de Neuilly-sur-Marne"},"image":{"@id":"https:\/\/www.neuillysurmarne.fr\/es\/#\/schema\/logo\/image\/"},"sameAs":["https:\/\/www.facebook.com\/ville.neuilly","https:\/\/www.instagram.com\/neuilly_marne\/","https:\/\/www.linkedin.com\/company\/ville-de-neuilly-sur-marne\/","https:\/\/www.youtube.com\/channel\/UCDdZ0TLrV8rfIqjBGvoeB5A","https:\/\/www.tiktok.com\/@villedeneuillysurmarne"]}]}},"_links":{"self":[{"href":"https:\/\/www.neuillysurmarne.fr\/ar\/wp-json\/wp\/v2\/pages\/602","targetHints":{"allow":["GET"]}}],"collection":[{"href":"https:\/\/www.neuillysurmarne.fr\/ar\/wp-json\/wp\/v2\/pages"}],"about":[{"href":"https:\/\/www.neuillysurmarne.fr\/ar\/wp-json\/wp\/v2\/types\/page"}],"author":[{"embeddable":true,"href":"https:\/\/www.neuillysurmarne.fr\/ar\/wp-json\/wp\/v2\/users\/1"}],"replies":[{"embeddable":true,"href":"https:\/\/www.neuillysurmarne.fr\/ar\/wp-json\/wp\/v2\/comments?post=602"}],"version-history":[{"count":15,"href":"https:\/\/www.neuillysurmarne.fr\/ar\/wp-json\/wp\/v2\/pages\/602\/revisions"}],"predecessor-version":[{"id":10832,"href":"https:\/\/www.neuillysurmarne.fr\/ar\/wp-json\/wp\/v2\/pages\/602\/revisions\/10832"}],"wp:featuredmedia":[{"embeddable":true,"href":"https:\/\/www.neuillysurmarne.fr\/ar\/wp-json\/wp\/v2\/media\/7210"}],"wp:attachment":[{"href":"https:\/\/www.neuillysurmarne.fr\/ar\/wp-json\/wp\/v2\/media?parent=602"}],"curies":[{"name":"wp","href":"https:\/\/api.w.org\/{rel}","templated":true}]}}