{"id":623,"date":"2023-11-13T12:47:00","date_gmt":"2023-11-13T11:47:00","guid":{"rendered":"https:\/\/www.neuillysurmarne.fr\/?page_id=623"},"modified":"2024-06-26T17:14:56","modified_gmt":"2024-06-26T15:14:56","slug":"gestion-des-dechets","status":"publish","type":"page","link":"https:\/\/www.neuillysurmarne.fr\/ar\/gestion-des-dechets\/","title":{"rendered":"\u0625\u062f\u0627\u0631\u0629 \u0627\u0644\u0646\u0641\u0627\u064a\u0627\u062a"},"content":{"rendered":"<div data-elementor-type=\"wp-page\" data-elementor-id=\"623\" class=\"elementor elementor-623\" data-elementor-post-type=\"page\">\n\t\t\t\t<div class=\"elementor-element elementor-element-48bfa728 e-flex e-con-boxed e-con e-parent\" data-id=\"48bfa728\" data-element_type=\"container\" data-e-type=\"container\">\n\t\t\t\t\t<div class=\"e-con-inner\">\n\t\t\t\t<div class=\"elementor-element elementor-element-d1cf9ea elementor-widget elementor-widget-text-editor\" data-id=\"d1cf9ea\" data-element_type=\"widget\" data-e-type=\"widget\" data-widget_type=\"text-editor.default\">\n\t\t\t\t<div class=\"elementor-widget-container\">\n\t\t\t\t\t\t\t\t\t<p>\u0625\u062d\u062f\u0649 \u0623\u0648\u0644\u0648\u064a\u0627\u062a <b>\u0627\u0644\u0628\u0644\u062f\u064a\u0629 <\/b>\u0647\u0648 \u062a\u0648\u0641\u064a\u0631 \u0628\u064a\u0626\u0629 \u0645\u0639\u064a\u0634\u064a\u0629 \u0645\u0631\u064a\u062d\u0629 \u0644\u0633\u0643\u0627\u0646 \u0646\u0648\u062a\u0634\u064a. \u0648\u0644\u0647\u0630\u0627 \u0627\u0644\u0633\u0628\u0628 \u0646\u062d\u0646 <b>\u062a\u0631\u0627\u0643\u0645 \u0627\u0644\u0646\u0641\u0627\u064a\u0627\u062a \u0639\u0644\u0649 \u0642\u0637\u0639 \u0627\u0644\u0623\u0631\u0627\u0636\u064a \u0627\u0644\u062e\u0627\u0635\u0629<\/b> \u064a\u062a\u0645 \u0627\u0644\u062a\u062d\u0643\u0645 \u0641\u064a\u0647\u0627 \u0644\u0623\u0646\u0647\u0627 \u064a\u0645\u0643\u0646 \u0623\u0646 \u062a\u0643\u0648\u0646 \u0645\u0635\u062f\u0631 \u0625\u0632\u0639\u0627\u062c \u0644\u0644\u062c\u064a\u0631\u0627\u0646. \u0648\u0628\u0635\u0631\u0641 \u0627\u0644\u0646\u0638\u0631 \u0639\u0646 \u0627\u0644\u062c\u0627\u0646\u0628 \u0627\u0644\u0628\u0635\u0631\u064a\u060c \u064a\u0645\u0643\u0646 \u0623\u0646 \u062a\u062c\u0630\u0628 \u0627\u0644\u0645\u0648\u0627\u062f \u0627\u0644\u0639\u0636\u0648\u064a\u0629 \u0627\u0644\u0641\u0626\u0631\u0627\u0646 \u0648\u0627\u0644\u0642\u0648\u0627\u0631\u0636 \u0627\u0644\u0623\u062e\u0631\u0649\u060c \u0648\u064a\u0645\u0643\u0646 \u0623\u0646 \u062a\u0644\u0648\u062b \u0627\u0644\u0645\u0644\u0648\u062b\u0627\u062a \u0627\u0644\u0628\u064a\u0626\u0629.<\/p>\t\t\t\t\t\t\t\t<\/div>\n\t\t\t\t<\/div>\n\t\t\t\t<div class=\"elementor-element elementor-element-34dd39d elementor-widget elementor-widget-text-editor\" data-id=\"34dd39d\" data-element_type=\"widget\" data-e-type=\"widget\" data-widget_type=\"text-editor.default\">\n\t\t\t\t<div class=\"elementor-widget-container\">\n\t\t\t\t\t\t\t\t\t<h2>\u0627\u0644\u0646\u0641\u0627\u064a\u0627\u062a \u0641\u064a \u0627\u0644\u0645\u0645\u062a\u0644\u0643\u0627\u062a \u0627\u0644\u062e\u0627\u0635\u0629<\/h2><p>\u0625\u0630\u0627 \u0643\u0627\u0646\u062a \u0627\u0644\u0646\u0641\u0627\u064a\u0627\u062a \u0641\u064a \u0645\u0644\u0643\u064a\u0629 \u062e\u0627\u0635\u0629\u060c \u0641\u0625\u0646 \u0627\u0644\u0645\u0641\u062a\u0634 \u0627\u0644\u0635\u062d\u064a \u0627\u0644\u062a\u0627\u0628\u0639 \u0644\u0640 <a href=\"mailto:habitat.gestionimmobiliere@neuillysurmarne.fr\">\u0642\u0633\u0645 \u0627\u0644\u0625\u0633\u0643\u0627\u0646 \u0648\u0625\u062f\u0627\u0631\u0629 \u0627\u0644\u0645\u0645\u062a\u0644\u0643\u0627\u062a<\/a>\u00a0\u0625\u062c\u0631\u0627\u0621 \u062a\u0641\u062a\u064a\u0634 \u0641\u064a \u0627\u0644\u0645\u0648\u0642\u0639.<\/p><p>\u0625\u0630\u0627 \u0643\u0627\u0646 \u0645\u0646 \u0627\u0644\u0645\u062d\u062a\u0645\u0644 \u0623\u0646 \u062a\u0624\u062b\u0631 \u0627\u0644\u0646\u0641\u0627\u064a\u0627\u062a \u0639\u0644\u0649 \u0635\u062d\u0629 \u0627\u0644\u062c\u064a\u0631\u0627\u0646 \u0623\u0648 \u0627\u0644\u0628\u064a\u0626\u0629 (\u0627\u0644\u0646\u0641\u0627\u064a\u0627\u062a \u0627\u0644\u062e\u0627\u0645\u0644\u0629 \u0644\u064a\u0633\u062a\u060c \u0628\u062d\u0643\u0645 \u062a\u0639\u0631\u064a\u0641\u0647\u0627\u060c \u0645\u0635\u062f\u0631 \u062e\u0637\u0631)\u060c \u064a\u062a\u0645 \u0625\u0628\u0644\u0627\u063a \u0645\u0627\u0644\u0643 \u0642\u0637\u0639\u0629 \u0627\u0644\u0623\u0631\u0636 \u0628\u0648\u062c\u0648\u062f \u0646\u0641\u0627\u064a\u0627\u062a \u0641\u064a \u0642\u0637\u0639\u0629 \u0627\u0644\u0623\u0631\u0636 \u0648\u064a\u062a\u0645 \u0625\u0639\u0637\u0627\u0624\u0647 \u0625\u0634\u0639\u0627\u0631\u064b\u0627 \u0631\u0633\u0645\u064a\u064b\u0627 \u0644\u0625\u0632\u0627\u0644\u062a\u0647\u0627 \u0648\u062a\u0646\u0638\u064a\u0641 \u0642\u0637\u0639\u0629 \u0627\u0644\u0623\u0631\u0636 \u0641\u064a \u063a\u0636\u0648\u0646 \u0634\u0647\u0631 \u0648\u0627\u062d\u062f\u060c \u0648\u0641\u0642\u064b\u0627 \u0644\u0644\u0645\u0627\u062f\u0629 L.541-3 \u0645\u0646 \u0642\u0627\u0646\u0648\u0646 \u0627\u0644\u0628\u064a\u0626\u0629.<\/p><p>\u0625\u0630\u0627 \u0644\u0645 \u064a\u0645\u062a\u062b\u0644 \u0645\u0627\u0644\u0643 \u0642\u0637\u0639\u0629 \u0627\u0644\u0623\u0631\u0636 \u0644\u0644\u0625\u062e\u0637\u0627\u0631 \u0627\u0644\u0631\u0633\u0645\u064a \u0639\u0646\u062f \u0627\u0646\u062a\u0647\u0627\u0621 \u0627\u0644\u0645\u0647\u0644\u0629 \u0627\u0644\u0645\u062d\u062f\u062f\u0629\u060c \u064a\u062c\u0648\u0632 \u0644\u0644\u0645\u062f\u064a\u0646\u0629 \u0625\u0632\u0627\u0644\u0629 \u0627\u0644\u0646\u0641\u0627\u064a\u0627\u062a \u0639\u0644\u0649 \u0646\u0641\u0642\u0629 \u0627\u0644\u0645\u0627\u0644\u0643.<\/p>\t\t\t\t\t\t\t\t<\/div>\n\t\t\t\t<\/div>\n\t\t<div class=\"elementor-element elementor-element-7a62b39 e-flex e-con-boxed e-con e-child\" data-id=\"7a62b39\" data-element_type=\"container\" data-e-type=\"container\">\n\t\t\t\t\t<div class=\"e-con-inner\">\n\t\t<div class=\"elementor-element elementor-element-d0995e3 e-flex e-con-boxed e-con e-child\" data-id=\"d0995e3\" data-element_type=\"container\" data-e-type=\"container\">\n\t\t\t\t\t<div class=\"e-con-inner\">\n\t\t<div class=\"elementor-element elementor-element-679aa38 e-grid e-con-boxed e-con e-child\" data-id=\"679aa38\" data-element_type=\"container\" data-e-type=\"container\">\n\t\t\t\t\t<div class=\"e-con-inner\">\n\t\t\t\t<div class=\"elementor-element elementor-element-6c4d914 elementor-widget elementor-widget-text-editor\" data-id=\"6c4d914\" data-element_type=\"widget\" data-e-type=\"widget\" data-widget_type=\"text-editor.default\">\n\t\t\t\t<div class=\"elementor-widget-container\">\n\t\t\t\t\t\t\t\t\t<div class=\"elementor-element elementor-element-c9b1b93 elementor-widget elementor-widget-text-editor\" data-id=\"c9b1b93\" data-element_type=\"widget\" data-widget_type=\"text-editor.default\"><div class=\"elementor-widget-container\"><h3 class=\"destinataire\"><strong>\u0627\u0644\u0646\u0638\u0627\u0641\u0629 \u0648\u0627\u0644\u0635\u062d\u0629<br \/><\/strong><\/h3><p>\u0633\u064a\u0631\u0641\u064a\u0633 \u0647\u0627\u0628\u064a\u062a\u0627\u062a \u062c\u064a\u0633\u062a\u064a\u0648\u0646 \u0625\u0645\u0648\u0628\u064a\u0644\u064a\u064a\u0631<br \/>\u0641\u0646\u062f\u0642 \u0641\u064a\u0644 \u062f\u064a \u0641\u064a\u0644 - \u0646\u0648\u064a\u064a \u0633\u0648\u0631 \u0645\u0627\u0631\u0646 BP40<\/p><div class=\"streetAddress\">\ud83d\udccd 1 \u0645\u0643\u0627\u0646 \u0641\u0631\u0627\u0646\u0633\u0648\u0627 \u0645\u064a\u062a\u0631\u0627\u0646 1 \u0645\u0643\u0627\u0646 \u0641\u0631\u0627\u0646\u0633\u0648\u0627 \u0645\u064a\u062a\u0631\u0627\u0646<br \/>93330 93330 \u0646\u0648\u064a\u064a-\u0633\u0648\u0631-\u0645\u0627\u0631\u0646<\/div><div>\u00a0<\/div><div class=\"streetAddress\">\ud83d\udce7\u00a0<a title=\"habitat.gestionimmobiliere@neuillysurmarne.fr\" role=\"link\" href=\"mailto:habitat.gestionimmobiliere@neuillysurmarne.fr\"><strong>habitat.gestionimmobiliere@neuillysurmarne.fr<\/strong><\/a><\/div><\/div><\/div>\t\t\t\t\t\t\t\t<\/div>\n\t\t\t\t<\/div>\n\t\t\t\t<div class=\"elementor-element elementor-element-44ac547 elementor-widget elementor-widget-google_maps\" data-id=\"44ac547\" data-element_type=\"widget\" data-e-type=\"widget\" data-widget_type=\"google_maps.default\">\n\t\t\t\t<div class=\"elementor-widget-container\">\n\t\t\t\t\t\t\t<div class=\"elementor-custom-embed\">\n\t\t\t<iframe loading=\"lazy\"\n\t\t\t\t\tsrc=\"https:\/\/maps.google.com\/maps?q=Mairie%20de%20Neuilly-sur-Marne%2C%2093330&#038;t=m&#038;z=17&#038;output=embed&#038;iwloc=near\"\n\t\t\t\t\ttitle=\"\u062f\u0627\u0631 \u0628\u0644\u062f\u064a\u0629 \u0646\u0648\u064a\u064a-\u0633\u0648\u0631-\u0645\u0627\u0631\u0646\u060c 93330\"\n\t\t\t\t\taria-label=\"\u062f\u0627\u0631 \u0628\u0644\u062f\u064a\u0629 \u0646\u0648\u064a\u064a-\u0633\u0648\u0631-\u0645\u0627\u0631\u0646\u060c 93330\"\n\t\t\t><\/iframe>\n\t\t<\/div>\n\t\t\t\t\t\t<\/div>\n\t\t\t\t<\/div>\n\t\t\t\t\t<\/div>\n\t\t\t\t<\/div>\n\t\t\t\t\t<\/div>\n\t\t\t\t<\/div>\n\t\t\t\t\t<\/div>\n\t\t\t\t<\/div>\n\t\t\t\t<div class=\"elementor-element elementor-element-6e30fd6 elementor-widget elementor-widget-text-editor\" data-id=\"6e30fd6\" data-element_type=\"widget\" data-e-type=\"widget\" data-widget_type=\"text-editor.default\">\n\t\t\t\t<div class=\"elementor-widget-container\">\n\t\t\t\t\t\t\t\t\t<h2>\u0627\u0644\u0646\u0641\u0627\u064a\u0627\u062a \u0641\u064a \u0627\u0644\u0623\u0645\u0627\u0643\u0646 \u0627\u0644\u0639\u0627\u0645\u0629<\/h2><p>\u0639\u0646\u062f\u0645\u0627 \u062a\u0643\u0648\u0646 \u0627\u0644\u0646\u0641\u0627\u064a\u0627\u062a \u0645\u0648\u062c\u0648\u062f\u0629 \u0641\u064a \u0627\u0644\u0623\u0645\u0627\u0643\u0646 \u0627\u0644\u0639\u0627\u0645\u0629\u060c \u0641\u0647\u064a\u00a0<strong>\u0633\u062d\u0628\u062a \u0645\u0646 \u0642\u0628\u0644 \u0645\u0632\u0648\u062f \u0627\u0644\u062e\u062f\u0645\u0629 \u0627\u0644\u062a\u0627\u0628\u0639 \u0644\u0628\u0644\u062f\u064a\u0629 \u0628\u0627\u0631\u064a\u0633 \u0627\u0644\u0643\u0628\u0631\u0649 (Communaut\u00e9 d'agglom\u00e9ration Grand Paris Grand Est)<\/strong>.<\/p><p>\u0644\u0630\u0644\u0643 \u0625\u0630\u0627 \u0644\u0627\u062d\u0638\u062a \u0623\u064a \u0642\u0645\u0627\u0645\u0629 \u0639\u0644\u0649 \u0627\u0644\u0637\u0631\u064a\u0642 \u0627\u0644\u0639\u0627\u0645\u060c \u064a\u0631\u062c\u0649 \u0627\u0644\u0627\u062a\u0635\u0627\u0644 \u0628\u0640 GPGE :<\/p>\t\t\t\t\t\t\t\t<\/div>\n\t\t\t\t<\/div>\n\t\t<div class=\"elementor-element elementor-element-8b10a36 e-flex e-con-boxed e-con e-child\" data-id=\"8b10a36\" data-element_type=\"container\" data-e-type=\"container\">\n\t\t\t\t\t<div class=\"e-con-inner\">\n\t\t<div class=\"elementor-element elementor-element-702920a e-flex e-con-boxed e-con e-child\" data-id=\"702920a\" data-element_type=\"container\" data-e-type=\"container\">\n\t\t\t\t\t<div class=\"e-con-inner\">\n\t\t<div class=\"elementor-element elementor-element-e6cdf60 e-flex e-con-boxed e-con e-child\" data-id=\"e6cdf60\" data-element_type=\"container\" data-e-type=\"container\">\n\t\t\t\t\t<div class=\"e-con-inner\">\n\t\t<div class=\"elementor-element elementor-element-51c8408 e-grid e-con-boxed e-con e-child\" data-id=\"51c8408\" data-element_type=\"container\" data-e-type=\"container\">\n\t\t\t\t\t<div class=\"e-con-inner\">\n\t\t\t\t<div class=\"elementor-element elementor-element-64fbd40 elementor-widget elementor-widget-text-editor\" data-id=\"64fbd40\" data-element_type=\"widget\" data-e-type=\"widget\" data-widget_type=\"text-editor.default\">\n\t\t\t\t<div class=\"elementor-widget-container\">\n\t\t\t\t\t\t\t\t\t<div class=\"elementor-element elementor-element-c9b1b93 elementor-widget elementor-widget-text-editor\" data-id=\"c9b1b93\" data-element_type=\"widget\" data-widget_type=\"text-editor.default\"><div class=\"elementor-widget-container\"><h3 class=\"destinataire\"><strong>\u0628\u0627\u0631\u064a\u0633 \u0627\u0644\u0643\u0628\u0631\u0649 \u0628\u0627\u0631\u064a\u0633 \u0627\u0644\u0643\u0628\u0631\u0649 \u0627\u0644\u0634\u0631\u0642\u064a\u0629 \u0627\u0644\u0643\u0628\u0631\u0649<br \/><\/strong><\/h3><div class=\"streetAddress\">\ud83d\udccd 11 \u0634\u0627\u0631\u0639 11 \u062f\u0648 \u0645\u0648\u0646\u062a \u062f\u064a\u0633\u062a<br \/>93160 \u0646\u0648\u064a\u0632\u064a \u0644\u0648 \u062c\u0631\u0627\u0646\u062f<\/div><div>\u00a0<\/div><\/div><div>\ud83d\udcde 08 00 50 49 36<\/div><\/div><div>\u0645\u0646 \u0627\u0644\u0627\u062b\u0646\u064a\u0646 \u0625\u0644\u0649 \u0627\u0644\u062c\u0645\u0639\u0629: 9 \u0635\u0628\u0627\u062d\u0627\u064b - 5 \u0645\u0633\u0627\u0621\u064b<\/div>\t\t\t\t\t\t\t\t<\/div>\n\t\t\t\t<\/div>\n\t\t\t\t<div class=\"elementor-element elementor-element-7b7ecee elementor-widget elementor-widget-google_maps\" data-id=\"7b7ecee\" data-element_type=\"widget\" data-e-type=\"widget\" data-widget_type=\"google_maps.default\">\n\t\t\t\t<div class=\"elementor-widget-container\">\n\t\t\t\t\t\t\t<div class=\"elementor-custom-embed\">\n\t\t\t<iframe loading=\"lazy\"\n\t\t\t\t\tsrc=\"https:\/\/maps.google.com\/maps?q=11%20boulevard%20du%20Mont%20d%27Est%2C%2093160&#038;t=m&#038;z=17&#038;output=embed&#038;iwloc=near\"\n\t\t\t\t\ttitle=\"11 boulevard du Mont d&#039;Est, 93160\"\n\t\t\t\t\taria-label=\"11 boulevard du Mont d&#039;Est, 93160\"\n\t\t\t><\/iframe>\n\t\t<\/div>\n\t\t\t\t\t\t<\/div>\n\t\t\t\t<\/div>\n\t\t\t\t\t<\/div>\n\t\t\t\t<\/div>\n\t\t\t\t\t<\/div>\n\t\t\t\t<\/div>\n\t\t\t\t\t<\/div>\n\t\t\t\t<\/div>\n\t\t\t\t\t<\/div>\n\t\t\t\t<\/div>\n\t\t\t\t\t<\/div>\n\t\t\t\t<\/div>\n\t\t\t\t<\/div>","protected":false},"excerpt":{"rendered":"<p>Une des priorit\u00e9s de la Municipalit\u00e9 est d\u2019offrir aux Noc\u00e9ens un cadre de vie accueillant. C\u2019est pourquoi l\u2019accumulation de d\u00e9chets sur les parcelles priv\u00e9es est contr\u00f4l\u00e9e car elle peut \u00eatre source de nuisances pour le voisinage. Outre l\u2019aspect visuel, les mati\u00e8res organiques peuvent attirer les rats et autres rongeurs, et les substances polluantes peuvent contaminer [&hellip;]<\/p>\n","protected":false},"author":1,"featured_media":7888,"parent":0,"menu_order":0,"comment_status":"closed","ping_status":"closed","template":"","meta":{"_acf_changed":false,"footnotes":""},"class_list":["post-623","page","type-page","status-publish","has-post-thumbnail","hentry"],"acf":[],"yoast_head":"<!-- This site is optimized with the Yoast SEO plugin v27.5 - https:\/\/yoast.com\/product\/yoast-seo-wordpress\/ -->\n<title>Gestion des d\u00e9chets - Mairie de Neuilly-sur-Marne<\/title>\n<meta name=\"robots\" content=\"index, follow, max-snippet:-1, max-image-preview:large, max-video-preview:-1\" \/>\n<link rel=\"canonical\" href=\"https:\/\/www.neuillysurmarne.fr\/ar\/gestion-des-dechets\/\" \/>\n<meta property=\"og:locale\" content=\"ar_AR\" \/>\n<meta property=\"og:type\" content=\"article\" \/>\n<meta property=\"og:title\" content=\"Gestion des d\u00e9chets - Mairie de Neuilly-sur-Marne\" \/>\n<meta property=\"og:description\" content=\"Une des priorit\u00e9s de la Municipalit\u00e9 est d\u2019offrir aux Noc\u00e9ens un cadre de vie accueillant. C\u2019est pourquoi l\u2019accumulation de d\u00e9chets sur les parcelles priv\u00e9es est contr\u00f4l\u00e9e car elle peut \u00eatre source de nuisances pour le voisinage. Outre l\u2019aspect visuel, les mati\u00e8res organiques peuvent attirer les rats et autres rongeurs, et les substances polluantes peuvent contaminer [&hellip;]\" \/>\n<meta property=\"og:url\" content=\"https:\/\/www.neuillysurmarne.fr\/ar\/gestion-des-dechets\/\" \/>\n<meta property=\"og:site_name\" content=\"Mairie de Neuilly-sur-Marne\" \/>\n<meta property=\"article:publisher\" content=\"https:\/\/www.facebook.com\/ville.neuilly\" \/>\n<meta property=\"article:modified_time\" content=\"2024-06-26T15:14:56+00:00\" \/>\n<meta property=\"og:image\" content=\"https:\/\/www.neuillysurmarne.fr\/wp-content\/uploads\/2024\/06\/AdobeStock_708090805-scaled.jpeg\" \/>\n\t<meta property=\"og:image:width\" content=\"2560\" \/>\n\t<meta property=\"og:image:height\" content=\"1435\" \/>\n\t<meta property=\"og:image:type\" content=\"image\/jpeg\" \/>\n<meta name=\"twitter:card\" content=\"summary_large_image\" \/>\n<meta name=\"twitter:label1\" content=\"\u0648\u0642\u062a \u0627\u0644\u0642\u0631\u0627\u0621\u0629 \u0627\u0644\u0645\u064f\u0642\u062f\u0651\u0631\" \/>\n\t<meta name=\"twitter:data1\" content=\"\u062f\u0642\u064a\u0642\u062a\u0627\u0646\" \/>\n<script type=\"application\/ld+json\" class=\"yoast-schema-graph\">{\"@context\":\"https:\\\/\\\/schema.org\",\"@graph\":[{\"@type\":\"WebPage\",\"@id\":\"https:\\\/\\\/www.neuillysurmarne.fr\\\/gestion-des-dechets\\\/\",\"url\":\"https:\\\/\\\/www.neuillysurmarne.fr\\\/gestion-des-dechets\\\/\",\"name\":\"Gestion des d\u00e9chets - Mairie de Neuilly-sur-Marne\",\"isPartOf\":{\"@id\":\"https:\\\/\\\/www.neuillysurmarne.fr\\\/es\\\/#website\"},\"primaryImageOfPage\":{\"@id\":\"https:\\\/\\\/www.neuillysurmarne.fr\\\/gestion-des-dechets\\\/#primaryimage\"},\"image\":{\"@id\":\"https:\\\/\\\/www.neuillysurmarne.fr\\\/gestion-des-dechets\\\/#primaryimage\"},\"thumbnailUrl\":\"https:\\\/\\\/www.neuillysurmarne.fr\\\/wp-content\\\/uploads\\\/2024\\\/06\\\/AdobeStock_708090805-scaled.jpeg\",\"datePublished\":\"2023-11-13T11:47:00+00:00\",\"dateModified\":\"2024-06-26T15:14:56+00:00\",\"breadcrumb\":{\"@id\":\"https:\\\/\\\/www.neuillysurmarne.fr\\\/gestion-des-dechets\\\/#breadcrumb\"},\"inLanguage\":\"ar\",\"potentialAction\":[{\"@type\":\"ReadAction\",\"target\":[\"https:\\\/\\\/www.neuillysurmarne.fr\\\/gestion-des-dechets\\\/\"]}]},{\"@type\":\"ImageObject\",\"inLanguage\":\"ar\",\"@id\":\"https:\\\/\\\/www.neuillysurmarne.fr\\\/gestion-des-dechets\\\/#primaryimage\",\"url\":\"https:\\\/\\\/www.neuillysurmarne.fr\\\/wp-content\\\/uploads\\\/2024\\\/06\\\/AdobeStock_708090805-scaled.jpeg\",\"contentUrl\":\"https:\\\/\\\/www.neuillysurmarne.fr\\\/wp-content\\\/uploads\\\/2024\\\/06\\\/AdobeStock_708090805-scaled.jpeg\",\"width\":2560,\"height\":1435},{\"@type\":\"BreadcrumbList\",\"@id\":\"https:\\\/\\\/www.neuillysurmarne.fr\\\/gestion-des-dechets\\\/#breadcrumb\",\"itemListElement\":[{\"@type\":\"ListItem\",\"position\":1,\"name\":\"Accueil\",\"item\":\"https:\\\/\\\/www.neuillysurmarne.fr\\\/\"},{\"@type\":\"ListItem\",\"position\":2,\"name\":\"Gestion des d\u00e9chets\"}]},{\"@type\":\"WebSite\",\"@id\":\"https:\\\/\\\/www.neuillysurmarne.fr\\\/es\\\/#website\",\"url\":\"https:\\\/\\\/www.neuillysurmarne.fr\\\/es\\\/\",\"name\":\"Mairie de Neuilly-sur-Marne\",\"description\":\"BETA\",\"publisher\":{\"@id\":\"https:\\\/\\\/www.neuillysurmarne.fr\\\/es\\\/#organization\"},\"potentialAction\":[{\"@type\":\"SearchAction\",\"target\":{\"@type\":\"EntryPoint\",\"urlTemplate\":\"https:\\\/\\\/www.neuillysurmarne.fr\\\/es\\\/?s={search_term_string}\"},\"query-input\":{\"@type\":\"PropertyValueSpecification\",\"valueRequired\":true,\"valueName\":\"search_term_string\"}}],\"inLanguage\":\"ar\"},{\"@type\":\"Organization\",\"@id\":\"https:\\\/\\\/www.neuillysurmarne.fr\\\/es\\\/#organization\",\"name\":\"Mairie de Neuilly-sur-Marne\",\"url\":\"https:\\\/\\\/www.neuillysurmarne.fr\\\/es\\\/\",\"logo\":{\"@type\":\"ImageObject\",\"inLanguage\":\"ar\",\"@id\":\"https:\\\/\\\/www.neuillysurmarne.fr\\\/es\\\/#\\\/schema\\\/logo\\\/image\\\/\",\"url\":\"https:\\\/\\\/www.neuillysurmarne.fr\\\/wp-content\\\/uploads\\\/2023\\\/10\\\/LOGO-NeuillysurMarne-blanc.png\",\"contentUrl\":\"https:\\\/\\\/www.neuillysurmarne.fr\\\/wp-content\\\/uploads\\\/2023\\\/10\\\/LOGO-NeuillysurMarne-blanc.png\",\"width\":3308,\"height\":2586,\"caption\":\"Mairie de Neuilly-sur-Marne\"},\"image\":{\"@id\":\"https:\\\/\\\/www.neuillysurmarne.fr\\\/es\\\/#\\\/schema\\\/logo\\\/image\\\/\"},\"sameAs\":[\"https:\\\/\\\/www.facebook.com\\\/ville.neuilly\",\"https:\\\/\\\/www.instagram.com\\\/neuilly_marne\\\/\",\"https:\\\/\\\/www.linkedin.com\\\/company\\\/ville-de-neuilly-sur-marne\\\/\",\"https:\\\/\\\/www.youtube.com\\\/channel\\\/UCDdZ0TLrV8rfIqjBGvoeB5A\",\"https:\\\/\\\/www.tiktok.com\\\/@villedeneuillysurmarne\"]}]}<\/script>\n<!-- \/ Yoast SEO plugin. -->","yoast_head_json":{"title":"Gestion des d\u00e9chets - Mairie de Neuilly-sur-Marne","robots":{"index":"index","follow":"follow","max-snippet":"max-snippet:-1","max-image-preview":"max-image-preview:large","max-video-preview":"max-video-preview:-1"},"canonical":"https:\/\/www.neuillysurmarne.fr\/ar\/gestion-des-dechets\/","og_locale":"ar_AR","og_type":"article","og_title":"Gestion des d\u00e9chets - Mairie de Neuilly-sur-Marne","og_description":"Une des priorit\u00e9s de la Municipalit\u00e9 est d\u2019offrir aux Noc\u00e9ens un cadre de vie accueillant. C\u2019est pourquoi l\u2019accumulation de d\u00e9chets sur les parcelles priv\u00e9es est contr\u00f4l\u00e9e car elle peut \u00eatre source de nuisances pour le voisinage. Outre l\u2019aspect visuel, les mati\u00e8res organiques peuvent attirer les rats et autres rongeurs, et les substances polluantes peuvent contaminer [&hellip;]","og_url":"https:\/\/www.neuillysurmarne.fr\/ar\/gestion-des-dechets\/","og_site_name":"Mairie de Neuilly-sur-Marne","article_publisher":"https:\/\/www.facebook.com\/ville.neuilly","article_modified_time":"2024-06-26T15:14:56+00:00","og_image":[{"width":2560,"height":1435,"url":"https:\/\/www.neuillysurmarne.fr\/wp-content\/uploads\/2024\/06\/AdobeStock_708090805-scaled.jpeg","type":"image\/jpeg"}],"twitter_card":"summary_large_image","twitter_misc":{"\u0648\u0642\u062a \u0627\u0644\u0642\u0631\u0627\u0621\u0629 \u0627\u0644\u0645\u064f\u0642\u062f\u0651\u0631":"\u062f\u0642\u064a\u0642\u062a\u0627\u0646"},"schema":{"@context":"https:\/\/schema.org","@graph":[{"@type":"WebPage","@id":"https:\/\/www.neuillysurmarne.fr\/gestion-des-dechets\/","url":"https:\/\/www.neuillysurmarne.fr\/gestion-des-dechets\/","name":"Gestion des d\u00e9chets - Mairie de Neuilly-sur-Marne","isPartOf":{"@id":"https:\/\/www.neuillysurmarne.fr\/es\/#website"},"primaryImageOfPage":{"@id":"https:\/\/www.neuillysurmarne.fr\/gestion-des-dechets\/#primaryimage"},"image":{"@id":"https:\/\/www.neuillysurmarne.fr\/gestion-des-dechets\/#primaryimage"},"thumbnailUrl":"https:\/\/www.neuillysurmarne.fr\/wp-content\/uploads\/2024\/06\/AdobeStock_708090805-scaled.jpeg","datePublished":"2023-11-13T11:47:00+00:00","dateModified":"2024-06-26T15:14:56+00:00","breadcrumb":{"@id":"https:\/\/www.neuillysurmarne.fr\/gestion-des-dechets\/#breadcrumb"},"inLanguage":"ar","potentialAction":[{"@type":"ReadAction","target":["https:\/\/www.neuillysurmarne.fr\/gestion-des-dechets\/"]}]},{"@type":"ImageObject","inLanguage":"ar","@id":"https:\/\/www.neuillysurmarne.fr\/gestion-des-dechets\/#primaryimage","url":"https:\/\/www.neuillysurmarne.fr\/wp-content\/uploads\/2024\/06\/AdobeStock_708090805-scaled.jpeg","contentUrl":"https:\/\/www.neuillysurmarne.fr\/wp-content\/uploads\/2024\/06\/AdobeStock_708090805-scaled.jpeg","width":2560,"height":1435},{"@type":"BreadcrumbList","@id":"https:\/\/www.neuillysurmarne.fr\/gestion-des-dechets\/#breadcrumb","itemListElement":[{"@type":"ListItem","position":1,"name":"Accueil","item":"https:\/\/www.neuillysurmarne.fr\/"},{"@type":"ListItem","position":2,"name":"Gestion des d\u00e9chets"}]},{"@type":"WebSite","@id":"https:\/\/www.neuillysurmarne.fr\/es\/#website","url":"https:\/\/www.neuillysurmarne.fr\/es\/","name":"\u062f\u0627\u0631 \u0628\u0644\u062f\u064a\u0629 \u0646\u0648\u064a\u064a-\u0633\u0648\u0631-\u0645\u0627\u0631\u0646","description":"\u0628\u064a\u062a\u0627","publisher":{"@id":"https:\/\/www.neuillysurmarne.fr\/es\/#organization"},"potentialAction":[{"@type":"SearchAction","target":{"@type":"EntryPoint","urlTemplate":"https:\/\/www.neuillysurmarne.fr\/es\/?s={search_term_string}"},"query-input":{"@type":"PropertyValueSpecification","valueRequired":true,"valueName":"search_term_string"}}],"inLanguage":"ar"},{"@type":"Organization","@id":"https:\/\/www.neuillysurmarne.fr\/es\/#organization","name":"\u062f\u0627\u0631 \u0628\u0644\u062f\u064a\u0629 \u0646\u0648\u064a\u064a-\u0633\u0648\u0631-\u0645\u0627\u0631\u0646","url":"https:\/\/www.neuillysurmarne.fr\/es\/","logo":{"@type":"ImageObject","inLanguage":"ar","@id":"https:\/\/www.neuillysurmarne.fr\/es\/#\/schema\/logo\/image\/","url":"https:\/\/www.neuillysurmarne.fr\/wp-content\/uploads\/2023\/10\/LOGO-NeuillysurMarne-blanc.png","contentUrl":"https:\/\/www.neuillysurmarne.fr\/wp-content\/uploads\/2023\/10\/LOGO-NeuillysurMarne-blanc.png","width":3308,"height":2586,"caption":"Mairie de Neuilly-sur-Marne"},"image":{"@id":"https:\/\/www.neuillysurmarne.fr\/es\/#\/schema\/logo\/image\/"},"sameAs":["https:\/\/www.facebook.com\/ville.neuilly","https:\/\/www.instagram.com\/neuilly_marne\/","https:\/\/www.linkedin.com\/company\/ville-de-neuilly-sur-marne\/","https:\/\/www.youtube.com\/channel\/UCDdZ0TLrV8rfIqjBGvoeB5A","https:\/\/www.tiktok.com\/@villedeneuillysurmarne"]}]}},"_links":{"self":[{"href":"https:\/\/www.neuillysurmarne.fr\/ar\/wp-json\/wp\/v2\/pages\/623","targetHints":{"allow":["GET"]}}],"collection":[{"href":"https:\/\/www.neuillysurmarne.fr\/ar\/wp-json\/wp\/v2\/pages"}],"about":[{"href":"https:\/\/www.neuillysurmarne.fr\/ar\/wp-json\/wp\/v2\/types\/page"}],"author":[{"embeddable":true,"href":"https:\/\/www.neuillysurmarne.fr\/ar\/wp-json\/wp\/v2\/users\/1"}],"replies":[{"embeddable":true,"href":"https:\/\/www.neuillysurmarne.fr\/ar\/wp-json\/wp\/v2\/comments?post=623"}],"version-history":[{"count":18,"href":"https:\/\/www.neuillysurmarne.fr\/ar\/wp-json\/wp\/v2\/pages\/623\/revisions"}],"predecessor-version":[{"id":10688,"href":"https:\/\/www.neuillysurmarne.fr\/ar\/wp-json\/wp\/v2\/pages\/623\/revisions\/10688"}],"wp:featuredmedia":[{"embeddable":true,"href":"https:\/\/www.neuillysurmarne.fr\/ar\/wp-json\/wp\/v2\/media\/7888"}],"wp:attachment":[{"href":"https:\/\/www.neuillysurmarne.fr\/ar\/wp-json\/wp\/v2\/media?parent=623"}],"curies":[{"name":"wp","href":"https:\/\/api.w.org\/{rel}","templated":true}]}}