{"id":655,"date":"2023-11-13T13:00:08","date_gmt":"2023-11-13T12:00:08","guid":{"rendered":"https:\/\/www.neuillysurmarne.fr\/?page_id=655"},"modified":"2025-06-03T12:37:07","modified_gmt":"2025-06-03T10:37:07","slug":"conservatoire","status":"publish","type":"page","link":"https:\/\/www.neuillysurmarne.fr\/ar\/conservatoire\/","title":{"rendered":"\u0627\u0644\u0645\u0639\u0647\u062f \u0627\u0644\u0645\u0648\u0633\u064a\u0642\u064a"},"content":{"rendered":"<div data-elementor-type=\"wp-page\" data-elementor-id=\"655\" class=\"elementor elementor-655\" data-elementor-post-type=\"page\">\n\t\t\t\t<div class=\"elementor-element elementor-element-46f101fa e-flex e-con-boxed e-con e-parent\" data-id=\"46f101fa\" data-element_type=\"container\" data-e-type=\"container\">\n\t\t\t\t\t<div class=\"e-con-inner\">\n\t\t<div class=\"elementor-element elementor-element-c8843b0 e-flex e-con-boxed e-con e-child\" data-id=\"c8843b0\" data-element_type=\"container\" data-e-type=\"container\">\n\t\t\t\t\t<div class=\"e-con-inner\">\n\t\t\t\t<div class=\"elementor-element elementor-element-7b5b8d3 elementor-widget elementor-widget-text-editor\" data-id=\"7b5b8d3\" data-element_type=\"widget\" data-e-type=\"widget\" data-widget_type=\"text-editor.default\">\n\t\t\t\t<div class=\"elementor-widget-container\">\n\t\t\t\t\t\t\t\t\t<p>\u27a1\ufe0f <strong><a href=\"https:\/\/www.neuillysurmarne.fr\/wp-content\/uploads\/2024\/11\/Reglement-Interieur-conservatoire-2024-2025.pdf\">\u0627\u0644\u0642\u0648\u0627\u0639\u062f \u0627\u0644\u0625\u062c\u0631\u0627\u0626\u064a\u0629<\/a><br \/>\u27a1\ufe0f <a href=\"https:\/\/www.neuillysurmarne.fr\/wp-content\/uploads\/2025\/06\/Dossier-conservatoire-2025-2026-version-defititive.pdf\">Dossier d&rsquo;inscription 2025\/2026<\/a><br \/>\u27a1\ufe0f <a href=\"https:\/\/www.neuillysurmarne.fr\/wp-content\/uploads\/2025\/06\/plaquette-CM-2025_2026.pdf\">\u0627\u0644\u0623\u0633\u0639\u0627\u0631 \u0648\u062f\u0644\u064a\u0644 \u0627\u0644\u0623\u0646\u0634\u0637\u0629<\/a><br \/><\/strong><\/p>\t\t\t\t\t\t\t\t<\/div>\n\t\t\t\t<\/div>\n\t\t\t\t<div class=\"elementor-element elementor-element-6bf3680 elementor--h-position-center elementor--v-position-middle elementor-arrows-position-inside elementor-pagination-position-inside elementor-widget elementor-widget-slides\" data-id=\"6bf3680\" data-element_type=\"widget\" data-e-type=\"widget\" data-settings=\"{&quot;transition_speed&quot;:498,&quot;navigation&quot;:&quot;both&quot;,&quot;autoplay&quot;:&quot;yes&quot;,&quot;pause_on_hover&quot;:&quot;yes&quot;,&quot;pause_on_interaction&quot;:&quot;yes&quot;,&quot;autoplay_speed&quot;:5000,&quot;infinite&quot;:&quot;yes&quot;,&quot;transition&quot;:&quot;slide&quot;}\" data-widget_type=\"slides.default\">\n\t\t\t\t<div class=\"elementor-widget-container\">\n\t\t\t\t\t\t\t\t\t<div class=\"elementor-swiper\">\n\t\t\t\t\t<div class=\"elementor-slides-wrapper elementor-main-swiper swiper\" role=\"region\" aria-roledescription=\"carousel\" aria-label=\"Diapositives\" dir=\"ltr\" data-animation=\"fadeInUp\">\n\t\t\t\t<div class=\"swiper-wrapper elementor-slides\">\n\t\t\t\t\t\t\t\t\t\t<div class=\"elementor-repeater-item-d3f02b2 swiper-slide\" role=\"group\" aria-roledescription=\"slide\"><div class=\"swiper-slide-bg elementor-ken-burns elementor-ken-burns--in\" role=\"img\" aria-label=\"nsm-14-juin-bd-603\"><\/div><div class=\"elementor-background-overlay\"><\/div><a class=\"swiper-slide-inner\" href=\"https:\/\/www.neuillysurmarne.fr\/ar\/conservatoire-departement-danse\/\"><div class=\"swiper-slide-contents\"><div class=\"elementor-slide-heading\">\u0642\u0633\u0645 \u0627\u0644\u0631\u0642\u0635<\/div><div class=\"elementor-slide-description\">\u0627\u0639\u0631\u0641 \u0627\u0644\u0645\u0632\u064a\u062f \u0639\u0646 \u0627\u0644\u0645\u0648\u0627\u062f \u0627\u0644\u062a\u064a \u064a\u062a\u0645 \u062a\u062f\u0631\u064a\u0633\u0647\u0627\u060c \u0648\u0627\u0644\u062c\u062f\u0627\u0648\u0644 \u0627\u0644\u0632\u0645\u0646\u064a\u0629\u060c \u0648\u0627\u0644\u0623\u0633\u0639\u0627\u0631\u060c \u0648\u0631\u0633\u0648\u0645 \u0627\u0644\u062a\u0633\u062c\u064a\u0644\u060c \u0648\u0645\u0627 \u0625\u0644\u0649 \u0630\u0644\u0643.<\/div><div  class=\"elementor-button elementor-slide-button elementor-size-sm\">\u0627\u0646\u0642\u0631 \u0647\u0646\u0627<\/div><\/div><\/a><\/div><div class=\"elementor-repeater-item-6e16d83 swiper-slide\" role=\"group\" aria-roledescription=\"slide\"><div class=\"swiper-slide-bg elementor-ken-burns elementor-ken-burns--in\" role=\"img\" aria-label=\"nsm-14-juin-bd-405\"><\/div><div class=\"elementor-background-overlay\"><\/div><a class=\"swiper-slide-inner\" href=\"https:\/\/www.neuillysurmarne.fr\/ar\/conservatoire-departement-musique\/\"><div class=\"swiper-slide-contents\"><div class=\"elementor-slide-heading\">\u0642\u0633\u0645 \u0627\u0644\u0645\u0648\u0633\u064a\u0642\u0649<\/div><div class=\"elementor-slide-description\">\u0644\u0645\u0639\u0631\u0641\u0629 \u0627\u0644\u0645\u0632\u064a\u062f \u0639\u0646 \u062a\u062e\u0635\u0635\u0627\u062a \u0627\u0644\u0622\u0644\u0627\u062a\u060c \u0648\u0627\u0644\u062c\u062f\u0627\u0648\u0644 \u0627\u0644\u0632\u0645\u0646\u064a\u0629\u060c \u0648\u0627\u0644\u0623\u0633\u0639\u0627\u0631\u060c \u0648\u0631\u0633\u0648\u0645 \u0627\u0644\u062a\u0633\u062c\u064a\u0644...<\/div><div  class=\"elementor-button elementor-slide-button elementor-size-sm\">\u0627\u0646\u0642\u0631 \u0647\u0646\u0627<\/div><\/div><\/a><\/div>\t\t\t\t<\/div>\n\t\t\t\t\t\t\t\t\t\t\t\t\t\t\t<div class=\"elementor-swiper-button elementor-swiper-button-prev\" role=\"button\" tabindex=\"0\" aria-label=\"Diapositive pr\u00e9c\u00e9dente\">\n\t\t\t\t\t\t\t<svg aria-hidden=\"true\" class=\"e-font-icon-svg e-eicon-chevron-left\" viewbox=\"0 0 1000 1000\" xmlns=\"http:\/\/www.w3.org\/2000\/svg\"><path d=\"M646 125C629 125 613 133 604 142L308 442C296 454 292 471 292 487 292 504 296 521 308 533L604 854C617 867 629 875 646 875 663 875 679 871 692 858 704 846 713 829 713 812 713 796 708 779 692 767L438 487 692 225C700 217 708 204 708 187 708 171 704 154 692 142 675 129 663 125 646 125Z\"><\/path><\/svg>\t\t\t\t\t\t<\/div>\n\t\t\t\t\t\t<div class=\"elementor-swiper-button elementor-swiper-button-next\" role=\"button\" tabindex=\"0\" aria-label=\"Diapositive suivante\">\n\t\t\t\t\t\t\t<svg aria-hidden=\"true\" class=\"e-font-icon-svg e-eicon-chevron-right\" viewbox=\"0 0 1000 1000\" xmlns=\"http:\/\/www.w3.org\/2000\/svg\"><path d=\"M696 533C708 521 713 504 713 487 713 471 708 454 696 446L400 146C388 133 375 125 354 125 338 125 325 129 313 142 300 154 292 171 292 187 292 204 296 221 308 233L563 492 304 771C292 783 288 800 288 817 288 833 296 850 308 863 321 871 338 875 354 875 371 875 388 867 400 854L696 533Z\"><\/path><\/svg>\t\t\t\t\t\t<\/div>\n\t\t\t\t\t\t\t\t\t\t\t\t\t\t\t\t<div class=\"swiper-pagination\"><\/div>\n\t\t\t\t\t\t\t\t\t\t\t\t<\/div>\n\t\t\t\t<\/div>\n\t\t\t\t\t\t\t\t<\/div>\n\t\t\t\t<\/div>\n\t\t\t\t\t<\/div>\n\t\t\t\t<\/div>\n\t\t\t\t\t<\/div>\n\t\t\t\t<\/div>\n\t\t<div class=\"elementor-element elementor-element-096b9cc e-flex e-con-boxed e-con e-parent\" data-id=\"096b9cc\" data-element_type=\"container\" data-e-type=\"container\">\n\t\t\t\t\t<div class=\"e-con-inner\">\n\t\t<div class=\"elementor-element elementor-element-0b08ae6 e-grid e-con-boxed e-con e-child\" data-id=\"0b08ae6\" data-element_type=\"container\" data-e-type=\"container\">\n\t\t\t\t\t<div class=\"e-con-inner\">\n\t\t\t\t<div class=\"elementor-element elementor-element-23aa8c3 elementor-widget elementor-widget-text-editor\" data-id=\"23aa8c3\" data-element_type=\"widget\" data-e-type=\"widget\" data-widget_type=\"text-editor.default\">\n\t\t\t\t<div class=\"elementor-widget-container\">\n\t\t\t\t\t\t\t\t\t<h3 class=\"destinataire\"><strong>\u0643\u0648\u0646\u0633\u0631\u0641\u062a\u0648\u0627\u0631 \u0627\u0644\u0628\u0644\u062f\u064a\u0629<br \/><\/strong><\/h3><div class=\"streetAddress\">\ud83d\udccd 39 avenue du G\u00e9n\u00e9ral de Gaulle 39<br \/>93330 93330 \u0646\u0648\u064a\u064a-\u0633\u0648\u0631-\u0645\u0627\u0631\u0646<\/div><div>\u00a0<\/div><div class=\"streetAddress\"><span class=\"telephone\">\ud83d\udcde 01 43 08 41 89<br \/><\/span><\/div><div>\u00a0<\/div><div class=\"streetAddress\"><a class=\"email\" title=\"ce.0931512n@ac-creteil.fr\" href=\"mailto:conservatoire@neuillysurmarne.fr\">\ud83d\udce7<strong> conservatoire@neuillysurmarne.fr<\/strong><\/a><\/div><div>\u00a0<\/div><div>\u0623\u0648\u0642\u0627\u062a \u0627\u0644\u0639\u0645\u0644 :<\/div><ul><li>\u0627\u0644\u0625\u062b\u0646\u064a\u0646 \u0648\u0627\u0644\u062b\u0644\u0627\u062b\u0627\u0621 \u0648\u0627\u0644\u062e\u0645\u064a\u0633 \u0648\u0627\u0644\u062c\u0645\u0639\u0629: 3 \u0639\u0635\u0631\u0627\u064b \u0625\u0644\u0649 7 \u0645\u0633\u0627\u0621\u064b<\/li><li>\u0627\u0644\u0623\u0631\u0628\u0639\u0627\u0621: 10 \u0635\u0628\u0627\u062d\u0627\u064b - 12 \u0638\u0647\u0631\u0627\u064b \u06482 \u0638\u0647\u0631\u0627\u064b - 7 \u0645\u0633\u0627\u0621\u064b<\/li><li>\u0627\u0644\u0633\u0628\u062a: 9 \u0635\u0628\u0627\u062d\u0627\u064b - 12 \u0638\u0647\u0631\u0627\u064b<\/li><li>\u0645\u063a\u0644\u0642 \u062e\u0644\u0627\u0644 \u0627\u0644\u0639\u0637\u0644\u0627\u062a \u0627\u0644\u0645\u062f\u0631\u0633\u064a\u0629<\/li><\/ul>\t\t\t\t\t\t\t\t<\/div>\n\t\t\t\t<\/div>\n\t\t\t\t<div class=\"elementor-element elementor-element-85acc7f elementor-widget elementor-widget-google_maps\" data-id=\"85acc7f\" data-element_type=\"widget\" data-e-type=\"widget\" data-widget_type=\"google_maps.default\">\n\t\t\t\t<div class=\"elementor-widget-container\">\n\t\t\t\t\t\t\t<div class=\"elementor-custom-embed\">\n\t\t\t<iframe loading=\"lazy\"\n\t\t\t\t\tsrc=\"https:\/\/maps.google.com\/maps?q=39%20avenue%20du%20G%C3%A9n%C3%A9ral%20de%20Gaulle%2C%2093330&#038;t=m&#038;z=17&#038;output=embed&#038;iwloc=near\"\n\t\t\t\t\ttitle=\"39 avenue du G\u00e9n\u00e9ral de Gaulle, 93330 \u0641\u0631\u0646\u0633\u0627\"\n\t\t\t\t\taria-label=\"39 avenue du G\u00e9n\u00e9ral de Gaulle, 93330 \u0641\u0631\u0646\u0633\u0627\"\n\t\t\t><\/iframe>\n\t\t<\/div>\n\t\t\t\t\t\t<\/div>\n\t\t\t\t<\/div>\n\t\t\t\t<div class=\"elementor-element elementor-element-4040163 elementor-widget elementor-widget-image\" data-id=\"4040163\" data-element_type=\"widget\" data-e-type=\"widget\" data-widget_type=\"image.default\">\n\t\t\t\t<div class=\"elementor-widget-container\">\n\t\t\t\t\t\t\t\t\t\t\t\t\t\t\t<img fetchpriority=\"high\" decoding=\"async\" width=\"2560\" height=\"2560\" src=\"https:\/\/www.neuillysurmarne.fr\/wp-content\/uploads\/2024\/05\/Automne-2-11.2021-2-scaled.jpg\" class=\"attachment-full size-full wp-image-7362\" alt=\"\" srcset=\"https:\/\/www.neuillysurmarne.fr\/wp-content\/uploads\/2024\/05\/Automne-2-11.2021-2-scaled.jpg 2560w, https:\/\/www.neuillysurmarne.fr\/wp-content\/uploads\/2024\/05\/Automne-2-11.2021-2-300x300.jpg 300w, https:\/\/www.neuillysurmarne.fr\/wp-content\/uploads\/2024\/05\/Automne-2-11.2021-2-1024x1024.jpg 1024w, https:\/\/www.neuillysurmarne.fr\/wp-content\/uploads\/2024\/05\/Automne-2-11.2021-2-150x150.jpg 150w, https:\/\/www.neuillysurmarne.fr\/wp-content\/uploads\/2024\/05\/Automne-2-11.2021-2-768x768.jpg 768w, https:\/\/www.neuillysurmarne.fr\/wp-content\/uploads\/2024\/05\/Automne-2-11.2021-2-1536x1536.jpg 1536w, https:\/\/www.neuillysurmarne.fr\/wp-content\/uploads\/2024\/05\/Automne-2-11.2021-2-2048x2048.jpg 2048w\" sizes=\"(max-width: 2560px) 100vw, 2560px\" \/>\t\t\t\t\t\t\t\t\t\t\t\t\t\t\t<\/div>\n\t\t\t\t<\/div>\n\t\t\t\t\t<\/div>\n\t\t\t\t<\/div>\n\t\t\t\t\t<\/div>\n\t\t\t\t<\/div>\n\t\t\t\t<\/div>","protected":false},"excerpt":{"rendered":"<p>\u27a1\ufe0f R\u00e8glement int\u00e9rieur\u27a1\ufe0f Dossier d&rsquo;inscription 2025\/2026\u27a1\ufe0f Tarifs et guide des activit\u00e9s D\u00e9partement DansePour en savoir plus sur les disciplines enseign\u00e9es, les horaires, les tarifs, les frais d&rsquo;inscription&#8230;Cliquez iciD\u00e9partement MusiquePour en savoir plus sur les disciplines instrumentales, les horaires, les tarifs, les frais d&rsquo;inscription&#8230;Cliquez ici Conservatoire municipal \ud83d\udccd 39 avenue du G\u00e9n\u00e9ral de Gaulle93330 Neuilly-sur-Marne\u00a0\ud83d\udcde 01 [&hellip;]<\/p>\n","protected":false},"author":1,"featured_media":7361,"parent":0,"menu_order":0,"comment_status":"closed","ping_status":"closed","template":"","meta":{"_acf_changed":false,"footnotes":""},"class_list":["post-655","page","type-page","status-publish","has-post-thumbnail","hentry"],"acf":[],"yoast_head":"<!-- This site is optimized with the Yoast SEO plugin v27.4 - https:\/\/yoast.com\/product\/yoast-seo-wordpress\/ -->\n<title>Conservatoire - Mairie de Neuilly-sur-Marne<\/title>\n<meta name=\"robots\" content=\"index, follow, max-snippet:-1, max-image-preview:large, max-video-preview:-1\" \/>\n<link rel=\"canonical\" href=\"https:\/\/www.neuillysurmarne.fr\/ar\/conservatoire\/\" \/>\n<meta property=\"og:locale\" content=\"ar_AR\" \/>\n<meta property=\"og:type\" content=\"article\" \/>\n<meta property=\"og:title\" content=\"Conservatoire - Mairie de Neuilly-sur-Marne\" \/>\n<meta property=\"og:description\" content=\"\u27a1\ufe0f R\u00e8glement int\u00e9rieur\u27a1\ufe0f Dossier d&rsquo;inscription 2025\/2026\u27a1\ufe0f Tarifs et guide des activit\u00e9s D\u00e9partement DansePour en savoir plus sur les disciplines enseign\u00e9es, les horaires, les tarifs, les frais d&rsquo;inscription&#8230;Cliquez iciD\u00e9partement MusiquePour en savoir plus sur les disciplines instrumentales, les horaires, les tarifs, les frais d&rsquo;inscription&#8230;Cliquez ici Conservatoire municipal \ud83d\udccd 39 avenue du G\u00e9n\u00e9ral de Gaulle93330 Neuilly-sur-Marne\u00a0\ud83d\udcde 01 [&hellip;]\" \/>\n<meta property=\"og:url\" content=\"https:\/\/www.neuillysurmarne.fr\/ar\/conservatoire\/\" \/>\n<meta property=\"og:site_name\" content=\"Mairie de Neuilly-sur-Marne\" \/>\n<meta property=\"article:publisher\" content=\"https:\/\/www.facebook.com\/ville.neuilly\" \/>\n<meta property=\"article:modified_time\" content=\"2025-06-03T10:37:07+00:00\" \/>\n<meta property=\"og:image\" content=\"https:\/\/www.neuillysurmarne.fr\/wp-content\/uploads\/2024\/05\/Automne-2-11.2021-scaled.jpg\" \/>\n\t<meta property=\"og:image:width\" content=\"2560\" \/>\n\t<meta property=\"og:image:height\" content=\"1707\" \/>\n\t<meta property=\"og:image:type\" content=\"image\/jpeg\" \/>\n<meta name=\"twitter:card\" content=\"summary_large_image\" \/>\n<meta name=\"twitter:label1\" content=\"\u0648\u0642\u062a \u0627\u0644\u0642\u0631\u0627\u0621\u0629 \u0627\u0644\u0645\u064f\u0642\u062f\u0651\u0631\" \/>\n\t<meta name=\"twitter:data1\" content=\"3 \u062f\u0642\u0627\u0626\u0642\" \/>\n<script type=\"application\/ld+json\" class=\"yoast-schema-graph\">{\"@context\":\"https:\\\/\\\/schema.org\",\"@graph\":[{\"@type\":\"WebPage\",\"@id\":\"https:\\\/\\\/www.neuillysurmarne.fr\\\/conservatoire\\\/\",\"url\":\"https:\\\/\\\/www.neuillysurmarne.fr\\\/conservatoire\\\/\",\"name\":\"Conservatoire - Mairie de Neuilly-sur-Marne\",\"isPartOf\":{\"@id\":\"https:\\\/\\\/www.neuillysurmarne.fr\\\/es\\\/#website\"},\"primaryImageOfPage\":{\"@id\":\"https:\\\/\\\/www.neuillysurmarne.fr\\\/conservatoire\\\/#primaryimage\"},\"image\":{\"@id\":\"https:\\\/\\\/www.neuillysurmarne.fr\\\/conservatoire\\\/#primaryimage\"},\"thumbnailUrl\":\"https:\\\/\\\/www.neuillysurmarne.fr\\\/wp-content\\\/uploads\\\/2024\\\/05\\\/Automne-2-11.2021-scaled.jpg\",\"datePublished\":\"2023-11-13T12:00:08+00:00\",\"dateModified\":\"2025-06-03T10:37:07+00:00\",\"breadcrumb\":{\"@id\":\"https:\\\/\\\/www.neuillysurmarne.fr\\\/conservatoire\\\/#breadcrumb\"},\"inLanguage\":\"ar\",\"potentialAction\":[{\"@type\":\"ReadAction\",\"target\":[\"https:\\\/\\\/www.neuillysurmarne.fr\\\/conservatoire\\\/\"]}]},{\"@type\":\"ImageObject\",\"inLanguage\":\"ar\",\"@id\":\"https:\\\/\\\/www.neuillysurmarne.fr\\\/conservatoire\\\/#primaryimage\",\"url\":\"https:\\\/\\\/www.neuillysurmarne.fr\\\/wp-content\\\/uploads\\\/2024\\\/05\\\/Automne-2-11.2021-scaled.jpg\",\"contentUrl\":\"https:\\\/\\\/www.neuillysurmarne.fr\\\/wp-content\\\/uploads\\\/2024\\\/05\\\/Automne-2-11.2021-scaled.jpg\",\"width\":2560,\"height\":1707},{\"@type\":\"BreadcrumbList\",\"@id\":\"https:\\\/\\\/www.neuillysurmarne.fr\\\/conservatoire\\\/#breadcrumb\",\"itemListElement\":[{\"@type\":\"ListItem\",\"position\":1,\"name\":\"Accueil\",\"item\":\"https:\\\/\\\/www.neuillysurmarne.fr\\\/\"},{\"@type\":\"ListItem\",\"position\":2,\"name\":\"Conservatoire\"}]},{\"@type\":\"WebSite\",\"@id\":\"https:\\\/\\\/www.neuillysurmarne.fr\\\/es\\\/#website\",\"url\":\"https:\\\/\\\/www.neuillysurmarne.fr\\\/es\\\/\",\"name\":\"Mairie de Neuilly-sur-Marne\",\"description\":\"BETA\",\"publisher\":{\"@id\":\"https:\\\/\\\/www.neuillysurmarne.fr\\\/es\\\/#organization\"},\"potentialAction\":[{\"@type\":\"SearchAction\",\"target\":{\"@type\":\"EntryPoint\",\"urlTemplate\":\"https:\\\/\\\/www.neuillysurmarne.fr\\\/es\\\/?s={search_term_string}\"},\"query-input\":{\"@type\":\"PropertyValueSpecification\",\"valueRequired\":true,\"valueName\":\"search_term_string\"}}],\"inLanguage\":\"ar\"},{\"@type\":\"Organization\",\"@id\":\"https:\\\/\\\/www.neuillysurmarne.fr\\\/es\\\/#organization\",\"name\":\"Mairie de Neuilly-sur-Marne\",\"url\":\"https:\\\/\\\/www.neuillysurmarne.fr\\\/es\\\/\",\"logo\":{\"@type\":\"ImageObject\",\"inLanguage\":\"ar\",\"@id\":\"https:\\\/\\\/www.neuillysurmarne.fr\\\/es\\\/#\\\/schema\\\/logo\\\/image\\\/\",\"url\":\"https:\\\/\\\/www.neuillysurmarne.fr\\\/wp-content\\\/uploads\\\/2023\\\/10\\\/LOGO-NeuillysurMarne-blanc.png\",\"contentUrl\":\"https:\\\/\\\/www.neuillysurmarne.fr\\\/wp-content\\\/uploads\\\/2023\\\/10\\\/LOGO-NeuillysurMarne-blanc.png\",\"width\":3308,\"height\":2586,\"caption\":\"Mairie de Neuilly-sur-Marne\"},\"image\":{\"@id\":\"https:\\\/\\\/www.neuillysurmarne.fr\\\/es\\\/#\\\/schema\\\/logo\\\/image\\\/\"},\"sameAs\":[\"https:\\\/\\\/www.facebook.com\\\/ville.neuilly\",\"https:\\\/\\\/www.instagram.com\\\/neuilly_marne\\\/\",\"https:\\\/\\\/www.linkedin.com\\\/company\\\/ville-de-neuilly-sur-marne\\\/\",\"https:\\\/\\\/www.youtube.com\\\/channel\\\/UCDdZ0TLrV8rfIqjBGvoeB5A\",\"https:\\\/\\\/www.tiktok.com\\\/@villedeneuillysurmarne\"]}]}<\/script>\n<!-- \/ Yoast SEO plugin. -->","yoast_head_json":{"title":"Conservatoire - Mairie de Neuilly-sur-Marne","robots":{"index":"index","follow":"follow","max-snippet":"max-snippet:-1","max-image-preview":"max-image-preview:large","max-video-preview":"max-video-preview:-1"},"canonical":"https:\/\/www.neuillysurmarne.fr\/ar\/conservatoire\/","og_locale":"ar_AR","og_type":"article","og_title":"Conservatoire - Mairie de Neuilly-sur-Marne","og_description":"\u27a1\ufe0f R\u00e8glement int\u00e9rieur\u27a1\ufe0f Dossier d&rsquo;inscription 2025\/2026\u27a1\ufe0f Tarifs et guide des activit\u00e9s D\u00e9partement DansePour en savoir plus sur les disciplines enseign\u00e9es, les horaires, les tarifs, les frais d&rsquo;inscription&#8230;Cliquez iciD\u00e9partement MusiquePour en savoir plus sur les disciplines instrumentales, les horaires, les tarifs, les frais d&rsquo;inscription&#8230;Cliquez ici Conservatoire municipal \ud83d\udccd 39 avenue du G\u00e9n\u00e9ral de Gaulle93330 Neuilly-sur-Marne\u00a0\ud83d\udcde 01 [&hellip;]","og_url":"https:\/\/www.neuillysurmarne.fr\/ar\/conservatoire\/","og_site_name":"Mairie de Neuilly-sur-Marne","article_publisher":"https:\/\/www.facebook.com\/ville.neuilly","article_modified_time":"2025-06-03T10:37:07+00:00","og_image":[{"width":2560,"height":1707,"url":"https:\/\/www.neuillysurmarne.fr\/wp-content\/uploads\/2024\/05\/Automne-2-11.2021-scaled.jpg","type":"image\/jpeg"}],"twitter_card":"summary_large_image","twitter_misc":{"\u0648\u0642\u062a \u0627\u0644\u0642\u0631\u0627\u0621\u0629 \u0627\u0644\u0645\u064f\u0642\u062f\u0651\u0631":"3 \u062f\u0642\u0627\u0626\u0642"},"schema":{"@context":"https:\/\/schema.org","@graph":[{"@type":"WebPage","@id":"https:\/\/www.neuillysurmarne.fr\/conservatoire\/","url":"https:\/\/www.neuillysurmarne.fr\/conservatoire\/","name":"Conservatoire - Mairie de Neuilly-sur-Marne","isPartOf":{"@id":"https:\/\/www.neuillysurmarne.fr\/es\/#website"},"primaryImageOfPage":{"@id":"https:\/\/www.neuillysurmarne.fr\/conservatoire\/#primaryimage"},"image":{"@id":"https:\/\/www.neuillysurmarne.fr\/conservatoire\/#primaryimage"},"thumbnailUrl":"https:\/\/www.neuillysurmarne.fr\/wp-content\/uploads\/2024\/05\/Automne-2-11.2021-scaled.jpg","datePublished":"2023-11-13T12:00:08+00:00","dateModified":"2025-06-03T10:37:07+00:00","breadcrumb":{"@id":"https:\/\/www.neuillysurmarne.fr\/conservatoire\/#breadcrumb"},"inLanguage":"ar","potentialAction":[{"@type":"ReadAction","target":["https:\/\/www.neuillysurmarne.fr\/conservatoire\/"]}]},{"@type":"ImageObject","inLanguage":"ar","@id":"https:\/\/www.neuillysurmarne.fr\/conservatoire\/#primaryimage","url":"https:\/\/www.neuillysurmarne.fr\/wp-content\/uploads\/2024\/05\/Automne-2-11.2021-scaled.jpg","contentUrl":"https:\/\/www.neuillysurmarne.fr\/wp-content\/uploads\/2024\/05\/Automne-2-11.2021-scaled.jpg","width":2560,"height":1707},{"@type":"BreadcrumbList","@id":"https:\/\/www.neuillysurmarne.fr\/conservatoire\/#breadcrumb","itemListElement":[{"@type":"ListItem","position":1,"name":"Accueil","item":"https:\/\/www.neuillysurmarne.fr\/"},{"@type":"ListItem","position":2,"name":"Conservatoire"}]},{"@type":"WebSite","@id":"https:\/\/www.neuillysurmarne.fr\/es\/#website","url":"https:\/\/www.neuillysurmarne.fr\/es\/","name":"\u062f\u0627\u0631 \u0628\u0644\u062f\u064a\u0629 \u0646\u0648\u064a\u064a-\u0633\u0648\u0631-\u0645\u0627\u0631\u0646","description":"\u0628\u064a\u062a\u0627","publisher":{"@id":"https:\/\/www.neuillysurmarne.fr\/es\/#organization"},"potentialAction":[{"@type":"SearchAction","target":{"@type":"EntryPoint","urlTemplate":"https:\/\/www.neuillysurmarne.fr\/es\/?s={search_term_string}"},"query-input":{"@type":"PropertyValueSpecification","valueRequired":true,"valueName":"search_term_string"}}],"inLanguage":"ar"},{"@type":"Organization","@id":"https:\/\/www.neuillysurmarne.fr\/es\/#organization","name":"\u062f\u0627\u0631 \u0628\u0644\u062f\u064a\u0629 \u0646\u0648\u064a\u064a-\u0633\u0648\u0631-\u0645\u0627\u0631\u0646","url":"https:\/\/www.neuillysurmarne.fr\/es\/","logo":{"@type":"ImageObject","inLanguage":"ar","@id":"https:\/\/www.neuillysurmarne.fr\/es\/#\/schema\/logo\/image\/","url":"https:\/\/www.neuillysurmarne.fr\/wp-content\/uploads\/2023\/10\/LOGO-NeuillysurMarne-blanc.png","contentUrl":"https:\/\/www.neuillysurmarne.fr\/wp-content\/uploads\/2023\/10\/LOGO-NeuillysurMarne-blanc.png","width":3308,"height":2586,"caption":"Mairie de Neuilly-sur-Marne"},"image":{"@id":"https:\/\/www.neuillysurmarne.fr\/es\/#\/schema\/logo\/image\/"},"sameAs":["https:\/\/www.facebook.com\/ville.neuilly","https:\/\/www.instagram.com\/neuilly_marne\/","https:\/\/www.linkedin.com\/company\/ville-de-neuilly-sur-marne\/","https:\/\/www.youtube.com\/channel\/UCDdZ0TLrV8rfIqjBGvoeB5A","https:\/\/www.tiktok.com\/@villedeneuillysurmarne"]}]}},"_links":{"self":[{"href":"https:\/\/www.neuillysurmarne.fr\/ar\/wp-json\/wp\/v2\/pages\/655","targetHints":{"allow":["GET"]}}],"collection":[{"href":"https:\/\/www.neuillysurmarne.fr\/ar\/wp-json\/wp\/v2\/pages"}],"about":[{"href":"https:\/\/www.neuillysurmarne.fr\/ar\/wp-json\/wp\/v2\/types\/page"}],"author":[{"embeddable":true,"href":"https:\/\/www.neuillysurmarne.fr\/ar\/wp-json\/wp\/v2\/users\/1"}],"replies":[{"embeddable":true,"href":"https:\/\/www.neuillysurmarne.fr\/ar\/wp-json\/wp\/v2\/comments?post=655"}],"version-history":[{"count":84,"href":"https:\/\/www.neuillysurmarne.fr\/ar\/wp-json\/wp\/v2\/pages\/655\/revisions"}],"predecessor-version":[{"id":15287,"href":"https:\/\/www.neuillysurmarne.fr\/ar\/wp-json\/wp\/v2\/pages\/655\/revisions\/15287"}],"wp:featuredmedia":[{"embeddable":true,"href":"https:\/\/www.neuillysurmarne.fr\/ar\/wp-json\/wp\/v2\/media\/7361"}],"wp:attachment":[{"href":"https:\/\/www.neuillysurmarne.fr\/ar\/wp-json\/wp\/v2\/media?parent=655"}],"curies":[{"name":"wp","href":"https:\/\/api.w.org\/{rel}","templated":true}]}}