{"id":732,"date":"2023-11-13T15:25:59","date_gmt":"2023-11-13T14:25:59","guid":{"rendered":"https:\/\/www.neuillysurmarne.fr\/?page_id=732"},"modified":"2026-03-31T17:43:44","modified_gmt":"2026-03-31T15:43:44","slug":"accueil-individuel","status":"publish","type":"page","link":"https:\/\/www.neuillysurmarne.fr\/ar\/accueil-individuel\/","title":{"rendered":"\u062a\u0631\u062d\u064a\u0628 \u0641\u0631\u062f\u064a"},"content":{"rendered":"<div data-elementor-type=\"wp-page\" data-elementor-id=\"732\" class=\"elementor elementor-732\" data-elementor-post-type=\"page\">\n\t\t\t\t<div class=\"elementor-element elementor-element-87e01a6 e-con-full e-flex e-con e-parent\" data-id=\"87e01a6\" data-element_type=\"container\" data-e-type=\"container\">\n\t\t\t\t<div class=\"elementor-element elementor-element-41425e7 elementor-widget elementor-widget-heading\" data-id=\"41425e7\" data-element_type=\"widget\" data-e-type=\"widget\" data-widget_type=\"heading.default\">\n\t\t\t\t<div class=\"elementor-widget-container\">\n\t\t\t\t\t<h2 class=\"elementor-heading-title elementor-size-default\">\u0645\u0631\u0643\u0632 \u0627\u0644\u0637\u0641\u0648\u0644\u0629 \u0627\u0644\u0645\u0628\u0643\u0631\u0629<\/h2>\t\t\t\t<\/div>\n\t\t\t\t<\/div>\n\t\t\t\t<div class=\"elementor-element elementor-element-ccabd5c elementor-widget elementor-widget-text-editor\" data-id=\"ccabd5c\" data-element_type=\"widget\" data-e-type=\"widget\" data-widget_type=\"text-editor.default\">\n\t\t\t\t<div class=\"elementor-widget-container\">\n\t\t\t\t\t\t\t\t\t<p>\u0641\u0646\u062f\u0642 \u0631\u064a\u0644\u0627\u064a\u0633 \u0628\u064a\u062a\u064a\u062a \u0625\u0646\u0641\u0627\u0646\u0633 \u0647\u0648 <strong>\u0627\u0644\u062e\u062f\u0645\u0629 \u0627\u0644\u0645\u062d\u0644\u064a\u0629<\/strong>,\u00a0<strong>\u0645\u062c\u0627\u0646\u0627\u064b\u00a0<\/strong>\u0648\u00a0<strong>\u0645\u062a\u0627\u062d \u0644\u0644\u0622\u0628\u0627\u0621 \u0648\u0627\u0644\u0623\u0645\u0647\u0627\u062a \u0648\u0645\u0631\u0628\u064a\u0627\u062a \u0627\u0644\u0623\u0637\u0641\u0627\u0644 \u0648\u0627\u0644\u0623\u0637\u0641\u0627\u0644 \u0627\u0644\u0630\u064a\u0646 \u062a\u062a\u0645 \u0631\u0639\u0627\u064a\u062a\u0647\u0645 \u0641\u064a \u0627\u0644\u0645\u0646\u0632\u0644 \u0641\u064a \u0646\u0648\u064a\u064a \u0633\u0648\u0631 \u0645\u0627\u0631\u0646<\/strong>. \u064a\u0634\u062c\u0639 \u0639\u0644\u0649 \u0627\u0644\u0644\u0642\u0627\u0621\u0627\u062a \u0648\u0627\u0644\u062d\u0648\u0627\u0631 \u0648\u064a\u0633\u0627\u0639\u062f \u0639\u0644\u0649 \u0628\u0646\u0627\u0621 \u0627\u0644\u0631\u0648\u0627\u0628\u0637 \u0627\u0644\u0627\u062c\u062a\u0645\u0627\u0639\u064a\u0629.<\/p><p>\u062a\u064f\u062f\u0627\u0631 \"\u0631\u064a\u0644\u064a\u0647 \u0628\u064a\u062a\u064a\u062a \u0625\u0646\u0641\u0627\u0646\u0633\" \u0645\u0646 \u0642\u0628\u0644 \u062e\u062f\u0645\u0629 \u0627\u0644\u0637\u0641\u0648\u0644\u0629 \u0627\u0644\u0645\u0628\u0643\u0631\u0629 \u0627\u0644\u062a\u0627\u0628\u0639\u0629 \u0644\u0644\u0628\u0644\u062f\u064a\u0629\u060c \u0628\u0627\u0644\u0634\u0631\u0627\u0643\u0629 \u0645\u0639 \u0635\u0646\u062f\u0648\u0642 \u0627\u0644\u0645\u062e\u0635\u0635\u0627\u062a \u0627\u0644\u0639\u0627\u0626\u0644\u064a\u0629 \u0641\u064a \u0633\u064a\u0646 \u0633\u0627\u0646 \u062f\u0648\u0646\u064a.<\/p><p>\u064a\u062a\u0645 \u062a\u0648\u0641\u064a\u0631 \u0631\u0639\u0627\u064a\u0629 \u0627\u0644\u0623\u0637\u0641\u0627\u0644 \u0645\u0646 \u0642\u0650\u0628\u0644 \u0645\u0631\u0628\u064a\u0629 \u0623\u0637\u0641\u0627\u0644 \u0641\u064a \u0645\u0631\u062d\u0644\u0629 \u0627\u0644\u0637\u0641\u0648\u0644\u0629 \u0627\u0644\u0645\u0628\u0643\u0631\u0629.<\/p><p><a href=\"https:\/\/fr.calameo.com\/read\/0039423954956d88907da\" target=\"_blank\" rel=\"noopener noreferrer\"><strong>\u27a1\ufe0f \u0627\u062a\u0641\u0627\u0642\u064a\u0629 \u0627\u0644\u0645\u0641\u0627\u0648\u0636\u0629 \u0627\u0644\u062c\u0645\u0627\u0639\u064a\u0629<\/strong><\/a><\/p>\t\t\t\t\t\t\t\t<\/div>\n\t\t\t\t<\/div>\n\t\t\t\t<div class=\"elementor-element elementor-element-4fcd5f6 elementor-widget elementor-widget-n-accordion\" data-id=\"4fcd5f6\" data-element_type=\"widget\" data-e-type=\"widget\" data-settings=\"{&quot;default_state&quot;:&quot;all_collapsed&quot;,&quot;max_items_expended&quot;:&quot;one&quot;,&quot;n_accordion_animation_duration&quot;:{&quot;unit&quot;:&quot;ms&quot;,&quot;size&quot;:400,&quot;sizes&quot;:[]}}\" data-widget_type=\"nested-accordion.default\">\n\t\t\t\t<div class=\"elementor-widget-container\">\n\t\t\t\t\t\t\t<div class=\"e-n-accordion\" aria-label=\"\u0627\u0644\u0623\u0643\u0648\u0631\u062f\u064a\u0648\u0646. \u0627\u0641\u062a\u062d \u0627\u0644\u0631\u0648\u0627\u0628\u0637 \u0628\u0627\u0633\u062a\u062e\u062f\u0627\u0645 Enter \u0623\u0648 \u0627\u0644\u0645\u0633\u0627\u0641\u0629\u060c \u0648\u0623\u063a\u0644\u0642\u0647\u0627 \u0628\u0627\u0633\u062a\u062e\u062f\u0627\u0645 Escape\u060c \u0648\u062a\u0646\u0642\u0644 \u0628\u0627\u0633\u062a\u062e\u062f\u0627\u0645 \u0645\u0641\u0627\u062a\u064a\u062d \u0627\u0644\u0623\u0633\u0647\u0645\">\n\t\t\t\t\t\t<details id=\"e-n-accordion-item-8360\" class=\"e-n-accordion-item\" >\n\t\t\t\t<summary class=\"e-n-accordion-item-title\" data-accordion-index=\"1\" tabindex=\"0\" aria-expanded=\"false\" aria-controls=\"e-n-accordion-item-8360\" >\n\t\t\t\t\t<span class='e-n-accordion-item-title-header'><div class=\"e-n-accordion-item-title-text\"> \u0645\u0632\u0627\u064a\u0627 \u0641\u0646\u062f\u0642 \u0631\u064a\u0644\u0627\u064a\u0633 \u0628\u064a\u062a\u064a\u062a \u0625\u0646\u0641\u0627\u0646\u0633 <\/div><\/span>\n\t\t\t\t\t\t\t<span class='e-n-accordion-item-title-icon'>\n\t\t\t<span class='e-opened' ><svg aria-hidden=\"true\" class=\"e-font-icon-svg e-fas-minus\" viewbox=\"0 0 448 512\" xmlns=\"http:\/\/www.w3.org\/2000\/svg\"><path d=\"M416 208H32c-17.67 0-32 14.33-32 32v32c0 17.67 14.33 32 32 32h384c17.67 0 32-14.33 32-32v-32c0-17.67-14.33-32-32-32z\"><\/path><\/svg><\/span>\n\t\t\t<span class='e-closed'><svg aria-hidden=\"true\" class=\"e-font-icon-svg e-fas-plus\" viewbox=\"0 0 448 512\" xmlns=\"http:\/\/www.w3.org\/2000\/svg\"><path d=\"M416 208H272V64c0-17.67-14.33-32-32-32h-32c-17.67 0-32 14.33-32 32v144H32c-17.67 0-32 14.33-32 32v32c0 17.67 14.33 32 32 32h144v144c0 17.67 14.33 32 32 32h32c17.67 0 32-14.33 32-32V304h144c17.67 0 32-14.33 32-32v-32c0-17.67-14.33-32-32-32z\"><\/path><\/svg><\/span>\n\t\t<\/span>\n\n\t\t\t\t\t\t<\/summary>\n\t\t\t\t<div role=\"region\" aria-labelledby=\"e-n-accordion-item-8360\" class=\"elementor-element elementor-element-678453b e-con-full e-flex e-con e-child\" data-id=\"678453b\" data-element_type=\"container\" data-e-type=\"container\">\n\t\t<div role=\"region\" aria-labelledby=\"e-n-accordion-item-8360\" class=\"elementor-element elementor-element-a1afbb6 e-flex e-con-boxed e-con e-child\" data-id=\"a1afbb6\" data-element_type=\"container\" data-e-type=\"container\">\n\t\t\t\t\t<div class=\"e-con-inner\">\n\t\t\t\t<div class=\"elementor-element elementor-element-a02c891 elementor-widget elementor-widget-text-editor\" data-id=\"a02c891\" data-element_type=\"widget\" data-e-type=\"widget\" data-widget_type=\"text-editor.default\">\n\t\t\t\t<div class=\"elementor-widget-container\">\n\t\t\t\t\t\t\t\t\t<h3><strong>\u0644\u0644\u0623\u0637\u0641\u0627\u0644<\/strong><\/h3><ul><li>\u0645\u0643\u0627\u0646 \u0644\u0644\u062a\u0639\u0644\u0645 \u0627\u0644\u0645\u0628\u0643\u0631 \u0648\u0627\u0644\u0644\u0639\u0628 (\u0648\u0631\u0634 \u0639\u0645\u0644 \u0644\u0644\u0627\u0643\u062a\u0634\u0627\u0641 \u0648\u0627\u0644\u062a\u0644\u0627\u0639\u0628 \u0648\u0627\u0644\u0627\u0633\u062a\u0643\u0634\u0627\u0641)<\/li><li>\u062a\u062c\u0631\u0628\u0629 \u0627\u0644\u062d\u064a\u0627\u0629 \u0641\u064a \u0627\u0644\u0645\u062c\u062a\u0645\u0639<\/li><li>\u0645\u0642\u0627\u0628\u0644\u0629 \u0627\u0644\u0623\u0637\u0641\u0627\u0644 \u0627\u0644\u0622\u062e\u0631\u064a\u0646 \u0641\u064a \u0635\u062d\u0628\u0629 \u0645\u0631\u0628\u064a\u0629 \u0627\u0644\u0623\u0637\u0641\u0627\u0644<\/li><\/ul><h3><strong>\u0644\u0644\u0622\u0628\u0627\u0621 \u0648\u0627\u0644\u0623\u0645\u0647\u0627\u062a<\/strong><\/h3><ul><li>\u062a\u0631\u062d\u064a\u0628 \u0634\u062e\u0635\u064a \u0648\u0623\u0630\u0646 \u0635\u0627\u063a\u064a\u0629<\/li><li>\u0627\u0644\u062f\u0639\u0645 \u0641\u064a \u0627\u0644\u0639\u0644\u0627\u0642\u0629 \u0645\u0639 \u0645\u0631\u0628\u064a\u0629 \u0627\u0644\u0623\u0637\u0641\u0627\u0644<\/li><li>\u0627\u0644\u0645\u0633\u0627\u0639\u062f\u0629 \u0641\u064a \u0648\u0638\u064a\u0641\u0629 \u0635\u0627\u062d\u0628 \u0627\u0644\u0639\u0645\u0644 (\u0627\u0644\u0625\u062c\u0631\u0627\u0621\u0627\u062a \u0627\u0644\u0625\u062f\u0627\u0631\u064a\u0629\u060c \u0625\u0644\u062e)<\/li><li>\u0645\u0639\u0644\u0648\u0645\u0627\u062a \u0639\u0646 \u0645\u062e\u062a\u0644\u0641 \u0623\u0646\u0648\u0627\u0639 \u0631\u0639\u0627\u064a\u0629 \u0627\u0644\u0623\u0637\u0641\u0627\u0644 \u0627\u0644\u0645\u062a\u0648\u0641\u0631\u0629 \u0641\u064a \u0646\u0648\u064a\u064a-\u0633\u0648\u0631-\u0645\u0627\u0631\u0646<\/li><\/ul><h3><strong>\u0644\u0645\u0631\u0628\u064a\u0627\u062a \u0627\u0644\u0623\u0637\u0641\u0627\u0644<\/strong><\/h3><ul><li>\u0645\u0639\u0644\u0648\u0645\u0627\u062a \u0639\u0646 \u0644\u0648\u0627\u0626\u062d \u0627\u0644\u0645\u0647\u0646\u0629 \u0648\u062d\u0642\u0648\u0642\u0647\u0627<\/li><li>\u0648\u0642\u062a \u064a\u0644\u062a\u0642\u064a \u0641\u064a\u0647 \u0645\u0631\u0628\u0648 \u0627\u0644\u0623\u0637\u0641\u0627\u0644 \u0628\u0628\u0639\u0636\u0647\u0645 \u0627\u0644\u0628\u0639\u0636 \u0648\u0628\u0627\u0644\u0623\u0637\u0641\u0627\u0644 \u0627\u0644\u0630\u064a\u0646 \u062a\u062d\u062a \u0631\u0639\u0627\u064a\u062a\u0647\u0645<\/li><li>\u0627\u0644\u0627\u0633\u062a\u0645\u0627\u0639 \u0648\u0627\u0644\u0645\u0634\u0648\u0631\u0629<\/li><li>\u062f\u0639\u0645 \u0627\u0644\u0645\u0645\u0627\u0631\u0633\u0629 \u0627\u0644\u0645\u0647\u0646\u064a\u0629<\/li><\/ul><h3><strong>\u0644\u0644\u0623\u0634\u062e\u0627\u0635 \u0627\u0644\u0630\u064a\u0646 \u064a\u0639\u0645\u0644\u0648\u0646 \u0641\u064a \u0627\u0644\u0645\u0646\u0632\u0644<\/strong><\/h3><ul><li>\u0623\u0648\u0642\u0627\u062a \u0627\u0644\u0627\u062c\u062a\u0645\u0627\u0639 \u0645\u0639 \u0627\u0644\u0623\u0637\u0641\u0627\u0644<\/li><li>\u0645\u0639\u0644\u0648\u0645\u0627\u062a \u0639\u0646 \u0627\u0644\u0644\u0648\u0627\u0626\u062d \u0627\u0644\u062a\u0646\u0638\u064a\u0645\u064a\u0629<\/li><li>\u0645\u0639\u0644\u0648\u0645\u0627\u062a \u0639\u0646 \u0645\u0647\u0646\u0629 \u0645\u0631\u0628\u064a\u0629 \u0627\u0644\u0623\u0637\u0641\u0627\u0644 \u0648\u0627\u0639\u062a\u0645\u0627\u062f\u0647\u0627<\/li><\/ul>\t\t\t\t\t\t\t\t<\/div>\n\t\t\t\t<\/div>\n\t\t\t\t\t<\/div>\n\t\t\t\t<\/div>\n\t\t\t\t<\/div>\n\t\t\t\t\t<\/details>\n\t\t\t\t\t\t<details id=\"e-n-accordion-item-8361\" class=\"e-n-accordion-item\" >\n\t\t\t\t<summary class=\"e-n-accordion-item-title\" data-accordion-index=\"2\" tabindex=\"-1\" aria-expanded=\"false\" aria-controls=\"e-n-accordion-item-8361\" >\n\t\t\t\t\t<span class='e-n-accordion-item-title-header'><div class=\"e-n-accordion-item-title-text\"> \u062a\u0641\u0627\u0635\u064a\u0644 \u0627\u0644\u0627\u062a\u0635\u0627\u0644 <\/div><\/span>\n\t\t\t\t\t\t\t<span class='e-n-accordion-item-title-icon'>\n\t\t\t<span class='e-opened' ><svg aria-hidden=\"true\" class=\"e-font-icon-svg e-fas-minus\" viewbox=\"0 0 448 512\" xmlns=\"http:\/\/www.w3.org\/2000\/svg\"><path d=\"M416 208H32c-17.67 0-32 14.33-32 32v32c0 17.67 14.33 32 32 32h384c17.67 0 32-14.33 32-32v-32c0-17.67-14.33-32-32-32z\"><\/path><\/svg><\/span>\n\t\t\t<span class='e-closed'><svg aria-hidden=\"true\" class=\"e-font-icon-svg e-fas-plus\" viewbox=\"0 0 448 512\" xmlns=\"http:\/\/www.w3.org\/2000\/svg\"><path d=\"M416 208H272V64c0-17.67-14.33-32-32-32h-32c-17.67 0-32 14.33-32 32v144H32c-17.67 0-32 14.33-32 32v32c0 17.67 14.33 32 32 32h144v144c0 17.67 14.33 32 32 32h32c17.67 0 32-14.33 32-32V304h144c17.67 0 32-14.33 32-32v-32c0-17.67-14.33-32-32-32z\"><\/path><\/svg><\/span>\n\t\t<\/span>\n\n\t\t\t\t\t\t<\/summary>\n\t\t\t\t<div role=\"region\" aria-labelledby=\"e-n-accordion-item-8361\" class=\"elementor-element elementor-element-e886b15 e-con-full e-flex e-con e-child\" data-id=\"e886b15\" data-element_type=\"container\" data-e-type=\"container\">\n\t\t<div role=\"region\" aria-labelledby=\"e-n-accordion-item-8361\" class=\"elementor-element elementor-element-49e361a e-con-full e-flex e-con e-child\" data-id=\"49e361a\" data-element_type=\"container\" data-e-type=\"container\">\n\t\t\t\t<div class=\"elementor-element elementor-element-0eefaec elementor-widget elementor-widget-text-editor\" data-id=\"0eefaec\" data-element_type=\"widget\" data-e-type=\"widget\" data-widget_type=\"text-editor.default\">\n\t\t\t\t<div class=\"elementor-widget-container\">\n\t\t\t\t\t\t\t\t\t<h3><strong>\u0645\u064a\u0632\u0648\u0646 \u062f\u064a \u0644\u0627 \u0628\u064a\u062a\u064a\u062a \u0625\u0646\u0641\u0627\u0646\u0633 - \u0627\u0644\u0637\u0627\u0628\u0642 \u0627\u0644\u0623\u0648\u0644<\/strong><\/h3><p>\ud83d\udccd 10 \u0634\u0627\u0631\u0639 10 \u0644\u064a\u0648\u0646 \u0628\u0644\u0648\u0645<\/p><p>\ud83d\udcde 01 43 01 49 96<\/p><p><a href=\"mailto:ram@neuillysurmarne.fr\">\ud83d\udce7 <strong>ram@neuillysurmarne.fr<\/strong><\/a><\/p><p>\u064a\u062a\u0645 \u0625\u063a\u0644\u0627\u0642 \u0641\u0646\u062f\u0642 \u0631\u064a\u0644\u064a\u0647 \u0628\u064a\u062a\u064a\u062a \u0625\u0646\u0641\u0627\u0646\u0633 \u062e\u0644\u0627\u0644 \u0627\u0644\u0639\u0637\u0644\u0627\u062a \u0627\u0644\u0645\u062f\u0631\u0633\u064a\u0629.<\/p>\t\t\t\t\t\t\t\t<\/div>\n\t\t\t\t<\/div>\n\t\t\t\t<\/div>\n\t\t<div role=\"region\" aria-labelledby=\"e-n-accordion-item-8361\" class=\"elementor-element elementor-element-a035990 e-con-full e-flex e-con e-child\" data-id=\"a035990\" data-element_type=\"container\" data-e-type=\"container\">\n\t\t\t\t<div class=\"elementor-element elementor-element-5040c8a elementor-widget elementor-widget-google_maps\" data-id=\"5040c8a\" data-element_type=\"widget\" data-e-type=\"widget\" data-widget_type=\"google_maps.default\">\n\t\t\t\t<div class=\"elementor-widget-container\">\n\t\t\t\t\t\t\t<div class=\"elementor-custom-embed\">\n\t\t\t<iframe loading=\"lazy\"\n\t\t\t\t\tsrc=\"https:\/\/maps.google.com\/maps?q=10%20avenue%20L%C3%A9on%20Blum%2C%2093330&#038;t=m&#038;z=17&#038;output=embed&#038;iwloc=near\"\n\t\t\t\t\ttitle=\"10 avenue L\u00e9on Blum, 93330 \u0641\u0631\u0646\u0633\u0627\"\n\t\t\t\t\taria-label=\"10 avenue L\u00e9on Blum, 93330 \u0641\u0631\u0646\u0633\u0627\"\n\t\t\t><\/iframe>\n\t\t<\/div>\n\t\t\t\t\t\t<\/div>\n\t\t\t\t<\/div>\n\t\t\t\t<\/div>\n\t\t\t\t<\/div>\n\t\t\t\t\t<\/details>\n\t\t\t\t\t<\/div>\n\t\t\t\t\t\t<\/div>\n\t\t\t\t<\/div>\n\t\t\t\t<div class=\"elementor-element elementor-element-60f78cf elementor-widget elementor-widget-heading\" data-id=\"60f78cf\" data-element_type=\"widget\" data-e-type=\"widget\" data-widget_type=\"heading.default\">\n\t\t\t\t<div class=\"elementor-widget-container\">\n\t\t\t\t\t<h2 class=\"elementor-heading-title elementor-size-default\">Le Secr\u00e9tariat des Assistant(e)s Maternel(le)s<\/h2>\t\t\t\t<\/div>\n\t\t\t\t<\/div>\n\t\t\t\t<div class=\"elementor-element elementor-element-1b1668b elementor-widget elementor-widget-text-editor\" data-id=\"1b1668b\" data-element_type=\"widget\" data-e-type=\"widget\" data-widget_type=\"text-editor.default\">\n\t\t\t\t<div class=\"elementor-widget-container\">\n\t\t\t\t\t\t\t\t\t<p>Le Secr\u00e9tariat des Assistant(e)s Maternel(le)s (SAM), g\u00e9r\u00e9 par le D\u00e9partement de Seine-Saint-Denis, informe et <strong>met \u00e0 disposition la liste actualis\u00e9e des assistant(e)s maternel(le)s agr\u00e9\u00e9(e)s.<\/strong><\/p><p>Un(e) assistant(e) maternel(le) est une professionnel(le) qui accueille \u00e0 son domicile, dans son cadre de vie habituel, un ou plusieurs enfants confi\u00e9s par des parents moyennant r\u00e9mun\u00e9ration. C\u2019est un mode d\u2019accueil individualis\u00e9 qui s\u2019adapte aux besoins de chaque enfant et de sa famille.<\/p><p>\u0623\u0646 \u062a\u0643\u0648\u0646 \u0642\u0627\u062f\u0631\u064b\u0627 \u0639\u0644\u0649 \u0645\u0645\u0627\u0631\u0633\u0629 \u0647\u0630\u0647 \u0627\u0644\u0645\u0647\u0646\u0629, <strong>l\u2019assistant(e) maternel(le) a auparavant \u00e9t\u00e9 agr\u00e9\u00e9(e) par le Pr\u00e9sident du Conseil D\u00e9partemental<\/strong> apr\u00e8s \u00e9valuation des professionnels de la Protection Maternelle et Infantile (PMI) \u2013 pu\u00e9ricultrice, \u00e9ducateur de jeunes enfants, psychologue \u2013 qui ont dans ce cadre effectu\u00e9 une visite \u00e0 son domicile. Il\/Elle est soumis(e) \u00e0 l\u2019obligation de suivre une formation de 120 heures.<\/p>\t\t\t\t\t\t\t\t<\/div>\n\t\t\t\t<\/div>\n\t\t\t\t<div class=\"elementor-element elementor-element-f25e000 elementor-widget elementor-widget-n-accordion\" data-id=\"f25e000\" data-element_type=\"widget\" data-e-type=\"widget\" data-settings=\"{&quot;default_state&quot;:&quot;all_collapsed&quot;,&quot;max_items_expended&quot;:&quot;one&quot;,&quot;n_accordion_animation_duration&quot;:{&quot;unit&quot;:&quot;ms&quot;,&quot;size&quot;:400,&quot;sizes&quot;:[]}}\" data-widget_type=\"nested-accordion.default\">\n\t\t\t\t<div class=\"elementor-widget-container\">\n\t\t\t\t\t\t\t<div class=\"e-n-accordion\" aria-label=\"\u0627\u0644\u0623\u0643\u0648\u0631\u062f\u064a\u0648\u0646. \u0627\u0641\u062a\u062d \u0627\u0644\u0631\u0648\u0627\u0628\u0637 \u0628\u0627\u0633\u062a\u062e\u062f\u0627\u0645 Enter \u0623\u0648 \u0627\u0644\u0645\u0633\u0627\u0641\u0629\u060c \u0648\u0623\u063a\u0644\u0642\u0647\u0627 \u0628\u0627\u0633\u062a\u062e\u062f\u0627\u0645 Escape\u060c \u0648\u062a\u0646\u0642\u0644 \u0628\u0627\u0633\u062a\u062e\u062f\u0627\u0645 \u0645\u0641\u0627\u062a\u064a\u062d \u0627\u0644\u0623\u0633\u0647\u0645\">\n\t\t\t\t\t\t<details id=\"e-n-accordion-item-2540\" class=\"e-n-accordion-item\" >\n\t\t\t\t<summary class=\"e-n-accordion-item-title\" data-accordion-index=\"1\" tabindex=\"0\" aria-expanded=\"false\" aria-controls=\"e-n-accordion-item-2540\" >\n\t\t\t\t\t<span class='e-n-accordion-item-title-header'><div class=\"e-n-accordion-item-title-text\"> \u0627\u0644\u0625\u062c\u0631\u0627\u0621\u0627\u062a \u0627\u0644\u0625\u062f\u0627\u0631\u064a\u0629 <\/div><\/span>\n\t\t\t\t\t\t\t<span class='e-n-accordion-item-title-icon'>\n\t\t\t<span class='e-opened' ><svg aria-hidden=\"true\" class=\"e-font-icon-svg e-fas-minus\" viewbox=\"0 0 448 512\" xmlns=\"http:\/\/www.w3.org\/2000\/svg\"><path d=\"M416 208H32c-17.67 0-32 14.33-32 32v32c0 17.67 14.33 32 32 32h384c17.67 0 32-14.33 32-32v-32c0-17.67-14.33-32-32-32z\"><\/path><\/svg><\/span>\n\t\t\t<span class='e-closed'><svg aria-hidden=\"true\" class=\"e-font-icon-svg e-fas-plus\" viewbox=\"0 0 448 512\" xmlns=\"http:\/\/www.w3.org\/2000\/svg\"><path d=\"M416 208H272V64c0-17.67-14.33-32-32-32h-32c-17.67 0-32 14.33-32 32v144H32c-17.67 0-32 14.33-32 32v32c0 17.67 14.33 32 32 32h144v144c0 17.67 14.33 32 32 32h32c17.67 0 32-14.33 32-32V304h144c17.67 0 32-14.33 32-32v-32c0-17.67-14.33-32-32-32z\"><\/path><\/svg><\/span>\n\t\t<\/span>\n\n\t\t\t\t\t\t<\/summary>\n\t\t\t\t<div role=\"region\" aria-labelledby=\"e-n-accordion-item-2540\" class=\"elementor-element elementor-element-709bd65 e-con-full e-flex e-con e-child\" data-id=\"709bd65\" data-element_type=\"container\" data-e-type=\"container\">\n\t\t<div role=\"region\" aria-labelledby=\"e-n-accordion-item-2540\" class=\"elementor-element elementor-element-ceb1f65 e-flex e-con-boxed e-con e-child\" data-id=\"ceb1f65\" data-element_type=\"container\" data-e-type=\"container\">\n\t\t\t\t\t<div class=\"e-con-inner\">\n\t\t\t\t<div class=\"elementor-element elementor-element-e35fc5b elementor-widget elementor-widget-text-editor\" data-id=\"e35fc5b\" data-element_type=\"widget\" data-e-type=\"widget\" data-widget_type=\"text-editor.default\">\n\t\t\t\t<div class=\"elementor-widget-container\">\n\t\t\t\t\t\t\t\t\t<p>Lorsque les parents ont rencontr\u00e9 l\u2019assistant(e) maternel(le) qui r\u00e9pond le mieux \u00e0 leurs attentes, ils \u00e9tablissent ensemble un contrat de travail d\u00e9terminant toutes les modalit\u00e9s de l\u2019accueil de l\u2019enfant ainsi que le montant du salaire, dans le cadre l\u00e9gal conseill\u00e9 par la Caisse d\u2019Allocations Familiales (CAF).<\/p><p><strong>\u0627\u0644\u0645\u0632\u064a\u062f \u0645\u0646 \u0627\u0644\u0645\u0639\u0644\u0648\u0645\u0627\u062a :<\/strong>\u00a0<a href=\"http:\/\/www.pajemploi.urssaf.fr\/\" target=\"_blank\" rel=\"noopener\"><strong>www.pajemploi.urssaf.fr<\/strong><\/a><\/p>\t\t\t\t\t\t\t\t<\/div>\n\t\t\t\t<\/div>\n\t\t\t\t\t<\/div>\n\t\t\t\t<\/div>\n\t\t\t\t<\/div>\n\t\t\t\t\t<\/details>\n\t\t\t\t\t\t<details id=\"e-n-accordion-item-2541\" class=\"e-n-accordion-item\" >\n\t\t\t\t<summary class=\"e-n-accordion-item-title\" data-accordion-index=\"2\" tabindex=\"-1\" aria-expanded=\"false\" aria-controls=\"e-n-accordion-item-2541\" >\n\t\t\t\t\t<span class='e-n-accordion-item-title-header'><div class=\"e-n-accordion-item-title-text\"> \u0627\u0644\u0645\u0633\u0627\u0639\u062f\u0629 \u0627\u0644\u0645\u0627\u0644\u064a\u0629 <\/div><\/span>\n\t\t\t\t\t\t\t<span class='e-n-accordion-item-title-icon'>\n\t\t\t<span class='e-opened' ><svg aria-hidden=\"true\" class=\"e-font-icon-svg e-fas-minus\" viewbox=\"0 0 448 512\" xmlns=\"http:\/\/www.w3.org\/2000\/svg\"><path d=\"M416 208H32c-17.67 0-32 14.33-32 32v32c0 17.67 14.33 32 32 32h384c17.67 0 32-14.33 32-32v-32c0-17.67-14.33-32-32-32z\"><\/path><\/svg><\/span>\n\t\t\t<span class='e-closed'><svg aria-hidden=\"true\" class=\"e-font-icon-svg e-fas-plus\" viewbox=\"0 0 448 512\" xmlns=\"http:\/\/www.w3.org\/2000\/svg\"><path d=\"M416 208H272V64c0-17.67-14.33-32-32-32h-32c-17.67 0-32 14.33-32 32v144H32c-17.67 0-32 14.33-32 32v32c0 17.67 14.33 32 32 32h144v144c0 17.67 14.33 32 32 32h32c17.67 0 32-14.33 32-32V304h144c17.67 0 32-14.33 32-32v-32c0-17.67-14.33-32-32-32z\"><\/path><\/svg><\/span>\n\t\t<\/span>\n\n\t\t\t\t\t\t<\/summary>\n\t\t\t\t<div role=\"region\" aria-labelledby=\"e-n-accordion-item-2541\" class=\"elementor-element elementor-element-81431a7 e-con-full e-flex e-con e-child\" data-id=\"81431a7\" data-element_type=\"container\" data-e-type=\"container\">\n\t\t<div role=\"region\" aria-labelledby=\"e-n-accordion-item-2541\" class=\"elementor-element elementor-element-43a2d71 e-flex e-con-boxed e-con e-child\" data-id=\"43a2d71\" data-element_type=\"container\" data-e-type=\"container\">\n\t\t\t\t\t<div class=\"e-con-inner\">\n\t\t\t\t<div class=\"elementor-element elementor-element-8770107 elementor-widget elementor-widget-text-editor\" data-id=\"8770107\" data-element_type=\"widget\" data-e-type=\"widget\" data-widget_type=\"text-editor.default\">\n\t\t\t\t<div class=\"elementor-widget-container\">\n\t\t\t\t\t\t\t\t\t<p>\u0647\u0646\u0627\u0643 \u0623\u0634\u0643\u0627\u0644 \u0645\u062e\u062a\u0644\u0641\u0629 \u0645\u0646 \u0627\u0644\u0645\u0633\u0627\u0639\u062f\u0627\u062a \u0627\u0644\u0645\u0627\u0644\u064a\u0629 \u0627\u0644\u0645\u062a\u0627\u062d\u0629.<\/p><h3><strong>\u0627\u0644\u0627\u062e\u062a\u064a\u0627\u0631 \u0627\u0644\u062d\u0631 \u0627\u0644\u0643\u0627\u0645\u0644 \u0644\u0645\u0648\u062f\u064a\u0644 \u0627\u0644\u062d\u0631\u0627\u0633\u0629<\/strong><\/h3><p>Cette allocation est attribu\u00e9e par la CAF pour l\u2019emploi d\u2019un(e) assistant(e) maternel(le) agr\u00e9\u00e9(e), sous condition de ressources. Elle permet de b\u00e9n\u00e9ficier d\u2019une prise en charge partielle de sa r\u00e9mun\u00e9ration (variable en fonction de l\u2019\u00e2ge de l\u2019enfant et de vos ressources), d\u2019une prise en charge totale des cotisations sociales ainsi que d\u2019une r\u00e9duction d\u2019imp\u00f4ts.<\/p><p>\u064a\u062c\u0628 \u062a\u0642\u062f\u064a\u0645 \u0637\u0644\u0628\u0627\u062a \u0627\u0644\u062d\u0635\u0648\u0644 \u0639\u0644\u0649 \u0647\u0630\u0647 \u0627\u0644\u0645\u0633\u0627\u0639\u062f\u0629 \u0625\u0644\u0649 \u0635\u0646\u062f\u0648\u0642 \u0627\u0644\u0645\u0633\u0627\u0639\u062f\u0629 \u0627\u0644\u0646\u0642\u062f\u064a\u0629 \u0648\u0627\u0644\u0645\u0627\u0644\u064a\u0629 \u0639\u0644\u0649 \u0627\u0644\u0639\u0646\u0648\u0627\u0646 \u0627\u0644\u062a\u0627\u0644\u064a <a href=\"http:\/\/www.caf.fr\/\" target=\"_blank\" rel=\"noopener\"><strong>www.caf.fr<\/strong><\/a><\/p><h3><strong>\u0645\u062e\u0635\u0635\u0627\u062a \u0631\u0639\u0627\u064a\u0629 \u0627\u0644\u0623\u0637\u0641\u0627\u0644 \u0627\u0644\u0635\u063a\u0627\u0631 (\u0645\u062e\u0635\u0635\u0627\u062a \u0627\u0644\u0645\u0642\u0627\u0637\u0639\u0629 \u0644\u0644\u0623\u0637\u0641\u0627\u0644 \u0627\u0644\u0635\u063a\u0627\u0631) <br \/><\/strong><\/h3><p>Cette allocation est attribu\u00e9e par le D\u00e9partement de Seine-Saint-Denis. C\u2019est une allocation mensuelle vers\u00e9e par le Conseil D\u00e9partemental aux familles domicili\u00e9es en Seine-Saint-Denis et qui emploient un(e) assistant(e) maternel(le) agr\u00e9\u00e9(e). Elle est attribu\u00e9e en fonction des ressources du foyer et du nombre d\u2019enfants \u00e0 charge. Pour en b\u00e9n\u00e9ficier, aucune d\u00e9marche \u00e0 effectuer, c\u2019est la CAF qui transmet directement les coordonn\u00e9es au Conseil D\u00e9partemental.<\/p><p><strong>\u0627\u0644\u0645\u0632\u064a\u062f \u0645\u0646 \u0627\u0644\u0645\u0639\u0644\u0648\u0645\u0627\u062a : <\/strong><a href=\"http:\/\/www.seinesaintdenis.fr\/\" target=\"_blank\" rel=\"noopener\"><strong>www.seinesaintdenis.fr<\/strong><\/a><\/p>\t\t\t\t\t\t\t\t<\/div>\n\t\t\t\t<\/div>\n\t\t\t\t\t<\/div>\n\t\t\t\t<\/div>\n\t\t\t\t<\/div>\n\t\t\t\t\t<\/details>\n\t\t\t\t\t\t<details id=\"e-n-accordion-item-2542\" class=\"e-n-accordion-item\" >\n\t\t\t\t<summary class=\"e-n-accordion-item-title\" data-accordion-index=\"3\" tabindex=\"-1\" aria-expanded=\"false\" aria-controls=\"e-n-accordion-item-2542\" >\n\t\t\t\t\t<span class='e-n-accordion-item-title-header'><div class=\"e-n-accordion-item-title-text\"> \u062a\u0641\u0627\u0635\u064a\u0644 \u0627\u0644\u0627\u062a\u0635\u0627\u0644 <\/div><\/span>\n\t\t\t\t\t\t\t<span class='e-n-accordion-item-title-icon'>\n\t\t\t<span class='e-opened' ><svg aria-hidden=\"true\" class=\"e-font-icon-svg e-fas-minus\" viewbox=\"0 0 448 512\" xmlns=\"http:\/\/www.w3.org\/2000\/svg\"><path d=\"M416 208H32c-17.67 0-32 14.33-32 32v32c0 17.67 14.33 32 32 32h384c17.67 0 32-14.33 32-32v-32c0-17.67-14.33-32-32-32z\"><\/path><\/svg><\/span>\n\t\t\t<span class='e-closed'><svg aria-hidden=\"true\" class=\"e-font-icon-svg e-fas-plus\" viewbox=\"0 0 448 512\" xmlns=\"http:\/\/www.w3.org\/2000\/svg\"><path d=\"M416 208H272V64c0-17.67-14.33-32-32-32h-32c-17.67 0-32 14.33-32 32v144H32c-17.67 0-32 14.33-32 32v32c0 17.67 14.33 32 32 32h144v144c0 17.67 14.33 32 32 32h32c17.67 0 32-14.33 32-32V304h144c17.67 0 32-14.33 32-32v-32c0-17.67-14.33-32-32-32z\"><\/path><\/svg><\/span>\n\t\t<\/span>\n\n\t\t\t\t\t\t<\/summary>\n\t\t\t\t<div role=\"region\" aria-labelledby=\"e-n-accordion-item-2542\" class=\"elementor-element elementor-element-da54771 e-con-full e-flex e-con e-child\" data-id=\"da54771\" data-element_type=\"container\" data-e-type=\"container\">\n\t\t<div role=\"region\" aria-labelledby=\"e-n-accordion-item-2542\" class=\"elementor-element elementor-element-4510cf6 e-flex e-con-boxed e-con e-child\" data-id=\"4510cf6\" data-element_type=\"container\" data-e-type=\"container\">\n\t\t\t\t\t<div class=\"e-con-inner\">\n\t\t<div role=\"region\" aria-labelledby=\"e-n-accordion-item-2542\" class=\"elementor-element elementor-element-39d2a2a e-grid e-con-boxed e-con e-child\" data-id=\"39d2a2a\" data-element_type=\"container\" data-e-type=\"container\">\n\t\t\t\t\t<div class=\"e-con-inner\">\n\t\t\t\t<div class=\"elementor-element elementor-element-b0b8d68 elementor-widget elementor-widget-text-editor\" data-id=\"b0b8d68\" data-element_type=\"widget\" data-e-type=\"widget\" data-widget_type=\"text-editor.default\">\n\t\t\t\t<div class=\"elementor-widget-container\">\n\t\t\t\t\t\t\t\t\t<h3><strong>P.M.I. Neuilly-Plaisance<\/strong><\/h3><p>Pour tout renseignement :<\/p><p>Mme Fatiha Ahmia<br \/>\ud83d\udcde 01 71 29 23 66<br \/>\ud83d\udce7 <strong><a href=\"mailto:fahmia@seinesaintdenis.fr\">fahmia@seinesaintdenis.fr<\/a><\/strong><\/p><p>Mme Leila Khelifi<br \/>\ud83d\udcde 01 71 29 23 67<br \/>\ud83d\udce7 <strong><a href=\"mailto:lkhelifi@seinesaintdenis.fr\">lkhelifi@seinesaintdenis.fr<\/a><\/strong><\/p>\t\t\t\t\t\t\t\t<\/div>\n\t\t\t\t<\/div>\n\t\t\t\t\t<\/div>\n\t\t\t\t<\/div>\n\t\t\t\t\t<\/div>\n\t\t\t\t<\/div>\n\t\t\t\t<\/div>\n\t\t\t\t\t<\/details>\n\t\t\t\t\t<\/div>\n\t\t\t\t\t\t<\/div>\n\t\t\t\t<\/div>\n\t\t\t\t<div class=\"elementor-element elementor-element-ed11725 elementor-widget elementor-widget-heading\" data-id=\"ed11725\" data-element_type=\"widget\" data-e-type=\"widget\" data-widget_type=\"heading.default\">\n\t\t\t\t<div class=\"elementor-widget-container\">\n\t\t\t\t\t<h2 class=\"elementor-heading-title elementor-size-default\">La Maison des Assistant(e)s Maternel(le)s<\/h2>\t\t\t\t<\/div>\n\t\t\t\t<\/div>\n\t\t\t\t<div class=\"elementor-element elementor-element-7c794e0 elementor-widget elementor-widget-text-editor\" data-id=\"7c794e0\" data-element_type=\"widget\" data-e-type=\"widget\" data-widget_type=\"text-editor.default\">\n\t\t\t\t<div class=\"elementor-widget-container\">\n\t\t\t\t\t\t\t\t\t<p>Les Maisons d\u2019Assistant(e)s Maternel(le)s (MAM) offrent la possibilit\u00e9 aux assistant(e)s maternel(le)s d\u2019<strong>\u0627\u0644\u062a\u062f\u0631\u0628 \u0641\u064a \u0623\u0645\u0627\u0643\u0646 \u0628\u0639\u064a\u062f\u0629 \u0639\u0646 \u0645\u0646\u0627\u0632\u0644\u0647\u0645 \u0648\u0627\u0644\u062a\u062c\u0645\u0639 \u0645\u0639\u064b\u0627 \u0647\u0646\u0627\u0643.<\/strong><\/p><p>Les MAM repr\u00e9sentent une modalit\u00e9 d\u2019exercice du m\u00e9tier d\u2019assistant(e) maternel(le) attractive pour les professionnels (travail en \u00e9quipe, lutte contre l\u2019isolement, s\u00e9paration entre vie familiale et vie professionnelle) mais \u00e9galement un mode d\u2019accueil appr\u00e9ci\u00e9 des parents (prise en charge individualis\u00e9e de leur enfant dans un cadre collectif).<\/p><p>Les porteurs de projet de MAM peuvent b\u00e9n\u00e9ficier d\u2019un accompagnement technique et d\u2019un soutien financier de la CAF. Les assistant(e)s maternel(le)s souhaitant exercer en MAM sont donc invit\u00e9(e)s \u00e0 se rapprocher de la CAF notamment pour b\u00e9n\u00e9ficier de son expertise en mati\u00e8re de diagnostic territorial.\u00a0<\/p>\t\t\t\t\t\t\t\t<\/div>\n\t\t\t\t<\/div>\n\t\t\t\t<div class=\"elementor-element elementor-element-6ddfa0f elementor-widget elementor-widget-n-accordion\" data-id=\"6ddfa0f\" data-element_type=\"widget\" data-e-type=\"widget\" data-settings=\"{&quot;default_state&quot;:&quot;all_collapsed&quot;,&quot;max_items_expended&quot;:&quot;one&quot;,&quot;n_accordion_animation_duration&quot;:{&quot;unit&quot;:&quot;ms&quot;,&quot;size&quot;:400,&quot;sizes&quot;:[]}}\" data-widget_type=\"nested-accordion.default\">\n\t\t\t\t<div class=\"elementor-widget-container\">\n\t\t\t\t\t\t\t<div class=\"e-n-accordion\" aria-label=\"\u0627\u0644\u0623\u0643\u0648\u0631\u062f\u064a\u0648\u0646. \u0627\u0641\u062a\u062d \u0627\u0644\u0631\u0648\u0627\u0628\u0637 \u0628\u0627\u0633\u062a\u062e\u062f\u0627\u0645 Enter \u0623\u0648 \u0627\u0644\u0645\u0633\u0627\u0641\u0629\u060c \u0648\u0623\u063a\u0644\u0642\u0647\u0627 \u0628\u0627\u0633\u062a\u062e\u062f\u0627\u0645 Escape\u060c \u0648\u062a\u0646\u0642\u0644 \u0628\u0627\u0633\u062a\u062e\u062f\u0627\u0645 \u0645\u0641\u0627\u062a\u064a\u062d \u0627\u0644\u0623\u0633\u0647\u0645\">\n\t\t\t\t\t\t<details id=\"e-n-accordion-item-1150\" class=\"e-n-accordion-item\" >\n\t\t\t\t<summary class=\"e-n-accordion-item-title\" data-accordion-index=\"1\" tabindex=\"0\" aria-expanded=\"false\" aria-controls=\"e-n-accordion-item-1150\" >\n\t\t\t\t\t<span class='e-n-accordion-item-title-header'><div class=\"e-n-accordion-item-title-text\"> \u0645\u0632\u0627\u064a\u0627 \u0627\u0644\u0625\u062f\u0627\u0631\u0629 \u0627\u0644\u0622\u0644\u064a\u0629 \u0644\u0625\u062f\u0627\u0631\u0629 \u0627\u0644\u0623\u0635\u0648\u0644 <\/div><\/span>\n\t\t\t\t\t\t\t<span class='e-n-accordion-item-title-icon'>\n\t\t\t<span class='e-opened' ><svg aria-hidden=\"true\" class=\"e-font-icon-svg e-fas-minus\" viewbox=\"0 0 448 512\" xmlns=\"http:\/\/www.w3.org\/2000\/svg\"><path d=\"M416 208H32c-17.67 0-32 14.33-32 32v32c0 17.67 14.33 32 32 32h384c17.67 0 32-14.33 32-32v-32c0-17.67-14.33-32-32-32z\"><\/path><\/svg><\/span>\n\t\t\t<span class='e-closed'><svg aria-hidden=\"true\" class=\"e-font-icon-svg e-fas-plus\" viewbox=\"0 0 448 512\" xmlns=\"http:\/\/www.w3.org\/2000\/svg\"><path d=\"M416 208H272V64c0-17.67-14.33-32-32-32h-32c-17.67 0-32 14.33-32 32v144H32c-17.67 0-32 14.33-32 32v32c0 17.67 14.33 32 32 32h144v144c0 17.67 14.33 32 32 32h32c17.67 0 32-14.33 32-32V304h144c17.67 0 32-14.33 32-32v-32c0-17.67-14.33-32-32-32z\"><\/path><\/svg><\/span>\n\t\t<\/span>\n\n\t\t\t\t\t\t<\/summary>\n\t\t\t\t<div role=\"region\" aria-labelledby=\"e-n-accordion-item-1150\" class=\"elementor-element elementor-element-7b25d59 e-con-full e-flex e-con e-child\" data-id=\"7b25d59\" data-element_type=\"container\" data-e-type=\"container\">\n\t\t<div role=\"region\" aria-labelledby=\"e-n-accordion-item-1150\" class=\"elementor-element elementor-element-8b9ab24 e-flex e-con-boxed e-con e-child\" data-id=\"8b9ab24\" data-element_type=\"container\" data-e-type=\"container\">\n\t\t\t\t\t<div class=\"e-con-inner\">\n\t\t\t\t<div class=\"elementor-element elementor-element-1e2c114 elementor-widget elementor-widget-text-editor\" data-id=\"1e2c114\" data-element_type=\"widget\" data-e-type=\"widget\" data-widget_type=\"text-editor.default\">\n\t\t\t\t<div class=\"elementor-widget-container\">\n\t\t\t\t\t\t\t\t\t<h3><strong>\u0644\u0644\u0623\u0637\u0641\u0627\u0644<\/strong><\/h3><ul><li>\u062a\u0645 \u062a\u0635\u0645\u064a\u0645 \u0627\u0644\u0645\u0631\u0627\u0641\u0642 \u0645\u0646 \u0623\u062c\u0644 \u0631\u0641\u0627\u0647\u064a\u062a\u0647\u0645 \u0648\u0633\u0644\u0627\u0645\u062a\u0647\u0645\u060c \u0648\u064a\u0638\u0644 \u0627\u0644\u0645\u0643\u0627\u0646 \u0639\u0627\u0626\u0644\u064a\u0627\u064b.<\/li><li>\u0645\u062c\u0645\u0648\u0639\u0627\u062a \u0635\u063a\u064a\u0631\u0629 \u0645\u0646 \u0627\u0644\u0623\u0637\u0641\u0627\u0644 \u0627\u0644\u0630\u064a\u0646 \u064a\u062a\u0639\u0644\u0645\u0648\u0646 \u0627\u0644\u0639\u064a\u0634 \u0645\u0639\u0627\u064b \u0648\u064a\u0637\u0648\u0631\u0648\u0646 \u0627\u0644\u0627\u0633\u062a\u0642\u0644\u0627\u0644\u064a\u0629.<\/li><li>\u0647\u0646\u0627\u0643 \u0627\u0644\u0645\u0632\u064a\u062f \u0645\u0646 \u0627\u0644\u0623\u0646\u0634\u0637\u0629 \u0644\u0645\u062e\u062a\u0644\u0641 \u0627\u0644\u0641\u0626\u0627\u062a \u0627\u0644\u0639\u0645\u0631\u064a\u0629\u060c \u0648\u0646\u0632\u0647\u0627\u062a \u0645\u0635\u0645\u0645\u0629 \u062e\u0635\u064a\u0635\u0627\u064b \u0644\u062a\u0644\u0628\u064a\u0629 \u0627\u062d\u062a\u064a\u0627\u062c\u0627\u062a \u0627\u0644\u0645\u062c\u0645\u0648\u0639\u0627\u062a \u0627\u0644\u0635\u063a\u064a\u0631\u0629.<\/li><\/ul><h3><strong>\u0644\u0644\u0622\u0628\u0627\u0621 \u0648\u0627\u0644\u0623\u0645\u0647\u0627\u062a<\/strong><\/h3><ul><li>\u00a0\u064a\u062a\u0633\u0645 \u0627\u0644\u0627\u0633\u062a\u0642\u0628\u0627\u0644 \u0628\u0627\u0644\u0645\u0631\u0648\u0646\u0629 \u0648\u064a\u062a\u0645 \u062a\u0643\u064a\u064a\u0641 \u0627\u0644\u062c\u062f\u0627\u0648\u0644 \u0627\u0644\u0632\u0645\u0646\u064a\u0629 \u0628\u0645\u0627 \u064a\u062a\u0646\u0627\u0633\u0628 \u0645\u0639 \u0630\u0644\u0643.<\/li><li>Les assistant(e)s maternel(le)s forment une \u00e9quipe, ce qui est rassurant.<\/li><li>Les aides accord\u00e9es sont identiques \u00e0 celles octroy\u00e9es pour l\u2019emploi d\u2019un(e) assistant(e) maternel(le) \u00e0 domicile et tout ce qui est administratif (contrat de travail, bulletin de salaire, d\u00e9claration PAJE) reste inchang\u00e9.<\/li><li>\u064a\u0645\u0643\u0646\u0643 \u0627\u0644\u0645\u0634\u0627\u0631\u0643\u0629 \u0641\u064a \u062d\u064a\u0627\u0629 \u062d\u0631\u0643\u0629 MAM (\u0627\u0644\u0645\u0646\u0627\u0642\u0634\u0627\u062a \u0648\u0627\u0644\u0645\u0628\u0627\u062f\u0631\u0627\u062a \u0627\u0644\u0645\u0648\u0627\u0636\u064a\u0639\u064a\u0629 \u0648\u0645\u0627 \u0625\u0644\u0649 \u0630\u0644\u0643).<\/li><\/ul><h3><strong>Pour les assistant(e)s maternel(le)s<\/strong><\/h3><ul><li>\u062a\u0633\u0627\u0639\u062f MAM \u0641\u064a \u0643\u0633\u0631 \u0627\u0644\u0639\u0632\u0644\u0629.<\/li><li>\u0625\u0646 \u062a\u0646\u0641\u064a\u0630 \u0645\u0634\u0631\u0648\u0639 \u062c\u0645\u0627\u0639\u064a \u0623\u0645\u0631 \u0645\u062c\u0632\u064d \u0645\u0646 \u0627\u0644\u0646\u0627\u062d\u064a\u0629 \u0627\u0644\u0645\u0647\u0646\u064a\u0629\u060c \u0643\u0645\u0627 \u0623\u0646 \u0627\u0644\u0639\u0645\u0644 \u0643\u062c\u0632\u0621 \u0645\u0646 \u0641\u0631\u064a\u0642 \u064a\u0639\u0632\u0632 \u0645\u0647\u0627\u0631\u0627\u062a\u0643 \u0648\u064a\u0628\u0642\u064a\u0643 \u0645\u062a\u062d\u0645\u0633\u0627\u064b.<\/li><li>\u064a\u062a\u064a\u062d \u0646\u0638\u0627\u0645 MAM \u0644\u0644\u0623\u0634\u062e\u0627\u0635 \u063a\u064a\u0631 \u0627\u0644\u0642\u0627\u062f\u0631\u064a\u0646 \u0639\u0644\u0649 \u0627\u0644\u0639\u0645\u0644 \u0645\u0646 \u0627\u0644\u0645\u0646\u0632\u0644 (\u0644\u0623\u0646 \u0645\u0646\u0632\u0644\u0647\u0645 \u0635\u063a\u064a\u0631 \u062c\u062f\u064b\u0627 \u0623\u0648 \u0644\u064a\u0633 \u0641\u064a \u0645\u0648\u0642\u0639 \u0645\u0646\u0627\u0633\u0628) \u0627\u0644\u0642\u064a\u0627\u0645 \u0628\u0630\u0644\u0643.<\/li><li>\u062a\u0633\u0647\u0651\u0644 \"\u0645\u0627\u0645\" \u0627\u0644\u0641\u0635\u0644 \u0628\u064a\u0646 \u0627\u0644\u0639\u0645\u0644 \u0648\u0627\u0644\u062d\u064a\u0627\u0629 \u0627\u0644\u0623\u0633\u0631\u064a\u0629.<\/li><\/ul>\t\t\t\t\t\t\t\t<\/div>\n\t\t\t\t<\/div>\n\t\t\t\t\t<\/div>\n\t\t\t\t<\/div>\n\t\t\t\t<\/div>\n\t\t\t\t\t<\/details>\n\t\t\t\t\t\t<details id=\"e-n-accordion-item-1151\" class=\"e-n-accordion-item\" >\n\t\t\t\t<summary class=\"e-n-accordion-item-title\" data-accordion-index=\"2\" tabindex=\"-1\" aria-expanded=\"false\" aria-controls=\"e-n-accordion-item-1151\" >\n\t\t\t\t\t<span class='e-n-accordion-item-title-header'><div class=\"e-n-accordion-item-title-text\"> \u0642\u0627\u0626\u0645\u0629 MAMs <\/div><\/span>\n\t\t\t\t\t\t\t<span class='e-n-accordion-item-title-icon'>\n\t\t\t<span class='e-opened' ><svg aria-hidden=\"true\" class=\"e-font-icon-svg e-fas-minus\" viewbox=\"0 0 448 512\" xmlns=\"http:\/\/www.w3.org\/2000\/svg\"><path d=\"M416 208H32c-17.67 0-32 14.33-32 32v32c0 17.67 14.33 32 32 32h384c17.67 0 32-14.33 32-32v-32c0-17.67-14.33-32-32-32z\"><\/path><\/svg><\/span>\n\t\t\t<span class='e-closed'><svg aria-hidden=\"true\" class=\"e-font-icon-svg e-fas-plus\" viewbox=\"0 0 448 512\" xmlns=\"http:\/\/www.w3.org\/2000\/svg\"><path d=\"M416 208H272V64c0-17.67-14.33-32-32-32h-32c-17.67 0-32 14.33-32 32v144H32c-17.67 0-32 14.33-32 32v32c0 17.67 14.33 32 32 32h144v144c0 17.67 14.33 32 32 32h32c17.67 0 32-14.33 32-32V304h144c17.67 0 32-14.33 32-32v-32c0-17.67-14.33-32-32-32z\"><\/path><\/svg><\/span>\n\t\t<\/span>\n\n\t\t\t\t\t\t<\/summary>\n\t\t\t\t<div role=\"region\" aria-labelledby=\"e-n-accordion-item-1151\" class=\"elementor-element elementor-element-300070c e-con-full e-flex e-con e-child\" data-id=\"300070c\" data-element_type=\"container\" data-e-type=\"container\">\n\t\t<div role=\"region\" aria-labelledby=\"e-n-accordion-item-1151\" class=\"elementor-element elementor-element-cecffbe e-grid e-con-boxed e-con e-child\" data-id=\"cecffbe\" data-element_type=\"container\" data-e-type=\"container\">\n\t\t\t\t\t<div class=\"e-con-inner\">\n\t\t\t\t<div class=\"elementor-element elementor-element-873c784 elementor-widget elementor-widget-text-editor\" data-id=\"873c784\" data-element_type=\"widget\" data-e-type=\"widget\" data-widget_type=\"text-editor.default\">\n\t\t\t\t<div class=\"elementor-widget-container\">\n\t\t\t\t\t\t\t\t\t<h3 class=\"p1\"><strong>MAM Pti Noc\u00e9en<br \/><\/strong><\/h3><p class=\"p1\">\ud83d\udccd 2 \u0634\u0627\u0631\u0639 2 A rue Duguay Trouin<br \/>93330 93330 \u0646\u0648\u064a\u064a-\u0633\u0648\u0631-\u0645\u0627\u0631\u0646<\/p><p class=\"p1\">\ud83d\udcde\u0627\u0644\u0633\u064a\u062f\u0629 \u0647\u0627\u064a: 06 95 12 12 46 66<br \/>\ud83d\udcde \u0627\u0644\u0633\u064a\u062f\u0629 \u0647\u064a\u0644\u064a\u0646 : 06 22 02 02 12 53<br \/>\ud83d\udcde \u0627\u0644\u0633\u064a\u062f\u0629 \u062f\u0648\u0634\u0627\u062a\u064a\u0644: 06 61 01 01 88 46<\/p><p class=\"p1\"><a href=\"mailto:mam.ptinoceen@gmail.com\" target=\"_blank\" rel=\"noopener\">\ud83d\udce7 <strong>mam.ptinoceen@gmail.com<\/strong><\/a><\/p>\t\t\t\t\t\t\t\t<\/div>\n\t\t\t\t<\/div>\n\t\t\t\t<div class=\"elementor-element elementor-element-759c64c elementor-widget elementor-widget-text-editor\" data-id=\"759c64c\" data-element_type=\"widget\" data-e-type=\"widget\" data-widget_type=\"text-editor.default\">\n\t\t\t\t<div class=\"elementor-widget-container\">\n\t\t\t\t\t\t\t\t\t<h3 class=\"p1\"><strong>MAM Maison La Maison des Kikinous<br \/><\/strong><\/h3><p class=\"p1\">\ud83d\udccd 5 \u0634\u0627\u0631\u0639 5 \u0634\u0627\u0631\u0639 \u062f\u0627\u0631\u062a\u0648\u0627<br \/>93330 93330 \u0646\u0648\u064a\u064a-\u0633\u0648\u0631-\u0645\u0627\u0631\u0646<\/p><p class=\"p1\">\ud83d\udcde\u0627\u0644\u0633\u064a\u062f\u0629 \u0628\u0627\u0631\u062b: 06 21 58 09 08 08<\/p><p class=\"p1\"><a href=\"mailto:nalachou93@gmail.com\" target=\"_blank\" rel=\"noopener\">\ud83d\udce7 <strong>nalachou93@gmail.com<\/strong><\/a><\/p>\t\t\t\t\t\t\t\t<\/div>\n\t\t\t\t<\/div>\n\t\t\t\t<div class=\"elementor-element elementor-element-7cf3071 elementor-widget elementor-widget-text-editor\" data-id=\"7cf3071\" data-element_type=\"widget\" data-e-type=\"widget\" data-widget_type=\"text-editor.default\">\n\t\t\t\t<div class=\"elementor-widget-container\">\n\t\t\t\t\t\t\t\t\t<h3 class=\"p1\"><strong>\u0645\u0627\u0645 \u0628\u0627\u0633 \u0632\u0627 \u0628\u0627\u0633<br \/><\/strong><\/h3><p class=\"p1\">\ud83d\udccd 8 \u0625\u0633\u0628\u0644\u0627\u0646\u0627\u062f \u062f\u064a \u0634\u0627\u0646\u062a\u064a\u064a<br \/>93330 93330 \u0646\u0648\u064a\u064a-\u0633\u0648\u0631-\u0645\u0627\u0631\u0646<\/p><p class=\"p1\">\ud83d\udcde \u0644\u0648\u062d\u0629 \u0627\u0644\u062a\u062d\u0648\u064a\u0644\u0627\u062a: 01 71 85 33 38 33 38<br \/>\ud83d\udcde \u0627\u0644\u0633\u064a\u062f\u0629 \u0628\u064a\u0648\u0631\u0627\u064a\u0646: 06 30 59 59 39 15<br \/>\ud83d\udcde \u0627\u0644\u0633\u064a\u062f\u0629 \u0645\u0627\u062f\u064a\u0631\u0627: 06 10 10 69 52 46<\/p><p class=\"p1\"><a href=\"mailto:mampaszapas@outlook.fr\" target=\"_blank\" rel=\"noopener\">\ud83d\udce7 <strong>mampaszapas@outlook.fr<\/strong><\/a><\/p>\t\t\t\t\t\t\t\t<\/div>\n\t\t\t\t<\/div>\n\t\t\t\t<div class=\"elementor-element elementor-element-d5b6779 elementor-hidden-tablet elementor-hidden-mobile elementor-widget elementor-widget-google_maps\" data-id=\"d5b6779\" data-element_type=\"widget\" data-e-type=\"widget\" data-widget_type=\"google_maps.default\">\n\t\t\t\t<div class=\"elementor-widget-container\">\n\t\t\t\t\t\t\t<div class=\"elementor-custom-embed\">\n\t\t\t<iframe loading=\"lazy\"\n\t\t\t\t\tsrc=\"https:\/\/maps.google.com\/maps?q=2%20A%20rue%20Duguay%20Trouin%2C%2093330&#038;t=m&#038;z=17&#038;output=embed&#038;iwloc=near\"\n\t\t\t\t\ttitle=\"2 A rue Duguay Trouin, 93330\"\n\t\t\t\t\taria-label=\"2 A rue Duguay Trouin, 93330\"\n\t\t\t><\/iframe>\n\t\t<\/div>\n\t\t\t\t\t\t<\/div>\n\t\t\t\t<\/div>\n\t\t\t\t<div class=\"elementor-element elementor-element-df6aef4 elementor-hidden-tablet elementor-hidden-mobile elementor-widget elementor-widget-google_maps\" data-id=\"df6aef4\" data-element_type=\"widget\" data-e-type=\"widget\" data-widget_type=\"google_maps.default\">\n\t\t\t\t<div class=\"elementor-widget-container\">\n\t\t\t\t\t\t\t<div class=\"elementor-custom-embed\">\n\t\t\t<iframe loading=\"lazy\"\n\t\t\t\t\tsrc=\"https:\/\/maps.google.com\/maps?q=5%20rue%20d%27Artois%2C%2093330&#038;t=m&#038;z=17&#038;output=embed&#038;iwloc=near\"\n\t\t\t\t\ttitle=\"5 rue d&#039;Artois, 93330\"\n\t\t\t\t\taria-label=\"5 rue d&#039;Artois, 93330\"\n\t\t\t><\/iframe>\n\t\t<\/div>\n\t\t\t\t\t\t<\/div>\n\t\t\t\t<\/div>\n\t\t\t\t<div class=\"elementor-element elementor-element-93c7add elementor-hidden-tablet elementor-hidden-mobile elementor-widget elementor-widget-google_maps\" data-id=\"93c7add\" data-element_type=\"widget\" data-e-type=\"widget\" data-widget_type=\"google_maps.default\">\n\t\t\t\t<div class=\"elementor-widget-container\">\n\t\t\t\t\t\t\t<div class=\"elementor-custom-embed\">\n\t\t\t<iframe loading=\"lazy\"\n\t\t\t\t\tsrc=\"https:\/\/maps.google.com\/maps?q=8%20esplanade%20Chantilly%2C%2093330&#038;t=m&#038;z=17&#038;output=embed&#038;iwloc=near\"\n\t\t\t\t\ttitle=\"8 \u0627\u0633\u0628\u0644\u0627\u0646\u0627\u062f \u0634\u0627\u0646\u062a\u064a\u0644\u064a\u060c 93330\u060c 93330\"\n\t\t\t\t\taria-label=\"8 \u0627\u0633\u0628\u0644\u0627\u0646\u0627\u062f \u0634\u0627\u0646\u062a\u064a\u0644\u064a\u060c 93330\u060c 93330\"\n\t\t\t><\/iframe>\n\t\t<\/div>\n\t\t\t\t\t\t<\/div>\n\t\t\t\t<\/div>\n\t\t\t\t\t<\/div>\n\t\t\t\t<\/div>\n\t\t\t\t<\/div>\n\t\t\t\t\t<\/details>\n\t\t\t\t\t<\/div>\n\t\t\t\t\t\t<\/div>\n\t\t\t\t<\/div>\n\t\t\t\t<div class=\"elementor-element elementor-element-9162404 elementor-widget elementor-widget-heading\" data-id=\"9162404\" data-element_type=\"widget\" data-e-type=\"widget\" data-widget_type=\"heading.default\">\n\t\t\t\t<div class=\"elementor-widget-container\">\n\t\t\t\t\t<h2 class=\"elementor-heading-title elementor-size-default\">\u0623\u0646 \u062a\u0635\u0628\u062d \u0623\u062d\u062f \u0627\u0644\u0648\u0627\u0644\u062f\u064a\u0646 \u0635\u0627\u062d\u0628 \u0627\u0644\u0639\u0645\u0644<\/h2>\t\t\t\t<\/div>\n\t\t\t\t<\/div>\n\t\t\t\t<div class=\"elementor-element elementor-element-49f6834 elementor-widget elementor-widget-text-editor\" data-id=\"49f6834\" data-element_type=\"widget\" data-e-type=\"widget\" data-widget_type=\"text-editor.default\">\n\t\t\t\t<div class=\"elementor-widget-container\">\n\t\t\t\t\t\t\t\t\t<p>\u0647\u0644 \u062a\u0628\u062d\u062b\u064a\u0646 \u0639\u0646 \u0631\u0639\u0627\u064a\u0629 \u0623\u0637\u0641\u0627\u0644 \u0644\u0637\u0641\u0644\u0643 \u0648\u0631\u0628\u0645\u0627 \u0644\u0627 \u062a\u0632\u0627\u0644\u064a\u0646 \u0645\u062a\u0631\u062f\u062f\u0629 \u0628\u0634\u0623\u0646 \u062a\u0648\u0638\u064a\u0641 \u0645\u0631\u0628\u064a\u0629 \u0623\u0637\u0641\u0627\u0644\u061f \u0644\u0627 \u062a\u062a\u0631\u062f\u062f\u064a\u060c \u0644\u0623\u0646 \u0627\u062e\u062a\u064a\u0627\u0631 \u0647\u0630\u0627 \u0627\u0644\u0646\u0648\u0639 \u0645\u0646 \u0631\u0639\u0627\u064a\u0629 \u0627\u0644\u0623\u0637\u0641\u0627\u0644 \u064a\u0639\u0646\u064a \u0627\u062e\u062a\u064a\u0627\u0631 \u0631\u0639\u0627\u064a\u0629 \u0645\u062e\u0635\u0635\u0629 \u0644\u0637\u0641\u0644\u0643.<\/p><p>\u0647\u0630\u0627 \u0647\u0648\u00a0<strong>accueil familial dans la mesure o\u00f9 celui-ci se d\u00e9roule au domicile de l\u2019assistant(e) maternel(le)<\/strong> mais bien souvent il n\u2019est pas le seul enfant accueilli et peut avoir ainsi des compagnons de jeux. Il peut participer \u00e0 des activit\u00e9s de groupe en se rendant aux journ\u00e9es r\u00e9cr\u00e9atives qu\u2019organisent les associations et les Relais Petite Enfance (RPE).<\/p><p>\u0642\u0627\u0626\u0645\u0629 \u0628\u0627\u0644\u0648\u062b\u0627\u0626\u0642 \u0644\u0645\u0633\u0627\u0639\u062f\u062a\u0643 \u0641\u064a \u0628\u062d\u062b\u0643:<\/p><p>\u27a1\ufe0f <strong><a href=\"https:\/\/www.neuillysurmarne.fr\/wp-content\/uploads\/2025\/06\/Vous-recherchez-une-assistante-maternelle.pdf\">Vous recherchez un(e) assistant(e) maternel(le) ?<\/a><\/strong><br \/>\u27a1\ufe0f <strong><a href=\"https:\/\/www.neuillysurmarne.fr\/wp-content\/uploads\/2025\/06\/livret-devenir-parent-employeur-2025.pdf\">\u0623\u0646 \u062a\u0635\u0628\u062d \u0623\u062d\u062f \u0627\u0644\u0648\u0627\u0644\u062f\u064a\u0646 \u0635\u0627\u062d\u0628 \u0627\u0644\u0639\u0645\u0644<\/a><\/strong><br \/>\u27a1\ufe0f <strong><a href=\"https:\/\/www.neuillysurmarne.fr\/wp-content\/uploads\/2024\/04\/Convention-Collective-Nationale-des-assistants-maternels-du-particulier-employeur3.pdf\">Convention collective nationale des assistant(e)s maternel(le)s<\/a><\/strong><\/p>\t\t\t\t\t\t\t\t<\/div>\n\t\t\t\t<\/div>\n\t\t\t\t<\/div>\n\t\t<div class=\"elementor-element elementor-element-36d007e e-flex e-con-boxed e-con e-parent\" data-id=\"36d007e\" data-element_type=\"container\" data-e-type=\"container\">\n\t\t\t\t\t<div class=\"e-con-inner\">\n\t\t\t\t<div class=\"elementor-element elementor-element-991017f elementor-align-center elementor-widget elementor-widget-button\" data-id=\"991017f\" data-element_type=\"widget\" data-e-type=\"widget\" data-widget_type=\"button.default\">\n\t\t\t\t<div class=\"elementor-widget-container\">\n\t\t\t\t\t\t\t\t\t<div class=\"elementor-button-wrapper\">\n\t\t\t\t\t<a class=\"elementor-button elementor-button-link elementor-size-sm\" href=\"https:\/\/www.neuillysurmarne.fr\/ar\/accueil-collectif\/\">\n\t\t\t\t\t\t<span class=\"elementor-button-content-wrapper\">\n\t\t\t\t\t\t\t\t\t<span class=\"elementor-button-text\">Cliquez ici pour consulter la liste des cr\u00e8ches<\/span>\n\t\t\t\t\t<\/span>\n\t\t\t\t\t<\/a>\n\t\t\t\t<\/div>\n\t\t\t\t\t\t\t\t<\/div>\n\t\t\t\t<\/div>\n\t\t\t\t\t<\/div>\n\t\t\t\t<\/div>\n\t\t\t\t<\/div>","protected":false},"excerpt":{"rendered":"<p>Le Relais Petite Enfance Le Relais Petite Enfance est un service de proximit\u00e9,\u00a0gratuit\u00a0et\u00a0ouvert aux parents, aux assistant(e)s maternel(le)s et aux enfants gard\u00e9s \u00e0 domicile de Neuilly-sur-Marne. Il favorise la rencontre, le dialogue et permet de tisser des liens sociaux. Le Relais Petite Enfance est g\u00e9r\u00e9 par le service municipal de la Petite Enfance, en partenariat [&hellip;]<\/p>\n","protected":false},"author":1,"featured_media":1158,"parent":0,"menu_order":0,"comment_status":"closed","ping_status":"closed","template":"","meta":{"_acf_changed":false,"footnotes":""},"class_list":["post-732","page","type-page","status-publish","has-post-thumbnail","hentry"],"acf":[],"yoast_head":"<!-- This site is optimized with the Yoast SEO plugin v27.4 - https:\/\/yoast.com\/product\/yoast-seo-wordpress\/ -->\n<title>Accueil individuel - Mairie de Neuilly-sur-Marne<\/title>\n<meta name=\"robots\" content=\"index, follow, max-snippet:-1, max-image-preview:large, max-video-preview:-1\" \/>\n<link rel=\"canonical\" href=\"https:\/\/www.neuillysurmarne.fr\/ar\/accueil-individuel\/\" \/>\n<meta property=\"og:locale\" content=\"ar_AR\" \/>\n<meta property=\"og:type\" content=\"article\" \/>\n<meta property=\"og:title\" content=\"Accueil individuel - Mairie de Neuilly-sur-Marne\" \/>\n<meta property=\"og:description\" content=\"Le Relais Petite Enfance Le Relais Petite Enfance est un service de proximit\u00e9,\u00a0gratuit\u00a0et\u00a0ouvert aux parents, aux assistant(e)s maternel(le)s et aux enfants gard\u00e9s \u00e0 domicile de Neuilly-sur-Marne. Il favorise la rencontre, le dialogue et permet de tisser des liens sociaux. Le Relais Petite Enfance est g\u00e9r\u00e9 par le service municipal de la Petite Enfance, en partenariat [&hellip;]\" \/>\n<meta property=\"og:url\" content=\"https:\/\/www.neuillysurmarne.fr\/ar\/accueil-individuel\/\" \/>\n<meta property=\"og:site_name\" content=\"Mairie de Neuilly-sur-Marne\" \/>\n<meta property=\"article:publisher\" content=\"https:\/\/www.facebook.com\/ville.neuilly\" \/>\n<meta property=\"article:modified_time\" content=\"2026-03-31T15:43:44+00:00\" \/>\n<meta property=\"og:image\" content=\"https:\/\/www.neuillysurmarne.fr\/wp-content\/uploads\/2023\/11\/Bandeaux-site-Neuilly-sur-Marne-8.jpg\" \/>\n\t<meta property=\"og:image:width\" content=\"1400\" \/>\n\t<meta property=\"og:image:height\" content=\"700\" \/>\n\t<meta property=\"og:image:type\" content=\"image\/jpeg\" \/>\n<meta name=\"twitter:card\" content=\"summary_large_image\" \/>\n<meta name=\"twitter:label1\" content=\"\u0648\u0642\u062a \u0627\u0644\u0642\u0631\u0627\u0621\u0629 \u0627\u0644\u0645\u064f\u0642\u062f\u0651\u0631\" \/>\n\t<meta name=\"twitter:data1\" content=\"18 \u062f\u0642\u064a\u0642\u0629\" \/>\n<script type=\"application\/ld+json\" class=\"yoast-schema-graph\">{\"@context\":\"https:\\\/\\\/schema.org\",\"@graph\":[{\"@type\":\"WebPage\",\"@id\":\"https:\\\/\\\/www.neuillysurmarne.fr\\\/accueil-individuel\\\/\",\"url\":\"https:\\\/\\\/www.neuillysurmarne.fr\\\/accueil-individuel\\\/\",\"name\":\"Accueil individuel - Mairie de Neuilly-sur-Marne\",\"isPartOf\":{\"@id\":\"https:\\\/\\\/www.neuillysurmarne.fr\\\/es\\\/#website\"},\"primaryImageOfPage\":{\"@id\":\"https:\\\/\\\/www.neuillysurmarne.fr\\\/accueil-individuel\\\/#primaryimage\"},\"image\":{\"@id\":\"https:\\\/\\\/www.neuillysurmarne.fr\\\/accueil-individuel\\\/#primaryimage\"},\"thumbnailUrl\":\"https:\\\/\\\/www.neuillysurmarne.fr\\\/wp-content\\\/uploads\\\/2023\\\/11\\\/Bandeaux-site-Neuilly-sur-Marne-8.jpg\",\"datePublished\":\"2023-11-13T14:25:59+00:00\",\"dateModified\":\"2026-03-31T15:43:44+00:00\",\"breadcrumb\":{\"@id\":\"https:\\\/\\\/www.neuillysurmarne.fr\\\/accueil-individuel\\\/#breadcrumb\"},\"inLanguage\":\"ar\",\"potentialAction\":[{\"@type\":\"ReadAction\",\"target\":[\"https:\\\/\\\/www.neuillysurmarne.fr\\\/accueil-individuel\\\/\"]}]},{\"@type\":\"ImageObject\",\"inLanguage\":\"ar\",\"@id\":\"https:\\\/\\\/www.neuillysurmarne.fr\\\/accueil-individuel\\\/#primaryimage\",\"url\":\"https:\\\/\\\/www.neuillysurmarne.fr\\\/wp-content\\\/uploads\\\/2023\\\/11\\\/Bandeaux-site-Neuilly-sur-Marne-8.jpg\",\"contentUrl\":\"https:\\\/\\\/www.neuillysurmarne.fr\\\/wp-content\\\/uploads\\\/2023\\\/11\\\/Bandeaux-site-Neuilly-sur-Marne-8.jpg\",\"width\":1400,\"height\":700},{\"@type\":\"BreadcrumbList\",\"@id\":\"https:\\\/\\\/www.neuillysurmarne.fr\\\/accueil-individuel\\\/#breadcrumb\",\"itemListElement\":[{\"@type\":\"ListItem\",\"position\":1,\"name\":\"Accueil\",\"item\":\"https:\\\/\\\/www.neuillysurmarne.fr\\\/\"},{\"@type\":\"ListItem\",\"position\":2,\"name\":\"Accueil individuel\"}]},{\"@type\":\"WebSite\",\"@id\":\"https:\\\/\\\/www.neuillysurmarne.fr\\\/es\\\/#website\",\"url\":\"https:\\\/\\\/www.neuillysurmarne.fr\\\/es\\\/\",\"name\":\"Mairie de Neuilly-sur-Marne\",\"description\":\"BETA\",\"publisher\":{\"@id\":\"https:\\\/\\\/www.neuillysurmarne.fr\\\/es\\\/#organization\"},\"potentialAction\":[{\"@type\":\"SearchAction\",\"target\":{\"@type\":\"EntryPoint\",\"urlTemplate\":\"https:\\\/\\\/www.neuillysurmarne.fr\\\/es\\\/?s={search_term_string}\"},\"query-input\":{\"@type\":\"PropertyValueSpecification\",\"valueRequired\":true,\"valueName\":\"search_term_string\"}}],\"inLanguage\":\"ar\"},{\"@type\":\"Organization\",\"@id\":\"https:\\\/\\\/www.neuillysurmarne.fr\\\/es\\\/#organization\",\"name\":\"Mairie de Neuilly-sur-Marne\",\"url\":\"https:\\\/\\\/www.neuillysurmarne.fr\\\/es\\\/\",\"logo\":{\"@type\":\"ImageObject\",\"inLanguage\":\"ar\",\"@id\":\"https:\\\/\\\/www.neuillysurmarne.fr\\\/es\\\/#\\\/schema\\\/logo\\\/image\\\/\",\"url\":\"https:\\\/\\\/www.neuillysurmarne.fr\\\/wp-content\\\/uploads\\\/2023\\\/10\\\/LOGO-NeuillysurMarne-blanc.png\",\"contentUrl\":\"https:\\\/\\\/www.neuillysurmarne.fr\\\/wp-content\\\/uploads\\\/2023\\\/10\\\/LOGO-NeuillysurMarne-blanc.png\",\"width\":3308,\"height\":2586,\"caption\":\"Mairie de Neuilly-sur-Marne\"},\"image\":{\"@id\":\"https:\\\/\\\/www.neuillysurmarne.fr\\\/es\\\/#\\\/schema\\\/logo\\\/image\\\/\"},\"sameAs\":[\"https:\\\/\\\/www.facebook.com\\\/ville.neuilly\",\"https:\\\/\\\/www.instagram.com\\\/neuilly_marne\\\/\",\"https:\\\/\\\/www.linkedin.com\\\/company\\\/ville-de-neuilly-sur-marne\\\/\",\"https:\\\/\\\/www.youtube.com\\\/channel\\\/UCDdZ0TLrV8rfIqjBGvoeB5A\",\"https:\\\/\\\/www.tiktok.com\\\/@villedeneuillysurmarne\"]}]}<\/script>\n<!-- \/ Yoast SEO plugin. -->","yoast_head_json":{"title":"Accueil individuel - Mairie de Neuilly-sur-Marne","robots":{"index":"index","follow":"follow","max-snippet":"max-snippet:-1","max-image-preview":"max-image-preview:large","max-video-preview":"max-video-preview:-1"},"canonical":"https:\/\/www.neuillysurmarne.fr\/ar\/accueil-individuel\/","og_locale":"ar_AR","og_type":"article","og_title":"Accueil individuel - Mairie de Neuilly-sur-Marne","og_description":"Le Relais Petite Enfance Le Relais Petite Enfance est un service de proximit\u00e9,\u00a0gratuit\u00a0et\u00a0ouvert aux parents, aux assistant(e)s maternel(le)s et aux enfants gard\u00e9s \u00e0 domicile de Neuilly-sur-Marne. Il favorise la rencontre, le dialogue et permet de tisser des liens sociaux. Le Relais Petite Enfance est g\u00e9r\u00e9 par le service municipal de la Petite Enfance, en partenariat [&hellip;]","og_url":"https:\/\/www.neuillysurmarne.fr\/ar\/accueil-individuel\/","og_site_name":"Mairie de Neuilly-sur-Marne","article_publisher":"https:\/\/www.facebook.com\/ville.neuilly","article_modified_time":"2026-03-31T15:43:44+00:00","og_image":[{"width":1400,"height":700,"url":"https:\/\/www.neuillysurmarne.fr\/wp-content\/uploads\/2023\/11\/Bandeaux-site-Neuilly-sur-Marne-8.jpg","type":"image\/jpeg"}],"twitter_card":"summary_large_image","twitter_misc":{"\u0648\u0642\u062a \u0627\u0644\u0642\u0631\u0627\u0621\u0629 \u0627\u0644\u0645\u064f\u0642\u062f\u0651\u0631":"18 \u062f\u0642\u064a\u0642\u0629"},"schema":{"@context":"https:\/\/schema.org","@graph":[{"@type":"WebPage","@id":"https:\/\/www.neuillysurmarne.fr\/accueil-individuel\/","url":"https:\/\/www.neuillysurmarne.fr\/accueil-individuel\/","name":"Accueil individuel - Mairie de Neuilly-sur-Marne","isPartOf":{"@id":"https:\/\/www.neuillysurmarne.fr\/es\/#website"},"primaryImageOfPage":{"@id":"https:\/\/www.neuillysurmarne.fr\/accueil-individuel\/#primaryimage"},"image":{"@id":"https:\/\/www.neuillysurmarne.fr\/accueil-individuel\/#primaryimage"},"thumbnailUrl":"https:\/\/www.neuillysurmarne.fr\/wp-content\/uploads\/2023\/11\/Bandeaux-site-Neuilly-sur-Marne-8.jpg","datePublished":"2023-11-13T14:25:59+00:00","dateModified":"2026-03-31T15:43:44+00:00","breadcrumb":{"@id":"https:\/\/www.neuillysurmarne.fr\/accueil-individuel\/#breadcrumb"},"inLanguage":"ar","potentialAction":[{"@type":"ReadAction","target":["https:\/\/www.neuillysurmarne.fr\/accueil-individuel\/"]}]},{"@type":"ImageObject","inLanguage":"ar","@id":"https:\/\/www.neuillysurmarne.fr\/accueil-individuel\/#primaryimage","url":"https:\/\/www.neuillysurmarne.fr\/wp-content\/uploads\/2023\/11\/Bandeaux-site-Neuilly-sur-Marne-8.jpg","contentUrl":"https:\/\/www.neuillysurmarne.fr\/wp-content\/uploads\/2023\/11\/Bandeaux-site-Neuilly-sur-Marne-8.jpg","width":1400,"height":700},{"@type":"BreadcrumbList","@id":"https:\/\/www.neuillysurmarne.fr\/accueil-individuel\/#breadcrumb","itemListElement":[{"@type":"ListItem","position":1,"name":"Accueil","item":"https:\/\/www.neuillysurmarne.fr\/"},{"@type":"ListItem","position":2,"name":"Accueil individuel"}]},{"@type":"WebSite","@id":"https:\/\/www.neuillysurmarne.fr\/es\/#website","url":"https:\/\/www.neuillysurmarne.fr\/es\/","name":"\u062f\u0627\u0631 \u0628\u0644\u062f\u064a\u0629 \u0646\u0648\u064a\u064a-\u0633\u0648\u0631-\u0645\u0627\u0631\u0646","description":"\u0628\u064a\u062a\u0627","publisher":{"@id":"https:\/\/www.neuillysurmarne.fr\/es\/#organization"},"potentialAction":[{"@type":"SearchAction","target":{"@type":"EntryPoint","urlTemplate":"https:\/\/www.neuillysurmarne.fr\/es\/?s={search_term_string}"},"query-input":{"@type":"PropertyValueSpecification","valueRequired":true,"valueName":"search_term_string"}}],"inLanguage":"ar"},{"@type":"Organization","@id":"https:\/\/www.neuillysurmarne.fr\/es\/#organization","name":"\u062f\u0627\u0631 \u0628\u0644\u062f\u064a\u0629 \u0646\u0648\u064a\u064a-\u0633\u0648\u0631-\u0645\u0627\u0631\u0646","url":"https:\/\/www.neuillysurmarne.fr\/es\/","logo":{"@type":"ImageObject","inLanguage":"ar","@id":"https:\/\/www.neuillysurmarne.fr\/es\/#\/schema\/logo\/image\/","url":"https:\/\/www.neuillysurmarne.fr\/wp-content\/uploads\/2023\/10\/LOGO-NeuillysurMarne-blanc.png","contentUrl":"https:\/\/www.neuillysurmarne.fr\/wp-content\/uploads\/2023\/10\/LOGO-NeuillysurMarne-blanc.png","width":3308,"height":2586,"caption":"Mairie de Neuilly-sur-Marne"},"image":{"@id":"https:\/\/www.neuillysurmarne.fr\/es\/#\/schema\/logo\/image\/"},"sameAs":["https:\/\/www.facebook.com\/ville.neuilly","https:\/\/www.instagram.com\/neuilly_marne\/","https:\/\/www.linkedin.com\/company\/ville-de-neuilly-sur-marne\/","https:\/\/www.youtube.com\/channel\/UCDdZ0TLrV8rfIqjBGvoeB5A","https:\/\/www.tiktok.com\/@villedeneuillysurmarne"]}]}},"_links":{"self":[{"href":"https:\/\/www.neuillysurmarne.fr\/ar\/wp-json\/wp\/v2\/pages\/732","targetHints":{"allow":["GET"]}}],"collection":[{"href":"https:\/\/www.neuillysurmarne.fr\/ar\/wp-json\/wp\/v2\/pages"}],"about":[{"href":"https:\/\/www.neuillysurmarne.fr\/ar\/wp-json\/wp\/v2\/types\/page"}],"author":[{"embeddable":true,"href":"https:\/\/www.neuillysurmarne.fr\/ar\/wp-json\/wp\/v2\/users\/1"}],"replies":[{"embeddable":true,"href":"https:\/\/www.neuillysurmarne.fr\/ar\/wp-json\/wp\/v2\/comments?post=732"}],"version-history":[{"count":77,"href":"https:\/\/www.neuillysurmarne.fr\/ar\/wp-json\/wp\/v2\/pages\/732\/revisions"}],"predecessor-version":[{"id":17759,"href":"https:\/\/www.neuillysurmarne.fr\/ar\/wp-json\/wp\/v2\/pages\/732\/revisions\/17759"}],"wp:featuredmedia":[{"embeddable":true,"href":"https:\/\/www.neuillysurmarne.fr\/ar\/wp-json\/wp\/v2\/media\/1158"}],"wp:attachment":[{"href":"https:\/\/www.neuillysurmarne.fr\/ar\/wp-json\/wp\/v2\/media?parent=732"}],"curies":[{"name":"wp","href":"https:\/\/api.w.org\/{rel}","templated":true}]}}