{"id":971,"date":"2023-11-17T11:27:46","date_gmt":"2023-11-17T10:27:46","guid":{"rendered":"https:\/\/www.neuillysurmarne.fr\/?page_id=971"},"modified":"2024-06-11T12:22:09","modified_gmt":"2024-06-11T10:22:09","slug":"elections-departementales-2021","status":"publish","type":"page","link":"https:\/\/www.neuillysurmarne.fr\/ar\/elections-departementales-2021\/","title":{"rendered":"\u0627\u0646\u062a\u062e\u0627\u0628\u0627\u062a \u0627\u0644\u0625\u062f\u0627\u0631\u0627\u062a 2021"},"content":{"rendered":"<div class=\"\">\u0627\u0644\u0633\u0646\u0629 :\u00a0<strong>2021<\/strong><\/div>\n<div class=\"terms\">\u0646\u0648\u0639 \u0627\u0644\u0627\u0646\u062a\u062e\u0627\u0628 :\u00a0<strong>\u0627\u0644\u0625\u062f\u0627\u0631\u0627\u062a<\/strong><\/div>\n<h2>\u0627\u0644\u0646\u062a\u0627\u0626\u062c<\/h2>\n<ol class=\"election-rounds\">\n<li>\n<div>\n<p><strong>\u0627\u0644\u0628\u0631\u062c 1<\/strong> :\u00a0<a title=\"\u0642\u0645 \u0628\u062a\u0646\u0632\u064a\u0644 \u0645\u0644\u0641 2021 \u0627\u0644\u0645\u063a\u0627\u062f\u0631\u0629 2021 \u0627\u0644\u062c\u0648\u0644\u0629 \u0627\u0644\u0623\u0648\u0644\u0649 \u062d\u0633\u0646\u0627\u064b\" href=\"https:\/\/www.neuillysurmarne.fr\/wp-content\/uploads\/2023\/11\/2021-departementales-1er-tour-ok.pdf\" target=\"_blank\" rel=\"noopener\" type=\"application\/pdf\" download=\"\">\u062a\u0646\u0632\u064a\u0644 \u0646\u062a\u0627\u0626\u062c \u0627\u0644\u062c\u0648\u0644\u0629 1\u00a0<\/a><\/p>\n<\/div>\n<\/li>\n<li>\n<div>\n<p><strong>\u0627\u0644\u0628\u0631\u062c 2<\/strong> :\u00a0<a title=\"\u062a\u0646\u0632\u064a\u0644 \u0645\u0644\u0641 2021 \u0627\u0644\u0645\u063a\u0627\u062f\u0631\u0648\u0646 2021 \u0627\u0644\u062c\u0648\u0644\u0629 \u0627\u0644\u062b\u0627\u0646\u064a\u0629\" href=\"https:\/\/www.neuillysurmarne.fr\/wp-content\/uploads\/2023\/11\/2021-departementales-2eme-tour.pdf\" target=\"_blank\" rel=\"noopener\" type=\"application\/pdf\" download=\"\">\u062a\u0646\u0632\u064a\u0644 \u0646\u062a\u0627\u0626\u062c \u0627\u0644\u062c\u0648\u0644\u0629 2\u00a0<\/a><\/p>\n<\/div>\n<\/li>\n<\/ol>","protected":false},"excerpt":{"rendered":"<p>Ann\u00e9e\u00a0:\u00a02021 Type d\u2019\u00e9lection\u00a0:\u00a0D\u00e9partementale R\u00e9sultats Tour 1 :\u00a0T\u00e9l\u00e9charger les r\u00e9sultats du tour 1\u00a0 Tour 2 :\u00a0T\u00e9l\u00e9charger les r\u00e9sultats du tour 2\u00a0<\/p>","protected":false},"author":1,"featured_media":8563,"parent":0,"menu_order":0,"comment_status":"closed","ping_status":"closed","template":"","meta":{"_acf_changed":false,"footnotes":""},"class_list":["post-971","page","type-page","status-publish","has-post-thumbnail","hentry"],"acf":[],"yoast_head":"<!-- This site is optimized with the Yoast SEO plugin v27.4 - https:\/\/yoast.com\/product\/yoast-seo-wordpress\/ -->\n<title>\u00c9lections d\u00e9partementales 2021 - Mairie de Neuilly-sur-Marne<\/title>\n<meta name=\"robots\" content=\"index, follow, max-snippet:-1, max-image-preview:large, max-video-preview:-1\" \/>\n<link rel=\"canonical\" href=\"https:\/\/www.neuillysurmarne.fr\/ar\/elections-departementales-2021\/\" \/>\n<meta property=\"og:locale\" content=\"ar_AR\" \/>\n<meta property=\"og:type\" content=\"article\" \/>\n<meta property=\"og:title\" content=\"\u00c9lections d\u00e9partementales 2021 - Mairie de Neuilly-sur-Marne\" \/>\n<meta property=\"og:description\" content=\"Ann\u00e9e\u00a0:\u00a02021 Type d\u2019\u00e9lection\u00a0:\u00a0D\u00e9partementale R\u00e9sultats Tour 1 :\u00a0T\u00e9l\u00e9charger les r\u00e9sultats du tour 1\u00a0 Tour 2 :\u00a0T\u00e9l\u00e9charger les r\u00e9sultats du tour 2\u00a0\" \/>\n<meta property=\"og:url\" content=\"https:\/\/www.neuillysurmarne.fr\/ar\/elections-departementales-2021\/\" \/>\n<meta property=\"og:site_name\" content=\"Mairie de Neuilly-sur-Marne\" \/>\n<meta property=\"article:publisher\" content=\"https:\/\/www.facebook.com\/ville.neuilly\" \/>\n<meta property=\"article:modified_time\" content=\"2024-06-11T10:22:09+00:00\" \/>\n<meta property=\"og:image\" content=\"https:\/\/www.neuillysurmarne.fr\/wp-content\/uploads\/2024\/06\/Header-Newsletter-2.png\" \/>\n\t<meta property=\"og:image:width\" content=\"1920\" \/>\n\t<meta property=\"og:image:height\" content=\"380\" \/>\n\t<meta property=\"og:image:type\" content=\"image\/png\" \/>\n<meta name=\"twitter:card\" content=\"summary_large_image\" \/>\n<script type=\"application\/ld+json\" class=\"yoast-schema-graph\">{\"@context\":\"https:\\\/\\\/schema.org\",\"@graph\":[{\"@type\":\"WebPage\",\"@id\":\"https:\\\/\\\/www.neuillysurmarne.fr\\\/elections-departementales-2021\\\/\",\"url\":\"https:\\\/\\\/www.neuillysurmarne.fr\\\/elections-departementales-2021\\\/\",\"name\":\"\u00c9lections d\u00e9partementales 2021 - Mairie de Neuilly-sur-Marne\",\"isPartOf\":{\"@id\":\"https:\\\/\\\/www.neuillysurmarne.fr\\\/es\\\/#website\"},\"primaryImageOfPage\":{\"@id\":\"https:\\\/\\\/www.neuillysurmarne.fr\\\/elections-departementales-2021\\\/#primaryimage\"},\"image\":{\"@id\":\"https:\\\/\\\/www.neuillysurmarne.fr\\\/elections-departementales-2021\\\/#primaryimage\"},\"thumbnailUrl\":\"https:\\\/\\\/www.neuillysurmarne.fr\\\/wp-content\\\/uploads\\\/2024\\\/06\\\/Header-Newsletter-2.png\",\"datePublished\":\"2023-11-17T10:27:46+00:00\",\"dateModified\":\"2024-06-11T10:22:09+00:00\",\"breadcrumb\":{\"@id\":\"https:\\\/\\\/www.neuillysurmarne.fr\\\/elections-departementales-2021\\\/#breadcrumb\"},\"inLanguage\":\"ar\",\"potentialAction\":[{\"@type\":\"ReadAction\",\"target\":[\"https:\\\/\\\/www.neuillysurmarne.fr\\\/elections-departementales-2021\\\/\"]}]},{\"@type\":\"ImageObject\",\"inLanguage\":\"ar\",\"@id\":\"https:\\\/\\\/www.neuillysurmarne.fr\\\/elections-departementales-2021\\\/#primaryimage\",\"url\":\"https:\\\/\\\/www.neuillysurmarne.fr\\\/wp-content\\\/uploads\\\/2024\\\/06\\\/Header-Newsletter-2.png\",\"contentUrl\":\"https:\\\/\\\/www.neuillysurmarne.fr\\\/wp-content\\\/uploads\\\/2024\\\/06\\\/Header-Newsletter-2.png\",\"width\":1920,\"height\":380},{\"@type\":\"BreadcrumbList\",\"@id\":\"https:\\\/\\\/www.neuillysurmarne.fr\\\/elections-departementales-2021\\\/#breadcrumb\",\"itemListElement\":[{\"@type\":\"ListItem\",\"position\":1,\"name\":\"Accueil\",\"item\":\"https:\\\/\\\/www.neuillysurmarne.fr\\\/\"},{\"@type\":\"ListItem\",\"position\":2,\"name\":\"\u00c9lections d\u00e9partementales 2021\"}]},{\"@type\":\"WebSite\",\"@id\":\"https:\\\/\\\/www.neuillysurmarne.fr\\\/es\\\/#website\",\"url\":\"https:\\\/\\\/www.neuillysurmarne.fr\\\/es\\\/\",\"name\":\"Mairie de Neuilly-sur-Marne\",\"description\":\"BETA\",\"publisher\":{\"@id\":\"https:\\\/\\\/www.neuillysurmarne.fr\\\/es\\\/#organization\"},\"potentialAction\":[{\"@type\":\"SearchAction\",\"target\":{\"@type\":\"EntryPoint\",\"urlTemplate\":\"https:\\\/\\\/www.neuillysurmarne.fr\\\/es\\\/?s={search_term_string}\"},\"query-input\":{\"@type\":\"PropertyValueSpecification\",\"valueRequired\":true,\"valueName\":\"search_term_string\"}}],\"inLanguage\":\"ar\"},{\"@type\":\"Organization\",\"@id\":\"https:\\\/\\\/www.neuillysurmarne.fr\\\/es\\\/#organization\",\"name\":\"Mairie de Neuilly-sur-Marne\",\"url\":\"https:\\\/\\\/www.neuillysurmarne.fr\\\/es\\\/\",\"logo\":{\"@type\":\"ImageObject\",\"inLanguage\":\"ar\",\"@id\":\"https:\\\/\\\/www.neuillysurmarne.fr\\\/es\\\/#\\\/schema\\\/logo\\\/image\\\/\",\"url\":\"https:\\\/\\\/www.neuillysurmarne.fr\\\/wp-content\\\/uploads\\\/2023\\\/10\\\/LOGO-NeuillysurMarne-blanc.png\",\"contentUrl\":\"https:\\\/\\\/www.neuillysurmarne.fr\\\/wp-content\\\/uploads\\\/2023\\\/10\\\/LOGO-NeuillysurMarne-blanc.png\",\"width\":3308,\"height\":2586,\"caption\":\"Mairie de Neuilly-sur-Marne\"},\"image\":{\"@id\":\"https:\\\/\\\/www.neuillysurmarne.fr\\\/es\\\/#\\\/schema\\\/logo\\\/image\\\/\"},\"sameAs\":[\"https:\\\/\\\/www.facebook.com\\\/ville.neuilly\",\"https:\\\/\\\/www.instagram.com\\\/neuilly_marne\\\/\",\"https:\\\/\\\/www.linkedin.com\\\/company\\\/ville-de-neuilly-sur-marne\\\/\",\"https:\\\/\\\/www.youtube.com\\\/channel\\\/UCDdZ0TLrV8rfIqjBGvoeB5A\",\"https:\\\/\\\/www.tiktok.com\\\/@villedeneuillysurmarne\"]}]}<\/script>\n<!-- \/ Yoast SEO plugin. -->","yoast_head_json":{"title":"\u00c9lections d\u00e9partementales 2021 - Mairie de Neuilly-sur-Marne","robots":{"index":"index","follow":"follow","max-snippet":"max-snippet:-1","max-image-preview":"max-image-preview:large","max-video-preview":"max-video-preview:-1"},"canonical":"https:\/\/www.neuillysurmarne.fr\/ar\/elections-departementales-2021\/","og_locale":"ar_AR","og_type":"article","og_title":"\u00c9lections d\u00e9partementales 2021 - Mairie de Neuilly-sur-Marne","og_description":"Ann\u00e9e\u00a0:\u00a02021 Type d\u2019\u00e9lection\u00a0:\u00a0D\u00e9partementale R\u00e9sultats Tour 1 :\u00a0T\u00e9l\u00e9charger les r\u00e9sultats du tour 1\u00a0 Tour 2 :\u00a0T\u00e9l\u00e9charger les r\u00e9sultats du tour 2\u00a0","og_url":"https:\/\/www.neuillysurmarne.fr\/ar\/elections-departementales-2021\/","og_site_name":"Mairie de Neuilly-sur-Marne","article_publisher":"https:\/\/www.facebook.com\/ville.neuilly","article_modified_time":"2024-06-11T10:22:09+00:00","og_image":[{"width":1920,"height":380,"url":"https:\/\/www.neuillysurmarne.fr\/wp-content\/uploads\/2024\/06\/Header-Newsletter-2.png","type":"image\/png"}],"twitter_card":"summary_large_image","schema":{"@context":"https:\/\/schema.org","@graph":[{"@type":"WebPage","@id":"https:\/\/www.neuillysurmarne.fr\/elections-departementales-2021\/","url":"https:\/\/www.neuillysurmarne.fr\/elections-departementales-2021\/","name":"\u00c9lections d\u00e9partementales 2021 - Mairie de Neuilly-sur-Marne","isPartOf":{"@id":"https:\/\/www.neuillysurmarne.fr\/es\/#website"},"primaryImageOfPage":{"@id":"https:\/\/www.neuillysurmarne.fr\/elections-departementales-2021\/#primaryimage"},"image":{"@id":"https:\/\/www.neuillysurmarne.fr\/elections-departementales-2021\/#primaryimage"},"thumbnailUrl":"https:\/\/www.neuillysurmarne.fr\/wp-content\/uploads\/2024\/06\/Header-Newsletter-2.png","datePublished":"2023-11-17T10:27:46+00:00","dateModified":"2024-06-11T10:22:09+00:00","breadcrumb":{"@id":"https:\/\/www.neuillysurmarne.fr\/elections-departementales-2021\/#breadcrumb"},"inLanguage":"ar","potentialAction":[{"@type":"ReadAction","target":["https:\/\/www.neuillysurmarne.fr\/elections-departementales-2021\/"]}]},{"@type":"ImageObject","inLanguage":"ar","@id":"https:\/\/www.neuillysurmarne.fr\/elections-departementales-2021\/#primaryimage","url":"https:\/\/www.neuillysurmarne.fr\/wp-content\/uploads\/2024\/06\/Header-Newsletter-2.png","contentUrl":"https:\/\/www.neuillysurmarne.fr\/wp-content\/uploads\/2024\/06\/Header-Newsletter-2.png","width":1920,"height":380},{"@type":"BreadcrumbList","@id":"https:\/\/www.neuillysurmarne.fr\/elections-departementales-2021\/#breadcrumb","itemListElement":[{"@type":"ListItem","position":1,"name":"Accueil","item":"https:\/\/www.neuillysurmarne.fr\/"},{"@type":"ListItem","position":2,"name":"\u00c9lections d\u00e9partementales 2021"}]},{"@type":"WebSite","@id":"https:\/\/www.neuillysurmarne.fr\/es\/#website","url":"https:\/\/www.neuillysurmarne.fr\/es\/","name":"\u062f\u0627\u0631 \u0628\u0644\u062f\u064a\u0629 \u0646\u0648\u064a\u064a-\u0633\u0648\u0631-\u0645\u0627\u0631\u0646","description":"\u0628\u064a\u062a\u0627","publisher":{"@id":"https:\/\/www.neuillysurmarne.fr\/es\/#organization"},"potentialAction":[{"@type":"SearchAction","target":{"@type":"EntryPoint","urlTemplate":"https:\/\/www.neuillysurmarne.fr\/es\/?s={search_term_string}"},"query-input":{"@type":"PropertyValueSpecification","valueRequired":true,"valueName":"search_term_string"}}],"inLanguage":"ar"},{"@type":"Organization","@id":"https:\/\/www.neuillysurmarne.fr\/es\/#organization","name":"\u062f\u0627\u0631 \u0628\u0644\u062f\u064a\u0629 \u0646\u0648\u064a\u064a-\u0633\u0648\u0631-\u0645\u0627\u0631\u0646","url":"https:\/\/www.neuillysurmarne.fr\/es\/","logo":{"@type":"ImageObject","inLanguage":"ar","@id":"https:\/\/www.neuillysurmarne.fr\/es\/#\/schema\/logo\/image\/","url":"https:\/\/www.neuillysurmarne.fr\/wp-content\/uploads\/2023\/10\/LOGO-NeuillysurMarne-blanc.png","contentUrl":"https:\/\/www.neuillysurmarne.fr\/wp-content\/uploads\/2023\/10\/LOGO-NeuillysurMarne-blanc.png","width":3308,"height":2586,"caption":"Mairie de Neuilly-sur-Marne"},"image":{"@id":"https:\/\/www.neuillysurmarne.fr\/es\/#\/schema\/logo\/image\/"},"sameAs":["https:\/\/www.facebook.com\/ville.neuilly","https:\/\/www.instagram.com\/neuilly_marne\/","https:\/\/www.linkedin.com\/company\/ville-de-neuilly-sur-marne\/","https:\/\/www.youtube.com\/channel\/UCDdZ0TLrV8rfIqjBGvoeB5A","https:\/\/www.tiktok.com\/@villedeneuillysurmarne"]}]}},"_links":{"self":[{"href":"https:\/\/www.neuillysurmarne.fr\/ar\/wp-json\/wp\/v2\/pages\/971","targetHints":{"allow":["GET"]}}],"collection":[{"href":"https:\/\/www.neuillysurmarne.fr\/ar\/wp-json\/wp\/v2\/pages"}],"about":[{"href":"https:\/\/www.neuillysurmarne.fr\/ar\/wp-json\/wp\/v2\/types\/page"}],"author":[{"embeddable":true,"href":"https:\/\/www.neuillysurmarne.fr\/ar\/wp-json\/wp\/v2\/users\/1"}],"replies":[{"embeddable":true,"href":"https:\/\/www.neuillysurmarne.fr\/ar\/wp-json\/wp\/v2\/comments?post=971"}],"version-history":[{"count":3,"href":"https:\/\/www.neuillysurmarne.fr\/ar\/wp-json\/wp\/v2\/pages\/971\/revisions"}],"predecessor-version":[{"id":8561,"href":"https:\/\/www.neuillysurmarne.fr\/ar\/wp-json\/wp\/v2\/pages\/971\/revisions\/8561"}],"wp:featuredmedia":[{"embeddable":true,"href":"https:\/\/www.neuillysurmarne.fr\/ar\/wp-json\/wp\/v2\/media\/8563"}],"wp:attachment":[{"href":"https:\/\/www.neuillysurmarne.fr\/ar\/wp-json\/wp\/v2\/media?parent=971"}],"curies":[{"name":"wp","href":"https:\/\/api.w.org\/{rel}","templated":true}]}}