{"id":17030,"date":"2025-12-04T16:08:49","date_gmt":"2025-12-04T15:08:49","guid":{"rendered":"https:\/\/www.neuillysurmarne.fr\/?post_type=evenements&#038;p=17030"},"modified":"2026-03-17T15:29:13","modified_gmt":"2026-03-17T14:29:13","slug":"micro-folie-documentaire-kandinsky-2","status":"publish","type":"evenements","link":"https:\/\/www.neuillysurmarne.fr\/de\/evenements\/micro-folie-documentaire-kandinsky-2\/","title":{"rendered":"Micro-Folie \u2013 Documentaire : Kandinsky"},"content":{"rendered":"<div class=\"elementor-element elementor-element-1b07667 elementor-widget elementor-widget-theme-post-content\" data-id=\"1b07667\" data-element_type=\"widget\" data-widget_type=\"theme-post-content.default\">\n<div class=\"elementor-widget-container\">\n<h3><strong>Mikro-Folie<\/strong><br \/>\n<strong>FILM DOCUMENTAIRE<\/strong><\/h3>\n<p><b>Samedi 16 mai \u00e0 14h30<br \/>\nKulturzentrum Salvador Allende<br \/>\n<\/b><\/p>\n<p><em>\u00c0 partir de 15 ans<br \/>\nFreier Eintritt<br \/>\nInformationen: 01 43 00 88 88 \/ <strong><a href=\"mailto:microfolie@neuillysurmarne.fr\">microfolie@neuillysurmarne.fr<\/a><\/strong><\/em><\/p>\n<h3><strong>Kandinsky : voir la musique, r\u00e9inventer la peinture<\/strong><\/h3>\n<p>Comment la musique a profond\u00e9ment inspir\u00e9 et infus\u00e9 l\u2019\u0153uvre de Vassily Kandinsky (1866-1944), pionnier de l\u2019abstraction. Une exploration sensible de l\u2019univers du peintre avant-gardiste, consid\u00e9r\u00e9 comme l\u2019un des artistes phares du XXe si\u00e8cle.<\/p>\n<p>Moscou, automne 1896. Un jeune professeur de droit assiste \u00e0 un op\u00e9ra de Wagner qui le bouleverse et provoque en lui une exp\u00e9rience de synesth\u00e9sie \u2013 une myriade de couleurs et de formes \u00e9tranges se m\u00ealent en lui au son des instruments dans un d\u00e9luge de sensations. Rattrap\u00e9 par sa passion pour la peinture, Vassily Kandinsky, 30 ans, voit son destin basculer. N\u00e9 en 1866, ce fils d\u2019une famille russe \u00e9clair\u00e9e d\u00e9cide alors d\u2019\u00eatre artiste, avec un ardent d\u00e9sir : mettre en vibration l\u2019\u00e2me et l\u2019esprit de celles et ceux qui regarderont ses \u0153uvres.<\/p>\n<\/div>\n<\/div>","protected":false},"featured_media":17029,"template":"","categorie-evenement":[232],"class_list":["post-17030","evenements","type-evenements","status-publish","has-post-thumbnail","hentry","categorie-evenement-culture"],"acf":[],"yoast_head":"<!-- This site is optimized with the Yoast SEO plugin v27.4 - https:\/\/yoast.com\/product\/yoast-seo-wordpress\/ -->\n<title>Micro-Folie \u2013 Documentaire : Kandinsky - Mairie de Neuilly-sur-Marne<\/title>\n<meta name=\"robots\" content=\"index, follow, max-snippet:-1, max-image-preview:large, max-video-preview:-1\" \/>\n<link rel=\"canonical\" href=\"https:\/\/www.neuillysurmarne.fr\/de\/evenements\/micro-folie-documentaire-kandinsky-2\/\" \/>\n<meta property=\"og:locale\" content=\"de_DE\" \/>\n<meta property=\"og:type\" content=\"article\" \/>\n<meta property=\"og:title\" content=\"Micro-Folie \u2013 Documentaire : Kandinsky - Mairie de Neuilly-sur-Marne\" \/>\n<meta property=\"og:description\" content=\"Micro-Folie FILM DOCUMENTAIRE Samedi 16 mai \u00e0 14h30 Centre culturel Salvador Allende \u00c0 partir de 15 ans Entr\u00e9e libre Informations : 01 43 00 88 88 \/ microfolie@neuillysurmarne.fr Kandinsky : voir la musique, r\u00e9inventer la peinture Comment la musique a profond\u00e9ment inspir\u00e9 et infus\u00e9 l\u2019\u0153uvre de Vassily Kandinsky (1866-1944), pionnier de l\u2019abstraction. Une exploration sensible [&hellip;]\" \/>\n<meta property=\"og:url\" content=\"https:\/\/www.neuillysurmarne.fr\/de\/evenements\/micro-folie-documentaire-kandinsky-2\/\" \/>\n<meta property=\"og:site_name\" content=\"Mairie de Neuilly-sur-Marne\" \/>\n<meta property=\"article:publisher\" content=\"https:\/\/www.facebook.com\/ville.neuilly\" \/>\n<meta property=\"article:modified_time\" content=\"2026-03-17T14:29:13+00:00\" \/>\n<meta property=\"og:image\" content=\"https:\/\/www.neuillysurmarne.fr\/wp-content\/uploads\/2025\/12\/RDV-Micro-Folie-Kandinsky-jaune-rouge-bleu.jpg\" \/>\n\t<meta property=\"og:image:width\" content=\"1328\" \/>\n\t<meta property=\"og:image:height\" content=\"843\" \/>\n\t<meta property=\"og:image:type\" content=\"image\/jpeg\" \/>\n<meta name=\"twitter:card\" content=\"summary_large_image\" \/>\n<meta name=\"twitter:label1\" content=\"Gesch\u00e4tzte Lesezeit\" \/>\n\t<meta name=\"twitter:data1\" content=\"2\u00a0Minuten\" \/>\n<script type=\"application\/ld+json\" class=\"yoast-schema-graph\">{\"@context\":\"https:\\\/\\\/schema.org\",\"@graph\":[{\"@type\":\"WebPage\",\"@id\":\"https:\\\/\\\/www.neuillysurmarne.fr\\\/evenements\\\/micro-folie-documentaire-kandinsky-2\\\/\",\"url\":\"https:\\\/\\\/www.neuillysurmarne.fr\\\/evenements\\\/micro-folie-documentaire-kandinsky-2\\\/\",\"name\":\"Micro-Folie \u2013 Documentaire : Kandinsky - Mairie de Neuilly-sur-Marne\",\"isPartOf\":{\"@id\":\"https:\\\/\\\/www.neuillysurmarne.fr\\\/es\\\/#website\"},\"primaryImageOfPage\":{\"@id\":\"https:\\\/\\\/www.neuillysurmarne.fr\\\/evenements\\\/micro-folie-documentaire-kandinsky-2\\\/#primaryimage\"},\"image\":{\"@id\":\"https:\\\/\\\/www.neuillysurmarne.fr\\\/evenements\\\/micro-folie-documentaire-kandinsky-2\\\/#primaryimage\"},\"thumbnailUrl\":\"https:\\\/\\\/www.neuillysurmarne.fr\\\/wp-content\\\/uploads\\\/2025\\\/12\\\/RDV-Micro-Folie-Kandinsky-jaune-rouge-bleu.jpg\",\"datePublished\":\"2025-12-04T15:08:49+00:00\",\"dateModified\":\"2026-03-17T14:29:13+00:00\",\"breadcrumb\":{\"@id\":\"https:\\\/\\\/www.neuillysurmarne.fr\\\/evenements\\\/micro-folie-documentaire-kandinsky-2\\\/#breadcrumb\"},\"inLanguage\":\"de\",\"potentialAction\":[{\"@type\":\"ReadAction\",\"target\":[\"https:\\\/\\\/www.neuillysurmarne.fr\\\/evenements\\\/micro-folie-documentaire-kandinsky-2\\\/\"]}]},{\"@type\":\"ImageObject\",\"inLanguage\":\"de\",\"@id\":\"https:\\\/\\\/www.neuillysurmarne.fr\\\/evenements\\\/micro-folie-documentaire-kandinsky-2\\\/#primaryimage\",\"url\":\"https:\\\/\\\/www.neuillysurmarne.fr\\\/wp-content\\\/uploads\\\/2025\\\/12\\\/RDV-Micro-Folie-Kandinsky-jaune-rouge-bleu.jpg\",\"contentUrl\":\"https:\\\/\\\/www.neuillysurmarne.fr\\\/wp-content\\\/uploads\\\/2025\\\/12\\\/RDV-Micro-Folie-Kandinsky-jaune-rouge-bleu.jpg\",\"width\":1328,\"height\":843},{\"@type\":\"BreadcrumbList\",\"@id\":\"https:\\\/\\\/www.neuillysurmarne.fr\\\/evenements\\\/micro-folie-documentaire-kandinsky-2\\\/#breadcrumb\",\"itemListElement\":[{\"@type\":\"ListItem\",\"position\":1,\"name\":\"Accueil\",\"item\":\"https:\\\/\\\/www.neuillysurmarne.fr\\\/\"},{\"@type\":\"ListItem\",\"position\":2,\"name\":\"Micro-Folie \u2013 Documentaire : Kandinsky\"}]},{\"@type\":\"WebSite\",\"@id\":\"https:\\\/\\\/www.neuillysurmarne.fr\\\/es\\\/#website\",\"url\":\"https:\\\/\\\/www.neuillysurmarne.fr\\\/es\\\/\",\"name\":\"Mairie de Neuilly-sur-Marne\",\"description\":\"BETA\",\"publisher\":{\"@id\":\"https:\\\/\\\/www.neuillysurmarne.fr\\\/es\\\/#organization\"},\"potentialAction\":[{\"@type\":\"SearchAction\",\"target\":{\"@type\":\"EntryPoint\",\"urlTemplate\":\"https:\\\/\\\/www.neuillysurmarne.fr\\\/es\\\/?s={search_term_string}\"},\"query-input\":{\"@type\":\"PropertyValueSpecification\",\"valueRequired\":true,\"valueName\":\"search_term_string\"}}],\"inLanguage\":\"de\"},{\"@type\":\"Organization\",\"@id\":\"https:\\\/\\\/www.neuillysurmarne.fr\\\/es\\\/#organization\",\"name\":\"Mairie de Neuilly-sur-Marne\",\"url\":\"https:\\\/\\\/www.neuillysurmarne.fr\\\/es\\\/\",\"logo\":{\"@type\":\"ImageObject\",\"inLanguage\":\"de\",\"@id\":\"https:\\\/\\\/www.neuillysurmarne.fr\\\/es\\\/#\\\/schema\\\/logo\\\/image\\\/\",\"url\":\"https:\\\/\\\/www.neuillysurmarne.fr\\\/wp-content\\\/uploads\\\/2023\\\/10\\\/LOGO-NeuillysurMarne-blanc.png\",\"contentUrl\":\"https:\\\/\\\/www.neuillysurmarne.fr\\\/wp-content\\\/uploads\\\/2023\\\/10\\\/LOGO-NeuillysurMarne-blanc.png\",\"width\":3308,\"height\":2586,\"caption\":\"Mairie de Neuilly-sur-Marne\"},\"image\":{\"@id\":\"https:\\\/\\\/www.neuillysurmarne.fr\\\/es\\\/#\\\/schema\\\/logo\\\/image\\\/\"},\"sameAs\":[\"https:\\\/\\\/www.facebook.com\\\/ville.neuilly\",\"https:\\\/\\\/www.instagram.com\\\/neuilly_marne\\\/\",\"https:\\\/\\\/www.linkedin.com\\\/company\\\/ville-de-neuilly-sur-marne\\\/\",\"https:\\\/\\\/www.youtube.com\\\/channel\\\/UCDdZ0TLrV8rfIqjBGvoeB5A\",\"https:\\\/\\\/www.tiktok.com\\\/@villedeneuillysurmarne\"]}]}<\/script>\n<!-- \/ Yoast SEO plugin. -->","yoast_head_json":{"title":"Micro-Folie \u2013 Documentaire : Kandinsky - Mairie de Neuilly-sur-Marne","robots":{"index":"index","follow":"follow","max-snippet":"max-snippet:-1","max-image-preview":"max-image-preview:large","max-video-preview":"max-video-preview:-1"},"canonical":"https:\/\/www.neuillysurmarne.fr\/de\/evenements\/micro-folie-documentaire-kandinsky-2\/","og_locale":"de_DE","og_type":"article","og_title":"Micro-Folie \u2013 Documentaire : Kandinsky - Mairie de Neuilly-sur-Marne","og_description":"Micro-Folie FILM DOCUMENTAIRE Samedi 16 mai \u00e0 14h30 Centre culturel Salvador Allende \u00c0 partir de 15 ans Entr\u00e9e libre Informations : 01 43 00 88 88 \/ microfolie@neuillysurmarne.fr Kandinsky : voir la musique, r\u00e9inventer la peinture Comment la musique a profond\u00e9ment inspir\u00e9 et infus\u00e9 l\u2019\u0153uvre de Vassily Kandinsky (1866-1944), pionnier de l\u2019abstraction. Une exploration sensible [&hellip;]","og_url":"https:\/\/www.neuillysurmarne.fr\/de\/evenements\/micro-folie-documentaire-kandinsky-2\/","og_site_name":"Mairie de Neuilly-sur-Marne","article_publisher":"https:\/\/www.facebook.com\/ville.neuilly","article_modified_time":"2026-03-17T14:29:13+00:00","og_image":[{"width":1328,"height":843,"url":"https:\/\/www.neuillysurmarne.fr\/wp-content\/uploads\/2025\/12\/RDV-Micro-Folie-Kandinsky-jaune-rouge-bleu.jpg","type":"image\/jpeg"}],"twitter_card":"summary_large_image","twitter_misc":{"Gesch\u00e4tzte Lesezeit":"2\u00a0Minuten"},"schema":{"@context":"https:\/\/schema.org","@graph":[{"@type":"WebPage","@id":"https:\/\/www.neuillysurmarne.fr\/evenements\/micro-folie-documentaire-kandinsky-2\/","url":"https:\/\/www.neuillysurmarne.fr\/evenements\/micro-folie-documentaire-kandinsky-2\/","name":"Micro-Folie \u2013 Documentaire : Kandinsky - Mairie de Neuilly-sur-Marne","isPartOf":{"@id":"https:\/\/www.neuillysurmarne.fr\/es\/#website"},"primaryImageOfPage":{"@id":"https:\/\/www.neuillysurmarne.fr\/evenements\/micro-folie-documentaire-kandinsky-2\/#primaryimage"},"image":{"@id":"https:\/\/www.neuillysurmarne.fr\/evenements\/micro-folie-documentaire-kandinsky-2\/#primaryimage"},"thumbnailUrl":"https:\/\/www.neuillysurmarne.fr\/wp-content\/uploads\/2025\/12\/RDV-Micro-Folie-Kandinsky-jaune-rouge-bleu.jpg","datePublished":"2025-12-04T15:08:49+00:00","dateModified":"2026-03-17T14:29:13+00:00","breadcrumb":{"@id":"https:\/\/www.neuillysurmarne.fr\/evenements\/micro-folie-documentaire-kandinsky-2\/#breadcrumb"},"inLanguage":"de","potentialAction":[{"@type":"ReadAction","target":["https:\/\/www.neuillysurmarne.fr\/evenements\/micro-folie-documentaire-kandinsky-2\/"]}]},{"@type":"ImageObject","inLanguage":"de","@id":"https:\/\/www.neuillysurmarne.fr\/evenements\/micro-folie-documentaire-kandinsky-2\/#primaryimage","url":"https:\/\/www.neuillysurmarne.fr\/wp-content\/uploads\/2025\/12\/RDV-Micro-Folie-Kandinsky-jaune-rouge-bleu.jpg","contentUrl":"https:\/\/www.neuillysurmarne.fr\/wp-content\/uploads\/2025\/12\/RDV-Micro-Folie-Kandinsky-jaune-rouge-bleu.jpg","width":1328,"height":843},{"@type":"BreadcrumbList","@id":"https:\/\/www.neuillysurmarne.fr\/evenements\/micro-folie-documentaire-kandinsky-2\/#breadcrumb","itemListElement":[{"@type":"ListItem","position":1,"name":"Accueil","item":"https:\/\/www.neuillysurmarne.fr\/"},{"@type":"ListItem","position":2,"name":"Micro-Folie \u2013 Documentaire : Kandinsky"}]},{"@type":"WebSite","@id":"https:\/\/www.neuillysurmarne.fr\/es\/#website","url":"https:\/\/www.neuillysurmarne.fr\/es\/","name":"Rathaus von Neuilly-sur-Marne","description":"BETA","publisher":{"@id":"https:\/\/www.neuillysurmarne.fr\/es\/#organization"},"potentialAction":[{"@type":"SearchAction","target":{"@type":"EntryPoint","urlTemplate":"https:\/\/www.neuillysurmarne.fr\/es\/?s={search_term_string}"},"query-input":{"@type":"PropertyValueSpecification","valueRequired":true,"valueName":"search_term_string"}}],"inLanguage":"de"},{"@type":"Organization","@id":"https:\/\/www.neuillysurmarne.fr\/es\/#organization","name":"Rathaus von Neuilly-sur-Marne","url":"https:\/\/www.neuillysurmarne.fr\/es\/","logo":{"@type":"ImageObject","inLanguage":"de","@id":"https:\/\/www.neuillysurmarne.fr\/es\/#\/schema\/logo\/image\/","url":"https:\/\/www.neuillysurmarne.fr\/wp-content\/uploads\/2023\/10\/LOGO-NeuillysurMarne-blanc.png","contentUrl":"https:\/\/www.neuillysurmarne.fr\/wp-content\/uploads\/2023\/10\/LOGO-NeuillysurMarne-blanc.png","width":3308,"height":2586,"caption":"Mairie de Neuilly-sur-Marne"},"image":{"@id":"https:\/\/www.neuillysurmarne.fr\/es\/#\/schema\/logo\/image\/"},"sameAs":["https:\/\/www.facebook.com\/ville.neuilly","https:\/\/www.instagram.com\/neuilly_marne\/","https:\/\/www.linkedin.com\/company\/ville-de-neuilly-sur-marne\/","https:\/\/www.youtube.com\/channel\/UCDdZ0TLrV8rfIqjBGvoeB5A","https:\/\/www.tiktok.com\/@villedeneuillysurmarne"]}]}},"_links":{"self":[{"href":"https:\/\/www.neuillysurmarne.fr\/de\/wp-json\/wp\/v2\/evenements\/17030","targetHints":{"allow":["GET"]}}],"collection":[{"href":"https:\/\/www.neuillysurmarne.fr\/de\/wp-json\/wp\/v2\/evenements"}],"about":[{"href":"https:\/\/www.neuillysurmarne.fr\/de\/wp-json\/wp\/v2\/types\/evenements"}],"wp:featuredmedia":[{"embeddable":true,"href":"https:\/\/www.neuillysurmarne.fr\/de\/wp-json\/wp\/v2\/media\/17029"}],"wp:attachment":[{"href":"https:\/\/www.neuillysurmarne.fr\/de\/wp-json\/wp\/v2\/media?parent=17030"}],"wp:term":[{"taxonomy":"categorie-evenement","embeddable":true,"href":"https:\/\/www.neuillysurmarne.fr\/de\/wp-json\/wp\/v2\/categorie-evenement?post=17030"}],"curies":[{"name":"wp","href":"https:\/\/api.w.org\/{rel}","templated":true}]}}