{"id":17737,"date":"2026-03-31T15:33:02","date_gmt":"2026-03-31T13:33:02","guid":{"rendered":"https:\/\/www.neuillysurmarne.fr\/?post_type=evenements&#038;p=17737"},"modified":"2026-03-31T15:33:02","modified_gmt":"2026-03-31T13:33:02","slug":"visite-du-parc-de-la-haute-ile-et-atelier-nature","status":"publish","type":"evenements","link":"https:\/\/www.neuillysurmarne.fr\/de\/evenements\/visite-du-parc-de-la-haute-ile-et-atelier-nature\/","title":{"rendered":"Visite du parc de la Haute-\u00cele et atelier nature"},"content":{"rendered":"<h3><strong>Visite et atelier<\/strong><\/h3>\n<h3><strong>VISITE DU PARC ET ATELIER NATURE<\/strong><\/h3>\n<p><strong>Mercredi 17 juin de 14h \u00e0 16h<\/strong><br \/>\n<strong>Parc de la Haute-\u00cele<\/strong><\/p>\n<p>Participez \u00e0 une visite guid\u00e9e du parc de la Haute\u2011\u00cele afin de d\u00e9couvrir ses paysages, ses enjeux \u00e9cologiques et la richesse de sa biodiversit\u00e9. La sortie se poursuivra par un atelier de fabrication de bombes \u00e0 graines dans le verger du parc, permettant de sensibiliser \u00e0 la pr\u00e9servation et \u00e0 la diffusion des plantes locales.<br \/>\nAvec Erwan Bielle, animateur nature.<br \/>\nRDV sur le parking du parc acc\u00e8s avenue Jean-Jaur\u00e8s<\/p>\n<p>Tout public, visite gratuite, sur inscription uniquement.<\/p>\n<p><img decoding=\"async\" class=\"emoji\" role=\"img\" draggable=\"false\" src=\"https:\/\/s.w.org\/images\/core\/emoji\/17.0.2\/svg\/1f449.svg\" alt=\"\ud83d\udc49\" \/>\u00a0Pour effectuer une r\u00e9servation, cliquez ici :<br \/>\n<a href=\"https:\/\/parcsinfo.seinesaintdenis.fr\/activite\/visite-du-parc-atelier-nature-2\/\">https:\/\/parcsinfo.seinesaintdenis.fr\/activite\/visite-du-parc-atelier-nature-2\/<\/a><\/p>","protected":false},"featured_media":13481,"template":"","categorie-evenement":[228],"class_list":["post-17737","evenements","type-evenements","status-publish","has-post-thumbnail","hentry","categorie-evenement-animation"],"acf":[],"yoast_head":"<!-- This site is optimized with the Yoast SEO plugin v27.4 - https:\/\/yoast.com\/product\/yoast-seo-wordpress\/ -->\n<title>Visite du parc de la Haute-\u00cele et atelier nature - Mairie de Neuilly-sur-Marne<\/title>\n<meta name=\"robots\" content=\"index, follow, max-snippet:-1, max-image-preview:large, max-video-preview:-1\" \/>\n<link rel=\"canonical\" href=\"https:\/\/www.neuillysurmarne.fr\/de\/evenements\/visite-du-parc-de-la-haute-ile-et-atelier-nature\/\" \/>\n<meta property=\"og:locale\" content=\"de_DE\" \/>\n<meta property=\"og:type\" content=\"article\" \/>\n<meta property=\"og:title\" content=\"Visite du parc de la Haute-\u00cele et atelier nature - Mairie de Neuilly-sur-Marne\" \/>\n<meta property=\"og:description\" content=\"Visite et atelier VISITE DU PARC ET ATELIER NATURE Mercredi 17 juin de 14h \u00e0 16h Parc de la Haute-\u00cele Participez \u00e0 une visite guid\u00e9e du parc de la Haute\u2011\u00cele afin de d\u00e9couvrir ses paysages, ses enjeux \u00e9cologiques et la richesse de sa biodiversit\u00e9. La sortie se poursuivra par un atelier de fabrication de bombes [&hellip;]\" \/>\n<meta property=\"og:url\" content=\"https:\/\/www.neuillysurmarne.fr\/de\/evenements\/visite-du-parc-de-la-haute-ile-et-atelier-nature\/\" \/>\n<meta property=\"og:site_name\" content=\"Mairie de Neuilly-sur-Marne\" \/>\n<meta property=\"article:publisher\" content=\"https:\/\/www.facebook.com\/ville.neuilly\" \/>\n<meta property=\"og:image\" content=\"https:\/\/www.neuillysurmarne.fr\/wp-content\/uploads\/2024\/10\/PARC-HAUTE-ILE_JLB_07-09-2016_37.jpg\" \/>\n\t<meta property=\"og:image:width\" content=\"1500\" \/>\n\t<meta property=\"og:image:height\" content=\"680\" \/>\n\t<meta property=\"og:image:type\" content=\"image\/jpeg\" \/>\n<meta name=\"twitter:card\" content=\"summary_large_image\" \/>\n<meta name=\"twitter:label1\" content=\"Gesch\u00e4tzte Lesezeit\" \/>\n\t<meta name=\"twitter:data1\" content=\"1\u00a0Minute\" \/>\n<script type=\"application\/ld+json\" class=\"yoast-schema-graph\">{\"@context\":\"https:\\\/\\\/schema.org\",\"@graph\":[{\"@type\":\"WebPage\",\"@id\":\"https:\\\/\\\/www.neuillysurmarne.fr\\\/evenements\\\/visite-du-parc-de-la-haute-ile-et-atelier-nature\\\/\",\"url\":\"https:\\\/\\\/www.neuillysurmarne.fr\\\/evenements\\\/visite-du-parc-de-la-haute-ile-et-atelier-nature\\\/\",\"name\":\"Visite du parc de la Haute-\u00cele et atelier nature - Mairie de Neuilly-sur-Marne\",\"isPartOf\":{\"@id\":\"https:\\\/\\\/www.neuillysurmarne.fr\\\/es\\\/#website\"},\"primaryImageOfPage\":{\"@id\":\"https:\\\/\\\/www.neuillysurmarne.fr\\\/evenements\\\/visite-du-parc-de-la-haute-ile-et-atelier-nature\\\/#primaryimage\"},\"image\":{\"@id\":\"https:\\\/\\\/www.neuillysurmarne.fr\\\/evenements\\\/visite-du-parc-de-la-haute-ile-et-atelier-nature\\\/#primaryimage\"},\"thumbnailUrl\":\"https:\\\/\\\/www.neuillysurmarne.fr\\\/wp-content\\\/uploads\\\/2024\\\/10\\\/PARC-HAUTE-ILE_JLB_07-09-2016_37.jpg\",\"datePublished\":\"2026-03-31T13:33:02+00:00\",\"breadcrumb\":{\"@id\":\"https:\\\/\\\/www.neuillysurmarne.fr\\\/evenements\\\/visite-du-parc-de-la-haute-ile-et-atelier-nature\\\/#breadcrumb\"},\"inLanguage\":\"de\",\"potentialAction\":[{\"@type\":\"ReadAction\",\"target\":[\"https:\\\/\\\/www.neuillysurmarne.fr\\\/evenements\\\/visite-du-parc-de-la-haute-ile-et-atelier-nature\\\/\"]}]},{\"@type\":\"ImageObject\",\"inLanguage\":\"de\",\"@id\":\"https:\\\/\\\/www.neuillysurmarne.fr\\\/evenements\\\/visite-du-parc-de-la-haute-ile-et-atelier-nature\\\/#primaryimage\",\"url\":\"https:\\\/\\\/www.neuillysurmarne.fr\\\/wp-content\\\/uploads\\\/2024\\\/10\\\/PARC-HAUTE-ILE_JLB_07-09-2016_37.jpg\",\"contentUrl\":\"https:\\\/\\\/www.neuillysurmarne.fr\\\/wp-content\\\/uploads\\\/2024\\\/10\\\/PARC-HAUTE-ILE_JLB_07-09-2016_37.jpg\",\"width\":1500,\"height\":680,\"caption\":\"Photographies du Parc de La Haute Ile r\u00e9alis\u00e9es \u00e0 l'aide d'in drone t\u00e9l\u00e9pilot\u00e9.\"},{\"@type\":\"BreadcrumbList\",\"@id\":\"https:\\\/\\\/www.neuillysurmarne.fr\\\/evenements\\\/visite-du-parc-de-la-haute-ile-et-atelier-nature\\\/#breadcrumb\",\"itemListElement\":[{\"@type\":\"ListItem\",\"position\":1,\"name\":\"Accueil\",\"item\":\"https:\\\/\\\/www.neuillysurmarne.fr\\\/\"},{\"@type\":\"ListItem\",\"position\":2,\"name\":\"Visite du parc de la Haute-\u00cele et atelier nature\"}]},{\"@type\":\"WebSite\",\"@id\":\"https:\\\/\\\/www.neuillysurmarne.fr\\\/es\\\/#website\",\"url\":\"https:\\\/\\\/www.neuillysurmarne.fr\\\/es\\\/\",\"name\":\"Mairie de Neuilly-sur-Marne\",\"description\":\"BETA\",\"publisher\":{\"@id\":\"https:\\\/\\\/www.neuillysurmarne.fr\\\/es\\\/#organization\"},\"potentialAction\":[{\"@type\":\"SearchAction\",\"target\":{\"@type\":\"EntryPoint\",\"urlTemplate\":\"https:\\\/\\\/www.neuillysurmarne.fr\\\/es\\\/?s={search_term_string}\"},\"query-input\":{\"@type\":\"PropertyValueSpecification\",\"valueRequired\":true,\"valueName\":\"search_term_string\"}}],\"inLanguage\":\"de\"},{\"@type\":\"Organization\",\"@id\":\"https:\\\/\\\/www.neuillysurmarne.fr\\\/es\\\/#organization\",\"name\":\"Mairie de Neuilly-sur-Marne\",\"url\":\"https:\\\/\\\/www.neuillysurmarne.fr\\\/es\\\/\",\"logo\":{\"@type\":\"ImageObject\",\"inLanguage\":\"de\",\"@id\":\"https:\\\/\\\/www.neuillysurmarne.fr\\\/es\\\/#\\\/schema\\\/logo\\\/image\\\/\",\"url\":\"https:\\\/\\\/www.neuillysurmarne.fr\\\/wp-content\\\/uploads\\\/2023\\\/10\\\/LOGO-NeuillysurMarne-blanc.png\",\"contentUrl\":\"https:\\\/\\\/www.neuillysurmarne.fr\\\/wp-content\\\/uploads\\\/2023\\\/10\\\/LOGO-NeuillysurMarne-blanc.png\",\"width\":3308,\"height\":2586,\"caption\":\"Mairie de Neuilly-sur-Marne\"},\"image\":{\"@id\":\"https:\\\/\\\/www.neuillysurmarne.fr\\\/es\\\/#\\\/schema\\\/logo\\\/image\\\/\"},\"sameAs\":[\"https:\\\/\\\/www.facebook.com\\\/ville.neuilly\",\"https:\\\/\\\/www.instagram.com\\\/neuilly_marne\\\/\",\"https:\\\/\\\/www.linkedin.com\\\/company\\\/ville-de-neuilly-sur-marne\\\/\",\"https:\\\/\\\/www.youtube.com\\\/channel\\\/UCDdZ0TLrV8rfIqjBGvoeB5A\",\"https:\\\/\\\/www.tiktok.com\\\/@villedeneuillysurmarne\"]}]}<\/script>\n<!-- \/ Yoast SEO plugin. -->","yoast_head_json":{"title":"Visite du parc de la Haute-\u00cele et atelier nature - Mairie de Neuilly-sur-Marne","robots":{"index":"index","follow":"follow","max-snippet":"max-snippet:-1","max-image-preview":"max-image-preview:large","max-video-preview":"max-video-preview:-1"},"canonical":"https:\/\/www.neuillysurmarne.fr\/de\/evenements\/visite-du-parc-de-la-haute-ile-et-atelier-nature\/","og_locale":"de_DE","og_type":"article","og_title":"Visite du parc de la Haute-\u00cele et atelier nature - Mairie de Neuilly-sur-Marne","og_description":"Visite et atelier VISITE DU PARC ET ATELIER NATURE Mercredi 17 juin de 14h \u00e0 16h Parc de la Haute-\u00cele Participez \u00e0 une visite guid\u00e9e du parc de la Haute\u2011\u00cele afin de d\u00e9couvrir ses paysages, ses enjeux \u00e9cologiques et la richesse de sa biodiversit\u00e9. La sortie se poursuivra par un atelier de fabrication de bombes [&hellip;]","og_url":"https:\/\/www.neuillysurmarne.fr\/de\/evenements\/visite-du-parc-de-la-haute-ile-et-atelier-nature\/","og_site_name":"Mairie de Neuilly-sur-Marne","article_publisher":"https:\/\/www.facebook.com\/ville.neuilly","og_image":[{"width":1500,"height":680,"url":"https:\/\/www.neuillysurmarne.fr\/wp-content\/uploads\/2024\/10\/PARC-HAUTE-ILE_JLB_07-09-2016_37.jpg","type":"image\/jpeg"}],"twitter_card":"summary_large_image","twitter_misc":{"Gesch\u00e4tzte Lesezeit":"1\u00a0Minute"},"schema":{"@context":"https:\/\/schema.org","@graph":[{"@type":"WebPage","@id":"https:\/\/www.neuillysurmarne.fr\/evenements\/visite-du-parc-de-la-haute-ile-et-atelier-nature\/","url":"https:\/\/www.neuillysurmarne.fr\/evenements\/visite-du-parc-de-la-haute-ile-et-atelier-nature\/","name":"Visite du parc de la Haute-\u00cele et atelier nature - Mairie de Neuilly-sur-Marne","isPartOf":{"@id":"https:\/\/www.neuillysurmarne.fr\/es\/#website"},"primaryImageOfPage":{"@id":"https:\/\/www.neuillysurmarne.fr\/evenements\/visite-du-parc-de-la-haute-ile-et-atelier-nature\/#primaryimage"},"image":{"@id":"https:\/\/www.neuillysurmarne.fr\/evenements\/visite-du-parc-de-la-haute-ile-et-atelier-nature\/#primaryimage"},"thumbnailUrl":"https:\/\/www.neuillysurmarne.fr\/wp-content\/uploads\/2024\/10\/PARC-HAUTE-ILE_JLB_07-09-2016_37.jpg","datePublished":"2026-03-31T13:33:02+00:00","breadcrumb":{"@id":"https:\/\/www.neuillysurmarne.fr\/evenements\/visite-du-parc-de-la-haute-ile-et-atelier-nature\/#breadcrumb"},"inLanguage":"de","potentialAction":[{"@type":"ReadAction","target":["https:\/\/www.neuillysurmarne.fr\/evenements\/visite-du-parc-de-la-haute-ile-et-atelier-nature\/"]}]},{"@type":"ImageObject","inLanguage":"de","@id":"https:\/\/www.neuillysurmarne.fr\/evenements\/visite-du-parc-de-la-haute-ile-et-atelier-nature\/#primaryimage","url":"https:\/\/www.neuillysurmarne.fr\/wp-content\/uploads\/2024\/10\/PARC-HAUTE-ILE_JLB_07-09-2016_37.jpg","contentUrl":"https:\/\/www.neuillysurmarne.fr\/wp-content\/uploads\/2024\/10\/PARC-HAUTE-ILE_JLB_07-09-2016_37.jpg","width":1500,"height":680,"caption":"Photographies du Parc de La Haute Ile r\u00e9alis\u00e9es \u00e0 l'aide d'in drone t\u00e9l\u00e9pilot\u00e9."},{"@type":"BreadcrumbList","@id":"https:\/\/www.neuillysurmarne.fr\/evenements\/visite-du-parc-de-la-haute-ile-et-atelier-nature\/#breadcrumb","itemListElement":[{"@type":"ListItem","position":1,"name":"Accueil","item":"https:\/\/www.neuillysurmarne.fr\/"},{"@type":"ListItem","position":2,"name":"Visite du parc de la Haute-\u00cele et atelier nature"}]},{"@type":"WebSite","@id":"https:\/\/www.neuillysurmarne.fr\/es\/#website","url":"https:\/\/www.neuillysurmarne.fr\/es\/","name":"Rathaus von Neuilly-sur-Marne","description":"BETA","publisher":{"@id":"https:\/\/www.neuillysurmarne.fr\/es\/#organization"},"potentialAction":[{"@type":"SearchAction","target":{"@type":"EntryPoint","urlTemplate":"https:\/\/www.neuillysurmarne.fr\/es\/?s={search_term_string}"},"query-input":{"@type":"PropertyValueSpecification","valueRequired":true,"valueName":"search_term_string"}}],"inLanguage":"de"},{"@type":"Organization","@id":"https:\/\/www.neuillysurmarne.fr\/es\/#organization","name":"Rathaus von Neuilly-sur-Marne","url":"https:\/\/www.neuillysurmarne.fr\/es\/","logo":{"@type":"ImageObject","inLanguage":"de","@id":"https:\/\/www.neuillysurmarne.fr\/es\/#\/schema\/logo\/image\/","url":"https:\/\/www.neuillysurmarne.fr\/wp-content\/uploads\/2023\/10\/LOGO-NeuillysurMarne-blanc.png","contentUrl":"https:\/\/www.neuillysurmarne.fr\/wp-content\/uploads\/2023\/10\/LOGO-NeuillysurMarne-blanc.png","width":3308,"height":2586,"caption":"Mairie de Neuilly-sur-Marne"},"image":{"@id":"https:\/\/www.neuillysurmarne.fr\/es\/#\/schema\/logo\/image\/"},"sameAs":["https:\/\/www.facebook.com\/ville.neuilly","https:\/\/www.instagram.com\/neuilly_marne\/","https:\/\/www.linkedin.com\/company\/ville-de-neuilly-sur-marne\/","https:\/\/www.youtube.com\/channel\/UCDdZ0TLrV8rfIqjBGvoeB5A","https:\/\/www.tiktok.com\/@villedeneuillysurmarne"]}]}},"_links":{"self":[{"href":"https:\/\/www.neuillysurmarne.fr\/de\/wp-json\/wp\/v2\/evenements\/17737","targetHints":{"allow":["GET"]}}],"collection":[{"href":"https:\/\/www.neuillysurmarne.fr\/de\/wp-json\/wp\/v2\/evenements"}],"about":[{"href":"https:\/\/www.neuillysurmarne.fr\/de\/wp-json\/wp\/v2\/types\/evenements"}],"wp:featuredmedia":[{"embeddable":true,"href":"https:\/\/www.neuillysurmarne.fr\/de\/wp-json\/wp\/v2\/media\/13481"}],"wp:attachment":[{"href":"https:\/\/www.neuillysurmarne.fr\/de\/wp-json\/wp\/v2\/media?parent=17737"}],"wp:term":[{"taxonomy":"categorie-evenement","embeddable":true,"href":"https:\/\/www.neuillysurmarne.fr\/de\/wp-json\/wp\/v2\/categorie-evenement?post=17737"}],"curies":[{"name":"wp","href":"https:\/\/api.w.org\/{rel}","templated":true}]}}