{"id":519,"date":"2023-11-13T12:00:36","date_gmt":"2023-11-13T11:00:36","guid":{"rendered":"https:\/\/www.neuillysurmarne.fr\/?page_id=519"},"modified":"2024-06-26T17:22:12","modified_gmt":"2024-06-26T15:22:12","slug":"mission-locale-de-la-marne-aux-bois","status":"publish","type":"page","link":"https:\/\/www.neuillysurmarne.fr\/de\/mission-locale-de-la-marne-aux-bois\/","title":{"rendered":"Mission locale de la Marne aux Bois"},"content":{"rendered":"<div data-elementor-type=\"wp-page\" data-elementor-id=\"519\" class=\"elementor elementor-519\" data-elementor-post-type=\"page\">\n\t\t\t\t<div class=\"elementor-element elementor-element-71907afc e-flex e-con-boxed e-con e-parent\" data-id=\"71907afc\" data-element_type=\"container\" data-e-type=\"container\">\n\t\t\t\t\t<div class=\"e-con-inner\">\n\t\t\t\t<div class=\"elementor-element elementor-element-40139cf elementor-widget elementor-widget-n-accordion\" data-id=\"40139cf\" data-element_type=\"widget\" data-e-type=\"widget\" data-settings=\"{&quot;default_state&quot;:&quot;all_collapsed&quot;,&quot;max_items_expended&quot;:&quot;one&quot;,&quot;n_accordion_animation_duration&quot;:{&quot;unit&quot;:&quot;ms&quot;,&quot;size&quot;:400,&quot;sizes&quot;:[]}}\" data-widget_type=\"nested-accordion.default\">\n\t\t\t\t<div class=\"elementor-widget-container\">\n\t\t\t\t\t\t\t<div class=\"e-n-accordion\" aria-label=\"Accordion (Akkordeon). \u00d6ffnen Sie Links mit Enter oder Space, schlie\u00dfen Sie mit Escape und navigieren Sie mit Arrow Keys.\">\n\t\t\t\t\t\t<details id=\"e-n-accordion-item-6710\" class=\"e-n-accordion-item\" >\n\t\t\t\t<summary class=\"e-n-accordion-item-title\" data-accordion-index=\"1\" tabindex=\"0\" aria-expanded=\"false\" aria-controls=\"e-n-accordion-item-6710\" >\n\t\t\t\t\t<span class='e-n-accordion-item-title-header'><div class=\"e-n-accordion-item-title-text\"> Die Aufgaben <\/div><\/span>\n\t\t\t\t\t\t\t<span class='e-n-accordion-item-title-icon'>\n\t\t\t<span class='e-opened' ><svg aria-hidden=\"true\" class=\"e-font-icon-svg e-fas-minus\" viewbox=\"0 0 448 512\" xmlns=\"http:\/\/www.w3.org\/2000\/svg\"><path d=\"M416 208H32c-17.67 0-32 14.33-32 32v32c0 17.67 14.33 32 32 32h384c17.67 0 32-14.33 32-32v-32c0-17.67-14.33-32-32-32z\"><\/path><\/svg><\/span>\n\t\t\t<span class='e-closed'><svg aria-hidden=\"true\" class=\"e-font-icon-svg e-fas-plus\" viewbox=\"0 0 448 512\" xmlns=\"http:\/\/www.w3.org\/2000\/svg\"><path d=\"M416 208H272V64c0-17.67-14.33-32-32-32h-32c-17.67 0-32 14.33-32 32v144H32c-17.67 0-32 14.33-32 32v32c0 17.67 14.33 32 32 32h144v144c0 17.67 14.33 32 32 32h32c17.67 0 32-14.33 32-32V304h144c17.67 0 32-14.33 32-32v-32c0-17.67-14.33-32-32-32z\"><\/path><\/svg><\/span>\n\t\t<\/span>\n\n\t\t\t\t\t\t<\/summary>\n\t\t\t\t<div role=\"region\" aria-labelledby=\"e-n-accordion-item-6710\" class=\"elementor-element elementor-element-b719d4f e-con-full e-flex e-con e-child\" data-id=\"b719d4f\" data-element_type=\"container\" data-e-type=\"container\">\n\t\t\t\t<div class=\"elementor-element elementor-element-cdc87f4 elementor-widget elementor-widget-text-editor\" data-id=\"cdc87f4\" data-element_type=\"widget\" data-e-type=\"widget\" data-widget_type=\"text-editor.default\">\n\t\t\t\t<div class=\"elementor-widget-container\">\n\t\t\t\t\t\t\t\t\t<p><strong>Die Mission locale de la Marne aux Bois betreut junge Einwohner von Rosny-sous-Bois, Neuilly-Plaisance und Neuilly-sur-Marne im Alter von 16 bis 25 Jahren, die das Schul- oder Hochschulsystem verlassen haben.<\/strong> Dieser Verein, der eine Delegation des \u00f6ffentlichen Dienstes hat, \u00fcbt seine Aufgaben unter der Aufsicht des Ministeriums f\u00fcr Wirtschaft, Finanzen und Besch\u00e4ftigung (Minist\u00e8re de l'Economie, des Finances et de l'Emploi) aus.<\/p><p>Die ersten Begr\u00fc\u00dfungen finden t\u00e4glich statt<strong>\u00a0von 9 bis 12 Uhr und von 13.30 bis 16.30 Uhr\u00a0<\/strong>(au\u00dfer freitags Empfang nur am Nachmittag). Die Jugendlichen werden einzeln von einem Berater f\u00fcr soziale und berufliche Eingliederung empfangen. Die Berater verfolgen einen ganzheitlichen Ansatz f\u00fcr den Werdegang und werden auch bei Problemen im Zusammenhang mit Ressourcen, Wohnung, Gesundheit usw. t\u00e4tig. Die Betreuung erfolgt in Form eines regelm\u00e4\u00dfigen Austauschs zwischen den Jugendlichen und ihren Betreuern.<\/p>\t\t\t\t\t\t\t\t<\/div>\n\t\t\t\t<\/div>\n\t\t\t\t<\/div>\n\t\t\t\t\t<\/details>\n\t\t\t\t\t\t<details id=\"e-n-accordion-item-6711\" class=\"e-n-accordion-item\" >\n\t\t\t\t<summary class=\"e-n-accordion-item-title\" data-accordion-index=\"2\" tabindex=\"-1\" aria-expanded=\"false\" aria-controls=\"e-n-accordion-item-6711\" >\n\t\t\t\t\t<span class='e-n-accordion-item-title-header'><div class=\"e-n-accordion-item-title-text\"> Individuelle Begleitung <\/div><\/span>\n\t\t\t\t\t\t\t<span class='e-n-accordion-item-title-icon'>\n\t\t\t<span class='e-opened' ><svg aria-hidden=\"true\" class=\"e-font-icon-svg e-fas-minus\" viewbox=\"0 0 448 512\" xmlns=\"http:\/\/www.w3.org\/2000\/svg\"><path d=\"M416 208H32c-17.67 0-32 14.33-32 32v32c0 17.67 14.33 32 32 32h384c17.67 0 32-14.33 32-32v-32c0-17.67-14.33-32-32-32z\"><\/path><\/svg><\/span>\n\t\t\t<span class='e-closed'><svg aria-hidden=\"true\" class=\"e-font-icon-svg e-fas-plus\" viewbox=\"0 0 448 512\" xmlns=\"http:\/\/www.w3.org\/2000\/svg\"><path d=\"M416 208H272V64c0-17.67-14.33-32-32-32h-32c-17.67 0-32 14.33-32 32v144H32c-17.67 0-32 14.33-32 32v32c0 17.67 14.33 32 32 32h144v144c0 17.67 14.33 32 32 32h32c17.67 0 32-14.33 32-32V304h144c17.67 0 32-14.33 32-32v-32c0-17.67-14.33-32-32-32z\"><\/path><\/svg><\/span>\n\t\t<\/span>\n\n\t\t\t\t\t\t<\/summary>\n\t\t\t\t<div role=\"region\" aria-labelledby=\"e-n-accordion-item-6711\" class=\"elementor-element elementor-element-f954640 e-con-full e-flex e-con e-child\" data-id=\"f954640\" data-element_type=\"container\" data-e-type=\"container\">\n\t\t\t\t<div class=\"elementor-element elementor-element-c94e262 elementor-widget elementor-widget-text-editor\" data-id=\"c94e262\" data-element_type=\"widget\" data-e-type=\"widget\" data-widget_type=\"text-editor.default\">\n\t\t\t\t<div class=\"elementor-widget-container\">\n\t\t\t\t\t\t\t\t\t<p>Die Mission locale bietet Jugendlichen eine individuelle Betreuung mit Schwerpunkt auf Ausbildung und Besch\u00e4ftigung: Berufspl\u00e4ne und Techniken der Arbeitssuche (Workshops zu Lebenslauf, Bewerbungsschreiben und Vorstellungsgespr\u00e4chen). Jeder Jugendliche kann je nach seinem Profil und seinen Bed\u00fcrfnissen an Arbeitsma\u00dfnahmen rund um das Berufsprojekt, die Ausbildung mit dem Ziel, eine Qualifikation zu erwerben oder direkt einen Arbeitsplatz zu finden, verwiesen werden.<\/p><p><strong>Ein dezentralisierter Bereitschaftsdienst<\/strong>\u00a0findet nun dienstags und donnerstags von 14:00 bis 17:00 Uhr ohne Terminvereinbarung in den R\u00e4umlichkeiten der Abteilungen Jugend, Pr\u00e4vention und Eingliederung statt. Ziel ist es, die Jugendlichen dort zu treffen, wo sie wohnen, um einen ersten Kontakt herzustellen und mehr auf die einzelnen Jugendlichen und ihre Bed\u00fcrfnisse einzugehen.<\/p>\t\t\t\t\t\t\t\t<\/div>\n\t\t\t\t<\/div>\n\t\t\t\t<\/div>\n\t\t\t\t\t<\/details>\n\t\t\t\t\t\t<details id=\"e-n-accordion-item-6712\" class=\"e-n-accordion-item\" >\n\t\t\t\t<summary class=\"e-n-accordion-item-title\" data-accordion-index=\"3\" tabindex=\"-1\" aria-expanded=\"false\" aria-controls=\"e-n-accordion-item-6712\" >\n\t\t\t\t\t<span class='e-n-accordion-item-title-header'><div class=\"e-n-accordion-item-title-text\"> Ein strukturiertes Netzwerk <\/div><\/span>\n\t\t\t\t\t\t\t<span class='e-n-accordion-item-title-icon'>\n\t\t\t<span class='e-opened' ><svg aria-hidden=\"true\" class=\"e-font-icon-svg e-fas-minus\" viewbox=\"0 0 448 512\" xmlns=\"http:\/\/www.w3.org\/2000\/svg\"><path d=\"M416 208H32c-17.67 0-32 14.33-32 32v32c0 17.67 14.33 32 32 32h384c17.67 0 32-14.33 32-32v-32c0-17.67-14.33-32-32-32z\"><\/path><\/svg><\/span>\n\t\t\t<span class='e-closed'><svg aria-hidden=\"true\" class=\"e-font-icon-svg e-fas-plus\" viewbox=\"0 0 448 512\" xmlns=\"http:\/\/www.w3.org\/2000\/svg\"><path d=\"M416 208H272V64c0-17.67-14.33-32-32-32h-32c-17.67 0-32 14.33-32 32v144H32c-17.67 0-32 14.33-32 32v32c0 17.67 14.33 32 32 32h144v144c0 17.67 14.33 32 32 32h32c17.67 0 32-14.33 32-32V304h144c17.67 0 32-14.33 32-32v-32c0-17.67-14.33-32-32-32z\"><\/path><\/svg><\/span>\n\t\t<\/span>\n\n\t\t\t\t\t\t<\/summary>\n\t\t\t\t<div role=\"region\" aria-labelledby=\"e-n-accordion-item-6712\" class=\"elementor-element elementor-element-c73fc64 e-con-full e-flex e-con e-child\" data-id=\"c73fc64\" data-element_type=\"container\" data-e-type=\"container\">\n\t\t\t\t<div class=\"elementor-element elementor-element-df65af4 elementor-widget elementor-widget-text-editor\" data-id=\"df65af4\" data-element_type=\"widget\" data-e-type=\"widget\" data-widget_type=\"text-editor.default\">\n\t\t\t\t<div class=\"elementor-widget-container\">\n\t\t\t\t\t\t\t\t\t<p>Die Mission locale hat ein Netzwerk von Partnerunternehmen aufgebaut, um dauerhafte oder punktuelle Stellenangebote zur Verf\u00fcgung zu stellen, die den Profilen der betreuten Jugendlichen entsprechen. Dar\u00fcber hinaus\u00a0<strong>Die Mission Locale ist von den staatlichen Stellen erm\u00e4chtigt, ebenso wie P\u00f4le Emploi unterst\u00fctzte Vertr\u00e4ge mit Unternehmen des gewerblichen Sektors zu unterzeichnen.<\/strong><strong>\u00a0und nicht-kommerziellen Bereich.<\/strong><\/p><p>Eine\u00a0<strong>Dokumentationsraum<\/strong>In der frei zug\u00e4nglichen Website k\u00f6nnen Sie sich \u00fcber Angebote informieren.<\/p><p>Eine\u00a0<strong>Telefon\u00a0<\/strong>wird kostenlos zur Verf\u00fcgung gestellt, um mit Arbeitgebern in Kontakt zu treten. Die Nutzung von Computern mit Internetanschluss ist unter bestimmten Bedingungen f\u00fcr die Stellensuche m\u00f6glich.<\/p>\t\t\t\t\t\t\t\t<\/div>\n\t\t\t\t<\/div>\n\t\t\t\t<\/div>\n\t\t\t\t\t<\/details>\n\t\t\t\t\t<\/div>\n\t\t\t\t\t\t<\/div>\n\t\t\t\t<\/div>\n\t\t<div class=\"elementor-element elementor-element-2a1f5e6 e-grid e-con-boxed e-con e-child\" data-id=\"2a1f5e6\" data-element_type=\"container\" data-e-type=\"container\">\n\t\t\t\t\t<div class=\"e-con-inner\">\n\t\t\t\t<div class=\"elementor-element elementor-element-d003ab9 elementor-widget elementor-widget-text-editor\" data-id=\"d003ab9\" data-element_type=\"widget\" data-e-type=\"widget\" data-widget_type=\"text-editor.default\">\n\t\t\t\t<div class=\"elementor-widget-container\">\n\t\t\t\t\t\t\t\t\t<h3><strong>Mission locale de la Marne aux Bois (Hauptsitz)<\/strong><\/h3><p>\ud83d\udccd Robert-Schuman-Geb\u00e4ude<br \/>3 rue de Rome Parc de Nanteuil<br \/>93110 Rosny-sous-Bois<\/p><p>\ud83d\udcde 01 56 63 02 00<br \/>Fax 01 45 28 17 49<\/p><p>\ud83d\udce7\u00a0<a href=\"mailto:contact@marneauxbois-mlidf.org\"><strong>contact@marneauxbois-mlidf.org<\/strong><\/a><\/p>\t\t\t\t\t\t\t\t<\/div>\n\t\t\t\t<\/div>\n\t\t\t\t<div class=\"elementor-element elementor-element-8107daa elementor-widget elementor-widget-google_maps\" data-id=\"8107daa\" data-element_type=\"widget\" data-e-type=\"widget\" data-widget_type=\"google_maps.default\">\n\t\t\t\t<div class=\"elementor-widget-container\">\n\t\t\t\t\t\t\t<div class=\"elementor-custom-embed\">\n\t\t\t<iframe loading=\"lazy\"\n\t\t\t\t\tsrc=\"https:\/\/maps.google.com\/maps?q=3%20rue%20de%20Rome%2C%2093110&#038;t=m&#038;z=17&#038;output=embed&#038;iwloc=near\"\n\t\t\t\t\ttitle=\"3 rue de Rome, 93110\"\n\t\t\t\t\taria-label=\"3 rue de Rome, 93110\"\n\t\t\t><\/iframe>\n\t\t<\/div>\n\t\t\t\t\t\t<\/div>\n\t\t\t\t<\/div>\n\t\t\t\t<div class=\"elementor-element elementor-element-88cfad9 elementor-widget elementor-widget-text-editor\" data-id=\"88cfad9\" data-element_type=\"widget\" data-e-type=\"widget\" data-widget_type=\"text-editor.default\">\n\t\t\t\t<div class=\"elementor-widget-container\">\n\t\t\t\t\t\t\t\t\t<h3><strong>Au\u00dfenstelle Neuilly-sur-Marne\u00a0<\/strong><\/h3><p>\ud83d\udccd Nebengeb\u00e4ude des Rathauses<br \/>2 Place Fran\u00e7ois Mitterrand<br \/>93330 Neuilly-sur-Marne<\/p><p>\ud83d\udcde 01 41 54 80 85<\/p>\t\t\t\t\t\t\t\t<\/div>\n\t\t\t\t<\/div>\n\t\t\t\t<div class=\"elementor-element elementor-element-b8a28c1 elementor-widget elementor-widget-google_maps\" data-id=\"b8a28c1\" data-element_type=\"widget\" data-e-type=\"widget\" data-widget_type=\"google_maps.default\">\n\t\t\t\t<div class=\"elementor-widget-container\">\n\t\t\t\t\t\t\t<div class=\"elementor-custom-embed\">\n\t\t\t<iframe loading=\"lazy\"\n\t\t\t\t\tsrc=\"https:\/\/maps.google.com\/maps?q=2%20place%20Fran%C3%A7ois%20Mitterrand%2C%2093330&#038;t=m&#038;z=17&#038;output=embed&#038;iwloc=near\"\n\t\t\t\t\ttitle=\"2 place Fran\u00e7ois Mitterrand, 93330\"\n\t\t\t\t\taria-label=\"2 place Fran\u00e7ois Mitterrand, 93330\"\n\t\t\t><\/iframe>\n\t\t<\/div>\n\t\t\t\t\t\t<\/div>\n\t\t\t\t<\/div>\n\t\t\t\t\t<\/div>\n\t\t\t\t<\/div>\n\t\t\t\t\t<\/div>\n\t\t\t\t<\/div>\n\t\t\t\t<\/div>","protected":false},"excerpt":{"rendered":"<p>Les missions La Mission locale de la Marne aux Bois accompagne les jeunes habitants de Rosny-sous-Bois, Neuilly-Plaisance et Neuilly-sur-Marne \u00e2g\u00e9s de 16 \u00e0 25 ans sortis du syst\u00e8me scolaire ou universitaire. Cette association, ayant d\u00e9l\u00e9gation de service public, exerce ses missions sous tutelle du Minist\u00e8re de l\u2019Economie, des Finances et de l\u2019Emploi. Les premiers accueils [&hellip;]<\/p>\n","protected":false},"author":1,"featured_media":6707,"parent":0,"menu_order":0,"comment_status":"closed","ping_status":"closed","template":"","meta":{"_acf_changed":false,"footnotes":""},"class_list":["post-519","page","type-page","status-publish","has-post-thumbnail","hentry"],"acf":[],"yoast_head":"<!-- This site is optimized with the Yoast SEO plugin v27.4 - https:\/\/yoast.com\/product\/yoast-seo-wordpress\/ -->\n<title>Mission locale de la Marne aux Bois - Mairie de Neuilly-sur-Marne<\/title>\n<meta name=\"robots\" content=\"index, follow, max-snippet:-1, max-image-preview:large, max-video-preview:-1\" \/>\n<link rel=\"canonical\" href=\"https:\/\/www.neuillysurmarne.fr\/de\/mission-locale-de-la-marne-aux-bois\/\" \/>\n<meta property=\"og:locale\" content=\"de_DE\" \/>\n<meta property=\"og:type\" content=\"article\" \/>\n<meta property=\"og:title\" content=\"Mission locale de la Marne aux Bois - Mairie de Neuilly-sur-Marne\" \/>\n<meta property=\"og:description\" content=\"Les missions La Mission locale de la Marne aux Bois accompagne les jeunes habitants de Rosny-sous-Bois, Neuilly-Plaisance et Neuilly-sur-Marne \u00e2g\u00e9s de 16 \u00e0 25 ans sortis du syst\u00e8me scolaire ou universitaire. Cette association, ayant d\u00e9l\u00e9gation de service public, exerce ses missions sous tutelle du Minist\u00e8re de l\u2019Economie, des Finances et de l\u2019Emploi. Les premiers accueils [&hellip;]\" \/>\n<meta property=\"og:url\" content=\"https:\/\/www.neuillysurmarne.fr\/de\/mission-locale-de-la-marne-aux-bois\/\" \/>\n<meta property=\"og:site_name\" content=\"Mairie de Neuilly-sur-Marne\" \/>\n<meta property=\"article:publisher\" content=\"https:\/\/www.facebook.com\/ville.neuilly\" \/>\n<meta property=\"article:modified_time\" content=\"2024-06-26T15:22:12+00:00\" \/>\n<meta property=\"og:image\" content=\"https:\/\/www.neuillysurmarne.fr\/wp-content\/uploads\/2024\/05\/AdobeStock_585728790-scaled.jpeg\" \/>\n\t<meta property=\"og:image:width\" content=\"2560\" \/>\n\t<meta property=\"og:image:height\" content=\"1050\" \/>\n\t<meta property=\"og:image:type\" content=\"image\/jpeg\" \/>\n<meta name=\"twitter:card\" content=\"summary_large_image\" \/>\n<meta name=\"twitter:label1\" content=\"Gesch\u00e4tzte Lesezeit\" \/>\n\t<meta name=\"twitter:data1\" content=\"4\u00a0Minuten\" \/>\n<script type=\"application\/ld+json\" class=\"yoast-schema-graph\">{\"@context\":\"https:\\\/\\\/schema.org\",\"@graph\":[{\"@type\":\"WebPage\",\"@id\":\"https:\\\/\\\/www.neuillysurmarne.fr\\\/mission-locale-de-la-marne-aux-bois\\\/\",\"url\":\"https:\\\/\\\/www.neuillysurmarne.fr\\\/mission-locale-de-la-marne-aux-bois\\\/\",\"name\":\"Mission locale de la Marne aux Bois - Mairie de Neuilly-sur-Marne\",\"isPartOf\":{\"@id\":\"https:\\\/\\\/www.neuillysurmarne.fr\\\/es\\\/#website\"},\"primaryImageOfPage\":{\"@id\":\"https:\\\/\\\/www.neuillysurmarne.fr\\\/mission-locale-de-la-marne-aux-bois\\\/#primaryimage\"},\"image\":{\"@id\":\"https:\\\/\\\/www.neuillysurmarne.fr\\\/mission-locale-de-la-marne-aux-bois\\\/#primaryimage\"},\"thumbnailUrl\":\"https:\\\/\\\/www.neuillysurmarne.fr\\\/wp-content\\\/uploads\\\/2024\\\/05\\\/AdobeStock_585728790-scaled.jpeg\",\"datePublished\":\"2023-11-13T11:00:36+00:00\",\"dateModified\":\"2024-06-26T15:22:12+00:00\",\"breadcrumb\":{\"@id\":\"https:\\\/\\\/www.neuillysurmarne.fr\\\/mission-locale-de-la-marne-aux-bois\\\/#breadcrumb\"},\"inLanguage\":\"de\",\"potentialAction\":[{\"@type\":\"ReadAction\",\"target\":[\"https:\\\/\\\/www.neuillysurmarne.fr\\\/mission-locale-de-la-marne-aux-bois\\\/\"]}]},{\"@type\":\"ImageObject\",\"inLanguage\":\"de\",\"@id\":\"https:\\\/\\\/www.neuillysurmarne.fr\\\/mission-locale-de-la-marne-aux-bois\\\/#primaryimage\",\"url\":\"https:\\\/\\\/www.neuillysurmarne.fr\\\/wp-content\\\/uploads\\\/2024\\\/05\\\/AdobeStock_585728790-scaled.jpeg\",\"contentUrl\":\"https:\\\/\\\/www.neuillysurmarne.fr\\\/wp-content\\\/uploads\\\/2024\\\/05\\\/AdobeStock_585728790-scaled.jpeg\",\"width\":2560,\"height\":1050,\"caption\":\"Successful smiling team of employees standing near gray wall. Diverse enthusiastic young colleagues posing together looking at camera. Corporate staff, HR agency recruitments\"},{\"@type\":\"BreadcrumbList\",\"@id\":\"https:\\\/\\\/www.neuillysurmarne.fr\\\/mission-locale-de-la-marne-aux-bois\\\/#breadcrumb\",\"itemListElement\":[{\"@type\":\"ListItem\",\"position\":1,\"name\":\"Accueil\",\"item\":\"https:\\\/\\\/www.neuillysurmarne.fr\\\/\"},{\"@type\":\"ListItem\",\"position\":2,\"name\":\"Mission locale de la Marne aux Bois\"}]},{\"@type\":\"WebSite\",\"@id\":\"https:\\\/\\\/www.neuillysurmarne.fr\\\/es\\\/#website\",\"url\":\"https:\\\/\\\/www.neuillysurmarne.fr\\\/es\\\/\",\"name\":\"Mairie de Neuilly-sur-Marne\",\"description\":\"BETA\",\"publisher\":{\"@id\":\"https:\\\/\\\/www.neuillysurmarne.fr\\\/es\\\/#organization\"},\"potentialAction\":[{\"@type\":\"SearchAction\",\"target\":{\"@type\":\"EntryPoint\",\"urlTemplate\":\"https:\\\/\\\/www.neuillysurmarne.fr\\\/es\\\/?s={search_term_string}\"},\"query-input\":{\"@type\":\"PropertyValueSpecification\",\"valueRequired\":true,\"valueName\":\"search_term_string\"}}],\"inLanguage\":\"de\"},{\"@type\":\"Organization\",\"@id\":\"https:\\\/\\\/www.neuillysurmarne.fr\\\/es\\\/#organization\",\"name\":\"Mairie de Neuilly-sur-Marne\",\"url\":\"https:\\\/\\\/www.neuillysurmarne.fr\\\/es\\\/\",\"logo\":{\"@type\":\"ImageObject\",\"inLanguage\":\"de\",\"@id\":\"https:\\\/\\\/www.neuillysurmarne.fr\\\/es\\\/#\\\/schema\\\/logo\\\/image\\\/\",\"url\":\"https:\\\/\\\/www.neuillysurmarne.fr\\\/wp-content\\\/uploads\\\/2023\\\/10\\\/LOGO-NeuillysurMarne-blanc.png\",\"contentUrl\":\"https:\\\/\\\/www.neuillysurmarne.fr\\\/wp-content\\\/uploads\\\/2023\\\/10\\\/LOGO-NeuillysurMarne-blanc.png\",\"width\":3308,\"height\":2586,\"caption\":\"Mairie de Neuilly-sur-Marne\"},\"image\":{\"@id\":\"https:\\\/\\\/www.neuillysurmarne.fr\\\/es\\\/#\\\/schema\\\/logo\\\/image\\\/\"},\"sameAs\":[\"https:\\\/\\\/www.facebook.com\\\/ville.neuilly\",\"https:\\\/\\\/www.instagram.com\\\/neuilly_marne\\\/\",\"https:\\\/\\\/www.linkedin.com\\\/company\\\/ville-de-neuilly-sur-marne\\\/\",\"https:\\\/\\\/www.youtube.com\\\/channel\\\/UCDdZ0TLrV8rfIqjBGvoeB5A\",\"https:\\\/\\\/www.tiktok.com\\\/@villedeneuillysurmarne\"]}]}<\/script>\n<!-- \/ Yoast SEO plugin. -->","yoast_head_json":{"title":"Mission locale de la Marne aux Bois - Mairie de Neuilly-sur-Marne","robots":{"index":"index","follow":"follow","max-snippet":"max-snippet:-1","max-image-preview":"max-image-preview:large","max-video-preview":"max-video-preview:-1"},"canonical":"https:\/\/www.neuillysurmarne.fr\/de\/mission-locale-de-la-marne-aux-bois\/","og_locale":"de_DE","og_type":"article","og_title":"Mission locale de la Marne aux Bois - Mairie de Neuilly-sur-Marne","og_description":"Les missions La Mission locale de la Marne aux Bois accompagne les jeunes habitants de Rosny-sous-Bois, Neuilly-Plaisance et Neuilly-sur-Marne \u00e2g\u00e9s de 16 \u00e0 25 ans sortis du syst\u00e8me scolaire ou universitaire. Cette association, ayant d\u00e9l\u00e9gation de service public, exerce ses missions sous tutelle du Minist\u00e8re de l\u2019Economie, des Finances et de l\u2019Emploi. Les premiers accueils [&hellip;]","og_url":"https:\/\/www.neuillysurmarne.fr\/de\/mission-locale-de-la-marne-aux-bois\/","og_site_name":"Mairie de Neuilly-sur-Marne","article_publisher":"https:\/\/www.facebook.com\/ville.neuilly","article_modified_time":"2024-06-26T15:22:12+00:00","og_image":[{"width":2560,"height":1050,"url":"https:\/\/www.neuillysurmarne.fr\/wp-content\/uploads\/2024\/05\/AdobeStock_585728790-scaled.jpeg","type":"image\/jpeg"}],"twitter_card":"summary_large_image","twitter_misc":{"Gesch\u00e4tzte Lesezeit":"4\u00a0Minuten"},"schema":{"@context":"https:\/\/schema.org","@graph":[{"@type":"WebPage","@id":"https:\/\/www.neuillysurmarne.fr\/mission-locale-de-la-marne-aux-bois\/","url":"https:\/\/www.neuillysurmarne.fr\/mission-locale-de-la-marne-aux-bois\/","name":"Mission locale de la Marne aux Bois - Mairie de Neuilly-sur-Marne","isPartOf":{"@id":"https:\/\/www.neuillysurmarne.fr\/es\/#website"},"primaryImageOfPage":{"@id":"https:\/\/www.neuillysurmarne.fr\/mission-locale-de-la-marne-aux-bois\/#primaryimage"},"image":{"@id":"https:\/\/www.neuillysurmarne.fr\/mission-locale-de-la-marne-aux-bois\/#primaryimage"},"thumbnailUrl":"https:\/\/www.neuillysurmarne.fr\/wp-content\/uploads\/2024\/05\/AdobeStock_585728790-scaled.jpeg","datePublished":"2023-11-13T11:00:36+00:00","dateModified":"2024-06-26T15:22:12+00:00","breadcrumb":{"@id":"https:\/\/www.neuillysurmarne.fr\/mission-locale-de-la-marne-aux-bois\/#breadcrumb"},"inLanguage":"de","potentialAction":[{"@type":"ReadAction","target":["https:\/\/www.neuillysurmarne.fr\/mission-locale-de-la-marne-aux-bois\/"]}]},{"@type":"ImageObject","inLanguage":"de","@id":"https:\/\/www.neuillysurmarne.fr\/mission-locale-de-la-marne-aux-bois\/#primaryimage","url":"https:\/\/www.neuillysurmarne.fr\/wp-content\/uploads\/2024\/05\/AdobeStock_585728790-scaled.jpeg","contentUrl":"https:\/\/www.neuillysurmarne.fr\/wp-content\/uploads\/2024\/05\/AdobeStock_585728790-scaled.jpeg","width":2560,"height":1050,"caption":"Successful smiling team of employees standing near gray wall. Diverse enthusiastic young colleagues posing together looking at camera. Corporate staff, HR agency recruitments"},{"@type":"BreadcrumbList","@id":"https:\/\/www.neuillysurmarne.fr\/mission-locale-de-la-marne-aux-bois\/#breadcrumb","itemListElement":[{"@type":"ListItem","position":1,"name":"Accueil","item":"https:\/\/www.neuillysurmarne.fr\/"},{"@type":"ListItem","position":2,"name":"Mission locale de la Marne aux Bois"}]},{"@type":"WebSite","@id":"https:\/\/www.neuillysurmarne.fr\/es\/#website","url":"https:\/\/www.neuillysurmarne.fr\/es\/","name":"Rathaus von Neuilly-sur-Marne","description":"BETA","publisher":{"@id":"https:\/\/www.neuillysurmarne.fr\/es\/#organization"},"potentialAction":[{"@type":"SearchAction","target":{"@type":"EntryPoint","urlTemplate":"https:\/\/www.neuillysurmarne.fr\/es\/?s={search_term_string}"},"query-input":{"@type":"PropertyValueSpecification","valueRequired":true,"valueName":"search_term_string"}}],"inLanguage":"de"},{"@type":"Organization","@id":"https:\/\/www.neuillysurmarne.fr\/es\/#organization","name":"Rathaus von Neuilly-sur-Marne","url":"https:\/\/www.neuillysurmarne.fr\/es\/","logo":{"@type":"ImageObject","inLanguage":"de","@id":"https:\/\/www.neuillysurmarne.fr\/es\/#\/schema\/logo\/image\/","url":"https:\/\/www.neuillysurmarne.fr\/wp-content\/uploads\/2023\/10\/LOGO-NeuillysurMarne-blanc.png","contentUrl":"https:\/\/www.neuillysurmarne.fr\/wp-content\/uploads\/2023\/10\/LOGO-NeuillysurMarne-blanc.png","width":3308,"height":2586,"caption":"Mairie de Neuilly-sur-Marne"},"image":{"@id":"https:\/\/www.neuillysurmarne.fr\/es\/#\/schema\/logo\/image\/"},"sameAs":["https:\/\/www.facebook.com\/ville.neuilly","https:\/\/www.instagram.com\/neuilly_marne\/","https:\/\/www.linkedin.com\/company\/ville-de-neuilly-sur-marne\/","https:\/\/www.youtube.com\/channel\/UCDdZ0TLrV8rfIqjBGvoeB5A","https:\/\/www.tiktok.com\/@villedeneuillysurmarne"]}]}},"_links":{"self":[{"href":"https:\/\/www.neuillysurmarne.fr\/de\/wp-json\/wp\/v2\/pages\/519","targetHints":{"allow":["GET"]}}],"collection":[{"href":"https:\/\/www.neuillysurmarne.fr\/de\/wp-json\/wp\/v2\/pages"}],"about":[{"href":"https:\/\/www.neuillysurmarne.fr\/de\/wp-json\/wp\/v2\/types\/page"}],"author":[{"embeddable":true,"href":"https:\/\/www.neuillysurmarne.fr\/de\/wp-json\/wp\/v2\/users\/1"}],"replies":[{"embeddable":true,"href":"https:\/\/www.neuillysurmarne.fr\/de\/wp-json\/wp\/v2\/comments?post=519"}],"version-history":[{"count":28,"href":"https:\/\/www.neuillysurmarne.fr\/de\/wp-json\/wp\/v2\/pages\/519\/revisions"}],"predecessor-version":[{"id":10715,"href":"https:\/\/www.neuillysurmarne.fr\/de\/wp-json\/wp\/v2\/pages\/519\/revisions\/10715"}],"wp:featuredmedia":[{"embeddable":true,"href":"https:\/\/www.neuillysurmarne.fr\/de\/wp-json\/wp\/v2\/media\/6707"}],"wp:attachment":[{"href":"https:\/\/www.neuillysurmarne.fr\/de\/wp-json\/wp\/v2\/media?parent=519"}],"curies":[{"name":"wp","href":"https:\/\/api.w.org\/{rel}","templated":true}]}}