{"id":549,"date":"2023-11-13T12:22:22","date_gmt":"2023-11-13T11:22:22","guid":{"rendered":"https:\/\/www.neuillysurmarne.fr\/?page_id=549"},"modified":"2025-06-19T19:22:43","modified_gmt":"2025-06-19T17:22:43","slug":"programme-de-reussite-educative","status":"publish","type":"page","link":"https:\/\/www.neuillysurmarne.fr\/de\/programme-de-reussite-educative\/","title":{"rendered":"Programm f\u00fcr Bildungserfolg"},"content":{"rendered":"<div data-elementor-type=\"wp-page\" data-elementor-id=\"549\" class=\"elementor elementor-549\" data-elementor-post-type=\"page\">\n\t\t\t\t<div class=\"elementor-element elementor-element-28c059c4 e-flex e-con-boxed e-con e-parent\" data-id=\"28c059c4\" data-element_type=\"container\" data-e-type=\"container\">\n\t\t\t\t\t<div class=\"e-con-inner\">\n\t\t\t\t<div class=\"elementor-element elementor-element-5d5d76b0 elementor-widget elementor-widget-text-editor\" data-id=\"5d5d76b0\" data-element_type=\"widget\" data-e-type=\"widget\" data-widget_type=\"text-editor.default\">\n\t\t\t\t<div class=\"elementor-widget-container\">\n\t\t\t\t\t\t\t\t\t<p>Die\u00a0<strong>Programm f\u00fcr Bildungserfolg (Programme de R\u00e9ussite Educative)<\/strong> bietet eine umfassende und individuelle Begleitung f\u00fcr <strong>Kinder im Alter von 2 bis 16 Jahren<\/strong>\u00a0die Schwierigkeiten im schulischen Kontext haben und im Stadtteil Val Coteau wohnen, der der Politik der Stadt unterliegt.<\/p><p>Die Interventionsachsen sind folgende:<\/p><ul><li>Werben Sie f\u00fcr\u00a0<strong>das Wohlbefinden und die Gesundheit des Kindes<\/strong>\u00a0(Gesundheitsversorgung, Hilfe beim Zugang zu Rechten und Begleitung zur Gesundheitsversorgung).<\/li><li>Unterst\u00fctzen und\u00a0<strong>Eltern begleiten<\/strong>\u00a0beim Aufbau eines famili\u00e4ren Umfelds, das dem Erfolg und der Entfaltung des Kindes f\u00f6rderlich ist.<\/li><li>Beitrag zur\u00a0<strong>Schulerfolg des Kindes<\/strong>\u00a0(Hilfe beim Erwerb der franz\u00f6sischen Sprache, St\u00e4rkung des schulischen Durchhalteverm\u00f6gens und Bek\u00e4mpfung des Schulabbruchs).<\/li><li>Favorisieren\u00a0<strong>pers\u00f6nliche Entfaltung und Entwicklung<\/strong>\u00a0des Kindes, indem der Zugang zu Freizeit, Kultur und Sport erleichtert wird.<\/li><\/ul>\t\t\t\t\t\t\t\t<\/div>\n\t\t\t\t<\/div>\n\t\t\t\t\t<\/div>\n\t\t\t\t<\/div>\n\t\t<div class=\"elementor-element elementor-element-92f333a e-flex e-con-boxed e-con e-parent\" data-id=\"92f333a\" data-element_type=\"container\" data-e-type=\"container\">\n\t\t\t\t\t<div class=\"e-con-inner\">\n\t\t<div class=\"elementor-element elementor-element-c3c1ff7 e-grid e-con-boxed e-con e-child\" data-id=\"c3c1ff7\" data-element_type=\"container\" data-e-type=\"container\">\n\t\t\t\t\t<div class=\"e-con-inner\">\n\t\t\t\t<div class=\"elementor-element elementor-element-5988263 elementor-widget elementor-widget-text-editor\" data-id=\"5988263\" data-element_type=\"widget\" data-e-type=\"widget\" data-widget_type=\"text-editor.default\">\n\t\t\t\t<div class=\"elementor-widget-container\">\n\t\t\t\t\t\t\t\t\t<div class=\"elementor-element elementor-element-f08dc3c elementor-widget elementor-widget-text-editor\" data-id=\"f08dc3c\" data-element_type=\"widget\" data-widget_type=\"text-editor.default\"><div class=\"elementor-widget-container\"><h3 class=\"destinataire\"><strong>Kontakt<\/strong><\/h3><div class=\"streetAddress\">Verantwortlich: Frau Lelouet<br \/>Ge\u00f6ffnet von Montag bis Freitag: 9:00-12:00 und 14:00-18:00 Uhr<\/div><div>\u00a0<\/div><div class=\"streetAddress\">\ud83d\udccd 2 rue de Savoie<br \/>93330 Neuilly-sur-Marne<\/div><div>\u00a0<\/div><div class=\"streetAddress\"><span class=\"telephone\">\ud83d\udcde 01 78 78 93 51 \/ 01 71 84 72 76<\/span><\/div><div>\u00a0<\/div><div class=\"streetAddress\"><a class=\"email\" title=\"ce.0931512n@ac-creteil.fr\" href=\"mailto:celine.lelouet@neuillysurmarne.fr\">\ud83d\udce7<strong> celine.lelouet@neuillysurmarne.fr<\/strong><\/a><\/div><\/div><\/div>\t\t\t\t\t\t\t\t<\/div>\n\t\t\t\t<\/div>\n\t\t\t\t<div class=\"elementor-element elementor-element-dee6e2a elementor-widget elementor-widget-google_maps\" data-id=\"dee6e2a\" data-element_type=\"widget\" data-e-type=\"widget\" data-widget_type=\"google_maps.default\">\n\t\t\t\t<div class=\"elementor-widget-container\">\n\t\t\t\t\t\t\t<div class=\"elementor-custom-embed\">\n\t\t\t<iframe loading=\"lazy\"\n\t\t\t\t\tsrc=\"https:\/\/maps.google.com\/maps?q=2%20rue%20de%20Savoie%2C%2093330&#038;t=m&#038;z=17&#038;output=embed&#038;iwloc=near\"\n\t\t\t\t\ttitle=\"2 rue de Savoie, 93330\"\n\t\t\t\t\taria-label=\"2 rue de Savoie, 93330\"\n\t\t\t><\/iframe>\n\t\t<\/div>\n\t\t\t\t\t\t<\/div>\n\t\t\t\t<\/div>\n\t\t\t\t\t<\/div>\n\t\t\t\t<\/div>\n\t\t\t\t<div class=\"elementor-element elementor-element-d9e572e elementor-align-center elementor-widget elementor-widget-button\" data-id=\"d9e572e\" data-element_type=\"widget\" data-e-type=\"widget\" data-widget_type=\"button.default\">\n\t\t\t\t<div class=\"elementor-widget-container\">\n\t\t\t\t\t\t\t\t\t<div class=\"elementor-button-wrapper\">\n\t\t\t\t\t<a class=\"elementor-button elementor-button-link elementor-size-sm elementor-animation-float\" href=\"https:\/\/www.calameo.com\/read\/003942395970ac70631d5\">\n\t\t\t\t\t\t<span class=\"elementor-button-content-wrapper\">\n\t\t\t\t\t\t\t\t\t<span class=\"elementor-button-text\">Klicken Sie hier, um mehr zu erfahren<\/span>\n\t\t\t\t\t<\/span>\n\t\t\t\t\t<\/a>\n\t\t\t\t<\/div>\n\t\t\t\t\t\t\t\t<\/div>\n\t\t\t\t<\/div>\n\t\t\t\t\t<\/div>\n\t\t\t\t<\/div>\n\t\t\t\t<\/div>","protected":false},"excerpt":{"rendered":"<p>Le\u00a0Programme de R\u00e9ussite\u00a0Educative offre un accompagnement global et personnalis\u00e9 \u00e0 des enfants \u00e2g\u00e9s de 2 \u00e0 16 ans\u00a0qui rencontrent des difficult\u00e9s dans le contexte scolaire et qui habitent le quartier politique de la ville Val Coteau. Les axes d\u2019intervention sont les suivants\u00a0: Promouvoir\u00a0le bien-\u00eatre et la sant\u00e9 de l\u2019enfant\u00a0(prise en charge sanitaires, aide \u00e0 l\u2019acc\u00e8s [&hellip;]<\/p>\n","protected":false},"author":1,"featured_media":6903,"parent":0,"menu_order":0,"comment_status":"closed","ping_status":"closed","template":"","meta":{"_acf_changed":false,"footnotes":""},"class_list":["post-549","page","type-page","status-publish","has-post-thumbnail","hentry"],"acf":[],"yoast_head":"<!-- This site is optimized with the Yoast SEO plugin v27.4 - https:\/\/yoast.com\/product\/yoast-seo-wordpress\/ -->\n<title>Programme de r\u00e9ussite \u00e9ducative - Mairie de Neuilly-sur-Marne<\/title>\n<meta name=\"robots\" content=\"index, follow, max-snippet:-1, max-image-preview:large, max-video-preview:-1\" \/>\n<link rel=\"canonical\" href=\"https:\/\/www.neuillysurmarne.fr\/de\/programme-de-reussite-educative\/\" \/>\n<meta property=\"og:locale\" content=\"de_DE\" \/>\n<meta property=\"og:type\" content=\"article\" \/>\n<meta property=\"og:title\" content=\"Programme de r\u00e9ussite \u00e9ducative - Mairie de Neuilly-sur-Marne\" \/>\n<meta property=\"og:description\" content=\"Le\u00a0Programme de R\u00e9ussite\u00a0Educative offre un accompagnement global et personnalis\u00e9 \u00e0 des enfants \u00e2g\u00e9s de 2 \u00e0 16 ans\u00a0qui rencontrent des difficult\u00e9s dans le contexte scolaire et qui habitent le quartier politique de la ville Val Coteau. Les axes d\u2019intervention sont les suivants\u00a0: Promouvoir\u00a0le bien-\u00eatre et la sant\u00e9 de l\u2019enfant\u00a0(prise en charge sanitaires, aide \u00e0 l\u2019acc\u00e8s [&hellip;]\" \/>\n<meta property=\"og:url\" content=\"https:\/\/www.neuillysurmarne.fr\/de\/programme-de-reussite-educative\/\" \/>\n<meta property=\"og:site_name\" content=\"Mairie de Neuilly-sur-Marne\" \/>\n<meta property=\"article:publisher\" content=\"https:\/\/www.facebook.com\/ville.neuilly\" \/>\n<meta property=\"article:modified_time\" content=\"2025-06-19T17:22:43+00:00\" \/>\n<meta property=\"og:image\" content=\"https:\/\/www.neuillysurmarne.fr\/wp-content\/uploads\/2024\/05\/AdobeStock_766290765-scaled.jpeg\" \/>\n\t<meta property=\"og:image:width\" content=\"2560\" \/>\n\t<meta property=\"og:image:height\" content=\"861\" \/>\n\t<meta property=\"og:image:type\" content=\"image\/jpeg\" \/>\n<meta name=\"twitter:card\" content=\"summary_large_image\" \/>\n<meta name=\"twitter:label1\" content=\"Gesch\u00e4tzte Lesezeit\" \/>\n\t<meta name=\"twitter:data1\" content=\"3\u00a0Minuten\" \/>\n<script type=\"application\/ld+json\" class=\"yoast-schema-graph\">{\"@context\":\"https:\\\/\\\/schema.org\",\"@graph\":[{\"@type\":\"WebPage\",\"@id\":\"https:\\\/\\\/www.neuillysurmarne.fr\\\/programme-de-reussite-educative\\\/\",\"url\":\"https:\\\/\\\/www.neuillysurmarne.fr\\\/programme-de-reussite-educative\\\/\",\"name\":\"Programme de r\u00e9ussite \u00e9ducative - Mairie de Neuilly-sur-Marne\",\"isPartOf\":{\"@id\":\"https:\\\/\\\/www.neuillysurmarne.fr\\\/es\\\/#website\"},\"primaryImageOfPage\":{\"@id\":\"https:\\\/\\\/www.neuillysurmarne.fr\\\/programme-de-reussite-educative\\\/#primaryimage\"},\"image\":{\"@id\":\"https:\\\/\\\/www.neuillysurmarne.fr\\\/programme-de-reussite-educative\\\/#primaryimage\"},\"thumbnailUrl\":\"https:\\\/\\\/www.neuillysurmarne.fr\\\/wp-content\\\/uploads\\\/2024\\\/05\\\/AdobeStock_766290765-scaled.jpeg\",\"datePublished\":\"2023-11-13T11:22:22+00:00\",\"dateModified\":\"2025-06-19T17:22:43+00:00\",\"breadcrumb\":{\"@id\":\"https:\\\/\\\/www.neuillysurmarne.fr\\\/programme-de-reussite-educative\\\/#breadcrumb\"},\"inLanguage\":\"de\",\"potentialAction\":[{\"@type\":\"ReadAction\",\"target\":[\"https:\\\/\\\/www.neuillysurmarne.fr\\\/programme-de-reussite-educative\\\/\"]}]},{\"@type\":\"ImageObject\",\"inLanguage\":\"de\",\"@id\":\"https:\\\/\\\/www.neuillysurmarne.fr\\\/programme-de-reussite-educative\\\/#primaryimage\",\"url\":\"https:\\\/\\\/www.neuillysurmarne.fr\\\/wp-content\\\/uploads\\\/2024\\\/05\\\/AdobeStock_766290765-scaled.jpeg\",\"contentUrl\":\"https:\\\/\\\/www.neuillysurmarne.fr\\\/wp-content\\\/uploads\\\/2024\\\/05\\\/AdobeStock_766290765-scaled.jpeg\",\"width\":2560,\"height\":861,\"caption\":\"Advertising banner of An overhead shot of a neatly organized desk showcases a laptop, notebooks, and pens, symbolizing the tools of modern education and productivity. --chaos 15 --ar 3:1 Job ID: 81b78dd7-2f95-4bab-a06c-586afa9ce313\"},{\"@type\":\"BreadcrumbList\",\"@id\":\"https:\\\/\\\/www.neuillysurmarne.fr\\\/programme-de-reussite-educative\\\/#breadcrumb\",\"itemListElement\":[{\"@type\":\"ListItem\",\"position\":1,\"name\":\"Accueil\",\"item\":\"https:\\\/\\\/www.neuillysurmarne.fr\\\/\"},{\"@type\":\"ListItem\",\"position\":2,\"name\":\"Programme de r\u00e9ussite \u00e9ducative\"}]},{\"@type\":\"WebSite\",\"@id\":\"https:\\\/\\\/www.neuillysurmarne.fr\\\/es\\\/#website\",\"url\":\"https:\\\/\\\/www.neuillysurmarne.fr\\\/es\\\/\",\"name\":\"Mairie de Neuilly-sur-Marne\",\"description\":\"BETA\",\"publisher\":{\"@id\":\"https:\\\/\\\/www.neuillysurmarne.fr\\\/es\\\/#organization\"},\"potentialAction\":[{\"@type\":\"SearchAction\",\"target\":{\"@type\":\"EntryPoint\",\"urlTemplate\":\"https:\\\/\\\/www.neuillysurmarne.fr\\\/es\\\/?s={search_term_string}\"},\"query-input\":{\"@type\":\"PropertyValueSpecification\",\"valueRequired\":true,\"valueName\":\"search_term_string\"}}],\"inLanguage\":\"de\"},{\"@type\":\"Organization\",\"@id\":\"https:\\\/\\\/www.neuillysurmarne.fr\\\/es\\\/#organization\",\"name\":\"Mairie de Neuilly-sur-Marne\",\"url\":\"https:\\\/\\\/www.neuillysurmarne.fr\\\/es\\\/\",\"logo\":{\"@type\":\"ImageObject\",\"inLanguage\":\"de\",\"@id\":\"https:\\\/\\\/www.neuillysurmarne.fr\\\/es\\\/#\\\/schema\\\/logo\\\/image\\\/\",\"url\":\"https:\\\/\\\/www.neuillysurmarne.fr\\\/wp-content\\\/uploads\\\/2023\\\/10\\\/LOGO-NeuillysurMarne-blanc.png\",\"contentUrl\":\"https:\\\/\\\/www.neuillysurmarne.fr\\\/wp-content\\\/uploads\\\/2023\\\/10\\\/LOGO-NeuillysurMarne-blanc.png\",\"width\":3308,\"height\":2586,\"caption\":\"Mairie de Neuilly-sur-Marne\"},\"image\":{\"@id\":\"https:\\\/\\\/www.neuillysurmarne.fr\\\/es\\\/#\\\/schema\\\/logo\\\/image\\\/\"},\"sameAs\":[\"https:\\\/\\\/www.facebook.com\\\/ville.neuilly\",\"https:\\\/\\\/www.instagram.com\\\/neuilly_marne\\\/\",\"https:\\\/\\\/www.linkedin.com\\\/company\\\/ville-de-neuilly-sur-marne\\\/\",\"https:\\\/\\\/www.youtube.com\\\/channel\\\/UCDdZ0TLrV8rfIqjBGvoeB5A\",\"https:\\\/\\\/www.tiktok.com\\\/@villedeneuillysurmarne\"]}]}<\/script>\n<!-- \/ Yoast SEO plugin. -->","yoast_head_json":{"title":"Programme de r\u00e9ussite \u00e9ducative - Mairie de Neuilly-sur-Marne","robots":{"index":"index","follow":"follow","max-snippet":"max-snippet:-1","max-image-preview":"max-image-preview:large","max-video-preview":"max-video-preview:-1"},"canonical":"https:\/\/www.neuillysurmarne.fr\/de\/programme-de-reussite-educative\/","og_locale":"de_DE","og_type":"article","og_title":"Programme de r\u00e9ussite \u00e9ducative - Mairie de Neuilly-sur-Marne","og_description":"Le\u00a0Programme de R\u00e9ussite\u00a0Educative offre un accompagnement global et personnalis\u00e9 \u00e0 des enfants \u00e2g\u00e9s de 2 \u00e0 16 ans\u00a0qui rencontrent des difficult\u00e9s dans le contexte scolaire et qui habitent le quartier politique de la ville Val Coteau. Les axes d\u2019intervention sont les suivants\u00a0: Promouvoir\u00a0le bien-\u00eatre et la sant\u00e9 de l\u2019enfant\u00a0(prise en charge sanitaires, aide \u00e0 l\u2019acc\u00e8s [&hellip;]","og_url":"https:\/\/www.neuillysurmarne.fr\/de\/programme-de-reussite-educative\/","og_site_name":"Mairie de Neuilly-sur-Marne","article_publisher":"https:\/\/www.facebook.com\/ville.neuilly","article_modified_time":"2025-06-19T17:22:43+00:00","og_image":[{"width":2560,"height":861,"url":"https:\/\/www.neuillysurmarne.fr\/wp-content\/uploads\/2024\/05\/AdobeStock_766290765-scaled.jpeg","type":"image\/jpeg"}],"twitter_card":"summary_large_image","twitter_misc":{"Gesch\u00e4tzte Lesezeit":"3\u00a0Minuten"},"schema":{"@context":"https:\/\/schema.org","@graph":[{"@type":"WebPage","@id":"https:\/\/www.neuillysurmarne.fr\/programme-de-reussite-educative\/","url":"https:\/\/www.neuillysurmarne.fr\/programme-de-reussite-educative\/","name":"Programme de r\u00e9ussite \u00e9ducative - Mairie de Neuilly-sur-Marne","isPartOf":{"@id":"https:\/\/www.neuillysurmarne.fr\/es\/#website"},"primaryImageOfPage":{"@id":"https:\/\/www.neuillysurmarne.fr\/programme-de-reussite-educative\/#primaryimage"},"image":{"@id":"https:\/\/www.neuillysurmarne.fr\/programme-de-reussite-educative\/#primaryimage"},"thumbnailUrl":"https:\/\/www.neuillysurmarne.fr\/wp-content\/uploads\/2024\/05\/AdobeStock_766290765-scaled.jpeg","datePublished":"2023-11-13T11:22:22+00:00","dateModified":"2025-06-19T17:22:43+00:00","breadcrumb":{"@id":"https:\/\/www.neuillysurmarne.fr\/programme-de-reussite-educative\/#breadcrumb"},"inLanguage":"de","potentialAction":[{"@type":"ReadAction","target":["https:\/\/www.neuillysurmarne.fr\/programme-de-reussite-educative\/"]}]},{"@type":"ImageObject","inLanguage":"de","@id":"https:\/\/www.neuillysurmarne.fr\/programme-de-reussite-educative\/#primaryimage","url":"https:\/\/www.neuillysurmarne.fr\/wp-content\/uploads\/2024\/05\/AdobeStock_766290765-scaled.jpeg","contentUrl":"https:\/\/www.neuillysurmarne.fr\/wp-content\/uploads\/2024\/05\/AdobeStock_766290765-scaled.jpeg","width":2560,"height":861,"caption":"Advertising banner of An overhead shot of a neatly organized desk showcases a laptop, notebooks, and pens, symbolizing the tools of modern education and productivity. --chaos 15 --ar 3:1 Job ID: 81b78dd7-2f95-4bab-a06c-586afa9ce313"},{"@type":"BreadcrumbList","@id":"https:\/\/www.neuillysurmarne.fr\/programme-de-reussite-educative\/#breadcrumb","itemListElement":[{"@type":"ListItem","position":1,"name":"Accueil","item":"https:\/\/www.neuillysurmarne.fr\/"},{"@type":"ListItem","position":2,"name":"Programme de r\u00e9ussite \u00e9ducative"}]},{"@type":"WebSite","@id":"https:\/\/www.neuillysurmarne.fr\/es\/#website","url":"https:\/\/www.neuillysurmarne.fr\/es\/","name":"Rathaus von Neuilly-sur-Marne","description":"BETA","publisher":{"@id":"https:\/\/www.neuillysurmarne.fr\/es\/#organization"},"potentialAction":[{"@type":"SearchAction","target":{"@type":"EntryPoint","urlTemplate":"https:\/\/www.neuillysurmarne.fr\/es\/?s={search_term_string}"},"query-input":{"@type":"PropertyValueSpecification","valueRequired":true,"valueName":"search_term_string"}}],"inLanguage":"de"},{"@type":"Organization","@id":"https:\/\/www.neuillysurmarne.fr\/es\/#organization","name":"Rathaus von Neuilly-sur-Marne","url":"https:\/\/www.neuillysurmarne.fr\/es\/","logo":{"@type":"ImageObject","inLanguage":"de","@id":"https:\/\/www.neuillysurmarne.fr\/es\/#\/schema\/logo\/image\/","url":"https:\/\/www.neuillysurmarne.fr\/wp-content\/uploads\/2023\/10\/LOGO-NeuillysurMarne-blanc.png","contentUrl":"https:\/\/www.neuillysurmarne.fr\/wp-content\/uploads\/2023\/10\/LOGO-NeuillysurMarne-blanc.png","width":3308,"height":2586,"caption":"Mairie de Neuilly-sur-Marne"},"image":{"@id":"https:\/\/www.neuillysurmarne.fr\/es\/#\/schema\/logo\/image\/"},"sameAs":["https:\/\/www.facebook.com\/ville.neuilly","https:\/\/www.instagram.com\/neuilly_marne\/","https:\/\/www.linkedin.com\/company\/ville-de-neuilly-sur-marne\/","https:\/\/www.youtube.com\/channel\/UCDdZ0TLrV8rfIqjBGvoeB5A","https:\/\/www.tiktok.com\/@villedeneuillysurmarne"]}]}},"_links":{"self":[{"href":"https:\/\/www.neuillysurmarne.fr\/de\/wp-json\/wp\/v2\/pages\/549","targetHints":{"allow":["GET"]}}],"collection":[{"href":"https:\/\/www.neuillysurmarne.fr\/de\/wp-json\/wp\/v2\/pages"}],"about":[{"href":"https:\/\/www.neuillysurmarne.fr\/de\/wp-json\/wp\/v2\/types\/page"}],"author":[{"embeddable":true,"href":"https:\/\/www.neuillysurmarne.fr\/de\/wp-json\/wp\/v2\/users\/1"}],"replies":[{"embeddable":true,"href":"https:\/\/www.neuillysurmarne.fr\/de\/wp-json\/wp\/v2\/comments?post=549"}],"version-history":[{"count":23,"href":"https:\/\/www.neuillysurmarne.fr\/de\/wp-json\/wp\/v2\/pages\/549\/revisions"}],"predecessor-version":[{"id":15381,"href":"https:\/\/www.neuillysurmarne.fr\/de\/wp-json\/wp\/v2\/pages\/549\/revisions\/15381"}],"wp:featuredmedia":[{"embeddable":true,"href":"https:\/\/www.neuillysurmarne.fr\/de\/wp-json\/wp\/v2\/media\/6903"}],"wp:attachment":[{"href":"https:\/\/www.neuillysurmarne.fr\/de\/wp-json\/wp\/v2\/media?parent=549"}],"curies":[{"name":"wp","href":"https:\/\/api.w.org\/{rel}","templated":true}]}}