{"id":5763,"date":"2024-03-20T14:09:31","date_gmt":"2024-03-20T13:09:31","guid":{"rendered":"https:\/\/www.neuillysurmarne.fr\/?page_id=5763"},"modified":"2024-03-29T09:24:12","modified_gmt":"2024-03-29T08:24:12","slug":"les-maires-de-neuilly","status":"publish","type":"page","link":"https:\/\/www.neuillysurmarne.fr\/de\/les-maires-de-neuilly\/","title":{"rendered":"Les maires de Neuilly"},"content":{"rendered":"<h2>18\u00a0<sup>e<\/sup>\u00a0Jahrhundert<\/h2>\n<p><strong>1792-1795 :<\/strong> HERCEND Jean-Pierre<br \/>\n<strong>1795-1796 :<\/strong> BOILEAU Louis<br \/>\n<strong>1796-1798 :<\/strong> LE ROI DUNATOIS Albert<br \/>\n<strong>1798-1800 :<\/strong> HERCEND Jean-Pierre<\/p>\n<h2>19 <sup>e<\/sup>\u00a0Jahrhundert<\/h2>\n<p><strong>1800-1808 :<\/strong> LE ROI DUNATOIS Albert<br \/>\n<strong>1808-1814 :<\/strong> SAMSON Louis<br \/>\n<strong>1814-1816 :<\/strong> DEBIONNE Pierre<br \/>\n<strong>1816-1818 :<\/strong> SAMSON Louis<br \/>\n<strong>1818-1827 :<\/strong> DEBIONNE Pierre<br \/>\n<strong>1827-1834 :<\/strong> PENEAU Fran\u00e7ois<br \/>\n<strong>1834-1843 :<\/strong> SAMSON Louis<br \/>\n<strong>1843-1846 :<\/strong> PENEAU Fran\u00e7ois<br \/>\n<strong>1846-1847 :<\/strong> COLLET Jean-Baptiste<br \/>\n<strong>1847-1849 :<\/strong> MARLAN Eug\u00e8ne<br \/>\n<strong>1849-1850 :<\/strong> PEULLIER Charles<br \/>\n<strong>1850-1861 :<\/strong> MARLAN Eug\u00e8ne<br \/>\n<strong>1861-1863 :<\/strong> COLLET Jean-Baptiste<br \/>\n<strong>1863-1873 :<\/strong> HUVELLE C\u00e9sar<br \/>\n<strong>1873-1876 :<\/strong> GU\u00c9RIN Jules<br \/>\n<strong>1876-1878 :<\/strong> DYONNET Adolphe<br \/>\n<strong>1878-1879 :<\/strong> VERMEIL Henri<br \/>\n<strong>1879-1881 :<\/strong> DUPUIS Alphonse<br \/>\n<strong>1881-1884<\/strong> : JOLLIOT Nicolas<br \/>\n<strong>1884-1891 :<\/strong> FOUQUET Ernest<br \/>\n<strong>1891-1896 :<\/strong> LECLAIRE Henri<br \/>\n<strong>1896-1897 :<\/strong> ROUSSELET Hippolyte<br \/>\n<strong>1897-1904 :<\/strong> DUPUIS Alphonse<\/p>\n<h2>20<sup>e<\/sup>\u00a0Jahrhundert<\/h2>\n<p><strong>1904-1935 :<\/strong> AMIARD Louis \u2013 Industriel, \u00abListe d\u2019Union R\u00e9publicaine des Gauches\u00bb<br \/>\n<strong>1935-1939 :<\/strong> GAUBERT Th\u00e9ophile \u2013 Infirmier \u00abParti Communiste Fran\u00e7ais\u00bb<br \/>\n<strong>1939-1940 :<\/strong> ROBITAILLIE Henri (d\u00e9l\u00e9gation sp\u00e9ciale)<br \/>\n<strong>1940-1941 :<\/strong> CADARIO Isidore (d\u00e9l\u00e9gation sp\u00e9ciale)<br \/>\n<strong>1941-1944 :<\/strong> PORTE Louis (d\u00e9l\u00e9gation sp\u00e9ciale)<br \/>\n<strong>1944-1944 :<\/strong> BILBOR Raymond (d\u00e9l\u00e9gation sp\u00e9ciale)<br \/>\n<strong>1944-1953 :<\/strong> GAUBERT Th\u00e9ophile \u00abListe ouvri\u00e8re et d\u00e9mocratique\u00bb pr\u00e9sent\u00e9e par le PCF<br \/>\n<strong>1953-1965 :<\/strong> BILBOR Raymond \u2013 Dessinateur SNCF \u00abListe ouvri\u00e8re et d\u00e9mocratique\u00bb pr\u00e9sent\u00e9e par le PCF<br \/>\n<strong>1965-1974 :<\/strong> CHASSAGNE Raymond \u2013 Notaire \u00abListe d\u2019action d\u00e9mocratique et sociale\u00bb (droite et centre droit)<br \/>\n<strong>1974-1977 :<\/strong> KREMSER Andr\u00e9 \u2013 Ing\u00e9nieur Compagnie des Eaux, succ\u00e8de \u00e0 Raymond Chassagne pour raison de sant\u00e9<\/p>\n<h2>20<sup>e<\/sup> au 21<sup>e\u00a0<\/sup>Jahrhundert<\/h2>\n<p><strong>1977- 2020 :<\/strong> MAH\u00c9AS Jacques \u2013 Professeur de math\u00e9matiques, principal de coll\u00e8ge, \u00abListe d\u2019Union de la gauche\u00bb conduite par le PS<br \/>\n<strong>2020 :<\/strong> BAKHTIARI Zartoshte \u2013 Avocat<\/p>","protected":false},"excerpt":{"rendered":"<p>18\u00a0e\u00a0si\u00e8cle 1792-1795 : HERCEND Jean-Pierre 1795-1796 : BOILEAU Louis 1796-1798 : LE ROI DUNATOIS Albert 1798-1800 : HERCEND Jean-Pierre 19 e\u00a0si\u00e8cle 1800-1808 : LE ROI DUNATOIS Albert 1808-1814 : SAMSON Louis 1814-1816 : DEBIONNE Pierre 1816-1818 : SAMSON Louis 1818-1827 : DEBIONNE Pierre 1827-1834 : PENEAU Fran\u00e7ois 1834-1843 : SAMSON Louis 1843-1846 : PENEAU Fran\u00e7ois [&hellip;]<\/p>\n","protected":false},"author":1,"featured_media":0,"parent":0,"menu_order":0,"comment_status":"closed","ping_status":"closed","template":"","meta":{"_acf_changed":false,"footnotes":""},"class_list":["post-5763","page","type-page","status-publish","hentry"],"acf":[],"yoast_head":"<!-- This site is optimized with the Yoast SEO plugin v27.4 - https:\/\/yoast.com\/product\/yoast-seo-wordpress\/ -->\n<title>Les maires de Neuilly - Mairie de Neuilly-sur-Marne<\/title>\n<meta name=\"robots\" content=\"index, follow, max-snippet:-1, max-image-preview:large, max-video-preview:-1\" \/>\n<link rel=\"canonical\" href=\"https:\/\/www.neuillysurmarne.fr\/de\/les-maires-de-neuilly\/\" \/>\n<meta property=\"og:locale\" content=\"de_DE\" \/>\n<meta property=\"og:type\" content=\"article\" \/>\n<meta property=\"og:title\" content=\"Les maires de Neuilly - Mairie de Neuilly-sur-Marne\" \/>\n<meta property=\"og:description\" content=\"18\u00a0e\u00a0si\u00e8cle 1792-1795 : HERCEND Jean-Pierre 1795-1796 : BOILEAU Louis 1796-1798 : LE ROI DUNATOIS Albert 1798-1800 : HERCEND Jean-Pierre 19 e\u00a0si\u00e8cle 1800-1808 : LE ROI DUNATOIS Albert 1808-1814 : SAMSON Louis 1814-1816 : DEBIONNE Pierre 1816-1818 : SAMSON Louis 1818-1827 : DEBIONNE Pierre 1827-1834 : PENEAU Fran\u00e7ois 1834-1843 : SAMSON Louis 1843-1846 : PENEAU Fran\u00e7ois [&hellip;]\" \/>\n<meta property=\"og:url\" content=\"https:\/\/www.neuillysurmarne.fr\/de\/les-maires-de-neuilly\/\" \/>\n<meta property=\"og:site_name\" content=\"Mairie de Neuilly-sur-Marne\" \/>\n<meta property=\"article:publisher\" content=\"https:\/\/www.facebook.com\/ville.neuilly\" \/>\n<meta property=\"article:modified_time\" content=\"2024-03-29T08:24:12+00:00\" \/>\n<meta name=\"twitter:card\" content=\"summary_large_image\" \/>\n<meta name=\"twitter:label1\" content=\"Gesch\u00e4tzte Lesezeit\" \/>\n\t<meta name=\"twitter:data1\" content=\"1\u00a0Minute\" \/>\n<script type=\"application\/ld+json\" class=\"yoast-schema-graph\">{\"@context\":\"https:\\\/\\\/schema.org\",\"@graph\":[{\"@type\":\"WebPage\",\"@id\":\"https:\\\/\\\/www.neuillysurmarne.fr\\\/les-maires-de-neuilly\\\/\",\"url\":\"https:\\\/\\\/www.neuillysurmarne.fr\\\/les-maires-de-neuilly\\\/\",\"name\":\"Les maires de Neuilly - Mairie de Neuilly-sur-Marne\",\"isPartOf\":{\"@id\":\"https:\\\/\\\/www.neuillysurmarne.fr\\\/es\\\/#website\"},\"datePublished\":\"2024-03-20T13:09:31+00:00\",\"dateModified\":\"2024-03-29T08:24:12+00:00\",\"breadcrumb\":{\"@id\":\"https:\\\/\\\/www.neuillysurmarne.fr\\\/les-maires-de-neuilly\\\/#breadcrumb\"},\"inLanguage\":\"de\",\"potentialAction\":[{\"@type\":\"ReadAction\",\"target\":[\"https:\\\/\\\/www.neuillysurmarne.fr\\\/les-maires-de-neuilly\\\/\"]}]},{\"@type\":\"BreadcrumbList\",\"@id\":\"https:\\\/\\\/www.neuillysurmarne.fr\\\/les-maires-de-neuilly\\\/#breadcrumb\",\"itemListElement\":[{\"@type\":\"ListItem\",\"position\":1,\"name\":\"Accueil\",\"item\":\"https:\\\/\\\/www.neuillysurmarne.fr\\\/\"},{\"@type\":\"ListItem\",\"position\":2,\"name\":\"Les maires de Neuilly\"}]},{\"@type\":\"WebSite\",\"@id\":\"https:\\\/\\\/www.neuillysurmarne.fr\\\/es\\\/#website\",\"url\":\"https:\\\/\\\/www.neuillysurmarne.fr\\\/es\\\/\",\"name\":\"Mairie de Neuilly-sur-Marne\",\"description\":\"BETA\",\"publisher\":{\"@id\":\"https:\\\/\\\/www.neuillysurmarne.fr\\\/es\\\/#organization\"},\"potentialAction\":[{\"@type\":\"SearchAction\",\"target\":{\"@type\":\"EntryPoint\",\"urlTemplate\":\"https:\\\/\\\/www.neuillysurmarne.fr\\\/es\\\/?s={search_term_string}\"},\"query-input\":{\"@type\":\"PropertyValueSpecification\",\"valueRequired\":true,\"valueName\":\"search_term_string\"}}],\"inLanguage\":\"de\"},{\"@type\":\"Organization\",\"@id\":\"https:\\\/\\\/www.neuillysurmarne.fr\\\/es\\\/#organization\",\"name\":\"Mairie de Neuilly-sur-Marne\",\"url\":\"https:\\\/\\\/www.neuillysurmarne.fr\\\/es\\\/\",\"logo\":{\"@type\":\"ImageObject\",\"inLanguage\":\"de\",\"@id\":\"https:\\\/\\\/www.neuillysurmarne.fr\\\/es\\\/#\\\/schema\\\/logo\\\/image\\\/\",\"url\":\"https:\\\/\\\/www.neuillysurmarne.fr\\\/wp-content\\\/uploads\\\/2023\\\/10\\\/LOGO-NeuillysurMarne-blanc.png\",\"contentUrl\":\"https:\\\/\\\/www.neuillysurmarne.fr\\\/wp-content\\\/uploads\\\/2023\\\/10\\\/LOGO-NeuillysurMarne-blanc.png\",\"width\":3308,\"height\":2586,\"caption\":\"Mairie de Neuilly-sur-Marne\"},\"image\":{\"@id\":\"https:\\\/\\\/www.neuillysurmarne.fr\\\/es\\\/#\\\/schema\\\/logo\\\/image\\\/\"},\"sameAs\":[\"https:\\\/\\\/www.facebook.com\\\/ville.neuilly\",\"https:\\\/\\\/www.instagram.com\\\/neuilly_marne\\\/\",\"https:\\\/\\\/www.linkedin.com\\\/company\\\/ville-de-neuilly-sur-marne\\\/\",\"https:\\\/\\\/www.youtube.com\\\/channel\\\/UCDdZ0TLrV8rfIqjBGvoeB5A\",\"https:\\\/\\\/www.tiktok.com\\\/@villedeneuillysurmarne\"]}]}<\/script>\n<!-- \/ Yoast SEO plugin. -->","yoast_head_json":{"title":"Les maires de Neuilly - Mairie de Neuilly-sur-Marne","robots":{"index":"index","follow":"follow","max-snippet":"max-snippet:-1","max-image-preview":"max-image-preview:large","max-video-preview":"max-video-preview:-1"},"canonical":"https:\/\/www.neuillysurmarne.fr\/de\/les-maires-de-neuilly\/","og_locale":"de_DE","og_type":"article","og_title":"Les maires de Neuilly - Mairie de Neuilly-sur-Marne","og_description":"18\u00a0e\u00a0si\u00e8cle 1792-1795 : HERCEND Jean-Pierre 1795-1796 : BOILEAU Louis 1796-1798 : LE ROI DUNATOIS Albert 1798-1800 : HERCEND Jean-Pierre 19 e\u00a0si\u00e8cle 1800-1808 : LE ROI DUNATOIS Albert 1808-1814 : SAMSON Louis 1814-1816 : DEBIONNE Pierre 1816-1818 : SAMSON Louis 1818-1827 : DEBIONNE Pierre 1827-1834 : PENEAU Fran\u00e7ois 1834-1843 : SAMSON Louis 1843-1846 : PENEAU Fran\u00e7ois [&hellip;]","og_url":"https:\/\/www.neuillysurmarne.fr\/de\/les-maires-de-neuilly\/","og_site_name":"Mairie de Neuilly-sur-Marne","article_publisher":"https:\/\/www.facebook.com\/ville.neuilly","article_modified_time":"2024-03-29T08:24:12+00:00","twitter_card":"summary_large_image","twitter_misc":{"Gesch\u00e4tzte Lesezeit":"1\u00a0Minute"},"schema":{"@context":"https:\/\/schema.org","@graph":[{"@type":"WebPage","@id":"https:\/\/www.neuillysurmarne.fr\/les-maires-de-neuilly\/","url":"https:\/\/www.neuillysurmarne.fr\/les-maires-de-neuilly\/","name":"Les maires de Neuilly - Mairie de Neuilly-sur-Marne","isPartOf":{"@id":"https:\/\/www.neuillysurmarne.fr\/es\/#website"},"datePublished":"2024-03-20T13:09:31+00:00","dateModified":"2024-03-29T08:24:12+00:00","breadcrumb":{"@id":"https:\/\/www.neuillysurmarne.fr\/les-maires-de-neuilly\/#breadcrumb"},"inLanguage":"de","potentialAction":[{"@type":"ReadAction","target":["https:\/\/www.neuillysurmarne.fr\/les-maires-de-neuilly\/"]}]},{"@type":"BreadcrumbList","@id":"https:\/\/www.neuillysurmarne.fr\/les-maires-de-neuilly\/#breadcrumb","itemListElement":[{"@type":"ListItem","position":1,"name":"Accueil","item":"https:\/\/www.neuillysurmarne.fr\/"},{"@type":"ListItem","position":2,"name":"Les maires de Neuilly"}]},{"@type":"WebSite","@id":"https:\/\/www.neuillysurmarne.fr\/es\/#website","url":"https:\/\/www.neuillysurmarne.fr\/es\/","name":"Rathaus von Neuilly-sur-Marne","description":"BETA","publisher":{"@id":"https:\/\/www.neuillysurmarne.fr\/es\/#organization"},"potentialAction":[{"@type":"SearchAction","target":{"@type":"EntryPoint","urlTemplate":"https:\/\/www.neuillysurmarne.fr\/es\/?s={search_term_string}"},"query-input":{"@type":"PropertyValueSpecification","valueRequired":true,"valueName":"search_term_string"}}],"inLanguage":"de"},{"@type":"Organization","@id":"https:\/\/www.neuillysurmarne.fr\/es\/#organization","name":"Rathaus von Neuilly-sur-Marne","url":"https:\/\/www.neuillysurmarne.fr\/es\/","logo":{"@type":"ImageObject","inLanguage":"de","@id":"https:\/\/www.neuillysurmarne.fr\/es\/#\/schema\/logo\/image\/","url":"https:\/\/www.neuillysurmarne.fr\/wp-content\/uploads\/2023\/10\/LOGO-NeuillysurMarne-blanc.png","contentUrl":"https:\/\/www.neuillysurmarne.fr\/wp-content\/uploads\/2023\/10\/LOGO-NeuillysurMarne-blanc.png","width":3308,"height":2586,"caption":"Mairie de Neuilly-sur-Marne"},"image":{"@id":"https:\/\/www.neuillysurmarne.fr\/es\/#\/schema\/logo\/image\/"},"sameAs":["https:\/\/www.facebook.com\/ville.neuilly","https:\/\/www.instagram.com\/neuilly_marne\/","https:\/\/www.linkedin.com\/company\/ville-de-neuilly-sur-marne\/","https:\/\/www.youtube.com\/channel\/UCDdZ0TLrV8rfIqjBGvoeB5A","https:\/\/www.tiktok.com\/@villedeneuillysurmarne"]}]}},"_links":{"self":[{"href":"https:\/\/www.neuillysurmarne.fr\/de\/wp-json\/wp\/v2\/pages\/5763","targetHints":{"allow":["GET"]}}],"collection":[{"href":"https:\/\/www.neuillysurmarne.fr\/de\/wp-json\/wp\/v2\/pages"}],"about":[{"href":"https:\/\/www.neuillysurmarne.fr\/de\/wp-json\/wp\/v2\/types\/page"}],"author":[{"embeddable":true,"href":"https:\/\/www.neuillysurmarne.fr\/de\/wp-json\/wp\/v2\/users\/1"}],"replies":[{"embeddable":true,"href":"https:\/\/www.neuillysurmarne.fr\/de\/wp-json\/wp\/v2\/comments?post=5763"}],"version-history":[{"count":9,"href":"https:\/\/www.neuillysurmarne.fr\/de\/wp-json\/wp\/v2\/pages\/5763\/revisions"}],"predecessor-version":[{"id":5980,"href":"https:\/\/www.neuillysurmarne.fr\/de\/wp-json\/wp\/v2\/pages\/5763\/revisions\/5980"}],"wp:attachment":[{"href":"https:\/\/www.neuillysurmarne.fr\/de\/wp-json\/wp\/v2\/media?parent=5763"}],"curies":[{"name":"wp","href":"https:\/\/api.w.org\/{rel}","templated":true}]}}