{"id":623,"date":"2023-11-13T12:47:00","date_gmt":"2023-11-13T11:47:00","guid":{"rendered":"https:\/\/www.neuillysurmarne.fr\/?page_id=623"},"modified":"2024-06-26T17:14:56","modified_gmt":"2024-06-26T15:14:56","slug":"gestion-des-dechets","status":"publish","type":"page","link":"https:\/\/www.neuillysurmarne.fr\/de\/gestion-des-dechets\/","title":{"rendered":"Abfallwirtschaft"},"content":{"rendered":"<div data-elementor-type=\"wp-page\" data-elementor-id=\"623\" class=\"elementor elementor-623\" data-elementor-post-type=\"page\">\n\t\t\t\t<div class=\"elementor-element elementor-element-48bfa728 e-flex e-con-boxed e-con e-parent\" data-id=\"48bfa728\" data-element_type=\"container\" data-e-type=\"container\">\n\t\t\t\t\t<div class=\"e-con-inner\">\n\t\t\t\t<div class=\"elementor-element elementor-element-d1cf9ea elementor-widget elementor-widget-text-editor\" data-id=\"d1cf9ea\" data-element_type=\"widget\" data-e-type=\"widget\" data-widget_type=\"text-editor.default\">\n\t\t\t\t<div class=\"elementor-widget-container\">\n\t\t\t\t\t\t\t\t\t<p>Eine der Priorit\u00e4ten der <b>Stadtverwaltung <\/b>ist es, den Einwohnern von Noc\u00e9ens ein einladendes Lebensumfeld zu bieten. Deshalb <b>die Ansammlung von M\u00fcll auf Privatgrundst\u00fccken<\/b> wird kontrolliert, da sie f\u00fcr die Nachbarschaft ein \u00c4rgernis darstellen kann. Neben dem optischen Aspekt kann organisches Material Ratten und andere Nagetiere anziehen und Schadstoffe k\u00f6nnen die Umwelt kontaminieren.<\/p>\t\t\t\t\t\t\t\t<\/div>\n\t\t\t\t<\/div>\n\t\t\t\t<div class=\"elementor-element elementor-element-34dd39d elementor-widget elementor-widget-text-editor\" data-id=\"34dd39d\" data-element_type=\"widget\" data-e-type=\"widget\" data-widget_type=\"text-editor.default\">\n\t\t\t\t<div class=\"elementor-widget-container\">\n\t\t\t\t\t\t\t\t\t<h2>Abfall auf privatem Gebiet<\/h2><p>Wenn sich der Abfall auf einem Privatgrundst\u00fcck befindet und nach einer Meldung, kann der Gesundheitsinspektor des <a href=\"mailto:habitat.gestionimmobiliere@neuillysurmarne.fr\">Abteilung Wohnen und Immobilienverwaltung<\/a>\u00a0nimmt eine Feststellung vor Ort vor.<\/p><p>Wenn der Abfall die Gesundheit der Nachbarn oder die Umwelt sch\u00e4digen k\u00f6nnte (Inertabf\u00e4lle sind per Definition keine Gefahrenquelle), wird der Eigent\u00fcmer des Grundst\u00fccks \u00fcber das Vorhandensein von Abf\u00e4llen auf dem Grundst\u00fcck informiert und aufgefordert, die Entfernung sowie die Reinigung seines Grundst\u00fccks innerhalb eines Monats gem\u00e4\u00df Artikel L.541-3 des Umweltgesetzbuchs vorzunehmen.<\/p><p>Wenn der Grundst\u00fcckseigent\u00fcmer nach Ablauf der gesetzten Frist die Vorschriften der Mahnung nicht erf\u00fcllt hat, kann die Stadt den Abfall auf Kosten des Eigent\u00fcmers entfernen.<\/p>\t\t\t\t\t\t\t\t<\/div>\n\t\t\t\t<\/div>\n\t\t<div class=\"elementor-element elementor-element-7a62b39 e-flex e-con-boxed e-con e-child\" data-id=\"7a62b39\" data-element_type=\"container\" data-e-type=\"container\">\n\t\t\t\t\t<div class=\"e-con-inner\">\n\t\t<div class=\"elementor-element elementor-element-d0995e3 e-flex e-con-boxed e-con e-child\" data-id=\"d0995e3\" data-element_type=\"container\" data-e-type=\"container\">\n\t\t\t\t\t<div class=\"e-con-inner\">\n\t\t<div class=\"elementor-element elementor-element-679aa38 e-grid e-con-boxed e-con e-child\" data-id=\"679aa38\" data-element_type=\"container\" data-e-type=\"container\">\n\t\t\t\t\t<div class=\"e-con-inner\">\n\t\t\t\t<div class=\"elementor-element elementor-element-6c4d914 elementor-widget elementor-widget-text-editor\" data-id=\"6c4d914\" data-element_type=\"widget\" data-e-type=\"widget\" data-widget_type=\"text-editor.default\">\n\t\t\t\t<div class=\"elementor-widget-container\">\n\t\t\t\t\t\t\t\t\t<div class=\"elementor-element elementor-element-c9b1b93 elementor-widget elementor-widget-text-editor\" data-id=\"c9b1b93\" data-element_type=\"widget\" data-widget_type=\"text-editor.default\"><div class=\"elementor-widget-container\"><h3 class=\"destinataire\"><strong>Hygiene und Gesundheit<br \/><\/strong><\/h3><p>Service Habitat Immobilienverwaltung<br \/>H\u00f4tel de Ville - Neuilly-sur-Marne BP40<\/p><div class=\"streetAddress\">\ud83d\udccd 1 place Fran\u00e7ois Mitterrand<br \/>93330 Neuilly-sur-Marne<\/div><div>\u00a0<\/div><div class=\"streetAddress\">\ud83d\udce7\u00a0<a title=\"habitat.gestionimmobiliere@neuillysurmarne.fr\" role=\"link\" href=\"mailto:habitat.gestionimmobiliere@neuillysurmarne.fr\"><strong>habitat.gestionimmobiliere@neuillysurmarne.fr<\/strong><\/a><\/div><\/div><\/div>\t\t\t\t\t\t\t\t<\/div>\n\t\t\t\t<\/div>\n\t\t\t\t<div class=\"elementor-element elementor-element-44ac547 elementor-widget elementor-widget-google_maps\" data-id=\"44ac547\" data-element_type=\"widget\" data-e-type=\"widget\" data-widget_type=\"google_maps.default\">\n\t\t\t\t<div class=\"elementor-widget-container\">\n\t\t\t\t\t\t\t<div class=\"elementor-custom-embed\">\n\t\t\t<iframe loading=\"lazy\"\n\t\t\t\t\tsrc=\"https:\/\/maps.google.com\/maps?q=Mairie%20de%20Neuilly-sur-Marne%2C%2093330&#038;t=m&#038;z=17&#038;output=embed&#038;iwloc=near\"\n\t\t\t\t\ttitle=\"Rathaus von Neuilly-sur-Marne, 93330\"\n\t\t\t\t\taria-label=\"Rathaus von Neuilly-sur-Marne, 93330\"\n\t\t\t><\/iframe>\n\t\t<\/div>\n\t\t\t\t\t\t<\/div>\n\t\t\t\t<\/div>\n\t\t\t\t\t<\/div>\n\t\t\t\t<\/div>\n\t\t\t\t\t<\/div>\n\t\t\t\t<\/div>\n\t\t\t\t\t<\/div>\n\t\t\t\t<\/div>\n\t\t\t\t<div class=\"elementor-element elementor-element-6e30fd6 elementor-widget elementor-widget-text-editor\" data-id=\"6e30fd6\" data-element_type=\"widget\" data-e-type=\"widget\" data-widget_type=\"text-editor.default\">\n\t\t\t\t<div class=\"elementor-widget-container\">\n\t\t\t\t\t\t\t\t\t<h2>Abfall im \u00f6ffentlichen Raum<\/h2><p>Wenn Abfall im \u00f6ffentlichen Raum vorhanden ist, wird er\u00a0<strong>vom Dienstleister der Communaut\u00e9 d'agglom\u00e9ration Grand Paris Grand Est abgeholt werden<\/strong>.<\/p><p>Wenn Sie also M\u00fcll auf \u00f6ffentlichen Stra\u00dfen sehen, sollten Sie sich an GPGE wenden:<\/p>\t\t\t\t\t\t\t\t<\/div>\n\t\t\t\t<\/div>\n\t\t<div class=\"elementor-element elementor-element-8b10a36 e-flex e-con-boxed e-con e-child\" data-id=\"8b10a36\" data-element_type=\"container\" data-e-type=\"container\">\n\t\t\t\t\t<div class=\"e-con-inner\">\n\t\t<div class=\"elementor-element elementor-element-702920a e-flex e-con-boxed e-con e-child\" data-id=\"702920a\" data-element_type=\"container\" data-e-type=\"container\">\n\t\t\t\t\t<div class=\"e-con-inner\">\n\t\t<div class=\"elementor-element elementor-element-e6cdf60 e-flex e-con-boxed e-con e-child\" data-id=\"e6cdf60\" data-element_type=\"container\" data-e-type=\"container\">\n\t\t\t\t\t<div class=\"e-con-inner\">\n\t\t<div class=\"elementor-element elementor-element-51c8408 e-grid e-con-boxed e-con e-child\" data-id=\"51c8408\" data-element_type=\"container\" data-e-type=\"container\">\n\t\t\t\t\t<div class=\"e-con-inner\">\n\t\t\t\t<div class=\"elementor-element elementor-element-64fbd40 elementor-widget elementor-widget-text-editor\" data-id=\"64fbd40\" data-element_type=\"widget\" data-e-type=\"widget\" data-widget_type=\"text-editor.default\">\n\t\t\t\t<div class=\"elementor-widget-container\">\n\t\t\t\t\t\t\t\t\t<div class=\"elementor-element elementor-element-c9b1b93 elementor-widget elementor-widget-text-editor\" data-id=\"c9b1b93\" data-element_type=\"widget\" data-widget_type=\"text-editor.default\"><div class=\"elementor-widget-container\"><h3 class=\"destinataire\"><strong>Gro\u00dfraum Paris Gro\u00dfraum Ost<br \/><\/strong><\/h3><div class=\"streetAddress\">\ud83d\udccd 11 boulevard du Mont d'Est<br \/>93160 Noisy-le-Grand<\/div><div>\u00a0<\/div><\/div><div>\ud83d\udcde 08 00 50 49 36<\/div><\/div><div>Montag bis Freitag: 9-17 Uhr<\/div>\t\t\t\t\t\t\t\t<\/div>\n\t\t\t\t<\/div>\n\t\t\t\t<div class=\"elementor-element elementor-element-7b7ecee elementor-widget elementor-widget-google_maps\" data-id=\"7b7ecee\" data-element_type=\"widget\" data-e-type=\"widget\" data-widget_type=\"google_maps.default\">\n\t\t\t\t<div class=\"elementor-widget-container\">\n\t\t\t\t\t\t\t<div class=\"elementor-custom-embed\">\n\t\t\t<iframe loading=\"lazy\"\n\t\t\t\t\tsrc=\"https:\/\/maps.google.com\/maps?q=11%20boulevard%20du%20Mont%20d%27Est%2C%2093160&#038;t=m&#038;z=17&#038;output=embed&#038;iwloc=near\"\n\t\t\t\t\ttitle=\"11 boulevard du Mont d&#039;Est, 93160\"\n\t\t\t\t\taria-label=\"11 boulevard du Mont d&#039;Est, 93160\"\n\t\t\t><\/iframe>\n\t\t<\/div>\n\t\t\t\t\t\t<\/div>\n\t\t\t\t<\/div>\n\t\t\t\t\t<\/div>\n\t\t\t\t<\/div>\n\t\t\t\t\t<\/div>\n\t\t\t\t<\/div>\n\t\t\t\t\t<\/div>\n\t\t\t\t<\/div>\n\t\t\t\t\t<\/div>\n\t\t\t\t<\/div>\n\t\t\t\t\t<\/div>\n\t\t\t\t<\/div>\n\t\t\t\t<\/div>","protected":false},"excerpt":{"rendered":"<p>Une des priorit\u00e9s de la Municipalit\u00e9 est d\u2019offrir aux Noc\u00e9ens un cadre de vie accueillant. C\u2019est pourquoi l\u2019accumulation de d\u00e9chets sur les parcelles priv\u00e9es est contr\u00f4l\u00e9e car elle peut \u00eatre source de nuisances pour le voisinage. Outre l\u2019aspect visuel, les mati\u00e8res organiques peuvent attirer les rats et autres rongeurs, et les substances polluantes peuvent contaminer [&hellip;]<\/p>\n","protected":false},"author":1,"featured_media":7888,"parent":0,"menu_order":0,"comment_status":"closed","ping_status":"closed","template":"","meta":{"_acf_changed":false,"footnotes":""},"class_list":["post-623","page","type-page","status-publish","has-post-thumbnail","hentry"],"acf":[],"yoast_head":"<!-- This site is optimized with the Yoast SEO plugin v27.5 - https:\/\/yoast.com\/product\/yoast-seo-wordpress\/ -->\n<title>Gestion des d\u00e9chets - Mairie de Neuilly-sur-Marne<\/title>\n<meta name=\"robots\" content=\"index, follow, max-snippet:-1, max-image-preview:large, max-video-preview:-1\" \/>\n<link rel=\"canonical\" href=\"https:\/\/www.neuillysurmarne.fr\/de\/gestion-des-dechets\/\" \/>\n<meta property=\"og:locale\" content=\"de_DE\" \/>\n<meta property=\"og:type\" content=\"article\" \/>\n<meta property=\"og:title\" content=\"Gestion des d\u00e9chets - Mairie de Neuilly-sur-Marne\" \/>\n<meta property=\"og:description\" content=\"Une des priorit\u00e9s de la Municipalit\u00e9 est d\u2019offrir aux Noc\u00e9ens un cadre de vie accueillant. C\u2019est pourquoi l\u2019accumulation de d\u00e9chets sur les parcelles priv\u00e9es est contr\u00f4l\u00e9e car elle peut \u00eatre source de nuisances pour le voisinage. Outre l\u2019aspect visuel, les mati\u00e8res organiques peuvent attirer les rats et autres rongeurs, et les substances polluantes peuvent contaminer [&hellip;]\" \/>\n<meta property=\"og:url\" content=\"https:\/\/www.neuillysurmarne.fr\/de\/gestion-des-dechets\/\" \/>\n<meta property=\"og:site_name\" content=\"Mairie de Neuilly-sur-Marne\" \/>\n<meta property=\"article:publisher\" content=\"https:\/\/www.facebook.com\/ville.neuilly\" \/>\n<meta property=\"article:modified_time\" content=\"2024-06-26T15:14:56+00:00\" \/>\n<meta property=\"og:image\" content=\"https:\/\/www.neuillysurmarne.fr\/wp-content\/uploads\/2024\/06\/AdobeStock_708090805-scaled.jpeg\" \/>\n\t<meta property=\"og:image:width\" content=\"2560\" \/>\n\t<meta property=\"og:image:height\" content=\"1435\" \/>\n\t<meta property=\"og:image:type\" content=\"image\/jpeg\" \/>\n<meta name=\"twitter:card\" content=\"summary_large_image\" \/>\n<meta name=\"twitter:label1\" content=\"Gesch\u00e4tzte Lesezeit\" \/>\n\t<meta name=\"twitter:data1\" content=\"2\u00a0Minuten\" \/>\n<script type=\"application\/ld+json\" class=\"yoast-schema-graph\">{\"@context\":\"https:\\\/\\\/schema.org\",\"@graph\":[{\"@type\":\"WebPage\",\"@id\":\"https:\\\/\\\/www.neuillysurmarne.fr\\\/gestion-des-dechets\\\/\",\"url\":\"https:\\\/\\\/www.neuillysurmarne.fr\\\/gestion-des-dechets\\\/\",\"name\":\"Gestion des d\u00e9chets - Mairie de Neuilly-sur-Marne\",\"isPartOf\":{\"@id\":\"https:\\\/\\\/www.neuillysurmarne.fr\\\/es\\\/#website\"},\"primaryImageOfPage\":{\"@id\":\"https:\\\/\\\/www.neuillysurmarne.fr\\\/gestion-des-dechets\\\/#primaryimage\"},\"image\":{\"@id\":\"https:\\\/\\\/www.neuillysurmarne.fr\\\/gestion-des-dechets\\\/#primaryimage\"},\"thumbnailUrl\":\"https:\\\/\\\/www.neuillysurmarne.fr\\\/wp-content\\\/uploads\\\/2024\\\/06\\\/AdobeStock_708090805-scaled.jpeg\",\"datePublished\":\"2023-11-13T11:47:00+00:00\",\"dateModified\":\"2024-06-26T15:14:56+00:00\",\"breadcrumb\":{\"@id\":\"https:\\\/\\\/www.neuillysurmarne.fr\\\/gestion-des-dechets\\\/#breadcrumb\"},\"inLanguage\":\"de\",\"potentialAction\":[{\"@type\":\"ReadAction\",\"target\":[\"https:\\\/\\\/www.neuillysurmarne.fr\\\/gestion-des-dechets\\\/\"]}]},{\"@type\":\"ImageObject\",\"inLanguage\":\"de\",\"@id\":\"https:\\\/\\\/www.neuillysurmarne.fr\\\/gestion-des-dechets\\\/#primaryimage\",\"url\":\"https:\\\/\\\/www.neuillysurmarne.fr\\\/wp-content\\\/uploads\\\/2024\\\/06\\\/AdobeStock_708090805-scaled.jpeg\",\"contentUrl\":\"https:\\\/\\\/www.neuillysurmarne.fr\\\/wp-content\\\/uploads\\\/2024\\\/06\\\/AdobeStock_708090805-scaled.jpeg\",\"width\":2560,\"height\":1435},{\"@type\":\"BreadcrumbList\",\"@id\":\"https:\\\/\\\/www.neuillysurmarne.fr\\\/gestion-des-dechets\\\/#breadcrumb\",\"itemListElement\":[{\"@type\":\"ListItem\",\"position\":1,\"name\":\"Accueil\",\"item\":\"https:\\\/\\\/www.neuillysurmarne.fr\\\/\"},{\"@type\":\"ListItem\",\"position\":2,\"name\":\"Gestion des d\u00e9chets\"}]},{\"@type\":\"WebSite\",\"@id\":\"https:\\\/\\\/www.neuillysurmarne.fr\\\/es\\\/#website\",\"url\":\"https:\\\/\\\/www.neuillysurmarne.fr\\\/es\\\/\",\"name\":\"Mairie de Neuilly-sur-Marne\",\"description\":\"BETA\",\"publisher\":{\"@id\":\"https:\\\/\\\/www.neuillysurmarne.fr\\\/es\\\/#organization\"},\"potentialAction\":[{\"@type\":\"SearchAction\",\"target\":{\"@type\":\"EntryPoint\",\"urlTemplate\":\"https:\\\/\\\/www.neuillysurmarne.fr\\\/es\\\/?s={search_term_string}\"},\"query-input\":{\"@type\":\"PropertyValueSpecification\",\"valueRequired\":true,\"valueName\":\"search_term_string\"}}],\"inLanguage\":\"de\"},{\"@type\":\"Organization\",\"@id\":\"https:\\\/\\\/www.neuillysurmarne.fr\\\/es\\\/#organization\",\"name\":\"Mairie de Neuilly-sur-Marne\",\"url\":\"https:\\\/\\\/www.neuillysurmarne.fr\\\/es\\\/\",\"logo\":{\"@type\":\"ImageObject\",\"inLanguage\":\"de\",\"@id\":\"https:\\\/\\\/www.neuillysurmarne.fr\\\/es\\\/#\\\/schema\\\/logo\\\/image\\\/\",\"url\":\"https:\\\/\\\/www.neuillysurmarne.fr\\\/wp-content\\\/uploads\\\/2023\\\/10\\\/LOGO-NeuillysurMarne-blanc.png\",\"contentUrl\":\"https:\\\/\\\/www.neuillysurmarne.fr\\\/wp-content\\\/uploads\\\/2023\\\/10\\\/LOGO-NeuillysurMarne-blanc.png\",\"width\":3308,\"height\":2586,\"caption\":\"Mairie de Neuilly-sur-Marne\"},\"image\":{\"@id\":\"https:\\\/\\\/www.neuillysurmarne.fr\\\/es\\\/#\\\/schema\\\/logo\\\/image\\\/\"},\"sameAs\":[\"https:\\\/\\\/www.facebook.com\\\/ville.neuilly\",\"https:\\\/\\\/www.instagram.com\\\/neuilly_marne\\\/\",\"https:\\\/\\\/www.linkedin.com\\\/company\\\/ville-de-neuilly-sur-marne\\\/\",\"https:\\\/\\\/www.youtube.com\\\/channel\\\/UCDdZ0TLrV8rfIqjBGvoeB5A\",\"https:\\\/\\\/www.tiktok.com\\\/@villedeneuillysurmarne\"]}]}<\/script>\n<!-- \/ Yoast SEO plugin. -->","yoast_head_json":{"title":"Gestion des d\u00e9chets - Mairie de Neuilly-sur-Marne","robots":{"index":"index","follow":"follow","max-snippet":"max-snippet:-1","max-image-preview":"max-image-preview:large","max-video-preview":"max-video-preview:-1"},"canonical":"https:\/\/www.neuillysurmarne.fr\/de\/gestion-des-dechets\/","og_locale":"de_DE","og_type":"article","og_title":"Gestion des d\u00e9chets - Mairie de Neuilly-sur-Marne","og_description":"Une des priorit\u00e9s de la Municipalit\u00e9 est d\u2019offrir aux Noc\u00e9ens un cadre de vie accueillant. C\u2019est pourquoi l\u2019accumulation de d\u00e9chets sur les parcelles priv\u00e9es est contr\u00f4l\u00e9e car elle peut \u00eatre source de nuisances pour le voisinage. Outre l\u2019aspect visuel, les mati\u00e8res organiques peuvent attirer les rats et autres rongeurs, et les substances polluantes peuvent contaminer [&hellip;]","og_url":"https:\/\/www.neuillysurmarne.fr\/de\/gestion-des-dechets\/","og_site_name":"Mairie de Neuilly-sur-Marne","article_publisher":"https:\/\/www.facebook.com\/ville.neuilly","article_modified_time":"2024-06-26T15:14:56+00:00","og_image":[{"width":2560,"height":1435,"url":"https:\/\/www.neuillysurmarne.fr\/wp-content\/uploads\/2024\/06\/AdobeStock_708090805-scaled.jpeg","type":"image\/jpeg"}],"twitter_card":"summary_large_image","twitter_misc":{"Gesch\u00e4tzte Lesezeit":"2\u00a0Minuten"},"schema":{"@context":"https:\/\/schema.org","@graph":[{"@type":"WebPage","@id":"https:\/\/www.neuillysurmarne.fr\/gestion-des-dechets\/","url":"https:\/\/www.neuillysurmarne.fr\/gestion-des-dechets\/","name":"Gestion des d\u00e9chets - Mairie de Neuilly-sur-Marne","isPartOf":{"@id":"https:\/\/www.neuillysurmarne.fr\/es\/#website"},"primaryImageOfPage":{"@id":"https:\/\/www.neuillysurmarne.fr\/gestion-des-dechets\/#primaryimage"},"image":{"@id":"https:\/\/www.neuillysurmarne.fr\/gestion-des-dechets\/#primaryimage"},"thumbnailUrl":"https:\/\/www.neuillysurmarne.fr\/wp-content\/uploads\/2024\/06\/AdobeStock_708090805-scaled.jpeg","datePublished":"2023-11-13T11:47:00+00:00","dateModified":"2024-06-26T15:14:56+00:00","breadcrumb":{"@id":"https:\/\/www.neuillysurmarne.fr\/gestion-des-dechets\/#breadcrumb"},"inLanguage":"de","potentialAction":[{"@type":"ReadAction","target":["https:\/\/www.neuillysurmarne.fr\/gestion-des-dechets\/"]}]},{"@type":"ImageObject","inLanguage":"de","@id":"https:\/\/www.neuillysurmarne.fr\/gestion-des-dechets\/#primaryimage","url":"https:\/\/www.neuillysurmarne.fr\/wp-content\/uploads\/2024\/06\/AdobeStock_708090805-scaled.jpeg","contentUrl":"https:\/\/www.neuillysurmarne.fr\/wp-content\/uploads\/2024\/06\/AdobeStock_708090805-scaled.jpeg","width":2560,"height":1435},{"@type":"BreadcrumbList","@id":"https:\/\/www.neuillysurmarne.fr\/gestion-des-dechets\/#breadcrumb","itemListElement":[{"@type":"ListItem","position":1,"name":"Accueil","item":"https:\/\/www.neuillysurmarne.fr\/"},{"@type":"ListItem","position":2,"name":"Gestion des d\u00e9chets"}]},{"@type":"WebSite","@id":"https:\/\/www.neuillysurmarne.fr\/es\/#website","url":"https:\/\/www.neuillysurmarne.fr\/es\/","name":"Rathaus von Neuilly-sur-Marne","description":"BETA","publisher":{"@id":"https:\/\/www.neuillysurmarne.fr\/es\/#organization"},"potentialAction":[{"@type":"SearchAction","target":{"@type":"EntryPoint","urlTemplate":"https:\/\/www.neuillysurmarne.fr\/es\/?s={search_term_string}"},"query-input":{"@type":"PropertyValueSpecification","valueRequired":true,"valueName":"search_term_string"}}],"inLanguage":"de"},{"@type":"Organization","@id":"https:\/\/www.neuillysurmarne.fr\/es\/#organization","name":"Rathaus von Neuilly-sur-Marne","url":"https:\/\/www.neuillysurmarne.fr\/es\/","logo":{"@type":"ImageObject","inLanguage":"de","@id":"https:\/\/www.neuillysurmarne.fr\/es\/#\/schema\/logo\/image\/","url":"https:\/\/www.neuillysurmarne.fr\/wp-content\/uploads\/2023\/10\/LOGO-NeuillysurMarne-blanc.png","contentUrl":"https:\/\/www.neuillysurmarne.fr\/wp-content\/uploads\/2023\/10\/LOGO-NeuillysurMarne-blanc.png","width":3308,"height":2586,"caption":"Mairie de Neuilly-sur-Marne"},"image":{"@id":"https:\/\/www.neuillysurmarne.fr\/es\/#\/schema\/logo\/image\/"},"sameAs":["https:\/\/www.facebook.com\/ville.neuilly","https:\/\/www.instagram.com\/neuilly_marne\/","https:\/\/www.linkedin.com\/company\/ville-de-neuilly-sur-marne\/","https:\/\/www.youtube.com\/channel\/UCDdZ0TLrV8rfIqjBGvoeB5A","https:\/\/www.tiktok.com\/@villedeneuillysurmarne"]}]}},"_links":{"self":[{"href":"https:\/\/www.neuillysurmarne.fr\/de\/wp-json\/wp\/v2\/pages\/623","targetHints":{"allow":["GET"]}}],"collection":[{"href":"https:\/\/www.neuillysurmarne.fr\/de\/wp-json\/wp\/v2\/pages"}],"about":[{"href":"https:\/\/www.neuillysurmarne.fr\/de\/wp-json\/wp\/v2\/types\/page"}],"author":[{"embeddable":true,"href":"https:\/\/www.neuillysurmarne.fr\/de\/wp-json\/wp\/v2\/users\/1"}],"replies":[{"embeddable":true,"href":"https:\/\/www.neuillysurmarne.fr\/de\/wp-json\/wp\/v2\/comments?post=623"}],"version-history":[{"count":18,"href":"https:\/\/www.neuillysurmarne.fr\/de\/wp-json\/wp\/v2\/pages\/623\/revisions"}],"predecessor-version":[{"id":10688,"href":"https:\/\/www.neuillysurmarne.fr\/de\/wp-json\/wp\/v2\/pages\/623\/revisions\/10688"}],"wp:featuredmedia":[{"embeddable":true,"href":"https:\/\/www.neuillysurmarne.fr\/de\/wp-json\/wp\/v2\/media\/7888"}],"wp:attachment":[{"href":"https:\/\/www.neuillysurmarne.fr\/de\/wp-json\/wp\/v2\/media?parent=623"}],"curies":[{"name":"wp","href":"https:\/\/api.w.org\/{rel}","templated":true}]}}