{"id":738,"date":"2023-11-13T15:27:42","date_gmt":"2023-11-13T14:27:42","guid":{"rendered":"https:\/\/www.neuillysurmarne.fr\/?page_id=738"},"modified":"2024-06-26T17:58:08","modified_gmt":"2024-06-26T15:58:08","slug":"informations-mutuelle-communale","status":"publish","type":"page","link":"https:\/\/www.neuillysurmarne.fr\/de\/informations-mutuelle-communale\/","title":{"rendered":"Informationen zur kommunalen Krankenversicherung"},"content":{"rendered":"<div data-elementor-type=\"wp-page\" data-elementor-id=\"738\" class=\"elementor elementor-738\" data-elementor-post-type=\"page\">\n\t\t\t\t<div class=\"elementor-element elementor-element-6ca8ee93 e-flex e-con-boxed e-con e-parent\" data-id=\"6ca8ee93\" data-element_type=\"container\" data-e-type=\"container\">\n\t\t\t\t\t<div class=\"e-con-inner\">\n\t\t<div class=\"elementor-element elementor-element-85d9cca e-flex e-con-boxed e-con e-child\" data-id=\"85d9cca\" data-element_type=\"container\" data-e-type=\"container\">\n\t\t\t\t\t<div class=\"e-con-inner\">\n\t\t\t\t<div class=\"elementor-element elementor-element-e0f8b30 elementor-widget elementor-widget-image\" data-id=\"e0f8b30\" data-element_type=\"widget\" data-e-type=\"widget\" data-widget_type=\"image.default\">\n\t\t\t\t<div class=\"elementor-widget-container\">\n\t\t\t\t\t\t\t\t\t\t\t\t\t\t\t<img fetchpriority=\"high\" decoding=\"async\" width=\"688\" height=\"176\" src=\"https:\/\/www.neuillysurmarne.fr\/wp-content\/uploads\/2024\/05\/logo-la-mutuelle-familiale.png\" class=\"attachment-large size-large wp-image-7079\" alt=\"\" srcset=\"https:\/\/www.neuillysurmarne.fr\/wp-content\/uploads\/2024\/05\/logo-la-mutuelle-familiale.png 688w, https:\/\/www.neuillysurmarne.fr\/wp-content\/uploads\/2024\/05\/logo-la-mutuelle-familiale-300x77.png 300w\" sizes=\"(max-width: 688px) 100vw, 688px\" \/>\t\t\t\t\t\t\t\t\t\t\t\t\t\t\t<\/div>\n\t\t\t\t<\/div>\n\t\t\t\t\t<\/div>\n\t\t\t\t<\/div>\n\t\t\t\t<div class=\"elementor-element elementor-element-485614e6 elementor-widget elementor-widget-text-editor\" data-id=\"485614e6\" data-element_type=\"widget\" data-e-type=\"widget\" data-widget_type=\"text-editor.default\">\n\t\t\t\t<div class=\"elementor-widget-container\">\n\t\t\t\t\t\t\t\t\t<p><span style=\"font-weight: 400;\">Um allen Noc\u00e9ens eine effiziente medizinische Versorgung zu geringen Kosten zu erm\u00f6glichen, bietet Neuilly-sur-Marne eine <\/span><b>kommunale Krankenversicherung auf Gegenseitigkeit<\/b><span style=\"font-weight: 400;\">. <\/span><\/p><p><span style=\"font-weight: 400;\">Die Teams des CCAS und der Stadt haben sich f\u00fcr einen vertrauensw\u00fcrdigen Partner entschieden, <\/span><b>Die Mutuelle Familiale<\/b><span style=\"font-weight: 400;\">Seit Oktober 2023.<\/span><\/p><h3><strong>Eine g\u00fcnstige Krankenversicherung f\u00fcr alle Noc\u00e9ens<\/strong><\/h3><p><span style=\"font-weight: 400;\">Da es der Stadt ein Anliegen ist, soziale und territoriale Ungleichheiten im Gesundheitsbereich zu verringern, hat sie sich verpflichtet, Folgendes einzuf\u00fchren <\/span><b>eine kommunale Krankenversicherung auf Gegenseitigkeit<\/b><span style=\"font-weight: 400;\">. <\/span><span style=\"font-weight: 400;\"> Dieses Ger\u00e4t verbessert <\/span><b>die Kaufkraft <\/b><span style=\"font-weight: 400;\">und kann in manchen Haushalten sogar die R\u00fcckkehr zu einem Pflegeversicherungsschutz erm\u00f6glichen. <\/span><\/p><p><span style=\"font-weight: 400;\">Indem sie eine betr\u00e4chtliche Anzahl potenzieller Mitglieder repr\u00e4sentiert, <\/span><b>die Stadtverwaltung<\/b><span style=\"font-weight: 400;\"> konnte dank des Gruppeneffekts g\u00fcnstigere Tarife aushandeln.<\/span><\/p><h3><strong>Schnelle R\u00fcckerstattungen und verst\u00e4rkter Versicherungsschutz<\/strong><\/h3><p><span style=\"font-weight: 400;\">Die Anmeldung bei der Krankenkasse erfolgt <\/span><b>ohne Altersbeschr\u00e4nkung<\/b><span style=\"font-weight: 400;\"> und <\/span><b>ohne medizinischen Fragebogen<\/b><span style=\"font-weight: 400;\">. Es werden vier Garantiestufen angeboten, mit der M\u00f6glichkeit eines verst\u00e4rkten Versicherungsschutzes f\u00fcr sehr unterschiedliche Leistungen: Optik, refraktive Chirurgie, Raucherentw\u00f6hnung, Balneotherapie, Psychoanalyse... <\/span><\/p><p><span style=\"font-weight: 400;\">Unabh\u00e4ngig von der gew\u00e4hlten Stufe, <\/span><b>die Mitglieder profitieren vom Drittzahlerprinzip<\/b><span style=\"font-weight: 400;\">eine R\u00fcckerstattungsfrist von drei Tagen (an Wochenenden bis zu f\u00fcnf Tagen) und <\/span><b>einer fehlenden Karenzzeit<\/b><span style=\"font-weight: 400;\">.<\/span><\/p>\t\t\t\t\t\t\t\t<\/div>\n\t\t\t\t<\/div>\n\t\t<div class=\"elementor-element elementor-element-de258a9 e-flex e-con-boxed e-con e-child\" data-id=\"de258a9\" data-element_type=\"container\" data-e-type=\"container\">\n\t\t\t\t\t<div class=\"e-con-inner\">\n\t\t\t\t<div class=\"elementor-element elementor-element-f3e5286 elementor-widget elementor-widget-image\" data-id=\"f3e5286\" data-element_type=\"widget\" data-e-type=\"widget\" data-widget_type=\"image.default\">\n\t\t\t\t<div class=\"elementor-widget-container\">\n\t\t\t\t\t\t\t\t\t\t\t\t\t\t\t\t<a href=\"https:\/\/www.neuillysurmarne.fr\/wp-content\/uploads\/2024\/05\/mutuelle-flyer.jpg\" data-elementor-open-lightbox=\"yes\" data-elementor-lightbox-title=\"mutuelle-flyer\" data-e-action-hash=\"#elementor-action%3Aaction%3Dlightbox%26settings%3DeyJpZCI6NzA4MywidXJsIjoiaHR0cHM6XC9cL3d3dy5uZXVpbGx5c3VybWFybmUuZnJcL3dwLWNvbnRlbnRcL3VwbG9hZHNcLzIwMjRcLzA1XC9tdXR1ZWxsZS1mbHllci5qcGcifQ%3D%3D\">\n\t\t\t\t\t\t\t<img decoding=\"async\" width=\"800\" height=\"566\" src=\"https:\/\/www.neuillysurmarne.fr\/wp-content\/uploads\/2024\/05\/mutuelle-flyer-1024x724.jpg\" class=\"attachment-large size-large wp-image-7083\" alt=\"\" srcset=\"https:\/\/www.neuillysurmarne.fr\/wp-content\/uploads\/2024\/05\/mutuelle-flyer-1024x724.jpg 1024w, https:\/\/www.neuillysurmarne.fr\/wp-content\/uploads\/2024\/05\/mutuelle-flyer-300x212.jpg 300w, https:\/\/www.neuillysurmarne.fr\/wp-content\/uploads\/2024\/05\/mutuelle-flyer-768x543.jpg 768w, https:\/\/www.neuillysurmarne.fr\/wp-content\/uploads\/2024\/05\/mutuelle-flyer.jpg 1210w\" sizes=\"(max-width: 800px) 100vw, 800px\" \/>\t\t\t\t\t\t\t\t<\/a>\n\t\t\t\t\t\t\t\t\t\t\t\t\t\t\t<\/div>\n\t\t\t\t<\/div>\n\t\t<div class=\"elementor-element elementor-element-feec484 e-flex e-con-boxed e-con e-child\" data-id=\"feec484\" data-element_type=\"container\" data-e-type=\"container\">\n\t\t\t\t\t<div class=\"e-con-inner\">\n\t\t\t\t<div class=\"elementor-element elementor-element-64a9418 elementor-widget elementor-widget-image\" data-id=\"64a9418\" data-element_type=\"widget\" data-e-type=\"widget\" data-widget_type=\"image.default\">\n\t\t\t\t<div class=\"elementor-widget-container\">\n\t\t\t\t\t\t\t\t\t\t\t\t\t\t\t\t<a href=\"https:\/\/www.neuillysurmarne.fr\/wp-content\/uploads\/2024\/05\/mutuelle-flyer-2.jpg\" data-elementor-open-lightbox=\"yes\" data-elementor-lightbox-title=\"mutuelle-flyer-2\" data-e-action-hash=\"#elementor-action%3Aaction%3Dlightbox%26settings%3DeyJpZCI6NzA4NSwidXJsIjoiaHR0cHM6XC9cL3d3dy5uZXVpbGx5c3VybWFybmUuZnJcL3dwLWNvbnRlbnRcL3VwbG9hZHNcLzIwMjRcLzA1XC9tdXR1ZWxsZS1mbHllci0yLmpwZyJ9\">\n\t\t\t\t\t\t\t<img decoding=\"async\" width=\"800\" height=\"563\" src=\"https:\/\/www.neuillysurmarne.fr\/wp-content\/uploads\/2024\/05\/mutuelle-flyer-2-1024x720.jpg\" class=\"attachment-large size-large wp-image-7085\" alt=\"\" srcset=\"https:\/\/www.neuillysurmarne.fr\/wp-content\/uploads\/2024\/05\/mutuelle-flyer-2-1024x720.jpg 1024w, https:\/\/www.neuillysurmarne.fr\/wp-content\/uploads\/2024\/05\/mutuelle-flyer-2-300x211.jpg 300w, https:\/\/www.neuillysurmarne.fr\/wp-content\/uploads\/2024\/05\/mutuelle-flyer-2-768x540.jpg 768w, https:\/\/www.neuillysurmarne.fr\/wp-content\/uploads\/2024\/05\/mutuelle-flyer-2.jpg 1213w\" sizes=\"(max-width: 800px) 100vw, 800px\" \/>\t\t\t\t\t\t\t\t<\/a>\n\t\t\t\t\t\t\t\t\t\t\t\t\t\t\t<\/div>\n\t\t\t\t<\/div>\n\t\t\t\t\t<\/div>\n\t\t\t\t<\/div>\n\t\t\t\t\t<\/div>\n\t\t\t\t<\/div>\n\t\t\t\t\t<\/div>\n\t\t\t\t<\/div>\n\t\t\t\t<\/div>","protected":false},"excerpt":{"rendered":"<p>Afin de permettre \u00e0 l\u2019ensemble des Noc\u00e9ens de b\u00e9n\u00e9ficier d\u2019une couverture m\u00e9dicale efficace \u00e0 moindres frais, Neuilly-sur-Marne propose une mutuelle sant\u00e9 communale. Les \u00e9quipes du CCAS et la Ville ont opt\u00e9 pour un partenaire de confiance, La Mutuelle Familiale, depuis le mois d\u2019octobre 2023. Une mutuelle avantageuse pour tous les Noc\u00e9ens Ayant \u00e0 c\u0153ur de [&hellip;]<\/p>\n","protected":false},"author":1,"featured_media":1163,"parent":0,"menu_order":0,"comment_status":"closed","ping_status":"closed","template":"","meta":{"_acf_changed":false,"footnotes":""},"class_list":["post-738","page","type-page","status-publish","has-post-thumbnail","hentry"],"acf":[],"yoast_head":"<!-- This site is optimized with the Yoast SEO plugin v27.4 - https:\/\/yoast.com\/product\/yoast-seo-wordpress\/ -->\n<title>Informations mutuelle communale - Mairie de Neuilly-sur-Marne<\/title>\n<meta name=\"robots\" content=\"index, follow, max-snippet:-1, max-image-preview:large, max-video-preview:-1\" \/>\n<link rel=\"canonical\" href=\"https:\/\/www.neuillysurmarne.fr\/de\/informations-mutuelle-communale\/\" \/>\n<meta property=\"og:locale\" content=\"de_DE\" \/>\n<meta property=\"og:type\" content=\"article\" \/>\n<meta property=\"og:title\" content=\"Informations mutuelle communale - Mairie de Neuilly-sur-Marne\" \/>\n<meta property=\"og:description\" content=\"Afin de permettre \u00e0 l\u2019ensemble des Noc\u00e9ens de b\u00e9n\u00e9ficier d\u2019une couverture m\u00e9dicale efficace \u00e0 moindres frais, Neuilly-sur-Marne propose une mutuelle sant\u00e9 communale. Les \u00e9quipes du CCAS et la Ville ont opt\u00e9 pour un partenaire de confiance, La Mutuelle Familiale, depuis le mois d\u2019octobre 2023. Une mutuelle avantageuse pour tous les Noc\u00e9ens Ayant \u00e0 c\u0153ur de [&hellip;]\" \/>\n<meta property=\"og:url\" content=\"https:\/\/www.neuillysurmarne.fr\/de\/informations-mutuelle-communale\/\" \/>\n<meta property=\"og:site_name\" content=\"Mairie de Neuilly-sur-Marne\" \/>\n<meta property=\"article:publisher\" content=\"https:\/\/www.facebook.com\/ville.neuilly\" \/>\n<meta property=\"article:modified_time\" content=\"2024-06-26T15:58:08+00:00\" \/>\n<meta property=\"og:image\" content=\"https:\/\/www.neuillysurmarne.fr\/wp-content\/uploads\/2023\/11\/Bandeaux-site-Neuilly-sur-Marne-13.jpg\" \/>\n\t<meta property=\"og:image:width\" content=\"1400\" \/>\n\t<meta property=\"og:image:height\" content=\"700\" \/>\n\t<meta property=\"og:image:type\" content=\"image\/jpeg\" \/>\n<meta name=\"twitter:card\" content=\"summary_large_image\" \/>\n<meta name=\"twitter:label1\" content=\"Gesch\u00e4tzte Lesezeit\" \/>\n\t<meta name=\"twitter:data1\" content=\"1\u00a0Minute\" \/>\n<script type=\"application\/ld+json\" class=\"yoast-schema-graph\">{\"@context\":\"https:\\\/\\\/schema.org\",\"@graph\":[{\"@type\":\"WebPage\",\"@id\":\"https:\\\/\\\/www.neuillysurmarne.fr\\\/informations-mutuelle-communale\\\/\",\"url\":\"https:\\\/\\\/www.neuillysurmarne.fr\\\/informations-mutuelle-communale\\\/\",\"name\":\"Informations mutuelle communale - Mairie de Neuilly-sur-Marne\",\"isPartOf\":{\"@id\":\"https:\\\/\\\/www.neuillysurmarne.fr\\\/es\\\/#website\"},\"primaryImageOfPage\":{\"@id\":\"https:\\\/\\\/www.neuillysurmarne.fr\\\/informations-mutuelle-communale\\\/#primaryimage\"},\"image\":{\"@id\":\"https:\\\/\\\/www.neuillysurmarne.fr\\\/informations-mutuelle-communale\\\/#primaryimage\"},\"thumbnailUrl\":\"https:\\\/\\\/www.neuillysurmarne.fr\\\/wp-content\\\/uploads\\\/2023\\\/11\\\/Bandeaux-site-Neuilly-sur-Marne-13.jpg\",\"datePublished\":\"2023-11-13T14:27:42+00:00\",\"dateModified\":\"2024-06-26T15:58:08+00:00\",\"breadcrumb\":{\"@id\":\"https:\\\/\\\/www.neuillysurmarne.fr\\\/informations-mutuelle-communale\\\/#breadcrumb\"},\"inLanguage\":\"de\",\"potentialAction\":[{\"@type\":\"ReadAction\",\"target\":[\"https:\\\/\\\/www.neuillysurmarne.fr\\\/informations-mutuelle-communale\\\/\"]}]},{\"@type\":\"ImageObject\",\"inLanguage\":\"de\",\"@id\":\"https:\\\/\\\/www.neuillysurmarne.fr\\\/informations-mutuelle-communale\\\/#primaryimage\",\"url\":\"https:\\\/\\\/www.neuillysurmarne.fr\\\/wp-content\\\/uploads\\\/2023\\\/11\\\/Bandeaux-site-Neuilly-sur-Marne-13.jpg\",\"contentUrl\":\"https:\\\/\\\/www.neuillysurmarne.fr\\\/wp-content\\\/uploads\\\/2023\\\/11\\\/Bandeaux-site-Neuilly-sur-Marne-13.jpg\",\"width\":1400,\"height\":700},{\"@type\":\"BreadcrumbList\",\"@id\":\"https:\\\/\\\/www.neuillysurmarne.fr\\\/informations-mutuelle-communale\\\/#breadcrumb\",\"itemListElement\":[{\"@type\":\"ListItem\",\"position\":1,\"name\":\"Accueil\",\"item\":\"https:\\\/\\\/www.neuillysurmarne.fr\\\/\"},{\"@type\":\"ListItem\",\"position\":2,\"name\":\"Informations mutuelle communale\"}]},{\"@type\":\"WebSite\",\"@id\":\"https:\\\/\\\/www.neuillysurmarne.fr\\\/es\\\/#website\",\"url\":\"https:\\\/\\\/www.neuillysurmarne.fr\\\/es\\\/\",\"name\":\"Mairie de Neuilly-sur-Marne\",\"description\":\"BETA\",\"publisher\":{\"@id\":\"https:\\\/\\\/www.neuillysurmarne.fr\\\/es\\\/#organization\"},\"potentialAction\":[{\"@type\":\"SearchAction\",\"target\":{\"@type\":\"EntryPoint\",\"urlTemplate\":\"https:\\\/\\\/www.neuillysurmarne.fr\\\/es\\\/?s={search_term_string}\"},\"query-input\":{\"@type\":\"PropertyValueSpecification\",\"valueRequired\":true,\"valueName\":\"search_term_string\"}}],\"inLanguage\":\"de\"},{\"@type\":\"Organization\",\"@id\":\"https:\\\/\\\/www.neuillysurmarne.fr\\\/es\\\/#organization\",\"name\":\"Mairie de Neuilly-sur-Marne\",\"url\":\"https:\\\/\\\/www.neuillysurmarne.fr\\\/es\\\/\",\"logo\":{\"@type\":\"ImageObject\",\"inLanguage\":\"de\",\"@id\":\"https:\\\/\\\/www.neuillysurmarne.fr\\\/es\\\/#\\\/schema\\\/logo\\\/image\\\/\",\"url\":\"https:\\\/\\\/www.neuillysurmarne.fr\\\/wp-content\\\/uploads\\\/2023\\\/10\\\/LOGO-NeuillysurMarne-blanc.png\",\"contentUrl\":\"https:\\\/\\\/www.neuillysurmarne.fr\\\/wp-content\\\/uploads\\\/2023\\\/10\\\/LOGO-NeuillysurMarne-blanc.png\",\"width\":3308,\"height\":2586,\"caption\":\"Mairie de Neuilly-sur-Marne\"},\"image\":{\"@id\":\"https:\\\/\\\/www.neuillysurmarne.fr\\\/es\\\/#\\\/schema\\\/logo\\\/image\\\/\"},\"sameAs\":[\"https:\\\/\\\/www.facebook.com\\\/ville.neuilly\",\"https:\\\/\\\/www.instagram.com\\\/neuilly_marne\\\/\",\"https:\\\/\\\/www.linkedin.com\\\/company\\\/ville-de-neuilly-sur-marne\\\/\",\"https:\\\/\\\/www.youtube.com\\\/channel\\\/UCDdZ0TLrV8rfIqjBGvoeB5A\",\"https:\\\/\\\/www.tiktok.com\\\/@villedeneuillysurmarne\"]}]}<\/script>\n<!-- \/ Yoast SEO plugin. -->","yoast_head_json":{"title":"Informations mutuelle communale - Mairie de Neuilly-sur-Marne","robots":{"index":"index","follow":"follow","max-snippet":"max-snippet:-1","max-image-preview":"max-image-preview:large","max-video-preview":"max-video-preview:-1"},"canonical":"https:\/\/www.neuillysurmarne.fr\/de\/informations-mutuelle-communale\/","og_locale":"de_DE","og_type":"article","og_title":"Informations mutuelle communale - Mairie de Neuilly-sur-Marne","og_description":"Afin de permettre \u00e0 l\u2019ensemble des Noc\u00e9ens de b\u00e9n\u00e9ficier d\u2019une couverture m\u00e9dicale efficace \u00e0 moindres frais, Neuilly-sur-Marne propose une mutuelle sant\u00e9 communale. Les \u00e9quipes du CCAS et la Ville ont opt\u00e9 pour un partenaire de confiance, La Mutuelle Familiale, depuis le mois d\u2019octobre 2023. Une mutuelle avantageuse pour tous les Noc\u00e9ens Ayant \u00e0 c\u0153ur de [&hellip;]","og_url":"https:\/\/www.neuillysurmarne.fr\/de\/informations-mutuelle-communale\/","og_site_name":"Mairie de Neuilly-sur-Marne","article_publisher":"https:\/\/www.facebook.com\/ville.neuilly","article_modified_time":"2024-06-26T15:58:08+00:00","og_image":[{"width":1400,"height":700,"url":"https:\/\/www.neuillysurmarne.fr\/wp-content\/uploads\/2023\/11\/Bandeaux-site-Neuilly-sur-Marne-13.jpg","type":"image\/jpeg"}],"twitter_card":"summary_large_image","twitter_misc":{"Gesch\u00e4tzte Lesezeit":"1\u00a0Minute"},"schema":{"@context":"https:\/\/schema.org","@graph":[{"@type":"WebPage","@id":"https:\/\/www.neuillysurmarne.fr\/informations-mutuelle-communale\/","url":"https:\/\/www.neuillysurmarne.fr\/informations-mutuelle-communale\/","name":"Informations mutuelle communale - Mairie de Neuilly-sur-Marne","isPartOf":{"@id":"https:\/\/www.neuillysurmarne.fr\/es\/#website"},"primaryImageOfPage":{"@id":"https:\/\/www.neuillysurmarne.fr\/informations-mutuelle-communale\/#primaryimage"},"image":{"@id":"https:\/\/www.neuillysurmarne.fr\/informations-mutuelle-communale\/#primaryimage"},"thumbnailUrl":"https:\/\/www.neuillysurmarne.fr\/wp-content\/uploads\/2023\/11\/Bandeaux-site-Neuilly-sur-Marne-13.jpg","datePublished":"2023-11-13T14:27:42+00:00","dateModified":"2024-06-26T15:58:08+00:00","breadcrumb":{"@id":"https:\/\/www.neuillysurmarne.fr\/informations-mutuelle-communale\/#breadcrumb"},"inLanguage":"de","potentialAction":[{"@type":"ReadAction","target":["https:\/\/www.neuillysurmarne.fr\/informations-mutuelle-communale\/"]}]},{"@type":"ImageObject","inLanguage":"de","@id":"https:\/\/www.neuillysurmarne.fr\/informations-mutuelle-communale\/#primaryimage","url":"https:\/\/www.neuillysurmarne.fr\/wp-content\/uploads\/2023\/11\/Bandeaux-site-Neuilly-sur-Marne-13.jpg","contentUrl":"https:\/\/www.neuillysurmarne.fr\/wp-content\/uploads\/2023\/11\/Bandeaux-site-Neuilly-sur-Marne-13.jpg","width":1400,"height":700},{"@type":"BreadcrumbList","@id":"https:\/\/www.neuillysurmarne.fr\/informations-mutuelle-communale\/#breadcrumb","itemListElement":[{"@type":"ListItem","position":1,"name":"Accueil","item":"https:\/\/www.neuillysurmarne.fr\/"},{"@type":"ListItem","position":2,"name":"Informations mutuelle communale"}]},{"@type":"WebSite","@id":"https:\/\/www.neuillysurmarne.fr\/es\/#website","url":"https:\/\/www.neuillysurmarne.fr\/es\/","name":"Rathaus von Neuilly-sur-Marne","description":"BETA","publisher":{"@id":"https:\/\/www.neuillysurmarne.fr\/es\/#organization"},"potentialAction":[{"@type":"SearchAction","target":{"@type":"EntryPoint","urlTemplate":"https:\/\/www.neuillysurmarne.fr\/es\/?s={search_term_string}"},"query-input":{"@type":"PropertyValueSpecification","valueRequired":true,"valueName":"search_term_string"}}],"inLanguage":"de"},{"@type":"Organization","@id":"https:\/\/www.neuillysurmarne.fr\/es\/#organization","name":"Rathaus von Neuilly-sur-Marne","url":"https:\/\/www.neuillysurmarne.fr\/es\/","logo":{"@type":"ImageObject","inLanguage":"de","@id":"https:\/\/www.neuillysurmarne.fr\/es\/#\/schema\/logo\/image\/","url":"https:\/\/www.neuillysurmarne.fr\/wp-content\/uploads\/2023\/10\/LOGO-NeuillysurMarne-blanc.png","contentUrl":"https:\/\/www.neuillysurmarne.fr\/wp-content\/uploads\/2023\/10\/LOGO-NeuillysurMarne-blanc.png","width":3308,"height":2586,"caption":"Mairie de Neuilly-sur-Marne"},"image":{"@id":"https:\/\/www.neuillysurmarne.fr\/es\/#\/schema\/logo\/image\/"},"sameAs":["https:\/\/www.facebook.com\/ville.neuilly","https:\/\/www.instagram.com\/neuilly_marne\/","https:\/\/www.linkedin.com\/company\/ville-de-neuilly-sur-marne\/","https:\/\/www.youtube.com\/channel\/UCDdZ0TLrV8rfIqjBGvoeB5A","https:\/\/www.tiktok.com\/@villedeneuillysurmarne"]}]}},"_links":{"self":[{"href":"https:\/\/www.neuillysurmarne.fr\/de\/wp-json\/wp\/v2\/pages\/738","targetHints":{"allow":["GET"]}}],"collection":[{"href":"https:\/\/www.neuillysurmarne.fr\/de\/wp-json\/wp\/v2\/pages"}],"about":[{"href":"https:\/\/www.neuillysurmarne.fr\/de\/wp-json\/wp\/v2\/types\/page"}],"author":[{"embeddable":true,"href":"https:\/\/www.neuillysurmarne.fr\/de\/wp-json\/wp\/v2\/users\/1"}],"replies":[{"embeddable":true,"href":"https:\/\/www.neuillysurmarne.fr\/de\/wp-json\/wp\/v2\/comments?post=738"}],"version-history":[{"count":25,"href":"https:\/\/www.neuillysurmarne.fr\/de\/wp-json\/wp\/v2\/pages\/738\/revisions"}],"predecessor-version":[{"id":10804,"href":"https:\/\/www.neuillysurmarne.fr\/de\/wp-json\/wp\/v2\/pages\/738\/revisions\/10804"}],"wp:featuredmedia":[{"embeddable":true,"href":"https:\/\/www.neuillysurmarne.fr\/de\/wp-json\/wp\/v2\/media\/1163"}],"wp:attachment":[{"href":"https:\/\/www.neuillysurmarne.fr\/de\/wp-json\/wp\/v2\/media?parent=738"}],"curies":[{"name":"wp","href":"https:\/\/api.w.org\/{rel}","templated":true}]}}