{"id":8375,"date":"2024-06-06T18:49:14","date_gmt":"2024-06-06T16:49:14","guid":{"rendered":"https:\/\/www.neuillysurmarne.fr\/?page_id=8375"},"modified":"2025-05-06T15:41:50","modified_gmt":"2025-05-06T13:41:50","slug":"pimms-mobile-2","status":"publish","type":"page","link":"https:\/\/www.neuillysurmarne.fr\/de\/pimms-mobile-2\/","title":{"rendered":"PIMM'S Mobile"},"content":{"rendered":"<div data-elementor-type=\"wp-page\" data-elementor-id=\"8375\" class=\"elementor elementor-8375\" data-elementor-post-type=\"page\">\n\t\t\t\t<div class=\"elementor-element elementor-element-bd0cb47 e-flex e-con-boxed e-con e-parent\" data-id=\"bd0cb47\" data-element_type=\"container\" data-e-type=\"container\">\n\t\t\t\t\t<div class=\"e-con-inner\">\n\t\t\t\t<div class=\"elementor-element elementor-element-7cf42c5 elementor-widget elementor-widget-image\" data-id=\"7cf42c5\" data-element_type=\"widget\" data-e-type=\"widget\" data-widget_type=\"image.default\">\n\t\t\t\t<div class=\"elementor-widget-container\">\n\t\t\t\t\t\t\t\t\t\t\t\t\t\t\t<img fetchpriority=\"high\" decoding=\"async\" width=\"768\" height=\"136\" src=\"https:\/\/www.neuillysurmarne.fr\/wp-content\/uploads\/2024\/06\/LOGOTYPE_PM-NOISY-LE-GRAND_RVB_SANS-SIGNATURE-2048x735-2-1-768x136.png\" class=\"attachment-medium_large size-medium_large wp-image-8378\" alt=\"\" srcset=\"https:\/\/www.neuillysurmarne.fr\/wp-content\/uploads\/2024\/06\/LOGOTYPE_PM-NOISY-LE-GRAND_RVB_SANS-SIGNATURE-2048x735-2-1-768x136.png 768w, https:\/\/www.neuillysurmarne.fr\/wp-content\/uploads\/2024\/06\/LOGOTYPE_PM-NOISY-LE-GRAND_RVB_SANS-SIGNATURE-2048x735-2-1-300x53.png 300w, https:\/\/www.neuillysurmarne.fr\/wp-content\/uploads\/2024\/06\/LOGOTYPE_PM-NOISY-LE-GRAND_RVB_SANS-SIGNATURE-2048x735-2-1-1024x181.png 1024w, https:\/\/www.neuillysurmarne.fr\/wp-content\/uploads\/2024\/06\/LOGOTYPE_PM-NOISY-LE-GRAND_RVB_SANS-SIGNATURE-2048x735-2-1-1536x272.png 1536w, https:\/\/www.neuillysurmarne.fr\/wp-content\/uploads\/2024\/06\/LOGOTYPE_PM-NOISY-LE-GRAND_RVB_SANS-SIGNATURE-2048x735-2-1.png 2041w\" sizes=\"(max-width: 768px) 100vw, 768px\" \/>\t\t\t\t\t\t\t\t\t\t\t\t\t\t\t<\/div>\n\t\t\t\t<\/div>\n\t\t\t\t<div class=\"elementor-element elementor-element-d7400e0 elementor-widget elementor-widget-text-editor\" data-id=\"d7400e0\" data-element_type=\"widget\" data-e-type=\"widget\" data-widget_type=\"text-editor.default\">\n\t\t\t\t<div class=\"elementor-widget-container\">\n\t\t\t\t\t\t\t\t\t<p>Depuis 2021, le Point d&rsquo;Information M\u00e9diation Multiservices, dit PIMMS, rend service aux Noc\u00e9ens.<\/p><h3><strong>Den Zugang zu Rechten und \u00f6ffentlichen Dienstleistungen sicherstellen<\/strong><\/h3><p>Interface de m\u00e9diation entre les Noc\u00e9ens et les services publics, le PIMMS est <strong>ein System, bei dem professionelle, sozial engagierte Mediatoren die Nutzer informieren, orientieren und bei ihren Online-Beh\u00f6rdeng\u00e4ngen begleiten<\/strong>.<\/p><p>Sie haben Schwierigkeiten, Ihr Krankenblatt zu adressieren? eine Postanweisung zu verwenden? sich auf eine Stellenanzeige zu bewerben?<br \/>Ausgestattet mit Computerausr\u00fcstung (Computer, Tablets, Internetanschluss), empfangen Sie die Mediatoren kostenlos ohne Termin und in aller Vertraulichkeit, um Ihnen mit Rat und Tat zur Seite zu stehen.<\/p><h3><strong>Partnerschaften mit den wichtigsten Organisationen<\/strong><\/h3><p>In Partnerschaft mit mehreren Organisationen, darunter <strong>die CAF, France Travail, die Krankenversicherung, Veolia, das Innenministerium, La Poste oder Enedis<\/strong>, le PIMMS vous aide \u00e0 remplir vos dossiers administratifs et vous oriente vers le bon interlocuteur. Un service essentiel et de proximit\u00e9 dans un contexte de d\u00e9mat\u00e9rialisation croissante des d\u00e9marches !<\/p>\t\t\t\t\t\t\t\t<\/div>\n\t\t\t\t<\/div>\n\t\t\t\t\t<\/div>\n\t\t\t\t<\/div>\n\t\t<div class=\"elementor-element elementor-element-2073d45 e-flex e-con-boxed e-con e-parent\" data-id=\"2073d45\" data-element_type=\"container\" data-e-type=\"container\">\n\t\t\t\t\t<div class=\"e-con-inner\">\n\t\t<div class=\"elementor-element elementor-element-bf59cfd e-grid e-con-boxed e-con e-child\" data-id=\"bf59cfd\" data-element_type=\"container\" data-e-type=\"container\">\n\t\t\t\t\t<div class=\"e-con-inner\">\n\t\t\t\t<div class=\"elementor-element elementor-element-c2909fb elementor-widget elementor-widget-text-editor\" data-id=\"c2909fb\" data-element_type=\"widget\" data-e-type=\"widget\" data-widget_type=\"text-editor.default\">\n\t\t\t\t<div class=\"elementor-widget-container\">\n\t\t\t\t\t\t\t\t\t<h3 class=\"destinataire\"><strong>PIMMS <br \/><\/strong><\/h3><p>Rendez-vous le lundi apr\u00e8s-midi :<br \/><strong>Centre L\u00e9o Lagrange<\/strong><br \/>\ud83d\udd64 13h-16h15<br \/>\ud83d\udccd 26 boulevard Ferdinand Buisson<br \/>93330 Neuilly-sur-Marne<\/p><div class=\"streetAddress\">Termin am Donnerstagmorgen :<\/div><div><strong>Rathaus - 3. Stock - Cafeteria <\/strong><\/div><div>\ud83d\udd64 9.30-12.30 Uhr<\/div><div class=\"streetAddress\">\ud83d\udccd 1 place Fran\u00e7ois Mitterrand<br \/>93330 Neuilly-sur-Marne<\/div><div>\u00a0<\/div><div>Termin am Donnerstagnachmittag :<\/div><div><strong>Projekthaus <\/strong><\/div><div>\ud83d\udd51 14h-17h<\/div><div>\ud83d\udccd 9 rue du Roussillon<br \/>93330 Neuilly-sur-Marne<\/div>\t\t\t\t\t\t\t\t<\/div>\n\t\t\t\t<\/div>\n\t\t\t\t<div class=\"elementor-element elementor-element-0fa636a elementor-widget elementor-widget-google_maps\" data-id=\"0fa636a\" data-element_type=\"widget\" data-e-type=\"widget\" data-widget_type=\"google_maps.default\">\n\t\t\t\t<div class=\"elementor-widget-container\">\n\t\t\t\t\t\t\t<div class=\"elementor-custom-embed\">\n\t\t\t<iframe loading=\"lazy\"\n\t\t\t\t\tsrc=\"https:\/\/maps.google.com\/maps?q=1%20place%20Fran%C3%A7ois%20Mitterrand%2C%2093330&#038;t=m&#038;z=17&#038;output=embed&#038;iwloc=near\"\n\t\t\t\t\ttitle=\"1 place Fran\u00e7ois Mitterrand, 93330\"\n\t\t\t\t\taria-label=\"1 place Fran\u00e7ois Mitterrand, 93330\"\n\t\t\t><\/iframe>\n\t\t<\/div>\n\t\t\t\t\t\t<\/div>\n\t\t\t\t<\/div>\n\t\t\t\t<div class=\"elementor-element elementor-element-2a2732d elementor-widget elementor-widget-image\" data-id=\"2a2732d\" data-element_type=\"widget\" data-e-type=\"widget\" data-widget_type=\"image.default\">\n\t\t\t\t<div class=\"elementor-widget-container\">\n\t\t\t\t\t\t\t\t\t\t\t\t\t\t\t<img decoding=\"async\" width=\"2782\" height=\"2782\" src=\"https:\/\/www.neuillysurmarne.fr\/wp-content\/uploads\/2024\/06\/pimms-mobile-1.png\" class=\"attachment-full size-full wp-image-8385\" alt=\"\" srcset=\"https:\/\/www.neuillysurmarne.fr\/wp-content\/uploads\/2024\/06\/pimms-mobile-1.png 2782w, https:\/\/www.neuillysurmarne.fr\/wp-content\/uploads\/2024\/06\/pimms-mobile-1-300x300.png 300w, https:\/\/www.neuillysurmarne.fr\/wp-content\/uploads\/2024\/06\/pimms-mobile-1-1024x1024.png 1024w, https:\/\/www.neuillysurmarne.fr\/wp-content\/uploads\/2024\/06\/pimms-mobile-1-150x150.png 150w, https:\/\/www.neuillysurmarne.fr\/wp-content\/uploads\/2024\/06\/pimms-mobile-1-768x768.png 768w, https:\/\/www.neuillysurmarne.fr\/wp-content\/uploads\/2024\/06\/pimms-mobile-1-1536x1536.png 1536w, https:\/\/www.neuillysurmarne.fr\/wp-content\/uploads\/2024\/06\/pimms-mobile-1-2048x2048.png 2048w\" sizes=\"(max-width: 2782px) 100vw, 2782px\" \/>\t\t\t\t\t\t\t\t\t\t\t\t\t\t\t<\/div>\n\t\t\t\t<\/div>\n\t\t\t\t\t<\/div>\n\t\t\t\t<\/div>\n\t\t\t\t\t<\/div>\n\t\t\t\t<\/div>\n\t\t\t\t<\/div>","protected":false},"excerpt":{"rendered":"<p>Depuis 2021, le Point d&rsquo;Information M\u00e9diation Multiservices, dit PIMMS, rend service aux Noc\u00e9ens. Assurer l&rsquo;acc\u00e8s aux droits et aux services publics Interface de m\u00e9diation entre les Noc\u00e9ens et les services publics, le PIMMS est un dispositif gr\u00e2ce auquel des agents m\u00e9diateurs professionnels du lien social informent, orientent et accompagnent les usagers dans leurs d\u00e9marches administratives [&hellip;]<\/p>\n","protected":false},"author":2,"featured_media":8380,"parent":0,"menu_order":0,"comment_status":"closed","ping_status":"closed","template":"","meta":{"_acf_changed":false,"footnotes":""},"class_list":["post-8375","page","type-page","status-publish","has-post-thumbnail","hentry"],"acf":[],"yoast_head":"<!-- This site is optimized with the Yoast SEO plugin v27.4 - https:\/\/yoast.com\/product\/yoast-seo-wordpress\/ -->\n<title>PIMM&#039;S Mobile - Mairie de Neuilly-sur-Marne<\/title>\n<meta name=\"robots\" content=\"index, follow, max-snippet:-1, max-image-preview:large, max-video-preview:-1\" \/>\n<link rel=\"canonical\" href=\"https:\/\/www.neuillysurmarne.fr\/de\/pimms-mobile-2\/\" \/>\n<meta property=\"og:locale\" content=\"de_DE\" \/>\n<meta property=\"og:type\" content=\"article\" \/>\n<meta property=\"og:title\" content=\"PIMM&#039;S Mobile - Mairie de Neuilly-sur-Marne\" \/>\n<meta property=\"og:description\" content=\"Depuis 2021, le Point d&rsquo;Information M\u00e9diation Multiservices, dit PIMMS, rend service aux Noc\u00e9ens. Assurer l&rsquo;acc\u00e8s aux droits et aux services publics Interface de m\u00e9diation entre les Noc\u00e9ens et les services publics, le PIMMS est un dispositif gr\u00e2ce auquel des agents m\u00e9diateurs professionnels du lien social informent, orientent et accompagnent les usagers dans leurs d\u00e9marches administratives [&hellip;]\" \/>\n<meta property=\"og:url\" content=\"https:\/\/www.neuillysurmarne.fr\/de\/pimms-mobile-2\/\" \/>\n<meta property=\"og:site_name\" content=\"Mairie de Neuilly-sur-Marne\" \/>\n<meta property=\"article:publisher\" content=\"https:\/\/www.facebook.com\/ville.neuilly\" \/>\n<meta property=\"article:modified_time\" content=\"2025-05-06T13:41:50+00:00\" \/>\n<meta property=\"og:image\" content=\"https:\/\/www.neuillysurmarne.fr\/wp-content\/uploads\/2024\/06\/pimms-mobile-1024x652.png\" \/>\n\t<meta property=\"og:image:width\" content=\"1024\" \/>\n\t<meta property=\"og:image:height\" content=\"652\" \/>\n\t<meta property=\"og:image:type\" content=\"image\/png\" \/>\n<meta name=\"twitter:card\" content=\"summary_large_image\" \/>\n<meta name=\"twitter:label1\" content=\"Gesch\u00e4tzte Lesezeit\" \/>\n\t<meta name=\"twitter:data1\" content=\"3\u00a0Minuten\" \/>\n<script type=\"application\/ld+json\" class=\"yoast-schema-graph\">{\"@context\":\"https:\\\/\\\/schema.org\",\"@graph\":[{\"@type\":\"WebPage\",\"@id\":\"https:\\\/\\\/www.neuillysurmarne.fr\\\/pimms-mobile-2\\\/\",\"url\":\"https:\\\/\\\/www.neuillysurmarne.fr\\\/pimms-mobile-2\\\/\",\"name\":\"PIMM'S Mobile - Mairie de Neuilly-sur-Marne\",\"isPartOf\":{\"@id\":\"https:\\\/\\\/www.neuillysurmarne.fr\\\/es\\\/#website\"},\"primaryImageOfPage\":{\"@id\":\"https:\\\/\\\/www.neuillysurmarne.fr\\\/pimms-mobile-2\\\/#primaryimage\"},\"image\":{\"@id\":\"https:\\\/\\\/www.neuillysurmarne.fr\\\/pimms-mobile-2\\\/#primaryimage\"},\"thumbnailUrl\":\"https:\\\/\\\/www.neuillysurmarne.fr\\\/wp-content\\\/uploads\\\/2024\\\/06\\\/pimms-mobile.png\",\"datePublished\":\"2024-06-06T16:49:14+00:00\",\"dateModified\":\"2025-05-06T13:41:50+00:00\",\"breadcrumb\":{\"@id\":\"https:\\\/\\\/www.neuillysurmarne.fr\\\/pimms-mobile-2\\\/#breadcrumb\"},\"inLanguage\":\"de\",\"potentialAction\":[{\"@type\":\"ReadAction\",\"target\":[\"https:\\\/\\\/www.neuillysurmarne.fr\\\/pimms-mobile-2\\\/\"]}]},{\"@type\":\"ImageObject\",\"inLanguage\":\"de\",\"@id\":\"https:\\\/\\\/www.neuillysurmarne.fr\\\/pimms-mobile-2\\\/#primaryimage\",\"url\":\"https:\\\/\\\/www.neuillysurmarne.fr\\\/wp-content\\\/uploads\\\/2024\\\/06\\\/pimms-mobile.png\",\"contentUrl\":\"https:\\\/\\\/www.neuillysurmarne.fr\\\/wp-content\\\/uploads\\\/2024\\\/06\\\/pimms-mobile.png\",\"width\":4370,\"height\":2782},{\"@type\":\"BreadcrumbList\",\"@id\":\"https:\\\/\\\/www.neuillysurmarne.fr\\\/pimms-mobile-2\\\/#breadcrumb\",\"itemListElement\":[{\"@type\":\"ListItem\",\"position\":1,\"name\":\"Accueil\",\"item\":\"https:\\\/\\\/www.neuillysurmarne.fr\\\/\"},{\"@type\":\"ListItem\",\"position\":2,\"name\":\"PIMM&rsquo;S Mobile\"}]},{\"@type\":\"WebSite\",\"@id\":\"https:\\\/\\\/www.neuillysurmarne.fr\\\/es\\\/#website\",\"url\":\"https:\\\/\\\/www.neuillysurmarne.fr\\\/es\\\/\",\"name\":\"Mairie de Neuilly-sur-Marne\",\"description\":\"BETA\",\"publisher\":{\"@id\":\"https:\\\/\\\/www.neuillysurmarne.fr\\\/es\\\/#organization\"},\"potentialAction\":[{\"@type\":\"SearchAction\",\"target\":{\"@type\":\"EntryPoint\",\"urlTemplate\":\"https:\\\/\\\/www.neuillysurmarne.fr\\\/es\\\/?s={search_term_string}\"},\"query-input\":{\"@type\":\"PropertyValueSpecification\",\"valueRequired\":true,\"valueName\":\"search_term_string\"}}],\"inLanguage\":\"de\"},{\"@type\":\"Organization\",\"@id\":\"https:\\\/\\\/www.neuillysurmarne.fr\\\/es\\\/#organization\",\"name\":\"Mairie de Neuilly-sur-Marne\",\"url\":\"https:\\\/\\\/www.neuillysurmarne.fr\\\/es\\\/\",\"logo\":{\"@type\":\"ImageObject\",\"inLanguage\":\"de\",\"@id\":\"https:\\\/\\\/www.neuillysurmarne.fr\\\/es\\\/#\\\/schema\\\/logo\\\/image\\\/\",\"url\":\"https:\\\/\\\/www.neuillysurmarne.fr\\\/wp-content\\\/uploads\\\/2023\\\/10\\\/LOGO-NeuillysurMarne-blanc.png\",\"contentUrl\":\"https:\\\/\\\/www.neuillysurmarne.fr\\\/wp-content\\\/uploads\\\/2023\\\/10\\\/LOGO-NeuillysurMarne-blanc.png\",\"width\":3308,\"height\":2586,\"caption\":\"Mairie de Neuilly-sur-Marne\"},\"image\":{\"@id\":\"https:\\\/\\\/www.neuillysurmarne.fr\\\/es\\\/#\\\/schema\\\/logo\\\/image\\\/\"},\"sameAs\":[\"https:\\\/\\\/www.facebook.com\\\/ville.neuilly\",\"https:\\\/\\\/www.instagram.com\\\/neuilly_marne\\\/\",\"https:\\\/\\\/www.linkedin.com\\\/company\\\/ville-de-neuilly-sur-marne\\\/\",\"https:\\\/\\\/www.youtube.com\\\/channel\\\/UCDdZ0TLrV8rfIqjBGvoeB5A\",\"https:\\\/\\\/www.tiktok.com\\\/@villedeneuillysurmarne\"]}]}<\/script>\n<!-- \/ Yoast SEO plugin. -->","yoast_head_json":{"title":"PIMM'S Mobile - Mairie de Neuilly-sur-Marne","robots":{"index":"index","follow":"follow","max-snippet":"max-snippet:-1","max-image-preview":"max-image-preview:large","max-video-preview":"max-video-preview:-1"},"canonical":"https:\/\/www.neuillysurmarne.fr\/de\/pimms-mobile-2\/","og_locale":"de_DE","og_type":"article","og_title":"PIMM'S Mobile - Mairie de Neuilly-sur-Marne","og_description":"Depuis 2021, le Point d&rsquo;Information M\u00e9diation Multiservices, dit PIMMS, rend service aux Noc\u00e9ens. Assurer l&rsquo;acc\u00e8s aux droits et aux services publics Interface de m\u00e9diation entre les Noc\u00e9ens et les services publics, le PIMMS est un dispositif gr\u00e2ce auquel des agents m\u00e9diateurs professionnels du lien social informent, orientent et accompagnent les usagers dans leurs d\u00e9marches administratives [&hellip;]","og_url":"https:\/\/www.neuillysurmarne.fr\/de\/pimms-mobile-2\/","og_site_name":"Mairie de Neuilly-sur-Marne","article_publisher":"https:\/\/www.facebook.com\/ville.neuilly","article_modified_time":"2025-05-06T13:41:50+00:00","og_image":[{"width":1024,"height":652,"url":"https:\/\/www.neuillysurmarne.fr\/wp-content\/uploads\/2024\/06\/pimms-mobile-1024x652.png","type":"image\/png"}],"twitter_card":"summary_large_image","twitter_misc":{"Gesch\u00e4tzte Lesezeit":"3\u00a0Minuten"},"schema":{"@context":"https:\/\/schema.org","@graph":[{"@type":"WebPage","@id":"https:\/\/www.neuillysurmarne.fr\/pimms-mobile-2\/","url":"https:\/\/www.neuillysurmarne.fr\/pimms-mobile-2\/","name":"PIMM'S Mobile - Mairie de Neuilly-sur-Marne","isPartOf":{"@id":"https:\/\/www.neuillysurmarne.fr\/es\/#website"},"primaryImageOfPage":{"@id":"https:\/\/www.neuillysurmarne.fr\/pimms-mobile-2\/#primaryimage"},"image":{"@id":"https:\/\/www.neuillysurmarne.fr\/pimms-mobile-2\/#primaryimage"},"thumbnailUrl":"https:\/\/www.neuillysurmarne.fr\/wp-content\/uploads\/2024\/06\/pimms-mobile.png","datePublished":"2024-06-06T16:49:14+00:00","dateModified":"2025-05-06T13:41:50+00:00","breadcrumb":{"@id":"https:\/\/www.neuillysurmarne.fr\/pimms-mobile-2\/#breadcrumb"},"inLanguage":"de","potentialAction":[{"@type":"ReadAction","target":["https:\/\/www.neuillysurmarne.fr\/pimms-mobile-2\/"]}]},{"@type":"ImageObject","inLanguage":"de","@id":"https:\/\/www.neuillysurmarne.fr\/pimms-mobile-2\/#primaryimage","url":"https:\/\/www.neuillysurmarne.fr\/wp-content\/uploads\/2024\/06\/pimms-mobile.png","contentUrl":"https:\/\/www.neuillysurmarne.fr\/wp-content\/uploads\/2024\/06\/pimms-mobile.png","width":4370,"height":2782},{"@type":"BreadcrumbList","@id":"https:\/\/www.neuillysurmarne.fr\/pimms-mobile-2\/#breadcrumb","itemListElement":[{"@type":"ListItem","position":1,"name":"Accueil","item":"https:\/\/www.neuillysurmarne.fr\/"},{"@type":"ListItem","position":2,"name":"PIMM&rsquo;S Mobile"}]},{"@type":"WebSite","@id":"https:\/\/www.neuillysurmarne.fr\/es\/#website","url":"https:\/\/www.neuillysurmarne.fr\/es\/","name":"Rathaus von Neuilly-sur-Marne","description":"BETA","publisher":{"@id":"https:\/\/www.neuillysurmarne.fr\/es\/#organization"},"potentialAction":[{"@type":"SearchAction","target":{"@type":"EntryPoint","urlTemplate":"https:\/\/www.neuillysurmarne.fr\/es\/?s={search_term_string}"},"query-input":{"@type":"PropertyValueSpecification","valueRequired":true,"valueName":"search_term_string"}}],"inLanguage":"de"},{"@type":"Organization","@id":"https:\/\/www.neuillysurmarne.fr\/es\/#organization","name":"Rathaus von Neuilly-sur-Marne","url":"https:\/\/www.neuillysurmarne.fr\/es\/","logo":{"@type":"ImageObject","inLanguage":"de","@id":"https:\/\/www.neuillysurmarne.fr\/es\/#\/schema\/logo\/image\/","url":"https:\/\/www.neuillysurmarne.fr\/wp-content\/uploads\/2023\/10\/LOGO-NeuillysurMarne-blanc.png","contentUrl":"https:\/\/www.neuillysurmarne.fr\/wp-content\/uploads\/2023\/10\/LOGO-NeuillysurMarne-blanc.png","width":3308,"height":2586,"caption":"Mairie de Neuilly-sur-Marne"},"image":{"@id":"https:\/\/www.neuillysurmarne.fr\/es\/#\/schema\/logo\/image\/"},"sameAs":["https:\/\/www.facebook.com\/ville.neuilly","https:\/\/www.instagram.com\/neuilly_marne\/","https:\/\/www.linkedin.com\/company\/ville-de-neuilly-sur-marne\/","https:\/\/www.youtube.com\/channel\/UCDdZ0TLrV8rfIqjBGvoeB5A","https:\/\/www.tiktok.com\/@villedeneuillysurmarne"]}]}},"_links":{"self":[{"href":"https:\/\/www.neuillysurmarne.fr\/de\/wp-json\/wp\/v2\/pages\/8375","targetHints":{"allow":["GET"]}}],"collection":[{"href":"https:\/\/www.neuillysurmarne.fr\/de\/wp-json\/wp\/v2\/pages"}],"about":[{"href":"https:\/\/www.neuillysurmarne.fr\/de\/wp-json\/wp\/v2\/types\/page"}],"author":[{"embeddable":true,"href":"https:\/\/www.neuillysurmarne.fr\/de\/wp-json\/wp\/v2\/users\/2"}],"replies":[{"embeddable":true,"href":"https:\/\/www.neuillysurmarne.fr\/de\/wp-json\/wp\/v2\/comments?post=8375"}],"version-history":[{"count":18,"href":"https:\/\/www.neuillysurmarne.fr\/de\/wp-json\/wp\/v2\/pages\/8375\/revisions"}],"predecessor-version":[{"id":15119,"href":"https:\/\/www.neuillysurmarne.fr\/de\/wp-json\/wp\/v2\/pages\/8375\/revisions\/15119"}],"wp:featuredmedia":[{"embeddable":true,"href":"https:\/\/www.neuillysurmarne.fr\/de\/wp-json\/wp\/v2\/media\/8380"}],"wp:attachment":[{"href":"https:\/\/www.neuillysurmarne.fr\/de\/wp-json\/wp\/v2\/media?parent=8375"}],"curies":[{"name":"wp","href":"https:\/\/api.w.org\/{rel}","templated":true}]}}