{"id":15826,"date":"2025-07-30T18:10:22","date_gmt":"2025-07-30T16:10:22","guid":{"rendered":"https:\/\/www.neuillysurmarne.fr\/?post_type=evenements&#038;p=15826"},"modified":"2026-01-06T16:42:55","modified_gmt":"2026-01-06T15:42:55","slug":"concours-de-photographie-quest-ce-qui-fait-notre-ville","status":"publish","type":"evenements","link":"https:\/\/www.neuillysurmarne.fr\/el\/evenements\/concours-de-photographie-quest-ce-qui-fait-notre-ville\/","title":{"rendered":"Concours de photographie &#8211; Qu&rsquo;est-ce qui fait notre ville ?"},"content":{"rendered":"<h3><strong>Concours photo<\/strong><br \/>\n<strong>QU&rsquo;EST-CE QUI FAIT NOTRE VILLE ?<\/strong><\/h3>\n<p><b>Du 1er janvier au 30 mai<\/b><\/p>\n<p><em>D\u00e8s 13 ans<br \/>\n<\/em><a href=\"mailto:concours.photos@neuillysurmarne.fr\"><strong>\u27a1\ufe0f <a href=\"https:\/\/www.neuillysurmarne.fr\/wp-content\/uploads\/2026\/01\/Reglement-interieur-concours-photo-2026-3.pdf\">\u0395\u03c3\u03c9\u03c4\u03b5\u03c1\u03b9\u03ba\u03cc\u03c2 \u03ba\u03b1\u03bd\u03bf\u03bd\u03b9\u03c3\u03bc\u03cc\u03c2<\/a><br \/>\n\u27a1\ufe0f <a href=\"https:\/\/docs.google.com\/forms\/d\/1-_oSlibyLaL1dXjOxHLavUZ70FYda1KYABPYHusVgV0\/viewform?pli=1&amp;pli=1&amp;edit_requested=true\">Formulaire d&rsquo;inscription<\/a><br \/>\n\u27a1\ufe0f Informations compl\u00e9mentaires : <\/strong><\/a><a href=\"mailto:concours.photos@neuillysurmarne.fr\"><strong><a href=\"mailto:concours.photos@neuillysurmarne.fr\">concours.photos@neuillysurmarne.fr<\/a><\/strong><\/a><\/p>\n<p><strong>Le lien entre les habitants, les lieux et les histoires partag\u00e9es<\/strong><\/p>\n<p>Ce concours de photographie amateur est ouvert \u00e0 tous les Noc\u00e9ens \u00e0 partir de 13 ans.<\/p>\n<p>Qu&rsquo;il s&rsquo;agisse d&rsquo;un b\u00e2timent embl\u00e9matique, d&rsquo;un parc, d&rsquo;un jardin secret, d&rsquo;une sc\u00e8ne du quotidien, d&rsquo;un visage ou d&rsquo;une p\u00e2tisserie de quartier, chaque clich\u00e9 est une fa\u00e7on de c\u00e9l\u00e9brer l&rsquo;\u00e2me de notre ville. Que vous soyez amateur, curieux ou passionn\u00e9 d&rsquo;images, ce concours est l&rsquo;occasion d&rsquo;exprimer votre regard personnel et de participer \u00e0 une mise en valeur collective et sensible de notre patrimoine.<\/p>\n<p>Deux cat\u00e9gories sont propos\u00e9es : photographies num\u00e9riques \/ photographies argentiques. Un jury s\u00e9lectionnera 20 photographies, qui seront ensuite conserv\u00e9es aux Archives municipales. Parmi elles, 5 seront int\u00e9gr\u00e9es au fonds d&rsquo;art municipal. Les photos retenues seront expos\u00e9es \u00e0 la ludom\u00e9diath\u00e8que. Un prix du Public noc\u00e9en r\u00e9compensera l&rsquo;une d&rsquo;elle.<\/p>\n<p>Des ateliers techniques seront propos\u00e9s pour vous accompagner, et pour d\u00e9velopper \u00e0 la fois la technique et la pratique encadr\u00e9s par une photographe professionnelle :<br \/>\n<strong>Samedi 31 janvier \u2013 Samedi 28 f\u00e9vrier \u2013 Samedi 28 mars \u2013 Samedi 18 avril<\/strong><\/p>\n<p>&nbsp;<\/p>\n<p><a href=\"https:\/\/www.neuillysurmarne.fr\/wp-content\/uploads\/2025\/07\/Exposition-photos-scaled.png\"><img fetchpriority=\"high\" decoding=\"async\" class=\"aligncenter wp-image-15827 size-large\" src=\"https:\/\/www.neuillysurmarne.fr\/wp-content\/uploads\/2025\/07\/Exposition-photos-724x1024.png\" alt=\"\" width=\"724\" height=\"1024\" srcset=\"https:\/\/www.neuillysurmarne.fr\/wp-content\/uploads\/2025\/07\/Exposition-photos-724x1024.png 724w, https:\/\/www.neuillysurmarne.fr\/wp-content\/uploads\/2025\/07\/Exposition-photos-212x300.png 212w, https:\/\/www.neuillysurmarne.fr\/wp-content\/uploads\/2025\/07\/Exposition-photos-768x1086.png 768w, https:\/\/www.neuillysurmarne.fr\/wp-content\/uploads\/2025\/07\/Exposition-photos-1086x1536.png 1086w, https:\/\/www.neuillysurmarne.fr\/wp-content\/uploads\/2025\/07\/Exposition-photos-1448x2048.png 1448w, https:\/\/www.neuillysurmarne.fr\/wp-content\/uploads\/2025\/07\/Exposition-photos-8x12.png 8w, https:\/\/www.neuillysurmarne.fr\/wp-content\/uploads\/2025\/07\/Exposition-photos-scaled.png 1811w\" sizes=\"(max-width: 724px) 100vw, 724px\" \/><\/a><\/p>","protected":false},"featured_media":15828,"template":"","categorie-evenement":[232,245],"class_list":["post-15826","evenements","type-evenements","status-publish","has-post-thumbnail","hentry","categorie-evenement-culture","categorie-evenement-passe"],"acf":[],"yoast_head":"<!-- This site is optimized with the Yoast SEO plugin v27.4 - https:\/\/yoast.com\/product\/yoast-seo-wordpress\/ -->\n<title>Concours de photographie - Qu&#039;est-ce qui fait notre ville ? - Mairie de Neuilly-sur-Marne<\/title>\n<meta name=\"robots\" content=\"index, follow, max-snippet:-1, max-image-preview:large, max-video-preview:-1\" \/>\n<link rel=\"canonical\" href=\"https:\/\/www.neuillysurmarne.fr\/el\/evenements\/concours-de-photographie-quest-ce-qui-fait-notre-ville\/\" \/>\n<meta property=\"og:locale\" content=\"el_GR\" \/>\n<meta property=\"og:type\" content=\"article\" \/>\n<meta property=\"og:title\" content=\"Concours de photographie - Qu&#039;est-ce qui fait notre ville ? - Mairie de Neuilly-sur-Marne\" \/>\n<meta property=\"og:description\" content=\"Concours photo QU&rsquo;EST-CE QUI FAIT NOTRE VILLE ? Du 1er janvier au 30 mai D\u00e8s 13 ans \u27a1\ufe0f R\u00e8glement int\u00e9rieur \u27a1\ufe0f Formulaire d&rsquo;inscription \u27a1\ufe0f Informations compl\u00e9mentaires : concours.photos@neuillysurmarne.fr Le lien entre les habitants, les lieux et les histoires partag\u00e9es Ce concours de photographie amateur est ouvert \u00e0 tous les Noc\u00e9ens \u00e0 partir de 13 ans. [&hellip;]\" \/>\n<meta property=\"og:url\" content=\"https:\/\/www.neuillysurmarne.fr\/el\/evenements\/concours-de-photographie-quest-ce-qui-fait-notre-ville\/\" \/>\n<meta property=\"og:site_name\" content=\"Mairie de Neuilly-sur-Marne\" \/>\n<meta property=\"article:publisher\" content=\"https:\/\/www.facebook.com\/ville.neuilly\" \/>\n<meta property=\"article:modified_time\" content=\"2026-01-06T15:42:55+00:00\" \/>\n<meta property=\"og:image\" content=\"https:\/\/www.neuillysurmarne.fr\/wp-content\/uploads\/2025\/07\/AdobeStock_691463283-scaled.jpeg\" \/>\n\t<meta property=\"og:image:width\" content=\"2560\" \/>\n\t<meta property=\"og:image:height\" content=\"1707\" \/>\n\t<meta property=\"og:image:type\" content=\"image\/jpeg\" \/>\n<meta name=\"twitter:card\" content=\"summary_large_image\" \/>\n<meta name=\"twitter:label1\" content=\"\u0395\u03ba\u03c4\u03b9\u03bc\u03ce\u03bc\u03b5\u03bd\u03bf\u03c2 \u03c7\u03c1\u03cc\u03bd\u03bf\u03c2 \u03b1\u03bd\u03ac\u03b3\u03bd\u03c9\u03c3\u03b7\u03c2\" \/>\n\t<meta name=\"twitter:data1\" content=\"2 \u03bb\u03b5\u03c0\u03c4\u03ac\" \/>\n<script type=\"application\/ld+json\" class=\"yoast-schema-graph\">{\"@context\":\"https:\\\/\\\/schema.org\",\"@graph\":[{\"@type\":\"WebPage\",\"@id\":\"https:\\\/\\\/www.neuillysurmarne.fr\\\/evenements\\\/concours-de-photographie-quest-ce-qui-fait-notre-ville\\\/\",\"url\":\"https:\\\/\\\/www.neuillysurmarne.fr\\\/evenements\\\/concours-de-photographie-quest-ce-qui-fait-notre-ville\\\/\",\"name\":\"Concours de photographie - Qu'est-ce qui fait notre ville ? - Mairie de Neuilly-sur-Marne\",\"isPartOf\":{\"@id\":\"https:\\\/\\\/www.neuillysurmarne.fr\\\/es\\\/#website\"},\"primaryImageOfPage\":{\"@id\":\"https:\\\/\\\/www.neuillysurmarne.fr\\\/evenements\\\/concours-de-photographie-quest-ce-qui-fait-notre-ville\\\/#primaryimage\"},\"image\":{\"@id\":\"https:\\\/\\\/www.neuillysurmarne.fr\\\/evenements\\\/concours-de-photographie-quest-ce-qui-fait-notre-ville\\\/#primaryimage\"},\"thumbnailUrl\":\"https:\\\/\\\/www.neuillysurmarne.fr\\\/wp-content\\\/uploads\\\/2025\\\/07\\\/AdobeStock_691463283-scaled.jpeg\",\"datePublished\":\"2025-07-30T16:10:22+00:00\",\"dateModified\":\"2026-01-06T15:42:55+00:00\",\"breadcrumb\":{\"@id\":\"https:\\\/\\\/www.neuillysurmarne.fr\\\/evenements\\\/concours-de-photographie-quest-ce-qui-fait-notre-ville\\\/#breadcrumb\"},\"inLanguage\":\"el\",\"potentialAction\":[{\"@type\":\"ReadAction\",\"target\":[\"https:\\\/\\\/www.neuillysurmarne.fr\\\/evenements\\\/concours-de-photographie-quest-ce-qui-fait-notre-ville\\\/\"]}]},{\"@type\":\"ImageObject\",\"inLanguage\":\"el\",\"@id\":\"https:\\\/\\\/www.neuillysurmarne.fr\\\/evenements\\\/concours-de-photographie-quest-ce-qui-fait-notre-ville\\\/#primaryimage\",\"url\":\"https:\\\/\\\/www.neuillysurmarne.fr\\\/wp-content\\\/uploads\\\/2025\\\/07\\\/AdobeStock_691463283-scaled.jpeg\",\"contentUrl\":\"https:\\\/\\\/www.neuillysurmarne.fr\\\/wp-content\\\/uploads\\\/2025\\\/07\\\/AdobeStock_691463283-scaled.jpeg\",\"width\":2560,\"height\":1707,\"caption\":\"Composite collage of black white colors people arms hold smart phone retro photo camera isolated on grey crumpled paper background.\"},{\"@type\":\"BreadcrumbList\",\"@id\":\"https:\\\/\\\/www.neuillysurmarne.fr\\\/evenements\\\/concours-de-photographie-quest-ce-qui-fait-notre-ville\\\/#breadcrumb\",\"itemListElement\":[{\"@type\":\"ListItem\",\"position\":1,\"name\":\"Accueil\",\"item\":\"https:\\\/\\\/www.neuillysurmarne.fr\\\/\"},{\"@type\":\"ListItem\",\"position\":2,\"name\":\"Concours de photographie &#8211; Qu&rsquo;est-ce qui fait notre ville ?\"}]},{\"@type\":\"WebSite\",\"@id\":\"https:\\\/\\\/www.neuillysurmarne.fr\\\/es\\\/#website\",\"url\":\"https:\\\/\\\/www.neuillysurmarne.fr\\\/es\\\/\",\"name\":\"Mairie de Neuilly-sur-Marne\",\"description\":\"BETA\",\"publisher\":{\"@id\":\"https:\\\/\\\/www.neuillysurmarne.fr\\\/es\\\/#organization\"},\"potentialAction\":[{\"@type\":\"SearchAction\",\"target\":{\"@type\":\"EntryPoint\",\"urlTemplate\":\"https:\\\/\\\/www.neuillysurmarne.fr\\\/es\\\/?s={search_term_string}\"},\"query-input\":{\"@type\":\"PropertyValueSpecification\",\"valueRequired\":true,\"valueName\":\"search_term_string\"}}],\"inLanguage\":\"el\"},{\"@type\":\"Organization\",\"@id\":\"https:\\\/\\\/www.neuillysurmarne.fr\\\/es\\\/#organization\",\"name\":\"Mairie de Neuilly-sur-Marne\",\"url\":\"https:\\\/\\\/www.neuillysurmarne.fr\\\/es\\\/\",\"logo\":{\"@type\":\"ImageObject\",\"inLanguage\":\"el\",\"@id\":\"https:\\\/\\\/www.neuillysurmarne.fr\\\/es\\\/#\\\/schema\\\/logo\\\/image\\\/\",\"url\":\"https:\\\/\\\/www.neuillysurmarne.fr\\\/wp-content\\\/uploads\\\/2023\\\/10\\\/LOGO-NeuillysurMarne-blanc.png\",\"contentUrl\":\"https:\\\/\\\/www.neuillysurmarne.fr\\\/wp-content\\\/uploads\\\/2023\\\/10\\\/LOGO-NeuillysurMarne-blanc.png\",\"width\":3308,\"height\":2586,\"caption\":\"Mairie de Neuilly-sur-Marne\"},\"image\":{\"@id\":\"https:\\\/\\\/www.neuillysurmarne.fr\\\/es\\\/#\\\/schema\\\/logo\\\/image\\\/\"},\"sameAs\":[\"https:\\\/\\\/www.facebook.com\\\/ville.neuilly\",\"https:\\\/\\\/www.instagram.com\\\/neuilly_marne\\\/\",\"https:\\\/\\\/www.linkedin.com\\\/company\\\/ville-de-neuilly-sur-marne\\\/\",\"https:\\\/\\\/www.youtube.com\\\/channel\\\/UCDdZ0TLrV8rfIqjBGvoeB5A\",\"https:\\\/\\\/www.tiktok.com\\\/@villedeneuillysurmarne\"]}]}<\/script>\n<!-- \/ Yoast SEO plugin. -->","yoast_head_json":{"title":"Concours de photographie - Qu'est-ce qui fait notre ville ? - Mairie de Neuilly-sur-Marne","robots":{"index":"index","follow":"follow","max-snippet":"max-snippet:-1","max-image-preview":"max-image-preview:large","max-video-preview":"max-video-preview:-1"},"canonical":"https:\/\/www.neuillysurmarne.fr\/el\/evenements\/concours-de-photographie-quest-ce-qui-fait-notre-ville\/","og_locale":"el_GR","og_type":"article","og_title":"Concours de photographie - Qu'est-ce qui fait notre ville ? - Mairie de Neuilly-sur-Marne","og_description":"Concours photo QU&rsquo;EST-CE QUI FAIT NOTRE VILLE ? Du 1er janvier au 30 mai D\u00e8s 13 ans \u27a1\ufe0f R\u00e8glement int\u00e9rieur \u27a1\ufe0f Formulaire d&rsquo;inscription \u27a1\ufe0f Informations compl\u00e9mentaires : concours.photos@neuillysurmarne.fr Le lien entre les habitants, les lieux et les histoires partag\u00e9es Ce concours de photographie amateur est ouvert \u00e0 tous les Noc\u00e9ens \u00e0 partir de 13 ans. [&hellip;]","og_url":"https:\/\/www.neuillysurmarne.fr\/el\/evenements\/concours-de-photographie-quest-ce-qui-fait-notre-ville\/","og_site_name":"Mairie de Neuilly-sur-Marne","article_publisher":"https:\/\/www.facebook.com\/ville.neuilly","article_modified_time":"2026-01-06T15:42:55+00:00","og_image":[{"width":2560,"height":1707,"url":"https:\/\/www.neuillysurmarne.fr\/wp-content\/uploads\/2025\/07\/AdobeStock_691463283-scaled.jpeg","type":"image\/jpeg"}],"twitter_card":"summary_large_image","twitter_misc":{"\u0395\u03ba\u03c4\u03b9\u03bc\u03ce\u03bc\u03b5\u03bd\u03bf\u03c2 \u03c7\u03c1\u03cc\u03bd\u03bf\u03c2 \u03b1\u03bd\u03ac\u03b3\u03bd\u03c9\u03c3\u03b7\u03c2":"2 \u03bb\u03b5\u03c0\u03c4\u03ac"},"schema":{"@context":"https:\/\/schema.org","@graph":[{"@type":"WebPage","@id":"https:\/\/www.neuillysurmarne.fr\/evenements\/concours-de-photographie-quest-ce-qui-fait-notre-ville\/","url":"https:\/\/www.neuillysurmarne.fr\/evenements\/concours-de-photographie-quest-ce-qui-fait-notre-ville\/","name":"Concours de photographie - Qu'est-ce qui fait notre ville ? - Mairie de Neuilly-sur-Marne","isPartOf":{"@id":"https:\/\/www.neuillysurmarne.fr\/es\/#website"},"primaryImageOfPage":{"@id":"https:\/\/www.neuillysurmarne.fr\/evenements\/concours-de-photographie-quest-ce-qui-fait-notre-ville\/#primaryimage"},"image":{"@id":"https:\/\/www.neuillysurmarne.fr\/evenements\/concours-de-photographie-quest-ce-qui-fait-notre-ville\/#primaryimage"},"thumbnailUrl":"https:\/\/www.neuillysurmarne.fr\/wp-content\/uploads\/2025\/07\/AdobeStock_691463283-scaled.jpeg","datePublished":"2025-07-30T16:10:22+00:00","dateModified":"2026-01-06T15:42:55+00:00","breadcrumb":{"@id":"https:\/\/www.neuillysurmarne.fr\/evenements\/concours-de-photographie-quest-ce-qui-fait-notre-ville\/#breadcrumb"},"inLanguage":"el","potentialAction":[{"@type":"ReadAction","target":["https:\/\/www.neuillysurmarne.fr\/evenements\/concours-de-photographie-quest-ce-qui-fait-notre-ville\/"]}]},{"@type":"ImageObject","inLanguage":"el","@id":"https:\/\/www.neuillysurmarne.fr\/evenements\/concours-de-photographie-quest-ce-qui-fait-notre-ville\/#primaryimage","url":"https:\/\/www.neuillysurmarne.fr\/wp-content\/uploads\/2025\/07\/AdobeStock_691463283-scaled.jpeg","contentUrl":"https:\/\/www.neuillysurmarne.fr\/wp-content\/uploads\/2025\/07\/AdobeStock_691463283-scaled.jpeg","width":2560,"height":1707,"caption":"Composite collage of black white colors people arms hold smart phone retro photo camera isolated on grey crumpled paper background."},{"@type":"BreadcrumbList","@id":"https:\/\/www.neuillysurmarne.fr\/evenements\/concours-de-photographie-quest-ce-qui-fait-notre-ville\/#breadcrumb","itemListElement":[{"@type":"ListItem","position":1,"name":"Accueil","item":"https:\/\/www.neuillysurmarne.fr\/"},{"@type":"ListItem","position":2,"name":"Concours de photographie &#8211; Qu&rsquo;est-ce qui fait notre ville ?"}]},{"@type":"WebSite","@id":"https:\/\/www.neuillysurmarne.fr\/es\/#website","url":"https:\/\/www.neuillysurmarne.fr\/es\/","name":"\u0394\u03b7\u03bc\u03b1\u03c1\u03c7\u03b5\u03af\u03bf Neuilly-sur-Marne","description":"BETA","publisher":{"@id":"https:\/\/www.neuillysurmarne.fr\/es\/#organization"},"potentialAction":[{"@type":"SearchAction","target":{"@type":"EntryPoint","urlTemplate":"https:\/\/www.neuillysurmarne.fr\/es\/?s={search_term_string}"},"query-input":{"@type":"PropertyValueSpecification","valueRequired":true,"valueName":"search_term_string"}}],"inLanguage":"el"},{"@type":"Organization","@id":"https:\/\/www.neuillysurmarne.fr\/es\/#organization","name":"\u0394\u03b7\u03bc\u03b1\u03c1\u03c7\u03b5\u03af\u03bf Neuilly-sur-Marne","url":"https:\/\/www.neuillysurmarne.fr\/es\/","logo":{"@type":"ImageObject","inLanguage":"el","@id":"https:\/\/www.neuillysurmarne.fr\/es\/#\/schema\/logo\/image\/","url":"https:\/\/www.neuillysurmarne.fr\/wp-content\/uploads\/2023\/10\/LOGO-NeuillysurMarne-blanc.png","contentUrl":"https:\/\/www.neuillysurmarne.fr\/wp-content\/uploads\/2023\/10\/LOGO-NeuillysurMarne-blanc.png","width":3308,"height":2586,"caption":"Mairie de Neuilly-sur-Marne"},"image":{"@id":"https:\/\/www.neuillysurmarne.fr\/es\/#\/schema\/logo\/image\/"},"sameAs":["https:\/\/www.facebook.com\/ville.neuilly","https:\/\/www.instagram.com\/neuilly_marne\/","https:\/\/www.linkedin.com\/company\/ville-de-neuilly-sur-marne\/","https:\/\/www.youtube.com\/channel\/UCDdZ0TLrV8rfIqjBGvoeB5A","https:\/\/www.tiktok.com\/@villedeneuillysurmarne"]}]}},"_links":{"self":[{"href":"https:\/\/www.neuillysurmarne.fr\/el\/wp-json\/wp\/v2\/evenements\/15826","targetHints":{"allow":["GET"]}}],"collection":[{"href":"https:\/\/www.neuillysurmarne.fr\/el\/wp-json\/wp\/v2\/evenements"}],"about":[{"href":"https:\/\/www.neuillysurmarne.fr\/el\/wp-json\/wp\/v2\/types\/evenements"}],"wp:featuredmedia":[{"embeddable":true,"href":"https:\/\/www.neuillysurmarne.fr\/el\/wp-json\/wp\/v2\/media\/15828"}],"wp:attachment":[{"href":"https:\/\/www.neuillysurmarne.fr\/el\/wp-json\/wp\/v2\/media?parent=15826"}],"wp:term":[{"taxonomy":"categorie-evenement","embeddable":true,"href":"https:\/\/www.neuillysurmarne.fr\/el\/wp-json\/wp\/v2\/categorie-evenement?post=15826"}],"curies":[{"name":"wp","href":"https:\/\/api.w.org\/{rel}","templated":true}]}}