{"id":17601,"date":"2026-03-16T14:56:56","date_gmt":"2026-03-16T13:56:56","guid":{"rendered":"https:\/\/www.neuillysurmarne.fr\/?post_type=evenements&#038;p=17601"},"modified":"2026-03-16T14:56:56","modified_gmt":"2026-03-16T13:56:56","slug":"micro-folie-theatre-le-carnaval-des-animaux","status":"publish","type":"evenements","link":"https:\/\/www.neuillysurmarne.fr\/el\/evenements\/micro-folie-theatre-le-carnaval-des-animaux\/","title":{"rendered":"Micro-Folie &#8211; Th\u00e9\u00e2tre : Le carnaval des animaux"},"content":{"rendered":"<h3><strong>Micro-Folie<\/strong><br \/>\n<strong>DIFFUSION TH\u00c9\u00c2TRE<\/strong><\/h3>\n<p><b>Samedi 4 juillet \u00e0 14h30<br \/>\n\u03a0\u03bf\u03bb\u03b9\u03c4\u03b9\u03c3\u03c4\u03b9\u03ba\u03cc \u039a\u03ad\u03bd\u03c4\u03c1\u03bf Salvador Allende<br \/>\n<\/b><\/p>\n<p><em>\u00c0 partir de 7 ans<br \/>\nGratuit sur inscription : 01 43 00 88 88 \/ <strong><a href=\"mailto:microfolie@neuillysurmarne.fr\">microfolie@neuillysurmarne.fr<\/a><\/strong><\/em><\/p>\n<h3><strong>Le carnaval des animaux<\/strong><\/h3>\n<p>Adaptation musicale Albin de la Simone, textes Val\u00e9rie Mr\u00e9jen, d&rsquo;apr\u00e8s l\u2019\u0153uvre originale de Camille Saint-Sa\u00ebns)<\/p>\n<p><a href=\"https:\/\/www.neuillysurmarne.fr\/wp-content\/uploads\/2026\/03\/carnaval-des-animaux.jpg\"><img fetchpriority=\"high\" decoding=\"async\" class=\"aligncenter wp-image-17602 size-full\" src=\"https:\/\/www.neuillysurmarne.fr\/wp-content\/uploads\/2026\/03\/carnaval-des-animaux.jpg\" alt=\"\" width=\"631\" height=\"899\" srcset=\"https:\/\/www.neuillysurmarne.fr\/wp-content\/uploads\/2026\/03\/carnaval-des-animaux.jpg 631w, https:\/\/www.neuillysurmarne.fr\/wp-content\/uploads\/2026\/03\/carnaval-des-animaux-211x300.jpg 211w, https:\/\/www.neuillysurmarne.fr\/wp-content\/uploads\/2026\/03\/carnaval-des-animaux-8x12.jpg 8w\" sizes=\"(max-width: 631px) 100vw, 631px\" \/><\/a><\/p>","protected":false},"featured_media":17603,"template":"","categorie-evenement":[232],"class_list":["post-17601","evenements","type-evenements","status-publish","has-post-thumbnail","hentry","categorie-evenement-culture"],"acf":[],"yoast_head":"<!-- This site is optimized with the Yoast SEO plugin v27.4 - https:\/\/yoast.com\/product\/yoast-seo-wordpress\/ -->\n<title>Micro-Folie - Th\u00e9\u00e2tre : Le carnaval des animaux - Mairie de Neuilly-sur-Marne<\/title>\n<meta name=\"robots\" content=\"index, follow, max-snippet:-1, max-image-preview:large, max-video-preview:-1\" \/>\n<link rel=\"canonical\" href=\"https:\/\/www.neuillysurmarne.fr\/el\/evenements\/micro-folie-theatre-le-carnaval-des-animaux\/\" \/>\n<meta property=\"og:locale\" content=\"el_GR\" \/>\n<meta property=\"og:type\" content=\"article\" \/>\n<meta property=\"og:title\" content=\"Micro-Folie - Th\u00e9\u00e2tre : Le carnaval des animaux - Mairie de Neuilly-sur-Marne\" \/>\n<meta property=\"og:description\" content=\"Micro-Folie DIFFUSION TH\u00c9\u00c2TRE Samedi 4 juillet \u00e0 14h30 Centre culturel Salvador Allende \u00c0 partir de 7 ans Gratuit sur inscription : 01 43 00 88 88 \/ microfolie@neuillysurmarne.fr Le carnaval des animaux Adaptation musicale Albin de la Simone, textes Val\u00e9rie Mr\u00e9jen, d&rsquo;apr\u00e8s l\u2019\u0153uvre originale de Camille Saint-Sa\u00ebns)\" \/>\n<meta property=\"og:url\" content=\"https:\/\/www.neuillysurmarne.fr\/el\/evenements\/micro-folie-theatre-le-carnaval-des-animaux\/\" \/>\n<meta property=\"og:site_name\" content=\"Mairie de Neuilly-sur-Marne\" \/>\n<meta property=\"article:publisher\" content=\"https:\/\/www.facebook.com\/ville.neuilly\" \/>\n<meta property=\"og:image\" content=\"https:\/\/www.neuillysurmarne.fr\/wp-content\/uploads\/2026\/03\/22-1209-carnaval-animaux-03_C_simon-gosselin.jpg\" \/>\n\t<meta property=\"og:image:width\" content=\"2500\" \/>\n\t<meta property=\"og:image:height\" content=\"1406\" \/>\n\t<meta property=\"og:image:type\" content=\"image\/jpeg\" \/>\n<meta name=\"twitter:card\" content=\"summary_large_image\" \/>\n<meta name=\"twitter:label1\" content=\"\u0395\u03ba\u03c4\u03b9\u03bc\u03ce\u03bc\u03b5\u03bd\u03bf\u03c2 \u03c7\u03c1\u03cc\u03bd\u03bf\u03c2 \u03b1\u03bd\u03ac\u03b3\u03bd\u03c9\u03c3\u03b7\u03c2\" \/>\n\t<meta name=\"twitter:data1\" content=\"1 \u03bb\u03b5\u03c0\u03c4\u03cc\" \/>\n<script type=\"application\/ld+json\" class=\"yoast-schema-graph\">{\"@context\":\"https:\\\/\\\/schema.org\",\"@graph\":[{\"@type\":\"WebPage\",\"@id\":\"https:\\\/\\\/www.neuillysurmarne.fr\\\/evenements\\\/micro-folie-theatre-le-carnaval-des-animaux\\\/\",\"url\":\"https:\\\/\\\/www.neuillysurmarne.fr\\\/evenements\\\/micro-folie-theatre-le-carnaval-des-animaux\\\/\",\"name\":\"Micro-Folie - Th\u00e9\u00e2tre : Le carnaval des animaux - Mairie de Neuilly-sur-Marne\",\"isPartOf\":{\"@id\":\"https:\\\/\\\/www.neuillysurmarne.fr\\\/es\\\/#website\"},\"primaryImageOfPage\":{\"@id\":\"https:\\\/\\\/www.neuillysurmarne.fr\\\/evenements\\\/micro-folie-theatre-le-carnaval-des-animaux\\\/#primaryimage\"},\"image\":{\"@id\":\"https:\\\/\\\/www.neuillysurmarne.fr\\\/evenements\\\/micro-folie-theatre-le-carnaval-des-animaux\\\/#primaryimage\"},\"thumbnailUrl\":\"https:\\\/\\\/www.neuillysurmarne.fr\\\/wp-content\\\/uploads\\\/2026\\\/03\\\/22-1209-carnaval-animaux-03_C_simon-gosselin.jpg\",\"datePublished\":\"2026-03-16T13:56:56+00:00\",\"breadcrumb\":{\"@id\":\"https:\\\/\\\/www.neuillysurmarne.fr\\\/evenements\\\/micro-folie-theatre-le-carnaval-des-animaux\\\/#breadcrumb\"},\"inLanguage\":\"el\",\"potentialAction\":[{\"@type\":\"ReadAction\",\"target\":[\"https:\\\/\\\/www.neuillysurmarne.fr\\\/evenements\\\/micro-folie-theatre-le-carnaval-des-animaux\\\/\"]}]},{\"@type\":\"ImageObject\",\"inLanguage\":\"el\",\"@id\":\"https:\\\/\\\/www.neuillysurmarne.fr\\\/evenements\\\/micro-folie-theatre-le-carnaval-des-animaux\\\/#primaryimage\",\"url\":\"https:\\\/\\\/www.neuillysurmarne.fr\\\/wp-content\\\/uploads\\\/2026\\\/03\\\/22-1209-carnaval-animaux-03_C_simon-gosselin.jpg\",\"contentUrl\":\"https:\\\/\\\/www.neuillysurmarne.fr\\\/wp-content\\\/uploads\\\/2026\\\/03\\\/22-1209-carnaval-animaux-03_C_simon-gosselin.jpg\",\"width\":2500,\"height\":1406},{\"@type\":\"BreadcrumbList\",\"@id\":\"https:\\\/\\\/www.neuillysurmarne.fr\\\/evenements\\\/micro-folie-theatre-le-carnaval-des-animaux\\\/#breadcrumb\",\"itemListElement\":[{\"@type\":\"ListItem\",\"position\":1,\"name\":\"Accueil\",\"item\":\"https:\\\/\\\/www.neuillysurmarne.fr\\\/\"},{\"@type\":\"ListItem\",\"position\":2,\"name\":\"Micro-Folie &#8211; Th\u00e9\u00e2tre : Le carnaval des animaux\"}]},{\"@type\":\"WebSite\",\"@id\":\"https:\\\/\\\/www.neuillysurmarne.fr\\\/es\\\/#website\",\"url\":\"https:\\\/\\\/www.neuillysurmarne.fr\\\/es\\\/\",\"name\":\"Mairie de Neuilly-sur-Marne\",\"description\":\"BETA\",\"publisher\":{\"@id\":\"https:\\\/\\\/www.neuillysurmarne.fr\\\/es\\\/#organization\"},\"potentialAction\":[{\"@type\":\"SearchAction\",\"target\":{\"@type\":\"EntryPoint\",\"urlTemplate\":\"https:\\\/\\\/www.neuillysurmarne.fr\\\/es\\\/?s={search_term_string}\"},\"query-input\":{\"@type\":\"PropertyValueSpecification\",\"valueRequired\":true,\"valueName\":\"search_term_string\"}}],\"inLanguage\":\"el\"},{\"@type\":\"Organization\",\"@id\":\"https:\\\/\\\/www.neuillysurmarne.fr\\\/es\\\/#organization\",\"name\":\"Mairie de Neuilly-sur-Marne\",\"url\":\"https:\\\/\\\/www.neuillysurmarne.fr\\\/es\\\/\",\"logo\":{\"@type\":\"ImageObject\",\"inLanguage\":\"el\",\"@id\":\"https:\\\/\\\/www.neuillysurmarne.fr\\\/es\\\/#\\\/schema\\\/logo\\\/image\\\/\",\"url\":\"https:\\\/\\\/www.neuillysurmarne.fr\\\/wp-content\\\/uploads\\\/2023\\\/10\\\/LOGO-NeuillysurMarne-blanc.png\",\"contentUrl\":\"https:\\\/\\\/www.neuillysurmarne.fr\\\/wp-content\\\/uploads\\\/2023\\\/10\\\/LOGO-NeuillysurMarne-blanc.png\",\"width\":3308,\"height\":2586,\"caption\":\"Mairie de Neuilly-sur-Marne\"},\"image\":{\"@id\":\"https:\\\/\\\/www.neuillysurmarne.fr\\\/es\\\/#\\\/schema\\\/logo\\\/image\\\/\"},\"sameAs\":[\"https:\\\/\\\/www.facebook.com\\\/ville.neuilly\",\"https:\\\/\\\/www.instagram.com\\\/neuilly_marne\\\/\",\"https:\\\/\\\/www.linkedin.com\\\/company\\\/ville-de-neuilly-sur-marne\\\/\",\"https:\\\/\\\/www.youtube.com\\\/channel\\\/UCDdZ0TLrV8rfIqjBGvoeB5A\",\"https:\\\/\\\/www.tiktok.com\\\/@villedeneuillysurmarne\"]}]}<\/script>\n<!-- \/ Yoast SEO plugin. -->","yoast_head_json":{"title":"Micro-Folie - Th\u00e9\u00e2tre : Le carnaval des animaux - Mairie de Neuilly-sur-Marne","robots":{"index":"index","follow":"follow","max-snippet":"max-snippet:-1","max-image-preview":"max-image-preview:large","max-video-preview":"max-video-preview:-1"},"canonical":"https:\/\/www.neuillysurmarne.fr\/el\/evenements\/micro-folie-theatre-le-carnaval-des-animaux\/","og_locale":"el_GR","og_type":"article","og_title":"Micro-Folie - Th\u00e9\u00e2tre : Le carnaval des animaux - Mairie de Neuilly-sur-Marne","og_description":"Micro-Folie DIFFUSION TH\u00c9\u00c2TRE Samedi 4 juillet \u00e0 14h30 Centre culturel Salvador Allende \u00c0 partir de 7 ans Gratuit sur inscription : 01 43 00 88 88 \/ microfolie@neuillysurmarne.fr Le carnaval des animaux Adaptation musicale Albin de la Simone, textes Val\u00e9rie Mr\u00e9jen, d&rsquo;apr\u00e8s l\u2019\u0153uvre originale de Camille Saint-Sa\u00ebns)","og_url":"https:\/\/www.neuillysurmarne.fr\/el\/evenements\/micro-folie-theatre-le-carnaval-des-animaux\/","og_site_name":"Mairie de Neuilly-sur-Marne","article_publisher":"https:\/\/www.facebook.com\/ville.neuilly","og_image":[{"width":2500,"height":1406,"url":"https:\/\/www.neuillysurmarne.fr\/wp-content\/uploads\/2026\/03\/22-1209-carnaval-animaux-03_C_simon-gosselin.jpg","type":"image\/jpeg"}],"twitter_card":"summary_large_image","twitter_misc":{"\u0395\u03ba\u03c4\u03b9\u03bc\u03ce\u03bc\u03b5\u03bd\u03bf\u03c2 \u03c7\u03c1\u03cc\u03bd\u03bf\u03c2 \u03b1\u03bd\u03ac\u03b3\u03bd\u03c9\u03c3\u03b7\u03c2":"1 \u03bb\u03b5\u03c0\u03c4\u03cc"},"schema":{"@context":"https:\/\/schema.org","@graph":[{"@type":"WebPage","@id":"https:\/\/www.neuillysurmarne.fr\/evenements\/micro-folie-theatre-le-carnaval-des-animaux\/","url":"https:\/\/www.neuillysurmarne.fr\/evenements\/micro-folie-theatre-le-carnaval-des-animaux\/","name":"Micro-Folie - Th\u00e9\u00e2tre : Le carnaval des animaux - Mairie de Neuilly-sur-Marne","isPartOf":{"@id":"https:\/\/www.neuillysurmarne.fr\/es\/#website"},"primaryImageOfPage":{"@id":"https:\/\/www.neuillysurmarne.fr\/evenements\/micro-folie-theatre-le-carnaval-des-animaux\/#primaryimage"},"image":{"@id":"https:\/\/www.neuillysurmarne.fr\/evenements\/micro-folie-theatre-le-carnaval-des-animaux\/#primaryimage"},"thumbnailUrl":"https:\/\/www.neuillysurmarne.fr\/wp-content\/uploads\/2026\/03\/22-1209-carnaval-animaux-03_C_simon-gosselin.jpg","datePublished":"2026-03-16T13:56:56+00:00","breadcrumb":{"@id":"https:\/\/www.neuillysurmarne.fr\/evenements\/micro-folie-theatre-le-carnaval-des-animaux\/#breadcrumb"},"inLanguage":"el","potentialAction":[{"@type":"ReadAction","target":["https:\/\/www.neuillysurmarne.fr\/evenements\/micro-folie-theatre-le-carnaval-des-animaux\/"]}]},{"@type":"ImageObject","inLanguage":"el","@id":"https:\/\/www.neuillysurmarne.fr\/evenements\/micro-folie-theatre-le-carnaval-des-animaux\/#primaryimage","url":"https:\/\/www.neuillysurmarne.fr\/wp-content\/uploads\/2026\/03\/22-1209-carnaval-animaux-03_C_simon-gosselin.jpg","contentUrl":"https:\/\/www.neuillysurmarne.fr\/wp-content\/uploads\/2026\/03\/22-1209-carnaval-animaux-03_C_simon-gosselin.jpg","width":2500,"height":1406},{"@type":"BreadcrumbList","@id":"https:\/\/www.neuillysurmarne.fr\/evenements\/micro-folie-theatre-le-carnaval-des-animaux\/#breadcrumb","itemListElement":[{"@type":"ListItem","position":1,"name":"Accueil","item":"https:\/\/www.neuillysurmarne.fr\/"},{"@type":"ListItem","position":2,"name":"Micro-Folie &#8211; Th\u00e9\u00e2tre : Le carnaval des animaux"}]},{"@type":"WebSite","@id":"https:\/\/www.neuillysurmarne.fr\/es\/#website","url":"https:\/\/www.neuillysurmarne.fr\/es\/","name":"\u0394\u03b7\u03bc\u03b1\u03c1\u03c7\u03b5\u03af\u03bf Neuilly-sur-Marne","description":"BETA","publisher":{"@id":"https:\/\/www.neuillysurmarne.fr\/es\/#organization"},"potentialAction":[{"@type":"SearchAction","target":{"@type":"EntryPoint","urlTemplate":"https:\/\/www.neuillysurmarne.fr\/es\/?s={search_term_string}"},"query-input":{"@type":"PropertyValueSpecification","valueRequired":true,"valueName":"search_term_string"}}],"inLanguage":"el"},{"@type":"Organization","@id":"https:\/\/www.neuillysurmarne.fr\/es\/#organization","name":"\u0394\u03b7\u03bc\u03b1\u03c1\u03c7\u03b5\u03af\u03bf Neuilly-sur-Marne","url":"https:\/\/www.neuillysurmarne.fr\/es\/","logo":{"@type":"ImageObject","inLanguage":"el","@id":"https:\/\/www.neuillysurmarne.fr\/es\/#\/schema\/logo\/image\/","url":"https:\/\/www.neuillysurmarne.fr\/wp-content\/uploads\/2023\/10\/LOGO-NeuillysurMarne-blanc.png","contentUrl":"https:\/\/www.neuillysurmarne.fr\/wp-content\/uploads\/2023\/10\/LOGO-NeuillysurMarne-blanc.png","width":3308,"height":2586,"caption":"Mairie de Neuilly-sur-Marne"},"image":{"@id":"https:\/\/www.neuillysurmarne.fr\/es\/#\/schema\/logo\/image\/"},"sameAs":["https:\/\/www.facebook.com\/ville.neuilly","https:\/\/www.instagram.com\/neuilly_marne\/","https:\/\/www.linkedin.com\/company\/ville-de-neuilly-sur-marne\/","https:\/\/www.youtube.com\/channel\/UCDdZ0TLrV8rfIqjBGvoeB5A","https:\/\/www.tiktok.com\/@villedeneuillysurmarne"]}]}},"_links":{"self":[{"href":"https:\/\/www.neuillysurmarne.fr\/el\/wp-json\/wp\/v2\/evenements\/17601","targetHints":{"allow":["GET"]}}],"collection":[{"href":"https:\/\/www.neuillysurmarne.fr\/el\/wp-json\/wp\/v2\/evenements"}],"about":[{"href":"https:\/\/www.neuillysurmarne.fr\/el\/wp-json\/wp\/v2\/types\/evenements"}],"wp:featuredmedia":[{"embeddable":true,"href":"https:\/\/www.neuillysurmarne.fr\/el\/wp-json\/wp\/v2\/media\/17603"}],"wp:attachment":[{"href":"https:\/\/www.neuillysurmarne.fr\/el\/wp-json\/wp\/v2\/media?parent=17601"}],"wp:term":[{"taxonomy":"categorie-evenement","embeddable":true,"href":"https:\/\/www.neuillysurmarne.fr\/el\/wp-json\/wp\/v2\/categorie-evenement?post=17601"}],"curies":[{"name":"wp","href":"https:\/\/api.w.org\/{rel}","templated":true}]}}