{"id":17733,"date":"2026-03-31T15:16:19","date_gmt":"2026-03-31T13:16:19","guid":{"rendered":"https:\/\/www.neuillysurmarne.fr\/?post_type=evenements&#038;p=17733"},"modified":"2026-03-31T15:16:41","modified_gmt":"2026-03-31T13:16:41","slug":"fete-de-la-nature-au-parc-de-la-haute-ile","status":"publish","type":"evenements","link":"https:\/\/www.neuillysurmarne.fr\/el\/evenements\/fete-de-la-nature-au-parc-de-la-haute-ile\/","title":{"rendered":"F\u00eate de la nature au parc de la Haute-\u00cele"},"content":{"rendered":"<h3><strong>Ev\u00e9nement<\/strong><\/h3>\n<h3><strong>F\u00caTE DE LA NATURE<\/strong><\/h3>\n<p><strong>Samedi 23 mai de 14h \u00e0 16h<\/strong><br \/>\n<strong>Parc de la Haute-\u00cele<\/strong><\/p>\n<p>&nbsp;<\/p>\n<h3>Balade croquis<\/h3>\n<p><strong>De 14h00 \u00e0 16h00<\/strong><\/p>\n<p>Partez \u00e0 la d\u00e9couverte du parc pour une promenade \u201ccr\u00e9ative\u201d. Au cours de cette balade ponctu\u00e9e de moments d\u2019observation, vous aurez l\u2019occasion d\u2019explorer les paysages vari\u00e9s de ces lieux en r\u00e9alisant des croquis, en portant un regard attentif et en inventant de courtes histoires inspir\u00e9es par la nature. Aucun pr\u00e9-acquis en dessin ou \u00e9criture n\u2019est n\u00e9cessaire.<br \/>\nAvec Cl\u00e9mence Mathieu, artiste et paysagiste.<\/p>\n<p>RDV sur le parking du Parc acc\u00e8s avenue Jean Jaur\u00e8s.<br \/>\nAdultes et enfants \u00e0 partir de 10 ans, gratuit sur inscription : <a href=\"https:\/\/parcsinfo.seinesaintdenis.fr\/activite\/balade-croquis-5\/\">https:\/\/parcsinfo.seinesaintdenis.fr\/activite\/balade-croquis-5\/<\/a><\/p>\n<h3><\/h3>\n<p>&nbsp;<\/p>\n<h3>Atelier lecture<\/h3>\n<p><strong>De 14h \u00e0 17h<\/strong><\/p>\n<p>Au c\u0153ur du parc, les biblioth\u00e9caires de la ludo\u2011m\u00e9diath\u00e8que de Neuilly\u2011sur\u2011Marne, vous invitent \u00e0 un atelier de lecture d\u00e9di\u00e9 \u00e0 la nature. Des lectures anim\u00e9es autour du tapis \u00e0 histoire \u00ab L\u2019arbre aux mille couleurs \u00bb et des moments d\u2019imaginaire rythmeront l\u2019apr\u00e8s\u2011midi. Les enfants pourront \u00e9galement dessiner ou colorier un arbre aux couleurs de leur saison pr\u00e9f\u00e9r\u00e9e.<br \/>\nAvec la ludo\u2011m\u00e9diath\u00e8que de Neuilly\u2011sur\u2011Marne.<br \/>\nRDV au stand accueil sur la plaine des jeux.<br \/>\nAcc\u00e8s le plus proche : parking du parc \u2013 entr\u00e9e avenue Jean Jaur\u00e8s.<br \/>\nAdultes et enfants \u00e0 partir de 4 ans.<\/p>\n<p>&nbsp;<\/p>\n<h3>Visite du parc &amp; atelier nature<\/h3>\n<p><strong>De 14h30 \u00e0 16h30, de 15h30 \u00e0 16h30 et de 16h30 \u00e0 17h30<\/strong><\/p>\n<p>Participez \u00e0 une visite guid\u00e9e du parc de la Haute\u2011\u00cele afin de d\u00e9couvrir ses paysages, ses enjeux \u00e9cologiques et la richesse de sa biodiversit\u00e9. La sortie se poursuivra par un atelier de fabrication de bombes \u00e0 graines dans le verger du parc, permettant de sensibiliser \u00e0 la pr\u00e9servation et \u00e0 la diffusion des plantes locales.<br \/>\nAvec Erwan Bielle, animateur nature.<br \/>\nRDV sur le stand accueil sur la plaine des jeux, acc\u00e8s le plus proche par le parking du Parc, acc\u00e8s avenue Jean Jaur\u00e8s.<br \/>\nTout public, gratuit sur inscription : <a href=\"https:\/\/parcsinfo.seinesaintdenis.fr\/activite\/visite-du-parc-atelier-nature\/\">https:\/\/parcsinfo.seinesaintdenis.fr\/activite\/visite-du-parc-atelier-nature\/<\/a><\/p>\n<p>&nbsp;<\/p>\n<h3>Visite du rucher<\/h3>\n<p><strong>De 14h \u00e0 14h30, de 14h45 \u00e0 15h15 et de 15h30 \u00e0 16h<\/strong><\/p>\n<p>D\u00e9couvrez le rucher du parc de la Haute-\u00cele \u00e0 l\u2019occasion de la F\u00eate de la Nature ! Accompagn\u00e9s d\u2019un apiculteur, explorez l\u2019univers fascinant des abeilles, leur r\u00f4le essentiel dans la biodiversit\u00e9 et le fonctionnement d\u2019une ruche. Une visite enrichissante pour mieux comprendre ces pollinisatrices indispensables.<br \/>\nAvec les b\u00e9n\u00e9voles de la SCA.<br \/>\nRDV sur le stand accueil sur la plaine des jeux, acc\u00e8s le plus proche par le parking du Parc, acc\u00e8s avenue Jean Jaur\u00e8s.<br \/>\nTenue obligatoire : Pantalon, chaussures ferm\u00e9es, chaussettes hautes et pas de parfum.<br \/>\nAdultes et enfants \u00e0 partir de 10 ans, gratuit sur inscription : <a href=\"https:\/\/parcsinfo.seinesaintdenis.fr\/activite\/visite-du-rucher\/\">https:\/\/parcsinfo.seinesaintdenis.fr\/activite\/visite-du-rucher\/<\/a><\/p>","protected":false},"featured_media":14742,"template":"","categorie-evenement":[228],"class_list":["post-17733","evenements","type-evenements","status-publish","has-post-thumbnail","hentry","categorie-evenement-animation"],"acf":[],"yoast_head":"<!-- This site is optimized with the Yoast SEO plugin v27.4 - https:\/\/yoast.com\/product\/yoast-seo-wordpress\/ -->\n<title>F\u00eate de la nature au parc de la Haute-\u00cele - Mairie de Neuilly-sur-Marne<\/title>\n<meta name=\"robots\" content=\"index, follow, max-snippet:-1, max-image-preview:large, max-video-preview:-1\" \/>\n<link rel=\"canonical\" href=\"https:\/\/www.neuillysurmarne.fr\/el\/evenements\/fete-de-la-nature-au-parc-de-la-haute-ile\/\" \/>\n<meta property=\"og:locale\" content=\"el_GR\" \/>\n<meta property=\"og:type\" content=\"article\" \/>\n<meta property=\"og:title\" content=\"F\u00eate de la nature au parc de la Haute-\u00cele - Mairie de Neuilly-sur-Marne\" \/>\n<meta property=\"og:description\" content=\"Ev\u00e9nement F\u00caTE DE LA NATURE Samedi 23 mai de 14h \u00e0 16h Parc de la Haute-\u00cele &nbsp; Balade croquis De 14h00 \u00e0 16h00 Partez \u00e0 la d\u00e9couverte du parc pour une promenade \u201ccr\u00e9ative\u201d. Au cours de cette balade ponctu\u00e9e de moments d\u2019observation, vous aurez l\u2019occasion d\u2019explorer les paysages vari\u00e9s de ces lieux en r\u00e9alisant des [&hellip;]\" \/>\n<meta property=\"og:url\" content=\"https:\/\/www.neuillysurmarne.fr\/el\/evenements\/fete-de-la-nature-au-parc-de-la-haute-ile\/\" \/>\n<meta property=\"og:site_name\" content=\"Mairie de Neuilly-sur-Marne\" \/>\n<meta property=\"article:publisher\" content=\"https:\/\/www.facebook.com\/ville.neuilly\" \/>\n<meta property=\"article:modified_time\" content=\"2026-03-31T13:16:41+00:00\" \/>\n<meta property=\"og:image\" content=\"https:\/\/www.neuillysurmarne.fr\/wp-content\/uploads\/2025\/03\/Image-site-A-la-Une-12.png\" \/>\n\t<meta property=\"og:image:width\" content=\"1200\" \/>\n\t<meta property=\"og:image:height\" content=\"480\" \/>\n\t<meta property=\"og:image:type\" content=\"image\/png\" \/>\n<meta name=\"twitter:card\" content=\"summary_large_image\" \/>\n<meta name=\"twitter:label1\" content=\"\u0395\u03ba\u03c4\u03b9\u03bc\u03ce\u03bc\u03b5\u03bd\u03bf\u03c2 \u03c7\u03c1\u03cc\u03bd\u03bf\u03c2 \u03b1\u03bd\u03ac\u03b3\u03bd\u03c9\u03c3\u03b7\u03c2\" \/>\n\t<meta name=\"twitter:data1\" content=\"3 \u03bb\u03b5\u03c0\u03c4\u03ac\" \/>\n<script type=\"application\/ld+json\" class=\"yoast-schema-graph\">{\"@context\":\"https:\\\/\\\/schema.org\",\"@graph\":[{\"@type\":\"WebPage\",\"@id\":\"https:\\\/\\\/www.neuillysurmarne.fr\\\/evenements\\\/fete-de-la-nature-au-parc-de-la-haute-ile\\\/\",\"url\":\"https:\\\/\\\/www.neuillysurmarne.fr\\\/evenements\\\/fete-de-la-nature-au-parc-de-la-haute-ile\\\/\",\"name\":\"F\u00eate de la nature au parc de la Haute-\u00cele - Mairie de Neuilly-sur-Marne\",\"isPartOf\":{\"@id\":\"https:\\\/\\\/www.neuillysurmarne.fr\\\/es\\\/#website\"},\"primaryImageOfPage\":{\"@id\":\"https:\\\/\\\/www.neuillysurmarne.fr\\\/evenements\\\/fete-de-la-nature-au-parc-de-la-haute-ile\\\/#primaryimage\"},\"image\":{\"@id\":\"https:\\\/\\\/www.neuillysurmarne.fr\\\/evenements\\\/fete-de-la-nature-au-parc-de-la-haute-ile\\\/#primaryimage\"},\"thumbnailUrl\":\"https:\\\/\\\/www.neuillysurmarne.fr\\\/wp-content\\\/uploads\\\/2025\\\/03\\\/Image-site-A-la-Une-12.png\",\"datePublished\":\"2026-03-31T13:16:19+00:00\",\"dateModified\":\"2026-03-31T13:16:41+00:00\",\"breadcrumb\":{\"@id\":\"https:\\\/\\\/www.neuillysurmarne.fr\\\/evenements\\\/fete-de-la-nature-au-parc-de-la-haute-ile\\\/#breadcrumb\"},\"inLanguage\":\"el\",\"potentialAction\":[{\"@type\":\"ReadAction\",\"target\":[\"https:\\\/\\\/www.neuillysurmarne.fr\\\/evenements\\\/fete-de-la-nature-au-parc-de-la-haute-ile\\\/\"]}]},{\"@type\":\"ImageObject\",\"inLanguage\":\"el\",\"@id\":\"https:\\\/\\\/www.neuillysurmarne.fr\\\/evenements\\\/fete-de-la-nature-au-parc-de-la-haute-ile\\\/#primaryimage\",\"url\":\"https:\\\/\\\/www.neuillysurmarne.fr\\\/wp-content\\\/uploads\\\/2025\\\/03\\\/Image-site-A-la-Une-12.png\",\"contentUrl\":\"https:\\\/\\\/www.neuillysurmarne.fr\\\/wp-content\\\/uploads\\\/2025\\\/03\\\/Image-site-A-la-Une-12.png\",\"width\":1200,\"height\":480},{\"@type\":\"BreadcrumbList\",\"@id\":\"https:\\\/\\\/www.neuillysurmarne.fr\\\/evenements\\\/fete-de-la-nature-au-parc-de-la-haute-ile\\\/#breadcrumb\",\"itemListElement\":[{\"@type\":\"ListItem\",\"position\":1,\"name\":\"Accueil\",\"item\":\"https:\\\/\\\/www.neuillysurmarne.fr\\\/\"},{\"@type\":\"ListItem\",\"position\":2,\"name\":\"F\u00eate de la nature au parc de la Haute-\u00cele\"}]},{\"@type\":\"WebSite\",\"@id\":\"https:\\\/\\\/www.neuillysurmarne.fr\\\/es\\\/#website\",\"url\":\"https:\\\/\\\/www.neuillysurmarne.fr\\\/es\\\/\",\"name\":\"Mairie de Neuilly-sur-Marne\",\"description\":\"BETA\",\"publisher\":{\"@id\":\"https:\\\/\\\/www.neuillysurmarne.fr\\\/es\\\/#organization\"},\"potentialAction\":[{\"@type\":\"SearchAction\",\"target\":{\"@type\":\"EntryPoint\",\"urlTemplate\":\"https:\\\/\\\/www.neuillysurmarne.fr\\\/es\\\/?s={search_term_string}\"},\"query-input\":{\"@type\":\"PropertyValueSpecification\",\"valueRequired\":true,\"valueName\":\"search_term_string\"}}],\"inLanguage\":\"el\"},{\"@type\":\"Organization\",\"@id\":\"https:\\\/\\\/www.neuillysurmarne.fr\\\/es\\\/#organization\",\"name\":\"Mairie de Neuilly-sur-Marne\",\"url\":\"https:\\\/\\\/www.neuillysurmarne.fr\\\/es\\\/\",\"logo\":{\"@type\":\"ImageObject\",\"inLanguage\":\"el\",\"@id\":\"https:\\\/\\\/www.neuillysurmarne.fr\\\/es\\\/#\\\/schema\\\/logo\\\/image\\\/\",\"url\":\"https:\\\/\\\/www.neuillysurmarne.fr\\\/wp-content\\\/uploads\\\/2023\\\/10\\\/LOGO-NeuillysurMarne-blanc.png\",\"contentUrl\":\"https:\\\/\\\/www.neuillysurmarne.fr\\\/wp-content\\\/uploads\\\/2023\\\/10\\\/LOGO-NeuillysurMarne-blanc.png\",\"width\":3308,\"height\":2586,\"caption\":\"Mairie de Neuilly-sur-Marne\"},\"image\":{\"@id\":\"https:\\\/\\\/www.neuillysurmarne.fr\\\/es\\\/#\\\/schema\\\/logo\\\/image\\\/\"},\"sameAs\":[\"https:\\\/\\\/www.facebook.com\\\/ville.neuilly\",\"https:\\\/\\\/www.instagram.com\\\/neuilly_marne\\\/\",\"https:\\\/\\\/www.linkedin.com\\\/company\\\/ville-de-neuilly-sur-marne\\\/\",\"https:\\\/\\\/www.youtube.com\\\/channel\\\/UCDdZ0TLrV8rfIqjBGvoeB5A\",\"https:\\\/\\\/www.tiktok.com\\\/@villedeneuillysurmarne\"]}]}<\/script>\n<!-- \/ Yoast SEO plugin. -->","yoast_head_json":{"title":"F\u00eate de la nature au parc de la Haute-\u00cele - Mairie de Neuilly-sur-Marne","robots":{"index":"index","follow":"follow","max-snippet":"max-snippet:-1","max-image-preview":"max-image-preview:large","max-video-preview":"max-video-preview:-1"},"canonical":"https:\/\/www.neuillysurmarne.fr\/el\/evenements\/fete-de-la-nature-au-parc-de-la-haute-ile\/","og_locale":"el_GR","og_type":"article","og_title":"F\u00eate de la nature au parc de la Haute-\u00cele - Mairie de Neuilly-sur-Marne","og_description":"Ev\u00e9nement F\u00caTE DE LA NATURE Samedi 23 mai de 14h \u00e0 16h Parc de la Haute-\u00cele &nbsp; Balade croquis De 14h00 \u00e0 16h00 Partez \u00e0 la d\u00e9couverte du parc pour une promenade \u201ccr\u00e9ative\u201d. Au cours de cette balade ponctu\u00e9e de moments d\u2019observation, vous aurez l\u2019occasion d\u2019explorer les paysages vari\u00e9s de ces lieux en r\u00e9alisant des [&hellip;]","og_url":"https:\/\/www.neuillysurmarne.fr\/el\/evenements\/fete-de-la-nature-au-parc-de-la-haute-ile\/","og_site_name":"Mairie de Neuilly-sur-Marne","article_publisher":"https:\/\/www.facebook.com\/ville.neuilly","article_modified_time":"2026-03-31T13:16:41+00:00","og_image":[{"width":1200,"height":480,"url":"https:\/\/www.neuillysurmarne.fr\/wp-content\/uploads\/2025\/03\/Image-site-A-la-Une-12.png","type":"image\/png"}],"twitter_card":"summary_large_image","twitter_misc":{"\u0395\u03ba\u03c4\u03b9\u03bc\u03ce\u03bc\u03b5\u03bd\u03bf\u03c2 \u03c7\u03c1\u03cc\u03bd\u03bf\u03c2 \u03b1\u03bd\u03ac\u03b3\u03bd\u03c9\u03c3\u03b7\u03c2":"3 \u03bb\u03b5\u03c0\u03c4\u03ac"},"schema":{"@context":"https:\/\/schema.org","@graph":[{"@type":"WebPage","@id":"https:\/\/www.neuillysurmarne.fr\/evenements\/fete-de-la-nature-au-parc-de-la-haute-ile\/","url":"https:\/\/www.neuillysurmarne.fr\/evenements\/fete-de-la-nature-au-parc-de-la-haute-ile\/","name":"F\u00eate de la nature au parc de la Haute-\u00cele - Mairie de Neuilly-sur-Marne","isPartOf":{"@id":"https:\/\/www.neuillysurmarne.fr\/es\/#website"},"primaryImageOfPage":{"@id":"https:\/\/www.neuillysurmarne.fr\/evenements\/fete-de-la-nature-au-parc-de-la-haute-ile\/#primaryimage"},"image":{"@id":"https:\/\/www.neuillysurmarne.fr\/evenements\/fete-de-la-nature-au-parc-de-la-haute-ile\/#primaryimage"},"thumbnailUrl":"https:\/\/www.neuillysurmarne.fr\/wp-content\/uploads\/2025\/03\/Image-site-A-la-Une-12.png","datePublished":"2026-03-31T13:16:19+00:00","dateModified":"2026-03-31T13:16:41+00:00","breadcrumb":{"@id":"https:\/\/www.neuillysurmarne.fr\/evenements\/fete-de-la-nature-au-parc-de-la-haute-ile\/#breadcrumb"},"inLanguage":"el","potentialAction":[{"@type":"ReadAction","target":["https:\/\/www.neuillysurmarne.fr\/evenements\/fete-de-la-nature-au-parc-de-la-haute-ile\/"]}]},{"@type":"ImageObject","inLanguage":"el","@id":"https:\/\/www.neuillysurmarne.fr\/evenements\/fete-de-la-nature-au-parc-de-la-haute-ile\/#primaryimage","url":"https:\/\/www.neuillysurmarne.fr\/wp-content\/uploads\/2025\/03\/Image-site-A-la-Une-12.png","contentUrl":"https:\/\/www.neuillysurmarne.fr\/wp-content\/uploads\/2025\/03\/Image-site-A-la-Une-12.png","width":1200,"height":480},{"@type":"BreadcrumbList","@id":"https:\/\/www.neuillysurmarne.fr\/evenements\/fete-de-la-nature-au-parc-de-la-haute-ile\/#breadcrumb","itemListElement":[{"@type":"ListItem","position":1,"name":"Accueil","item":"https:\/\/www.neuillysurmarne.fr\/"},{"@type":"ListItem","position":2,"name":"F\u00eate de la nature au parc de la Haute-\u00cele"}]},{"@type":"WebSite","@id":"https:\/\/www.neuillysurmarne.fr\/es\/#website","url":"https:\/\/www.neuillysurmarne.fr\/es\/","name":"\u0394\u03b7\u03bc\u03b1\u03c1\u03c7\u03b5\u03af\u03bf Neuilly-sur-Marne","description":"BETA","publisher":{"@id":"https:\/\/www.neuillysurmarne.fr\/es\/#organization"},"potentialAction":[{"@type":"SearchAction","target":{"@type":"EntryPoint","urlTemplate":"https:\/\/www.neuillysurmarne.fr\/es\/?s={search_term_string}"},"query-input":{"@type":"PropertyValueSpecification","valueRequired":true,"valueName":"search_term_string"}}],"inLanguage":"el"},{"@type":"Organization","@id":"https:\/\/www.neuillysurmarne.fr\/es\/#organization","name":"\u0394\u03b7\u03bc\u03b1\u03c1\u03c7\u03b5\u03af\u03bf Neuilly-sur-Marne","url":"https:\/\/www.neuillysurmarne.fr\/es\/","logo":{"@type":"ImageObject","inLanguage":"el","@id":"https:\/\/www.neuillysurmarne.fr\/es\/#\/schema\/logo\/image\/","url":"https:\/\/www.neuillysurmarne.fr\/wp-content\/uploads\/2023\/10\/LOGO-NeuillysurMarne-blanc.png","contentUrl":"https:\/\/www.neuillysurmarne.fr\/wp-content\/uploads\/2023\/10\/LOGO-NeuillysurMarne-blanc.png","width":3308,"height":2586,"caption":"Mairie de Neuilly-sur-Marne"},"image":{"@id":"https:\/\/www.neuillysurmarne.fr\/es\/#\/schema\/logo\/image\/"},"sameAs":["https:\/\/www.facebook.com\/ville.neuilly","https:\/\/www.instagram.com\/neuilly_marne\/","https:\/\/www.linkedin.com\/company\/ville-de-neuilly-sur-marne\/","https:\/\/www.youtube.com\/channel\/UCDdZ0TLrV8rfIqjBGvoeB5A","https:\/\/www.tiktok.com\/@villedeneuillysurmarne"]}]}},"_links":{"self":[{"href":"https:\/\/www.neuillysurmarne.fr\/el\/wp-json\/wp\/v2\/evenements\/17733","targetHints":{"allow":["GET"]}}],"collection":[{"href":"https:\/\/www.neuillysurmarne.fr\/el\/wp-json\/wp\/v2\/evenements"}],"about":[{"href":"https:\/\/www.neuillysurmarne.fr\/el\/wp-json\/wp\/v2\/types\/evenements"}],"wp:featuredmedia":[{"embeddable":true,"href":"https:\/\/www.neuillysurmarne.fr\/el\/wp-json\/wp\/v2\/media\/14742"}],"wp:attachment":[{"href":"https:\/\/www.neuillysurmarne.fr\/el\/wp-json\/wp\/v2\/media?parent=17733"}],"wp:term":[{"taxonomy":"categorie-evenement","embeddable":true,"href":"https:\/\/www.neuillysurmarne.fr\/el\/wp-json\/wp\/v2\/categorie-evenement?post=17733"}],"curies":[{"name":"wp","href":"https:\/\/api.w.org\/{rel}","templated":true}]}}