{"id":16406,"date":"2025-09-29T16:39:39","date_gmt":"2025-09-29T14:39:39","guid":{"rendered":"https:\/\/www.neuillysurmarne.fr\/?page_id=16406"},"modified":"2026-01-21T13:03:07","modified_gmt":"2026-01-21T12:03:07","slug":"concours-deloquence","status":"publish","type":"page","link":"https:\/\/www.neuillysurmarne.fr\/el\/concours-deloquence\/","title":{"rendered":"Concours d&rsquo;\u00e9loquence"},"content":{"rendered":"<div data-elementor-type=\"wp-page\" data-elementor-id=\"16406\" class=\"elementor elementor-16406\" data-elementor-post-type=\"page\">\n\t\t\t\t<div class=\"elementor-element elementor-element-c224d06 e-flex e-con-boxed e-con e-parent\" data-id=\"c224d06\" data-element_type=\"container\" data-e-type=\"container\">\n\t\t\t\t\t<div class=\"e-con-inner\">\n\t\t\t\t<div class=\"elementor-element elementor-element-afe122a elementor-widget elementor-widget-text-editor\" data-id=\"afe122a\" data-element_type=\"widget\" data-e-type=\"widget\" data-widget_type=\"text-editor.default\">\n\t\t\t\t<div class=\"elementor-widget-container\">\n\t\t\t\t\t\t\t\t\t<h3><strong>Deuxi\u00e8me \u00e9dition du concours d\u2019\u00e9loquence <\/strong><\/h3><p>Apr\u00e8s une premi\u00e8re \u00e9dition r\u00e9ussie, la ville de Neuilly-sur-Marne relance son <strong>concours d\u2019\u00e9loquence<\/strong>, ouvert \u00e0 <strong>tous les \u00e9l\u00e8ves noc\u00e9ens en classe de 4<sup>th<\/sup><\/strong>, qu\u2019ils soient scolaris\u00e9s dans des \u00e9tablissements publics ou priv\u00e9s. Sept adolescents s\u2019\u00e9taient lanc\u00e9s dans cette aventure l\u2019ann\u00e9e derni\u00e8re, d\u00e9montrant leur capacit\u00e9 \u00e0 <strong>structurer un discours, \u00e0 convaincre un public<\/strong> et \u00e0 <strong>d\u00e9fendre un point de vue avec conviction<\/strong>. Les inscriptions sont ouvertes du 6 octobre 2025 au <span style=\"text-decoration: underline;\">20 f\u00e9vrier 2026<\/span>.<\/p><p>\u27a1\ufe0f <strong><a href=\"https:\/\/www.neuillysurmarne.fr\/wp-content\/uploads\/2025\/10\/dossier-inscription-concours.pdf\">Formulaire d&rsquo;inscription<\/a><\/strong><br \/>\u2139\ufe0f <strong><a href=\"mailto:dynamiques.locales@neuillysurmarne.fr\">dynamiques.locales@neuillysurmarne.fr<\/a><\/strong><\/p>\t\t\t\t\t\t\t\t<\/div>\n\t\t\t\t<\/div>\n\t\t\t\t<div class=\"elementor-element elementor-element-214131d elementor-widget elementor-widget-n-accordion\" data-id=\"214131d\" data-element_type=\"widget\" data-e-type=\"widget\" data-settings=\"{&quot;default_state&quot;:&quot;all_collapsed&quot;,&quot;max_items_expended&quot;:&quot;one&quot;,&quot;n_accordion_animation_duration&quot;:{&quot;unit&quot;:&quot;ms&quot;,&quot;size&quot;:400,&quot;sizes&quot;:[]}}\" data-widget_type=\"nested-accordion.default\">\n\t\t\t\t<div class=\"elementor-widget-container\">\n\t\t\t\t\t\t\t<div class=\"e-n-accordion\" aria-label=\"\u0391\u03ba\u03bf\u03c1\u03bd\u03c4\u03b5\u03cc\u03bd. \u0391\u03bd\u03bf\u03af\u03be\u03c4\u03b5 \u03c3\u03c5\u03bd\u03b4\u03ad\u03c3\u03bc\u03bf\u03c5\u03c2 \u03bc\u03b5 \u03c4\u03bf Enter \u03ae \u03c4\u03bf Space, \u03ba\u03bb\u03b5\u03af\u03c3\u03c4\u03b5 \u03bc\u03b5 \u03c4\u03bf Escape \u03ba\u03b1\u03b9 \u03c0\u03bb\u03bf\u03b7\u03b3\u03b7\u03b8\u03b5\u03af\u03c4\u03b5 \u03bc\u03b5 \u03c4\u03b1 \u03c0\u03bb\u03ae\u03ba\u03c4\u03c1\u03b1 \u03b2\u03ad\u03bb\u03bf\u03c5\u03c2.\">\n\t\t\t\t\t\t<details id=\"e-n-accordion-item-3480\" class=\"e-n-accordion-item\" >\n\t\t\t\t<summary class=\"e-n-accordion-item-title\" data-accordion-index=\"1\" tabindex=\"0\" aria-expanded=\"false\" aria-controls=\"e-n-accordion-item-3480\" >\n\t\t\t\t\t<span class='e-n-accordion-item-title-header'><div class=\"e-n-accordion-item-title-text\"> Une aventure en plusieurs \u00e9tapes <\/div><\/span>\n\t\t\t\t\t\t\t<span class='e-n-accordion-item-title-icon'>\n\t\t\t<span class='e-opened' ><svg aria-hidden=\"true\" class=\"e-font-icon-svg e-fas-minus\" viewbox=\"0 0 448 512\" xmlns=\"http:\/\/www.w3.org\/2000\/svg\"><path d=\"M416 208H32c-17.67 0-32 14.33-32 32v32c0 17.67 14.33 32 32 32h384c17.67 0 32-14.33 32-32v-32c0-17.67-14.33-32-32-32z\"><\/path><\/svg><\/span>\n\t\t\t<span class='e-closed'><svg aria-hidden=\"true\" class=\"e-font-icon-svg e-fas-plus\" viewbox=\"0 0 448 512\" xmlns=\"http:\/\/www.w3.org\/2000\/svg\"><path d=\"M416 208H272V64c0-17.67-14.33-32-32-32h-32c-17.67 0-32 14.33-32 32v144H32c-17.67 0-32 14.33-32 32v32c0 17.67 14.33 32 32 32h144v144c0 17.67 14.33 32 32 32h32c17.67 0 32-14.33 32-32V304h144c17.67 0 32-14.33 32-32v-32c0-17.67-14.33-32-32-32z\"><\/path><\/svg><\/span>\n\t\t<\/span>\n\n\t\t\t\t\t\t<\/summary>\n\t\t\t\t<div role=\"region\" aria-labelledby=\"e-n-accordion-item-3480\" class=\"elementor-element elementor-element-4b0ca25 e-con-full e-flex e-con e-child\" data-id=\"4b0ca25\" data-element_type=\"container\" data-e-type=\"container\">\n\t\t\t\t<div class=\"elementor-element elementor-element-1479987 elementor-widget elementor-widget-text-editor\" data-id=\"1479987\" data-element_type=\"widget\" data-e-type=\"widget\" data-widget_type=\"text-editor.default\">\n\t\t\t\t<div class=\"elementor-widget-container\">\n\t\t\t\t\t\t\t\t\t<p>Le concours s\u2019articule autour de trois grandes \u00e9tapes. D\u2019abord le t<strong>irage au sort du sujet<\/strong> : chaque participant d\u00e9couvre par tirage au sort le th\u00e8me qu\u2019il d\u00e9veloppera durant plusieurs semaines de pr\u00e9paration. <em>Est-il possible de vivre sans Internet ? Peut-on rire de tout ? Il faut oser pour r\u00e9ussi. L\u2019intelligence artificielle est-elle intelligente ? Voici quelques exemples tir\u00e9s de l\u2019\u00e9dition 2025.<\/em><\/p><p><strong>Ensuite, <\/strong>les participants b\u00e9n\u00e9ficient de <strong>s\u00e9ances encadr\u00e9es par un formateur lors de trois ateliers de pr\u00e9paration<\/strong>, pour apprendre \u00e0 structurer leur discours, poser leur voix, g\u00e9rer le stress et captiver leur auditoire. Enfin la <strong>restitution finale<\/strong>, point d\u2019orgue du concours o\u00f9 les jeunes orateurs se produiront lors d\u2019une <strong>soir\u00e9e d\u00e9di\u00e9e \u00e0 l\u2019auditorium de la ludom\u00e9diath\u00e8que Antoine de Saint-Exup\u00e9ry<\/strong>, face \u00e0 un jury charg\u00e9 d\u2019\u00e9valuer leurs performances.<\/p>\t\t\t\t\t\t\t\t<\/div>\n\t\t\t\t<\/div>\n\t\t\t\t<\/div>\n\t\t\t\t\t<\/details>\n\t\t\t\t\t\t<details id=\"e-n-accordion-item-3481\" class=\"e-n-accordion-item\" >\n\t\t\t\t<summary class=\"e-n-accordion-item-title\" data-accordion-index=\"2\" tabindex=\"-1\" aria-expanded=\"false\" aria-controls=\"e-n-accordion-item-3481\" >\n\t\t\t\t\t<span class='e-n-accordion-item-title-header'><div class=\"e-n-accordion-item-title-text\"> Convaincre, s'exprimer, briller <\/div><\/span>\n\t\t\t\t\t\t\t<span class='e-n-accordion-item-title-icon'>\n\t\t\t<span class='e-opened' ><svg aria-hidden=\"true\" class=\"e-font-icon-svg e-fas-minus\" viewbox=\"0 0 448 512\" xmlns=\"http:\/\/www.w3.org\/2000\/svg\"><path d=\"M416 208H32c-17.67 0-32 14.33-32 32v32c0 17.67 14.33 32 32 32h384c17.67 0 32-14.33 32-32v-32c0-17.67-14.33-32-32-32z\"><\/path><\/svg><\/span>\n\t\t\t<span class='e-closed'><svg aria-hidden=\"true\" class=\"e-font-icon-svg e-fas-plus\" viewbox=\"0 0 448 512\" xmlns=\"http:\/\/www.w3.org\/2000\/svg\"><path d=\"M416 208H272V64c0-17.67-14.33-32-32-32h-32c-17.67 0-32 14.33-32 32v144H32c-17.67 0-32 14.33-32 32v32c0 17.67 14.33 32 32 32h144v144c0 17.67 14.33 32 32 32h32c17.67 0 32-14.33 32-32V304h144c17.67 0 32-14.33 32-32v-32c0-17.67-14.33-32-32-32z\"><\/path><\/svg><\/span>\n\t\t<\/span>\n\n\t\t\t\t\t\t<\/summary>\n\t\t\t\t<div role=\"region\" aria-labelledby=\"e-n-accordion-item-3481\" class=\"elementor-element elementor-element-52994da e-con-full e-flex e-con e-child\" data-id=\"52994da\" data-element_type=\"container\" data-e-type=\"container\">\n\t\t\t\t<div class=\"elementor-element elementor-element-720f781 elementor-widget elementor-widget-text-editor\" data-id=\"720f781\" data-element_type=\"widget\" data-e-type=\"widget\" data-widget_type=\"text-editor.default\">\n\t\t\t\t<div class=\"elementor-widget-container\">\n\t\t\t\t\t\t\t\t\t<p>Ce concours permet aux jeunes Noc\u00e9ens de <strong>d\u00e9velopper des comp\u00e9tences pr\u00e9cieuses<\/strong>, tant sur le plan scolaire que personnel : argumentation et sens critique, aisance \u00e0 l\u2019oral, confiance en soi, capacit\u00e9 \u00e0 capter et convaincre un public.<\/p><p>Les prestations seront \u00e9valu\u00e9es sur la <strong>pertinence du discours, la qualit\u00e9 de l\u2019argumentation, la force de conviction et la clart\u00e9 de l\u2019\u00e9locution<\/strong>. <strong>Des cartes cadeaux r\u00e9compenseront les orateurs\u00a0!<\/strong><\/p>\t\t\t\t\t\t\t\t<\/div>\n\t\t\t\t<\/div>\n\t\t\t\t<\/div>\n\t\t\t\t\t<\/details>\n\t\t\t\t\t\t<details id=\"e-n-accordion-item-3482\" class=\"e-n-accordion-item\" >\n\t\t\t\t<summary class=\"e-n-accordion-item-title\" data-accordion-index=\"3\" tabindex=\"-1\" aria-expanded=\"false\" aria-controls=\"e-n-accordion-item-3482\" >\n\t\t\t\t\t<span class='e-n-accordion-item-title-header'><div class=\"e-n-accordion-item-title-text\"> \u0395\u03b3\u03b3\u03c1\u03b1\u03c6\u03ad\u03c2 <\/div><\/span>\n\t\t\t\t\t\t\t<span class='e-n-accordion-item-title-icon'>\n\t\t\t<span class='e-opened' ><svg aria-hidden=\"true\" class=\"e-font-icon-svg e-fas-minus\" viewbox=\"0 0 448 512\" xmlns=\"http:\/\/www.w3.org\/2000\/svg\"><path d=\"M416 208H32c-17.67 0-32 14.33-32 32v32c0 17.67 14.33 32 32 32h384c17.67 0 32-14.33 32-32v-32c0-17.67-14.33-32-32-32z\"><\/path><\/svg><\/span>\n\t\t\t<span class='e-closed'><svg aria-hidden=\"true\" class=\"e-font-icon-svg e-fas-plus\" viewbox=\"0 0 448 512\" xmlns=\"http:\/\/www.w3.org\/2000\/svg\"><path d=\"M416 208H272V64c0-17.67-14.33-32-32-32h-32c-17.67 0-32 14.33-32 32v144H32c-17.67 0-32 14.33-32 32v32c0 17.67 14.33 32 32 32h144v144c0 17.67 14.33 32 32 32h32c17.67 0 32-14.33 32-32V304h144c17.67 0 32-14.33 32-32v-32c0-17.67-14.33-32-32-32z\"><\/path><\/svg><\/span>\n\t\t<\/span>\n\n\t\t\t\t\t\t<\/summary>\n\t\t\t\t<div role=\"region\" aria-labelledby=\"e-n-accordion-item-3482\" class=\"elementor-element elementor-element-74a79bf e-con-full e-flex e-con e-child\" data-id=\"74a79bf\" data-element_type=\"container\" data-e-type=\"container\">\n\t\t\t\t<div class=\"elementor-element elementor-element-3c0b4d2 elementor-widget elementor-widget-text-editor\" data-id=\"3c0b4d2\" data-element_type=\"widget\" data-e-type=\"widget\" data-widget_type=\"text-editor.default\">\n\t\t\t\t<div class=\"elementor-widget-container\">\n\t\t\t\t\t\t\t\t\t<p>Les inscriptions sont ouvertes <strong>du 6 octobre 2025 au 15 janvier 2026<\/strong>. Les candidats doivent remplir le <strong><a href=\"https:\/\/www.neuillysurmarne.fr\/wp-content\/uploads\/2025\/10\/dossier-inscription-concours.pdf\">formulaire d\u2019inscription en cliquant ici<\/a><\/strong>, accompagn\u00e9 de <strong>l\u2019autorisation parentale<\/strong>. Le dossier est \u00e0 renvoyer par mail \u00e0 <a href=\"mailto:dynamiqueslocales@neuillysurmarne.fr\"><strong>dynamiqueslocales@neuillysurmarne.fr<\/strong><\/a><strong> ou par courrier au 1 place Fran\u00e7ois Mitterrand, Service Dynamiques locales, 93330 Neuilly-sur-Marne.<\/strong><\/p><p>Plus d&rsquo;informations : <a href=\"mailto:dynamiqueslocales@neuillysurmarne.fr\"><strong>dynamiqueslocales@neuillysurmarne.fr<\/strong><\/a><\/p>\t\t\t\t\t\t\t\t<\/div>\n\t\t\t\t<\/div>\n\t\t\t\t<\/div>\n\t\t\t\t\t<\/details>\n\t\t\t\t\t<\/div>\n\t\t\t\t\t\t<\/div>\n\t\t\t\t<\/div>\n\t\t\t\t<div class=\"elementor-element elementor-element-d6dae54 elementor-widget elementor-widget-image\" data-id=\"d6dae54\" data-element_type=\"widget\" data-e-type=\"widget\" data-widget_type=\"image.default\">\n\t\t\t\t<div class=\"elementor-widget-container\">\n\t\t\t\t\t\t\t\t\t\t\t\t\t\t\t\t<a href=\"https:\/\/www.neuillysurmarne.fr\/wp-content\/uploads\/2025\/10\/affiche-Concours-eloquence_240730_page-0001-scaled.jpg\" data-elementor-open-lightbox=\"yes\" data-elementor-lightbox-title=\"affiche Concours eloquence_240730_page-0001\" data-e-action-hash=\"#elementor-action%3Aaction%3Dlightbox%26settings%3DeyJpZCI6MTY1MzAsInVybCI6Imh0dHBzOlwvXC93d3cubmV1aWxseXN1cm1hcm5lLmZyXC93cC1jb250ZW50XC91cGxvYWRzXC8yMDI1XC8xMFwvYWZmaWNoZS1Db25jb3Vycy1lbG9xdWVuY2VfMjQwNzMwX3BhZ2UtMDAwMS1zY2FsZWQuanBnIn0%3D\">\n\t\t\t\t\t\t\t<img fetchpriority=\"high\" decoding=\"async\" width=\"212\" height=\"300\" src=\"https:\/\/www.neuillysurmarne.fr\/wp-content\/uploads\/2025\/10\/affiche-Concours-eloquence_240730_page-0001-212x300.jpg\" class=\"attachment-medium size-medium wp-image-16530\" alt=\"\" srcset=\"https:\/\/www.neuillysurmarne.fr\/wp-content\/uploads\/2025\/10\/affiche-Concours-eloquence_240730_page-0001-212x300.jpg 212w, https:\/\/www.neuillysurmarne.fr\/wp-content\/uploads\/2025\/10\/affiche-Concours-eloquence_240730_page-0001-724x1024.jpg 724w, https:\/\/www.neuillysurmarne.fr\/wp-content\/uploads\/2025\/10\/affiche-Concours-eloquence_240730_page-0001-768x1086.jpg 768w, https:\/\/www.neuillysurmarne.fr\/wp-content\/uploads\/2025\/10\/affiche-Concours-eloquence_240730_page-0001-1086x1536.jpg 1086w, https:\/\/www.neuillysurmarne.fr\/wp-content\/uploads\/2025\/10\/affiche-Concours-eloquence_240730_page-0001-1448x2048.jpg 1448w, https:\/\/www.neuillysurmarne.fr\/wp-content\/uploads\/2025\/10\/affiche-Concours-eloquence_240730_page-0001-8x12.jpg 8w, https:\/\/www.neuillysurmarne.fr\/wp-content\/uploads\/2025\/10\/affiche-Concours-eloquence_240730_page-0001-scaled.jpg 1811w\" sizes=\"(max-width: 212px) 100vw, 212px\" \/>\t\t\t\t\t\t\t\t<\/a>\n\t\t\t\t\t\t\t\t\t\t\t\t\t\t\t<\/div>\n\t\t\t\t<\/div>\n\t\t\t\t\t<\/div>\n\t\t\t\t<\/div>\n\t\t\t\t<\/div>","protected":false},"excerpt":{"rendered":"<p>Deuxi\u00e8me \u00e9dition du concours d\u2019\u00e9loquence Apr\u00e8s une premi\u00e8re \u00e9dition r\u00e9ussie, la ville de Neuilly-sur-Marne relance son concours d\u2019\u00e9loquence, ouvert \u00e0 tous les \u00e9l\u00e8ves noc\u00e9ens en classe de 4\u00e8me, qu\u2019ils soient scolaris\u00e9s dans des \u00e9tablissements publics ou priv\u00e9s. Sept adolescents s\u2019\u00e9taient lanc\u00e9s dans cette aventure l\u2019ann\u00e9e derni\u00e8re, d\u00e9montrant leur capacit\u00e9 \u00e0 structurer un discours, \u00e0 convaincre [&hellip;]<\/p>\n","protected":false},"author":2,"featured_media":16466,"parent":0,"menu_order":0,"comment_status":"closed","ping_status":"closed","template":"","meta":{"_acf_changed":false,"footnotes":""},"class_list":["post-16406","page","type-page","status-publish","has-post-thumbnail","hentry"],"acf":[],"yoast_head":"<!-- This site is optimized with the Yoast SEO plugin v27.4 - https:\/\/yoast.com\/product\/yoast-seo-wordpress\/ -->\n<title>Concours d&#039;\u00e9loquence - Mairie de Neuilly-sur-Marne<\/title>\n<meta name=\"robots\" content=\"index, follow, max-snippet:-1, max-image-preview:large, max-video-preview:-1\" \/>\n<link rel=\"canonical\" href=\"https:\/\/www.neuillysurmarne.fr\/el\/concours-deloquence\/\" \/>\n<meta property=\"og:locale\" content=\"el_GR\" \/>\n<meta property=\"og:type\" content=\"article\" \/>\n<meta property=\"og:title\" content=\"Concours d&#039;\u00e9loquence - Mairie de Neuilly-sur-Marne\" \/>\n<meta property=\"og:description\" content=\"Deuxi\u00e8me \u00e9dition du concours d\u2019\u00e9loquence Apr\u00e8s une premi\u00e8re \u00e9dition r\u00e9ussie, la ville de Neuilly-sur-Marne relance son concours d\u2019\u00e9loquence, ouvert \u00e0 tous les \u00e9l\u00e8ves noc\u00e9ens en classe de 4\u00e8me, qu\u2019ils soient scolaris\u00e9s dans des \u00e9tablissements publics ou priv\u00e9s. Sept adolescents s\u2019\u00e9taient lanc\u00e9s dans cette aventure l\u2019ann\u00e9e derni\u00e8re, d\u00e9montrant leur capacit\u00e9 \u00e0 structurer un discours, \u00e0 convaincre [&hellip;]\" \/>\n<meta property=\"og:url\" content=\"https:\/\/www.neuillysurmarne.fr\/el\/concours-deloquence\/\" \/>\n<meta property=\"og:site_name\" content=\"Mairie de Neuilly-sur-Marne\" \/>\n<meta property=\"article:publisher\" content=\"https:\/\/www.facebook.com\/ville.neuilly\" \/>\n<meta property=\"article:modified_time\" content=\"2026-01-21T12:03:07+00:00\" \/>\n<meta property=\"og:image\" content=\"https:\/\/www.neuillysurmarne.fr\/wp-content\/uploads\/2025\/10\/concours-deloquence.jpg\" \/>\n\t<meta property=\"og:image:width\" content=\"1600\" \/>\n\t<meta property=\"og:image:height\" content=\"1200\" \/>\n\t<meta property=\"og:image:type\" content=\"image\/jpeg\" \/>\n<meta name=\"twitter:card\" content=\"summary_large_image\" \/>\n<meta name=\"twitter:label1\" content=\"\u0395\u03ba\u03c4\u03b9\u03bc\u03ce\u03bc\u03b5\u03bd\u03bf\u03c2 \u03c7\u03c1\u03cc\u03bd\u03bf\u03c2 \u03b1\u03bd\u03ac\u03b3\u03bd\u03c9\u03c3\u03b7\u03c2\" \/>\n\t<meta name=\"twitter:data1\" content=\"4 \u03bb\u03b5\u03c0\u03c4\u03ac\" \/>\n<script type=\"application\/ld+json\" class=\"yoast-schema-graph\">{\"@context\":\"https:\\\/\\\/schema.org\",\"@graph\":[{\"@type\":\"WebPage\",\"@id\":\"https:\\\/\\\/www.neuillysurmarne.fr\\\/concours-deloquence\\\/\",\"url\":\"https:\\\/\\\/www.neuillysurmarne.fr\\\/concours-deloquence\\\/\",\"name\":\"Concours d'\u00e9loquence - Mairie de Neuilly-sur-Marne\",\"isPartOf\":{\"@id\":\"https:\\\/\\\/www.neuillysurmarne.fr\\\/es\\\/#website\"},\"primaryImageOfPage\":{\"@id\":\"https:\\\/\\\/www.neuillysurmarne.fr\\\/concours-deloquence\\\/#primaryimage\"},\"image\":{\"@id\":\"https:\\\/\\\/www.neuillysurmarne.fr\\\/concours-deloquence\\\/#primaryimage\"},\"thumbnailUrl\":\"https:\\\/\\\/www.neuillysurmarne.fr\\\/wp-content\\\/uploads\\\/2025\\\/10\\\/concours-deloquence.jpg\",\"datePublished\":\"2025-09-29T14:39:39+00:00\",\"dateModified\":\"2026-01-21T12:03:07+00:00\",\"breadcrumb\":{\"@id\":\"https:\\\/\\\/www.neuillysurmarne.fr\\\/concours-deloquence\\\/#breadcrumb\"},\"inLanguage\":\"el\",\"potentialAction\":[{\"@type\":\"ReadAction\",\"target\":[\"https:\\\/\\\/www.neuillysurmarne.fr\\\/concours-deloquence\\\/\"]}]},{\"@type\":\"ImageObject\",\"inLanguage\":\"el\",\"@id\":\"https:\\\/\\\/www.neuillysurmarne.fr\\\/concours-deloquence\\\/#primaryimage\",\"url\":\"https:\\\/\\\/www.neuillysurmarne.fr\\\/wp-content\\\/uploads\\\/2025\\\/10\\\/concours-deloquence.jpg\",\"contentUrl\":\"https:\\\/\\\/www.neuillysurmarne.fr\\\/wp-content\\\/uploads\\\/2025\\\/10\\\/concours-deloquence.jpg\",\"width\":1600,\"height\":1200},{\"@type\":\"BreadcrumbList\",\"@id\":\"https:\\\/\\\/www.neuillysurmarne.fr\\\/concours-deloquence\\\/#breadcrumb\",\"itemListElement\":[{\"@type\":\"ListItem\",\"position\":1,\"name\":\"Accueil\",\"item\":\"https:\\\/\\\/www.neuillysurmarne.fr\\\/\"},{\"@type\":\"ListItem\",\"position\":2,\"name\":\"Concours d&rsquo;\u00e9loquence\"}]},{\"@type\":\"WebSite\",\"@id\":\"https:\\\/\\\/www.neuillysurmarne.fr\\\/es\\\/#website\",\"url\":\"https:\\\/\\\/www.neuillysurmarne.fr\\\/es\\\/\",\"name\":\"Mairie de Neuilly-sur-Marne\",\"description\":\"BETA\",\"publisher\":{\"@id\":\"https:\\\/\\\/www.neuillysurmarne.fr\\\/es\\\/#organization\"},\"potentialAction\":[{\"@type\":\"SearchAction\",\"target\":{\"@type\":\"EntryPoint\",\"urlTemplate\":\"https:\\\/\\\/www.neuillysurmarne.fr\\\/es\\\/?s={search_term_string}\"},\"query-input\":{\"@type\":\"PropertyValueSpecification\",\"valueRequired\":true,\"valueName\":\"search_term_string\"}}],\"inLanguage\":\"el\"},{\"@type\":\"Organization\",\"@id\":\"https:\\\/\\\/www.neuillysurmarne.fr\\\/es\\\/#organization\",\"name\":\"Mairie de Neuilly-sur-Marne\",\"url\":\"https:\\\/\\\/www.neuillysurmarne.fr\\\/es\\\/\",\"logo\":{\"@type\":\"ImageObject\",\"inLanguage\":\"el\",\"@id\":\"https:\\\/\\\/www.neuillysurmarne.fr\\\/es\\\/#\\\/schema\\\/logo\\\/image\\\/\",\"url\":\"https:\\\/\\\/www.neuillysurmarne.fr\\\/wp-content\\\/uploads\\\/2023\\\/10\\\/LOGO-NeuillysurMarne-blanc.png\",\"contentUrl\":\"https:\\\/\\\/www.neuillysurmarne.fr\\\/wp-content\\\/uploads\\\/2023\\\/10\\\/LOGO-NeuillysurMarne-blanc.png\",\"width\":3308,\"height\":2586,\"caption\":\"Mairie de Neuilly-sur-Marne\"},\"image\":{\"@id\":\"https:\\\/\\\/www.neuillysurmarne.fr\\\/es\\\/#\\\/schema\\\/logo\\\/image\\\/\"},\"sameAs\":[\"https:\\\/\\\/www.facebook.com\\\/ville.neuilly\",\"https:\\\/\\\/www.instagram.com\\\/neuilly_marne\\\/\",\"https:\\\/\\\/www.linkedin.com\\\/company\\\/ville-de-neuilly-sur-marne\\\/\",\"https:\\\/\\\/www.youtube.com\\\/channel\\\/UCDdZ0TLrV8rfIqjBGvoeB5A\",\"https:\\\/\\\/www.tiktok.com\\\/@villedeneuillysurmarne\"]}]}<\/script>\n<!-- \/ Yoast SEO plugin. -->","yoast_head_json":{"title":"Concours d'\u00e9loquence - Mairie de Neuilly-sur-Marne","robots":{"index":"index","follow":"follow","max-snippet":"max-snippet:-1","max-image-preview":"max-image-preview:large","max-video-preview":"max-video-preview:-1"},"canonical":"https:\/\/www.neuillysurmarne.fr\/el\/concours-deloquence\/","og_locale":"el_GR","og_type":"article","og_title":"Concours d'\u00e9loquence - Mairie de Neuilly-sur-Marne","og_description":"Deuxi\u00e8me \u00e9dition du concours d\u2019\u00e9loquence Apr\u00e8s une premi\u00e8re \u00e9dition r\u00e9ussie, la ville de Neuilly-sur-Marne relance son concours d\u2019\u00e9loquence, ouvert \u00e0 tous les \u00e9l\u00e8ves noc\u00e9ens en classe de 4\u00e8me, qu\u2019ils soient scolaris\u00e9s dans des \u00e9tablissements publics ou priv\u00e9s. Sept adolescents s\u2019\u00e9taient lanc\u00e9s dans cette aventure l\u2019ann\u00e9e derni\u00e8re, d\u00e9montrant leur capacit\u00e9 \u00e0 structurer un discours, \u00e0 convaincre [&hellip;]","og_url":"https:\/\/www.neuillysurmarne.fr\/el\/concours-deloquence\/","og_site_name":"Mairie de Neuilly-sur-Marne","article_publisher":"https:\/\/www.facebook.com\/ville.neuilly","article_modified_time":"2026-01-21T12:03:07+00:00","og_image":[{"width":1600,"height":1200,"url":"https:\/\/www.neuillysurmarne.fr\/wp-content\/uploads\/2025\/10\/concours-deloquence.jpg","type":"image\/jpeg"}],"twitter_card":"summary_large_image","twitter_misc":{"\u0395\u03ba\u03c4\u03b9\u03bc\u03ce\u03bc\u03b5\u03bd\u03bf\u03c2 \u03c7\u03c1\u03cc\u03bd\u03bf\u03c2 \u03b1\u03bd\u03ac\u03b3\u03bd\u03c9\u03c3\u03b7\u03c2":"4 \u03bb\u03b5\u03c0\u03c4\u03ac"},"schema":{"@context":"https:\/\/schema.org","@graph":[{"@type":"WebPage","@id":"https:\/\/www.neuillysurmarne.fr\/concours-deloquence\/","url":"https:\/\/www.neuillysurmarne.fr\/concours-deloquence\/","name":"Concours d'\u00e9loquence - Mairie de Neuilly-sur-Marne","isPartOf":{"@id":"https:\/\/www.neuillysurmarne.fr\/es\/#website"},"primaryImageOfPage":{"@id":"https:\/\/www.neuillysurmarne.fr\/concours-deloquence\/#primaryimage"},"image":{"@id":"https:\/\/www.neuillysurmarne.fr\/concours-deloquence\/#primaryimage"},"thumbnailUrl":"https:\/\/www.neuillysurmarne.fr\/wp-content\/uploads\/2025\/10\/concours-deloquence.jpg","datePublished":"2025-09-29T14:39:39+00:00","dateModified":"2026-01-21T12:03:07+00:00","breadcrumb":{"@id":"https:\/\/www.neuillysurmarne.fr\/concours-deloquence\/#breadcrumb"},"inLanguage":"el","potentialAction":[{"@type":"ReadAction","target":["https:\/\/www.neuillysurmarne.fr\/concours-deloquence\/"]}]},{"@type":"ImageObject","inLanguage":"el","@id":"https:\/\/www.neuillysurmarne.fr\/concours-deloquence\/#primaryimage","url":"https:\/\/www.neuillysurmarne.fr\/wp-content\/uploads\/2025\/10\/concours-deloquence.jpg","contentUrl":"https:\/\/www.neuillysurmarne.fr\/wp-content\/uploads\/2025\/10\/concours-deloquence.jpg","width":1600,"height":1200},{"@type":"BreadcrumbList","@id":"https:\/\/www.neuillysurmarne.fr\/concours-deloquence\/#breadcrumb","itemListElement":[{"@type":"ListItem","position":1,"name":"Accueil","item":"https:\/\/www.neuillysurmarne.fr\/"},{"@type":"ListItem","position":2,"name":"Concours d&rsquo;\u00e9loquence"}]},{"@type":"WebSite","@id":"https:\/\/www.neuillysurmarne.fr\/es\/#website","url":"https:\/\/www.neuillysurmarne.fr\/es\/","name":"\u0394\u03b7\u03bc\u03b1\u03c1\u03c7\u03b5\u03af\u03bf Neuilly-sur-Marne","description":"BETA","publisher":{"@id":"https:\/\/www.neuillysurmarne.fr\/es\/#organization"},"potentialAction":[{"@type":"SearchAction","target":{"@type":"EntryPoint","urlTemplate":"https:\/\/www.neuillysurmarne.fr\/es\/?s={search_term_string}"},"query-input":{"@type":"PropertyValueSpecification","valueRequired":true,"valueName":"search_term_string"}}],"inLanguage":"el"},{"@type":"Organization","@id":"https:\/\/www.neuillysurmarne.fr\/es\/#organization","name":"\u0394\u03b7\u03bc\u03b1\u03c1\u03c7\u03b5\u03af\u03bf Neuilly-sur-Marne","url":"https:\/\/www.neuillysurmarne.fr\/es\/","logo":{"@type":"ImageObject","inLanguage":"el","@id":"https:\/\/www.neuillysurmarne.fr\/es\/#\/schema\/logo\/image\/","url":"https:\/\/www.neuillysurmarne.fr\/wp-content\/uploads\/2023\/10\/LOGO-NeuillysurMarne-blanc.png","contentUrl":"https:\/\/www.neuillysurmarne.fr\/wp-content\/uploads\/2023\/10\/LOGO-NeuillysurMarne-blanc.png","width":3308,"height":2586,"caption":"Mairie de Neuilly-sur-Marne"},"image":{"@id":"https:\/\/www.neuillysurmarne.fr\/es\/#\/schema\/logo\/image\/"},"sameAs":["https:\/\/www.facebook.com\/ville.neuilly","https:\/\/www.instagram.com\/neuilly_marne\/","https:\/\/www.linkedin.com\/company\/ville-de-neuilly-sur-marne\/","https:\/\/www.youtube.com\/channel\/UCDdZ0TLrV8rfIqjBGvoeB5A","https:\/\/www.tiktok.com\/@villedeneuillysurmarne"]}]}},"_links":{"self":[{"href":"https:\/\/www.neuillysurmarne.fr\/el\/wp-json\/wp\/v2\/pages\/16406","targetHints":{"allow":["GET"]}}],"collection":[{"href":"https:\/\/www.neuillysurmarne.fr\/el\/wp-json\/wp\/v2\/pages"}],"about":[{"href":"https:\/\/www.neuillysurmarne.fr\/el\/wp-json\/wp\/v2\/types\/page"}],"author":[{"embeddable":true,"href":"https:\/\/www.neuillysurmarne.fr\/el\/wp-json\/wp\/v2\/users\/2"}],"replies":[{"embeddable":true,"href":"https:\/\/www.neuillysurmarne.fr\/el\/wp-json\/wp\/v2\/comments?post=16406"}],"version-history":[{"count":14,"href":"https:\/\/www.neuillysurmarne.fr\/el\/wp-json\/wp\/v2\/pages\/16406\/revisions"}],"predecessor-version":[{"id":17278,"href":"https:\/\/www.neuillysurmarne.fr\/el\/wp-json\/wp\/v2\/pages\/16406\/revisions\/17278"}],"wp:featuredmedia":[{"embeddable":true,"href":"https:\/\/www.neuillysurmarne.fr\/el\/wp-json\/wp\/v2\/media\/16466"}],"wp:attachment":[{"href":"https:\/\/www.neuillysurmarne.fr\/el\/wp-json\/wp\/v2\/media?parent=16406"}],"curies":[{"name":"wp","href":"https:\/\/api.w.org\/{rel}","templated":true}]}}