{"id":17736,"date":"2026-03-31T15:28:46","date_gmt":"2026-03-31T13:28:46","guid":{"rendered":"https:\/\/www.neuillysurmarne.fr\/?post_type=evenements&#038;p=17736"},"modified":"2026-03-31T15:28:46","modified_gmt":"2026-03-31T13:28:46","slug":"rendez-vous-aux-jardins-parc-de-la-haute-ile","status":"publish","type":"evenements","link":"https:\/\/www.neuillysurmarne.fr\/en\/evenements\/rendez-vous-aux-jardins-parc-de-la-haute-ile\/","title":{"rendered":"Rendez-vous aux jardins &#8211; Parc de la Haute-\u00cele"},"content":{"rendered":"<h3><strong>\u00c9v\u00e9nement<\/strong><\/h3>\n<h3><strong>RENDEZ-VOUS AUX JARDINS<\/strong><\/h3>\n<p><strong>Dimanche 9 juin de 9h \u00e0 17h<\/strong><br \/>\n<strong>Parc de la Haute-\u00cele<\/strong><\/p>\n<p>&nbsp;<\/p>\n<h3>Balade nature et patrimoine<\/h3>\n<p><strong>De 9h30 \u00e0 12h<\/strong><\/p>\n<p>Partez \u00e0 la d\u00e9couverte de l\u2019histoire du parc, de sa faune et de sa flore \u00e0 travers\u2026 une visite guid\u00e9e d\u00e9paysante. Avec Jacky Libaud, guide conf\u00e9rencier.<br \/>\nRDV sur le parking du parc, acc\u00e8s avenue Jean Jaur\u00e8s.<\/p>\n<p>Adultes, gratuit sur inscription :<a href=\"https:\/\/parcsinfo.seinesaintdenis.fr\/activite\/balade-nature-et-patrimoine\/\"> https:\/\/parcsinfo.seinesaintdenis.fr\/activite\/balade-nature-et-patrimoine\/<\/a><\/p>\n<p>&nbsp;<\/p>\n<h3>Balade croquis<\/h3>\n<p><strong>De 14h30 \u00e0 16h30<\/strong><\/p>\n<p>Partez \u00e0 la d\u00e9couverte du parc pour une promenade \u201ccr\u00e9ative\u201d. Au cours de cette balade ponctu\u00e9e de moments d\u2019observation, vous aurez l\u2019occasion d\u2019explorer les paysages vari\u00e9s de ces lieux en r\u00e9alisant des croquis, en portant un regard attentif et en inventant de courtes histoires inspir\u00e9es par la nature. Aucun pr\u00e9-acquis en dessin ou \u00e9criture n\u2019est n\u00e9cessaire. Mat\u00e9riel fourni. Avec Cl\u00e9mence Mathieu, artiste et paysagiste.<\/p>\n<p>RDV sur le parking du parc, acc\u00e8s avenue Jean Jaur\u00e8s.<br \/>\nAdultes et enfants \u00e0 partir de 10 ans, gratuit sur inscription : <a href=\"https:\/\/parcsinfo.seinesaintdenis.fr\/activite\/balade-croquis-6\/\">https:\/\/parcsinfo.seinesaintdenis.fr\/activite\/balade-croquis-6\/<\/a><\/p>","protected":false},"featured_media":14749,"template":"","categorie-evenement":[228],"class_list":["post-17736","evenements","type-evenements","status-publish","has-post-thumbnail","hentry","categorie-evenement-animation"],"acf":[],"yoast_head":"<!-- This site is optimized with the Yoast SEO plugin v27.4 - https:\/\/yoast.com\/product\/yoast-seo-wordpress\/ -->\n<title>Rendez-vous aux jardins - Parc de la Haute-\u00cele - Mairie de Neuilly-sur-Marne<\/title>\n<meta name=\"robots\" content=\"index, follow, max-snippet:-1, max-image-preview:large, max-video-preview:-1\" \/>\n<link rel=\"canonical\" href=\"https:\/\/www.neuillysurmarne.fr\/en\/evenements\/rendez-vous-aux-jardins-parc-de-la-haute-ile\/\" \/>\n<meta property=\"og:locale\" content=\"en_GB\" \/>\n<meta property=\"og:type\" content=\"article\" \/>\n<meta property=\"og:title\" content=\"Rendez-vous aux jardins - Parc de la Haute-\u00cele - Mairie de Neuilly-sur-Marne\" \/>\n<meta property=\"og:description\" content=\"\u00c9v\u00e9nement RENDEZ-VOUS AUX JARDINS Dimanche 9 juin de 9h \u00e0 17h Parc de la Haute-\u00cele &nbsp; Balade nature et patrimoine De 9h30 \u00e0 12h Partez \u00e0 la d\u00e9couverte de l\u2019histoire du parc, de sa faune et de sa flore \u00e0 travers\u2026 une visite guid\u00e9e d\u00e9paysante. Avec Jacky Libaud, guide conf\u00e9rencier. RDV sur le parking du [&hellip;]\" \/>\n<meta property=\"og:url\" content=\"https:\/\/www.neuillysurmarne.fr\/en\/evenements\/rendez-vous-aux-jardins-parc-de-la-haute-ile\/\" \/>\n<meta property=\"og:site_name\" content=\"Mairie de Neuilly-sur-Marne\" \/>\n<meta property=\"article:publisher\" content=\"https:\/\/www.facebook.com\/ville.neuilly\" \/>\n<meta property=\"og:image\" content=\"https:\/\/www.neuillysurmarne.fr\/wp-content\/uploads\/2025\/03\/Image-site-A-la-Une-10.png\" \/>\n\t<meta property=\"og:image:width\" content=\"1200\" \/>\n\t<meta property=\"og:image:height\" content=\"480\" \/>\n\t<meta property=\"og:image:type\" content=\"image\/png\" \/>\n<meta name=\"twitter:card\" content=\"summary_large_image\" \/>\n<meta name=\"twitter:label1\" content=\"Estimated reading time\" \/>\n\t<meta name=\"twitter:data1\" content=\"1 minute\" \/>\n<script type=\"application\/ld+json\" class=\"yoast-schema-graph\">{\"@context\":\"https:\\\/\\\/schema.org\",\"@graph\":[{\"@type\":\"WebPage\",\"@id\":\"https:\\\/\\\/www.neuillysurmarne.fr\\\/evenements\\\/rendez-vous-aux-jardins-parc-de-la-haute-ile\\\/\",\"url\":\"https:\\\/\\\/www.neuillysurmarne.fr\\\/evenements\\\/rendez-vous-aux-jardins-parc-de-la-haute-ile\\\/\",\"name\":\"Rendez-vous aux jardins - Parc de la Haute-\u00cele - Mairie de Neuilly-sur-Marne\",\"isPartOf\":{\"@id\":\"https:\\\/\\\/www.neuillysurmarne.fr\\\/es\\\/#website\"},\"primaryImageOfPage\":{\"@id\":\"https:\\\/\\\/www.neuillysurmarne.fr\\\/evenements\\\/rendez-vous-aux-jardins-parc-de-la-haute-ile\\\/#primaryimage\"},\"image\":{\"@id\":\"https:\\\/\\\/www.neuillysurmarne.fr\\\/evenements\\\/rendez-vous-aux-jardins-parc-de-la-haute-ile\\\/#primaryimage\"},\"thumbnailUrl\":\"https:\\\/\\\/www.neuillysurmarne.fr\\\/wp-content\\\/uploads\\\/2025\\\/03\\\/Image-site-A-la-Une-10.png\",\"datePublished\":\"2026-03-31T13:28:46+00:00\",\"breadcrumb\":{\"@id\":\"https:\\\/\\\/www.neuillysurmarne.fr\\\/evenements\\\/rendez-vous-aux-jardins-parc-de-la-haute-ile\\\/#breadcrumb\"},\"inLanguage\":\"en-GB\",\"potentialAction\":[{\"@type\":\"ReadAction\",\"target\":[\"https:\\\/\\\/www.neuillysurmarne.fr\\\/evenements\\\/rendez-vous-aux-jardins-parc-de-la-haute-ile\\\/\"]}]},{\"@type\":\"ImageObject\",\"inLanguage\":\"en-GB\",\"@id\":\"https:\\\/\\\/www.neuillysurmarne.fr\\\/evenements\\\/rendez-vous-aux-jardins-parc-de-la-haute-ile\\\/#primaryimage\",\"url\":\"https:\\\/\\\/www.neuillysurmarne.fr\\\/wp-content\\\/uploads\\\/2025\\\/03\\\/Image-site-A-la-Une-10.png\",\"contentUrl\":\"https:\\\/\\\/www.neuillysurmarne.fr\\\/wp-content\\\/uploads\\\/2025\\\/03\\\/Image-site-A-la-Une-10.png\",\"width\":1200,\"height\":480},{\"@type\":\"BreadcrumbList\",\"@id\":\"https:\\\/\\\/www.neuillysurmarne.fr\\\/evenements\\\/rendez-vous-aux-jardins-parc-de-la-haute-ile\\\/#breadcrumb\",\"itemListElement\":[{\"@type\":\"ListItem\",\"position\":1,\"name\":\"Accueil\",\"item\":\"https:\\\/\\\/www.neuillysurmarne.fr\\\/\"},{\"@type\":\"ListItem\",\"position\":2,\"name\":\"Rendez-vous aux jardins &#8211; Parc de la Haute-\u00cele\"}]},{\"@type\":\"WebSite\",\"@id\":\"https:\\\/\\\/www.neuillysurmarne.fr\\\/es\\\/#website\",\"url\":\"https:\\\/\\\/www.neuillysurmarne.fr\\\/es\\\/\",\"name\":\"Mairie de Neuilly-sur-Marne\",\"description\":\"BETA\",\"publisher\":{\"@id\":\"https:\\\/\\\/www.neuillysurmarne.fr\\\/es\\\/#organization\"},\"potentialAction\":[{\"@type\":\"SearchAction\",\"target\":{\"@type\":\"EntryPoint\",\"urlTemplate\":\"https:\\\/\\\/www.neuillysurmarne.fr\\\/es\\\/?s={search_term_string}\"},\"query-input\":{\"@type\":\"PropertyValueSpecification\",\"valueRequired\":true,\"valueName\":\"search_term_string\"}}],\"inLanguage\":\"en-GB\"},{\"@type\":\"Organization\",\"@id\":\"https:\\\/\\\/www.neuillysurmarne.fr\\\/es\\\/#organization\",\"name\":\"Mairie de Neuilly-sur-Marne\",\"url\":\"https:\\\/\\\/www.neuillysurmarne.fr\\\/es\\\/\",\"logo\":{\"@type\":\"ImageObject\",\"inLanguage\":\"en-GB\",\"@id\":\"https:\\\/\\\/www.neuillysurmarne.fr\\\/es\\\/#\\\/schema\\\/logo\\\/image\\\/\",\"url\":\"https:\\\/\\\/www.neuillysurmarne.fr\\\/wp-content\\\/uploads\\\/2023\\\/10\\\/LOGO-NeuillysurMarne-blanc.png\",\"contentUrl\":\"https:\\\/\\\/www.neuillysurmarne.fr\\\/wp-content\\\/uploads\\\/2023\\\/10\\\/LOGO-NeuillysurMarne-blanc.png\",\"width\":3308,\"height\":2586,\"caption\":\"Mairie de Neuilly-sur-Marne\"},\"image\":{\"@id\":\"https:\\\/\\\/www.neuillysurmarne.fr\\\/es\\\/#\\\/schema\\\/logo\\\/image\\\/\"},\"sameAs\":[\"https:\\\/\\\/www.facebook.com\\\/ville.neuilly\",\"https:\\\/\\\/www.instagram.com\\\/neuilly_marne\\\/\",\"https:\\\/\\\/www.linkedin.com\\\/company\\\/ville-de-neuilly-sur-marne\\\/\",\"https:\\\/\\\/www.youtube.com\\\/channel\\\/UCDdZ0TLrV8rfIqjBGvoeB5A\",\"https:\\\/\\\/www.tiktok.com\\\/@villedeneuillysurmarne\"]}]}<\/script>\n<!-- \/ Yoast SEO plugin. -->","yoast_head_json":{"title":"Rendez-vous aux jardins - Parc de la Haute-\u00cele - Mairie de Neuilly-sur-Marne","robots":{"index":"index","follow":"follow","max-snippet":"max-snippet:-1","max-image-preview":"max-image-preview:large","max-video-preview":"max-video-preview:-1"},"canonical":"https:\/\/www.neuillysurmarne.fr\/en\/evenements\/rendez-vous-aux-jardins-parc-de-la-haute-ile\/","og_locale":"en_GB","og_type":"article","og_title":"Rendez-vous aux jardins - Parc de la Haute-\u00cele - Mairie de Neuilly-sur-Marne","og_description":"\u00c9v\u00e9nement RENDEZ-VOUS AUX JARDINS Dimanche 9 juin de 9h \u00e0 17h Parc de la Haute-\u00cele &nbsp; Balade nature et patrimoine De 9h30 \u00e0 12h Partez \u00e0 la d\u00e9couverte de l\u2019histoire du parc, de sa faune et de sa flore \u00e0 travers\u2026 une visite guid\u00e9e d\u00e9paysante. Avec Jacky Libaud, guide conf\u00e9rencier. RDV sur le parking du [&hellip;]","og_url":"https:\/\/www.neuillysurmarne.fr\/en\/evenements\/rendez-vous-aux-jardins-parc-de-la-haute-ile\/","og_site_name":"Mairie de Neuilly-sur-Marne","article_publisher":"https:\/\/www.facebook.com\/ville.neuilly","og_image":[{"width":1200,"height":480,"url":"https:\/\/www.neuillysurmarne.fr\/wp-content\/uploads\/2025\/03\/Image-site-A-la-Une-10.png","type":"image\/png"}],"twitter_card":"summary_large_image","twitter_misc":{"Estimated reading time":"1 minute"},"schema":{"@context":"https:\/\/schema.org","@graph":[{"@type":"WebPage","@id":"https:\/\/www.neuillysurmarne.fr\/evenements\/rendez-vous-aux-jardins-parc-de-la-haute-ile\/","url":"https:\/\/www.neuillysurmarne.fr\/evenements\/rendez-vous-aux-jardins-parc-de-la-haute-ile\/","name":"Rendez-vous aux jardins - Parc de la Haute-\u00cele - Mairie de Neuilly-sur-Marne","isPartOf":{"@id":"https:\/\/www.neuillysurmarne.fr\/es\/#website"},"primaryImageOfPage":{"@id":"https:\/\/www.neuillysurmarne.fr\/evenements\/rendez-vous-aux-jardins-parc-de-la-haute-ile\/#primaryimage"},"image":{"@id":"https:\/\/www.neuillysurmarne.fr\/evenements\/rendez-vous-aux-jardins-parc-de-la-haute-ile\/#primaryimage"},"thumbnailUrl":"https:\/\/www.neuillysurmarne.fr\/wp-content\/uploads\/2025\/03\/Image-site-A-la-Une-10.png","datePublished":"2026-03-31T13:28:46+00:00","breadcrumb":{"@id":"https:\/\/www.neuillysurmarne.fr\/evenements\/rendez-vous-aux-jardins-parc-de-la-haute-ile\/#breadcrumb"},"inLanguage":"en-GB","potentialAction":[{"@type":"ReadAction","target":["https:\/\/www.neuillysurmarne.fr\/evenements\/rendez-vous-aux-jardins-parc-de-la-haute-ile\/"]}]},{"@type":"ImageObject","inLanguage":"en-GB","@id":"https:\/\/www.neuillysurmarne.fr\/evenements\/rendez-vous-aux-jardins-parc-de-la-haute-ile\/#primaryimage","url":"https:\/\/www.neuillysurmarne.fr\/wp-content\/uploads\/2025\/03\/Image-site-A-la-Une-10.png","contentUrl":"https:\/\/www.neuillysurmarne.fr\/wp-content\/uploads\/2025\/03\/Image-site-A-la-Une-10.png","width":1200,"height":480},{"@type":"BreadcrumbList","@id":"https:\/\/www.neuillysurmarne.fr\/evenements\/rendez-vous-aux-jardins-parc-de-la-haute-ile\/#breadcrumb","itemListElement":[{"@type":"ListItem","position":1,"name":"Accueil","item":"https:\/\/www.neuillysurmarne.fr\/"},{"@type":"ListItem","position":2,"name":"Rendez-vous aux jardins &#8211; Parc de la Haute-\u00cele"}]},{"@type":"WebSite","@id":"https:\/\/www.neuillysurmarne.fr\/es\/#website","url":"https:\/\/www.neuillysurmarne.fr\/es\/","name":"Neuilly-sur-Marne Town Hall","description":"BETA","publisher":{"@id":"https:\/\/www.neuillysurmarne.fr\/es\/#organization"},"potentialAction":[{"@type":"SearchAction","target":{"@type":"EntryPoint","urlTemplate":"https:\/\/www.neuillysurmarne.fr\/es\/?s={search_term_string}"},"query-input":{"@type":"PropertyValueSpecification","valueRequired":true,"valueName":"search_term_string"}}],"inLanguage":"en-GB"},{"@type":"Organization","@id":"https:\/\/www.neuillysurmarne.fr\/es\/#organization","name":"Neuilly-sur-Marne Town Hall","url":"https:\/\/www.neuillysurmarne.fr\/es\/","logo":{"@type":"ImageObject","inLanguage":"en-GB","@id":"https:\/\/www.neuillysurmarne.fr\/es\/#\/schema\/logo\/image\/","url":"https:\/\/www.neuillysurmarne.fr\/wp-content\/uploads\/2023\/10\/LOGO-NeuillysurMarne-blanc.png","contentUrl":"https:\/\/www.neuillysurmarne.fr\/wp-content\/uploads\/2023\/10\/LOGO-NeuillysurMarne-blanc.png","width":3308,"height":2586,"caption":"Mairie de Neuilly-sur-Marne"},"image":{"@id":"https:\/\/www.neuillysurmarne.fr\/es\/#\/schema\/logo\/image\/"},"sameAs":["https:\/\/www.facebook.com\/ville.neuilly","https:\/\/www.instagram.com\/neuilly_marne\/","https:\/\/www.linkedin.com\/company\/ville-de-neuilly-sur-marne\/","https:\/\/www.youtube.com\/channel\/UCDdZ0TLrV8rfIqjBGvoeB5A","https:\/\/www.tiktok.com\/@villedeneuillysurmarne"]}]}},"_links":{"self":[{"href":"https:\/\/www.neuillysurmarne.fr\/en\/wp-json\/wp\/v2\/evenements\/17736","targetHints":{"allow":["GET"]}}],"collection":[{"href":"https:\/\/www.neuillysurmarne.fr\/en\/wp-json\/wp\/v2\/evenements"}],"about":[{"href":"https:\/\/www.neuillysurmarne.fr\/en\/wp-json\/wp\/v2\/types\/evenements"}],"wp:featuredmedia":[{"embeddable":true,"href":"https:\/\/www.neuillysurmarne.fr\/en\/wp-json\/wp\/v2\/media\/14749"}],"wp:attachment":[{"href":"https:\/\/www.neuillysurmarne.fr\/en\/wp-json\/wp\/v2\/media?parent=17736"}],"wp:term":[{"taxonomy":"categorie-evenement","embeddable":true,"href":"https:\/\/www.neuillysurmarne.fr\/en\/wp-json\/wp\/v2\/categorie-evenement?post=17736"}],"curies":[{"name":"wp","href":"https:\/\/api.w.org\/{rel}","templated":true}]}}