{"id":415,"date":"2023-11-13T11:12:19","date_gmt":"2023-11-13T10:12:19","guid":{"rendered":"https:\/\/www.neuillysurmarne.fr\/?page_id=415"},"modified":"2025-09-12T17:48:25","modified_gmt":"2025-09-12T15:48:25","slug":"24-arpents-11-novembre","status":"publish","type":"page","link":"https:\/\/www.neuillysurmarne.fr\/en\/24-arpents-11-novembre\/","title":{"rendered":"24 Arpents - 11 November"},"content":{"rendered":"\t\t<div data-elementor-type=\"wp-page\" data-elementor-id=\"415\" class=\"elementor elementor-415\" data-elementor-post-type=\"page\">\n\t\t\t\t<div class=\"elementor-element elementor-element-89c739d e-flex e-con-boxed e-con e-parent\" data-id=\"89c739d\" data-element_type=\"container\" data-e-type=\"container\">\n\t\t\t\t\t<div class=\"e-con-inner\">\n\t\t<div class=\"elementor-element elementor-element-7f7ac25 e-flex e-con-boxed e-con e-child\" data-id=\"7f7ac25\" data-element_type=\"container\" data-e-type=\"container\">\n\t\t\t\t\t<div class=\"e-con-inner\">\n\t\t<div class=\"elementor-element elementor-element-dbbb0d9 e-con-full e-flex e-con e-child\" data-id=\"dbbb0d9\" data-element_type=\"container\" data-e-type=\"container\">\n\t\t\t\t<div class=\"elementor-element elementor-element-1ad156b elementor-widget elementor-widget-text-editor\" data-id=\"1ad156b\" data-element_type=\"widget\" data-e-type=\"widget\" data-widget_type=\"text-editor.default\">\n\t\t\t\t<div class=\"elementor-widget-container\">\n\t\t\t\t\t\t\t\t\t<h2 class=\"table-row\"><strong>Conseil de quartier<\/strong><\/h2><div class=\"table-row\">\u00c0 l\u2019initiative de la Municipalit\u00e9, la Ville a mis en place 8 Conseils de quartier. Ces instances sont pens\u00e9es pour \u00eatre des lieux d\u2019expression, de participation, d\u2019\u00e9changes et de construction de projets avec les \u00e9lus. Ils ont pour vocation de r\u00e9pondre aux attentes des Noc\u00e9ens en mati\u00e8re de d\u00e9mocratie locale.<\/div><div>\u00a0<\/div><div class=\"table-row\"><strong><a href=\"https:\/\/www.neuillysurmarne.fr\/wp-content\/uploads\/2024\/03\/Revision-du-reglement-des-conseils-de-quartiers-mai-2022.pdf\">\u27a1\ufe0f R\u00e8glement int\u00e9rieur<\/a><\/strong><\/div><div>\u00a0\u00a0<\/div>\t\t\t\t\t\t\t\t<\/div>\n\t\t\t\t<\/div>\n\t\t\t\t<div class=\"elementor-element elementor-element-9beb60c elementor-widget elementor-widget-image\" data-id=\"9beb60c\" data-element_type=\"widget\" data-e-type=\"widget\" data-widget_type=\"image.default\">\n\t\t\t\t<div class=\"elementor-widget-container\">\n\t\t\t\t\t\t\t\t\t\t\t\t\t\t\t\t<a href=\"https:\/\/www.neuillysurmarne.fr\/wp-content\/uploads\/2024\/06\/Carte_24arpents_11novembre-1024x1018-1.jpg\" data-elementor-open-lightbox=\"yes\" data-elementor-lightbox-title=\"Carte_24arpents_11novembre-1024x1018\" data-e-action-hash=\"#elementor-action%3Aaction%3Dlightbox%26settings%3DeyJpZCI6MTAzMjksInVybCI6Imh0dHBzOlwvXC93d3cubmV1aWxseXN1cm1hcm5lLmZyXC93cC1jb250ZW50XC91cGxvYWRzXC8yMDI0XC8wNlwvQ2FydGVfMjRhcnBlbnRzXzExbm92ZW1icmUtMTAyNHgxMDE4LTEuanBnIn0%3D\">\n\t\t\t\t\t\t\t<img fetchpriority=\"high\" decoding=\"async\" width=\"300\" height=\"298\" src=\"https:\/\/www.neuillysurmarne.fr\/wp-content\/uploads\/2024\/06\/Carte_24arpents_11novembre-1024x1018-1-300x298.jpg\" class=\"attachment-medium size-medium wp-image-10329\" alt=\"\" srcset=\"https:\/\/www.neuillysurmarne.fr\/wp-content\/uploads\/2024\/06\/Carte_24arpents_11novembre-1024x1018-1-300x298.jpg 300w, https:\/\/www.neuillysurmarne.fr\/wp-content\/uploads\/2024\/06\/Carte_24arpents_11novembre-1024x1018-1-150x150.jpg 150w, https:\/\/www.neuillysurmarne.fr\/wp-content\/uploads\/2024\/06\/Carte_24arpents_11novembre-1024x1018-1-768x764.jpg 768w, https:\/\/www.neuillysurmarne.fr\/wp-content\/uploads\/2024\/06\/Carte_24arpents_11novembre-1024x1018-1.jpg 1024w\" sizes=\"(max-width: 300px) 100vw, 300px\" \/>\t\t\t\t\t\t\t\t<\/a>\n\t\t\t\t\t\t\t\t\t\t\t\t\t\t\t<\/div>\n\t\t\t\t<\/div>\n\t\t\t\t<div class=\"elementor-element elementor-element-4812447 elementor-widget elementor-widget-text-editor\" data-id=\"4812447\" data-element_type=\"widget\" data-e-type=\"widget\" data-widget_type=\"text-editor.default\">\n\t\t\t\t<div class=\"elementor-widget-container\">\n\t\t\t\t\t\t\t\t\t<h3><strong>Int\u00e9grer le Conseil de quartier 24 Arpents &#8211; 11 Novembre<br \/><\/strong><\/h3>\t\t\t\t\t\t\t\t<\/div>\n\t\t\t\t<\/div>\n\t\t\t\t<div class=\"elementor-element elementor-element-98cdfb3 elementor-widget elementor-widget-text-editor\" data-id=\"98cdfb3\" data-element_type=\"widget\" data-e-type=\"widget\" data-widget_type=\"text-editor.default\">\n\t\t\t\t<div class=\"elementor-widget-container\">\n\t\t\t\t\t\t\t\t\t<div class=\"table-row\"><p>Pour vous inscrire au Conseil de quartier 24 Arpents &#8211; 11 Novembre, remplissez le formulaire :<\/p><\/div>\t\t\t\t\t\t\t\t<\/div>\n\t\t\t\t<\/div>\n\t\t<div class=\"elementor-element elementor-element-5474e0b e-flex e-con-boxed e-con e-child\" data-id=\"5474e0b\" data-element_type=\"container\" data-e-type=\"container\">\n\t\t\t\t\t<div class=\"e-con-inner\">\n\t\t\t\t<div class=\"elementor-element elementor-element-09b3e7b elementor-button-align-center elementor-widget elementor-widget-form\" data-id=\"09b3e7b\" data-element_type=\"widget\" data-e-type=\"widget\" data-settings=\"{&quot;step_next_label&quot;:&quot;Suivant&quot;,&quot;step_previous_label&quot;:&quot;Pr\\u00e9c\\u00e9dent&quot;,&quot;button_width&quot;:&quot;100&quot;,&quot;step_type&quot;:&quot;number_text&quot;,&quot;step_icon_shape&quot;:&quot;circle&quot;}\" data-widget_type=\"form.default\">\n\t\t\t\t<div class=\"elementor-widget-container\">\n\t\t\t\t\t\t\t<form class=\"elementor-form\" method=\"post\" name=\"Comit\u00e9 Directeur - Avenir\" aria-label=\"Comit\u00e9 Directeur - Avenir\">\n\t\t\t<input type=\"hidden\" name=\"post_id\" value=\"415\"\/>\n\t\t\t<input type=\"hidden\" name=\"form_id\" value=\"09b3e7b\"\/>\n\t\t\t<input type=\"hidden\" name=\"referer_title\" value=\"24 Arpents - 11 Novembre - Mairie de Neuilly-sur-Marne\" \/>\n\n\t\t\t\t\t\t\t<input type=\"hidden\" name=\"queried_id\" value=\"415\"\/>\n\t\t\t\n\t\t\t<div class=\"elementor-form-fields-wrapper elementor-labels-above\">\n\t\t\t\t\t\t\t\t<div class=\"elementor-field-type-text elementor-field-group elementor-column elementor-field-group-name elementor-col-33\">\n\t\t\t\t\t\t\t\t\t\t\t\t<label for=\"form-field-name\" class=\"elementor-field-label\">\n\t\t\t\t\t\t\t\tNom\t\t\t\t\t\t\t<\/label>\n\t\t\t\t\t\t\t\t\t\t\t\t\t\t<input size=\"1\" type=\"text\" name=\"form_fields[name]\" id=\"form-field-name\" class=\"elementor-field elementor-size-sm  elementor-field-textual\" placeholder=\"Nom\">\n\t\t\t\t\t\t\t\t\t\t\t<\/div>\n\t\t\t\t\t\t\t\t<div class=\"elementor-field-type-text elementor-field-group elementor-column elementor-field-group-field_76f753f elementor-col-33\">\n\t\t\t\t\t\t\t\t\t\t\t\t<label for=\"form-field-field_76f753f\" class=\"elementor-field-label\">\n\t\t\t\t\t\t\t\tPr\u00e9nom\t\t\t\t\t\t\t<\/label>\n\t\t\t\t\t\t\t\t\t\t\t\t\t\t<input size=\"1\" type=\"text\" name=\"form_fields[field_76f753f]\" id=\"form-field-field_76f753f\" class=\"elementor-field elementor-size-sm  elementor-field-textual\" placeholder=\"Pr\u00e9nom\">\n\t\t\t\t\t\t\t\t\t\t\t<\/div>\n\t\t\t\t\t\t\t\t<div class=\"elementor-field-type-tel elementor-field-group elementor-column elementor-field-group-field_17a7cc1 elementor-col-33 elementor-field-required\">\n\t\t\t\t\t\t\t\t\t\t\t\t<label for=\"form-field-field_17a7cc1\" class=\"elementor-field-label\">\n\t\t\t\t\t\t\t\tNum\u00e9ro de portable\t\t\t\t\t\t\t<\/label>\n\t\t\t\t\t\t\t\t<input size=\"1\" type=\"tel\" name=\"form_fields[field_17a7cc1]\" id=\"form-field-field_17a7cc1\" class=\"elementor-field elementor-size-sm  elementor-field-textual\" placeholder=\"01 02 03 04 05\" required=\"required\" pattern=\"[0-9()#&amp;+*-=.]+\" title=\"\u0393\u03af\u03bd\u03bf\u03bd\u03c4\u03b1\u03b9 \u03b4\u03b5\u03ba\u03c4\u03bf\u03af \u03bc\u03cc\u03bd\u03bf \u03b1\u03c1\u03b9\u03b8\u03bc\u03bf\u03af \u03ba\u03b1\u03b9 \u03c4\u03b7\u03bb\u03b5\u03c6\u03c9\u03bd\u03b9\u03ba\u03bf\u03af \u03c7\u03b1\u03c1\u03b1\u03ba\u03c4\u03ae\u03c1\u03b5\u03c2 (#, -, *, \u03ba.\u03bb\u03c0.).\">\n\n\t\t\t\t\t\t<\/div>\n\t\t\t\t\t\t\t\t<div class=\"elementor-field-type-email elementor-field-group elementor-column elementor-field-group-email elementor-col-50 elementor-field-required\">\n\t\t\t\t\t\t\t\t\t\t\t\t<label for=\"form-field-email\" class=\"elementor-field-label\">\n\t\t\t\t\t\t\t\tE-mail\t\t\t\t\t\t\t<\/label>\n\t\t\t\t\t\t\t\t\t\t\t\t\t\t<input size=\"1\" type=\"email\" name=\"form_fields[email]\" id=\"form-field-email\" class=\"elementor-field elementor-size-sm  elementor-field-textual\" placeholder=\"E-mail\" required=\"required\">\n\t\t\t\t\t\t\t\t\t\t\t<\/div>\n\t\t\t\t\t\t\t\t<div class=\"elementor-field-type-text elementor-field-group elementor-column elementor-field-group-field_938adb7 elementor-col-50 elementor-field-required\">\n\t\t\t\t\t\t\t\t\t\t\t\t<label for=\"form-field-field_938adb7\" class=\"elementor-field-label\">\n\t\t\t\t\t\t\t\tAdresse postale\t\t\t\t\t\t\t<\/label>\n\t\t\t\t\t\t\t\t\t\t\t\t\t\t<input size=\"1\" type=\"text\" name=\"form_fields[field_938adb7]\" id=\"form-field-field_938adb7\" class=\"elementor-field elementor-size-sm  elementor-field-textual\" placeholder=\"Adresse postale\" required=\"required\">\n\t\t\t\t\t\t\t\t\t\t\t<\/div>\n\t\t\t\t\t\t\t\t<div class=\"elementor-field-type-textarea elementor-field-group elementor-column elementor-field-group-message elementor-col-100\">\n\t\t\t\t\t\t\t\t\t\t\t\t<label for=\"form-field-message\" class=\"elementor-field-label\">\n\t\t\t\t\t\t\t\tMessage\t\t\t\t\t\t\t<\/label>\n\t\t\t\t\t\t<textarea class=\"elementor-field-textual elementor-field  elementor-size-sm\" name=\"form_fields[message]\" id=\"form-field-message\" rows=\"4\" placeholder=\"Message\"><\/textarea>\t\t\t\t<\/div>\n\t\t\t\t\t\t\t\t<div class=\"elementor-field-type-acceptance elementor-field-group elementor-column elementor-field-group-field_671a39f elementor-col-100 elementor-field-required\">\n\t\t\t\t\t\t\t<div class=\"elementor-field-subgroup\">\n\t\t\t<span class=\"elementor-field-option\">\n\t\t\t\t<input type=\"checkbox\" name=\"form_fields[field_671a39f]\" id=\"form-field-field_671a39f\" class=\"elementor-field elementor-size-sm  elementor-acceptance-field\" required=\"required\">\n\t\t\t\t<label for=\"form-field-field_671a39f\">J'accepte les conditions d'utilisation de Neuilly sur Marne*<\/label>\t\t\t<\/span>\n\t\t<\/div>\n\t\t\t\t\t\t<\/div>\n\t\t\t\t\t\t\t\t<div class=\"elementor-field-type-recaptcha_v3 elementor-field-group elementor-column elementor-field-group-field_e7d64e1 elementor-col-100 recaptcha_v3-bottomright\">\n\t\t\t\t\t<div class=\"elementor-field\" id=\"form-field-field_e7d64e1\"><div class=\"elementor-g-recaptcha\" data-sitekey=\"6Lei5fcpAAAAALQ4Yr_AqP4TtzUObn9yBg1KBJ_R\" data-type=\"v3\" data-action=\"Form\" data-badge=\"bottomright\" data-size=\"invisible\"><\/div><\/div>\t\t\t\t<\/div>\n\t\t\t\t\t\t\t\t<div class=\"elementor-field-group elementor-column elementor-field-type-submit elementor-col-100 e-form__buttons\">\n\t\t\t\t\t<button class=\"elementor-button elementor-size-sm\" type=\"submit\">\n\t\t\t\t\t\t<span class=\"elementor-button-content-wrapper\">\n\t\t\t\t\t\t\t\t\t\t\t\t\t\t\t\t\t\t\t\t\t\t<span class=\"elementor-button-text\">Envoyer<\/span>\n\t\t\t\t\t\t\t\t\t\t\t\t\t<\/span>\n\t\t\t\t\t<\/button>\n\t\t\t\t<\/div>\n\t\t\t<\/div>\n\t\t<\/form>\n\t\t\t\t\t\t<\/div>\n\t\t\t\t<\/div>\n\t\t\t\t\t<\/div>\n\t\t\t\t<\/div>\n\t\t\t\t<div class=\"elementor-element elementor-element-e7f92c7 elementor-widget elementor-widget-n-accordion\" data-id=\"e7f92c7\" data-element_type=\"widget\" data-e-type=\"widget\" data-settings=\"{&quot;default_state&quot;:&quot;all_collapsed&quot;,&quot;max_items_expended&quot;:&quot;one&quot;,&quot;n_accordion_animation_duration&quot;:{&quot;unit&quot;:&quot;ms&quot;,&quot;size&quot;:400,&quot;sizes&quot;:[]}}\" data-widget_type=\"nested-accordion.default\">\n\t\t\t\t<div class=\"elementor-widget-container\">\n\t\t\t\t\t\t\t<div class=\"e-n-accordion\" aria-label=\"Accordion. Open links with Enter or Space, close with Escape, and navigate with Arrow Keys\">\n\t\t\t\t\t\t<details id=\"e-n-accordion-item-2430\" class=\"e-n-accordion-item\" >\n\t\t\t\t<summary class=\"e-n-accordion-item-title\" data-accordion-index=\"1\" tabindex=\"0\" aria-expanded=\"false\" aria-controls=\"e-n-accordion-item-2430\" >\n\t\t\t\t\t<span class='e-n-accordion-item-title-header'><div class=\"e-n-accordion-item-title-text\"> Liste du Comit\u00e9 Directeur <\/div><\/span>\n\t\t\t\t\t\t\t<span class='e-n-accordion-item-title-icon'>\n\t\t\t<span class='e-opened' ><svg aria-hidden=\"true\" class=\"e-font-icon-svg e-fas-minus\" viewBox=\"0 0 448 512\" xmlns=\"http:\/\/www.w3.org\/2000\/svg\"><path d=\"M416 208H32c-17.67 0-32 14.33-32 32v32c0 17.67 14.33 32 32 32h384c17.67 0 32-14.33 32-32v-32c0-17.67-14.33-32-32-32z\"><\/path><\/svg><\/span>\n\t\t\t<span class='e-closed'><svg aria-hidden=\"true\" class=\"e-font-icon-svg e-fas-plus\" viewBox=\"0 0 448 512\" xmlns=\"http:\/\/www.w3.org\/2000\/svg\"><path d=\"M416 208H272V64c0-17.67-14.33-32-32-32h-32c-17.67 0-32 14.33-32 32v144H32c-17.67 0-32 14.33-32 32v32c0 17.67 14.33 32 32 32h144v144c0 17.67 14.33 32 32 32h32c17.67 0 32-14.33 32-32V304h144c17.67 0 32-14.33 32-32v-32c0-17.67-14.33-32-32-32z\"><\/path><\/svg><\/span>\n\t\t<\/span>\n\n\t\t\t\t\t\t<\/summary>\n\t\t\t\t<div role=\"region\" aria-labelledby=\"e-n-accordion-item-2430\" class=\"elementor-element elementor-element-58b7fb4 e-con-full e-flex e-con e-child\" data-id=\"58b7fb4\" data-element_type=\"container\" data-e-type=\"container\">\n\t\t\t\t<div class=\"elementor-element elementor-element-a46eeaf elementor-widget elementor-widget-text-editor\" data-id=\"a46eeaf\" data-element_type=\"widget\" data-e-type=\"widget\" data-widget_type=\"text-editor.default\">\n\t\t\t\t<div class=\"elementor-widget-container\">\n\t\t\t\t\t\t\t\t\t<p>Chaque Conseil de quartier est dot\u00e9 d\u2019un Comit\u00e9 Directeur dont les membres ont \u00e9t\u00e9 tir\u00e9s au sort lors de la r\u00e9union d\u2019installation du Conseil de quartier. Pour candidater, il suffit d\u2019envoyer ses coordonn\u00e9es (nom, pr\u00e9nom, adresse postale, courriel, num\u00e9ro de portable) par courriel \u00e0 l\u2019adresse : <strong><a href=\"mailto:conseil.quartier@neuillysurmarne.fr\" target=\"_blank\" rel=\"noopener\">conseil.quartier@neuillysurmarne.fr<\/a><\/strong><\/p><p>\ud83d\udce7 Pour contacter le Comit\u00e9 Directeur du quartier 24 Arpents \u2013 11 Novembre, envoyez un courriel \u00e0 l\u2019adresse : <strong><a href=\"mailto:codir-24arpents-11novembre@googlegroups.com\">codir-24arpents-11novembre@googlegroups.com<\/a><\/strong><\/p><p>Liste du Comit\u00e9 Directeur 24 Arpents \u2013 11 Novembre :<\/p><ul><li>JANDAR Na\u00efma<\/li><li>NAELS Annick<\/li><li>BELLANGER Jeannine<\/li><li>AUCAN Marine<\/li><li>LABRO Jean-Marie<\/li><li>VOILLOT Sandrine<\/li><li>BOSC Annick<\/li><li>ALMEIDA Jorge<\/li><\/ul>\t\t\t\t\t\t\t\t<\/div>\n\t\t\t\t<\/div>\n\t\t\t\t<\/div>\n\t\t\t\t\t<\/details>\n\t\t\t\t\t\t<details id=\"e-n-accordion-item-2431\" class=\"e-n-accordion-item\" >\n\t\t\t\t<summary class=\"e-n-accordion-item-title\" data-accordion-index=\"2\" tabindex=\"-1\" aria-expanded=\"false\" aria-controls=\"e-n-accordion-item-2431\" >\n\t\t\t\t\t<span class='e-n-accordion-item-title-header'><div class=\"e-n-accordion-item-title-text\"> Calendrier du Conseil de quartier <\/div><\/span>\n\t\t\t\t\t\t\t<span class='e-n-accordion-item-title-icon'>\n\t\t\t<span class='e-opened' ><svg aria-hidden=\"true\" class=\"e-font-icon-svg e-fas-minus\" viewBox=\"0 0 448 512\" xmlns=\"http:\/\/www.w3.org\/2000\/svg\"><path d=\"M416 208H32c-17.67 0-32 14.33-32 32v32c0 17.67 14.33 32 32 32h384c17.67 0 32-14.33 32-32v-32c0-17.67-14.33-32-32-32z\"><\/path><\/svg><\/span>\n\t\t\t<span class='e-closed'><svg aria-hidden=\"true\" class=\"e-font-icon-svg e-fas-plus\" viewBox=\"0 0 448 512\" xmlns=\"http:\/\/www.w3.org\/2000\/svg\"><path d=\"M416 208H272V64c0-17.67-14.33-32-32-32h-32c-17.67 0-32 14.33-32 32v144H32c-17.67 0-32 14.33-32 32v32c0 17.67 14.33 32 32 32h144v144c0 17.67 14.33 32 32 32h32c17.67 0 32-14.33 32-32V304h144c17.67 0 32-14.33 32-32v-32c0-17.67-14.33-32-32-32z\"><\/path><\/svg><\/span>\n\t\t<\/span>\n\n\t\t\t\t\t\t<\/summary>\n\t\t\t\t<div role=\"region\" aria-labelledby=\"e-n-accordion-item-2431\" class=\"elementor-element elementor-element-6e83a56 e-con-full e-flex e-con e-child\" data-id=\"6e83a56\" data-element_type=\"container\" data-e-type=\"container\">\n\t\t\t\t<div class=\"elementor-element elementor-element-554942a elementor-widget elementor-widget-text-editor\" data-id=\"554942a\" data-element_type=\"widget\" data-e-type=\"widget\" data-widget_type=\"text-editor.default\">\n\t\t\t\t<div class=\"elementor-widget-container\">\n\t\t\t\t\t\t\t\t\t<p>\ud83d\udcc5 Les prochaines dates seront affich\u00e9es ici et envoy\u00e9es par courriel aux membres des Conseils de quartier.<\/p><p>\u2022 12 mars 2021 \u2013 R\u00e9union de pr\u00e9figuration<\/p><p>\u2022 4 juin 2021 \u2013 R\u00e9union de pr\u00e9figuration consacr\u00e9e \u00e0 la voirie<\/p><p>\u2022 4 octobre 2021 \u2013 R\u00e9union d\u2019installation du Conseil<\/p><p>\u2022 6 septembre 2022<\/p><p>\u2022 19 septembre 2023<\/p><p>\u2022 5 mars 2024 &#8211; De 18h30 \u00e0 20h au Centre L\u00e9o Lagrange, boulevard Ferdinand Buisson\u00a0<\/p><p>\u2022 27 novembre 2024 &#8211; De 18h30 \u00e0 20h au R\u00e9fectoire Jules Verne, boulevard Ferdinand Buisson<\/p><p>\u2022 2 avril 2025 &#8211; De 18h30 \u00e0 20h dans la Salle des 24 Arpents, rue de la Lib\u00e9ration<\/p><p><strong>\u2022 17 septembre 2025 &#8211; De 18h30 \u00e0 20h dans l&rsquo;\u00c9cole Les Fleurs, rue de la Lib\u00e9ration<\/strong><\/p>\t\t\t\t\t\t\t\t<\/div>\n\t\t\t\t<\/div>\n\t\t\t\t<\/div>\n\t\t\t\t\t<\/details>\n\t\t\t\t\t\t<details id=\"e-n-accordion-item-2432\" class=\"e-n-accordion-item\" >\n\t\t\t\t<summary class=\"e-n-accordion-item-title\" data-accordion-index=\"3\" tabindex=\"-1\" aria-expanded=\"false\" aria-controls=\"e-n-accordion-item-2432\" >\n\t\t\t\t\t<span class='e-n-accordion-item-title-header'><div class=\"e-n-accordion-item-title-text\"> Budget Participatif <\/div><\/span>\n\t\t\t\t\t\t\t<span class='e-n-accordion-item-title-icon'>\n\t\t\t<span class='e-opened' ><svg aria-hidden=\"true\" class=\"e-font-icon-svg e-fas-minus\" viewBox=\"0 0 448 512\" xmlns=\"http:\/\/www.w3.org\/2000\/svg\"><path d=\"M416 208H32c-17.67 0-32 14.33-32 32v32c0 17.67 14.33 32 32 32h384c17.67 0 32-14.33 32-32v-32c0-17.67-14.33-32-32-32z\"><\/path><\/svg><\/span>\n\t\t\t<span class='e-closed'><svg aria-hidden=\"true\" class=\"e-font-icon-svg e-fas-plus\" viewBox=\"0 0 448 512\" xmlns=\"http:\/\/www.w3.org\/2000\/svg\"><path d=\"M416 208H272V64c0-17.67-14.33-32-32-32h-32c-17.67 0-32 14.33-32 32v144H32c-17.67 0-32 14.33-32 32v32c0 17.67 14.33 32 32 32h144v144c0 17.67 14.33 32 32 32h32c17.67 0 32-14.33 32-32V304h144c17.67 0 32-14.33 32-32v-32c0-17.67-14.33-32-32-32z\"><\/path><\/svg><\/span>\n\t\t<\/span>\n\n\t\t\t\t\t\t<\/summary>\n\t\t\t\t<div role=\"region\" aria-labelledby=\"e-n-accordion-item-2432\" class=\"elementor-element elementor-element-7e871ad e-con-full e-flex e-con e-child\" data-id=\"7e871ad\" data-element_type=\"container\" data-e-type=\"container\">\n\t\t\t\t<div class=\"elementor-element elementor-element-f5494bf elementor-widget elementor-widget-text-editor\" data-id=\"f5494bf\" data-element_type=\"widget\" data-e-type=\"widget\" data-widget_type=\"text-editor.default\">\n\t\t\t\t<div class=\"elementor-widget-container\">\n\t\t\t\t\t\t\t\t\t<p>Apr\u00e8s une premi\u00e8re \u00e9dition r\u00e9ussie en 2023, le budget participatif des Conseils de quartier est reconduit en 2024. Dix projets ont \u00e9t\u00e9 retenus l\u2019ann\u00e9e derni\u00e8re (arceaux pour v\u00e9los, nichoirs \u00e0 oiseaux, balade propret\u00e9, animations musicales sur les march\u00e9s\u2026). D\u00e9posez d\u00e8s maintenant votre projet !<\/p><h3><strong>\u00a0\u00c9tape 1 : D\u00e9p\u00f4t des projets<\/strong><\/h3><p><a href=\"https:\/\/www.neuillysurmarne.fr\/wp-content\/uploads\/2024\/04\/formulaire-BP-002.pdf?x12167\"><strong>T\u00e9l\u00e9chargez, remplissez et retournez la fiche projet compl\u00e9t\u00e9e avant le 10 juin par mail \u00e0 conseil.quartier@neuillysurmarne.fr en cliquant ici.<\/strong><\/a><\/p><h3><strong>\u00c9tape 2 : \u00c9tude de faisabilit\u00e9 et de voisinage<\/strong><\/h3><p>Les services municipaux \u00e9tudieront la faisabilit\u00e9 technique et financi\u00e8re de vos projets. Les Comit\u00e9s directeurs de quartier m\u00e8neront une enqu\u00eate d\u2019approbation aupr\u00e8s des riverains concern\u00e9s par les projets jusqu\u2019au 10 juillet.<\/p><h3><strong>\u00c9tape 3 : Revue de projets<\/strong><\/h3><p>L\u2019ensemble des projets retenus sera pr\u00e9sent\u00e9 devant l\u2019\u00e9quipe municipale et les Comit\u00e9s Directeurs de quartier.<\/p><h3><strong>\u00c9tape 4 : Appel au vote et \u00e9lections<\/strong><\/h3><p>Les projets seront soumis au vote pendant l\u2019\u00e9t\u00e9. Tous les Noc\u00e9ens seront invit\u00e9s \u00e0 voter pour leur projet pr\u00e9f\u00e9r\u00e9 jusqu\u2019au 31 ao\u00fbt.<\/p><h3><strong>\u00c9tape 5 : R\u00e9sultats<\/strong><\/h3><p>Les projets gagnants seront d\u00e9voil\u00e9s \u00e0 la F\u00eate des Bords de Marne, le 8 septembre 2024 !<\/p>\t\t\t\t\t\t\t\t<\/div>\n\t\t\t\t<\/div>\n\t\t\t\t<\/div>\n\t\t\t\t\t<\/details>\n\t\t\t\t\t<\/div>\n\t\t\t\t\t\t<\/div>\n\t\t\t\t<\/div>\n\t\t\t\t<\/div>\n\t\t\t\t\t<\/div>\n\t\t\t\t<\/div>\n\t\t\t\t\t<\/div>\n\t\t\t\t<\/div>\n\t\t\t\t<\/div>\n\t\t","protected":false},"excerpt":{"rendered":"<p>Conseil de quartier \u00c0 l\u2019initiative de la Municipalit\u00e9, la Ville a mis en place 8 Conseils de quartier. Ces instances sont pens\u00e9es pour \u00eatre des lieux d\u2019expression, de participation, d\u2019\u00e9changes et de construction de projets avec les \u00e9lus. Ils ont pour vocation de r\u00e9pondre aux attentes des Noc\u00e9ens en mati\u00e8re de d\u00e9mocratie locale.\u00a0\u27a1\ufe0f R\u00e8glement int\u00e9rieur\u00a0\u00a0 [&hellip;]<\/p>\n","protected":false},"author":1,"featured_media":8053,"parent":0,"menu_order":0,"comment_status":"closed","ping_status":"closed","template":"","meta":{"_acf_changed":false,"footnotes":""},"class_list":["post-415","page","type-page","status-publish","has-post-thumbnail","hentry"],"acf":[],"yoast_head":"<!-- This site is optimized with the Yoast SEO plugin v27.4 - https:\/\/yoast.com\/product\/yoast-seo-wordpress\/ -->\n<title>24 Arpents - 11 Novembre - Mairie de Neuilly-sur-Marne<\/title>\n<meta name=\"robots\" content=\"index, follow, max-snippet:-1, max-image-preview:large, max-video-preview:-1\" \/>\n<link rel=\"canonical\" href=\"https:\/\/www.neuillysurmarne.fr\/en\/24-arpents-11-novembre\/\" \/>\n<meta property=\"og:locale\" content=\"en_GB\" \/>\n<meta property=\"og:type\" content=\"article\" \/>\n<meta property=\"og:title\" content=\"24 Arpents - 11 Novembre - Mairie de Neuilly-sur-Marne\" \/>\n<meta property=\"og:description\" content=\"Conseil de quartier \u00c0 l\u2019initiative de la Municipalit\u00e9, la Ville a mis en place 8 Conseils de quartier. Ces instances sont pens\u00e9es pour \u00eatre des lieux d\u2019expression, de participation, d\u2019\u00e9changes et de construction de projets avec les \u00e9lus. Ils ont pour vocation de r\u00e9pondre aux attentes des Noc\u00e9ens en mati\u00e8re de d\u00e9mocratie locale.\u00a0\u27a1\ufe0f R\u00e8glement int\u00e9rieur\u00a0\u00a0 [&hellip;]\" \/>\n<meta property=\"og:url\" content=\"https:\/\/www.neuillysurmarne.fr\/en\/24-arpents-11-novembre\/\" \/>\n<meta property=\"og:site_name\" content=\"Mairie de Neuilly-sur-Marne\" \/>\n<meta property=\"article:publisher\" content=\"https:\/\/www.facebook.com\/ville.neuilly\" \/>\n<meta property=\"article:modified_time\" content=\"2025-09-12T15:48:25+00:00\" \/>\n<meta property=\"og:image\" content=\"https:\/\/www.neuillysurmarne.fr\/wp-content\/uploads\/2024\/06\/087@Nicolas-Fagot-Studio9-scaled.jpg\" \/>\n\t<meta property=\"og:image:width\" content=\"2560\" \/>\n\t<meta property=\"og:image:height\" content=\"1703\" \/>\n\t<meta property=\"og:image:type\" content=\"image\/jpeg\" \/>\n<meta name=\"twitter:card\" content=\"summary_large_image\" \/>\n<meta name=\"twitter:label1\" content=\"Estimated reading time\" \/>\n\t<meta name=\"twitter:data1\" content=\"6 minutes\" \/>\n<script type=\"application\/ld+json\" class=\"yoast-schema-graph\">{\"@context\":\"https:\\\/\\\/schema.org\",\"@graph\":[{\"@type\":\"WebPage\",\"@id\":\"https:\\\/\\\/www.neuillysurmarne.fr\\\/24-arpents-11-novembre\\\/\",\"url\":\"https:\\\/\\\/www.neuillysurmarne.fr\\\/24-arpents-11-novembre\\\/\",\"name\":\"24 Arpents - 11 Novembre - Mairie de Neuilly-sur-Marne\",\"isPartOf\":{\"@id\":\"https:\\\/\\\/www.neuillysurmarne.fr\\\/es\\\/#website\"},\"primaryImageOfPage\":{\"@id\":\"https:\\\/\\\/www.neuillysurmarne.fr\\\/24-arpents-11-novembre\\\/#primaryimage\"},\"image\":{\"@id\":\"https:\\\/\\\/www.neuillysurmarne.fr\\\/24-arpents-11-novembre\\\/#primaryimage\"},\"thumbnailUrl\":\"https:\\\/\\\/www.neuillysurmarne.fr\\\/wp-content\\\/uploads\\\/2024\\\/06\\\/087@Nicolas-Fagot-Studio9-scaled.jpg\",\"datePublished\":\"2023-11-13T10:12:19+00:00\",\"dateModified\":\"2025-09-12T15:48:25+00:00\",\"breadcrumb\":{\"@id\":\"https:\\\/\\\/www.neuillysurmarne.fr\\\/24-arpents-11-novembre\\\/#breadcrumb\"},\"inLanguage\":\"en-GB\",\"potentialAction\":[{\"@type\":\"ReadAction\",\"target\":[\"https:\\\/\\\/www.neuillysurmarne.fr\\\/24-arpents-11-novembre\\\/\"]}]},{\"@type\":\"ImageObject\",\"inLanguage\":\"en-GB\",\"@id\":\"https:\\\/\\\/www.neuillysurmarne.fr\\\/24-arpents-11-novembre\\\/#primaryimage\",\"url\":\"https:\\\/\\\/www.neuillysurmarne.fr\\\/wp-content\\\/uploads\\\/2024\\\/06\\\/087@Nicolas-Fagot-Studio9-scaled.jpg\",\"contentUrl\":\"https:\\\/\\\/www.neuillysurmarne.fr\\\/wp-content\\\/uploads\\\/2024\\\/06\\\/087@Nicolas-Fagot-Studio9-scaled.jpg\",\"width\":2560,\"height\":1703},{\"@type\":\"BreadcrumbList\",\"@id\":\"https:\\\/\\\/www.neuillysurmarne.fr\\\/24-arpents-11-novembre\\\/#breadcrumb\",\"itemListElement\":[{\"@type\":\"ListItem\",\"position\":1,\"name\":\"Accueil\",\"item\":\"https:\\\/\\\/www.neuillysurmarne.fr\\\/\"},{\"@type\":\"ListItem\",\"position\":2,\"name\":\"24 Arpents &#8211; 11 Novembre\"}]},{\"@type\":\"WebSite\",\"@id\":\"https:\\\/\\\/www.neuillysurmarne.fr\\\/es\\\/#website\",\"url\":\"https:\\\/\\\/www.neuillysurmarne.fr\\\/es\\\/\",\"name\":\"Mairie de Neuilly-sur-Marne\",\"description\":\"BETA\",\"publisher\":{\"@id\":\"https:\\\/\\\/www.neuillysurmarne.fr\\\/es\\\/#organization\"},\"potentialAction\":[{\"@type\":\"SearchAction\",\"target\":{\"@type\":\"EntryPoint\",\"urlTemplate\":\"https:\\\/\\\/www.neuillysurmarne.fr\\\/es\\\/?s={search_term_string}\"},\"query-input\":{\"@type\":\"PropertyValueSpecification\",\"valueRequired\":true,\"valueName\":\"search_term_string\"}}],\"inLanguage\":\"en-GB\"},{\"@type\":\"Organization\",\"@id\":\"https:\\\/\\\/www.neuillysurmarne.fr\\\/es\\\/#organization\",\"name\":\"Mairie de Neuilly-sur-Marne\",\"url\":\"https:\\\/\\\/www.neuillysurmarne.fr\\\/es\\\/\",\"logo\":{\"@type\":\"ImageObject\",\"inLanguage\":\"en-GB\",\"@id\":\"https:\\\/\\\/www.neuillysurmarne.fr\\\/es\\\/#\\\/schema\\\/logo\\\/image\\\/\",\"url\":\"https:\\\/\\\/www.neuillysurmarne.fr\\\/wp-content\\\/uploads\\\/2023\\\/10\\\/LOGO-NeuillysurMarne-blanc.png\",\"contentUrl\":\"https:\\\/\\\/www.neuillysurmarne.fr\\\/wp-content\\\/uploads\\\/2023\\\/10\\\/LOGO-NeuillysurMarne-blanc.png\",\"width\":3308,\"height\":2586,\"caption\":\"Mairie de Neuilly-sur-Marne\"},\"image\":{\"@id\":\"https:\\\/\\\/www.neuillysurmarne.fr\\\/es\\\/#\\\/schema\\\/logo\\\/image\\\/\"},\"sameAs\":[\"https:\\\/\\\/www.facebook.com\\\/ville.neuilly\",\"https:\\\/\\\/www.instagram.com\\\/neuilly_marne\\\/\",\"https:\\\/\\\/www.linkedin.com\\\/company\\\/ville-de-neuilly-sur-marne\\\/\",\"https:\\\/\\\/www.youtube.com\\\/channel\\\/UCDdZ0TLrV8rfIqjBGvoeB5A\",\"https:\\\/\\\/www.tiktok.com\\\/@villedeneuillysurmarne\"]}]}<\/script>\n<!-- \/ Yoast SEO plugin. -->","yoast_head_json":{"title":"24 Arpents - 11 Novembre - Mairie de Neuilly-sur-Marne","robots":{"index":"index","follow":"follow","max-snippet":"max-snippet:-1","max-image-preview":"max-image-preview:large","max-video-preview":"max-video-preview:-1"},"canonical":"https:\/\/www.neuillysurmarne.fr\/en\/24-arpents-11-novembre\/","og_locale":"en_GB","og_type":"article","og_title":"24 Arpents - 11 Novembre - Mairie de Neuilly-sur-Marne","og_description":"Conseil de quartier \u00c0 l\u2019initiative de la Municipalit\u00e9, la Ville a mis en place 8 Conseils de quartier. Ces instances sont pens\u00e9es pour \u00eatre des lieux d\u2019expression, de participation, d\u2019\u00e9changes et de construction de projets avec les \u00e9lus. Ils ont pour vocation de r\u00e9pondre aux attentes des Noc\u00e9ens en mati\u00e8re de d\u00e9mocratie locale.\u00a0\u27a1\ufe0f R\u00e8glement int\u00e9rieur\u00a0\u00a0 [&hellip;]","og_url":"https:\/\/www.neuillysurmarne.fr\/en\/24-arpents-11-novembre\/","og_site_name":"Mairie de Neuilly-sur-Marne","article_publisher":"https:\/\/www.facebook.com\/ville.neuilly","article_modified_time":"2025-09-12T15:48:25+00:00","og_image":[{"width":2560,"height":1703,"url":"https:\/\/www.neuillysurmarne.fr\/wp-content\/uploads\/2024\/06\/087@Nicolas-Fagot-Studio9-scaled.jpg","type":"image\/jpeg"}],"twitter_card":"summary_large_image","twitter_misc":{"Estimated reading time":"6 minutes"},"schema":{"@context":"https:\/\/schema.org","@graph":[{"@type":"WebPage","@id":"https:\/\/www.neuillysurmarne.fr\/24-arpents-11-novembre\/","url":"https:\/\/www.neuillysurmarne.fr\/24-arpents-11-novembre\/","name":"24 Arpents - 11 Novembre - Mairie de Neuilly-sur-Marne","isPartOf":{"@id":"https:\/\/www.neuillysurmarne.fr\/es\/#website"},"primaryImageOfPage":{"@id":"https:\/\/www.neuillysurmarne.fr\/24-arpents-11-novembre\/#primaryimage"},"image":{"@id":"https:\/\/www.neuillysurmarne.fr\/24-arpents-11-novembre\/#primaryimage"},"thumbnailUrl":"https:\/\/www.neuillysurmarne.fr\/wp-content\/uploads\/2024\/06\/087@Nicolas-Fagot-Studio9-scaled.jpg","datePublished":"2023-11-13T10:12:19+00:00","dateModified":"2025-09-12T15:48:25+00:00","breadcrumb":{"@id":"https:\/\/www.neuillysurmarne.fr\/24-arpents-11-novembre\/#breadcrumb"},"inLanguage":"en-GB","potentialAction":[{"@type":"ReadAction","target":["https:\/\/www.neuillysurmarne.fr\/24-arpents-11-novembre\/"]}]},{"@type":"ImageObject","inLanguage":"en-GB","@id":"https:\/\/www.neuillysurmarne.fr\/24-arpents-11-novembre\/#primaryimage","url":"https:\/\/www.neuillysurmarne.fr\/wp-content\/uploads\/2024\/06\/087@Nicolas-Fagot-Studio9-scaled.jpg","contentUrl":"https:\/\/www.neuillysurmarne.fr\/wp-content\/uploads\/2024\/06\/087@Nicolas-Fagot-Studio9-scaled.jpg","width":2560,"height":1703},{"@type":"BreadcrumbList","@id":"https:\/\/www.neuillysurmarne.fr\/24-arpents-11-novembre\/#breadcrumb","itemListElement":[{"@type":"ListItem","position":1,"name":"Accueil","item":"https:\/\/www.neuillysurmarne.fr\/"},{"@type":"ListItem","position":2,"name":"24 Arpents &#8211; 11 Novembre"}]},{"@type":"WebSite","@id":"https:\/\/www.neuillysurmarne.fr\/es\/#website","url":"https:\/\/www.neuillysurmarne.fr\/es\/","name":"Neuilly-sur-Marne Town Hall","description":"BETA","publisher":{"@id":"https:\/\/www.neuillysurmarne.fr\/es\/#organization"},"potentialAction":[{"@type":"SearchAction","target":{"@type":"EntryPoint","urlTemplate":"https:\/\/www.neuillysurmarne.fr\/es\/?s={search_term_string}"},"query-input":{"@type":"PropertyValueSpecification","valueRequired":true,"valueName":"search_term_string"}}],"inLanguage":"en-GB"},{"@type":"Organization","@id":"https:\/\/www.neuillysurmarne.fr\/es\/#organization","name":"Neuilly-sur-Marne Town Hall","url":"https:\/\/www.neuillysurmarne.fr\/es\/","logo":{"@type":"ImageObject","inLanguage":"en-GB","@id":"https:\/\/www.neuillysurmarne.fr\/es\/#\/schema\/logo\/image\/","url":"https:\/\/www.neuillysurmarne.fr\/wp-content\/uploads\/2023\/10\/LOGO-NeuillysurMarne-blanc.png","contentUrl":"https:\/\/www.neuillysurmarne.fr\/wp-content\/uploads\/2023\/10\/LOGO-NeuillysurMarne-blanc.png","width":3308,"height":2586,"caption":"Mairie de Neuilly-sur-Marne"},"image":{"@id":"https:\/\/www.neuillysurmarne.fr\/es\/#\/schema\/logo\/image\/"},"sameAs":["https:\/\/www.facebook.com\/ville.neuilly","https:\/\/www.instagram.com\/neuilly_marne\/","https:\/\/www.linkedin.com\/company\/ville-de-neuilly-sur-marne\/","https:\/\/www.youtube.com\/channel\/UCDdZ0TLrV8rfIqjBGvoeB5A","https:\/\/www.tiktok.com\/@villedeneuillysurmarne"]}]}},"_links":{"self":[{"href":"https:\/\/www.neuillysurmarne.fr\/en\/wp-json\/wp\/v2\/pages\/415","targetHints":{"allow":["GET"]}}],"collection":[{"href":"https:\/\/www.neuillysurmarne.fr\/en\/wp-json\/wp\/v2\/pages"}],"about":[{"href":"https:\/\/www.neuillysurmarne.fr\/en\/wp-json\/wp\/v2\/types\/page"}],"author":[{"embeddable":true,"href":"https:\/\/www.neuillysurmarne.fr\/en\/wp-json\/wp\/v2\/users\/1"}],"replies":[{"embeddable":true,"href":"https:\/\/www.neuillysurmarne.fr\/en\/wp-json\/wp\/v2\/comments?post=415"}],"version-history":[{"count":61,"href":"https:\/\/www.neuillysurmarne.fr\/en\/wp-json\/wp\/v2\/pages\/415\/revisions"}],"predecessor-version":[{"id":16302,"href":"https:\/\/www.neuillysurmarne.fr\/en\/wp-json\/wp\/v2\/pages\/415\/revisions\/16302"}],"wp:featuredmedia":[{"embeddable":true,"href":"https:\/\/www.neuillysurmarne.fr\/en\/wp-json\/wp\/v2\/media\/8053"}],"wp:attachment":[{"href":"https:\/\/www.neuillysurmarne.fr\/en\/wp-json\/wp\/v2\/media?parent=415"}],"curies":[{"name":"wp","href":"https:\/\/api.w.org\/{rel}","templated":true}]}}