{"id":489,"date":"2023-11-13T11:53:09","date_gmt":"2023-11-13T10:53:09","guid":{"rendered":"https:\/\/www.neuillysurmarne.fr\/?page_id=489"},"modified":"2026-04-10T17:49:24","modified_gmt":"2026-04-10T15:49:24","slug":"antennes-relais","status":"publish","type":"page","link":"https:\/\/www.neuillysurmarne.fr\/en\/antennes-relais\/","title":{"rendered":"Antennas"},"content":{"rendered":"<div data-elementor-type=\"wp-page\" data-elementor-id=\"489\" class=\"elementor elementor-489\" data-elementor-post-type=\"page\">\n\t\t\t\t<div class=\"elementor-element elementor-element-394fc5ae e-flex e-con-boxed e-con e-parent\" data-id=\"394fc5ae\" data-element_type=\"container\" data-e-type=\"container\">\n\t\t\t\t\t<div class=\"e-con-inner\">\n\t\t\t\t<div class=\"elementor-element elementor-element-54cc27d8 elementor-widget elementor-widget-text-editor\" data-id=\"54cc27d8\" data-element_type=\"widget\" data-e-type=\"widget\" data-widget_type=\"text-editor.default\">\n\t\t\t\t<div class=\"elementor-widget-container\">\n\t\t\t\t\t\t\t\t\t<p><strong>As part of the Abeille Act of 9 February 2015 on electromagnetic waves, you will find below the information files submitted by operators:<\/strong><\/p>\t\t\t\t\t\t\t\t<\/div>\n\t\t\t\t<\/div>\n\t\t\t\t<div class=\"elementor-element elementor-element-86aaaab elementor-widget elementor-widget-n-accordion\" data-id=\"86aaaab\" data-element_type=\"widget\" data-e-type=\"widget\" data-settings=\"{&quot;default_state&quot;:&quot;all_collapsed&quot;,&quot;max_items_expended&quot;:&quot;one&quot;,&quot;n_accordion_animation_duration&quot;:{&quot;unit&quot;:&quot;ms&quot;,&quot;size&quot;:400,&quot;sizes&quot;:[]}}\" data-widget_type=\"nested-accordion.default\">\n\t\t\t\t<div class=\"elementor-widget-container\">\n\t\t\t\t\t\t\t<div class=\"e-n-accordion\" aria-label=\"Accordion. Open links with Enter or Space, close with Escape, and navigate with Arrow Keys\">\n\t\t\t\t\t\t<details id=\"e-n-accordion-item-1410\" class=\"e-n-accordion-item\" >\n\t\t\t\t<summary class=\"e-n-accordion-item-title\" data-accordion-index=\"1\" tabindex=\"0\" aria-expanded=\"false\" aria-controls=\"e-n-accordion-item-1410\" >\n\t\t\t\t\t<span class='e-n-accordion-item-title-header'><div class=\"e-n-accordion-item-title-text\"> Bouygues Telecom <\/div><\/span>\n\t\t\t\t\t\t\t<span class='e-n-accordion-item-title-icon'>\n\t\t\t<span class='e-opened' ><svg aria-hidden=\"true\" class=\"e-font-icon-svg e-fas-minus\" viewbox=\"0 0 448 512\" xmlns=\"http:\/\/www.w3.org\/2000\/svg\"><path d=\"M416 208H32c-17.67 0-32 14.33-32 32v32c0 17.67 14.33 32 32 32h384c17.67 0 32-14.33 32-32v-32c0-17.67-14.33-32-32-32z\"><\/path><\/svg><\/span>\n\t\t\t<span class='e-closed'><svg aria-hidden=\"true\" class=\"e-font-icon-svg e-fas-plus\" viewbox=\"0 0 448 512\" xmlns=\"http:\/\/www.w3.org\/2000\/svg\"><path d=\"M416 208H272V64c0-17.67-14.33-32-32-32h-32c-17.67 0-32 14.33-32 32v144H32c-17.67 0-32 14.33-32 32v32c0 17.67 14.33 32 32 32h144v144c0 17.67 14.33 32 32 32h32c17.67 0 32-14.33 32-32V304h144c17.67 0 32-14.33 32-32v-32c0-17.67-14.33-32-32-32z\"><\/path><\/svg><\/span>\n\t\t<\/span>\n\n\t\t\t\t\t\t<\/summary>\n\t\t\t\t<div role=\"region\" aria-labelledby=\"e-n-accordion-item-1410\" class=\"elementor-element elementor-element-2c8107c e-con-full e-flex e-con e-child\" data-id=\"2c8107c\" data-element_type=\"container\" data-e-type=\"container\">\n\t\t\t\t<div class=\"elementor-element elementor-element-0d01bae elementor-widget elementor-widget-text-editor\" data-id=\"0d01bae\" data-element_type=\"widget\" data-e-type=\"widget\" data-widget_type=\"text-editor.default\">\n\t\t\t\t<div class=\"elementor-widget-container\">\n\t\t\t\t\t\t\t\t\t<p><strong><a href=\"https:\/\/www.neuillysurmarne.fr\/wp-content\/uploads\/2026\/04\/Scan_20260410_130656.pdf\">Dossier d&rsquo;information Bouygues T\u00e9l\u00e9com<\/a><\/strong> &#8211; Implantation d&rsquo;une nouvelle installation radio\u00e9lectrique &#8211; 58-60 rue Alfred Kastler<\/p><p><a href=\"https:\/\/www.neuillysurmarne.fr\/wp-content\/uploads\/2023\/07\/Scan_20230711_180314.pdf?x12167\"><strong>Bouygues T\u00e9l\u00e9com information pack\u00a0<\/strong><\/a>- Installation of a new radioelectric facility - Rue Louis Amp\u00e8re<\/p><p><strong><a href=\"https:\/\/www.neuillysurmarne.fr\/wp-content\/uploads\/2022\/10\/Scan_20221025_122729.pdf?x12167\">Bouygues T\u00e9l\u00e9com information pack<\/a>\u00a0<\/strong>- Installation of a new radioelectric facility - 2 rue du Port, Stade Guy Boniface<\/p><p><strong><a href=\"https:\/\/www.neuillysurmarne.fr\/wp-content\/uploads\/2021\/01\/Bouygues-80-8-mai-1945.pdf?x12167\">Bouygues T\u00e9l\u00e9com information pack<\/a><\/strong>\u00a0- Modification of a radio installation - 80 avenue du 8 mai 1945<\/p>\t\t\t\t\t\t\t\t<\/div>\n\t\t\t\t<\/div>\n\t\t\t\t<\/div>\n\t\t\t\t\t<\/details>\n\t\t\t\t\t\t<details id=\"e-n-accordion-item-1411\" class=\"e-n-accordion-item\" >\n\t\t\t\t<summary class=\"e-n-accordion-item-title\" data-accordion-index=\"2\" tabindex=\"-1\" aria-expanded=\"false\" aria-controls=\"e-n-accordion-item-1411\" >\n\t\t\t\t\t<span class='e-n-accordion-item-title-header'><div class=\"e-n-accordion-item-title-text\"> Free <\/div><\/span>\n\t\t\t\t\t\t\t<span class='e-n-accordion-item-title-icon'>\n\t\t\t<span class='e-opened' ><svg aria-hidden=\"true\" class=\"e-font-icon-svg e-fas-minus\" viewbox=\"0 0 448 512\" xmlns=\"http:\/\/www.w3.org\/2000\/svg\"><path d=\"M416 208H32c-17.67 0-32 14.33-32 32v32c0 17.67 14.33 32 32 32h384c17.67 0 32-14.33 32-32v-32c0-17.67-14.33-32-32-32z\"><\/path><\/svg><\/span>\n\t\t\t<span class='e-closed'><svg aria-hidden=\"true\" class=\"e-font-icon-svg e-fas-plus\" viewbox=\"0 0 448 512\" xmlns=\"http:\/\/www.w3.org\/2000\/svg\"><path d=\"M416 208H272V64c0-17.67-14.33-32-32-32h-32c-17.67 0-32 14.33-32 32v144H32c-17.67 0-32 14.33-32 32v32c0 17.67 14.33 32 32 32h144v144c0 17.67 14.33 32 32 32h32c17.67 0 32-14.33 32-32V304h144c17.67 0 32-14.33 32-32v-32c0-17.67-14.33-32-32-32z\"><\/path><\/svg><\/span>\n\t\t<\/span>\n\n\t\t\t\t\t\t<\/summary>\n\t\t\t\t<div role=\"region\" aria-labelledby=\"e-n-accordion-item-1411\" class=\"elementor-element elementor-element-3918610 e-con-full e-flex e-con e-child\" data-id=\"3918610\" data-element_type=\"container\" data-e-type=\"container\">\n\t\t\t\t<div class=\"elementor-element elementor-element-92a5573 elementor-widget elementor-widget-text-editor\" data-id=\"92a5573\" data-element_type=\"widget\" data-e-type=\"widget\" data-widget_type=\"text-editor.default\">\n\t\t\t\t<div class=\"elementor-widget-container\">\n\t\t\t\t\t\t\t\t\t<p><a href=\"https:\/\/www.neuillysurmarne.fr\/wp-content\/uploads\/2023\/10\/FREE-INSTALLATION.pdf?x12167\" target=\"_blank\" rel=\"noopener\"><strong>Free information pack\u00a0<\/strong><\/a>- Installation of a new relay antenna - 3 and 5 all\u00e9e Guillaume Apollinaire<\/p><p><a href=\"https:\/\/www.neuillysurmarne.fr\/wp-content\/uploads\/2022\/10\/Scan_20221013_160911.pdf?x12167\"><strong>Free information pack<\/strong><\/a>\u00a0- New base station - 4\/6 rue Louis Bl\u00e9riot<\/p><p><strong><a href=\"https:\/\/www.neuillysurmarne.fr\/wp-content\/uploads\/2021\/08\/Dossier-dinformation-Free.pdf?x12167\">Free information pack<\/a><\/strong>\u00a0- Substantial modification to an existing relay aerial - 2 rue des Bouvreuils<\/p><p><strong><a href=\"https:\/\/www.neuillysurmarne.fr\/wp-content\/uploads\/2021\/08\/Dossier-dinformation-Free-1.pdf?x12167\">Free information pack<\/a><\/strong>\u00a0- Substantial modification to an existing relay antenna - 6 place de la Gare<\/p><p><strong><a href=\"https:\/\/www.neuillysurmarne.fr\/wp-content\/uploads\/2020\/12\/Scan_20201218_171517.pdf?x12167\">Free information pack<\/a><\/strong>\u00a0- Substantial modification to an existing relay antenna - 6 place de la Gare<\/p>\t\t\t\t\t\t\t\t<\/div>\n\t\t\t\t<\/div>\n\t\t\t\t<\/div>\n\t\t\t\t\t<\/details>\n\t\t\t\t\t\t<details id=\"e-n-accordion-item-1412\" class=\"e-n-accordion-item\" >\n\t\t\t\t<summary class=\"e-n-accordion-item-title\" data-accordion-index=\"3\" tabindex=\"-1\" aria-expanded=\"false\" aria-controls=\"e-n-accordion-item-1412\" >\n\t\t\t\t\t<span class='e-n-accordion-item-title-header'><div class=\"e-n-accordion-item-title-text\"> Orange <\/div><\/span>\n\t\t\t\t\t\t\t<span class='e-n-accordion-item-title-icon'>\n\t\t\t<span class='e-opened' ><svg aria-hidden=\"true\" class=\"e-font-icon-svg e-fas-minus\" viewbox=\"0 0 448 512\" xmlns=\"http:\/\/www.w3.org\/2000\/svg\"><path d=\"M416 208H32c-17.67 0-32 14.33-32 32v32c0 17.67 14.33 32 32 32h384c17.67 0 32-14.33 32-32v-32c0-17.67-14.33-32-32-32z\"><\/path><\/svg><\/span>\n\t\t\t<span class='e-closed'><svg aria-hidden=\"true\" class=\"e-font-icon-svg e-fas-plus\" viewbox=\"0 0 448 512\" xmlns=\"http:\/\/www.w3.org\/2000\/svg\"><path d=\"M416 208H272V64c0-17.67-14.33-32-32-32h-32c-17.67 0-32 14.33-32 32v144H32c-17.67 0-32 14.33-32 32v32c0 17.67 14.33 32 32 32h144v144c0 17.67 14.33 32 32 32h32c17.67 0 32-14.33 32-32V304h144c17.67 0 32-14.33 32-32v-32c0-17.67-14.33-32-32-32z\"><\/path><\/svg><\/span>\n\t\t<\/span>\n\n\t\t\t\t\t\t<\/summary>\n\t\t\t\t<div role=\"region\" aria-labelledby=\"e-n-accordion-item-1412\" class=\"elementor-element elementor-element-1330120 e-con-full e-flex e-con e-child\" data-id=\"1330120\" data-element_type=\"container\" data-e-type=\"container\">\n\t\t\t\t<div class=\"elementor-element elementor-element-a3a7ebc elementor-widget elementor-widget-text-editor\" data-id=\"a3a7ebc\" data-element_type=\"widget\" data-e-type=\"widget\" data-widget_type=\"text-editor.default\">\n\t\t\t\t<div class=\"elementor-widget-container\">\n\t\t\t\t\t\t\t\t\t<p><strong><a href=\"https:\/\/www.neuillysurmarne.fr\/wp-content\/uploads\/2024\/10\/Scan_20241017_125043.pdf\">Dossier d&rsquo;information Orange<\/a><\/strong> &#8211; Nouvelle antenne-relais &#8211; 5-17 avenue L\u00e9on Blum<\/p><p><strong><a href=\"https:\/\/www.neuillysurmarne.fr\/wp-content\/uploads\/2024\/10\/Scan_20241004_122633.pdf\">Dossier d&rsquo;information Orange<\/a><\/strong> &#8211; Modification d&rsquo;une antenne-relais &#8211; 288 avenue de Verdun, Stade Georges Foulon<\/p><p><a href=\"https:\/\/www.neuillysurmarne.fr\/wp-content\/uploads\/2023\/10\/Scan_20231030_113426.pdf?x12167\"><strong>Orange information pack\u00a0<\/strong><\/a>- Modification of a relay antenna - 10 rue des Chardonnerets<\/p><p><strong><a href=\"https:\/\/www.neuillysurmarne.fr\/wp-content\/uploads\/2023\/10\/ORANGE.pdf?x12167\" target=\"_blank\" rel=\"noopener\">Orange information pack<\/a><\/strong><a href=\"https:\/\/www.neuillysurmarne.fr\/wp-content\/uploads\/2023\/10\/ORANGE.pdf?x12167\" target=\"_blank\" rel=\"noopener\">\u00a0-<\/a>\u00a0Modification of a relay antenna - 22 avenue Jean Stephan<\/p><p><strong><a href=\"https:\/\/www.neuillysurmarne.fr\/wp-content\/uploads\/2021\/10\/Scan_20211011_123715_compressed.pdf?x12167\">Orange information pack<\/a><\/strong>\u00a0- Modification of a relay antenna - 97 rue des Fr\u00e8res Lumi\u00e8re<\/p><p><a href=\"https:\/\/www.neuillysurmarne.fr\/wp-content\/uploads\/2021\/03\/dossier-information-22-rue-jean-stephan.pdf?x12167\"><strong>Orange information pack\u00a0<\/strong><\/a>- Modification of a relay antenna - 22 avenue Jean Stephan<\/p><p><strong><a href=\"https:\/\/www.neuillysurmarne.fr\/wp-content\/uploads\/2021\/02\/20-bd-de-la-republique-dossier-information.pdf?x12167\">Orange information pack<\/a><\/strong>\u00a0- Modification of a relay antenna - 20 boulevard de la R\u00e9publique<\/p>\t\t\t\t\t\t\t\t<\/div>\n\t\t\t\t<\/div>\n\t\t\t\t<\/div>\n\t\t\t\t\t<\/details>\n\t\t\t\t\t\t<details id=\"e-n-accordion-item-1413\" class=\"e-n-accordion-item\" >\n\t\t\t\t<summary class=\"e-n-accordion-item-title\" data-accordion-index=\"4\" tabindex=\"-1\" aria-expanded=\"false\" aria-controls=\"e-n-accordion-item-1413\" >\n\t\t\t\t\t<span class='e-n-accordion-item-title-header'><div class=\"e-n-accordion-item-title-text\"> SFR <\/div><\/span>\n\t\t\t\t\t\t\t<span class='e-n-accordion-item-title-icon'>\n\t\t\t<span class='e-opened' ><svg aria-hidden=\"true\" class=\"e-font-icon-svg e-fas-minus\" viewbox=\"0 0 448 512\" xmlns=\"http:\/\/www.w3.org\/2000\/svg\"><path d=\"M416 208H32c-17.67 0-32 14.33-32 32v32c0 17.67 14.33 32 32 32h384c17.67 0 32-14.33 32-32v-32c0-17.67-14.33-32-32-32z\"><\/path><\/svg><\/span>\n\t\t\t<span class='e-closed'><svg aria-hidden=\"true\" class=\"e-font-icon-svg e-fas-plus\" viewbox=\"0 0 448 512\" xmlns=\"http:\/\/www.w3.org\/2000\/svg\"><path d=\"M416 208H272V64c0-17.67-14.33-32-32-32h-32c-17.67 0-32 14.33-32 32v144H32c-17.67 0-32 14.33-32 32v32c0 17.67 14.33 32 32 32h144v144c0 17.67 14.33 32 32 32h32c17.67 0 32-14.33 32-32V304h144c17.67 0 32-14.33 32-32v-32c0-17.67-14.33-32-32-32z\"><\/path><\/svg><\/span>\n\t\t<\/span>\n\n\t\t\t\t\t\t<\/summary>\n\t\t\t\t<div role=\"region\" aria-labelledby=\"e-n-accordion-item-1413\" class=\"elementor-element elementor-element-f4ef358 e-flex e-con-boxed e-con e-child\" data-id=\"f4ef358\" data-element_type=\"container\" data-e-type=\"container\">\n\t\t\t\t\t<div class=\"e-con-inner\">\n\t\t\t\t<div class=\"elementor-element elementor-element-c2e9a36 elementor-widget elementor-widget-text-editor\" data-id=\"c2e9a36\" data-element_type=\"widget\" data-e-type=\"widget\" data-widget_type=\"text-editor.default\">\n\t\t\t\t<div class=\"elementor-widget-container\">\n\t\t\t\t\t\t\t\t\t<p><strong><a href=\"https:\/\/www.neuillysurmarne.fr\/wp-content\/uploads\/2025\/08\/Scan_20250807_154539.pdf\">SFR information pack<\/a><\/strong> \u2013 Installation d\u2019une antenne-relais \u2013 68 rue Paul et Camille Thomoux B\u00e2timent 76<\/p><p><strong><a href=\"https:\/\/www.neuillysurmarne.fr\/wp-content\/uploads\/2022\/02\/Scan_20220203_184304_compressed-1.pdf?x12167\">SFR information pack<\/a><\/strong> \u2013 Modification substantielle d\u2019une antenne-relais existante \u2013 1 Bis rue Martyrs de la D\u00e9portation<\/p><p><strong><a href=\"https:\/\/www.neuillysurmarne.fr\/wp-content\/uploads\/2021\/03\/dossier-information-7-rue-duguay-trouin.pdf?x12167\">SFR information pack<\/a><\/strong>\u00a0- Substantial modification to an existing relay antenna - 7 rue Duguay Trouin<\/p><p><strong><a href=\"https:\/\/www.neuillysurmarne.fr\/wp-content\/uploads\/2021\/02\/8-rue-Kennedy-dossier-information.pdf?x12167\">SFR information pack\u00a0<\/a><\/strong>- Substantial modification to an existing relay antenna - 8 rue du Pr\u00e9sident John Kennedy<\/p>\t\t\t\t\t\t\t\t<\/div>\n\t\t\t\t<\/div>\n\t\t\t\t\t<\/div>\n\t\t\t\t<\/div>\n\t\t\t\t\t<\/details>\n\t\t\t\t\t<\/div>\n\t\t\t\t\t\t<\/div>\n\t\t\t\t<\/div>\n\t\t\t\t\t<\/div>\n\t\t\t\t<\/div>\n\t\t\t\t<\/div>","protected":false},"excerpt":{"rendered":"<p>Dans le cadre de la loi Abeille du 9 f\u00e9vrier 2015, relative aux ondes \u00e9lectromagn\u00e9tiques, vous trouverez ci-dessous les dossiers d\u2019information d\u00e9pos\u00e9s par les op\u00e9rateurs : Bouygues T\u00e9l\u00e9com Dossier d&rsquo;information Bouygues T\u00e9l\u00e9com &#8211; Implantation d&rsquo;une nouvelle installation radio\u00e9lectrique &#8211; 58-60 rue Alfred Kastler Dossier d\u2019information Bouygues T\u00e9l\u00e9com\u00a0\u2013 Implantation d\u2019une nouvelle installation radio\u00e9lectrique \u2013 Rue Louis [&hellip;]<\/p>\n","protected":false},"author":1,"featured_media":6684,"parent":0,"menu_order":0,"comment_status":"closed","ping_status":"closed","template":"","meta":{"_acf_changed":false,"footnotes":""},"class_list":["post-489","page","type-page","status-publish","has-post-thumbnail","hentry"],"acf":[],"yoast_head":"<!-- This site is optimized with the Yoast SEO plugin v27.4 - https:\/\/yoast.com\/product\/yoast-seo-wordpress\/ -->\n<title>Antennes-relais - Mairie de Neuilly-sur-Marne<\/title>\n<meta name=\"robots\" content=\"index, follow, max-snippet:-1, max-image-preview:large, max-video-preview:-1\" \/>\n<link rel=\"canonical\" href=\"https:\/\/www.neuillysurmarne.fr\/en\/antennes-relais\/\" \/>\n<meta property=\"og:locale\" content=\"en_GB\" \/>\n<meta property=\"og:type\" content=\"article\" \/>\n<meta property=\"og:title\" content=\"Antennes-relais - Mairie de Neuilly-sur-Marne\" \/>\n<meta property=\"og:description\" content=\"Dans le cadre de la loi Abeille du 9 f\u00e9vrier 2015, relative aux ondes \u00e9lectromagn\u00e9tiques, vous trouverez ci-dessous les dossiers d\u2019information d\u00e9pos\u00e9s par les op\u00e9rateurs : Bouygues T\u00e9l\u00e9com Dossier d&rsquo;information Bouygues T\u00e9l\u00e9com &#8211; Implantation d&rsquo;une nouvelle installation radio\u00e9lectrique &#8211; 58-60 rue Alfred Kastler Dossier d\u2019information Bouygues T\u00e9l\u00e9com\u00a0\u2013 Implantation d\u2019une nouvelle installation radio\u00e9lectrique \u2013 Rue Louis [&hellip;]\" \/>\n<meta property=\"og:url\" content=\"https:\/\/www.neuillysurmarne.fr\/en\/antennes-relais\/\" \/>\n<meta property=\"og:site_name\" content=\"Mairie de Neuilly-sur-Marne\" \/>\n<meta property=\"article:publisher\" content=\"https:\/\/www.facebook.com\/ville.neuilly\" \/>\n<meta property=\"article:modified_time\" content=\"2026-04-10T15:49:24+00:00\" \/>\n<meta property=\"og:image\" content=\"https:\/\/www.neuillysurmarne.fr\/wp-content\/uploads\/2024\/05\/AdobeStock_796060924-scaled.jpeg\" \/>\n\t<meta property=\"og:image:width\" content=\"2560\" \/>\n\t<meta property=\"og:image:height\" content=\"1435\" \/>\n\t<meta property=\"og:image:type\" content=\"image\/jpeg\" \/>\n<meta name=\"twitter:card\" content=\"summary_large_image\" \/>\n<meta name=\"twitter:label1\" content=\"Estimated reading time\" \/>\n\t<meta name=\"twitter:data1\" content=\"3 minutes\" \/>\n<script type=\"application\/ld+json\" class=\"yoast-schema-graph\">{\"@context\":\"https:\\\/\\\/schema.org\",\"@graph\":[{\"@type\":\"WebPage\",\"@id\":\"https:\\\/\\\/www.neuillysurmarne.fr\\\/antennes-relais\\\/\",\"url\":\"https:\\\/\\\/www.neuillysurmarne.fr\\\/antennes-relais\\\/\",\"name\":\"Antennes-relais - Mairie de Neuilly-sur-Marne\",\"isPartOf\":{\"@id\":\"https:\\\/\\\/www.neuillysurmarne.fr\\\/es\\\/#website\"},\"primaryImageOfPage\":{\"@id\":\"https:\\\/\\\/www.neuillysurmarne.fr\\\/antennes-relais\\\/#primaryimage\"},\"image\":{\"@id\":\"https:\\\/\\\/www.neuillysurmarne.fr\\\/antennes-relais\\\/#primaryimage\"},\"thumbnailUrl\":\"https:\\\/\\\/www.neuillysurmarne.fr\\\/wp-content\\\/uploads\\\/2024\\\/05\\\/AdobeStock_796060924-scaled.jpeg\",\"datePublished\":\"2023-11-13T10:53:09+00:00\",\"dateModified\":\"2026-04-10T15:49:24+00:00\",\"breadcrumb\":{\"@id\":\"https:\\\/\\\/www.neuillysurmarne.fr\\\/antennes-relais\\\/#breadcrumb\"},\"inLanguage\":\"en-GB\",\"potentialAction\":[{\"@type\":\"ReadAction\",\"target\":[\"https:\\\/\\\/www.neuillysurmarne.fr\\\/antennes-relais\\\/\"]}]},{\"@type\":\"ImageObject\",\"inLanguage\":\"en-GB\",\"@id\":\"https:\\\/\\\/www.neuillysurmarne.fr\\\/antennes-relais\\\/#primaryimage\",\"url\":\"https:\\\/\\\/www.neuillysurmarne.fr\\\/wp-content\\\/uploads\\\/2024\\\/05\\\/AdobeStock_796060924-scaled.jpeg\",\"contentUrl\":\"https:\\\/\\\/www.neuillysurmarne.fr\\\/wp-content\\\/uploads\\\/2024\\\/05\\\/AdobeStock_796060924-scaled.jpeg\",\"width\":2560,\"height\":1435,\"caption\":\"Network nodes communicating with each other\"},{\"@type\":\"BreadcrumbList\",\"@id\":\"https:\\\/\\\/www.neuillysurmarne.fr\\\/antennes-relais\\\/#breadcrumb\",\"itemListElement\":[{\"@type\":\"ListItem\",\"position\":1,\"name\":\"Accueil\",\"item\":\"https:\\\/\\\/www.neuillysurmarne.fr\\\/\"},{\"@type\":\"ListItem\",\"position\":2,\"name\":\"Antennes-relais\"}]},{\"@type\":\"WebSite\",\"@id\":\"https:\\\/\\\/www.neuillysurmarne.fr\\\/es\\\/#website\",\"url\":\"https:\\\/\\\/www.neuillysurmarne.fr\\\/es\\\/\",\"name\":\"Mairie de Neuilly-sur-Marne\",\"description\":\"BETA\",\"publisher\":{\"@id\":\"https:\\\/\\\/www.neuillysurmarne.fr\\\/es\\\/#organization\"},\"potentialAction\":[{\"@type\":\"SearchAction\",\"target\":{\"@type\":\"EntryPoint\",\"urlTemplate\":\"https:\\\/\\\/www.neuillysurmarne.fr\\\/es\\\/?s={search_term_string}\"},\"query-input\":{\"@type\":\"PropertyValueSpecification\",\"valueRequired\":true,\"valueName\":\"search_term_string\"}}],\"inLanguage\":\"en-GB\"},{\"@type\":\"Organization\",\"@id\":\"https:\\\/\\\/www.neuillysurmarne.fr\\\/es\\\/#organization\",\"name\":\"Mairie de Neuilly-sur-Marne\",\"url\":\"https:\\\/\\\/www.neuillysurmarne.fr\\\/es\\\/\",\"logo\":{\"@type\":\"ImageObject\",\"inLanguage\":\"en-GB\",\"@id\":\"https:\\\/\\\/www.neuillysurmarne.fr\\\/es\\\/#\\\/schema\\\/logo\\\/image\\\/\",\"url\":\"https:\\\/\\\/www.neuillysurmarne.fr\\\/wp-content\\\/uploads\\\/2023\\\/10\\\/LOGO-NeuillysurMarne-blanc.png\",\"contentUrl\":\"https:\\\/\\\/www.neuillysurmarne.fr\\\/wp-content\\\/uploads\\\/2023\\\/10\\\/LOGO-NeuillysurMarne-blanc.png\",\"width\":3308,\"height\":2586,\"caption\":\"Mairie de Neuilly-sur-Marne\"},\"image\":{\"@id\":\"https:\\\/\\\/www.neuillysurmarne.fr\\\/es\\\/#\\\/schema\\\/logo\\\/image\\\/\"},\"sameAs\":[\"https:\\\/\\\/www.facebook.com\\\/ville.neuilly\",\"https:\\\/\\\/www.instagram.com\\\/neuilly_marne\\\/\",\"https:\\\/\\\/www.linkedin.com\\\/company\\\/ville-de-neuilly-sur-marne\\\/\",\"https:\\\/\\\/www.youtube.com\\\/channel\\\/UCDdZ0TLrV8rfIqjBGvoeB5A\",\"https:\\\/\\\/www.tiktok.com\\\/@villedeneuillysurmarne\"]}]}<\/script>\n<!-- \/ Yoast SEO plugin. -->","yoast_head_json":{"title":"Antennes-relais - Mairie de Neuilly-sur-Marne","robots":{"index":"index","follow":"follow","max-snippet":"max-snippet:-1","max-image-preview":"max-image-preview:large","max-video-preview":"max-video-preview:-1"},"canonical":"https:\/\/www.neuillysurmarne.fr\/en\/antennes-relais\/","og_locale":"en_GB","og_type":"article","og_title":"Antennes-relais - Mairie de Neuilly-sur-Marne","og_description":"Dans le cadre de la loi Abeille du 9 f\u00e9vrier 2015, relative aux ondes \u00e9lectromagn\u00e9tiques, vous trouverez ci-dessous les dossiers d\u2019information d\u00e9pos\u00e9s par les op\u00e9rateurs : Bouygues T\u00e9l\u00e9com Dossier d&rsquo;information Bouygues T\u00e9l\u00e9com &#8211; Implantation d&rsquo;une nouvelle installation radio\u00e9lectrique &#8211; 58-60 rue Alfred Kastler Dossier d\u2019information Bouygues T\u00e9l\u00e9com\u00a0\u2013 Implantation d\u2019une nouvelle installation radio\u00e9lectrique \u2013 Rue Louis [&hellip;]","og_url":"https:\/\/www.neuillysurmarne.fr\/en\/antennes-relais\/","og_site_name":"Mairie de Neuilly-sur-Marne","article_publisher":"https:\/\/www.facebook.com\/ville.neuilly","article_modified_time":"2026-04-10T15:49:24+00:00","og_image":[{"width":2560,"height":1435,"url":"https:\/\/www.neuillysurmarne.fr\/wp-content\/uploads\/2024\/05\/AdobeStock_796060924-scaled.jpeg","type":"image\/jpeg"}],"twitter_card":"summary_large_image","twitter_misc":{"Estimated reading time":"3 minutes"},"schema":{"@context":"https:\/\/schema.org","@graph":[{"@type":"WebPage","@id":"https:\/\/www.neuillysurmarne.fr\/antennes-relais\/","url":"https:\/\/www.neuillysurmarne.fr\/antennes-relais\/","name":"Antennes-relais - Mairie de Neuilly-sur-Marne","isPartOf":{"@id":"https:\/\/www.neuillysurmarne.fr\/es\/#website"},"primaryImageOfPage":{"@id":"https:\/\/www.neuillysurmarne.fr\/antennes-relais\/#primaryimage"},"image":{"@id":"https:\/\/www.neuillysurmarne.fr\/antennes-relais\/#primaryimage"},"thumbnailUrl":"https:\/\/www.neuillysurmarne.fr\/wp-content\/uploads\/2024\/05\/AdobeStock_796060924-scaled.jpeg","datePublished":"2023-11-13T10:53:09+00:00","dateModified":"2026-04-10T15:49:24+00:00","breadcrumb":{"@id":"https:\/\/www.neuillysurmarne.fr\/antennes-relais\/#breadcrumb"},"inLanguage":"en-GB","potentialAction":[{"@type":"ReadAction","target":["https:\/\/www.neuillysurmarne.fr\/antennes-relais\/"]}]},{"@type":"ImageObject","inLanguage":"en-GB","@id":"https:\/\/www.neuillysurmarne.fr\/antennes-relais\/#primaryimage","url":"https:\/\/www.neuillysurmarne.fr\/wp-content\/uploads\/2024\/05\/AdobeStock_796060924-scaled.jpeg","contentUrl":"https:\/\/www.neuillysurmarne.fr\/wp-content\/uploads\/2024\/05\/AdobeStock_796060924-scaled.jpeg","width":2560,"height":1435,"caption":"Network nodes communicating with each other"},{"@type":"BreadcrumbList","@id":"https:\/\/www.neuillysurmarne.fr\/antennes-relais\/#breadcrumb","itemListElement":[{"@type":"ListItem","position":1,"name":"Accueil","item":"https:\/\/www.neuillysurmarne.fr\/"},{"@type":"ListItem","position":2,"name":"Antennes-relais"}]},{"@type":"WebSite","@id":"https:\/\/www.neuillysurmarne.fr\/es\/#website","url":"https:\/\/www.neuillysurmarne.fr\/es\/","name":"Neuilly-sur-Marne Town Hall","description":"BETA","publisher":{"@id":"https:\/\/www.neuillysurmarne.fr\/es\/#organization"},"potentialAction":[{"@type":"SearchAction","target":{"@type":"EntryPoint","urlTemplate":"https:\/\/www.neuillysurmarne.fr\/es\/?s={search_term_string}"},"query-input":{"@type":"PropertyValueSpecification","valueRequired":true,"valueName":"search_term_string"}}],"inLanguage":"en-GB"},{"@type":"Organization","@id":"https:\/\/www.neuillysurmarne.fr\/es\/#organization","name":"Neuilly-sur-Marne Town Hall","url":"https:\/\/www.neuillysurmarne.fr\/es\/","logo":{"@type":"ImageObject","inLanguage":"en-GB","@id":"https:\/\/www.neuillysurmarne.fr\/es\/#\/schema\/logo\/image\/","url":"https:\/\/www.neuillysurmarne.fr\/wp-content\/uploads\/2023\/10\/LOGO-NeuillysurMarne-blanc.png","contentUrl":"https:\/\/www.neuillysurmarne.fr\/wp-content\/uploads\/2023\/10\/LOGO-NeuillysurMarne-blanc.png","width":3308,"height":2586,"caption":"Mairie de Neuilly-sur-Marne"},"image":{"@id":"https:\/\/www.neuillysurmarne.fr\/es\/#\/schema\/logo\/image\/"},"sameAs":["https:\/\/www.facebook.com\/ville.neuilly","https:\/\/www.instagram.com\/neuilly_marne\/","https:\/\/www.linkedin.com\/company\/ville-de-neuilly-sur-marne\/","https:\/\/www.youtube.com\/channel\/UCDdZ0TLrV8rfIqjBGvoeB5A","https:\/\/www.tiktok.com\/@villedeneuillysurmarne"]}]}},"_links":{"self":[{"href":"https:\/\/www.neuillysurmarne.fr\/en\/wp-json\/wp\/v2\/pages\/489","targetHints":{"allow":["GET"]}}],"collection":[{"href":"https:\/\/www.neuillysurmarne.fr\/en\/wp-json\/wp\/v2\/pages"}],"about":[{"href":"https:\/\/www.neuillysurmarne.fr\/en\/wp-json\/wp\/v2\/types\/page"}],"author":[{"embeddable":true,"href":"https:\/\/www.neuillysurmarne.fr\/en\/wp-json\/wp\/v2\/users\/1"}],"replies":[{"embeddable":true,"href":"https:\/\/www.neuillysurmarne.fr\/en\/wp-json\/wp\/v2\/comments?post=489"}],"version-history":[{"count":29,"href":"https:\/\/www.neuillysurmarne.fr\/en\/wp-json\/wp\/v2\/pages\/489\/revisions"}],"predecessor-version":[{"id":17913,"href":"https:\/\/www.neuillysurmarne.fr\/en\/wp-json\/wp\/v2\/pages\/489\/revisions\/17913"}],"wp:featuredmedia":[{"embeddable":true,"href":"https:\/\/www.neuillysurmarne.fr\/en\/wp-json\/wp\/v2\/media\/6684"}],"wp:attachment":[{"href":"https:\/\/www.neuillysurmarne.fr\/en\/wp-json\/wp\/v2\/media?parent=489"}],"curies":[{"name":"wp","href":"https:\/\/api.w.org\/{rel}","templated":true}]}}