{"id":619,"date":"2023-11-13T12:46:21","date_gmt":"2023-11-13T11:46:21","guid":{"rendered":"https:\/\/www.neuillysurmarne.fr\/?page_id=619"},"modified":"2026-01-27T12:01:41","modified_gmt":"2026-01-27T11:01:41","slug":"collecte-des-ordures","status":"publish","type":"page","link":"https:\/\/www.neuillysurmarne.fr\/en\/collecte-des-ordures\/","title":{"rendered":"Rubbish collection"},"content":{"rendered":"<div data-elementor-type=\"wp-page\" data-elementor-id=\"619\" class=\"elementor elementor-619\" data-elementor-post-type=\"page\">\n\t\t\t\t<div class=\"elementor-element elementor-element-60aec611 e-flex e-con-boxed e-con e-parent\" data-id=\"60aec611\" data-element_type=\"container\" data-e-type=\"container\">\n\t\t\t\t\t<div class=\"e-con-inner\">\n\t\t<div class=\"elementor-element elementor-element-f3fd6bf e-flex e-con-boxed e-con e-child\" data-id=\"f3fd6bf\" data-element_type=\"container\" data-e-type=\"container\">\n\t\t\t\t\t<div class=\"e-con-inner\">\n\t\t<div class=\"elementor-element elementor-element-969a409 e-flex e-con-boxed e-con e-child\" data-id=\"969a409\" data-element_type=\"container\" data-e-type=\"container\">\n\t\t\t\t\t<div class=\"e-con-inner\">\n\t\t\t\t<div class=\"elementor-element elementor-element-96cdd70 elementor-widget elementor-widget-image\" data-id=\"96cdd70\" data-element_type=\"widget\" data-e-type=\"widget\" data-widget_type=\"image.default\">\n\t\t\t\t<div class=\"elementor-widget-container\">\n\t\t\t\t\t\t\t\t\t\t\t\t\t\t\t\t<a href=\"https:\/\/www.grandparisgrandest.fr\/\">\n\t\t\t\t\t\t\t<img fetchpriority=\"high\" decoding=\"async\" width=\"300\" height=\"227\" src=\"https:\/\/www.neuillysurmarne.fr\/wp-content\/uploads\/2025\/12\/logo-gpge-1-300x227.jpg\" class=\"attachment-medium size-medium wp-image-17175\" alt=\"\" srcset=\"https:\/\/www.neuillysurmarne.fr\/wp-content\/uploads\/2025\/12\/logo-gpge-1-300x227.jpg 300w, https:\/\/www.neuillysurmarne.fr\/wp-content\/uploads\/2025\/12\/logo-gpge-1-1024x775.jpg 1024w, https:\/\/www.neuillysurmarne.fr\/wp-content\/uploads\/2025\/12\/logo-gpge-1-768x581.jpg 768w, https:\/\/www.neuillysurmarne.fr\/wp-content\/uploads\/2025\/12\/logo-gpge-1-16x12.jpg 16w, https:\/\/www.neuillysurmarne.fr\/wp-content\/uploads\/2025\/12\/logo-gpge-1.jpg 1250w\" sizes=\"(max-width: 300px) 100vw, 300px\" \/>\t\t\t\t\t\t\t\t<\/a>\n\t\t\t\t\t\t\t\t\t\t\t\t\t\t\t<\/div>\n\t\t\t\t<\/div>\n\t\t\t\t\t<\/div>\n\t\t\t\t<\/div>\n\t\t\t\t<div class=\"elementor-element elementor-element-724fdb7 elementor-widget elementor-widget-text-editor\" data-id=\"724fdb7\" data-element_type=\"widget\" data-e-type=\"widget\" data-widget_type=\"text-editor.default\">\n\t\t\t\t<div class=\"elementor-widget-container\">\n\t\t\t\t\t\t\t\t\t<p><strong>\ud83d\udeae From 1<sup>er<\/sup> From 1 January 2018, refuse collection in Neuilly-sur-Marne will be managed by the territorial public body <a href=\"https:\/\/www.grandparisgrandest.fr\/fr\">Greater Paris Greater East<\/a>. <\/strong>Pour toute r\u00e9clamation ou demande de renseignements concernant la collecte des d\u00e9chets et le tri, contactez le 0 800 50 49 36 ou remplissez le formulaire relatif \u00e0 votre probl\u00e9matique <strong><a href=\"https:\/\/www.grandparisgrandest.fr\/page-demarches\/\">by clicking here<\/a><\/strong>.<\/p><p><strong>\ud83d\udcc5 Pour consulter le calendrier des jours de collecte 2026, <a href=\"https:\/\/www.neuillysurmarne.fr\/wp-content\/uploads\/2026\/01\/PARIS_GRAND_EST_CALENDRIER_COLLECTE_2026_NSM_WEB.pdf\">click here<\/a>.\u00a0<\/strong><\/p>\t\t\t\t\t\t\t\t<\/div>\n\t\t\t\t<\/div>\n\t\t\t\t\t<\/div>\n\t\t\t\t<\/div>\n\t\t\t\t<div class=\"elementor-element elementor-element-cb088f1 elementor-widget elementor-widget-n-accordion\" data-id=\"cb088f1\" data-element_type=\"widget\" data-e-type=\"widget\" data-settings=\"{&quot;default_state&quot;:&quot;all_collapsed&quot;,&quot;max_items_expended&quot;:&quot;one&quot;,&quot;n_accordion_animation_duration&quot;:{&quot;unit&quot;:&quot;ms&quot;,&quot;size&quot;:400,&quot;sizes&quot;:[]}}\" data-widget_type=\"nested-accordion.default\">\n\t\t\t\t<div class=\"elementor-widget-container\">\n\t\t\t\t\t\t\t<div class=\"e-n-accordion\" aria-label=\"Accordion. Open links with Enter or Space, close with Escape, and navigate with Arrow Keys\">\n\t\t\t\t\t\t<details id=\"e-n-accordion-item-2120\" class=\"e-n-accordion-item\" >\n\t\t\t\t<summary class=\"e-n-accordion-item-title\" data-accordion-index=\"1\" tabindex=\"0\" aria-expanded=\"false\" aria-controls=\"e-n-accordion-item-2120\" >\n\t\t\t\t\t<span class='e-n-accordion-item-title-header'><div class=\"e-n-accordion-item-title-text\"> Rubbish bin request <\/div><\/span>\n\t\t\t\t\t\t\t<span class='e-n-accordion-item-title-icon'>\n\t\t\t<span class='e-opened' ><svg aria-hidden=\"true\" class=\"e-font-icon-svg e-fas-minus\" viewbox=\"0 0 448 512\" xmlns=\"http:\/\/www.w3.org\/2000\/svg\"><path d=\"M416 208H32c-17.67 0-32 14.33-32 32v32c0 17.67 14.33 32 32 32h384c17.67 0 32-14.33 32-32v-32c0-17.67-14.33-32-32-32z\"><\/path><\/svg><\/span>\n\t\t\t<span class='e-closed'><svg aria-hidden=\"true\" class=\"e-font-icon-svg e-fas-plus\" viewbox=\"0 0 448 512\" xmlns=\"http:\/\/www.w3.org\/2000\/svg\"><path d=\"M416 208H272V64c0-17.67-14.33-32-32-32h-32c-17.67 0-32 14.33-32 32v144H32c-17.67 0-32 14.33-32 32v32c0 17.67 14.33 32 32 32h144v144c0 17.67 14.33 32 32 32h32c17.67 0 32-14.33 32-32V304h144c17.67 0 32-14.33 32-32v-32c0-17.67-14.33-32-32-32z\"><\/path><\/svg><\/span>\n\t\t<\/span>\n\n\t\t\t\t\t\t<\/summary>\n\t\t\t\t<div role=\"region\" aria-labelledby=\"e-n-accordion-item-2120\" class=\"elementor-element elementor-element-c8b7883 e-con-full e-flex e-con e-child\" data-id=\"c8b7883\" data-element_type=\"container\" data-e-type=\"container\">\n\t\t<div role=\"region\" aria-labelledby=\"e-n-accordion-item-2120\" class=\"elementor-element elementor-element-ce4b703 e-flex e-con-boxed e-con e-child\" data-id=\"ce4b703\" data-element_type=\"container\" data-e-type=\"container\">\n\t\t\t\t\t<div class=\"e-con-inner\">\n\t\t\t\t<div class=\"elementor-element elementor-element-acc96ee elementor-widget elementor-widget-text-editor\" data-id=\"acc96ee\" data-element_type=\"widget\" data-e-type=\"widget\" data-widget_type=\"text-editor.default\">\n\t\t\t\t<div class=\"elementor-widget-container\">\n\t\t\t\t\t\t\t\t\t<p>Don't have any collection bins yet? Is your bin damaged? Grand Paris Grand Est will deliver and repair your collection bins, i.e. your bins for household waste, packaging and glass, depending on your municipality. This service is free of charge.<\/p><p>\ud83d\uddd1\ufe0f Ask for one <strong><a href=\"https:\/\/www.grandparisgrandest.fr\/a-mon-service\/pour-mes-dechets\/demande-reparation-de-ma-poubelle\/\">by filling in the GPGE form by clicking here<\/a><\/strong>.<\/p>\t\t\t\t\t\t\t\t<\/div>\n\t\t\t\t<\/div>\n\t\t\t\t\t<\/div>\n\t\t\t\t<\/div>\n\t\t\t\t<\/div>\n\t\t\t\t\t<\/details>\n\t\t\t\t\t\t<details id=\"e-n-accordion-item-2121\" class=\"e-n-accordion-item\" >\n\t\t\t\t<summary class=\"e-n-accordion-item-title\" data-accordion-index=\"2\" tabindex=\"-1\" aria-expanded=\"false\" aria-controls=\"e-n-accordion-item-2121\" >\n\t\t\t\t\t<span class='e-n-accordion-item-title-header'><div class=\"e-n-accordion-item-title-text\"> Demande d'un composteur <\/div><\/span>\n\t\t\t\t\t\t\t<span class='e-n-accordion-item-title-icon'>\n\t\t\t<span class='e-opened' ><svg aria-hidden=\"true\" class=\"e-font-icon-svg e-fas-minus\" viewbox=\"0 0 448 512\" xmlns=\"http:\/\/www.w3.org\/2000\/svg\"><path d=\"M416 208H32c-17.67 0-32 14.33-32 32v32c0 17.67 14.33 32 32 32h384c17.67 0 32-14.33 32-32v-32c0-17.67-14.33-32-32-32z\"><\/path><\/svg><\/span>\n\t\t\t<span class='e-closed'><svg aria-hidden=\"true\" class=\"e-font-icon-svg e-fas-plus\" viewbox=\"0 0 448 512\" xmlns=\"http:\/\/www.w3.org\/2000\/svg\"><path d=\"M416 208H272V64c0-17.67-14.33-32-32-32h-32c-17.67 0-32 14.33-32 32v144H32c-17.67 0-32 14.33-32 32v32c0 17.67 14.33 32 32 32h144v144c0 17.67 14.33 32 32 32h32c17.67 0 32-14.33 32-32V304h144c17.67 0 32-14.33 32-32v-32c0-17.67-14.33-32-32-32z\"><\/path><\/svg><\/span>\n\t\t<\/span>\n\n\t\t\t\t\t\t<\/summary>\n\t\t\t\t<div role=\"region\" aria-labelledby=\"e-n-accordion-item-2121\" class=\"elementor-element elementor-element-fba538f e-con-full e-flex e-con e-child\" data-id=\"fba538f\" data-element_type=\"container\" data-e-type=\"container\">\n\t\t<div role=\"region\" aria-labelledby=\"e-n-accordion-item-2121\" class=\"elementor-element elementor-element-4d5c282 e-flex e-con-boxed e-con e-child\" data-id=\"4d5c282\" data-element_type=\"container\" data-e-type=\"container\">\n\t\t\t\t\t<div class=\"e-con-inner\">\n\t\t\t\t<div class=\"elementor-element elementor-element-b8e01c8 elementor-widget elementor-widget-text-editor\" data-id=\"b8e01c8\" data-element_type=\"widget\" data-e-type=\"widget\" data-widget_type=\"text-editor.default\">\n\t\t\t\t<div class=\"elementor-widget-container\">\n\t\t\t\t\t\t\t\t\t<p>Vous n\u2019avez pas encore de composteur ? Grand Paris Grand Est met gratuitement \u00e0 votre disposition des composteurs pour le compostage individuel et collectif, et vous accompagne dans leur utilisation. Ce service est gratuit.<\/p><p>\u267b\ufe0f Demandez-en un <strong><a href=\"https:\/\/www.grandparisgrandest.fr\/je-fais-une-demande-de-composteur\/\">by filling in the GPGE form by clicking here<\/a><\/strong>.<\/p>\t\t\t\t\t\t\t\t<\/div>\n\t\t\t\t<\/div>\n\t\t\t\t\t<\/div>\n\t\t\t\t<\/div>\n\t\t\t\t<\/div>\n\t\t\t\t\t<\/details>\n\t\t\t\t\t\t<details id=\"e-n-accordion-item-2122\" class=\"e-n-accordion-item\" >\n\t\t\t\t<summary class=\"e-n-accordion-item-title\" data-accordion-index=\"3\" tabindex=\"-1\" aria-expanded=\"false\" aria-controls=\"e-n-accordion-item-2122\" >\n\t\t\t\t\t<span class='e-n-accordion-item-title-header'><div class=\"e-n-accordion-item-title-text\"> Collecte des ordures m\u00e9nag\u00e8res, emballages et papiers <\/div><\/span>\n\t\t\t\t\t\t\t<span class='e-n-accordion-item-title-icon'>\n\t\t\t<span class='e-opened' ><svg aria-hidden=\"true\" class=\"e-font-icon-svg e-fas-minus\" viewbox=\"0 0 448 512\" xmlns=\"http:\/\/www.w3.org\/2000\/svg\"><path d=\"M416 208H32c-17.67 0-32 14.33-32 32v32c0 17.67 14.33 32 32 32h384c17.67 0 32-14.33 32-32v-32c0-17.67-14.33-32-32-32z\"><\/path><\/svg><\/span>\n\t\t\t<span class='e-closed'><svg aria-hidden=\"true\" class=\"e-font-icon-svg e-fas-plus\" viewbox=\"0 0 448 512\" xmlns=\"http:\/\/www.w3.org\/2000\/svg\"><path d=\"M416 208H272V64c0-17.67-14.33-32-32-32h-32c-17.67 0-32 14.33-32 32v144H32c-17.67 0-32 14.33-32 32v32c0 17.67 14.33 32 32 32h144v144c0 17.67 14.33 32 32 32h32c17.67 0 32-14.33 32-32V304h144c17.67 0 32-14.33 32-32v-32c0-17.67-14.33-32-32-32z\"><\/path><\/svg><\/span>\n\t\t<\/span>\n\n\t\t\t\t\t\t<\/summary>\n\t\t\t\t<div role=\"region\" aria-labelledby=\"e-n-accordion-item-2122\" class=\"elementor-element elementor-element-df0b066 e-con-full e-flex e-con e-child\" data-id=\"df0b066\" data-element_type=\"container\" data-e-type=\"container\">\n\t\t\t\t<div class=\"elementor-element elementor-element-b340301 elementor-widget elementor-widget-text-editor\" data-id=\"b340301\" data-element_type=\"widget\" data-e-type=\"widget\" data-widget_type=\"text-editor.default\">\n\t\t\t\t<div class=\"elementor-widget-container\">\n\t\t\t\t\t\t\t\t\t<p><strong>The town of Neuilly-sur-Marne is divided into 7 sectors for waste collection<\/strong>\u00a0(household waste, packaging and paper). Bins must be taken out the day before collection after 7pm for private individuals and after 5pm for large housing estates. Find your sector below:<\/p>\t\t\t\t\t\t\t\t<\/div>\n\t\t\t\t<\/div>\n\t\t\t\t<div class=\"elementor-element elementor-element-da4347e elementor-widget elementor-widget-image\" data-id=\"da4347e\" data-element_type=\"widget\" data-e-type=\"widget\" data-widget_type=\"image.default\">\n\t\t\t\t<div class=\"elementor-widget-container\">\n\t\t\t\t\t\t\t\t\t\t\t\t\t\t\t\t<a href=\"https:\/\/www.neuillysurmarne.fr\/wp-content\/uploads\/2025\/12\/ordures-menageres-2026.jpg\" data-elementor-open-lightbox=\"yes\" data-elementor-lightbox-title=\"ordures m\u00e9nag\u00e8res 2026\" data-e-action-hash=\"#elementor-action%3Aaction%3Dlightbox%26settings%3DeyJpZCI6MTcxNjgsInVybCI6Imh0dHBzOlwvXC93d3cubmV1aWxseXN1cm1hcm5lLmZyXC93cC1jb250ZW50XC91cGxvYWRzXC8yMDI1XC8xMlwvb3JkdXJlcy1tZW5hZ2VyZXMtMjAyNi5qcGcifQ%3D%3D\">\n\t\t\t\t\t\t\t<img decoding=\"async\" width=\"800\" height=\"563\" src=\"https:\/\/www.neuillysurmarne.fr\/wp-content\/uploads\/2025\/12\/ordures-menageres-2026-1024x721.jpg\" class=\"attachment-large size-large wp-image-17168\" alt=\"\" srcset=\"https:\/\/www.neuillysurmarne.fr\/wp-content\/uploads\/2025\/12\/ordures-menageres-2026-1024x721.jpg 1024w, https:\/\/www.neuillysurmarne.fr\/wp-content\/uploads\/2025\/12\/ordures-menageres-2026-300x211.jpg 300w, https:\/\/www.neuillysurmarne.fr\/wp-content\/uploads\/2025\/12\/ordures-menageres-2026-768x541.jpg 768w, https:\/\/www.neuillysurmarne.fr\/wp-content\/uploads\/2025\/12\/ordures-menageres-2026-18x12.jpg 18w, https:\/\/www.neuillysurmarne.fr\/wp-content\/uploads\/2025\/12\/ordures-menageres-2026.jpg 1228w\" sizes=\"(max-width: 800px) 100vw, 800px\" \/>\t\t\t\t\t\t\t\t<\/a>\n\t\t\t\t\t\t\t\t\t\t\t\t\t\t\t<\/div>\n\t\t\t\t<\/div>\n\t\t\t\t<\/div>\n\t\t\t\t\t<\/details>\n\t\t\t\t\t\t<details id=\"e-n-accordion-item-2123\" class=\"e-n-accordion-item\" >\n\t\t\t\t<summary class=\"e-n-accordion-item-title\" data-accordion-index=\"4\" tabindex=\"-1\" aria-expanded=\"false\" aria-controls=\"e-n-accordion-item-2123\" >\n\t\t\t\t\t<span class='e-n-accordion-item-title-header'><div class=\"e-n-accordion-item-title-text\"> Collecte des encombrants, des d\u00e9chets v\u00e9g\u00e9taux et des emballages en verre <\/div><\/span>\n\t\t\t\t\t\t\t<span class='e-n-accordion-item-title-icon'>\n\t\t\t<span class='e-opened' ><svg aria-hidden=\"true\" class=\"e-font-icon-svg e-fas-minus\" viewbox=\"0 0 448 512\" xmlns=\"http:\/\/www.w3.org\/2000\/svg\"><path d=\"M416 208H32c-17.67 0-32 14.33-32 32v32c0 17.67 14.33 32 32 32h384c17.67 0 32-14.33 32-32v-32c0-17.67-14.33-32-32-32z\"><\/path><\/svg><\/span>\n\t\t\t<span class='e-closed'><svg aria-hidden=\"true\" class=\"e-font-icon-svg e-fas-plus\" viewbox=\"0 0 448 512\" xmlns=\"http:\/\/www.w3.org\/2000\/svg\"><path d=\"M416 208H272V64c0-17.67-14.33-32-32-32h-32c-17.67 0-32 14.33-32 32v144H32c-17.67 0-32 14.33-32 32v32c0 17.67 14.33 32 32 32h144v144c0 17.67 14.33 32 32 32h32c17.67 0 32-14.33 32-32V304h144c17.67 0 32-14.33 32-32v-32c0-17.67-14.33-32-32-32z\"><\/path><\/svg><\/span>\n\t\t<\/span>\n\n\t\t\t\t\t\t<\/summary>\n\t\t\t\t<div role=\"region\" aria-labelledby=\"e-n-accordion-item-2123\" class=\"elementor-element elementor-element-2630360 e-con-full e-flex e-con e-child\" data-id=\"2630360\" data-element_type=\"container\" data-e-type=\"container\">\n\t\t\t\t<div class=\"elementor-element elementor-element-36281ef elementor-widget elementor-widget-text-editor\" data-id=\"36281ef\" data-element_type=\"widget\" data-e-type=\"widget\" data-widget_type=\"text-editor.default\">\n\t\t\t\t<div class=\"elementor-widget-container\">\n\t\t\t\t\t\t\t\t\t<p>Pour connaitre la date de collecte des encombrants, des d\u00e9chets v\u00e9g\u00e9taux et des emballages en verre dans votre rue, rep\u00e9rez votre secteur en cliquant sur la carte et le calendrier ci-dessous :<\/p>\t\t\t\t\t\t\t\t<\/div>\n\t\t\t\t<\/div>\n\t\t\t\t<div class=\"elementor-element elementor-element-ee4a5d8 elementor-widget elementor-widget-image\" data-id=\"ee4a5d8\" data-element_type=\"widget\" data-e-type=\"widget\" data-widget_type=\"image.default\">\n\t\t\t\t<div class=\"elementor-widget-container\">\n\t\t\t\t\t\t\t\t\t\t\t\t\t\t\t\t<a href=\"https:\/\/www.neuillysurmarne.fr\/wp-content\/uploads\/2025\/12\/encombrants-2026.jpg\" data-elementor-open-lightbox=\"yes\" data-elementor-lightbox-title=\"encombrants 2026\" data-e-action-hash=\"#elementor-action%3Aaction%3Dlightbox%26settings%3DeyJpZCI6MTcxNjksInVybCI6Imh0dHBzOlwvXC93d3cubmV1aWxseXN1cm1hcm5lLmZyXC93cC1jb250ZW50XC91cGxvYWRzXC8yMDI1XC8xMlwvZW5jb21icmFudHMtMjAyNi5qcGcifQ%3D%3D\">\n\t\t\t\t\t\t\t<img decoding=\"async\" width=\"800\" height=\"565\" src=\"https:\/\/www.neuillysurmarne.fr\/wp-content\/uploads\/2025\/12\/encombrants-2026-1024x723.jpg\" class=\"attachment-large size-large wp-image-17169\" alt=\"\" srcset=\"https:\/\/www.neuillysurmarne.fr\/wp-content\/uploads\/2025\/12\/encombrants-2026-1024x723.jpg 1024w, https:\/\/www.neuillysurmarne.fr\/wp-content\/uploads\/2025\/12\/encombrants-2026-300x212.jpg 300w, https:\/\/www.neuillysurmarne.fr\/wp-content\/uploads\/2025\/12\/encombrants-2026-768x542.jpg 768w, https:\/\/www.neuillysurmarne.fr\/wp-content\/uploads\/2025\/12\/encombrants-2026-18x12.jpg 18w, https:\/\/www.neuillysurmarne.fr\/wp-content\/uploads\/2025\/12\/encombrants-2026.jpg 1229w\" sizes=\"(max-width: 800px) 100vw, 800px\" \/>\t\t\t\t\t\t\t\t<\/a>\n\t\t\t\t\t\t\t\t\t\t\t\t\t\t\t<\/div>\n\t\t\t\t<\/div>\n\t\t\t\t<div class=\"elementor-element elementor-element-b9e796f elementor-widget elementor-widget-image\" data-id=\"b9e796f\" data-element_type=\"widget\" data-e-type=\"widget\" data-widget_type=\"image.default\">\n\t\t\t\t<div class=\"elementor-widget-container\">\n\t\t\t\t\t\t\t\t\t\t\t\t\t\t\t\t<a href=\"https:\/\/www.neuillysurmarne.fr\/wp-content\/uploads\/2025\/12\/calendrier-encombrants-2026.jpg\" data-elementor-open-lightbox=\"yes\" data-elementor-lightbox-title=\"calendrier encombrants 2026\" data-e-action-hash=\"#elementor-action%3Aaction%3Dlightbox%26settings%3DeyJpZCI6MTcxNzAsInVybCI6Imh0dHBzOlwvXC93d3cubmV1aWxseXN1cm1hcm5lLmZyXC93cC1jb250ZW50XC91cGxvYWRzXC8yMDI1XC8xMlwvY2FsZW5kcmllci1lbmNvbWJyYW50cy0yMDI2LmpwZyJ9\">\n\t\t\t\t\t\t\t<img loading=\"lazy\" decoding=\"async\" width=\"800\" height=\"558\" src=\"https:\/\/www.neuillysurmarne.fr\/wp-content\/uploads\/2025\/12\/calendrier-encombrants-2026-1024x714.jpg\" class=\"attachment-large size-large wp-image-17170\" alt=\"\" srcset=\"https:\/\/www.neuillysurmarne.fr\/wp-content\/uploads\/2025\/12\/calendrier-encombrants-2026-1024x714.jpg 1024w, https:\/\/www.neuillysurmarne.fr\/wp-content\/uploads\/2025\/12\/calendrier-encombrants-2026-300x209.jpg 300w, https:\/\/www.neuillysurmarne.fr\/wp-content\/uploads\/2025\/12\/calendrier-encombrants-2026-768x536.jpg 768w, https:\/\/www.neuillysurmarne.fr\/wp-content\/uploads\/2025\/12\/calendrier-encombrants-2026-18x12.jpg 18w, https:\/\/www.neuillysurmarne.fr\/wp-content\/uploads\/2025\/12\/calendrier-encombrants-2026.jpg 1230w\" sizes=\"(max-width: 800px) 100vw, 800px\" \/>\t\t\t\t\t\t\t\t<\/a>\n\t\t\t\t\t\t\t\t\t\t\t\t\t\t\t<\/div>\n\t\t\t\t<\/div>\n\t\t\t\t<div class=\"elementor-element elementor-element-f7f6680 elementor-widget elementor-widget-text-editor\" data-id=\"f7f6680\" data-element_type=\"widget\" data-e-type=\"widget\" data-widget_type=\"text-editor.default\">\n\t\t\t\t<div class=\"elementor-widget-container\">\n\t\t\t\t\t\t\t\t\t<p>Bulky items and plant waste must be deposited in front of your home or in designated areas the evening before collection, without obstructing pedestrian or vehicle traffic.<\/p><p>\ud83d\udecb\ufe0f\u00a0<strong>Bulky items :<\/strong><br \/>- Sector 1: 1st Wednesday of the month<br \/>- Sector 2: 1st Thursday of the month<br \/>- Streets in red: 2nd Thursday of the month<\/p><p class=\"\" data-start=\"36\" data-end=\"187\">En mai 2025, il n\u2019y aura pas de collecte d\u2019encombrants le jeudi 1er mai en raison du jour f\u00e9ri\u00e9. Les collectes du jeudi sont d\u00e9cal\u00e9es d\u2019une semaine :<\/p><ul><li data-start=\"36\" data-end=\"187\">Secteur 2 : collecte report\u00e9e au 8 mai (au lieu du 1er mai)<\/li><li data-start=\"36\" data-end=\"187\">Rues en rouge : collecte report\u00e9e au 15 mai (au lieu du 8 mai)<\/li><li data-start=\"36\" data-end=\"187\">Secteur 1 : collecte maintenue le mercredi 7 mai, comme d\u2019habitude<\/li><\/ul><p>\u00a0<\/p><p>\ud83c\udf3f\u00a0<strong>Vegetable waste<\/strong>\u00a0(March to November inclusive, no collection from December to February):<br \/>\u2022 Secteur 1 : 1 mercredi sur 2 \u00e0 compter du 12 mars<br \/>\u2022 Secteur 2 : 1 mercredi sur 2 \u00e0 compter du 5 mars<\/p><p>\ud83c\udf3f <strong>Emballages en verre<\/strong> (pour les logements individuels uniquement) :<br \/>\u2022 Secteur 1 : 1 mercredi sur 2 \u00e0 compter du 15 janvier<br \/>\u2022 Secteur 2 : 1 mercredi sur 2 \u00e0 compter du 8 janvier<\/p><p><strong>It is forbidden to deposit: products hazardous to health and the environment (paint cans, batteries, etc.), household electrical and electronic waste, rubble, branches, tyres, bodywork or car mechanics, gas bottles, objects measuring more than 2 metres x 2 metres, etc.<\/strong><\/p><p>\u26a0\ufe0f\u00a0<em><strong>Any dumping outside the above schedule is considered to be illegal dumping.<\/strong>\u00a0As a reminder, it is forbidden to throw or abandon rubbish in the street or to deposit rubbish on the public highway without complying with the collection rules, under penalty of a fine.<\/em><\/p>\t\t\t\t\t\t\t\t<\/div>\n\t\t\t\t<\/div>\n\t\t\t\t<\/div>\n\t\t\t\t\t<\/details>\n\t\t\t\t\t\t<details id=\"e-n-accordion-item-2124\" class=\"e-n-accordion-item\" >\n\t\t\t\t<summary class=\"e-n-accordion-item-title\" data-accordion-index=\"5\" tabindex=\"-1\" aria-expanded=\"false\" aria-controls=\"e-n-accordion-item-2124\" >\n\t\t\t\t\t<span class='e-n-accordion-item-title-header'><div class=\"e-n-accordion-item-title-text\"> Textile collection <\/div><\/span>\n\t\t\t\t\t\t\t<span class='e-n-accordion-item-title-icon'>\n\t\t\t<span class='e-opened' ><svg aria-hidden=\"true\" class=\"e-font-icon-svg e-fas-minus\" viewbox=\"0 0 448 512\" xmlns=\"http:\/\/www.w3.org\/2000\/svg\"><path d=\"M416 208H32c-17.67 0-32 14.33-32 32v32c0 17.67 14.33 32 32 32h384c17.67 0 32-14.33 32-32v-32c0-17.67-14.33-32-32-32z\"><\/path><\/svg><\/span>\n\t\t\t<span class='e-closed'><svg aria-hidden=\"true\" class=\"e-font-icon-svg e-fas-plus\" viewbox=\"0 0 448 512\" xmlns=\"http:\/\/www.w3.org\/2000\/svg\"><path d=\"M416 208H272V64c0-17.67-14.33-32-32-32h-32c-17.67 0-32 14.33-32 32v144H32c-17.67 0-32 14.33-32 32v32c0 17.67 14.33 32 32 32h144v144c0 17.67 14.33 32 32 32h32c17.67 0 32-14.33 32-32V304h144c17.67 0 32-14.33 32-32v-32c0-17.67-14.33-32-32-32z\"><\/path><\/svg><\/span>\n\t\t<\/span>\n\n\t\t\t\t\t\t<\/summary>\n\t\t\t\t<div role=\"region\" aria-labelledby=\"e-n-accordion-item-2124\" class=\"elementor-element elementor-element-2028bab e-flex e-con-boxed e-con e-child\" data-id=\"2028bab\" data-element_type=\"container\" data-e-type=\"container\">\n\t\t\t\t\t<div class=\"e-con-inner\">\n\t\t\t\t<div class=\"elementor-element elementor-element-d85791f elementor-widget elementor-widget-text-editor\" data-id=\"d85791f\" data-element_type=\"widget\" data-e-type=\"widget\" data-widget_type=\"text-editor.default\">\n\t\t\t\t<div class=\"elementor-widget-container\">\n\t\t\t\t\t\t\t\t\t<p>\ud83d\udc5a In the language of waste, we call them TCLs, for: Textiles, Linens, Footwear. And contrary to what you might think, they can all be recycled, even when worn or torn!<\/p><p>\ud83d\udccd This is why the municipality, as part of its policy in favour of the environment and waste reduction, has authorised the installation of\u00a0<strong>10 special containers<\/strong>\u00a0in the public space :<\/p><ul><li>Car park Rue de Lattre de Tassigny \/ Rue de la Lib\u00e9ration<\/li><li>Boulevard Louis Armand \/ Rue Paul Doumer<\/li><li>Boulevard Aristide Briand \/ Rue Fran\u00e7ois Mauriac (bus shelter on the Primev\u00e8res side)<\/li><li>Rue Cl\u00e9ment Ader (private area)<\/li><li>Rue Pierre Brossolette \/ Rue du G\u00e9n\u00e9ral Donzelot<\/li><li>Car park at the town centre shopping centre (Avenue du G\u00e9n\u00e9ral de Gaulle)<\/li><li>Rue Paul Lafargue \/ Avenue de Verdun<\/li><li>Rue du 19 Mars 1962<\/li><li>Avenue de Maison Blanche (Jean Jaur\u00e8s school bus shelter)<\/li><li>Rue d'Auvergne<\/li><\/ul>\t\t\t\t\t\t\t\t<\/div>\n\t\t\t\t<\/div>\n\t\t\t\t\t<\/div>\n\t\t\t\t<\/div>\n\t\t\t\t\t<\/details>\n\t\t\t\t\t\t<details id=\"e-n-accordion-item-2125\" class=\"e-n-accordion-item\" >\n\t\t\t\t<summary class=\"e-n-accordion-item-title\" data-accordion-index=\"6\" tabindex=\"-1\" aria-expanded=\"false\" aria-controls=\"e-n-accordion-item-2125\" >\n\t\t\t\t\t<span class='e-n-accordion-item-title-header'><div class=\"e-n-accordion-item-title-text\"> Collection of medicines, syringes and toxic waste <\/div><\/span>\n\t\t\t\t\t\t\t<span class='e-n-accordion-item-title-icon'>\n\t\t\t<span class='e-opened' ><svg aria-hidden=\"true\" class=\"e-font-icon-svg e-fas-minus\" viewbox=\"0 0 448 512\" xmlns=\"http:\/\/www.w3.org\/2000\/svg\"><path d=\"M416 208H32c-17.67 0-32 14.33-32 32v32c0 17.67 14.33 32 32 32h384c17.67 0 32-14.33 32-32v-32c0-17.67-14.33-32-32-32z\"><\/path><\/svg><\/span>\n\t\t\t<span class='e-closed'><svg aria-hidden=\"true\" class=\"e-font-icon-svg e-fas-plus\" viewbox=\"0 0 448 512\" xmlns=\"http:\/\/www.w3.org\/2000\/svg\"><path d=\"M416 208H272V64c0-17.67-14.33-32-32-32h-32c-17.67 0-32 14.33-32 32v144H32c-17.67 0-32 14.33-32 32v32c0 17.67 14.33 32 32 32h144v144c0 17.67 14.33 32 32 32h32c17.67 0 32-14.33 32-32V304h144c17.67 0 32-14.33 32-32v-32c0-17.67-14.33-32-32-32z\"><\/path><\/svg><\/span>\n\t\t<\/span>\n\n\t\t\t\t\t\t<\/summary>\n\t\t\t\t<div role=\"region\" aria-labelledby=\"e-n-accordion-item-2125\" class=\"elementor-element elementor-element-163ba42 e-flex e-con-boxed e-con e-child\" data-id=\"163ba42\" data-element_type=\"container\" data-e-type=\"container\">\n\t\t\t\t\t<div class=\"e-con-inner\">\n\t\t\t\t<div class=\"elementor-element elementor-element-64447e9 elementor-widget elementor-widget-text-editor\" data-id=\"64447e9\" data-element_type=\"widget\" data-e-type=\"widget\" data-widget_type=\"text-editor.default\">\n\t\t\t\t<div class=\"elementor-widget-container\">\n\t\t\t\t\t\t\t\t\t<p>\ud83d\udc8a Because they are polluting, these products do not belong in the household waste bin. Out-of-date or unused medicines should be returned to your pharmacy to be recycled via the Cyclamed network. Put them in their primary packaging (blister packs or bottles) and dispose of the cardboard boxes and leaflets in the yellow bin.<\/p><p>Other drop-off point:\u00a0<strong>the Eco-bus on 3<sup>th<\/sup>\u00a0Saturday of the month from 9am to 12pm in the Town Hall car park<\/strong>. This special bus collects all toxic waste, in particular transparent or paper images from scanners, X-rays and MRIs. Only the paper reports attached to these can be disposed of in the yellow bin.<\/p><p>\ud83d\udc89 As for sharps medical waste (syringes, used needles, scalpels, blades), it is essential to obtain the yellow box for reprocessing from your pharmacy and return it to the pharmacies listed on the specialised website\u00a0<a href=\"http:\/\/www.dastri.fr\/\" target=\"_blank\" rel=\"noopener noreferrer\"><strong>http:\/\/www.dastri.fr<\/strong><\/a><\/p><p>\u2695\ufe0f <b>In Neuilly-sur-Marne, the following pharmacies are taking part in this collection scheme:<\/b><\/p><ul><li>Grande pharmacie des Jonquilles - 97 rue du 11 novembre \/ 01 43 08 22 82<\/li><li>Pharmacie des Berges - 10 rue Paul et Camille Thomoux \/ 01 43 08 16 49<\/li><li>Pharmacie Revel - 115 bis avenue du G\u00e9n\u00e9ral de Gaulle \/ 01 43 08 22 56<\/li><li>Pharmacie Houari - 257 avenue du 8 Mai 1945 \/ 01 43 08 99 24<\/li><li>Pharmacie de l'Avenir - 112 avenue Paul Vaillant Couturier \/ 01 43 09 63 78<\/li><\/ul>\t\t\t\t\t\t\t\t<\/div>\n\t\t\t\t<\/div>\n\t\t\t\t\t<\/div>\n\t\t\t\t<\/div>\n\t\t\t\t\t<\/details>\n\t\t\t\t\t\t<details id=\"e-n-accordion-item-2126\" class=\"e-n-accordion-item\" >\n\t\t\t\t<summary class=\"e-n-accordion-item-title\" data-accordion-index=\"7\" tabindex=\"-1\" aria-expanded=\"false\" aria-controls=\"e-n-accordion-item-2126\" >\n\t\t\t\t\t<span class='e-n-accordion-item-title-header'><div class=\"e-n-accordion-item-title-text\"> Stop Pub <\/div><\/span>\n\t\t\t\t\t\t\t<span class='e-n-accordion-item-title-icon'>\n\t\t\t<span class='e-opened' ><svg aria-hidden=\"true\" class=\"e-font-icon-svg e-fas-minus\" viewbox=\"0 0 448 512\" xmlns=\"http:\/\/www.w3.org\/2000\/svg\"><path d=\"M416 208H32c-17.67 0-32 14.33-32 32v32c0 17.67 14.33 32 32 32h384c17.67 0 32-14.33 32-32v-32c0-17.67-14.33-32-32-32z\"><\/path><\/svg><\/span>\n\t\t\t<span class='e-closed'><svg aria-hidden=\"true\" class=\"e-font-icon-svg e-fas-plus\" viewbox=\"0 0 448 512\" xmlns=\"http:\/\/www.w3.org\/2000\/svg\"><path d=\"M416 208H272V64c0-17.67-14.33-32-32-32h-32c-17.67 0-32 14.33-32 32v144H32c-17.67 0-32 14.33-32 32v32c0 17.67 14.33 32 32 32h144v144c0 17.67 14.33 32 32 32h32c17.67 0 32-14.33 32-32V304h144c17.67 0 32-14.33 32-32v-32c0-17.67-14.33-32-32-32z\"><\/path><\/svg><\/span>\n\t\t<\/span>\n\n\t\t\t\t\t\t<\/summary>\n\t\t\t\t<div role=\"region\" aria-labelledby=\"e-n-accordion-item-2126\" class=\"elementor-element elementor-element-2345824 e-flex e-con-boxed e-con e-child\" data-id=\"2345824\" data-element_type=\"container\" data-e-type=\"container\">\n\t\t\t\t\t<div class=\"e-con-inner\">\n\t\t\t\t<div class=\"elementor-element elementor-element-b969fce elementor-widget elementor-widget-text-editor\" data-id=\"b969fce\" data-element_type=\"widget\" data-e-type=\"widget\" data-widget_type=\"text-editor.default\">\n\t\t\t\t<div class=\"elementor-widget-container\">\n\t\t\t\t\t\t\t\t\t<p>\ud83d\uddde\ufe0f Every week, leaflets are deposited in our letterboxes by mass retailers. These documents, which very often end up in the bin without even being read, represent around 15 kg\/inhabitant\/year.<\/p><p>From an ecological point of view, they represent a considerable waste of both raw materials (cellulose fibres, water, etc.) and the energy needed to manufacture and process paper.<\/p><p>\ud83d\uded1 People who no longer wish to receive these advertisements can\u00a0<strong>affix the \"Stop Pub\" sticker to their letterboxes<\/strong>. A small ecological gesture that will help reduce the amount of waste in our bins. This sticker is available from reception at the Town Hall.<\/p>\t\t\t\t\t\t\t\t<\/div>\n\t\t\t\t<\/div>\n\t\t\t\t\t<\/div>\n\t\t\t\t<\/div>\n\t\t\t\t\t<\/details>\n\t\t\t\t\t\t<details id=\"e-n-accordion-item-2127\" class=\"e-n-accordion-item\" >\n\t\t\t\t<summary class=\"e-n-accordion-item-title\" data-accordion-index=\"8\" tabindex=\"-1\" aria-expanded=\"false\" aria-controls=\"e-n-accordion-item-2127\" >\n\t\t\t\t\t<span class='e-n-accordion-item-title-header'><div class=\"e-n-accordion-item-title-text\"> Penalties <\/div><\/span>\n\t\t\t\t\t\t\t<span class='e-n-accordion-item-title-icon'>\n\t\t\t<span class='e-opened' ><svg aria-hidden=\"true\" class=\"e-font-icon-svg e-fas-minus\" viewbox=\"0 0 448 512\" xmlns=\"http:\/\/www.w3.org\/2000\/svg\"><path d=\"M416 208H32c-17.67 0-32 14.33-32 32v32c0 17.67 14.33 32 32 32h384c17.67 0 32-14.33 32-32v-32c0-17.67-14.33-32-32-32z\"><\/path><\/svg><\/span>\n\t\t\t<span class='e-closed'><svg aria-hidden=\"true\" class=\"e-font-icon-svg e-fas-plus\" viewbox=\"0 0 448 512\" xmlns=\"http:\/\/www.w3.org\/2000\/svg\"><path d=\"M416 208H272V64c0-17.67-14.33-32-32-32h-32c-17.67 0-32 14.33-32 32v144H32c-17.67 0-32 14.33-32 32v32c0 17.67 14.33 32 32 32h144v144c0 17.67 14.33 32 32 32h32c17.67 0 32-14.33 32-32V304h144c17.67 0 32-14.33 32-32v-32c0-17.67-14.33-32-32-32z\"><\/path><\/svg><\/span>\n\t\t<\/span>\n\n\t\t\t\t\t\t<\/summary>\n\t\t\t\t<div role=\"region\" aria-labelledby=\"e-n-accordion-item-2127\" class=\"elementor-element elementor-element-70411a4 e-flex e-con-boxed e-con e-child\" data-id=\"70411a4\" data-element_type=\"container\" data-e-type=\"container\">\n\t\t\t\t\t<div class=\"e-con-inner\">\n\t\t\t\t<div class=\"elementor-element elementor-element-cc97e12 elementor-widget elementor-widget-text-editor\" data-id=\"cc97e12\" data-element_type=\"widget\" data-e-type=\"widget\" data-widget_type=\"text-editor.default\">\n\t\t\t\t<div class=\"elementor-widget-container\">\n\t\t\t\t\t\t\t\t\t<p>Failure to comply with a municipal by-law is punishable by a fine of\u00a0<strong>38\u20ac<\/strong>\u00a0(article R.610-5 of the French Criminal Code).<\/p><p>Depositing rubbish or abandoning rubbish, work or objects outside authorised areas is punishable by a fine of\u00a0<strong>68\u20ac<\/strong>\u00a0(fixed fine) or\u00a0<strong>450\u20ac<\/strong>\u00a0maximum (article R633-6 of the French Criminal Code).<\/p><p>Any person who allows, spills or throws onto the public highway any substance likely to be harmful to public health or safety shall be liable to a fine of\u00a0<strong>1 500\u20ac<\/strong>\u00a0(article R116-2 4\u00b0 of the French Roads Code), which may be increased to a maximum of\u00a0<strong>3 000\u20ac<\/strong>\u00a0in the event of a repeat offence (article 131-13 of the French Criminal Code).<\/p><p>Costs of legal proceedings :\u00a0<strong>31\u20ac<\/strong><\/p>\t\t\t\t\t\t\t\t<\/div>\n\t\t\t\t<\/div>\n\t\t\t\t\t<\/div>\n\t\t\t\t<\/div>\n\t\t\t\t\t<\/details>\n\t\t\t\t\t<\/div>\n\t\t\t\t\t\t<\/div>\n\t\t\t\t<\/div>\n\t\t\t\t\t<\/div>\n\t\t\t\t<\/div>\n\t\t\t\t<\/div>","protected":false},"excerpt":{"rendered":"<p>\ud83d\udeae Depuis du 1er janvier 2018, la collecte des ordures \u00e0 Neuilly-sur-Marne est g\u00e9r\u00e9e par l&rsquo;\u00e9tablissement public territorial Grand Paris Grand Est. Pour toute r\u00e9clamation ou demande de renseignements concernant la collecte des d\u00e9chets et le tri, contactez le 0 800 50 49 36 ou remplissez le formulaire relatif \u00e0 votre probl\u00e9matique en cliquant ici. [&hellip;]<\/p>\n","protected":false},"author":1,"featured_media":1168,"parent":0,"menu_order":0,"comment_status":"closed","ping_status":"closed","template":"","meta":{"_acf_changed":false,"footnotes":""},"class_list":["post-619","page","type-page","status-publish","has-post-thumbnail","hentry"],"acf":[],"yoast_head":"<!-- This site is optimized with the Yoast SEO plugin v27.4 - https:\/\/yoast.com\/product\/yoast-seo-wordpress\/ -->\n<title>Collecte des ordures - Mairie de Neuilly-sur-Marne<\/title>\n<meta name=\"robots\" content=\"index, follow, max-snippet:-1, max-image-preview:large, max-video-preview:-1\" \/>\n<link rel=\"canonical\" href=\"https:\/\/www.neuillysurmarne.fr\/en\/collecte-des-ordures\/\" \/>\n<meta property=\"og:locale\" content=\"en_GB\" \/>\n<meta property=\"og:type\" content=\"article\" \/>\n<meta property=\"og:title\" content=\"Collecte des ordures - Mairie de Neuilly-sur-Marne\" \/>\n<meta property=\"og:description\" content=\"\ud83d\udeae Depuis du 1er janvier 2018, la collecte des ordures \u00e0 Neuilly-sur-Marne est g\u00e9r\u00e9e par l&rsquo;\u00e9tablissement public territorial Grand Paris Grand Est. Pour toute r\u00e9clamation ou demande de renseignements concernant la collecte des d\u00e9chets et le tri, contactez le 0 800 50 49 36 ou remplissez le formulaire relatif \u00e0 votre probl\u00e9matique en cliquant ici. [&hellip;]\" \/>\n<meta property=\"og:url\" content=\"https:\/\/www.neuillysurmarne.fr\/en\/collecte-des-ordures\/\" \/>\n<meta property=\"og:site_name\" content=\"Mairie de Neuilly-sur-Marne\" \/>\n<meta property=\"article:publisher\" content=\"https:\/\/www.facebook.com\/ville.neuilly\" \/>\n<meta property=\"article:modified_time\" content=\"2026-01-27T11:01:41+00:00\" \/>\n<meta property=\"og:image\" content=\"https:\/\/www.neuillysurmarne.fr\/wp-content\/uploads\/2023\/11\/Bandeaux-site-Neuilly-sur-Marne-1-1.jpg\" \/>\n\t<meta property=\"og:image:width\" content=\"1400\" \/>\n\t<meta property=\"og:image:height\" content=\"700\" \/>\n\t<meta property=\"og:image:type\" content=\"image\/jpeg\" \/>\n<meta name=\"twitter:card\" content=\"summary_large_image\" \/>\n<meta name=\"twitter:label1\" content=\"Estimated reading time\" \/>\n\t<meta name=\"twitter:data1\" content=\"19 minutes\" \/>\n<script type=\"application\/ld+json\" class=\"yoast-schema-graph\">{\"@context\":\"https:\\\/\\\/schema.org\",\"@graph\":[{\"@type\":\"WebPage\",\"@id\":\"https:\\\/\\\/www.neuillysurmarne.fr\\\/collecte-des-ordures\\\/\",\"url\":\"https:\\\/\\\/www.neuillysurmarne.fr\\\/collecte-des-ordures\\\/\",\"name\":\"Collecte des ordures - Mairie de Neuilly-sur-Marne\",\"isPartOf\":{\"@id\":\"https:\\\/\\\/www.neuillysurmarne.fr\\\/es\\\/#website\"},\"primaryImageOfPage\":{\"@id\":\"https:\\\/\\\/www.neuillysurmarne.fr\\\/collecte-des-ordures\\\/#primaryimage\"},\"image\":{\"@id\":\"https:\\\/\\\/www.neuillysurmarne.fr\\\/collecte-des-ordures\\\/#primaryimage\"},\"thumbnailUrl\":\"https:\\\/\\\/www.neuillysurmarne.fr\\\/wp-content\\\/uploads\\\/2023\\\/11\\\/Bandeaux-site-Neuilly-sur-Marne-1-1.jpg\",\"datePublished\":\"2023-11-13T11:46:21+00:00\",\"dateModified\":\"2026-01-27T11:01:41+00:00\",\"breadcrumb\":{\"@id\":\"https:\\\/\\\/www.neuillysurmarne.fr\\\/collecte-des-ordures\\\/#breadcrumb\"},\"inLanguage\":\"en-GB\",\"potentialAction\":[{\"@type\":\"ReadAction\",\"target\":[\"https:\\\/\\\/www.neuillysurmarne.fr\\\/collecte-des-ordures\\\/\"]}]},{\"@type\":\"ImageObject\",\"inLanguage\":\"en-GB\",\"@id\":\"https:\\\/\\\/www.neuillysurmarne.fr\\\/collecte-des-ordures\\\/#primaryimage\",\"url\":\"https:\\\/\\\/www.neuillysurmarne.fr\\\/wp-content\\\/uploads\\\/2023\\\/11\\\/Bandeaux-site-Neuilly-sur-Marne-1-1.jpg\",\"contentUrl\":\"https:\\\/\\\/www.neuillysurmarne.fr\\\/wp-content\\\/uploads\\\/2023\\\/11\\\/Bandeaux-site-Neuilly-sur-Marne-1-1.jpg\",\"width\":1400,\"height\":700},{\"@type\":\"BreadcrumbList\",\"@id\":\"https:\\\/\\\/www.neuillysurmarne.fr\\\/collecte-des-ordures\\\/#breadcrumb\",\"itemListElement\":[{\"@type\":\"ListItem\",\"position\":1,\"name\":\"Accueil\",\"item\":\"https:\\\/\\\/www.neuillysurmarne.fr\\\/\"},{\"@type\":\"ListItem\",\"position\":2,\"name\":\"Collecte des ordures\"}]},{\"@type\":\"WebSite\",\"@id\":\"https:\\\/\\\/www.neuillysurmarne.fr\\\/es\\\/#website\",\"url\":\"https:\\\/\\\/www.neuillysurmarne.fr\\\/es\\\/\",\"name\":\"Mairie de Neuilly-sur-Marne\",\"description\":\"BETA\",\"publisher\":{\"@id\":\"https:\\\/\\\/www.neuillysurmarne.fr\\\/es\\\/#organization\"},\"potentialAction\":[{\"@type\":\"SearchAction\",\"target\":{\"@type\":\"EntryPoint\",\"urlTemplate\":\"https:\\\/\\\/www.neuillysurmarne.fr\\\/es\\\/?s={search_term_string}\"},\"query-input\":{\"@type\":\"PropertyValueSpecification\",\"valueRequired\":true,\"valueName\":\"search_term_string\"}}],\"inLanguage\":\"en-GB\"},{\"@type\":\"Organization\",\"@id\":\"https:\\\/\\\/www.neuillysurmarne.fr\\\/es\\\/#organization\",\"name\":\"Mairie de Neuilly-sur-Marne\",\"url\":\"https:\\\/\\\/www.neuillysurmarne.fr\\\/es\\\/\",\"logo\":{\"@type\":\"ImageObject\",\"inLanguage\":\"en-GB\",\"@id\":\"https:\\\/\\\/www.neuillysurmarne.fr\\\/es\\\/#\\\/schema\\\/logo\\\/image\\\/\",\"url\":\"https:\\\/\\\/www.neuillysurmarne.fr\\\/wp-content\\\/uploads\\\/2023\\\/10\\\/LOGO-NeuillysurMarne-blanc.png\",\"contentUrl\":\"https:\\\/\\\/www.neuillysurmarne.fr\\\/wp-content\\\/uploads\\\/2023\\\/10\\\/LOGO-NeuillysurMarne-blanc.png\",\"width\":3308,\"height\":2586,\"caption\":\"Mairie de Neuilly-sur-Marne\"},\"image\":{\"@id\":\"https:\\\/\\\/www.neuillysurmarne.fr\\\/es\\\/#\\\/schema\\\/logo\\\/image\\\/\"},\"sameAs\":[\"https:\\\/\\\/www.facebook.com\\\/ville.neuilly\",\"https:\\\/\\\/www.instagram.com\\\/neuilly_marne\\\/\",\"https:\\\/\\\/www.linkedin.com\\\/company\\\/ville-de-neuilly-sur-marne\\\/\",\"https:\\\/\\\/www.youtube.com\\\/channel\\\/UCDdZ0TLrV8rfIqjBGvoeB5A\",\"https:\\\/\\\/www.tiktok.com\\\/@villedeneuillysurmarne\"]}]}<\/script>\n<!-- \/ Yoast SEO plugin. -->","yoast_head_json":{"title":"Collecte des ordures - Mairie de Neuilly-sur-Marne","robots":{"index":"index","follow":"follow","max-snippet":"max-snippet:-1","max-image-preview":"max-image-preview:large","max-video-preview":"max-video-preview:-1"},"canonical":"https:\/\/www.neuillysurmarne.fr\/en\/collecte-des-ordures\/","og_locale":"en_GB","og_type":"article","og_title":"Collecte des ordures - Mairie de Neuilly-sur-Marne","og_description":"\ud83d\udeae Depuis du 1er janvier 2018, la collecte des ordures \u00e0 Neuilly-sur-Marne est g\u00e9r\u00e9e par l&rsquo;\u00e9tablissement public territorial Grand Paris Grand Est. Pour toute r\u00e9clamation ou demande de renseignements concernant la collecte des d\u00e9chets et le tri, contactez le 0 800 50 49 36 ou remplissez le formulaire relatif \u00e0 votre probl\u00e9matique en cliquant ici. [&hellip;]","og_url":"https:\/\/www.neuillysurmarne.fr\/en\/collecte-des-ordures\/","og_site_name":"Mairie de Neuilly-sur-Marne","article_publisher":"https:\/\/www.facebook.com\/ville.neuilly","article_modified_time":"2026-01-27T11:01:41+00:00","og_image":[{"width":1400,"height":700,"url":"https:\/\/www.neuillysurmarne.fr\/wp-content\/uploads\/2023\/11\/Bandeaux-site-Neuilly-sur-Marne-1-1.jpg","type":"image\/jpeg"}],"twitter_card":"summary_large_image","twitter_misc":{"Estimated reading time":"19 minutes"},"schema":{"@context":"https:\/\/schema.org","@graph":[{"@type":"WebPage","@id":"https:\/\/www.neuillysurmarne.fr\/collecte-des-ordures\/","url":"https:\/\/www.neuillysurmarne.fr\/collecte-des-ordures\/","name":"Collecte des ordures - Mairie de Neuilly-sur-Marne","isPartOf":{"@id":"https:\/\/www.neuillysurmarne.fr\/es\/#website"},"primaryImageOfPage":{"@id":"https:\/\/www.neuillysurmarne.fr\/collecte-des-ordures\/#primaryimage"},"image":{"@id":"https:\/\/www.neuillysurmarne.fr\/collecte-des-ordures\/#primaryimage"},"thumbnailUrl":"https:\/\/www.neuillysurmarne.fr\/wp-content\/uploads\/2023\/11\/Bandeaux-site-Neuilly-sur-Marne-1-1.jpg","datePublished":"2023-11-13T11:46:21+00:00","dateModified":"2026-01-27T11:01:41+00:00","breadcrumb":{"@id":"https:\/\/www.neuillysurmarne.fr\/collecte-des-ordures\/#breadcrumb"},"inLanguage":"en-GB","potentialAction":[{"@type":"ReadAction","target":["https:\/\/www.neuillysurmarne.fr\/collecte-des-ordures\/"]}]},{"@type":"ImageObject","inLanguage":"en-GB","@id":"https:\/\/www.neuillysurmarne.fr\/collecte-des-ordures\/#primaryimage","url":"https:\/\/www.neuillysurmarne.fr\/wp-content\/uploads\/2023\/11\/Bandeaux-site-Neuilly-sur-Marne-1-1.jpg","contentUrl":"https:\/\/www.neuillysurmarne.fr\/wp-content\/uploads\/2023\/11\/Bandeaux-site-Neuilly-sur-Marne-1-1.jpg","width":1400,"height":700},{"@type":"BreadcrumbList","@id":"https:\/\/www.neuillysurmarne.fr\/collecte-des-ordures\/#breadcrumb","itemListElement":[{"@type":"ListItem","position":1,"name":"Accueil","item":"https:\/\/www.neuillysurmarne.fr\/"},{"@type":"ListItem","position":2,"name":"Collecte des ordures"}]},{"@type":"WebSite","@id":"https:\/\/www.neuillysurmarne.fr\/es\/#website","url":"https:\/\/www.neuillysurmarne.fr\/es\/","name":"Neuilly-sur-Marne Town Hall","description":"BETA","publisher":{"@id":"https:\/\/www.neuillysurmarne.fr\/es\/#organization"},"potentialAction":[{"@type":"SearchAction","target":{"@type":"EntryPoint","urlTemplate":"https:\/\/www.neuillysurmarne.fr\/es\/?s={search_term_string}"},"query-input":{"@type":"PropertyValueSpecification","valueRequired":true,"valueName":"search_term_string"}}],"inLanguage":"en-GB"},{"@type":"Organization","@id":"https:\/\/www.neuillysurmarne.fr\/es\/#organization","name":"Neuilly-sur-Marne Town Hall","url":"https:\/\/www.neuillysurmarne.fr\/es\/","logo":{"@type":"ImageObject","inLanguage":"en-GB","@id":"https:\/\/www.neuillysurmarne.fr\/es\/#\/schema\/logo\/image\/","url":"https:\/\/www.neuillysurmarne.fr\/wp-content\/uploads\/2023\/10\/LOGO-NeuillysurMarne-blanc.png","contentUrl":"https:\/\/www.neuillysurmarne.fr\/wp-content\/uploads\/2023\/10\/LOGO-NeuillysurMarne-blanc.png","width":3308,"height":2586,"caption":"Mairie de Neuilly-sur-Marne"},"image":{"@id":"https:\/\/www.neuillysurmarne.fr\/es\/#\/schema\/logo\/image\/"},"sameAs":["https:\/\/www.facebook.com\/ville.neuilly","https:\/\/www.instagram.com\/neuilly_marne\/","https:\/\/www.linkedin.com\/company\/ville-de-neuilly-sur-marne\/","https:\/\/www.youtube.com\/channel\/UCDdZ0TLrV8rfIqjBGvoeB5A","https:\/\/www.tiktok.com\/@villedeneuillysurmarne"]}]}},"_links":{"self":[{"href":"https:\/\/www.neuillysurmarne.fr\/en\/wp-json\/wp\/v2\/pages\/619","targetHints":{"allow":["GET"]}}],"collection":[{"href":"https:\/\/www.neuillysurmarne.fr\/en\/wp-json\/wp\/v2\/pages"}],"about":[{"href":"https:\/\/www.neuillysurmarne.fr\/en\/wp-json\/wp\/v2\/types\/page"}],"author":[{"embeddable":true,"href":"https:\/\/www.neuillysurmarne.fr\/en\/wp-json\/wp\/v2\/users\/1"}],"replies":[{"embeddable":true,"href":"https:\/\/www.neuillysurmarne.fr\/en\/wp-json\/wp\/v2\/comments?post=619"}],"version-history":[{"count":134,"href":"https:\/\/www.neuillysurmarne.fr\/en\/wp-json\/wp\/v2\/pages\/619\/revisions"}],"predecessor-version":[{"id":17300,"href":"https:\/\/www.neuillysurmarne.fr\/en\/wp-json\/wp\/v2\/pages\/619\/revisions\/17300"}],"wp:featuredmedia":[{"embeddable":true,"href":"https:\/\/www.neuillysurmarne.fr\/en\/wp-json\/wp\/v2\/media\/1168"}],"wp:attachment":[{"href":"https:\/\/www.neuillysurmarne.fr\/en\/wp-json\/wp\/v2\/media?parent=619"}],"curies":[{"name":"wp","href":"https:\/\/api.w.org\/{rel}","templated":true}]}}