{"id":6447,"date":"2024-04-23T10:04:28","date_gmt":"2024-04-23T08:04:28","guid":{"rendered":"https:\/\/www.neuillysurmarne.fr\/?page_id=6447"},"modified":"2024-06-21T15:57:05","modified_gmt":"2024-06-21T13:57:05","slug":"histoire-noceenne","status":"publish","type":"page","link":"https:\/\/www.neuillysurmarne.fr\/en\/histoire-noceenne\/","title":{"rendered":"History of Noc\u00e9"},"content":{"rendered":"<div data-elementor-type=\"wp-page\" data-elementor-id=\"6447\" class=\"elementor elementor-6447\" data-elementor-post-type=\"page\">\n\t\t\t\t<div class=\"elementor-element elementor-element-9fd63a4 e-flex e-con-boxed e-con e-parent\" data-id=\"9fd63a4\" data-element_type=\"container\" data-e-type=\"container\">\n\t\t\t\t\t<div class=\"e-con-inner\">\n\t\t\t\t<div class=\"elementor-element elementor-element-6e03db9 elementor-widget elementor-widget-text-editor\" data-id=\"6e03db9\" data-element_type=\"widget\" data-e-type=\"widget\" data-widget_type=\"text-editor.default\">\n\t\t\t\t<div class=\"elementor-widget-container\">\n\t\t\t\t\t\t\t\t\t<h2>History of the city<\/h2>\t\t\t\t\t\t\t\t<\/div>\n\t\t\t\t<\/div>\n\t\t\t\t<div class=\"elementor-element elementor-element-c1e8b86 elementor-widget elementor-widget-n-accordion\" data-id=\"c1e8b86\" data-element_type=\"widget\" data-e-type=\"widget\" data-settings=\"{&quot;default_state&quot;:&quot;all_collapsed&quot;,&quot;max_items_expended&quot;:&quot;one&quot;,&quot;n_accordion_animation_duration&quot;:{&quot;unit&quot;:&quot;ms&quot;,&quot;size&quot;:400,&quot;sizes&quot;:[]}}\" data-widget_type=\"nested-accordion.default\">\n\t\t\t\t<div class=\"elementor-widget-container\">\n\t\t\t\t\t\t\t<div class=\"e-n-accordion\" aria-label=\"Accordion. Open links with Enter or Space, close with Escape, and navigate with Arrow Keys\">\n\t\t\t\t\t\t<details id=\"e-n-accordion-item-2030\" class=\"e-n-accordion-item\" >\n\t\t\t\t<summary class=\"e-n-accordion-item-title\" data-accordion-index=\"1\" tabindex=\"0\" aria-expanded=\"false\" aria-controls=\"e-n-accordion-item-2030\" >\n\t\t\t\t\t<span class='e-n-accordion-item-title-header'><div class=\"e-n-accordion-item-title-text\"> Where to begin the history of Neuilly-sur-Marne?  <\/div><\/span>\n\t\t\t\t\t\t\t<span class='e-n-accordion-item-title-icon'>\n\t\t\t<span class='e-opened' ><svg aria-hidden=\"true\" class=\"e-font-icon-svg e-fas-minus\" viewbox=\"0 0 448 512\" xmlns=\"http:\/\/www.w3.org\/2000\/svg\"><path d=\"M416 208H32c-17.67 0-32 14.33-32 32v32c0 17.67 14.33 32 32 32h384c17.67 0 32-14.33 32-32v-32c0-17.67-14.33-32-32-32z\"><\/path><\/svg><\/span>\n\t\t\t<span class='e-closed'><svg aria-hidden=\"true\" class=\"e-font-icon-svg e-fas-plus\" viewbox=\"0 0 448 512\" xmlns=\"http:\/\/www.w3.org\/2000\/svg\"><path d=\"M416 208H272V64c0-17.67-14.33-32-32-32h-32c-17.67 0-32 14.33-32 32v144H32c-17.67 0-32 14.33-32 32v32c0 17.67 14.33 32 32 32h144v144c0 17.67 14.33 32 32 32h32c17.67 0 32-14.33 32-32V304h144c17.67 0 32-14.33 32-32v-32c0-17.67-14.33-32-32-32z\"><\/path><\/svg><\/span>\n\t\t<\/span>\n\n\t\t\t\t\t\t<\/summary>\n\t\t\t\t<div role=\"region\" aria-labelledby=\"e-n-accordion-item-2030\" class=\"elementor-element elementor-element-fc540d6 e-flex e-con-boxed e-con e-child\" data-id=\"fc540d6\" data-element_type=\"container\" data-e-type=\"container\">\n\t\t\t\t\t<div class=\"e-con-inner\">\n\t\t\t\t<div class=\"elementor-element elementor-element-e9a2b8d elementor-widget elementor-widget-text-editor\" data-id=\"e9a2b8d\" data-element_type=\"widget\" data-e-type=\"widget\" data-widget_type=\"text-editor.default\">\n\t\t\t\t<div class=\"elementor-widget-container\">\n\t\t\t\t\t\t\t\t\t<p>While it's difficult to know exactly when the area around our commune began to be occupied by man, there are traces that allow us to go back a very long way. Bifaces dating back to the Acheulean period found on the Ville-Evrard site point to a possible presence somewhere in the area. <strong>between 700,000 and 200,000 BC.<\/strong>Homo heidelbergensis, the probable ancestor of Neanderthal man. Excavations, notably in the Parc de la Haute-\u00cele, have uncovered tools, arrowheads and, above all <strong>human bones from the Mesolithic period<\/strong>dated between 6645 and 6450 BC.<\/p><p>The journey back in time continues with the remains of the orchard of a <strong>Gallo-Roman hamlet dating from 1<sup>er<\/sup> century<\/strong>still at Haute-\u00cele. On the banks of the Marne, a ford bears witness to the settlement of a Gallic population. Finally, the discovery of <strong>Merovingian sarcophagi<\/strong> proves a human presence at 7<sup>th<\/sup> century. All these traces make up the beginnings of Neuilly's history, the most commonly accepted starting point of which is the year 998.<\/p>\t\t\t\t\t\t\t\t<\/div>\n\t\t\t\t<\/div>\n\t\t\t\t\t<\/div>\n\t\t\t\t<\/div>\n\t\t\t\t\t<\/details>\n\t\t\t\t\t\t<details id=\"e-n-accordion-item-2031\" class=\"e-n-accordion-item\" >\n\t\t\t\t<summary class=\"e-n-accordion-item-title\" data-accordion-index=\"2\" tabindex=\"-1\" aria-expanded=\"false\" aria-controls=\"e-n-accordion-item-2031\" >\n\t\t\t\t\t<span class='e-n-accordion-item-title-header'><div class=\"e-n-accordion-item-title-text\"> The emergence of Nobiliacum <\/div><\/span>\n\t\t\t\t\t\t\t<span class='e-n-accordion-item-title-icon'>\n\t\t\t<span class='e-opened' ><svg aria-hidden=\"true\" class=\"e-font-icon-svg e-fas-minus\" viewbox=\"0 0 448 512\" xmlns=\"http:\/\/www.w3.org\/2000\/svg\"><path d=\"M416 208H32c-17.67 0-32 14.33-32 32v32c0 17.67 14.33 32 32 32h384c17.67 0 32-14.33 32-32v-32c0-17.67-14.33-32-32-32z\"><\/path><\/svg><\/span>\n\t\t\t<span class='e-closed'><svg aria-hidden=\"true\" class=\"e-font-icon-svg e-fas-plus\" viewbox=\"0 0 448 512\" xmlns=\"http:\/\/www.w3.org\/2000\/svg\"><path d=\"M416 208H272V64c0-17.67-14.33-32-32-32h-32c-17.67 0-32 14.33-32 32v144H32c-17.67 0-32 14.33-32 32v32c0 17.67 14.33 32 32 32h144v144c0 17.67 14.33 32 32 32h32c17.67 0 32-14.33 32-32V304h144c17.67 0 32-14.33 32-32v-32c0-17.67-14.33-32-32-32z\"><\/path><\/svg><\/span>\n\t\t<\/span>\n\n\t\t\t\t\t\t<\/summary>\n\t\t\t\t<div role=\"region\" aria-labelledby=\"e-n-accordion-item-2031\" class=\"elementor-element elementor-element-456af5f e-con-full e-flex e-con e-child\" data-id=\"456af5f\" data-element_type=\"container\" data-e-type=\"container\">\n\t\t\t\t<div class=\"elementor-element elementor-element-159aef8 elementor-widget elementor-widget-text-editor\" data-id=\"159aef8\" data-element_type=\"widget\" data-e-type=\"widget\" data-widget_type=\"text-editor.default\">\n\t\t\t\t<div class=\"elementor-widget-container\">\n\t\t\t\t\t\t\t\t\t<p>In the book <em>Neuilly-sur-Marne, 1000 years old<\/em>the Fran\u00e7ois-Xavier Donzelot Association reproduces <strong>a Latin text mentioning Neuilly for the first time<\/strong>under the name Nobiliacum. This document, nicknamed \"Burchard's Charter\", mentions the change of ownership of a \"villa\", a name given at the time to a large estate exploiting the land for the benefit of a lord. It is therefore certain that the villa of Nobiliacum existed before 998, even if the date of its foundation is unknown.<\/p><p>According to the association's research, the name \"Nobiliacum\", sometimes spelt \"Noviliacum\", is derived from the Latin term \"Novale\", which refers to <strong>newly cleared land <\/strong>that has just been cultivated. The term could be the origin of all the Neuilly villages, as well as other similar names, such as that of the village of Novalaise in Savoie. What they all have in common is their proximity to a river and a forest. Neuilly-sur-Marne is no exception: <strong>The Bondy forest once stretched as far as the Marne.<\/strong><\/p><p>Nobiliacum developed over the following two centuries, in particular <strong>thanks to the preacher Foulques de Neuilly<\/strong>a major figure in the 4<sup>th<\/sup> The Crusade was responsible for the construction of the church of Saint-Baudile in 1118. The <em>\"newly cleared land<\/em> have changed: a document dated 12<sup>th<\/sup> century indicates that <strong>Neuilly is no longer a \"villa\" but a \"vicus\".<\/strong>a term used to designate a market town.<\/p>\t\t\t\t\t\t\t\t<\/div>\n\t\t\t\t<\/div>\n\t\t\t\t<\/div>\n\t\t\t\t\t<\/details>\n\t\t\t\t\t\t<details id=\"e-n-accordion-item-2032\" class=\"e-n-accordion-item\" >\n\t\t\t\t<summary class=\"e-n-accordion-item-title\" data-accordion-index=\"3\" tabindex=\"-1\" aria-expanded=\"false\" aria-controls=\"e-n-accordion-item-2032\" >\n\t\t\t\t\t<span class='e-n-accordion-item-title-header'><div class=\"e-n-accordion-item-title-text\"> Castles, asylums and separation <\/div><\/span>\n\t\t\t\t\t\t\t<span class='e-n-accordion-item-title-icon'>\n\t\t\t<span class='e-opened' ><svg aria-hidden=\"true\" class=\"e-font-icon-svg e-fas-minus\" viewbox=\"0 0 448 512\" xmlns=\"http:\/\/www.w3.org\/2000\/svg\"><path d=\"M416 208H32c-17.67 0-32 14.33-32 32v32c0 17.67 14.33 32 32 32h384c17.67 0 32-14.33 32-32v-32c0-17.67-14.33-32-32-32z\"><\/path><\/svg><\/span>\n\t\t\t<span class='e-closed'><svg aria-hidden=\"true\" class=\"e-font-icon-svg e-fas-plus\" viewbox=\"0 0 448 512\" xmlns=\"http:\/\/www.w3.org\/2000\/svg\"><path d=\"M416 208H272V64c0-17.67-14.33-32-32-32h-32c-17.67 0-32 14.33-32 32v144H32c-17.67 0-32 14.33-32 32v32c0 17.67 14.33 32 32 32h144v144c0 17.67 14.33 32 32 32h32c17.67 0 32-14.33 32-32V304h144c17.67 0 32-14.33 32-32v-32c0-17.67-14.33-32-32-32z\"><\/path><\/svg><\/span>\n\t\t<\/span>\n\n\t\t\t\t\t\t<\/summary>\n\t\t\t\t<div role=\"region\" aria-labelledby=\"e-n-accordion-item-2032\" class=\"elementor-element elementor-element-533f109 e-con-full e-flex e-con e-child\" data-id=\"533f109\" data-element_type=\"container\" data-e-type=\"container\">\n\t\t\t\t<div class=\"elementor-element elementor-element-150a6bb elementor-widget elementor-widget-text-editor\" data-id=\"150a6bb\" data-element_type=\"widget\" data-e-type=\"widget\" data-widget_type=\"text-editor.default\">\n\t\t\t\t<div class=\"elementor-widget-container\">\n\t\t\t\t\t\t\t\t\t<p>At 18<sup>th<\/sup> In the 19th century, Neuilly-sur-Marne consisted mainly of meadows, arable land and a few woods. Castles were emerging, notably Ville-Evrard, and <strong>the village is slowly becoming populated<\/strong>\u00a0Shortly after the French Revolution, there were fewer than 600 inhabitants. In 1790, the first mayor was elected, Jean-Pierre Hercend, a surgeon and notary. Local history is more likely to remember one of his contemporaries: <strong>General Fran\u00e7ois-Xavier Donzelot, famous military officer<\/strong> whose name is engraved on the Arc de Triomphe, who owned the huge Ville-Evrard estate, which he built between 1804 and 1825. After his death, the estate was converted into an insane asylum.<\/p><p>A number of major events marked the Neuilly of the 19<sup>th<\/sup> century: <strong>the Prussian assault in 1870<\/strong>The first bridge over the Marne, the first school, the opening of a tramway line and the Compagnie des Eaux factory, the creation of a second asylum at Maison-Blanche... But the key date for all Noc\u00e9ens will remain 13 April 1892, <strong>when a third of the territory of Neuilly-sur-Marne became the new municipality of Neuilly-Plaisance<\/strong>.<\/p>\t\t\t\t\t\t\t\t<\/div>\n\t\t\t\t<\/div>\n\t\t\t\t<\/div>\n\t\t\t\t\t<\/details>\n\t\t\t\t\t\t<details id=\"e-n-accordion-item-2033\" class=\"e-n-accordion-item\" >\n\t\t\t\t<summary class=\"e-n-accordion-item-title\" data-accordion-index=\"4\" tabindex=\"-1\" aria-expanded=\"false\" aria-controls=\"e-n-accordion-item-2033\" >\n\t\t\t\t\t<span class='e-n-accordion-item-title-header'><div class=\"e-n-accordion-item-title-text\"> A city undergoing transformation <\/div><\/span>\n\t\t\t\t\t\t\t<span class='e-n-accordion-item-title-icon'>\n\t\t\t<span class='e-opened' ><svg aria-hidden=\"true\" class=\"e-font-icon-svg e-fas-minus\" viewbox=\"0 0 448 512\" xmlns=\"http:\/\/www.w3.org\/2000\/svg\"><path d=\"M416 208H32c-17.67 0-32 14.33-32 32v32c0 17.67 14.33 32 32 32h384c17.67 0 32-14.33 32-32v-32c0-17.67-14.33-32-32-32z\"><\/path><\/svg><\/span>\n\t\t\t<span class='e-closed'><svg aria-hidden=\"true\" class=\"e-font-icon-svg e-fas-plus\" viewbox=\"0 0 448 512\" xmlns=\"http:\/\/www.w3.org\/2000\/svg\"><path d=\"M416 208H272V64c0-17.67-14.33-32-32-32h-32c-17.67 0-32 14.33-32 32v144H32c-17.67 0-32 14.33-32 32v32c0 17.67 14.33 32 32 32h144v144c0 17.67 14.33 32 32 32h32c17.67 0 32-14.33 32-32V304h144c17.67 0 32-14.33 32-32v-32c0-17.67-14.33-32-32-32z\"><\/path><\/svg><\/span>\n\t\t<\/span>\n\n\t\t\t\t\t\t<\/summary>\n\t\t\t\t<div role=\"region\" aria-labelledby=\"e-n-accordion-item-2033\" class=\"elementor-element elementor-element-100ec10 e-con-full e-flex e-con e-child\" data-id=\"100ec10\" data-element_type=\"container\" data-e-type=\"container\">\n\t\t\t\t<div class=\"elementor-element elementor-element-7c9ff1b elementor-widget elementor-widget-text-editor\" data-id=\"7c9ff1b\" data-element_type=\"widget\" data-e-type=\"widget\" data-widget_type=\"text-editor.default\">\n\t\t\t\t<div class=\"elementor-widget-container\">\n\t\t\t\t\t\t\t\t\t<p>The separation of the two communes occurred at a time when <strong>the population of Neuilly-sur-Marne has exploded<\/strong>This led to the creation of new districts, such as L'\u00c9pi d'or. Between 1892 and 1927, the population rose from 1,600 to 8,600. After the Occupation, between 15 June 1940 and 27 August 1944, a new census raised the population above 10,000, then to 15,000 in the early 1960s. <strong>Between 1962 and 1975, the number of people living in Noc\u00e9 doubled<\/strong> to 30,000. In the meantime, Neuilly-sur-Marne changed d\u00e9partement: until then it had been in Seine-et-Oise, <strong>in 1968 it became part of the newly created department of Seine-Saint-Denis<\/strong>.<\/p><p>This demographic boom has not been without consequences, with <strong>the development of major property projects<\/strong>including those in the Fauvettes and Crois\u00e9s districts near the church. The very structure of Neuilly, with its main Paris street and town centre shops, was turned upside down in the second half of the 20th century.<sup>th<\/sup> century. <strong>RN 34 bypass in 1961<\/strong>destruction of many buildings in the old town centre, <strong>construction of the dual carriageway on rue Marx Dormoy<\/strong>the disappearance of the Place d'Armes...<\/p><p>In order to revive the old town centre and connect it to the Marne, a number of initiatives have been undertaken in recent years, including <strong>the inauguration of Neuilly Village and the development of the Rives de Paris tourist area<\/strong>These include the renaturation of Place Stalingrad, the transformation of the municipal campsite, and the municipality's commitment to making the Marne river swimmable. A greener future, to rediscover the tranquillity of old Neuilly.<\/p>\t\t\t\t\t\t\t\t<\/div>\n\t\t\t\t<\/div>\n\t\t\t\t<\/div>\n\t\t\t\t\t<\/details>\n\t\t\t\t\t<\/div>\n\t\t\t\t\t\t<\/div>\n\t\t\t\t<\/div>\n\t\t\t\t<div class=\"elementor-element elementor-element-57eb838 elementor-widget elementor-widget-text-editor\" data-id=\"57eb838\" data-element_type=\"widget\" data-e-type=\"widget\" data-widget_type=\"text-editor.default\">\n\t\t\t\t<div class=\"elementor-widget-container\">\n\t\t\t\t\t\t\t\t\t<h2>The Mayors of Neuilly<\/h2>\t\t\t\t\t\t\t\t<\/div>\n\t\t\t\t<\/div>\n\t\t\t\t<div class=\"elementor-element elementor-element-4294ae3 elementor-widget elementor-widget-n-accordion\" data-id=\"4294ae3\" data-element_type=\"widget\" data-e-type=\"widget\" data-settings=\"{&quot;default_state&quot;:&quot;all_collapsed&quot;,&quot;max_items_expended&quot;:&quot;one&quot;,&quot;n_accordion_animation_duration&quot;:{&quot;unit&quot;:&quot;ms&quot;,&quot;size&quot;:400,&quot;sizes&quot;:[]}}\" data-widget_type=\"nested-accordion.default\">\n\t\t\t\t<div class=\"elementor-widget-container\">\n\t\t\t\t\t\t\t<div class=\"e-n-accordion\" aria-label=\"Accordion. Open links with Enter or Space, close with Escape, and navigate with Arrow Keys\">\n\t\t\t\t\t\t<details id=\"e-n-accordion-item-6980\" class=\"e-n-accordion-item\" >\n\t\t\t\t<summary class=\"e-n-accordion-item-title\" data-accordion-index=\"1\" tabindex=\"0\" aria-expanded=\"false\" aria-controls=\"e-n-accordion-item-6980\" >\n\t\t\t\t\t<span class='e-n-accordion-item-title-header'><div class=\"e-n-accordion-item-title-text\"> Dates of the municipal elections in Neuilly-sur-Marne <\/div><\/span>\n\t\t\t\t\t\t\t<span class='e-n-accordion-item-title-icon'>\n\t\t\t<span class='e-opened' ><svg aria-hidden=\"true\" class=\"e-font-icon-svg e-fas-minus\" viewbox=\"0 0 448 512\" xmlns=\"http:\/\/www.w3.org\/2000\/svg\"><path d=\"M416 208H32c-17.67 0-32 14.33-32 32v32c0 17.67 14.33 32 32 32h384c17.67 0 32-14.33 32-32v-32c0-17.67-14.33-32-32-32z\"><\/path><\/svg><\/span>\n\t\t\t<span class='e-closed'><svg aria-hidden=\"true\" class=\"e-font-icon-svg e-fas-plus\" viewbox=\"0 0 448 512\" xmlns=\"http:\/\/www.w3.org\/2000\/svg\"><path d=\"M416 208H272V64c0-17.67-14.33-32-32-32h-32c-17.67 0-32 14.33-32 32v144H32c-17.67 0-32 14.33-32 32v32c0 17.67 14.33 32 32 32h144v144c0 17.67 14.33 32 32 32h32c17.67 0 32-14.33 32-32V304h144c17.67 0 32-14.33 32-32v-32c0-17.67-14.33-32-32-32z\"><\/path><\/svg><\/span>\n\t\t<\/span>\n\n\t\t\t\t\t\t<\/summary>\n\t\t\t\t<div role=\"region\" aria-labelledby=\"e-n-accordion-item-6980\" class=\"elementor-element elementor-element-2b33a92 e-con-full e-flex e-con e-child\" data-id=\"2b33a92\" data-element_type=\"container\" data-e-type=\"container\">\n\t\t\t\t<div class=\"elementor-element elementor-element-ec990a7 elementor-widget elementor-widget-text-editor\" data-id=\"ec990a7\" data-element_type=\"widget\" data-e-type=\"widget\" data-widget_type=\"text-editor.default\">\n\t\t\t\t<div class=\"elementor-widget-container\">\n\t\t\t\t\t\t\t\t\t<ul><li>1870: Installation of the Town Council on 25 August 1870.<\/li><li>1874: 22 and 29 November 1874, installation of the Municipal Council on 14 December 1874.<\/li><li>1878: 6 January 1878 (by-election?).<\/li><li>1881: 9 and 16 January 1881, installation of the Town Council on 23 January 1881.<\/li><li>1884: 4 and 11 May 1884, installation of the Municipal Council on 18 May 1884.<\/li><li>1888: 6 and 13 May 1888, installation of the Municipal Council on 31 May 1888.<\/li><li>1892: Complete renewal of the Municipal Council following the split of the two communes, Neuilly-sur-Marne and Neuilly-Plaisance. Elections held on 1<sup>er<\/sup> and 8 May 1892, installation of the Municipal Council on 15 May 1892.<\/li><li>1895: 9 June 1895, installation of the Town Council on 16 June 1895.<\/li><li>1896: 3 and 10 May 1896, installation of the Town Council on 17 May 1896.<\/li><li>1897: Election of 4 members of the Town Council on 20 June 1897, installation of the Town Council on 1 June 1897.<sup>er<\/sup> July 1897.<\/li><li>1904\u00a0: 1<sup>er<\/sup> May 1904, installation of the Municipal Council on 15 May 1904.<\/li><li>1908: 3 and 10 May 1908, installation of the Municipal Council on 17 May 1908. The municipal majority was made up of the \"Liste d'Union R\u00e9publicaine des gauches et d'int\u00e9r\u00eat local\".<\/li><li>1912: 5 and 12 May 1912, installation of the Municipal Council on 19 May 1912.<\/li><li>1919: 30 November 1919, installation of the Municipal Council on 10 December 1919. The municipal majority was made up of the Republican Union of the Left and Local Interest List.<\/li><li>1925: 3 and 10 May 1925, installation of the Municipal Council on 17 May 1925. The municipal majority was made up of the Union R\u00e9publicaine des gauches and local interest list.<\/li><li>1929: The second round was held on 12 May 1929. The municipal majority was made up of the Liste d'Union R\u00e9publicaine des gauches et d'int\u00e9r\u00eat local.<\/li><li>1935: 5 and 12 May 1935, installation of the Municipal Council on 17 May 1935. The municipal majority was mainly made up of members of the French Communist Party.<\/li><li>4 September 1944: dissolution of the special delegation. A municipal council was appointed by the local Liberation Committee. Two women were appointed to the council for the first time. Women were granted the right to vote after the Second World War.<\/li><li>1945: Installation on 2 March 1945 of the Municipal Council elected before 1 March 1945.<sup>er<\/sup> September 1939 and reinstated by prefectoral decree on 26 January 1945.<\/li><li>1945: 29 April and 13 May 1945. The municipal majority was made up of the anti-fascist Republican Union list led by the French Communist Party.<\/li><li>1947: 19 and 26 October 1947. The municipal majority was made up of the List of Republican and Resistance Union and Defence of Communal Interests presented by the French Communist Party.<\/li><li>1953: 26 April 1953, installation of the Municipal Council on 7 May 1953. The municipal majority was made up of the List d'union ouvri\u00e8re et d\u00e9mocratique pour la d\u00e9fense des libert\u00e9s, des revendications, de l'\u00e9cole la\u00efque et de la paix dans l'ind\u00e9pendance nationale presented by the French Communist Party.<\/li><li>1959: 8 March 1959, installation of the Municipal Council on 15 March 1959. The municipal majority was made up of the \"Liste ouvri\u00e8re et d\u00e9mocratique pour la d\u00e9fense de la R\u00e9publique, de la paix, de l'\u00e9cole la\u00efque et des int\u00e9r\u00eats communaux\" presented by the French Communist Party.<\/li><li>1965: 14 and 21 March 1965, installation of the Municipal Council on 27 March 1965. The municipal majority was made up of the Democratic and Social Action List.<\/li><li>1971: 14 March 1971, installation of the Municipal Council on 19 March 1971<\/li><li>1974: new election of Mayor on 28 March 1974 following the resignation of Mr Chassagne.<\/li><li>1977: 13 and 20 March 1977, installation of the Municipal Council on 25 March 1977. The municipal majority was made up of the Left and Democrats Union List.<\/li><li>1983: 6 March 1983, installation of the Municipal Council on 17 March 1983. The municipal majority is made up of the Left and Democrats Union List.<\/li><li>1989: 12 March 1989, installation of the Municipal Council on 17 March 1989. The municipal majority is made up of the Neuilly-sur-Marne unie list.<\/li><li>1995: 11 June 1995, installation of the Municipal Council on 16 June 1995. The municipal majority is made up of the List Pour Neuilly-sur-Marne poursuivons ensemble.<\/li><li>2001: 11 March 2001, installation of the Municipal Council on 16 March 2001. The municipal majority is made up of the List Pour Neuilly-sur-Marne, ensemble c\u00f4t\u00e9 c\u0153ur.<\/li><li>2008: 9 March 2008, installation of the Municipal Council on 14 March 2008. The municipal majority is made up of the List Parler vrai, agir en solidarit\u00e9.<\/li><li>2014: 23 March 2014, installation of the Municipal Council on 28 March 2014. The municipal majority is made up of the List Pour am\u00e9liorer, encore, la vie des noc\u00e9ens.<\/li><li>2020: 15 March and 28 June 2020, installation of the Municipal Council on 5 July 2020. The municipal majority is made up of the Liste Noc\u00e9ens unis pour le changement.<\/li><li>2022: 13 February 2022, installation of the Municipal Council on 19 February 2022. The municipal majority is made up of the List Ensemble, continuons le changement.<\/li><\/ul>\t\t\t\t\t\t\t\t<\/div>\n\t\t\t\t<\/div>\n\t\t\t\t<\/div>\n\t\t\t\t\t<\/details>\n\t\t\t\t\t\t<details id=\"e-n-accordion-item-6981\" class=\"e-n-accordion-item\" >\n\t\t\t\t<summary class=\"e-n-accordion-item-title\" data-accordion-index=\"2\" tabindex=\"-1\" aria-expanded=\"false\" aria-controls=\"e-n-accordion-item-6981\" >\n\t\t\t\t\t<span class='e-n-accordion-item-title-header'><div class=\"e-n-accordion-item-title-text\"> The mayors of the 18th century <\/div><\/span>\n\t\t\t\t\t\t\t<span class='e-n-accordion-item-title-icon'>\n\t\t\t<span class='e-opened' ><svg aria-hidden=\"true\" class=\"e-font-icon-svg e-fas-minus\" viewbox=\"0 0 448 512\" xmlns=\"http:\/\/www.w3.org\/2000\/svg\"><path d=\"M416 208H32c-17.67 0-32 14.33-32 32v32c0 17.67 14.33 32 32 32h384c17.67 0 32-14.33 32-32v-32c0-17.67-14.33-32-32-32z\"><\/path><\/svg><\/span>\n\t\t\t<span class='e-closed'><svg aria-hidden=\"true\" class=\"e-font-icon-svg e-fas-plus\" viewbox=\"0 0 448 512\" xmlns=\"http:\/\/www.w3.org\/2000\/svg\"><path d=\"M416 208H272V64c0-17.67-14.33-32-32-32h-32c-17.67 0-32 14.33-32 32v144H32c-17.67 0-32 14.33-32 32v32c0 17.67 14.33 32 32 32h144v144c0 17.67 14.33 32 32 32h32c17.67 0 32-14.33 32-32V304h144c17.67 0 32-14.33 32-32v-32c0-17.67-14.33-32-32-32z\"><\/path><\/svg><\/span>\n\t\t<\/span>\n\n\t\t\t\t\t\t<\/summary>\n\t\t\t\t<div role=\"region\" aria-labelledby=\"e-n-accordion-item-6981\" class=\"elementor-element elementor-element-0af5da6 e-con-full e-flex e-con e-child\" data-id=\"0af5da6\" data-element_type=\"container\" data-e-type=\"container\">\n\t\t\t\t<div class=\"elementor-element elementor-element-d0a004e elementor-widget elementor-widget-text-editor\" data-id=\"d0a004e\" data-element_type=\"widget\" data-e-type=\"widget\" data-widget_type=\"text-editor.default\">\n\t\t\t\t<div class=\"elementor-widget-container\">\n\t\t\t\t\t\t\t\t\t<ul><li>1790-1972 : <strong>Jean-Pierre Hercend<\/strong>Born on 17 February or August 1742 in Vienne in the Dauphin\u00e9, married on 16 November 1767 to Marie Th\u00e9r\u00e8se Naudet in Neuilly-sur-Marne, died after 1817 (whereabouts unknown to date, Paris?). At the age of 25, he settled in Neuilly in 1767 as a surgeon. He was appointed fiscal procurator by the seigneur before becoming a notary in 1783. Syndic in 1789, then Mayor, he was also a member of the department's electoral assembly. A signatory to the cahiers de dol\u00e9ances, he signed documents as Mayor on 29 September 1790, 13 February 1791 and from 20 November 1792.<\/li><li>1792\u00a0: <strong>Etienne Marlan<\/strong>born on 15 July 1741 and died on 9 March 1810 in Neuilly-sur-Marne.<\/li><li>1792-1795\u00a0: <strong>Jean-Pierre Hercend<\/strong><\/li><li>1795-1796\u00a0: <strong>Louis Marthe Boileau<\/strong>who appeared as the commune's public officer to draw up civil status records from 6 November 1792.<\/li><li>1796-1800\u00a0: <strong>Albert Joseph Leroy-Dunatois<\/strong><\/li><\/ul>\t\t\t\t\t\t\t\t<\/div>\n\t\t\t\t<\/div>\n\t\t\t\t<\/div>\n\t\t\t\t\t<\/details>\n\t\t\t\t\t\t<details id=\"e-n-accordion-item-6982\" class=\"e-n-accordion-item\" >\n\t\t\t\t<summary class=\"e-n-accordion-item-title\" data-accordion-index=\"3\" tabindex=\"-1\" aria-expanded=\"false\" aria-controls=\"e-n-accordion-item-6982\" >\n\t\t\t\t\t<span class='e-n-accordion-item-title-header'><div class=\"e-n-accordion-item-title-text\"> Mayors of the 19th century <\/div><\/span>\n\t\t\t\t\t\t\t<span class='e-n-accordion-item-title-icon'>\n\t\t\t<span class='e-opened' ><svg aria-hidden=\"true\" class=\"e-font-icon-svg e-fas-minus\" viewbox=\"0 0 448 512\" xmlns=\"http:\/\/www.w3.org\/2000\/svg\"><path d=\"M416 208H32c-17.67 0-32 14.33-32 32v32c0 17.67 14.33 32 32 32h384c17.67 0 32-14.33 32-32v-32c0-17.67-14.33-32-32-32z\"><\/path><\/svg><\/span>\n\t\t\t<span class='e-closed'><svg aria-hidden=\"true\" class=\"e-font-icon-svg e-fas-plus\" viewbox=\"0 0 448 512\" xmlns=\"http:\/\/www.w3.org\/2000\/svg\"><path d=\"M416 208H272V64c0-17.67-14.33-32-32-32h-32c-17.67 0-32 14.33-32 32v144H32c-17.67 0-32 14.33-32 32v32c0 17.67 14.33 32 32 32h144v144c0 17.67 14.33 32 32 32h32c17.67 0 32-14.33 32-32V304h144c17.67 0 32-14.33 32-32v-32c0-17.67-14.33-32-32-32z\"><\/path><\/svg><\/span>\n\t\t<\/span>\n\n\t\t\t\t\t\t<\/summary>\n\t\t\t\t<div role=\"region\" aria-labelledby=\"e-n-accordion-item-6982\" class=\"elementor-element elementor-element-5ef74b7 e-con-full e-flex e-con e-child\" data-id=\"5ef74b7\" data-element_type=\"container\" data-e-type=\"container\">\n\t\t\t\t<div class=\"elementor-element elementor-element-5030842 elementor-widget elementor-widget-text-editor\" data-id=\"5030842\" data-element_type=\"widget\" data-e-type=\"widget\" data-widget_type=\"text-editor.default\">\n\t\t\t\t<div class=\"elementor-widget-container\">\n\t\t\t\t\t\t\t\t\t<ul><li>1808-1826\u00a0: <strong>Louis Samson<\/strong><\/li><li>1827\u00a0: <strong>Pierre Joseph Debionne<\/strong> (no certainty)<\/li><li>1827\u00a0: <strong>Fran\u00e7ois Th\u00e9odore Marie Peneau<\/strong>born in 1787 in Vertou (Loire Inf\u00e9rieure), died on 12 March 1866 in Neuilly-sur-Marne, surgeon.<\/li><li>1834\u00a0: <strong>Welcome Samson<\/strong><\/li><li>1843\u00a0: <strong>Fran\u00e7ois Th\u00e9odore Marie Peneau<\/strong>born in 1787 in Vertou (Loire Inf\u00e9rieure), died on 12 March 1866 in Neuilly-sur-Marne, surgeon.<\/li><li>1846\u00a0: <strong>Jean Baptiste Isidore Collet<\/strong><\/li><li>1847-1863\u00a0: <strong>Louis Ferdinand Marlan<\/strong>born on 1<sup>er<\/sup> fructidor an XIII (19 August 1805), annuitant, domiciled in Neuilly-sur-Marne.<\/li><li>1863-1873\u00a0: <strong>C\u00e9sar Huvelle<\/strong>owner, born on 3 January 1803, resident in Neuilly-sur-Marne.<\/li><li>1873-1876\u00a0: <strong>Jules Louis Gu\u00e9rin<\/strong>farmer born on 23 May 1814, resident in Neuilly-sur-Marne, appointed on 15 September 1873 following the resignation of C\u00e9sar Huvelle.<\/li><li>1878\u00a0: <strong>Henri Vermeil<\/strong>born 13 May 1847, doctor, lives in Neuilly-sur-Marne.<\/li><li>1881\u00a0: <strong>Nicolas Adolphe Jolliot<\/strong>born 17 September 1839, architect, lives in Neuilly-sur-Marne.<\/li><li>1884\u00a0: <strong>Jean Marie Ernest Fouquet<\/strong>born on 10 December 1839, employed by the Ministry of Agriculture, resident in the hamlet of Plaisance.<\/li><li>1888\u00a0: <strong>Jean Marie Ernest Fouquet<\/strong>born on 10 December 1839, owner, resident in the hamlet of Plaisance.<\/li><li>28 February 1892: <strong>Jean Igout<\/strong>born 23 February 1837, income earner, resident in the hamlet of Plaisance.<\/li><li>15 May 1892-1896 : <strong>Henri Louis Leclaire<\/strong>born 3 September 1846, industrialist, lives in Neuilly-sur-Marne.<\/li><li>1896\u00a0: <strong>Hippolyte Rousselet<\/strong>wheelwright, born 19 March 1847 in Neuilly-sur-Marne.<\/li><li>1897\u00a0: <strong>Alphonse Florentin Dupuis<\/strong>born on 6 October or November 1821, annuitant.<\/li><\/ul>\t\t\t\t\t\t\t\t<\/div>\n\t\t\t\t<\/div>\n\t\t\t\t<\/div>\n\t\t\t\t\t<\/details>\n\t\t\t\t\t\t<details id=\"e-n-accordion-item-6983\" class=\"e-n-accordion-item\" >\n\t\t\t\t<summary class=\"e-n-accordion-item-title\" data-accordion-index=\"4\" tabindex=\"-1\" aria-expanded=\"false\" aria-controls=\"e-n-accordion-item-6983\" >\n\t\t\t\t\t<span class='e-n-accordion-item-title-header'><div class=\"e-n-accordion-item-title-text\"> Mayors of the 20th century <\/div><\/span>\n\t\t\t\t\t\t\t<span class='e-n-accordion-item-title-icon'>\n\t\t\t<span class='e-opened' ><svg aria-hidden=\"true\" class=\"e-font-icon-svg e-fas-minus\" viewbox=\"0 0 448 512\" xmlns=\"http:\/\/www.w3.org\/2000\/svg\"><path d=\"M416 208H32c-17.67 0-32 14.33-32 32v32c0 17.67 14.33 32 32 32h384c17.67 0 32-14.33 32-32v-32c0-17.67-14.33-32-32-32z\"><\/path><\/svg><\/span>\n\t\t\t<span class='e-closed'><svg aria-hidden=\"true\" class=\"e-font-icon-svg e-fas-plus\" viewbox=\"0 0 448 512\" xmlns=\"http:\/\/www.w3.org\/2000\/svg\"><path d=\"M416 208H272V64c0-17.67-14.33-32-32-32h-32c-17.67 0-32 14.33-32 32v144H32c-17.67 0-32 14.33-32 32v32c0 17.67 14.33 32 32 32h144v144c0 17.67 14.33 32 32 32h32c17.67 0 32-14.33 32-32V304h144c17.67 0 32-14.33 32-32v-32c0-17.67-14.33-32-32-32z\"><\/path><\/svg><\/span>\n\t\t<\/span>\n\n\t\t\t\t\t\t<\/summary>\n\t\t\t\t<div role=\"region\" aria-labelledby=\"e-n-accordion-item-6983\" class=\"elementor-element elementor-element-89f2f42 e-flex e-con-boxed e-con e-child\" data-id=\"89f2f42\" data-element_type=\"container\" data-e-type=\"container\">\n\t\t\t\t\t<div class=\"e-con-inner\">\n\t\t\t\t<div class=\"elementor-element elementor-element-35e4639 elementor-widget elementor-widget-text-editor\" data-id=\"35e4639\" data-element_type=\"widget\" data-e-type=\"widget\" data-widget_type=\"text-editor.default\">\n\t\t\t\t<div class=\"elementor-widget-container\">\n\t\t\t\t\t\t\t\t\t<ul><li>1904-1935\u00a0: <strong>Louis Eug\u00e8ne Clovis Amiard<\/strong>born 4 April 1872 in Paris, lawyer, died 8 June 1935 in Paris.<\/li><li>1935\u00a0: <strong>Th\u00e9ophile Gaubert<\/strong>born 20 April 1875 in Figeac (Lot), retired union member, died 16 June 1964 in La Ciotat.<\/li><li>4 October 1939: Following the dissolution of the Communist Party, a decree instituted a special delegation to administer the commune, chaired by M. Hilaire, known as the \"Delegation\". <strong>Henri Robitaillie<\/strong>notary, born 21 October 1876 in Rubrouck (Nord), died 12 March 1963 in Casablanca.<\/li><li>21 September 1940: appointment of<strong>Isidore Cadario<\/strong>engineer, born April 4, 1887 in Montbrison (Loire), died in Drancy on September 15, 1962, chairman of the special delegation in place of M. Robitaillie, who resigned.<\/li><li>15 April 1941: <strong>Isidore Cadario<\/strong> was appointed Mayor of the commune by the Prefect of Seine-et-Oise.<\/li><li>25 July 1941 : <strong>Louis Porte<\/strong>Louis Porte, a market gardener born in Issy-les-Moulineaux on 18 February 1884, was appointed Mayor of the commune by the Prefect of Seine-et-Oise. Arrested by the Germans in July 1944 in reprisal for demonstrations, Louis Porte was deported to Buchenwald on 12 November 1944.<\/li><li>4 September 1944 : <strong>Th\u00e9ophile Gaubert<\/strong> is the Mayor appointed by the local Liberation Committee.<\/li><li>1945-1953\u00a0: <strong>Th\u00e9ophile Gaubert<\/strong>born 20 April 1875 in Figeac (Lot), died 16 June 1964 in La Ciotat.<\/li><li>1953-1965\u00a0: <strong>Raymond Bilbor<\/strong>born 7 March 1898 in Ch\u00e2lons-sur-Marne (Marne), died 9 December 1970 in Neuilly-sur-Marne. <strong>Th\u00e9ophile Gaubert<\/strong> was elected honorary mayor at the start of the 1953-1959 term.<\/li><li>1965-1974\u00a0: <strong>Raymond Chassagne<\/strong>born 5 August 1911 in Le V\u00e9sinet (Yvelines, formerly Seine-et-Oise), died 11 July 1981 in Nice, notary public.<\/li><li>1974-1977\u00a0: <strong>Andr\u00e9 Kremser<\/strong>born 16 September 1910 in Reims (Marne), engineer.<\/li><li>1977-2020\u00a0: <strong>Jacques Mah\u00e9as<\/strong>born on 10 July 1939, died on 20 August 2022 in Nice, principal of a secondary school.<\/li><\/ul>\t\t\t\t\t\t\t\t<\/div>\n\t\t\t\t<\/div>\n\t\t\t\t\t<\/div>\n\t\t\t\t<\/div>\n\t\t\t\t\t<\/details>\n\t\t\t\t\t\t<details id=\"e-n-accordion-item-6984\" class=\"e-n-accordion-item\" >\n\t\t\t\t<summary class=\"e-n-accordion-item-title\" data-accordion-index=\"5\" tabindex=\"-1\" aria-expanded=\"false\" aria-controls=\"e-n-accordion-item-6984\" >\n\t\t\t\t\t<span class='e-n-accordion-item-title-header'><div class=\"e-n-accordion-item-title-text\"> Mayors of the 21st century <\/div><\/span>\n\t\t\t\t\t\t\t<span class='e-n-accordion-item-title-icon'>\n\t\t\t<span class='e-opened' ><svg aria-hidden=\"true\" class=\"e-font-icon-svg e-fas-minus\" viewbox=\"0 0 448 512\" xmlns=\"http:\/\/www.w3.org\/2000\/svg\"><path d=\"M416 208H32c-17.67 0-32 14.33-32 32v32c0 17.67 14.33 32 32 32h384c17.67 0 32-14.33 32-32v-32c0-17.67-14.33-32-32-32z\"><\/path><\/svg><\/span>\n\t\t\t<span class='e-closed'><svg aria-hidden=\"true\" class=\"e-font-icon-svg e-fas-plus\" viewbox=\"0 0 448 512\" xmlns=\"http:\/\/www.w3.org\/2000\/svg\"><path d=\"M416 208H272V64c0-17.67-14.33-32-32-32h-32c-17.67 0-32 14.33-32 32v144H32c-17.67 0-32 14.33-32 32v32c0 17.67 14.33 32 32 32h144v144c0 17.67 14.33 32 32 32h32c17.67 0 32-14.33 32-32V304h144c17.67 0 32-14.33 32-32v-32c0-17.67-14.33-32-32-32z\"><\/path><\/svg><\/span>\n\t\t<\/span>\n\n\t\t\t\t\t\t<\/summary>\n\t\t\t\t<div role=\"region\" aria-labelledby=\"e-n-accordion-item-6984\" class=\"elementor-element elementor-element-0ca8620 e-flex e-con-boxed e-con e-child\" data-id=\"0ca8620\" data-element_type=\"container\" data-e-type=\"container\">\n\t\t\t\t\t<div class=\"e-con-inner\">\n\t\t\t\t<div class=\"elementor-element elementor-element-96ad516 elementor-widget elementor-widget-text-editor\" data-id=\"96ad516\" data-element_type=\"widget\" data-e-type=\"widget\" data-widget_type=\"text-editor.default\">\n\t\t\t\t<div class=\"elementor-widget-container\">\n\t\t\t\t\t\t\t\t\t<ul><li>2020-2022\u00a0: <strong>Zartoshte Bakhtiari<\/strong>born 21 March 1990, lawyer.<\/li><li>2022\u00a0: <strong>Zartoshte Bakhtiari<\/strong>born 21 March 1990, lawyer.<\/li><\/ul>\t\t\t\t\t\t\t\t<\/div>\n\t\t\t\t<\/div>\n\t\t\t\t\t<\/div>\n\t\t\t\t<\/div>\n\t\t\t\t\t<\/details>\n\t\t\t\t\t<\/div>\n\t\t\t\t\t\t<\/div>\n\t\t\t\t<\/div>\n\t\t\t\t\t<\/div>\n\t\t\t\t<\/div>\n\t\t\t\t<\/div>","protected":false},"excerpt":{"rendered":"<p>Histoire de la Ville Par o\u00f9 commencer l&rsquo;histoire de Neuilly-sur-Marne ? S\u2019il est difficile de savoir pr\u00e9cis\u00e9ment \u00e0 partir de quand le territoire correspondant \u00e0 notre commune a commenc\u00e9 \u00e0 \u00eatre occup\u00e9 par l\u2019Homme, des traces nous permettent de remonter tr\u00e8s loin. Des bifaces datant de l\u2019Acheul\u00e9en retrouv\u00e9s sur le site de Ville-Evrard signalent une [&hellip;]<\/p>\n","protected":false},"author":1,"featured_media":9875,"parent":0,"menu_order":0,"comment_status":"closed","ping_status":"closed","template":"","meta":{"_acf_changed":false,"footnotes":""},"class_list":["post-6447","page","type-page","status-publish","has-post-thumbnail","hentry"],"acf":[],"yoast_head":"<!-- This site is optimized with the Yoast SEO plugin v27.4 - https:\/\/yoast.com\/product\/yoast-seo-wordpress\/ -->\n<title>Histoire noc\u00e9enne - Mairie de Neuilly-sur-Marne<\/title>\n<meta name=\"robots\" content=\"index, follow, max-snippet:-1, max-image-preview:large, max-video-preview:-1\" \/>\n<link rel=\"canonical\" href=\"https:\/\/www.neuillysurmarne.fr\/en\/histoire-noceenne\/\" \/>\n<meta property=\"og:locale\" content=\"en_GB\" \/>\n<meta property=\"og:type\" content=\"article\" \/>\n<meta property=\"og:title\" content=\"Histoire noc\u00e9enne - Mairie de Neuilly-sur-Marne\" \/>\n<meta property=\"og:description\" content=\"Histoire de la Ville Par o\u00f9 commencer l&rsquo;histoire de Neuilly-sur-Marne ? S\u2019il est difficile de savoir pr\u00e9cis\u00e9ment \u00e0 partir de quand le territoire correspondant \u00e0 notre commune a commenc\u00e9 \u00e0 \u00eatre occup\u00e9 par l\u2019Homme, des traces nous permettent de remonter tr\u00e8s loin. Des bifaces datant de l\u2019Acheul\u00e9en retrouv\u00e9s sur le site de Ville-Evrard signalent une [&hellip;]\" \/>\n<meta property=\"og:url\" content=\"https:\/\/www.neuillysurmarne.fr\/en\/histoire-noceenne\/\" \/>\n<meta property=\"og:site_name\" content=\"Mairie de Neuilly-sur-Marne\" \/>\n<meta property=\"article:publisher\" content=\"https:\/\/www.facebook.com\/ville.neuilly\" \/>\n<meta property=\"article:modified_time\" content=\"2024-06-21T13:57:05+00:00\" \/>\n<meta property=\"og:image\" content=\"https:\/\/www.neuillysurmarne.fr\/wp-content\/uploads\/2024\/06\/AMNeuillySurMarne_2Fi0198_1.jpg\" \/>\n\t<meta property=\"og:image:width\" content=\"1647\" \/>\n\t<meta property=\"og:image:height\" content=\"1048\" \/>\n\t<meta property=\"og:image:type\" content=\"image\/jpeg\" \/>\n<meta name=\"twitter:card\" content=\"summary_large_image\" \/>\n<meta name=\"twitter:label1\" content=\"Estimated reading time\" \/>\n\t<meta name=\"twitter:data1\" content=\"23 minutes\" \/>\n<script type=\"application\/ld+json\" class=\"yoast-schema-graph\">{\"@context\":\"https:\\\/\\\/schema.org\",\"@graph\":[{\"@type\":\"WebPage\",\"@id\":\"https:\\\/\\\/www.neuillysurmarne.fr\\\/histoire-noceenne\\\/\",\"url\":\"https:\\\/\\\/www.neuillysurmarne.fr\\\/histoire-noceenne\\\/\",\"name\":\"Histoire noc\u00e9enne - Mairie de Neuilly-sur-Marne\",\"isPartOf\":{\"@id\":\"https:\\\/\\\/www.neuillysurmarne.fr\\\/es\\\/#website\"},\"primaryImageOfPage\":{\"@id\":\"https:\\\/\\\/www.neuillysurmarne.fr\\\/histoire-noceenne\\\/#primaryimage\"},\"image\":{\"@id\":\"https:\\\/\\\/www.neuillysurmarne.fr\\\/histoire-noceenne\\\/#primaryimage\"},\"thumbnailUrl\":\"https:\\\/\\\/www.neuillysurmarne.fr\\\/wp-content\\\/uploads\\\/2024\\\/06\\\/AMNeuillySurMarne_2Fi0198_1.jpg\",\"datePublished\":\"2024-04-23T08:04:28+00:00\",\"dateModified\":\"2024-06-21T13:57:05+00:00\",\"breadcrumb\":{\"@id\":\"https:\\\/\\\/www.neuillysurmarne.fr\\\/histoire-noceenne\\\/#breadcrumb\"},\"inLanguage\":\"en-GB\",\"potentialAction\":[{\"@type\":\"ReadAction\",\"target\":[\"https:\\\/\\\/www.neuillysurmarne.fr\\\/histoire-noceenne\\\/\"]}]},{\"@type\":\"ImageObject\",\"inLanguage\":\"en-GB\",\"@id\":\"https:\\\/\\\/www.neuillysurmarne.fr\\\/histoire-noceenne\\\/#primaryimage\",\"url\":\"https:\\\/\\\/www.neuillysurmarne.fr\\\/wp-content\\\/uploads\\\/2024\\\/06\\\/AMNeuillySurMarne_2Fi0198_1.jpg\",\"contentUrl\":\"https:\\\/\\\/www.neuillysurmarne.fr\\\/wp-content\\\/uploads\\\/2024\\\/06\\\/AMNeuillySurMarne_2Fi0198_1.jpg\",\"width\":1647,\"height\":1048},{\"@type\":\"BreadcrumbList\",\"@id\":\"https:\\\/\\\/www.neuillysurmarne.fr\\\/histoire-noceenne\\\/#breadcrumb\",\"itemListElement\":[{\"@type\":\"ListItem\",\"position\":1,\"name\":\"Accueil\",\"item\":\"https:\\\/\\\/www.neuillysurmarne.fr\\\/\"},{\"@type\":\"ListItem\",\"position\":2,\"name\":\"Histoire noc\u00e9enne\"}]},{\"@type\":\"WebSite\",\"@id\":\"https:\\\/\\\/www.neuillysurmarne.fr\\\/es\\\/#website\",\"url\":\"https:\\\/\\\/www.neuillysurmarne.fr\\\/es\\\/\",\"name\":\"Mairie de Neuilly-sur-Marne\",\"description\":\"BETA\",\"publisher\":{\"@id\":\"https:\\\/\\\/www.neuillysurmarne.fr\\\/es\\\/#organization\"},\"potentialAction\":[{\"@type\":\"SearchAction\",\"target\":{\"@type\":\"EntryPoint\",\"urlTemplate\":\"https:\\\/\\\/www.neuillysurmarne.fr\\\/es\\\/?s={search_term_string}\"},\"query-input\":{\"@type\":\"PropertyValueSpecification\",\"valueRequired\":true,\"valueName\":\"search_term_string\"}}],\"inLanguage\":\"en-GB\"},{\"@type\":\"Organization\",\"@id\":\"https:\\\/\\\/www.neuillysurmarne.fr\\\/es\\\/#organization\",\"name\":\"Mairie de Neuilly-sur-Marne\",\"url\":\"https:\\\/\\\/www.neuillysurmarne.fr\\\/es\\\/\",\"logo\":{\"@type\":\"ImageObject\",\"inLanguage\":\"en-GB\",\"@id\":\"https:\\\/\\\/www.neuillysurmarne.fr\\\/es\\\/#\\\/schema\\\/logo\\\/image\\\/\",\"url\":\"https:\\\/\\\/www.neuillysurmarne.fr\\\/wp-content\\\/uploads\\\/2023\\\/10\\\/LOGO-NeuillysurMarne-blanc.png\",\"contentUrl\":\"https:\\\/\\\/www.neuillysurmarne.fr\\\/wp-content\\\/uploads\\\/2023\\\/10\\\/LOGO-NeuillysurMarne-blanc.png\",\"width\":3308,\"height\":2586,\"caption\":\"Mairie de Neuilly-sur-Marne\"},\"image\":{\"@id\":\"https:\\\/\\\/www.neuillysurmarne.fr\\\/es\\\/#\\\/schema\\\/logo\\\/image\\\/\"},\"sameAs\":[\"https:\\\/\\\/www.facebook.com\\\/ville.neuilly\",\"https:\\\/\\\/www.instagram.com\\\/neuilly_marne\\\/\",\"https:\\\/\\\/www.linkedin.com\\\/company\\\/ville-de-neuilly-sur-marne\\\/\",\"https:\\\/\\\/www.youtube.com\\\/channel\\\/UCDdZ0TLrV8rfIqjBGvoeB5A\",\"https:\\\/\\\/www.tiktok.com\\\/@villedeneuillysurmarne\"]}]}<\/script>\n<!-- \/ Yoast SEO plugin. -->","yoast_head_json":{"title":"Histoire noc\u00e9enne - Mairie de Neuilly-sur-Marne","robots":{"index":"index","follow":"follow","max-snippet":"max-snippet:-1","max-image-preview":"max-image-preview:large","max-video-preview":"max-video-preview:-1"},"canonical":"https:\/\/www.neuillysurmarne.fr\/en\/histoire-noceenne\/","og_locale":"en_GB","og_type":"article","og_title":"Histoire noc\u00e9enne - Mairie de Neuilly-sur-Marne","og_description":"Histoire de la Ville Par o\u00f9 commencer l&rsquo;histoire de Neuilly-sur-Marne ? S\u2019il est difficile de savoir pr\u00e9cis\u00e9ment \u00e0 partir de quand le territoire correspondant \u00e0 notre commune a commenc\u00e9 \u00e0 \u00eatre occup\u00e9 par l\u2019Homme, des traces nous permettent de remonter tr\u00e8s loin. Des bifaces datant de l\u2019Acheul\u00e9en retrouv\u00e9s sur le site de Ville-Evrard signalent une [&hellip;]","og_url":"https:\/\/www.neuillysurmarne.fr\/en\/histoire-noceenne\/","og_site_name":"Mairie de Neuilly-sur-Marne","article_publisher":"https:\/\/www.facebook.com\/ville.neuilly","article_modified_time":"2024-06-21T13:57:05+00:00","og_image":[{"width":1647,"height":1048,"url":"https:\/\/www.neuillysurmarne.fr\/wp-content\/uploads\/2024\/06\/AMNeuillySurMarne_2Fi0198_1.jpg","type":"image\/jpeg"}],"twitter_card":"summary_large_image","twitter_misc":{"Estimated reading time":"23 minutes"},"schema":{"@context":"https:\/\/schema.org","@graph":[{"@type":"WebPage","@id":"https:\/\/www.neuillysurmarne.fr\/histoire-noceenne\/","url":"https:\/\/www.neuillysurmarne.fr\/histoire-noceenne\/","name":"Histoire noc\u00e9enne - Mairie de Neuilly-sur-Marne","isPartOf":{"@id":"https:\/\/www.neuillysurmarne.fr\/es\/#website"},"primaryImageOfPage":{"@id":"https:\/\/www.neuillysurmarne.fr\/histoire-noceenne\/#primaryimage"},"image":{"@id":"https:\/\/www.neuillysurmarne.fr\/histoire-noceenne\/#primaryimage"},"thumbnailUrl":"https:\/\/www.neuillysurmarne.fr\/wp-content\/uploads\/2024\/06\/AMNeuillySurMarne_2Fi0198_1.jpg","datePublished":"2024-04-23T08:04:28+00:00","dateModified":"2024-06-21T13:57:05+00:00","breadcrumb":{"@id":"https:\/\/www.neuillysurmarne.fr\/histoire-noceenne\/#breadcrumb"},"inLanguage":"en-GB","potentialAction":[{"@type":"ReadAction","target":["https:\/\/www.neuillysurmarne.fr\/histoire-noceenne\/"]}]},{"@type":"ImageObject","inLanguage":"en-GB","@id":"https:\/\/www.neuillysurmarne.fr\/histoire-noceenne\/#primaryimage","url":"https:\/\/www.neuillysurmarne.fr\/wp-content\/uploads\/2024\/06\/AMNeuillySurMarne_2Fi0198_1.jpg","contentUrl":"https:\/\/www.neuillysurmarne.fr\/wp-content\/uploads\/2024\/06\/AMNeuillySurMarne_2Fi0198_1.jpg","width":1647,"height":1048},{"@type":"BreadcrumbList","@id":"https:\/\/www.neuillysurmarne.fr\/histoire-noceenne\/#breadcrumb","itemListElement":[{"@type":"ListItem","position":1,"name":"Accueil","item":"https:\/\/www.neuillysurmarne.fr\/"},{"@type":"ListItem","position":2,"name":"Histoire noc\u00e9enne"}]},{"@type":"WebSite","@id":"https:\/\/www.neuillysurmarne.fr\/es\/#website","url":"https:\/\/www.neuillysurmarne.fr\/es\/","name":"Neuilly-sur-Marne Town Hall","description":"BETA","publisher":{"@id":"https:\/\/www.neuillysurmarne.fr\/es\/#organization"},"potentialAction":[{"@type":"SearchAction","target":{"@type":"EntryPoint","urlTemplate":"https:\/\/www.neuillysurmarne.fr\/es\/?s={search_term_string}"},"query-input":{"@type":"PropertyValueSpecification","valueRequired":true,"valueName":"search_term_string"}}],"inLanguage":"en-GB"},{"@type":"Organization","@id":"https:\/\/www.neuillysurmarne.fr\/es\/#organization","name":"Neuilly-sur-Marne Town Hall","url":"https:\/\/www.neuillysurmarne.fr\/es\/","logo":{"@type":"ImageObject","inLanguage":"en-GB","@id":"https:\/\/www.neuillysurmarne.fr\/es\/#\/schema\/logo\/image\/","url":"https:\/\/www.neuillysurmarne.fr\/wp-content\/uploads\/2023\/10\/LOGO-NeuillysurMarne-blanc.png","contentUrl":"https:\/\/www.neuillysurmarne.fr\/wp-content\/uploads\/2023\/10\/LOGO-NeuillysurMarne-blanc.png","width":3308,"height":2586,"caption":"Mairie de Neuilly-sur-Marne"},"image":{"@id":"https:\/\/www.neuillysurmarne.fr\/es\/#\/schema\/logo\/image\/"},"sameAs":["https:\/\/www.facebook.com\/ville.neuilly","https:\/\/www.instagram.com\/neuilly_marne\/","https:\/\/www.linkedin.com\/company\/ville-de-neuilly-sur-marne\/","https:\/\/www.youtube.com\/channel\/UCDdZ0TLrV8rfIqjBGvoeB5A","https:\/\/www.tiktok.com\/@villedeneuillysurmarne"]}]}},"_links":{"self":[{"href":"https:\/\/www.neuillysurmarne.fr\/en\/wp-json\/wp\/v2\/pages\/6447","targetHints":{"allow":["GET"]}}],"collection":[{"href":"https:\/\/www.neuillysurmarne.fr\/en\/wp-json\/wp\/v2\/pages"}],"about":[{"href":"https:\/\/www.neuillysurmarne.fr\/en\/wp-json\/wp\/v2\/types\/page"}],"author":[{"embeddable":true,"href":"https:\/\/www.neuillysurmarne.fr\/en\/wp-json\/wp\/v2\/users\/1"}],"replies":[{"embeddable":true,"href":"https:\/\/www.neuillysurmarne.fr\/en\/wp-json\/wp\/v2\/comments?post=6447"}],"version-history":[{"count":11,"href":"https:\/\/www.neuillysurmarne.fr\/en\/wp-json\/wp\/v2\/pages\/6447\/revisions"}],"predecessor-version":[{"id":11723,"href":"https:\/\/www.neuillysurmarne.fr\/en\/wp-json\/wp\/v2\/pages\/6447\/revisions\/11723"}],"wp:featuredmedia":[{"embeddable":true,"href":"https:\/\/www.neuillysurmarne.fr\/en\/wp-json\/wp\/v2\/media\/9875"}],"wp:attachment":[{"href":"https:\/\/www.neuillysurmarne.fr\/en\/wp-json\/wp\/v2\/media?parent=6447"}],"curies":[{"name":"wp","href":"https:\/\/api.w.org\/{rel}","templated":true}]}}