{"id":8105,"date":"2024-06-05T15:16:06","date_gmt":"2024-06-05T13:16:06","guid":{"rendered":"https:\/\/www.neuillysurmarne.fr\/?page_id=8105"},"modified":"2024-06-05T16:12:52","modified_gmt":"2024-06-05T14:12:52","slug":"sante-solidarite-et-logement","status":"publish","type":"page","link":"https:\/\/www.neuillysurmarne.fr\/en\/grands-projets\/sante-solidarite-et-logement\/","title":{"rendered":"Health, solidarity and housing"},"content":{"rendered":"<div data-elementor-type=\"wp-page\" data-elementor-id=\"8105\" class=\"elementor elementor-8105\" data-elementor-post-type=\"page\">\n\t\t\t\t<div class=\"elementor-element elementor-element-7448233 e-grid e-con-boxed e-con e-parent\" data-id=\"7448233\" data-element_type=\"container\" data-e-type=\"container\">\n\t\t\t\t\t<div class=\"e-con-inner\">\n\t\t\t\t<div class=\"elementor-element elementor-element-0fd2495 elementor-position-top elementor-widget elementor-widget-image-box\" data-id=\"0fd2495\" data-element_type=\"widget\" data-e-type=\"widget\" data-widget_type=\"image-box.default\">\n\t\t\t\t<div class=\"elementor-widget-container\">\n\t\t\t\t\t<div class=\"elementor-image-box-wrapper\"><figure class=\"elementor-image-box-img\"><img fetchpriority=\"high\" decoding=\"async\" width=\"2560\" height=\"1707\" src=\"https:\/\/www.neuillysurmarne.fr\/wp-content\/uploads\/2024\/05\/1ere-pierre-LATITUDE-48-09.2021-12-scaled.jpg\" class=\"attachment-full size-full wp-image-6983\" alt=\"\" srcset=\"https:\/\/www.neuillysurmarne.fr\/wp-content\/uploads\/2024\/05\/1ere-pierre-LATITUDE-48-09.2021-12-scaled.jpg 2560w, https:\/\/www.neuillysurmarne.fr\/wp-content\/uploads\/2024\/05\/1ere-pierre-LATITUDE-48-09.2021-12-300x200.jpg 300w, https:\/\/www.neuillysurmarne.fr\/wp-content\/uploads\/2024\/05\/1ere-pierre-LATITUDE-48-09.2021-12-1024x683.jpg 1024w, https:\/\/www.neuillysurmarne.fr\/wp-content\/uploads\/2024\/05\/1ere-pierre-LATITUDE-48-09.2021-12-768x512.jpg 768w, https:\/\/www.neuillysurmarne.fr\/wp-content\/uploads\/2024\/05\/1ere-pierre-LATITUDE-48-09.2021-12-1536x1024.jpg 1536w, https:\/\/www.neuillysurmarne.fr\/wp-content\/uploads\/2024\/05\/1ere-pierre-LATITUDE-48-09.2021-12-2048x1365.jpg 2048w\" sizes=\"(max-width: 2560px) 100vw, 2560px\" \/><\/figure><div class=\"elementor-image-box-content\"><h3 class=\"elementor-image-box-title\">Health centres<\/h3><p class=\"elementor-image-box-description\">Opening of a health centre in Place de l'Eglise and support for a 2000m\u00b2 centre<\/p><\/div><\/div>\t\t\t\t<\/div>\n\t\t\t\t<\/div>\n\t\t\t\t<div class=\"elementor-element elementor-element-4896cea elementor-position-top elementor-widget elementor-widget-image-box\" data-id=\"4896cea\" data-element_type=\"widget\" data-e-type=\"widget\" data-widget_type=\"image-box.default\">\n\t\t\t\t<div class=\"elementor-widget-container\">\n\t\t\t\t\t<div class=\"elementor-image-box-wrapper\"><figure class=\"elementor-image-box-img\"><img decoding=\"async\" width=\"2560\" height=\"1707\" src=\"https:\/\/www.neuillysurmarne.fr\/wp-content\/uploads\/2024\/06\/Visite-Chateau-Champs-sur-Marne-5-scaled.jpg\" class=\"attachment-full size-full wp-image-8108\" alt=\"\" srcset=\"https:\/\/www.neuillysurmarne.fr\/wp-content\/uploads\/2024\/06\/Visite-Chateau-Champs-sur-Marne-5-scaled.jpg 2560w, https:\/\/www.neuillysurmarne.fr\/wp-content\/uploads\/2024\/06\/Visite-Chateau-Champs-sur-Marne-5-300x200.jpg 300w, https:\/\/www.neuillysurmarne.fr\/wp-content\/uploads\/2024\/06\/Visite-Chateau-Champs-sur-Marne-5-1024x683.jpg 1024w, https:\/\/www.neuillysurmarne.fr\/wp-content\/uploads\/2024\/06\/Visite-Chateau-Champs-sur-Marne-5-768x512.jpg 768w, https:\/\/www.neuillysurmarne.fr\/wp-content\/uploads\/2024\/06\/Visite-Chateau-Champs-sur-Marne-5-1536x1024.jpg 1536w, https:\/\/www.neuillysurmarne.fr\/wp-content\/uploads\/2024\/06\/Visite-Chateau-Champs-sur-Marne-5-2048x1365.jpg 2048w\" sizes=\"(max-width: 2560px) 100vw, 2560px\" \/><\/figure><div class=\"elementor-image-box-content\"><h3 class=\"elementor-image-box-title\">Local health insurance<\/h3><p class=\"elementor-image-box-description\">Launch of a community mutual insurance scheme \"La mutuelle familiale\" with negotiated prices<\/p><\/div><\/div>\t\t\t\t<\/div>\n\t\t\t\t<\/div>\n\t\t\t\t<div class=\"elementor-element elementor-element-978dac7 elementor-position-top elementor-widget elementor-widget-image-box\" data-id=\"978dac7\" data-element_type=\"widget\" data-e-type=\"widget\" data-widget_type=\"image-box.default\">\n\t\t\t\t<div class=\"elementor-widget-container\">\n\t\t\t\t\t<div class=\"elementor-image-box-wrapper\"><figure class=\"elementor-image-box-img\"><img decoding=\"async\" width=\"2560\" height=\"1707\" src=\"https:\/\/www.neuillysurmarne.fr\/wp-content\/uploads\/2024\/04\/Nouvelles-navettes-seniors-05.2021-18-scaled.jpg\" class=\"attachment-full size-full wp-image-6152\" alt=\"\" srcset=\"https:\/\/www.neuillysurmarne.fr\/wp-content\/uploads\/2024\/04\/Nouvelles-navettes-seniors-05.2021-18-scaled.jpg 2560w, https:\/\/www.neuillysurmarne.fr\/wp-content\/uploads\/2024\/04\/Nouvelles-navettes-seniors-05.2021-18-300x200.jpg 300w, https:\/\/www.neuillysurmarne.fr\/wp-content\/uploads\/2024\/04\/Nouvelles-navettes-seniors-05.2021-18-1024x683.jpg 1024w, https:\/\/www.neuillysurmarne.fr\/wp-content\/uploads\/2024\/04\/Nouvelles-navettes-seniors-05.2021-18-768x512.jpg 768w, https:\/\/www.neuillysurmarne.fr\/wp-content\/uploads\/2024\/04\/Nouvelles-navettes-seniors-05.2021-18-1536x1024.jpg 1536w, https:\/\/www.neuillysurmarne.fr\/wp-content\/uploads\/2024\/04\/Nouvelles-navettes-seniors-05.2021-18-2048x1365.jpg 2048w\" sizes=\"(max-width: 2560px) 100vw, 2560px\" \/><\/figure><div class=\"elementor-image-box-content\"><h3 class=\"elementor-image-box-title\">Municipal shuttle<\/h3><p class=\"elementor-image-box-description\">Introduction of a free shuttle service for the elderly, PRMs and pregnant women<\/p><\/div><\/div>\t\t\t\t<\/div>\n\t\t\t\t<\/div>\n\t\t\t\t<div class=\"elementor-element elementor-element-ca43daa elementor-position-top elementor-widget elementor-widget-image-box\" data-id=\"ca43daa\" data-element_type=\"widget\" data-e-type=\"widget\" data-widget_type=\"image-box.default\">\n\t\t\t\t<div class=\"elementor-widget-container\">\n\t\t\t\t\t<div class=\"elementor-image-box-wrapper\"><figure class=\"elementor-image-box-img\"><img loading=\"lazy\" decoding=\"async\" width=\"2560\" height=\"1703\" src=\"https:\/\/www.neuillysurmarne.fr\/wp-content\/uploads\/2024\/05\/214@Nicolas-Fagot-Studio9-scaled.jpg\" class=\"attachment-full size-full wp-image-7199\" alt=\"\" srcset=\"https:\/\/www.neuillysurmarne.fr\/wp-content\/uploads\/2024\/05\/214@Nicolas-Fagot-Studio9-scaled.jpg 2560w, https:\/\/www.neuillysurmarne.fr\/wp-content\/uploads\/2024\/05\/214@Nicolas-Fagot-Studio9-300x200.jpg 300w, https:\/\/www.neuillysurmarne.fr\/wp-content\/uploads\/2024\/05\/214@Nicolas-Fagot-Studio9-1024x681.jpg 1024w, https:\/\/www.neuillysurmarne.fr\/wp-content\/uploads\/2024\/05\/214@Nicolas-Fagot-Studio9-768x511.jpg 768w, https:\/\/www.neuillysurmarne.fr\/wp-content\/uploads\/2024\/05\/214@Nicolas-Fagot-Studio9-1536x1022.jpg 1536w, https:\/\/www.neuillysurmarne.fr\/wp-content\/uploads\/2024\/05\/214@Nicolas-Fagot-Studio9-2048x1363.jpg 2048w\" sizes=\"(max-width: 2560px) 100vw, 2560px\" \/><\/figure><div class=\"elementor-image-box-content\"><h3 class=\"elementor-image-box-title\">Associations<\/h3><p class=\"elementor-image-box-description\">Creation of prevention partnerships with France Alzheimer and the Ligue contre le cancer (Cancer League)<\/p><\/div><\/div>\t\t\t\t<\/div>\n\t\t\t\t<\/div>\n\t\t\t\t<div class=\"elementor-element elementor-element-29eebd5 elementor-position-top elementor-widget elementor-widget-image-box\" data-id=\"29eebd5\" data-element_type=\"widget\" data-e-type=\"widget\" data-widget_type=\"image-box.default\">\n\t\t\t\t<div class=\"elementor-widget-container\">\n\t\t\t\t\t<div class=\"elementor-image-box-wrapper\"><figure class=\"elementor-image-box-img\"><img loading=\"lazy\" decoding=\"async\" width=\"2560\" height=\"1707\" src=\"https:\/\/www.neuillysurmarne.fr\/wp-content\/uploads\/2024\/06\/Jouets-Saint-Baudile-12.2023-10-scaled.jpg\" class=\"attachment-full size-full wp-image-8112\" alt=\"\" srcset=\"https:\/\/www.neuillysurmarne.fr\/wp-content\/uploads\/2024\/06\/Jouets-Saint-Baudile-12.2023-10-scaled.jpg 2560w, https:\/\/www.neuillysurmarne.fr\/wp-content\/uploads\/2024\/06\/Jouets-Saint-Baudile-12.2023-10-300x200.jpg 300w, https:\/\/www.neuillysurmarne.fr\/wp-content\/uploads\/2024\/06\/Jouets-Saint-Baudile-12.2023-10-1024x683.jpg 1024w, https:\/\/www.neuillysurmarne.fr\/wp-content\/uploads\/2024\/06\/Jouets-Saint-Baudile-12.2023-10-768x512.jpg 768w, https:\/\/www.neuillysurmarne.fr\/wp-content\/uploads\/2024\/06\/Jouets-Saint-Baudile-12.2023-10-1536x1024.jpg 1536w, https:\/\/www.neuillysurmarne.fr\/wp-content\/uploads\/2024\/06\/Jouets-Saint-Baudile-12.2023-10-2048x1365.jpg 2048w\" sizes=\"(max-width: 2560px) 100vw, 2560px\" \/><\/figure><div class=\"elementor-image-box-content\"><h3 class=\"elementor-image-box-title\">Collections<\/h3><p class=\"elementor-image-box-description\">Setting up clothing and toy collections with local associations<\/p><\/div><\/div>\t\t\t\t<\/div>\n\t\t\t\t<\/div>\n\t\t\t\t<div class=\"elementor-element elementor-element-54f916d elementor-position-top elementor-widget elementor-widget-image-box\" data-id=\"54f916d\" data-element_type=\"widget\" data-e-type=\"widget\" data-widget_type=\"image-box.default\">\n\t\t\t\t<div class=\"elementor-widget-container\">\n\t\t\t\t\t<div class=\"elementor-image-box-wrapper\"><figure class=\"elementor-image-box-img\"><img loading=\"lazy\" decoding=\"async\" width=\"2560\" height=\"1707\" src=\"https:\/\/www.neuillysurmarne.fr\/wp-content\/uploads\/2024\/05\/AdobeStock_546310299-scaled.jpeg\" class=\"attachment-full size-full wp-image-6687\" alt=\"\" srcset=\"https:\/\/www.neuillysurmarne.fr\/wp-content\/uploads\/2024\/05\/AdobeStock_546310299-scaled.jpeg 2560w, https:\/\/www.neuillysurmarne.fr\/wp-content\/uploads\/2024\/05\/AdobeStock_546310299-300x200.jpeg 300w, https:\/\/www.neuillysurmarne.fr\/wp-content\/uploads\/2024\/05\/AdobeStock_546310299-1024x683.jpeg 1024w, https:\/\/www.neuillysurmarne.fr\/wp-content\/uploads\/2024\/05\/AdobeStock_546310299-768x512.jpeg 768w, https:\/\/www.neuillysurmarne.fr\/wp-content\/uploads\/2024\/05\/AdobeStock_546310299-1536x1024.jpeg 1536w, https:\/\/www.neuillysurmarne.fr\/wp-content\/uploads\/2024\/05\/AdobeStock_546310299-2048x1365.jpeg 2048w\" sizes=\"(max-width: 2560px) 100vw, 2560px\" \/><\/figure><div class=\"elementor-image-box-content\"><h3 class=\"elementor-image-box-title\">Emergency accommodation<\/h3><p class=\"elementor-image-box-description\">Creating emergency accommodation for women victims of violence<\/p><\/div><\/div>\t\t\t\t<\/div>\n\t\t\t\t<\/div>\n\t\t\t\t<div class=\"elementor-element elementor-element-7d0081c elementor-position-top elementor-widget elementor-widget-image-box\" data-id=\"7d0081c\" data-element_type=\"widget\" data-e-type=\"widget\" data-widget_type=\"image-box.default\">\n\t\t\t\t<div class=\"elementor-widget-container\">\n\t\t\t\t\t<div class=\"elementor-image-box-wrapper\"><figure class=\"elementor-image-box-img\"><img loading=\"lazy\" decoding=\"async\" width=\"2560\" height=\"1707\" src=\"https:\/\/www.neuillysurmarne.fr\/wp-content\/uploads\/2024\/06\/Visite-sous-prefete-04.2023-10-scaled.jpg\" class=\"attachment-full size-full wp-image-8117\" alt=\"\" srcset=\"https:\/\/www.neuillysurmarne.fr\/wp-content\/uploads\/2024\/06\/Visite-sous-prefete-04.2023-10-scaled.jpg 2560w, https:\/\/www.neuillysurmarne.fr\/wp-content\/uploads\/2024\/06\/Visite-sous-prefete-04.2023-10-300x200.jpg 300w, https:\/\/www.neuillysurmarne.fr\/wp-content\/uploads\/2024\/06\/Visite-sous-prefete-04.2023-10-1024x683.jpg 1024w, https:\/\/www.neuillysurmarne.fr\/wp-content\/uploads\/2024\/06\/Visite-sous-prefete-04.2023-10-768x512.jpg 768w, https:\/\/www.neuillysurmarne.fr\/wp-content\/uploads\/2024\/06\/Visite-sous-prefete-04.2023-10-1536x1024.jpg 1536w, https:\/\/www.neuillysurmarne.fr\/wp-content\/uploads\/2024\/06\/Visite-sous-prefete-04.2023-10-2048x1365.jpg 2048w\" sizes=\"(max-width: 2560px) 100vw, 2560px\" \/><\/figure><div class=\"elementor-image-box-content\"><h3 class=\"elementor-image-box-title\">Allocations<\/h3><p class=\"elementor-image-box-description\">Priority housing allocations for residents of Noc\u00e9, more than 800 residents received by appointment<\/p><\/div><\/div>\t\t\t\t<\/div>\n\t\t\t\t<\/div>\n\t\t\t\t<div class=\"elementor-element elementor-element-3096b35 elementor-position-top elementor-widget elementor-widget-image-box\" data-id=\"3096b35\" data-element_type=\"widget\" data-e-type=\"widget\" data-widget_type=\"image-box.default\">\n\t\t\t\t<div class=\"elementor-widget-container\">\n\t\t\t\t\t<div class=\"elementor-image-box-wrapper\"><figure class=\"elementor-image-box-img\"><img loading=\"lazy\" decoding=\"async\" width=\"2560\" height=\"1707\" src=\"https:\/\/www.neuillysurmarne.fr\/wp-content\/uploads\/2024\/06\/Couv-Vaccin-scaled.jpg\" class=\"attachment-full size-full wp-image-8121\" alt=\"\" srcset=\"https:\/\/www.neuillysurmarne.fr\/wp-content\/uploads\/2024\/06\/Couv-Vaccin-scaled.jpg 2560w, https:\/\/www.neuillysurmarne.fr\/wp-content\/uploads\/2024\/06\/Couv-Vaccin-300x200.jpg 300w, https:\/\/www.neuillysurmarne.fr\/wp-content\/uploads\/2024\/06\/Couv-Vaccin-1024x683.jpg 1024w, https:\/\/www.neuillysurmarne.fr\/wp-content\/uploads\/2024\/06\/Couv-Vaccin-768x512.jpg 768w, https:\/\/www.neuillysurmarne.fr\/wp-content\/uploads\/2024\/06\/Couv-Vaccin-1536x1024.jpg 1536w, https:\/\/www.neuillysurmarne.fr\/wp-content\/uploads\/2024\/06\/Couv-Vaccin-2048x1365.jpg 2048w\" sizes=\"(max-width: 2560px) 100vw, 2560px\" \/><\/figure><div class=\"elementor-image-box-content\"><h3 class=\"elementor-image-box-title\">Covid-19<\/h3><p class=\"elementor-image-box-description\">Screening centres from autumn 2020 and vaccination centres in January 2021<\/p><\/div><\/div>\t\t\t\t<\/div>\n\t\t\t\t<\/div>\n\t\t\t\t\t<\/div>\n\t\t\t\t<\/div>\n\t\t\t\t<\/div>","protected":false},"excerpt":{"rendered":"<p>Centres de sant\u00e9 Ouverture d&rsquo;un centre de sant\u00e9 place de l&rsquo;\u00e9glise et accompagnement pour un centre de 2000m\u00b2 Mutuelle communale Lancement d&rsquo;une mutuelle communale \u00ab\u00a0La mutuelle familiale\u00a0\u00bb avec une offre \u00e0 prix n\u00e9goci\u00e9s Navette municipale Mise en place d&rsquo;un navette gratuite pour les A\u00een\u00e9s, PMR et femmes enceintes Associations Cr\u00e9ation de partenariats de pr\u00e9vention avec [&hellip;]<\/p>\n","protected":false},"author":2,"featured_media":8006,"parent":392,"menu_order":0,"comment_status":"closed","ping_status":"closed","template":"","meta":{"_acf_changed":false,"footnotes":""},"class_list":["post-8105","page","type-page","status-publish","has-post-thumbnail","hentry"],"acf":[],"yoast_head":"<!-- This site is optimized with the Yoast SEO plugin v27.4 - https:\/\/yoast.com\/product\/yoast-seo-wordpress\/ -->\n<title>Sant\u00e9, solidarit\u00e9 et logement - Mairie de Neuilly-sur-Marne<\/title>\n<meta name=\"robots\" content=\"index, follow, max-snippet:-1, max-image-preview:large, max-video-preview:-1\" \/>\n<link rel=\"canonical\" href=\"https:\/\/www.neuillysurmarne.fr\/en\/grands-projets\/sante-solidarite-et-logement\/\" \/>\n<meta property=\"og:locale\" content=\"en_GB\" \/>\n<meta property=\"og:type\" content=\"article\" \/>\n<meta property=\"og:title\" content=\"Sant\u00e9, solidarit\u00e9 et logement - Mairie de Neuilly-sur-Marne\" \/>\n<meta property=\"og:description\" content=\"Centres de sant\u00e9 Ouverture d&rsquo;un centre de sant\u00e9 place de l&rsquo;\u00e9glise et accompagnement pour un centre de 2000m\u00b2 Mutuelle communale Lancement d&rsquo;une mutuelle communale \u00ab\u00a0La mutuelle familiale\u00a0\u00bb avec une offre \u00e0 prix n\u00e9goci\u00e9s Navette municipale Mise en place d&rsquo;un navette gratuite pour les A\u00een\u00e9s, PMR et femmes enceintes Associations Cr\u00e9ation de partenariats de pr\u00e9vention avec [&hellip;]\" \/>\n<meta property=\"og:url\" content=\"https:\/\/www.neuillysurmarne.fr\/en\/grands-projets\/sante-solidarite-et-logement\/\" \/>\n<meta property=\"og:site_name\" content=\"Mairie de Neuilly-sur-Marne\" \/>\n<meta property=\"article:publisher\" content=\"https:\/\/www.facebook.com\/ville.neuilly\" \/>\n<meta property=\"article:modified_time\" content=\"2024-06-05T14:12:52+00:00\" \/>\n<meta property=\"og:image\" content=\"https:\/\/www.neuillysurmarne.fr\/wp-content\/uploads\/2024\/06\/Couv-Vaccin-4-scaled.jpg\" \/>\n\t<meta property=\"og:image:width\" content=\"2560\" \/>\n\t<meta property=\"og:image:height\" content=\"1707\" \/>\n\t<meta property=\"og:image:type\" content=\"image\/jpeg\" \/>\n<meta name=\"twitter:card\" content=\"summary_large_image\" \/>\n<meta name=\"twitter:label1\" content=\"Estimated reading time\" \/>\n\t<meta name=\"twitter:data1\" content=\"1 minute\" \/>\n<script type=\"application\/ld+json\" class=\"yoast-schema-graph\">{\"@context\":\"https:\\\/\\\/schema.org\",\"@graph\":[{\"@type\":\"WebPage\",\"@id\":\"https:\\\/\\\/www.neuillysurmarne.fr\\\/grands-projets\\\/sante-solidarite-et-logement\\\/\",\"url\":\"https:\\\/\\\/www.neuillysurmarne.fr\\\/grands-projets\\\/sante-solidarite-et-logement\\\/\",\"name\":\"Sant\u00e9, solidarit\u00e9 et logement - Mairie de Neuilly-sur-Marne\",\"isPartOf\":{\"@id\":\"https:\\\/\\\/www.neuillysurmarne.fr\\\/es\\\/#website\"},\"primaryImageOfPage\":{\"@id\":\"https:\\\/\\\/www.neuillysurmarne.fr\\\/grands-projets\\\/sante-solidarite-et-logement\\\/#primaryimage\"},\"image\":{\"@id\":\"https:\\\/\\\/www.neuillysurmarne.fr\\\/grands-projets\\\/sante-solidarite-et-logement\\\/#primaryimage\"},\"thumbnailUrl\":\"https:\\\/\\\/www.neuillysurmarne.fr\\\/wp-content\\\/uploads\\\/2024\\\/06\\\/Couv-Vaccin-4-scaled.jpg\",\"datePublished\":\"2024-06-05T13:16:06+00:00\",\"dateModified\":\"2024-06-05T14:12:52+00:00\",\"breadcrumb\":{\"@id\":\"https:\\\/\\\/www.neuillysurmarne.fr\\\/grands-projets\\\/sante-solidarite-et-logement\\\/#breadcrumb\"},\"inLanguage\":\"en-GB\",\"potentialAction\":[{\"@type\":\"ReadAction\",\"target\":[\"https:\\\/\\\/www.neuillysurmarne.fr\\\/grands-projets\\\/sante-solidarite-et-logement\\\/\"]}]},{\"@type\":\"ImageObject\",\"inLanguage\":\"en-GB\",\"@id\":\"https:\\\/\\\/www.neuillysurmarne.fr\\\/grands-projets\\\/sante-solidarite-et-logement\\\/#primaryimage\",\"url\":\"https:\\\/\\\/www.neuillysurmarne.fr\\\/wp-content\\\/uploads\\\/2024\\\/06\\\/Couv-Vaccin-4-scaled.jpg\",\"contentUrl\":\"https:\\\/\\\/www.neuillysurmarne.fr\\\/wp-content\\\/uploads\\\/2024\\\/06\\\/Couv-Vaccin-4-scaled.jpg\",\"width\":2560,\"height\":1707},{\"@type\":\"BreadcrumbList\",\"@id\":\"https:\\\/\\\/www.neuillysurmarne.fr\\\/grands-projets\\\/sante-solidarite-et-logement\\\/#breadcrumb\",\"itemListElement\":[{\"@type\":\"ListItem\",\"position\":1,\"name\":\"Accueil\",\"item\":\"https:\\\/\\\/www.neuillysurmarne.fr\\\/\"},{\"@type\":\"ListItem\",\"position\":2,\"name\":\"Grands projets\",\"item\":\"https:\\\/\\\/www.neuillysurmarne.fr\\\/grands-projets\\\/\"},{\"@type\":\"ListItem\",\"position\":3,\"name\":\"Sant\u00e9, solidarit\u00e9 et logement\"}]},{\"@type\":\"WebSite\",\"@id\":\"https:\\\/\\\/www.neuillysurmarne.fr\\\/es\\\/#website\",\"url\":\"https:\\\/\\\/www.neuillysurmarne.fr\\\/es\\\/\",\"name\":\"Mairie de Neuilly-sur-Marne\",\"description\":\"BETA\",\"publisher\":{\"@id\":\"https:\\\/\\\/www.neuillysurmarne.fr\\\/es\\\/#organization\"},\"potentialAction\":[{\"@type\":\"SearchAction\",\"target\":{\"@type\":\"EntryPoint\",\"urlTemplate\":\"https:\\\/\\\/www.neuillysurmarne.fr\\\/es\\\/?s={search_term_string}\"},\"query-input\":{\"@type\":\"PropertyValueSpecification\",\"valueRequired\":true,\"valueName\":\"search_term_string\"}}],\"inLanguage\":\"en-GB\"},{\"@type\":\"Organization\",\"@id\":\"https:\\\/\\\/www.neuillysurmarne.fr\\\/es\\\/#organization\",\"name\":\"Mairie de Neuilly-sur-Marne\",\"url\":\"https:\\\/\\\/www.neuillysurmarne.fr\\\/es\\\/\",\"logo\":{\"@type\":\"ImageObject\",\"inLanguage\":\"en-GB\",\"@id\":\"https:\\\/\\\/www.neuillysurmarne.fr\\\/es\\\/#\\\/schema\\\/logo\\\/image\\\/\",\"url\":\"https:\\\/\\\/www.neuillysurmarne.fr\\\/wp-content\\\/uploads\\\/2023\\\/10\\\/LOGO-NeuillysurMarne-blanc.png\",\"contentUrl\":\"https:\\\/\\\/www.neuillysurmarne.fr\\\/wp-content\\\/uploads\\\/2023\\\/10\\\/LOGO-NeuillysurMarne-blanc.png\",\"width\":3308,\"height\":2586,\"caption\":\"Mairie de Neuilly-sur-Marne\"},\"image\":{\"@id\":\"https:\\\/\\\/www.neuillysurmarne.fr\\\/es\\\/#\\\/schema\\\/logo\\\/image\\\/\"},\"sameAs\":[\"https:\\\/\\\/www.facebook.com\\\/ville.neuilly\",\"https:\\\/\\\/www.instagram.com\\\/neuilly_marne\\\/\",\"https:\\\/\\\/www.linkedin.com\\\/company\\\/ville-de-neuilly-sur-marne\\\/\",\"https:\\\/\\\/www.youtube.com\\\/channel\\\/UCDdZ0TLrV8rfIqjBGvoeB5A\",\"https:\\\/\\\/www.tiktok.com\\\/@villedeneuillysurmarne\"]}]}<\/script>\n<!-- \/ Yoast SEO plugin. -->","yoast_head_json":{"title":"Sant\u00e9, solidarit\u00e9 et logement - Mairie de Neuilly-sur-Marne","robots":{"index":"index","follow":"follow","max-snippet":"max-snippet:-1","max-image-preview":"max-image-preview:large","max-video-preview":"max-video-preview:-1"},"canonical":"https:\/\/www.neuillysurmarne.fr\/en\/grands-projets\/sante-solidarite-et-logement\/","og_locale":"en_GB","og_type":"article","og_title":"Sant\u00e9, solidarit\u00e9 et logement - Mairie de Neuilly-sur-Marne","og_description":"Centres de sant\u00e9 Ouverture d&rsquo;un centre de sant\u00e9 place de l&rsquo;\u00e9glise et accompagnement pour un centre de 2000m\u00b2 Mutuelle communale Lancement d&rsquo;une mutuelle communale \u00ab\u00a0La mutuelle familiale\u00a0\u00bb avec une offre \u00e0 prix n\u00e9goci\u00e9s Navette municipale Mise en place d&rsquo;un navette gratuite pour les A\u00een\u00e9s, PMR et femmes enceintes Associations Cr\u00e9ation de partenariats de pr\u00e9vention avec [&hellip;]","og_url":"https:\/\/www.neuillysurmarne.fr\/en\/grands-projets\/sante-solidarite-et-logement\/","og_site_name":"Mairie de Neuilly-sur-Marne","article_publisher":"https:\/\/www.facebook.com\/ville.neuilly","article_modified_time":"2024-06-05T14:12:52+00:00","og_image":[{"width":2560,"height":1707,"url":"https:\/\/www.neuillysurmarne.fr\/wp-content\/uploads\/2024\/06\/Couv-Vaccin-4-scaled.jpg","type":"image\/jpeg"}],"twitter_card":"summary_large_image","twitter_misc":{"Estimated reading time":"1 minute"},"schema":{"@context":"https:\/\/schema.org","@graph":[{"@type":"WebPage","@id":"https:\/\/www.neuillysurmarne.fr\/grands-projets\/sante-solidarite-et-logement\/","url":"https:\/\/www.neuillysurmarne.fr\/grands-projets\/sante-solidarite-et-logement\/","name":"Sant\u00e9, solidarit\u00e9 et logement - Mairie de Neuilly-sur-Marne","isPartOf":{"@id":"https:\/\/www.neuillysurmarne.fr\/es\/#website"},"primaryImageOfPage":{"@id":"https:\/\/www.neuillysurmarne.fr\/grands-projets\/sante-solidarite-et-logement\/#primaryimage"},"image":{"@id":"https:\/\/www.neuillysurmarne.fr\/grands-projets\/sante-solidarite-et-logement\/#primaryimage"},"thumbnailUrl":"https:\/\/www.neuillysurmarne.fr\/wp-content\/uploads\/2024\/06\/Couv-Vaccin-4-scaled.jpg","datePublished":"2024-06-05T13:16:06+00:00","dateModified":"2024-06-05T14:12:52+00:00","breadcrumb":{"@id":"https:\/\/www.neuillysurmarne.fr\/grands-projets\/sante-solidarite-et-logement\/#breadcrumb"},"inLanguage":"en-GB","potentialAction":[{"@type":"ReadAction","target":["https:\/\/www.neuillysurmarne.fr\/grands-projets\/sante-solidarite-et-logement\/"]}]},{"@type":"ImageObject","inLanguage":"en-GB","@id":"https:\/\/www.neuillysurmarne.fr\/grands-projets\/sante-solidarite-et-logement\/#primaryimage","url":"https:\/\/www.neuillysurmarne.fr\/wp-content\/uploads\/2024\/06\/Couv-Vaccin-4-scaled.jpg","contentUrl":"https:\/\/www.neuillysurmarne.fr\/wp-content\/uploads\/2024\/06\/Couv-Vaccin-4-scaled.jpg","width":2560,"height":1707},{"@type":"BreadcrumbList","@id":"https:\/\/www.neuillysurmarne.fr\/grands-projets\/sante-solidarite-et-logement\/#breadcrumb","itemListElement":[{"@type":"ListItem","position":1,"name":"Accueil","item":"https:\/\/www.neuillysurmarne.fr\/"},{"@type":"ListItem","position":2,"name":"Grands projets","item":"https:\/\/www.neuillysurmarne.fr\/grands-projets\/"},{"@type":"ListItem","position":3,"name":"Sant\u00e9, solidarit\u00e9 et logement"}]},{"@type":"WebSite","@id":"https:\/\/www.neuillysurmarne.fr\/es\/#website","url":"https:\/\/www.neuillysurmarne.fr\/es\/","name":"Neuilly-sur-Marne Town Hall","description":"BETA","publisher":{"@id":"https:\/\/www.neuillysurmarne.fr\/es\/#organization"},"potentialAction":[{"@type":"SearchAction","target":{"@type":"EntryPoint","urlTemplate":"https:\/\/www.neuillysurmarne.fr\/es\/?s={search_term_string}"},"query-input":{"@type":"PropertyValueSpecification","valueRequired":true,"valueName":"search_term_string"}}],"inLanguage":"en-GB"},{"@type":"Organization","@id":"https:\/\/www.neuillysurmarne.fr\/es\/#organization","name":"Neuilly-sur-Marne Town Hall","url":"https:\/\/www.neuillysurmarne.fr\/es\/","logo":{"@type":"ImageObject","inLanguage":"en-GB","@id":"https:\/\/www.neuillysurmarne.fr\/es\/#\/schema\/logo\/image\/","url":"https:\/\/www.neuillysurmarne.fr\/wp-content\/uploads\/2023\/10\/LOGO-NeuillysurMarne-blanc.png","contentUrl":"https:\/\/www.neuillysurmarne.fr\/wp-content\/uploads\/2023\/10\/LOGO-NeuillysurMarne-blanc.png","width":3308,"height":2586,"caption":"Mairie de Neuilly-sur-Marne"},"image":{"@id":"https:\/\/www.neuillysurmarne.fr\/es\/#\/schema\/logo\/image\/"},"sameAs":["https:\/\/www.facebook.com\/ville.neuilly","https:\/\/www.instagram.com\/neuilly_marne\/","https:\/\/www.linkedin.com\/company\/ville-de-neuilly-sur-marne\/","https:\/\/www.youtube.com\/channel\/UCDdZ0TLrV8rfIqjBGvoeB5A","https:\/\/www.tiktok.com\/@villedeneuillysurmarne"]}]}},"_links":{"self":[{"href":"https:\/\/www.neuillysurmarne.fr\/en\/wp-json\/wp\/v2\/pages\/8105","targetHints":{"allow":["GET"]}}],"collection":[{"href":"https:\/\/www.neuillysurmarne.fr\/en\/wp-json\/wp\/v2\/pages"}],"about":[{"href":"https:\/\/www.neuillysurmarne.fr\/en\/wp-json\/wp\/v2\/types\/page"}],"author":[{"embeddable":true,"href":"https:\/\/www.neuillysurmarne.fr\/en\/wp-json\/wp\/v2\/users\/2"}],"replies":[{"embeddable":true,"href":"https:\/\/www.neuillysurmarne.fr\/en\/wp-json\/wp\/v2\/comments?post=8105"}],"version-history":[{"count":16,"href":"https:\/\/www.neuillysurmarne.fr\/en\/wp-json\/wp\/v2\/pages\/8105\/revisions"}],"predecessor-version":[{"id":8159,"href":"https:\/\/www.neuillysurmarne.fr\/en\/wp-json\/wp\/v2\/pages\/8105\/revisions\/8159"}],"up":[{"embeddable":true,"href":"https:\/\/www.neuillysurmarne.fr\/en\/wp-json\/wp\/v2\/pages\/392"}],"wp:featuredmedia":[{"embeddable":true,"href":"https:\/\/www.neuillysurmarne.fr\/en\/wp-json\/wp\/v2\/media\/8006"}],"wp:attachment":[{"href":"https:\/\/www.neuillysurmarne.fr\/en\/wp-json\/wp\/v2\/media?parent=8105"}],"curies":[{"name":"wp","href":"https:\/\/api.w.org\/{rel}","templated":true}]}}