{"id":8730,"date":"2024-06-13T11:31:52","date_gmt":"2024-06-13T09:31:52","guid":{"rendered":"https:\/\/www.neuillysurmarne.fr\/?page_id=8730"},"modified":"2024-08-16T16:24:10","modified_gmt":"2024-08-16T14:24:10","slug":"mairie-mobile","status":"publish","type":"page","link":"https:\/\/www.neuillysurmarne.fr\/en\/mairie-mobile\/","title":{"rendered":"Mobile Town Hall"},"content":{"rendered":"<div data-elementor-type=\"wp-page\" data-elementor-id=\"8730\" class=\"elementor elementor-8730\" data-elementor-post-type=\"page\">\n\t\t\t\t<div class=\"elementor-element elementor-element-97ad065 e-flex e-con-boxed e-con e-parent\" data-id=\"97ad065\" data-element_type=\"container\" data-e-type=\"container\">\n\t\t\t\t\t<div class=\"e-con-inner\">\n\t\t\t\t<div class=\"elementor-element elementor-element-393cfe1 elementor-widget elementor-widget-text-editor\" data-id=\"393cfe1\" data-element_type=\"widget\" data-e-type=\"widget\" data-widget_type=\"text-editor.default\">\n\t\t\t\t<div class=\"elementor-widget-container\">\n\t\t\t\t\t\t\t\t\t<h3><strong>A regular rendez-vous with the people of Noc\u00e9<\/strong><\/h3><p><strong>Once or twice a month, local councillors meet the people of Noc\u00e9<\/strong> in the public space to discuss the town's major future projects.<\/p><h3><strong>Your elected representatives<br \/><\/strong><\/h3><p>These meetings are an opportunity for local residents to ask questions and submit ideas for improving their living environment. <strong><a href=\"https:\/\/www.neuillysurmarne.fr\/en\/agenda\/\">Les prochains rendez-vous Mairie Mobile seront mis en ligne dans l&rsquo;Agenda (cliquez ici)<\/a><\/strong>.<\/p>\t\t\t\t\t\t\t\t<\/div>\n\t\t\t\t<\/div>\n\t\t\t\t<div class=\"elementor-element elementor-element-21f1c82 elementor-skin-carousel elementor-arrows-yes elementor-pagination-type-bullets elementor-pagination-position-outside elementor-widget elementor-widget-media-carousel\" data-id=\"21f1c82\" data-element_type=\"widget\" data-e-type=\"widget\" data-settings=\"{&quot;skin&quot;:&quot;carousel&quot;,&quot;effect&quot;:&quot;slide&quot;,&quot;show_arrows&quot;:&quot;yes&quot;,&quot;pagination&quot;:&quot;bullets&quot;,&quot;speed&quot;:500,&quot;autoplay&quot;:&quot;yes&quot;,&quot;autoplay_speed&quot;:5000,&quot;loop&quot;:&quot;yes&quot;,&quot;pause_on_hover&quot;:&quot;yes&quot;,&quot;pause_on_interaction&quot;:&quot;yes&quot;,&quot;space_between&quot;:{&quot;unit&quot;:&quot;px&quot;,&quot;size&quot;:10,&quot;sizes&quot;:[]},&quot;space_between_tablet&quot;:{&quot;unit&quot;:&quot;px&quot;,&quot;size&quot;:10,&quot;sizes&quot;:[]},&quot;space_between_mobile&quot;:{&quot;unit&quot;:&quot;px&quot;,&quot;size&quot;:10,&quot;sizes&quot;:[]}}\" data-widget_type=\"media-carousel.default\">\n\t\t\t\t<div class=\"elementor-widget-container\">\n\t\t\t\t\t\t\t\t\t<div class=\"elementor-swiper\">\n\t\t\t\t\t<div class=\"elementor-main-swiper swiper\" role=\"region\" aria-roledescription=\"carousel\" aria-label=\"Slides\">\n\t\t\t\t<div class=\"swiper-wrapper\">\n\t\t\t\t\t\t\t\t\t\t\t<div class=\"swiper-slide\" role=\"group\" aria-roledescription=\"slide\">\n\t\t\t\t\t\t\t<a href=\"https:\/\/www.neuillysurmarne.fr\/wp-content\/uploads\/2024\/06\/91-037@Nicolas-Fagot-scaled.jpg\" data-elementor-open-lightbox=\"yes\" data-elementor-lightbox-slideshow=\"21f1c82\" data-elementor-lightbox-title=\"91-037@Nicolas Fagot\" data-e-action-hash=\"#elementor-action%3Aaction%3Dlightbox%26settings%3DeyJpZCI6ODgyNywidXJsIjoiaHR0cHM6XC9cL3d3dy5uZXVpbGx5c3VybWFybmUuZnJcL3dwLWNvbnRlbnRcL3VwbG9hZHNcLzIwMjRcLzA2XC85MS0wMzdATmljb2xhcy1GYWdvdC1zY2FsZWQuanBnIiwic2xpZGVzaG93IjoiMjFmMWM4MiJ9\">\t\t<div class=\"elementor-carousel-image\" role=\"img\" aria-label=\"91-037@Nicolas Fagot\" style=\"background-image: url(&#039;https:\/\/www.neuillysurmarne.fr\/wp-content\/uploads\/2024\/06\/91-037@Nicolas-Fagot-scaled.jpg&#039;)\">\n\n\t\t\t\n\t\t\t\t\t<\/div>\n\t\t<\/a>\t\t\t\t\t\t<\/div>\n\t\t\t\t\t\t\t\t\t\t\t<div class=\"swiper-slide\" role=\"group\" aria-roledescription=\"slide\">\n\t\t\t\t\t\t\t<a href=\"https:\/\/www.neuillysurmarne.fr\/wp-content\/uploads\/2024\/06\/Mairie-mobile-Stalingrad-12.2022-2-scaled.jpg\" data-elementor-open-lightbox=\"yes\" data-elementor-lightbox-slideshow=\"21f1c82\" data-elementor-lightbox-title=\"Mairie mobile Stalingrad 12.2022-2\" data-e-action-hash=\"#elementor-action%3Aaction%3Dlightbox%26settings%3DeyJpZCI6OTMxNCwidXJsIjoiaHR0cHM6XC9cL3d3dy5uZXVpbGx5c3VybWFybmUuZnJcL3dwLWNvbnRlbnRcL3VwbG9hZHNcLzIwMjRcLzA2XC9NYWlyaWUtbW9iaWxlLVN0YWxpbmdyYWQtMTIuMjAyMi0yLXNjYWxlZC5qcGciLCJzbGlkZXNob3ciOiIyMWYxYzgyIn0%3D\">\t\t<div class=\"elementor-carousel-image\" role=\"img\" aria-label=\"Stalingrad Mobile Town Hall 12.2022-2\" style=\"background-image: url(&#039;https:\/\/www.neuillysurmarne.fr\/wp-content\/uploads\/2024\/06\/Mairie-mobile-Stalingrad-12.2022-2-scaled.jpg&#039;)\">\n\n\t\t\t\n\t\t\t\t\t<\/div>\n\t\t<\/a>\t\t\t\t\t\t<\/div>\n\t\t\t\t\t\t\t\t\t\t\t<div class=\"swiper-slide\" role=\"group\" aria-roledescription=\"slide\">\n\t\t\t\t\t\t\t<a href=\"https:\/\/www.neuillysurmarne.fr\/wp-content\/uploads\/2024\/06\/109-097@Nicolas-Fagot-scaled.jpg\" data-elementor-open-lightbox=\"yes\" data-elementor-lightbox-slideshow=\"21f1c82\" data-elementor-lightbox-title=\"109-097@Nicolas Fagot\" data-e-action-hash=\"#elementor-action%3Aaction%3Dlightbox%26settings%3DeyJpZCI6ODgyOSwidXJsIjoiaHR0cHM6XC9cL3d3dy5uZXVpbGx5c3VybWFybmUuZnJcL3dwLWNvbnRlbnRcL3VwbG9hZHNcLzIwMjRcLzA2XC8xMDktMDk3QE5pY29sYXMtRmFnb3Qtc2NhbGVkLmpwZyIsInNsaWRlc2hvdyI6IjIxZjFjODIifQ%3D%3D\">\t\t<div class=\"elementor-carousel-image\" role=\"img\" aria-label=\"109-097@Nicolas Fagot\" style=\"background-image: url(&#039;https:\/\/www.neuillysurmarne.fr\/wp-content\/uploads\/2024\/06\/109-097@Nicolas-Fagot-scaled.jpg&#039;)\">\n\n\t\t\t\n\t\t\t\t\t<\/div>\n\t\t<\/a>\t\t\t\t\t\t<\/div>\n\t\t\t\t\t\t\t\t\t\t\t<div class=\"swiper-slide\" role=\"group\" aria-roledescription=\"slide\">\n\t\t\t\t\t\t\t<a href=\"https:\/\/www.neuillysurmarne.fr\/wp-content\/uploads\/2024\/06\/Mairie-mobile-marche-Noel-12.2021-5-scaled.jpg\" data-elementor-open-lightbox=\"yes\" data-elementor-lightbox-slideshow=\"21f1c82\" data-elementor-lightbox-title=\"Mairie mobile march\u00e9 No\u00ebl 12.2021-5\" data-e-action-hash=\"#elementor-action%3Aaction%3Dlightbox%26settings%3DeyJpZCI6OTMxNSwidXJsIjoiaHR0cHM6XC9cL3d3dy5uZXVpbGx5c3VybWFybmUuZnJcL3dwLWNvbnRlbnRcL3VwbG9hZHNcLzIwMjRcLzA2XC9NYWlyaWUtbW9iaWxlLW1hcmNoZS1Ob2VsLTEyLjIwMjEtNS1zY2FsZWQuanBnIiwic2xpZGVzaG93IjoiMjFmMWM4MiJ9\">\t\t<div class=\"elementor-carousel-image\" role=\"img\" aria-label=\"Mobile town hall Christmas market 12.2021-5\" style=\"background-image: url(&#039;https:\/\/www.neuillysurmarne.fr\/wp-content\/uploads\/2024\/06\/Mairie-mobile-marche-Noel-12.2021-5-scaled.jpg&#039;)\">\n\n\t\t\t\n\t\t\t\t\t<\/div>\n\t\t<\/a>\t\t\t\t\t\t<\/div>\n\t\t\t\t\t\t\t\t\t\t\t<div class=\"swiper-slide\" role=\"group\" aria-roledescription=\"slide\">\n\t\t\t\t\t\t\t<a href=\"https:\/\/www.neuillysurmarne.fr\/wp-content\/uploads\/2024\/06\/St-Patrick-marche-patinoire-03.2022-6-scaled.jpg\" data-elementor-open-lightbox=\"yes\" data-elementor-lightbox-slideshow=\"21f1c82\" data-elementor-lightbox-title=\"St Patrick march\u00e9 patinoire 03.2022-6\" data-e-action-hash=\"#elementor-action%3Aaction%3Dlightbox%26settings%3DeyJpZCI6OTMxOCwidXJsIjoiaHR0cHM6XC9cL3d3dy5uZXVpbGx5c3VybWFybmUuZnJcL3dwLWNvbnRlbnRcL3VwbG9hZHNcLzIwMjRcLzA2XC9TdC1QYXRyaWNrLW1hcmNoZS1wYXRpbm9pcmUtMDMuMjAyMi02LXNjYWxlZC5qcGciLCJzbGlkZXNob3ciOiIyMWYxYzgyIn0%3D\">\t\t<div class=\"elementor-carousel-image\" role=\"img\" aria-label=\"St Patrick&#039;s market ice rink 03.2022-6\" style=\"background-image: url(&#039;https:\/\/www.neuillysurmarne.fr\/wp-content\/uploads\/2024\/06\/St-Patrick-marche-patinoire-03.2022-6-scaled.jpg&#039;)\">\n\n\t\t\t\n\t\t\t\t\t<\/div>\n\t\t<\/a>\t\t\t\t\t\t<\/div>\n\t\t\t\t\t\t\t\t\t\t\t<div class=\"swiper-slide\" role=\"group\" aria-roledescription=\"slide\">\n\t\t\t\t\t\t\t<a href=\"https:\/\/www.neuillysurmarne.fr\/wp-content\/uploads\/2024\/06\/Mairie-mobile-Stalingrad-12.2022-7-scaled.jpg\" data-elementor-open-lightbox=\"yes\" data-elementor-lightbox-slideshow=\"21f1c82\" data-elementor-lightbox-title=\"Mairie mobile Stalingrad 12.2022-7\" data-e-action-hash=\"#elementor-action%3Aaction%3Dlightbox%26settings%3DeyJpZCI6OTMxMywidXJsIjoiaHR0cHM6XC9cL3d3dy5uZXVpbGx5c3VybWFybmUuZnJcL3dwLWNvbnRlbnRcL3VwbG9hZHNcLzIwMjRcLzA2XC9NYWlyaWUtbW9iaWxlLVN0YWxpbmdyYWQtMTIuMjAyMi03LXNjYWxlZC5qcGciLCJzbGlkZXNob3ciOiIyMWYxYzgyIn0%3D\">\t\t<div class=\"elementor-carousel-image\" role=\"img\" aria-label=\"Stalingrad Mobile Town Hall 12.2022-7\" style=\"background-image: url(&#039;https:\/\/www.neuillysurmarne.fr\/wp-content\/uploads\/2024\/06\/Mairie-mobile-Stalingrad-12.2022-7-scaled.jpg&#039;)\">\n\n\t\t\t\n\t\t\t\t\t<\/div>\n\t\t<\/a>\t\t\t\t\t\t<\/div>\n\t\t\t\t\t\t\t\t\t\t\t<div class=\"swiper-slide\" role=\"group\" aria-roledescription=\"slide\">\n\t\t\t\t\t\t\t<a href=\"https:\/\/www.neuillysurmarne.fr\/wp-content\/uploads\/2024\/06\/St-Patrick-marche-patinoire-03.2022-7.jpg\" data-elementor-open-lightbox=\"yes\" data-elementor-lightbox-slideshow=\"21f1c82\" data-elementor-lightbox-title=\"St Patrick march\u00e9 patinoire 03.2022-7\" data-e-action-hash=\"#elementor-action%3Aaction%3Dlightbox%26settings%3DeyJpZCI6OTMxOSwidXJsIjoiaHR0cHM6XC9cL3d3dy5uZXVpbGx5c3VybWFybmUuZnJcL3dwLWNvbnRlbnRcL3VwbG9hZHNcLzIwMjRcLzA2XC9TdC1QYXRyaWNrLW1hcmNoZS1wYXRpbm9pcmUtMDMuMjAyMi03LXNjYWxlZC5qcGciLCJzbGlkZXNob3ciOiIyMWYxYzgyIn0%3D\">\t\t<div class=\"elementor-carousel-image\" role=\"img\" aria-label=\"St Patrick&#039;s market ice rink 03.2022-7\" style=\"background-image: url(&#039;https:\/\/www.neuillysurmarne.fr\/wp-content\/uploads\/2024\/06\/St-Patrick-marche-patinoire-03.2022-7-scaled.jpg&#039;)\">\n\n\t\t\t\n\t\t\t\t\t<\/div>\n\t\t<\/a>\t\t\t\t\t\t<\/div>\n\t\t\t\t\t\t\t\t\t<\/div>\n\t\t\t\t\t\t\t\t\t\t\t\t\t\t\t<div class=\"elementor-swiper-button elementor-swiper-button-prev\" role=\"button\" tabindex=\"0\" aria-label=\"Precedente\" data-no-translation-aria-label=\"\">\n\t\t\t\t\t\t\t<svg aria-hidden=\"true\" class=\"e-font-icon-svg e-eicon-chevron-left\" viewbox=\"0 0 1000 1000\" xmlns=\"http:\/\/www.w3.org\/2000\/svg\"><path d=\"M646 125C629 125 613 133 604 142L308 442C296 454 292 471 292 487 292 504 296 521 308 533L604 854C617 867 629 875 646 875 663 875 679 871 692 858 704 846 713 829 713 812 713 796 708 779 692 767L438 487 692 225C700 217 708 204 708 187 708 171 704 154 692 142 675 129 663 125 646 125Z\"><\/path><\/svg>\t\t\t\t\t\t<\/div>\n\t\t\t\t\t\t<div class=\"elementor-swiper-button elementor-swiper-button-next\" role=\"button\" tabindex=\"0\" aria-label=\"Successivo\" data-no-translation-aria-label=\"\">\n\t\t\t\t\t\t\t<svg aria-hidden=\"true\" class=\"e-font-icon-svg e-eicon-chevron-right\" viewbox=\"0 0 1000 1000\" xmlns=\"http:\/\/www.w3.org\/2000\/svg\"><path d=\"M696 533C708 521 713 504 713 487 713 471 708 454 696 446L400 146C388 133 375 125 354 125 338 125 325 129 313 142 300 154 292 171 292 187 292 204 296 221 308 233L563 492 304 771C292 783 288 800 288 817 288 833 296 850 308 863 321 871 338 875 354 875 371 875 388 867 400 854L696 533Z\"><\/path><\/svg>\t\t\t\t\t\t<\/div>\n\t\t\t\t\t\t\t\t\t\t\t\t\t\t\t\t<div class=\"swiper-pagination\"><\/div>\n\t\t\t\t\t\t\t\t\t\t\t\t<\/div>\n\t\t\t\t<\/div>\n\t\t\t\t\t\t\t\t<\/div>\n\t\t\t\t<\/div>\n\t\t\t\t\t<\/div>\n\t\t\t\t<\/div>\n\t\t\t\t<\/div>","protected":false},"excerpt":{"rendered":"<p>Un rendez-vous r\u00e9gulier avec les Noc\u00e9ens Une \u00e0 deux fois par mois, les \u00e9lus municipaux vont \u00e0 la rencontre des Noc\u00e9ens dans l&rsquo;espace public pour \u00e9changer sur les grands projets de la commune \u00e0 venir. Les \u00e9lus \u00e0 votre \u00e9coute Ces rendez-vous sont l&rsquo;occasion pour les habitants de la Ville de poser leurs questions et [&hellip;]<\/p>\n","protected":false},"author":1,"featured_media":8828,"parent":0,"menu_order":0,"comment_status":"closed","ping_status":"closed","template":"","meta":{"_acf_changed":false,"footnotes":""},"class_list":["post-8730","page","type-page","status-publish","has-post-thumbnail","hentry"],"acf":[],"yoast_head":"<!-- This site is optimized with the Yoast SEO plugin v27.4 - https:\/\/yoast.com\/product\/yoast-seo-wordpress\/ -->\n<title>Mairie Mobile - Mairie de Neuilly-sur-Marne<\/title>\n<meta name=\"robots\" content=\"index, follow, max-snippet:-1, max-image-preview:large, max-video-preview:-1\" \/>\n<link rel=\"canonical\" href=\"https:\/\/www.neuillysurmarne.fr\/en\/mairie-mobile\/\" \/>\n<meta property=\"og:locale\" content=\"en_GB\" \/>\n<meta property=\"og:type\" content=\"article\" \/>\n<meta property=\"og:title\" content=\"Mairie Mobile - Mairie de Neuilly-sur-Marne\" \/>\n<meta property=\"og:description\" content=\"Un rendez-vous r\u00e9gulier avec les Noc\u00e9ens Une \u00e0 deux fois par mois, les \u00e9lus municipaux vont \u00e0 la rencontre des Noc\u00e9ens dans l&rsquo;espace public pour \u00e9changer sur les grands projets de la commune \u00e0 venir. Les \u00e9lus \u00e0 votre \u00e9coute Ces rendez-vous sont l&rsquo;occasion pour les habitants de la Ville de poser leurs questions et [&hellip;]\" \/>\n<meta property=\"og:url\" content=\"https:\/\/www.neuillysurmarne.fr\/en\/mairie-mobile\/\" \/>\n<meta property=\"og:site_name\" content=\"Mairie de Neuilly-sur-Marne\" \/>\n<meta property=\"article:publisher\" content=\"https:\/\/www.facebook.com\/ville.neuilly\" \/>\n<meta property=\"article:modified_time\" content=\"2024-08-16T14:24:10+00:00\" \/>\n<meta property=\"og:image\" content=\"https:\/\/www.neuillysurmarne.fr\/wp-content\/uploads\/2024\/06\/108-096@Nicolas-Fagot-scaled.jpg\" \/>\n\t<meta property=\"og:image:width\" content=\"2560\" \/>\n\t<meta property=\"og:image:height\" content=\"1703\" \/>\n\t<meta property=\"og:image:type\" content=\"image\/jpeg\" \/>\n<meta name=\"twitter:card\" content=\"summary_large_image\" \/>\n<meta name=\"twitter:label1\" content=\"Estimated reading time\" \/>\n\t<meta name=\"twitter:data1\" content=\"1 minute\" \/>\n<script type=\"application\/ld+json\" class=\"yoast-schema-graph\">{\"@context\":\"https:\\\/\\\/schema.org\",\"@graph\":[{\"@type\":\"WebPage\",\"@id\":\"https:\\\/\\\/www.neuillysurmarne.fr\\\/mairie-mobile\\\/\",\"url\":\"https:\\\/\\\/www.neuillysurmarne.fr\\\/mairie-mobile\\\/\",\"name\":\"Mairie Mobile - Mairie de Neuilly-sur-Marne\",\"isPartOf\":{\"@id\":\"https:\\\/\\\/www.neuillysurmarne.fr\\\/es\\\/#website\"},\"primaryImageOfPage\":{\"@id\":\"https:\\\/\\\/www.neuillysurmarne.fr\\\/mairie-mobile\\\/#primaryimage\"},\"image\":{\"@id\":\"https:\\\/\\\/www.neuillysurmarne.fr\\\/mairie-mobile\\\/#primaryimage\"},\"thumbnailUrl\":\"https:\\\/\\\/www.neuillysurmarne.fr\\\/wp-content\\\/uploads\\\/2024\\\/06\\\/108-096@Nicolas-Fagot-scaled.jpg\",\"datePublished\":\"2024-06-13T09:31:52+00:00\",\"dateModified\":\"2024-08-16T14:24:10+00:00\",\"breadcrumb\":{\"@id\":\"https:\\\/\\\/www.neuillysurmarne.fr\\\/mairie-mobile\\\/#breadcrumb\"},\"inLanguage\":\"en-GB\",\"potentialAction\":[{\"@type\":\"ReadAction\",\"target\":[\"https:\\\/\\\/www.neuillysurmarne.fr\\\/mairie-mobile\\\/\"]}]},{\"@type\":\"ImageObject\",\"inLanguage\":\"en-GB\",\"@id\":\"https:\\\/\\\/www.neuillysurmarne.fr\\\/mairie-mobile\\\/#primaryimage\",\"url\":\"https:\\\/\\\/www.neuillysurmarne.fr\\\/wp-content\\\/uploads\\\/2024\\\/06\\\/108-096@Nicolas-Fagot-scaled.jpg\",\"contentUrl\":\"https:\\\/\\\/www.neuillysurmarne.fr\\\/wp-content\\\/uploads\\\/2024\\\/06\\\/108-096@Nicolas-Fagot-scaled.jpg\",\"width\":2560,\"height\":1703},{\"@type\":\"BreadcrumbList\",\"@id\":\"https:\\\/\\\/www.neuillysurmarne.fr\\\/mairie-mobile\\\/#breadcrumb\",\"itemListElement\":[{\"@type\":\"ListItem\",\"position\":1,\"name\":\"Accueil\",\"item\":\"https:\\\/\\\/www.neuillysurmarne.fr\\\/\"},{\"@type\":\"ListItem\",\"position\":2,\"name\":\"Mairie Mobile\"}]},{\"@type\":\"WebSite\",\"@id\":\"https:\\\/\\\/www.neuillysurmarne.fr\\\/es\\\/#website\",\"url\":\"https:\\\/\\\/www.neuillysurmarne.fr\\\/es\\\/\",\"name\":\"Mairie de Neuilly-sur-Marne\",\"description\":\"BETA\",\"publisher\":{\"@id\":\"https:\\\/\\\/www.neuillysurmarne.fr\\\/es\\\/#organization\"},\"potentialAction\":[{\"@type\":\"SearchAction\",\"target\":{\"@type\":\"EntryPoint\",\"urlTemplate\":\"https:\\\/\\\/www.neuillysurmarne.fr\\\/es\\\/?s={search_term_string}\"},\"query-input\":{\"@type\":\"PropertyValueSpecification\",\"valueRequired\":true,\"valueName\":\"search_term_string\"}}],\"inLanguage\":\"en-GB\"},{\"@type\":\"Organization\",\"@id\":\"https:\\\/\\\/www.neuillysurmarne.fr\\\/es\\\/#organization\",\"name\":\"Mairie de Neuilly-sur-Marne\",\"url\":\"https:\\\/\\\/www.neuillysurmarne.fr\\\/es\\\/\",\"logo\":{\"@type\":\"ImageObject\",\"inLanguage\":\"en-GB\",\"@id\":\"https:\\\/\\\/www.neuillysurmarne.fr\\\/es\\\/#\\\/schema\\\/logo\\\/image\\\/\",\"url\":\"https:\\\/\\\/www.neuillysurmarne.fr\\\/wp-content\\\/uploads\\\/2023\\\/10\\\/LOGO-NeuillysurMarne-blanc.png\",\"contentUrl\":\"https:\\\/\\\/www.neuillysurmarne.fr\\\/wp-content\\\/uploads\\\/2023\\\/10\\\/LOGO-NeuillysurMarne-blanc.png\",\"width\":3308,\"height\":2586,\"caption\":\"Mairie de Neuilly-sur-Marne\"},\"image\":{\"@id\":\"https:\\\/\\\/www.neuillysurmarne.fr\\\/es\\\/#\\\/schema\\\/logo\\\/image\\\/\"},\"sameAs\":[\"https:\\\/\\\/www.facebook.com\\\/ville.neuilly\",\"https:\\\/\\\/www.instagram.com\\\/neuilly_marne\\\/\",\"https:\\\/\\\/www.linkedin.com\\\/company\\\/ville-de-neuilly-sur-marne\\\/\",\"https:\\\/\\\/www.youtube.com\\\/channel\\\/UCDdZ0TLrV8rfIqjBGvoeB5A\",\"https:\\\/\\\/www.tiktok.com\\\/@villedeneuillysurmarne\"]}]}<\/script>\n<!-- \/ Yoast SEO plugin. -->","yoast_head_json":{"title":"Mairie Mobile - Mairie de Neuilly-sur-Marne","robots":{"index":"index","follow":"follow","max-snippet":"max-snippet:-1","max-image-preview":"max-image-preview:large","max-video-preview":"max-video-preview:-1"},"canonical":"https:\/\/www.neuillysurmarne.fr\/en\/mairie-mobile\/","og_locale":"en_GB","og_type":"article","og_title":"Mairie Mobile - Mairie de Neuilly-sur-Marne","og_description":"Un rendez-vous r\u00e9gulier avec les Noc\u00e9ens Une \u00e0 deux fois par mois, les \u00e9lus municipaux vont \u00e0 la rencontre des Noc\u00e9ens dans l&rsquo;espace public pour \u00e9changer sur les grands projets de la commune \u00e0 venir. Les \u00e9lus \u00e0 votre \u00e9coute Ces rendez-vous sont l&rsquo;occasion pour les habitants de la Ville de poser leurs questions et [&hellip;]","og_url":"https:\/\/www.neuillysurmarne.fr\/en\/mairie-mobile\/","og_site_name":"Mairie de Neuilly-sur-Marne","article_publisher":"https:\/\/www.facebook.com\/ville.neuilly","article_modified_time":"2024-08-16T14:24:10+00:00","og_image":[{"width":2560,"height":1703,"url":"https:\/\/www.neuillysurmarne.fr\/wp-content\/uploads\/2024\/06\/108-096@Nicolas-Fagot-scaled.jpg","type":"image\/jpeg"}],"twitter_card":"summary_large_image","twitter_misc":{"Estimated reading time":"1 minute"},"schema":{"@context":"https:\/\/schema.org","@graph":[{"@type":"WebPage","@id":"https:\/\/www.neuillysurmarne.fr\/mairie-mobile\/","url":"https:\/\/www.neuillysurmarne.fr\/mairie-mobile\/","name":"Mairie Mobile - Mairie de Neuilly-sur-Marne","isPartOf":{"@id":"https:\/\/www.neuillysurmarne.fr\/es\/#website"},"primaryImageOfPage":{"@id":"https:\/\/www.neuillysurmarne.fr\/mairie-mobile\/#primaryimage"},"image":{"@id":"https:\/\/www.neuillysurmarne.fr\/mairie-mobile\/#primaryimage"},"thumbnailUrl":"https:\/\/www.neuillysurmarne.fr\/wp-content\/uploads\/2024\/06\/108-096@Nicolas-Fagot-scaled.jpg","datePublished":"2024-06-13T09:31:52+00:00","dateModified":"2024-08-16T14:24:10+00:00","breadcrumb":{"@id":"https:\/\/www.neuillysurmarne.fr\/mairie-mobile\/#breadcrumb"},"inLanguage":"en-GB","potentialAction":[{"@type":"ReadAction","target":["https:\/\/www.neuillysurmarne.fr\/mairie-mobile\/"]}]},{"@type":"ImageObject","inLanguage":"en-GB","@id":"https:\/\/www.neuillysurmarne.fr\/mairie-mobile\/#primaryimage","url":"https:\/\/www.neuillysurmarne.fr\/wp-content\/uploads\/2024\/06\/108-096@Nicolas-Fagot-scaled.jpg","contentUrl":"https:\/\/www.neuillysurmarne.fr\/wp-content\/uploads\/2024\/06\/108-096@Nicolas-Fagot-scaled.jpg","width":2560,"height":1703},{"@type":"BreadcrumbList","@id":"https:\/\/www.neuillysurmarne.fr\/mairie-mobile\/#breadcrumb","itemListElement":[{"@type":"ListItem","position":1,"name":"Accueil","item":"https:\/\/www.neuillysurmarne.fr\/"},{"@type":"ListItem","position":2,"name":"Mairie Mobile"}]},{"@type":"WebSite","@id":"https:\/\/www.neuillysurmarne.fr\/es\/#website","url":"https:\/\/www.neuillysurmarne.fr\/es\/","name":"Neuilly-sur-Marne Town Hall","description":"BETA","publisher":{"@id":"https:\/\/www.neuillysurmarne.fr\/es\/#organization"},"potentialAction":[{"@type":"SearchAction","target":{"@type":"EntryPoint","urlTemplate":"https:\/\/www.neuillysurmarne.fr\/es\/?s={search_term_string}"},"query-input":{"@type":"PropertyValueSpecification","valueRequired":true,"valueName":"search_term_string"}}],"inLanguage":"en-GB"},{"@type":"Organization","@id":"https:\/\/www.neuillysurmarne.fr\/es\/#organization","name":"Neuilly-sur-Marne Town Hall","url":"https:\/\/www.neuillysurmarne.fr\/es\/","logo":{"@type":"ImageObject","inLanguage":"en-GB","@id":"https:\/\/www.neuillysurmarne.fr\/es\/#\/schema\/logo\/image\/","url":"https:\/\/www.neuillysurmarne.fr\/wp-content\/uploads\/2023\/10\/LOGO-NeuillysurMarne-blanc.png","contentUrl":"https:\/\/www.neuillysurmarne.fr\/wp-content\/uploads\/2023\/10\/LOGO-NeuillysurMarne-blanc.png","width":3308,"height":2586,"caption":"Mairie de Neuilly-sur-Marne"},"image":{"@id":"https:\/\/www.neuillysurmarne.fr\/es\/#\/schema\/logo\/image\/"},"sameAs":["https:\/\/www.facebook.com\/ville.neuilly","https:\/\/www.instagram.com\/neuilly_marne\/","https:\/\/www.linkedin.com\/company\/ville-de-neuilly-sur-marne\/","https:\/\/www.youtube.com\/channel\/UCDdZ0TLrV8rfIqjBGvoeB5A","https:\/\/www.tiktok.com\/@villedeneuillysurmarne"]}]}},"_links":{"self":[{"href":"https:\/\/www.neuillysurmarne.fr\/en\/wp-json\/wp\/v2\/pages\/8730","targetHints":{"allow":["GET"]}}],"collection":[{"href":"https:\/\/www.neuillysurmarne.fr\/en\/wp-json\/wp\/v2\/pages"}],"about":[{"href":"https:\/\/www.neuillysurmarne.fr\/en\/wp-json\/wp\/v2\/types\/page"}],"author":[{"embeddable":true,"href":"https:\/\/www.neuillysurmarne.fr\/en\/wp-json\/wp\/v2\/users\/1"}],"replies":[{"embeddable":true,"href":"https:\/\/www.neuillysurmarne.fr\/en\/wp-json\/wp\/v2\/comments?post=8730"}],"version-history":[{"count":16,"href":"https:\/\/www.neuillysurmarne.fr\/en\/wp-json\/wp\/v2\/pages\/8730\/revisions"}],"predecessor-version":[{"id":12623,"href":"https:\/\/www.neuillysurmarne.fr\/en\/wp-json\/wp\/v2\/pages\/8730\/revisions\/12623"}],"wp:featuredmedia":[{"embeddable":true,"href":"https:\/\/www.neuillysurmarne.fr\/en\/wp-json\/wp\/v2\/media\/8828"}],"wp:attachment":[{"href":"https:\/\/www.neuillysurmarne.fr\/en\/wp-json\/wp\/v2\/media?parent=8730"}],"curies":[{"name":"wp","href":"https:\/\/api.w.org\/{rel}","templated":true}]}}