{"version":"1.0","provider_name":"Ayuntamiento de Neuilly-sur-Marne","provider_url":"https:\/\/www.neuillysurmarne.fr\/es","title":"Enfance et \u00e9coles - Mairie de Neuilly-sur-Marne","type":"rich","width":600,"height":338,"html":"<blockquote class=\"wp-embedded-content\" data-secret=\"RH9PmkFhpW\"><a href=\"https:\/\/www.neuillysurmarne.fr\/es\/grands-projets\/enfance-et-ecoles\/\">Ni\u00f1os y escuelas<\/a><\/blockquote><iframe sandbox=\"allow-scripts\" security=\"restricted\" src=\"https:\/\/www.neuillysurmarne.fr\/es\/grands-projets\/enfance-et-ecoles\/embed\/#?secret=RH9PmkFhpW\" width=\"600\" height=\"338\" title=\"\u00abEnfance et \u00e9coles\u00bb \u2014 Mairie de Neuilly-sur-Marne\" data-secret=\"RH9PmkFhpW\" frameborder=\"0\" marginwidth=\"0\" marginheight=\"0\" scrolling=\"no\" class=\"wp-embedded-content\"><\/iframe><script>\n\/*! This file is auto-generated *\/\n!function(d,l){\"use strict\";l.querySelector&&d.addEventListener&&\"undefined\"!=typeof URL&&(d.wp=d.wp||{},d.wp.receiveEmbedMessage||(d.wp.receiveEmbedMessage=function(e){var t=e.data;if((t||t.secret||t.message||t.value)&&!\/[^a-zA-Z0-9]\/.test(t.secret)){for(var s,r,n,a=l.querySelectorAll('iframe[data-secret=\"'+t.secret+'\"]'),o=l.querySelectorAll('blockquote[data-secret=\"'+t.secret+'\"]'),c=new RegExp(\"^https?:$\",\"i\"),i=0;i<o.length;i++)o[i].style.display=\"none\";for(i=0;i<a.length;i++)s=a[i],e.source===s.contentWindow&&(s.removeAttribute(\"style\"),\"height\"===t.message?(1e3<(r=parseInt(t.value,10))?r=1e3:~~r<200&&(r=200),s.height=r):\"link\"===t.message&&(r=new URL(s.getAttribute(\"src\")),n=new URL(t.value),c.test(n.protocol))&&n.host===r.host&&l.activeElement===s&&(d.top.location.href=t.value))}},d.addEventListener(\"message\",d.wp.receiveEmbedMessage,!1),l.addEventListener(\"DOMContentLoaded\",function(){for(var e,t,s=l.querySelectorAll(\"iframe.wp-embedded-content\"),r=0;r<s.length;r++)(t=(e=s[r]).getAttribute(\"data-secret\"))||(t=Math.random().toString(36).substring(2,12),e.src+=\"#?secret=\"+t,e.setAttribute(\"data-secret\",t)),e.contentWindow.postMessage({message:\"ready\",secret:t},\"*\")},!1)))}(window,document);\n\/\/# sourceURL=https:\/\/www.neuillysurmarne.fr\/wp-includes\/js\/wp-embed.min.js\n<\/script>","thumbnail_url":"https:\/\/www.neuillysurmarne.fr\/wp-content\/uploads\/2024\/06\/Arts-plastiques-ecole-Amiard-05.2021-13-scaled.jpg","thumbnail_width":2560,"thumbnail_height":1707,"description":"\u00c9cole Construction d&rsquo;une nouvelle \u00e9cole maternelle L&rsquo;Odyss\u00e9e (8 classes) Cr\u00e8ches Ouverture de deux cr\u00e8ches, Le Fil d&rsquo;Ariane (40 berceaux) et Fran\u00e7oise Dolto (60 berceaux) S\u00e9curisation des abords des \u00e9coles Travaux de voirie et d\u00e9ploiement d&rsquo;agents de travers\u00e9e pi\u00e9tonne Accueil du matin Mise en place d&rsquo;une collation pour les classes maternelles Accueil du soir Prolongation de [&hellip;]"}