{"id":17766,"date":"2026-03-31T18:06:01","date_gmt":"2026-03-31T16:06:01","guid":{"rendered":"https:\/\/www.neuillysurmarne.fr\/?post_type=evenements&#038;p=17766"},"modified":"2026-03-31T18:06:01","modified_gmt":"2026-03-31T16:06:01","slug":"fete-des-meres-et-des-peres-sur-le-marche-de-maison-blanche","status":"publish","type":"evenements","link":"https:\/\/www.neuillysurmarne.fr\/es\/evenements\/fete-des-meres-et-des-peres-sur-le-marche-de-maison-blanche\/","title":{"rendered":"F\u00eate des m\u00e8res et des p\u00e8res sur le march\u00e9 de Maison Blanche"},"content":{"rendered":"<h3><strong>Mercado<\/strong><br \/>\n<strong>ANIMATIONS F\u00caTES DES M\u00c8RES ET DES P\u00c8RES<\/strong><\/h3>\n<p><b>Jeudi 28 mai de 17h \u00e0 20h<br \/>\nMarch\u00e9 de soir\u00e9e de Maison Blanche<\/b><\/p>\n<p><em>P\u00fablico en general<br \/>\nEntr\u00e9e libre et gratuite<\/em><\/p>\n<h3><strong>Atelier cr\u00e9ation de cadeaux<\/strong><\/h3>\n<p><a href=\"https:\/\/www.neuillysurmarne.fr\/wp-content\/uploads\/2026\/03\/AFFICHE-FETE-DES-PERES-ET-MERES-scaled.png\"><img fetchpriority=\"high\" decoding=\"async\" class=\"aligncenter wp-image-17767 size-large\" src=\"https:\/\/www.neuillysurmarne.fr\/wp-content\/uploads\/2026\/03\/AFFICHE-FETE-DES-PERES-ET-MERES-724x1024.png\" alt=\"\" width=\"724\" height=\"1024\" srcset=\"https:\/\/www.neuillysurmarne.fr\/wp-content\/uploads\/2026\/03\/AFFICHE-FETE-DES-PERES-ET-MERES-724x1024.png 724w, https:\/\/www.neuillysurmarne.fr\/wp-content\/uploads\/2026\/03\/AFFICHE-FETE-DES-PERES-ET-MERES-212x300.png 212w, https:\/\/www.neuillysurmarne.fr\/wp-content\/uploads\/2026\/03\/AFFICHE-FETE-DES-PERES-ET-MERES-768x1086.png 768w, https:\/\/www.neuillysurmarne.fr\/wp-content\/uploads\/2026\/03\/AFFICHE-FETE-DES-PERES-ET-MERES-1086x1536.png 1086w, https:\/\/www.neuillysurmarne.fr\/wp-content\/uploads\/2026\/03\/AFFICHE-FETE-DES-PERES-ET-MERES-1448x2048.png 1448w, https:\/\/www.neuillysurmarne.fr\/wp-content\/uploads\/2026\/03\/AFFICHE-FETE-DES-PERES-ET-MERES-8x12.png 8w, https:\/\/www.neuillysurmarne.fr\/wp-content\/uploads\/2026\/03\/AFFICHE-FETE-DES-PERES-ET-MERES-scaled.png 1811w\" sizes=\"(max-width: 724px) 100vw, 724px\" \/><\/a><\/p>","protected":false},"featured_media":15072,"template":"","categorie-evenement":[247,236],"class_list":["post-17766","evenements","type-evenements","status-publish","has-post-thumbnail","hentry","categorie-evenement-a-la-une","categorie-evenement-marche"],"acf":[],"yoast_head":"<!-- This site is optimized with the Yoast SEO plugin v27.4 - https:\/\/yoast.com\/product\/yoast-seo-wordpress\/ -->\n<title>F\u00eate des m\u00e8res et des p\u00e8res sur le march\u00e9 de Maison Blanche - Mairie de Neuilly-sur-Marne<\/title>\n<meta name=\"robots\" content=\"index, follow, max-snippet:-1, max-image-preview:large, max-video-preview:-1\" \/>\n<link rel=\"canonical\" href=\"https:\/\/www.neuillysurmarne.fr\/es\/evenements\/fete-des-meres-et-des-peres-sur-le-marche-de-maison-blanche\/\" \/>\n<meta property=\"og:locale\" content=\"es_ES\" \/>\n<meta property=\"og:type\" content=\"article\" \/>\n<meta property=\"og:title\" content=\"F\u00eate des m\u00e8res et des p\u00e8res sur le march\u00e9 de Maison Blanche - Mairie de Neuilly-sur-Marne\" \/>\n<meta property=\"og:description\" content=\"March\u00e9 ANIMATIONS F\u00caTES DES M\u00c8RES ET DES P\u00c8RES Jeudi 28 mai de 17h \u00e0 20h March\u00e9 de soir\u00e9e de Maison Blanche Tout public Entr\u00e9e libre et gratuite Atelier cr\u00e9ation de cadeaux\" \/>\n<meta property=\"og:url\" content=\"https:\/\/www.neuillysurmarne.fr\/es\/evenements\/fete-des-meres-et-des-peres-sur-le-marche-de-maison-blanche\/\" \/>\n<meta property=\"og:site_name\" content=\"Mairie de Neuilly-sur-Marne\" \/>\n<meta property=\"article:publisher\" content=\"https:\/\/www.facebook.com\/ville.neuilly\" \/>\n<meta property=\"og:image\" content=\"https:\/\/www.neuillysurmarne.fr\/wp-content\/uploads\/2025\/05\/Animations-fete-des-meres-05.2022-9-scaled.jpg\" \/>\n\t<meta property=\"og:image:width\" content=\"2560\" \/>\n\t<meta property=\"og:image:height\" content=\"1707\" \/>\n\t<meta property=\"og:image:type\" content=\"image\/jpeg\" \/>\n<meta name=\"twitter:card\" content=\"summary_large_image\" \/>\n<meta name=\"twitter:label1\" content=\"Tiempo de lectura\" \/>\n\t<meta name=\"twitter:data1\" content=\"1 minuto\" \/>\n<script type=\"application\/ld+json\" class=\"yoast-schema-graph\">{\"@context\":\"https:\\\/\\\/schema.org\",\"@graph\":[{\"@type\":\"WebPage\",\"@id\":\"https:\\\/\\\/www.neuillysurmarne.fr\\\/evenements\\\/fete-des-meres-et-des-peres-sur-le-marche-de-maison-blanche\\\/\",\"url\":\"https:\\\/\\\/www.neuillysurmarne.fr\\\/evenements\\\/fete-des-meres-et-des-peres-sur-le-marche-de-maison-blanche\\\/\",\"name\":\"F\u00eate des m\u00e8res et des p\u00e8res sur le march\u00e9 de Maison Blanche - Mairie de Neuilly-sur-Marne\",\"isPartOf\":{\"@id\":\"https:\\\/\\\/www.neuillysurmarne.fr\\\/es\\\/#website\"},\"primaryImageOfPage\":{\"@id\":\"https:\\\/\\\/www.neuillysurmarne.fr\\\/evenements\\\/fete-des-meres-et-des-peres-sur-le-marche-de-maison-blanche\\\/#primaryimage\"},\"image\":{\"@id\":\"https:\\\/\\\/www.neuillysurmarne.fr\\\/evenements\\\/fete-des-meres-et-des-peres-sur-le-marche-de-maison-blanche\\\/#primaryimage\"},\"thumbnailUrl\":\"https:\\\/\\\/www.neuillysurmarne.fr\\\/wp-content\\\/uploads\\\/2025\\\/05\\\/Animations-fete-des-meres-05.2022-9-scaled.jpg\",\"datePublished\":\"2026-03-31T16:06:01+00:00\",\"breadcrumb\":{\"@id\":\"https:\\\/\\\/www.neuillysurmarne.fr\\\/evenements\\\/fete-des-meres-et-des-peres-sur-le-marche-de-maison-blanche\\\/#breadcrumb\"},\"inLanguage\":\"es\",\"potentialAction\":[{\"@type\":\"ReadAction\",\"target\":[\"https:\\\/\\\/www.neuillysurmarne.fr\\\/evenements\\\/fete-des-meres-et-des-peres-sur-le-marche-de-maison-blanche\\\/\"]}]},{\"@type\":\"ImageObject\",\"inLanguage\":\"es\",\"@id\":\"https:\\\/\\\/www.neuillysurmarne.fr\\\/evenements\\\/fete-des-meres-et-des-peres-sur-le-marche-de-maison-blanche\\\/#primaryimage\",\"url\":\"https:\\\/\\\/www.neuillysurmarne.fr\\\/wp-content\\\/uploads\\\/2025\\\/05\\\/Animations-fete-des-meres-05.2022-9-scaled.jpg\",\"contentUrl\":\"https:\\\/\\\/www.neuillysurmarne.fr\\\/wp-content\\\/uploads\\\/2025\\\/05\\\/Animations-fete-des-meres-05.2022-9-scaled.jpg\",\"width\":2560,\"height\":1707},{\"@type\":\"BreadcrumbList\",\"@id\":\"https:\\\/\\\/www.neuillysurmarne.fr\\\/evenements\\\/fete-des-meres-et-des-peres-sur-le-marche-de-maison-blanche\\\/#breadcrumb\",\"itemListElement\":[{\"@type\":\"ListItem\",\"position\":1,\"name\":\"Accueil\",\"item\":\"https:\\\/\\\/www.neuillysurmarne.fr\\\/\"},{\"@type\":\"ListItem\",\"position\":2,\"name\":\"F\u00eate des m\u00e8res et des p\u00e8res sur le march\u00e9 de Maison Blanche\"}]},{\"@type\":\"WebSite\",\"@id\":\"https:\\\/\\\/www.neuillysurmarne.fr\\\/es\\\/#website\",\"url\":\"https:\\\/\\\/www.neuillysurmarne.fr\\\/es\\\/\",\"name\":\"Mairie de Neuilly-sur-Marne\",\"description\":\"BETA\",\"publisher\":{\"@id\":\"https:\\\/\\\/www.neuillysurmarne.fr\\\/es\\\/#organization\"},\"potentialAction\":[{\"@type\":\"SearchAction\",\"target\":{\"@type\":\"EntryPoint\",\"urlTemplate\":\"https:\\\/\\\/www.neuillysurmarne.fr\\\/es\\\/?s={search_term_string}\"},\"query-input\":{\"@type\":\"PropertyValueSpecification\",\"valueRequired\":true,\"valueName\":\"search_term_string\"}}],\"inLanguage\":\"es\"},{\"@type\":\"Organization\",\"@id\":\"https:\\\/\\\/www.neuillysurmarne.fr\\\/es\\\/#organization\",\"name\":\"Mairie de Neuilly-sur-Marne\",\"url\":\"https:\\\/\\\/www.neuillysurmarne.fr\\\/es\\\/\",\"logo\":{\"@type\":\"ImageObject\",\"inLanguage\":\"es\",\"@id\":\"https:\\\/\\\/www.neuillysurmarne.fr\\\/es\\\/#\\\/schema\\\/logo\\\/image\\\/\",\"url\":\"https:\\\/\\\/www.neuillysurmarne.fr\\\/wp-content\\\/uploads\\\/2023\\\/10\\\/LOGO-NeuillysurMarne-blanc.png\",\"contentUrl\":\"https:\\\/\\\/www.neuillysurmarne.fr\\\/wp-content\\\/uploads\\\/2023\\\/10\\\/LOGO-NeuillysurMarne-blanc.png\",\"width\":3308,\"height\":2586,\"caption\":\"Mairie de Neuilly-sur-Marne\"},\"image\":{\"@id\":\"https:\\\/\\\/www.neuillysurmarne.fr\\\/es\\\/#\\\/schema\\\/logo\\\/image\\\/\"},\"sameAs\":[\"https:\\\/\\\/www.facebook.com\\\/ville.neuilly\",\"https:\\\/\\\/www.instagram.com\\\/neuilly_marne\\\/\",\"https:\\\/\\\/www.linkedin.com\\\/company\\\/ville-de-neuilly-sur-marne\\\/\",\"https:\\\/\\\/www.youtube.com\\\/channel\\\/UCDdZ0TLrV8rfIqjBGvoeB5A\",\"https:\\\/\\\/www.tiktok.com\\\/@villedeneuillysurmarne\"]}]}<\/script>\n<!-- \/ Yoast SEO plugin. -->","yoast_head_json":{"title":"F\u00eate des m\u00e8res et des p\u00e8res sur le march\u00e9 de Maison Blanche - Mairie de Neuilly-sur-Marne","robots":{"index":"index","follow":"follow","max-snippet":"max-snippet:-1","max-image-preview":"max-image-preview:large","max-video-preview":"max-video-preview:-1"},"canonical":"https:\/\/www.neuillysurmarne.fr\/es\/evenements\/fete-des-meres-et-des-peres-sur-le-marche-de-maison-blanche\/","og_locale":"es_ES","og_type":"article","og_title":"F\u00eate des m\u00e8res et des p\u00e8res sur le march\u00e9 de Maison Blanche - Mairie de Neuilly-sur-Marne","og_description":"March\u00e9 ANIMATIONS F\u00caTES DES M\u00c8RES ET DES P\u00c8RES Jeudi 28 mai de 17h \u00e0 20h March\u00e9 de soir\u00e9e de Maison Blanche Tout public Entr\u00e9e libre et gratuite Atelier cr\u00e9ation de cadeaux","og_url":"https:\/\/www.neuillysurmarne.fr\/es\/evenements\/fete-des-meres-et-des-peres-sur-le-marche-de-maison-blanche\/","og_site_name":"Mairie de Neuilly-sur-Marne","article_publisher":"https:\/\/www.facebook.com\/ville.neuilly","og_image":[{"width":2560,"height":1707,"url":"https:\/\/www.neuillysurmarne.fr\/wp-content\/uploads\/2025\/05\/Animations-fete-des-meres-05.2022-9-scaled.jpg","type":"image\/jpeg"}],"twitter_card":"summary_large_image","twitter_misc":{"Tiempo de lectura":"1 minuto"},"schema":{"@context":"https:\/\/schema.org","@graph":[{"@type":"WebPage","@id":"https:\/\/www.neuillysurmarne.fr\/evenements\/fete-des-meres-et-des-peres-sur-le-marche-de-maison-blanche\/","url":"https:\/\/www.neuillysurmarne.fr\/evenements\/fete-des-meres-et-des-peres-sur-le-marche-de-maison-blanche\/","name":"F\u00eate des m\u00e8res et des p\u00e8res sur le march\u00e9 de Maison Blanche - Mairie de Neuilly-sur-Marne","isPartOf":{"@id":"https:\/\/www.neuillysurmarne.fr\/es\/#website"},"primaryImageOfPage":{"@id":"https:\/\/www.neuillysurmarne.fr\/evenements\/fete-des-meres-et-des-peres-sur-le-marche-de-maison-blanche\/#primaryimage"},"image":{"@id":"https:\/\/www.neuillysurmarne.fr\/evenements\/fete-des-meres-et-des-peres-sur-le-marche-de-maison-blanche\/#primaryimage"},"thumbnailUrl":"https:\/\/www.neuillysurmarne.fr\/wp-content\/uploads\/2025\/05\/Animations-fete-des-meres-05.2022-9-scaled.jpg","datePublished":"2026-03-31T16:06:01+00:00","breadcrumb":{"@id":"https:\/\/www.neuillysurmarne.fr\/evenements\/fete-des-meres-et-des-peres-sur-le-marche-de-maison-blanche\/#breadcrumb"},"inLanguage":"es","potentialAction":[{"@type":"ReadAction","target":["https:\/\/www.neuillysurmarne.fr\/evenements\/fete-des-meres-et-des-peres-sur-le-marche-de-maison-blanche\/"]}]},{"@type":"ImageObject","inLanguage":"es","@id":"https:\/\/www.neuillysurmarne.fr\/evenements\/fete-des-meres-et-des-peres-sur-le-marche-de-maison-blanche\/#primaryimage","url":"https:\/\/www.neuillysurmarne.fr\/wp-content\/uploads\/2025\/05\/Animations-fete-des-meres-05.2022-9-scaled.jpg","contentUrl":"https:\/\/www.neuillysurmarne.fr\/wp-content\/uploads\/2025\/05\/Animations-fete-des-meres-05.2022-9-scaled.jpg","width":2560,"height":1707},{"@type":"BreadcrumbList","@id":"https:\/\/www.neuillysurmarne.fr\/evenements\/fete-des-meres-et-des-peres-sur-le-marche-de-maison-blanche\/#breadcrumb","itemListElement":[{"@type":"ListItem","position":1,"name":"Accueil","item":"https:\/\/www.neuillysurmarne.fr\/"},{"@type":"ListItem","position":2,"name":"F\u00eate des m\u00e8res et des p\u00e8res sur le march\u00e9 de Maison Blanche"}]},{"@type":"WebSite","@id":"https:\/\/www.neuillysurmarne.fr\/es\/#website","url":"https:\/\/www.neuillysurmarne.fr\/es\/","name":"Ayuntamiento de Neuilly-sur-Marne","description":"BETA","publisher":{"@id":"https:\/\/www.neuillysurmarne.fr\/es\/#organization"},"potentialAction":[{"@type":"SearchAction","target":{"@type":"EntryPoint","urlTemplate":"https:\/\/www.neuillysurmarne.fr\/es\/?s={search_term_string}"},"query-input":{"@type":"PropertyValueSpecification","valueRequired":true,"valueName":"search_term_string"}}],"inLanguage":"es"},{"@type":"Organization","@id":"https:\/\/www.neuillysurmarne.fr\/es\/#organization","name":"Ayuntamiento de Neuilly-sur-Marne","url":"https:\/\/www.neuillysurmarne.fr\/es\/","logo":{"@type":"ImageObject","inLanguage":"es","@id":"https:\/\/www.neuillysurmarne.fr\/es\/#\/schema\/logo\/image\/","url":"https:\/\/www.neuillysurmarne.fr\/wp-content\/uploads\/2023\/10\/LOGO-NeuillysurMarne-blanc.png","contentUrl":"https:\/\/www.neuillysurmarne.fr\/wp-content\/uploads\/2023\/10\/LOGO-NeuillysurMarne-blanc.png","width":3308,"height":2586,"caption":"Mairie de Neuilly-sur-Marne"},"image":{"@id":"https:\/\/www.neuillysurmarne.fr\/es\/#\/schema\/logo\/image\/"},"sameAs":["https:\/\/www.facebook.com\/ville.neuilly","https:\/\/www.instagram.com\/neuilly_marne\/","https:\/\/www.linkedin.com\/company\/ville-de-neuilly-sur-marne\/","https:\/\/www.youtube.com\/channel\/UCDdZ0TLrV8rfIqjBGvoeB5A","https:\/\/www.tiktok.com\/@villedeneuillysurmarne"]}]}},"_links":{"self":[{"href":"https:\/\/www.neuillysurmarne.fr\/es\/wp-json\/wp\/v2\/evenements\/17766","targetHints":{"allow":["GET"]}}],"collection":[{"href":"https:\/\/www.neuillysurmarne.fr\/es\/wp-json\/wp\/v2\/evenements"}],"about":[{"href":"https:\/\/www.neuillysurmarne.fr\/es\/wp-json\/wp\/v2\/types\/evenements"}],"wp:featuredmedia":[{"embeddable":true,"href":"https:\/\/www.neuillysurmarne.fr\/es\/wp-json\/wp\/v2\/media\/15072"}],"wp:attachment":[{"href":"https:\/\/www.neuillysurmarne.fr\/es\/wp-json\/wp\/v2\/media?parent=17766"}],"wp:term":[{"taxonomy":"categorie-evenement","embeddable":true,"href":"https:\/\/www.neuillysurmarne.fr\/es\/wp-json\/wp\/v2\/categorie-evenement?post=17766"}],"curies":[{"name":"wp","href":"https:\/\/api.w.org\/{rel}","templated":true}]}}