{"id":11410,"date":"2024-07-01T18:04:10","date_gmt":"2024-07-01T16:04:10","guid":{"rendered":"https:\/\/www.neuillysurmarne.fr\/?page_id=11410"},"modified":"2024-07-02T11:35:57","modified_gmt":"2024-07-02T09:35:57","slug":"patrimoine-vert-urbanisme-et-cadre-de-vie","status":"publish","type":"page","link":"https:\/\/www.neuillysurmarne.fr\/es\/patrimoine-vert-urbanisme-et-cadre-de-vie\/","title":{"rendered":"Patrimonio verde, urbanismo y entorno vital"},"content":{"rendered":"<div data-elementor-type=\"wp-page\" data-elementor-id=\"11410\" class=\"elementor elementor-11410\" data-elementor-post-type=\"page\">\n\t\t\t\t<div class=\"elementor-element elementor-element-42dd800 e-grid e-con-boxed e-con e-child\" data-id=\"42dd800\" data-element_type=\"container\" data-e-type=\"container\">\n\t\t\t\t\t<div class=\"e-con-inner\">\n\t\t\t\t<div class=\"elementor-element elementor-element-f8dc92b elementor-position-top elementor-widget elementor-widget-image-box\" data-id=\"f8dc92b\" data-element_type=\"widget\" data-e-type=\"widget\" data-widget_type=\"image-box.default\">\n\t\t\t\t<div class=\"elementor-widget-container\">\n\t\t\t\t\t<div class=\"elementor-image-box-wrapper\"><figure class=\"elementor-image-box-img\"><img fetchpriority=\"high\" decoding=\"async\" width=\"2560\" height=\"1707\" src=\"https:\/\/www.neuillysurmarne.fr\/wp-content\/uploads\/2024\/07\/Voliere-menagerie-nuit-06.2021-13-scaled.jpg\" class=\"attachment-full size-full wp-image-11526\" alt=\"\" srcset=\"https:\/\/www.neuillysurmarne.fr\/wp-content\/uploads\/2024\/07\/Voliere-menagerie-nuit-06.2021-13-scaled.jpg 2560w, https:\/\/www.neuillysurmarne.fr\/wp-content\/uploads\/2024\/07\/Voliere-menagerie-nuit-06.2021-13-300x200.jpg 300w, https:\/\/www.neuillysurmarne.fr\/wp-content\/uploads\/2024\/07\/Voliere-menagerie-nuit-06.2021-13-1024x683.jpg 1024w, https:\/\/www.neuillysurmarne.fr\/wp-content\/uploads\/2024\/07\/Voliere-menagerie-nuit-06.2021-13-768x512.jpg 768w, https:\/\/www.neuillysurmarne.fr\/wp-content\/uploads\/2024\/07\/Voliere-menagerie-nuit-06.2021-13-1536x1024.jpg 1536w, https:\/\/www.neuillysurmarne.fr\/wp-content\/uploads\/2024\/07\/Voliere-menagerie-nuit-06.2021-13-2048x1365.jpg 2048w, https:\/\/www.neuillysurmarne.fr\/wp-content\/uploads\/2024\/07\/Voliere-menagerie-nuit-06.2021-13-18x12.jpg 18w\" sizes=\"(max-width: 2560px) 100vw, 2560px\" \/><\/figure><div class=\"elementor-image-box-content\"><h3 class=\"elementor-image-box-title\">Menagerie de Saint-Baudile<\/h3><p class=\"elementor-image-box-description\">Una hect\u00e1rea adicional para acoger nuevos animales y la creaci\u00f3n de un aviario<\/p><\/div><\/div>\t\t\t\t<\/div>\n\t\t\t\t<\/div>\n\t\t\t\t<div class=\"elementor-element elementor-element-ac02539 elementor-position-top elementor-widget elementor-widget-image-box\" data-id=\"ac02539\" data-element_type=\"widget\" data-e-type=\"widget\" data-widget_type=\"image-box.default\">\n\t\t\t\t<div class=\"elementor-widget-container\">\n\t\t\t\t\t<div class=\"elementor-image-box-wrapper\"><figure class=\"elementor-image-box-img\"><img decoding=\"async\" width=\"2560\" height=\"1707\" src=\"https:\/\/www.neuillysurmarne.fr\/wp-content\/uploads\/2024\/07\/Fete-des-BDM-Stalingrad-09.2021-113-scaled.jpg\" class=\"attachment-full size-full wp-image-11528\" alt=\"\" srcset=\"https:\/\/www.neuillysurmarne.fr\/wp-content\/uploads\/2024\/07\/Fete-des-BDM-Stalingrad-09.2021-113-scaled.jpg 2560w, https:\/\/www.neuillysurmarne.fr\/wp-content\/uploads\/2024\/07\/Fete-des-BDM-Stalingrad-09.2021-113-300x200.jpg 300w, https:\/\/www.neuillysurmarne.fr\/wp-content\/uploads\/2024\/07\/Fete-des-BDM-Stalingrad-09.2021-113-1024x683.jpg 1024w, https:\/\/www.neuillysurmarne.fr\/wp-content\/uploads\/2024\/07\/Fete-des-BDM-Stalingrad-09.2021-113-768x512.jpg 768w, https:\/\/www.neuillysurmarne.fr\/wp-content\/uploads\/2024\/07\/Fete-des-BDM-Stalingrad-09.2021-113-1536x1024.jpg 1536w, https:\/\/www.neuillysurmarne.fr\/wp-content\/uploads\/2024\/07\/Fete-des-BDM-Stalingrad-09.2021-113-2048x1365.jpg 2048w, https:\/\/www.neuillysurmarne.fr\/wp-content\/uploads\/2024\/07\/Fete-des-BDM-Stalingrad-09.2021-113-18x12.jpg 18w\" sizes=\"(max-width: 2560px) 100vw, 2560px\" \/><\/figure><div class=\"elementor-image-box-content\"><h3 class=\"elementor-image-box-title\">Limpiar Marne<\/h3><p class=\"elementor-image-box-description\">Obras de saneamiento para hacer el Marne apto para el ba\u00f1o, creaci\u00f3n de 2 aparcamientos provisionales<\/p><\/div><\/div>\t\t\t\t<\/div>\n\t\t\t\t<\/div>\n\t\t\t\t<div class=\"elementor-element elementor-element-0d3743f elementor-position-top elementor-widget elementor-widget-image-box\" data-id=\"0d3743f\" data-element_type=\"widget\" data-e-type=\"widget\" data-widget_type=\"image-box.default\">\n\t\t\t\t<div class=\"elementor-widget-container\">\n\t\t\t\t\t<div class=\"elementor-image-box-wrapper\"><figure class=\"elementor-image-box-img\"><img decoding=\"async\" width=\"2560\" height=\"1703\" src=\"https:\/\/www.neuillysurmarne.fr\/wp-content\/uploads\/2024\/07\/105@Nicolas-Fagot-Paris-scaled.jpg\" class=\"attachment-full size-full wp-image-11529\" alt=\"\" srcset=\"https:\/\/www.neuillysurmarne.fr\/wp-content\/uploads\/2024\/07\/105@Nicolas-Fagot-Paris-scaled.jpg 2560w, https:\/\/www.neuillysurmarne.fr\/wp-content\/uploads\/2024\/07\/105@Nicolas-Fagot-Paris-300x200.jpg 300w, https:\/\/www.neuillysurmarne.fr\/wp-content\/uploads\/2024\/07\/105@Nicolas-Fagot-Paris-1024x681.jpg 1024w, https:\/\/www.neuillysurmarne.fr\/wp-content\/uploads\/2024\/07\/105@Nicolas-Fagot-Paris-768x511.jpg 768w, https:\/\/www.neuillysurmarne.fr\/wp-content\/uploads\/2024\/07\/105@Nicolas-Fagot-Paris-1536x1022.jpg 1536w, https:\/\/www.neuillysurmarne.fr\/wp-content\/uploads\/2024\/07\/105@Nicolas-Fagot-Paris-2048x1363.jpg 2048w, https:\/\/www.neuillysurmarne.fr\/wp-content\/uploads\/2024\/07\/105@Nicolas-Fagot-Paris-18x12.jpg 18w\" sizes=\"(max-width: 2560px) 100vw, 2560px\" \/><\/figure><div class=\"elementor-image-box-content\"><h3 class=\"elementor-image-box-title\">Huertos<\/h3><p class=\"elementor-image-box-description\">Duplicar el n\u00famero de huertos alquilados, equipados con compostadores y colectores de agua.<\/p><\/div><\/div>\t\t\t\t<\/div>\n\t\t\t\t<\/div>\n\t\t\t\t<div class=\"elementor-element elementor-element-ac15da1 elementor-position-top elementor-widget elementor-widget-image-box\" data-id=\"ac15da1\" data-element_type=\"widget\" data-e-type=\"widget\" data-widget_type=\"image-box.default\">\n\t\t\t\t<div class=\"elementor-widget-container\">\n\t\t\t\t\t<div class=\"elementor-image-box-wrapper\"><figure class=\"elementor-image-box-img\"><img loading=\"lazy\" decoding=\"async\" width=\"2560\" height=\"1707\" src=\"https:\/\/www.neuillysurmarne.fr\/wp-content\/uploads\/2023\/11\/Inauguration-dechetterie-10.2021-8-scaled.jpg\" class=\"attachment-full size-full wp-image-1184\" alt=\"\" srcset=\"https:\/\/www.neuillysurmarne.fr\/wp-content\/uploads\/2023\/11\/Inauguration-dechetterie-10.2021-8-scaled.jpg 2560w, https:\/\/www.neuillysurmarne.fr\/wp-content\/uploads\/2023\/11\/Inauguration-dechetterie-10.2021-8-300x200.jpg 300w, https:\/\/www.neuillysurmarne.fr\/wp-content\/uploads\/2023\/11\/Inauguration-dechetterie-10.2021-8-1024x683.jpg 1024w, https:\/\/www.neuillysurmarne.fr\/wp-content\/uploads\/2023\/11\/Inauguration-dechetterie-10.2021-8-768x512.jpg 768w, https:\/\/www.neuillysurmarne.fr\/wp-content\/uploads\/2023\/11\/Inauguration-dechetterie-10.2021-8-1536x1024.jpg 1536w, https:\/\/www.neuillysurmarne.fr\/wp-content\/uploads\/2023\/11\/Inauguration-dechetterie-10.2021-8-2048x1365.jpg 2048w\" sizes=\"(max-width: 2560px) 100vw, 2560px\" \/><\/figure><div class=\"elementor-image-box-content\"><h3 class=\"elementor-image-box-title\">Desarrollo sostenible<\/h3><p class=\"elementor-image-box-description\">Inauguraci\u00f3n de un centro intermunicipal de recogida de residuos con un centro de reciclaje<\/p><\/div><\/div>\t\t\t\t<\/div>\n\t\t\t\t<\/div>\n\t\t\t\t<div class=\"elementor-element elementor-element-88cd780 elementor-position-top elementor-widget elementor-widget-image-box\" data-id=\"88cd780\" data-element_type=\"widget\" data-e-type=\"widget\" data-widget_type=\"image-box.default\">\n\t\t\t\t<div class=\"elementor-widget-container\">\n\t\t\t\t\t<div class=\"elementor-image-box-wrapper\"><figure class=\"elementor-image-box-img\"><img loading=\"lazy\" decoding=\"async\" width=\"2560\" height=\"1707\" src=\"https:\/\/www.neuillysurmarne.fr\/wp-content\/uploads\/2024\/07\/Patrimoine-vert-04.2021-59-scaled.jpg\" class=\"attachment-full size-full wp-image-11532\" alt=\"\" srcset=\"https:\/\/www.neuillysurmarne.fr\/wp-content\/uploads\/2024\/07\/Patrimoine-vert-04.2021-59-scaled.jpg 2560w, https:\/\/www.neuillysurmarne.fr\/wp-content\/uploads\/2024\/07\/Patrimoine-vert-04.2021-59-300x200.jpg 300w, https:\/\/www.neuillysurmarne.fr\/wp-content\/uploads\/2024\/07\/Patrimoine-vert-04.2021-59-1024x683.jpg 1024w, https:\/\/www.neuillysurmarne.fr\/wp-content\/uploads\/2024\/07\/Patrimoine-vert-04.2021-59-768x512.jpg 768w, https:\/\/www.neuillysurmarne.fr\/wp-content\/uploads\/2024\/07\/Patrimoine-vert-04.2021-59-1536x1024.jpg 1536w, https:\/\/www.neuillysurmarne.fr\/wp-content\/uploads\/2024\/07\/Patrimoine-vert-04.2021-59-2048x1365.jpg 2048w, https:\/\/www.neuillysurmarne.fr\/wp-content\/uploads\/2024\/07\/Patrimoine-vert-04.2021-59-18x12.jpg 18w\" sizes=\"(max-width: 2560px) 100vw, 2560px\" \/><\/figure><div class=\"elementor-image-box-content\"><h3 class=\"elementor-image-box-title\">Biodiversidad<\/h3><p class=\"elementor-image-box-description\">Gesti\u00f3n diferenciada de los espacios naturales para fomentar los ecosistemas y la biodiversidad<\/p><\/div><\/div>\t\t\t\t<\/div>\n\t\t\t\t<\/div>\n\t\t\t\t<div class=\"elementor-element elementor-element-dfcd5d1 elementor-position-top elementor-widget elementor-widget-image-box\" data-id=\"dfcd5d1\" data-element_type=\"widget\" data-e-type=\"widget\" data-widget_type=\"image-box.default\">\n\t\t\t\t<div class=\"elementor-widget-container\">\n\t\t\t\t\t<div class=\"elementor-image-box-wrapper\"><figure class=\"elementor-image-box-img\"><img loading=\"lazy\" decoding=\"async\" width=\"2560\" height=\"1707\" src=\"https:\/\/www.neuillysurmarne.fr\/wp-content\/uploads\/2024\/07\/AdobeStock_699984738-scaled.jpeg\" class=\"attachment-full size-full wp-image-11535\" alt=\"\" srcset=\"https:\/\/www.neuillysurmarne.fr\/wp-content\/uploads\/2024\/07\/AdobeStock_699984738-scaled.jpeg 2560w, https:\/\/www.neuillysurmarne.fr\/wp-content\/uploads\/2024\/07\/AdobeStock_699984738-300x200.jpeg 300w, https:\/\/www.neuillysurmarne.fr\/wp-content\/uploads\/2024\/07\/AdobeStock_699984738-1024x683.jpeg 1024w, https:\/\/www.neuillysurmarne.fr\/wp-content\/uploads\/2024\/07\/AdobeStock_699984738-768x512.jpeg 768w, https:\/\/www.neuillysurmarne.fr\/wp-content\/uploads\/2024\/07\/AdobeStock_699984738-1536x1024.jpeg 1536w, https:\/\/www.neuillysurmarne.fr\/wp-content\/uploads\/2024\/07\/AdobeStock_699984738-2048x1365.jpeg 2048w, https:\/\/www.neuillysurmarne.fr\/wp-content\/uploads\/2024\/07\/AdobeStock_699984738-18x12.jpeg 18w\" sizes=\"(max-width: 2560px) 100vw, 2560px\" \/><\/figure><div class=\"elementor-image-box-content\"><h3 class=\"elementor-image-box-title\">Ahorro de energ\u00eda<\/h3><p class=\"elementor-image-box-description\">Apoyo a la renovaci\u00f3n energ\u00e9tica de los edificios residenciales de Noc\u00e9<\/p><\/div><\/div>\t\t\t\t<\/div>\n\t\t\t\t<\/div>\n\t\t\t\t<div class=\"elementor-element elementor-element-fef5713 elementor-position-top elementor-widget elementor-widget-image-box\" data-id=\"fef5713\" data-element_type=\"widget\" data-e-type=\"widget\" data-widget_type=\"image-box.default\">\n\t\t\t\t<div class=\"elementor-widget-container\">\n\t\t\t\t\t<div class=\"elementor-image-box-wrapper\"><figure class=\"elementor-image-box-img\"><img loading=\"lazy\" decoding=\"async\" width=\"2560\" height=\"1707\" src=\"https:\/\/www.neuillysurmarne.fr\/wp-content\/uploads\/2024\/05\/Plantation-Arbre-33h-04.2021-7-scaled.jpg\" class=\"attachment-full size-full wp-image-7756\" alt=\"\" srcset=\"https:\/\/www.neuillysurmarne.fr\/wp-content\/uploads\/2024\/05\/Plantation-Arbre-33h-04.2021-7-scaled.jpg 2560w, https:\/\/www.neuillysurmarne.fr\/wp-content\/uploads\/2024\/05\/Plantation-Arbre-33h-04.2021-7-300x200.jpg 300w, https:\/\/www.neuillysurmarne.fr\/wp-content\/uploads\/2024\/05\/Plantation-Arbre-33h-04.2021-7-1024x683.jpg 1024w, https:\/\/www.neuillysurmarne.fr\/wp-content\/uploads\/2024\/05\/Plantation-Arbre-33h-04.2021-7-768x512.jpg 768w, https:\/\/www.neuillysurmarne.fr\/wp-content\/uploads\/2024\/05\/Plantation-Arbre-33h-04.2021-7-1536x1024.jpg 1536w, https:\/\/www.neuillysurmarne.fr\/wp-content\/uploads\/2024\/05\/Plantation-Arbre-33h-04.2021-7-2048x1365.jpg 2048w\" sizes=\"(max-width: 2560px) 100vw, 2560px\" \/><\/figure><div class=\"elementor-image-box-content\"><h3 class=\"elementor-image-box-title\">Plan 1000 \u00e1rboles<\/h3><p class=\"elementor-image-box-description\">M\u00e1s de 1.000 \u00e1rboles de distintas especies plantados desde 2020<\/p><\/div><\/div>\t\t\t\t<\/div>\n\t\t\t\t<\/div>\n\t\t\t\t<div class=\"elementor-element elementor-element-3dbc6ac elementor-position-top elementor-widget elementor-widget-image-box\" data-id=\"3dbc6ac\" data-element_type=\"widget\" data-e-type=\"widget\" data-widget_type=\"image-box.default\">\n\t\t\t\t<div class=\"elementor-widget-container\">\n\t\t\t\t\t<div class=\"elementor-image-box-wrapper\"><figure class=\"elementor-image-box-img\"><img loading=\"lazy\" decoding=\"async\" width=\"2560\" height=\"1707\" src=\"https:\/\/www.neuillysurmarne.fr\/wp-content\/uploads\/2024\/07\/Patrimoine-vert-04.2021-24-scaled.jpg\" class=\"attachment-full size-full wp-image-11536\" alt=\"\" srcset=\"https:\/\/www.neuillysurmarne.fr\/wp-content\/uploads\/2024\/07\/Patrimoine-vert-04.2021-24-scaled.jpg 2560w, https:\/\/www.neuillysurmarne.fr\/wp-content\/uploads\/2024\/07\/Patrimoine-vert-04.2021-24-300x200.jpg 300w, https:\/\/www.neuillysurmarne.fr\/wp-content\/uploads\/2024\/07\/Patrimoine-vert-04.2021-24-1024x683.jpg 1024w, https:\/\/www.neuillysurmarne.fr\/wp-content\/uploads\/2024\/07\/Patrimoine-vert-04.2021-24-768x512.jpg 768w, https:\/\/www.neuillysurmarne.fr\/wp-content\/uploads\/2024\/07\/Patrimoine-vert-04.2021-24-1536x1024.jpg 1536w, https:\/\/www.neuillysurmarne.fr\/wp-content\/uploads\/2024\/07\/Patrimoine-vert-04.2021-24-2048x1365.jpg 2048w, https:\/\/www.neuillysurmarne.fr\/wp-content\/uploads\/2024\/07\/Patrimoine-vert-04.2021-24-18x12.jpg 18w\" sizes=\"(max-width: 2560px) 100vw, 2560px\" \/><\/figure><div class=\"elementor-image-box-content\"><h3 class=\"elementor-image-box-title\">Plan de urbanismo local<\/h3><p class=\"elementor-image-box-description\">Modificaci\u00f3n de las normas urban\u00edsticas para limitar la construcci\u00f3n y el desarrollo concreto <\/p><\/div><\/div>\t\t\t\t<\/div>\n\t\t\t\t<\/div>\n\t\t\t\t<div class=\"elementor-element elementor-element-2441664 elementor-position-top elementor-widget elementor-widget-image-box\" data-id=\"2441664\" data-element_type=\"widget\" data-e-type=\"widget\" data-widget_type=\"image-box.default\">\n\t\t\t\t<div class=\"elementor-widget-container\">\n\t\t\t\t\t<div class=\"elementor-image-box-wrapper\"><figure class=\"elementor-image-box-img\"><img loading=\"lazy\" decoding=\"async\" width=\"2560\" height=\"1703\" src=\"https:\/\/www.neuillysurmarne.fr\/wp-content\/uploads\/2024\/07\/0120@Nicolas-Fagot-Paris-scaled.jpg\" class=\"attachment-full size-full wp-image-11537\" alt=\"\" srcset=\"https:\/\/www.neuillysurmarne.fr\/wp-content\/uploads\/2024\/07\/0120@Nicolas-Fagot-Paris-scaled.jpg 2560w, https:\/\/www.neuillysurmarne.fr\/wp-content\/uploads\/2024\/07\/0120@Nicolas-Fagot-Paris-300x200.jpg 300w, https:\/\/www.neuillysurmarne.fr\/wp-content\/uploads\/2024\/07\/0120@Nicolas-Fagot-Paris-1024x681.jpg 1024w, https:\/\/www.neuillysurmarne.fr\/wp-content\/uploads\/2024\/07\/0120@Nicolas-Fagot-Paris-768x511.jpg 768w, https:\/\/www.neuillysurmarne.fr\/wp-content\/uploads\/2024\/07\/0120@Nicolas-Fagot-Paris-1536x1022.jpg 1536w, https:\/\/www.neuillysurmarne.fr\/wp-content\/uploads\/2024\/07\/0120@Nicolas-Fagot-Paris-2048x1363.jpg 2048w, https:\/\/www.neuillysurmarne.fr\/wp-content\/uploads\/2024\/07\/0120@Nicolas-Fagot-Paris-18x12.jpg 18w\" sizes=\"(max-width: 2560px) 100vw, 2560px\" \/><\/figure><div class=\"elementor-image-box-content\"><h3 class=\"elementor-image-box-title\">Renovaci\u00f3n urbana<\/h3><p class=\"elementor-image-box-description\">Plan de renovaci\u00f3n del barrio de Fauvettes \/ Val Coteau <\/p><\/div><\/div>\t\t\t\t<\/div>\n\t\t\t\t<\/div>\n\t\t\t\t<div class=\"elementor-element elementor-element-6e31288 elementor-position-top elementor-widget elementor-widget-image-box\" data-id=\"6e31288\" data-element_type=\"widget\" data-e-type=\"widget\" data-widget_type=\"image-box.default\">\n\t\t\t\t<div class=\"elementor-widget-container\">\n\t\t\t\t\t<div class=\"elementor-image-box-wrapper\"><figure class=\"elementor-image-box-img\"><img loading=\"lazy\" decoding=\"async\" width=\"2560\" height=\"1707\" src=\"https:\/\/www.neuillysurmarne.fr\/wp-content\/uploads\/2024\/07\/AdobeStock_202053251-1-scaled.jpeg\" class=\"attachment-full size-full wp-image-11543\" alt=\"\" srcset=\"https:\/\/www.neuillysurmarne.fr\/wp-content\/uploads\/2024\/07\/AdobeStock_202053251-1-scaled.jpeg 2560w, https:\/\/www.neuillysurmarne.fr\/wp-content\/uploads\/2024\/07\/AdobeStock_202053251-1-300x200.jpeg 300w, https:\/\/www.neuillysurmarne.fr\/wp-content\/uploads\/2024\/07\/AdobeStock_202053251-1-1024x683.jpeg 1024w, https:\/\/www.neuillysurmarne.fr\/wp-content\/uploads\/2024\/07\/AdobeStock_202053251-1-768x512.jpeg 768w, https:\/\/www.neuillysurmarne.fr\/wp-content\/uploads\/2024\/07\/AdobeStock_202053251-1-1536x1024.jpeg 1536w, https:\/\/www.neuillysurmarne.fr\/wp-content\/uploads\/2024\/07\/AdobeStock_202053251-1-2048x1365.jpeg 2048w, https:\/\/www.neuillysurmarne.fr\/wp-content\/uploads\/2024\/07\/AdobeStock_202053251-1-18x12.jpeg 18w\" sizes=\"(max-width: 2560px) 100vw, 2560px\" \/><\/figure><div class=\"elementor-image-box-content\"><h3 class=\"elementor-image-box-title\">Construcci\u00f3n<\/h3><p class=\"elementor-image-box-description\">Se requiere una arquitectura m\u00e1s cualitativa en los proyectos de construcci\u00f3n y alturas limitadas<\/p><\/div><\/div>\t\t\t\t<\/div>\n\t\t\t\t<\/div>\n\t\t\t\t<div class=\"elementor-element elementor-element-7e91f0a elementor-position-top elementor-widget elementor-widget-image-box\" data-id=\"7e91f0a\" data-element_type=\"widget\" data-e-type=\"widget\" data-widget_type=\"image-box.default\">\n\t\t\t\t<div class=\"elementor-widget-container\">\n\t\t\t\t\t<div class=\"elementor-image-box-wrapper\"><figure class=\"elementor-image-box-img\"><img loading=\"lazy\" decoding=\"async\" width=\"2560\" height=\"1707\" src=\"https:\/\/www.neuillysurmarne.fr\/wp-content\/uploads\/2024\/07\/Visite-M.Braun-Ville-Evrard-04.2023-2-scaled.jpg\" class=\"attachment-full size-full wp-image-11544\" alt=\"\" srcset=\"https:\/\/www.neuillysurmarne.fr\/wp-content\/uploads\/2024\/07\/Visite-M.Braun-Ville-Evrard-04.2023-2-scaled.jpg 2560w, https:\/\/www.neuillysurmarne.fr\/wp-content\/uploads\/2024\/07\/Visite-M.Braun-Ville-Evrard-04.2023-2-300x200.jpg 300w, https:\/\/www.neuillysurmarne.fr\/wp-content\/uploads\/2024\/07\/Visite-M.Braun-Ville-Evrard-04.2023-2-1024x683.jpg 1024w, https:\/\/www.neuillysurmarne.fr\/wp-content\/uploads\/2024\/07\/Visite-M.Braun-Ville-Evrard-04.2023-2-768x512.jpg 768w, https:\/\/www.neuillysurmarne.fr\/wp-content\/uploads\/2024\/07\/Visite-M.Braun-Ville-Evrard-04.2023-2-1536x1024.jpg 1536w, https:\/\/www.neuillysurmarne.fr\/wp-content\/uploads\/2024\/07\/Visite-M.Braun-Ville-Evrard-04.2023-2-2048x1365.jpg 2048w, https:\/\/www.neuillysurmarne.fr\/wp-content\/uploads\/2024\/07\/Visite-M.Braun-Ville-Evrard-04.2023-2-18x12.jpg 18w\" sizes=\"(max-width: 2560px) 100vw, 2560px\" \/><\/figure><div class=\"elementor-image-box-content\"><h3 class=\"elementor-image-box-title\">Patrimonio construido<\/h3><p class=\"elementor-image-box-description\">Salvaguardar y proteger edificios notables como el Pavillon Normand, la Maison Ricard, etc.<\/p><\/div><\/div>\t\t\t\t<\/div>\n\t\t\t\t<\/div>\n\t\t\t\t<div class=\"elementor-element elementor-element-ae7d106 elementor-position-top elementor-widget elementor-widget-image-box\" data-id=\"ae7d106\" data-element_type=\"widget\" data-e-type=\"widget\" data-widget_type=\"image-box.default\">\n\t\t\t\t<div class=\"elementor-widget-container\">\n\t\t\t\t\t<div class=\"elementor-image-box-wrapper\"><figure class=\"elementor-image-box-img\"><img loading=\"lazy\" decoding=\"async\" width=\"2560\" height=\"1707\" src=\"https:\/\/www.neuillysurmarne.fr\/wp-content\/uploads\/2024\/07\/L11-HD-256-scaled.jpg\" class=\"attachment-full size-full wp-image-11545\" alt=\"\" srcset=\"https:\/\/www.neuillysurmarne.fr\/wp-content\/uploads\/2024\/07\/L11-HD-256-scaled.jpg 2560w, https:\/\/www.neuillysurmarne.fr\/wp-content\/uploads\/2024\/07\/L11-HD-256-300x200.jpg 300w, https:\/\/www.neuillysurmarne.fr\/wp-content\/uploads\/2024\/07\/L11-HD-256-1024x683.jpg 1024w, https:\/\/www.neuillysurmarne.fr\/wp-content\/uploads\/2024\/07\/L11-HD-256-768x512.jpg 768w, https:\/\/www.neuillysurmarne.fr\/wp-content\/uploads\/2024\/07\/L11-HD-256-1536x1024.jpg 1536w, https:\/\/www.neuillysurmarne.fr\/wp-content\/uploads\/2024\/07\/L11-HD-256-2048x1365.jpg 2048w, https:\/\/www.neuillysurmarne.fr\/wp-content\/uploads\/2024\/07\/L11-HD-256-18x12.jpg 18w\" sizes=\"(max-width: 2560px) 100vw, 2560px\" \/><\/figure><div class=\"elementor-image-box-content\"><h3 class=\"elementor-image-box-title\">Casa Blanca<\/h3><p class=\"elementor-image-box-description\">Un replanteamiento completo del dise\u00f1o del proyecto y renegociaci\u00f3n del n\u00famero de nuevos edificios<\/p><\/div><\/div>\t\t\t\t<\/div>\n\t\t\t\t<\/div>\n\t\t\t\t<div class=\"elementor-element elementor-element-97a6cc1 elementor-position-top elementor-widget elementor-widget-image-box\" data-id=\"97a6cc1\" data-element_type=\"widget\" data-e-type=\"widget\" data-widget_type=\"image-box.default\">\n\t\t\t\t<div class=\"elementor-widget-container\">\n\t\t\t\t\t<div class=\"elementor-image-box-wrapper\"><figure class=\"elementor-image-box-img\"><img loading=\"lazy\" decoding=\"async\" width=\"2560\" height=\"1707\" src=\"https:\/\/www.neuillysurmarne.fr\/wp-content\/uploads\/2024\/07\/Couverture-livre-NsM-08.2022-2-scaled.jpg\" class=\"attachment-full size-full wp-image-11527\" alt=\"\" srcset=\"https:\/\/www.neuillysurmarne.fr\/wp-content\/uploads\/2024\/07\/Couverture-livre-NsM-08.2022-2-scaled.jpg 2560w, https:\/\/www.neuillysurmarne.fr\/wp-content\/uploads\/2024\/07\/Couverture-livre-NsM-08.2022-2-300x200.jpg 300w, https:\/\/www.neuillysurmarne.fr\/wp-content\/uploads\/2024\/07\/Couverture-livre-NsM-08.2022-2-1024x683.jpg 1024w, https:\/\/www.neuillysurmarne.fr\/wp-content\/uploads\/2024\/07\/Couverture-livre-NsM-08.2022-2-768x512.jpg 768w, https:\/\/www.neuillysurmarne.fr\/wp-content\/uploads\/2024\/07\/Couverture-livre-NsM-08.2022-2-1536x1024.jpg 1536w, https:\/\/www.neuillysurmarne.fr\/wp-content\/uploads\/2024\/07\/Couverture-livre-NsM-08.2022-2-2048x1365.jpg 2048w, https:\/\/www.neuillysurmarne.fr\/wp-content\/uploads\/2024\/07\/Couverture-livre-NsM-08.2022-2-18x12.jpg 18w\" sizes=\"(max-width: 2560px) 100vw, 2560px\" \/><\/figure><div class=\"elementor-image-box-content\"><h3 class=\"elementor-image-box-title\">Orillas del Marne<\/h3><p class=\"elementor-image-box-description\">Reurbanizaci\u00f3n y renaturalizaci\u00f3n del paseo ribere\u00f1o del Marne<\/p><\/div><\/div>\t\t\t\t<\/div>\n\t\t\t\t<\/div>\n\t\t\t\t<div class=\"elementor-element elementor-element-62e6a44 elementor-position-top elementor-widget elementor-widget-image-box\" data-id=\"62e6a44\" data-element_type=\"widget\" data-e-type=\"widget\" data-widget_type=\"image-box.default\">\n\t\t\t\t<div class=\"elementor-widget-container\">\n\t\t\t\t\t<div class=\"elementor-image-box-wrapper\"><figure class=\"elementor-image-box-img\"><img loading=\"lazy\" decoding=\"async\" width=\"2560\" height=\"1707\" src=\"https:\/\/www.neuillysurmarne.fr\/wp-content\/uploads\/2024\/07\/CleanWalk-Pass-citoyen-05.2021-80-scaled.jpg\" class=\"attachment-full size-full wp-image-11550\" alt=\"\" srcset=\"https:\/\/www.neuillysurmarne.fr\/wp-content\/uploads\/2024\/07\/CleanWalk-Pass-citoyen-05.2021-80-scaled.jpg 2560w, https:\/\/www.neuillysurmarne.fr\/wp-content\/uploads\/2024\/07\/CleanWalk-Pass-citoyen-05.2021-80-300x200.jpg 300w, https:\/\/www.neuillysurmarne.fr\/wp-content\/uploads\/2024\/07\/CleanWalk-Pass-citoyen-05.2021-80-1024x683.jpg 1024w, https:\/\/www.neuillysurmarne.fr\/wp-content\/uploads\/2024\/07\/CleanWalk-Pass-citoyen-05.2021-80-768x512.jpg 768w, https:\/\/www.neuillysurmarne.fr\/wp-content\/uploads\/2024\/07\/CleanWalk-Pass-citoyen-05.2021-80-1536x1024.jpg 1536w, https:\/\/www.neuillysurmarne.fr\/wp-content\/uploads\/2024\/07\/CleanWalk-Pass-citoyen-05.2021-80-2048x1365.jpg 2048w, https:\/\/www.neuillysurmarne.fr\/wp-content\/uploads\/2024\/07\/CleanWalk-Pass-citoyen-05.2021-80-18x12.jpg 18w\" sizes=\"(max-width: 2560px) 100vw, 2560px\" \/><\/figure><div class=\"elementor-image-box-content\"><h3 class=\"elementor-image-box-title\">Residuos<\/h3><p class=\"elementor-image-box-description\">Organizaci\u00f3n de varias marchas de limpieza para recoger basura, incluso en el r\u00edo Marne.<\/p><\/div><\/div>\t\t\t\t<\/div>\n\t\t\t\t<\/div>\n\t\t\t\t<div class=\"elementor-element elementor-element-c9dfb4c elementor-position-top elementor-widget elementor-widget-image-box\" data-id=\"c9dfb4c\" data-element_type=\"widget\" data-e-type=\"widget\" data-widget_type=\"image-box.default\">\n\t\t\t\t<div class=\"elementor-widget-container\">\n\t\t\t\t\t<div class=\"elementor-image-box-wrapper\"><figure class=\"elementor-image-box-img\"><img loading=\"lazy\" decoding=\"async\" width=\"2560\" height=\"1707\" src=\"https:\/\/www.neuillysurmarne.fr\/wp-content\/uploads\/2024\/07\/DSC_9131-scaled.jpg\" class=\"attachment-full size-full wp-image-11552\" alt=\"\" srcset=\"https:\/\/www.neuillysurmarne.fr\/wp-content\/uploads\/2024\/07\/DSC_9131-scaled.jpg 2560w, https:\/\/www.neuillysurmarne.fr\/wp-content\/uploads\/2024\/07\/DSC_9131-300x200.jpg 300w, https:\/\/www.neuillysurmarne.fr\/wp-content\/uploads\/2024\/07\/DSC_9131-1024x683.jpg 1024w, https:\/\/www.neuillysurmarne.fr\/wp-content\/uploads\/2024\/07\/DSC_9131-768x512.jpg 768w, https:\/\/www.neuillysurmarne.fr\/wp-content\/uploads\/2024\/07\/DSC_9131-1536x1024.jpg 1536w, https:\/\/www.neuillysurmarne.fr\/wp-content\/uploads\/2024\/07\/DSC_9131-2048x1365.jpg 2048w, https:\/\/www.neuillysurmarne.fr\/wp-content\/uploads\/2024\/07\/DSC_9131-18x12.jpg 18w\" sizes=\"(max-width: 2560px) 100vw, 2560px\" \/><\/figure><div class=\"elementor-image-box-content\"><h3 class=\"elementor-image-box-title\">Cementerio<\/h3><p class=\"elementor-image-box-description\">Primeras obras de acondicionamiento del cementerio<\/p><\/div><\/div>\t\t\t\t<\/div>\n\t\t\t\t<\/div>\n\t\t\t\t<div class=\"elementor-element elementor-element-0eba3fe elementor-position-top elementor-widget elementor-widget-image-box\" data-id=\"0eba3fe\" data-element_type=\"widget\" data-e-type=\"widget\" data-widget_type=\"image-box.default\">\n\t\t\t\t<div class=\"elementor-widget-container\">\n\t\t\t\t\t<div class=\"elementor-image-box-wrapper\"><figure class=\"elementor-image-box-img\"><img loading=\"lazy\" decoding=\"async\" width=\"2560\" height=\"1707\" src=\"https:\/\/www.neuillysurmarne.fr\/wp-content\/uploads\/2024\/07\/Illustrations-bancs-BDM-06.2021-8-scaled.jpg\" class=\"attachment-full size-full wp-image-11553\" alt=\"\" srcset=\"https:\/\/www.neuillysurmarne.fr\/wp-content\/uploads\/2024\/07\/Illustrations-bancs-BDM-06.2021-8-scaled.jpg 2560w, https:\/\/www.neuillysurmarne.fr\/wp-content\/uploads\/2024\/07\/Illustrations-bancs-BDM-06.2021-8-300x200.jpg 300w, https:\/\/www.neuillysurmarne.fr\/wp-content\/uploads\/2024\/07\/Illustrations-bancs-BDM-06.2021-8-1024x683.jpg 1024w, https:\/\/www.neuillysurmarne.fr\/wp-content\/uploads\/2024\/07\/Illustrations-bancs-BDM-06.2021-8-768x512.jpg 768w, https:\/\/www.neuillysurmarne.fr\/wp-content\/uploads\/2024\/07\/Illustrations-bancs-BDM-06.2021-8-1536x1024.jpg 1536w, https:\/\/www.neuillysurmarne.fr\/wp-content\/uploads\/2024\/07\/Illustrations-bancs-BDM-06.2021-8-2048x1365.jpg 2048w, https:\/\/www.neuillysurmarne.fr\/wp-content\/uploads\/2024\/07\/Illustrations-bancs-BDM-06.2021-8-18x12.jpg 18w\" sizes=\"(max-width: 2560px) 100vw, 2560px\" \/><\/figure><div class=\"elementor-image-box-content\"><h3 class=\"elementor-image-box-title\">Bancos<\/h3><p class=\"elementor-image-box-description\">Instalaci\u00f3n de una docena de bancos en espacios p\u00fablicos<\/p><\/div><\/div>\t\t\t\t<\/div>\n\t\t\t\t<\/div>\n\t\t\t\t<div class=\"elementor-element elementor-element-1ead73c elementor-position-top elementor-widget elementor-widget-image-box\" data-id=\"1ead73c\" data-element_type=\"widget\" data-e-type=\"widget\" data-widget_type=\"image-box.default\">\n\t\t\t\t<div class=\"elementor-widget-container\">\n\t\t\t\t\t<div class=\"elementor-image-box-wrapper\"><figure class=\"elementor-image-box-img\"><img loading=\"lazy\" decoding=\"async\" width=\"2560\" height=\"1707\" src=\"https:\/\/www.neuillysurmarne.fr\/wp-content\/uploads\/2024\/07\/Illustrations-Eglise-St-Baudile-06.2021-22-scaled.jpg\" class=\"attachment-full size-full wp-image-11557\" alt=\"\" srcset=\"https:\/\/www.neuillysurmarne.fr\/wp-content\/uploads\/2024\/07\/Illustrations-Eglise-St-Baudile-06.2021-22-scaled.jpg 2560w, https:\/\/www.neuillysurmarne.fr\/wp-content\/uploads\/2024\/07\/Illustrations-Eglise-St-Baudile-06.2021-22-300x200.jpg 300w, https:\/\/www.neuillysurmarne.fr\/wp-content\/uploads\/2024\/07\/Illustrations-Eglise-St-Baudile-06.2021-22-1024x683.jpg 1024w, https:\/\/www.neuillysurmarne.fr\/wp-content\/uploads\/2024\/07\/Illustrations-Eglise-St-Baudile-06.2021-22-768x512.jpg 768w, https:\/\/www.neuillysurmarne.fr\/wp-content\/uploads\/2024\/07\/Illustrations-Eglise-St-Baudile-06.2021-22-1536x1024.jpg 1536w, https:\/\/www.neuillysurmarne.fr\/wp-content\/uploads\/2024\/07\/Illustrations-Eglise-St-Baudile-06.2021-22-2048x1365.jpg 2048w, https:\/\/www.neuillysurmarne.fr\/wp-content\/uploads\/2024\/07\/Illustrations-Eglise-St-Baudile-06.2021-22-18x12.jpg 18w\" sizes=\"(max-width: 2560px) 100vw, 2560px\" \/><\/figure><div class=\"elementor-image-box-content\"><h3 class=\"elementor-image-box-title\">Budget participatif &amp; conseils de quartier<\/h3><p class=\"elementor-image-box-description\">Puesta en marcha de ocho consejos de barrio para implicar a los vecinos a trav\u00e9s del presupuesto participativo<\/p><\/div><\/div>\t\t\t\t<\/div>\n\t\t\t\t<\/div>\n\t\t\t\t<div class=\"elementor-element elementor-element-829d20d elementor-position-top elementor-widget elementor-widget-image-box\" data-id=\"829d20d\" data-element_type=\"widget\" data-e-type=\"widget\" data-widget_type=\"image-box.default\">\n\t\t\t\t<div class=\"elementor-widget-container\">\n\t\t\t\t\t<div class=\"elementor-image-box-wrapper\"><figure class=\"elementor-image-box-img\"><img loading=\"lazy\" decoding=\"async\" width=\"2560\" height=\"1707\" src=\"https:\/\/www.neuillysurmarne.fr\/wp-content\/uploads\/2024\/07\/26.05.2024-30-scaled.jpg\" class=\"attachment-full size-full wp-image-11558\" alt=\"\" srcset=\"https:\/\/www.neuillysurmarne.fr\/wp-content\/uploads\/2024\/07\/26.05.2024-30-scaled.jpg 2560w, https:\/\/www.neuillysurmarne.fr\/wp-content\/uploads\/2024\/07\/26.05.2024-30-300x200.jpg 300w, https:\/\/www.neuillysurmarne.fr\/wp-content\/uploads\/2024\/07\/26.05.2024-30-1024x683.jpg 1024w, https:\/\/www.neuillysurmarne.fr\/wp-content\/uploads\/2024\/07\/26.05.2024-30-768x512.jpg 768w, https:\/\/www.neuillysurmarne.fr\/wp-content\/uploads\/2024\/07\/26.05.2024-30-1536x1024.jpg 1536w, https:\/\/www.neuillysurmarne.fr\/wp-content\/uploads\/2024\/07\/26.05.2024-30-2048x1365.jpg 2048w, https:\/\/www.neuillysurmarne.fr\/wp-content\/uploads\/2024\/07\/26.05.2024-30-18x12.jpg 18w\" sizes=\"(max-width: 2560px) 100vw, 2560px\" \/><\/figure><div class=\"elementor-image-box-content\"><h3 class=\"elementor-image-box-title\">Estado de los animales<\/h3><p class=\"elementor-image-box-description\">Campa\u00f1as de esterilizaci\u00f3n e identificaci\u00f3n de gatos callejeros<\/p><\/div><\/div>\t\t\t\t<\/div>\n\t\t\t\t<\/div>\n\t\t\t\t\t<\/div>\n\t\t\t\t<\/div>\n\t\t\t\t<\/div>","protected":false},"excerpt":{"rendered":"<p>M\u00e9nagerie Saint-Baudile Un hectare suppl\u00e9mentaire pour accueillir de nouveaux animaux et cr\u00e9ation d&rsquo;une voli\u00e8re Marne propre Travaux d&rsquo;assainissement pour rendre la Marne baignable, cr\u00e9ation de 2 parkings temporaires Jardins familiaux Doublement du nombre de jardins familiaux, \u00e9quip\u00e9s de composteurs et r\u00e9cup\u00e9rateurs d&rsquo;eau D\u00e9veloppement durable Inauguration d&rsquo;une d\u00e9chetterie intercommunale dot\u00e9e d&rsquo;une recyclerie Biodiversit\u00e9 Gestion diff\u00e9renci\u00e9e des [&hellip;]<\/p>\n","protected":false},"author":1,"featured_media":11527,"parent":0,"menu_order":0,"comment_status":"closed","ping_status":"closed","template":"","meta":{"_acf_changed":false,"footnotes":""},"class_list":["post-11410","page","type-page","status-publish","has-post-thumbnail","hentry"],"acf":[],"yoast_head":"<!-- This site is optimized with the Yoast SEO plugin v27.4 - https:\/\/yoast.com\/product\/yoast-seo-wordpress\/ -->\n<title>Patrimoine vert, urbanisme et cadre de vie - Mairie de Neuilly-sur-Marne<\/title>\n<meta name=\"robots\" content=\"index, follow, max-snippet:-1, max-image-preview:large, max-video-preview:-1\" \/>\n<link rel=\"canonical\" href=\"https:\/\/www.neuillysurmarne.fr\/es\/patrimoine-vert-urbanisme-et-cadre-de-vie\/\" \/>\n<meta property=\"og:locale\" content=\"es_ES\" \/>\n<meta property=\"og:type\" content=\"article\" \/>\n<meta property=\"og:title\" content=\"Patrimoine vert, urbanisme et cadre de vie - Mairie de Neuilly-sur-Marne\" \/>\n<meta property=\"og:description\" content=\"M\u00e9nagerie Saint-Baudile Un hectare suppl\u00e9mentaire pour accueillir de nouveaux animaux et cr\u00e9ation d&rsquo;une voli\u00e8re Marne propre Travaux d&rsquo;assainissement pour rendre la Marne baignable, cr\u00e9ation de 2 parkings temporaires Jardins familiaux Doublement du nombre de jardins familiaux, \u00e9quip\u00e9s de composteurs et r\u00e9cup\u00e9rateurs d&rsquo;eau D\u00e9veloppement durable Inauguration d&rsquo;une d\u00e9chetterie intercommunale dot\u00e9e d&rsquo;une recyclerie Biodiversit\u00e9 Gestion diff\u00e9renci\u00e9e des [&hellip;]\" \/>\n<meta property=\"og:url\" content=\"https:\/\/www.neuillysurmarne.fr\/es\/patrimoine-vert-urbanisme-et-cadre-de-vie\/\" \/>\n<meta property=\"og:site_name\" content=\"Mairie de Neuilly-sur-Marne\" \/>\n<meta property=\"article:publisher\" content=\"https:\/\/www.facebook.com\/ville.neuilly\" \/>\n<meta property=\"article:modified_time\" content=\"2024-07-02T09:35:57+00:00\" \/>\n<meta property=\"og:image\" content=\"https:\/\/www.neuillysurmarne.fr\/wp-content\/uploads\/2024\/07\/Couverture-livre-NsM-08.2022-2-scaled.jpg\" \/>\n\t<meta property=\"og:image:width\" content=\"2560\" \/>\n\t<meta property=\"og:image:height\" content=\"1707\" \/>\n\t<meta property=\"og:image:type\" content=\"image\/jpeg\" \/>\n<meta name=\"twitter:card\" content=\"summary_large_image\" \/>\n<meta name=\"twitter:label1\" content=\"Tiempo de lectura\" \/>\n\t<meta name=\"twitter:data1\" content=\"5 minutos\" \/>\n<script type=\"application\/ld+json\" class=\"yoast-schema-graph\">{\"@context\":\"https:\\\/\\\/schema.org\",\"@graph\":[{\"@type\":\"WebPage\",\"@id\":\"https:\\\/\\\/www.neuillysurmarne.fr\\\/patrimoine-vert-urbanisme-et-cadre-de-vie\\\/\",\"url\":\"https:\\\/\\\/www.neuillysurmarne.fr\\\/patrimoine-vert-urbanisme-et-cadre-de-vie\\\/\",\"name\":\"Patrimoine vert, urbanisme et cadre de vie - Mairie de Neuilly-sur-Marne\",\"isPartOf\":{\"@id\":\"https:\\\/\\\/www.neuillysurmarne.fr\\\/es\\\/#website\"},\"primaryImageOfPage\":{\"@id\":\"https:\\\/\\\/www.neuillysurmarne.fr\\\/patrimoine-vert-urbanisme-et-cadre-de-vie\\\/#primaryimage\"},\"image\":{\"@id\":\"https:\\\/\\\/www.neuillysurmarne.fr\\\/patrimoine-vert-urbanisme-et-cadre-de-vie\\\/#primaryimage\"},\"thumbnailUrl\":\"https:\\\/\\\/www.neuillysurmarne.fr\\\/wp-content\\\/uploads\\\/2024\\\/07\\\/Couverture-livre-NsM-08.2022-2-scaled.jpg\",\"datePublished\":\"2024-07-01T16:04:10+00:00\",\"dateModified\":\"2024-07-02T09:35:57+00:00\",\"breadcrumb\":{\"@id\":\"https:\\\/\\\/www.neuillysurmarne.fr\\\/patrimoine-vert-urbanisme-et-cadre-de-vie\\\/#breadcrumb\"},\"inLanguage\":\"es\",\"potentialAction\":[{\"@type\":\"ReadAction\",\"target\":[\"https:\\\/\\\/www.neuillysurmarne.fr\\\/patrimoine-vert-urbanisme-et-cadre-de-vie\\\/\"]}]},{\"@type\":\"ImageObject\",\"inLanguage\":\"es\",\"@id\":\"https:\\\/\\\/www.neuillysurmarne.fr\\\/patrimoine-vert-urbanisme-et-cadre-de-vie\\\/#primaryimage\",\"url\":\"https:\\\/\\\/www.neuillysurmarne.fr\\\/wp-content\\\/uploads\\\/2024\\\/07\\\/Couverture-livre-NsM-08.2022-2-scaled.jpg\",\"contentUrl\":\"https:\\\/\\\/www.neuillysurmarne.fr\\\/wp-content\\\/uploads\\\/2024\\\/07\\\/Couverture-livre-NsM-08.2022-2-scaled.jpg\",\"width\":2560,\"height\":1707},{\"@type\":\"BreadcrumbList\",\"@id\":\"https:\\\/\\\/www.neuillysurmarne.fr\\\/patrimoine-vert-urbanisme-et-cadre-de-vie\\\/#breadcrumb\",\"itemListElement\":[{\"@type\":\"ListItem\",\"position\":1,\"name\":\"Accueil\",\"item\":\"https:\\\/\\\/www.neuillysurmarne.fr\\\/\"},{\"@type\":\"ListItem\",\"position\":2,\"name\":\"Patrimoine vert, urbanisme et cadre de vie\"}]},{\"@type\":\"WebSite\",\"@id\":\"https:\\\/\\\/www.neuillysurmarne.fr\\\/es\\\/#website\",\"url\":\"https:\\\/\\\/www.neuillysurmarne.fr\\\/es\\\/\",\"name\":\"Mairie de Neuilly-sur-Marne\",\"description\":\"BETA\",\"publisher\":{\"@id\":\"https:\\\/\\\/www.neuillysurmarne.fr\\\/es\\\/#organization\"},\"potentialAction\":[{\"@type\":\"SearchAction\",\"target\":{\"@type\":\"EntryPoint\",\"urlTemplate\":\"https:\\\/\\\/www.neuillysurmarne.fr\\\/es\\\/?s={search_term_string}\"},\"query-input\":{\"@type\":\"PropertyValueSpecification\",\"valueRequired\":true,\"valueName\":\"search_term_string\"}}],\"inLanguage\":\"es\"},{\"@type\":\"Organization\",\"@id\":\"https:\\\/\\\/www.neuillysurmarne.fr\\\/es\\\/#organization\",\"name\":\"Mairie de Neuilly-sur-Marne\",\"url\":\"https:\\\/\\\/www.neuillysurmarne.fr\\\/es\\\/\",\"logo\":{\"@type\":\"ImageObject\",\"inLanguage\":\"es\",\"@id\":\"https:\\\/\\\/www.neuillysurmarne.fr\\\/es\\\/#\\\/schema\\\/logo\\\/image\\\/\",\"url\":\"https:\\\/\\\/www.neuillysurmarne.fr\\\/wp-content\\\/uploads\\\/2023\\\/10\\\/LOGO-NeuillysurMarne-blanc.png\",\"contentUrl\":\"https:\\\/\\\/www.neuillysurmarne.fr\\\/wp-content\\\/uploads\\\/2023\\\/10\\\/LOGO-NeuillysurMarne-blanc.png\",\"width\":3308,\"height\":2586,\"caption\":\"Mairie de Neuilly-sur-Marne\"},\"image\":{\"@id\":\"https:\\\/\\\/www.neuillysurmarne.fr\\\/es\\\/#\\\/schema\\\/logo\\\/image\\\/\"},\"sameAs\":[\"https:\\\/\\\/www.facebook.com\\\/ville.neuilly\",\"https:\\\/\\\/www.instagram.com\\\/neuilly_marne\\\/\",\"https:\\\/\\\/www.linkedin.com\\\/company\\\/ville-de-neuilly-sur-marne\\\/\",\"https:\\\/\\\/www.youtube.com\\\/channel\\\/UCDdZ0TLrV8rfIqjBGvoeB5A\",\"https:\\\/\\\/www.tiktok.com\\\/@villedeneuillysurmarne\"]}]}<\/script>\n<!-- \/ Yoast SEO plugin. -->","yoast_head_json":{"title":"Patrimoine vert, urbanisme et cadre de vie - Mairie de Neuilly-sur-Marne","robots":{"index":"index","follow":"follow","max-snippet":"max-snippet:-1","max-image-preview":"max-image-preview:large","max-video-preview":"max-video-preview:-1"},"canonical":"https:\/\/www.neuillysurmarne.fr\/es\/patrimoine-vert-urbanisme-et-cadre-de-vie\/","og_locale":"es_ES","og_type":"article","og_title":"Patrimoine vert, urbanisme et cadre de vie - Mairie de Neuilly-sur-Marne","og_description":"M\u00e9nagerie Saint-Baudile Un hectare suppl\u00e9mentaire pour accueillir de nouveaux animaux et cr\u00e9ation d&rsquo;une voli\u00e8re Marne propre Travaux d&rsquo;assainissement pour rendre la Marne baignable, cr\u00e9ation de 2 parkings temporaires Jardins familiaux Doublement du nombre de jardins familiaux, \u00e9quip\u00e9s de composteurs et r\u00e9cup\u00e9rateurs d&rsquo;eau D\u00e9veloppement durable Inauguration d&rsquo;une d\u00e9chetterie intercommunale dot\u00e9e d&rsquo;une recyclerie Biodiversit\u00e9 Gestion diff\u00e9renci\u00e9e des [&hellip;]","og_url":"https:\/\/www.neuillysurmarne.fr\/es\/patrimoine-vert-urbanisme-et-cadre-de-vie\/","og_site_name":"Mairie de Neuilly-sur-Marne","article_publisher":"https:\/\/www.facebook.com\/ville.neuilly","article_modified_time":"2024-07-02T09:35:57+00:00","og_image":[{"width":2560,"height":1707,"url":"https:\/\/www.neuillysurmarne.fr\/wp-content\/uploads\/2024\/07\/Couverture-livre-NsM-08.2022-2-scaled.jpg","type":"image\/jpeg"}],"twitter_card":"summary_large_image","twitter_misc":{"Tiempo de lectura":"5 minutos"},"schema":{"@context":"https:\/\/schema.org","@graph":[{"@type":"WebPage","@id":"https:\/\/www.neuillysurmarne.fr\/patrimoine-vert-urbanisme-et-cadre-de-vie\/","url":"https:\/\/www.neuillysurmarne.fr\/patrimoine-vert-urbanisme-et-cadre-de-vie\/","name":"Patrimoine vert, urbanisme et cadre de vie - Mairie de Neuilly-sur-Marne","isPartOf":{"@id":"https:\/\/www.neuillysurmarne.fr\/es\/#website"},"primaryImageOfPage":{"@id":"https:\/\/www.neuillysurmarne.fr\/patrimoine-vert-urbanisme-et-cadre-de-vie\/#primaryimage"},"image":{"@id":"https:\/\/www.neuillysurmarne.fr\/patrimoine-vert-urbanisme-et-cadre-de-vie\/#primaryimage"},"thumbnailUrl":"https:\/\/www.neuillysurmarne.fr\/wp-content\/uploads\/2024\/07\/Couverture-livre-NsM-08.2022-2-scaled.jpg","datePublished":"2024-07-01T16:04:10+00:00","dateModified":"2024-07-02T09:35:57+00:00","breadcrumb":{"@id":"https:\/\/www.neuillysurmarne.fr\/patrimoine-vert-urbanisme-et-cadre-de-vie\/#breadcrumb"},"inLanguage":"es","potentialAction":[{"@type":"ReadAction","target":["https:\/\/www.neuillysurmarne.fr\/patrimoine-vert-urbanisme-et-cadre-de-vie\/"]}]},{"@type":"ImageObject","inLanguage":"es","@id":"https:\/\/www.neuillysurmarne.fr\/patrimoine-vert-urbanisme-et-cadre-de-vie\/#primaryimage","url":"https:\/\/www.neuillysurmarne.fr\/wp-content\/uploads\/2024\/07\/Couverture-livre-NsM-08.2022-2-scaled.jpg","contentUrl":"https:\/\/www.neuillysurmarne.fr\/wp-content\/uploads\/2024\/07\/Couverture-livre-NsM-08.2022-2-scaled.jpg","width":2560,"height":1707},{"@type":"BreadcrumbList","@id":"https:\/\/www.neuillysurmarne.fr\/patrimoine-vert-urbanisme-et-cadre-de-vie\/#breadcrumb","itemListElement":[{"@type":"ListItem","position":1,"name":"Accueil","item":"https:\/\/www.neuillysurmarne.fr\/"},{"@type":"ListItem","position":2,"name":"Patrimoine vert, urbanisme et cadre de vie"}]},{"@type":"WebSite","@id":"https:\/\/www.neuillysurmarne.fr\/es\/#website","url":"https:\/\/www.neuillysurmarne.fr\/es\/","name":"Ayuntamiento de Neuilly-sur-Marne","description":"BETA","publisher":{"@id":"https:\/\/www.neuillysurmarne.fr\/es\/#organization"},"potentialAction":[{"@type":"SearchAction","target":{"@type":"EntryPoint","urlTemplate":"https:\/\/www.neuillysurmarne.fr\/es\/?s={search_term_string}"},"query-input":{"@type":"PropertyValueSpecification","valueRequired":true,"valueName":"search_term_string"}}],"inLanguage":"es"},{"@type":"Organization","@id":"https:\/\/www.neuillysurmarne.fr\/es\/#organization","name":"Ayuntamiento de Neuilly-sur-Marne","url":"https:\/\/www.neuillysurmarne.fr\/es\/","logo":{"@type":"ImageObject","inLanguage":"es","@id":"https:\/\/www.neuillysurmarne.fr\/es\/#\/schema\/logo\/image\/","url":"https:\/\/www.neuillysurmarne.fr\/wp-content\/uploads\/2023\/10\/LOGO-NeuillysurMarne-blanc.png","contentUrl":"https:\/\/www.neuillysurmarne.fr\/wp-content\/uploads\/2023\/10\/LOGO-NeuillysurMarne-blanc.png","width":3308,"height":2586,"caption":"Mairie de Neuilly-sur-Marne"},"image":{"@id":"https:\/\/www.neuillysurmarne.fr\/es\/#\/schema\/logo\/image\/"},"sameAs":["https:\/\/www.facebook.com\/ville.neuilly","https:\/\/www.instagram.com\/neuilly_marne\/","https:\/\/www.linkedin.com\/company\/ville-de-neuilly-sur-marne\/","https:\/\/www.youtube.com\/channel\/UCDdZ0TLrV8rfIqjBGvoeB5A","https:\/\/www.tiktok.com\/@villedeneuillysurmarne"]}]}},"_links":{"self":[{"href":"https:\/\/www.neuillysurmarne.fr\/es\/wp-json\/wp\/v2\/pages\/11410","targetHints":{"allow":["GET"]}}],"collection":[{"href":"https:\/\/www.neuillysurmarne.fr\/es\/wp-json\/wp\/v2\/pages"}],"about":[{"href":"https:\/\/www.neuillysurmarne.fr\/es\/wp-json\/wp\/v2\/types\/page"}],"author":[{"embeddable":true,"href":"https:\/\/www.neuillysurmarne.fr\/es\/wp-json\/wp\/v2\/users\/1"}],"replies":[{"embeddable":true,"href":"https:\/\/www.neuillysurmarne.fr\/es\/wp-json\/wp\/v2\/comments?post=11410"}],"version-history":[{"count":10,"href":"https:\/\/www.neuillysurmarne.fr\/es\/wp-json\/wp\/v2\/pages\/11410\/revisions"}],"predecessor-version":[{"id":11564,"href":"https:\/\/www.neuillysurmarne.fr\/es\/wp-json\/wp\/v2\/pages\/11410\/revisions\/11564"}],"wp:featuredmedia":[{"embeddable":true,"href":"https:\/\/www.neuillysurmarne.fr\/es\/wp-json\/wp\/v2\/media\/11527"}],"wp:attachment":[{"href":"https:\/\/www.neuillysurmarne.fr\/es\/wp-json\/wp\/v2\/media?parent=11410"}],"curies":[{"name":"wp","href":"https:\/\/api.w.org\/{rel}","templated":true}]}}