{"id":16609,"date":"2025-10-20T18:41:31","date_gmt":"2025-10-20T16:41:31","guid":{"rendered":"https:\/\/www.neuillysurmarne.fr\/?page_id=16609"},"modified":"2025-10-20T18:43:48","modified_gmt":"2025-10-20T16:43:48","slug":"le-240","status":"publish","type":"page","link":"https:\/\/www.neuillysurmarne.fr\/es\/le-240\/","title":{"rendered":"Le 240"},"content":{"rendered":"<div data-elementor-type=\"wp-page\" data-elementor-id=\"16609\" class=\"elementor elementor-16609\" data-elementor-post-type=\"page\">\n\t\t\t\t<div class=\"elementor-element elementor-element-45015a5 e-flex e-con-boxed e-con e-parent\" data-id=\"45015a5\" data-element_type=\"container\" data-e-type=\"container\">\n\t\t\t\t\t<div class=\"e-con-inner\">\n\t\t\t\t<div class=\"elementor-element elementor-element-a5c89c0 elementor-widget elementor-widget-text-editor\" data-id=\"a5c89c0\" data-element_type=\"widget\" data-e-type=\"widget\" data-widget_type=\"text-editor.default\">\n\t\t\t\t<div class=\"elementor-widget-container\">\n\t\t\t\t\t\t\t\t\t<h3 data-start=\"118\" data-end=\"211\"><strong>Appel \u00e0 candidatures \u2013 Location de kiosques au sein du concept store collectif \u201cLe 240\u201d<\/strong><\/h3><p data-start=\"213\" data-end=\"457\">La ville de Neuilly-sur-Marne lance un appel \u00e0 candidatures pour la location de <strong data-start=\"293\" data-end=\"328\">six kiosques de vente \u00e9ph\u00e9m\u00e8res<\/strong> au sein du nouveau concept store collectif <strong data-start=\"372\" data-end=\"384\">\u201cLe 240\u201d<\/strong>, situ\u00e9 en plein c\u0153ur de ville, sur la place de l\u2019\u00e9glise Saint-Baudile.<\/p><p data-start=\"459\" data-end=\"528\">Ce lieu convivial, hybride et anim\u00e9 a pour vocation de rassembler :<\/p><ul><li data-start=\"459\" data-end=\"528\">une offre de petite restauration (sandwichs, th\u00e9, caf\u00e9, bi\u00e8res, planches de charcuterie)<\/li><li data-start=\"459\" data-end=\"528\">un espace d\u00e9tente<\/li><li data-start=\"459\" data-end=\"528\">un espace d\u00e9di\u00e9 aux artisans, cr\u00e9ateurs et commer\u00e7ants.<\/li><\/ul><p data-start=\"707\" data-end=\"859\">Ouvert du mercredi au samedi de 11h \u00e0 20h et le dimanche de 9h30 \u00e0 14h, \u201cLe 240\u201d se veut un espace <strong data-start=\"806\" data-end=\"832\">vivant et collaboratif<\/strong> permettant \u00e0 chacun d\u2019exposer et vendre ses cr\u00e9ations, proposer des ateliers, d\u00e9monstrations ou \u00e9v\u00e9nements, rejoindre une communaut\u00e9 de talents locaux et contribuer \u00e0 la dynamique du centre-ville.<\/p><h3><strong>Public concern\u00e9<\/strong><\/h3><p data-start=\"1070\" data-end=\"1277\">Cet appel \u00e0 candidatures s\u2019adresse aussi bien aux <strong data-start=\"1120\" data-end=\"1138\">professionnels<\/strong> (cr\u00e9ateurs, artisans, commer\u00e7ants) qu\u2019aux <strong data-start=\"1181\" data-end=\"1208\">particuliers passionn\u00e9s<\/strong> souhaitant partager leur savoir-faire ou valoriser leurs produits.<\/p><h3 data-start=\"1279\" data-end=\"1309\"><strong>Modalit\u00e9s de candidature<\/strong><\/h3><p data-start=\"1310\" data-end=\"1342\">Les candidats sont invit\u00e9s \u00e0 :<\/p><ul><li data-start=\"1310\" data-end=\"1342\">remplir le <strong><a href=\"https:\/\/www.neuillysurmarne.fr\/wp-content\/uploads\/2025\/09\/Appel-a-candidature-kiosque-1.pdf\">formulaire de candidature en cliquant ici<\/a><\/strong><\/li><li data-start=\"1310\" data-end=\"1342\">fournir les pi\u00e8ces demand\u00e9es<\/li><li data-start=\"1310\" data-end=\"1342\">transmettre leur dossier complet par courriel \u00e0 <strong data-start=\"1519\" data-end=\"1550\"><a class=\"decorated-link cursor-pointer\" href=\"mailto:commerce@neuillysurmarne.fr\" rel=\"noopener\" data-start=\"1521\" data-end=\"1548\">commerce@neuillysurmarne.fr<\/a><\/strong> ou par courrier \u00e0 l\u2019adresse suivante :<br data-start=\"1589\" data-end=\"1592\" \/><strong data-start=\"1592\" data-end=\"1642\">Mairie de Neuilly-sur-Marne \u2013 Service Commerce<\/strong><br data-start=\"1642\" data-end=\"1645\" \/>1, place Fran\u00e7ois-Mitterrand<br data-start=\"1673\" data-end=\"1676\" \/>93330 Neuilly-sur-Marne<\/li><\/ul>\t\t\t\t\t\t\t\t<\/div>\n\t\t\t\t<\/div>\n\t\t\t\t\t<\/div>\n\t\t\t\t<\/div>\n\t\t<div class=\"elementor-element elementor-element-1d89012 e-flex e-con-boxed e-con e-parent\" data-id=\"1d89012\" data-element_type=\"container\" data-e-type=\"container\">\n\t\t\t\t\t<div class=\"e-con-inner\">\n\t\t\t\t<div class=\"elementor-element elementor-element-94f04b9 elementor-skin-carousel elementor-arrows-yes elementor-pagination-type-bullets elementor-pagination-position-outside elementor-widget elementor-widget-media-carousel\" data-id=\"94f04b9\" data-element_type=\"widget\" data-e-type=\"widget\" data-settings=\"{&quot;skin&quot;:&quot;carousel&quot;,&quot;effect&quot;:&quot;slide&quot;,&quot;show_arrows&quot;:&quot;yes&quot;,&quot;pagination&quot;:&quot;bullets&quot;,&quot;speed&quot;:500,&quot;autoplay&quot;:&quot;yes&quot;,&quot;autoplay_speed&quot;:5000,&quot;loop&quot;:&quot;yes&quot;,&quot;pause_on_hover&quot;:&quot;yes&quot;,&quot;pause_on_interaction&quot;:&quot;yes&quot;,&quot;space_between&quot;:{&quot;unit&quot;:&quot;px&quot;,&quot;size&quot;:10,&quot;sizes&quot;:[]},&quot;space_between_tablet&quot;:{&quot;unit&quot;:&quot;px&quot;,&quot;size&quot;:10,&quot;sizes&quot;:[]},&quot;space_between_mobile&quot;:{&quot;unit&quot;:&quot;px&quot;,&quot;size&quot;:10,&quot;sizes&quot;:[]}}\" data-widget_type=\"media-carousel.default\">\n\t\t\t\t<div class=\"elementor-widget-container\">\n\t\t\t\t\t\t\t\t\t<div class=\"elementor-swiper\">\n\t\t\t\t\t<div class=\"elementor-main-swiper swiper\" role=\"region\" aria-roledescription=\"carousel\" aria-label=\"Diapositives\">\n\t\t\t\t<div class=\"swiper-wrapper\">\n\t\t\t\t\t\t\t\t\t\t\t<div class=\"swiper-slide\" role=\"group\" aria-roledescription=\"slide\">\n\t\t\t\t\t\t\t<a href=\"https:\/\/www.neuillysurmarne.fr\/wp-content\/uploads\/2025\/10\/IMG_1605-scaled.jpg\" data-elementor-open-lightbox=\"yes\" data-elementor-lightbox-slideshow=\"94f04b9\" data-elementor-lightbox-title=\"le 240 local kiosque\" data-e-action-hash=\"#elementor-action%3Aaction%3Dlightbox%26settings%3DeyJpZCI6MTY2MTcsInVybCI6Imh0dHBzOlwvXC93d3cubmV1aWxseXN1cm1hcm5lLmZyXC93cC1jb250ZW50XC91cGxvYWRzXC8yMDI1XC8xMFwvSU1HXzE2MDUtc2NhbGVkLmpwZyIsInNsaWRlc2hvdyI6Ijk0ZjA0YjkifQ%3D%3D\">\t\t<div class=\"elementor-carousel-image\" role=\"img\" aria-label=\"le 240 local kiosque\" style=\"background-image: url(&#039;https:\/\/www.neuillysurmarne.fr\/wp-content\/uploads\/2025\/10\/IMG_1605-scaled.jpg&#039;)\">\n\n\t\t\t\n\t\t\t\t\t<\/div>\n\t\t<\/a>\t\t\t\t\t\t<\/div>\n\t\t\t\t\t\t\t\t\t\t\t<div class=\"swiper-slide\" role=\"group\" aria-roledescription=\"slide\">\n\t\t\t\t\t\t\t<a href=\"https:\/\/www.neuillysurmarne.fr\/wp-content\/uploads\/2025\/10\/F97D3D1D-51CF-4D93-95AC-AE70EB8D2C0A.jpg\" data-elementor-open-lightbox=\"yes\" data-elementor-lightbox-slideshow=\"94f04b9\" data-elementor-lightbox-title=\"local 240\" data-e-action-hash=\"#elementor-action%3Aaction%3Dlightbox%26settings%3DeyJpZCI6MTY2MTYsInVybCI6Imh0dHBzOlwvXC93d3cubmV1aWxseXN1cm1hcm5lLmZyXC93cC1jb250ZW50XC91cGxvYWRzXC8yMDI1XC8xMFwvRjk3RDNEMUQtNTFDRi00RDkzLTk1QUMtQUU3MEVCOEQyQzBBLmpwZyIsInNsaWRlc2hvdyI6Ijk0ZjA0YjkifQ%3D%3D\">\t\t<div class=\"elementor-carousel-image\" role=\"img\" aria-label=\"local 240\" style=\"background-image: url(&#039;https:\/\/www.neuillysurmarne.fr\/wp-content\/uploads\/2025\/10\/F97D3D1D-51CF-4D93-95AC-AE70EB8D2C0A.jpg&#039;)\">\n\n\t\t\t\n\t\t\t\t\t<\/div>\n\t\t<\/a>\t\t\t\t\t\t<\/div>\n\t\t\t\t\t\t\t\t\t\t\t<div class=\"swiper-slide\" role=\"group\" aria-roledescription=\"slide\">\n\t\t\t\t\t\t\t<a href=\"https:\/\/www.neuillysurmarne.fr\/wp-content\/uploads\/2025\/10\/IMG_1627-scaled.jpg\" data-elementor-open-lightbox=\"yes\" data-elementor-lightbox-slideshow=\"94f04b9\" data-elementor-lightbox-title=\"IMG_1627\" data-e-action-hash=\"#elementor-action%3Aaction%3Dlightbox%26settings%3DeyJpZCI6MTY2MTgsInVybCI6Imh0dHBzOlwvXC93d3cubmV1aWxseXN1cm1hcm5lLmZyXC93cC1jb250ZW50XC91cGxvYWRzXC8yMDI1XC8xMFwvSU1HXzE2Mjctc2NhbGVkLmpwZyIsInNsaWRlc2hvdyI6Ijk0ZjA0YjkifQ%3D%3D\">\t\t<div class=\"elementor-carousel-image\" role=\"img\" aria-label=\"IMG_1627\" style=\"background-image: url(&#039;https:\/\/www.neuillysurmarne.fr\/wp-content\/uploads\/2025\/10\/IMG_1627-scaled.jpg&#039;)\">\n\n\t\t\t\n\t\t\t\t\t<\/div>\n\t\t<\/a>\t\t\t\t\t\t<\/div>\n\t\t\t\t\t\t\t\t\t\t\t<div class=\"swiper-slide\" role=\"group\" aria-roledescription=\"slide\">\n\t\t\t\t\t\t\t<a href=\"https:\/\/www.neuillysurmarne.fr\/wp-content\/uploads\/2025\/10\/IMG_1644-scaled.jpg\" data-elementor-open-lightbox=\"yes\" data-elementor-lightbox-slideshow=\"94f04b9\" data-elementor-lightbox-title=\"IMG_1644\" data-e-action-hash=\"#elementor-action%3Aaction%3Dlightbox%26settings%3DeyJpZCI6MTY2MjIsInVybCI6Imh0dHBzOlwvXC93d3cubmV1aWxseXN1cm1hcm5lLmZyXC93cC1jb250ZW50XC91cGxvYWRzXC8yMDI1XC8xMFwvSU1HXzE2NDQtc2NhbGVkLmpwZyIsInNsaWRlc2hvdyI6Ijk0ZjA0YjkifQ%3D%3D\">\t\t<div class=\"elementor-carousel-image\" role=\"img\" aria-label=\"IMG_1644\" style=\"background-image: url(&#039;https:\/\/www.neuillysurmarne.fr\/wp-content\/uploads\/2025\/10\/IMG_1644-scaled.jpg&#039;)\">\n\n\t\t\t\n\t\t\t\t\t<\/div>\n\t\t<\/a>\t\t\t\t\t\t<\/div>\n\t\t\t\t\t\t\t\t\t\t\t<div class=\"swiper-slide\" role=\"group\" aria-roledescription=\"slide\">\n\t\t\t\t\t\t\t<a href=\"https:\/\/www.neuillysurmarne.fr\/wp-content\/uploads\/2025\/10\/5ACC6E4B-E257-42FB-AFD8-EDBC17F36CE2.jpg\" data-elementor-open-lightbox=\"yes\" data-elementor-lightbox-slideshow=\"94f04b9\" data-elementor-lightbox-title=\"5ACC6E4B-E257-42FB-AFD8-EDBC17F36CE2\" data-e-action-hash=\"#elementor-action%3Aaction%3Dlightbox%26settings%3DeyJpZCI6MTY2MTAsInVybCI6Imh0dHBzOlwvXC93d3cubmV1aWxseXN1cm1hcm5lLmZyXC93cC1jb250ZW50XC91cGxvYWRzXC8yMDI1XC8xMFwvNUFDQzZFNEItRTI1Ny00MkZCLUFGRDgtRURCQzE3RjM2Q0UyLmpwZyIsInNsaWRlc2hvdyI6Ijk0ZjA0YjkifQ%3D%3D\">\t\t<div class=\"elementor-carousel-image\" role=\"img\" aria-label=\"5ACC6E4B-E257-42FB-AFD8-EDBC17F36CE2\" style=\"background-image: url(&#039;https:\/\/www.neuillysurmarne.fr\/wp-content\/uploads\/2025\/10\/5ACC6E4B-E257-42FB-AFD8-EDBC17F36CE2.jpg&#039;)\">\n\n\t\t\t\n\t\t\t\t\t<\/div>\n\t\t<\/a>\t\t\t\t\t\t<\/div>\n\t\t\t\t\t\t\t\t\t\t\t<div class=\"swiper-slide\" role=\"group\" aria-roledescription=\"slide\">\n\t\t\t\t\t\t\t<a href=\"https:\/\/www.neuillysurmarne.fr\/wp-content\/uploads\/2025\/10\/7C8502BB-6F8B-488C-9E64-486D3F8E1EAB.jpg\" data-elementor-open-lightbox=\"yes\" data-elementor-lightbox-slideshow=\"94f04b9\" data-elementor-lightbox-title=\"7C8502BB-6F8B-488C-9E64-486D3F8E1EAB\" data-e-action-hash=\"#elementor-action%3Aaction%3Dlightbox%26settings%3DeyJpZCI6MTY2MTEsInVybCI6Imh0dHBzOlwvXC93d3cubmV1aWxseXN1cm1hcm5lLmZyXC93cC1jb250ZW50XC91cGxvYWRzXC8yMDI1XC8xMFwvN0M4NTAyQkItNkY4Qi00ODhDLTlFNjQtNDg2RDNGOEUxRUFCLmpwZyIsInNsaWRlc2hvdyI6Ijk0ZjA0YjkifQ%3D%3D\">\t\t<div class=\"elementor-carousel-image\" role=\"img\" aria-label=\"7C8502BB-6F8B-488C-9E64-486D3F8E1EAB\" style=\"background-image: url(&#039;https:\/\/www.neuillysurmarne.fr\/wp-content\/uploads\/2025\/10\/7C8502BB-6F8B-488C-9E64-486D3F8E1EAB.jpg&#039;)\">\n\n\t\t\t\n\t\t\t\t\t<\/div>\n\t\t<\/a>\t\t\t\t\t\t<\/div>\n\t\t\t\t\t\t\t\t\t\t\t<div class=\"swiper-slide\" role=\"group\" aria-roledescription=\"slide\">\n\t\t\t\t\t\t\t<a href=\"https:\/\/www.neuillysurmarne.fr\/wp-content\/uploads\/2025\/10\/IMG_1643-scaled.jpg\" data-elementor-open-lightbox=\"yes\" data-elementor-lightbox-slideshow=\"94f04b9\" data-elementor-lightbox-title=\"IMG_1643\" data-e-action-hash=\"#elementor-action%3Aaction%3Dlightbox%26settings%3DeyJpZCI6MTY2MjMsInVybCI6Imh0dHBzOlwvXC93d3cubmV1aWxseXN1cm1hcm5lLmZyXC93cC1jb250ZW50XC91cGxvYWRzXC8yMDI1XC8xMFwvSU1HXzE2NDMtc2NhbGVkLmpwZyIsInNsaWRlc2hvdyI6Ijk0ZjA0YjkifQ%3D%3D\">\t\t<div class=\"elementor-carousel-image\" role=\"img\" aria-label=\"IMG_1643\" style=\"background-image: url(&#039;https:\/\/www.neuillysurmarne.fr\/wp-content\/uploads\/2025\/10\/IMG_1643-scaled.jpg&#039;)\">\n\n\t\t\t\n\t\t\t\t\t<\/div>\n\t\t<\/a>\t\t\t\t\t\t<\/div>\n\t\t\t\t\t\t\t\t\t\t\t<div class=\"swiper-slide\" role=\"group\" aria-roledescription=\"slide\">\n\t\t\t\t\t\t\t<a href=\"https:\/\/www.neuillysurmarne.fr\/wp-content\/uploads\/2025\/10\/IMG_1630-scaled.jpg\" data-elementor-open-lightbox=\"yes\" data-elementor-lightbox-slideshow=\"94f04b9\" data-elementor-lightbox-title=\"IMG_1630\" data-e-action-hash=\"#elementor-action%3Aaction%3Dlightbox%26settings%3DeyJpZCI6MTY2MTksInVybCI6Imh0dHBzOlwvXC93d3cubmV1aWxseXN1cm1hcm5lLmZyXC93cC1jb250ZW50XC91cGxvYWRzXC8yMDI1XC8xMFwvSU1HXzE2MzAtc2NhbGVkLmpwZyIsInNsaWRlc2hvdyI6Ijk0ZjA0YjkifQ%3D%3D\">\t\t<div class=\"elementor-carousel-image\" role=\"img\" aria-label=\"IMG_1630\" style=\"background-image: url(&#039;https:\/\/www.neuillysurmarne.fr\/wp-content\/uploads\/2025\/10\/IMG_1630-scaled.jpg&#039;)\">\n\n\t\t\t\n\t\t\t\t\t<\/div>\n\t\t<\/a>\t\t\t\t\t\t<\/div>\n\t\t\t\t\t\t\t\t\t<\/div>\n\t\t\t\t\t\t\t\t\t\t\t\t\t\t\t<div class=\"elementor-swiper-button elementor-swiper-button-prev\" role=\"button\" tabindex=\"0\" aria-label=\"\u4e0a\u4e00\u9875\" data-no-translation-aria-label=\"\">\n\t\t\t\t\t\t\t<svg aria-hidden=\"true\" class=\"e-font-icon-svg e-eicon-chevron-left\" viewbox=\"0 0 1000 1000\" xmlns=\"http:\/\/www.w3.org\/2000\/svg\"><path d=\"M646 125C629 125 613 133 604 142L308 442C296 454 292 471 292 487 292 504 296 521 308 533L604 854C617 867 629 875 646 875 663 875 679 871 692 858 704 846 713 829 713 812 713 796 708 779 692 767L438 487 692 225C700 217 708 204 708 187 708 171 704 154 692 142 675 129 663 125 646 125Z\"><\/path><\/svg>\t\t\t\t\t\t<\/div>\n\t\t\t\t\t\t<div class=\"elementor-swiper-button elementor-swiper-button-next\" role=\"button\" tabindex=\"0\" aria-label=\"\u4e0b\u4e00\u9875\" data-no-translation-aria-label=\"\">\n\t\t\t\t\t\t\t<svg aria-hidden=\"true\" class=\"e-font-icon-svg e-eicon-chevron-right\" viewbox=\"0 0 1000 1000\" xmlns=\"http:\/\/www.w3.org\/2000\/svg\"><path d=\"M696 533C708 521 713 504 713 487 713 471 708 454 696 446L400 146C388 133 375 125 354 125 338 125 325 129 313 142 300 154 292 171 292 187 292 204 296 221 308 233L563 492 304 771C292 783 288 800 288 817 288 833 296 850 308 863 321 871 338 875 354 875 371 875 388 867 400 854L696 533Z\"><\/path><\/svg>\t\t\t\t\t\t<\/div>\n\t\t\t\t\t\t\t\t\t\t\t\t\t\t\t\t<div class=\"swiper-pagination\"><\/div>\n\t\t\t\t\t\t\t\t\t\t\t\t<\/div>\n\t\t\t\t<\/div>\n\t\t\t\t\t\t\t\t<\/div>\n\t\t\t\t<\/div>\n\t\t\t\t\t<\/div>\n\t\t\t\t<\/div>\n\t\t\t\t<\/div>","protected":false},"excerpt":{"rendered":"<p>Appel \u00e0 candidatures \u2013 Location de kiosques au sein du concept store collectif \u201cLe 240\u201d La ville de Neuilly-sur-Marne lance un appel \u00e0 candidatures pour la location de six kiosques de vente \u00e9ph\u00e9m\u00e8res au sein du nouveau concept store collectif \u201cLe 240\u201d, situ\u00e9 en plein c\u0153ur de ville, sur la place de l\u2019\u00e9glise Saint-Baudile. Ce [&hellip;]<\/p>\n","protected":false},"author":2,"featured_media":16617,"parent":0,"menu_order":0,"comment_status":"closed","ping_status":"closed","template":"","meta":{"_acf_changed":false,"footnotes":""},"class_list":["post-16609","page","type-page","status-publish","has-post-thumbnail","hentry"],"acf":[],"yoast_head":"<!-- This site is optimized with the Yoast SEO plugin v27.4 - https:\/\/yoast.com\/product\/yoast-seo-wordpress\/ -->\n<title>Le 240 - Mairie de Neuilly-sur-Marne<\/title>\n<meta name=\"robots\" content=\"index, follow, max-snippet:-1, max-image-preview:large, max-video-preview:-1\" \/>\n<link rel=\"canonical\" href=\"https:\/\/www.neuillysurmarne.fr\/es\/le-240\/\" \/>\n<meta property=\"og:locale\" content=\"es_ES\" \/>\n<meta property=\"og:type\" content=\"article\" \/>\n<meta property=\"og:title\" content=\"Le 240 - Mairie de Neuilly-sur-Marne\" \/>\n<meta property=\"og:description\" content=\"Appel \u00e0 candidatures \u2013 Location de kiosques au sein du concept store collectif \u201cLe 240\u201d La ville de Neuilly-sur-Marne lance un appel \u00e0 candidatures pour la location de six kiosques de vente \u00e9ph\u00e9m\u00e8res au sein du nouveau concept store collectif \u201cLe 240\u201d, situ\u00e9 en plein c\u0153ur de ville, sur la place de l\u2019\u00e9glise Saint-Baudile. Ce [&hellip;]\" \/>\n<meta property=\"og:url\" content=\"https:\/\/www.neuillysurmarne.fr\/es\/le-240\/\" \/>\n<meta property=\"og:site_name\" content=\"Mairie de Neuilly-sur-Marne\" \/>\n<meta property=\"article:publisher\" content=\"https:\/\/www.facebook.com\/ville.neuilly\" \/>\n<meta property=\"article:modified_time\" content=\"2025-10-20T16:43:48+00:00\" \/>\n<meta property=\"og:image\" content=\"https:\/\/www.neuillysurmarne.fr\/wp-content\/uploads\/2025\/10\/IMG_1605-scaled.jpg\" \/>\n\t<meta property=\"og:image:width\" content=\"1920\" \/>\n\t<meta property=\"og:image:height\" content=\"2560\" \/>\n\t<meta property=\"og:image:type\" content=\"image\/jpeg\" \/>\n<meta name=\"twitter:card\" content=\"summary_large_image\" \/>\n<meta name=\"twitter:label1\" content=\"Tiempo de lectura\" \/>\n\t<meta name=\"twitter:data1\" content=\"2 minutos\" \/>\n<script type=\"application\/ld+json\" class=\"yoast-schema-graph\">{\"@context\":\"https:\\\/\\\/schema.org\",\"@graph\":[{\"@type\":\"WebPage\",\"@id\":\"https:\\\/\\\/www.neuillysurmarne.fr\\\/le-240\\\/\",\"url\":\"https:\\\/\\\/www.neuillysurmarne.fr\\\/le-240\\\/\",\"name\":\"Le 240 - Mairie de Neuilly-sur-Marne\",\"isPartOf\":{\"@id\":\"https:\\\/\\\/www.neuillysurmarne.fr\\\/es\\\/#website\"},\"primaryImageOfPage\":{\"@id\":\"https:\\\/\\\/www.neuillysurmarne.fr\\\/le-240\\\/#primaryimage\"},\"image\":{\"@id\":\"https:\\\/\\\/www.neuillysurmarne.fr\\\/le-240\\\/#primaryimage\"},\"thumbnailUrl\":\"https:\\\/\\\/www.neuillysurmarne.fr\\\/wp-content\\\/uploads\\\/2025\\\/10\\\/IMG_1605-scaled.jpg\",\"datePublished\":\"2025-10-20T16:41:31+00:00\",\"dateModified\":\"2025-10-20T16:43:48+00:00\",\"breadcrumb\":{\"@id\":\"https:\\\/\\\/www.neuillysurmarne.fr\\\/le-240\\\/#breadcrumb\"},\"inLanguage\":\"es\",\"potentialAction\":[{\"@type\":\"ReadAction\",\"target\":[\"https:\\\/\\\/www.neuillysurmarne.fr\\\/le-240\\\/\"]}]},{\"@type\":\"ImageObject\",\"inLanguage\":\"es\",\"@id\":\"https:\\\/\\\/www.neuillysurmarne.fr\\\/le-240\\\/#primaryimage\",\"url\":\"https:\\\/\\\/www.neuillysurmarne.fr\\\/wp-content\\\/uploads\\\/2025\\\/10\\\/IMG_1605-scaled.jpg\",\"contentUrl\":\"https:\\\/\\\/www.neuillysurmarne.fr\\\/wp-content\\\/uploads\\\/2025\\\/10\\\/IMG_1605-scaled.jpg\",\"width\":1920,\"height\":2560},{\"@type\":\"BreadcrumbList\",\"@id\":\"https:\\\/\\\/www.neuillysurmarne.fr\\\/le-240\\\/#breadcrumb\",\"itemListElement\":[{\"@type\":\"ListItem\",\"position\":1,\"name\":\"Accueil\",\"item\":\"https:\\\/\\\/www.neuillysurmarne.fr\\\/\"},{\"@type\":\"ListItem\",\"position\":2,\"name\":\"Le 240\"}]},{\"@type\":\"WebSite\",\"@id\":\"https:\\\/\\\/www.neuillysurmarne.fr\\\/es\\\/#website\",\"url\":\"https:\\\/\\\/www.neuillysurmarne.fr\\\/es\\\/\",\"name\":\"Mairie de Neuilly-sur-Marne\",\"description\":\"BETA\",\"publisher\":{\"@id\":\"https:\\\/\\\/www.neuillysurmarne.fr\\\/es\\\/#organization\"},\"potentialAction\":[{\"@type\":\"SearchAction\",\"target\":{\"@type\":\"EntryPoint\",\"urlTemplate\":\"https:\\\/\\\/www.neuillysurmarne.fr\\\/es\\\/?s={search_term_string}\"},\"query-input\":{\"@type\":\"PropertyValueSpecification\",\"valueRequired\":true,\"valueName\":\"search_term_string\"}}],\"inLanguage\":\"es\"},{\"@type\":\"Organization\",\"@id\":\"https:\\\/\\\/www.neuillysurmarne.fr\\\/es\\\/#organization\",\"name\":\"Mairie de Neuilly-sur-Marne\",\"url\":\"https:\\\/\\\/www.neuillysurmarne.fr\\\/es\\\/\",\"logo\":{\"@type\":\"ImageObject\",\"inLanguage\":\"es\",\"@id\":\"https:\\\/\\\/www.neuillysurmarne.fr\\\/es\\\/#\\\/schema\\\/logo\\\/image\\\/\",\"url\":\"https:\\\/\\\/www.neuillysurmarne.fr\\\/wp-content\\\/uploads\\\/2023\\\/10\\\/LOGO-NeuillysurMarne-blanc.png\",\"contentUrl\":\"https:\\\/\\\/www.neuillysurmarne.fr\\\/wp-content\\\/uploads\\\/2023\\\/10\\\/LOGO-NeuillysurMarne-blanc.png\",\"width\":3308,\"height\":2586,\"caption\":\"Mairie de Neuilly-sur-Marne\"},\"image\":{\"@id\":\"https:\\\/\\\/www.neuillysurmarne.fr\\\/es\\\/#\\\/schema\\\/logo\\\/image\\\/\"},\"sameAs\":[\"https:\\\/\\\/www.facebook.com\\\/ville.neuilly\",\"https:\\\/\\\/www.instagram.com\\\/neuilly_marne\\\/\",\"https:\\\/\\\/www.linkedin.com\\\/company\\\/ville-de-neuilly-sur-marne\\\/\",\"https:\\\/\\\/www.youtube.com\\\/channel\\\/UCDdZ0TLrV8rfIqjBGvoeB5A\",\"https:\\\/\\\/www.tiktok.com\\\/@villedeneuillysurmarne\"]}]}<\/script>\n<!-- \/ Yoast SEO plugin. -->","yoast_head_json":{"title":"Le 240 - Mairie de Neuilly-sur-Marne","robots":{"index":"index","follow":"follow","max-snippet":"max-snippet:-1","max-image-preview":"max-image-preview:large","max-video-preview":"max-video-preview:-1"},"canonical":"https:\/\/www.neuillysurmarne.fr\/es\/le-240\/","og_locale":"es_ES","og_type":"article","og_title":"Le 240 - Mairie de Neuilly-sur-Marne","og_description":"Appel \u00e0 candidatures \u2013 Location de kiosques au sein du concept store collectif \u201cLe 240\u201d La ville de Neuilly-sur-Marne lance un appel \u00e0 candidatures pour la location de six kiosques de vente \u00e9ph\u00e9m\u00e8res au sein du nouveau concept store collectif \u201cLe 240\u201d, situ\u00e9 en plein c\u0153ur de ville, sur la place de l\u2019\u00e9glise Saint-Baudile. Ce [&hellip;]","og_url":"https:\/\/www.neuillysurmarne.fr\/es\/le-240\/","og_site_name":"Mairie de Neuilly-sur-Marne","article_publisher":"https:\/\/www.facebook.com\/ville.neuilly","article_modified_time":"2025-10-20T16:43:48+00:00","og_image":[{"width":1920,"height":2560,"url":"https:\/\/www.neuillysurmarne.fr\/wp-content\/uploads\/2025\/10\/IMG_1605-scaled.jpg","type":"image\/jpeg"}],"twitter_card":"summary_large_image","twitter_misc":{"Tiempo de lectura":"2 minutos"},"schema":{"@context":"https:\/\/schema.org","@graph":[{"@type":"WebPage","@id":"https:\/\/www.neuillysurmarne.fr\/le-240\/","url":"https:\/\/www.neuillysurmarne.fr\/le-240\/","name":"Le 240 - Mairie de Neuilly-sur-Marne","isPartOf":{"@id":"https:\/\/www.neuillysurmarne.fr\/es\/#website"},"primaryImageOfPage":{"@id":"https:\/\/www.neuillysurmarne.fr\/le-240\/#primaryimage"},"image":{"@id":"https:\/\/www.neuillysurmarne.fr\/le-240\/#primaryimage"},"thumbnailUrl":"https:\/\/www.neuillysurmarne.fr\/wp-content\/uploads\/2025\/10\/IMG_1605-scaled.jpg","datePublished":"2025-10-20T16:41:31+00:00","dateModified":"2025-10-20T16:43:48+00:00","breadcrumb":{"@id":"https:\/\/www.neuillysurmarne.fr\/le-240\/#breadcrumb"},"inLanguage":"es","potentialAction":[{"@type":"ReadAction","target":["https:\/\/www.neuillysurmarne.fr\/le-240\/"]}]},{"@type":"ImageObject","inLanguage":"es","@id":"https:\/\/www.neuillysurmarne.fr\/le-240\/#primaryimage","url":"https:\/\/www.neuillysurmarne.fr\/wp-content\/uploads\/2025\/10\/IMG_1605-scaled.jpg","contentUrl":"https:\/\/www.neuillysurmarne.fr\/wp-content\/uploads\/2025\/10\/IMG_1605-scaled.jpg","width":1920,"height":2560},{"@type":"BreadcrumbList","@id":"https:\/\/www.neuillysurmarne.fr\/le-240\/#breadcrumb","itemListElement":[{"@type":"ListItem","position":1,"name":"Accueil","item":"https:\/\/www.neuillysurmarne.fr\/"},{"@type":"ListItem","position":2,"name":"Le 240"}]},{"@type":"WebSite","@id":"https:\/\/www.neuillysurmarne.fr\/es\/#website","url":"https:\/\/www.neuillysurmarne.fr\/es\/","name":"Ayuntamiento de Neuilly-sur-Marne","description":"BETA","publisher":{"@id":"https:\/\/www.neuillysurmarne.fr\/es\/#organization"},"potentialAction":[{"@type":"SearchAction","target":{"@type":"EntryPoint","urlTemplate":"https:\/\/www.neuillysurmarne.fr\/es\/?s={search_term_string}"},"query-input":{"@type":"PropertyValueSpecification","valueRequired":true,"valueName":"search_term_string"}}],"inLanguage":"es"},{"@type":"Organization","@id":"https:\/\/www.neuillysurmarne.fr\/es\/#organization","name":"Ayuntamiento de Neuilly-sur-Marne","url":"https:\/\/www.neuillysurmarne.fr\/es\/","logo":{"@type":"ImageObject","inLanguage":"es","@id":"https:\/\/www.neuillysurmarne.fr\/es\/#\/schema\/logo\/image\/","url":"https:\/\/www.neuillysurmarne.fr\/wp-content\/uploads\/2023\/10\/LOGO-NeuillysurMarne-blanc.png","contentUrl":"https:\/\/www.neuillysurmarne.fr\/wp-content\/uploads\/2023\/10\/LOGO-NeuillysurMarne-blanc.png","width":3308,"height":2586,"caption":"Mairie de Neuilly-sur-Marne"},"image":{"@id":"https:\/\/www.neuillysurmarne.fr\/es\/#\/schema\/logo\/image\/"},"sameAs":["https:\/\/www.facebook.com\/ville.neuilly","https:\/\/www.instagram.com\/neuilly_marne\/","https:\/\/www.linkedin.com\/company\/ville-de-neuilly-sur-marne\/","https:\/\/www.youtube.com\/channel\/UCDdZ0TLrV8rfIqjBGvoeB5A","https:\/\/www.tiktok.com\/@villedeneuillysurmarne"]}]}},"_links":{"self":[{"href":"https:\/\/www.neuillysurmarne.fr\/es\/wp-json\/wp\/v2\/pages\/16609","targetHints":{"allow":["GET"]}}],"collection":[{"href":"https:\/\/www.neuillysurmarne.fr\/es\/wp-json\/wp\/v2\/pages"}],"about":[{"href":"https:\/\/www.neuillysurmarne.fr\/es\/wp-json\/wp\/v2\/types\/page"}],"author":[{"embeddable":true,"href":"https:\/\/www.neuillysurmarne.fr\/es\/wp-json\/wp\/v2\/users\/2"}],"replies":[{"embeddable":true,"href":"https:\/\/www.neuillysurmarne.fr\/es\/wp-json\/wp\/v2\/comments?post=16609"}],"version-history":[{"count":5,"href":"https:\/\/www.neuillysurmarne.fr\/es\/wp-json\/wp\/v2\/pages\/16609\/revisions"}],"predecessor-version":[{"id":16627,"href":"https:\/\/www.neuillysurmarne.fr\/es\/wp-json\/wp\/v2\/pages\/16609\/revisions\/16627"}],"wp:featuredmedia":[{"embeddable":true,"href":"https:\/\/www.neuillysurmarne.fr\/es\/wp-json\/wp\/v2\/media\/16617"}],"wp:attachment":[{"href":"https:\/\/www.neuillysurmarne.fr\/es\/wp-json\/wp\/v2\/media?parent=16609"}],"curies":[{"name":"wp","href":"https:\/\/api.w.org\/{rel}","templated":true}]}}