{"id":441,"date":"2023-11-13T11:22:55","date_gmt":"2023-11-13T10:22:55","guid":{"rendered":"https:\/\/www.neuillysurmarne.fr\/?page_id=441"},"modified":"2024-06-26T14:48:38","modified_gmt":"2024-06-26T12:48:38","slug":"police-municipale","status":"publish","type":"page","link":"https:\/\/www.neuillysurmarne.fr\/es\/police-municipale\/","title":{"rendered":"Polic\u00eda Municipal"},"content":{"rendered":"<div data-elementor-type=\"wp-page\" data-elementor-id=\"441\" class=\"elementor elementor-441\" data-elementor-post-type=\"page\">\n\t\t\t\t<div class=\"elementor-element elementor-element-174cfa52 e-flex e-con-boxed e-con e-parent\" data-id=\"174cfa52\" data-element_type=\"container\" data-e-type=\"container\">\n\t\t\t\t\t<div class=\"e-con-inner\">\n\t\t\t\t<div class=\"elementor-element elementor-element-31010f63 elementor-widget elementor-widget-text-editor\" data-id=\"31010f63\" data-element_type=\"widget\" data-e-type=\"widget\" data-widget_type=\"text-editor.default\">\n\t\t\t\t<div class=\"elementor-widget-container\">\n\t\t\t\t\t\t\t\t\t<p>El municipio ha hecho de la seguridad una de sus principales prioridades. Con la creaci\u00f3n de un <strong>Polic\u00eda Municipal<\/strong> con amplias competencias, la Ciudad se ha dotado de importantes recursos para <strong>combatir las incivilidades<\/strong> y mejorar la calidad de vida de los habitantes de Noc\u00e9.<\/p><p><b>La Polic\u00eda Municipal<\/b>El servicio de polic\u00eda de Neuilly-sur-Marne, compuesto por agentes de la polic\u00eda municipal, agentes de la ASVP y un centro de vigilancia urbana (CSU), depende del alcalde de Neuilly-sur-Marne. Tras la firma de un convenio de cooperaci\u00f3n con el Prefecto de Seine-Saint-Denis, el servicio trabaja en cooperaci\u00f3n activa con el personal de la comisar\u00eda de Neuilly-sur-Marne.<\/p><p>A trav\u00e9s de su <b>CSU<\/b>la Ciudad tiene un <b>red de protecci\u00f3n por v\u00eddeo<\/b> para combatir la delincuencia. Por supuesto, esto no sustituye a la vigilancia individual.<\/p>\t\t\t\t\t\t\t\t<\/div>\n\t\t\t\t<\/div>\n\t\t\t\t<div class=\"elementor-element elementor-element-3863c56 elementor-widget elementor-widget-n-accordion\" data-id=\"3863c56\" data-element_type=\"widget\" data-e-type=\"widget\" data-settings=\"{&quot;default_state&quot;:&quot;all_collapsed&quot;,&quot;max_items_expended&quot;:&quot;one&quot;,&quot;n_accordion_animation_duration&quot;:{&quot;unit&quot;:&quot;ms&quot;,&quot;size&quot;:400,&quot;sizes&quot;:[]}}\" data-widget_type=\"nested-accordion.default\">\n\t\t\t\t<div class=\"elementor-widget-container\">\n\t\t\t\t\t\t\t<div class=\"e-n-accordion\" aria-label=\"Acorde\u00f3n. Abra los enlaces con Intro o Espacio, ci\u00e9rrelos con Escape y navegue con las teclas de flecha.\">\n\t\t\t\t\t\t<details id=\"e-n-accordion-item-5910\" class=\"e-n-accordion-item\" >\n\t\t\t\t<summary class=\"e-n-accordion-item-title\" data-accordion-index=\"1\" tabindex=\"0\" aria-expanded=\"false\" aria-controls=\"e-n-accordion-item-5910\" >\n\t\t\t\t\t<span class='e-n-accordion-item-title-header'><div class=\"e-n-accordion-item-title-text\"> Informes de objetos perdidos \/ informes varios <\/div><\/span>\n\t\t\t\t\t\t\t<span class='e-n-accordion-item-title-icon'>\n\t\t\t<span class='e-opened' ><svg aria-hidden=\"true\" class=\"e-font-icon-svg e-fas-minus\" viewbox=\"0 0 448 512\" xmlns=\"http:\/\/www.w3.org\/2000\/svg\"><path d=\"M416 208H32c-17.67 0-32 14.33-32 32v32c0 17.67 14.33 32 32 32h384c17.67 0 32-14.33 32-32v-32c0-17.67-14.33-32-32-32z\"><\/path><\/svg><\/span>\n\t\t\t<span class='e-closed'><svg aria-hidden=\"true\" class=\"e-font-icon-svg e-fas-plus\" viewbox=\"0 0 448 512\" xmlns=\"http:\/\/www.w3.org\/2000\/svg\"><path d=\"M416 208H272V64c0-17.67-14.33-32-32-32h-32c-17.67 0-32 14.33-32 32v144H32c-17.67 0-32 14.33-32 32v32c0 17.67 14.33 32 32 32h144v144c0 17.67 14.33 32 32 32h32c17.67 0 32-14.33 32-32V304h144c17.67 0 32-14.33 32-32v-32c0-17.67-14.33-32-32-32z\"><\/path><\/svg><\/span>\n\t\t<\/span>\n\n\t\t\t\t\t\t<\/summary>\n\t\t\t\t<div role=\"region\" aria-labelledby=\"e-n-accordion-item-5910\" class=\"elementor-element elementor-element-2a1bf25 e-con-full e-flex e-con e-child\" data-id=\"2a1bf25\" data-element_type=\"container\" data-e-type=\"container\">\n\t\t<div role=\"region\" aria-labelledby=\"e-n-accordion-item-5910\" class=\"elementor-element elementor-element-d1d2a3a e-con-full e-flex e-con e-child\" data-id=\"d1d2a3a\" data-element_type=\"container\" data-e-type=\"container\">\n\t\t\t\t<div class=\"elementor-element elementor-element-9619f36 elementor-widget elementor-widget-text-editor\" data-id=\"9619f36\" data-element_type=\"widget\" data-e-type=\"widget\" data-widget_type=\"text-editor.default\">\n\t\t\t\t<div class=\"elementor-widget-container\">\n\t\t\t\t\t\t\t\t\t<h3><strong>Polic\u00eda Municipal<\/strong><\/h3><p>Si pierde alg\u00fan objeto, p\u00f3ngase en contacto con la Polic\u00eda Municipal :<\/p><p>\ud83d\udccd 2 place Fran\u00e7ois Mitterrand<br \/>93330 Neuilly-sur-Marne<br \/><br \/>\ud83d\udcde 0 8000 93330<br \/><br \/><a href=\"mailto:police.municipale@neuillysurmarne.fr\">\ud83d\udce7 <strong>police.municipale@neuillysurmarne.fr<\/strong><\/a><\/p>\t\t\t\t\t\t\t\t<\/div>\n\t\t\t\t<\/div>\n\t\t\t\t<\/div>\n\t\t<div role=\"region\" aria-labelledby=\"e-n-accordion-item-5910\" class=\"elementor-element elementor-element-ba75c12 e-con-full e-flex e-con e-child\" data-id=\"ba75c12\" data-element_type=\"container\" data-e-type=\"container\">\n\t\t\t\t<div class=\"elementor-element elementor-element-6cd4884 elementor-widget elementor-widget-google_maps\" data-id=\"6cd4884\" data-element_type=\"widget\" data-e-type=\"widget\" data-widget_type=\"google_maps.default\">\n\t\t\t\t<div class=\"elementor-widget-container\">\n\t\t\t\t\t\t\t<div class=\"elementor-custom-embed\">\n\t\t\t<iframe loading=\"lazy\"\n\t\t\t\t\tsrc=\"https:\/\/maps.google.com\/maps?q=2%20place%20Fran%C3%A7ois%20Mitterrand%2093330&#038;t=m&#038;z=17&#038;output=embed&#038;iwloc=near\"\n\t\t\t\t\ttitle=\"2 place Fran\u00e7ois Mitterrand 93330\"\n\t\t\t\t\taria-label=\"2 place Fran\u00e7ois Mitterrand 93330\"\n\t\t\t><\/iframe>\n\t\t<\/div>\n\t\t\t\t\t\t<\/div>\n\t\t\t\t<\/div>\n\t\t\t\t<\/div>\n\t\t\t\t<\/div>\n\t\t\t\t\t<\/details>\n\t\t\t\t\t\t<details id=\"e-n-accordion-item-5911\" class=\"e-n-accordion-item\" >\n\t\t\t\t<summary class=\"e-n-accordion-item-title\" data-accordion-index=\"2\" tabindex=\"-1\" aria-expanded=\"false\" aria-controls=\"e-n-accordion-item-5911\" >\n\t\t\t\t\t<span class='e-n-accordion-item-title-header'><div class=\"e-n-accordion-item-title-text\"> Declaraci\u00f3n de robo \/ p\u00e9rdida simple del documento de identidad <\/div><\/span>\n\t\t\t\t\t\t\t<span class='e-n-accordion-item-title-icon'>\n\t\t\t<span class='e-opened' ><svg aria-hidden=\"true\" class=\"e-font-icon-svg e-fas-minus\" viewbox=\"0 0 448 512\" xmlns=\"http:\/\/www.w3.org\/2000\/svg\"><path d=\"M416 208H32c-17.67 0-32 14.33-32 32v32c0 17.67 14.33 32 32 32h384c17.67 0 32-14.33 32-32v-32c0-17.67-14.33-32-32-32z\"><\/path><\/svg><\/span>\n\t\t\t<span class='e-closed'><svg aria-hidden=\"true\" class=\"e-font-icon-svg e-fas-plus\" viewbox=\"0 0 448 512\" xmlns=\"http:\/\/www.w3.org\/2000\/svg\"><path d=\"M416 208H272V64c0-17.67-14.33-32-32-32h-32c-17.67 0-32 14.33-32 32v144H32c-17.67 0-32 14.33-32 32v32c0 17.67 14.33 32 32 32h144v144c0 17.67 14.33 32 32 32h32c17.67 0 32-14.33 32-32V304h144c17.67 0 32-14.33 32-32v-32c0-17.67-14.33-32-32-32z\"><\/path><\/svg><\/span>\n\t\t<\/span>\n\n\t\t\t\t\t\t<\/summary>\n\t\t\t\t<div role=\"region\" aria-labelledby=\"e-n-accordion-item-5911\" class=\"elementor-element elementor-element-a53817f e-con-full e-flex e-con e-child\" data-id=\"a53817f\" data-element_type=\"container\" data-e-type=\"container\">\n\t\t<div role=\"region\" aria-labelledby=\"e-n-accordion-item-5911\" class=\"elementor-element elementor-element-8aae8a2 e-con-full e-flex e-con e-child\" data-id=\"8aae8a2\" data-element_type=\"container\" data-e-type=\"container\">\n\t\t\t\t<div class=\"elementor-element elementor-element-8cb0efb elementor-widget elementor-widget-text-editor\" data-id=\"8cb0efb\" data-element_type=\"widget\" data-e-type=\"widget\" data-widget_type=\"text-editor.default\">\n\t\t\t\t<div class=\"elementor-widget-container\">\n\t\t\t\t\t\t\t\t\t<h3><strong>Polic\u00eda Nacional<br \/><\/strong><\/h3><p>En caso de p\u00e9rdida o robo de su documento de identidad, p\u00f3ngase en contacto con la comisar\u00eda de Neuilly-sur-Marne:<\/p><p>\ud83d\udccd 34 boulevard du Mar\u00e9chal Foch<br \/>93330 Neuilly-sur-Marne<br \/><br \/>\ud83d\udcde 01 56 49 10 10<\/p>\t\t\t\t\t\t\t\t<\/div>\n\t\t\t\t<\/div>\n\t\t\t\t<\/div>\n\t\t<div role=\"region\" aria-labelledby=\"e-n-accordion-item-5911\" class=\"elementor-element elementor-element-826400b e-con-full e-flex e-con e-child\" data-id=\"826400b\" data-element_type=\"container\" data-e-type=\"container\">\n\t\t\t\t<div class=\"elementor-element elementor-element-1e8c1ab elementor-widget elementor-widget-google_maps\" data-id=\"1e8c1ab\" data-element_type=\"widget\" data-e-type=\"widget\" data-widget_type=\"google_maps.default\">\n\t\t\t\t<div class=\"elementor-widget-container\">\n\t\t\t\t\t\t\t<div class=\"elementor-custom-embed\">\n\t\t\t<iframe loading=\"lazy\"\n\t\t\t\t\tsrc=\"https:\/\/maps.google.com\/maps?q=34%20boulevard%20du%20Mar%C3%A9chal%20Foch%2093330&#038;t=m&#038;z=17&#038;output=embed&#038;iwloc=near\"\n\t\t\t\t\ttitle=\"34 boulevard du Mar\u00e9chal Foch 93330\"\n\t\t\t\t\taria-label=\"34 boulevard du Mar\u00e9chal Foch 93330\"\n\t\t\t><\/iframe>\n\t\t<\/div>\n\t\t\t\t\t\t<\/div>\n\t\t\t\t<\/div>\n\t\t\t\t<\/div>\n\t\t\t\t<\/div>\n\t\t\t\t\t<\/details>\n\t\t\t\t\t\t<details id=\"e-n-accordion-item-5912\" class=\"e-n-accordion-item\" >\n\t\t\t\t<summary class=\"e-n-accordion-item-title\" data-accordion-index=\"3\" tabindex=\"-1\" aria-expanded=\"false\" aria-controls=\"e-n-accordion-item-5912\" >\n\t\t\t\t\t<span class='e-n-accordion-item-title-header'><div class=\"e-n-accordion-item-title-text\"> Declaraci\u00f3n de p\u00e9rdida del documento de identidad \/ pasaporte para su renovaci\u00f3n <\/div><\/span>\n\t\t\t\t\t\t\t<span class='e-n-accordion-item-title-icon'>\n\t\t\t<span class='e-opened' ><svg aria-hidden=\"true\" class=\"e-font-icon-svg e-fas-minus\" viewbox=\"0 0 448 512\" xmlns=\"http:\/\/www.w3.org\/2000\/svg\"><path d=\"M416 208H32c-17.67 0-32 14.33-32 32v32c0 17.67 14.33 32 32 32h384c17.67 0 32-14.33 32-32v-32c0-17.67-14.33-32-32-32z\"><\/path><\/svg><\/span>\n\t\t\t<span class='e-closed'><svg aria-hidden=\"true\" class=\"e-font-icon-svg e-fas-plus\" viewbox=\"0 0 448 512\" xmlns=\"http:\/\/www.w3.org\/2000\/svg\"><path d=\"M416 208H272V64c0-17.67-14.33-32-32-32h-32c-17.67 0-32 14.33-32 32v144H32c-17.67 0-32 14.33-32 32v32c0 17.67 14.33 32 32 32h144v144c0 17.67 14.33 32 32 32h32c17.67 0 32-14.33 32-32V304h144c17.67 0 32-14.33 32-32v-32c0-17.67-14.33-32-32-32z\"><\/path><\/svg><\/span>\n\t\t<\/span>\n\n\t\t\t\t\t\t<\/summary>\n\t\t\t\t<div role=\"region\" aria-labelledby=\"e-n-accordion-item-5912\" class=\"elementor-element elementor-element-dd049da e-con-full e-flex e-con e-child\" data-id=\"dd049da\" data-element_type=\"container\" data-e-type=\"container\">\n\t\t<div role=\"region\" aria-labelledby=\"e-n-accordion-item-5912\" class=\"elementor-element elementor-element-c6dd315 e-con-full e-flex e-con e-child\" data-id=\"c6dd315\" data-element_type=\"container\" data-e-type=\"container\">\n\t\t\t\t<div class=\"elementor-element elementor-element-b9a21b6 elementor-widget elementor-widget-text-editor\" data-id=\"b9a21b6\" data-element_type=\"widget\" data-e-type=\"widget\" data-widget_type=\"text-editor.default\">\n\t\t\t\t<div class=\"elementor-widget-container\">\n\t\t\t\t\t\t\t\t\t<h3><strong>Departamento de Asuntos Generales<br \/><\/strong><\/h3><p>Si pierde su documento de identidad o necesita renovar su pasaporte, p\u00f3ngase en contacto con el departamento de Asuntos Generales:<\/p><p>\ud83d\udccd 1 place Fran\u00e7ois Mitterrand<br \/>93330 Neuilly-sur-Marne<br \/><br \/>\ud83d\udcde 01 43 08 96 96<\/p>\t\t\t\t\t\t\t\t<\/div>\n\t\t\t\t<\/div>\n\t\t\t\t<\/div>\n\t\t<div role=\"region\" aria-labelledby=\"e-n-accordion-item-5912\" class=\"elementor-element elementor-element-43af8b2 e-con-full e-flex e-con e-child\" data-id=\"43af8b2\" data-element_type=\"container\" data-e-type=\"container\">\n\t\t\t\t<div class=\"elementor-element elementor-element-a924677 elementor-widget elementor-widget-google_maps\" data-id=\"a924677\" data-element_type=\"widget\" data-e-type=\"widget\" data-widget_type=\"google_maps.default\">\n\t\t\t\t<div class=\"elementor-widget-container\">\n\t\t\t\t\t\t\t<div class=\"elementor-custom-embed\">\n\t\t\t<iframe loading=\"lazy\"\n\t\t\t\t\tsrc=\"https:\/\/maps.google.com\/maps?q=1%20place%20Fran%C3%A7ois%20Mitterrand%2093330&#038;t=m&#038;z=17&#038;output=embed&#038;iwloc=near\"\n\t\t\t\t\ttitle=\"1 place Fran\u00e7ois Mitterrand 93330\"\n\t\t\t\t\taria-label=\"1 place Fran\u00e7ois Mitterrand 93330\"\n\t\t\t><\/iframe>\n\t\t<\/div>\n\t\t\t\t\t\t<\/div>\n\t\t\t\t<\/div>\n\t\t\t\t<\/div>\n\t\t\t\t<\/div>\n\t\t\t\t\t<\/details>\n\t\t\t\t\t\t<details id=\"e-n-accordion-item-5913\" class=\"e-n-accordion-item\" >\n\t\t\t\t<summary class=\"e-n-accordion-item-title\" data-accordion-index=\"4\" tabindex=\"-1\" aria-expanded=\"false\" aria-controls=\"e-n-accordion-item-5913\" >\n\t\t\t\t\t<span class='e-n-accordion-item-title-header'><div class=\"e-n-accordion-item-title-text\"> Solicitud de visualizaci\u00f3n de im\u00e1genes de la red de videoprotecci\u00f3n <\/div><\/span>\n\t\t\t\t\t\t\t<span class='e-n-accordion-item-title-icon'>\n\t\t\t<span class='e-opened' ><svg aria-hidden=\"true\" class=\"e-font-icon-svg e-fas-minus\" viewbox=\"0 0 448 512\" xmlns=\"http:\/\/www.w3.org\/2000\/svg\"><path d=\"M416 208H32c-17.67 0-32 14.33-32 32v32c0 17.67 14.33 32 32 32h384c17.67 0 32-14.33 32-32v-32c0-17.67-14.33-32-32-32z\"><\/path><\/svg><\/span>\n\t\t\t<span class='e-closed'><svg aria-hidden=\"true\" class=\"e-font-icon-svg e-fas-plus\" viewbox=\"0 0 448 512\" xmlns=\"http:\/\/www.w3.org\/2000\/svg\"><path d=\"M416 208H272V64c0-17.67-14.33-32-32-32h-32c-17.67 0-32 14.33-32 32v144H32c-17.67 0-32 14.33-32 32v32c0 17.67 14.33 32 32 32h144v144c0 17.67 14.33 32 32 32h32c17.67 0 32-14.33 32-32V304h144c17.67 0 32-14.33 32-32v-32c0-17.67-14.33-32-32-32z\"><\/path><\/svg><\/span>\n\t\t<\/span>\n\n\t\t\t\t\t\t<\/summary>\n\t\t\t\t<div role=\"region\" aria-labelledby=\"e-n-accordion-item-5913\" class=\"elementor-element elementor-element-8cc9c8a e-con-full e-flex e-con e-child\" data-id=\"8cc9c8a\" data-element_type=\"container\" data-e-type=\"container\">\n\t\t<div role=\"region\" aria-labelledby=\"e-n-accordion-item-5913\" class=\"elementor-element elementor-element-ce8670c e-con-full e-flex e-con e-child\" data-id=\"ce8670c\" data-element_type=\"container\" data-e-type=\"container\">\n\t\t\t\t<div class=\"elementor-element elementor-element-08c899f elementor-widget elementor-widget-text-editor\" data-id=\"08c899f\" data-element_type=\"widget\" data-e-type=\"widget\" data-widget_type=\"text-editor.default\">\n\t\t\t\t<div class=\"elementor-widget-container\">\n\t\t\t\t\t\t\t\t\t<p>Las im\u00e1genes de protecci\u00f3n por v\u00eddeo s\u00f3lo pueden consultarse en el marco de una investigaci\u00f3n policial.<\/p>\t\t\t\t\t\t\t\t<\/div>\n\t\t\t\t<\/div>\n\t\t\t\t<\/div>\n\t\t\t\t<\/div>\n\t\t\t\t\t<\/details>\n\t\t\t\t\t<\/div>\n\t\t\t\t\t\t<\/div>\n\t\t\t\t<\/div>\n\t\t\t\t\t<\/div>\n\t\t\t\t<\/div>\n\t\t\t\t<\/div>","protected":false},"excerpt":{"rendered":"<p>La municipalit\u00e9 a fait de la s\u00e9curit\u00e9 une des grandes priorit\u00e9s du mandat. Avec la cr\u00e9ation d\u2019un service de Police Municipale aux pouvoirs \u00e9tendus, la Ville s\u2019est ainsi dot\u00e9e de moyens cons\u00e9quents pour lutter contre les incivilit\u00e9s et am\u00e9liorer le cadre de vie des Noc\u00e9ens. La Police Municipale, compos\u00e9e de policiers municipaux, d\u2019ASVP et d\u2019un [&hellip;]<\/p>\n","protected":false},"author":1,"featured_media":7406,"parent":0,"menu_order":0,"comment_status":"closed","ping_status":"closed","template":"","meta":{"_acf_changed":false,"footnotes":""},"class_list":["post-441","page","type-page","status-publish","has-post-thumbnail","hentry"],"acf":[],"yoast_head":"<!-- This site is optimized with the Yoast SEO plugin v27.4 - https:\/\/yoast.com\/product\/yoast-seo-wordpress\/ -->\n<title>Police Municipale - Mairie de Neuilly-sur-Marne<\/title>\n<meta name=\"robots\" content=\"index, follow, max-snippet:-1, max-image-preview:large, max-video-preview:-1\" \/>\n<link rel=\"canonical\" href=\"https:\/\/www.neuillysurmarne.fr\/es\/police-municipale\/\" \/>\n<meta property=\"og:locale\" content=\"es_ES\" \/>\n<meta property=\"og:type\" content=\"article\" \/>\n<meta property=\"og:title\" content=\"Police Municipale - Mairie de Neuilly-sur-Marne\" \/>\n<meta property=\"og:description\" content=\"La municipalit\u00e9 a fait de la s\u00e9curit\u00e9 une des grandes priorit\u00e9s du mandat. Avec la cr\u00e9ation d\u2019un service de Police Municipale aux pouvoirs \u00e9tendus, la Ville s\u2019est ainsi dot\u00e9e de moyens cons\u00e9quents pour lutter contre les incivilit\u00e9s et am\u00e9liorer le cadre de vie des Noc\u00e9ens. La Police Municipale, compos\u00e9e de policiers municipaux, d\u2019ASVP et d\u2019un [&hellip;]\" \/>\n<meta property=\"og:url\" content=\"https:\/\/www.neuillysurmarne.fr\/es\/police-municipale\/\" \/>\n<meta property=\"og:site_name\" content=\"Mairie de Neuilly-sur-Marne\" \/>\n<meta property=\"article:publisher\" content=\"https:\/\/www.facebook.com\/ville.neuilly\" \/>\n<meta property=\"article:modified_time\" content=\"2024-06-26T12:48:38+00:00\" \/>\n<meta property=\"og:image\" content=\"https:\/\/www.neuillysurmarne.fr\/wp-content\/uploads\/2024\/05\/Voitures-POLICE-04.2021-5-scaled.jpg\" \/>\n\t<meta property=\"og:image:width\" content=\"2560\" \/>\n\t<meta property=\"og:image:height\" content=\"1707\" \/>\n\t<meta property=\"og:image:type\" content=\"image\/jpeg\" \/>\n<meta name=\"twitter:card\" content=\"summary_large_image\" \/>\n<meta name=\"twitter:label1\" content=\"Tiempo de lectura\" \/>\n\t<meta name=\"twitter:data1\" content=\"2 minutos\" \/>\n<script type=\"application\/ld+json\" class=\"yoast-schema-graph\">{\"@context\":\"https:\\\/\\\/schema.org\",\"@graph\":[{\"@type\":\"WebPage\",\"@id\":\"https:\\\/\\\/www.neuillysurmarne.fr\\\/police-municipale\\\/\",\"url\":\"https:\\\/\\\/www.neuillysurmarne.fr\\\/police-municipale\\\/\",\"name\":\"Police Municipale - Mairie de Neuilly-sur-Marne\",\"isPartOf\":{\"@id\":\"https:\\\/\\\/www.neuillysurmarne.fr\\\/es\\\/#website\"},\"primaryImageOfPage\":{\"@id\":\"https:\\\/\\\/www.neuillysurmarne.fr\\\/police-municipale\\\/#primaryimage\"},\"image\":{\"@id\":\"https:\\\/\\\/www.neuillysurmarne.fr\\\/police-municipale\\\/#primaryimage\"},\"thumbnailUrl\":\"https:\\\/\\\/www.neuillysurmarne.fr\\\/wp-content\\\/uploads\\\/2024\\\/05\\\/Voitures-POLICE-04.2021-5-scaled.jpg\",\"datePublished\":\"2023-11-13T10:22:55+00:00\",\"dateModified\":\"2024-06-26T12:48:38+00:00\",\"breadcrumb\":{\"@id\":\"https:\\\/\\\/www.neuillysurmarne.fr\\\/police-municipale\\\/#breadcrumb\"},\"inLanguage\":\"es\",\"potentialAction\":[{\"@type\":\"ReadAction\",\"target\":[\"https:\\\/\\\/www.neuillysurmarne.fr\\\/police-municipale\\\/\"]}]},{\"@type\":\"ImageObject\",\"inLanguage\":\"es\",\"@id\":\"https:\\\/\\\/www.neuillysurmarne.fr\\\/police-municipale\\\/#primaryimage\",\"url\":\"https:\\\/\\\/www.neuillysurmarne.fr\\\/wp-content\\\/uploads\\\/2024\\\/05\\\/Voitures-POLICE-04.2021-5-scaled.jpg\",\"contentUrl\":\"https:\\\/\\\/www.neuillysurmarne.fr\\\/wp-content\\\/uploads\\\/2024\\\/05\\\/Voitures-POLICE-04.2021-5-scaled.jpg\",\"width\":2560,\"height\":1707},{\"@type\":\"BreadcrumbList\",\"@id\":\"https:\\\/\\\/www.neuillysurmarne.fr\\\/police-municipale\\\/#breadcrumb\",\"itemListElement\":[{\"@type\":\"ListItem\",\"position\":1,\"name\":\"Accueil\",\"item\":\"https:\\\/\\\/www.neuillysurmarne.fr\\\/\"},{\"@type\":\"ListItem\",\"position\":2,\"name\":\"Police Municipale\"}]},{\"@type\":\"WebSite\",\"@id\":\"https:\\\/\\\/www.neuillysurmarne.fr\\\/es\\\/#website\",\"url\":\"https:\\\/\\\/www.neuillysurmarne.fr\\\/es\\\/\",\"name\":\"Mairie de Neuilly-sur-Marne\",\"description\":\"BETA\",\"publisher\":{\"@id\":\"https:\\\/\\\/www.neuillysurmarne.fr\\\/es\\\/#organization\"},\"potentialAction\":[{\"@type\":\"SearchAction\",\"target\":{\"@type\":\"EntryPoint\",\"urlTemplate\":\"https:\\\/\\\/www.neuillysurmarne.fr\\\/es\\\/?s={search_term_string}\"},\"query-input\":{\"@type\":\"PropertyValueSpecification\",\"valueRequired\":true,\"valueName\":\"search_term_string\"}}],\"inLanguage\":\"es\"},{\"@type\":\"Organization\",\"@id\":\"https:\\\/\\\/www.neuillysurmarne.fr\\\/es\\\/#organization\",\"name\":\"Mairie de Neuilly-sur-Marne\",\"url\":\"https:\\\/\\\/www.neuillysurmarne.fr\\\/es\\\/\",\"logo\":{\"@type\":\"ImageObject\",\"inLanguage\":\"es\",\"@id\":\"https:\\\/\\\/www.neuillysurmarne.fr\\\/es\\\/#\\\/schema\\\/logo\\\/image\\\/\",\"url\":\"https:\\\/\\\/www.neuillysurmarne.fr\\\/wp-content\\\/uploads\\\/2023\\\/10\\\/LOGO-NeuillysurMarne-blanc.png\",\"contentUrl\":\"https:\\\/\\\/www.neuillysurmarne.fr\\\/wp-content\\\/uploads\\\/2023\\\/10\\\/LOGO-NeuillysurMarne-blanc.png\",\"width\":3308,\"height\":2586,\"caption\":\"Mairie de Neuilly-sur-Marne\"},\"image\":{\"@id\":\"https:\\\/\\\/www.neuillysurmarne.fr\\\/es\\\/#\\\/schema\\\/logo\\\/image\\\/\"},\"sameAs\":[\"https:\\\/\\\/www.facebook.com\\\/ville.neuilly\",\"https:\\\/\\\/www.instagram.com\\\/neuilly_marne\\\/\",\"https:\\\/\\\/www.linkedin.com\\\/company\\\/ville-de-neuilly-sur-marne\\\/\",\"https:\\\/\\\/www.youtube.com\\\/channel\\\/UCDdZ0TLrV8rfIqjBGvoeB5A\",\"https:\\\/\\\/www.tiktok.com\\\/@villedeneuillysurmarne\"]}]}<\/script>\n<!-- \/ Yoast SEO plugin. -->","yoast_head_json":{"title":"Police Municipale - Mairie de Neuilly-sur-Marne","robots":{"index":"index","follow":"follow","max-snippet":"max-snippet:-1","max-image-preview":"max-image-preview:large","max-video-preview":"max-video-preview:-1"},"canonical":"https:\/\/www.neuillysurmarne.fr\/es\/police-municipale\/","og_locale":"es_ES","og_type":"article","og_title":"Police Municipale - Mairie de Neuilly-sur-Marne","og_description":"La municipalit\u00e9 a fait de la s\u00e9curit\u00e9 une des grandes priorit\u00e9s du mandat. Avec la cr\u00e9ation d\u2019un service de Police Municipale aux pouvoirs \u00e9tendus, la Ville s\u2019est ainsi dot\u00e9e de moyens cons\u00e9quents pour lutter contre les incivilit\u00e9s et am\u00e9liorer le cadre de vie des Noc\u00e9ens. La Police Municipale, compos\u00e9e de policiers municipaux, d\u2019ASVP et d\u2019un [&hellip;]","og_url":"https:\/\/www.neuillysurmarne.fr\/es\/police-municipale\/","og_site_name":"Mairie de Neuilly-sur-Marne","article_publisher":"https:\/\/www.facebook.com\/ville.neuilly","article_modified_time":"2024-06-26T12:48:38+00:00","og_image":[{"width":2560,"height":1707,"url":"https:\/\/www.neuillysurmarne.fr\/wp-content\/uploads\/2024\/05\/Voitures-POLICE-04.2021-5-scaled.jpg","type":"image\/jpeg"}],"twitter_card":"summary_large_image","twitter_misc":{"Tiempo de lectura":"2 minutos"},"schema":{"@context":"https:\/\/schema.org","@graph":[{"@type":"WebPage","@id":"https:\/\/www.neuillysurmarne.fr\/police-municipale\/","url":"https:\/\/www.neuillysurmarne.fr\/police-municipale\/","name":"Police Municipale - Mairie de Neuilly-sur-Marne","isPartOf":{"@id":"https:\/\/www.neuillysurmarne.fr\/es\/#website"},"primaryImageOfPage":{"@id":"https:\/\/www.neuillysurmarne.fr\/police-municipale\/#primaryimage"},"image":{"@id":"https:\/\/www.neuillysurmarne.fr\/police-municipale\/#primaryimage"},"thumbnailUrl":"https:\/\/www.neuillysurmarne.fr\/wp-content\/uploads\/2024\/05\/Voitures-POLICE-04.2021-5-scaled.jpg","datePublished":"2023-11-13T10:22:55+00:00","dateModified":"2024-06-26T12:48:38+00:00","breadcrumb":{"@id":"https:\/\/www.neuillysurmarne.fr\/police-municipale\/#breadcrumb"},"inLanguage":"es","potentialAction":[{"@type":"ReadAction","target":["https:\/\/www.neuillysurmarne.fr\/police-municipale\/"]}]},{"@type":"ImageObject","inLanguage":"es","@id":"https:\/\/www.neuillysurmarne.fr\/police-municipale\/#primaryimage","url":"https:\/\/www.neuillysurmarne.fr\/wp-content\/uploads\/2024\/05\/Voitures-POLICE-04.2021-5-scaled.jpg","contentUrl":"https:\/\/www.neuillysurmarne.fr\/wp-content\/uploads\/2024\/05\/Voitures-POLICE-04.2021-5-scaled.jpg","width":2560,"height":1707},{"@type":"BreadcrumbList","@id":"https:\/\/www.neuillysurmarne.fr\/police-municipale\/#breadcrumb","itemListElement":[{"@type":"ListItem","position":1,"name":"Accueil","item":"https:\/\/www.neuillysurmarne.fr\/"},{"@type":"ListItem","position":2,"name":"Police Municipale"}]},{"@type":"WebSite","@id":"https:\/\/www.neuillysurmarne.fr\/es\/#website","url":"https:\/\/www.neuillysurmarne.fr\/es\/","name":"Ayuntamiento de Neuilly-sur-Marne","description":"BETA","publisher":{"@id":"https:\/\/www.neuillysurmarne.fr\/es\/#organization"},"potentialAction":[{"@type":"SearchAction","target":{"@type":"EntryPoint","urlTemplate":"https:\/\/www.neuillysurmarne.fr\/es\/?s={search_term_string}"},"query-input":{"@type":"PropertyValueSpecification","valueRequired":true,"valueName":"search_term_string"}}],"inLanguage":"es"},{"@type":"Organization","@id":"https:\/\/www.neuillysurmarne.fr\/es\/#organization","name":"Ayuntamiento de Neuilly-sur-Marne","url":"https:\/\/www.neuillysurmarne.fr\/es\/","logo":{"@type":"ImageObject","inLanguage":"es","@id":"https:\/\/www.neuillysurmarne.fr\/es\/#\/schema\/logo\/image\/","url":"https:\/\/www.neuillysurmarne.fr\/wp-content\/uploads\/2023\/10\/LOGO-NeuillysurMarne-blanc.png","contentUrl":"https:\/\/www.neuillysurmarne.fr\/wp-content\/uploads\/2023\/10\/LOGO-NeuillysurMarne-blanc.png","width":3308,"height":2586,"caption":"Mairie de Neuilly-sur-Marne"},"image":{"@id":"https:\/\/www.neuillysurmarne.fr\/es\/#\/schema\/logo\/image\/"},"sameAs":["https:\/\/www.facebook.com\/ville.neuilly","https:\/\/www.instagram.com\/neuilly_marne\/","https:\/\/www.linkedin.com\/company\/ville-de-neuilly-sur-marne\/","https:\/\/www.youtube.com\/channel\/UCDdZ0TLrV8rfIqjBGvoeB5A","https:\/\/www.tiktok.com\/@villedeneuillysurmarne"]}]}},"_links":{"self":[{"href":"https:\/\/www.neuillysurmarne.fr\/es\/wp-json\/wp\/v2\/pages\/441","targetHints":{"allow":["GET"]}}],"collection":[{"href":"https:\/\/www.neuillysurmarne.fr\/es\/wp-json\/wp\/v2\/pages"}],"about":[{"href":"https:\/\/www.neuillysurmarne.fr\/es\/wp-json\/wp\/v2\/types\/page"}],"author":[{"embeddable":true,"href":"https:\/\/www.neuillysurmarne.fr\/es\/wp-json\/wp\/v2\/users\/1"}],"replies":[{"embeddable":true,"href":"https:\/\/www.neuillysurmarne.fr\/es\/wp-json\/wp\/v2\/comments?post=441"}],"version-history":[{"count":32,"href":"https:\/\/www.neuillysurmarne.fr\/es\/wp-json\/wp\/v2\/pages\/441\/revisions"}],"predecessor-version":[{"id":10616,"href":"https:\/\/www.neuillysurmarne.fr\/es\/wp-json\/wp\/v2\/pages\/441\/revisions\/10616"}],"wp:featuredmedia":[{"embeddable":true,"href":"https:\/\/www.neuillysurmarne.fr\/es\/wp-json\/wp\/v2\/media\/7406"}],"wp:attachment":[{"href":"https:\/\/www.neuillysurmarne.fr\/es\/wp-json\/wp\/v2\/media?parent=441"}],"curies":[{"name":"wp","href":"https:\/\/api.w.org\/{rel}","templated":true}]}}