{"id":643,"date":"2023-11-13T12:55:41","date_gmt":"2023-11-13T11:55:41","guid":{"rendered":"https:\/\/www.neuillysurmarne.fr\/?page_id=643"},"modified":"2025-09-16T18:39:17","modified_gmt":"2025-09-16T16:39:17","slug":"programme-de-la-saison-culturelle","status":"publish","type":"page","link":"https:\/\/www.neuillysurmarne.fr\/es\/programme-de-la-saison-culturelle\/","title":{"rendered":"Programa de la temporada cultural"},"content":{"rendered":"<div data-elementor-type=\"wp-page\" data-elementor-id=\"643\" class=\"elementor elementor-643\" data-elementor-post-type=\"page\">\n\t\t\t\t<div class=\"elementor-element elementor-element-94d8545 e-flex e-con-boxed e-con e-parent\" data-id=\"94d8545\" data-element_type=\"container\" data-e-type=\"container\">\n\t\t\t\t\t<div class=\"e-con-inner\">\n\t\t<div class=\"elementor-element elementor-element-d18f5b3 e-flex e-con-boxed e-con e-child\" data-id=\"d18f5b3\" data-element_type=\"container\" data-e-type=\"container\">\n\t\t\t\t\t<div class=\"e-con-inner\">\n\t\t<div class=\"elementor-element elementor-element-3893e71 e-grid e-con-boxed e-con e-child\" data-id=\"3893e71\" data-element_type=\"container\" data-e-type=\"container\">\n\t\t\t\t\t<div class=\"e-con-inner\">\n\t\t\t\t<div class=\"elementor-element elementor-element-c3fb147 elementor-widget elementor-widget-text-editor\" data-id=\"c3fb147\" data-element_type=\"widget\" data-e-type=\"widget\" data-widget_type=\"text-editor.default\">\n\t\t\t\t<div class=\"elementor-widget-container\">\n\t\t\t\t\t\t\t\t\t<h2 id=\"saison\"><strong>Saison 2025-2026<\/strong><\/h2><p>La nouvelle saison culturelle s\u2019annonce plus \u00e9clectique que jamais ! De son lancement le samedi 20 septembre 2025 \u00e0 sa cl\u00f4ture le vendredi 29 mai 2026, des spectacles vari\u00e9s sauront attirer tous les publics au complexe Marcel Pagnol.<\/p><p><strong>M\u00e1s informaci\u00f3n sobre el<\/strong>\u00a0<a href=\"https:\/\/www.neuillysurmarne.fr\/es\/saison-culturelle-2025-2026\/\"><strong>saison culturelle 2025-2026 ici<\/strong>.<\/a><\/p>\t\t\t\t\t\t\t\t<\/div>\n\t\t\t\t<\/div>\n\t\t\t\t<div class=\"elementor-element elementor-element-ec76201 elementor-widget elementor-widget-video\" data-id=\"ec76201\" data-element_type=\"widget\" data-e-type=\"widget\" data-settings=\"{&quot;youtube_url&quot;:&quot;https:\\\/\\\/youtu.be\\\/5lTDWz-UX0M?si=i7w_q5mGXb5fSY2m&quot;,&quot;autoplay&quot;:&quot;yes&quot;,&quot;video_type&quot;:&quot;youtube&quot;,&quot;controls&quot;:&quot;yes&quot;}\" data-widget_type=\"video.default\">\n\t\t\t\t<div class=\"elementor-widget-container\">\n\t\t\t\t\t\t\t<div class=\"elementor-wrapper elementor-open-inline\">\n\t\t\t<div class=\"elementor-video\"><\/div>\t\t<\/div>\n\t\t\t\t\t\t<\/div>\n\t\t\t\t<\/div>\n\t\t\t\t\t<\/div>\n\t\t\t\t<\/div>\n\t\t\t\t\t<\/div>\n\t\t\t\t<\/div>\n\t\t\t\t<div class=\"elementor-element elementor-element-d6f42b2 elementor-widget elementor-widget-n-accordion\" data-id=\"d6f42b2\" data-element_type=\"widget\" data-e-type=\"widget\" data-settings=\"{&quot;default_state&quot;:&quot;all_collapsed&quot;,&quot;max_items_expended&quot;:&quot;one&quot;,&quot;n_accordion_animation_duration&quot;:{&quot;unit&quot;:&quot;ms&quot;,&quot;size&quot;:400,&quot;sizes&quot;:[]}}\" data-widget_type=\"nested-accordion.default\">\n\t\t\t\t<div class=\"elementor-widget-container\">\n\t\t\t\t\t\t\t<div class=\"e-n-accordion\" aria-label=\"Acorde\u00f3n. Abra los enlaces con Intro o Espacio, ci\u00e9rrelos con Escape y navegue con las teclas de flecha.\">\n\t\t\t\t\t\t<details id=\"e-n-accordion-item-2250\" class=\"e-n-accordion-item\" >\n\t\t\t\t<summary class=\"e-n-accordion-item-title\" data-accordion-index=\"1\" tabindex=\"0\" aria-expanded=\"false\" aria-controls=\"e-n-accordion-item-2250\" >\n\t\t\t\t\t<span class='e-n-accordion-item-title-header'><div class=\"e-n-accordion-item-title-text\"> Entradas <\/div><\/span>\n\t\t\t\t\t\t\t<span class='e-n-accordion-item-title-icon'>\n\t\t\t<span class='e-opened' ><svg aria-hidden=\"true\" class=\"e-font-icon-svg e-fas-minus\" viewbox=\"0 0 448 512\" xmlns=\"http:\/\/www.w3.org\/2000\/svg\"><path d=\"M416 208H32c-17.67 0-32 14.33-32 32v32c0 17.67 14.33 32 32 32h384c17.67 0 32-14.33 32-32v-32c0-17.67-14.33-32-32-32z\"><\/path><\/svg><\/span>\n\t\t\t<span class='e-closed'><svg aria-hidden=\"true\" class=\"e-font-icon-svg e-fas-plus\" viewbox=\"0 0 448 512\" xmlns=\"http:\/\/www.w3.org\/2000\/svg\"><path d=\"M416 208H272V64c0-17.67-14.33-32-32-32h-32c-17.67 0-32 14.33-32 32v144H32c-17.67 0-32 14.33-32 32v32c0 17.67 14.33 32 32 32h144v144c0 17.67 14.33 32 32 32h32c17.67 0 32-14.33 32-32V304h144c17.67 0 32-14.33 32-32v-32c0-17.67-14.33-32-32-32z\"><\/path><\/svg><\/span>\n\t\t<\/span>\n\n\t\t\t\t\t\t<\/summary>\n\t\t\t\t<div role=\"region\" aria-labelledby=\"e-n-accordion-item-2250\" class=\"elementor-element elementor-element-b81fda4 e-con-full e-flex e-con e-child\" data-id=\"b81fda4\" data-element_type=\"container\" data-e-type=\"container\">\n\t\t<div role=\"region\" aria-labelledby=\"e-n-accordion-item-2250\" class=\"elementor-element elementor-element-52d28f1 e-grid e-con-boxed e-con e-child\" data-id=\"52d28f1\" data-element_type=\"container\" data-e-type=\"container\">\n\t\t\t\t\t<div class=\"e-con-inner\">\n\t\t\t\t<div class=\"elementor-element elementor-element-420f667 elementor-widget elementor-widget-text-editor\" data-id=\"420f667\" data-element_type=\"widget\" data-e-type=\"widget\" data-widget_type=\"text-editor.default\">\n\t\t\t\t<div class=\"elementor-widget-container\">\n\t\t\t\t\t\t\t\t\t<div class=\"streetAddress\">La r\u00e9servation des places de spectacle peut se faire en ligne, mais \u00e9galement par courriel, par t\u00e9l\u00e9phone ou directement \u00e0 l&rsquo;accueil Billetterie ouverte le mardi et le jeudi de 9h \u00e0 12h et de 14h \u00e0 16h.<\/div><div>\u00a0<\/div><div class=\"streetAddress\">\ud83d\udccd 20 rue Paul et Camille Thomoux<br \/>93330 Neuilly-sur-Marne<\/div><div>\u00a0<\/div><div class=\"streetAddress\"><span class=\"telephone\">\ud83d\udcde 01 41 54 80 48<br \/><\/span><\/div><div>\u00a0<\/div><div class=\"streetAddress\"><a class=\"email\" title=\"ce.0931512n@ac-creteil.fr\" href=\"mailto:billetterie.spectacle@neuillysurmarne.fr\">\ud83d\udce7<strong> billetterie.spectacle@neuillysurmarne.fr<\/strong><\/a><\/div><div>\u00a0<\/div><div>\ud83c\udf10 <strong><a href=\"https:\/\/neuillysurmarne.notre-billetterie.fr\/formulaire?dial=sommaireNeuillysurmarne2526\">www.neuillysurmarne.notre-billetterie.fr<\/a><\/strong><\/div>\t\t\t\t\t\t\t\t<\/div>\n\t\t\t\t<\/div>\n\t\t\t\t<div class=\"elementor-element elementor-element-e04abf4 elementor-widget elementor-widget-google_maps\" data-id=\"e04abf4\" data-element_type=\"widget\" data-e-type=\"widget\" data-widget_type=\"google_maps.default\">\n\t\t\t\t<div class=\"elementor-widget-container\">\n\t\t\t\t\t\t\t<div class=\"elementor-custom-embed\">\n\t\t\t<iframe loading=\"lazy\"\n\t\t\t\t\tsrc=\"https:\/\/maps.google.com\/maps?q=20%20rue%20Paul%20et%20Camille%20Thomoux%2C%2093330&#038;t=m&#038;z=17&#038;output=embed&#038;iwloc=near\"\n\t\t\t\t\ttitle=\"20 rue Paul et Camille Thomoux, 93330 Francia\"\n\t\t\t\t\taria-label=\"20 rue Paul et Camille Thomoux, 93330 Francia\"\n\t\t\t><\/iframe>\n\t\t<\/div>\n\t\t\t\t\t\t<\/div>\n\t\t\t\t<\/div>\n\t\t\t\t\t<\/div>\n\t\t\t\t<\/div>\n\t\t\t\t<\/div>\n\t\t\t\t\t<\/details>\n\t\t\t\t\t\t<details id=\"e-n-accordion-item-2251\" class=\"e-n-accordion-item\" >\n\t\t\t\t<summary class=\"e-n-accordion-item-title\" data-accordion-index=\"2\" tabindex=\"-1\" aria-expanded=\"false\" aria-controls=\"e-n-accordion-item-2251\" >\n\t\t\t\t\t<span class='e-n-accordion-item-title-header'><div class=\"e-n-accordion-item-title-text\"> Tarifas <\/div><\/span>\n\t\t\t\t\t\t\t<span class='e-n-accordion-item-title-icon'>\n\t\t\t<span class='e-opened' ><svg aria-hidden=\"true\" class=\"e-font-icon-svg e-fas-minus\" viewbox=\"0 0 448 512\" xmlns=\"http:\/\/www.w3.org\/2000\/svg\"><path d=\"M416 208H32c-17.67 0-32 14.33-32 32v32c0 17.67 14.33 32 32 32h384c17.67 0 32-14.33 32-32v-32c0-17.67-14.33-32-32-32z\"><\/path><\/svg><\/span>\n\t\t\t<span class='e-closed'><svg aria-hidden=\"true\" class=\"e-font-icon-svg e-fas-plus\" viewbox=\"0 0 448 512\" xmlns=\"http:\/\/www.w3.org\/2000\/svg\"><path d=\"M416 208H272V64c0-17.67-14.33-32-32-32h-32c-17.67 0-32 14.33-32 32v144H32c-17.67 0-32 14.33-32 32v32c0 17.67 14.33 32 32 32h144v144c0 17.67 14.33 32 32 32h32c17.67 0 32-14.33 32-32V304h144c17.67 0 32-14.33 32-32v-32c0-17.67-14.33-32-32-32z\"><\/path><\/svg><\/span>\n\t\t<\/span>\n\n\t\t\t\t\t\t<\/summary>\n\t\t\t\t<div role=\"region\" aria-labelledby=\"e-n-accordion-item-2251\" class=\"elementor-element elementor-element-519e2fd e-con-full e-flex e-con e-child\" data-id=\"519e2fd\" data-element_type=\"container\" data-e-type=\"container\">\n\t\t\t\t<div class=\"elementor-element elementor-element-cbbbd45 elementor-widget elementor-widget-text-editor\" data-id=\"cbbbd45\" data-element_type=\"widget\" data-e-type=\"widget\" data-widget_type=\"text-editor.default\">\n\t\t\t\t<div class=\"elementor-widget-container\">\n\t\t\t\t\t\t\t\t\t<p><strong><a class=\"fancybox image\" href=\"https:\/\/www.neuillysurmarne.fr\/wp-content\/uploads\/2024\/06\/Tarifs-culture-2024-2025.jpg\" rel=\"gallery\">Consulte a continuaci\u00f3n los precios<\/a><\/strong> con o sin abono, para residentes o no residentes en Noc\u00e9.<\/p><p><em>Tarifa reducida (previa presentaci\u00f3n del justificante de derecho): menores, demandantes de empleo, mayores de 62 a\u00f1os, familias numerosas, miembros de la asociaci\u00f3n municipal de personal, miembros del conservatorio o centro cultural, personas discapacitadas y sus cuidadores.<\/em><\/p>\t\t\t\t\t\t\t\t<\/div>\n\t\t\t\t<\/div>\n\t\t\t\t<div class=\"elementor-element elementor-element-a69364a elementor-widget elementor-widget-image\" data-id=\"a69364a\" data-element_type=\"widget\" data-e-type=\"widget\" data-widget_type=\"image.default\">\n\t\t\t\t<div class=\"elementor-widget-container\">\n\t\t\t\t\t\t\t\t\t\t\t\t\t\t\t\t<a href=\"https:\/\/www.neuillysurmarne.fr\/wp-content\/uploads\/2024\/06\/Tarifs-culture-2024-2025.jpg\" data-elementor-open-lightbox=\"yes\" data-elementor-lightbox-title=\"Tarifs culture 2024-2025\" data-e-action-hash=\"#elementor-action%3Aaction%3Dlightbox%26settings%3DeyJpZCI6MTA0NDIsInVybCI6Imh0dHBzOlwvXC93d3cubmV1aWxseXN1cm1hcm5lLmZyXC93cC1jb250ZW50XC91cGxvYWRzXC8yMDI0XC8wNlwvVGFyaWZzLWN1bHR1cmUtMjAyNC0yMDI1LmpwZyJ9\">\n\t\t\t\t\t\t\t<img fetchpriority=\"high\" decoding=\"async\" width=\"300\" height=\"273\" src=\"https:\/\/www.neuillysurmarne.fr\/wp-content\/uploads\/2024\/06\/Tarifs-culture-2024-2025-300x273.jpg\" class=\"attachment-medium size-medium wp-image-10442\" alt=\"\" srcset=\"https:\/\/www.neuillysurmarne.fr\/wp-content\/uploads\/2024\/06\/Tarifs-culture-2024-2025-300x273.jpg 300w, https:\/\/www.neuillysurmarne.fr\/wp-content\/uploads\/2024\/06\/Tarifs-culture-2024-2025-768x698.jpg 768w, https:\/\/www.neuillysurmarne.fr\/wp-content\/uploads\/2024\/06\/Tarifs-culture-2024-2025.jpg 899w\" sizes=\"(max-width: 300px) 100vw, 300px\" \/>\t\t\t\t\t\t\t\t<\/a>\n\t\t\t\t\t\t\t\t\t\t\t\t\t\t\t<\/div>\n\t\t\t\t<\/div>\n\t\t\t\t<\/div>\n\t\t\t\t\t<\/details>\n\t\t\t\t\t\t<details id=\"e-n-accordion-item-2252\" class=\"e-n-accordion-item\" >\n\t\t\t\t<summary class=\"e-n-accordion-item-title\" data-accordion-index=\"3\" tabindex=\"-1\" aria-expanded=\"false\" aria-controls=\"e-n-accordion-item-2252\" >\n\t\t\t\t\t<span class='e-n-accordion-item-title-header'><div class=\"e-n-accordion-item-title-text\"> Suscripci\u00f3n <\/div><\/span>\n\t\t\t\t\t\t\t<span class='e-n-accordion-item-title-icon'>\n\t\t\t<span class='e-opened' ><svg aria-hidden=\"true\" class=\"e-font-icon-svg e-fas-minus\" viewbox=\"0 0 448 512\" xmlns=\"http:\/\/www.w3.org\/2000\/svg\"><path d=\"M416 208H32c-17.67 0-32 14.33-32 32v32c0 17.67 14.33 32 32 32h384c17.67 0 32-14.33 32-32v-32c0-17.67-14.33-32-32-32z\"><\/path><\/svg><\/span>\n\t\t\t<span class='e-closed'><svg aria-hidden=\"true\" class=\"e-font-icon-svg e-fas-plus\" viewbox=\"0 0 448 512\" xmlns=\"http:\/\/www.w3.org\/2000\/svg\"><path d=\"M416 208H272V64c0-17.67-14.33-32-32-32h-32c-17.67 0-32 14.33-32 32v144H32c-17.67 0-32 14.33-32 32v32c0 17.67 14.33 32 32 32h144v144c0 17.67 14.33 32 32 32h32c17.67 0 32-14.33 32-32V304h144c17.67 0 32-14.33 32-32v-32c0-17.67-14.33-32-32-32z\"><\/path><\/svg><\/span>\n\t\t<\/span>\n\n\t\t\t\t\t\t<\/summary>\n\t\t\t\t<div role=\"region\" aria-labelledby=\"e-n-accordion-item-2252\" class=\"elementor-element elementor-element-b97d98d e-con-full e-flex e-con e-child\" data-id=\"b97d98d\" data-element_type=\"container\" data-e-type=\"container\">\n\t\t\t\t<div class=\"elementor-element elementor-element-52ee55f elementor-widget elementor-widget-text-editor\" data-id=\"52ee55f\" data-element_type=\"widget\" data-e-type=\"widget\" data-widget_type=\"text-editor.default\">\n\t\t\t\t<div class=\"elementor-widget-container\">\n\t\t\t\t\t\t\t\t\t<p>Rellene y entregue su formulario de abono en la taquilla (20 rue Paul et Camille Thomoux) los martes y viernes de 9.00 a 12.00 y de 14.00 a 16.00 horas.<\/p><p>As\u00ed podr\u00e1 aprovechar al m\u00e1ximo la docena de espect\u00e1culos que se programan este a\u00f1o, <strong>se ha introducido un sistema de suscripci\u00f3n de bajo coste<\/strong>. Cada espect\u00e1culo est\u00e1 afiliado a una categor\u00eda A, B o C. Solo tienes que elegir al menos 3 y rellenar el formulario. <strong><a class=\"fancybox image\" href=\"https:\/\/www.neuillysurmarne.fr\/wp-content\/uploads\/2025\/08\/Abonnement-saison-culturelle-25-26.jpg\" rel=\"gallery\">el formulario de suscripci\u00f3n haciendo clic aqu\u00ed<\/a>.<\/strong><\/p><p>Los residentes en Noc\u00e9 se benefician de una tarifa especial.<\/p>\t\t\t\t\t\t\t\t<\/div>\n\t\t\t\t<\/div>\n\t\t\t\t<div class=\"elementor-element elementor-element-abd034f elementor-widget elementor-widget-image\" data-id=\"abd034f\" data-element_type=\"widget\" data-e-type=\"widget\" data-widget_type=\"image.default\">\n\t\t\t\t<div class=\"elementor-widget-container\">\n\t\t\t\t\t\t\t\t\t\t\t\t\t\t\t\t<a href=\"https:\/\/www.neuillysurmarne.fr\/wp-content\/uploads\/2025\/08\/Abonnement-saison-culturelle-25-26.jpg\" data-elementor-open-lightbox=\"yes\" data-elementor-lightbox-title=\"Abonnement saison culturelle 25-26\" data-e-action-hash=\"#elementor-action%3Aaction%3Dlightbox%26settings%3DeyJpZCI6MTYwNTAsInVybCI6Imh0dHBzOlwvXC93d3cubmV1aWxseXN1cm1hcm5lLmZyXC93cC1jb250ZW50XC91cGxvYWRzXC8yMDI1XC8wOFwvQWJvbm5lbWVudC1zYWlzb24tY3VsdHVyZWxsZS0yNS0yNi5qcGcifQ%3D%3D\">\n\t\t\t\t\t\t\t<img decoding=\"async\" width=\"300\" height=\"285\" src=\"https:\/\/www.neuillysurmarne.fr\/wp-content\/uploads\/2025\/08\/Abonnement-saison-culturelle-25-26-300x285.jpg\" class=\"attachment-medium size-medium wp-image-16050\" alt=\"\" srcset=\"https:\/\/www.neuillysurmarne.fr\/wp-content\/uploads\/2025\/08\/Abonnement-saison-culturelle-25-26-300x285.jpg 300w, https:\/\/www.neuillysurmarne.fr\/wp-content\/uploads\/2025\/08\/Abonnement-saison-culturelle-25-26-768x730.jpg 768w, https:\/\/www.neuillysurmarne.fr\/wp-content\/uploads\/2025\/08\/Abonnement-saison-culturelle-25-26-13x12.jpg 13w, https:\/\/www.neuillysurmarne.fr\/wp-content\/uploads\/2025\/08\/Abonnement-saison-culturelle-25-26.jpg 899w\" sizes=\"(max-width: 300px) 100vw, 300px\" \/>\t\t\t\t\t\t\t\t<\/a>\n\t\t\t\t\t\t\t\t\t\t\t\t\t\t\t<\/div>\n\t\t\t\t<\/div>\n\t\t\t\t<\/div>\n\t\t\t\t\t<\/details>\n\t\t\t\t\t\t<details id=\"e-n-accordion-item-2253\" class=\"e-n-accordion-item\" >\n\t\t\t\t<summary class=\"e-n-accordion-item-title\" data-accordion-index=\"4\" tabindex=\"-1\" aria-expanded=\"false\" aria-controls=\"e-n-accordion-item-2253\" >\n\t\t\t\t\t<span class='e-n-accordion-item-title-header'><div class=\"e-n-accordion-item-title-text\"> Acceda a <\/div><\/span>\n\t\t\t\t\t\t\t<span class='e-n-accordion-item-title-icon'>\n\t\t\t<span class='e-opened' ><svg aria-hidden=\"true\" class=\"e-font-icon-svg e-fas-minus\" viewbox=\"0 0 448 512\" xmlns=\"http:\/\/www.w3.org\/2000\/svg\"><path d=\"M416 208H32c-17.67 0-32 14.33-32 32v32c0 17.67 14.33 32 32 32h384c17.67 0 32-14.33 32-32v-32c0-17.67-14.33-32-32-32z\"><\/path><\/svg><\/span>\n\t\t\t<span class='e-closed'><svg aria-hidden=\"true\" class=\"e-font-icon-svg e-fas-plus\" viewbox=\"0 0 448 512\" xmlns=\"http:\/\/www.w3.org\/2000\/svg\"><path d=\"M416 208H272V64c0-17.67-14.33-32-32-32h-32c-17.67 0-32 14.33-32 32v144H32c-17.67 0-32 14.33-32 32v32c0 17.67 14.33 32 32 32h144v144c0 17.67 14.33 32 32 32h32c17.67 0 32-14.33 32-32V304h144c17.67 0 32-14.33 32-32v-32c0-17.67-14.33-32-32-32z\"><\/path><\/svg><\/span>\n\t\t<\/span>\n\n\t\t\t\t\t\t<\/summary>\n\t\t\t\t<div role=\"region\" aria-labelledby=\"e-n-accordion-item-2253\" class=\"elementor-element elementor-element-3d87569 e-flex e-con-boxed e-con e-child\" data-id=\"3d87569\" data-element_type=\"container\" data-e-type=\"container\">\n\t\t\t\t\t<div class=\"e-con-inner\">\n\t\t\t\t<div class=\"elementor-element elementor-element-1f5a192 elementor-widget elementor-widget-text-editor\" data-id=\"1f5a192\" data-element_type=\"widget\" data-e-type=\"widget\" data-widget_type=\"text-editor.default\">\n\t\t\t\t<div class=\"elementor-widget-container\">\n\t\t\t\t\t\t\t\t\t<h3 id=\"parking\"><strong>Aparcamiento<\/strong><\/h3><p>Los d\u00edas de espect\u00e1culo, habr\u00e1 un aparcamiento gratuito para los espectadores, accesible 1 hora antes del comienzo del espect\u00e1culo. <\/p><h3 id=\"seniors\"><strong>M\u00f3vil para mayores de Neuilly<\/strong><\/h3><p>Los d\u00edas de espect\u00e1culo, el servicio de lanzadera Neuilly Seniors Mobile estar\u00e1 a disposici\u00f3n de los espectadores de edad avanzada o embarazadas que lo soliciten y hayan reservado sus localidades con antelaci\u00f3n. Los espectadores que deseen beneficiarse de este servicio deber\u00e1n ponerse en contacto con el Centre Technique Environnement. <strong>01 43 08 98 00 a m\u00e1s tardar el lunes anterior al espect\u00e1culo<\/strong>.<\/p>\t\t\t\t\t\t\t\t<\/div>\n\t\t\t\t<\/div>\n\t\t\t\t\t<\/div>\n\t\t\t\t<\/div>\n\t\t\t\t\t<\/details>\n\t\t\t\t\t<\/div>\n\t\t\t\t\t\t<\/div>\n\t\t\t\t<\/div>\n\t\t\t\t\t<\/div>\n\t\t\t\t<\/div>\n\t\t\t\t<\/div>","protected":false},"excerpt":{"rendered":"<p>Saison 2025-2026 La nouvelle saison culturelle s\u2019annonce plus \u00e9clectique que jamais ! De son lancement le samedi 20 septembre 2025 \u00e0 sa cl\u00f4ture le vendredi 29 mai 2026, des spectacles vari\u00e9s sauront attirer tous les publics au complexe Marcel Pagnol. Retrouvez le programme de la\u00a0saison culturelle 2025-2026 ici. https:\/\/youtu.be\/5lTDWz-UX0M?si=i7w_q5mGXb5fSY2m Billetterie La r\u00e9servation des places de [&hellip;]<\/p>\n","protected":false},"author":1,"featured_media":1170,"parent":0,"menu_order":0,"comment_status":"closed","ping_status":"closed","template":"","meta":{"_acf_changed":false,"footnotes":""},"class_list":["post-643","page","type-page","status-publish","has-post-thumbnail","hentry"],"acf":[],"yoast_head":"<!-- This site is optimized with the Yoast SEO plugin v27.4 - https:\/\/yoast.com\/product\/yoast-seo-wordpress\/ -->\n<title>Programme de la saison culturelle - Mairie de Neuilly-sur-Marne<\/title>\n<meta name=\"robots\" content=\"index, follow, max-snippet:-1, max-image-preview:large, max-video-preview:-1\" \/>\n<link rel=\"canonical\" href=\"https:\/\/www.neuillysurmarne.fr\/es\/programme-de-la-saison-culturelle\/\" \/>\n<meta property=\"og:locale\" content=\"es_ES\" \/>\n<meta property=\"og:type\" content=\"article\" \/>\n<meta property=\"og:title\" content=\"Programme de la saison culturelle - Mairie de Neuilly-sur-Marne\" \/>\n<meta property=\"og:description\" content=\"Saison 2025-2026 La nouvelle saison culturelle s\u2019annonce plus \u00e9clectique que jamais ! De son lancement le samedi 20 septembre 2025 \u00e0 sa cl\u00f4ture le vendredi 29 mai 2026, des spectacles vari\u00e9s sauront attirer tous les publics au complexe Marcel Pagnol. Retrouvez le programme de la\u00a0saison culturelle 2025-2026 ici. https:\/\/youtu.be\/5lTDWz-UX0M?si=i7w_q5mGXb5fSY2m Billetterie La r\u00e9servation des places de [&hellip;]\" \/>\n<meta property=\"og:url\" content=\"https:\/\/www.neuillysurmarne.fr\/es\/programme-de-la-saison-culturelle\/\" \/>\n<meta property=\"og:site_name\" content=\"Mairie de Neuilly-sur-Marne\" \/>\n<meta property=\"article:publisher\" content=\"https:\/\/www.facebook.com\/ville.neuilly\" \/>\n<meta property=\"article:modified_time\" content=\"2025-09-16T16:39:17+00:00\" \/>\n<meta property=\"og:image\" content=\"https:\/\/www.neuillysurmarne.fr\/wp-content\/uploads\/2023\/11\/Bandeaux-site-Neuilly-sur-Marne-3-1.jpg\" \/>\n\t<meta property=\"og:image:width\" content=\"1400\" \/>\n\t<meta property=\"og:image:height\" content=\"700\" \/>\n\t<meta property=\"og:image:type\" content=\"image\/jpeg\" \/>\n<meta name=\"twitter:card\" content=\"summary_large_image\" \/>\n<meta name=\"twitter:label1\" content=\"Tiempo de lectura\" \/>\n\t<meta name=\"twitter:data1\" content=\"6 minutos\" \/>\n<script type=\"application\/ld+json\" class=\"yoast-schema-graph\">{\"@context\":\"https:\\\/\\\/schema.org\",\"@graph\":[{\"@type\":\"WebPage\",\"@id\":\"https:\\\/\\\/www.neuillysurmarne.fr\\\/programme-de-la-saison-culturelle\\\/\",\"url\":\"https:\\\/\\\/www.neuillysurmarne.fr\\\/programme-de-la-saison-culturelle\\\/\",\"name\":\"Programme de la saison culturelle - Mairie de Neuilly-sur-Marne\",\"isPartOf\":{\"@id\":\"https:\\\/\\\/www.neuillysurmarne.fr\\\/es\\\/#website\"},\"primaryImageOfPage\":{\"@id\":\"https:\\\/\\\/www.neuillysurmarne.fr\\\/programme-de-la-saison-culturelle\\\/#primaryimage\"},\"image\":{\"@id\":\"https:\\\/\\\/www.neuillysurmarne.fr\\\/programme-de-la-saison-culturelle\\\/#primaryimage\"},\"thumbnailUrl\":\"https:\\\/\\\/www.neuillysurmarne.fr\\\/wp-content\\\/uploads\\\/2023\\\/11\\\/Bandeaux-site-Neuilly-sur-Marne-3-1.jpg\",\"datePublished\":\"2023-11-13T11:55:41+00:00\",\"dateModified\":\"2025-09-16T16:39:17+00:00\",\"breadcrumb\":{\"@id\":\"https:\\\/\\\/www.neuillysurmarne.fr\\\/programme-de-la-saison-culturelle\\\/#breadcrumb\"},\"inLanguage\":\"es\",\"potentialAction\":[{\"@type\":\"ReadAction\",\"target\":[\"https:\\\/\\\/www.neuillysurmarne.fr\\\/programme-de-la-saison-culturelle\\\/\"]}]},{\"@type\":\"ImageObject\",\"inLanguage\":\"es\",\"@id\":\"https:\\\/\\\/www.neuillysurmarne.fr\\\/programme-de-la-saison-culturelle\\\/#primaryimage\",\"url\":\"https:\\\/\\\/www.neuillysurmarne.fr\\\/wp-content\\\/uploads\\\/2023\\\/11\\\/Bandeaux-site-Neuilly-sur-Marne-3-1.jpg\",\"contentUrl\":\"https:\\\/\\\/www.neuillysurmarne.fr\\\/wp-content\\\/uploads\\\/2023\\\/11\\\/Bandeaux-site-Neuilly-sur-Marne-3-1.jpg\",\"width\":1400,\"height\":700},{\"@type\":\"BreadcrumbList\",\"@id\":\"https:\\\/\\\/www.neuillysurmarne.fr\\\/programme-de-la-saison-culturelle\\\/#breadcrumb\",\"itemListElement\":[{\"@type\":\"ListItem\",\"position\":1,\"name\":\"Accueil\",\"item\":\"https:\\\/\\\/www.neuillysurmarne.fr\\\/\"},{\"@type\":\"ListItem\",\"position\":2,\"name\":\"Programme de la saison culturelle\"}]},{\"@type\":\"WebSite\",\"@id\":\"https:\\\/\\\/www.neuillysurmarne.fr\\\/es\\\/#website\",\"url\":\"https:\\\/\\\/www.neuillysurmarne.fr\\\/es\\\/\",\"name\":\"Mairie de Neuilly-sur-Marne\",\"description\":\"BETA\",\"publisher\":{\"@id\":\"https:\\\/\\\/www.neuillysurmarne.fr\\\/es\\\/#organization\"},\"potentialAction\":[{\"@type\":\"SearchAction\",\"target\":{\"@type\":\"EntryPoint\",\"urlTemplate\":\"https:\\\/\\\/www.neuillysurmarne.fr\\\/es\\\/?s={search_term_string}\"},\"query-input\":{\"@type\":\"PropertyValueSpecification\",\"valueRequired\":true,\"valueName\":\"search_term_string\"}}],\"inLanguage\":\"es\"},{\"@type\":\"Organization\",\"@id\":\"https:\\\/\\\/www.neuillysurmarne.fr\\\/es\\\/#organization\",\"name\":\"Mairie de Neuilly-sur-Marne\",\"url\":\"https:\\\/\\\/www.neuillysurmarne.fr\\\/es\\\/\",\"logo\":{\"@type\":\"ImageObject\",\"inLanguage\":\"es\",\"@id\":\"https:\\\/\\\/www.neuillysurmarne.fr\\\/es\\\/#\\\/schema\\\/logo\\\/image\\\/\",\"url\":\"https:\\\/\\\/www.neuillysurmarne.fr\\\/wp-content\\\/uploads\\\/2023\\\/10\\\/LOGO-NeuillysurMarne-blanc.png\",\"contentUrl\":\"https:\\\/\\\/www.neuillysurmarne.fr\\\/wp-content\\\/uploads\\\/2023\\\/10\\\/LOGO-NeuillysurMarne-blanc.png\",\"width\":3308,\"height\":2586,\"caption\":\"Mairie de Neuilly-sur-Marne\"},\"image\":{\"@id\":\"https:\\\/\\\/www.neuillysurmarne.fr\\\/es\\\/#\\\/schema\\\/logo\\\/image\\\/\"},\"sameAs\":[\"https:\\\/\\\/www.facebook.com\\\/ville.neuilly\",\"https:\\\/\\\/www.instagram.com\\\/neuilly_marne\\\/\",\"https:\\\/\\\/www.linkedin.com\\\/company\\\/ville-de-neuilly-sur-marne\\\/\",\"https:\\\/\\\/www.youtube.com\\\/channel\\\/UCDdZ0TLrV8rfIqjBGvoeB5A\",\"https:\\\/\\\/www.tiktok.com\\\/@villedeneuillysurmarne\"]}]}<\/script>\n<!-- \/ Yoast SEO plugin. -->","yoast_head_json":{"title":"Programme de la saison culturelle - Mairie de Neuilly-sur-Marne","robots":{"index":"index","follow":"follow","max-snippet":"max-snippet:-1","max-image-preview":"max-image-preview:large","max-video-preview":"max-video-preview:-1"},"canonical":"https:\/\/www.neuillysurmarne.fr\/es\/programme-de-la-saison-culturelle\/","og_locale":"es_ES","og_type":"article","og_title":"Programme de la saison culturelle - Mairie de Neuilly-sur-Marne","og_description":"Saison 2025-2026 La nouvelle saison culturelle s\u2019annonce plus \u00e9clectique que jamais ! De son lancement le samedi 20 septembre 2025 \u00e0 sa cl\u00f4ture le vendredi 29 mai 2026, des spectacles vari\u00e9s sauront attirer tous les publics au complexe Marcel Pagnol. Retrouvez le programme de la\u00a0saison culturelle 2025-2026 ici. https:\/\/youtu.be\/5lTDWz-UX0M?si=i7w_q5mGXb5fSY2m Billetterie La r\u00e9servation des places de [&hellip;]","og_url":"https:\/\/www.neuillysurmarne.fr\/es\/programme-de-la-saison-culturelle\/","og_site_name":"Mairie de Neuilly-sur-Marne","article_publisher":"https:\/\/www.facebook.com\/ville.neuilly","article_modified_time":"2025-09-16T16:39:17+00:00","og_image":[{"width":1400,"height":700,"url":"https:\/\/www.neuillysurmarne.fr\/wp-content\/uploads\/2023\/11\/Bandeaux-site-Neuilly-sur-Marne-3-1.jpg","type":"image\/jpeg"}],"twitter_card":"summary_large_image","twitter_misc":{"Tiempo de lectura":"6 minutos"},"schema":{"@context":"https:\/\/schema.org","@graph":[{"@type":"WebPage","@id":"https:\/\/www.neuillysurmarne.fr\/programme-de-la-saison-culturelle\/","url":"https:\/\/www.neuillysurmarne.fr\/programme-de-la-saison-culturelle\/","name":"Programme de la saison culturelle - Mairie de Neuilly-sur-Marne","isPartOf":{"@id":"https:\/\/www.neuillysurmarne.fr\/es\/#website"},"primaryImageOfPage":{"@id":"https:\/\/www.neuillysurmarne.fr\/programme-de-la-saison-culturelle\/#primaryimage"},"image":{"@id":"https:\/\/www.neuillysurmarne.fr\/programme-de-la-saison-culturelle\/#primaryimage"},"thumbnailUrl":"https:\/\/www.neuillysurmarne.fr\/wp-content\/uploads\/2023\/11\/Bandeaux-site-Neuilly-sur-Marne-3-1.jpg","datePublished":"2023-11-13T11:55:41+00:00","dateModified":"2025-09-16T16:39:17+00:00","breadcrumb":{"@id":"https:\/\/www.neuillysurmarne.fr\/programme-de-la-saison-culturelle\/#breadcrumb"},"inLanguage":"es","potentialAction":[{"@type":"ReadAction","target":["https:\/\/www.neuillysurmarne.fr\/programme-de-la-saison-culturelle\/"]}]},{"@type":"ImageObject","inLanguage":"es","@id":"https:\/\/www.neuillysurmarne.fr\/programme-de-la-saison-culturelle\/#primaryimage","url":"https:\/\/www.neuillysurmarne.fr\/wp-content\/uploads\/2023\/11\/Bandeaux-site-Neuilly-sur-Marne-3-1.jpg","contentUrl":"https:\/\/www.neuillysurmarne.fr\/wp-content\/uploads\/2023\/11\/Bandeaux-site-Neuilly-sur-Marne-3-1.jpg","width":1400,"height":700},{"@type":"BreadcrumbList","@id":"https:\/\/www.neuillysurmarne.fr\/programme-de-la-saison-culturelle\/#breadcrumb","itemListElement":[{"@type":"ListItem","position":1,"name":"Accueil","item":"https:\/\/www.neuillysurmarne.fr\/"},{"@type":"ListItem","position":2,"name":"Programme de la saison culturelle"}]},{"@type":"WebSite","@id":"https:\/\/www.neuillysurmarne.fr\/es\/#website","url":"https:\/\/www.neuillysurmarne.fr\/es\/","name":"Ayuntamiento de Neuilly-sur-Marne","description":"BETA","publisher":{"@id":"https:\/\/www.neuillysurmarne.fr\/es\/#organization"},"potentialAction":[{"@type":"SearchAction","target":{"@type":"EntryPoint","urlTemplate":"https:\/\/www.neuillysurmarne.fr\/es\/?s={search_term_string}"},"query-input":{"@type":"PropertyValueSpecification","valueRequired":true,"valueName":"search_term_string"}}],"inLanguage":"es"},{"@type":"Organization","@id":"https:\/\/www.neuillysurmarne.fr\/es\/#organization","name":"Ayuntamiento de Neuilly-sur-Marne","url":"https:\/\/www.neuillysurmarne.fr\/es\/","logo":{"@type":"ImageObject","inLanguage":"es","@id":"https:\/\/www.neuillysurmarne.fr\/es\/#\/schema\/logo\/image\/","url":"https:\/\/www.neuillysurmarne.fr\/wp-content\/uploads\/2023\/10\/LOGO-NeuillysurMarne-blanc.png","contentUrl":"https:\/\/www.neuillysurmarne.fr\/wp-content\/uploads\/2023\/10\/LOGO-NeuillysurMarne-blanc.png","width":3308,"height":2586,"caption":"Mairie de Neuilly-sur-Marne"},"image":{"@id":"https:\/\/www.neuillysurmarne.fr\/es\/#\/schema\/logo\/image\/"},"sameAs":["https:\/\/www.facebook.com\/ville.neuilly","https:\/\/www.instagram.com\/neuilly_marne\/","https:\/\/www.linkedin.com\/company\/ville-de-neuilly-sur-marne\/","https:\/\/www.youtube.com\/channel\/UCDdZ0TLrV8rfIqjBGvoeB5A","https:\/\/www.tiktok.com\/@villedeneuillysurmarne"]}]}},"_links":{"self":[{"href":"https:\/\/www.neuillysurmarne.fr\/es\/wp-json\/wp\/v2\/pages\/643","targetHints":{"allow":["GET"]}}],"collection":[{"href":"https:\/\/www.neuillysurmarne.fr\/es\/wp-json\/wp\/v2\/pages"}],"about":[{"href":"https:\/\/www.neuillysurmarne.fr\/es\/wp-json\/wp\/v2\/types\/page"}],"author":[{"embeddable":true,"href":"https:\/\/www.neuillysurmarne.fr\/es\/wp-json\/wp\/v2\/users\/1"}],"replies":[{"embeddable":true,"href":"https:\/\/www.neuillysurmarne.fr\/es\/wp-json\/wp\/v2\/comments?post=643"}],"version-history":[{"count":78,"href":"https:\/\/www.neuillysurmarne.fr\/es\/wp-json\/wp\/v2\/pages\/643\/revisions"}],"predecessor-version":[{"id":16343,"href":"https:\/\/www.neuillysurmarne.fr\/es\/wp-json\/wp\/v2\/pages\/643\/revisions\/16343"}],"wp:featuredmedia":[{"embeddable":true,"href":"https:\/\/www.neuillysurmarne.fr\/es\/wp-json\/wp\/v2\/media\/1170"}],"wp:attachment":[{"href":"https:\/\/www.neuillysurmarne.fr\/es\/wp-json\/wp\/v2\/media?parent=643"}],"curies":[{"name":"wp","href":"https:\/\/api.w.org\/{rel}","templated":true}]}}