{"id":6447,"date":"2024-04-23T10:04:28","date_gmt":"2024-04-23T08:04:28","guid":{"rendered":"https:\/\/www.neuillysurmarne.fr\/?page_id=6447"},"modified":"2024-06-21T15:57:05","modified_gmt":"2024-06-21T13:57:05","slug":"histoire-noceenne","status":"publish","type":"page","link":"https:\/\/www.neuillysurmarne.fr\/es\/histoire-noceenne\/","title":{"rendered":"Historia de Noc\u00e9"},"content":{"rendered":"<div data-elementor-type=\"wp-page\" data-elementor-id=\"6447\" class=\"elementor elementor-6447\" data-elementor-post-type=\"page\">\n\t\t\t\t<div class=\"elementor-element elementor-element-9fd63a4 e-flex e-con-boxed e-con e-parent\" data-id=\"9fd63a4\" data-element_type=\"container\" data-e-type=\"container\">\n\t\t\t\t\t<div class=\"e-con-inner\">\n\t\t\t\t<div class=\"elementor-element elementor-element-6e03db9 elementor-widget elementor-widget-text-editor\" data-id=\"6e03db9\" data-element_type=\"widget\" data-e-type=\"widget\" data-widget_type=\"text-editor.default\">\n\t\t\t\t<div class=\"elementor-widget-container\">\n\t\t\t\t\t\t\t\t\t<h2>Historia de la ciudad<\/h2>\t\t\t\t\t\t\t\t<\/div>\n\t\t\t\t<\/div>\n\t\t\t\t<div class=\"elementor-element elementor-element-c1e8b86 elementor-widget elementor-widget-n-accordion\" data-id=\"c1e8b86\" data-element_type=\"widget\" data-e-type=\"widget\" data-settings=\"{&quot;default_state&quot;:&quot;all_collapsed&quot;,&quot;max_items_expended&quot;:&quot;one&quot;,&quot;n_accordion_animation_duration&quot;:{&quot;unit&quot;:&quot;ms&quot;,&quot;size&quot;:400,&quot;sizes&quot;:[]}}\" data-widget_type=\"nested-accordion.default\">\n\t\t\t\t<div class=\"elementor-widget-container\">\n\t\t\t\t\t\t\t<div class=\"e-n-accordion\" aria-label=\"Acorde\u00f3n. Abra los enlaces con Intro o Espacio, ci\u00e9rrelos con Escape y navegue con las teclas de flecha.\">\n\t\t\t\t\t\t<details id=\"e-n-accordion-item-2030\" class=\"e-n-accordion-item\" >\n\t\t\t\t<summary class=\"e-n-accordion-item-title\" data-accordion-index=\"1\" tabindex=\"0\" aria-expanded=\"false\" aria-controls=\"e-n-accordion-item-2030\" >\n\t\t\t\t\t<span class='e-n-accordion-item-title-header'><div class=\"e-n-accordion-item-title-text\"> \u00bfPor d\u00f3nde empezar la historia de Neuilly-sur-Marne?  <\/div><\/span>\n\t\t\t\t\t\t\t<span class='e-n-accordion-item-title-icon'>\n\t\t\t<span class='e-opened' ><svg aria-hidden=\"true\" class=\"e-font-icon-svg e-fas-minus\" viewbox=\"0 0 448 512\" xmlns=\"http:\/\/www.w3.org\/2000\/svg\"><path d=\"M416 208H32c-17.67 0-32 14.33-32 32v32c0 17.67 14.33 32 32 32h384c17.67 0 32-14.33 32-32v-32c0-17.67-14.33-32-32-32z\"><\/path><\/svg><\/span>\n\t\t\t<span class='e-closed'><svg aria-hidden=\"true\" class=\"e-font-icon-svg e-fas-plus\" viewbox=\"0 0 448 512\" xmlns=\"http:\/\/www.w3.org\/2000\/svg\"><path d=\"M416 208H272V64c0-17.67-14.33-32-32-32h-32c-17.67 0-32 14.33-32 32v144H32c-17.67 0-32 14.33-32 32v32c0 17.67 14.33 32 32 32h144v144c0 17.67 14.33 32 32 32h32c17.67 0 32-14.33 32-32V304h144c17.67 0 32-14.33 32-32v-32c0-17.67-14.33-32-32-32z\"><\/path><\/svg><\/span>\n\t\t<\/span>\n\n\t\t\t\t\t\t<\/summary>\n\t\t\t\t<div role=\"region\" aria-labelledby=\"e-n-accordion-item-2030\" class=\"elementor-element elementor-element-fc540d6 e-flex e-con-boxed e-con e-child\" data-id=\"fc540d6\" data-element_type=\"container\" data-e-type=\"container\">\n\t\t\t\t\t<div class=\"e-con-inner\">\n\t\t\t\t<div class=\"elementor-element elementor-element-e9a2b8d elementor-widget elementor-widget-text-editor\" data-id=\"e9a2b8d\" data-element_type=\"widget\" data-e-type=\"widget\" data-widget_type=\"text-editor.default\">\n\t\t\t\t<div class=\"elementor-widget-container\">\n\t\t\t\t\t\t\t\t\t<p>Aunque es dif\u00edcil saber con exactitud cu\u00e1ndo empez\u00f3 a ser ocupada por el hombre la zona que rodea nuestro municipio, hay vestigios que permiten remontarse muy atr\u00e1s. Los bifaces del periodo achelense hallados en el yacimiento de Ville-Evrard apuntan a una posible presencia en alg\u00fan lugar de la zona. <strong>entre 700.000 y 200.000 a.C.<\/strong>Homo heidelbergensis, probable antepasado del hombre de Neandertal. Las excavaciones, sobre todo en el Parc de la Haute-\u00cele, han sacado a la luz herramientas, puntas de flecha y, sobre todo <strong>huesos humanos del Mesol\u00edtico<\/strong>fechada entre 6645 y 6450 a.C.<\/p><p>El viaje en el tiempo contin\u00faa con los restos del huerto de un <strong>Aldea galo-romana que data del 1<sup>er<\/sup> siglo<\/strong>todav\u00eda en Haute-\u00cele. A orillas del Marne, un vado atestigua el asentamiento de una poblaci\u00f3n gala. Por \u00faltimo, el descubrimiento de <strong>Sarc\u00f3fagos merovingios<\/strong> demuestra una presencia humana a las 7<sup>th<\/sup> siglo. Todas estas huellas conforman los inicios de la historia de Neuilly, cuyo punto de partida m\u00e1s com\u00fanmente aceptado es el a\u00f1o 998.<\/p>\t\t\t\t\t\t\t\t<\/div>\n\t\t\t\t<\/div>\n\t\t\t\t\t<\/div>\n\t\t\t\t<\/div>\n\t\t\t\t\t<\/details>\n\t\t\t\t\t\t<details id=\"e-n-accordion-item-2031\" class=\"e-n-accordion-item\" >\n\t\t\t\t<summary class=\"e-n-accordion-item-title\" data-accordion-index=\"2\" tabindex=\"-1\" aria-expanded=\"false\" aria-controls=\"e-n-accordion-item-2031\" >\n\t\t\t\t\t<span class='e-n-accordion-item-title-header'><div class=\"e-n-accordion-item-title-text\"> La aparici\u00f3n de Nobiliacum <\/div><\/span>\n\t\t\t\t\t\t\t<span class='e-n-accordion-item-title-icon'>\n\t\t\t<span class='e-opened' ><svg aria-hidden=\"true\" class=\"e-font-icon-svg e-fas-minus\" viewbox=\"0 0 448 512\" xmlns=\"http:\/\/www.w3.org\/2000\/svg\"><path d=\"M416 208H32c-17.67 0-32 14.33-32 32v32c0 17.67 14.33 32 32 32h384c17.67 0 32-14.33 32-32v-32c0-17.67-14.33-32-32-32z\"><\/path><\/svg><\/span>\n\t\t\t<span class='e-closed'><svg aria-hidden=\"true\" class=\"e-font-icon-svg e-fas-plus\" viewbox=\"0 0 448 512\" xmlns=\"http:\/\/www.w3.org\/2000\/svg\"><path d=\"M416 208H272V64c0-17.67-14.33-32-32-32h-32c-17.67 0-32 14.33-32 32v144H32c-17.67 0-32 14.33-32 32v32c0 17.67 14.33 32 32 32h144v144c0 17.67 14.33 32 32 32h32c17.67 0 32-14.33 32-32V304h144c17.67 0 32-14.33 32-32v-32c0-17.67-14.33-32-32-32z\"><\/path><\/svg><\/span>\n\t\t<\/span>\n\n\t\t\t\t\t\t<\/summary>\n\t\t\t\t<div role=\"region\" aria-labelledby=\"e-n-accordion-item-2031\" class=\"elementor-element elementor-element-456af5f e-con-full e-flex e-con e-child\" data-id=\"456af5f\" data-element_type=\"container\" data-e-type=\"container\">\n\t\t\t\t<div class=\"elementor-element elementor-element-159aef8 elementor-widget elementor-widget-text-editor\" data-id=\"159aef8\" data-element_type=\"widget\" data-e-type=\"widget\" data-widget_type=\"text-editor.default\">\n\t\t\t\t<div class=\"elementor-widget-container\">\n\t\t\t\t\t\t\t\t\t<p>En el libro <em>Neuilly-sur-Marne, 1000 a\u00f1os de antig\u00fcedad<\/em>la Asociaci\u00f3n Fran\u00e7ois-Xavier Donzelot reproduce <strong>un texto latino que menciona Neuilly por primera vez<\/strong>bajo el nombre de Nobiliacum. Este documento, apodado \"Carta de Burchard\", menciona el cambio de propiedad de una \"villa\", nombre dado en la \u00e9poca a un latifundio que explotaba la tierra en beneficio de un se\u00f1or. Por tanto, es seguro que la villa de Nobiliacum exist\u00eda antes de 998, aunque se desconozca la fecha de su fundaci\u00f3n.<\/p><p>Seg\u00fan las investigaciones de la asociaci\u00f3n, el nombre \"Nobiliacum\", a veces escrito \"Noviliacum\", deriva del t\u00e9rmino latino \"Novale\", que hace referencia a <strong>terreno reci\u00e9n desbrozado <\/strong>que se acaba de cultivar. Este t\u00e9rmino podr\u00eda ser el origen de todos los pueblos de Neuilly, as\u00ed como de otros nombres similares, como el del pueblo de Novalaise, en Saboya. Todos tienen en com\u00fan su proximidad a un r\u00edo y a un bosque. Neuilly-sur-Marne no es una excepci\u00f3n: <strong>El bosque de Bondy se extend\u00eda anta\u00f1o hasta el Marne.<\/strong><\/p><p>Nobiliacum se desarroll\u00f3 a lo largo de los dos siglos siguientes, en particular <strong>gracias al predicador Foulques de Neuilly<\/strong>una figura importante en la 4<sup>th<\/sup> La Cruzada fue responsable de la construcci\u00f3n de la iglesia de Saint-Baudile en 1118. El sitio <em>\"terreno reci\u00e9n desbrozado<\/em> han cambiado: un documento fechado el 12<sup>th<\/sup> siglo indica que <strong>Neuilly ya no es una \"villa\" sino un \"vicus\".<\/strong>t\u00e9rmino utilizado para designar una ciudad mercado.<\/p>\t\t\t\t\t\t\t\t<\/div>\n\t\t\t\t<\/div>\n\t\t\t\t<\/div>\n\t\t\t\t\t<\/details>\n\t\t\t\t\t\t<details id=\"e-n-accordion-item-2032\" class=\"e-n-accordion-item\" >\n\t\t\t\t<summary class=\"e-n-accordion-item-title\" data-accordion-index=\"3\" tabindex=\"-1\" aria-expanded=\"false\" aria-controls=\"e-n-accordion-item-2032\" >\n\t\t\t\t\t<span class='e-n-accordion-item-title-header'><div class=\"e-n-accordion-item-title-text\"> Castillos, asilos y separaci\u00f3n <\/div><\/span>\n\t\t\t\t\t\t\t<span class='e-n-accordion-item-title-icon'>\n\t\t\t<span class='e-opened' ><svg aria-hidden=\"true\" class=\"e-font-icon-svg e-fas-minus\" viewbox=\"0 0 448 512\" xmlns=\"http:\/\/www.w3.org\/2000\/svg\"><path d=\"M416 208H32c-17.67 0-32 14.33-32 32v32c0 17.67 14.33 32 32 32h384c17.67 0 32-14.33 32-32v-32c0-17.67-14.33-32-32-32z\"><\/path><\/svg><\/span>\n\t\t\t<span class='e-closed'><svg aria-hidden=\"true\" class=\"e-font-icon-svg e-fas-plus\" viewbox=\"0 0 448 512\" xmlns=\"http:\/\/www.w3.org\/2000\/svg\"><path d=\"M416 208H272V64c0-17.67-14.33-32-32-32h-32c-17.67 0-32 14.33-32 32v144H32c-17.67 0-32 14.33-32 32v32c0 17.67 14.33 32 32 32h144v144c0 17.67 14.33 32 32 32h32c17.67 0 32-14.33 32-32V304h144c17.67 0 32-14.33 32-32v-32c0-17.67-14.33-32-32-32z\"><\/path><\/svg><\/span>\n\t\t<\/span>\n\n\t\t\t\t\t\t<\/summary>\n\t\t\t\t<div role=\"region\" aria-labelledby=\"e-n-accordion-item-2032\" class=\"elementor-element elementor-element-533f109 e-con-full e-flex e-con e-child\" data-id=\"533f109\" data-element_type=\"container\" data-e-type=\"container\">\n\t\t\t\t<div class=\"elementor-element elementor-element-150a6bb elementor-widget elementor-widget-text-editor\" data-id=\"150a6bb\" data-element_type=\"widget\" data-e-type=\"widget\" data-widget_type=\"text-editor.default\">\n\t\t\t\t<div class=\"elementor-widget-container\">\n\t\t\t\t\t\t\t\t\t<p>A los 18 a\u00f1os<sup>th<\/sup> En el siglo XIX, Neuilly-sur-Marne estaba formada principalmente por prados, tierras de cultivo y algunos bosques. Surg\u00edan castillos, en particular el de Ville-Evrard, y <strong>el pueblo se va poblando poco a poco<\/strong>\u00a0Poco despu\u00e9s de la Revoluci\u00f3n Francesa, contaba con menos de 600 habitantes. En 1790 se eligi\u00f3 al primer alcalde, Jean-Pierre Hercend, cirujano y notario. La historia local recuerda m\u00e1s bien a uno de sus contempor\u00e1neos: <strong>General Fran\u00e7ois-Xavier Donzelot, c\u00e9lebre militar<\/strong> cuyo nombre est\u00e1 grabado en el Arco del Triunfo, que pose\u00eda la inmensa finca de Ville-Evrard, que construy\u00f3 entre 1804 y 1825. Tras su muerte, la finca se convirti\u00f3 en un manicomio.<\/p><p>Varios acontecimientos importantes marcaron el Neuilly de los a\u00f1os 19<sup>th<\/sup> siglo: <strong>el asalto prusiano en 1870<\/strong>El primer puente sobre el Marne, la primera escuela, la apertura de una l\u00ednea de tranv\u00edas y de la f\u00e1brica de la Compagnie des Eaux, la creaci\u00f3n de un segundo asilo en Maison-Blanche... Pero la fecha clave para todos los noceens seguir\u00e1 siendo el 13 de abril de 1892, <strong>cuando un tercio del territorio de Neuilly-sur-Marne se convierte en el nuevo municipio de Neuilly-Plaisance<\/strong>.<\/p>\t\t\t\t\t\t\t\t<\/div>\n\t\t\t\t<\/div>\n\t\t\t\t<\/div>\n\t\t\t\t\t<\/details>\n\t\t\t\t\t\t<details id=\"e-n-accordion-item-2033\" class=\"e-n-accordion-item\" >\n\t\t\t\t<summary class=\"e-n-accordion-item-title\" data-accordion-index=\"4\" tabindex=\"-1\" aria-expanded=\"false\" aria-controls=\"e-n-accordion-item-2033\" >\n\t\t\t\t\t<span class='e-n-accordion-item-title-header'><div class=\"e-n-accordion-item-title-text\"> Una ciudad en transformaci\u00f3n <\/div><\/span>\n\t\t\t\t\t\t\t<span class='e-n-accordion-item-title-icon'>\n\t\t\t<span class='e-opened' ><svg aria-hidden=\"true\" class=\"e-font-icon-svg e-fas-minus\" viewbox=\"0 0 448 512\" xmlns=\"http:\/\/www.w3.org\/2000\/svg\"><path d=\"M416 208H32c-17.67 0-32 14.33-32 32v32c0 17.67 14.33 32 32 32h384c17.67 0 32-14.33 32-32v-32c0-17.67-14.33-32-32-32z\"><\/path><\/svg><\/span>\n\t\t\t<span class='e-closed'><svg aria-hidden=\"true\" class=\"e-font-icon-svg e-fas-plus\" viewbox=\"0 0 448 512\" xmlns=\"http:\/\/www.w3.org\/2000\/svg\"><path d=\"M416 208H272V64c0-17.67-14.33-32-32-32h-32c-17.67 0-32 14.33-32 32v144H32c-17.67 0-32 14.33-32 32v32c0 17.67 14.33 32 32 32h144v144c0 17.67 14.33 32 32 32h32c17.67 0 32-14.33 32-32V304h144c17.67 0 32-14.33 32-32v-32c0-17.67-14.33-32-32-32z\"><\/path><\/svg><\/span>\n\t\t<\/span>\n\n\t\t\t\t\t\t<\/summary>\n\t\t\t\t<div role=\"region\" aria-labelledby=\"e-n-accordion-item-2033\" class=\"elementor-element elementor-element-100ec10 e-con-full e-flex e-con e-child\" data-id=\"100ec10\" data-element_type=\"container\" data-e-type=\"container\">\n\t\t\t\t<div class=\"elementor-element elementor-element-7c9ff1b elementor-widget elementor-widget-text-editor\" data-id=\"7c9ff1b\" data-element_type=\"widget\" data-e-type=\"widget\" data-widget_type=\"text-editor.default\">\n\t\t\t\t<div class=\"elementor-widget-container\">\n\t\t\t\t\t\t\t\t\t<p>La separaci\u00f3n de los dos municipios se produjo en un momento en que <strong>la poblaci\u00f3n de Neuilly-sur-Marne se ha disparado<\/strong>Esto llev\u00f3 a la creaci\u00f3n de nuevos distritos, como L'\u00c9pi d'or. Entre 1892 y 1927, la poblaci\u00f3n pas\u00f3 de 1.600 a 8.600 habitantes. Despu\u00e9s de la ocupaci\u00f3n, entre el 15 de junio de 1940 y el 27 de agosto de 1944, un nuevo censo elev\u00f3 la poblaci\u00f3n por encima de los 10.000 habitantes, y luego a 15.000 a principios de los a\u00f1os sesenta. <strong>Entre 1962 y 1975, el n\u00famero de habitantes de Noc\u00e9 se duplic\u00f3.<\/strong> a 30.000 habitantes. Entretanto, Neuilly-sur-Marne cambia de departamento: hasta entonces pertenec\u00eda a Seine-et-Oise, <strong>En 1968, pas\u00f3 a formar parte del reci\u00e9n creado departamento de Seine-Saint-Denis.<\/strong>.<\/p><p>Este auge demogr\u00e1fico no ha estado exento de consecuencias, con <strong>el desarrollo de grandes proyectos inmobiliarios<\/strong>Tambi\u00e9n se construyeron las principales arterias de la ciudad, las Fauvettes y los Crois\u00e9s, cerca de la iglesia. La estructura misma de Neuilly, con su calle principal de Par\u00eds y sus comercios del centro de la ciudad, se puso patas arriba en la segunda mitad del siglo XX.<sup>th<\/sup> siglo. <strong>RN 34 bypass en 1961<\/strong>destrucci\u00f3n de muchos edificios del casco antiguo, <strong>construcci\u00f3n de la autov\u00eda de la calle Marx Dormoy<\/strong>la desaparici\u00f3n de la Place d'Armes...<\/p><p>Con el fin de reactivar el centro hist\u00f3rico y conectarlo con el Marne, en los \u00faltimos a\u00f1os se han emprendido varias iniciativas, entre ellas <strong>la inauguraci\u00f3n de Neuilly Village y el desarrollo de la zona tur\u00edstica de Rives de Paris<\/strong>Entre ellas, la renaturalizaci\u00f3n de la plaza Stalingrado, la transformaci\u00f3n del camping municipal y el compromiso del ayuntamiento de hacer nadable el r\u00edo Marne. Un futuro m\u00e1s verde, para redescubrir la tranquilidad del viejo Neuilly.<\/p>\t\t\t\t\t\t\t\t<\/div>\n\t\t\t\t<\/div>\n\t\t\t\t<\/div>\n\t\t\t\t\t<\/details>\n\t\t\t\t\t<\/div>\n\t\t\t\t\t\t<\/div>\n\t\t\t\t<\/div>\n\t\t\t\t<div class=\"elementor-element elementor-element-57eb838 elementor-widget elementor-widget-text-editor\" data-id=\"57eb838\" data-element_type=\"widget\" data-e-type=\"widget\" data-widget_type=\"text-editor.default\">\n\t\t\t\t<div class=\"elementor-widget-container\">\n\t\t\t\t\t\t\t\t\t<h2>Los alcaldes de Neuilly<\/h2>\t\t\t\t\t\t\t\t<\/div>\n\t\t\t\t<\/div>\n\t\t\t\t<div class=\"elementor-element elementor-element-4294ae3 elementor-widget elementor-widget-n-accordion\" data-id=\"4294ae3\" data-element_type=\"widget\" data-e-type=\"widget\" data-settings=\"{&quot;default_state&quot;:&quot;all_collapsed&quot;,&quot;max_items_expended&quot;:&quot;one&quot;,&quot;n_accordion_animation_duration&quot;:{&quot;unit&quot;:&quot;ms&quot;,&quot;size&quot;:400,&quot;sizes&quot;:[]}}\" data-widget_type=\"nested-accordion.default\">\n\t\t\t\t<div class=\"elementor-widget-container\">\n\t\t\t\t\t\t\t<div class=\"e-n-accordion\" aria-label=\"Acorde\u00f3n. Abra los enlaces con Intro o Espacio, ci\u00e9rrelos con Escape y navegue con las teclas de flecha.\">\n\t\t\t\t\t\t<details id=\"e-n-accordion-item-6980\" class=\"e-n-accordion-item\" >\n\t\t\t\t<summary class=\"e-n-accordion-item-title\" data-accordion-index=\"1\" tabindex=\"0\" aria-expanded=\"false\" aria-controls=\"e-n-accordion-item-6980\" >\n\t\t\t\t\t<span class='e-n-accordion-item-title-header'><div class=\"e-n-accordion-item-title-text\"> Fechas de las elecciones municipales en Neuilly-sur-Marne <\/div><\/span>\n\t\t\t\t\t\t\t<span class='e-n-accordion-item-title-icon'>\n\t\t\t<span class='e-opened' ><svg aria-hidden=\"true\" class=\"e-font-icon-svg e-fas-minus\" viewbox=\"0 0 448 512\" xmlns=\"http:\/\/www.w3.org\/2000\/svg\"><path d=\"M416 208H32c-17.67 0-32 14.33-32 32v32c0 17.67 14.33 32 32 32h384c17.67 0 32-14.33 32-32v-32c0-17.67-14.33-32-32-32z\"><\/path><\/svg><\/span>\n\t\t\t<span class='e-closed'><svg aria-hidden=\"true\" class=\"e-font-icon-svg e-fas-plus\" viewbox=\"0 0 448 512\" xmlns=\"http:\/\/www.w3.org\/2000\/svg\"><path d=\"M416 208H272V64c0-17.67-14.33-32-32-32h-32c-17.67 0-32 14.33-32 32v144H32c-17.67 0-32 14.33-32 32v32c0 17.67 14.33 32 32 32h144v144c0 17.67 14.33 32 32 32h32c17.67 0 32-14.33 32-32V304h144c17.67 0 32-14.33 32-32v-32c0-17.67-14.33-32-32-32z\"><\/path><\/svg><\/span>\n\t\t<\/span>\n\n\t\t\t\t\t\t<\/summary>\n\t\t\t\t<div role=\"region\" aria-labelledby=\"e-n-accordion-item-6980\" class=\"elementor-element elementor-element-2b33a92 e-con-full e-flex e-con e-child\" data-id=\"2b33a92\" data-element_type=\"container\" data-e-type=\"container\">\n\t\t\t\t<div class=\"elementor-element elementor-element-ec990a7 elementor-widget elementor-widget-text-editor\" data-id=\"ec990a7\" data-element_type=\"widget\" data-e-type=\"widget\" data-widget_type=\"text-editor.default\">\n\t\t\t\t<div class=\"elementor-widget-container\">\n\t\t\t\t\t\t\t\t\t<ul><li>1870: Instalaci\u00f3n del Consejo Municipal el 25 de agosto de 1870.<\/li><li>1874: 22 y 29 de noviembre de 1874, instalaci\u00f3n del Consejo Municipal el 14 de diciembre de 1874.<\/li><li>1878: 6 de enero de 1878 (\u00bfelecciones parciales?).<\/li><li>1881: 9 y 16 de enero de 1881, instalaci\u00f3n del Consejo Municipal el 23 de enero de 1881.<\/li><li>1884: 4 y 11 de mayo de 1884, instalaci\u00f3n del Consejo Municipal el 18 de mayo de 1884.<\/li><li>1888: 6 y 13 de mayo de 1888, instalaci\u00f3n del Consejo Municipal el 31 de mayo de 1888.<\/li><li>1892: Renovaci\u00f3n completa del Consejo Municipal tras la escisi\u00f3n de los dos municipios, Neuilly-sur-Marne y Neuilly-Plaisance. Elecciones celebradas el 1 de<sup>er<\/sup> y 8 de mayo de 1892, instalaci\u00f3n del Consejo Municipal el 15 de mayo de 1892.<\/li><li>1895: 9 de junio de 1895, instalaci\u00f3n del Consejo Municipal el 16 de junio de 1895.<\/li><li>1896: 3 y 10 de mayo de 1896, instalaci\u00f3n del Consejo Municipal el 17 de mayo de 1896.<\/li><li>1897: Elecci\u00f3n de 4 miembros del Consejo Municipal el 20 de junio de 1897, toma de posesi\u00f3n del Consejo Municipal el 1 de junio de 1897.<sup>er<\/sup> Julio de 1897.<\/li><li>1904\u00a0: 1<sup>er<\/sup> Mayo de 1904, instalaci\u00f3n del Consejo Municipal el 15 de mayo de 1904.<\/li><li>1908: 3 y 10 de mayo de 1908, instalaci\u00f3n del Consejo Municipal el 17 de mayo de 1908. La mayor\u00eda municipal estaba formada por la \"Liste d'Union R\u00e9publicaine des gauches et d'int\u00e9r\u00eat local\".<\/li><li>1912: 5 y 12 de mayo de 1912, instalaci\u00f3n del Consejo Municipal el 19 de mayo de 1912.<\/li><li>1919: 30 de noviembre de 1919, instalaci\u00f3n del Consejo Municipal el 10 de diciembre de 1919. La mayor\u00eda municipal estaba formada por la Uni\u00f3n Republicana de Izquierda y la Lista de Inter\u00e9s Local.<\/li><li>1925: 3 y 10 de mayo de 1925, instalaci\u00f3n del Consejo Municipal el 17 de mayo de 1925. La mayor\u00eda municipal estaba formada por la Union R\u00e9publicaine des gauches y la lista de inter\u00e9s local.<\/li><li>1929: La segunda vuelta se celebra el 12 de mayo de 1929. La mayor\u00eda municipal estaba formada por la Liste d'Union R\u00e9publicaine des gauches et d'int\u00e9r\u00eat local.<\/li><li>1935: 5 y 12 de mayo de 1935, instalaci\u00f3n del Consejo Municipal el 17 de mayo de 1935. La mayor\u00eda municipal estaba formada principalmente por miembros del Partido Comunista Franc\u00e9s.<\/li><li>4 de septiembre de 1944: disoluci\u00f3n de la delegaci\u00f3n especial. El Comit\u00e9 de Liberaci\u00f3n local nombra un consejo municipal. Por primera vez se nombra a dos mujeres miembros del consejo. Tras la Segunda Guerra Mundial se concede el derecho de voto a las mujeres.<\/li><li>1945: Instalaci\u00f3n el 2 de marzo de 1945 del Consejo Municipal elegido antes del 1 de marzo de 1945.<sup>er<\/sup> septiembre de 1939 y restablecida por decreto prefectoral el 26 de enero de 1945.<\/li><li>1945: 29 de abril y 13 de mayo de 1945. La mayor\u00eda municipal estaba formada por la lista antifascista Uni\u00f3n Republicana, dirigida por el Partido Comunista Franc\u00e9s.<\/li><li>1947: 19 y 26 de octubre de 1947. La mayor\u00eda municipal estaba formada por la Lista de Uni\u00f3n Republicana y de Resistencia y Defensa de los Intereses Comunales presentada por el Partido Comunista Franc\u00e9s.<\/li><li>1953: 26 de abril de 1953, instalaci\u00f3n del Consejo Municipal el 7 de mayo de 1953. La mayor\u00eda municipal estaba formada por la Lista d'union ouvri\u00e8re et d\u00e9mocratique pour la d\u00e9fense des libert\u00e9s, des revendications, de l'\u00e9cole la\u00efque et de la paix dans l'ind\u00e9pendance nationale presentada por el Partido Comunista Franc\u00e9s.<\/li><li>1959: 8 de marzo de 1959, instalaci\u00f3n del Consejo Municipal el 15 de marzo de 1959. La mayor\u00eda municipal estaba formada por la \"Liste ouvri\u00e8re et d\u00e9mocratique pour la d\u00e9fense de la R\u00e9publique, de la paix, de l'\u00e9cole la\u00efque et des int\u00e9r\u00eats communaux\" presentada por el Partido Comunista Franc\u00e9s.<\/li><li>1965: 14 y 21 de marzo de 1965, instalaci\u00f3n del Consejo Municipal el 27 de marzo de 1965. La mayor\u00eda municipal estaba formada por la Lista Democr\u00e1tica y Acci\u00f3n Social.<\/li><li>1971: 14 de marzo de 1971, instalaci\u00f3n del Consejo Municipal el 19 de marzo de 1971<\/li><li>1974: nueva elecci\u00f3n de alcalde el 28 de marzo de 1974 tras la dimisi\u00f3n del Sr. Chassagne.<\/li><li>1977: 13 y 20 de marzo de 1977, instalaci\u00f3n del Consejo Municipal el 25 de marzo de 1977. La mayor\u00eda municipal estaba formada por la Lista Sindical de la Izquierda y Dem\u00f3cratas.<\/li><li>1983: 6 de marzo de 1983, instalaci\u00f3n del Consejo Municipal el 17 de marzo de 1983. La mayor\u00eda municipal est\u00e1 formada por la Lista Sindical de Izquierda y Dem\u00f3cratas.<\/li><li>1989: 12 de marzo de 1989, instalaci\u00f3n del Consejo Municipal el 17 de marzo de 1989. La lista unitaria de Neuilly-sur-Marne forma la mayor\u00eda municipal.<\/li><li>1995: 11 de junio de 1995, instalaci\u00f3n del Consejo Municipal el 16 de junio de 1995. La mayor\u00eda municipal est\u00e1 formada por el conjunto List Pour Neuilly-sur-Marne poursuivons.<\/li><li>2001: 11 de marzo de 2001, instalaci\u00f3n del Consejo Municipal el 16 de marzo de 2001. La mayor\u00eda municipal est\u00e1 formada por la Lista Pour Neuilly-sur-Marne, ensemble c\u00f4t\u00e9 c\u0153ur.<\/li><li>2008: 9 de marzo de 2008, instalaci\u00f3n del Consejo Municipal el 14 de marzo de 2008. La mayor\u00eda municipal est\u00e1 formada por la Lista Parler vrai, agir en solidarit\u00e9.<\/li><li>2014: 23 de marzo de 2014, instalaci\u00f3n del Consejo Municipal el 28 de marzo de 2014. La mayor\u00eda municipal est\u00e1 formada por la Lista Pour am\u00e9liorer, encore, la vie des noc\u00e9ens.<\/li><li>2020: 15 de marzo y 28 de junio de 2020, instalaci\u00f3n del Consejo Municipal el 5 de julio de 2020. La majorit\u00e9 municipale est constitu\u00e9e par la Liste Noc\u00e9ens unis pour le changement.<\/li><li>2022: 13 de febrero de 2022, instalaci\u00f3n del Consejo Municipal el 19 de febrero de 2022. La majorit\u00e9 municipale est compos\u00e9e de la Liste Ensemble, continuons le changement.<\/li><\/ul>\t\t\t\t\t\t\t\t<\/div>\n\t\t\t\t<\/div>\n\t\t\t\t<\/div>\n\t\t\t\t\t<\/details>\n\t\t\t\t\t\t<details id=\"e-n-accordion-item-6981\" class=\"e-n-accordion-item\" >\n\t\t\t\t<summary class=\"e-n-accordion-item-title\" data-accordion-index=\"2\" tabindex=\"-1\" aria-expanded=\"false\" aria-controls=\"e-n-accordion-item-6981\" >\n\t\t\t\t\t<span class='e-n-accordion-item-title-header'><div class=\"e-n-accordion-item-title-text\"> Los alcaldes del siglo XVIII <\/div><\/span>\n\t\t\t\t\t\t\t<span class='e-n-accordion-item-title-icon'>\n\t\t\t<span class='e-opened' ><svg aria-hidden=\"true\" class=\"e-font-icon-svg e-fas-minus\" viewbox=\"0 0 448 512\" xmlns=\"http:\/\/www.w3.org\/2000\/svg\"><path d=\"M416 208H32c-17.67 0-32 14.33-32 32v32c0 17.67 14.33 32 32 32h384c17.67 0 32-14.33 32-32v-32c0-17.67-14.33-32-32-32z\"><\/path><\/svg><\/span>\n\t\t\t<span class='e-closed'><svg aria-hidden=\"true\" class=\"e-font-icon-svg e-fas-plus\" viewbox=\"0 0 448 512\" xmlns=\"http:\/\/www.w3.org\/2000\/svg\"><path d=\"M416 208H272V64c0-17.67-14.33-32-32-32h-32c-17.67 0-32 14.33-32 32v144H32c-17.67 0-32 14.33-32 32v32c0 17.67 14.33 32 32 32h144v144c0 17.67 14.33 32 32 32h32c17.67 0 32-14.33 32-32V304h144c17.67 0 32-14.33 32-32v-32c0-17.67-14.33-32-32-32z\"><\/path><\/svg><\/span>\n\t\t<\/span>\n\n\t\t\t\t\t\t<\/summary>\n\t\t\t\t<div role=\"region\" aria-labelledby=\"e-n-accordion-item-6981\" class=\"elementor-element elementor-element-0af5da6 e-con-full e-flex e-con e-child\" data-id=\"0af5da6\" data-element_type=\"container\" data-e-type=\"container\">\n\t\t\t\t<div class=\"elementor-element elementor-element-d0a004e elementor-widget elementor-widget-text-editor\" data-id=\"d0a004e\" data-element_type=\"widget\" data-e-type=\"widget\" data-widget_type=\"text-editor.default\">\n\t\t\t\t<div class=\"elementor-widget-container\">\n\t\t\t\t\t\t\t\t\t<ul><li>1790-1972 : <strong>Jean-Pierre Hercend<\/strong>Nacido el 17 de febrero o agosto de 1742 en Vienne en el Dauphin\u00e9, casado el 16 de noviembre de 1767 con Marie Th\u00e9r\u00e8se Naudet en Neuilly-sur-Marne, fallecido despu\u00e9s de 1817 (paradero desconocido hasta la fecha, \u00bfPar\u00eds?). A la edad de 25 a\u00f1os, se instal\u00f3 en Neuilly en 1767 como cirujano. Fue nombrado procurador fiscal por el se\u00f1or antes de convertirse en notario en 1783. S\u00edndico en 1789, luego alcalde, fue tambi\u00e9n miembro de la asamblea electoral del departamento. Firmante de los cahiers de dol\u00e9ances, firm\u00f3 documentos como Alcalde el 29 de septiembre de 1790, el 13 de febrero de 1791 y desde el 20 de noviembre de 1792.<\/li><li>1792\u00a0: <strong>Etienne Marlan<\/strong>nacido el 15 de julio de 1741 y fallecido el 9 de marzo de 1810 en Neuilly-sur-Marne.<\/li><li>1792-1795\u00a0: <strong>Jean-Pierre Hercend<\/strong><\/li><li>1795-1796\u00a0: <strong>Louis Marthe Boileau<\/strong>que se present\u00f3 como funcionario del municipio para levantar actas del estado civil a partir del 6 de noviembre de 1792.<\/li><li>1796-1800\u00a0: <strong>Albert Joseph Leroy-Dunatois<\/strong><\/li><\/ul>\t\t\t\t\t\t\t\t<\/div>\n\t\t\t\t<\/div>\n\t\t\t\t<\/div>\n\t\t\t\t\t<\/details>\n\t\t\t\t\t\t<details id=\"e-n-accordion-item-6982\" class=\"e-n-accordion-item\" >\n\t\t\t\t<summary class=\"e-n-accordion-item-title\" data-accordion-index=\"3\" tabindex=\"-1\" aria-expanded=\"false\" aria-controls=\"e-n-accordion-item-6982\" >\n\t\t\t\t\t<span class='e-n-accordion-item-title-header'><div class=\"e-n-accordion-item-title-text\"> Alcaldes del siglo XIX <\/div><\/span>\n\t\t\t\t\t\t\t<span class='e-n-accordion-item-title-icon'>\n\t\t\t<span class='e-opened' ><svg aria-hidden=\"true\" class=\"e-font-icon-svg e-fas-minus\" viewbox=\"0 0 448 512\" xmlns=\"http:\/\/www.w3.org\/2000\/svg\"><path d=\"M416 208H32c-17.67 0-32 14.33-32 32v32c0 17.67 14.33 32 32 32h384c17.67 0 32-14.33 32-32v-32c0-17.67-14.33-32-32-32z\"><\/path><\/svg><\/span>\n\t\t\t<span class='e-closed'><svg aria-hidden=\"true\" class=\"e-font-icon-svg e-fas-plus\" viewbox=\"0 0 448 512\" xmlns=\"http:\/\/www.w3.org\/2000\/svg\"><path d=\"M416 208H272V64c0-17.67-14.33-32-32-32h-32c-17.67 0-32 14.33-32 32v144H32c-17.67 0-32 14.33-32 32v32c0 17.67 14.33 32 32 32h144v144c0 17.67 14.33 32 32 32h32c17.67 0 32-14.33 32-32V304h144c17.67 0 32-14.33 32-32v-32c0-17.67-14.33-32-32-32z\"><\/path><\/svg><\/span>\n\t\t<\/span>\n\n\t\t\t\t\t\t<\/summary>\n\t\t\t\t<div role=\"region\" aria-labelledby=\"e-n-accordion-item-6982\" class=\"elementor-element elementor-element-5ef74b7 e-con-full e-flex e-con e-child\" data-id=\"5ef74b7\" data-element_type=\"container\" data-e-type=\"container\">\n\t\t\t\t<div class=\"elementor-element elementor-element-5030842 elementor-widget elementor-widget-text-editor\" data-id=\"5030842\" data-element_type=\"widget\" data-e-type=\"widget\" data-widget_type=\"text-editor.default\">\n\t\t\t\t<div class=\"elementor-widget-container\">\n\t\t\t\t\t\t\t\t\t<ul><li>1808-1826\u00a0: <strong>Louis Samson<\/strong><\/li><li>1827\u00a0: <strong>Pierre Joseph Debionne<\/strong> (sin certeza)<\/li><li>1827\u00a0: <strong>Fran\u00e7ois Th\u00e9odore Marie Peneau<\/strong>nacido en 1787 en Vertou (Loire Inf\u00e9rieure), fallecido el 12 de marzo de 1866 en Neuilly-sur-Marne, cirujano.<\/li><li>1834\u00a0: <strong>Bienvenido Samson<\/strong><\/li><li>1843\u00a0: <strong>Fran\u00e7ois Th\u00e9odore Marie Peneau<\/strong>nacido en 1787 en Vertou (Loire Inf\u00e9rieure), fallecido el 12 de marzo de 1866 en Neuilly-sur-Marne, cirujano.<\/li><li>1846\u00a0: <strong>Jean Baptiste Isidore Collet<\/strong><\/li><li>1847-1863\u00a0: <strong>Louis Ferdinand Marlan<\/strong>nacido el 1<sup>er<\/sup> fructidor an XIII (19 de agosto de 1805), pensionista, domiciliado en Neuilly-sur-Marne.<\/li><li>1863-1873\u00a0: <strong>C\u00e9sar Huvelle<\/strong>propietario, nacido el 3 de enero de 1803, residente en Neuilly-sur-Marne.<\/li><li>1873-1876\u00a0: <strong>Jules Louis Gu\u00e9rin<\/strong>Agricultor nacido el 23 de mayo de 1814, residente en Neuilly-sur-Marne, nombrado el 15 de septiembre de 1873 tras la dimisi\u00f3n de C\u00e9sar Huvelle.<\/li><li>1878\u00a0: <strong>Henri Vermeil<\/strong>nacido el 13 de mayo de 1847, m\u00e9dico, vive en Neuilly-sur-Marne.<\/li><li>1881\u00a0: <strong>Nicolas Adolphe Jolliot<\/strong>nacido el 17 de septiembre de 1839, arquitecto, vive en Neuilly-sur-Marne.<\/li><li>1884\u00a0: <strong>Jean Marie Ernest Fouquet<\/strong>nacido el 10 de diciembre de 1839, empleado del Ministerio de Agricultura, residente en la aldea de Plaisance.<\/li><li>1888\u00a0: <strong>Jean Marie Ernest Fouquet<\/strong>nacido el 10 de diciembre de 1839, propietario, residente en la aldea de Plaisance.<\/li><li>28 de febrero de 1892: <strong>Jean Igout<\/strong>nacido el 23 de febrero de 1837, perceptor de rentas, residente en la aldea de Plaisance.<\/li><li>15 de mayo de 1892-1896 : <strong>Henri Louis Leclaire<\/strong>nacido el 3 de septiembre de 1846, industrial, vive en Neuilly-sur-Marne.<\/li><li>1896\u00a0: <strong>Hippolyte Rousselet<\/strong>carretero, nacido el 19 de marzo de 1847 en Neuilly-sur-Marne.<\/li><li>1897\u00a0: <strong>Alphonse Florentin Dupuis<\/strong>nacido el 6 de octubre o noviembre de 1821, pensionista.<\/li><\/ul>\t\t\t\t\t\t\t\t<\/div>\n\t\t\t\t<\/div>\n\t\t\t\t<\/div>\n\t\t\t\t\t<\/details>\n\t\t\t\t\t\t<details id=\"e-n-accordion-item-6983\" class=\"e-n-accordion-item\" >\n\t\t\t\t<summary class=\"e-n-accordion-item-title\" data-accordion-index=\"4\" tabindex=\"-1\" aria-expanded=\"false\" aria-controls=\"e-n-accordion-item-6983\" >\n\t\t\t\t\t<span class='e-n-accordion-item-title-header'><div class=\"e-n-accordion-item-title-text\"> Alcaldes del siglo XX <\/div><\/span>\n\t\t\t\t\t\t\t<span class='e-n-accordion-item-title-icon'>\n\t\t\t<span class='e-opened' ><svg aria-hidden=\"true\" class=\"e-font-icon-svg e-fas-minus\" viewbox=\"0 0 448 512\" xmlns=\"http:\/\/www.w3.org\/2000\/svg\"><path d=\"M416 208H32c-17.67 0-32 14.33-32 32v32c0 17.67 14.33 32 32 32h384c17.67 0 32-14.33 32-32v-32c0-17.67-14.33-32-32-32z\"><\/path><\/svg><\/span>\n\t\t\t<span class='e-closed'><svg aria-hidden=\"true\" class=\"e-font-icon-svg e-fas-plus\" viewbox=\"0 0 448 512\" xmlns=\"http:\/\/www.w3.org\/2000\/svg\"><path d=\"M416 208H272V64c0-17.67-14.33-32-32-32h-32c-17.67 0-32 14.33-32 32v144H32c-17.67 0-32 14.33-32 32v32c0 17.67 14.33 32 32 32h144v144c0 17.67 14.33 32 32 32h32c17.67 0 32-14.33 32-32V304h144c17.67 0 32-14.33 32-32v-32c0-17.67-14.33-32-32-32z\"><\/path><\/svg><\/span>\n\t\t<\/span>\n\n\t\t\t\t\t\t<\/summary>\n\t\t\t\t<div role=\"region\" aria-labelledby=\"e-n-accordion-item-6983\" class=\"elementor-element elementor-element-89f2f42 e-flex e-con-boxed e-con e-child\" data-id=\"89f2f42\" data-element_type=\"container\" data-e-type=\"container\">\n\t\t\t\t\t<div class=\"e-con-inner\">\n\t\t\t\t<div class=\"elementor-element elementor-element-35e4639 elementor-widget elementor-widget-text-editor\" data-id=\"35e4639\" data-element_type=\"widget\" data-e-type=\"widget\" data-widget_type=\"text-editor.default\">\n\t\t\t\t<div class=\"elementor-widget-container\">\n\t\t\t\t\t\t\t\t\t<ul><li>1904-1935\u00a0: <strong>Louis Eug\u00e8ne Clovis Amiard<\/strong>nacido el 4 de abril de 1872 en Par\u00eds, abogado, fallecido el 8 de junio de 1935 en Par\u00eds.<\/li><li>1935\u00a0: <strong>Th\u00e9ophile Gaubert<\/strong>nacido el 20 de abril de 1875 en Figeac (Lot), sindicalista jubilado, fallecido el 16 de junio de 1964 en La Ciotat.<\/li><li>4 de octubre de 1939: Tras la disoluci\u00f3n del Partido Comunista, un decreto instituye una delegaci\u00f3n especial para administrar la comuna, presidida por M. Hilaire, conocida como la \"Delegaci\u00f3n\". <strong>Henri Robitaillie<\/strong>notario, nacido el 21 de octubre de 1876 en Rubrouck (Nord), fallecido el 12 de marzo de 1963 en Casablanca.<\/li><li>21 de septiembre de 1940: nombramiento de<strong>Isidoro Cadario<\/strong>ingeniero, nacido el 4 de abril de 1887 en Montbrison (Loira), fallecido en Drancy el 15 de septiembre de 1962, presidente de la delegaci\u00f3n especial en sustituci\u00f3n de M. Robitaillie, que dimiti\u00f3.<\/li><li>15 de abril de 1941: <strong>Isidoro Cadario<\/strong> fue nombrado Alcalde del municipio por el Prefecto de Seine-et-Oise.<\/li><li>25 de julio de 1941 : <strong>Louis Porte<\/strong>Louis Porte, hortelano nacido en Issy-les-Moulineaux el 18 de febrero de 1884, fue nombrado alcalde del municipio por el prefecto de Seine-et-Oise. Detenido por los alemanes en julio de 1944 en represalia por unas manifestaciones, Louis Porte fue deportado a Buchenwald el 12 de noviembre de 1944.<\/li><li>4 de septiembre de 1944 : <strong>Th\u00e9ophile Gaubert<\/strong> es el alcalde designado por el Comit\u00e9 de Liberaci\u00f3n local.<\/li><li>1945-1953\u00a0: <strong>Th\u00e9ophile Gaubert<\/strong>nacido el 20 de abril de 1875 en Figeac (Lot), fallecido el 16 de junio de 1964 en La Ciotat.<\/li><li>1953-1965\u00a0: <strong>Raymond Bilbor<\/strong>nacida el 7 de marzo de 1898 en Ch\u00e2lons-sur-Marne (Marne), fallecida el 9 de diciembre de 1970 en Neuilly-sur-Marne. <strong>Th\u00e9ophile Gaubert<\/strong> fue elegido alcalde honorario al inicio del mandato 1953-1959.<\/li><li>1965-1974\u00a0: <strong>Raymond Chassagne<\/strong>nacido el 5 de agosto de 1911 en Le V\u00e9sinet (Yvelines, antes Seine-et-Oise), fallecido el 11 de julio de 1981 en Niza, notario.<\/li><li>1974-1977\u00a0: <strong>Andr\u00e9 Kremser<\/strong>nacido el 16 de septiembre de 1910 en Reims (Marne), ingeniero.<\/li><li>1977-2020\u00a0: <strong>Jacques Mah\u00e9as<\/strong>Nacido el 10 de julio de 1939, fallecido el 20 de agosto de 2022 en Niza, director de un centro de ense\u00f1anza secundaria.<\/li><\/ul>\t\t\t\t\t\t\t\t<\/div>\n\t\t\t\t<\/div>\n\t\t\t\t\t<\/div>\n\t\t\t\t<\/div>\n\t\t\t\t\t<\/details>\n\t\t\t\t\t\t<details id=\"e-n-accordion-item-6984\" class=\"e-n-accordion-item\" >\n\t\t\t\t<summary class=\"e-n-accordion-item-title\" data-accordion-index=\"5\" tabindex=\"-1\" aria-expanded=\"false\" aria-controls=\"e-n-accordion-item-6984\" >\n\t\t\t\t\t<span class='e-n-accordion-item-title-header'><div class=\"e-n-accordion-item-title-text\"> Alcaldes del siglo XXI <\/div><\/span>\n\t\t\t\t\t\t\t<span class='e-n-accordion-item-title-icon'>\n\t\t\t<span class='e-opened' ><svg aria-hidden=\"true\" class=\"e-font-icon-svg e-fas-minus\" viewbox=\"0 0 448 512\" xmlns=\"http:\/\/www.w3.org\/2000\/svg\"><path d=\"M416 208H32c-17.67 0-32 14.33-32 32v32c0 17.67 14.33 32 32 32h384c17.67 0 32-14.33 32-32v-32c0-17.67-14.33-32-32-32z\"><\/path><\/svg><\/span>\n\t\t\t<span class='e-closed'><svg aria-hidden=\"true\" class=\"e-font-icon-svg e-fas-plus\" viewbox=\"0 0 448 512\" xmlns=\"http:\/\/www.w3.org\/2000\/svg\"><path d=\"M416 208H272V64c0-17.67-14.33-32-32-32h-32c-17.67 0-32 14.33-32 32v144H32c-17.67 0-32 14.33-32 32v32c0 17.67 14.33 32 32 32h144v144c0 17.67 14.33 32 32 32h32c17.67 0 32-14.33 32-32V304h144c17.67 0 32-14.33 32-32v-32c0-17.67-14.33-32-32-32z\"><\/path><\/svg><\/span>\n\t\t<\/span>\n\n\t\t\t\t\t\t<\/summary>\n\t\t\t\t<div role=\"region\" aria-labelledby=\"e-n-accordion-item-6984\" class=\"elementor-element elementor-element-0ca8620 e-flex e-con-boxed e-con e-child\" data-id=\"0ca8620\" data-element_type=\"container\" data-e-type=\"container\">\n\t\t\t\t\t<div class=\"e-con-inner\">\n\t\t\t\t<div class=\"elementor-element elementor-element-96ad516 elementor-widget elementor-widget-text-editor\" data-id=\"96ad516\" data-element_type=\"widget\" data-e-type=\"widget\" data-widget_type=\"text-editor.default\">\n\t\t\t\t<div class=\"elementor-widget-container\">\n\t\t\t\t\t\t\t\t\t<ul><li>2020-2022\u00a0: <strong>Zartoshte Bakhtiari<\/strong>nacido el 21 de marzo de 1990, abogado.<\/li><li>2022\u00a0: <strong>Zartoshte Bakhtiari<\/strong>nacido el 21 de marzo de 1990, abogado.<\/li><\/ul>\t\t\t\t\t\t\t\t<\/div>\n\t\t\t\t<\/div>\n\t\t\t\t\t<\/div>\n\t\t\t\t<\/div>\n\t\t\t\t\t<\/details>\n\t\t\t\t\t<\/div>\n\t\t\t\t\t\t<\/div>\n\t\t\t\t<\/div>\n\t\t\t\t\t<\/div>\n\t\t\t\t<\/div>\n\t\t\t\t<\/div>","protected":false},"excerpt":{"rendered":"<p>Histoire de la Ville Par o\u00f9 commencer l&rsquo;histoire de Neuilly-sur-Marne ? S\u2019il est difficile de savoir pr\u00e9cis\u00e9ment \u00e0 partir de quand le territoire correspondant \u00e0 notre commune a commenc\u00e9 \u00e0 \u00eatre occup\u00e9 par l\u2019Homme, des traces nous permettent de remonter tr\u00e8s loin. Des bifaces datant de l\u2019Acheul\u00e9en retrouv\u00e9s sur le site de Ville-Evrard signalent une [&hellip;]<\/p>\n","protected":false},"author":1,"featured_media":9875,"parent":0,"menu_order":0,"comment_status":"closed","ping_status":"closed","template":"","meta":{"_acf_changed":false,"footnotes":""},"class_list":["post-6447","page","type-page","status-publish","has-post-thumbnail","hentry"],"acf":[],"yoast_head":"<!-- This site is optimized with the Yoast SEO plugin v27.4 - https:\/\/yoast.com\/product\/yoast-seo-wordpress\/ -->\n<title>Histoire noc\u00e9enne - Mairie de Neuilly-sur-Marne<\/title>\n<meta name=\"robots\" content=\"index, follow, max-snippet:-1, max-image-preview:large, max-video-preview:-1\" \/>\n<link rel=\"canonical\" href=\"https:\/\/www.neuillysurmarne.fr\/es\/histoire-noceenne\/\" \/>\n<meta property=\"og:locale\" content=\"es_ES\" \/>\n<meta property=\"og:type\" content=\"article\" \/>\n<meta property=\"og:title\" content=\"Histoire noc\u00e9enne - Mairie de Neuilly-sur-Marne\" \/>\n<meta property=\"og:description\" content=\"Histoire de la Ville Par o\u00f9 commencer l&rsquo;histoire de Neuilly-sur-Marne ? S\u2019il est difficile de savoir pr\u00e9cis\u00e9ment \u00e0 partir de quand le territoire correspondant \u00e0 notre commune a commenc\u00e9 \u00e0 \u00eatre occup\u00e9 par l\u2019Homme, des traces nous permettent de remonter tr\u00e8s loin. Des bifaces datant de l\u2019Acheul\u00e9en retrouv\u00e9s sur le site de Ville-Evrard signalent une [&hellip;]\" \/>\n<meta property=\"og:url\" content=\"https:\/\/www.neuillysurmarne.fr\/es\/histoire-noceenne\/\" \/>\n<meta property=\"og:site_name\" content=\"Mairie de Neuilly-sur-Marne\" \/>\n<meta property=\"article:publisher\" content=\"https:\/\/www.facebook.com\/ville.neuilly\" \/>\n<meta property=\"article:modified_time\" content=\"2024-06-21T13:57:05+00:00\" \/>\n<meta property=\"og:image\" content=\"https:\/\/www.neuillysurmarne.fr\/wp-content\/uploads\/2024\/06\/AMNeuillySurMarne_2Fi0198_1.jpg\" \/>\n\t<meta property=\"og:image:width\" content=\"1647\" \/>\n\t<meta property=\"og:image:height\" content=\"1048\" \/>\n\t<meta property=\"og:image:type\" content=\"image\/jpeg\" \/>\n<meta name=\"twitter:card\" content=\"summary_large_image\" \/>\n<meta name=\"twitter:label1\" content=\"Tiempo de lectura\" \/>\n\t<meta name=\"twitter:data1\" content=\"23 minutos\" \/>\n<script type=\"application\/ld+json\" class=\"yoast-schema-graph\">{\"@context\":\"https:\\\/\\\/schema.org\",\"@graph\":[{\"@type\":\"WebPage\",\"@id\":\"https:\\\/\\\/www.neuillysurmarne.fr\\\/histoire-noceenne\\\/\",\"url\":\"https:\\\/\\\/www.neuillysurmarne.fr\\\/histoire-noceenne\\\/\",\"name\":\"Histoire noc\u00e9enne - Mairie de Neuilly-sur-Marne\",\"isPartOf\":{\"@id\":\"https:\\\/\\\/www.neuillysurmarne.fr\\\/es\\\/#website\"},\"primaryImageOfPage\":{\"@id\":\"https:\\\/\\\/www.neuillysurmarne.fr\\\/histoire-noceenne\\\/#primaryimage\"},\"image\":{\"@id\":\"https:\\\/\\\/www.neuillysurmarne.fr\\\/histoire-noceenne\\\/#primaryimage\"},\"thumbnailUrl\":\"https:\\\/\\\/www.neuillysurmarne.fr\\\/wp-content\\\/uploads\\\/2024\\\/06\\\/AMNeuillySurMarne_2Fi0198_1.jpg\",\"datePublished\":\"2024-04-23T08:04:28+00:00\",\"dateModified\":\"2024-06-21T13:57:05+00:00\",\"breadcrumb\":{\"@id\":\"https:\\\/\\\/www.neuillysurmarne.fr\\\/histoire-noceenne\\\/#breadcrumb\"},\"inLanguage\":\"es\",\"potentialAction\":[{\"@type\":\"ReadAction\",\"target\":[\"https:\\\/\\\/www.neuillysurmarne.fr\\\/histoire-noceenne\\\/\"]}]},{\"@type\":\"ImageObject\",\"inLanguage\":\"es\",\"@id\":\"https:\\\/\\\/www.neuillysurmarne.fr\\\/histoire-noceenne\\\/#primaryimage\",\"url\":\"https:\\\/\\\/www.neuillysurmarne.fr\\\/wp-content\\\/uploads\\\/2024\\\/06\\\/AMNeuillySurMarne_2Fi0198_1.jpg\",\"contentUrl\":\"https:\\\/\\\/www.neuillysurmarne.fr\\\/wp-content\\\/uploads\\\/2024\\\/06\\\/AMNeuillySurMarne_2Fi0198_1.jpg\",\"width\":1647,\"height\":1048},{\"@type\":\"BreadcrumbList\",\"@id\":\"https:\\\/\\\/www.neuillysurmarne.fr\\\/histoire-noceenne\\\/#breadcrumb\",\"itemListElement\":[{\"@type\":\"ListItem\",\"position\":1,\"name\":\"Accueil\",\"item\":\"https:\\\/\\\/www.neuillysurmarne.fr\\\/\"},{\"@type\":\"ListItem\",\"position\":2,\"name\":\"Histoire noc\u00e9enne\"}]},{\"@type\":\"WebSite\",\"@id\":\"https:\\\/\\\/www.neuillysurmarne.fr\\\/es\\\/#website\",\"url\":\"https:\\\/\\\/www.neuillysurmarne.fr\\\/es\\\/\",\"name\":\"Mairie de Neuilly-sur-Marne\",\"description\":\"BETA\",\"publisher\":{\"@id\":\"https:\\\/\\\/www.neuillysurmarne.fr\\\/es\\\/#organization\"},\"potentialAction\":[{\"@type\":\"SearchAction\",\"target\":{\"@type\":\"EntryPoint\",\"urlTemplate\":\"https:\\\/\\\/www.neuillysurmarne.fr\\\/es\\\/?s={search_term_string}\"},\"query-input\":{\"@type\":\"PropertyValueSpecification\",\"valueRequired\":true,\"valueName\":\"search_term_string\"}}],\"inLanguage\":\"es\"},{\"@type\":\"Organization\",\"@id\":\"https:\\\/\\\/www.neuillysurmarne.fr\\\/es\\\/#organization\",\"name\":\"Mairie de Neuilly-sur-Marne\",\"url\":\"https:\\\/\\\/www.neuillysurmarne.fr\\\/es\\\/\",\"logo\":{\"@type\":\"ImageObject\",\"inLanguage\":\"es\",\"@id\":\"https:\\\/\\\/www.neuillysurmarne.fr\\\/es\\\/#\\\/schema\\\/logo\\\/image\\\/\",\"url\":\"https:\\\/\\\/www.neuillysurmarne.fr\\\/wp-content\\\/uploads\\\/2023\\\/10\\\/LOGO-NeuillysurMarne-blanc.png\",\"contentUrl\":\"https:\\\/\\\/www.neuillysurmarne.fr\\\/wp-content\\\/uploads\\\/2023\\\/10\\\/LOGO-NeuillysurMarne-blanc.png\",\"width\":3308,\"height\":2586,\"caption\":\"Mairie de Neuilly-sur-Marne\"},\"image\":{\"@id\":\"https:\\\/\\\/www.neuillysurmarne.fr\\\/es\\\/#\\\/schema\\\/logo\\\/image\\\/\"},\"sameAs\":[\"https:\\\/\\\/www.facebook.com\\\/ville.neuilly\",\"https:\\\/\\\/www.instagram.com\\\/neuilly_marne\\\/\",\"https:\\\/\\\/www.linkedin.com\\\/company\\\/ville-de-neuilly-sur-marne\\\/\",\"https:\\\/\\\/www.youtube.com\\\/channel\\\/UCDdZ0TLrV8rfIqjBGvoeB5A\",\"https:\\\/\\\/www.tiktok.com\\\/@villedeneuillysurmarne\"]}]}<\/script>\n<!-- \/ Yoast SEO plugin. -->","yoast_head_json":{"title":"Histoire noc\u00e9enne - Mairie de Neuilly-sur-Marne","robots":{"index":"index","follow":"follow","max-snippet":"max-snippet:-1","max-image-preview":"max-image-preview:large","max-video-preview":"max-video-preview:-1"},"canonical":"https:\/\/www.neuillysurmarne.fr\/es\/histoire-noceenne\/","og_locale":"es_ES","og_type":"article","og_title":"Histoire noc\u00e9enne - Mairie de Neuilly-sur-Marne","og_description":"Histoire de la Ville Par o\u00f9 commencer l&rsquo;histoire de Neuilly-sur-Marne ? S\u2019il est difficile de savoir pr\u00e9cis\u00e9ment \u00e0 partir de quand le territoire correspondant \u00e0 notre commune a commenc\u00e9 \u00e0 \u00eatre occup\u00e9 par l\u2019Homme, des traces nous permettent de remonter tr\u00e8s loin. Des bifaces datant de l\u2019Acheul\u00e9en retrouv\u00e9s sur le site de Ville-Evrard signalent une [&hellip;]","og_url":"https:\/\/www.neuillysurmarne.fr\/es\/histoire-noceenne\/","og_site_name":"Mairie de Neuilly-sur-Marne","article_publisher":"https:\/\/www.facebook.com\/ville.neuilly","article_modified_time":"2024-06-21T13:57:05+00:00","og_image":[{"width":1647,"height":1048,"url":"https:\/\/www.neuillysurmarne.fr\/wp-content\/uploads\/2024\/06\/AMNeuillySurMarne_2Fi0198_1.jpg","type":"image\/jpeg"}],"twitter_card":"summary_large_image","twitter_misc":{"Tiempo de lectura":"23 minutos"},"schema":{"@context":"https:\/\/schema.org","@graph":[{"@type":"WebPage","@id":"https:\/\/www.neuillysurmarne.fr\/histoire-noceenne\/","url":"https:\/\/www.neuillysurmarne.fr\/histoire-noceenne\/","name":"Histoire noc\u00e9enne - Mairie de Neuilly-sur-Marne","isPartOf":{"@id":"https:\/\/www.neuillysurmarne.fr\/es\/#website"},"primaryImageOfPage":{"@id":"https:\/\/www.neuillysurmarne.fr\/histoire-noceenne\/#primaryimage"},"image":{"@id":"https:\/\/www.neuillysurmarne.fr\/histoire-noceenne\/#primaryimage"},"thumbnailUrl":"https:\/\/www.neuillysurmarne.fr\/wp-content\/uploads\/2024\/06\/AMNeuillySurMarne_2Fi0198_1.jpg","datePublished":"2024-04-23T08:04:28+00:00","dateModified":"2024-06-21T13:57:05+00:00","breadcrumb":{"@id":"https:\/\/www.neuillysurmarne.fr\/histoire-noceenne\/#breadcrumb"},"inLanguage":"es","potentialAction":[{"@type":"ReadAction","target":["https:\/\/www.neuillysurmarne.fr\/histoire-noceenne\/"]}]},{"@type":"ImageObject","inLanguage":"es","@id":"https:\/\/www.neuillysurmarne.fr\/histoire-noceenne\/#primaryimage","url":"https:\/\/www.neuillysurmarne.fr\/wp-content\/uploads\/2024\/06\/AMNeuillySurMarne_2Fi0198_1.jpg","contentUrl":"https:\/\/www.neuillysurmarne.fr\/wp-content\/uploads\/2024\/06\/AMNeuillySurMarne_2Fi0198_1.jpg","width":1647,"height":1048},{"@type":"BreadcrumbList","@id":"https:\/\/www.neuillysurmarne.fr\/histoire-noceenne\/#breadcrumb","itemListElement":[{"@type":"ListItem","position":1,"name":"Accueil","item":"https:\/\/www.neuillysurmarne.fr\/"},{"@type":"ListItem","position":2,"name":"Histoire noc\u00e9enne"}]},{"@type":"WebSite","@id":"https:\/\/www.neuillysurmarne.fr\/es\/#website","url":"https:\/\/www.neuillysurmarne.fr\/es\/","name":"Ayuntamiento de Neuilly-sur-Marne","description":"BETA","publisher":{"@id":"https:\/\/www.neuillysurmarne.fr\/es\/#organization"},"potentialAction":[{"@type":"SearchAction","target":{"@type":"EntryPoint","urlTemplate":"https:\/\/www.neuillysurmarne.fr\/es\/?s={search_term_string}"},"query-input":{"@type":"PropertyValueSpecification","valueRequired":true,"valueName":"search_term_string"}}],"inLanguage":"es"},{"@type":"Organization","@id":"https:\/\/www.neuillysurmarne.fr\/es\/#organization","name":"Ayuntamiento de Neuilly-sur-Marne","url":"https:\/\/www.neuillysurmarne.fr\/es\/","logo":{"@type":"ImageObject","inLanguage":"es","@id":"https:\/\/www.neuillysurmarne.fr\/es\/#\/schema\/logo\/image\/","url":"https:\/\/www.neuillysurmarne.fr\/wp-content\/uploads\/2023\/10\/LOGO-NeuillysurMarne-blanc.png","contentUrl":"https:\/\/www.neuillysurmarne.fr\/wp-content\/uploads\/2023\/10\/LOGO-NeuillysurMarne-blanc.png","width":3308,"height":2586,"caption":"Mairie de Neuilly-sur-Marne"},"image":{"@id":"https:\/\/www.neuillysurmarne.fr\/es\/#\/schema\/logo\/image\/"},"sameAs":["https:\/\/www.facebook.com\/ville.neuilly","https:\/\/www.instagram.com\/neuilly_marne\/","https:\/\/www.linkedin.com\/company\/ville-de-neuilly-sur-marne\/","https:\/\/www.youtube.com\/channel\/UCDdZ0TLrV8rfIqjBGvoeB5A","https:\/\/www.tiktok.com\/@villedeneuillysurmarne"]}]}},"_links":{"self":[{"href":"https:\/\/www.neuillysurmarne.fr\/es\/wp-json\/wp\/v2\/pages\/6447","targetHints":{"allow":["GET"]}}],"collection":[{"href":"https:\/\/www.neuillysurmarne.fr\/es\/wp-json\/wp\/v2\/pages"}],"about":[{"href":"https:\/\/www.neuillysurmarne.fr\/es\/wp-json\/wp\/v2\/types\/page"}],"author":[{"embeddable":true,"href":"https:\/\/www.neuillysurmarne.fr\/es\/wp-json\/wp\/v2\/users\/1"}],"replies":[{"embeddable":true,"href":"https:\/\/www.neuillysurmarne.fr\/es\/wp-json\/wp\/v2\/comments?post=6447"}],"version-history":[{"count":11,"href":"https:\/\/www.neuillysurmarne.fr\/es\/wp-json\/wp\/v2\/pages\/6447\/revisions"}],"predecessor-version":[{"id":11723,"href":"https:\/\/www.neuillysurmarne.fr\/es\/wp-json\/wp\/v2\/pages\/6447\/revisions\/11723"}],"wp:featuredmedia":[{"embeddable":true,"href":"https:\/\/www.neuillysurmarne.fr\/es\/wp-json\/wp\/v2\/media\/9875"}],"wp:attachment":[{"href":"https:\/\/www.neuillysurmarne.fr\/es\/wp-json\/wp\/v2\/media?parent=6447"}],"curies":[{"name":"wp","href":"https:\/\/api.w.org\/{rel}","templated":true}]}}