{"id":9539,"date":"2024-06-18T16:39:46","date_gmt":"2024-06-18T14:39:46","guid":{"rendered":"https:\/\/www.neuillysurmarne.fr\/?page_id=9539"},"modified":"2026-04-13T18:51:57","modified_gmt":"2026-04-13T16:51:57","slug":"micro-folie","status":"publish","type":"page","link":"https:\/\/www.neuillysurmarne.fr\/es\/micro-folie\/","title":{"rendered":"Micro-Folie"},"content":{"rendered":"<div data-elementor-type=\"wp-page\" data-elementor-id=\"9539\" class=\"elementor elementor-9539\" data-elementor-post-type=\"page\">\n\t\t\t\t<div class=\"elementor-element elementor-element-b6917f3 e-flex e-con-boxed e-con e-parent\" data-id=\"b6917f3\" data-element_type=\"container\" data-e-type=\"container\">\n\t\t\t\t\t<div class=\"e-con-inner\">\n\t\t<div class=\"elementor-element elementor-element-916b32c e-grid e-con-full e-con e-child\" data-id=\"916b32c\" data-element_type=\"container\" data-e-type=\"container\">\n\t\t\t\t<div class=\"elementor-element elementor-element-27ed0db elementor-widget elementor-widget-text-editor\" data-id=\"27ed0db\" data-element_type=\"widget\" data-e-type=\"widget\" data-widget_type=\"text-editor.default\">\n\t\t\t\t<div class=\"elementor-widget-container\">\n\t\t\t\t\t\t\t\t\t<h3 class=\"wp-block-heading\"><strong>\u00bfQu\u00e9 es una microfolie?<\/strong><\/h3><p><strong>Una Micro-Folie es un espacio modular que ofrece un acceso l\u00fadico a las obras de arte de los grandes museos nacionales gracias al Museo Digital.<\/strong>, c\u0153ur du dispositif, qui pr\u00e9sente plus de 5 000 \u0153uvres num\u00e9ris\u00e9es, issues du r\u00e9seau de 367 \u00e9tablissements culturels partenaires qu&rsquo;ils soient nationaux, r\u00e9gionaux ou internationaux.<\/p><p>La Micro-Folie tambi\u00e9n ofrece actividades complementarias como <strong>un espacio de Realidad Virtual<\/strong>.<\/p><p>Verdadera plataforma cultural local, la Micro-Folie pone la cultura al alcance de todos reuniendo varios miles de obras maestras.<\/p>\t\t\t\t\t\t\t\t<\/div>\n\t\t\t\t<\/div>\n\t\t\t\t<div class=\"elementor-element elementor-element-a4466b9 elementor-widget elementor-widget-video\" data-id=\"a4466b9\" data-element_type=\"widget\" data-e-type=\"widget\" data-settings=\"{&quot;youtube_url&quot;:&quot;https:\\\/\\\/youtu.be\\\/yLxzt0ITa5c&quot;,&quot;autoplay&quot;:&quot;yes&quot;,&quot;video_type&quot;:&quot;youtube&quot;,&quot;controls&quot;:&quot;yes&quot;}\" data-widget_type=\"video.default\">\n\t\t\t\t<div class=\"elementor-widget-container\">\n\t\t\t\t\t\t\t<div class=\"elementor-wrapper elementor-open-inline\">\n\t\t\t<div class=\"elementor-video\"><\/div>\t\t<\/div>\n\t\t\t\t\t\t<\/div>\n\t\t\t\t<\/div>\n\t\t\t\t<\/div>\n\t\t\t\t<div class=\"elementor-element elementor-element-8673201 elementor-widget elementor-widget-n-accordion\" data-id=\"8673201\" data-element_type=\"widget\" data-e-type=\"widget\" data-settings=\"{&quot;default_state&quot;:&quot;all_collapsed&quot;,&quot;max_items_expended&quot;:&quot;one&quot;,&quot;n_accordion_animation_duration&quot;:{&quot;unit&quot;:&quot;ms&quot;,&quot;size&quot;:400,&quot;sizes&quot;:[]}}\" data-widget_type=\"nested-accordion.default\">\n\t\t\t\t<div class=\"elementor-widget-container\">\n\t\t\t\t\t\t\t<div class=\"e-n-accordion\" aria-label=\"Acorde\u00f3n. Abra los enlaces con Intro o Espacio, ci\u00e9rrelos con Escape y navegue con las teclas de flecha.\">\n\t\t\t\t\t\t<details id=\"e-n-accordion-item-1400\" class=\"e-n-accordion-item\" >\n\t\t\t\t<summary class=\"e-n-accordion-item-title\" data-accordion-index=\"1\" tabindex=\"0\" aria-expanded=\"false\" aria-controls=\"e-n-accordion-item-1400\" >\n\t\t\t\t\t<span class='e-n-accordion-item-title-header'><div class=\"e-n-accordion-item-title-text\"> Museo digital <\/div><\/span>\n\t\t\t\t\t\t\t<span class='e-n-accordion-item-title-icon'>\n\t\t\t<span class='e-opened' ><svg aria-hidden=\"true\" class=\"e-font-icon-svg e-fas-minus\" viewbox=\"0 0 448 512\" xmlns=\"http:\/\/www.w3.org\/2000\/svg\"><path d=\"M416 208H32c-17.67 0-32 14.33-32 32v32c0 17.67 14.33 32 32 32h384c17.67 0 32-14.33 32-32v-32c0-17.67-14.33-32-32-32z\"><\/path><\/svg><\/span>\n\t\t\t<span class='e-closed'><svg aria-hidden=\"true\" class=\"e-font-icon-svg e-fas-plus\" viewbox=\"0 0 448 512\" xmlns=\"http:\/\/www.w3.org\/2000\/svg\"><path d=\"M416 208H272V64c0-17.67-14.33-32-32-32h-32c-17.67 0-32 14.33-32 32v144H32c-17.67 0-32 14.33-32 32v32c0 17.67 14.33 32 32 32h144v144c0 17.67 14.33 32 32 32h32c17.67 0 32-14.33 32-32V304h144c17.67 0 32-14.33 32-32v-32c0-17.67-14.33-32-32-32z\"><\/path><\/svg><\/span>\n\t\t<\/span>\n\n\t\t\t\t\t\t<\/summary>\n\t\t\t\t<div role=\"region\" aria-labelledby=\"e-n-accordion-item-1400\" class=\"elementor-element elementor-element-764b993 e-con-full e-flex e-con e-child\" data-id=\"764b993\" data-element_type=\"container\" data-e-type=\"container\">\n\t\t\t\t<div class=\"elementor-element elementor-element-92e84d3 elementor-widget elementor-widget-text-editor\" data-id=\"92e84d3\" data-element_type=\"widget\" data-e-type=\"widget\" data-widget_type=\"text-editor.default\">\n\t\t\t\t<div class=\"elementor-widget-container\">\n\t\t\t\t\t\t\t\t\t<p><strong>El museo digital, accesible a todos<\/strong>, est le fruit de la collaboration de 367 mus\u00e9es et institutions culturelles nationales et internationales. Sur le grand mur d\u2019\u00e9crans, <strong>18 collections sont aujourd\u2019hui disponibles<\/strong>.<\/p><p>Adem\u00e1s de esta preciosa colecci\u00f3n cultural, cada mes la Micro-Folie le invita a descubrir una obra o un artista, en un formato breve, durante la emisi\u00f3n de breves relatos de arte.<\/p>\t\t\t\t\t\t\t\t<\/div>\n\t\t\t\t<\/div>\n\t\t\t\t<\/div>\n\t\t\t\t\t<\/details>\n\t\t\t\t\t\t<details id=\"e-n-accordion-item-1401\" class=\"e-n-accordion-item\" >\n\t\t\t\t<summary class=\"e-n-accordion-item-title\" data-accordion-index=\"2\" tabindex=\"-1\" aria-expanded=\"false\" aria-controls=\"e-n-accordion-item-1401\" >\n\t\t\t\t\t<span class='e-n-accordion-item-title-header'><div class=\"e-n-accordion-item-title-text\"> Realidad virtual <\/div><\/span>\n\t\t\t\t\t\t\t<span class='e-n-accordion-item-title-icon'>\n\t\t\t<span class='e-opened' ><svg aria-hidden=\"true\" class=\"e-font-icon-svg e-fas-minus\" viewbox=\"0 0 448 512\" xmlns=\"http:\/\/www.w3.org\/2000\/svg\"><path d=\"M416 208H32c-17.67 0-32 14.33-32 32v32c0 17.67 14.33 32 32 32h384c17.67 0 32-14.33 32-32v-32c0-17.67-14.33-32-32-32z\"><\/path><\/svg><\/span>\n\t\t\t<span class='e-closed'><svg aria-hidden=\"true\" class=\"e-font-icon-svg e-fas-plus\" viewbox=\"0 0 448 512\" xmlns=\"http:\/\/www.w3.org\/2000\/svg\"><path d=\"M416 208H272V64c0-17.67-14.33-32-32-32h-32c-17.67 0-32 14.33-32 32v144H32c-17.67 0-32 14.33-32 32v32c0 17.67 14.33 32 32 32h144v144c0 17.67 14.33 32 32 32h32c17.67 0 32-14.33 32-32V304h144c17.67 0 32-14.33 32-32v-32c0-17.67-14.33-32-32-32z\"><\/path><\/svg><\/span>\n\t\t<\/span>\n\n\t\t\t\t\t\t<\/summary>\n\t\t\t\t<div role=\"region\" aria-labelledby=\"e-n-accordion-item-1401\" class=\"elementor-element elementor-element-fecddf6 e-con-full e-flex e-con e-child\" data-id=\"fecddf6\" data-element_type=\"container\" data-e-type=\"container\">\n\t\t\t\t<div class=\"elementor-element elementor-element-63a74b0 elementor-widget elementor-widget-text-editor\" data-id=\"63a74b0\" data-element_type=\"widget\" data-e-type=\"widget\" data-widget_type=\"text-editor.default\">\n\t\t\t\t<div class=\"elementor-widget-container\">\n\t\t\t\t\t\t\t\t\t<p>Los cascos de realidad virtual pueden ser utilizados por cualquier persona mayor de 12 a\u00f1os, y la gama de experiencias disponibles no ha dejado de crecer con el paso de los meses. Tras descubrir <strong>Contenidos inmersivos en 360<\/strong> como una visita a Notre-Dame de Par\u00eds y la erupci\u00f3n del Vesubio en Pompeya, ahora es posible ir a\u00fan m\u00e1s lejos con<strong> aplicaciones interactivas<\/strong>.<\/p><p>Puzzling Places te permite crear puzles en 3D, mientras que Painting VR te ofrece una introducci\u00f3n virtual a la pintura.<\/p>\t\t\t\t\t\t\t\t<\/div>\n\t\t\t\t<\/div>\n\t\t\t\t<\/div>\n\t\t\t\t\t<\/details>\n\t\t\t\t\t\t<details id=\"e-n-accordion-item-1402\" class=\"e-n-accordion-item\" >\n\t\t\t\t<summary class=\"e-n-accordion-item-title\" data-accordion-index=\"3\" tabindex=\"-1\" aria-expanded=\"false\" aria-controls=\"e-n-accordion-item-1402\" >\n\t\t\t\t\t<span class='e-n-accordion-item-title-header'><div class=\"e-n-accordion-item-title-text\"> Rendez-vous r\u00e9guliers 2026 <\/div><\/span>\n\t\t\t\t\t\t\t<span class='e-n-accordion-item-title-icon'>\n\t\t\t<span class='e-opened' ><svg aria-hidden=\"true\" class=\"e-font-icon-svg e-fas-minus\" viewbox=\"0 0 448 512\" xmlns=\"http:\/\/www.w3.org\/2000\/svg\"><path d=\"M416 208H32c-17.67 0-32 14.33-32 32v32c0 17.67 14.33 32 32 32h384c17.67 0 32-14.33 32-32v-32c0-17.67-14.33-32-32-32z\"><\/path><\/svg><\/span>\n\t\t\t<span class='e-closed'><svg aria-hidden=\"true\" class=\"e-font-icon-svg e-fas-plus\" viewbox=\"0 0 448 512\" xmlns=\"http:\/\/www.w3.org\/2000\/svg\"><path d=\"M416 208H272V64c0-17.67-14.33-32-32-32h-32c-17.67 0-32 14.33-32 32v144H32c-17.67 0-32 14.33-32 32v32c0 17.67 14.33 32 32 32h144v144c0 17.67 14.33 32 32 32h32c17.67 0 32-14.33 32-32V304h144c17.67 0 32-14.33 32-32v-32c0-17.67-14.33-32-32-32z\"><\/path><\/svg><\/span>\n\t\t<\/span>\n\n\t\t\t\t\t\t<\/summary>\n\t\t\t\t<div role=\"region\" aria-labelledby=\"e-n-accordion-item-1402\" class=\"elementor-element elementor-element-e653bf9 e-con-full e-flex e-con e-child\" data-id=\"e653bf9\" data-element_type=\"container\" data-e-type=\"container\">\n\t\t\t\t<div class=\"elementor-element elementor-element-cf2f57e elementor-widget elementor-widget-text-editor\" data-id=\"cf2f57e\" data-element_type=\"widget\" data-e-type=\"widget\" data-widget_type=\"text-editor.default\">\n\t\t\t\t<div class=\"elementor-widget-container\">\n\t\t\t\t\t\t\t\t\t<p><strong>Las experiencias tambi\u00e9n se viven en el mundo real, <\/strong>avec des rendez-vous r\u00e9guliers : conf\u00e9rences d\u2019histoire de l\u2019art, diffusion de ballets, op\u00e9ras et pi\u00e8ces de th\u00e9\u00e2tre, visites th\u00e9matiques, ateliers d\u2019arts plastiques\u2026<\/p><p>Consulte a continuaci\u00f3n el programa de Micro-Folies para no perderse ni un solo evento.<\/p>\t\t\t\t\t\t\t\t<\/div>\n\t\t\t\t<\/div>\n\t\t\t\t<div class=\"elementor-element elementor-element-78934ab elementor-widget elementor-widget-text-editor\" data-id=\"78934ab\" data-element_type=\"widget\" data-e-type=\"widget\" data-widget_type=\"text-editor.default\">\n\t\t\t\t<div class=\"elementor-widget-container\">\n\t\t\t\t\t\t\t\t\t<h3><strong>En f\u00e9vrier : Collection Bretagne<\/strong><\/h3><p>Explorez la Bretagne \u00e0 travers une nouvelle Collection issue de 45 institutions culturelles.\u00a0Un corpus de 500 \u0153uvres s\u00e9lectionn\u00e9es d\u00e9voile un territoire riche en histoire, l\u00e9gendes, paysages et cr\u00e9ations contemporaines. De la Pr\u00e9histoire \u00e0 l\u2019art vivant, la Collection c\u00e9l\u00e8bre une culture plurielle et vivante. \u00c9cole de Pont-Aven, artisanat, mer, danse, cin\u00e9ma\u2026 un voyage unique au c\u0153ur de l\u2019\u00e2me bretonne.<\/p><h3><strong>En mars : Collection Paris<\/strong><\/h3><p>Riches de plus d\u2019un million d\u2019\u0153uvres d\u2019art, les mus\u00e9es de la Ville de Paris r\u00e9unissent des collections exceptionnelles par leur diversit\u00e9 et leur qualit\u00e9. Ces collections sont toutes des t\u00e9moins de l\u2019histoire de Paris et de l\u2019\u00e9volution de son patrimoine, de ses grandes figures et, plus g\u00e9n\u00e9ralement, de la place accord\u00e9e \u00e0 l\u2019art et \u00e0 la culture tout au long de son d\u00e9veloppement. Paris Mus\u00e9es vous propose de voyager au travers de cette collection de plus de 500 \u0153uvres pluridisciplinaires.<\/p><h3><strong>En avril : Collection Val de Loire<\/strong><\/h3><p>Cette collection compos\u00e9e de 250 \u0153uvres s\u2019attache \u00e0 pr\u00e9senter les tr\u00e9sors patrimoniaux de la r\u00e9gion Centre &#8211; Val de Loire, tout en accordant une place de choix \u00e0 la cr\u00e9ation contemporaine qui l\u2019anime. Vous aurez l\u2019opportunit\u00e9 de d\u00e9couvrir 8 ch\u00e2teaux et domaines d\u2019exceptions, pour la plupart class\u00e9s Patrimoine mondial de l\u2019UNESCO. Les s\u00e9lections choisies permettront d\u2019aborder autant leur histoire architecturale que celle des grands personnages qui y ont s\u00e9journ\u00e9.<\/p><h3><strong>En mai : Collection Pays de Loire<\/strong><\/h3><p>Venez d\u00e9couvrir la nouvelle collection du Mus\u00e9e Num\u00e9rique, inaugur\u00e9e en d\u00e9cembre. Cette nouvelle collection r\u00e9unissant plus de 30 partenaires culturels sera l&rsquo;occasion de c\u00e9l\u00e9brer la richesse et l&rsquo;histoire de la r\u00e9gion.\u00a0De la Loire \u00e0 la C\u00f4te d\u2019amour, du ch\u00e2teau des ducs de Bretagne au port de Saint-Nazaire, du clair-obscur \u00e9mouvant de Georges de La Tour \u00e0 l\u2019humour de Fabrice Hyber, de la musique baroque des Arts florissants \u00e0 la pi\u00e8ce chor\u00e9graphique d\u2019Ambra Senatore, la Collection r\u00e9gionale \u00e9labor\u00e9e pour Micro-Folie refl\u00e8te la richesse foisonnante du patrimoine et de la cr\u00e9ation \u00e0 travers le territoire lig\u00e9rien.<\/p><p>Renseignements <a href=\"mailto:microfolie@neuillysurmarne.fr\"><strong>microfolie@neuillysurmarne.fr<\/strong><\/a> \u2013 01 43 00 88 88<\/p>\t\t\t\t\t\t\t\t<\/div>\n\t\t\t\t<\/div>\n\t\t\t\t<\/div>\n\t\t\t\t\t<\/details>\n\t\t\t\t\t<\/div>\n\t\t\t\t\t\t<\/div>\n\t\t\t\t<\/div>\n\t\t\t\t\t<\/div>\n\t\t\t\t<\/div>\n\t\t<div class=\"elementor-element elementor-element-48b8b8e e-grid e-con-boxed e-con e-child\" data-id=\"48b8b8e\" data-element_type=\"container\" data-e-type=\"container\">\n\t\t\t\t\t<div class=\"e-con-inner\">\n\t\t\t\t<div class=\"elementor-element elementor-element-4a30f00 elementor-widget elementor-widget-text-editor\" data-id=\"4a30f00\" data-element_type=\"widget\" data-e-type=\"widget\" data-widget_type=\"text-editor.default\">\n\t\t\t\t<div class=\"elementor-widget-container\">\n\t\t\t\t\t\t\t\t\t<h3 class=\"destinataire\"><strong>Micro-Folie<br \/><\/strong><\/h3><div class=\"streetAddress\">\ud83d\udccd 2 avenue du Dauphin\u00e9<br \/>93330 Neuilly-sur-Marne<\/div><div>\u00a0<\/div><div class=\"streetAddress\"><span class=\"telephone\">\ud83d\udcde 01 43 00 88 88<br \/><\/span><\/div><div>\u00a0<\/div><div class=\"streetAddress\"><a class=\"email\" title=\"ce.0931512n@ac-creteil.fr\" href=\"mailto:microfolie@neuillysurmarne.fr\">\ud83d\udce7<strong> microfolie@neuillysurmarne.fr<\/strong><\/a><\/div><div>\u00a0<\/div><div>Horario :<\/div><ul><li>Martes: 15.00-18.30<\/li><li>Mi\u00e9rcoles: 14.00-18.00<\/li><li>S\u00e1bado: 14.00-16.30 h<\/li><\/ul><p><em>Los horarios de apertura de la Micro-Folie pueden variar durante las vacaciones escolares.<\/em><\/p>\t\t\t\t\t\t\t\t<\/div>\n\t\t\t\t<\/div>\n\t\t\t\t<div class=\"elementor-element elementor-element-9a760b8 elementor-widget elementor-widget-google_maps\" data-id=\"9a760b8\" data-element_type=\"widget\" data-e-type=\"widget\" data-widget_type=\"google_maps.default\">\n\t\t\t\t<div class=\"elementor-widget-container\">\n\t\t\t\t\t\t\t<div class=\"elementor-custom-embed\">\n\t\t\t<iframe loading=\"lazy\"\n\t\t\t\t\tsrc=\"https:\/\/maps.google.com\/maps?q=2%20avenue%20du%20Dauphin%C3%A9%2C%2093330&#038;t=m&#038;z=17&#038;output=embed&#038;iwloc=near\"\n\t\t\t\t\ttitle=\"2 avenue du Dauphin\u00e9, 93330 Francia\"\n\t\t\t\t\taria-label=\"2 avenue du Dauphin\u00e9, 93330 Francia\"\n\t\t\t><\/iframe>\n\t\t<\/div>\n\t\t\t\t\t\t<\/div>\n\t\t\t\t<\/div>\n\t\t\t\t<div class=\"elementor-element elementor-element-588b4d7 elementor-widget elementor-widget-image\" data-id=\"588b4d7\" data-element_type=\"widget\" data-e-type=\"widget\" data-widget_type=\"image.default\">\n\t\t\t\t<div class=\"elementor-widget-container\">\n\t\t\t\t\t\t\t\t\t\t\t\t\t\t\t<img fetchpriority=\"high\" decoding=\"async\" width=\"862\" height=\"861\" src=\"https:\/\/www.neuillysurmarne.fr\/wp-content\/uploads\/2024\/06\/microfolie-carre.jpg\" class=\"attachment-full size-full wp-image-9544\" alt=\"\" srcset=\"https:\/\/www.neuillysurmarne.fr\/wp-content\/uploads\/2024\/06\/microfolie-carre.jpg 862w, https:\/\/www.neuillysurmarne.fr\/wp-content\/uploads\/2024\/06\/microfolie-carre-300x300.jpg 300w, https:\/\/www.neuillysurmarne.fr\/wp-content\/uploads\/2024\/06\/microfolie-carre-150x150.jpg 150w, https:\/\/www.neuillysurmarne.fr\/wp-content\/uploads\/2024\/06\/microfolie-carre-768x767.jpg 768w\" sizes=\"(max-width: 862px) 100vw, 862px\" \/>\t\t\t\t\t\t\t\t\t\t\t\t\t\t\t<\/div>\n\t\t\t\t<\/div>\n\t\t\t\t\t<\/div>\n\t\t\t\t<\/div>\n\t\t<div class=\"elementor-element elementor-element-5cb02e9 e-flex e-con-boxed e-con e-parent\" data-id=\"5cb02e9\" data-element_type=\"container\" data-e-type=\"container\">\n\t\t\t\t\t<div class=\"e-con-inner\">\n\t\t\t\t<div class=\"elementor-element elementor-element-6b37380 elementor-widget elementor-widget-image\" data-id=\"6b37380\" data-element_type=\"widget\" data-e-type=\"widget\" data-widget_type=\"image.default\">\n\t\t\t\t<div class=\"elementor-widget-container\">\n\t\t\t\t\t\t\t\t\t\t\t\t\t\t\t\t<a href=\"https:\/\/www.neuillysurmarne.fr\/wp-content\/uploads\/2025\/04\/partenaires-micro-folie.jpg\" data-elementor-open-lightbox=\"yes\" data-elementor-lightbox-title=\"partenaires micro folie\" data-e-action-hash=\"#elementor-action%3Aaction%3Dlightbox%26settings%3DeyJpZCI6MTQ5OTUsInVybCI6Imh0dHBzOlwvXC93d3cubmV1aWxseXN1cm1hcm5lLmZyXC93cC1jb250ZW50XC91cGxvYWRzXC8yMDI1XC8wNFwvcGFydGVuYWlyZXMtbWljcm8tZm9saWUuanBnIn0%3D\">\n\t\t\t\t\t\t\t<img decoding=\"async\" width=\"666\" height=\"766\" src=\"https:\/\/www.neuillysurmarne.fr\/wp-content\/uploads\/2025\/04\/partenaires-micro-folie.jpg\" class=\"attachment-1536x1536 size-1536x1536 wp-image-14995\" alt=\"\" srcset=\"https:\/\/www.neuillysurmarne.fr\/wp-content\/uploads\/2025\/04\/partenaires-micro-folie.jpg 666w, https:\/\/www.neuillysurmarne.fr\/wp-content\/uploads\/2025\/04\/partenaires-micro-folie-261x300.jpg 261w, https:\/\/www.neuillysurmarne.fr\/wp-content\/uploads\/2025\/04\/partenaires-micro-folie-10x12.jpg 10w\" sizes=\"(max-width: 666px) 100vw, 666px\" \/>\t\t\t\t\t\t\t\t<\/a>\n\t\t\t\t\t\t\t\t\t\t\t\t\t\t\t<\/div>\n\t\t\t\t<\/div>\n\t\t\t\t\t<\/div>\n\t\t\t\t<\/div>\n\t\t\t\t<\/div>","protected":false},"excerpt":{"rendered":"<p>Qu\u2019est-ce qu\u2019une Micro-Folie ? Une Micro-Folie est un espace modulable offrant un acc\u00e8s ludique aux \u0153uvres des plus grands mus\u00e9es nationaux gr\u00e2ce au Mus\u00e9e num\u00e9rique, c\u0153ur du dispositif, qui pr\u00e9sente plus de 5 000 \u0153uvres num\u00e9ris\u00e9es, issues du r\u00e9seau de 367 \u00e9tablissements culturels partenaires qu&rsquo;ils soient nationaux, r\u00e9gionaux ou internationaux. La Micro-Folie propose \u00e9galement des [&hellip;]<\/p>\n","protected":false},"author":2,"featured_media":9445,"parent":0,"menu_order":0,"comment_status":"closed","ping_status":"closed","template":"","meta":{"_acf_changed":false,"footnotes":""},"class_list":["post-9539","page","type-page","status-publish","has-post-thumbnail","hentry"],"acf":[],"yoast_head":"<!-- This site is optimized with the Yoast SEO plugin v27.5 - https:\/\/yoast.com\/product\/yoast-seo-wordpress\/ -->\n<title>Micro-Folie - Mairie de Neuilly-sur-Marne<\/title>\n<meta name=\"robots\" content=\"index, follow, max-snippet:-1, max-image-preview:large, max-video-preview:-1\" \/>\n<link rel=\"canonical\" href=\"https:\/\/www.neuillysurmarne.fr\/es\/micro-folie\/\" \/>\n<meta property=\"og:locale\" content=\"es_ES\" \/>\n<meta property=\"og:type\" content=\"article\" \/>\n<meta property=\"og:title\" content=\"Micro-Folie - Mairie de Neuilly-sur-Marne\" \/>\n<meta property=\"og:description\" content=\"Qu\u2019est-ce qu\u2019une Micro-Folie ? Une Micro-Folie est un espace modulable offrant un acc\u00e8s ludique aux \u0153uvres des plus grands mus\u00e9es nationaux gr\u00e2ce au Mus\u00e9e num\u00e9rique, c\u0153ur du dispositif, qui pr\u00e9sente plus de 5 000 \u0153uvres num\u00e9ris\u00e9es, issues du r\u00e9seau de 367 \u00e9tablissements culturels partenaires qu&rsquo;ils soient nationaux, r\u00e9gionaux ou internationaux. La Micro-Folie propose \u00e9galement des [&hellip;]\" \/>\n<meta property=\"og:url\" content=\"https:\/\/www.neuillysurmarne.fr\/es\/micro-folie\/\" \/>\n<meta property=\"og:site_name\" content=\"Mairie de Neuilly-sur-Marne\" \/>\n<meta property=\"article:publisher\" content=\"https:\/\/www.facebook.com\/ville.neuilly\" \/>\n<meta property=\"article:modified_time\" content=\"2026-04-13T16:51:57+00:00\" \/>\n<meta property=\"og:image\" content=\"https:\/\/www.neuillysurmarne.fr\/wp-content\/uploads\/2024\/06\/micro-folie-bd-121-scaled.jpg\" \/>\n\t<meta property=\"og:image:width\" content=\"2560\" \/>\n\t<meta property=\"og:image:height\" content=\"1707\" \/>\n\t<meta property=\"og:image:type\" content=\"image\/jpeg\" \/>\n<meta name=\"twitter:card\" content=\"summary_large_image\" \/>\n<meta name=\"twitter:label1\" content=\"Tiempo de lectura\" \/>\n\t<meta name=\"twitter:data1\" content=\"7 minutos\" \/>\n<script type=\"application\/ld+json\" class=\"yoast-schema-graph\">{\"@context\":\"https:\\\/\\\/schema.org\",\"@graph\":[{\"@type\":\"WebPage\",\"@id\":\"https:\\\/\\\/www.neuillysurmarne.fr\\\/micro-folie\\\/\",\"url\":\"https:\\\/\\\/www.neuillysurmarne.fr\\\/micro-folie\\\/\",\"name\":\"Micro-Folie - Mairie de Neuilly-sur-Marne\",\"isPartOf\":{\"@id\":\"https:\\\/\\\/www.neuillysurmarne.fr\\\/es\\\/#website\"},\"primaryImageOfPage\":{\"@id\":\"https:\\\/\\\/www.neuillysurmarne.fr\\\/micro-folie\\\/#primaryimage\"},\"image\":{\"@id\":\"https:\\\/\\\/www.neuillysurmarne.fr\\\/micro-folie\\\/#primaryimage\"},\"thumbnailUrl\":\"https:\\\/\\\/www.neuillysurmarne.fr\\\/wp-content\\\/uploads\\\/2024\\\/06\\\/micro-folie-bd-121-scaled.jpg\",\"datePublished\":\"2024-06-18T14:39:46+00:00\",\"dateModified\":\"2026-04-13T16:51:57+00:00\",\"breadcrumb\":{\"@id\":\"https:\\\/\\\/www.neuillysurmarne.fr\\\/micro-folie\\\/#breadcrumb\"},\"inLanguage\":\"es\",\"potentialAction\":[{\"@type\":\"ReadAction\",\"target\":[\"https:\\\/\\\/www.neuillysurmarne.fr\\\/micro-folie\\\/\"]}]},{\"@type\":\"ImageObject\",\"inLanguage\":\"es\",\"@id\":\"https:\\\/\\\/www.neuillysurmarne.fr\\\/micro-folie\\\/#primaryimage\",\"url\":\"https:\\\/\\\/www.neuillysurmarne.fr\\\/wp-content\\\/uploads\\\/2024\\\/06\\\/micro-folie-bd-121-scaled.jpg\",\"contentUrl\":\"https:\\\/\\\/www.neuillysurmarne.fr\\\/wp-content\\\/uploads\\\/2024\\\/06\\\/micro-folie-bd-121-scaled.jpg\",\"width\":2560,\"height\":1707},{\"@type\":\"BreadcrumbList\",\"@id\":\"https:\\\/\\\/www.neuillysurmarne.fr\\\/micro-folie\\\/#breadcrumb\",\"itemListElement\":[{\"@type\":\"ListItem\",\"position\":1,\"name\":\"Accueil\",\"item\":\"https:\\\/\\\/www.neuillysurmarne.fr\\\/\"},{\"@type\":\"ListItem\",\"position\":2,\"name\":\"Micro-Folie\"}]},{\"@type\":\"WebSite\",\"@id\":\"https:\\\/\\\/www.neuillysurmarne.fr\\\/es\\\/#website\",\"url\":\"https:\\\/\\\/www.neuillysurmarne.fr\\\/es\\\/\",\"name\":\"Mairie de Neuilly-sur-Marne\",\"description\":\"BETA\",\"publisher\":{\"@id\":\"https:\\\/\\\/www.neuillysurmarne.fr\\\/es\\\/#organization\"},\"potentialAction\":[{\"@type\":\"SearchAction\",\"target\":{\"@type\":\"EntryPoint\",\"urlTemplate\":\"https:\\\/\\\/www.neuillysurmarne.fr\\\/es\\\/?s={search_term_string}\"},\"query-input\":{\"@type\":\"PropertyValueSpecification\",\"valueRequired\":true,\"valueName\":\"search_term_string\"}}],\"inLanguage\":\"es\"},{\"@type\":\"Organization\",\"@id\":\"https:\\\/\\\/www.neuillysurmarne.fr\\\/es\\\/#organization\",\"name\":\"Mairie de Neuilly-sur-Marne\",\"url\":\"https:\\\/\\\/www.neuillysurmarne.fr\\\/es\\\/\",\"logo\":{\"@type\":\"ImageObject\",\"inLanguage\":\"es\",\"@id\":\"https:\\\/\\\/www.neuillysurmarne.fr\\\/es\\\/#\\\/schema\\\/logo\\\/image\\\/\",\"url\":\"https:\\\/\\\/www.neuillysurmarne.fr\\\/wp-content\\\/uploads\\\/2023\\\/10\\\/LOGO-NeuillysurMarne-blanc.png\",\"contentUrl\":\"https:\\\/\\\/www.neuillysurmarne.fr\\\/wp-content\\\/uploads\\\/2023\\\/10\\\/LOGO-NeuillysurMarne-blanc.png\",\"width\":3308,\"height\":2586,\"caption\":\"Mairie de Neuilly-sur-Marne\"},\"image\":{\"@id\":\"https:\\\/\\\/www.neuillysurmarne.fr\\\/es\\\/#\\\/schema\\\/logo\\\/image\\\/\"},\"sameAs\":[\"https:\\\/\\\/www.facebook.com\\\/ville.neuilly\",\"https:\\\/\\\/www.instagram.com\\\/neuilly_marne\\\/\",\"https:\\\/\\\/www.linkedin.com\\\/company\\\/ville-de-neuilly-sur-marne\\\/\",\"https:\\\/\\\/www.youtube.com\\\/channel\\\/UCDdZ0TLrV8rfIqjBGvoeB5A\",\"https:\\\/\\\/www.tiktok.com\\\/@villedeneuillysurmarne\"]}]}<\/script>\n<!-- \/ Yoast SEO plugin. -->","yoast_head_json":{"title":"Micro-Folie - Mairie de Neuilly-sur-Marne","robots":{"index":"index","follow":"follow","max-snippet":"max-snippet:-1","max-image-preview":"max-image-preview:large","max-video-preview":"max-video-preview:-1"},"canonical":"https:\/\/www.neuillysurmarne.fr\/es\/micro-folie\/","og_locale":"es_ES","og_type":"article","og_title":"Micro-Folie - Mairie de Neuilly-sur-Marne","og_description":"Qu\u2019est-ce qu\u2019une Micro-Folie ? Une Micro-Folie est un espace modulable offrant un acc\u00e8s ludique aux \u0153uvres des plus grands mus\u00e9es nationaux gr\u00e2ce au Mus\u00e9e num\u00e9rique, c\u0153ur du dispositif, qui pr\u00e9sente plus de 5 000 \u0153uvres num\u00e9ris\u00e9es, issues du r\u00e9seau de 367 \u00e9tablissements culturels partenaires qu&rsquo;ils soient nationaux, r\u00e9gionaux ou internationaux. La Micro-Folie propose \u00e9galement des [&hellip;]","og_url":"https:\/\/www.neuillysurmarne.fr\/es\/micro-folie\/","og_site_name":"Mairie de Neuilly-sur-Marne","article_publisher":"https:\/\/www.facebook.com\/ville.neuilly","article_modified_time":"2026-04-13T16:51:57+00:00","og_image":[{"width":2560,"height":1707,"url":"https:\/\/www.neuillysurmarne.fr\/wp-content\/uploads\/2024\/06\/micro-folie-bd-121-scaled.jpg","type":"image\/jpeg"}],"twitter_card":"summary_large_image","twitter_misc":{"Tiempo de lectura":"7 minutos"},"schema":{"@context":"https:\/\/schema.org","@graph":[{"@type":"WebPage","@id":"https:\/\/www.neuillysurmarne.fr\/micro-folie\/","url":"https:\/\/www.neuillysurmarne.fr\/micro-folie\/","name":"Micro-Folie - Mairie de Neuilly-sur-Marne","isPartOf":{"@id":"https:\/\/www.neuillysurmarne.fr\/es\/#website"},"primaryImageOfPage":{"@id":"https:\/\/www.neuillysurmarne.fr\/micro-folie\/#primaryimage"},"image":{"@id":"https:\/\/www.neuillysurmarne.fr\/micro-folie\/#primaryimage"},"thumbnailUrl":"https:\/\/www.neuillysurmarne.fr\/wp-content\/uploads\/2024\/06\/micro-folie-bd-121-scaled.jpg","datePublished":"2024-06-18T14:39:46+00:00","dateModified":"2026-04-13T16:51:57+00:00","breadcrumb":{"@id":"https:\/\/www.neuillysurmarne.fr\/micro-folie\/#breadcrumb"},"inLanguage":"es","potentialAction":[{"@type":"ReadAction","target":["https:\/\/www.neuillysurmarne.fr\/micro-folie\/"]}]},{"@type":"ImageObject","inLanguage":"es","@id":"https:\/\/www.neuillysurmarne.fr\/micro-folie\/#primaryimage","url":"https:\/\/www.neuillysurmarne.fr\/wp-content\/uploads\/2024\/06\/micro-folie-bd-121-scaled.jpg","contentUrl":"https:\/\/www.neuillysurmarne.fr\/wp-content\/uploads\/2024\/06\/micro-folie-bd-121-scaled.jpg","width":2560,"height":1707},{"@type":"BreadcrumbList","@id":"https:\/\/www.neuillysurmarne.fr\/micro-folie\/#breadcrumb","itemListElement":[{"@type":"ListItem","position":1,"name":"Accueil","item":"https:\/\/www.neuillysurmarne.fr\/"},{"@type":"ListItem","position":2,"name":"Micro-Folie"}]},{"@type":"WebSite","@id":"https:\/\/www.neuillysurmarne.fr\/es\/#website","url":"https:\/\/www.neuillysurmarne.fr\/es\/","name":"Ayuntamiento de Neuilly-sur-Marne","description":"BETA","publisher":{"@id":"https:\/\/www.neuillysurmarne.fr\/es\/#organization"},"potentialAction":[{"@type":"SearchAction","target":{"@type":"EntryPoint","urlTemplate":"https:\/\/www.neuillysurmarne.fr\/es\/?s={search_term_string}"},"query-input":{"@type":"PropertyValueSpecification","valueRequired":true,"valueName":"search_term_string"}}],"inLanguage":"es"},{"@type":"Organization","@id":"https:\/\/www.neuillysurmarne.fr\/es\/#organization","name":"Ayuntamiento de Neuilly-sur-Marne","url":"https:\/\/www.neuillysurmarne.fr\/es\/","logo":{"@type":"ImageObject","inLanguage":"es","@id":"https:\/\/www.neuillysurmarne.fr\/es\/#\/schema\/logo\/image\/","url":"https:\/\/www.neuillysurmarne.fr\/wp-content\/uploads\/2023\/10\/LOGO-NeuillysurMarne-blanc.png","contentUrl":"https:\/\/www.neuillysurmarne.fr\/wp-content\/uploads\/2023\/10\/LOGO-NeuillysurMarne-blanc.png","width":3308,"height":2586,"caption":"Mairie de Neuilly-sur-Marne"},"image":{"@id":"https:\/\/www.neuillysurmarne.fr\/es\/#\/schema\/logo\/image\/"},"sameAs":["https:\/\/www.facebook.com\/ville.neuilly","https:\/\/www.instagram.com\/neuilly_marne\/","https:\/\/www.linkedin.com\/company\/ville-de-neuilly-sur-marne\/","https:\/\/www.youtube.com\/channel\/UCDdZ0TLrV8rfIqjBGvoeB5A","https:\/\/www.tiktok.com\/@villedeneuillysurmarne"]}]}},"_links":{"self":[{"href":"https:\/\/www.neuillysurmarne.fr\/es\/wp-json\/wp\/v2\/pages\/9539","targetHints":{"allow":["GET"]}}],"collection":[{"href":"https:\/\/www.neuillysurmarne.fr\/es\/wp-json\/wp\/v2\/pages"}],"about":[{"href":"https:\/\/www.neuillysurmarne.fr\/es\/wp-json\/wp\/v2\/types\/page"}],"author":[{"embeddable":true,"href":"https:\/\/www.neuillysurmarne.fr\/es\/wp-json\/wp\/v2\/users\/2"}],"replies":[{"embeddable":true,"href":"https:\/\/www.neuillysurmarne.fr\/es\/wp-json\/wp\/v2\/comments?post=9539"}],"version-history":[{"count":64,"href":"https:\/\/www.neuillysurmarne.fr\/es\/wp-json\/wp\/v2\/pages\/9539\/revisions"}],"predecessor-version":[{"id":17929,"href":"https:\/\/www.neuillysurmarne.fr\/es\/wp-json\/wp\/v2\/pages\/9539\/revisions\/17929"}],"wp:featuredmedia":[{"embeddable":true,"href":"https:\/\/www.neuillysurmarne.fr\/es\/wp-json\/wp\/v2\/media\/9445"}],"wp:attachment":[{"href":"https:\/\/www.neuillysurmarne.fr\/es\/wp-json\/wp\/v2\/media?parent=9539"}],"curies":[{"name":"wp","href":"https:\/\/api.w.org\/{rel}","templated":true}]}}