{"id":9780,"date":"2024-06-18T20:16:37","date_gmt":"2024-06-18T18:16:37","guid":{"rendered":"https:\/\/www.neuillysurmarne.fr\/?page_id=9780"},"modified":"2026-03-10T10:53:47","modified_gmt":"2026-03-10T09:53:47","slug":"patinoire","status":"publish","type":"page","link":"https:\/\/www.neuillysurmarne.fr\/es\/patinoire\/","title":{"rendered":"Pista de hielo"},"content":{"rendered":"<div data-elementor-type=\"wp-page\" data-elementor-id=\"9780\" class=\"elementor elementor-9780\" data-elementor-post-type=\"page\">\n\t\t\t\t<div class=\"elementor-element elementor-element-ec47d48 e-flex e-con-boxed e-con e-parent\" data-id=\"ec47d48\" data-element_type=\"container\" data-e-type=\"container\">\n\t\t\t\t\t<div class=\"e-con-inner\">\n\t\t\t\t<div class=\"elementor-element elementor-element-df5b734 elementor-widget elementor-widget-text-editor\" data-id=\"df5b734\" data-element_type=\"widget\" data-e-type=\"widget\" data-widget_type=\"text-editor.default\">\n\t\t\t\t<div class=\"elementor-widget-container\">\n\t\t\t\t\t\t\t\t\t<p>\u26f8\ufe0f\u00a0Fermeture de la patinoire pour comp\u00e9titions les <strong>samedi 4 et dimanche 5 avril, samedi 11 et dimanche 12 avril 2026<\/strong><\/p><p>\u26f8\ufe0f Plus de s\u00e9ances nocturnes <strong>\u00e0 partir du samedi 28 mars 2026<\/strong><\/p><p>\u26f8\ufe0f Fermeture annuelle de la patinoire le<strong> mercredi 27 mai 2026<\/strong> apr\u00e8s la s\u00e9ance de l\u2019apr\u00e8s-midi<\/p>\t\t\t\t\t\t\t\t<\/div>\n\t\t\t\t<\/div>\n\t\t\t\t<div class=\"elementor-element elementor-element-70e361d elementor-widget elementor-widget-n-accordion\" data-id=\"70e361d\" data-element_type=\"widget\" data-e-type=\"widget\" data-settings=\"{&quot;default_state&quot;:&quot;all_collapsed&quot;,&quot;max_items_expended&quot;:&quot;one&quot;,&quot;n_accordion_animation_duration&quot;:{&quot;unit&quot;:&quot;ms&quot;,&quot;size&quot;:400,&quot;sizes&quot;:[]}}\" data-widget_type=\"nested-accordion.default\">\n\t\t\t\t<div class=\"elementor-widget-container\">\n\t\t\t\t\t\t\t<div class=\"e-n-accordion\" aria-label=\"Acorde\u00f3n. Abra los enlaces con Intro o Espacio, ci\u00e9rrelos con Escape y navegue con las teclas de flecha.\">\n\t\t\t\t\t\t<details id=\"e-n-accordion-item-1180\" class=\"e-n-accordion-item\" >\n\t\t\t\t<summary class=\"e-n-accordion-item-title\" data-accordion-index=\"1\" tabindex=\"0\" aria-expanded=\"false\" aria-controls=\"e-n-accordion-item-1180\" >\n\t\t\t\t\t<span class='e-n-accordion-item-title-header'><div class=\"e-n-accordion-item-title-text\"> Condiciones de recepci\u00f3n <\/div><\/span>\n\t\t\t\t\t\t\t<span class='e-n-accordion-item-title-icon'>\n\t\t\t<span class='e-opened' ><svg aria-hidden=\"true\" class=\"e-font-icon-svg e-fas-minus\" viewbox=\"0 0 448 512\" xmlns=\"http:\/\/www.w3.org\/2000\/svg\"><path d=\"M416 208H32c-17.67 0-32 14.33-32 32v32c0 17.67 14.33 32 32 32h384c17.67 0 32-14.33 32-32v-32c0-17.67-14.33-32-32-32z\"><\/path><\/svg><\/span>\n\t\t\t<span class='e-closed'><svg aria-hidden=\"true\" class=\"e-font-icon-svg e-fas-plus\" viewbox=\"0 0 448 512\" xmlns=\"http:\/\/www.w3.org\/2000\/svg\"><path d=\"M416 208H272V64c0-17.67-14.33-32-32-32h-32c-17.67 0-32 14.33-32 32v144H32c-17.67 0-32 14.33-32 32v32c0 17.67 14.33 32 32 32h144v144c0 17.67 14.33 32 32 32h32c17.67 0 32-14.33 32-32V304h144c17.67 0 32-14.33 32-32v-32c0-17.67-14.33-32-32-32z\"><\/path><\/svg><\/span>\n\t\t<\/span>\n\n\t\t\t\t\t\t<\/summary>\n\t\t\t\t<div role=\"region\" aria-labelledby=\"e-n-accordion-item-1180\" class=\"elementor-element elementor-element-6d0683c e-con-full e-flex e-con e-child\" data-id=\"6d0683c\" data-element_type=\"container\" data-e-type=\"container\">\n\t\t\t\t<div class=\"elementor-element elementor-element-3edab60 elementor-widget elementor-widget-text-editor\" data-id=\"3edab60\" data-element_type=\"widget\" data-e-type=\"widget\" data-widget_type=\"text-editor.default\">\n\t\t\t\t<div class=\"elementor-widget-container\">\n\t\t\t\t\t\t\t\t\t<ul><li>Tribuna de 506 localidades<\/li><li>2 vestuarios con duchas<\/li><li>Competici\u00f3n nacional de patinaje art\u00edstico<\/li><li>Competiciones internacionales de hockey sobre hielo<\/li><li>Entrenamiento de patinaje de velocidad<\/li><li>60 plazas de aparcamiento y 2 plazas PMR<\/li><\/ul>\t\t\t\t\t\t\t\t<\/div>\n\t\t\t\t<\/div>\n\t\t\t\t<\/div>\n\t\t\t\t\t<\/details>\n\t\t\t\t\t\t<details id=\"e-n-accordion-item-1181\" class=\"e-n-accordion-item\" >\n\t\t\t\t<summary class=\"e-n-accordion-item-title\" data-accordion-index=\"2\" tabindex=\"-1\" aria-expanded=\"false\" aria-controls=\"e-n-accordion-item-1181\" >\n\t\t\t\t\t<span class='e-n-accordion-item-title-header'><div class=\"e-n-accordion-item-title-text\"> Tarifas <\/div><\/span>\n\t\t\t\t\t\t\t<span class='e-n-accordion-item-title-icon'>\n\t\t\t<span class='e-opened' ><svg aria-hidden=\"true\" class=\"e-font-icon-svg e-fas-minus\" viewbox=\"0 0 448 512\" xmlns=\"http:\/\/www.w3.org\/2000\/svg\"><path d=\"M416 208H32c-17.67 0-32 14.33-32 32v32c0 17.67 14.33 32 32 32h384c17.67 0 32-14.33 32-32v-32c0-17.67-14.33-32-32-32z\"><\/path><\/svg><\/span>\n\t\t\t<span class='e-closed'><svg aria-hidden=\"true\" class=\"e-font-icon-svg e-fas-plus\" viewbox=\"0 0 448 512\" xmlns=\"http:\/\/www.w3.org\/2000\/svg\"><path d=\"M416 208H272V64c0-17.67-14.33-32-32-32h-32c-17.67 0-32 14.33-32 32v144H32c-17.67 0-32 14.33-32 32v32c0 17.67 14.33 32 32 32h144v144c0 17.67 14.33 32 32 32h32c17.67 0 32-14.33 32-32V304h144c17.67 0 32-14.33 32-32v-32c0-17.67-14.33-32-32-32z\"><\/path><\/svg><\/span>\n\t\t<\/span>\n\n\t\t\t\t\t\t<\/summary>\n\t\t\t\t<div role=\"region\" aria-labelledby=\"e-n-accordion-item-1181\" class=\"elementor-element elementor-element-e9b41a8 e-con-full e-flex e-con e-child\" data-id=\"e9b41a8\" data-element_type=\"container\" data-e-type=\"container\">\n\t\t\t\t<div class=\"elementor-element elementor-element-ca1c303 elementor-widget elementor-widget-text-editor\" data-id=\"ca1c303\" data-element_type=\"widget\" data-e-type=\"widget\" data-widget_type=\"text-editor.default\">\n\t\t\t\t<div class=\"elementor-widget-container\">\n\t\t\t\t\t\t\t\t\t<table><tbody><tr><td colspan=\"2\"><strong>SERVICIOS<\/strong><\/td><\/tr><tr><td>Alquiler de patines<\/td><td>3.50 \u20ac<\/td><\/tr><tr><td>Afilado de patines<\/td><td>3.00 \u20ac<\/td><\/tr><tr><td colspan=\"2\"><strong>ADMISI\u00d3N MAYORES DE 15 A\u00d1OS<\/strong><\/td><\/tr><tr><td>1 entrada sin alquiler de patines<\/td><td>5.50 \u20ac<\/td><\/tr><tr><td>10 pases de adulto sin alquiler de patines<\/td><td>50.00 \u20ac<\/td><\/tr><tr><td>10 pases de adulto con alquiler de patines<\/td><td>80.00 \u20ac<\/td><\/tr><tr><td colspan=\"2\"><strong>ENTRADA REDUCIDA * (MENORES DE 15 A\u00d1OS, CARN\u00c9 DE FAMILIA NUMEROSA)<\/strong><\/td><\/tr><tr><td>1 entrada sin alquiler de patines<\/td><td>4.00 \u20ac<\/td><\/tr><tr><td>10 pases para ni\u00f1os sin alquiler de patines<\/td><td>35.00 \u20ac<\/td><\/tr><tr><td>10 pases para ni\u00f1os con alquiler de patines<\/td><td>55.00 \u20ac<\/td><\/tr><tr><td colspan=\"2\">\u00a0<\/td><\/tr><tr><td colspan=\"2\"><strong>TARIFAS PARA GRUPOS<\/strong><\/td><\/tr><tr><td>Tarifa de grupo (m\u00ednimo 20 personas)<\/td><td>6.50 \u20ac<\/td><\/tr><tr><td colspan=\"2\">\u00a0<\/td><\/tr><tr><td colspan=\"2\"><strong>VENTAJAS PARA LOS MIEMBROS DE UN CLUB AFILIADO A LA PISTA DE HIELO *.<\/strong><\/td><\/tr><tr><td colspan=\"2\"><strong>Adultos<\/strong><\/td><\/tr><tr><td>1 entrada sin alquiler de patines<\/td><td>4.50 \u20ac<\/td><\/tr><tr><td>Alquiler de patines<\/td><td>3.00 \u20ac<\/td><\/tr><tr><td colspan=\"2\"><strong>Ni\u00f1os<\/strong><\/td><\/tr><tr><td>1 entrada de ni\u00f1o sin alquiler de patines<\/td><td>3.50 \u20ac<\/td><\/tr><tr><td>Alquiler de patines<\/td><td>3.00 \u20ac<\/td><\/tr><tr><td colspan=\"2\"><strong>VARIOS<\/strong><\/td><\/tr><tr><td>Acompa\u00f1ante que no desea patinar<\/td><td>2.00 \u20ac<\/td><\/tr><\/tbody><\/table><p><em>*: previa presentaci\u00f3n de un recibo<\/em><\/p>\t\t\t\t\t\t\t\t<\/div>\n\t\t\t\t<\/div>\n\t\t\t\t<\/div>\n\t\t\t\t\t<\/details>\n\t\t\t\t\t\t<details id=\"e-n-accordion-item-1182\" class=\"e-n-accordion-item\" >\n\t\t\t\t<summary class=\"e-n-accordion-item-title\" data-accordion-index=\"3\" tabindex=\"-1\" aria-expanded=\"false\" aria-controls=\"e-n-accordion-item-1182\" >\n\t\t\t\t\t<span class='e-n-accordion-item-title-header'><div class=\"e-n-accordion-item-title-text\"> Horario - Per\u00edodo lectivo <\/div><\/span>\n\t\t\t\t\t\t\t<span class='e-n-accordion-item-title-icon'>\n\t\t\t<span class='e-opened' ><svg aria-hidden=\"true\" class=\"e-font-icon-svg e-fas-minus\" viewbox=\"0 0 448 512\" xmlns=\"http:\/\/www.w3.org\/2000\/svg\"><path d=\"M416 208H32c-17.67 0-32 14.33-32 32v32c0 17.67 14.33 32 32 32h384c17.67 0 32-14.33 32-32v-32c0-17.67-14.33-32-32-32z\"><\/path><\/svg><\/span>\n\t\t\t<span class='e-closed'><svg aria-hidden=\"true\" class=\"e-font-icon-svg e-fas-plus\" viewbox=\"0 0 448 512\" xmlns=\"http:\/\/www.w3.org\/2000\/svg\"><path d=\"M416 208H272V64c0-17.67-14.33-32-32-32h-32c-17.67 0-32 14.33-32 32v144H32c-17.67 0-32 14.33-32 32v32c0 17.67 14.33 32 32 32h144v144c0 17.67 14.33 32 32 32h32c17.67 0 32-14.33 32-32V304h144c17.67 0 32-14.33 32-32v-32c0-17.67-14.33-32-32-32z\"><\/path><\/svg><\/span>\n\t\t<\/span>\n\n\t\t\t\t\t\t<\/summary>\n\t\t\t\t<div role=\"region\" aria-labelledby=\"e-n-accordion-item-1182\" class=\"elementor-element elementor-element-51d738e e-con-full e-flex e-con e-child\" data-id=\"51d738e\" data-element_type=\"container\" data-e-type=\"container\">\n\t\t\t\t<div class=\"elementor-element elementor-element-9070cbd elementor-widget elementor-widget-text-editor\" data-id=\"9070cbd\" data-element_type=\"widget\" data-e-type=\"widget\" data-widget_type=\"text-editor.default\">\n\t\t\t\t<div class=\"elementor-widget-container\">\n\t\t\t\t\t\t\t\t\t<h3><strong>Proyecciones p\u00fablicas (periodos escolares) :<\/strong><\/h3><ul><li>Mercredi : 10h-11h45 et 15h-17h30<\/li><li>Vendredi : 21h-23h30<\/li><li>Samedi : 14h30-17h50* et 21h-23h50<\/li><li>Dimanche : 10h30-12h30 et 14h30-17h50<\/li><\/ul><p><em>L&rsquo;horaire de fin correspond \u00e0 l&rsquo;\u00e9vacuation de la patinoire. Fermeture des caisses 30 minutes avant l&rsquo;\u00e9vacuation de la patinoire. Toute sortie est d\u00e9finitive. Le port des gants et des chaussettes est OBLIGATOIRE pour patiner (enfants et adultes).<\/em><\/p><p>*Certains samedis, la patinoire fermera exceptionnellement \u00e0 17h en raison des matchs de Division 1 de l\u2019\u00e9quipe de hockey-sur-glace des Bisons. Pour conna\u00eetre les dates des rencontres, <strong><a href=\"https:\/\/www.neuillysurmarne.fr\/es\/agenda\/?e-filter-d6cb763-categorie-evenement=sport\">pulse aqu\u00ed<\/a><\/strong>.<\/p>\t\t\t\t\t\t\t\t<\/div>\n\t\t\t\t<\/div>\n\t\t\t\t<\/div>\n\t\t\t\t\t<\/details>\n\t\t\t\t\t\t<details id=\"e-n-accordion-item-1183\" class=\"e-n-accordion-item\" >\n\t\t\t\t<summary class=\"e-n-accordion-item-title\" data-accordion-index=\"4\" tabindex=\"-1\" aria-expanded=\"false\" aria-controls=\"e-n-accordion-item-1183\" >\n\t\t\t\t\t<span class='e-n-accordion-item-title-header'><div class=\"e-n-accordion-item-title-text\"> Horario de apertura - Fuera del horario escolar <\/div><\/span>\n\t\t\t\t\t\t\t<span class='e-n-accordion-item-title-icon'>\n\t\t\t<span class='e-opened' ><svg aria-hidden=\"true\" class=\"e-font-icon-svg e-fas-minus\" viewbox=\"0 0 448 512\" xmlns=\"http:\/\/www.w3.org\/2000\/svg\"><path d=\"M416 208H32c-17.67 0-32 14.33-32 32v32c0 17.67 14.33 32 32 32h384c17.67 0 32-14.33 32-32v-32c0-17.67-14.33-32-32-32z\"><\/path><\/svg><\/span>\n\t\t\t<span class='e-closed'><svg aria-hidden=\"true\" class=\"e-font-icon-svg e-fas-plus\" viewbox=\"0 0 448 512\" xmlns=\"http:\/\/www.w3.org\/2000\/svg\"><path d=\"M416 208H272V64c0-17.67-14.33-32-32-32h-32c-17.67 0-32 14.33-32 32v144H32c-17.67 0-32 14.33-32 32v32c0 17.67 14.33 32 32 32h144v144c0 17.67 14.33 32 32 32h32c17.67 0 32-14.33 32-32V304h144c17.67 0 32-14.33 32-32v-32c0-17.67-14.33-32-32-32z\"><\/path><\/svg><\/span>\n\t\t<\/span>\n\n\t\t\t\t\t\t<\/summary>\n\t\t\t\t<div role=\"region\" aria-labelledby=\"e-n-accordion-item-1183\" class=\"elementor-element elementor-element-c5214c4 e-flex e-con-boxed e-con e-child\" data-id=\"c5214c4\" data-element_type=\"container\" data-e-type=\"container\">\n\t\t\t\t\t<div class=\"e-con-inner\">\n\t\t\t\t<div class=\"elementor-element elementor-element-4792a1b elementor-widget elementor-widget-text-editor\" data-id=\"4792a1b\" data-element_type=\"widget\" data-e-type=\"widget\" data-widget_type=\"text-editor.default\">\n\t\t\t\t<div class=\"elementor-widget-container\">\n\t\t\t\t\t\t\t\t\t<h3><strong>Proyecciones p\u00fablicas (vacaciones escolares) :<\/strong><\/h3><ul><li>Lundi, mardi et jeudi : 14h30-17h30<\/li><li>Mercredi : 10h-11h45 et 15h-17h30<\/li><li>Vendredi : 14h30-17h30 et 21h-23h30<\/li><li>Samedi : 14h30-17h50* et 21h-23h50<\/li><li>Dimanche : 10h30-12h30 et 14h30-17h50<\/li><\/ul><p><em>L&rsquo;horaire de fin correspond \u00e0 l&rsquo;\u00e9vacuation de la patinoire. Fermeture des caisses 30 minutes avant l&rsquo;\u00e9vacuation de la patinoire. Toute sortie est d\u00e9finitive. Le port des gants et des chaussettes est OBLIGATOIRE pour patiner (enfants et adultes).<\/em><\/p><p>*Certains samedis, la patinoire fermera exceptionnellement \u00e0 17h en raison des matchs de Division 1 de l\u2019\u00e9quipe de hockey-sur-glace des Bisons. Pour conna\u00eetre les dates des rencontres, <strong><a href=\"https:\/\/www.neuillysurmarne.fr\/es\/agenda\/?e-filter-d6cb763-categorie-evenement=sport\">pulse aqu\u00ed<\/a><\/strong>.<\/p>\t\t\t\t\t\t\t\t<\/div>\n\t\t\t\t<\/div>\n\t\t\t\t\t<\/div>\n\t\t\t\t<\/div>\n\t\t\t\t\t<\/details>\n\t\t\t\t\t<\/div>\n\t\t\t\t\t\t<\/div>\n\t\t\t\t<\/div>\n\t\t\t\t\t<\/div>\n\t\t\t\t<\/div>\n\t\t<div class=\"elementor-element elementor-element-54c1c73 e-grid e-con-boxed e-con e-child\" data-id=\"54c1c73\" data-element_type=\"container\" data-e-type=\"container\">\n\t\t\t\t\t<div class=\"e-con-inner\">\n\t\t\t\t<div class=\"elementor-element elementor-element-d57d40e elementor-widget elementor-widget-text-editor\" data-id=\"d57d40e\" data-element_type=\"widget\" data-e-type=\"widget\" data-widget_type=\"text-editor.default\">\n\t\t\t\t<div class=\"elementor-widget-container\">\n\t\t\t\t\t\t\t\t\t<h3 class=\"destinataire\"><strong>Pista de hielo municipal<br \/><\/strong><\/h3><div class=\"streetAddress\">\ud83d\udccd Avenida L\u00e9on Blum<br \/>93330 Neuilly-sur-Marne<\/div><div>\u00a0<\/div><div class=\"streetAddress\"><span class=\"telephone\">\ud83d\udcde 01 43 00 65 65<br \/><\/span><\/div><div>\u00a0<\/div><div class=\"streetAddress\"><a class=\"email\" title=\"ce.0931512n@ac-creteil.fr\" href=\"mailto:patinoire@neuillysurmarne.fr\">\ud83d\udce7<strong> <span class=\"telephone\"><a class=\"email\" href=\"mailto:patinoire@neuillysurmarne.fr\">patinoire@neuillysurmarne.fr<\/a><\/span><\/strong><\/a><\/div>\t\t\t\t\t\t\t\t<\/div>\n\t\t\t\t<\/div>\n\t\t\t\t<div class=\"elementor-element elementor-element-975a073 elementor-widget elementor-widget-google_maps\" data-id=\"975a073\" data-element_type=\"widget\" data-e-type=\"widget\" data-widget_type=\"google_maps.default\">\n\t\t\t\t<div class=\"elementor-widget-container\">\n\t\t\t\t\t\t\t<div class=\"elementor-custom-embed\">\n\t\t\t<iframe loading=\"lazy\"\n\t\t\t\t\tsrc=\"https:\/\/maps.google.com\/maps?q=Avenue%20L%C3%A9on%20Blum%2C%2093330&#038;t=m&#038;z=17&#038;output=embed&#038;iwloc=near\"\n\t\t\t\t\ttitle=\"Avenue L\u00e9on Blum, 93330\"\n\t\t\t\t\taria-label=\"Avenue L\u00e9on Blum, 93330\"\n\t\t\t><\/iframe>\n\t\t<\/div>\n\t\t\t\t\t\t<\/div>\n\t\t\t\t<\/div>\n\t\t\t\t<div class=\"elementor-element elementor-element-1bad2b6 elementor-widget elementor-widget-image\" data-id=\"1bad2b6\" data-element_type=\"widget\" data-e-type=\"widget\" data-widget_type=\"image.default\">\n\t\t\t\t<div class=\"elementor-widget-container\">\n\t\t\t\t\t\t\t\t\t\t\t\t\t\t\t<img fetchpriority=\"high\" decoding=\"async\" width=\"800\" height=\"534\" src=\"https:\/\/www.neuillysurmarne.fr\/wp-content\/uploads\/2024\/06\/MiConv.com__-patinoire2-1024x683.png\" class=\"attachment-large size-large wp-image-9782\" alt=\"\" srcset=\"https:\/\/www.neuillysurmarne.fr\/wp-content\/uploads\/2024\/06\/MiConv.com__-patinoire2-1024x683.png 1024w, https:\/\/www.neuillysurmarne.fr\/wp-content\/uploads\/2024\/06\/MiConv.com__-patinoire2-300x200.png 300w, https:\/\/www.neuillysurmarne.fr\/wp-content\/uploads\/2024\/06\/MiConv.com__-patinoire2-768x512.png 768w, https:\/\/www.neuillysurmarne.fr\/wp-content\/uploads\/2024\/06\/MiConv.com__-patinoire2-1536x1024.png 1536w, https:\/\/www.neuillysurmarne.fr\/wp-content\/uploads\/2024\/06\/MiConv.com__-patinoire2-2048x1365.png 2048w\" sizes=\"(max-width: 800px) 100vw, 800px\" \/>\t\t\t\t\t\t\t\t\t\t\t\t\t\t\t<\/div>\n\t\t\t\t<\/div>\n\t\t\t\t\t<\/div>\n\t\t\t\t<\/div>\n\t\t\t\t<\/div>","protected":false},"excerpt":{"rendered":"<p>\u26f8\ufe0f\u00a0Fermeture de la patinoire pour comp\u00e9titions les samedi 4 et dimanche 5 avril, samedi 11 et dimanche 12 avril 2026 \u26f8\ufe0f Plus de s\u00e9ances nocturnes \u00e0 partir du samedi 28 mars 2026 \u26f8\ufe0f Fermeture annuelle de la patinoire le mercredi 27 mai 2026 apr\u00e8s la s\u00e9ance de l\u2019apr\u00e8s-midi Conditions d&rsquo;accueil Structure de 506 places assises [&hellip;]<\/p>\n","protected":false},"author":2,"featured_media":9781,"parent":0,"menu_order":0,"comment_status":"closed","ping_status":"closed","template":"","meta":{"_acf_changed":false,"footnotes":""},"class_list":["post-9780","page","type-page","status-publish","has-post-thumbnail","hentry"],"acf":[],"yoast_head":"<!-- This site is optimized with the Yoast SEO plugin v27.4 - https:\/\/yoast.com\/product\/yoast-seo-wordpress\/ -->\n<title>Patinoire - Mairie de Neuilly-sur-Marne<\/title>\n<meta name=\"robots\" content=\"index, follow, max-snippet:-1, max-image-preview:large, max-video-preview:-1\" \/>\n<link rel=\"canonical\" href=\"https:\/\/www.neuillysurmarne.fr\/es\/patinoire\/\" \/>\n<meta property=\"og:locale\" content=\"es_ES\" \/>\n<meta property=\"og:type\" content=\"article\" \/>\n<meta property=\"og:title\" content=\"Patinoire - Mairie de Neuilly-sur-Marne\" \/>\n<meta property=\"og:description\" content=\"\u26f8\ufe0f\u00a0Fermeture de la patinoire pour comp\u00e9titions les samedi 4 et dimanche 5 avril, samedi 11 et dimanche 12 avril 2026 \u26f8\ufe0f Plus de s\u00e9ances nocturnes \u00e0 partir du samedi 28 mars 2026 \u26f8\ufe0f Fermeture annuelle de la patinoire le mercredi 27 mai 2026 apr\u00e8s la s\u00e9ance de l\u2019apr\u00e8s-midi Conditions d&rsquo;accueil Structure de 506 places assises [&hellip;]\" \/>\n<meta property=\"og:url\" content=\"https:\/\/www.neuillysurmarne.fr\/es\/patinoire\/\" \/>\n<meta property=\"og:site_name\" content=\"Mairie de Neuilly-sur-Marne\" \/>\n<meta property=\"article:publisher\" content=\"https:\/\/www.facebook.com\/ville.neuilly\" \/>\n<meta property=\"article:modified_time\" content=\"2026-03-10T09:53:47+00:00\" \/>\n<meta property=\"og:image\" content=\"https:\/\/www.neuillysurmarne.fr\/wp-content\/uploads\/2024\/06\/MiConv.com__-patinoire-1024x425.png\" \/>\n\t<meta property=\"og:image:width\" content=\"1024\" \/>\n\t<meta property=\"og:image:height\" content=\"425\" \/>\n\t<meta property=\"og:image:type\" content=\"image\/png\" \/>\n<meta name=\"twitter:card\" content=\"summary_large_image\" \/>\n<meta name=\"twitter:label1\" content=\"Tiempo de lectura\" \/>\n\t<meta name=\"twitter:data1\" content=\"6 minutos\" \/>\n<script type=\"application\/ld+json\" class=\"yoast-schema-graph\">{\"@context\":\"https:\\\/\\\/schema.org\",\"@graph\":[{\"@type\":\"WebPage\",\"@id\":\"https:\\\/\\\/www.neuillysurmarne.fr\\\/patinoire\\\/\",\"url\":\"https:\\\/\\\/www.neuillysurmarne.fr\\\/patinoire\\\/\",\"name\":\"Patinoire - Mairie de Neuilly-sur-Marne\",\"isPartOf\":{\"@id\":\"https:\\\/\\\/www.neuillysurmarne.fr\\\/es\\\/#website\"},\"primaryImageOfPage\":{\"@id\":\"https:\\\/\\\/www.neuillysurmarne.fr\\\/patinoire\\\/#primaryimage\"},\"image\":{\"@id\":\"https:\\\/\\\/www.neuillysurmarne.fr\\\/patinoire\\\/#primaryimage\"},\"thumbnailUrl\":\"https:\\\/\\\/www.neuillysurmarne.fr\\\/wp-content\\\/uploads\\\/2024\\\/06\\\/MiConv.com__-patinoire.png\",\"datePublished\":\"2024-06-18T18:16:37+00:00\",\"dateModified\":\"2026-03-10T09:53:47+00:00\",\"breadcrumb\":{\"@id\":\"https:\\\/\\\/www.neuillysurmarne.fr\\\/patinoire\\\/#breadcrumb\"},\"inLanguage\":\"es\",\"potentialAction\":[{\"@type\":\"ReadAction\",\"target\":[\"https:\\\/\\\/www.neuillysurmarne.fr\\\/patinoire\\\/\"]}]},{\"@type\":\"ImageObject\",\"inLanguage\":\"es\",\"@id\":\"https:\\\/\\\/www.neuillysurmarne.fr\\\/patinoire\\\/#primaryimage\",\"url\":\"https:\\\/\\\/www.neuillysurmarne.fr\\\/wp-content\\\/uploads\\\/2024\\\/06\\\/MiConv.com__-patinoire.png\",\"contentUrl\":\"https:\\\/\\\/www.neuillysurmarne.fr\\\/wp-content\\\/uploads\\\/2024\\\/06\\\/MiConv.com__-patinoire.png\",\"width\":3652,\"height\":1515},{\"@type\":\"BreadcrumbList\",\"@id\":\"https:\\\/\\\/www.neuillysurmarne.fr\\\/patinoire\\\/#breadcrumb\",\"itemListElement\":[{\"@type\":\"ListItem\",\"position\":1,\"name\":\"Accueil\",\"item\":\"https:\\\/\\\/www.neuillysurmarne.fr\\\/\"},{\"@type\":\"ListItem\",\"position\":2,\"name\":\"Patinoire\"}]},{\"@type\":\"WebSite\",\"@id\":\"https:\\\/\\\/www.neuillysurmarne.fr\\\/es\\\/#website\",\"url\":\"https:\\\/\\\/www.neuillysurmarne.fr\\\/es\\\/\",\"name\":\"Mairie de Neuilly-sur-Marne\",\"description\":\"BETA\",\"publisher\":{\"@id\":\"https:\\\/\\\/www.neuillysurmarne.fr\\\/es\\\/#organization\"},\"potentialAction\":[{\"@type\":\"SearchAction\",\"target\":{\"@type\":\"EntryPoint\",\"urlTemplate\":\"https:\\\/\\\/www.neuillysurmarne.fr\\\/es\\\/?s={search_term_string}\"},\"query-input\":{\"@type\":\"PropertyValueSpecification\",\"valueRequired\":true,\"valueName\":\"search_term_string\"}}],\"inLanguage\":\"es\"},{\"@type\":\"Organization\",\"@id\":\"https:\\\/\\\/www.neuillysurmarne.fr\\\/es\\\/#organization\",\"name\":\"Mairie de Neuilly-sur-Marne\",\"url\":\"https:\\\/\\\/www.neuillysurmarne.fr\\\/es\\\/\",\"logo\":{\"@type\":\"ImageObject\",\"inLanguage\":\"es\",\"@id\":\"https:\\\/\\\/www.neuillysurmarne.fr\\\/es\\\/#\\\/schema\\\/logo\\\/image\\\/\",\"url\":\"https:\\\/\\\/www.neuillysurmarne.fr\\\/wp-content\\\/uploads\\\/2023\\\/10\\\/LOGO-NeuillysurMarne-blanc.png\",\"contentUrl\":\"https:\\\/\\\/www.neuillysurmarne.fr\\\/wp-content\\\/uploads\\\/2023\\\/10\\\/LOGO-NeuillysurMarne-blanc.png\",\"width\":3308,\"height\":2586,\"caption\":\"Mairie de Neuilly-sur-Marne\"},\"image\":{\"@id\":\"https:\\\/\\\/www.neuillysurmarne.fr\\\/es\\\/#\\\/schema\\\/logo\\\/image\\\/\"},\"sameAs\":[\"https:\\\/\\\/www.facebook.com\\\/ville.neuilly\",\"https:\\\/\\\/www.instagram.com\\\/neuilly_marne\\\/\",\"https:\\\/\\\/www.linkedin.com\\\/company\\\/ville-de-neuilly-sur-marne\\\/\",\"https:\\\/\\\/www.youtube.com\\\/channel\\\/UCDdZ0TLrV8rfIqjBGvoeB5A\",\"https:\\\/\\\/www.tiktok.com\\\/@villedeneuillysurmarne\"]}]}<\/script>\n<!-- \/ Yoast SEO plugin. -->","yoast_head_json":{"title":"Patinoire - Mairie de Neuilly-sur-Marne","robots":{"index":"index","follow":"follow","max-snippet":"max-snippet:-1","max-image-preview":"max-image-preview:large","max-video-preview":"max-video-preview:-1"},"canonical":"https:\/\/www.neuillysurmarne.fr\/es\/patinoire\/","og_locale":"es_ES","og_type":"article","og_title":"Patinoire - Mairie de Neuilly-sur-Marne","og_description":"\u26f8\ufe0f\u00a0Fermeture de la patinoire pour comp\u00e9titions les samedi 4 et dimanche 5 avril, samedi 11 et dimanche 12 avril 2026 \u26f8\ufe0f Plus de s\u00e9ances nocturnes \u00e0 partir du samedi 28 mars 2026 \u26f8\ufe0f Fermeture annuelle de la patinoire le mercredi 27 mai 2026 apr\u00e8s la s\u00e9ance de l\u2019apr\u00e8s-midi Conditions d&rsquo;accueil Structure de 506 places assises [&hellip;]","og_url":"https:\/\/www.neuillysurmarne.fr\/es\/patinoire\/","og_site_name":"Mairie de Neuilly-sur-Marne","article_publisher":"https:\/\/www.facebook.com\/ville.neuilly","article_modified_time":"2026-03-10T09:53:47+00:00","og_image":[{"width":1024,"height":425,"url":"https:\/\/www.neuillysurmarne.fr\/wp-content\/uploads\/2024\/06\/MiConv.com__-patinoire-1024x425.png","type":"image\/png"}],"twitter_card":"summary_large_image","twitter_misc":{"Tiempo de lectura":"6 minutos"},"schema":{"@context":"https:\/\/schema.org","@graph":[{"@type":"WebPage","@id":"https:\/\/www.neuillysurmarne.fr\/patinoire\/","url":"https:\/\/www.neuillysurmarne.fr\/patinoire\/","name":"Patinoire - Mairie de Neuilly-sur-Marne","isPartOf":{"@id":"https:\/\/www.neuillysurmarne.fr\/es\/#website"},"primaryImageOfPage":{"@id":"https:\/\/www.neuillysurmarne.fr\/patinoire\/#primaryimage"},"image":{"@id":"https:\/\/www.neuillysurmarne.fr\/patinoire\/#primaryimage"},"thumbnailUrl":"https:\/\/www.neuillysurmarne.fr\/wp-content\/uploads\/2024\/06\/MiConv.com__-patinoire.png","datePublished":"2024-06-18T18:16:37+00:00","dateModified":"2026-03-10T09:53:47+00:00","breadcrumb":{"@id":"https:\/\/www.neuillysurmarne.fr\/patinoire\/#breadcrumb"},"inLanguage":"es","potentialAction":[{"@type":"ReadAction","target":["https:\/\/www.neuillysurmarne.fr\/patinoire\/"]}]},{"@type":"ImageObject","inLanguage":"es","@id":"https:\/\/www.neuillysurmarne.fr\/patinoire\/#primaryimage","url":"https:\/\/www.neuillysurmarne.fr\/wp-content\/uploads\/2024\/06\/MiConv.com__-patinoire.png","contentUrl":"https:\/\/www.neuillysurmarne.fr\/wp-content\/uploads\/2024\/06\/MiConv.com__-patinoire.png","width":3652,"height":1515},{"@type":"BreadcrumbList","@id":"https:\/\/www.neuillysurmarne.fr\/patinoire\/#breadcrumb","itemListElement":[{"@type":"ListItem","position":1,"name":"Accueil","item":"https:\/\/www.neuillysurmarne.fr\/"},{"@type":"ListItem","position":2,"name":"Patinoire"}]},{"@type":"WebSite","@id":"https:\/\/www.neuillysurmarne.fr\/es\/#website","url":"https:\/\/www.neuillysurmarne.fr\/es\/","name":"Ayuntamiento de Neuilly-sur-Marne","description":"BETA","publisher":{"@id":"https:\/\/www.neuillysurmarne.fr\/es\/#organization"},"potentialAction":[{"@type":"SearchAction","target":{"@type":"EntryPoint","urlTemplate":"https:\/\/www.neuillysurmarne.fr\/es\/?s={search_term_string}"},"query-input":{"@type":"PropertyValueSpecification","valueRequired":true,"valueName":"search_term_string"}}],"inLanguage":"es"},{"@type":"Organization","@id":"https:\/\/www.neuillysurmarne.fr\/es\/#organization","name":"Ayuntamiento de Neuilly-sur-Marne","url":"https:\/\/www.neuillysurmarne.fr\/es\/","logo":{"@type":"ImageObject","inLanguage":"es","@id":"https:\/\/www.neuillysurmarne.fr\/es\/#\/schema\/logo\/image\/","url":"https:\/\/www.neuillysurmarne.fr\/wp-content\/uploads\/2023\/10\/LOGO-NeuillysurMarne-blanc.png","contentUrl":"https:\/\/www.neuillysurmarne.fr\/wp-content\/uploads\/2023\/10\/LOGO-NeuillysurMarne-blanc.png","width":3308,"height":2586,"caption":"Mairie de Neuilly-sur-Marne"},"image":{"@id":"https:\/\/www.neuillysurmarne.fr\/es\/#\/schema\/logo\/image\/"},"sameAs":["https:\/\/www.facebook.com\/ville.neuilly","https:\/\/www.instagram.com\/neuilly_marne\/","https:\/\/www.linkedin.com\/company\/ville-de-neuilly-sur-marne\/","https:\/\/www.youtube.com\/channel\/UCDdZ0TLrV8rfIqjBGvoeB5A","https:\/\/www.tiktok.com\/@villedeneuillysurmarne"]}]}},"_links":{"self":[{"href":"https:\/\/www.neuillysurmarne.fr\/es\/wp-json\/wp\/v2\/pages\/9780","targetHints":{"allow":["GET"]}}],"collection":[{"href":"https:\/\/www.neuillysurmarne.fr\/es\/wp-json\/wp\/v2\/pages"}],"about":[{"href":"https:\/\/www.neuillysurmarne.fr\/es\/wp-json\/wp\/v2\/types\/page"}],"author":[{"embeddable":true,"href":"https:\/\/www.neuillysurmarne.fr\/es\/wp-json\/wp\/v2\/users\/2"}],"replies":[{"embeddable":true,"href":"https:\/\/www.neuillysurmarne.fr\/es\/wp-json\/wp\/v2\/comments?post=9780"}],"version-history":[{"count":49,"href":"https:\/\/www.neuillysurmarne.fr\/es\/wp-json\/wp\/v2\/pages\/9780\/revisions"}],"predecessor-version":[{"id":17572,"href":"https:\/\/www.neuillysurmarne.fr\/es\/wp-json\/wp\/v2\/pages\/9780\/revisions\/17572"}],"wp:featuredmedia":[{"embeddable":true,"href":"https:\/\/www.neuillysurmarne.fr\/es\/wp-json\/wp\/v2\/media\/9781"}],"wp:attachment":[{"href":"https:\/\/www.neuillysurmarne.fr\/es\/wp-json\/wp\/v2\/media?parent=9780"}],"curies":[{"name":"wp","href":"https:\/\/api.w.org\/{rel}","templated":true}]}}