{"id":15703,"date":"2025-07-18T11:09:05","date_gmt":"2025-07-18T09:09:05","guid":{"rendered":"https:\/\/www.neuillysurmarne.fr\/?post_type=evenements&#038;p=15703"},"modified":"2025-08-28T17:43:48","modified_gmt":"2025-08-28T15:43:48","slug":"rendez-vous-du-dimanche-sayaka-ohira-fabre","status":"publish","type":"evenements","link":"https:\/\/www.neuillysurmarne.fr\/it\/evenements\/rendez-vous-du-dimanche-sayaka-ohira-fabre\/","title":{"rendered":"Rendez-vous du dimanche \u2013 Sayaka Ohira &#8211; Fabre"},"content":{"rendered":"<h3><strong>Rendez-vous du dimanche<\/strong><br \/>\n<strong>SAYAKA OHIRA &#8211; FABRE<\/strong><\/h3>\n<p><b>Dimanche 14 juin \u00e0 16h30<br \/>\n\u00c9glise Saint-Baudile<\/b><\/p>\n<p><em>Pubblico generale<br \/>\nEntr\u00e9e libre et gratuite<br \/>\nInformations au 01 43 08 41 89 ou \u00e0 <strong><a href=\"mailto:conservatoire@neuillysurmarne.fr\">conservatoire@neuillysurmarne.fr<\/a><\/strong><\/em><\/p>\n<h3><strong>Sayaka Ohira &#8211; Fabre<\/strong><\/h3>\n<p>Sayaka, des Violons de France, vous emm\u00e8ne dans un\u00a0 voyage musical unique, o\u00f9 son violon et sa virtuosit\u00e9 exceptionnelle tissent des m\u00e9lodies envo\u00fbtantes. \u00c0 travers un r\u00e9pertoire riche et vari\u00e9, elle vous guidera vers des horizons lointains, m\u00ealant classique, romantisme et baroque, avec une musicalit\u00e9 \u00e0 couper le souffle.<\/p>\n<p><a href=\"https:\/\/www.neuillysurmarne.fr\/wp-content\/uploads\/2025\/07\/06-14-SAYAKA-2-scaled.png\"><img fetchpriority=\"high\" decoding=\"async\" class=\"aligncenter wp-image-16162 size-large\" src=\"https:\/\/www.neuillysurmarne.fr\/wp-content\/uploads\/2025\/07\/06-14-SAYAKA-2-724x1024.png\" alt=\"\" width=\"724\" height=\"1024\" srcset=\"https:\/\/www.neuillysurmarne.fr\/wp-content\/uploads\/2025\/07\/06-14-SAYAKA-2-724x1024.png 724w, https:\/\/www.neuillysurmarne.fr\/wp-content\/uploads\/2025\/07\/06-14-SAYAKA-2-212x300.png 212w, https:\/\/www.neuillysurmarne.fr\/wp-content\/uploads\/2025\/07\/06-14-SAYAKA-2-768x1086.png 768w, https:\/\/www.neuillysurmarne.fr\/wp-content\/uploads\/2025\/07\/06-14-SAYAKA-2-1086x1536.png 1086w, https:\/\/www.neuillysurmarne.fr\/wp-content\/uploads\/2025\/07\/06-14-SAYAKA-2-1448x2048.png 1448w, https:\/\/www.neuillysurmarne.fr\/wp-content\/uploads\/2025\/07\/06-14-SAYAKA-2-8x12.png 8w, https:\/\/www.neuillysurmarne.fr\/wp-content\/uploads\/2025\/07\/06-14-SAYAKA-2-scaled.png 1811w\" sizes=\"(max-width: 724px) 100vw, 724px\" \/><\/a><\/p>","protected":false},"featured_media":16163,"template":"","categorie-evenement":[247,232],"class_list":["post-15703","evenements","type-evenements","status-publish","has-post-thumbnail","hentry","categorie-evenement-a-la-une","categorie-evenement-culture"],"acf":[],"yoast_head":"<!-- This site is optimized with the Yoast SEO plugin v27.4 - https:\/\/yoast.com\/product\/yoast-seo-wordpress\/ -->\n<title>Rendez-vous du dimanche \u2013 Sayaka Ohira - Fabre - Mairie de Neuilly-sur-Marne<\/title>\n<meta name=\"robots\" content=\"index, follow, max-snippet:-1, max-image-preview:large, max-video-preview:-1\" \/>\n<link rel=\"canonical\" href=\"https:\/\/www.neuillysurmarne.fr\/it\/evenements\/rendez-vous-du-dimanche-sayaka-ohira-fabre\/\" \/>\n<meta property=\"og:locale\" content=\"it_IT\" \/>\n<meta property=\"og:type\" content=\"article\" \/>\n<meta property=\"og:title\" content=\"Rendez-vous du dimanche \u2013 Sayaka Ohira - Fabre - Mairie de Neuilly-sur-Marne\" \/>\n<meta property=\"og:description\" content=\"Rendez-vous du dimanche SAYAKA OHIRA &#8211; FABRE Dimanche 14 juin \u00e0 16h30 \u00c9glise Saint-Baudile Tout public Entr\u00e9e libre et gratuite Informations au 01 43 08 41 89 ou \u00e0 conservatoire@neuillysurmarne.fr Sayaka Ohira &#8211; Fabre Sayaka, des Violons de France, vous emm\u00e8ne dans un\u00a0 voyage musical unique, o\u00f9 son violon et sa virtuosit\u00e9 exceptionnelle tissent des [&hellip;]\" \/>\n<meta property=\"og:url\" content=\"https:\/\/www.neuillysurmarne.fr\/it\/evenements\/rendez-vous-du-dimanche-sayaka-ohira-fabre\/\" \/>\n<meta property=\"og:site_name\" content=\"Mairie de Neuilly-sur-Marne\" \/>\n<meta property=\"article:publisher\" content=\"https:\/\/www.facebook.com\/ville.neuilly\" \/>\n<meta property=\"article:modified_time\" content=\"2025-08-28T15:43:48+00:00\" \/>\n<meta property=\"og:image\" content=\"https:\/\/www.neuillysurmarne.fr\/wp-content\/uploads\/2025\/07\/2026_06_14_VISUEL_SAYAKA--scaled.jpg\" \/>\n\t<meta property=\"og:image:width\" content=\"1700\" \/>\n\t<meta property=\"og:image:height\" content=\"2560\" \/>\n\t<meta property=\"og:image:type\" content=\"image\/jpeg\" \/>\n<meta name=\"twitter:card\" content=\"summary_large_image\" \/>\n<meta name=\"twitter:label1\" content=\"Tempo di lettura stimato\" \/>\n\t<meta name=\"twitter:data1\" content=\"1 minuto\" \/>\n<script type=\"application\/ld+json\" class=\"yoast-schema-graph\">{\"@context\":\"https:\\\/\\\/schema.org\",\"@graph\":[{\"@type\":\"WebPage\",\"@id\":\"https:\\\/\\\/www.neuillysurmarne.fr\\\/evenements\\\/rendez-vous-du-dimanche-sayaka-ohira-fabre\\\/\",\"url\":\"https:\\\/\\\/www.neuillysurmarne.fr\\\/evenements\\\/rendez-vous-du-dimanche-sayaka-ohira-fabre\\\/\",\"name\":\"Rendez-vous du dimanche \u2013 Sayaka Ohira - Fabre - Mairie de Neuilly-sur-Marne\",\"isPartOf\":{\"@id\":\"https:\\\/\\\/www.neuillysurmarne.fr\\\/es\\\/#website\"},\"primaryImageOfPage\":{\"@id\":\"https:\\\/\\\/www.neuillysurmarne.fr\\\/evenements\\\/rendez-vous-du-dimanche-sayaka-ohira-fabre\\\/#primaryimage\"},\"image\":{\"@id\":\"https:\\\/\\\/www.neuillysurmarne.fr\\\/evenements\\\/rendez-vous-du-dimanche-sayaka-ohira-fabre\\\/#primaryimage\"},\"thumbnailUrl\":\"https:\\\/\\\/www.neuillysurmarne.fr\\\/wp-content\\\/uploads\\\/2025\\\/07\\\/2026_06_14_VISUEL_SAYAKA--scaled.jpg\",\"datePublished\":\"2025-07-18T09:09:05+00:00\",\"dateModified\":\"2025-08-28T15:43:48+00:00\",\"breadcrumb\":{\"@id\":\"https:\\\/\\\/www.neuillysurmarne.fr\\\/evenements\\\/rendez-vous-du-dimanche-sayaka-ohira-fabre\\\/#breadcrumb\"},\"inLanguage\":\"it-IT\",\"potentialAction\":[{\"@type\":\"ReadAction\",\"target\":[\"https:\\\/\\\/www.neuillysurmarne.fr\\\/evenements\\\/rendez-vous-du-dimanche-sayaka-ohira-fabre\\\/\"]}]},{\"@type\":\"ImageObject\",\"inLanguage\":\"it-IT\",\"@id\":\"https:\\\/\\\/www.neuillysurmarne.fr\\\/evenements\\\/rendez-vous-du-dimanche-sayaka-ohira-fabre\\\/#primaryimage\",\"url\":\"https:\\\/\\\/www.neuillysurmarne.fr\\\/wp-content\\\/uploads\\\/2025\\\/07\\\/2026_06_14_VISUEL_SAYAKA--scaled.jpg\",\"contentUrl\":\"https:\\\/\\\/www.neuillysurmarne.fr\\\/wp-content\\\/uploads\\\/2025\\\/07\\\/2026_06_14_VISUEL_SAYAKA--scaled.jpg\",\"width\":1700,\"height\":2560},{\"@type\":\"BreadcrumbList\",\"@id\":\"https:\\\/\\\/www.neuillysurmarne.fr\\\/evenements\\\/rendez-vous-du-dimanche-sayaka-ohira-fabre\\\/#breadcrumb\",\"itemListElement\":[{\"@type\":\"ListItem\",\"position\":1,\"name\":\"Accueil\",\"item\":\"https:\\\/\\\/www.neuillysurmarne.fr\\\/\"},{\"@type\":\"ListItem\",\"position\":2,\"name\":\"Rendez-vous du dimanche \u2013 Sayaka Ohira &#8211; Fabre\"}]},{\"@type\":\"WebSite\",\"@id\":\"https:\\\/\\\/www.neuillysurmarne.fr\\\/es\\\/#website\",\"url\":\"https:\\\/\\\/www.neuillysurmarne.fr\\\/es\\\/\",\"name\":\"Mairie de Neuilly-sur-Marne\",\"description\":\"BETA\",\"publisher\":{\"@id\":\"https:\\\/\\\/www.neuillysurmarne.fr\\\/es\\\/#organization\"},\"potentialAction\":[{\"@type\":\"SearchAction\",\"target\":{\"@type\":\"EntryPoint\",\"urlTemplate\":\"https:\\\/\\\/www.neuillysurmarne.fr\\\/es\\\/?s={search_term_string}\"},\"query-input\":{\"@type\":\"PropertyValueSpecification\",\"valueRequired\":true,\"valueName\":\"search_term_string\"}}],\"inLanguage\":\"it-IT\"},{\"@type\":\"Organization\",\"@id\":\"https:\\\/\\\/www.neuillysurmarne.fr\\\/es\\\/#organization\",\"name\":\"Mairie de Neuilly-sur-Marne\",\"url\":\"https:\\\/\\\/www.neuillysurmarne.fr\\\/es\\\/\",\"logo\":{\"@type\":\"ImageObject\",\"inLanguage\":\"it-IT\",\"@id\":\"https:\\\/\\\/www.neuillysurmarne.fr\\\/es\\\/#\\\/schema\\\/logo\\\/image\\\/\",\"url\":\"https:\\\/\\\/www.neuillysurmarne.fr\\\/wp-content\\\/uploads\\\/2023\\\/10\\\/LOGO-NeuillysurMarne-blanc.png\",\"contentUrl\":\"https:\\\/\\\/www.neuillysurmarne.fr\\\/wp-content\\\/uploads\\\/2023\\\/10\\\/LOGO-NeuillysurMarne-blanc.png\",\"width\":3308,\"height\":2586,\"caption\":\"Mairie de Neuilly-sur-Marne\"},\"image\":{\"@id\":\"https:\\\/\\\/www.neuillysurmarne.fr\\\/es\\\/#\\\/schema\\\/logo\\\/image\\\/\"},\"sameAs\":[\"https:\\\/\\\/www.facebook.com\\\/ville.neuilly\",\"https:\\\/\\\/www.instagram.com\\\/neuilly_marne\\\/\",\"https:\\\/\\\/www.linkedin.com\\\/company\\\/ville-de-neuilly-sur-marne\\\/\",\"https:\\\/\\\/www.youtube.com\\\/channel\\\/UCDdZ0TLrV8rfIqjBGvoeB5A\",\"https:\\\/\\\/www.tiktok.com\\\/@villedeneuillysurmarne\"]}]}<\/script>\n<!-- \/ Yoast SEO plugin. -->","yoast_head_json":{"title":"Rendez-vous du dimanche \u2013 Sayaka Ohira - Fabre - Mairie de Neuilly-sur-Marne","robots":{"index":"index","follow":"follow","max-snippet":"max-snippet:-1","max-image-preview":"max-image-preview:large","max-video-preview":"max-video-preview:-1"},"canonical":"https:\/\/www.neuillysurmarne.fr\/it\/evenements\/rendez-vous-du-dimanche-sayaka-ohira-fabre\/","og_locale":"it_IT","og_type":"article","og_title":"Rendez-vous du dimanche \u2013 Sayaka Ohira - Fabre - Mairie de Neuilly-sur-Marne","og_description":"Rendez-vous du dimanche SAYAKA OHIRA &#8211; FABRE Dimanche 14 juin \u00e0 16h30 \u00c9glise Saint-Baudile Tout public Entr\u00e9e libre et gratuite Informations au 01 43 08 41 89 ou \u00e0 conservatoire@neuillysurmarne.fr Sayaka Ohira &#8211; Fabre Sayaka, des Violons de France, vous emm\u00e8ne dans un\u00a0 voyage musical unique, o\u00f9 son violon et sa virtuosit\u00e9 exceptionnelle tissent des [&hellip;]","og_url":"https:\/\/www.neuillysurmarne.fr\/it\/evenements\/rendez-vous-du-dimanche-sayaka-ohira-fabre\/","og_site_name":"Mairie de Neuilly-sur-Marne","article_publisher":"https:\/\/www.facebook.com\/ville.neuilly","article_modified_time":"2025-08-28T15:43:48+00:00","og_image":[{"width":1700,"height":2560,"url":"https:\/\/www.neuillysurmarne.fr\/wp-content\/uploads\/2025\/07\/2026_06_14_VISUEL_SAYAKA--scaled.jpg","type":"image\/jpeg"}],"twitter_card":"summary_large_image","twitter_misc":{"Tempo di lettura stimato":"1 minuto"},"schema":{"@context":"https:\/\/schema.org","@graph":[{"@type":"WebPage","@id":"https:\/\/www.neuillysurmarne.fr\/evenements\/rendez-vous-du-dimanche-sayaka-ohira-fabre\/","url":"https:\/\/www.neuillysurmarne.fr\/evenements\/rendez-vous-du-dimanche-sayaka-ohira-fabre\/","name":"Rendez-vous du dimanche \u2013 Sayaka Ohira - Fabre - Mairie de Neuilly-sur-Marne","isPartOf":{"@id":"https:\/\/www.neuillysurmarne.fr\/es\/#website"},"primaryImageOfPage":{"@id":"https:\/\/www.neuillysurmarne.fr\/evenements\/rendez-vous-du-dimanche-sayaka-ohira-fabre\/#primaryimage"},"image":{"@id":"https:\/\/www.neuillysurmarne.fr\/evenements\/rendez-vous-du-dimanche-sayaka-ohira-fabre\/#primaryimage"},"thumbnailUrl":"https:\/\/www.neuillysurmarne.fr\/wp-content\/uploads\/2025\/07\/2026_06_14_VISUEL_SAYAKA--scaled.jpg","datePublished":"2025-07-18T09:09:05+00:00","dateModified":"2025-08-28T15:43:48+00:00","breadcrumb":{"@id":"https:\/\/www.neuillysurmarne.fr\/evenements\/rendez-vous-du-dimanche-sayaka-ohira-fabre\/#breadcrumb"},"inLanguage":"it-IT","potentialAction":[{"@type":"ReadAction","target":["https:\/\/www.neuillysurmarne.fr\/evenements\/rendez-vous-du-dimanche-sayaka-ohira-fabre\/"]}]},{"@type":"ImageObject","inLanguage":"it-IT","@id":"https:\/\/www.neuillysurmarne.fr\/evenements\/rendez-vous-du-dimanche-sayaka-ohira-fabre\/#primaryimage","url":"https:\/\/www.neuillysurmarne.fr\/wp-content\/uploads\/2025\/07\/2026_06_14_VISUEL_SAYAKA--scaled.jpg","contentUrl":"https:\/\/www.neuillysurmarne.fr\/wp-content\/uploads\/2025\/07\/2026_06_14_VISUEL_SAYAKA--scaled.jpg","width":1700,"height":2560},{"@type":"BreadcrumbList","@id":"https:\/\/www.neuillysurmarne.fr\/evenements\/rendez-vous-du-dimanche-sayaka-ohira-fabre\/#breadcrumb","itemListElement":[{"@type":"ListItem","position":1,"name":"Accueil","item":"https:\/\/www.neuillysurmarne.fr\/"},{"@type":"ListItem","position":2,"name":"Rendez-vous du dimanche \u2013 Sayaka Ohira &#8211; Fabre"}]},{"@type":"WebSite","@id":"https:\/\/www.neuillysurmarne.fr\/es\/#website","url":"https:\/\/www.neuillysurmarne.fr\/es\/","name":"Municipio di Neuilly-sur-Marne","description":"BETA","publisher":{"@id":"https:\/\/www.neuillysurmarne.fr\/es\/#organization"},"potentialAction":[{"@type":"SearchAction","target":{"@type":"EntryPoint","urlTemplate":"https:\/\/www.neuillysurmarne.fr\/es\/?s={search_term_string}"},"query-input":{"@type":"PropertyValueSpecification","valueRequired":true,"valueName":"search_term_string"}}],"inLanguage":"it-IT"},{"@type":"Organization","@id":"https:\/\/www.neuillysurmarne.fr\/es\/#organization","name":"Municipio di Neuilly-sur-Marne","url":"https:\/\/www.neuillysurmarne.fr\/es\/","logo":{"@type":"ImageObject","inLanguage":"it-IT","@id":"https:\/\/www.neuillysurmarne.fr\/es\/#\/schema\/logo\/image\/","url":"https:\/\/www.neuillysurmarne.fr\/wp-content\/uploads\/2023\/10\/LOGO-NeuillysurMarne-blanc.png","contentUrl":"https:\/\/www.neuillysurmarne.fr\/wp-content\/uploads\/2023\/10\/LOGO-NeuillysurMarne-blanc.png","width":3308,"height":2586,"caption":"Mairie de Neuilly-sur-Marne"},"image":{"@id":"https:\/\/www.neuillysurmarne.fr\/es\/#\/schema\/logo\/image\/"},"sameAs":["https:\/\/www.facebook.com\/ville.neuilly","https:\/\/www.instagram.com\/neuilly_marne\/","https:\/\/www.linkedin.com\/company\/ville-de-neuilly-sur-marne\/","https:\/\/www.youtube.com\/channel\/UCDdZ0TLrV8rfIqjBGvoeB5A","https:\/\/www.tiktok.com\/@villedeneuillysurmarne"]}]}},"_links":{"self":[{"href":"https:\/\/www.neuillysurmarne.fr\/it\/wp-json\/wp\/v2\/evenements\/15703","targetHints":{"allow":["GET"]}}],"collection":[{"href":"https:\/\/www.neuillysurmarne.fr\/it\/wp-json\/wp\/v2\/evenements"}],"about":[{"href":"https:\/\/www.neuillysurmarne.fr\/it\/wp-json\/wp\/v2\/types\/evenements"}],"wp:featuredmedia":[{"embeddable":true,"href":"https:\/\/www.neuillysurmarne.fr\/it\/wp-json\/wp\/v2\/media\/16163"}],"wp:attachment":[{"href":"https:\/\/www.neuillysurmarne.fr\/it\/wp-json\/wp\/v2\/media?parent=15703"}],"wp:term":[{"taxonomy":"categorie-evenement","embeddable":true,"href":"https:\/\/www.neuillysurmarne.fr\/it\/wp-json\/wp\/v2\/categorie-evenement?post=15703"}],"curies":[{"name":"wp","href":"https:\/\/api.w.org\/{rel}","templated":true}]}}