{"id":11404,"date":"2024-07-01T18:01:55","date_gmt":"2024-07-01T16:01:55","guid":{"rendered":"https:\/\/www.neuillysurmarne.fr\/?page_id=11404"},"modified":"2024-11-05T17:36:09","modified_gmt":"2024-11-05T16:36:09","slug":"sports-culture-jeunesse-evenementiel-et-associations","status":"publish","type":"page","link":"https:\/\/www.neuillysurmarne.fr\/it\/sports-culture-jeunesse-evenementiel-et-associations\/","title":{"rendered":"Sport, cultura, giovani, eventi e associazioni"},"content":{"rendered":"<div data-elementor-type=\"wp-page\" data-elementor-id=\"11404\" class=\"elementor elementor-11404\" data-elementor-post-type=\"page\">\n\t\t\t\t<div class=\"elementor-element elementor-element-a9b4852 e-grid e-con-boxed e-con e-child\" data-id=\"a9b4852\" data-element_type=\"container\" data-e-type=\"container\">\n\t\t\t\t\t<div class=\"e-con-inner\">\n\t\t\t\t<div class=\"elementor-element elementor-element-d483edc elementor-position-top elementor-widget elementor-widget-image-box\" data-id=\"d483edc\" data-element_type=\"widget\" data-e-type=\"widget\" data-widget_type=\"image-box.default\">\n\t\t\t\t<div class=\"elementor-widget-container\">\n\t\t\t\t\t<div class=\"elementor-image-box-wrapper\"><figure class=\"elementor-image-box-img\"><img fetchpriority=\"high\" decoding=\"async\" width=\"2477\" height=\"1651\" src=\"https:\/\/www.neuillysurmarne.fr\/wp-content\/uploads\/2024\/06\/MiConv.com__-patinoire2.png\" class=\"attachment-full size-full wp-image-9782\" alt=\"\" srcset=\"https:\/\/www.neuillysurmarne.fr\/wp-content\/uploads\/2024\/06\/MiConv.com__-patinoire2.png 2477w, https:\/\/www.neuillysurmarne.fr\/wp-content\/uploads\/2024\/06\/MiConv.com__-patinoire2-300x200.png 300w, https:\/\/www.neuillysurmarne.fr\/wp-content\/uploads\/2024\/06\/MiConv.com__-patinoire2-1024x683.png 1024w, https:\/\/www.neuillysurmarne.fr\/wp-content\/uploads\/2024\/06\/MiConv.com__-patinoire2-768x512.png 768w, https:\/\/www.neuillysurmarne.fr\/wp-content\/uploads\/2024\/06\/MiConv.com__-patinoire2-1536x1024.png 1536w, https:\/\/www.neuillysurmarne.fr\/wp-content\/uploads\/2024\/06\/MiConv.com__-patinoire2-2048x1365.png 2048w\" sizes=\"(max-width: 2477px) 100vw, 2477px\" \/><\/figure><div class=\"elementor-image-box-content\"><h3 class=\"elementor-image-box-title\">Pista di ghiaccio<\/h3><p class=\"elementor-image-box-description\">Rinnovamento energetico della struttura (isolamento, spogliatoi, tetto, ecc.)<\/p><\/div><\/div>\t\t\t\t<\/div>\n\t\t\t\t<\/div>\n\t\t\t\t<div class=\"elementor-element elementor-element-9bd9e69 elementor-position-top elementor-widget elementor-widget-image-box\" data-id=\"9bd9e69\" data-element_type=\"widget\" data-e-type=\"widget\" data-widget_type=\"image-box.default\">\n\t\t\t\t<div class=\"elementor-widget-container\">\n\t\t\t\t\t<div class=\"elementor-image-box-wrapper\"><figure class=\"elementor-image-box-img\"><img decoding=\"async\" width=\"2560\" height=\"1707\" src=\"https:\/\/www.neuillysurmarne.fr\/wp-content\/uploads\/2024\/07\/Portrait-cheval-11.2022-7-scaled.jpg\" class=\"attachment-full size-full wp-image-11467\" alt=\"\" srcset=\"https:\/\/www.neuillysurmarne.fr\/wp-content\/uploads\/2024\/07\/Portrait-cheval-11.2022-7-scaled.jpg 2560w, https:\/\/www.neuillysurmarne.fr\/wp-content\/uploads\/2024\/07\/Portrait-cheval-11.2022-7-300x200.jpg 300w, https:\/\/www.neuillysurmarne.fr\/wp-content\/uploads\/2024\/07\/Portrait-cheval-11.2022-7-1024x683.jpg 1024w, https:\/\/www.neuillysurmarne.fr\/wp-content\/uploads\/2024\/07\/Portrait-cheval-11.2022-7-768x512.jpg 768w, https:\/\/www.neuillysurmarne.fr\/wp-content\/uploads\/2024\/07\/Portrait-cheval-11.2022-7-1536x1024.jpg 1536w, https:\/\/www.neuillysurmarne.fr\/wp-content\/uploads\/2024\/07\/Portrait-cheval-11.2022-7-2048x1365.jpg 2048w, https:\/\/www.neuillysurmarne.fr\/wp-content\/uploads\/2024\/07\/Portrait-cheval-11.2022-7-18x12.jpg 18w\" sizes=\"(max-width: 2560px) 100vw, 2560px\" \/><\/figure><div class=\"elementor-image-box-content\"><h3 class=\"elementor-image-box-title\">Lavoro<\/h3><p class=\"elementor-image-box-description\">Ristrutturazione dello stadio di rugby Guy Boniface e del centro ippico Les Rives de Paris<\/p><\/div><\/div>\t\t\t\t<\/div>\n\t\t\t\t<\/div>\n\t\t\t\t<div class=\"elementor-element elementor-element-291e04e elementor-position-top elementor-widget elementor-widget-image-box\" data-id=\"291e04e\" data-element_type=\"widget\" data-e-type=\"widget\" data-widget_type=\"image-box.default\">\n\t\t\t\t<div class=\"elementor-widget-container\">\n\t\t\t\t\t<div class=\"elementor-image-box-wrapper\"><figure class=\"elementor-image-box-img\"><img decoding=\"async\" width=\"2560\" height=\"1707\" src=\"https:\/\/www.neuillysurmarne.fr\/wp-content\/uploads\/2024\/06\/2023-08-03-INAUGURATION-TERRAIN-BASKET-MOUSTAPHA_FALL-JP-56-DSCF9426-scaled.jpg\" class=\"attachment-full size-full wp-image-9598\" alt=\"\" srcset=\"https:\/\/www.neuillysurmarne.fr\/wp-content\/uploads\/2024\/06\/2023-08-03-INAUGURATION-TERRAIN-BASKET-MOUSTAPHA_FALL-JP-56-DSCF9426-scaled.jpg 2560w, https:\/\/www.neuillysurmarne.fr\/wp-content\/uploads\/2024\/06\/2023-08-03-INAUGURATION-TERRAIN-BASKET-MOUSTAPHA_FALL-JP-56-DSCF9426-300x200.jpg 300w, https:\/\/www.neuillysurmarne.fr\/wp-content\/uploads\/2024\/06\/2023-08-03-INAUGURATION-TERRAIN-BASKET-MOUSTAPHA_FALL-JP-56-DSCF9426-1024x683.jpg 1024w, https:\/\/www.neuillysurmarne.fr\/wp-content\/uploads\/2024\/06\/2023-08-03-INAUGURATION-TERRAIN-BASKET-MOUSTAPHA_FALL-JP-56-DSCF9426-768x512.jpg 768w, https:\/\/www.neuillysurmarne.fr\/wp-content\/uploads\/2024\/06\/2023-08-03-INAUGURATION-TERRAIN-BASKET-MOUSTAPHA_FALL-JP-56-DSCF9426-1536x1024.jpg 1536w, https:\/\/www.neuillysurmarne.fr\/wp-content\/uploads\/2024\/06\/2023-08-03-INAUGURATION-TERRAIN-BASKET-MOUSTAPHA_FALL-JP-56-DSCF9426-2048x1365.jpg 2048w\" sizes=\"(max-width: 2560px) 100vw, 2560px\" \/><\/figure><div class=\"elementor-image-box-content\"><h3 class=\"elementor-image-box-title\">Parco di 33 ettari<\/h3><p class=\"elementor-image-box-description\">Costruzione di uno skate park, di un campo da basket e di un'area fitness.<\/p><\/div><\/div>\t\t\t\t<\/div>\n\t\t\t\t<\/div>\n\t\t\t\t<div class=\"elementor-element elementor-element-76ed238 elementor-position-top elementor-widget elementor-widget-image-box\" data-id=\"76ed238\" data-element_type=\"widget\" data-e-type=\"widget\" data-widget_type=\"image-box.default\">\n\t\t\t\t<div class=\"elementor-widget-container\">\n\t\t\t\t\t<div class=\"elementor-image-box-wrapper\"><figure class=\"elementor-image-box-img\"><img loading=\"lazy\" decoding=\"async\" width=\"2560\" height=\"1707\" src=\"https:\/\/www.neuillysurmarne.fr\/wp-content\/uploads\/2024\/07\/Inauguration-synthetique-Guerin-04.2021-33-scaled.jpg\" class=\"attachment-full size-full wp-image-11468\" alt=\"\" srcset=\"https:\/\/www.neuillysurmarne.fr\/wp-content\/uploads\/2024\/07\/Inauguration-synthetique-Guerin-04.2021-33-scaled.jpg 2560w, https:\/\/www.neuillysurmarne.fr\/wp-content\/uploads\/2024\/07\/Inauguration-synthetique-Guerin-04.2021-33-300x200.jpg 300w, https:\/\/www.neuillysurmarne.fr\/wp-content\/uploads\/2024\/07\/Inauguration-synthetique-Guerin-04.2021-33-1024x683.jpg 1024w, https:\/\/www.neuillysurmarne.fr\/wp-content\/uploads\/2024\/07\/Inauguration-synthetique-Guerin-04.2021-33-768x512.jpg 768w, https:\/\/www.neuillysurmarne.fr\/wp-content\/uploads\/2024\/07\/Inauguration-synthetique-Guerin-04.2021-33-1536x1024.jpg 1536w, https:\/\/www.neuillysurmarne.fr\/wp-content\/uploads\/2024\/07\/Inauguration-synthetique-Guerin-04.2021-33-2048x1365.jpg 2048w, https:\/\/www.neuillysurmarne.fr\/wp-content\/uploads\/2024\/07\/Inauguration-synthetique-Guerin-04.2021-33-18x12.jpg 18w\" sizes=\"(max-width: 2560px) 100vw, 2560px\" \/><\/figure><div class=\"elementor-image-box-content\"><h3 class=\"elementor-image-box-title\">Parco del Conservatorio<\/h3><p class=\"elementor-image-box-description\">Creazione di un campo polisportivo nel Parco Gu\u00e9rin<\/p><\/div><\/div>\t\t\t\t<\/div>\n\t\t\t\t<\/div>\n\t\t\t\t<div class=\"elementor-element elementor-element-d1e8d09 elementor-position-top elementor-widget elementor-widget-image-box\" data-id=\"d1e8d09\" data-element_type=\"widget\" data-e-type=\"widget\" data-widget_type=\"image-box.default\">\n\t\t\t\t<div class=\"elementor-widget-container\">\n\t\t\t\t\t<div class=\"elementor-image-box-wrapper\"><figure class=\"elementor-image-box-img\"><img loading=\"lazy\" decoding=\"async\" width=\"2560\" height=\"1707\" src=\"https:\/\/www.neuillysurmarne.fr\/wp-content\/uploads\/2024\/07\/FitDays-06.2022-4-scaled.jpg\" class=\"attachment-full size-full wp-image-11469\" alt=\"\" srcset=\"https:\/\/www.neuillysurmarne.fr\/wp-content\/uploads\/2024\/07\/FitDays-06.2022-4-scaled.jpg 2560w, https:\/\/www.neuillysurmarne.fr\/wp-content\/uploads\/2024\/07\/FitDays-06.2022-4-300x200.jpg 300w, https:\/\/www.neuillysurmarne.fr\/wp-content\/uploads\/2024\/07\/FitDays-06.2022-4-1024x683.jpg 1024w, https:\/\/www.neuillysurmarne.fr\/wp-content\/uploads\/2024\/07\/FitDays-06.2022-4-768x512.jpg 768w, https:\/\/www.neuillysurmarne.fr\/wp-content\/uploads\/2024\/07\/FitDays-06.2022-4-1536x1024.jpg 1536w, https:\/\/www.neuillysurmarne.fr\/wp-content\/uploads\/2024\/07\/FitDays-06.2022-4-2048x1365.jpg 2048w, https:\/\/www.neuillysurmarne.fr\/wp-content\/uploads\/2024\/07\/FitDays-06.2022-4-18x12.jpg 18w\" sizes=\"(max-width: 2560px) 100vw, 2560px\" \/><\/figure><div class=\"elementor-image-box-content\"><h3 class=\"elementor-image-box-title\">Triathlon<\/h3><p class=\"elementor-image-box-description\">Organizzazione del grande triathlon FITDays per bambini nel parco di 33 ettari<\/p><\/div><\/div>\t\t\t\t<\/div>\n\t\t\t\t<\/div>\n\t\t\t\t<div class=\"elementor-element elementor-element-1b5b0e4 elementor-position-top elementor-widget elementor-widget-image-box\" data-id=\"1b5b0e4\" data-element_type=\"widget\" data-e-type=\"widget\" data-widget_type=\"image-box.default\">\n\t\t\t\t<div class=\"elementor-widget-container\">\n\t\t\t\t\t<div class=\"elementor-image-box-wrapper\"><figure class=\"elementor-image-box-img\"><img loading=\"lazy\" decoding=\"async\" width=\"2560\" height=\"1707\" src=\"https:\/\/www.neuillysurmarne.fr\/wp-content\/uploads\/2024\/07\/Mauriac-10.01.2023-8-scaled.jpg\" class=\"attachment-full size-full wp-image-11470\" alt=\"\" srcset=\"https:\/\/www.neuillysurmarne.fr\/wp-content\/uploads\/2024\/07\/Mauriac-10.01.2023-8-scaled.jpg 2560w, https:\/\/www.neuillysurmarne.fr\/wp-content\/uploads\/2024\/07\/Mauriac-10.01.2023-8-300x200.jpg 300w, https:\/\/www.neuillysurmarne.fr\/wp-content\/uploads\/2024\/07\/Mauriac-10.01.2023-8-1024x683.jpg 1024w, https:\/\/www.neuillysurmarne.fr\/wp-content\/uploads\/2024\/07\/Mauriac-10.01.2023-8-768x512.jpg 768w, https:\/\/www.neuillysurmarne.fr\/wp-content\/uploads\/2024\/07\/Mauriac-10.01.2023-8-1536x1024.jpg 1536w, https:\/\/www.neuillysurmarne.fr\/wp-content\/uploads\/2024\/07\/Mauriac-10.01.2023-8-2048x1365.jpg 2048w, https:\/\/www.neuillysurmarne.fr\/wp-content\/uploads\/2024\/07\/Mauriac-10.01.2023-8-18x12.jpg 18w\" sizes=\"(max-width: 2560px) 100vw, 2560px\" \/><\/figure><div class=\"elementor-image-box-content\"><h3 class=\"elementor-image-box-title\">Espace sportif Lionel Grossain<\/h3><p class=\"elementor-image-box-description\">Ouverture de l'espace sportif  Lionel Grossain dans le quartier des Primev\u00e8res<\/p><\/div><\/div>\t\t\t\t<\/div>\n\t\t\t\t<\/div>\n\t\t\t\t<div class=\"elementor-element elementor-element-8a41451 elementor-position-top elementor-widget elementor-widget-image-box\" data-id=\"8a41451\" data-element_type=\"widget\" data-e-type=\"widget\" data-widget_type=\"image-box.default\">\n\t\t\t\t<div class=\"elementor-widget-container\">\n\t\t\t\t\t<div class=\"elementor-image-box-wrapper\"><figure class=\"elementor-image-box-img\"><img loading=\"lazy\" decoding=\"async\" width=\"2560\" height=\"1707\" src=\"https:\/\/www.neuillysurmarne.fr\/wp-content\/uploads\/2024\/07\/Salon-des-arts-creatifs-12.2022-23-scaled.jpg\" class=\"attachment-full size-full wp-image-11471\" alt=\"\" srcset=\"https:\/\/www.neuillysurmarne.fr\/wp-content\/uploads\/2024\/07\/Salon-des-arts-creatifs-12.2022-23-scaled.jpg 2560w, https:\/\/www.neuillysurmarne.fr\/wp-content\/uploads\/2024\/07\/Salon-des-arts-creatifs-12.2022-23-300x200.jpg 300w, https:\/\/www.neuillysurmarne.fr\/wp-content\/uploads\/2024\/07\/Salon-des-arts-creatifs-12.2022-23-1024x683.jpg 1024w, https:\/\/www.neuillysurmarne.fr\/wp-content\/uploads\/2024\/07\/Salon-des-arts-creatifs-12.2022-23-768x512.jpg 768w, https:\/\/www.neuillysurmarne.fr\/wp-content\/uploads\/2024\/07\/Salon-des-arts-creatifs-12.2022-23-1536x1024.jpg 1536w, https:\/\/www.neuillysurmarne.fr\/wp-content\/uploads\/2024\/07\/Salon-des-arts-creatifs-12.2022-23-2048x1365.jpg 2048w, https:\/\/www.neuillysurmarne.fr\/wp-content\/uploads\/2024\/07\/Salon-des-arts-creatifs-12.2022-23-18x12.jpg 18w\" sizes=\"(max-width: 2560px) 100vw, 2560px\" \/><\/figure><div class=\"elementor-image-box-content\"><h3 class=\"elementor-image-box-title\">Arte<\/h3><p class=\"elementor-image-box-description\">Organizzazione della Fiera delle arti creative con oltre trenta espositori alla fine dell'anno.<\/p><\/div><\/div>\t\t\t\t<\/div>\n\t\t\t\t<\/div>\n\t\t\t\t<div class=\"elementor-element elementor-element-38ab76d elementor-position-top elementor-widget elementor-widget-image-box\" data-id=\"38ab76d\" data-element_type=\"widget\" data-e-type=\"widget\" data-widget_type=\"image-box.default\">\n\t\t\t\t<div class=\"elementor-widget-container\">\n\t\t\t\t\t<div class=\"elementor-image-box-wrapper\"><figure class=\"elementor-image-box-img\"><img loading=\"lazy\" decoding=\"async\" width=\"2560\" height=\"1707\" src=\"https:\/\/www.neuillysurmarne.fr\/wp-content\/uploads\/2024\/06\/Inauguration-ludo-mediatheque-01.2023-16-scaled.jpg\" class=\"attachment-full size-full wp-image-10990\" alt=\"\" srcset=\"https:\/\/www.neuillysurmarne.fr\/wp-content\/uploads\/2024\/06\/Inauguration-ludo-mediatheque-01.2023-16-scaled.jpg 2560w, https:\/\/www.neuillysurmarne.fr\/wp-content\/uploads\/2024\/06\/Inauguration-ludo-mediatheque-01.2023-16-300x200.jpg 300w, https:\/\/www.neuillysurmarne.fr\/wp-content\/uploads\/2024\/06\/Inauguration-ludo-mediatheque-01.2023-16-1024x683.jpg 1024w, https:\/\/www.neuillysurmarne.fr\/wp-content\/uploads\/2024\/06\/Inauguration-ludo-mediatheque-01.2023-16-768x512.jpg 768w, https:\/\/www.neuillysurmarne.fr\/wp-content\/uploads\/2024\/06\/Inauguration-ludo-mediatheque-01.2023-16-1536x1024.jpg 1536w, https:\/\/www.neuillysurmarne.fr\/wp-content\/uploads\/2024\/06\/Inauguration-ludo-mediatheque-01.2023-16-2048x1365.jpg 2048w, https:\/\/www.neuillysurmarne.fr\/wp-content\/uploads\/2024\/06\/Inauguration-ludo-mediatheque-01.2023-16-18x12.jpg 18w\" sizes=\"(max-width: 2560px) 100vw, 2560px\" \/><\/figure><div class=\"elementor-image-box-content\"><h3 class=\"elementor-image-box-title\">Biblioteca multimediale<\/h3><p class=\"elementor-image-box-description\">Allestimento di una ludoteca e riorganizzazione delle collezioni per adattarle ai diversi tipi di pubblico<\/p><\/div><\/div>\t\t\t\t<\/div>\n\t\t\t\t<\/div>\n\t\t\t\t<div class=\"elementor-element elementor-element-f015c55 elementor-position-top elementor-widget elementor-widget-image-box\" data-id=\"f015c55\" data-element_type=\"widget\" data-e-type=\"widget\" data-widget_type=\"image-box.default\">\n\t\t\t\t<div class=\"elementor-widget-container\">\n\t\t\t\t\t<div class=\"elementor-image-box-wrapper\"><figure class=\"elementor-image-box-img\"><img loading=\"lazy\" decoding=\"async\" width=\"2560\" height=\"1707\" src=\"https:\/\/www.neuillysurmarne.fr\/wp-content\/uploads\/2024\/07\/Illustrations-Eglise-St-Baudile-06.2021-5-scaled.jpg\" class=\"attachment-full size-full wp-image-11472\" alt=\"\" srcset=\"https:\/\/www.neuillysurmarne.fr\/wp-content\/uploads\/2024\/07\/Illustrations-Eglise-St-Baudile-06.2021-5-scaled.jpg 2560w, https:\/\/www.neuillysurmarne.fr\/wp-content\/uploads\/2024\/07\/Illustrations-Eglise-St-Baudile-06.2021-5-300x200.jpg 300w, https:\/\/www.neuillysurmarne.fr\/wp-content\/uploads\/2024\/07\/Illustrations-Eglise-St-Baudile-06.2021-5-1024x683.jpg 1024w, https:\/\/www.neuillysurmarne.fr\/wp-content\/uploads\/2024\/07\/Illustrations-Eglise-St-Baudile-06.2021-5-768x512.jpg 768w, https:\/\/www.neuillysurmarne.fr\/wp-content\/uploads\/2024\/07\/Illustrations-Eglise-St-Baudile-06.2021-5-1536x1024.jpg 1536w, https:\/\/www.neuillysurmarne.fr\/wp-content\/uploads\/2024\/07\/Illustrations-Eglise-St-Baudile-06.2021-5-2048x1365.jpg 2048w, https:\/\/www.neuillysurmarne.fr\/wp-content\/uploads\/2024\/07\/Illustrations-Eglise-St-Baudile-06.2021-5-18x12.jpg 18w\" sizes=\"(max-width: 2560px) 100vw, 2560px\" \/><\/figure><div class=\"elementor-image-box-content\"><h3 class=\"elementor-image-box-title\">Concerti<\/h3><p class=\"elementor-image-box-description\">Concerti mensili di musica classica nella chiesa di Saint-Baudile<\/p><\/div><\/div>\t\t\t\t<\/div>\n\t\t\t\t<\/div>\n\t\t\t\t<div class=\"elementor-element elementor-element-285073b elementor-position-top elementor-widget elementor-widget-image-box\" data-id=\"285073b\" data-element_type=\"widget\" data-e-type=\"widget\" data-widget_type=\"image-box.default\">\n\t\t\t\t<div class=\"elementor-widget-container\">\n\t\t\t\t\t<div class=\"elementor-image-box-wrapper\"><figure class=\"elementor-image-box-img\"><img loading=\"lazy\" decoding=\"async\" width=\"2560\" height=\"1707\" src=\"https:\/\/www.neuillysurmarne.fr\/wp-content\/uploads\/2023\/11\/Verino-21.01.2023-58-scaled.jpg\" class=\"attachment-full size-full wp-image-1182\" alt=\"\" srcset=\"https:\/\/www.neuillysurmarne.fr\/wp-content\/uploads\/2023\/11\/Verino-21.01.2023-58-scaled.jpg 2560w, https:\/\/www.neuillysurmarne.fr\/wp-content\/uploads\/2023\/11\/Verino-21.01.2023-58-300x200.jpg 300w, https:\/\/www.neuillysurmarne.fr\/wp-content\/uploads\/2023\/11\/Verino-21.01.2023-58-1024x683.jpg 1024w, https:\/\/www.neuillysurmarne.fr\/wp-content\/uploads\/2023\/11\/Verino-21.01.2023-58-768x512.jpg 768w, https:\/\/www.neuillysurmarne.fr\/wp-content\/uploads\/2023\/11\/Verino-21.01.2023-58-1536x1024.jpg 1536w, https:\/\/www.neuillysurmarne.fr\/wp-content\/uploads\/2023\/11\/Verino-21.01.2023-58-2048x1365.jpg 2048w\" sizes=\"(max-width: 2560px) 100vw, 2560px\" \/><\/figure><div class=\"elementor-image-box-content\"><h3 class=\"elementor-image-box-title\">Stagione culturale<\/h3><p class=\"elementor-image-box-description\">Creazione di un servizio di biglietteria online e adesione al Billet R\u00e9duc<\/p><\/div><\/div>\t\t\t\t<\/div>\n\t\t\t\t<\/div>\n\t\t\t\t<div class=\"elementor-element elementor-element-ec6bafb elementor-position-top elementor-widget elementor-widget-image-box\" data-id=\"ec6bafb\" data-element_type=\"widget\" data-e-type=\"widget\" data-widget_type=\"image-box.default\">\n\t\t\t\t<div class=\"elementor-widget-container\">\n\t\t\t\t\t<div class=\"elementor-image-box-wrapper\"><figure class=\"elementor-image-box-img\"><img loading=\"lazy\" decoding=\"async\" width=\"2560\" height=\"1707\" src=\"https:\/\/www.neuillysurmarne.fr\/wp-content\/uploads\/2024\/07\/Neuilly-lete-BDM-07.2021-53-scaled.jpg\" class=\"attachment-full size-full wp-image-11473\" alt=\"\" srcset=\"https:\/\/www.neuillysurmarne.fr\/wp-content\/uploads\/2024\/07\/Neuilly-lete-BDM-07.2021-53-scaled.jpg 2560w, https:\/\/www.neuillysurmarne.fr\/wp-content\/uploads\/2024\/07\/Neuilly-lete-BDM-07.2021-53-300x200.jpg 300w, https:\/\/www.neuillysurmarne.fr\/wp-content\/uploads\/2024\/07\/Neuilly-lete-BDM-07.2021-53-1024x683.jpg 1024w, https:\/\/www.neuillysurmarne.fr\/wp-content\/uploads\/2024\/07\/Neuilly-lete-BDM-07.2021-53-768x512.jpg 768w, https:\/\/www.neuillysurmarne.fr\/wp-content\/uploads\/2024\/07\/Neuilly-lete-BDM-07.2021-53-1536x1024.jpg 1536w, https:\/\/www.neuillysurmarne.fr\/wp-content\/uploads\/2024\/07\/Neuilly-lete-BDM-07.2021-53-2048x1365.jpg 2048w, https:\/\/www.neuillysurmarne.fr\/wp-content\/uploads\/2024\/07\/Neuilly-lete-BDM-07.2021-53-18x12.jpg 18w\" sizes=\"(max-width: 2560px) 100vw, 2560px\" \/><\/figure><div class=\"elementor-image-box-content\"><h3 class=\"elementor-image-box-title\">Lettura<\/h3><p class=\"elementor-image-box-description\">Acquisizione di una bibliambulanza per promuovere la lettura pubblica e installazione di scatole per libri<\/p><\/div><\/div>\t\t\t\t<\/div>\n\t\t\t\t<\/div>\n\t\t\t\t<div class=\"elementor-element elementor-element-5014df4 elementor-position-top elementor-widget elementor-widget-image-box\" data-id=\"5014df4\" data-element_type=\"widget\" data-e-type=\"widget\" data-widget_type=\"image-box.default\">\n\t\t\t\t<div class=\"elementor-widget-container\">\n\t\t\t\t\t<div class=\"elementor-image-box-wrapper\"><figure class=\"elementor-image-box-img\"><img loading=\"lazy\" decoding=\"async\" width=\"2560\" height=\"1707\" src=\"https:\/\/www.neuillysurmarne.fr\/wp-content\/uploads\/2024\/07\/Fete-des-BdM-09.2023-111-scaled.jpg\" class=\"attachment-full size-full wp-image-11474\" alt=\"\" srcset=\"https:\/\/www.neuillysurmarne.fr\/wp-content\/uploads\/2024\/07\/Fete-des-BdM-09.2023-111-scaled.jpg 2560w, https:\/\/www.neuillysurmarne.fr\/wp-content\/uploads\/2024\/07\/Fete-des-BdM-09.2023-111-300x200.jpg 300w, https:\/\/www.neuillysurmarne.fr\/wp-content\/uploads\/2024\/07\/Fete-des-BdM-09.2023-111-1024x683.jpg 1024w, https:\/\/www.neuillysurmarne.fr\/wp-content\/uploads\/2024\/07\/Fete-des-BdM-09.2023-111-768x512.jpg 768w, https:\/\/www.neuillysurmarne.fr\/wp-content\/uploads\/2024\/07\/Fete-des-BdM-09.2023-111-1536x1024.jpg 1536w, https:\/\/www.neuillysurmarne.fr\/wp-content\/uploads\/2024\/07\/Fete-des-BdM-09.2023-111-2048x1365.jpg 2048w, https:\/\/www.neuillysurmarne.fr\/wp-content\/uploads\/2024\/07\/Fete-des-BdM-09.2023-111-18x12.jpg 18w\" sizes=\"(max-width: 2560px) 100vw, 2560px\" \/><\/figure><div class=\"elementor-image-box-content\"><h3 class=\"elementor-image-box-title\">Associazioni<\/h3><p class=\"elementor-image-box-description\">Creazione di un dipartimento dedicato al sostegno delle associazioni (sovvenzioni, formazione, ecc.).<\/p><\/div><\/div>\t\t\t\t<\/div>\n\t\t\t\t<\/div>\n\t\t\t\t<div class=\"elementor-element elementor-element-dcf9c1a elementor-position-top elementor-widget elementor-widget-image-box\" data-id=\"dcf9c1a\" data-element_type=\"widget\" data-e-type=\"widget\" data-widget_type=\"image-box.default\">\n\t\t\t\t<div class=\"elementor-widget-container\">\n\t\t\t\t\t<div class=\"elementor-image-box-wrapper\"><figure class=\"elementor-image-box-img\"><img loading=\"lazy\" decoding=\"async\" width=\"2560\" height=\"1707\" src=\"https:\/\/www.neuillysurmarne.fr\/wp-content\/uploads\/2024\/07\/Saint-Jean-06.2024-114-scaled.jpg\" class=\"attachment-full size-full wp-image-11475\" alt=\"\" srcset=\"https:\/\/www.neuillysurmarne.fr\/wp-content\/uploads\/2024\/07\/Saint-Jean-06.2024-114-scaled.jpg 2560w, https:\/\/www.neuillysurmarne.fr\/wp-content\/uploads\/2024\/07\/Saint-Jean-06.2024-114-300x200.jpg 300w, https:\/\/www.neuillysurmarne.fr\/wp-content\/uploads\/2024\/07\/Saint-Jean-06.2024-114-1024x683.jpg 1024w, https:\/\/www.neuillysurmarne.fr\/wp-content\/uploads\/2024\/07\/Saint-Jean-06.2024-114-768x512.jpg 768w, https:\/\/www.neuillysurmarne.fr\/wp-content\/uploads\/2024\/07\/Saint-Jean-06.2024-114-1536x1024.jpg 1536w, https:\/\/www.neuillysurmarne.fr\/wp-content\/uploads\/2024\/07\/Saint-Jean-06.2024-114-2048x1365.jpg 2048w, https:\/\/www.neuillysurmarne.fr\/wp-content\/uploads\/2024\/07\/Saint-Jean-06.2024-114-18x12.jpg 18w\" sizes=\"(max-width: 2560px) 100vw, 2560px\" \/><\/figure><div class=\"elementor-image-box-content\"><h3 class=\"elementor-image-box-title\">Festeggiamenti<\/h3><p class=\"elementor-image-box-description\">Punti salienti: Neuilly l'\u00e9t\u00e9, F\u00eate des bords de Marne, F\u00eate m\u00e9di\u00e9vale de la Saint-Jean...<\/p><\/div><\/div>\t\t\t\t<\/div>\n\t\t\t\t<\/div>\n\t\t\t\t<div class=\"elementor-element elementor-element-e654de7 elementor-position-top elementor-widget elementor-widget-image-box\" data-id=\"e654de7\" data-element_type=\"widget\" data-e-type=\"widget\" data-widget_type=\"image-box.default\">\n\t\t\t\t<div class=\"elementor-widget-container\">\n\t\t\t\t\t<div class=\"elementor-image-box-wrapper\"><figure class=\"elementor-image-box-img\"><img loading=\"lazy\" decoding=\"async\" width=\"2560\" height=\"1707\" src=\"https:\/\/www.neuillysurmarne.fr\/wp-content\/uploads\/2024\/07\/P5970839-scaled.jpg\" class=\"attachment-full size-full wp-image-11476\" alt=\"\" srcset=\"https:\/\/www.neuillysurmarne.fr\/wp-content\/uploads\/2024\/07\/P5970839-scaled.jpg 2560w, https:\/\/www.neuillysurmarne.fr\/wp-content\/uploads\/2024\/07\/P5970839-300x200.jpg 300w, https:\/\/www.neuillysurmarne.fr\/wp-content\/uploads\/2024\/07\/P5970839-1024x683.jpg 1024w, https:\/\/www.neuillysurmarne.fr\/wp-content\/uploads\/2024\/07\/P5970839-768x512.jpg 768w, https:\/\/www.neuillysurmarne.fr\/wp-content\/uploads\/2024\/07\/P5970839-1536x1024.jpg 1536w, https:\/\/www.neuillysurmarne.fr\/wp-content\/uploads\/2024\/07\/P5970839-2048x1365.jpg 2048w, https:\/\/www.neuillysurmarne.fr\/wp-content\/uploads\/2024\/07\/P5970839-18x12.jpg 18w\" sizes=\"(max-width: 2560px) 100vw, 2560px\" \/><\/figure><div class=\"elementor-image-box-content\"><h3 class=\"elementor-image-box-title\">Identit\u00e0 grafica<\/h3><p class=\"elementor-image-box-description\">Introduzione di un nuovo logo e di un nuovo layout per la rivista comunale<\/p><\/div><\/div>\t\t\t\t<\/div>\n\t\t\t\t<\/div>\n\t\t\t\t<div class=\"elementor-element elementor-element-097a6f1 elementor-position-top elementor-widget elementor-widget-image-box\" data-id=\"097a6f1\" data-element_type=\"widget\" data-e-type=\"widget\" data-widget_type=\"image-box.default\">\n\t\t\t\t<div class=\"elementor-widget-container\">\n\t\t\t\t\t<div class=\"elementor-image-box-wrapper\"><figure class=\"elementor-image-box-img\"><img loading=\"lazy\" decoding=\"async\" width=\"2560\" height=\"1707\" src=\"https:\/\/www.neuillysurmarne.fr\/wp-content\/uploads\/2024\/07\/Sortie-du-livre-NSM-11.2022-2-scaled.jpg\" class=\"attachment-full size-full wp-image-11477\" alt=\"\" srcset=\"https:\/\/www.neuillysurmarne.fr\/wp-content\/uploads\/2024\/07\/Sortie-du-livre-NSM-11.2022-2-scaled.jpg 2560w, https:\/\/www.neuillysurmarne.fr\/wp-content\/uploads\/2024\/07\/Sortie-du-livre-NSM-11.2022-2-300x200.jpg 300w, https:\/\/www.neuillysurmarne.fr\/wp-content\/uploads\/2024\/07\/Sortie-du-livre-NSM-11.2022-2-1024x683.jpg 1024w, https:\/\/www.neuillysurmarne.fr\/wp-content\/uploads\/2024\/07\/Sortie-du-livre-NSM-11.2022-2-768x512.jpg 768w, https:\/\/www.neuillysurmarne.fr\/wp-content\/uploads\/2024\/07\/Sortie-du-livre-NSM-11.2022-2-1536x1024.jpg 1536w, https:\/\/www.neuillysurmarne.fr\/wp-content\/uploads\/2024\/07\/Sortie-du-livre-NSM-11.2022-2-2048x1365.jpg 2048w, https:\/\/www.neuillysurmarne.fr\/wp-content\/uploads\/2024\/07\/Sortie-du-livre-NSM-11.2022-2-18x12.jpg 18w\" sizes=\"(max-width: 2560px) 100vw, 2560px\" \/><\/figure><div class=\"elementor-image-box-content\"><h3 class=\"elementor-image-box-title\">Patrimonio<\/h3><p class=\"elementor-image-box-description\">Pubblicazione di un libro di architettura sulla citt\u00e0 di Neuilly-sur-Marne<\/p><\/div><\/div>\t\t\t\t<\/div>\n\t\t\t\t<\/div>\n\t\t\t\t<div class=\"elementor-element elementor-element-7832cca elementor-position-top elementor-widget elementor-widget-image-box\" data-id=\"7832cca\" data-element_type=\"widget\" data-e-type=\"widget\" data-widget_type=\"image-box.default\">\n\t\t\t\t<div class=\"elementor-widget-container\">\n\t\t\t\t\t<div class=\"elementor-image-box-wrapper\"><figure class=\"elementor-image-box-img\"><img loading=\"lazy\" decoding=\"async\" width=\"2560\" height=\"1707\" src=\"https:\/\/www.neuillysurmarne.fr\/wp-content\/uploads\/2024\/07\/Forum-jobs-dete-03.2024-18-scaled.jpg\" class=\"attachment-full size-full wp-image-11478\" alt=\"\" srcset=\"https:\/\/www.neuillysurmarne.fr\/wp-content\/uploads\/2024\/07\/Forum-jobs-dete-03.2024-18-scaled.jpg 2560w, https:\/\/www.neuillysurmarne.fr\/wp-content\/uploads\/2024\/07\/Forum-jobs-dete-03.2024-18-300x200.jpg 300w, https:\/\/www.neuillysurmarne.fr\/wp-content\/uploads\/2024\/07\/Forum-jobs-dete-03.2024-18-1024x683.jpg 1024w, https:\/\/www.neuillysurmarne.fr\/wp-content\/uploads\/2024\/07\/Forum-jobs-dete-03.2024-18-768x512.jpg 768w, https:\/\/www.neuillysurmarne.fr\/wp-content\/uploads\/2024\/07\/Forum-jobs-dete-03.2024-18-1536x1024.jpg 1536w, https:\/\/www.neuillysurmarne.fr\/wp-content\/uploads\/2024\/07\/Forum-jobs-dete-03.2024-18-2048x1365.jpg 2048w, https:\/\/www.neuillysurmarne.fr\/wp-content\/uploads\/2024\/07\/Forum-jobs-dete-03.2024-18-18x12.jpg 18w\" sizes=\"(max-width: 2560px) 100vw, 2560px\" \/><\/figure><div class=\"elementor-image-box-content\"><h3 class=\"elementor-image-box-title\">Lavori estivi<\/h3><p class=\"elementor-image-box-description\">Un forum estivo sui posti di lavoro, in cui viene data priorit\u00e0 alle candidature dei residenti locali.<\/p><\/div><\/div>\t\t\t\t<\/div>\n\t\t\t\t<\/div>\n\t\t\t\t<div class=\"elementor-element elementor-element-18e86be elementor-position-top elementor-widget elementor-widget-image-box\" data-id=\"18e86be\" data-element_type=\"widget\" data-e-type=\"widget\" data-widget_type=\"image-box.default\">\n\t\t\t\t<div class=\"elementor-widget-container\">\n\t\t\t\t\t<div class=\"elementor-image-box-wrapper\"><figure class=\"elementor-image-box-img\"><img loading=\"lazy\" decoding=\"async\" width=\"2560\" height=\"1707\" src=\"https:\/\/www.neuillysurmarne.fr\/wp-content\/uploads\/2024\/07\/AdobeStock_257073551-scaled.jpeg\" class=\"attachment-full size-full wp-image-11479\" alt=\"\" srcset=\"https:\/\/www.neuillysurmarne.fr\/wp-content\/uploads\/2024\/07\/AdobeStock_257073551-scaled.jpeg 2560w, https:\/\/www.neuillysurmarne.fr\/wp-content\/uploads\/2024\/07\/AdobeStock_257073551-300x200.jpeg 300w, https:\/\/www.neuillysurmarne.fr\/wp-content\/uploads\/2024\/07\/AdobeStock_257073551-1024x683.jpeg 1024w, https:\/\/www.neuillysurmarne.fr\/wp-content\/uploads\/2024\/07\/AdobeStock_257073551-768x512.jpeg 768w, https:\/\/www.neuillysurmarne.fr\/wp-content\/uploads\/2024\/07\/AdobeStock_257073551-1536x1024.jpeg 1536w, https:\/\/www.neuillysurmarne.fr\/wp-content\/uploads\/2024\/07\/AdobeStock_257073551-2048x1365.jpeg 2048w, https:\/\/www.neuillysurmarne.fr\/wp-content\/uploads\/2024\/07\/AdobeStock_257073551-18x12.jpeg 18w\" sizes=\"(max-width: 2560px) 100vw, 2560px\" \/><\/figure><div class=\"elementor-image-box-content\"><h3 class=\"elementor-image-box-title\">Reintegrazione<\/h3><p class=\"elementor-image-box-description\">Reintegrazione di 654 giovani di Noc\u00e9 tra il 2020 e il 2021<\/p><\/div><\/div>\t\t\t\t<\/div>\n\t\t\t\t<\/div>\n\t\t\t\t<div class=\"elementor-element elementor-element-c68f49d elementor-position-top elementor-widget elementor-widget-image-box\" data-id=\"c68f49d\" data-element_type=\"widget\" data-e-type=\"widget\" data-widget_type=\"image-box.default\">\n\t\t\t\t<div class=\"elementor-widget-container\">\n\t\t\t\t\t<div class=\"elementor-image-box-wrapper\"><figure class=\"elementor-image-box-img\"><img loading=\"lazy\" decoding=\"async\" width=\"2560\" height=\"1707\" src=\"https:\/\/www.neuillysurmarne.fr\/wp-content\/uploads\/2024\/07\/Massifs-repro-oeuvres-09.2021-23-scaled.jpg\" class=\"attachment-full size-full wp-image-11480\" alt=\"\" srcset=\"https:\/\/www.neuillysurmarne.fr\/wp-content\/uploads\/2024\/07\/Massifs-repro-oeuvres-09.2021-23-scaled.jpg 2560w, https:\/\/www.neuillysurmarne.fr\/wp-content\/uploads\/2024\/07\/Massifs-repro-oeuvres-09.2021-23-300x200.jpg 300w, https:\/\/www.neuillysurmarne.fr\/wp-content\/uploads\/2024\/07\/Massifs-repro-oeuvres-09.2021-23-1024x683.jpg 1024w, https:\/\/www.neuillysurmarne.fr\/wp-content\/uploads\/2024\/07\/Massifs-repro-oeuvres-09.2021-23-768x512.jpg 768w, https:\/\/www.neuillysurmarne.fr\/wp-content\/uploads\/2024\/07\/Massifs-repro-oeuvres-09.2021-23-1536x1024.jpg 1536w, https:\/\/www.neuillysurmarne.fr\/wp-content\/uploads\/2024\/07\/Massifs-repro-oeuvres-09.2021-23-2048x1365.jpg 2048w, https:\/\/www.neuillysurmarne.fr\/wp-content\/uploads\/2024\/07\/Massifs-repro-oeuvres-09.2021-23-18x12.jpg 18w\" sizes=\"(max-width: 2560px) 100vw, 2560px\" \/><\/figure><div class=\"elementor-image-box-content\"><h3 class=\"elementor-image-box-title\">Ospitare i tirocinanti<\/h3><p class=\"elementor-image-box-description\">626 tirocinanti nei servizi comunali tra il 2020 e il 2023<\/p><\/div><\/div>\t\t\t\t<\/div>\n\t\t\t\t<\/div>\n\t\t\t\t<div class=\"elementor-element elementor-element-ba813c4 elementor-position-top elementor-widget elementor-widget-image-box\" data-id=\"ba813c4\" data-element_type=\"widget\" data-e-type=\"widget\" data-widget_type=\"image-box.default\">\n\t\t\t\t<div class=\"elementor-widget-container\">\n\t\t\t\t\t<div class=\"elementor-image-box-wrapper\"><figure class=\"elementor-image-box-img\"><img loading=\"lazy\" decoding=\"async\" width=\"2560\" height=\"1703\" src=\"https:\/\/www.neuillysurmarne.fr\/wp-content\/uploads\/2024\/07\/0049@Nicolas-Fagot-Paris-scaled.jpg\" class=\"attachment-full size-full wp-image-11486\" alt=\"\" srcset=\"https:\/\/www.neuillysurmarne.fr\/wp-content\/uploads\/2024\/07\/0049@Nicolas-Fagot-Paris-scaled.jpg 2560w, https:\/\/www.neuillysurmarne.fr\/wp-content\/uploads\/2024\/07\/0049@Nicolas-Fagot-Paris-300x200.jpg 300w, https:\/\/www.neuillysurmarne.fr\/wp-content\/uploads\/2024\/07\/0049@Nicolas-Fagot-Paris-1024x681.jpg 1024w, https:\/\/www.neuillysurmarne.fr\/wp-content\/uploads\/2024\/07\/0049@Nicolas-Fagot-Paris-768x511.jpg 768w, https:\/\/www.neuillysurmarne.fr\/wp-content\/uploads\/2024\/07\/0049@Nicolas-Fagot-Paris-1536x1022.jpg 1536w, https:\/\/www.neuillysurmarne.fr\/wp-content\/uploads\/2024\/07\/0049@Nicolas-Fagot-Paris-2048x1363.jpg 2048w, https:\/\/www.neuillysurmarne.fr\/wp-content\/uploads\/2024\/07\/0049@Nicolas-Fagot-Paris-18x12.jpg 18w\" sizes=\"(max-width: 2560px) 100vw, 2560px\" \/><\/figure><div class=\"elementor-image-box-content\"><h3 class=\"elementor-image-box-title\">Pass per giovani cittadini<\/h3><p class=\"elementor-image-box-description\">Creazione del programma Pass Jeune Citoyen, premiato da Territoria.<\/p><\/div><\/div>\t\t\t\t<\/div>\n\t\t\t\t<\/div>\n\t\t\t\t\t<\/div>\n\t\t\t\t<\/div>\n\t\t\t\t<\/div>","protected":false},"excerpt":{"rendered":"<p>Patinoire R\u00e9novation \u00e9nerg\u00e9tique de l&rsquo;\u00e9quipement (isolation, vestiaires, toiture&#8230;) Travaux R\u00e9novation du stade de rugby Guy Boniface et du centre \u00e9questre Les Rives de Paris Parc des 33 hectares Construction d&rsquo;un skate park, d&rsquo;un terrain de basketball et d&rsquo;un espace fitness Parc du conservatoire Am\u00e9nagement d&rsquo;un terrain multisport dans le parc Gu\u00e9rin Triathlon Organisation du grand [&hellip;]<\/p>\n","protected":false},"author":1,"featured_media":11493,"parent":0,"menu_order":0,"comment_status":"closed","ping_status":"closed","template":"","meta":{"_acf_changed":false,"footnotes":""},"class_list":["post-11404","page","type-page","status-publish","has-post-thumbnail","hentry"],"acf":[],"yoast_head":"<!-- This site is optimized with the Yoast SEO plugin v27.4 - https:\/\/yoast.com\/product\/yoast-seo-wordpress\/ -->\n<title>Sports, culture, jeunesse, \u00e9v\u00e8nementiel et associations - Mairie de Neuilly-sur-Marne<\/title>\n<meta name=\"robots\" content=\"index, follow, max-snippet:-1, max-image-preview:large, max-video-preview:-1\" \/>\n<link rel=\"canonical\" href=\"https:\/\/www.neuillysurmarne.fr\/it\/sports-culture-jeunesse-evenementiel-et-associations\/\" \/>\n<meta property=\"og:locale\" content=\"it_IT\" \/>\n<meta property=\"og:type\" content=\"article\" \/>\n<meta property=\"og:title\" content=\"Sports, culture, jeunesse, \u00e9v\u00e8nementiel et associations - Mairie de Neuilly-sur-Marne\" \/>\n<meta property=\"og:description\" content=\"Patinoire R\u00e9novation \u00e9nerg\u00e9tique de l&rsquo;\u00e9quipement (isolation, vestiaires, toiture&#8230;) Travaux R\u00e9novation du stade de rugby Guy Boniface et du centre \u00e9questre Les Rives de Paris Parc des 33 hectares Construction d&rsquo;un skate park, d&rsquo;un terrain de basketball et d&rsquo;un espace fitness Parc du conservatoire Am\u00e9nagement d&rsquo;un terrain multisport dans le parc Gu\u00e9rin Triathlon Organisation du grand [&hellip;]\" \/>\n<meta property=\"og:url\" content=\"https:\/\/www.neuillysurmarne.fr\/it\/sports-culture-jeunesse-evenementiel-et-associations\/\" \/>\n<meta property=\"og:site_name\" content=\"Mairie de Neuilly-sur-Marne\" \/>\n<meta property=\"article:publisher\" content=\"https:\/\/www.facebook.com\/ville.neuilly\" \/>\n<meta property=\"article:modified_time\" content=\"2024-11-05T16:36:09+00:00\" \/>\n<meta property=\"og:image\" content=\"https:\/\/www.neuillysurmarne.fr\/wp-content\/uploads\/2024\/07\/Soiree-fin-du-marche-de-Noel-12.2022-25-scaled.jpg\" \/>\n\t<meta property=\"og:image:width\" content=\"2560\" \/>\n\t<meta property=\"og:image:height\" content=\"1707\" \/>\n\t<meta property=\"og:image:type\" content=\"image\/jpeg\" \/>\n<meta name=\"twitter:card\" content=\"summary_large_image\" \/>\n<meta name=\"twitter:label1\" content=\"Tempo di lettura stimato\" \/>\n\t<meta name=\"twitter:data1\" content=\"6 minuti\" \/>\n<script type=\"application\/ld+json\" class=\"yoast-schema-graph\">{\"@context\":\"https:\\\/\\\/schema.org\",\"@graph\":[{\"@type\":\"WebPage\",\"@id\":\"https:\\\/\\\/www.neuillysurmarne.fr\\\/sports-culture-jeunesse-evenementiel-et-associations\\\/\",\"url\":\"https:\\\/\\\/www.neuillysurmarne.fr\\\/sports-culture-jeunesse-evenementiel-et-associations\\\/\",\"name\":\"Sports, culture, jeunesse, \u00e9v\u00e8nementiel et associations - Mairie de Neuilly-sur-Marne\",\"isPartOf\":{\"@id\":\"https:\\\/\\\/www.neuillysurmarne.fr\\\/es\\\/#website\"},\"primaryImageOfPage\":{\"@id\":\"https:\\\/\\\/www.neuillysurmarne.fr\\\/sports-culture-jeunesse-evenementiel-et-associations\\\/#primaryimage\"},\"image\":{\"@id\":\"https:\\\/\\\/www.neuillysurmarne.fr\\\/sports-culture-jeunesse-evenementiel-et-associations\\\/#primaryimage\"},\"thumbnailUrl\":\"https:\\\/\\\/www.neuillysurmarne.fr\\\/wp-content\\\/uploads\\\/2024\\\/07\\\/Soiree-fin-du-marche-de-Noel-12.2022-25-scaled.jpg\",\"datePublished\":\"2024-07-01T16:01:55+00:00\",\"dateModified\":\"2024-11-05T16:36:09+00:00\",\"breadcrumb\":{\"@id\":\"https:\\\/\\\/www.neuillysurmarne.fr\\\/sports-culture-jeunesse-evenementiel-et-associations\\\/#breadcrumb\"},\"inLanguage\":\"it-IT\",\"potentialAction\":[{\"@type\":\"ReadAction\",\"target\":[\"https:\\\/\\\/www.neuillysurmarne.fr\\\/sports-culture-jeunesse-evenementiel-et-associations\\\/\"]}]},{\"@type\":\"ImageObject\",\"inLanguage\":\"it-IT\",\"@id\":\"https:\\\/\\\/www.neuillysurmarne.fr\\\/sports-culture-jeunesse-evenementiel-et-associations\\\/#primaryimage\",\"url\":\"https:\\\/\\\/www.neuillysurmarne.fr\\\/wp-content\\\/uploads\\\/2024\\\/07\\\/Soiree-fin-du-marche-de-Noel-12.2022-25-scaled.jpg\",\"contentUrl\":\"https:\\\/\\\/www.neuillysurmarne.fr\\\/wp-content\\\/uploads\\\/2024\\\/07\\\/Soiree-fin-du-marche-de-Noel-12.2022-25-scaled.jpg\",\"width\":2560,\"height\":1707},{\"@type\":\"BreadcrumbList\",\"@id\":\"https:\\\/\\\/www.neuillysurmarne.fr\\\/sports-culture-jeunesse-evenementiel-et-associations\\\/#breadcrumb\",\"itemListElement\":[{\"@type\":\"ListItem\",\"position\":1,\"name\":\"Accueil\",\"item\":\"https:\\\/\\\/www.neuillysurmarne.fr\\\/\"},{\"@type\":\"ListItem\",\"position\":2,\"name\":\"Sports, culture, jeunesse, \u00e9v\u00e8nementiel et associations\"}]},{\"@type\":\"WebSite\",\"@id\":\"https:\\\/\\\/www.neuillysurmarne.fr\\\/es\\\/#website\",\"url\":\"https:\\\/\\\/www.neuillysurmarne.fr\\\/es\\\/\",\"name\":\"Mairie de Neuilly-sur-Marne\",\"description\":\"BETA\",\"publisher\":{\"@id\":\"https:\\\/\\\/www.neuillysurmarne.fr\\\/es\\\/#organization\"},\"potentialAction\":[{\"@type\":\"SearchAction\",\"target\":{\"@type\":\"EntryPoint\",\"urlTemplate\":\"https:\\\/\\\/www.neuillysurmarne.fr\\\/es\\\/?s={search_term_string}\"},\"query-input\":{\"@type\":\"PropertyValueSpecification\",\"valueRequired\":true,\"valueName\":\"search_term_string\"}}],\"inLanguage\":\"it-IT\"},{\"@type\":\"Organization\",\"@id\":\"https:\\\/\\\/www.neuillysurmarne.fr\\\/es\\\/#organization\",\"name\":\"Mairie de Neuilly-sur-Marne\",\"url\":\"https:\\\/\\\/www.neuillysurmarne.fr\\\/es\\\/\",\"logo\":{\"@type\":\"ImageObject\",\"inLanguage\":\"it-IT\",\"@id\":\"https:\\\/\\\/www.neuillysurmarne.fr\\\/es\\\/#\\\/schema\\\/logo\\\/image\\\/\",\"url\":\"https:\\\/\\\/www.neuillysurmarne.fr\\\/wp-content\\\/uploads\\\/2023\\\/10\\\/LOGO-NeuillysurMarne-blanc.png\",\"contentUrl\":\"https:\\\/\\\/www.neuillysurmarne.fr\\\/wp-content\\\/uploads\\\/2023\\\/10\\\/LOGO-NeuillysurMarne-blanc.png\",\"width\":3308,\"height\":2586,\"caption\":\"Mairie de Neuilly-sur-Marne\"},\"image\":{\"@id\":\"https:\\\/\\\/www.neuillysurmarne.fr\\\/es\\\/#\\\/schema\\\/logo\\\/image\\\/\"},\"sameAs\":[\"https:\\\/\\\/www.facebook.com\\\/ville.neuilly\",\"https:\\\/\\\/www.instagram.com\\\/neuilly_marne\\\/\",\"https:\\\/\\\/www.linkedin.com\\\/company\\\/ville-de-neuilly-sur-marne\\\/\",\"https:\\\/\\\/www.youtube.com\\\/channel\\\/UCDdZ0TLrV8rfIqjBGvoeB5A\",\"https:\\\/\\\/www.tiktok.com\\\/@villedeneuillysurmarne\"]}]}<\/script>\n<!-- \/ Yoast SEO plugin. -->","yoast_head_json":{"title":"Sports, culture, jeunesse, \u00e9v\u00e8nementiel et associations - Mairie de Neuilly-sur-Marne","robots":{"index":"index","follow":"follow","max-snippet":"max-snippet:-1","max-image-preview":"max-image-preview:large","max-video-preview":"max-video-preview:-1"},"canonical":"https:\/\/www.neuillysurmarne.fr\/it\/sports-culture-jeunesse-evenementiel-et-associations\/","og_locale":"it_IT","og_type":"article","og_title":"Sports, culture, jeunesse, \u00e9v\u00e8nementiel et associations - Mairie de Neuilly-sur-Marne","og_description":"Patinoire R\u00e9novation \u00e9nerg\u00e9tique de l&rsquo;\u00e9quipement (isolation, vestiaires, toiture&#8230;) Travaux R\u00e9novation du stade de rugby Guy Boniface et du centre \u00e9questre Les Rives de Paris Parc des 33 hectares Construction d&rsquo;un skate park, d&rsquo;un terrain de basketball et d&rsquo;un espace fitness Parc du conservatoire Am\u00e9nagement d&rsquo;un terrain multisport dans le parc Gu\u00e9rin Triathlon Organisation du grand [&hellip;]","og_url":"https:\/\/www.neuillysurmarne.fr\/it\/sports-culture-jeunesse-evenementiel-et-associations\/","og_site_name":"Mairie de Neuilly-sur-Marne","article_publisher":"https:\/\/www.facebook.com\/ville.neuilly","article_modified_time":"2024-11-05T16:36:09+00:00","og_image":[{"width":2560,"height":1707,"url":"https:\/\/www.neuillysurmarne.fr\/wp-content\/uploads\/2024\/07\/Soiree-fin-du-marche-de-Noel-12.2022-25-scaled.jpg","type":"image\/jpeg"}],"twitter_card":"summary_large_image","twitter_misc":{"Tempo di lettura stimato":"6 minuti"},"schema":{"@context":"https:\/\/schema.org","@graph":[{"@type":"WebPage","@id":"https:\/\/www.neuillysurmarne.fr\/sports-culture-jeunesse-evenementiel-et-associations\/","url":"https:\/\/www.neuillysurmarne.fr\/sports-culture-jeunesse-evenementiel-et-associations\/","name":"Sports, culture, jeunesse, \u00e9v\u00e8nementiel et associations - Mairie de Neuilly-sur-Marne","isPartOf":{"@id":"https:\/\/www.neuillysurmarne.fr\/es\/#website"},"primaryImageOfPage":{"@id":"https:\/\/www.neuillysurmarne.fr\/sports-culture-jeunesse-evenementiel-et-associations\/#primaryimage"},"image":{"@id":"https:\/\/www.neuillysurmarne.fr\/sports-culture-jeunesse-evenementiel-et-associations\/#primaryimage"},"thumbnailUrl":"https:\/\/www.neuillysurmarne.fr\/wp-content\/uploads\/2024\/07\/Soiree-fin-du-marche-de-Noel-12.2022-25-scaled.jpg","datePublished":"2024-07-01T16:01:55+00:00","dateModified":"2024-11-05T16:36:09+00:00","breadcrumb":{"@id":"https:\/\/www.neuillysurmarne.fr\/sports-culture-jeunesse-evenementiel-et-associations\/#breadcrumb"},"inLanguage":"it-IT","potentialAction":[{"@type":"ReadAction","target":["https:\/\/www.neuillysurmarne.fr\/sports-culture-jeunesse-evenementiel-et-associations\/"]}]},{"@type":"ImageObject","inLanguage":"it-IT","@id":"https:\/\/www.neuillysurmarne.fr\/sports-culture-jeunesse-evenementiel-et-associations\/#primaryimage","url":"https:\/\/www.neuillysurmarne.fr\/wp-content\/uploads\/2024\/07\/Soiree-fin-du-marche-de-Noel-12.2022-25-scaled.jpg","contentUrl":"https:\/\/www.neuillysurmarne.fr\/wp-content\/uploads\/2024\/07\/Soiree-fin-du-marche-de-Noel-12.2022-25-scaled.jpg","width":2560,"height":1707},{"@type":"BreadcrumbList","@id":"https:\/\/www.neuillysurmarne.fr\/sports-culture-jeunesse-evenementiel-et-associations\/#breadcrumb","itemListElement":[{"@type":"ListItem","position":1,"name":"Accueil","item":"https:\/\/www.neuillysurmarne.fr\/"},{"@type":"ListItem","position":2,"name":"Sports, culture, jeunesse, \u00e9v\u00e8nementiel et associations"}]},{"@type":"WebSite","@id":"https:\/\/www.neuillysurmarne.fr\/es\/#website","url":"https:\/\/www.neuillysurmarne.fr\/es\/","name":"Municipio di Neuilly-sur-Marne","description":"BETA","publisher":{"@id":"https:\/\/www.neuillysurmarne.fr\/es\/#organization"},"potentialAction":[{"@type":"SearchAction","target":{"@type":"EntryPoint","urlTemplate":"https:\/\/www.neuillysurmarne.fr\/es\/?s={search_term_string}"},"query-input":{"@type":"PropertyValueSpecification","valueRequired":true,"valueName":"search_term_string"}}],"inLanguage":"it-IT"},{"@type":"Organization","@id":"https:\/\/www.neuillysurmarne.fr\/es\/#organization","name":"Municipio di Neuilly-sur-Marne","url":"https:\/\/www.neuillysurmarne.fr\/es\/","logo":{"@type":"ImageObject","inLanguage":"it-IT","@id":"https:\/\/www.neuillysurmarne.fr\/es\/#\/schema\/logo\/image\/","url":"https:\/\/www.neuillysurmarne.fr\/wp-content\/uploads\/2023\/10\/LOGO-NeuillysurMarne-blanc.png","contentUrl":"https:\/\/www.neuillysurmarne.fr\/wp-content\/uploads\/2023\/10\/LOGO-NeuillysurMarne-blanc.png","width":3308,"height":2586,"caption":"Mairie de Neuilly-sur-Marne"},"image":{"@id":"https:\/\/www.neuillysurmarne.fr\/es\/#\/schema\/logo\/image\/"},"sameAs":["https:\/\/www.facebook.com\/ville.neuilly","https:\/\/www.instagram.com\/neuilly_marne\/","https:\/\/www.linkedin.com\/company\/ville-de-neuilly-sur-marne\/","https:\/\/www.youtube.com\/channel\/UCDdZ0TLrV8rfIqjBGvoeB5A","https:\/\/www.tiktok.com\/@villedeneuillysurmarne"]}]}},"_links":{"self":[{"href":"https:\/\/www.neuillysurmarne.fr\/it\/wp-json\/wp\/v2\/pages\/11404","targetHints":{"allow":["GET"]}}],"collection":[{"href":"https:\/\/www.neuillysurmarne.fr\/it\/wp-json\/wp\/v2\/pages"}],"about":[{"href":"https:\/\/www.neuillysurmarne.fr\/it\/wp-json\/wp\/v2\/types\/page"}],"author":[{"embeddable":true,"href":"https:\/\/www.neuillysurmarne.fr\/it\/wp-json\/wp\/v2\/users\/1"}],"replies":[{"embeddable":true,"href":"https:\/\/www.neuillysurmarne.fr\/it\/wp-json\/wp\/v2\/comments?post=11404"}],"version-history":[{"count":16,"href":"https:\/\/www.neuillysurmarne.fr\/it\/wp-json\/wp\/v2\/pages\/11404\/revisions"}],"predecessor-version":[{"id":13639,"href":"https:\/\/www.neuillysurmarne.fr\/it\/wp-json\/wp\/v2\/pages\/11404\/revisions\/13639"}],"wp:featuredmedia":[{"embeddable":true,"href":"https:\/\/www.neuillysurmarne.fr\/it\/wp-json\/wp\/v2\/media\/11493"}],"wp:attachment":[{"href":"https:\/\/www.neuillysurmarne.fr\/it\/wp-json\/wp\/v2\/media?parent=11404"}],"curies":[{"name":"wp","href":"https:\/\/api.w.org\/{rel}","templated":true}]}}