{"id":1535,"date":"2024-01-02T14:00:34","date_gmt":"2024-01-02T13:00:34","guid":{"rendered":"https:\/\/www.neuillysurmarne.fr\/?page_id=1535"},"modified":"2024-06-26T15:23:23","modified_gmt":"2024-06-26T13:23:23","slug":"gestion-differenciee","status":"publish","type":"page","link":"https:\/\/www.neuillysurmarne.fr\/it\/gestion-differenciee\/","title":{"rendered":"Gestione differenziata"},"content":{"rendered":"<div data-elementor-type=\"wp-page\" data-elementor-id=\"1535\" class=\"elementor elementor-1535\" data-elementor-post-type=\"page\">\n\t\t\t\t<div class=\"elementor-element elementor-element-7386cee7 e-flex e-con-boxed e-con e-parent\" data-id=\"7386cee7\" data-element_type=\"container\" data-e-type=\"container\">\n\t\t\t\t\t<div class=\"e-con-inner\">\n\t\t\t\t<div class=\"elementor-element elementor-element-2ff0e1ea elementor-widget elementor-widget-text-editor\" data-id=\"2ff0e1ea\" data-element_type=\"widget\" data-e-type=\"widget\" data-widget_type=\"text-editor.default\">\n\t\t\t\t<div class=\"elementor-widget-container\">\n\t\t\t\t\t\t\t\t\t<p><span style=\"font-weight: 400;\">Dal 2019, il <\/span><b>Centro tecnico per l'ambiente<\/b><span style=\"font-weight: 400;\"> della Citt\u00e0 opta per una gestione differenziata negli spazi verdi di <\/span><b>Neuilly-sur-Marne<\/b><span style=\"font-weight: 400;\">. Se alcune aree vi sembrano poco curate, in realt\u00e0 non lo sono: \u00e8 un modo per preservare la biodiversit\u00e0.<\/span><\/p><p><span style=\"font-weight: 400;\">Non \u00e8 raro che, quando si naviga <\/span><b>i numerosi parchi e le strade fiorite della citt\u00e0<\/b><span style=\"font-weight: 400;\">Questo \u00e8 uno dei motivi principali per cui \u00e8 pi\u00f9 probabile imbattersi in erba alta e piante che sporgono dalle strisce pedonali. Questo fa parte di <\/span><b>un approccio ambientale<\/b><span style=\"font-weight: 400;\">L'ETC vigila e interviene se necessario, in particolare per liberare i bordi delle strade e i marciapiedi. L'ETC mantiene comunque un occhio vigile e interviene se necessario, in particolare per liberare i bordi delle strade e i marciapiedi.<\/span><\/p><h2><strong>Quattro livelli di manutenzione<\/strong><\/h2><ul><li><span style=\"font-weight: 400;\">Il primo, dice <\/span><b>\"prestigioso<\/b><span style=\"font-weight: 400;\">preoccupazioni <\/span><b>aree ad alto traffico<\/b><span style=\"font-weight: 400;\"> Sfalcio, potatura e diserbo vengono eseguiti con particolare cura durante tutto l'anno.<\/span><\/li><li><span style=\"font-weight: 400;\">Il secondo livello riceve una manutenzione meno intensa ma regolare, due o tre volte alla settimana.<\/span><\/li><li><span style=\"font-weight: 400;\">Segue il <\/span><b>conosciuto come \"rustico<\/b><span style=\"font-weight: 400;\"> \"dove il <\/span><b>Ambiente <\/b><span style=\"font-weight: 400;\">viene effettuata da due a quattro volte l'anno.<\/span><\/li><li><span style=\"font-weight: 400;\">E infine.., <\/span><b>alcune aree naturali<\/b><span style=\"font-weight: 400;\"> rimangono praticamente intatti. Visitare <\/span><b>ETC <\/b><span style=\"font-weight: 400;\">effettua solo uno sfalcio tardivo all'inizio dell'estate, dando alla pianta il tempo di seguire il suo ciclo di sviluppo naturale.<\/span><\/li><\/ul><p><span style=\"font-weight: 400;\">\u00a0\u00a0 <br \/>Questo sfalcio controllato permette ad altre piante di svilupparsi, comprese specie con una cattiva reputazione come <\/span><b>ortiche e cicerchia<\/b><span style=\"font-weight: 400;\">. Eppure sono altamente benefiche: aiutano a <\/span><b>fornire cibo o riparo ad alcuni animali e insetti<\/b><span style=\"font-weight: 400;\">. L'ortica, ad esempio, \u00e8 una pianta ospite di una trentina di specie di farfalle. Quando il CTE organizza eventi nelle scuole, i bambini sono felici di vedere bruchi, coccinelle, farfalle e tutta una serie di forme di vita che erano state perse di vista per un po' a causa del diserbo di massa.<\/span><\/p>\t\t\t\t\t\t\t\t<\/div>\n\t\t\t\t<\/div>\n\t\t\t\t\t<\/div>\n\t\t\t\t<\/div>\n\t\t\t\t<\/div>","protected":false},"excerpt":{"rendered":"<p>Depuis 2019, le Centre Technique Environnement de la Ville opte pour la gestion diff\u00e9renci\u00e9e dans les espaces verts de Neuilly-sur-Marne. Si certaines zones vous paraissent mal entretenues, il n\u2019en est rien : c\u2019est en r\u00e9alit\u00e9 une fa\u00e7on de pr\u00e9server la biodiversit\u00e9. Il n\u2019est pas rare, en parcourant les multiples parcs et rues fleuries de la [&hellip;]<\/p>\n","protected":false},"author":1,"featured_media":9627,"parent":0,"menu_order":0,"comment_status":"closed","ping_status":"closed","template":"","meta":{"_acf_changed":false,"footnotes":""},"class_list":["post-1535","page","type-page","status-publish","has-post-thumbnail","hentry"],"acf":[],"yoast_head":"<!-- This site is optimized with the Yoast SEO plugin v27.4 - https:\/\/yoast.com\/product\/yoast-seo-wordpress\/ -->\n<title>Gestion diff\u00e9renci\u00e9e - Mairie de Neuilly-sur-Marne<\/title>\n<meta name=\"robots\" content=\"index, follow, max-snippet:-1, max-image-preview:large, max-video-preview:-1\" \/>\n<link rel=\"canonical\" href=\"https:\/\/www.neuillysurmarne.fr\/it\/gestion-differenciee\/\" \/>\n<meta property=\"og:locale\" content=\"it_IT\" \/>\n<meta property=\"og:type\" content=\"article\" \/>\n<meta property=\"og:title\" content=\"Gestion diff\u00e9renci\u00e9e - Mairie de Neuilly-sur-Marne\" \/>\n<meta property=\"og:description\" content=\"Depuis 2019, le Centre Technique Environnement de la Ville opte pour la gestion diff\u00e9renci\u00e9e dans les espaces verts de Neuilly-sur-Marne. Si certaines zones vous paraissent mal entretenues, il n\u2019en est rien : c\u2019est en r\u00e9alit\u00e9 une fa\u00e7on de pr\u00e9server la biodiversit\u00e9. Il n\u2019est pas rare, en parcourant les multiples parcs et rues fleuries de la [&hellip;]\" \/>\n<meta property=\"og:url\" content=\"https:\/\/www.neuillysurmarne.fr\/it\/gestion-differenciee\/\" \/>\n<meta property=\"og:site_name\" content=\"Mairie de Neuilly-sur-Marne\" \/>\n<meta property=\"article:publisher\" content=\"https:\/\/www.facebook.com\/ville.neuilly\" \/>\n<meta property=\"article:modified_time\" content=\"2024-06-26T13:23:23+00:00\" \/>\n<meta property=\"og:image\" content=\"https:\/\/www.neuillysurmarne.fr\/wp-content\/uploads\/2024\/06\/AdobeStock_274182321-scaled.jpeg\" \/>\n\t<meta property=\"og:image:width\" content=\"2560\" \/>\n\t<meta property=\"og:image:height\" content=\"1105\" \/>\n\t<meta property=\"og:image:type\" content=\"image\/jpeg\" \/>\n<meta name=\"twitter:card\" content=\"summary_large_image\" \/>\n<meta name=\"twitter:label1\" content=\"Tempo di lettura stimato\" \/>\n\t<meta name=\"twitter:data1\" content=\"2 minuti\" \/>\n<script type=\"application\/ld+json\" class=\"yoast-schema-graph\">{\"@context\":\"https:\\\/\\\/schema.org\",\"@graph\":[{\"@type\":\"WebPage\",\"@id\":\"https:\\\/\\\/www.neuillysurmarne.fr\\\/gestion-differenciee\\\/\",\"url\":\"https:\\\/\\\/www.neuillysurmarne.fr\\\/gestion-differenciee\\\/\",\"name\":\"Gestion diff\u00e9renci\u00e9e - Mairie de Neuilly-sur-Marne\",\"isPartOf\":{\"@id\":\"https:\\\/\\\/www.neuillysurmarne.fr\\\/es\\\/#website\"},\"primaryImageOfPage\":{\"@id\":\"https:\\\/\\\/www.neuillysurmarne.fr\\\/gestion-differenciee\\\/#primaryimage\"},\"image\":{\"@id\":\"https:\\\/\\\/www.neuillysurmarne.fr\\\/gestion-differenciee\\\/#primaryimage\"},\"thumbnailUrl\":\"https:\\\/\\\/www.neuillysurmarne.fr\\\/wp-content\\\/uploads\\\/2024\\\/06\\\/AdobeStock_274182321-scaled.jpeg\",\"datePublished\":\"2024-01-02T13:00:34+00:00\",\"dateModified\":\"2024-06-26T13:23:23+00:00\",\"breadcrumb\":{\"@id\":\"https:\\\/\\\/www.neuillysurmarne.fr\\\/gestion-differenciee\\\/#breadcrumb\"},\"inLanguage\":\"it-IT\",\"potentialAction\":[{\"@type\":\"ReadAction\",\"target\":[\"https:\\\/\\\/www.neuillysurmarne.fr\\\/gestion-differenciee\\\/\"]}]},{\"@type\":\"ImageObject\",\"inLanguage\":\"it-IT\",\"@id\":\"https:\\\/\\\/www.neuillysurmarne.fr\\\/gestion-differenciee\\\/#primaryimage\",\"url\":\"https:\\\/\\\/www.neuillysurmarne.fr\\\/wp-content\\\/uploads\\\/2024\\\/06\\\/AdobeStock_274182321-scaled.jpeg\",\"contentUrl\":\"https:\\\/\\\/www.neuillysurmarne.fr\\\/wp-content\\\/uploads\\\/2024\\\/06\\\/AdobeStock_274182321-scaled.jpeg\",\"width\":2560,\"height\":1105,\"caption\":\"Beautiful field meadow flowers chamomile, blue wild peas in morning against blue sky with clouds, nature landscape, close-up macro. Wide format, copy space. Delightful pastoral airy artistic image.\"},{\"@type\":\"BreadcrumbList\",\"@id\":\"https:\\\/\\\/www.neuillysurmarne.fr\\\/gestion-differenciee\\\/#breadcrumb\",\"itemListElement\":[{\"@type\":\"ListItem\",\"position\":1,\"name\":\"Accueil\",\"item\":\"https:\\\/\\\/www.neuillysurmarne.fr\\\/\"},{\"@type\":\"ListItem\",\"position\":2,\"name\":\"Gestion diff\u00e9renci\u00e9e\"}]},{\"@type\":\"WebSite\",\"@id\":\"https:\\\/\\\/www.neuillysurmarne.fr\\\/es\\\/#website\",\"url\":\"https:\\\/\\\/www.neuillysurmarne.fr\\\/es\\\/\",\"name\":\"Mairie de Neuilly-sur-Marne\",\"description\":\"BETA\",\"publisher\":{\"@id\":\"https:\\\/\\\/www.neuillysurmarne.fr\\\/es\\\/#organization\"},\"potentialAction\":[{\"@type\":\"SearchAction\",\"target\":{\"@type\":\"EntryPoint\",\"urlTemplate\":\"https:\\\/\\\/www.neuillysurmarne.fr\\\/es\\\/?s={search_term_string}\"},\"query-input\":{\"@type\":\"PropertyValueSpecification\",\"valueRequired\":true,\"valueName\":\"search_term_string\"}}],\"inLanguage\":\"it-IT\"},{\"@type\":\"Organization\",\"@id\":\"https:\\\/\\\/www.neuillysurmarne.fr\\\/es\\\/#organization\",\"name\":\"Mairie de Neuilly-sur-Marne\",\"url\":\"https:\\\/\\\/www.neuillysurmarne.fr\\\/es\\\/\",\"logo\":{\"@type\":\"ImageObject\",\"inLanguage\":\"it-IT\",\"@id\":\"https:\\\/\\\/www.neuillysurmarne.fr\\\/es\\\/#\\\/schema\\\/logo\\\/image\\\/\",\"url\":\"https:\\\/\\\/www.neuillysurmarne.fr\\\/wp-content\\\/uploads\\\/2023\\\/10\\\/LOGO-NeuillysurMarne-blanc.png\",\"contentUrl\":\"https:\\\/\\\/www.neuillysurmarne.fr\\\/wp-content\\\/uploads\\\/2023\\\/10\\\/LOGO-NeuillysurMarne-blanc.png\",\"width\":3308,\"height\":2586,\"caption\":\"Mairie de Neuilly-sur-Marne\"},\"image\":{\"@id\":\"https:\\\/\\\/www.neuillysurmarne.fr\\\/es\\\/#\\\/schema\\\/logo\\\/image\\\/\"},\"sameAs\":[\"https:\\\/\\\/www.facebook.com\\\/ville.neuilly\",\"https:\\\/\\\/www.instagram.com\\\/neuilly_marne\\\/\",\"https:\\\/\\\/www.linkedin.com\\\/company\\\/ville-de-neuilly-sur-marne\\\/\",\"https:\\\/\\\/www.youtube.com\\\/channel\\\/UCDdZ0TLrV8rfIqjBGvoeB5A\",\"https:\\\/\\\/www.tiktok.com\\\/@villedeneuillysurmarne\"]}]}<\/script>\n<!-- \/ Yoast SEO plugin. -->","yoast_head_json":{"title":"Gestion diff\u00e9renci\u00e9e - Mairie de Neuilly-sur-Marne","robots":{"index":"index","follow":"follow","max-snippet":"max-snippet:-1","max-image-preview":"max-image-preview:large","max-video-preview":"max-video-preview:-1"},"canonical":"https:\/\/www.neuillysurmarne.fr\/it\/gestion-differenciee\/","og_locale":"it_IT","og_type":"article","og_title":"Gestion diff\u00e9renci\u00e9e - Mairie de Neuilly-sur-Marne","og_description":"Depuis 2019, le Centre Technique Environnement de la Ville opte pour la gestion diff\u00e9renci\u00e9e dans les espaces verts de Neuilly-sur-Marne. Si certaines zones vous paraissent mal entretenues, il n\u2019en est rien : c\u2019est en r\u00e9alit\u00e9 une fa\u00e7on de pr\u00e9server la biodiversit\u00e9. Il n\u2019est pas rare, en parcourant les multiples parcs et rues fleuries de la [&hellip;]","og_url":"https:\/\/www.neuillysurmarne.fr\/it\/gestion-differenciee\/","og_site_name":"Mairie de Neuilly-sur-Marne","article_publisher":"https:\/\/www.facebook.com\/ville.neuilly","article_modified_time":"2024-06-26T13:23:23+00:00","og_image":[{"width":2560,"height":1105,"url":"https:\/\/www.neuillysurmarne.fr\/wp-content\/uploads\/2024\/06\/AdobeStock_274182321-scaled.jpeg","type":"image\/jpeg"}],"twitter_card":"summary_large_image","twitter_misc":{"Tempo di lettura stimato":"2 minuti"},"schema":{"@context":"https:\/\/schema.org","@graph":[{"@type":"WebPage","@id":"https:\/\/www.neuillysurmarne.fr\/gestion-differenciee\/","url":"https:\/\/www.neuillysurmarne.fr\/gestion-differenciee\/","name":"Gestion diff\u00e9renci\u00e9e - Mairie de Neuilly-sur-Marne","isPartOf":{"@id":"https:\/\/www.neuillysurmarne.fr\/es\/#website"},"primaryImageOfPage":{"@id":"https:\/\/www.neuillysurmarne.fr\/gestion-differenciee\/#primaryimage"},"image":{"@id":"https:\/\/www.neuillysurmarne.fr\/gestion-differenciee\/#primaryimage"},"thumbnailUrl":"https:\/\/www.neuillysurmarne.fr\/wp-content\/uploads\/2024\/06\/AdobeStock_274182321-scaled.jpeg","datePublished":"2024-01-02T13:00:34+00:00","dateModified":"2024-06-26T13:23:23+00:00","breadcrumb":{"@id":"https:\/\/www.neuillysurmarne.fr\/gestion-differenciee\/#breadcrumb"},"inLanguage":"it-IT","potentialAction":[{"@type":"ReadAction","target":["https:\/\/www.neuillysurmarne.fr\/gestion-differenciee\/"]}]},{"@type":"ImageObject","inLanguage":"it-IT","@id":"https:\/\/www.neuillysurmarne.fr\/gestion-differenciee\/#primaryimage","url":"https:\/\/www.neuillysurmarne.fr\/wp-content\/uploads\/2024\/06\/AdobeStock_274182321-scaled.jpeg","contentUrl":"https:\/\/www.neuillysurmarne.fr\/wp-content\/uploads\/2024\/06\/AdobeStock_274182321-scaled.jpeg","width":2560,"height":1105,"caption":"Beautiful field meadow flowers chamomile, blue wild peas in morning against blue sky with clouds, nature landscape, close-up macro. Wide format, copy space. Delightful pastoral airy artistic image."},{"@type":"BreadcrumbList","@id":"https:\/\/www.neuillysurmarne.fr\/gestion-differenciee\/#breadcrumb","itemListElement":[{"@type":"ListItem","position":1,"name":"Accueil","item":"https:\/\/www.neuillysurmarne.fr\/"},{"@type":"ListItem","position":2,"name":"Gestion diff\u00e9renci\u00e9e"}]},{"@type":"WebSite","@id":"https:\/\/www.neuillysurmarne.fr\/es\/#website","url":"https:\/\/www.neuillysurmarne.fr\/es\/","name":"Municipio di Neuilly-sur-Marne","description":"BETA","publisher":{"@id":"https:\/\/www.neuillysurmarne.fr\/es\/#organization"},"potentialAction":[{"@type":"SearchAction","target":{"@type":"EntryPoint","urlTemplate":"https:\/\/www.neuillysurmarne.fr\/es\/?s={search_term_string}"},"query-input":{"@type":"PropertyValueSpecification","valueRequired":true,"valueName":"search_term_string"}}],"inLanguage":"it-IT"},{"@type":"Organization","@id":"https:\/\/www.neuillysurmarne.fr\/es\/#organization","name":"Municipio di Neuilly-sur-Marne","url":"https:\/\/www.neuillysurmarne.fr\/es\/","logo":{"@type":"ImageObject","inLanguage":"it-IT","@id":"https:\/\/www.neuillysurmarne.fr\/es\/#\/schema\/logo\/image\/","url":"https:\/\/www.neuillysurmarne.fr\/wp-content\/uploads\/2023\/10\/LOGO-NeuillysurMarne-blanc.png","contentUrl":"https:\/\/www.neuillysurmarne.fr\/wp-content\/uploads\/2023\/10\/LOGO-NeuillysurMarne-blanc.png","width":3308,"height":2586,"caption":"Mairie de Neuilly-sur-Marne"},"image":{"@id":"https:\/\/www.neuillysurmarne.fr\/es\/#\/schema\/logo\/image\/"},"sameAs":["https:\/\/www.facebook.com\/ville.neuilly","https:\/\/www.instagram.com\/neuilly_marne\/","https:\/\/www.linkedin.com\/company\/ville-de-neuilly-sur-marne\/","https:\/\/www.youtube.com\/channel\/UCDdZ0TLrV8rfIqjBGvoeB5A","https:\/\/www.tiktok.com\/@villedeneuillysurmarne"]}]}},"_links":{"self":[{"href":"https:\/\/www.neuillysurmarne.fr\/it\/wp-json\/wp\/v2\/pages\/1535","targetHints":{"allow":["GET"]}}],"collection":[{"href":"https:\/\/www.neuillysurmarne.fr\/it\/wp-json\/wp\/v2\/pages"}],"about":[{"href":"https:\/\/www.neuillysurmarne.fr\/it\/wp-json\/wp\/v2\/types\/page"}],"author":[{"embeddable":true,"href":"https:\/\/www.neuillysurmarne.fr\/it\/wp-json\/wp\/v2\/users\/1"}],"replies":[{"embeddable":true,"href":"https:\/\/www.neuillysurmarne.fr\/it\/wp-json\/wp\/v2\/comments?post=1535"}],"version-history":[{"count":27,"href":"https:\/\/www.neuillysurmarne.fr\/it\/wp-json\/wp\/v2\/pages\/1535\/revisions"}],"predecessor-version":[{"id":10664,"href":"https:\/\/www.neuillysurmarne.fr\/it\/wp-json\/wp\/v2\/pages\/1535\/revisions\/10664"}],"wp:featuredmedia":[{"embeddable":true,"href":"https:\/\/www.neuillysurmarne.fr\/it\/wp-json\/wp\/v2\/media\/9627"}],"wp:attachment":[{"href":"https:\/\/www.neuillysurmarne.fr\/it\/wp-json\/wp\/v2\/media?parent=1535"}],"curies":[{"name":"wp","href":"https:\/\/api.w.org\/{rel}","templated":true}]}}