{"id":531,"date":"2023-11-13T12:07:00","date_gmt":"2023-11-13T11:07:00","guid":{"rendered":"https:\/\/www.neuillysurmarne.fr\/?page_id=531"},"modified":"2025-05-12T15:44:32","modified_gmt":"2025-05-12T13:44:32","slug":"accompagnement-parentalite","status":"publish","type":"page","link":"https:\/\/www.neuillysurmarne.fr\/it\/accompagnement-parentalite\/","title":{"rendered":"Supporto - Genitorialit\u00e0"},"content":{"rendered":"<div data-elementor-type=\"wp-page\" data-elementor-id=\"531\" class=\"elementor elementor-531\" data-elementor-post-type=\"page\">\n\t\t\t\t<div class=\"elementor-element elementor-element-185dfe12 e-flex e-con-boxed e-con e-parent\" data-id=\"185dfe12\" data-element_type=\"container\" data-e-type=\"container\">\n\t\t\t\t\t<div class=\"e-con-inner\">\n\t\t\t\t<div class=\"elementor-element elementor-element-0744cae elementor-widget elementor-widget-text-editor\" data-id=\"0744cae\" data-element_type=\"widget\" data-e-type=\"widget\" data-widget_type=\"text-editor.default\">\n\t\t\t\t<div class=\"elementor-widget-container\">\n\t\t\t\t\t\t\t\t\t<p>A poche settimane dall'arrivo del bambino, ci sono alcune cose da fare per assicurarsi che il bambino sia accolto nelle migliori condizioni possibili.<\/p>\t\t\t\t\t\t\t\t<\/div>\n\t\t\t\t<\/div>\n\t\t\t\t<div class=\"elementor-element elementor-element-f3283cd elementor-widget elementor-widget-n-accordion\" data-id=\"f3283cd\" data-element_type=\"widget\" data-e-type=\"widget\" data-settings=\"{&quot;default_state&quot;:&quot;all_collapsed&quot;,&quot;max_items_expended&quot;:&quot;one&quot;,&quot;n_accordion_animation_duration&quot;:{&quot;unit&quot;:&quot;ms&quot;,&quot;size&quot;:400,&quot;sizes&quot;:[]}}\" data-widget_type=\"nested-accordion.default\">\n\t\t\t\t<div class=\"elementor-widget-container\">\n\t\t\t\t\t\t\t<div class=\"e-n-accordion\" aria-label=\"Fisarmonica. Aprite i collegamenti con Invio o Spazio, chiudeteli con Escape e navigate con i tasti freccia.\">\n\t\t\t\t\t\t<details id=\"e-n-accordion-item-2540\" class=\"e-n-accordion-item\" >\n\t\t\t\t<summary class=\"e-n-accordion-item-title\" data-accordion-index=\"1\" tabindex=\"0\" aria-expanded=\"false\" aria-controls=\"e-n-accordion-item-2540\" >\n\t\t\t\t\t<span class='e-n-accordion-item-title-header'><div class=\"e-n-accordion-item-title-text\"> Riconoscimento precoce <\/div><\/span>\n\t\t\t\t\t\t\t<span class='e-n-accordion-item-title-icon'>\n\t\t\t<span class='e-opened' ><svg aria-hidden=\"true\" class=\"e-font-icon-svg e-fas-minus\" viewbox=\"0 0 448 512\" xmlns=\"http:\/\/www.w3.org\/2000\/svg\"><path d=\"M416 208H32c-17.67 0-32 14.33-32 32v32c0 17.67 14.33 32 32 32h384c17.67 0 32-14.33 32-32v-32c0-17.67-14.33-32-32-32z\"><\/path><\/svg><\/span>\n\t\t\t<span class='e-closed'><svg aria-hidden=\"true\" class=\"e-font-icon-svg e-fas-plus\" viewbox=\"0 0 448 512\" xmlns=\"http:\/\/www.w3.org\/2000\/svg\"><path d=\"M416 208H272V64c0-17.67-14.33-32-32-32h-32c-17.67 0-32 14.33-32 32v144H32c-17.67 0-32 14.33-32 32v32c0 17.67 14.33 32 32 32h144v144c0 17.67 14.33 32 32 32h32c17.67 0 32-14.33 32-32V304h144c17.67 0 32-14.33 32-32v-32c0-17.67-14.33-32-32-32z\"><\/path><\/svg><\/span>\n\t\t<\/span>\n\n\t\t\t\t\t\t<\/summary>\n\t\t\t\t<div role=\"region\" aria-labelledby=\"e-n-accordion-item-2540\" class=\"elementor-element elementor-element-c9d1071 e-con-full e-flex e-con e-child\" data-id=\"c9d1071\" data-element_type=\"container\" data-e-type=\"container\">\n\t\t\t\t<div class=\"elementor-element elementor-element-b7359bb elementor-widget elementor-widget-text-editor\" data-id=\"b7359bb\" data-element_type=\"widget\" data-e-type=\"widget\" data-widget_type=\"text-editor.default\">\n\t\t\t\t<div class=\"elementor-widget-container\">\n\t\t\t\t\t\t\t\t\t<p>Se vivete in una relazione di comune accordo e aspettate un bambino, il riconoscimento anticipato - un atto legale - vi permette di stabilire ufficialmente e irrevocabilmente il rapporto tra i genitori.\u00a0<strong>filiazione con il bambino<\/strong>. Questo non \u00e8 automatico quando i genitori non sono sposati, in particolare nel caso del futuro padre. Consente inoltre l'esercizio legale automatico di\u00a0<strong>autorit\u00e0 parentale<\/strong>\u00a0di quest'ultimo. In caso contrario, la madre ha l'affidamento esclusivo fino al riconoscimento del bambino.<\/p><h3><strong>Quando deve essere riconosciuto il bambino?<\/strong><\/h3><p><strong>Prima o dopo<\/strong>\u00a0Semplifica le formalit\u00e0 future e consente di esercitare la potest\u00e0 genitoriale fin dalla nascita.<br \/>Si prega di notare:\u00a0<strong>Il riconoscimento \u00e8 dichiarativo e impegna l'utente<\/strong>. Se si rilascia una falsa dichiarazione, si pu\u00f2 incorrere in sanzioni penali.<\/p><h3><strong>Quali sono i passi da compiere?<\/strong><\/h3><p>Raccogliere il <strong>documenti di supporto<\/strong> di fornire e incontrare al<strong>Municipio<\/strong>Non \u00e8 necessario fissare un appuntamento per presentare questi documenti all'Ufficio di Stato Civile. Se la vostra pratica \u00e8 completa, la dichiarazione di riconoscimento sar\u00e0 registrata e vi sar\u00e0 rilasciata immediatamente una copia completa dell'atto di riconoscimento.<\/p>\t\t\t\t\t\t\t\t<\/div>\n\t\t\t\t<\/div>\n\t\t\t\t<\/div>\n\t\t\t\t\t<\/details>\n\t\t\t\t\t\t<details id=\"e-n-accordion-item-2541\" class=\"e-n-accordion-item\" >\n\t\t\t\t<summary class=\"e-n-accordion-item-title\" data-accordion-index=\"2\" tabindex=\"-1\" aria-expanded=\"false\" aria-controls=\"e-n-accordion-item-2541\" >\n\t\t\t\t\t<span class='e-n-accordion-item-title-header'><div class=\"e-n-accordion-item-title-text\"> Dichiarazione di nascita <\/div><\/span>\n\t\t\t\t\t\t\t<span class='e-n-accordion-item-title-icon'>\n\t\t\t<span class='e-opened' ><svg aria-hidden=\"true\" class=\"e-font-icon-svg e-fas-minus\" viewbox=\"0 0 448 512\" xmlns=\"http:\/\/www.w3.org\/2000\/svg\"><path d=\"M416 208H32c-17.67 0-32 14.33-32 32v32c0 17.67 14.33 32 32 32h384c17.67 0 32-14.33 32-32v-32c0-17.67-14.33-32-32-32z\"><\/path><\/svg><\/span>\n\t\t\t<span class='e-closed'><svg aria-hidden=\"true\" class=\"e-font-icon-svg e-fas-plus\" viewbox=\"0 0 448 512\" xmlns=\"http:\/\/www.w3.org\/2000\/svg\"><path d=\"M416 208H272V64c0-17.67-14.33-32-32-32h-32c-17.67 0-32 14.33-32 32v144H32c-17.67 0-32 14.33-32 32v32c0 17.67 14.33 32 32 32h144v144c0 17.67 14.33 32 32 32h32c17.67 0 32-14.33 32-32V304h144c17.67 0 32-14.33 32-32v-32c0-17.67-14.33-32-32-32z\"><\/path><\/svg><\/span>\n\t\t<\/span>\n\n\t\t\t\t\t\t<\/summary>\n\t\t\t\t<div role=\"region\" aria-labelledby=\"e-n-accordion-item-2541\" class=\"elementor-element elementor-element-7c26320 e-con-full e-flex e-con e-child\" data-id=\"7c26320\" data-element_type=\"container\" data-e-type=\"container\">\n\t\t\t\t<div class=\"elementor-element elementor-element-6cec55e elementor-widget elementor-widget-text-editor\" data-id=\"6cec55e\" data-element_type=\"widget\" data-e-type=\"widget\" data-widget_type=\"text-editor.default\">\n\t\t\t\t<div class=\"elementor-widget-container\">\n\t\t\t\t\t\t\t\t\t<p>La dichiarazione di nascita \u00e8\u00a0<strong>obbligatorio<\/strong>\u00a0per tutti i bambini. Deve essere effettuata entro 3 giorni dalla nascita dal padre o da qualsiasi altra persona che abbia assistito al parto. Permette di dare\u00a0<strong>l'esistenza giuridica di un bambino<\/strong>per stabilirne l'identit\u00e0 e la discendenza.<\/p><h3><strong>Chi deve dichiarare la nascita di un bambino?<\/strong><\/h3><p>Di solito il padre, ma se necessario un medico, un'ostetrica o un altro operatore sanitario.\u00a0<strong>qualsiasi persona che abbia assistito al parto<\/strong>.<\/p><h3><strong>Quando devo dichiarare la nascita di un bambino?<\/strong><\/h3><p><strong>La dichiarazione deve essere presentata entro 3 giorni lavorativi dalla nascita.<\/strong>escluso il giorno della nascita. Se il bambino nasce di mercoled\u00ec, gioved\u00ec o venerd\u00ec, il termine \u00e8 prorogato al luned\u00ec successivo.<\/p><p><strong>Attenzione<\/strong> Una nascita non dichiarata entro questo termine pu\u00f2 essere iscritta nei registri solo dietro presentazione di una sentenza emessa dal tribunale di grande istanza in cui il bambino \u00e8 nato.<\/p><h3><strong>Dove denunciare la nascita di un bambino<\/strong><\/h3><p>Al\u00a0<strong>municipio<\/strong>\u00a0del luogo di nascita. Tuttavia, alcune unit\u00e0 di maternit\u00e0 offrono questo servizio internamente.<\/p>\t\t\t\t\t\t\t\t<\/div>\n\t\t\t\t<\/div>\n\t\t\t\t<\/div>\n\t\t\t\t\t<\/details>\n\t\t\t\t\t\t<details id=\"e-n-accordion-item-2542\" class=\"e-n-accordion-item\" >\n\t\t\t\t<summary class=\"e-n-accordion-item-title\" data-accordion-index=\"3\" tabindex=\"-1\" aria-expanded=\"false\" aria-controls=\"e-n-accordion-item-2542\" >\n\t\t\t\t\t<span class='e-n-accordion-item-title-header'><div class=\"e-n-accordion-item-title-text\"> Les 1 000 premiers jours <\/div><\/span>\n\t\t\t\t\t\t\t<span class='e-n-accordion-item-title-icon'>\n\t\t\t<span class='e-opened' ><svg aria-hidden=\"true\" class=\"e-font-icon-svg e-fas-minus\" viewbox=\"0 0 448 512\" xmlns=\"http:\/\/www.w3.org\/2000\/svg\"><path d=\"M416 208H32c-17.67 0-32 14.33-32 32v32c0 17.67 14.33 32 32 32h384c17.67 0 32-14.33 32-32v-32c0-17.67-14.33-32-32-32z\"><\/path><\/svg><\/span>\n\t\t\t<span class='e-closed'><svg aria-hidden=\"true\" class=\"e-font-icon-svg e-fas-plus\" viewbox=\"0 0 448 512\" xmlns=\"http:\/\/www.w3.org\/2000\/svg\"><path d=\"M416 208H272V64c0-17.67-14.33-32-32-32h-32c-17.67 0-32 14.33-32 32v144H32c-17.67 0-32 14.33-32 32v32c0 17.67 14.33 32 32 32h144v144c0 17.67 14.33 32 32 32h32c17.67 0 32-14.33 32-32V304h144c17.67 0 32-14.33 32-32v-32c0-17.67-14.33-32-32-32z\"><\/path><\/svg><\/span>\n\t\t<\/span>\n\n\t\t\t\t\t\t<\/summary>\n\t\t\t\t<div role=\"region\" aria-labelledby=\"e-n-accordion-item-2542\" class=\"elementor-element elementor-element-398c7ab e-con-full e-flex e-con e-child\" data-id=\"398c7ab\" data-element_type=\"container\" data-e-type=\"container\">\n\t\t\t\t<div class=\"elementor-element elementor-element-b8cf6a8 elementor-widget elementor-widget-text-editor\" data-id=\"b8cf6a8\" data-element_type=\"widget\" data-e-type=\"widget\" data-widget_type=\"text-editor.default\">\n\t\t\t\t<div class=\"elementor-widget-container\">\n\t\t\t\t\t\t\t\t\t<p>Les <strong>1 000 premiers jours<\/strong> est ce moment de vie qui court de la grossesse aux deux ans r\u00e9volus de l\u2019enfant. Parce que c\u2019est une p\u00e9riode cl\u00e9 pour <strong>le d\u00e9veloppement de l\u2019enfant, sa sant\u00e9 et celle de l\u2019adulte qu\u2019il deviendra<\/strong>, le Gouvernement a d\u00e9cid\u00e9 de cr\u00e9er un site d\u00e9di\u00e9 \u00e0 cette p\u00e9riode cruciale.<\/p><p>Retrouvez de nombreux conseils et astuces <strong><a href=\"https:\/\/www.1000-premiers-jours.fr\/fr\">cliccando qui<\/a><\/strong>. Vous d\u00e9couvrirez des id\u00e9es pour <strong>mieux vivre votre nouveau quotidien<\/strong>, pendant la grossesse et les premi\u00e8res ann\u00e9es de b\u00e9b\u00e9.<\/p><p>\u27a1\ufe0f <strong><a href=\"https:\/\/www.1000-premiers-jours.fr\/fr\">https:\/\/www.1000-premiers-jours.fr\/fr<\/a><\/strong><\/p>\t\t\t\t\t\t\t\t<\/div>\n\t\t\t\t<\/div>\n\t\t\t\t<\/div>\n\t\t\t\t\t<\/details>\n\t\t\t\t\t<\/div>\n\t\t\t\t\t\t<\/div>\n\t\t\t\t<\/div>\n\t\t\t\t\t<\/div>\n\t\t\t\t<\/div>\n\t\t\t\t<\/div>","protected":false},"excerpt":{"rendered":"<p>\u00c0 quelques semaines de l\u2019arriv\u00e9e de votre enfant, quelques d\u00e9marches sont n\u00e9cessaires pour accueillir votre enfant dans les meilleures conditions. La reconnaissance anticip\u00e9e Si vous vivez en union libre et que vous attendez un enfant, la reconnaissance anticip\u00e9e \u2013 acte juridique \u2013 permet d\u2019\u00e9tablir officiellement et de fa\u00e7on irr\u00e9vocable la\u00a0filiation avec l\u2019enfant. En effet, celle-ci [&hellip;]<\/p>\n","protected":false},"author":1,"featured_media":1158,"parent":0,"menu_order":0,"comment_status":"closed","ping_status":"closed","template":"","meta":{"_acf_changed":false,"footnotes":""},"class_list":["post-531","page","type-page","status-publish","has-post-thumbnail","hentry"],"acf":[],"yoast_head":"<!-- This site is optimized with the Yoast SEO plugin v27.4 - https:\/\/yoast.com\/product\/yoast-seo-wordpress\/ -->\n<title>Accompagnement - Parentalit\u00e9 - Mairie de Neuilly-sur-Marne<\/title>\n<meta name=\"robots\" content=\"index, follow, max-snippet:-1, max-image-preview:large, max-video-preview:-1\" \/>\n<link rel=\"canonical\" href=\"https:\/\/www.neuillysurmarne.fr\/it\/accompagnement-parentalite\/\" \/>\n<meta property=\"og:locale\" content=\"it_IT\" \/>\n<meta property=\"og:type\" content=\"article\" \/>\n<meta property=\"og:title\" content=\"Accompagnement - Parentalit\u00e9 - Mairie de Neuilly-sur-Marne\" \/>\n<meta property=\"og:description\" content=\"\u00c0 quelques semaines de l\u2019arriv\u00e9e de votre enfant, quelques d\u00e9marches sont n\u00e9cessaires pour accueillir votre enfant dans les meilleures conditions. La reconnaissance anticip\u00e9e Si vous vivez en union libre et que vous attendez un enfant, la reconnaissance anticip\u00e9e \u2013 acte juridique \u2013 permet d\u2019\u00e9tablir officiellement et de fa\u00e7on irr\u00e9vocable la\u00a0filiation avec l\u2019enfant. En effet, celle-ci [&hellip;]\" \/>\n<meta property=\"og:url\" content=\"https:\/\/www.neuillysurmarne.fr\/it\/accompagnement-parentalite\/\" \/>\n<meta property=\"og:site_name\" content=\"Mairie de Neuilly-sur-Marne\" \/>\n<meta property=\"article:publisher\" content=\"https:\/\/www.facebook.com\/ville.neuilly\" \/>\n<meta property=\"article:modified_time\" content=\"2025-05-12T13:44:32+00:00\" \/>\n<meta property=\"og:image\" content=\"https:\/\/www.neuillysurmarne.fr\/wp-content\/uploads\/2023\/11\/Bandeaux-site-Neuilly-sur-Marne-8.jpg\" \/>\n\t<meta property=\"og:image:width\" content=\"1400\" \/>\n\t<meta property=\"og:image:height\" content=\"700\" \/>\n\t<meta property=\"og:image:type\" content=\"image\/jpeg\" \/>\n<meta name=\"twitter:card\" content=\"summary_large_image\" \/>\n<meta name=\"twitter:label1\" content=\"Tempo di lettura stimato\" \/>\n\t<meta name=\"twitter:data1\" content=\"5 minuti\" \/>\n<script type=\"application\/ld+json\" class=\"yoast-schema-graph\">{\"@context\":\"https:\\\/\\\/schema.org\",\"@graph\":[{\"@type\":\"WebPage\",\"@id\":\"https:\\\/\\\/www.neuillysurmarne.fr\\\/accompagnement-parentalite\\\/\",\"url\":\"https:\\\/\\\/www.neuillysurmarne.fr\\\/accompagnement-parentalite\\\/\",\"name\":\"Accompagnement - Parentalit\u00e9 - Mairie de Neuilly-sur-Marne\",\"isPartOf\":{\"@id\":\"https:\\\/\\\/www.neuillysurmarne.fr\\\/es\\\/#website\"},\"primaryImageOfPage\":{\"@id\":\"https:\\\/\\\/www.neuillysurmarne.fr\\\/accompagnement-parentalite\\\/#primaryimage\"},\"image\":{\"@id\":\"https:\\\/\\\/www.neuillysurmarne.fr\\\/accompagnement-parentalite\\\/#primaryimage\"},\"thumbnailUrl\":\"https:\\\/\\\/www.neuillysurmarne.fr\\\/wp-content\\\/uploads\\\/2023\\\/11\\\/Bandeaux-site-Neuilly-sur-Marne-8.jpg\",\"datePublished\":\"2023-11-13T11:07:00+00:00\",\"dateModified\":\"2025-05-12T13:44:32+00:00\",\"breadcrumb\":{\"@id\":\"https:\\\/\\\/www.neuillysurmarne.fr\\\/accompagnement-parentalite\\\/#breadcrumb\"},\"inLanguage\":\"it-IT\",\"potentialAction\":[{\"@type\":\"ReadAction\",\"target\":[\"https:\\\/\\\/www.neuillysurmarne.fr\\\/accompagnement-parentalite\\\/\"]}]},{\"@type\":\"ImageObject\",\"inLanguage\":\"it-IT\",\"@id\":\"https:\\\/\\\/www.neuillysurmarne.fr\\\/accompagnement-parentalite\\\/#primaryimage\",\"url\":\"https:\\\/\\\/www.neuillysurmarne.fr\\\/wp-content\\\/uploads\\\/2023\\\/11\\\/Bandeaux-site-Neuilly-sur-Marne-8.jpg\",\"contentUrl\":\"https:\\\/\\\/www.neuillysurmarne.fr\\\/wp-content\\\/uploads\\\/2023\\\/11\\\/Bandeaux-site-Neuilly-sur-Marne-8.jpg\",\"width\":1400,\"height\":700},{\"@type\":\"BreadcrumbList\",\"@id\":\"https:\\\/\\\/www.neuillysurmarne.fr\\\/accompagnement-parentalite\\\/#breadcrumb\",\"itemListElement\":[{\"@type\":\"ListItem\",\"position\":1,\"name\":\"Accueil\",\"item\":\"https:\\\/\\\/www.neuillysurmarne.fr\\\/\"},{\"@type\":\"ListItem\",\"position\":2,\"name\":\"Accompagnement &#8211; Parentalit\u00e9\"}]},{\"@type\":\"WebSite\",\"@id\":\"https:\\\/\\\/www.neuillysurmarne.fr\\\/es\\\/#website\",\"url\":\"https:\\\/\\\/www.neuillysurmarne.fr\\\/es\\\/\",\"name\":\"Mairie de Neuilly-sur-Marne\",\"description\":\"BETA\",\"publisher\":{\"@id\":\"https:\\\/\\\/www.neuillysurmarne.fr\\\/es\\\/#organization\"},\"potentialAction\":[{\"@type\":\"SearchAction\",\"target\":{\"@type\":\"EntryPoint\",\"urlTemplate\":\"https:\\\/\\\/www.neuillysurmarne.fr\\\/es\\\/?s={search_term_string}\"},\"query-input\":{\"@type\":\"PropertyValueSpecification\",\"valueRequired\":true,\"valueName\":\"search_term_string\"}}],\"inLanguage\":\"it-IT\"},{\"@type\":\"Organization\",\"@id\":\"https:\\\/\\\/www.neuillysurmarne.fr\\\/es\\\/#organization\",\"name\":\"Mairie de Neuilly-sur-Marne\",\"url\":\"https:\\\/\\\/www.neuillysurmarne.fr\\\/es\\\/\",\"logo\":{\"@type\":\"ImageObject\",\"inLanguage\":\"it-IT\",\"@id\":\"https:\\\/\\\/www.neuillysurmarne.fr\\\/es\\\/#\\\/schema\\\/logo\\\/image\\\/\",\"url\":\"https:\\\/\\\/www.neuillysurmarne.fr\\\/wp-content\\\/uploads\\\/2023\\\/10\\\/LOGO-NeuillysurMarne-blanc.png\",\"contentUrl\":\"https:\\\/\\\/www.neuillysurmarne.fr\\\/wp-content\\\/uploads\\\/2023\\\/10\\\/LOGO-NeuillysurMarne-blanc.png\",\"width\":3308,\"height\":2586,\"caption\":\"Mairie de Neuilly-sur-Marne\"},\"image\":{\"@id\":\"https:\\\/\\\/www.neuillysurmarne.fr\\\/es\\\/#\\\/schema\\\/logo\\\/image\\\/\"},\"sameAs\":[\"https:\\\/\\\/www.facebook.com\\\/ville.neuilly\",\"https:\\\/\\\/www.instagram.com\\\/neuilly_marne\\\/\",\"https:\\\/\\\/www.linkedin.com\\\/company\\\/ville-de-neuilly-sur-marne\\\/\",\"https:\\\/\\\/www.youtube.com\\\/channel\\\/UCDdZ0TLrV8rfIqjBGvoeB5A\",\"https:\\\/\\\/www.tiktok.com\\\/@villedeneuillysurmarne\"]}]}<\/script>\n<!-- \/ Yoast SEO plugin. -->","yoast_head_json":{"title":"Accompagnement - Parentalit\u00e9 - Mairie de Neuilly-sur-Marne","robots":{"index":"index","follow":"follow","max-snippet":"max-snippet:-1","max-image-preview":"max-image-preview:large","max-video-preview":"max-video-preview:-1"},"canonical":"https:\/\/www.neuillysurmarne.fr\/it\/accompagnement-parentalite\/","og_locale":"it_IT","og_type":"article","og_title":"Accompagnement - Parentalit\u00e9 - Mairie de Neuilly-sur-Marne","og_description":"\u00c0 quelques semaines de l\u2019arriv\u00e9e de votre enfant, quelques d\u00e9marches sont n\u00e9cessaires pour accueillir votre enfant dans les meilleures conditions. La reconnaissance anticip\u00e9e Si vous vivez en union libre et que vous attendez un enfant, la reconnaissance anticip\u00e9e \u2013 acte juridique \u2013 permet d\u2019\u00e9tablir officiellement et de fa\u00e7on irr\u00e9vocable la\u00a0filiation avec l\u2019enfant. En effet, celle-ci [&hellip;]","og_url":"https:\/\/www.neuillysurmarne.fr\/it\/accompagnement-parentalite\/","og_site_name":"Mairie de Neuilly-sur-Marne","article_publisher":"https:\/\/www.facebook.com\/ville.neuilly","article_modified_time":"2025-05-12T13:44:32+00:00","og_image":[{"width":1400,"height":700,"url":"https:\/\/www.neuillysurmarne.fr\/wp-content\/uploads\/2023\/11\/Bandeaux-site-Neuilly-sur-Marne-8.jpg","type":"image\/jpeg"}],"twitter_card":"summary_large_image","twitter_misc":{"Tempo di lettura stimato":"5 minuti"},"schema":{"@context":"https:\/\/schema.org","@graph":[{"@type":"WebPage","@id":"https:\/\/www.neuillysurmarne.fr\/accompagnement-parentalite\/","url":"https:\/\/www.neuillysurmarne.fr\/accompagnement-parentalite\/","name":"Accompagnement - Parentalit\u00e9 - Mairie de Neuilly-sur-Marne","isPartOf":{"@id":"https:\/\/www.neuillysurmarne.fr\/es\/#website"},"primaryImageOfPage":{"@id":"https:\/\/www.neuillysurmarne.fr\/accompagnement-parentalite\/#primaryimage"},"image":{"@id":"https:\/\/www.neuillysurmarne.fr\/accompagnement-parentalite\/#primaryimage"},"thumbnailUrl":"https:\/\/www.neuillysurmarne.fr\/wp-content\/uploads\/2023\/11\/Bandeaux-site-Neuilly-sur-Marne-8.jpg","datePublished":"2023-11-13T11:07:00+00:00","dateModified":"2025-05-12T13:44:32+00:00","breadcrumb":{"@id":"https:\/\/www.neuillysurmarne.fr\/accompagnement-parentalite\/#breadcrumb"},"inLanguage":"it-IT","potentialAction":[{"@type":"ReadAction","target":["https:\/\/www.neuillysurmarne.fr\/accompagnement-parentalite\/"]}]},{"@type":"ImageObject","inLanguage":"it-IT","@id":"https:\/\/www.neuillysurmarne.fr\/accompagnement-parentalite\/#primaryimage","url":"https:\/\/www.neuillysurmarne.fr\/wp-content\/uploads\/2023\/11\/Bandeaux-site-Neuilly-sur-Marne-8.jpg","contentUrl":"https:\/\/www.neuillysurmarne.fr\/wp-content\/uploads\/2023\/11\/Bandeaux-site-Neuilly-sur-Marne-8.jpg","width":1400,"height":700},{"@type":"BreadcrumbList","@id":"https:\/\/www.neuillysurmarne.fr\/accompagnement-parentalite\/#breadcrumb","itemListElement":[{"@type":"ListItem","position":1,"name":"Accueil","item":"https:\/\/www.neuillysurmarne.fr\/"},{"@type":"ListItem","position":2,"name":"Accompagnement &#8211; Parentalit\u00e9"}]},{"@type":"WebSite","@id":"https:\/\/www.neuillysurmarne.fr\/es\/#website","url":"https:\/\/www.neuillysurmarne.fr\/es\/","name":"Municipio di Neuilly-sur-Marne","description":"BETA","publisher":{"@id":"https:\/\/www.neuillysurmarne.fr\/es\/#organization"},"potentialAction":[{"@type":"SearchAction","target":{"@type":"EntryPoint","urlTemplate":"https:\/\/www.neuillysurmarne.fr\/es\/?s={search_term_string}"},"query-input":{"@type":"PropertyValueSpecification","valueRequired":true,"valueName":"search_term_string"}}],"inLanguage":"it-IT"},{"@type":"Organization","@id":"https:\/\/www.neuillysurmarne.fr\/es\/#organization","name":"Municipio di Neuilly-sur-Marne","url":"https:\/\/www.neuillysurmarne.fr\/es\/","logo":{"@type":"ImageObject","inLanguage":"it-IT","@id":"https:\/\/www.neuillysurmarne.fr\/es\/#\/schema\/logo\/image\/","url":"https:\/\/www.neuillysurmarne.fr\/wp-content\/uploads\/2023\/10\/LOGO-NeuillysurMarne-blanc.png","contentUrl":"https:\/\/www.neuillysurmarne.fr\/wp-content\/uploads\/2023\/10\/LOGO-NeuillysurMarne-blanc.png","width":3308,"height":2586,"caption":"Mairie de Neuilly-sur-Marne"},"image":{"@id":"https:\/\/www.neuillysurmarne.fr\/es\/#\/schema\/logo\/image\/"},"sameAs":["https:\/\/www.facebook.com\/ville.neuilly","https:\/\/www.instagram.com\/neuilly_marne\/","https:\/\/www.linkedin.com\/company\/ville-de-neuilly-sur-marne\/","https:\/\/www.youtube.com\/channel\/UCDdZ0TLrV8rfIqjBGvoeB5A","https:\/\/www.tiktok.com\/@villedeneuillysurmarne"]}]}},"_links":{"self":[{"href":"https:\/\/www.neuillysurmarne.fr\/it\/wp-json\/wp\/v2\/pages\/531","targetHints":{"allow":["GET"]}}],"collection":[{"href":"https:\/\/www.neuillysurmarne.fr\/it\/wp-json\/wp\/v2\/pages"}],"about":[{"href":"https:\/\/www.neuillysurmarne.fr\/it\/wp-json\/wp\/v2\/types\/page"}],"author":[{"embeddable":true,"href":"https:\/\/www.neuillysurmarne.fr\/it\/wp-json\/wp\/v2\/users\/1"}],"replies":[{"embeddable":true,"href":"https:\/\/www.neuillysurmarne.fr\/it\/wp-json\/wp\/v2\/comments?post=531"}],"version-history":[{"count":41,"href":"https:\/\/www.neuillysurmarne.fr\/it\/wp-json\/wp\/v2\/pages\/531\/revisions"}],"predecessor-version":[{"id":15154,"href":"https:\/\/www.neuillysurmarne.fr\/it\/wp-json\/wp\/v2\/pages\/531\/revisions\/15154"}],"wp:featuredmedia":[{"embeddable":true,"href":"https:\/\/www.neuillysurmarne.fr\/it\/wp-json\/wp\/v2\/media\/1158"}],"wp:attachment":[{"href":"https:\/\/www.neuillysurmarne.fr\/it\/wp-json\/wp\/v2\/media?parent=531"}],"curies":[{"name":"wp","href":"https:\/\/api.w.org\/{rel}","templated":true}]}}