{"id":735,"date":"2023-11-13T15:26:53","date_gmt":"2023-11-13T14:26:53","guid":{"rendered":"https:\/\/www.neuillysurmarne.fr\/?page_id=735"},"modified":"2026-01-06T16:58:50","modified_gmt":"2026-01-06T15:58:50","slug":"centre-de-sante","status":"publish","type":"page","link":"https:\/\/www.neuillysurmarne.fr\/it\/centre-de-sante\/","title":{"rendered":"Centro sanitario"},"content":{"rendered":"<div data-elementor-type=\"wp-page\" data-elementor-id=\"735\" class=\"elementor elementor-735\" data-elementor-post-type=\"page\">\n\t\t\t\t<div class=\"elementor-element elementor-element-2a59de45 e-flex e-con-boxed e-con e-parent\" data-id=\"2a59de45\" data-element_type=\"container\" data-e-type=\"container\">\n\t\t\t\t\t<div class=\"e-con-inner\">\n\t\t<div class=\"elementor-element elementor-element-860fb94 e-flex e-con-boxed e-con e-child\" data-id=\"860fb94\" data-element_type=\"container\" data-e-type=\"container\">\n\t\t\t\t\t<div class=\"e-con-inner\">\n\t\t\t\t<div class=\"elementor-element elementor-element-fc01c82 elementor-widget elementor-widget-image\" data-id=\"fc01c82\" data-element_type=\"widget\" data-e-type=\"widget\" data-widget_type=\"image.default\">\n\t\t\t\t<div class=\"elementor-widget-container\">\n\t\t\t\t\t\t\t\t\t\t\t\t\t\t\t<img fetchpriority=\"high\" decoding=\"async\" width=\"800\" height=\"438\" src=\"https:\/\/www.neuillysurmarne.fr\/wp-content\/uploads\/2024\/05\/doosier-logo_Plan-de-travail-1-02-2-1024x560.png\" class=\"attachment-large size-large wp-image-6998\" alt=\"\" srcset=\"https:\/\/www.neuillysurmarne.fr\/wp-content\/uploads\/2024\/05\/doosier-logo_Plan-de-travail-1-02-2-1024x560.png 1024w, https:\/\/www.neuillysurmarne.fr\/wp-content\/uploads\/2024\/05\/doosier-logo_Plan-de-travail-1-02-2-300x164.png 300w, https:\/\/www.neuillysurmarne.fr\/wp-content\/uploads\/2024\/05\/doosier-logo_Plan-de-travail-1-02-2-768x420.png 768w, https:\/\/www.neuillysurmarne.fr\/wp-content\/uploads\/2024\/05\/doosier-logo_Plan-de-travail-1-02-2-1536x840.png 1536w, https:\/\/www.neuillysurmarne.fr\/wp-content\/uploads\/2024\/05\/doosier-logo_Plan-de-travail-1-02-2.png 1978w\" sizes=\"(max-width: 800px) 100vw, 800px\" \/>\t\t\t\t\t\t\t\t\t\t\t\t\t\t\t<\/div>\n\t\t\t\t<\/div>\n\t\t\t\t\t<\/div>\n\t\t\t\t<\/div>\n\t\t\t\t<div class=\"elementor-element elementor-element-48b11c09 elementor-widget elementor-widget-text-editor\" data-id=\"48b11c09\" data-element_type=\"widget\" data-e-type=\"widget\" data-widget_type=\"text-editor.default\">\n\t\t\t\t<div class=\"elementor-widget-container\">\n\t\t\t\t\t\t\t\t\t<p><span style=\"font-weight: 400;\">Visita <\/span><b>18 place du Chanoine H\u00e9roux<\/b><span style=\"font-weight: 400;\">Nel settembre 2023, un nuovo spazio ha aperto le sue porte accanto alla chiesa di Saint-Baudile: <\/span><b>il centro sanitario di Neuilly-sur-Marne<\/b><span style=\"font-weight: 400;\">.<br \/><\/span><span style=\"color: var( --e-global-color-text ); font-family: var( --e-global-typography-text-font-family ), Sans-serif; font-size: var( --e-global-typography-text-font-size ); text-align: var(--text-align);\"><br \/>Gli operatori sanitari accolgono i residenti di Noc\u00e9 in <strong>170 m\u00b2 di spazio<\/strong> comprenant une salle d\u2019attente et sept cabinets. Trois g\u00e9n\u00e9ralistes, un p\u00e9diatre et un cabinet d&rsquo;infirmier occupent les lieux.<br \/><\/span><span style=\"color: var( --e-global-color-text ); font-family: var( --e-global-typography-text-font-family ), Sans-serif; font-size: var( --e-global-typography-text-font-size ); text-align: var(--text-align);\"><br \/>Un cabinet reste vacant. Si vous \u00eates un professionnel de sant\u00e9 et que vous souhaitez vous installer en plein c\u0153ur du Vieux Neuilly, vous pouvez prendre contact avec <a href=\"mailto:commerce@neuillysurmarne.fr\"><strong>commerce@neuillysurmarne.fr<\/strong><\/a>.<\/span><\/p>\t\t\t\t\t\t\t\t<\/div>\n\t\t\t\t<\/div>\n\t\t\t\t<div class=\"elementor-element elementor-element-25d3aec elementor-skin-carousel elementor-arrows-yes elementor-pagination-type-bullets elementor-pagination-position-outside elementor-widget elementor-widget-media-carousel\" data-id=\"25d3aec\" data-element_type=\"widget\" data-e-type=\"widget\" data-settings=\"{&quot;skin&quot;:&quot;carousel&quot;,&quot;effect&quot;:&quot;slide&quot;,&quot;show_arrows&quot;:&quot;yes&quot;,&quot;pagination&quot;:&quot;bullets&quot;,&quot;speed&quot;:500,&quot;autoplay&quot;:&quot;yes&quot;,&quot;autoplay_speed&quot;:5000,&quot;loop&quot;:&quot;yes&quot;,&quot;pause_on_hover&quot;:&quot;yes&quot;,&quot;pause_on_interaction&quot;:&quot;yes&quot;,&quot;space_between&quot;:{&quot;unit&quot;:&quot;px&quot;,&quot;size&quot;:10,&quot;sizes&quot;:[]},&quot;space_between_tablet&quot;:{&quot;unit&quot;:&quot;px&quot;,&quot;size&quot;:10,&quot;sizes&quot;:[]},&quot;space_between_mobile&quot;:{&quot;unit&quot;:&quot;px&quot;,&quot;size&quot;:10,&quot;sizes&quot;:[]}}\" data-widget_type=\"media-carousel.default\">\n\t\t\t\t<div class=\"elementor-widget-container\">\n\t\t\t\t\t\t\t\t\t<div class=\"elementor-swiper\">\n\t\t\t\t\t<div class=\"elementor-main-swiper swiper\" role=\"region\" aria-roledescription=\"carousel\" aria-label=\"Diapositives\">\n\t\t\t\t<div class=\"swiper-wrapper\">\n\t\t\t\t\t\t\t\t\t\t\t<div class=\"swiper-slide\" role=\"group\" aria-roledescription=\"slide\">\n\t\t\t\t\t\t\t<a href=\"https:\/\/www.neuillysurmarne.fr\/wp-content\/uploads\/2026\/01\/Centre-medical-12.2025-2-scaled.jpg\" data-elementor-open-lightbox=\"yes\" data-elementor-lightbox-slideshow=\"25d3aec\" data-elementor-lightbox-title=\"Centre m\u00e9dical 12.2025-2\" data-e-action-hash=\"#elementor-action%3Aaction%3Dlightbox%26settings%3DeyJpZCI6MTcyMDAsInVybCI6Imh0dHBzOlwvXC93d3cubmV1aWxseXN1cm1hcm5lLmZyXC93cC1jb250ZW50XC91cGxvYWRzXC8yMDI2XC8wMVwvQ2VudHJlLW1lZGljYWwtMTIuMjAyNS0yLXNjYWxlZC5qcGciLCJzbGlkZXNob3ciOiIyNWQzYWVjIn0%3D\">\t\t<div class=\"elementor-carousel-image\" role=\"img\" aria-label=\"Centre m\u00e9dical 12.2025-2\" style=\"background-image: url(&#039;https:\/\/www.neuillysurmarne.fr\/wp-content\/uploads\/2026\/01\/Centre-medical-12.2025-2-scaled.jpg&#039;)\">\n\n\t\t\t\n\t\t\t\t\t<\/div>\n\t\t<\/a>\t\t\t\t\t\t<\/div>\n\t\t\t\t\t\t\t\t\t\t\t<div class=\"swiper-slide\" role=\"group\" aria-roledescription=\"slide\">\n\t\t\t\t\t\t\t<a href=\"https:\/\/www.neuillysurmarne.fr\/wp-content\/uploads\/2026\/01\/Centre-medical-12.2025-14-scaled.jpg\" data-elementor-open-lightbox=\"yes\" data-elementor-lightbox-slideshow=\"25d3aec\" data-elementor-lightbox-title=\"Centre m\u00e9dical 12.2025-14\" data-e-action-hash=\"#elementor-action%3Aaction%3Dlightbox%26settings%3DeyJpZCI6MTcyMDMsInVybCI6Imh0dHBzOlwvXC93d3cubmV1aWxseXN1cm1hcm5lLmZyXC93cC1jb250ZW50XC91cGxvYWRzXC8yMDI2XC8wMVwvQ2VudHJlLW1lZGljYWwtMTIuMjAyNS0xNC1zY2FsZWQuanBnIiwic2xpZGVzaG93IjoiMjVkM2FlYyJ9\">\t\t<div class=\"elementor-carousel-image\" role=\"img\" aria-label=\"Centre m\u00e9dical 12.2025-14\" style=\"background-image: url(&#039;https:\/\/www.neuillysurmarne.fr\/wp-content\/uploads\/2026\/01\/Centre-medical-12.2025-14-scaled.jpg&#039;)\">\n\n\t\t\t\n\t\t\t\t\t<\/div>\n\t\t<\/a>\t\t\t\t\t\t<\/div>\n\t\t\t\t\t\t\t\t\t\t\t<div class=\"swiper-slide\" role=\"group\" aria-roledescription=\"slide\">\n\t\t\t\t\t\t\t<a href=\"https:\/\/www.neuillysurmarne.fr\/wp-content\/uploads\/2026\/01\/Centre-medical-12.2025-2-scaled.jpg\" data-elementor-open-lightbox=\"yes\" data-elementor-lightbox-slideshow=\"25d3aec\" data-elementor-lightbox-title=\"Centre m\u00e9dical 12.2025-2\" data-e-action-hash=\"#elementor-action%3Aaction%3Dlightbox%26settings%3DeyJpZCI6MTcyMDAsInVybCI6Imh0dHBzOlwvXC93d3cubmV1aWxseXN1cm1hcm5lLmZyXC93cC1jb250ZW50XC91cGxvYWRzXC8yMDI2XC8wMVwvQ2VudHJlLW1lZGljYWwtMTIuMjAyNS0yLXNjYWxlZC5qcGciLCJzbGlkZXNob3ciOiIyNWQzYWVjIn0%3D\">\t\t<div class=\"elementor-carousel-image\" role=\"img\" aria-label=\"Centre m\u00e9dical 12.2025-2\" style=\"background-image: url(&#039;https:\/\/www.neuillysurmarne.fr\/wp-content\/uploads\/2026\/01\/Centre-medical-12.2025-2-scaled.jpg&#039;)\">\n\n\t\t\t\n\t\t\t\t\t<\/div>\n\t\t<\/a>\t\t\t\t\t\t<\/div>\n\t\t\t\t\t\t\t\t\t\t\t<div class=\"swiper-slide\" role=\"group\" aria-roledescription=\"slide\">\n\t\t\t\t\t\t\t<a href=\"https:\/\/www.neuillysurmarne.fr\/wp-content\/uploads\/2026\/01\/Centre-medical-12.2025-10-scaled.jpg\" data-elementor-open-lightbox=\"yes\" data-elementor-lightbox-slideshow=\"25d3aec\" data-elementor-lightbox-title=\"Centre m\u00e9dical 12.2025-10\" data-e-action-hash=\"#elementor-action%3Aaction%3Dlightbox%26settings%3DeyJpZCI6MTcyMDIsInVybCI6Imh0dHBzOlwvXC93d3cubmV1aWxseXN1cm1hcm5lLmZyXC93cC1jb250ZW50XC91cGxvYWRzXC8yMDI2XC8wMVwvQ2VudHJlLW1lZGljYWwtMTIuMjAyNS0xMC1zY2FsZWQuanBnIiwic2xpZGVzaG93IjoiMjVkM2FlYyJ9\">\t\t<div class=\"elementor-carousel-image\" role=\"img\" aria-label=\"Centre m\u00e9dical 12.2025-10\" style=\"background-image: url(&#039;https:\/\/www.neuillysurmarne.fr\/wp-content\/uploads\/2026\/01\/Centre-medical-12.2025-10-scaled.jpg&#039;)\">\n\n\t\t\t\n\t\t\t\t\t<\/div>\n\t\t<\/a>\t\t\t\t\t\t<\/div>\n\t\t\t\t\t\t\t\t\t\t\t<div class=\"swiper-slide\" role=\"group\" aria-roledescription=\"slide\">\n\t\t\t\t\t\t\t<a href=\"https:\/\/www.neuillysurmarne.fr\/wp-content\/uploads\/2026\/01\/Centre-medical-12.2025-9-scaled.jpg\" data-elementor-open-lightbox=\"yes\" data-elementor-lightbox-slideshow=\"25d3aec\" data-elementor-lightbox-title=\"Centre m\u00e9dical 12.2025-9\" data-e-action-hash=\"#elementor-action%3Aaction%3Dlightbox%26settings%3DeyJpZCI6MTcyMDEsInVybCI6Imh0dHBzOlwvXC93d3cubmV1aWxseXN1cm1hcm5lLmZyXC93cC1jb250ZW50XC91cGxvYWRzXC8yMDI2XC8wMVwvQ2VudHJlLW1lZGljYWwtMTIuMjAyNS05LXNjYWxlZC5qcGciLCJzbGlkZXNob3ciOiIyNWQzYWVjIn0%3D\">\t\t<div class=\"elementor-carousel-image\" role=\"img\" aria-label=\"Centre m\u00e9dical 12.2025-9\" style=\"background-image: url(&#039;https:\/\/www.neuillysurmarne.fr\/wp-content\/uploads\/2026\/01\/Centre-medical-12.2025-9-scaled.jpg&#039;)\">\n\n\t\t\t\n\t\t\t\t\t<\/div>\n\t\t<\/a>\t\t\t\t\t\t<\/div>\n\t\t\t\t\t\t\t\t\t<\/div>\n\t\t\t\t\t\t\t\t\t\t\t\t\t\t\t<div class=\"elementor-swiper-button elementor-swiper-button-prev\" role=\"button\" tabindex=\"0\" aria-label=\"Precedente\">\n\t\t\t\t\t\t\t<svg aria-hidden=\"true\" class=\"e-font-icon-svg e-eicon-chevron-left\" viewbox=\"0 0 1000 1000\" xmlns=\"http:\/\/www.w3.org\/2000\/svg\"><path d=\"M646 125C629 125 613 133 604 142L308 442C296 454 292 471 292 487 292 504 296 521 308 533L604 854C617 867 629 875 646 875 663 875 679 871 692 858 704 846 713 829 713 812 713 796 708 779 692 767L438 487 692 225C700 217 708 204 708 187 708 171 704 154 692 142 675 129 663 125 646 125Z\"><\/path><\/svg>\t\t\t\t\t\t<\/div>\n\t\t\t\t\t\t<div class=\"elementor-swiper-button elementor-swiper-button-next\" role=\"button\" tabindex=\"0\" aria-label=\"Avanti\">\n\t\t\t\t\t\t\t<svg aria-hidden=\"true\" class=\"e-font-icon-svg e-eicon-chevron-right\" viewbox=\"0 0 1000 1000\" xmlns=\"http:\/\/www.w3.org\/2000\/svg\"><path d=\"M696 533C708 521 713 504 713 487 713 471 708 454 696 446L400 146C388 133 375 125 354 125 338 125 325 129 313 142 300 154 292 171 292 187 292 204 296 221 308 233L563 492 304 771C292 783 288 800 288 817 288 833 296 850 308 863 321 871 338 875 354 875 371 875 388 867 400 854L696 533Z\"><\/path><\/svg>\t\t\t\t\t\t<\/div>\n\t\t\t\t\t\t\t\t\t\t\t\t\t\t\t\t<div class=\"swiper-pagination\"><\/div>\n\t\t\t\t\t\t\t\t\t\t\t\t<\/div>\n\t\t\t\t<\/div>\n\t\t\t\t\t\t\t\t<\/div>\n\t\t\t\t<\/div>\n\t\t<div class=\"elementor-element elementor-element-d35338d e-grid e-con-boxed e-con e-child\" data-id=\"d35338d\" data-element_type=\"container\" data-e-type=\"container\">\n\t\t\t\t\t<div class=\"e-con-inner\">\n\t\t\t\t<div class=\"elementor-element elementor-element-986beef elementor-widget elementor-widget-text-editor\" data-id=\"986beef\" data-element_type=\"widget\" data-e-type=\"widget\" data-widget_type=\"text-editor.default\">\n\t\t\t\t<div class=\"elementor-widget-container\">\n\t\t\t\t\t\t\t\t\t<div class=\"elementor-widget-container\"><h3 class=\"destinataire\"><strong>Centro sanitario<br \/><\/strong><\/h3><div class=\"streetAddress\">Capacit\u00e0: 7 armadietti<\/div><div>\u00a0<\/div><div class=\"streetAddress\">\ud83d\udccd 18 place du Chanoine H\u00e9roux<br \/>93330 Neuilly-sur-Marne<\/div><\/div><div>\u00a0<\/div><div class=\"elementor-widget-container\"><div class=\"streetAddress\">\u00a0<\/div><\/div>\t\t\t\t\t\t\t\t<\/div>\n\t\t\t\t<\/div>\n\t\t\t\t<div class=\"elementor-element elementor-element-bdd639b elementor-widget elementor-widget-google_maps\" data-id=\"bdd639b\" data-element_type=\"widget\" data-e-type=\"widget\" data-widget_type=\"google_maps.default\">\n\t\t\t\t<div class=\"elementor-widget-container\">\n\t\t\t\t\t\t\t<div class=\"elementor-custom-embed\">\n\t\t\t<iframe loading=\"lazy\"\n\t\t\t\t\tsrc=\"https:\/\/maps.google.com\/maps?q=18%20place%20du%20Chanoine%20H%C3%A9roux%2C%2093330&#038;t=m&#038;z=17&#038;output=embed&#038;iwloc=near\"\n\t\t\t\t\ttitle=\"18 place du Chanoine H\u00e9roux, 93330\"\n\t\t\t\t\taria-label=\"18 place du Chanoine H\u00e9roux, 93330\"\n\t\t\t><\/iframe>\n\t\t<\/div>\n\t\t\t\t\t\t<\/div>\n\t\t\t\t<\/div>\n\t\t\t\t\t<\/div>\n\t\t\t\t<\/div>\n\t\t\t\t\t<\/div>\n\t\t\t\t<\/div>\n\t\t\t\t<\/div>","protected":false},"excerpt":{"rendered":"<p>Au 18 place du Chanoine H\u00e9roux, juste \u00e0 c\u00f4t\u00e9 de l\u2019\u00e9glise Saint-Baudile, un nouvel espace a ouvert ses portes en septembre 2023 : le Centre de sant\u00e9 de Neuilly-sur-Marne. Des professionnels de sant\u00e9 re\u00e7oivent les Noc\u00e9ens dans un espace de 170 m\u00b2 comprenant une salle d\u2019attente et sept cabinets. Trois g\u00e9n\u00e9ralistes, un p\u00e9diatre et un [&hellip;]<\/p>\n","protected":false},"author":1,"featured_media":17199,"parent":0,"menu_order":0,"comment_status":"closed","ping_status":"closed","template":"","meta":{"_acf_changed":false,"footnotes":""},"class_list":["post-735","page","type-page","status-publish","has-post-thumbnail","hentry"],"acf":[],"yoast_head":"<!-- This site is optimized with the Yoast SEO plugin v27.4 - https:\/\/yoast.com\/product\/yoast-seo-wordpress\/ -->\n<title>Centre de sant\u00e9 - Mairie de Neuilly-sur-Marne<\/title>\n<meta name=\"robots\" content=\"index, follow, max-snippet:-1, max-image-preview:large, max-video-preview:-1\" \/>\n<link rel=\"canonical\" href=\"https:\/\/www.neuillysurmarne.fr\/it\/centre-de-sante\/\" \/>\n<meta property=\"og:locale\" content=\"it_IT\" \/>\n<meta property=\"og:type\" content=\"article\" \/>\n<meta property=\"og:title\" content=\"Centre de sant\u00e9 - Mairie de Neuilly-sur-Marne\" \/>\n<meta property=\"og:description\" content=\"Au 18 place du Chanoine H\u00e9roux, juste \u00e0 c\u00f4t\u00e9 de l\u2019\u00e9glise Saint-Baudile, un nouvel espace a ouvert ses portes en septembre 2023 : le Centre de sant\u00e9 de Neuilly-sur-Marne. Des professionnels de sant\u00e9 re\u00e7oivent les Noc\u00e9ens dans un espace de 170 m\u00b2 comprenant une salle d\u2019attente et sept cabinets. Trois g\u00e9n\u00e9ralistes, un p\u00e9diatre et un [&hellip;]\" \/>\n<meta property=\"og:url\" content=\"https:\/\/www.neuillysurmarne.fr\/it\/centre-de-sante\/\" \/>\n<meta property=\"og:site_name\" content=\"Mairie de Neuilly-sur-Marne\" \/>\n<meta property=\"article:publisher\" content=\"https:\/\/www.facebook.com\/ville.neuilly\" \/>\n<meta property=\"article:modified_time\" content=\"2026-01-06T15:58:50+00:00\" \/>\n<meta property=\"og:image\" content=\"https:\/\/www.neuillysurmarne.fr\/wp-content\/uploads\/2026\/01\/Centre-medical-12.2025-1-scaled.jpg\" \/>\n\t<meta property=\"og:image:width\" content=\"2560\" \/>\n\t<meta property=\"og:image:height\" content=\"1707\" \/>\n\t<meta property=\"og:image:type\" content=\"image\/jpeg\" \/>\n<meta name=\"twitter:card\" content=\"summary_large_image\" \/>\n<meta name=\"twitter:label1\" content=\"Tempo di lettura stimato\" \/>\n\t<meta name=\"twitter:data1\" content=\"1 minuto\" \/>\n<script type=\"application\/ld+json\" class=\"yoast-schema-graph\">{\"@context\":\"https:\\\/\\\/schema.org\",\"@graph\":[{\"@type\":\"WebPage\",\"@id\":\"https:\\\/\\\/www.neuillysurmarne.fr\\\/centre-de-sante\\\/\",\"url\":\"https:\\\/\\\/www.neuillysurmarne.fr\\\/centre-de-sante\\\/\",\"name\":\"Centre de sant\u00e9 - Mairie de Neuilly-sur-Marne\",\"isPartOf\":{\"@id\":\"https:\\\/\\\/www.neuillysurmarne.fr\\\/es\\\/#website\"},\"primaryImageOfPage\":{\"@id\":\"https:\\\/\\\/www.neuillysurmarne.fr\\\/centre-de-sante\\\/#primaryimage\"},\"image\":{\"@id\":\"https:\\\/\\\/www.neuillysurmarne.fr\\\/centre-de-sante\\\/#primaryimage\"},\"thumbnailUrl\":\"https:\\\/\\\/www.neuillysurmarne.fr\\\/wp-content\\\/uploads\\\/2026\\\/01\\\/Centre-medical-12.2025-1-scaled.jpg\",\"datePublished\":\"2023-11-13T14:26:53+00:00\",\"dateModified\":\"2026-01-06T15:58:50+00:00\",\"breadcrumb\":{\"@id\":\"https:\\\/\\\/www.neuillysurmarne.fr\\\/centre-de-sante\\\/#breadcrumb\"},\"inLanguage\":\"it-IT\",\"potentialAction\":[{\"@type\":\"ReadAction\",\"target\":[\"https:\\\/\\\/www.neuillysurmarne.fr\\\/centre-de-sante\\\/\"]}]},{\"@type\":\"ImageObject\",\"inLanguage\":\"it-IT\",\"@id\":\"https:\\\/\\\/www.neuillysurmarne.fr\\\/centre-de-sante\\\/#primaryimage\",\"url\":\"https:\\\/\\\/www.neuillysurmarne.fr\\\/wp-content\\\/uploads\\\/2026\\\/01\\\/Centre-medical-12.2025-1-scaled.jpg\",\"contentUrl\":\"https:\\\/\\\/www.neuillysurmarne.fr\\\/wp-content\\\/uploads\\\/2026\\\/01\\\/Centre-medical-12.2025-1-scaled.jpg\",\"width\":2560,\"height\":1707},{\"@type\":\"BreadcrumbList\",\"@id\":\"https:\\\/\\\/www.neuillysurmarne.fr\\\/centre-de-sante\\\/#breadcrumb\",\"itemListElement\":[{\"@type\":\"ListItem\",\"position\":1,\"name\":\"Accueil\",\"item\":\"https:\\\/\\\/www.neuillysurmarne.fr\\\/\"},{\"@type\":\"ListItem\",\"position\":2,\"name\":\"Centre de sant\u00e9\"}]},{\"@type\":\"WebSite\",\"@id\":\"https:\\\/\\\/www.neuillysurmarne.fr\\\/es\\\/#website\",\"url\":\"https:\\\/\\\/www.neuillysurmarne.fr\\\/es\\\/\",\"name\":\"Mairie de Neuilly-sur-Marne\",\"description\":\"BETA\",\"publisher\":{\"@id\":\"https:\\\/\\\/www.neuillysurmarne.fr\\\/es\\\/#organization\"},\"potentialAction\":[{\"@type\":\"SearchAction\",\"target\":{\"@type\":\"EntryPoint\",\"urlTemplate\":\"https:\\\/\\\/www.neuillysurmarne.fr\\\/es\\\/?s={search_term_string}\"},\"query-input\":{\"@type\":\"PropertyValueSpecification\",\"valueRequired\":true,\"valueName\":\"search_term_string\"}}],\"inLanguage\":\"it-IT\"},{\"@type\":\"Organization\",\"@id\":\"https:\\\/\\\/www.neuillysurmarne.fr\\\/es\\\/#organization\",\"name\":\"Mairie de Neuilly-sur-Marne\",\"url\":\"https:\\\/\\\/www.neuillysurmarne.fr\\\/es\\\/\",\"logo\":{\"@type\":\"ImageObject\",\"inLanguage\":\"it-IT\",\"@id\":\"https:\\\/\\\/www.neuillysurmarne.fr\\\/es\\\/#\\\/schema\\\/logo\\\/image\\\/\",\"url\":\"https:\\\/\\\/www.neuillysurmarne.fr\\\/wp-content\\\/uploads\\\/2023\\\/10\\\/LOGO-NeuillysurMarne-blanc.png\",\"contentUrl\":\"https:\\\/\\\/www.neuillysurmarne.fr\\\/wp-content\\\/uploads\\\/2023\\\/10\\\/LOGO-NeuillysurMarne-blanc.png\",\"width\":3308,\"height\":2586,\"caption\":\"Mairie de Neuilly-sur-Marne\"},\"image\":{\"@id\":\"https:\\\/\\\/www.neuillysurmarne.fr\\\/es\\\/#\\\/schema\\\/logo\\\/image\\\/\"},\"sameAs\":[\"https:\\\/\\\/www.facebook.com\\\/ville.neuilly\",\"https:\\\/\\\/www.instagram.com\\\/neuilly_marne\\\/\",\"https:\\\/\\\/www.linkedin.com\\\/company\\\/ville-de-neuilly-sur-marne\\\/\",\"https:\\\/\\\/www.youtube.com\\\/channel\\\/UCDdZ0TLrV8rfIqjBGvoeB5A\",\"https:\\\/\\\/www.tiktok.com\\\/@villedeneuillysurmarne\"]}]}<\/script>\n<!-- \/ Yoast SEO plugin. -->","yoast_head_json":{"title":"Centre de sant\u00e9 - Mairie de Neuilly-sur-Marne","robots":{"index":"index","follow":"follow","max-snippet":"max-snippet:-1","max-image-preview":"max-image-preview:large","max-video-preview":"max-video-preview:-1"},"canonical":"https:\/\/www.neuillysurmarne.fr\/it\/centre-de-sante\/","og_locale":"it_IT","og_type":"article","og_title":"Centre de sant\u00e9 - Mairie de Neuilly-sur-Marne","og_description":"Au 18 place du Chanoine H\u00e9roux, juste \u00e0 c\u00f4t\u00e9 de l\u2019\u00e9glise Saint-Baudile, un nouvel espace a ouvert ses portes en septembre 2023 : le Centre de sant\u00e9 de Neuilly-sur-Marne. Des professionnels de sant\u00e9 re\u00e7oivent les Noc\u00e9ens dans un espace de 170 m\u00b2 comprenant une salle d\u2019attente et sept cabinets. Trois g\u00e9n\u00e9ralistes, un p\u00e9diatre et un [&hellip;]","og_url":"https:\/\/www.neuillysurmarne.fr\/it\/centre-de-sante\/","og_site_name":"Mairie de Neuilly-sur-Marne","article_publisher":"https:\/\/www.facebook.com\/ville.neuilly","article_modified_time":"2026-01-06T15:58:50+00:00","og_image":[{"width":2560,"height":1707,"url":"https:\/\/www.neuillysurmarne.fr\/wp-content\/uploads\/2026\/01\/Centre-medical-12.2025-1-scaled.jpg","type":"image\/jpeg"}],"twitter_card":"summary_large_image","twitter_misc":{"Tempo di lettura stimato":"1 minuto"},"schema":{"@context":"https:\/\/schema.org","@graph":[{"@type":"WebPage","@id":"https:\/\/www.neuillysurmarne.fr\/centre-de-sante\/","url":"https:\/\/www.neuillysurmarne.fr\/centre-de-sante\/","name":"Centre de sant\u00e9 - Mairie de Neuilly-sur-Marne","isPartOf":{"@id":"https:\/\/www.neuillysurmarne.fr\/es\/#website"},"primaryImageOfPage":{"@id":"https:\/\/www.neuillysurmarne.fr\/centre-de-sante\/#primaryimage"},"image":{"@id":"https:\/\/www.neuillysurmarne.fr\/centre-de-sante\/#primaryimage"},"thumbnailUrl":"https:\/\/www.neuillysurmarne.fr\/wp-content\/uploads\/2026\/01\/Centre-medical-12.2025-1-scaled.jpg","datePublished":"2023-11-13T14:26:53+00:00","dateModified":"2026-01-06T15:58:50+00:00","breadcrumb":{"@id":"https:\/\/www.neuillysurmarne.fr\/centre-de-sante\/#breadcrumb"},"inLanguage":"it-IT","potentialAction":[{"@type":"ReadAction","target":["https:\/\/www.neuillysurmarne.fr\/centre-de-sante\/"]}]},{"@type":"ImageObject","inLanguage":"it-IT","@id":"https:\/\/www.neuillysurmarne.fr\/centre-de-sante\/#primaryimage","url":"https:\/\/www.neuillysurmarne.fr\/wp-content\/uploads\/2026\/01\/Centre-medical-12.2025-1-scaled.jpg","contentUrl":"https:\/\/www.neuillysurmarne.fr\/wp-content\/uploads\/2026\/01\/Centre-medical-12.2025-1-scaled.jpg","width":2560,"height":1707},{"@type":"BreadcrumbList","@id":"https:\/\/www.neuillysurmarne.fr\/centre-de-sante\/#breadcrumb","itemListElement":[{"@type":"ListItem","position":1,"name":"Accueil","item":"https:\/\/www.neuillysurmarne.fr\/"},{"@type":"ListItem","position":2,"name":"Centre de sant\u00e9"}]},{"@type":"WebSite","@id":"https:\/\/www.neuillysurmarne.fr\/es\/#website","url":"https:\/\/www.neuillysurmarne.fr\/es\/","name":"Municipio di Neuilly-sur-Marne","description":"BETA","publisher":{"@id":"https:\/\/www.neuillysurmarne.fr\/es\/#organization"},"potentialAction":[{"@type":"SearchAction","target":{"@type":"EntryPoint","urlTemplate":"https:\/\/www.neuillysurmarne.fr\/es\/?s={search_term_string}"},"query-input":{"@type":"PropertyValueSpecification","valueRequired":true,"valueName":"search_term_string"}}],"inLanguage":"it-IT"},{"@type":"Organization","@id":"https:\/\/www.neuillysurmarne.fr\/es\/#organization","name":"Municipio di Neuilly-sur-Marne","url":"https:\/\/www.neuillysurmarne.fr\/es\/","logo":{"@type":"ImageObject","inLanguage":"it-IT","@id":"https:\/\/www.neuillysurmarne.fr\/es\/#\/schema\/logo\/image\/","url":"https:\/\/www.neuillysurmarne.fr\/wp-content\/uploads\/2023\/10\/LOGO-NeuillysurMarne-blanc.png","contentUrl":"https:\/\/www.neuillysurmarne.fr\/wp-content\/uploads\/2023\/10\/LOGO-NeuillysurMarne-blanc.png","width":3308,"height":2586,"caption":"Mairie de Neuilly-sur-Marne"},"image":{"@id":"https:\/\/www.neuillysurmarne.fr\/es\/#\/schema\/logo\/image\/"},"sameAs":["https:\/\/www.facebook.com\/ville.neuilly","https:\/\/www.instagram.com\/neuilly_marne\/","https:\/\/www.linkedin.com\/company\/ville-de-neuilly-sur-marne\/","https:\/\/www.youtube.com\/channel\/UCDdZ0TLrV8rfIqjBGvoeB5A","https:\/\/www.tiktok.com\/@villedeneuillysurmarne"]}]}},"_links":{"self":[{"href":"https:\/\/www.neuillysurmarne.fr\/it\/wp-json\/wp\/v2\/pages\/735","targetHints":{"allow":["GET"]}}],"collection":[{"href":"https:\/\/www.neuillysurmarne.fr\/it\/wp-json\/wp\/v2\/pages"}],"about":[{"href":"https:\/\/www.neuillysurmarne.fr\/it\/wp-json\/wp\/v2\/types\/page"}],"author":[{"embeddable":true,"href":"https:\/\/www.neuillysurmarne.fr\/it\/wp-json\/wp\/v2\/users\/1"}],"replies":[{"embeddable":true,"href":"https:\/\/www.neuillysurmarne.fr\/it\/wp-json\/wp\/v2\/comments?post=735"}],"version-history":[{"count":26,"href":"https:\/\/www.neuillysurmarne.fr\/it\/wp-json\/wp\/v2\/pages\/735\/revisions"}],"predecessor-version":[{"id":17207,"href":"https:\/\/www.neuillysurmarne.fr\/it\/wp-json\/wp\/v2\/pages\/735\/revisions\/17207"}],"wp:featuredmedia":[{"embeddable":true,"href":"https:\/\/www.neuillysurmarne.fr\/it\/wp-json\/wp\/v2\/media\/17199"}],"wp:attachment":[{"href":"https:\/\/www.neuillysurmarne.fr\/it\/wp-json\/wp\/v2\/media?parent=735"}],"curies":[{"name":"wp","href":"https:\/\/api.w.org\/{rel}","templated":true}]}}