{"id":8129,"date":"2024-06-05T15:37:24","date_gmt":"2024-06-05T13:37:24","guid":{"rendered":"https:\/\/www.neuillysurmarne.fr\/?page_id=8129"},"modified":"2024-06-05T16:17:28","modified_gmt":"2024-06-05T14:17:28","slug":"prevention-et-securite","status":"publish","type":"page","link":"https:\/\/www.neuillysurmarne.fr\/it\/grands-projets\/prevention-et-securite\/","title":{"rendered":"Prevenzione e sicurezza"},"content":{"rendered":"<div data-elementor-type=\"wp-page\" data-elementor-id=\"8129\" class=\"elementor elementor-8129\" data-elementor-post-type=\"page\">\n\t\t\t\t<div class=\"elementor-element elementor-element-4a6443e e-grid e-con-boxed e-con e-parent\" data-id=\"4a6443e\" data-element_type=\"container\" data-e-type=\"container\">\n\t\t\t\t\t<div class=\"e-con-inner\">\n\t\t\t\t<div class=\"elementor-element elementor-element-a92a2ed elementor-position-top elementor-widget elementor-widget-image-box\" data-id=\"a92a2ed\" data-element_type=\"widget\" data-e-type=\"widget\" data-widget_type=\"image-box.default\">\n\t\t\t\t<div class=\"elementor-widget-container\">\n\t\t\t\t\t<div class=\"elementor-image-box-wrapper\"><figure class=\"elementor-image-box-img\"><img fetchpriority=\"high\" decoding=\"async\" width=\"2560\" height=\"1707\" src=\"https:\/\/www.neuillysurmarne.fr\/wp-content\/uploads\/2024\/05\/Flotte-PM-ASVP-BE-10.2023-2-scaled.jpg\" class=\"attachment-full size-full wp-image-7397\" alt=\"\" srcset=\"https:\/\/www.neuillysurmarne.fr\/wp-content\/uploads\/2024\/05\/Flotte-PM-ASVP-BE-10.2023-2-scaled.jpg 2560w, https:\/\/www.neuillysurmarne.fr\/wp-content\/uploads\/2024\/05\/Flotte-PM-ASVP-BE-10.2023-2-300x200.jpg 300w, https:\/\/www.neuillysurmarne.fr\/wp-content\/uploads\/2024\/05\/Flotte-PM-ASVP-BE-10.2023-2-1024x683.jpg 1024w, https:\/\/www.neuillysurmarne.fr\/wp-content\/uploads\/2024\/05\/Flotte-PM-ASVP-BE-10.2023-2-768x512.jpg 768w, https:\/\/www.neuillysurmarne.fr\/wp-content\/uploads\/2024\/05\/Flotte-PM-ASVP-BE-10.2023-2-1536x1024.jpg 1536w, https:\/\/www.neuillysurmarne.fr\/wp-content\/uploads\/2024\/05\/Flotte-PM-ASVP-BE-10.2023-2-2048x1365.jpg 2048w\" sizes=\"(max-width: 2560px) 100vw, 2560px\" \/><\/figure><div class=\"elementor-image-box-content\"><h3 class=\"elementor-image-box-title\">Polizia municipale<\/h3><p class=\"elementor-image-box-description\">Creazione di un corpo di polizia municipale con agenti addestrati ed equipaggiati<\/p><\/div><\/div>\t\t\t\t<\/div>\n\t\t\t\t<\/div>\n\t\t\t\t<div class=\"elementor-element elementor-element-55dc2b3 elementor-position-top elementor-widget elementor-widget-image-box\" data-id=\"55dc2b3\" data-element_type=\"widget\" data-e-type=\"widget\" data-widget_type=\"image-box.default\">\n\t\t\t\t<div class=\"elementor-widget-container\">\n\t\t\t\t\t<div class=\"elementor-image-box-wrapper\"><figure class=\"elementor-image-box-img\"><img decoding=\"async\" width=\"2560\" height=\"1707\" src=\"https:\/\/www.neuillysurmarne.fr\/wp-content\/uploads\/2024\/06\/Police-Municipale-10.01.2023-13-scaled.jpg\" class=\"attachment-full size-full wp-image-8133\" alt=\"\" srcset=\"https:\/\/www.neuillysurmarne.fr\/wp-content\/uploads\/2024\/06\/Police-Municipale-10.01.2023-13-scaled.jpg 2560w, https:\/\/www.neuillysurmarne.fr\/wp-content\/uploads\/2024\/06\/Police-Municipale-10.01.2023-13-300x200.jpg 300w, https:\/\/www.neuillysurmarne.fr\/wp-content\/uploads\/2024\/06\/Police-Municipale-10.01.2023-13-1024x683.jpg 1024w, https:\/\/www.neuillysurmarne.fr\/wp-content\/uploads\/2024\/06\/Police-Municipale-10.01.2023-13-768x512.jpg 768w, https:\/\/www.neuillysurmarne.fr\/wp-content\/uploads\/2024\/06\/Police-Municipale-10.01.2023-13-1536x1024.jpg 1536w, https:\/\/www.neuillysurmarne.fr\/wp-content\/uploads\/2024\/06\/Police-Municipale-10.01.2023-13-2048x1365.jpg 2048w\" sizes=\"(max-width: 2560px) 100vw, 2560px\" \/><\/figure><div class=\"elementor-image-box-content\"><h3 class=\"elementor-image-box-title\">Protezione video<\/h3><p class=\"elementor-image-box-description\">Creazione di un centro di sorveglianza urbana le cui immagini sono condivise con la stazione di polizia.<\/p><\/div><\/div>\t\t\t\t<\/div>\n\t\t\t\t<\/div>\n\t\t\t\t<div class=\"elementor-element elementor-element-d67429a elementor-position-top elementor-widget elementor-widget-image-box\" data-id=\"d67429a\" data-element_type=\"widget\" data-e-type=\"widget\" data-widget_type=\"image-box.default\">\n\t\t\t\t<div class=\"elementor-widget-container\">\n\t\t\t\t\t<div class=\"elementor-image-box-wrapper\"><figure class=\"elementor-image-box-img\"><img decoding=\"async\" width=\"2560\" height=\"1707\" src=\"https:\/\/www.neuillysurmarne.fr\/wp-content\/uploads\/2024\/06\/Motos-PM-10.2022-3-scaled.jpg\" class=\"attachment-full size-full wp-image-8135\" alt=\"\" srcset=\"https:\/\/www.neuillysurmarne.fr\/wp-content\/uploads\/2024\/06\/Motos-PM-10.2022-3-scaled.jpg 2560w, https:\/\/www.neuillysurmarne.fr\/wp-content\/uploads\/2024\/06\/Motos-PM-10.2022-3-300x200.jpg 300w, https:\/\/www.neuillysurmarne.fr\/wp-content\/uploads\/2024\/06\/Motos-PM-10.2022-3-1024x683.jpg 1024w, https:\/\/www.neuillysurmarne.fr\/wp-content\/uploads\/2024\/06\/Motos-PM-10.2022-3-768x512.jpg 768w, https:\/\/www.neuillysurmarne.fr\/wp-content\/uploads\/2024\/06\/Motos-PM-10.2022-3-1536x1024.jpg 1536w, https:\/\/www.neuillysurmarne.fr\/wp-content\/uploads\/2024\/06\/Motos-PM-10.2022-3-2048x1365.jpg 2048w\" sizes=\"(max-width: 2560px) 100vw, 2560px\" \/><\/figure><div class=\"elementor-image-box-content\"><h3 class=\"elementor-image-box-title\">Brigata motorizzata<\/h3><p class=\"elementor-image-box-description\">Creazione di una brigata motorizzata per intervenire in modo pi\u00f9 rapido ed efficace<\/p><\/div><\/div>\t\t\t\t<\/div>\n\t\t\t\t<\/div>\n\t\t\t\t<div class=\"elementor-element elementor-element-be3c9a2 elementor-position-top elementor-widget elementor-widget-image-box\" data-id=\"be3c9a2\" data-element_type=\"widget\" data-e-type=\"widget\" data-widget_type=\"image-box.default\">\n\t\t\t\t<div class=\"elementor-widget-container\">\n\t\t\t\t\t<div class=\"elementor-image-box-wrapper\"><figure class=\"elementor-image-box-img\"><img loading=\"lazy\" decoding=\"async\" width=\"2560\" height=\"1707\" src=\"https:\/\/www.neuillysurmarne.fr\/wp-content\/uploads\/2024\/06\/26.05.2024-116-scaled.jpg\" class=\"attachment-full size-full wp-image-8139\" alt=\"\" srcset=\"https:\/\/www.neuillysurmarne.fr\/wp-content\/uploads\/2024\/06\/26.05.2024-116-scaled.jpg 2560w, https:\/\/www.neuillysurmarne.fr\/wp-content\/uploads\/2024\/06\/26.05.2024-116-300x200.jpg 300w, https:\/\/www.neuillysurmarne.fr\/wp-content\/uploads\/2024\/06\/26.05.2024-116-1024x683.jpg 1024w, https:\/\/www.neuillysurmarne.fr\/wp-content\/uploads\/2024\/06\/26.05.2024-116-768x512.jpg 768w, https:\/\/www.neuillysurmarne.fr\/wp-content\/uploads\/2024\/06\/26.05.2024-116-1536x1024.jpg 1536w, https:\/\/www.neuillysurmarne.fr\/wp-content\/uploads\/2024\/06\/26.05.2024-116-2048x1365.jpg 2048w\" sizes=\"(max-width: 2560px) 100vw, 2560px\" \/><\/figure><div class=\"elementor-image-box-content\"><h3 class=\"elementor-image-box-title\">Noci vigili<\/h3><p class=\"elementor-image-box-description\">Creazione della rete di cittadini Noc\u00e9ens Vigilants<\/p><\/div><\/div>\t\t\t\t<\/div>\n\t\t\t\t<\/div>\n\t\t\t\t<div class=\"elementor-element elementor-element-d2ea070 elementor-position-top elementor-widget elementor-widget-image-box\" data-id=\"d2ea070\" data-element_type=\"widget\" data-e-type=\"widget\" data-widget_type=\"image-box.default\">\n\t\t\t\t<div class=\"elementor-widget-container\">\n\t\t\t\t\t<div class=\"elementor-image-box-wrapper\"><figure class=\"elementor-image-box-img\"><img loading=\"lazy\" decoding=\"async\" width=\"2560\" height=\"1707\" src=\"https:\/\/www.neuillysurmarne.fr\/wp-content\/uploads\/2024\/06\/Voitures-POLICE-04.2021-33-scaled.jpg\" class=\"attachment-full size-full wp-image-8131\" alt=\"\" srcset=\"https:\/\/www.neuillysurmarne.fr\/wp-content\/uploads\/2024\/06\/Voitures-POLICE-04.2021-33-scaled.jpg 2560w, https:\/\/www.neuillysurmarne.fr\/wp-content\/uploads\/2024\/06\/Voitures-POLICE-04.2021-33-300x200.jpg 300w, https:\/\/www.neuillysurmarne.fr\/wp-content\/uploads\/2024\/06\/Voitures-POLICE-04.2021-33-1024x683.jpg 1024w, https:\/\/www.neuillysurmarne.fr\/wp-content\/uploads\/2024\/06\/Voitures-POLICE-04.2021-33-768x512.jpg 768w, https:\/\/www.neuillysurmarne.fr\/wp-content\/uploads\/2024\/06\/Voitures-POLICE-04.2021-33-1536x1024.jpg 1536w, https:\/\/www.neuillysurmarne.fr\/wp-content\/uploads\/2024\/06\/Voitures-POLICE-04.2021-33-2048x1365.jpg 2048w\" sizes=\"(max-width: 2560px) 100vw, 2560px\" \/><\/figure><div class=\"elementor-image-box-content\"><h3 class=\"elementor-image-box-title\">Aiuto alle vittime di violenza<\/h3><p class=\"elementor-image-box-description\">Assunzione di un assistente sociale nelle stazioni di polizia per sostenere le vittime<\/p><\/div><\/div>\t\t\t\t<\/div>\n\t\t\t\t<\/div>\n\t\t\t\t<div class=\"elementor-element elementor-element-8afb4e5 elementor-position-top elementor-widget elementor-widget-image-box\" data-id=\"8afb4e5\" data-element_type=\"widget\" data-e-type=\"widget\" data-widget_type=\"image-box.default\">\n\t\t\t\t<div class=\"elementor-widget-container\">\n\t\t\t\t\t<div class=\"elementor-image-box-wrapper\"><figure class=\"elementor-image-box-img\"><img loading=\"lazy\" decoding=\"async\" width=\"2560\" height=\"1703\" src=\"https:\/\/www.neuillysurmarne.fr\/wp-content\/uploads\/2024\/06\/133@Nicolas-Fagot-Studio9-scaled.jpg\" class=\"attachment-full size-full wp-image-8134\" alt=\"\" srcset=\"https:\/\/www.neuillysurmarne.fr\/wp-content\/uploads\/2024\/06\/133@Nicolas-Fagot-Studio9-scaled.jpg 2560w, https:\/\/www.neuillysurmarne.fr\/wp-content\/uploads\/2024\/06\/133@Nicolas-Fagot-Studio9-300x200.jpg 300w, https:\/\/www.neuillysurmarne.fr\/wp-content\/uploads\/2024\/06\/133@Nicolas-Fagot-Studio9-1024x681.jpg 1024w, https:\/\/www.neuillysurmarne.fr\/wp-content\/uploads\/2024\/06\/133@Nicolas-Fagot-Studio9-768x511.jpg 768w, https:\/\/www.neuillysurmarne.fr\/wp-content\/uploads\/2024\/06\/133@Nicolas-Fagot-Studio9-1536x1022.jpg 1536w, https:\/\/www.neuillysurmarne.fr\/wp-content\/uploads\/2024\/06\/133@Nicolas-Fagot-Studio9-2048x1363.jpg 2048w\" sizes=\"(max-width: 2560px) 100vw, 2560px\" \/><\/figure><div class=\"elementor-image-box-content\"><h3 class=\"elementor-image-box-title\">Terreno scolastico<\/h3><p class=\"elementor-image-box-description\">Installazione di sagome segnaletiche e impiego di guardie per l'attraversamento pedonale<\/p><\/div><\/div>\t\t\t\t<\/div>\n\t\t\t\t<\/div>\n\t\t\t\t<div class=\"elementor-element elementor-element-2ccc8a1 elementor-position-top elementor-widget elementor-widget-image-box\" data-id=\"2ccc8a1\" data-element_type=\"widget\" data-e-type=\"widget\" data-widget_type=\"image-box.default\">\n\t\t\t\t<div class=\"elementor-widget-container\">\n\t\t\t\t\t<div class=\"elementor-image-box-wrapper\"><figure class=\"elementor-image-box-img\"><img loading=\"lazy\" decoding=\"async\" width=\"2560\" height=\"1707\" src=\"https:\/\/www.neuillysurmarne.fr\/wp-content\/uploads\/2024\/06\/Patrimoine-vert-04.2021-27-scaled.jpg\" class=\"attachment-full size-full wp-image-8140\" alt=\"\" srcset=\"https:\/\/www.neuillysurmarne.fr\/wp-content\/uploads\/2024\/06\/Patrimoine-vert-04.2021-27-scaled.jpg 2560w, https:\/\/www.neuillysurmarne.fr\/wp-content\/uploads\/2024\/06\/Patrimoine-vert-04.2021-27-300x200.jpg 300w, https:\/\/www.neuillysurmarne.fr\/wp-content\/uploads\/2024\/06\/Patrimoine-vert-04.2021-27-1024x683.jpg 1024w, https:\/\/www.neuillysurmarne.fr\/wp-content\/uploads\/2024\/06\/Patrimoine-vert-04.2021-27-768x512.jpg 768w, https:\/\/www.neuillysurmarne.fr\/wp-content\/uploads\/2024\/06\/Patrimoine-vert-04.2021-27-1536x1024.jpg 1536w, https:\/\/www.neuillysurmarne.fr\/wp-content\/uploads\/2024\/06\/Patrimoine-vert-04.2021-27-2048x1365.jpg 2048w\" sizes=\"(max-width: 2560px) 100vw, 2560px\" \/><\/figure><div class=\"elementor-image-box-content\"><h3 class=\"elementor-image-box-title\">Strade<\/h3><p class=\"elementor-image-box-description\">Lavorare per proteggere i pedoni e i ciclisti e rendere meno pericoloso il traffico<\/p><\/div><\/div>\t\t\t\t<\/div>\n\t\t\t\t<\/div>\n\t\t\t\t<div class=\"elementor-element elementor-element-d923c0d elementor-position-top elementor-widget elementor-widget-image-box\" data-id=\"d923c0d\" data-element_type=\"widget\" data-e-type=\"widget\" data-widget_type=\"image-box.default\">\n\t\t\t\t<div class=\"elementor-widget-container\">\n\t\t\t\t\t<div class=\"elementor-image-box-wrapper\"><figure class=\"elementor-image-box-img\"><img loading=\"lazy\" decoding=\"async\" width=\"2560\" height=\"1707\" src=\"https:\/\/www.neuillysurmarne.fr\/wp-content\/uploads\/2024\/06\/Portes-ouvertes-pompiers-06.2022-25-scaled.jpg\" class=\"attachment-full size-full wp-image-8160\" alt=\"\" srcset=\"https:\/\/www.neuillysurmarne.fr\/wp-content\/uploads\/2024\/06\/Portes-ouvertes-pompiers-06.2022-25-scaled.jpg 2560w, https:\/\/www.neuillysurmarne.fr\/wp-content\/uploads\/2024\/06\/Portes-ouvertes-pompiers-06.2022-25-300x200.jpg 300w, https:\/\/www.neuillysurmarne.fr\/wp-content\/uploads\/2024\/06\/Portes-ouvertes-pompiers-06.2022-25-1024x683.jpg 1024w, https:\/\/www.neuillysurmarne.fr\/wp-content\/uploads\/2024\/06\/Portes-ouvertes-pompiers-06.2022-25-768x512.jpg 768w, https:\/\/www.neuillysurmarne.fr\/wp-content\/uploads\/2024\/06\/Portes-ouvertes-pompiers-06.2022-25-1536x1024.jpg 1536w, https:\/\/www.neuillysurmarne.fr\/wp-content\/uploads\/2024\/06\/Portes-ouvertes-pompiers-06.2022-25-2048x1365.jpg 2048w\" sizes=\"(max-width: 2560px) 100vw, 2560px\" \/><\/figure><div class=\"elementor-image-box-content\"><h3 class=\"elementor-image-box-title\">Scoperta del cittadino<\/h3><p class=\"elementor-image-box-description\">Creazione di giornate dedicate alla scoperta delle professioni di sicurezza e protezione<\/p><\/div><\/div>\t\t\t\t<\/div>\n\t\t\t\t<\/div>\n\t\t\t\t<div class=\"elementor-element elementor-element-348432c elementor-position-top elementor-widget elementor-widget-image-box\" data-id=\"348432c\" data-element_type=\"widget\" data-e-type=\"widget\" data-widget_type=\"image-box.default\">\n\t\t\t\t<div class=\"elementor-widget-container\">\n\t\t\t\t\t<div class=\"elementor-image-box-wrapper\"><figure class=\"elementor-image-box-img\"><img loading=\"lazy\" decoding=\"async\" width=\"2560\" height=\"1707\" src=\"https:\/\/www.neuillysurmarne.fr\/wp-content\/uploads\/2024\/06\/IMG_2956-scaled.jpg\" class=\"attachment-full size-full wp-image-8146\" alt=\"\" srcset=\"https:\/\/www.neuillysurmarne.fr\/wp-content\/uploads\/2024\/06\/IMG_2956-scaled.jpg 2560w, https:\/\/www.neuillysurmarne.fr\/wp-content\/uploads\/2024\/06\/IMG_2956-300x200.jpg 300w, https:\/\/www.neuillysurmarne.fr\/wp-content\/uploads\/2024\/06\/IMG_2956-1024x683.jpg 1024w, https:\/\/www.neuillysurmarne.fr\/wp-content\/uploads\/2024\/06\/IMG_2956-768x512.jpg 768w, https:\/\/www.neuillysurmarne.fr\/wp-content\/uploads\/2024\/06\/IMG_2956-1536x1024.jpg 1536w, https:\/\/www.neuillysurmarne.fr\/wp-content\/uploads\/2024\/06\/IMG_2956-2048x1365.jpg 2048w\" sizes=\"(max-width: 2560px) 100vw, 2560px\" \/><\/figure><div class=\"elementor-image-box-content\"><h3 class=\"elementor-image-box-title\">Unit\u00e0 di aiuto<\/h3><p class=\"elementor-image-box-description\">Creazione di un'unit\u00e0 di assistenza per combattere la prostituzione minorile<\/p><\/div><\/div>\t\t\t\t<\/div>\n\t\t\t\t<\/div>\n\t\t\t\t\t<\/div>\n\t\t\t\t<\/div>\n\t\t\t\t<\/div>","protected":false},"excerpt":{"rendered":"<p>Police municipale Cr\u00e9ation d&rsquo;une police municipale avec des agents form\u00e9s et \u00e9quip\u00e9s Vid\u00e9oprotection Cr\u00e9ation d&rsquo;un centre de supervision urbaine dont les images sont partag\u00e9es avec le commissariat Brigade motoris\u00e9e Constitution d&rsquo;une brigade motoris\u00e9e pour intervenir plus rapidement et plus efficacement Noc\u00e9ens vigilants Mise en place du r\u00e9seau citoyen des Noc\u00e9ens Vigilants Aide aux victimes de [&hellip;]<\/p>\n","protected":false},"author":2,"featured_media":7404,"parent":392,"menu_order":0,"comment_status":"closed","ping_status":"closed","template":"","meta":{"_acf_changed":false,"footnotes":""},"class_list":["post-8129","page","type-page","status-publish","has-post-thumbnail","hentry"],"acf":[],"yoast_head":"<!-- This site is optimized with the Yoast SEO plugin v27.5 - https:\/\/yoast.com\/product\/yoast-seo-wordpress\/ -->\n<title>Pr\u00e9vention et s\u00e9curit\u00e9 - Mairie de Neuilly-sur-Marne<\/title>\n<meta name=\"robots\" content=\"index, follow, max-snippet:-1, max-image-preview:large, max-video-preview:-1\" \/>\n<link rel=\"canonical\" href=\"https:\/\/www.neuillysurmarne.fr\/it\/grands-projets\/prevention-et-securite\/\" \/>\n<meta property=\"og:locale\" content=\"it_IT\" \/>\n<meta property=\"og:type\" content=\"article\" \/>\n<meta property=\"og:title\" content=\"Pr\u00e9vention et s\u00e9curit\u00e9 - Mairie de Neuilly-sur-Marne\" \/>\n<meta property=\"og:description\" content=\"Police municipale Cr\u00e9ation d&rsquo;une police municipale avec des agents form\u00e9s et \u00e9quip\u00e9s Vid\u00e9oprotection Cr\u00e9ation d&rsquo;un centre de supervision urbaine dont les images sont partag\u00e9es avec le commissariat Brigade motoris\u00e9e Constitution d&rsquo;une brigade motoris\u00e9e pour intervenir plus rapidement et plus efficacement Noc\u00e9ens vigilants Mise en place du r\u00e9seau citoyen des Noc\u00e9ens Vigilants Aide aux victimes de [&hellip;]\" \/>\n<meta property=\"og:url\" content=\"https:\/\/www.neuillysurmarne.fr\/it\/grands-projets\/prevention-et-securite\/\" \/>\n<meta property=\"og:site_name\" content=\"Mairie de Neuilly-sur-Marne\" \/>\n<meta property=\"article:publisher\" content=\"https:\/\/www.facebook.com\/ville.neuilly\" \/>\n<meta property=\"article:modified_time\" content=\"2024-06-05T14:17:28+00:00\" \/>\n<meta property=\"og:image\" content=\"https:\/\/www.neuillysurmarne.fr\/wp-content\/uploads\/2024\/05\/Voitures-POLICE-04.2021-3-scaled.jpg\" \/>\n\t<meta property=\"og:image:width\" content=\"2560\" \/>\n\t<meta property=\"og:image:height\" content=\"1707\" \/>\n\t<meta property=\"og:image:type\" content=\"image\/jpeg\" \/>\n<meta name=\"twitter:card\" content=\"summary_large_image\" \/>\n<meta name=\"twitter:label1\" content=\"Tempo di lettura stimato\" \/>\n\t<meta name=\"twitter:data1\" content=\"1 minuto\" \/>\n<script type=\"application\/ld+json\" class=\"yoast-schema-graph\">{\"@context\":\"https:\\\/\\\/schema.org\",\"@graph\":[{\"@type\":\"WebPage\",\"@id\":\"https:\\\/\\\/www.neuillysurmarne.fr\\\/grands-projets\\\/prevention-et-securite\\\/\",\"url\":\"https:\\\/\\\/www.neuillysurmarne.fr\\\/grands-projets\\\/prevention-et-securite\\\/\",\"name\":\"Pr\u00e9vention et s\u00e9curit\u00e9 - Mairie de Neuilly-sur-Marne\",\"isPartOf\":{\"@id\":\"https:\\\/\\\/www.neuillysurmarne.fr\\\/es\\\/#website\"},\"primaryImageOfPage\":{\"@id\":\"https:\\\/\\\/www.neuillysurmarne.fr\\\/grands-projets\\\/prevention-et-securite\\\/#primaryimage\"},\"image\":{\"@id\":\"https:\\\/\\\/www.neuillysurmarne.fr\\\/grands-projets\\\/prevention-et-securite\\\/#primaryimage\"},\"thumbnailUrl\":\"https:\\\/\\\/www.neuillysurmarne.fr\\\/wp-content\\\/uploads\\\/2024\\\/05\\\/Voitures-POLICE-04.2021-3-scaled.jpg\",\"datePublished\":\"2024-06-05T13:37:24+00:00\",\"dateModified\":\"2024-06-05T14:17:28+00:00\",\"breadcrumb\":{\"@id\":\"https:\\\/\\\/www.neuillysurmarne.fr\\\/grands-projets\\\/prevention-et-securite\\\/#breadcrumb\"},\"inLanguage\":\"it-IT\",\"potentialAction\":[{\"@type\":\"ReadAction\",\"target\":[\"https:\\\/\\\/www.neuillysurmarne.fr\\\/grands-projets\\\/prevention-et-securite\\\/\"]}]},{\"@type\":\"ImageObject\",\"inLanguage\":\"it-IT\",\"@id\":\"https:\\\/\\\/www.neuillysurmarne.fr\\\/grands-projets\\\/prevention-et-securite\\\/#primaryimage\",\"url\":\"https:\\\/\\\/www.neuillysurmarne.fr\\\/wp-content\\\/uploads\\\/2024\\\/05\\\/Voitures-POLICE-04.2021-3-scaled.jpg\",\"contentUrl\":\"https:\\\/\\\/www.neuillysurmarne.fr\\\/wp-content\\\/uploads\\\/2024\\\/05\\\/Voitures-POLICE-04.2021-3-scaled.jpg\",\"width\":2560,\"height\":1707},{\"@type\":\"BreadcrumbList\",\"@id\":\"https:\\\/\\\/www.neuillysurmarne.fr\\\/grands-projets\\\/prevention-et-securite\\\/#breadcrumb\",\"itemListElement\":[{\"@type\":\"ListItem\",\"position\":1,\"name\":\"Accueil\",\"item\":\"https:\\\/\\\/www.neuillysurmarne.fr\\\/\"},{\"@type\":\"ListItem\",\"position\":2,\"name\":\"Grands projets\",\"item\":\"https:\\\/\\\/www.neuillysurmarne.fr\\\/grands-projets\\\/\"},{\"@type\":\"ListItem\",\"position\":3,\"name\":\"Pr\u00e9vention et s\u00e9curit\u00e9\"}]},{\"@type\":\"WebSite\",\"@id\":\"https:\\\/\\\/www.neuillysurmarne.fr\\\/es\\\/#website\",\"url\":\"https:\\\/\\\/www.neuillysurmarne.fr\\\/es\\\/\",\"name\":\"Mairie de Neuilly-sur-Marne\",\"description\":\"BETA\",\"publisher\":{\"@id\":\"https:\\\/\\\/www.neuillysurmarne.fr\\\/es\\\/#organization\"},\"potentialAction\":[{\"@type\":\"SearchAction\",\"target\":{\"@type\":\"EntryPoint\",\"urlTemplate\":\"https:\\\/\\\/www.neuillysurmarne.fr\\\/es\\\/?s={search_term_string}\"},\"query-input\":{\"@type\":\"PropertyValueSpecification\",\"valueRequired\":true,\"valueName\":\"search_term_string\"}}],\"inLanguage\":\"it-IT\"},{\"@type\":\"Organization\",\"@id\":\"https:\\\/\\\/www.neuillysurmarne.fr\\\/es\\\/#organization\",\"name\":\"Mairie de Neuilly-sur-Marne\",\"url\":\"https:\\\/\\\/www.neuillysurmarne.fr\\\/es\\\/\",\"logo\":{\"@type\":\"ImageObject\",\"inLanguage\":\"it-IT\",\"@id\":\"https:\\\/\\\/www.neuillysurmarne.fr\\\/es\\\/#\\\/schema\\\/logo\\\/image\\\/\",\"url\":\"https:\\\/\\\/www.neuillysurmarne.fr\\\/wp-content\\\/uploads\\\/2023\\\/10\\\/LOGO-NeuillysurMarne-blanc.png\",\"contentUrl\":\"https:\\\/\\\/www.neuillysurmarne.fr\\\/wp-content\\\/uploads\\\/2023\\\/10\\\/LOGO-NeuillysurMarne-blanc.png\",\"width\":3308,\"height\":2586,\"caption\":\"Mairie de Neuilly-sur-Marne\"},\"image\":{\"@id\":\"https:\\\/\\\/www.neuillysurmarne.fr\\\/es\\\/#\\\/schema\\\/logo\\\/image\\\/\"},\"sameAs\":[\"https:\\\/\\\/www.facebook.com\\\/ville.neuilly\",\"https:\\\/\\\/www.instagram.com\\\/neuilly_marne\\\/\",\"https:\\\/\\\/www.linkedin.com\\\/company\\\/ville-de-neuilly-sur-marne\\\/\",\"https:\\\/\\\/www.youtube.com\\\/channel\\\/UCDdZ0TLrV8rfIqjBGvoeB5A\",\"https:\\\/\\\/www.tiktok.com\\\/@villedeneuillysurmarne\"]}]}<\/script>\n<!-- \/ Yoast SEO plugin. -->","yoast_head_json":{"title":"Pr\u00e9vention et s\u00e9curit\u00e9 - Mairie de Neuilly-sur-Marne","robots":{"index":"index","follow":"follow","max-snippet":"max-snippet:-1","max-image-preview":"max-image-preview:large","max-video-preview":"max-video-preview:-1"},"canonical":"https:\/\/www.neuillysurmarne.fr\/it\/grands-projets\/prevention-et-securite\/","og_locale":"it_IT","og_type":"article","og_title":"Pr\u00e9vention et s\u00e9curit\u00e9 - Mairie de Neuilly-sur-Marne","og_description":"Police municipale Cr\u00e9ation d&rsquo;une police municipale avec des agents form\u00e9s et \u00e9quip\u00e9s Vid\u00e9oprotection Cr\u00e9ation d&rsquo;un centre de supervision urbaine dont les images sont partag\u00e9es avec le commissariat Brigade motoris\u00e9e Constitution d&rsquo;une brigade motoris\u00e9e pour intervenir plus rapidement et plus efficacement Noc\u00e9ens vigilants Mise en place du r\u00e9seau citoyen des Noc\u00e9ens Vigilants Aide aux victimes de [&hellip;]","og_url":"https:\/\/www.neuillysurmarne.fr\/it\/grands-projets\/prevention-et-securite\/","og_site_name":"Mairie de Neuilly-sur-Marne","article_publisher":"https:\/\/www.facebook.com\/ville.neuilly","article_modified_time":"2024-06-05T14:17:28+00:00","og_image":[{"width":2560,"height":1707,"url":"https:\/\/www.neuillysurmarne.fr\/wp-content\/uploads\/2024\/05\/Voitures-POLICE-04.2021-3-scaled.jpg","type":"image\/jpeg"}],"twitter_card":"summary_large_image","twitter_misc":{"Tempo di lettura stimato":"1 minuto"},"schema":{"@context":"https:\/\/schema.org","@graph":[{"@type":"WebPage","@id":"https:\/\/www.neuillysurmarne.fr\/grands-projets\/prevention-et-securite\/","url":"https:\/\/www.neuillysurmarne.fr\/grands-projets\/prevention-et-securite\/","name":"Pr\u00e9vention et s\u00e9curit\u00e9 - Mairie de Neuilly-sur-Marne","isPartOf":{"@id":"https:\/\/www.neuillysurmarne.fr\/es\/#website"},"primaryImageOfPage":{"@id":"https:\/\/www.neuillysurmarne.fr\/grands-projets\/prevention-et-securite\/#primaryimage"},"image":{"@id":"https:\/\/www.neuillysurmarne.fr\/grands-projets\/prevention-et-securite\/#primaryimage"},"thumbnailUrl":"https:\/\/www.neuillysurmarne.fr\/wp-content\/uploads\/2024\/05\/Voitures-POLICE-04.2021-3-scaled.jpg","datePublished":"2024-06-05T13:37:24+00:00","dateModified":"2024-06-05T14:17:28+00:00","breadcrumb":{"@id":"https:\/\/www.neuillysurmarne.fr\/grands-projets\/prevention-et-securite\/#breadcrumb"},"inLanguage":"it-IT","potentialAction":[{"@type":"ReadAction","target":["https:\/\/www.neuillysurmarne.fr\/grands-projets\/prevention-et-securite\/"]}]},{"@type":"ImageObject","inLanguage":"it-IT","@id":"https:\/\/www.neuillysurmarne.fr\/grands-projets\/prevention-et-securite\/#primaryimage","url":"https:\/\/www.neuillysurmarne.fr\/wp-content\/uploads\/2024\/05\/Voitures-POLICE-04.2021-3-scaled.jpg","contentUrl":"https:\/\/www.neuillysurmarne.fr\/wp-content\/uploads\/2024\/05\/Voitures-POLICE-04.2021-3-scaled.jpg","width":2560,"height":1707},{"@type":"BreadcrumbList","@id":"https:\/\/www.neuillysurmarne.fr\/grands-projets\/prevention-et-securite\/#breadcrumb","itemListElement":[{"@type":"ListItem","position":1,"name":"Accueil","item":"https:\/\/www.neuillysurmarne.fr\/"},{"@type":"ListItem","position":2,"name":"Grands projets","item":"https:\/\/www.neuillysurmarne.fr\/grands-projets\/"},{"@type":"ListItem","position":3,"name":"Pr\u00e9vention et s\u00e9curit\u00e9"}]},{"@type":"WebSite","@id":"https:\/\/www.neuillysurmarne.fr\/es\/#website","url":"https:\/\/www.neuillysurmarne.fr\/es\/","name":"Municipio di Neuilly-sur-Marne","description":"BETA","publisher":{"@id":"https:\/\/www.neuillysurmarne.fr\/es\/#organization"},"potentialAction":[{"@type":"SearchAction","target":{"@type":"EntryPoint","urlTemplate":"https:\/\/www.neuillysurmarne.fr\/es\/?s={search_term_string}"},"query-input":{"@type":"PropertyValueSpecification","valueRequired":true,"valueName":"search_term_string"}}],"inLanguage":"it-IT"},{"@type":"Organization","@id":"https:\/\/www.neuillysurmarne.fr\/es\/#organization","name":"Municipio di Neuilly-sur-Marne","url":"https:\/\/www.neuillysurmarne.fr\/es\/","logo":{"@type":"ImageObject","inLanguage":"it-IT","@id":"https:\/\/www.neuillysurmarne.fr\/es\/#\/schema\/logo\/image\/","url":"https:\/\/www.neuillysurmarne.fr\/wp-content\/uploads\/2023\/10\/LOGO-NeuillysurMarne-blanc.png","contentUrl":"https:\/\/www.neuillysurmarne.fr\/wp-content\/uploads\/2023\/10\/LOGO-NeuillysurMarne-blanc.png","width":3308,"height":2586,"caption":"Mairie de Neuilly-sur-Marne"},"image":{"@id":"https:\/\/www.neuillysurmarne.fr\/es\/#\/schema\/logo\/image\/"},"sameAs":["https:\/\/www.facebook.com\/ville.neuilly","https:\/\/www.instagram.com\/neuilly_marne\/","https:\/\/www.linkedin.com\/company\/ville-de-neuilly-sur-marne\/","https:\/\/www.youtube.com\/channel\/UCDdZ0TLrV8rfIqjBGvoeB5A","https:\/\/www.tiktok.com\/@villedeneuillysurmarne"]}]}},"_links":{"self":[{"href":"https:\/\/www.neuillysurmarne.fr\/it\/wp-json\/wp\/v2\/pages\/8129","targetHints":{"allow":["GET"]}}],"collection":[{"href":"https:\/\/www.neuillysurmarne.fr\/it\/wp-json\/wp\/v2\/pages"}],"about":[{"href":"https:\/\/www.neuillysurmarne.fr\/it\/wp-json\/wp\/v2\/types\/page"}],"author":[{"embeddable":true,"href":"https:\/\/www.neuillysurmarne.fr\/it\/wp-json\/wp\/v2\/users\/2"}],"replies":[{"embeddable":true,"href":"https:\/\/www.neuillysurmarne.fr\/it\/wp-json\/wp\/v2\/comments?post=8129"}],"version-history":[{"count":13,"href":"https:\/\/www.neuillysurmarne.fr\/it\/wp-json\/wp\/v2\/pages\/8129\/revisions"}],"predecessor-version":[{"id":8163,"href":"https:\/\/www.neuillysurmarne.fr\/it\/wp-json\/wp\/v2\/pages\/8129\/revisions\/8163"}],"up":[{"embeddable":true,"href":"https:\/\/www.neuillysurmarne.fr\/it\/wp-json\/wp\/v2\/pages\/392"}],"wp:featuredmedia":[{"embeddable":true,"href":"https:\/\/www.neuillysurmarne.fr\/it\/wp-json\/wp\/v2\/media\/7404"}],"wp:attachment":[{"href":"https:\/\/www.neuillysurmarne.fr\/it\/wp-json\/wp\/v2\/media?parent=8129"}],"curies":[{"name":"wp","href":"https:\/\/api.w.org\/{rel}","templated":true}]}}