{"id":9444,"date":"2024-06-18T11:45:54","date_gmt":"2024-06-18T09:45:54","guid":{"rendered":"https:\/\/www.neuillysurmarne.fr\/?page_id=9444"},"modified":"2024-06-28T11:02:17","modified_gmt":"2024-06-28T09:02:17","slug":"centre-culturel-et-numerique","status":"publish","type":"page","link":"https:\/\/www.neuillysurmarne.fr\/it\/centre-culturel-et-numerique\/","title":{"rendered":"Centro culturale e digitale"},"content":{"rendered":"<div data-elementor-type=\"wp-page\" data-elementor-id=\"9444\" class=\"elementor elementor-9444\" data-elementor-post-type=\"page\">\n\t\t\t\t<div class=\"elementor-element elementor-element-8c2a585 e-flex e-con-boxed e-con e-parent\" data-id=\"8c2a585\" data-element_type=\"container\" data-e-type=\"container\">\n\t\t\t\t\t<div class=\"e-con-inner\">\n\t\t\t\t<div class=\"elementor-element elementor-element-5a8f65f elementor--h-position-center elementor--v-position-middle elementor-arrows-position-inside elementor-pagination-position-inside elementor-widget elementor-widget-slides\" data-id=\"5a8f65f\" data-element_type=\"widget\" data-e-type=\"widget\" data-settings=\"{&quot;navigation&quot;:&quot;both&quot;,&quot;autoplay&quot;:&quot;yes&quot;,&quot;pause_on_hover&quot;:&quot;yes&quot;,&quot;pause_on_interaction&quot;:&quot;yes&quot;,&quot;autoplay_speed&quot;:5000,&quot;infinite&quot;:&quot;yes&quot;,&quot;transition&quot;:&quot;slide&quot;,&quot;transition_speed&quot;:500}\" data-widget_type=\"slides.default\">\n\t\t\t\t<div class=\"elementor-widget-container\">\n\t\t\t\t\t\t\t\t\t<div class=\"elementor-swiper\">\n\t\t\t\t\t<div class=\"elementor-slides-wrapper elementor-main-swiper swiper\" role=\"region\" aria-roledescription=\"carousel\" aria-label=\"Diapositives\" dir=\"ltr\" data-animation=\"fadeInUp\">\n\t\t\t\t<div class=\"swiper-wrapper elementor-slides\">\n\t\t\t\t\t\t\t\t\t\t<div class=\"elementor-repeater-item-3657cce swiper-slide\" role=\"group\" aria-roledescription=\"slide\"><div class=\"swiper-slide-bg elementor-ken-burns elementor-ken-burns--in\" role=\"img\" aria-label=\"Man painting handmade pottery at ceramic workshop. Art concept\"><\/div><div class=\"elementor-background-overlay\"><\/div><a class=\"swiper-slide-inner\" href=\"https:\/\/www.neuillysurmarne.fr\/it\/centre-culturel-salvador-allende\/\"><div class=\"swiper-slide-contents\"><div class=\"elementor-slide-heading\">Centro culturale Salvador Allende<\/div><div class=\"elementor-slide-description\">Iscrivetevi ai laboratori tecnici (disegno, pittura, arte floreale, ceramica...), ai laboratori di espressione personale (teatro, inglese, chitarra...) o ai laboratori di rilassamento (scarabeo, yoga...).<\/div><div  class=\"elementor-button elementor-slide-button elementor-size-sm\">Clicca qui per saperne di pi\u00f9<\/div><\/div><\/a><\/div><div class=\"elementor-repeater-item-de6ae3d swiper-slide\" role=\"group\" aria-roledescription=\"slide\"><div class=\"swiper-slide-bg elementor-ken-burns elementor-ken-burns--in\" role=\"img\" aria-label=\"Close up of children learning to paint watercolor at art lesson. Skilled elementary student playing and drawing while holding paintbrush with blurring background. Creative activity concept. AIG42.\"><\/div><div class=\"elementor-background-overlay\"><\/div><a class=\"swiper-slide-inner\" href=\"https:\/\/www.neuillysurmarne.fr\/it\/espace-leo-lagrange\/\"><div class=\"swiper-slide-contents\"><div class=\"elementor-slide-heading\">Spazio L\u00e9o Lagrange<\/div><div class=\"elementor-slide-description\">Iscriviti ai laboratori di disegno, pittura e yoga!<\/div><div  class=\"elementor-button elementor-slide-button elementor-size-sm\">Clicca qui per saperne di pi\u00f9<\/div><\/div><\/a><\/div><div class=\"elementor-repeater-item-336498f swiper-slide\" role=\"group\" aria-roledescription=\"slide\"><div class=\"swiper-slide-bg elementor-ken-burns elementor-ken-burns--in\" role=\"img\" aria-label=\"micro-folie-bd-121\"><\/div><div class=\"elementor-background-overlay\"><\/div><a class=\"swiper-slide-inner\" href=\"https:\/\/www.neuillysurmarne.fr\/it\/micro-folie\/\"><div class=\"swiper-slide-contents\"><div class=\"elementor-slide-heading\">Micro-Folie<\/div><div class=\"elementor-slide-description\">Polo culturale in continua evoluzione, la Micro-Folie \u00e8 diventata uno dei luoghi culturali pi\u00f9 importanti della citt\u00e0.<\/div><div  class=\"elementor-button elementor-slide-button elementor-size-sm\">Clicca qui per saperne di pi\u00f9<\/div><\/div><\/a><\/div>\t\t\t\t<\/div>\n\t\t\t\t\t\t\t\t\t\t\t\t\t\t\t<div class=\"elementor-swiper-button elementor-swiper-button-prev\" role=\"button\" tabindex=\"0\" aria-label=\"Diapositive pr\u00e9c\u00e9dente\">\n\t\t\t\t\t\t\t<svg aria-hidden=\"true\" class=\"e-font-icon-svg e-eicon-chevron-left\" viewbox=\"0 0 1000 1000\" xmlns=\"http:\/\/www.w3.org\/2000\/svg\"><path d=\"M646 125C629 125 613 133 604 142L308 442C296 454 292 471 292 487 292 504 296 521 308 533L604 854C617 867 629 875 646 875 663 875 679 871 692 858 704 846 713 829 713 812 713 796 708 779 692 767L438 487 692 225C700 217 708 204 708 187 708 171 704 154 692 142 675 129 663 125 646 125Z\"><\/path><\/svg>\t\t\t\t\t\t<\/div>\n\t\t\t\t\t\t<div class=\"elementor-swiper-button elementor-swiper-button-next\" role=\"button\" tabindex=\"0\" aria-label=\"Diapositive suivante\">\n\t\t\t\t\t\t\t<svg aria-hidden=\"true\" class=\"e-font-icon-svg e-eicon-chevron-right\" viewbox=\"0 0 1000 1000\" xmlns=\"http:\/\/www.w3.org\/2000\/svg\"><path d=\"M696 533C708 521 713 504 713 487 713 471 708 454 696 446L400 146C388 133 375 125 354 125 338 125 325 129 313 142 300 154 292 171 292 187 292 204 296 221 308 233L563 492 304 771C292 783 288 800 288 817 288 833 296 850 308 863 321 871 338 875 354 875 371 875 388 867 400 854L696 533Z\"><\/path><\/svg>\t\t\t\t\t\t<\/div>\n\t\t\t\t\t\t\t\t\t\t\t\t\t\t\t\t<div class=\"swiper-pagination\"><\/div>\n\t\t\t\t\t\t\t\t\t\t\t\t<\/div>\n\t\t\t\t<\/div>\n\t\t\t\t\t\t\t\t<\/div>\n\t\t\t\t<\/div>\n\t\t\t\t\t<\/div>\n\t\t\t\t<\/div>\n\t\t\t\t<\/div>","protected":false},"excerpt":{"rendered":"<p>Centre culturel Salvador AllendeInscrivez-vous \u00e0 des ateliers techniques (dessin, peinture, art floral, poterie&#8230;), d&rsquo;expression (th\u00e9\u00e2tre, anglais, guitare&#8230;)ou de d\u00e9tente (scrabble, yoga&#8230;).Cliquez ici pour en savoir plusEspace L\u00e9o LagrangeInscrivez-vous \u00e0 des ateliers dessin-peinture et yoga !Cliquez ici pour en savoir plusMicro-FolieLieu de rayonnement de la culture en constante \u00e9volution, la Micro-Folie est devenue un lieu culturel [&hellip;]<\/p>\n","protected":false},"author":2,"featured_media":9446,"parent":0,"menu_order":0,"comment_status":"closed","ping_status":"closed","template":"","meta":{"_acf_changed":false,"footnotes":""},"class_list":["post-9444","page","type-page","status-publish","has-post-thumbnail","hentry"],"acf":[],"yoast_head":"<!-- This site is optimized with the Yoast SEO plugin v27.4 - https:\/\/yoast.com\/product\/yoast-seo-wordpress\/ -->\n<title>Centre culturel et num\u00e9rique - Mairie de Neuilly-sur-Marne<\/title>\n<meta name=\"robots\" content=\"index, follow, max-snippet:-1, max-image-preview:large, max-video-preview:-1\" \/>\n<link rel=\"canonical\" href=\"https:\/\/www.neuillysurmarne.fr\/it\/centre-culturel-et-numerique\/\" \/>\n<meta property=\"og:locale\" content=\"it_IT\" \/>\n<meta property=\"og:type\" content=\"article\" \/>\n<meta property=\"og:title\" content=\"Centre culturel et num\u00e9rique - Mairie de Neuilly-sur-Marne\" \/>\n<meta property=\"og:description\" content=\"Centre culturel Salvador AllendeInscrivez-vous \u00e0 des ateliers techniques (dessin, peinture, art floral, poterie&#8230;), d&rsquo;expression (th\u00e9\u00e2tre, anglais, guitare&#8230;)ou de d\u00e9tente (scrabble, yoga&#8230;).Cliquez ici pour en savoir plusEspace L\u00e9o LagrangeInscrivez-vous \u00e0 des ateliers dessin-peinture et yoga !Cliquez ici pour en savoir plusMicro-FolieLieu de rayonnement de la culture en constante \u00e9volution, la Micro-Folie est devenue un lieu culturel [&hellip;]\" \/>\n<meta property=\"og:url\" content=\"https:\/\/www.neuillysurmarne.fr\/it\/centre-culturel-et-numerique\/\" \/>\n<meta property=\"og:site_name\" content=\"Mairie de Neuilly-sur-Marne\" \/>\n<meta property=\"article:publisher\" content=\"https:\/\/www.facebook.com\/ville.neuilly\" \/>\n<meta property=\"article:modified_time\" content=\"2024-06-28T09:02:17+00:00\" \/>\n<meta property=\"og:image\" content=\"https:\/\/www.neuillysurmarne.fr\/wp-content\/uploads\/2024\/06\/micro-folie-bd-2-scaled.jpg\" \/>\n\t<meta property=\"og:image:width\" content=\"2560\" \/>\n\t<meta property=\"og:image:height\" content=\"1707\" \/>\n\t<meta property=\"og:image:type\" content=\"image\/jpeg\" \/>\n<meta name=\"twitter:card\" content=\"summary_large_image\" \/>\n<script type=\"application\/ld+json\" class=\"yoast-schema-graph\">{\"@context\":\"https:\\\/\\\/schema.org\",\"@graph\":[{\"@type\":\"WebPage\",\"@id\":\"https:\\\/\\\/www.neuillysurmarne.fr\\\/centre-culturel-et-numerique\\\/\",\"url\":\"https:\\\/\\\/www.neuillysurmarne.fr\\\/centre-culturel-et-numerique\\\/\",\"name\":\"Centre culturel et num\u00e9rique - Mairie de Neuilly-sur-Marne\",\"isPartOf\":{\"@id\":\"https:\\\/\\\/www.neuillysurmarne.fr\\\/es\\\/#website\"},\"primaryImageOfPage\":{\"@id\":\"https:\\\/\\\/www.neuillysurmarne.fr\\\/centre-culturel-et-numerique\\\/#primaryimage\"},\"image\":{\"@id\":\"https:\\\/\\\/www.neuillysurmarne.fr\\\/centre-culturel-et-numerique\\\/#primaryimage\"},\"thumbnailUrl\":\"https:\\\/\\\/www.neuillysurmarne.fr\\\/wp-content\\\/uploads\\\/2024\\\/06\\\/micro-folie-bd-2-scaled.jpg\",\"datePublished\":\"2024-06-18T09:45:54+00:00\",\"dateModified\":\"2024-06-28T09:02:17+00:00\",\"breadcrumb\":{\"@id\":\"https:\\\/\\\/www.neuillysurmarne.fr\\\/centre-culturel-et-numerique\\\/#breadcrumb\"},\"inLanguage\":\"it-IT\",\"potentialAction\":[{\"@type\":\"ReadAction\",\"target\":[\"https:\\\/\\\/www.neuillysurmarne.fr\\\/centre-culturel-et-numerique\\\/\"]}]},{\"@type\":\"ImageObject\",\"inLanguage\":\"it-IT\",\"@id\":\"https:\\\/\\\/www.neuillysurmarne.fr\\\/centre-culturel-et-numerique\\\/#primaryimage\",\"url\":\"https:\\\/\\\/www.neuillysurmarne.fr\\\/wp-content\\\/uploads\\\/2024\\\/06\\\/micro-folie-bd-2-scaled.jpg\",\"contentUrl\":\"https:\\\/\\\/www.neuillysurmarne.fr\\\/wp-content\\\/uploads\\\/2024\\\/06\\\/micro-folie-bd-2-scaled.jpg\",\"width\":2560,\"height\":1707},{\"@type\":\"BreadcrumbList\",\"@id\":\"https:\\\/\\\/www.neuillysurmarne.fr\\\/centre-culturel-et-numerique\\\/#breadcrumb\",\"itemListElement\":[{\"@type\":\"ListItem\",\"position\":1,\"name\":\"Accueil\",\"item\":\"https:\\\/\\\/www.neuillysurmarne.fr\\\/\"},{\"@type\":\"ListItem\",\"position\":2,\"name\":\"Centre culturel et num\u00e9rique\"}]},{\"@type\":\"WebSite\",\"@id\":\"https:\\\/\\\/www.neuillysurmarne.fr\\\/es\\\/#website\",\"url\":\"https:\\\/\\\/www.neuillysurmarne.fr\\\/es\\\/\",\"name\":\"Mairie de Neuilly-sur-Marne\",\"description\":\"BETA\",\"publisher\":{\"@id\":\"https:\\\/\\\/www.neuillysurmarne.fr\\\/es\\\/#organization\"},\"potentialAction\":[{\"@type\":\"SearchAction\",\"target\":{\"@type\":\"EntryPoint\",\"urlTemplate\":\"https:\\\/\\\/www.neuillysurmarne.fr\\\/es\\\/?s={search_term_string}\"},\"query-input\":{\"@type\":\"PropertyValueSpecification\",\"valueRequired\":true,\"valueName\":\"search_term_string\"}}],\"inLanguage\":\"it-IT\"},{\"@type\":\"Organization\",\"@id\":\"https:\\\/\\\/www.neuillysurmarne.fr\\\/es\\\/#organization\",\"name\":\"Mairie de Neuilly-sur-Marne\",\"url\":\"https:\\\/\\\/www.neuillysurmarne.fr\\\/es\\\/\",\"logo\":{\"@type\":\"ImageObject\",\"inLanguage\":\"it-IT\",\"@id\":\"https:\\\/\\\/www.neuillysurmarne.fr\\\/es\\\/#\\\/schema\\\/logo\\\/image\\\/\",\"url\":\"https:\\\/\\\/www.neuillysurmarne.fr\\\/wp-content\\\/uploads\\\/2023\\\/10\\\/LOGO-NeuillysurMarne-blanc.png\",\"contentUrl\":\"https:\\\/\\\/www.neuillysurmarne.fr\\\/wp-content\\\/uploads\\\/2023\\\/10\\\/LOGO-NeuillysurMarne-blanc.png\",\"width\":3308,\"height\":2586,\"caption\":\"Mairie de Neuilly-sur-Marne\"},\"image\":{\"@id\":\"https:\\\/\\\/www.neuillysurmarne.fr\\\/es\\\/#\\\/schema\\\/logo\\\/image\\\/\"},\"sameAs\":[\"https:\\\/\\\/www.facebook.com\\\/ville.neuilly\",\"https:\\\/\\\/www.instagram.com\\\/neuilly_marne\\\/\",\"https:\\\/\\\/www.linkedin.com\\\/company\\\/ville-de-neuilly-sur-marne\\\/\",\"https:\\\/\\\/www.youtube.com\\\/channel\\\/UCDdZ0TLrV8rfIqjBGvoeB5A\",\"https:\\\/\\\/www.tiktok.com\\\/@villedeneuillysurmarne\"]}]}<\/script>\n<!-- \/ Yoast SEO plugin. -->","yoast_head_json":{"title":"Centre culturel et num\u00e9rique - Mairie de Neuilly-sur-Marne","robots":{"index":"index","follow":"follow","max-snippet":"max-snippet:-1","max-image-preview":"max-image-preview:large","max-video-preview":"max-video-preview:-1"},"canonical":"https:\/\/www.neuillysurmarne.fr\/it\/centre-culturel-et-numerique\/","og_locale":"it_IT","og_type":"article","og_title":"Centre culturel et num\u00e9rique - Mairie de Neuilly-sur-Marne","og_description":"Centre culturel Salvador AllendeInscrivez-vous \u00e0 des ateliers techniques (dessin, peinture, art floral, poterie&#8230;), d&rsquo;expression (th\u00e9\u00e2tre, anglais, guitare&#8230;)ou de d\u00e9tente (scrabble, yoga&#8230;).Cliquez ici pour en savoir plusEspace L\u00e9o LagrangeInscrivez-vous \u00e0 des ateliers dessin-peinture et yoga !Cliquez ici pour en savoir plusMicro-FolieLieu de rayonnement de la culture en constante \u00e9volution, la Micro-Folie est devenue un lieu culturel [&hellip;]","og_url":"https:\/\/www.neuillysurmarne.fr\/it\/centre-culturel-et-numerique\/","og_site_name":"Mairie de Neuilly-sur-Marne","article_publisher":"https:\/\/www.facebook.com\/ville.neuilly","article_modified_time":"2024-06-28T09:02:17+00:00","og_image":[{"width":2560,"height":1707,"url":"https:\/\/www.neuillysurmarne.fr\/wp-content\/uploads\/2024\/06\/micro-folie-bd-2-scaled.jpg","type":"image\/jpeg"}],"twitter_card":"summary_large_image","schema":{"@context":"https:\/\/schema.org","@graph":[{"@type":"WebPage","@id":"https:\/\/www.neuillysurmarne.fr\/centre-culturel-et-numerique\/","url":"https:\/\/www.neuillysurmarne.fr\/centre-culturel-et-numerique\/","name":"Centre culturel et num\u00e9rique - Mairie de Neuilly-sur-Marne","isPartOf":{"@id":"https:\/\/www.neuillysurmarne.fr\/es\/#website"},"primaryImageOfPage":{"@id":"https:\/\/www.neuillysurmarne.fr\/centre-culturel-et-numerique\/#primaryimage"},"image":{"@id":"https:\/\/www.neuillysurmarne.fr\/centre-culturel-et-numerique\/#primaryimage"},"thumbnailUrl":"https:\/\/www.neuillysurmarne.fr\/wp-content\/uploads\/2024\/06\/micro-folie-bd-2-scaled.jpg","datePublished":"2024-06-18T09:45:54+00:00","dateModified":"2024-06-28T09:02:17+00:00","breadcrumb":{"@id":"https:\/\/www.neuillysurmarne.fr\/centre-culturel-et-numerique\/#breadcrumb"},"inLanguage":"it-IT","potentialAction":[{"@type":"ReadAction","target":["https:\/\/www.neuillysurmarne.fr\/centre-culturel-et-numerique\/"]}]},{"@type":"ImageObject","inLanguage":"it-IT","@id":"https:\/\/www.neuillysurmarne.fr\/centre-culturel-et-numerique\/#primaryimage","url":"https:\/\/www.neuillysurmarne.fr\/wp-content\/uploads\/2024\/06\/micro-folie-bd-2-scaled.jpg","contentUrl":"https:\/\/www.neuillysurmarne.fr\/wp-content\/uploads\/2024\/06\/micro-folie-bd-2-scaled.jpg","width":2560,"height":1707},{"@type":"BreadcrumbList","@id":"https:\/\/www.neuillysurmarne.fr\/centre-culturel-et-numerique\/#breadcrumb","itemListElement":[{"@type":"ListItem","position":1,"name":"Accueil","item":"https:\/\/www.neuillysurmarne.fr\/"},{"@type":"ListItem","position":2,"name":"Centre culturel et num\u00e9rique"}]},{"@type":"WebSite","@id":"https:\/\/www.neuillysurmarne.fr\/es\/#website","url":"https:\/\/www.neuillysurmarne.fr\/es\/","name":"Municipio di Neuilly-sur-Marne","description":"BETA","publisher":{"@id":"https:\/\/www.neuillysurmarne.fr\/es\/#organization"},"potentialAction":[{"@type":"SearchAction","target":{"@type":"EntryPoint","urlTemplate":"https:\/\/www.neuillysurmarne.fr\/es\/?s={search_term_string}"},"query-input":{"@type":"PropertyValueSpecification","valueRequired":true,"valueName":"search_term_string"}}],"inLanguage":"it-IT"},{"@type":"Organization","@id":"https:\/\/www.neuillysurmarne.fr\/es\/#organization","name":"Municipio di Neuilly-sur-Marne","url":"https:\/\/www.neuillysurmarne.fr\/es\/","logo":{"@type":"ImageObject","inLanguage":"it-IT","@id":"https:\/\/www.neuillysurmarne.fr\/es\/#\/schema\/logo\/image\/","url":"https:\/\/www.neuillysurmarne.fr\/wp-content\/uploads\/2023\/10\/LOGO-NeuillysurMarne-blanc.png","contentUrl":"https:\/\/www.neuillysurmarne.fr\/wp-content\/uploads\/2023\/10\/LOGO-NeuillysurMarne-blanc.png","width":3308,"height":2586,"caption":"Mairie de Neuilly-sur-Marne"},"image":{"@id":"https:\/\/www.neuillysurmarne.fr\/es\/#\/schema\/logo\/image\/"},"sameAs":["https:\/\/www.facebook.com\/ville.neuilly","https:\/\/www.instagram.com\/neuilly_marne\/","https:\/\/www.linkedin.com\/company\/ville-de-neuilly-sur-marne\/","https:\/\/www.youtube.com\/channel\/UCDdZ0TLrV8rfIqjBGvoeB5A","https:\/\/www.tiktok.com\/@villedeneuillysurmarne"]}]}},"_links":{"self":[{"href":"https:\/\/www.neuillysurmarne.fr\/it\/wp-json\/wp\/v2\/pages\/9444","targetHints":{"allow":["GET"]}}],"collection":[{"href":"https:\/\/www.neuillysurmarne.fr\/it\/wp-json\/wp\/v2\/pages"}],"about":[{"href":"https:\/\/www.neuillysurmarne.fr\/it\/wp-json\/wp\/v2\/types\/page"}],"author":[{"embeddable":true,"href":"https:\/\/www.neuillysurmarne.fr\/it\/wp-json\/wp\/v2\/users\/2"}],"replies":[{"embeddable":true,"href":"https:\/\/www.neuillysurmarne.fr\/it\/wp-json\/wp\/v2\/comments?post=9444"}],"version-history":[{"count":28,"href":"https:\/\/www.neuillysurmarne.fr\/it\/wp-json\/wp\/v2\/pages\/9444\/revisions"}],"predecessor-version":[{"id":11026,"href":"https:\/\/www.neuillysurmarne.fr\/it\/wp-json\/wp\/v2\/pages\/9444\/revisions\/11026"}],"wp:featuredmedia":[{"embeddable":true,"href":"https:\/\/www.neuillysurmarne.fr\/it\/wp-json\/wp\/v2\/media\/9446"}],"wp:attachment":[{"href":"https:\/\/www.neuillysurmarne.fr\/it\/wp-json\/wp\/v2\/media?parent=9444"}],"curies":[{"name":"wp","href":"https:\/\/api.w.org\/{rel}","templated":true}]}}