{"id":17768,"date":"2026-03-31T18:08:36","date_gmt":"2026-03-31T16:08:36","guid":{"rendered":"https:\/\/www.neuillysurmarne.fr\/?post_type=evenements&#038;p=17768"},"modified":"2026-03-31T18:08:36","modified_gmt":"2026-03-31T16:08:36","slug":"fete-des-meres-et-des-peres-sur-le-marche-de-la-patinoire","status":"publish","type":"evenements","link":"https:\/\/www.neuillysurmarne.fr\/nl\/evenements\/fete-des-meres-et-des-peres-sur-le-marche-de-la-patinoire\/","title":{"rendered":"F\u00eate des m\u00e8res et des p\u00e8res sur le march\u00e9 de la Patinoire"},"content":{"rendered":"<h3><strong>Markt<\/strong><br \/>\n<strong>ANIMATIONS F\u00caTES DES M\u00c8RES ET DES P\u00c8RES<\/strong><\/h3>\n<p><b>Samedi 30 mai de 10h \u00e0 12h30<br \/>\nGrote markt van Patinoire<\/b><\/p>\n<p><em>Algemeen publiek<br \/>\nEntr\u00e9e libre et gratuite<\/em><\/p>\n<h3><strong>Atelier cr\u00e9ation de cadeaux<\/strong><\/h3>\n<p><a href=\"https:\/\/www.neuillysurmarne.fr\/wp-content\/uploads\/2026\/03\/AFFICHE-FETE-DES-PERES-ET-MERES-scaled.png\"><img fetchpriority=\"high\" decoding=\"async\" class=\"aligncenter wp-image-17767 size-large\" src=\"https:\/\/www.neuillysurmarne.fr\/wp-content\/uploads\/2026\/03\/AFFICHE-FETE-DES-PERES-ET-MERES-724x1024.png\" sizes=\"(max-width: 724px) 100vw, 724px\" srcset=\"https:\/\/www.neuillysurmarne.fr\/wp-content\/uploads\/2026\/03\/AFFICHE-FETE-DES-PERES-ET-MERES-724x1024.png 724w, https:\/\/www.neuillysurmarne.fr\/wp-content\/uploads\/2026\/03\/AFFICHE-FETE-DES-PERES-ET-MERES-212x300.png 212w, https:\/\/www.neuillysurmarne.fr\/wp-content\/uploads\/2026\/03\/AFFICHE-FETE-DES-PERES-ET-MERES-768x1086.png 768w, https:\/\/www.neuillysurmarne.fr\/wp-content\/uploads\/2026\/03\/AFFICHE-FETE-DES-PERES-ET-MERES-1086x1536.png 1086w, https:\/\/www.neuillysurmarne.fr\/wp-content\/uploads\/2026\/03\/AFFICHE-FETE-DES-PERES-ET-MERES-1448x2048.png 1448w, https:\/\/www.neuillysurmarne.fr\/wp-content\/uploads\/2026\/03\/AFFICHE-FETE-DES-PERES-ET-MERES-8x12.png 8w, https:\/\/www.neuillysurmarne.fr\/wp-content\/uploads\/2026\/03\/AFFICHE-FETE-DES-PERES-ET-MERES-scaled.png 1811w\" alt=\"\" width=\"724\" height=\"1024\" \/><\/a><\/p>","protected":false},"featured_media":15067,"template":"","categorie-evenement":[247,236],"class_list":["post-17768","evenements","type-evenements","status-publish","has-post-thumbnail","hentry","categorie-evenement-a-la-une","categorie-evenement-marche"],"acf":[],"yoast_head":"<!-- This site is optimized with the Yoast SEO plugin v27.4 - https:\/\/yoast.com\/product\/yoast-seo-wordpress\/ -->\n<title>F\u00eate des m\u00e8res et des p\u00e8res sur le march\u00e9 de la Patinoire - Mairie de Neuilly-sur-Marne<\/title>\n<meta name=\"robots\" content=\"index, follow, max-snippet:-1, max-image-preview:large, max-video-preview:-1\" \/>\n<link rel=\"canonical\" href=\"https:\/\/www.neuillysurmarne.fr\/nl\/evenements\/fete-des-meres-et-des-peres-sur-le-marche-de-la-patinoire\/\" \/>\n<meta property=\"og:locale\" content=\"nl_NL\" \/>\n<meta property=\"og:type\" content=\"article\" \/>\n<meta property=\"og:title\" content=\"F\u00eate des m\u00e8res et des p\u00e8res sur le march\u00e9 de la Patinoire - Mairie de Neuilly-sur-Marne\" \/>\n<meta property=\"og:description\" content=\"March\u00e9 ANIMATIONS F\u00caTES DES M\u00c8RES ET DES P\u00c8RES Samedi 30 mai de 10h \u00e0 12h30 Grand march\u00e9 de la Patinoire Tout public Entr\u00e9e libre et gratuite Atelier cr\u00e9ation de cadeaux\" \/>\n<meta property=\"og:url\" content=\"https:\/\/www.neuillysurmarne.fr\/nl\/evenements\/fete-des-meres-et-des-peres-sur-le-marche-de-la-patinoire\/\" \/>\n<meta property=\"og:site_name\" content=\"Mairie de Neuilly-sur-Marne\" \/>\n<meta property=\"article:publisher\" content=\"https:\/\/www.facebook.com\/ville.neuilly\" \/>\n<meta property=\"og:image\" content=\"https:\/\/www.neuillysurmarne.fr\/wp-content\/uploads\/2025\/05\/Animations-fete-des-meres-05.2022-22-scaled.jpg\" \/>\n\t<meta property=\"og:image:width\" content=\"2560\" \/>\n\t<meta property=\"og:image:height\" content=\"1707\" \/>\n\t<meta property=\"og:image:type\" content=\"image\/jpeg\" \/>\n<meta name=\"twitter:card\" content=\"summary_large_image\" \/>\n<meta name=\"twitter:label1\" content=\"Geschatte leestijd\" \/>\n\t<meta name=\"twitter:data1\" content=\"1 minuut\" \/>\n<script type=\"application\/ld+json\" class=\"yoast-schema-graph\">{\"@context\":\"https:\\\/\\\/schema.org\",\"@graph\":[{\"@type\":\"WebPage\",\"@id\":\"https:\\\/\\\/www.neuillysurmarne.fr\\\/evenements\\\/fete-des-meres-et-des-peres-sur-le-marche-de-la-patinoire\\\/\",\"url\":\"https:\\\/\\\/www.neuillysurmarne.fr\\\/evenements\\\/fete-des-meres-et-des-peres-sur-le-marche-de-la-patinoire\\\/\",\"name\":\"F\u00eate des m\u00e8res et des p\u00e8res sur le march\u00e9 de la Patinoire - Mairie de Neuilly-sur-Marne\",\"isPartOf\":{\"@id\":\"https:\\\/\\\/www.neuillysurmarne.fr\\\/es\\\/#website\"},\"primaryImageOfPage\":{\"@id\":\"https:\\\/\\\/www.neuillysurmarne.fr\\\/evenements\\\/fete-des-meres-et-des-peres-sur-le-marche-de-la-patinoire\\\/#primaryimage\"},\"image\":{\"@id\":\"https:\\\/\\\/www.neuillysurmarne.fr\\\/evenements\\\/fete-des-meres-et-des-peres-sur-le-marche-de-la-patinoire\\\/#primaryimage\"},\"thumbnailUrl\":\"https:\\\/\\\/www.neuillysurmarne.fr\\\/wp-content\\\/uploads\\\/2025\\\/05\\\/Animations-fete-des-meres-05.2022-22-scaled.jpg\",\"datePublished\":\"2026-03-31T16:08:36+00:00\",\"breadcrumb\":{\"@id\":\"https:\\\/\\\/www.neuillysurmarne.fr\\\/evenements\\\/fete-des-meres-et-des-peres-sur-le-marche-de-la-patinoire\\\/#breadcrumb\"},\"inLanguage\":\"nl-NL\",\"potentialAction\":[{\"@type\":\"ReadAction\",\"target\":[\"https:\\\/\\\/www.neuillysurmarne.fr\\\/evenements\\\/fete-des-meres-et-des-peres-sur-le-marche-de-la-patinoire\\\/\"]}]},{\"@type\":\"ImageObject\",\"inLanguage\":\"nl-NL\",\"@id\":\"https:\\\/\\\/www.neuillysurmarne.fr\\\/evenements\\\/fete-des-meres-et-des-peres-sur-le-marche-de-la-patinoire\\\/#primaryimage\",\"url\":\"https:\\\/\\\/www.neuillysurmarne.fr\\\/wp-content\\\/uploads\\\/2025\\\/05\\\/Animations-fete-des-meres-05.2022-22-scaled.jpg\",\"contentUrl\":\"https:\\\/\\\/www.neuillysurmarne.fr\\\/wp-content\\\/uploads\\\/2025\\\/05\\\/Animations-fete-des-meres-05.2022-22-scaled.jpg\",\"width\":2560,\"height\":1707},{\"@type\":\"BreadcrumbList\",\"@id\":\"https:\\\/\\\/www.neuillysurmarne.fr\\\/evenements\\\/fete-des-meres-et-des-peres-sur-le-marche-de-la-patinoire\\\/#breadcrumb\",\"itemListElement\":[{\"@type\":\"ListItem\",\"position\":1,\"name\":\"Accueil\",\"item\":\"https:\\\/\\\/www.neuillysurmarne.fr\\\/\"},{\"@type\":\"ListItem\",\"position\":2,\"name\":\"F\u00eate des m\u00e8res et des p\u00e8res sur le march\u00e9 de la Patinoire\"}]},{\"@type\":\"WebSite\",\"@id\":\"https:\\\/\\\/www.neuillysurmarne.fr\\\/es\\\/#website\",\"url\":\"https:\\\/\\\/www.neuillysurmarne.fr\\\/es\\\/\",\"name\":\"Mairie de Neuilly-sur-Marne\",\"description\":\"BETA\",\"publisher\":{\"@id\":\"https:\\\/\\\/www.neuillysurmarne.fr\\\/es\\\/#organization\"},\"potentialAction\":[{\"@type\":\"SearchAction\",\"target\":{\"@type\":\"EntryPoint\",\"urlTemplate\":\"https:\\\/\\\/www.neuillysurmarne.fr\\\/es\\\/?s={search_term_string}\"},\"query-input\":{\"@type\":\"PropertyValueSpecification\",\"valueRequired\":true,\"valueName\":\"search_term_string\"}}],\"inLanguage\":\"nl-NL\"},{\"@type\":\"Organization\",\"@id\":\"https:\\\/\\\/www.neuillysurmarne.fr\\\/es\\\/#organization\",\"name\":\"Mairie de Neuilly-sur-Marne\",\"url\":\"https:\\\/\\\/www.neuillysurmarne.fr\\\/es\\\/\",\"logo\":{\"@type\":\"ImageObject\",\"inLanguage\":\"nl-NL\",\"@id\":\"https:\\\/\\\/www.neuillysurmarne.fr\\\/es\\\/#\\\/schema\\\/logo\\\/image\\\/\",\"url\":\"https:\\\/\\\/www.neuillysurmarne.fr\\\/wp-content\\\/uploads\\\/2023\\\/10\\\/LOGO-NeuillysurMarne-blanc.png\",\"contentUrl\":\"https:\\\/\\\/www.neuillysurmarne.fr\\\/wp-content\\\/uploads\\\/2023\\\/10\\\/LOGO-NeuillysurMarne-blanc.png\",\"width\":3308,\"height\":2586,\"caption\":\"Mairie de Neuilly-sur-Marne\"},\"image\":{\"@id\":\"https:\\\/\\\/www.neuillysurmarne.fr\\\/es\\\/#\\\/schema\\\/logo\\\/image\\\/\"},\"sameAs\":[\"https:\\\/\\\/www.facebook.com\\\/ville.neuilly\",\"https:\\\/\\\/www.instagram.com\\\/neuilly_marne\\\/\",\"https:\\\/\\\/www.linkedin.com\\\/company\\\/ville-de-neuilly-sur-marne\\\/\",\"https:\\\/\\\/www.youtube.com\\\/channel\\\/UCDdZ0TLrV8rfIqjBGvoeB5A\",\"https:\\\/\\\/www.tiktok.com\\\/@villedeneuillysurmarne\"]}]}<\/script>\n<!-- \/ Yoast SEO plugin. -->","yoast_head_json":{"title":"F\u00eate des m\u00e8res et des p\u00e8res sur le march\u00e9 de la Patinoire - Mairie de Neuilly-sur-Marne","robots":{"index":"index","follow":"follow","max-snippet":"max-snippet:-1","max-image-preview":"max-image-preview:large","max-video-preview":"max-video-preview:-1"},"canonical":"https:\/\/www.neuillysurmarne.fr\/nl\/evenements\/fete-des-meres-et-des-peres-sur-le-marche-de-la-patinoire\/","og_locale":"nl_NL","og_type":"article","og_title":"F\u00eate des m\u00e8res et des p\u00e8res sur le march\u00e9 de la Patinoire - Mairie de Neuilly-sur-Marne","og_description":"March\u00e9 ANIMATIONS F\u00caTES DES M\u00c8RES ET DES P\u00c8RES Samedi 30 mai de 10h \u00e0 12h30 Grand march\u00e9 de la Patinoire Tout public Entr\u00e9e libre et gratuite Atelier cr\u00e9ation de cadeaux","og_url":"https:\/\/www.neuillysurmarne.fr\/nl\/evenements\/fete-des-meres-et-des-peres-sur-le-marche-de-la-patinoire\/","og_site_name":"Mairie de Neuilly-sur-Marne","article_publisher":"https:\/\/www.facebook.com\/ville.neuilly","og_image":[{"width":2560,"height":1707,"url":"https:\/\/www.neuillysurmarne.fr\/wp-content\/uploads\/2025\/05\/Animations-fete-des-meres-05.2022-22-scaled.jpg","type":"image\/jpeg"}],"twitter_card":"summary_large_image","twitter_misc":{"Geschatte leestijd":"1 minuut"},"schema":{"@context":"https:\/\/schema.org","@graph":[{"@type":"WebPage","@id":"https:\/\/www.neuillysurmarne.fr\/evenements\/fete-des-meres-et-des-peres-sur-le-marche-de-la-patinoire\/","url":"https:\/\/www.neuillysurmarne.fr\/evenements\/fete-des-meres-et-des-peres-sur-le-marche-de-la-patinoire\/","name":"F\u00eate des m\u00e8res et des p\u00e8res sur le march\u00e9 de la Patinoire - Mairie de Neuilly-sur-Marne","isPartOf":{"@id":"https:\/\/www.neuillysurmarne.fr\/es\/#website"},"primaryImageOfPage":{"@id":"https:\/\/www.neuillysurmarne.fr\/evenements\/fete-des-meres-et-des-peres-sur-le-marche-de-la-patinoire\/#primaryimage"},"image":{"@id":"https:\/\/www.neuillysurmarne.fr\/evenements\/fete-des-meres-et-des-peres-sur-le-marche-de-la-patinoire\/#primaryimage"},"thumbnailUrl":"https:\/\/www.neuillysurmarne.fr\/wp-content\/uploads\/2025\/05\/Animations-fete-des-meres-05.2022-22-scaled.jpg","datePublished":"2026-03-31T16:08:36+00:00","breadcrumb":{"@id":"https:\/\/www.neuillysurmarne.fr\/evenements\/fete-des-meres-et-des-peres-sur-le-marche-de-la-patinoire\/#breadcrumb"},"inLanguage":"nl-NL","potentialAction":[{"@type":"ReadAction","target":["https:\/\/www.neuillysurmarne.fr\/evenements\/fete-des-meres-et-des-peres-sur-le-marche-de-la-patinoire\/"]}]},{"@type":"ImageObject","inLanguage":"nl-NL","@id":"https:\/\/www.neuillysurmarne.fr\/evenements\/fete-des-meres-et-des-peres-sur-le-marche-de-la-patinoire\/#primaryimage","url":"https:\/\/www.neuillysurmarne.fr\/wp-content\/uploads\/2025\/05\/Animations-fete-des-meres-05.2022-22-scaled.jpg","contentUrl":"https:\/\/www.neuillysurmarne.fr\/wp-content\/uploads\/2025\/05\/Animations-fete-des-meres-05.2022-22-scaled.jpg","width":2560,"height":1707},{"@type":"BreadcrumbList","@id":"https:\/\/www.neuillysurmarne.fr\/evenements\/fete-des-meres-et-des-peres-sur-le-marche-de-la-patinoire\/#breadcrumb","itemListElement":[{"@type":"ListItem","position":1,"name":"Accueil","item":"https:\/\/www.neuillysurmarne.fr\/"},{"@type":"ListItem","position":2,"name":"F\u00eate des m\u00e8res et des p\u00e8res sur le march\u00e9 de la Patinoire"}]},{"@type":"WebSite","@id":"https:\/\/www.neuillysurmarne.fr\/es\/#website","url":"https:\/\/www.neuillysurmarne.fr\/es\/","name":"Stadhuis van Neuilly-sur-Marne","description":"BETA","publisher":{"@id":"https:\/\/www.neuillysurmarne.fr\/es\/#organization"},"potentialAction":[{"@type":"SearchAction","target":{"@type":"EntryPoint","urlTemplate":"https:\/\/www.neuillysurmarne.fr\/es\/?s={search_term_string}"},"query-input":{"@type":"PropertyValueSpecification","valueRequired":true,"valueName":"search_term_string"}}],"inLanguage":"nl-NL"},{"@type":"Organization","@id":"https:\/\/www.neuillysurmarne.fr\/es\/#organization","name":"Stadhuis van Neuilly-sur-Marne","url":"https:\/\/www.neuillysurmarne.fr\/es\/","logo":{"@type":"ImageObject","inLanguage":"nl-NL","@id":"https:\/\/www.neuillysurmarne.fr\/es\/#\/schema\/logo\/image\/","url":"https:\/\/www.neuillysurmarne.fr\/wp-content\/uploads\/2023\/10\/LOGO-NeuillysurMarne-blanc.png","contentUrl":"https:\/\/www.neuillysurmarne.fr\/wp-content\/uploads\/2023\/10\/LOGO-NeuillysurMarne-blanc.png","width":3308,"height":2586,"caption":"Mairie de Neuilly-sur-Marne"},"image":{"@id":"https:\/\/www.neuillysurmarne.fr\/es\/#\/schema\/logo\/image\/"},"sameAs":["https:\/\/www.facebook.com\/ville.neuilly","https:\/\/www.instagram.com\/neuilly_marne\/","https:\/\/www.linkedin.com\/company\/ville-de-neuilly-sur-marne\/","https:\/\/www.youtube.com\/channel\/UCDdZ0TLrV8rfIqjBGvoeB5A","https:\/\/www.tiktok.com\/@villedeneuillysurmarne"]}]}},"_links":{"self":[{"href":"https:\/\/www.neuillysurmarne.fr\/nl\/wp-json\/wp\/v2\/evenements\/17768","targetHints":{"allow":["GET"]}}],"collection":[{"href":"https:\/\/www.neuillysurmarne.fr\/nl\/wp-json\/wp\/v2\/evenements"}],"about":[{"href":"https:\/\/www.neuillysurmarne.fr\/nl\/wp-json\/wp\/v2\/types\/evenements"}],"wp:featuredmedia":[{"embeddable":true,"href":"https:\/\/www.neuillysurmarne.fr\/nl\/wp-json\/wp\/v2\/media\/15067"}],"wp:attachment":[{"href":"https:\/\/www.neuillysurmarne.fr\/nl\/wp-json\/wp\/v2\/media?parent=17768"}],"wp:term":[{"taxonomy":"categorie-evenement","embeddable":true,"href":"https:\/\/www.neuillysurmarne.fr\/nl\/wp-json\/wp\/v2\/categorie-evenement?post=17768"}],"curies":[{"name":"wp","href":"https:\/\/api.w.org\/{rel}","templated":true}]}}