{"id":531,"date":"2023-11-13T12:07:00","date_gmt":"2023-11-13T11:07:00","guid":{"rendered":"https:\/\/www.neuillysurmarne.fr\/?page_id=531"},"modified":"2025-05-12T15:44:32","modified_gmt":"2025-05-12T13:44:32","slug":"accompagnement-parentalite","status":"publish","type":"page","link":"https:\/\/www.neuillysurmarne.fr\/nl\/accompagnement-parentalite\/","title":{"rendered":"Ondersteuning - Ouderschap"},"content":{"rendered":"<div data-elementor-type=\"wp-page\" data-elementor-id=\"531\" class=\"elementor elementor-531\" data-elementor-post-type=\"page\">\n\t\t\t\t<div class=\"elementor-element elementor-element-185dfe12 e-flex e-con-boxed e-con e-parent\" data-id=\"185dfe12\" data-element_type=\"container\" data-e-type=\"container\">\n\t\t\t\t\t<div class=\"e-con-inner\">\n\t\t\t\t<div class=\"elementor-element elementor-element-0744cae elementor-widget elementor-widget-text-editor\" data-id=\"0744cae\" data-element_type=\"widget\" data-e-type=\"widget\" data-widget_type=\"text-editor.default\">\n\t\t\t\t<div class=\"elementor-widget-container\">\n\t\t\t\t\t\t\t\t\t<p>Met nog maar een paar weken te gaan voor de komst van je kind, zijn er een paar dingen die je moet doen om ervoor te zorgen dat je kind in de best mogelijke omstandigheden wordt verwelkomd.<\/p>\t\t\t\t\t\t\t\t<\/div>\n\t\t\t\t<\/div>\n\t\t\t\t<div class=\"elementor-element elementor-element-f3283cd elementor-widget elementor-widget-n-accordion\" data-id=\"f3283cd\" data-element_type=\"widget\" data-e-type=\"widget\" data-settings=\"{&quot;default_state&quot;:&quot;all_collapsed&quot;,&quot;max_items_expended&quot;:&quot;one&quot;,&quot;n_accordion_animation_duration&quot;:{&quot;unit&quot;:&quot;ms&quot;,&quot;size&quot;:400,&quot;sizes&quot;:[]}}\" data-widget_type=\"nested-accordion.default\">\n\t\t\t\t<div class=\"elementor-widget-container\">\n\t\t\t\t\t\t\t<div class=\"e-n-accordion\" aria-label=\"Accordeon. Links openen met Enter of Spatie, sluiten met Escape en navigeren met Pijltjestoetsen\">\n\t\t\t\t\t\t<details id=\"e-n-accordion-item-2540\" class=\"e-n-accordion-item\" >\n\t\t\t\t<summary class=\"e-n-accordion-item-title\" data-accordion-index=\"1\" tabindex=\"0\" aria-expanded=\"false\" aria-controls=\"e-n-accordion-item-2540\" >\n\t\t\t\t\t<span class='e-n-accordion-item-title-header'><div class=\"e-n-accordion-item-title-text\"> Vroege herkenning <\/div><\/span>\n\t\t\t\t\t\t\t<span class='e-n-accordion-item-title-icon'>\n\t\t\t<span class='e-opened' ><svg aria-hidden=\"true\" class=\"e-font-icon-svg e-fas-minus\" viewbox=\"0 0 448 512\" xmlns=\"http:\/\/www.w3.org\/2000\/svg\"><path d=\"M416 208H32c-17.67 0-32 14.33-32 32v32c0 17.67 14.33 32 32 32h384c17.67 0 32-14.33 32-32v-32c0-17.67-14.33-32-32-32z\"><\/path><\/svg><\/span>\n\t\t\t<span class='e-closed'><svg aria-hidden=\"true\" class=\"e-font-icon-svg e-fas-plus\" viewbox=\"0 0 448 512\" xmlns=\"http:\/\/www.w3.org\/2000\/svg\"><path d=\"M416 208H272V64c0-17.67-14.33-32-32-32h-32c-17.67 0-32 14.33-32 32v144H32c-17.67 0-32 14.33-32 32v32c0 17.67 14.33 32 32 32h144v144c0 17.67 14.33 32 32 32h32c17.67 0 32-14.33 32-32V304h144c17.67 0 32-14.33 32-32v-32c0-17.67-14.33-32-32-32z\"><\/path><\/svg><\/span>\n\t\t<\/span>\n\n\t\t\t\t\t\t<\/summary>\n\t\t\t\t<div role=\"region\" aria-labelledby=\"e-n-accordion-item-2540\" class=\"elementor-element elementor-element-c9d1071 e-con-full e-flex e-con e-child\" data-id=\"c9d1071\" data-element_type=\"container\" data-e-type=\"container\">\n\t\t\t\t<div class=\"elementor-element elementor-element-b7359bb elementor-widget elementor-widget-text-editor\" data-id=\"b7359bb\" data-element_type=\"widget\" data-e-type=\"widget\" data-widget_type=\"text-editor.default\">\n\t\t\t\t<div class=\"elementor-widget-container\">\n\t\t\t\t\t\t\t\t\t<p>Als je een gemeenschappelijke relatie hebt en een kind verwacht, kun je met een vroegtijdige erkenning - een rechtshandeling - de relatie tussen de ouders officieel en onherroepelijk vastleggen.\u00a0<strong>verwantschap met het kind<\/strong>. Dit is niet automatisch wanneer de ouders niet getrouwd zijn, in het bijzonder in het geval van de toekomstige vader. Het maakt ook automatische wettelijke uitoefening van\u00a0<strong>ouderlijk gezag<\/strong>\u00a0van deze laatste. Anders heeft de moeder het alleenrecht totdat het kind is erkend.<\/p><h3><strong>Wanneer moet het kind worden erkend?<\/strong><\/h3><p><strong>Voor of na<\/strong>\u00a0Het vereenvoudigt toekomstige formaliteiten en maakt het mogelijk om ouderlijk gezag uit te oefenen vanaf de geboorte.<br \/>Let op:\u00a0<strong>erkenning is declaratoir en verplicht je<\/strong>. Als u een valse verklaring aflegt, kunt u strafrechtelijk worden vervolgd.<\/p><h3><strong>Welke stappen moet ik nemen?<\/strong><\/h3><p>Verzamel de <strong>ondersteunende documenten<\/strong> te bieden en te voldoen aan de<strong>Stadhuis<\/strong>Je hoeft geen afspraak te maken om deze documenten in te dienen bij de afdeling Burgerlijke Stand. Als je dossier volledig is, wordt de erkenningsverklaring geregistreerd en krijg je onmiddellijk een volledig afschrift van de erkenningsakte.<\/p>\t\t\t\t\t\t\t\t<\/div>\n\t\t\t\t<\/div>\n\t\t\t\t<\/div>\n\t\t\t\t\t<\/details>\n\t\t\t\t\t\t<details id=\"e-n-accordion-item-2541\" class=\"e-n-accordion-item\" >\n\t\t\t\t<summary class=\"e-n-accordion-item-title\" data-accordion-index=\"2\" tabindex=\"-1\" aria-expanded=\"false\" aria-controls=\"e-n-accordion-item-2541\" >\n\t\t\t\t\t<span class='e-n-accordion-item-title-header'><div class=\"e-n-accordion-item-title-text\"> Aangifte van geboorte <\/div><\/span>\n\t\t\t\t\t\t\t<span class='e-n-accordion-item-title-icon'>\n\t\t\t<span class='e-opened' ><svg aria-hidden=\"true\" class=\"e-font-icon-svg e-fas-minus\" viewbox=\"0 0 448 512\" xmlns=\"http:\/\/www.w3.org\/2000\/svg\"><path d=\"M416 208H32c-17.67 0-32 14.33-32 32v32c0 17.67 14.33 32 32 32h384c17.67 0 32-14.33 32-32v-32c0-17.67-14.33-32-32-32z\"><\/path><\/svg><\/span>\n\t\t\t<span class='e-closed'><svg aria-hidden=\"true\" class=\"e-font-icon-svg e-fas-plus\" viewbox=\"0 0 448 512\" xmlns=\"http:\/\/www.w3.org\/2000\/svg\"><path d=\"M416 208H272V64c0-17.67-14.33-32-32-32h-32c-17.67 0-32 14.33-32 32v144H32c-17.67 0-32 14.33-32 32v32c0 17.67 14.33 32 32 32h144v144c0 17.67 14.33 32 32 32h32c17.67 0 32-14.33 32-32V304h144c17.67 0 32-14.33 32-32v-32c0-17.67-14.33-32-32-32z\"><\/path><\/svg><\/span>\n\t\t<\/span>\n\n\t\t\t\t\t\t<\/summary>\n\t\t\t\t<div role=\"region\" aria-labelledby=\"e-n-accordion-item-2541\" class=\"elementor-element elementor-element-7c26320 e-con-full e-flex e-con e-child\" data-id=\"7c26320\" data-element_type=\"container\" data-e-type=\"container\">\n\t\t\t\t<div class=\"elementor-element elementor-element-6cec55e elementor-widget elementor-widget-text-editor\" data-id=\"6cec55e\" data-element_type=\"widget\" data-e-type=\"widget\" data-widget_type=\"text-editor.default\">\n\t\t\t\t<div class=\"elementor-widget-container\">\n\t\t\t\t\t\t\t\t\t<p>De geboorteaangifte is\u00a0<strong>verplicht<\/strong>\u00a0voor alle kinderen. Het moet binnen 3 dagen na de geboorte worden uitgevoerd door de vader of een andere persoon die bij de geboorte aanwezig was. Het maakt het mogelijk om\u00a0<strong>het wettelijke bestaan van een kind<\/strong>om zijn identiteit en afstamming vast te stellen.<\/p><h3><strong>Wie moet de geboorte van een kind aangeven?<\/strong><\/h3><p>Meestal de vader, maar indien nodig een arts, verloskundige of andere zorgverlener.\u00a0<strong>elke persoon die bij de geboorte aanwezig was<\/strong>.<\/p><h3><strong>Wanneer moet ik de geboorte van een kind aangeven?<\/strong><\/h3><p><strong>De aangifte moet binnen 3 werkdagen na de geboorte worden ingediend.<\/strong>exclusief de geboortedag. Als het kind op een woensdag, donderdag of vrijdag wordt geboren, wordt de deadline verlengd tot de volgende maandag.<\/p><p><strong>Attentie<\/strong> Een geboorte die niet binnen deze termijn is aangegeven, kan alleen in de registers worden ingeschreven op vertoon van een vonnis van de rechtbank van eerste aanleg waar het kind is geboren.<\/p><h3><strong>Waar moet ik de geboorte van een kind melden?<\/strong><\/h3><p>Op de\u00a0<strong>stadhuis<\/strong>\u00a0van de geboorteplaats. Sommige kraamafdelingen bieden deze service echter zelf aan.<\/p>\t\t\t\t\t\t\t\t<\/div>\n\t\t\t\t<\/div>\n\t\t\t\t<\/div>\n\t\t\t\t\t<\/details>\n\t\t\t\t\t\t<details id=\"e-n-accordion-item-2542\" class=\"e-n-accordion-item\" >\n\t\t\t\t<summary class=\"e-n-accordion-item-title\" data-accordion-index=\"3\" tabindex=\"-1\" aria-expanded=\"false\" aria-controls=\"e-n-accordion-item-2542\" >\n\t\t\t\t\t<span class='e-n-accordion-item-title-header'><div class=\"e-n-accordion-item-title-text\"> Les 1 000 premiers jours <\/div><\/span>\n\t\t\t\t\t\t\t<span class='e-n-accordion-item-title-icon'>\n\t\t\t<span class='e-opened' ><svg aria-hidden=\"true\" class=\"e-font-icon-svg e-fas-minus\" viewbox=\"0 0 448 512\" xmlns=\"http:\/\/www.w3.org\/2000\/svg\"><path d=\"M416 208H32c-17.67 0-32 14.33-32 32v32c0 17.67 14.33 32 32 32h384c17.67 0 32-14.33 32-32v-32c0-17.67-14.33-32-32-32z\"><\/path><\/svg><\/span>\n\t\t\t<span class='e-closed'><svg aria-hidden=\"true\" class=\"e-font-icon-svg e-fas-plus\" viewbox=\"0 0 448 512\" xmlns=\"http:\/\/www.w3.org\/2000\/svg\"><path d=\"M416 208H272V64c0-17.67-14.33-32-32-32h-32c-17.67 0-32 14.33-32 32v144H32c-17.67 0-32 14.33-32 32v32c0 17.67 14.33 32 32 32h144v144c0 17.67 14.33 32 32 32h32c17.67 0 32-14.33 32-32V304h144c17.67 0 32-14.33 32-32v-32c0-17.67-14.33-32-32-32z\"><\/path><\/svg><\/span>\n\t\t<\/span>\n\n\t\t\t\t\t\t<\/summary>\n\t\t\t\t<div role=\"region\" aria-labelledby=\"e-n-accordion-item-2542\" class=\"elementor-element elementor-element-398c7ab e-con-full e-flex e-con e-child\" data-id=\"398c7ab\" data-element_type=\"container\" data-e-type=\"container\">\n\t\t\t\t<div class=\"elementor-element elementor-element-b8cf6a8 elementor-widget elementor-widget-text-editor\" data-id=\"b8cf6a8\" data-element_type=\"widget\" data-e-type=\"widget\" data-widget_type=\"text-editor.default\">\n\t\t\t\t<div class=\"elementor-widget-container\">\n\t\t\t\t\t\t\t\t\t<p>Les <strong>1 000 premiers jours<\/strong> est ce moment de vie qui court de la grossesse aux deux ans r\u00e9volus de l\u2019enfant. Parce que c\u2019est une p\u00e9riode cl\u00e9 pour <strong>le d\u00e9veloppement de l\u2019enfant, sa sant\u00e9 et celle de l\u2019adulte qu\u2019il deviendra<\/strong>, le Gouvernement a d\u00e9cid\u00e9 de cr\u00e9er un site d\u00e9di\u00e9 \u00e0 cette p\u00e9riode cruciale.<\/p><p>Retrouvez de nombreux conseils et astuces <strong><a href=\"https:\/\/www.1000-premiers-jours.fr\/fr\">door hier te klikken<\/a><\/strong>. Vous d\u00e9couvrirez des id\u00e9es pour <strong>mieux vivre votre nouveau quotidien<\/strong>, pendant la grossesse et les premi\u00e8res ann\u00e9es de b\u00e9b\u00e9.<\/p><p>\u27a1\ufe0f <strong><a href=\"https:\/\/www.1000-premiers-jours.fr\/fr\">https:\/\/www.1000-premiers-jours.fr\/fr<\/a><\/strong><\/p>\t\t\t\t\t\t\t\t<\/div>\n\t\t\t\t<\/div>\n\t\t\t\t<\/div>\n\t\t\t\t\t<\/details>\n\t\t\t\t\t<\/div>\n\t\t\t\t\t\t<\/div>\n\t\t\t\t<\/div>\n\t\t\t\t\t<\/div>\n\t\t\t\t<\/div>\n\t\t\t\t<\/div>","protected":false},"excerpt":{"rendered":"<p>\u00c0 quelques semaines de l\u2019arriv\u00e9e de votre enfant, quelques d\u00e9marches sont n\u00e9cessaires pour accueillir votre enfant dans les meilleures conditions. La reconnaissance anticip\u00e9e Si vous vivez en union libre et que vous attendez un enfant, la reconnaissance anticip\u00e9e \u2013 acte juridique \u2013 permet d\u2019\u00e9tablir officiellement et de fa\u00e7on irr\u00e9vocable la\u00a0filiation avec l\u2019enfant. En effet, celle-ci [&hellip;]<\/p>\n","protected":false},"author":1,"featured_media":1158,"parent":0,"menu_order":0,"comment_status":"closed","ping_status":"closed","template":"","meta":{"_acf_changed":false,"footnotes":""},"class_list":["post-531","page","type-page","status-publish","has-post-thumbnail","hentry"],"acf":[],"yoast_head":"<!-- This site is optimized with the Yoast SEO plugin v27.4 - https:\/\/yoast.com\/product\/yoast-seo-wordpress\/ -->\n<title>Accompagnement - Parentalit\u00e9 - Mairie de Neuilly-sur-Marne<\/title>\n<meta name=\"robots\" content=\"index, follow, max-snippet:-1, max-image-preview:large, max-video-preview:-1\" \/>\n<link rel=\"canonical\" href=\"https:\/\/www.neuillysurmarne.fr\/nl\/accompagnement-parentalite\/\" \/>\n<meta property=\"og:locale\" content=\"nl_NL\" \/>\n<meta property=\"og:type\" content=\"article\" \/>\n<meta property=\"og:title\" content=\"Accompagnement - Parentalit\u00e9 - Mairie de Neuilly-sur-Marne\" \/>\n<meta property=\"og:description\" content=\"\u00c0 quelques semaines de l\u2019arriv\u00e9e de votre enfant, quelques d\u00e9marches sont n\u00e9cessaires pour accueillir votre enfant dans les meilleures conditions. La reconnaissance anticip\u00e9e Si vous vivez en union libre et que vous attendez un enfant, la reconnaissance anticip\u00e9e \u2013 acte juridique \u2013 permet d\u2019\u00e9tablir officiellement et de fa\u00e7on irr\u00e9vocable la\u00a0filiation avec l\u2019enfant. En effet, celle-ci [&hellip;]\" \/>\n<meta property=\"og:url\" content=\"https:\/\/www.neuillysurmarne.fr\/nl\/accompagnement-parentalite\/\" \/>\n<meta property=\"og:site_name\" content=\"Mairie de Neuilly-sur-Marne\" \/>\n<meta property=\"article:publisher\" content=\"https:\/\/www.facebook.com\/ville.neuilly\" \/>\n<meta property=\"article:modified_time\" content=\"2025-05-12T13:44:32+00:00\" \/>\n<meta property=\"og:image\" content=\"https:\/\/www.neuillysurmarne.fr\/wp-content\/uploads\/2023\/11\/Bandeaux-site-Neuilly-sur-Marne-8.jpg\" \/>\n\t<meta property=\"og:image:width\" content=\"1400\" \/>\n\t<meta property=\"og:image:height\" content=\"700\" \/>\n\t<meta property=\"og:image:type\" content=\"image\/jpeg\" \/>\n<meta name=\"twitter:card\" content=\"summary_large_image\" \/>\n<meta name=\"twitter:label1\" content=\"Geschatte leestijd\" \/>\n\t<meta name=\"twitter:data1\" content=\"5 minuten\" \/>\n<script type=\"application\/ld+json\" class=\"yoast-schema-graph\">{\"@context\":\"https:\\\/\\\/schema.org\",\"@graph\":[{\"@type\":\"WebPage\",\"@id\":\"https:\\\/\\\/www.neuillysurmarne.fr\\\/accompagnement-parentalite\\\/\",\"url\":\"https:\\\/\\\/www.neuillysurmarne.fr\\\/accompagnement-parentalite\\\/\",\"name\":\"Accompagnement - Parentalit\u00e9 - Mairie de Neuilly-sur-Marne\",\"isPartOf\":{\"@id\":\"https:\\\/\\\/www.neuillysurmarne.fr\\\/es\\\/#website\"},\"primaryImageOfPage\":{\"@id\":\"https:\\\/\\\/www.neuillysurmarne.fr\\\/accompagnement-parentalite\\\/#primaryimage\"},\"image\":{\"@id\":\"https:\\\/\\\/www.neuillysurmarne.fr\\\/accompagnement-parentalite\\\/#primaryimage\"},\"thumbnailUrl\":\"https:\\\/\\\/www.neuillysurmarne.fr\\\/wp-content\\\/uploads\\\/2023\\\/11\\\/Bandeaux-site-Neuilly-sur-Marne-8.jpg\",\"datePublished\":\"2023-11-13T11:07:00+00:00\",\"dateModified\":\"2025-05-12T13:44:32+00:00\",\"breadcrumb\":{\"@id\":\"https:\\\/\\\/www.neuillysurmarne.fr\\\/accompagnement-parentalite\\\/#breadcrumb\"},\"inLanguage\":\"nl-NL\",\"potentialAction\":[{\"@type\":\"ReadAction\",\"target\":[\"https:\\\/\\\/www.neuillysurmarne.fr\\\/accompagnement-parentalite\\\/\"]}]},{\"@type\":\"ImageObject\",\"inLanguage\":\"nl-NL\",\"@id\":\"https:\\\/\\\/www.neuillysurmarne.fr\\\/accompagnement-parentalite\\\/#primaryimage\",\"url\":\"https:\\\/\\\/www.neuillysurmarne.fr\\\/wp-content\\\/uploads\\\/2023\\\/11\\\/Bandeaux-site-Neuilly-sur-Marne-8.jpg\",\"contentUrl\":\"https:\\\/\\\/www.neuillysurmarne.fr\\\/wp-content\\\/uploads\\\/2023\\\/11\\\/Bandeaux-site-Neuilly-sur-Marne-8.jpg\",\"width\":1400,\"height\":700},{\"@type\":\"BreadcrumbList\",\"@id\":\"https:\\\/\\\/www.neuillysurmarne.fr\\\/accompagnement-parentalite\\\/#breadcrumb\",\"itemListElement\":[{\"@type\":\"ListItem\",\"position\":1,\"name\":\"Accueil\",\"item\":\"https:\\\/\\\/www.neuillysurmarne.fr\\\/\"},{\"@type\":\"ListItem\",\"position\":2,\"name\":\"Accompagnement &#8211; Parentalit\u00e9\"}]},{\"@type\":\"WebSite\",\"@id\":\"https:\\\/\\\/www.neuillysurmarne.fr\\\/es\\\/#website\",\"url\":\"https:\\\/\\\/www.neuillysurmarne.fr\\\/es\\\/\",\"name\":\"Mairie de Neuilly-sur-Marne\",\"description\":\"BETA\",\"publisher\":{\"@id\":\"https:\\\/\\\/www.neuillysurmarne.fr\\\/es\\\/#organization\"},\"potentialAction\":[{\"@type\":\"SearchAction\",\"target\":{\"@type\":\"EntryPoint\",\"urlTemplate\":\"https:\\\/\\\/www.neuillysurmarne.fr\\\/es\\\/?s={search_term_string}\"},\"query-input\":{\"@type\":\"PropertyValueSpecification\",\"valueRequired\":true,\"valueName\":\"search_term_string\"}}],\"inLanguage\":\"nl-NL\"},{\"@type\":\"Organization\",\"@id\":\"https:\\\/\\\/www.neuillysurmarne.fr\\\/es\\\/#organization\",\"name\":\"Mairie de Neuilly-sur-Marne\",\"url\":\"https:\\\/\\\/www.neuillysurmarne.fr\\\/es\\\/\",\"logo\":{\"@type\":\"ImageObject\",\"inLanguage\":\"nl-NL\",\"@id\":\"https:\\\/\\\/www.neuillysurmarne.fr\\\/es\\\/#\\\/schema\\\/logo\\\/image\\\/\",\"url\":\"https:\\\/\\\/www.neuillysurmarne.fr\\\/wp-content\\\/uploads\\\/2023\\\/10\\\/LOGO-NeuillysurMarne-blanc.png\",\"contentUrl\":\"https:\\\/\\\/www.neuillysurmarne.fr\\\/wp-content\\\/uploads\\\/2023\\\/10\\\/LOGO-NeuillysurMarne-blanc.png\",\"width\":3308,\"height\":2586,\"caption\":\"Mairie de Neuilly-sur-Marne\"},\"image\":{\"@id\":\"https:\\\/\\\/www.neuillysurmarne.fr\\\/es\\\/#\\\/schema\\\/logo\\\/image\\\/\"},\"sameAs\":[\"https:\\\/\\\/www.facebook.com\\\/ville.neuilly\",\"https:\\\/\\\/www.instagram.com\\\/neuilly_marne\\\/\",\"https:\\\/\\\/www.linkedin.com\\\/company\\\/ville-de-neuilly-sur-marne\\\/\",\"https:\\\/\\\/www.youtube.com\\\/channel\\\/UCDdZ0TLrV8rfIqjBGvoeB5A\",\"https:\\\/\\\/www.tiktok.com\\\/@villedeneuillysurmarne\"]}]}<\/script>\n<!-- \/ Yoast SEO plugin. -->","yoast_head_json":{"title":"Accompagnement - Parentalit\u00e9 - Mairie de Neuilly-sur-Marne","robots":{"index":"index","follow":"follow","max-snippet":"max-snippet:-1","max-image-preview":"max-image-preview:large","max-video-preview":"max-video-preview:-1"},"canonical":"https:\/\/www.neuillysurmarne.fr\/nl\/accompagnement-parentalite\/","og_locale":"nl_NL","og_type":"article","og_title":"Accompagnement - Parentalit\u00e9 - Mairie de Neuilly-sur-Marne","og_description":"\u00c0 quelques semaines de l\u2019arriv\u00e9e de votre enfant, quelques d\u00e9marches sont n\u00e9cessaires pour accueillir votre enfant dans les meilleures conditions. La reconnaissance anticip\u00e9e Si vous vivez en union libre et que vous attendez un enfant, la reconnaissance anticip\u00e9e \u2013 acte juridique \u2013 permet d\u2019\u00e9tablir officiellement et de fa\u00e7on irr\u00e9vocable la\u00a0filiation avec l\u2019enfant. En effet, celle-ci [&hellip;]","og_url":"https:\/\/www.neuillysurmarne.fr\/nl\/accompagnement-parentalite\/","og_site_name":"Mairie de Neuilly-sur-Marne","article_publisher":"https:\/\/www.facebook.com\/ville.neuilly","article_modified_time":"2025-05-12T13:44:32+00:00","og_image":[{"width":1400,"height":700,"url":"https:\/\/www.neuillysurmarne.fr\/wp-content\/uploads\/2023\/11\/Bandeaux-site-Neuilly-sur-Marne-8.jpg","type":"image\/jpeg"}],"twitter_card":"summary_large_image","twitter_misc":{"Geschatte leestijd":"5 minuten"},"schema":{"@context":"https:\/\/schema.org","@graph":[{"@type":"WebPage","@id":"https:\/\/www.neuillysurmarne.fr\/accompagnement-parentalite\/","url":"https:\/\/www.neuillysurmarne.fr\/accompagnement-parentalite\/","name":"Accompagnement - Parentalit\u00e9 - Mairie de Neuilly-sur-Marne","isPartOf":{"@id":"https:\/\/www.neuillysurmarne.fr\/es\/#website"},"primaryImageOfPage":{"@id":"https:\/\/www.neuillysurmarne.fr\/accompagnement-parentalite\/#primaryimage"},"image":{"@id":"https:\/\/www.neuillysurmarne.fr\/accompagnement-parentalite\/#primaryimage"},"thumbnailUrl":"https:\/\/www.neuillysurmarne.fr\/wp-content\/uploads\/2023\/11\/Bandeaux-site-Neuilly-sur-Marne-8.jpg","datePublished":"2023-11-13T11:07:00+00:00","dateModified":"2025-05-12T13:44:32+00:00","breadcrumb":{"@id":"https:\/\/www.neuillysurmarne.fr\/accompagnement-parentalite\/#breadcrumb"},"inLanguage":"nl-NL","potentialAction":[{"@type":"ReadAction","target":["https:\/\/www.neuillysurmarne.fr\/accompagnement-parentalite\/"]}]},{"@type":"ImageObject","inLanguage":"nl-NL","@id":"https:\/\/www.neuillysurmarne.fr\/accompagnement-parentalite\/#primaryimage","url":"https:\/\/www.neuillysurmarne.fr\/wp-content\/uploads\/2023\/11\/Bandeaux-site-Neuilly-sur-Marne-8.jpg","contentUrl":"https:\/\/www.neuillysurmarne.fr\/wp-content\/uploads\/2023\/11\/Bandeaux-site-Neuilly-sur-Marne-8.jpg","width":1400,"height":700},{"@type":"BreadcrumbList","@id":"https:\/\/www.neuillysurmarne.fr\/accompagnement-parentalite\/#breadcrumb","itemListElement":[{"@type":"ListItem","position":1,"name":"Accueil","item":"https:\/\/www.neuillysurmarne.fr\/"},{"@type":"ListItem","position":2,"name":"Accompagnement &#8211; Parentalit\u00e9"}]},{"@type":"WebSite","@id":"https:\/\/www.neuillysurmarne.fr\/es\/#website","url":"https:\/\/www.neuillysurmarne.fr\/es\/","name":"Stadhuis van Neuilly-sur-Marne","description":"BETA","publisher":{"@id":"https:\/\/www.neuillysurmarne.fr\/es\/#organization"},"potentialAction":[{"@type":"SearchAction","target":{"@type":"EntryPoint","urlTemplate":"https:\/\/www.neuillysurmarne.fr\/es\/?s={search_term_string}"},"query-input":{"@type":"PropertyValueSpecification","valueRequired":true,"valueName":"search_term_string"}}],"inLanguage":"nl-NL"},{"@type":"Organization","@id":"https:\/\/www.neuillysurmarne.fr\/es\/#organization","name":"Stadhuis van Neuilly-sur-Marne","url":"https:\/\/www.neuillysurmarne.fr\/es\/","logo":{"@type":"ImageObject","inLanguage":"nl-NL","@id":"https:\/\/www.neuillysurmarne.fr\/es\/#\/schema\/logo\/image\/","url":"https:\/\/www.neuillysurmarne.fr\/wp-content\/uploads\/2023\/10\/LOGO-NeuillysurMarne-blanc.png","contentUrl":"https:\/\/www.neuillysurmarne.fr\/wp-content\/uploads\/2023\/10\/LOGO-NeuillysurMarne-blanc.png","width":3308,"height":2586,"caption":"Mairie de Neuilly-sur-Marne"},"image":{"@id":"https:\/\/www.neuillysurmarne.fr\/es\/#\/schema\/logo\/image\/"},"sameAs":["https:\/\/www.facebook.com\/ville.neuilly","https:\/\/www.instagram.com\/neuilly_marne\/","https:\/\/www.linkedin.com\/company\/ville-de-neuilly-sur-marne\/","https:\/\/www.youtube.com\/channel\/UCDdZ0TLrV8rfIqjBGvoeB5A","https:\/\/www.tiktok.com\/@villedeneuillysurmarne"]}]}},"_links":{"self":[{"href":"https:\/\/www.neuillysurmarne.fr\/nl\/wp-json\/wp\/v2\/pages\/531","targetHints":{"allow":["GET"]}}],"collection":[{"href":"https:\/\/www.neuillysurmarne.fr\/nl\/wp-json\/wp\/v2\/pages"}],"about":[{"href":"https:\/\/www.neuillysurmarne.fr\/nl\/wp-json\/wp\/v2\/types\/page"}],"author":[{"embeddable":true,"href":"https:\/\/www.neuillysurmarne.fr\/nl\/wp-json\/wp\/v2\/users\/1"}],"replies":[{"embeddable":true,"href":"https:\/\/www.neuillysurmarne.fr\/nl\/wp-json\/wp\/v2\/comments?post=531"}],"version-history":[{"count":41,"href":"https:\/\/www.neuillysurmarne.fr\/nl\/wp-json\/wp\/v2\/pages\/531\/revisions"}],"predecessor-version":[{"id":15154,"href":"https:\/\/www.neuillysurmarne.fr\/nl\/wp-json\/wp\/v2\/pages\/531\/revisions\/15154"}],"wp:featuredmedia":[{"embeddable":true,"href":"https:\/\/www.neuillysurmarne.fr\/nl\/wp-json\/wp\/v2\/media\/1158"}],"wp:attachment":[{"href":"https:\/\/www.neuillysurmarne.fr\/nl\/wp-json\/wp\/v2\/media?parent=531"}],"curies":[{"name":"wp","href":"https:\/\/api.w.org\/{rel}","templated":true}]}}