{"id":8271,"date":"2024-06-05T20:01:31","date_gmt":"2024-06-05T18:01:31","guid":{"rendered":"https:\/\/www.neuillysurmarne.fr\/?page_id=8271"},"modified":"2024-06-05T20:16:50","modified_gmt":"2024-06-05T18:16:50","slug":"residence-pierre-beregovoy","status":"publish","type":"page","link":"https:\/\/www.neuillysurmarne.fr\/nl\/residence-pierre-beregovoy\/","title":{"rendered":"Woning Pierre B\u00e9r\u00e9govoy"},"content":{"rendered":"<div data-elementor-type=\"wp-page\" data-elementor-id=\"8271\" class=\"elementor elementor-8271\" data-elementor-post-type=\"page\">\n\t\t\t\t<div class=\"elementor-element elementor-element-9649b4c e-flex e-con-boxed e-con e-parent\" data-id=\"9649b4c\" data-element_type=\"container\" data-e-type=\"container\">\n\t\t\t\t\t<div class=\"e-con-inner\">\n\t\t\t\t<div class=\"elementor-element elementor-element-69cf0e4 elementor-widget elementor-widget-text-editor\" data-id=\"69cf0e4\" data-element_type=\"widget\" data-e-type=\"widget\" data-widget_type=\"text-editor.default\">\n\t\t\t\t<div class=\"elementor-widget-container\">\n\t\t\t\t\t\t\t\t\t<p>R\u00e9sidence Autonome Pierre B\u00e9r\u00e9govoy ligt in het hart van een levendige wijk dicht bij winkels en biedt een onafhankelijke woonsituatie die gelijkwaardig is aan die van een eigen huis, maar ook het comfort en de veiligheid van een gedeelde accommodatie.<\/p><p><strong>Deze instelling is een gemeentelijke dienst voor zelfstandige bewoners ouder dan 60 jaar.<\/strong> Het wordt bemand door 10 medewerkers, waaronder een directeur en een activiteitenbegeleider, die beiden een paramedische kwalificatie hebben.<\/p>\t\t\t\t\t\t\t\t<\/div>\n\t\t\t\t<\/div>\n\t\t\t\t<div class=\"elementor-element elementor-element-260fa08 elementor-widget elementor-widget-n-accordion\" data-id=\"260fa08\" data-element_type=\"widget\" data-e-type=\"widget\" data-settings=\"{&quot;default_state&quot;:&quot;all_collapsed&quot;,&quot;max_items_expended&quot;:&quot;one&quot;,&quot;n_accordion_animation_duration&quot;:{&quot;unit&quot;:&quot;ms&quot;,&quot;size&quot;:400,&quot;sizes&quot;:[]}}\" data-widget_type=\"nested-accordion.default\">\n\t\t\t\t<div class=\"elementor-widget-container\">\n\t\t\t\t\t\t\t<div class=\"e-n-accordion\" aria-label=\"Accordeon. Links openen met Enter of Spatie, sluiten met Escape en navigeren met Pijltjestoetsen\">\n\t\t\t\t\t\t<details id=\"e-n-accordion-item-3990\" class=\"e-n-accordion-item\" >\n\t\t\t\t<summary class=\"e-n-accordion-item-title\" data-accordion-index=\"1\" tabindex=\"0\" aria-expanded=\"false\" aria-controls=\"e-n-accordion-item-3990\" >\n\t\t\t\t\t<span class='e-n-accordion-item-title-header'><div class=\"e-n-accordion-item-title-text\"> Accommodatie <\/div><\/span>\n\t\t\t\t\t\t\t<span class='e-n-accordion-item-title-icon'>\n\t\t\t<span class='e-opened' ><svg aria-hidden=\"true\" class=\"e-font-icon-svg e-fas-minus\" viewbox=\"0 0 448 512\" xmlns=\"http:\/\/www.w3.org\/2000\/svg\"><path d=\"M416 208H32c-17.67 0-32 14.33-32 32v32c0 17.67 14.33 32 32 32h384c17.67 0 32-14.33 32-32v-32c0-17.67-14.33-32-32-32z\"><\/path><\/svg><\/span>\n\t\t\t<span class='e-closed'><svg aria-hidden=\"true\" class=\"e-font-icon-svg e-fas-plus\" viewbox=\"0 0 448 512\" xmlns=\"http:\/\/www.w3.org\/2000\/svg\"><path d=\"M416 208H272V64c0-17.67-14.33-32-32-32h-32c-17.67 0-32 14.33-32 32v144H32c-17.67 0-32 14.33-32 32v32c0 17.67 14.33 32 32 32h144v144c0 17.67 14.33 32 32 32h32c17.67 0 32-14.33 32-32V304h144c17.67 0 32-14.33 32-32v-32c0-17.67-14.33-32-32-32z\"><\/path><\/svg><\/span>\n\t\t<\/span>\n\n\t\t\t\t\t\t<\/summary>\n\t\t\t\t<div role=\"region\" aria-labelledby=\"e-n-accordion-item-3990\" class=\"elementor-element elementor-element-d23e8cb e-con-full e-flex e-con e-child\" data-id=\"d23e8cb\" data-element_type=\"container\" data-e-type=\"container\">\n\t\t\t\t<div class=\"elementor-element elementor-element-34f5d41 elementor-widget elementor-widget-text-editor\" data-id=\"34f5d41\" data-element_type=\"widget\" data-e-type=\"widget\" data-widget_type=\"text-editor.default\">\n\t\t\t\t<div class=\"elementor-widget-container\">\n\t\t\t\t\t\t\t\t\t<ul><li>De residentie heeft 47 woningen, verdeeld in 42 F1 flats en 5 F2 flats.<\/li><li>Elke woning is uitgerust met een kitchenette (met elektrische kookplaat en koelkast), een aangepaste badkamer en internet\/telefoon- en televisieaansluitingen. Bewoners richten vervolgens hun accommodatie naar eigen wens in.<\/li><li>De woning heeft recht op sociale bijstand voor huisvesting (ASH) en heeft een APL-overeenkomst.<\/li><\/ul>\t\t\t\t\t\t\t\t<\/div>\n\t\t\t\t<\/div>\n\t\t\t\t<div class=\"elementor-element elementor-element-40e4611 elementor-skin-carousel elementor-arrows-yes elementor-pagination-type-bullets elementor-pagination-position-outside elementor-widget elementor-widget-media-carousel\" data-id=\"40e4611\" data-element_type=\"widget\" data-e-type=\"widget\" data-settings=\"{&quot;skin&quot;:&quot;carousel&quot;,&quot;effect&quot;:&quot;slide&quot;,&quot;show_arrows&quot;:&quot;yes&quot;,&quot;pagination&quot;:&quot;bullets&quot;,&quot;speed&quot;:500,&quot;autoplay&quot;:&quot;yes&quot;,&quot;autoplay_speed&quot;:5000,&quot;loop&quot;:&quot;yes&quot;,&quot;pause_on_hover&quot;:&quot;yes&quot;,&quot;pause_on_interaction&quot;:&quot;yes&quot;,&quot;space_between&quot;:{&quot;unit&quot;:&quot;px&quot;,&quot;size&quot;:10,&quot;sizes&quot;:[]},&quot;space_between_tablet&quot;:{&quot;unit&quot;:&quot;px&quot;,&quot;size&quot;:10,&quot;sizes&quot;:[]},&quot;space_between_mobile&quot;:{&quot;unit&quot;:&quot;px&quot;,&quot;size&quot;:10,&quot;sizes&quot;:[]}}\" data-widget_type=\"media-carousel.default\">\n\t\t\t\t<div class=\"elementor-widget-container\">\n\t\t\t\t\t\t\t\t\t<div class=\"elementor-swiper\">\n\t\t\t\t\t<div class=\"elementor-main-swiper swiper\" role=\"region\" aria-roledescription=\"carousel\" aria-label=\"Slides\">\n\t\t\t\t<div class=\"swiper-wrapper\">\n\t\t\t\t\t\t\t\t\t\t\t<div class=\"swiper-slide\" role=\"group\" aria-roledescription=\"slide\">\n\t\t\t\t\t\t\t<a href=\"https:\/\/www.neuillysurmarne.fr\/wp-content\/uploads\/2024\/06\/IMG_2829-scaled.jpg\" data-elementor-open-lightbox=\"yes\" data-elementor-lightbox-slideshow=\"40e4611\" data-elementor-lightbox-title=\"IMG_2829\" data-e-action-hash=\"#elementor-action%3Aaction%3Dlightbox%26settings%3DeyJpZCI6ODI4OCwidXJsIjoiaHR0cHM6XC9cL3d3dy5uZXVpbGx5c3VybWFybmUuZnJcL3dwLWNvbnRlbnRcL3VwbG9hZHNcLzIwMjRcLzA2XC9JTUdfMjgyOS1zY2FsZWQuanBnIiwic2xpZGVzaG93IjoiNDBlNDYxMSJ9\">\t\t<div class=\"elementor-carousel-image\" role=\"img\" aria-label=\"IMG 2829\" style=\"background-image: url(&#039;https:\/\/www.neuillysurmarne.fr\/wp-content\/uploads\/2024\/06\/IMG_2829-scaled.jpg&#039;)\">\n\n\t\t\t\n\t\t\t\t\t<\/div>\n\t\t<\/a>\t\t\t\t\t\t<\/div>\n\t\t\t\t\t\t\t\t\t\t\t<div class=\"swiper-slide\" role=\"group\" aria-roledescription=\"slide\">\n\t\t\t\t\t\t\t<a href=\"https:\/\/www.neuillysurmarne.fr\/wp-content\/uploads\/2024\/06\/IMG_2830-scaled.jpg\" data-elementor-open-lightbox=\"yes\" data-elementor-lightbox-slideshow=\"40e4611\" data-elementor-lightbox-title=\"IMG_2830\" data-e-action-hash=\"#elementor-action%3Aaction%3Dlightbox%26settings%3DeyJpZCI6ODI4MSwidXJsIjoiaHR0cHM6XC9cL3d3dy5uZXVpbGx5c3VybWFybmUuZnJcL3dwLWNvbnRlbnRcL3VwbG9hZHNcLzIwMjRcLzA2XC9JTUdfMjgzMC1zY2FsZWQuanBnIiwic2xpZGVzaG93IjoiNDBlNDYxMSJ9\">\t\t<div class=\"elementor-carousel-image\" role=\"img\" aria-label=\"IMG_2830\" style=\"background-image: url(&#039;https:\/\/www.neuillysurmarne.fr\/wp-content\/uploads\/2024\/06\/IMG_2830-scaled.jpg&#039;)\">\n\n\t\t\t\n\t\t\t\t\t<\/div>\n\t\t<\/a>\t\t\t\t\t\t<\/div>\n\t\t\t\t\t\t\t\t\t\t\t<div class=\"swiper-slide\" role=\"group\" aria-roledescription=\"slide\">\n\t\t\t\t\t\t\t<a href=\"https:\/\/www.neuillysurmarne.fr\/wp-content\/uploads\/2024\/06\/IMG_2827-scaled.jpg\" data-elementor-open-lightbox=\"yes\" data-elementor-lightbox-slideshow=\"40e4611\" data-elementor-lightbox-title=\"IMG_2827\" data-e-action-hash=\"#elementor-action%3Aaction%3Dlightbox%26settings%3DeyJpZCI6ODI4NiwidXJsIjoiaHR0cHM6XC9cL3d3dy5uZXVpbGx5c3VybWFybmUuZnJcL3dwLWNvbnRlbnRcL3VwbG9hZHNcLzIwMjRcLzA2XC9JTUdfMjgyNy1zY2FsZWQuanBnIiwic2xpZGVzaG93IjoiNDBlNDYxMSJ9\">\t\t<div class=\"elementor-carousel-image\" role=\"img\" aria-label=\"IMG_2827\" style=\"background-image: url(&#039;https:\/\/www.neuillysurmarne.fr\/wp-content\/uploads\/2024\/06\/IMG_2827-scaled.jpg&#039;)\">\n\n\t\t\t\n\t\t\t\t\t<\/div>\n\t\t<\/a>\t\t\t\t\t\t<\/div>\n\t\t\t\t\t\t\t\t\t\t\t<div class=\"swiper-slide\" role=\"group\" aria-roledescription=\"slide\">\n\t\t\t\t\t\t\t<a href=\"https:\/\/www.neuillysurmarne.fr\/wp-content\/uploads\/2024\/06\/IMG_20210810_164106-002-scaled.jpg\" data-elementor-open-lightbox=\"yes\" data-elementor-lightbox-slideshow=\"40e4611\" data-elementor-lightbox-title=\"IMG_20210810_164106 (002)\" data-e-action-hash=\"#elementor-action%3Aaction%3Dlightbox%26settings%3DeyJpZCI6ODI4MywidXJsIjoiaHR0cHM6XC9cL3d3dy5uZXVpbGx5c3VybWFybmUuZnJcL3dwLWNvbnRlbnRcL3VwbG9hZHNcLzIwMjRcLzA2XC9JTUdfMjAyMTA4MTBfMTY0MTA2LTAwMi1zY2FsZWQuanBnIiwic2xpZGVzaG93IjoiNDBlNDYxMSJ9\">\t\t<div class=\"elementor-carousel-image\" role=\"img\" aria-label=\"IMG_20210810_164106 (002)\" style=\"background-image: url(&#039;https:\/\/www.neuillysurmarne.fr\/wp-content\/uploads\/2024\/06\/IMG_20210810_164106-002-scaled.jpg&#039;)\">\n\n\t\t\t\n\t\t\t\t\t<\/div>\n\t\t<\/a>\t\t\t\t\t\t<\/div>\n\t\t\t\t\t\t\t\t\t\t\t<div class=\"swiper-slide\" role=\"group\" aria-roledescription=\"slide\">\n\t\t\t\t\t\t\t<a href=\"https:\/\/www.neuillysurmarne.fr\/wp-content\/uploads\/2024\/06\/IMG_2821-scaled.jpg\" data-elementor-open-lightbox=\"yes\" data-elementor-lightbox-slideshow=\"40e4611\" data-elementor-lightbox-title=\"IMG_2821\" data-e-action-hash=\"#elementor-action%3Aaction%3Dlightbox%26settings%3DeyJpZCI6ODI4OSwidXJsIjoiaHR0cHM6XC9cL3d3dy5uZXVpbGx5c3VybWFybmUuZnJcL3dwLWNvbnRlbnRcL3VwbG9hZHNcLzIwMjRcLzA2XC9JTUdfMjgyMS1zY2FsZWQuanBnIiwic2xpZGVzaG93IjoiNDBlNDYxMSJ9\">\t\t<div class=\"elementor-carousel-image\" role=\"img\" aria-label=\"IMG_2821\" style=\"background-image: url(&#039;https:\/\/www.neuillysurmarne.fr\/wp-content\/uploads\/2024\/06\/IMG_2821-scaled.jpg&#039;)\">\n\n\t\t\t\n\t\t\t\t\t<\/div>\n\t\t<\/a>\t\t\t\t\t\t<\/div>\n\t\t\t\t\t\t\t\t\t<\/div>\n\t\t\t\t\t\t\t\t\t\t\t\t\t\t\t<div class=\"elementor-swiper-button elementor-swiper-button-prev\" role=\"button\" tabindex=\"0\" aria-label=\"Vorige\">\n\t\t\t\t\t\t\t<svg aria-hidden=\"true\" class=\"e-font-icon-svg e-eicon-chevron-left\" viewbox=\"0 0 1000 1000\" xmlns=\"http:\/\/www.w3.org\/2000\/svg\"><path d=\"M646 125C629 125 613 133 604 142L308 442C296 454 292 471 292 487 292 504 296 521 308 533L604 854C617 867 629 875 646 875 663 875 679 871 692 858 704 846 713 829 713 812 713 796 708 779 692 767L438 487 692 225C700 217 708 204 708 187 708 171 704 154 692 142 675 129 663 125 646 125Z\"><\/path><\/svg>\t\t\t\t\t\t<\/div>\n\t\t\t\t\t\t<div class=\"elementor-swiper-button elementor-swiper-button-next\" role=\"button\" tabindex=\"0\" aria-label=\"Volgende\">\n\t\t\t\t\t\t\t<svg aria-hidden=\"true\" class=\"e-font-icon-svg e-eicon-chevron-right\" viewbox=\"0 0 1000 1000\" xmlns=\"http:\/\/www.w3.org\/2000\/svg\"><path d=\"M696 533C708 521 713 504 713 487 713 471 708 454 696 446L400 146C388 133 375 125 354 125 338 125 325 129 313 142 300 154 292 171 292 187 292 204 296 221 308 233L563 492 304 771C292 783 288 800 288 817 288 833 296 850 308 863 321 871 338 875 354 875 371 875 388 867 400 854L696 533Z\"><\/path><\/svg>\t\t\t\t\t\t<\/div>\n\t\t\t\t\t\t\t\t\t\t\t\t\t\t\t\t<div class=\"swiper-pagination\"><\/div>\n\t\t\t\t\t\t\t\t\t\t\t\t<\/div>\n\t\t\t\t<\/div>\n\t\t\t\t\t\t\t\t<\/div>\n\t\t\t\t<\/div>\n\t\t\t\t<\/div>\n\t\t\t\t\t<\/details>\n\t\t\t\t\t\t<details id=\"e-n-accordion-item-3991\" class=\"e-n-accordion-item\" >\n\t\t\t\t<summary class=\"e-n-accordion-item-title\" data-accordion-index=\"2\" tabindex=\"-1\" aria-expanded=\"false\" aria-controls=\"e-n-accordion-item-3991\" >\n\t\t\t\t\t<span class='e-n-accordion-item-title-header'><div class=\"e-n-accordion-item-title-text\"> Samenwerkingsverbanden met professionals in de gezondheidszorg <\/div><\/span>\n\t\t\t\t\t\t\t<span class='e-n-accordion-item-title-icon'>\n\t\t\t<span class='e-opened' ><svg aria-hidden=\"true\" class=\"e-font-icon-svg e-fas-minus\" viewbox=\"0 0 448 512\" xmlns=\"http:\/\/www.w3.org\/2000\/svg\"><path d=\"M416 208H32c-17.67 0-32 14.33-32 32v32c0 17.67 14.33 32 32 32h384c17.67 0 32-14.33 32-32v-32c0-17.67-14.33-32-32-32z\"><\/path><\/svg><\/span>\n\t\t\t<span class='e-closed'><svg aria-hidden=\"true\" class=\"e-font-icon-svg e-fas-plus\" viewbox=\"0 0 448 512\" xmlns=\"http:\/\/www.w3.org\/2000\/svg\"><path d=\"M416 208H272V64c0-17.67-14.33-32-32-32h-32c-17.67 0-32 14.33-32 32v144H32c-17.67 0-32 14.33-32 32v32c0 17.67 14.33 32 32 32h144v144c0 17.67 14.33 32 32 32h32c17.67 0 32-14.33 32-32V304h144c17.67 0 32-14.33 32-32v-32c0-17.67-14.33-32-32-32z\"><\/path><\/svg><\/span>\n\t\t<\/span>\n\n\t\t\t\t\t\t<\/summary>\n\t\t\t\t<div role=\"region\" aria-labelledby=\"e-n-accordion-item-3991\" class=\"elementor-element elementor-element-eb4c71d e-con-full e-flex e-con e-child\" data-id=\"eb4c71d\" data-element_type=\"container\" data-e-type=\"container\">\n\t\t\t\t<div class=\"elementor-element elementor-element-e4d6512 elementor-widget elementor-widget-text-editor\" data-id=\"e4d6512\" data-element_type=\"widget\" data-e-type=\"widget\" data-widget_type=\"text-editor.default\">\n\t\t\t\t<div class=\"elementor-widget-container\">\n\t\t\t\t\t\t\t\t\t<p>Indien nodig kunnen bewoners een beroep doen op hun huisarts, priv\u00e9verpleegkundigen van hun keuze of thuisverpleging. <strong>Er is een SSIAD aanwezig in de vestiging van 8 uur 's ochtends tot 8 uur 's avonds.<\/strong><\/p><p>Ze kunnen ook <strong>thuishulp en ondersteunende diensten (SAAD) aanvragen<\/strong> indien nodig voor het onderhoud van het huis en hulp bij dagelijkse taken.<\/p>\t\t\t\t\t\t\t\t<\/div>\n\t\t\t\t<\/div>\n\t\t\t\t<\/div>\n\t\t\t\t\t<\/details>\n\t\t\t\t\t\t<details id=\"e-n-accordion-item-3992\" class=\"e-n-accordion-item\" >\n\t\t\t\t<summary class=\"e-n-accordion-item-title\" data-accordion-index=\"3\" tabindex=\"-1\" aria-expanded=\"false\" aria-controls=\"e-n-accordion-item-3992\" >\n\t\t\t\t\t<span class='e-n-accordion-item-title-header'><div class=\"e-n-accordion-item-title-text\"> Goed ouder worden <\/div><\/span>\n\t\t\t\t\t\t\t<span class='e-n-accordion-item-title-icon'>\n\t\t\t<span class='e-opened' ><svg aria-hidden=\"true\" class=\"e-font-icon-svg e-fas-minus\" viewbox=\"0 0 448 512\" xmlns=\"http:\/\/www.w3.org\/2000\/svg\"><path d=\"M416 208H32c-17.67 0-32 14.33-32 32v32c0 17.67 14.33 32 32 32h384c17.67 0 32-14.33 32-32v-32c0-17.67-14.33-32-32-32z\"><\/path><\/svg><\/span>\n\t\t\t<span class='e-closed'><svg aria-hidden=\"true\" class=\"e-font-icon-svg e-fas-plus\" viewbox=\"0 0 448 512\" xmlns=\"http:\/\/www.w3.org\/2000\/svg\"><path d=\"M416 208H272V64c0-17.67-14.33-32-32-32h-32c-17.67 0-32 14.33-32 32v144H32c-17.67 0-32 14.33-32 32v32c0 17.67 14.33 32 32 32h144v144c0 17.67 14.33 32 32 32h32c17.67 0 32-14.33 32-32V304h144c17.67 0 32-14.33 32-32v-32c0-17.67-14.33-32-32-32z\"><\/path><\/svg><\/span>\n\t\t<\/span>\n\n\t\t\t\t\t\t<\/summary>\n\t\t\t\t<div role=\"region\" aria-labelledby=\"e-n-accordion-item-3992\" class=\"elementor-element elementor-element-6e97f9b e-flex e-con-boxed e-con e-child\" data-id=\"6e97f9b\" data-element_type=\"container\" data-e-type=\"container\">\n\t\t\t\t\t<div class=\"e-con-inner\">\n\t\t\t\t<div class=\"elementor-element elementor-element-41af9fb elementor-widget elementor-widget-text-editor\" data-id=\"41af9fb\" data-element_type=\"widget\" data-e-type=\"widget\" data-widget_type=\"text-editor.default\">\n\t\t\t\t<div class=\"elementor-widget-container\">\n\t\t\t\t\t\t\t\t\t<p>Gericht op behoud van onafhankelijkheid,\u00a0<strong>het animatieproject<\/strong> geeft een echte dynamiek aan het leven in de Residentie. Tijd voor sociale interactie en gezelligheid helpt isolement te doorbreken, sociale banden te ondersteunen en onafhankelijkheid te behouden en te stimuleren. Gemeenschappelijke ruimtes, zoals de bibliotheek en de eetzaal, zijn ideaal voor deze ontmoetingen.<\/p><p>Bewoners worden betrokken bij het toezicht op de werking van de voorziening en kunnen suggesties doen via de organen die zijn opgezet, zoals de\u00a0<strong>Raad Sociaal Leven\u00a0<\/strong>Bewonerscomit\u00e9: vertegenwoordigers van bewoners, familie en managers komen drie keer per jaar samen om hun mening te geven en suggesties te doen over alle zaken die betrekking hebben op de organisatie en het dagelijkse leven van de instelling.<\/p>\t\t\t\t\t\t\t\t<\/div>\n\t\t\t\t<\/div>\n\t\t\t\t\t<\/div>\n\t\t\t\t<\/div>\n\t\t\t\t\t<\/details>\n\t\t\t\t\t\t<details id=\"e-n-accordion-item-3993\" class=\"e-n-accordion-item\" >\n\t\t\t\t<summary class=\"e-n-accordion-item-title\" data-accordion-index=\"4\" tabindex=\"-1\" aria-expanded=\"false\" aria-controls=\"e-n-accordion-item-3993\" >\n\t\t\t\t\t<span class='e-n-accordion-item-title-header'><div class=\"e-n-accordion-item-title-text\"> Dagelijks entertainment <\/div><\/span>\n\t\t\t\t\t\t\t<span class='e-n-accordion-item-title-icon'>\n\t\t\t<span class='e-opened' ><svg aria-hidden=\"true\" class=\"e-font-icon-svg e-fas-minus\" viewbox=\"0 0 448 512\" xmlns=\"http:\/\/www.w3.org\/2000\/svg\"><path d=\"M416 208H32c-17.67 0-32 14.33-32 32v32c0 17.67 14.33 32 32 32h384c17.67 0 32-14.33 32-32v-32c0-17.67-14.33-32-32-32z\"><\/path><\/svg><\/span>\n\t\t\t<span class='e-closed'><svg aria-hidden=\"true\" class=\"e-font-icon-svg e-fas-plus\" viewbox=\"0 0 448 512\" xmlns=\"http:\/\/www.w3.org\/2000\/svg\"><path d=\"M416 208H272V64c0-17.67-14.33-32-32-32h-32c-17.67 0-32 14.33-32 32v144H32c-17.67 0-32 14.33-32 32v32c0 17.67 14.33 32 32 32h144v144c0 17.67 14.33 32 32 32h32c17.67 0 32-14.33 32-32V304h144c17.67 0 32-14.33 32-32v-32c0-17.67-14.33-32-32-32z\"><\/path><\/svg><\/span>\n\t\t<\/span>\n\n\t\t\t\t\t\t<\/summary>\n\t\t\t\t<div role=\"region\" aria-labelledby=\"e-n-accordion-item-3993\" class=\"elementor-element elementor-element-d4feaac e-flex e-con-boxed e-con e-child\" data-id=\"d4feaac\" data-element_type=\"container\" data-e-type=\"container\">\n\t\t\t\t\t<div class=\"e-con-inner\">\n\t\t\t\t<div class=\"elementor-element elementor-element-47f8121 elementor-widget elementor-widget-text-editor\" data-id=\"47f8121\" data-element_type=\"widget\" data-e-type=\"widget\" data-widget_type=\"text-editor.default\">\n\t\t\t\t<div class=\"elementor-widget-container\">\n\t\t\t\t\t\t\t\t\t<p>Een grote\u00a0<strong>activiteitenprogramma<\/strong> Het activiteitenprogramma van de week wordt elke vrijdagavond in de brievenbus van de bewoners gedistribueerd en hangt ook in de gemeenschappelijke ruimten van de Residentie.<\/p><p>Van\u00a0<strong>gastsprekers<\/strong> komen regelmatig activiteiten aanbieden. Voor de sportievere bewoners biedt een psychomotorisch therapeut om de twee weken trampolinesessies aan en een judoprofessional geeft eens per maand een workshop valpreventie met behulp van vechtsporten. Een muzikant bezoekt de bewoners ook en laat ze kennismaken met verschillende instrumenten.<\/p><p>Daarnaast zal er gelegenheid zijn voor discussie, artistieke bemiddeling en vertelsessies voor\u00a0<strong>communicatie en creativiteit aanmoedigen<\/strong>.<\/p><p>Op dinsdag- en vrijdagochtend kan iedereen die dat wil leren hoe je een tabletcomputer gebruikt.<\/p>\t\t\t\t\t\t\t\t<\/div>\n\t\t\t\t<\/div>\n\t\t\t\t\t<\/div>\n\t\t\t\t<\/div>\n\t\t\t\t\t<\/details>\n\t\t\t\t\t\t<details id=\"e-n-accordion-item-3994\" class=\"e-n-accordion-item\" >\n\t\t\t\t<summary class=\"e-n-accordion-item-title\" data-accordion-index=\"5\" tabindex=\"-1\" aria-expanded=\"false\" aria-controls=\"e-n-accordion-item-3994\" >\n\t\t\t\t\t<span class='e-n-accordion-item-title-header'><div class=\"e-n-accordion-item-title-text\"> De voordelen van het verblijf <\/div><\/span>\n\t\t\t\t\t\t\t<span class='e-n-accordion-item-title-icon'>\n\t\t\t<span class='e-opened' ><svg aria-hidden=\"true\" class=\"e-font-icon-svg e-fas-minus\" viewbox=\"0 0 448 512\" xmlns=\"http:\/\/www.w3.org\/2000\/svg\"><path d=\"M416 208H32c-17.67 0-32 14.33-32 32v32c0 17.67 14.33 32 32 32h384c17.67 0 32-14.33 32-32v-32c0-17.67-14.33-32-32-32z\"><\/path><\/svg><\/span>\n\t\t\t<span class='e-closed'><svg aria-hidden=\"true\" class=\"e-font-icon-svg e-fas-plus\" viewbox=\"0 0 448 512\" xmlns=\"http:\/\/www.w3.org\/2000\/svg\"><path d=\"M416 208H272V64c0-17.67-14.33-32-32-32h-32c-17.67 0-32 14.33-32 32v144H32c-17.67 0-32 14.33-32 32v32c0 17.67 14.33 32 32 32h144v144c0 17.67 14.33 32 32 32h32c17.67 0 32-14.33 32-32V304h144c17.67 0 32-14.33 32-32v-32c0-17.67-14.33-32-32-32z\"><\/path><\/svg><\/span>\n\t\t<\/span>\n\n\t\t\t\t\t\t<\/summary>\n\t\t\t\t<div role=\"region\" aria-labelledby=\"e-n-accordion-item-3994\" class=\"elementor-element elementor-element-78e2afe e-flex e-con-boxed e-con e-child\" data-id=\"78e2afe\" data-element_type=\"container\" data-e-type=\"container\">\n\t\t\t\t\t<div class=\"e-con-inner\">\n\t\t\t\t<div class=\"elementor-element elementor-element-ea6431c elementor-widget elementor-widget-text-editor\" data-id=\"ea6431c\" data-element_type=\"widget\" data-e-type=\"widget\" data-widget_type=\"text-editor.default\">\n\t\t\t\t<div class=\"elementor-widget-container\">\n\t\t\t\t\t\t\t\t\t<p>Het etablissement biedt een\u00a0<strong>bed and breakfast<\/strong> voor mensen die hun dierbare af en toe willen bezoeken, voor \u20ac30 per nacht.<\/p><p>In samenwerking met Grand Paris Grand Est heeft de vestiging een\u00a0<strong>eco-burger project<\/strong> die de bewoners helpt om te leren over selectief sorteren. Ze verzorgen ook hun moestuin in een aangename patio.<\/p><p>Een dienst van\u00a0<strong>grootkeuken<\/strong> wordt elke lunch aangeboden.<\/p><p>A\u00a0<strong>intergenerationeel project<\/strong> is opgezet met het Institut de formation Th\u00e9odore Simon. Twee studio's worden gehuurd door studenten van deze verpleegschool, met als doel ontmoetingen tussen de generaties aan te moedigen.<\/p><p>Een volledig uitgeruste kapsalon is beschikbaar in de vestiging. Bewoners kunnen een afspraak maken met de thuiskapper van hun keuze.<\/p><p>De residentie is een\u00a0<strong>een veilige plek om te wonen<\/strong>. Er is 's nachts en in het weekend een bewaker aanwezig in de vestiging.<\/p><p>De kleintjes\u00a0<strong>huisdieren<\/strong>\u00a0zijn van harte welkom.<\/p>\t\t\t\t\t\t\t\t<\/div>\n\t\t\t\t<\/div>\n\t\t\t\t\t<\/div>\n\t\t\t\t<\/div>\n\t\t\t\t\t<\/details>\n\t\t\t\t\t\t<details id=\"e-n-accordion-item-3995\" class=\"e-n-accordion-item\" >\n\t\t\t\t<summary class=\"e-n-accordion-item-title\" data-accordion-index=\"6\" tabindex=\"-1\" aria-expanded=\"false\" aria-controls=\"e-n-accordion-item-3995\" >\n\t\t\t\t\t<span class='e-n-accordion-item-title-header'><div class=\"e-n-accordion-item-title-text\"> Ori\u00ebntatieprijzen <\/div><\/span>\n\t\t\t\t\t\t\t<span class='e-n-accordion-item-title-icon'>\n\t\t\t<span class='e-opened' ><svg aria-hidden=\"true\" class=\"e-font-icon-svg e-fas-minus\" viewbox=\"0 0 448 512\" xmlns=\"http:\/\/www.w3.org\/2000\/svg\"><path d=\"M416 208H32c-17.67 0-32 14.33-32 32v32c0 17.67 14.33 32 32 32h384c17.67 0 32-14.33 32-32v-32c0-17.67-14.33-32-32-32z\"><\/path><\/svg><\/span>\n\t\t\t<span class='e-closed'><svg aria-hidden=\"true\" class=\"e-font-icon-svg e-fas-plus\" viewbox=\"0 0 448 512\" xmlns=\"http:\/\/www.w3.org\/2000\/svg\"><path d=\"M416 208H272V64c0-17.67-14.33-32-32-32h-32c-17.67 0-32 14.33-32 32v144H32c-17.67 0-32 14.33-32 32v32c0 17.67 14.33 32 32 32h144v144c0 17.67 14.33 32 32 32h32c17.67 0 32-14.33 32-32V304h144c17.67 0 32-14.33 32-32v-32c0-17.67-14.33-32-32-32z\"><\/path><\/svg><\/span>\n\t\t<\/span>\n\n\t\t\t\t\t\t<\/summary>\n\t\t\t\t<div role=\"region\" aria-labelledby=\"e-n-accordion-item-3995\" class=\"elementor-element elementor-element-6e7f97c e-flex e-con-boxed e-con e-child\" data-id=\"6e7f97c\" data-element_type=\"container\" data-e-type=\"container\">\n\t\t\t\t\t<div class=\"e-con-inner\">\n\t\t\t\t<div class=\"elementor-element elementor-element-e2a1a8f elementor-widget elementor-widget-text-editor\" data-id=\"e2a1a8f\" data-element_type=\"widget\" data-e-type=\"widget\" data-widget_type=\"text-editor.default\">\n\t\t\t\t<div class=\"elementor-widget-container\">\n\t\t\t\t\t\t\t\t\t<p>De prijzen worden elk jaar vastgesteld door de Conseil D\u00e9partemental de la Seine-Saint-Denis en de CCAS.<\/p><ul><li>30m\u00b2 studio: \u20ac22,35\/dag of \u20ac679,81\/maand (inclusief water en verwarming)<\/li><li>F2 van 45m\u00b2: \u20ac27,25\/dag of \u20ac816,08\/maand (inclusief water en verwarming)<\/li><li>De resterende kosten zijn elektriciteit, telefoon en opstalverzekering.<\/li><li>Een aanbetaling van \u20ac610 is vereist bij inschrijving.<\/li><li>Lunch (optioneel): \u20ac4,09<\/li><\/ul>\t\t\t\t\t\t\t\t<\/div>\n\t\t\t\t<\/div>\n\t\t\t\t\t<\/div>\n\t\t\t\t<\/div>\n\t\t\t\t\t<\/details>\n\t\t\t\t\t<\/div>\n\t\t\t\t\t\t<\/div>\n\t\t\t\t<\/div>\n\t\t\t\t\t<\/div>\n\t\t\t\t<\/div>\n\t\t<div class=\"elementor-element elementor-element-b128bd6 e-grid e-con-boxed e-con e-child\" data-id=\"b128bd6\" data-element_type=\"container\" data-e-type=\"container\">\n\t\t\t\t\t<div class=\"e-con-inner\">\n\t\t\t\t<div class=\"elementor-element elementor-element-d92cb47 elementor-widget elementor-widget-text-editor\" data-id=\"d92cb47\" data-element_type=\"widget\" data-e-type=\"widget\" data-widget_type=\"text-editor.default\">\n\t\t\t\t<div class=\"elementor-widget-container\">\n\t\t\t\t\t\t\t\t\t<h3 class=\"destinataire\"><strong>Woning Pierre B\u00e9r\u00e9govoy<br \/><\/strong><\/h3><div class=\"streetAddress\">1 Dauphin\u00e9laan<br \/>93330 Neuilly-sur-Marne<\/div><div>\u00a0<\/div><div class=\"streetAddress\"><span class=\"telephone\">\ud83d\udcde 01 43 00 24 20<br \/><\/span><\/div><div>\u00a0<\/div><div class=\"streetAddress\"><a class=\"email\" title=\"ce.0931512n@ac-creteil.fr\" href=\"mailto:rapb@neuillysurmarne.fr\">\ud83d\udce7<strong> rapb@neuillysurmarne.fr<\/strong><\/a><\/div>\t\t\t\t\t\t\t\t<\/div>\n\t\t\t\t<\/div>\n\t\t\t\t<div class=\"elementor-element elementor-element-de0d7b8 elementor-widget elementor-widget-google_maps\" data-id=\"de0d7b8\" data-element_type=\"widget\" data-e-type=\"widget\" data-widget_type=\"google_maps.default\">\n\t\t\t\t<div class=\"elementor-widget-container\">\n\t\t\t\t\t\t\t<div class=\"elementor-custom-embed\">\n\t\t\t<iframe loading=\"lazy\"\n\t\t\t\t\tsrc=\"https:\/\/maps.google.com\/maps?q=1%20avenue%20du%20Dauphin%C3%A9%2C%2093330&#038;t=m&#038;z=17&#038;output=embed&#038;iwloc=near\"\n\t\t\t\t\ttitle=\"1 Dauphin\u00e9laan, 93330\"\n\t\t\t\t\taria-label=\"1 Dauphin\u00e9laan, 93330\"\n\t\t\t><\/iframe>\n\t\t<\/div>\n\t\t\t\t\t\t<\/div>\n\t\t\t\t<\/div>\n\t\t\t\t<div class=\"elementor-element elementor-element-4a1dda0 elementor-widget elementor-widget-image\" data-id=\"4a1dda0\" data-element_type=\"widget\" data-e-type=\"widget\" data-widget_type=\"image.default\">\n\t\t\t\t<div class=\"elementor-widget-container\">\n\t\t\t\t\t\t\t\t\t\t\t\t\t\t\t<img fetchpriority=\"high\" decoding=\"async\" width=\"2560\" height=\"1707\" src=\"https:\/\/www.neuillysurmarne.fr\/wp-content\/uploads\/2024\/06\/Colis-de-Noel-2-12.2023-3-scaled.jpg\" class=\"attachment-full size-full wp-image-8272\" alt=\"\" srcset=\"https:\/\/www.neuillysurmarne.fr\/wp-content\/uploads\/2024\/06\/Colis-de-Noel-2-12.2023-3-scaled.jpg 2560w, https:\/\/www.neuillysurmarne.fr\/wp-content\/uploads\/2024\/06\/Colis-de-Noel-2-12.2023-3-300x200.jpg 300w, https:\/\/www.neuillysurmarne.fr\/wp-content\/uploads\/2024\/06\/Colis-de-Noel-2-12.2023-3-1024x683.jpg 1024w, https:\/\/www.neuillysurmarne.fr\/wp-content\/uploads\/2024\/06\/Colis-de-Noel-2-12.2023-3-768x512.jpg 768w, https:\/\/www.neuillysurmarne.fr\/wp-content\/uploads\/2024\/06\/Colis-de-Noel-2-12.2023-3-1536x1024.jpg 1536w, https:\/\/www.neuillysurmarne.fr\/wp-content\/uploads\/2024\/06\/Colis-de-Noel-2-12.2023-3-2048x1365.jpg 2048w\" sizes=\"(max-width: 2560px) 100vw, 2560px\" \/>\t\t\t\t\t\t\t\t\t\t\t\t\t\t\t<\/div>\n\t\t\t\t<\/div>\n\t\t\t\t\t<\/div>\n\t\t\t\t<\/div>\n\t\t\t\t<\/div>","protected":false},"excerpt":{"rendered":"<p>Au c\u0153ur d\u2019un quartier vivant et proche des commerces, la R\u00e9sidence autonomie Pierre B\u00e9r\u00e9govoy offre une ind\u00e9pendance de vie \u00e9quivalente au domicile personnel, ainsi que le confort et la s\u00e9curit\u00e9 garantis par un h\u00e9bergement collectif. Cet \u00e9tablissement est un service municipal qui accueille des r\u00e9sidents autonomes de plus de 60 ans. Il est encadr\u00e9 par [&hellip;]<\/p>\n","protected":false},"author":2,"featured_media":8273,"parent":0,"menu_order":0,"comment_status":"closed","ping_status":"closed","template":"","meta":{"_acf_changed":false,"footnotes":""},"class_list":["post-8271","page","type-page","status-publish","has-post-thumbnail","hentry"],"acf":[],"yoast_head":"<!-- This site is optimized with the Yoast SEO plugin v27.4 - https:\/\/yoast.com\/product\/yoast-seo-wordpress\/ -->\n<title>R\u00e9sidence Pierre B\u00e9r\u00e9govoy - Mairie de Neuilly-sur-Marne<\/title>\n<meta name=\"robots\" content=\"index, follow, max-snippet:-1, max-image-preview:large, max-video-preview:-1\" \/>\n<link rel=\"canonical\" href=\"https:\/\/www.neuillysurmarne.fr\/nl\/residence-pierre-beregovoy\/\" \/>\n<meta property=\"og:locale\" content=\"nl_NL\" \/>\n<meta property=\"og:type\" content=\"article\" \/>\n<meta property=\"og:title\" content=\"R\u00e9sidence Pierre B\u00e9r\u00e9govoy - Mairie de Neuilly-sur-Marne\" \/>\n<meta property=\"og:description\" content=\"Au c\u0153ur d\u2019un quartier vivant et proche des commerces, la R\u00e9sidence autonomie Pierre B\u00e9r\u00e9govoy offre une ind\u00e9pendance de vie \u00e9quivalente au domicile personnel, ainsi que le confort et la s\u00e9curit\u00e9 garantis par un h\u00e9bergement collectif. Cet \u00e9tablissement est un service municipal qui accueille des r\u00e9sidents autonomes de plus de 60 ans. Il est encadr\u00e9 par [&hellip;]\" \/>\n<meta property=\"og:url\" content=\"https:\/\/www.neuillysurmarne.fr\/nl\/residence-pierre-beregovoy\/\" \/>\n<meta property=\"og:site_name\" content=\"Mairie de Neuilly-sur-Marne\" \/>\n<meta property=\"article:publisher\" content=\"https:\/\/www.facebook.com\/ville.neuilly\" \/>\n<meta property=\"article:modified_time\" content=\"2024-06-05T18:16:50+00:00\" \/>\n<meta property=\"og:image\" content=\"https:\/\/www.neuillysurmarne.fr\/wp-content\/uploads\/2024\/06\/Colis-de-Noel-2-12.2023-5-scaled.jpg\" \/>\n\t<meta property=\"og:image:width\" content=\"2560\" \/>\n\t<meta property=\"og:image:height\" content=\"1707\" \/>\n\t<meta property=\"og:image:type\" content=\"image\/jpeg\" \/>\n<meta name=\"twitter:card\" content=\"summary_large_image\" \/>\n<meta name=\"twitter:label1\" content=\"Geschatte leestijd\" \/>\n\t<meta name=\"twitter:data1\" content=\"8 minuten\" \/>\n<script type=\"application\/ld+json\" class=\"yoast-schema-graph\">{\"@context\":\"https:\\\/\\\/schema.org\",\"@graph\":[{\"@type\":\"WebPage\",\"@id\":\"https:\\\/\\\/www.neuillysurmarne.fr\\\/residence-pierre-beregovoy\\\/\",\"url\":\"https:\\\/\\\/www.neuillysurmarne.fr\\\/residence-pierre-beregovoy\\\/\",\"name\":\"R\u00e9sidence Pierre B\u00e9r\u00e9govoy - Mairie de Neuilly-sur-Marne\",\"isPartOf\":{\"@id\":\"https:\\\/\\\/www.neuillysurmarne.fr\\\/es\\\/#website\"},\"primaryImageOfPage\":{\"@id\":\"https:\\\/\\\/www.neuillysurmarne.fr\\\/residence-pierre-beregovoy\\\/#primaryimage\"},\"image\":{\"@id\":\"https:\\\/\\\/www.neuillysurmarne.fr\\\/residence-pierre-beregovoy\\\/#primaryimage\"},\"thumbnailUrl\":\"https:\\\/\\\/www.neuillysurmarne.fr\\\/wp-content\\\/uploads\\\/2024\\\/06\\\/Colis-de-Noel-2-12.2023-5-scaled.jpg\",\"datePublished\":\"2024-06-05T18:01:31+00:00\",\"dateModified\":\"2024-06-05T18:16:50+00:00\",\"breadcrumb\":{\"@id\":\"https:\\\/\\\/www.neuillysurmarne.fr\\\/residence-pierre-beregovoy\\\/#breadcrumb\"},\"inLanguage\":\"nl-NL\",\"potentialAction\":[{\"@type\":\"ReadAction\",\"target\":[\"https:\\\/\\\/www.neuillysurmarne.fr\\\/residence-pierre-beregovoy\\\/\"]}]},{\"@type\":\"ImageObject\",\"inLanguage\":\"nl-NL\",\"@id\":\"https:\\\/\\\/www.neuillysurmarne.fr\\\/residence-pierre-beregovoy\\\/#primaryimage\",\"url\":\"https:\\\/\\\/www.neuillysurmarne.fr\\\/wp-content\\\/uploads\\\/2024\\\/06\\\/Colis-de-Noel-2-12.2023-5-scaled.jpg\",\"contentUrl\":\"https:\\\/\\\/www.neuillysurmarne.fr\\\/wp-content\\\/uploads\\\/2024\\\/06\\\/Colis-de-Noel-2-12.2023-5-scaled.jpg\",\"width\":2560,\"height\":1707},{\"@type\":\"BreadcrumbList\",\"@id\":\"https:\\\/\\\/www.neuillysurmarne.fr\\\/residence-pierre-beregovoy\\\/#breadcrumb\",\"itemListElement\":[{\"@type\":\"ListItem\",\"position\":1,\"name\":\"Accueil\",\"item\":\"https:\\\/\\\/www.neuillysurmarne.fr\\\/\"},{\"@type\":\"ListItem\",\"position\":2,\"name\":\"R\u00e9sidence Pierre B\u00e9r\u00e9govoy\"}]},{\"@type\":\"WebSite\",\"@id\":\"https:\\\/\\\/www.neuillysurmarne.fr\\\/es\\\/#website\",\"url\":\"https:\\\/\\\/www.neuillysurmarne.fr\\\/es\\\/\",\"name\":\"Mairie de Neuilly-sur-Marne\",\"description\":\"BETA\",\"publisher\":{\"@id\":\"https:\\\/\\\/www.neuillysurmarne.fr\\\/es\\\/#organization\"},\"potentialAction\":[{\"@type\":\"SearchAction\",\"target\":{\"@type\":\"EntryPoint\",\"urlTemplate\":\"https:\\\/\\\/www.neuillysurmarne.fr\\\/es\\\/?s={search_term_string}\"},\"query-input\":{\"@type\":\"PropertyValueSpecification\",\"valueRequired\":true,\"valueName\":\"search_term_string\"}}],\"inLanguage\":\"nl-NL\"},{\"@type\":\"Organization\",\"@id\":\"https:\\\/\\\/www.neuillysurmarne.fr\\\/es\\\/#organization\",\"name\":\"Mairie de Neuilly-sur-Marne\",\"url\":\"https:\\\/\\\/www.neuillysurmarne.fr\\\/es\\\/\",\"logo\":{\"@type\":\"ImageObject\",\"inLanguage\":\"nl-NL\",\"@id\":\"https:\\\/\\\/www.neuillysurmarne.fr\\\/es\\\/#\\\/schema\\\/logo\\\/image\\\/\",\"url\":\"https:\\\/\\\/www.neuillysurmarne.fr\\\/wp-content\\\/uploads\\\/2023\\\/10\\\/LOGO-NeuillysurMarne-blanc.png\",\"contentUrl\":\"https:\\\/\\\/www.neuillysurmarne.fr\\\/wp-content\\\/uploads\\\/2023\\\/10\\\/LOGO-NeuillysurMarne-blanc.png\",\"width\":3308,\"height\":2586,\"caption\":\"Mairie de Neuilly-sur-Marne\"},\"image\":{\"@id\":\"https:\\\/\\\/www.neuillysurmarne.fr\\\/es\\\/#\\\/schema\\\/logo\\\/image\\\/\"},\"sameAs\":[\"https:\\\/\\\/www.facebook.com\\\/ville.neuilly\",\"https:\\\/\\\/www.instagram.com\\\/neuilly_marne\\\/\",\"https:\\\/\\\/www.linkedin.com\\\/company\\\/ville-de-neuilly-sur-marne\\\/\",\"https:\\\/\\\/www.youtube.com\\\/channel\\\/UCDdZ0TLrV8rfIqjBGvoeB5A\",\"https:\\\/\\\/www.tiktok.com\\\/@villedeneuillysurmarne\"]}]}<\/script>\n<!-- \/ Yoast SEO plugin. -->","yoast_head_json":{"title":"R\u00e9sidence Pierre B\u00e9r\u00e9govoy - Mairie de Neuilly-sur-Marne","robots":{"index":"index","follow":"follow","max-snippet":"max-snippet:-1","max-image-preview":"max-image-preview:large","max-video-preview":"max-video-preview:-1"},"canonical":"https:\/\/www.neuillysurmarne.fr\/nl\/residence-pierre-beregovoy\/","og_locale":"nl_NL","og_type":"article","og_title":"R\u00e9sidence Pierre B\u00e9r\u00e9govoy - Mairie de Neuilly-sur-Marne","og_description":"Au c\u0153ur d\u2019un quartier vivant et proche des commerces, la R\u00e9sidence autonomie Pierre B\u00e9r\u00e9govoy offre une ind\u00e9pendance de vie \u00e9quivalente au domicile personnel, ainsi que le confort et la s\u00e9curit\u00e9 garantis par un h\u00e9bergement collectif. Cet \u00e9tablissement est un service municipal qui accueille des r\u00e9sidents autonomes de plus de 60 ans. Il est encadr\u00e9 par [&hellip;]","og_url":"https:\/\/www.neuillysurmarne.fr\/nl\/residence-pierre-beregovoy\/","og_site_name":"Mairie de Neuilly-sur-Marne","article_publisher":"https:\/\/www.facebook.com\/ville.neuilly","article_modified_time":"2024-06-05T18:16:50+00:00","og_image":[{"width":2560,"height":1707,"url":"https:\/\/www.neuillysurmarne.fr\/wp-content\/uploads\/2024\/06\/Colis-de-Noel-2-12.2023-5-scaled.jpg","type":"image\/jpeg"}],"twitter_card":"summary_large_image","twitter_misc":{"Geschatte leestijd":"8 minuten"},"schema":{"@context":"https:\/\/schema.org","@graph":[{"@type":"WebPage","@id":"https:\/\/www.neuillysurmarne.fr\/residence-pierre-beregovoy\/","url":"https:\/\/www.neuillysurmarne.fr\/residence-pierre-beregovoy\/","name":"R\u00e9sidence Pierre B\u00e9r\u00e9govoy - Mairie de Neuilly-sur-Marne","isPartOf":{"@id":"https:\/\/www.neuillysurmarne.fr\/es\/#website"},"primaryImageOfPage":{"@id":"https:\/\/www.neuillysurmarne.fr\/residence-pierre-beregovoy\/#primaryimage"},"image":{"@id":"https:\/\/www.neuillysurmarne.fr\/residence-pierre-beregovoy\/#primaryimage"},"thumbnailUrl":"https:\/\/www.neuillysurmarne.fr\/wp-content\/uploads\/2024\/06\/Colis-de-Noel-2-12.2023-5-scaled.jpg","datePublished":"2024-06-05T18:01:31+00:00","dateModified":"2024-06-05T18:16:50+00:00","breadcrumb":{"@id":"https:\/\/www.neuillysurmarne.fr\/residence-pierre-beregovoy\/#breadcrumb"},"inLanguage":"nl-NL","potentialAction":[{"@type":"ReadAction","target":["https:\/\/www.neuillysurmarne.fr\/residence-pierre-beregovoy\/"]}]},{"@type":"ImageObject","inLanguage":"nl-NL","@id":"https:\/\/www.neuillysurmarne.fr\/residence-pierre-beregovoy\/#primaryimage","url":"https:\/\/www.neuillysurmarne.fr\/wp-content\/uploads\/2024\/06\/Colis-de-Noel-2-12.2023-5-scaled.jpg","contentUrl":"https:\/\/www.neuillysurmarne.fr\/wp-content\/uploads\/2024\/06\/Colis-de-Noel-2-12.2023-5-scaled.jpg","width":2560,"height":1707},{"@type":"BreadcrumbList","@id":"https:\/\/www.neuillysurmarne.fr\/residence-pierre-beregovoy\/#breadcrumb","itemListElement":[{"@type":"ListItem","position":1,"name":"Accueil","item":"https:\/\/www.neuillysurmarne.fr\/"},{"@type":"ListItem","position":2,"name":"R\u00e9sidence Pierre B\u00e9r\u00e9govoy"}]},{"@type":"WebSite","@id":"https:\/\/www.neuillysurmarne.fr\/es\/#website","url":"https:\/\/www.neuillysurmarne.fr\/es\/","name":"Stadhuis van Neuilly-sur-Marne","description":"BETA","publisher":{"@id":"https:\/\/www.neuillysurmarne.fr\/es\/#organization"},"potentialAction":[{"@type":"SearchAction","target":{"@type":"EntryPoint","urlTemplate":"https:\/\/www.neuillysurmarne.fr\/es\/?s={search_term_string}"},"query-input":{"@type":"PropertyValueSpecification","valueRequired":true,"valueName":"search_term_string"}}],"inLanguage":"nl-NL"},{"@type":"Organization","@id":"https:\/\/www.neuillysurmarne.fr\/es\/#organization","name":"Stadhuis van Neuilly-sur-Marne","url":"https:\/\/www.neuillysurmarne.fr\/es\/","logo":{"@type":"ImageObject","inLanguage":"nl-NL","@id":"https:\/\/www.neuillysurmarne.fr\/es\/#\/schema\/logo\/image\/","url":"https:\/\/www.neuillysurmarne.fr\/wp-content\/uploads\/2023\/10\/LOGO-NeuillysurMarne-blanc.png","contentUrl":"https:\/\/www.neuillysurmarne.fr\/wp-content\/uploads\/2023\/10\/LOGO-NeuillysurMarne-blanc.png","width":3308,"height":2586,"caption":"Mairie de Neuilly-sur-Marne"},"image":{"@id":"https:\/\/www.neuillysurmarne.fr\/es\/#\/schema\/logo\/image\/"},"sameAs":["https:\/\/www.facebook.com\/ville.neuilly","https:\/\/www.instagram.com\/neuilly_marne\/","https:\/\/www.linkedin.com\/company\/ville-de-neuilly-sur-marne\/","https:\/\/www.youtube.com\/channel\/UCDdZ0TLrV8rfIqjBGvoeB5A","https:\/\/www.tiktok.com\/@villedeneuillysurmarne"]}]}},"_links":{"self":[{"href":"https:\/\/www.neuillysurmarne.fr\/nl\/wp-json\/wp\/v2\/pages\/8271","targetHints":{"allow":["GET"]}}],"collection":[{"href":"https:\/\/www.neuillysurmarne.fr\/nl\/wp-json\/wp\/v2\/pages"}],"about":[{"href":"https:\/\/www.neuillysurmarne.fr\/nl\/wp-json\/wp\/v2\/types\/page"}],"author":[{"embeddable":true,"href":"https:\/\/www.neuillysurmarne.fr\/nl\/wp-json\/wp\/v2\/users\/2"}],"replies":[{"embeddable":true,"href":"https:\/\/www.neuillysurmarne.fr\/nl\/wp-json\/wp\/v2\/comments?post=8271"}],"version-history":[{"count":10,"href":"https:\/\/www.neuillysurmarne.fr\/nl\/wp-json\/wp\/v2\/pages\/8271\/revisions"}],"predecessor-version":[{"id":8292,"href":"https:\/\/www.neuillysurmarne.fr\/nl\/wp-json\/wp\/v2\/pages\/8271\/revisions\/8292"}],"wp:featuredmedia":[{"embeddable":true,"href":"https:\/\/www.neuillysurmarne.fr\/nl\/wp-json\/wp\/v2\/media\/8273"}],"wp:attachment":[{"href":"https:\/\/www.neuillysurmarne.fr\/nl\/wp-json\/wp\/v2\/media?parent=8271"}],"curies":[{"name":"wp","href":"https:\/\/api.w.org\/{rel}","templated":true}]}}