{"id":15973,"date":"2025-08-11T17:38:50","date_gmt":"2025-08-11T15:38:50","guid":{"rendered":"https:\/\/www.neuillysurmarne.fr\/?post_type=evenements&#038;p=15973"},"modified":"2026-02-13T18:02:55","modified_gmt":"2026-02-13T17:02:55","slug":"concert-des-musiques-actuelles","status":"publish","type":"evenements","link":"https:\/\/www.neuillysurmarne.fr\/pt\/evenements\/concert-des-musiques-actuelles\/","title":{"rendered":"Concert des musiques actuelles"},"content":{"rendered":"<h3><strong>Concerto<\/strong><br \/>\n<strong>MUSIQUES ACTUELLES<\/strong><\/h3>\n<p><b>Samedi 23 mai \u00e0 20h30<br \/>\nComplexe Marcel Pagnol<\/b><\/p>\n<p><em>P\u00fablico em geral<br \/>\nGratuit sur r\u00e9servation au 01 43 08 41 89 \/<strong><a href=\"mailto:resa.conservatoire@neuillysurmarne.fr\">resa.conservatoire@neuillysurmarne.fr<\/a><\/strong><\/em><\/p>\n<h3><strong>Inspir\u00e9 du Comte de Monte-Cristo<\/strong><\/h3>\n<p>Laissez-vous emporter par un moment unique o\u00f9 musique actuelle et danse contemporaine se rencontrent sur sc\u00e8ne. Les \u00e9l\u00e8ves du conservatoire municipal proposent un concert vibrant m\u00ealant rock, \u00e9lectro, hip-hop et jazz, tout en explorant de nouvelles expressions chor\u00e9graphiques.<\/p>\n<p><a href=\"https:\/\/www.neuillysurmarne.fr\/wp-content\/uploads\/2025\/08\/05-23-Concert-musiques-actuelles_page-0001.jpg\"><img fetchpriority=\"high\" decoding=\"async\" class=\"aligncenter wp-image-17429 size-large\" src=\"https:\/\/www.neuillysurmarne.fr\/wp-content\/uploads\/2025\/08\/05-23-Concert-musiques-actuelles_page-0001-725x1024.jpg\" alt=\"\" width=\"725\" height=\"1024\" srcset=\"https:\/\/www.neuillysurmarne.fr\/wp-content\/uploads\/2025\/08\/05-23-Concert-musiques-actuelles_page-0001-725x1024.jpg 725w, https:\/\/www.neuillysurmarne.fr\/wp-content\/uploads\/2025\/08\/05-23-Concert-musiques-actuelles_page-0001-212x300.jpg 212w, https:\/\/www.neuillysurmarne.fr\/wp-content\/uploads\/2025\/08\/05-23-Concert-musiques-actuelles_page-0001-768x1085.jpg 768w, https:\/\/www.neuillysurmarne.fr\/wp-content\/uploads\/2025\/08\/05-23-Concert-musiques-actuelles_page-0001-1087x1536.jpg 1087w, https:\/\/www.neuillysurmarne.fr\/wp-content\/uploads\/2025\/08\/05-23-Concert-musiques-actuelles_page-0001-8x12.jpg 8w, https:\/\/www.neuillysurmarne.fr\/wp-content\/uploads\/2025\/08\/05-23-Concert-musiques-actuelles_page-0001.jpg 1241w\" sizes=\"(max-width: 725px) 100vw, 725px\" \/><\/a><\/p>","protected":false},"featured_media":17429,"template":"","categorie-evenement":[247,232],"class_list":["post-15973","evenements","type-evenements","status-publish","has-post-thumbnail","hentry","categorie-evenement-a-la-une","categorie-evenement-culture"],"acf":[],"yoast_head":"<!-- This site is optimized with the Yoast SEO plugin v27.4 - https:\/\/yoast.com\/product\/yoast-seo-wordpress\/ -->\n<title>Concert des musiques actuelles - Mairie de Neuilly-sur-Marne<\/title>\n<meta name=\"robots\" content=\"index, follow, max-snippet:-1, max-image-preview:large, max-video-preview:-1\" \/>\n<link rel=\"canonical\" href=\"https:\/\/www.neuillysurmarne.fr\/pt\/evenements\/concert-des-musiques-actuelles\/\" \/>\n<meta property=\"og:locale\" content=\"pt_PT\" \/>\n<meta property=\"og:type\" content=\"article\" \/>\n<meta property=\"og:title\" content=\"Concert des musiques actuelles - Mairie de Neuilly-sur-Marne\" \/>\n<meta property=\"og:description\" content=\"Concert MUSIQUES ACTUELLES Samedi 23 mai \u00e0 20h30 Complexe Marcel Pagnol Tout public Gratuit sur r\u00e9servation au 01 43 08 41 89 \/resa.conservatoire@neuillysurmarne.fr Inspir\u00e9 du Comte de Monte-Cristo Laissez-vous emporter par un moment unique o\u00f9 musique actuelle et danse contemporaine se rencontrent sur sc\u00e8ne. Les \u00e9l\u00e8ves du conservatoire municipal proposent un concert vibrant m\u00ealant rock, [&hellip;]\" \/>\n<meta property=\"og:url\" content=\"https:\/\/www.neuillysurmarne.fr\/pt\/evenements\/concert-des-musiques-actuelles\/\" \/>\n<meta property=\"og:site_name\" content=\"Mairie de Neuilly-sur-Marne\" \/>\n<meta property=\"article:publisher\" content=\"https:\/\/www.facebook.com\/ville.neuilly\" \/>\n<meta property=\"article:modified_time\" content=\"2026-02-13T17:02:55+00:00\" \/>\n<meta property=\"og:image\" content=\"https:\/\/www.neuillysurmarne.fr\/wp-content\/uploads\/2025\/08\/05-23-Concert-musiques-actuelles_page-0001.jpg\" \/>\n\t<meta property=\"og:image:width\" content=\"1241\" \/>\n\t<meta property=\"og:image:height\" content=\"1754\" \/>\n\t<meta property=\"og:image:type\" content=\"image\/jpeg\" \/>\n<meta name=\"twitter:card\" content=\"summary_large_image\" \/>\n<meta name=\"twitter:label1\" content=\"Tempo estimado de leitura\" \/>\n\t<meta name=\"twitter:data1\" content=\"1 minuto\" \/>\n<script type=\"application\/ld+json\" class=\"yoast-schema-graph\">{\"@context\":\"https:\\\/\\\/schema.org\",\"@graph\":[{\"@type\":\"WebPage\",\"@id\":\"https:\\\/\\\/www.neuillysurmarne.fr\\\/evenements\\\/concert-des-musiques-actuelles\\\/\",\"url\":\"https:\\\/\\\/www.neuillysurmarne.fr\\\/evenements\\\/concert-des-musiques-actuelles\\\/\",\"name\":\"Concert des musiques actuelles - Mairie de Neuilly-sur-Marne\",\"isPartOf\":{\"@id\":\"https:\\\/\\\/www.neuillysurmarne.fr\\\/es\\\/#website\"},\"primaryImageOfPage\":{\"@id\":\"https:\\\/\\\/www.neuillysurmarne.fr\\\/evenements\\\/concert-des-musiques-actuelles\\\/#primaryimage\"},\"image\":{\"@id\":\"https:\\\/\\\/www.neuillysurmarne.fr\\\/evenements\\\/concert-des-musiques-actuelles\\\/#primaryimage\"},\"thumbnailUrl\":\"https:\\\/\\\/www.neuillysurmarne.fr\\\/wp-content\\\/uploads\\\/2025\\\/08\\\/05-23-Concert-musiques-actuelles_page-0001.jpg\",\"datePublished\":\"2025-08-11T15:38:50+00:00\",\"dateModified\":\"2026-02-13T17:02:55+00:00\",\"breadcrumb\":{\"@id\":\"https:\\\/\\\/www.neuillysurmarne.fr\\\/evenements\\\/concert-des-musiques-actuelles\\\/#breadcrumb\"},\"inLanguage\":\"pt-PT\",\"potentialAction\":[{\"@type\":\"ReadAction\",\"target\":[\"https:\\\/\\\/www.neuillysurmarne.fr\\\/evenements\\\/concert-des-musiques-actuelles\\\/\"]}]},{\"@type\":\"ImageObject\",\"inLanguage\":\"pt-PT\",\"@id\":\"https:\\\/\\\/www.neuillysurmarne.fr\\\/evenements\\\/concert-des-musiques-actuelles\\\/#primaryimage\",\"url\":\"https:\\\/\\\/www.neuillysurmarne.fr\\\/wp-content\\\/uploads\\\/2025\\\/08\\\/05-23-Concert-musiques-actuelles_page-0001.jpg\",\"contentUrl\":\"https:\\\/\\\/www.neuillysurmarne.fr\\\/wp-content\\\/uploads\\\/2025\\\/08\\\/05-23-Concert-musiques-actuelles_page-0001.jpg\",\"width\":1241,\"height\":1754},{\"@type\":\"BreadcrumbList\",\"@id\":\"https:\\\/\\\/www.neuillysurmarne.fr\\\/evenements\\\/concert-des-musiques-actuelles\\\/#breadcrumb\",\"itemListElement\":[{\"@type\":\"ListItem\",\"position\":1,\"name\":\"Accueil\",\"item\":\"https:\\\/\\\/www.neuillysurmarne.fr\\\/\"},{\"@type\":\"ListItem\",\"position\":2,\"name\":\"Concert des musiques actuelles\"}]},{\"@type\":\"WebSite\",\"@id\":\"https:\\\/\\\/www.neuillysurmarne.fr\\\/es\\\/#website\",\"url\":\"https:\\\/\\\/www.neuillysurmarne.fr\\\/es\\\/\",\"name\":\"Mairie de Neuilly-sur-Marne\",\"description\":\"BETA\",\"publisher\":{\"@id\":\"https:\\\/\\\/www.neuillysurmarne.fr\\\/es\\\/#organization\"},\"potentialAction\":[{\"@type\":\"SearchAction\",\"target\":{\"@type\":\"EntryPoint\",\"urlTemplate\":\"https:\\\/\\\/www.neuillysurmarne.fr\\\/es\\\/?s={search_term_string}\"},\"query-input\":{\"@type\":\"PropertyValueSpecification\",\"valueRequired\":true,\"valueName\":\"search_term_string\"}}],\"inLanguage\":\"pt-PT\"},{\"@type\":\"Organization\",\"@id\":\"https:\\\/\\\/www.neuillysurmarne.fr\\\/es\\\/#organization\",\"name\":\"Mairie de Neuilly-sur-Marne\",\"url\":\"https:\\\/\\\/www.neuillysurmarne.fr\\\/es\\\/\",\"logo\":{\"@type\":\"ImageObject\",\"inLanguage\":\"pt-PT\",\"@id\":\"https:\\\/\\\/www.neuillysurmarne.fr\\\/es\\\/#\\\/schema\\\/logo\\\/image\\\/\",\"url\":\"https:\\\/\\\/www.neuillysurmarne.fr\\\/wp-content\\\/uploads\\\/2023\\\/10\\\/LOGO-NeuillysurMarne-blanc.png\",\"contentUrl\":\"https:\\\/\\\/www.neuillysurmarne.fr\\\/wp-content\\\/uploads\\\/2023\\\/10\\\/LOGO-NeuillysurMarne-blanc.png\",\"width\":3308,\"height\":2586,\"caption\":\"Mairie de Neuilly-sur-Marne\"},\"image\":{\"@id\":\"https:\\\/\\\/www.neuillysurmarne.fr\\\/es\\\/#\\\/schema\\\/logo\\\/image\\\/\"},\"sameAs\":[\"https:\\\/\\\/www.facebook.com\\\/ville.neuilly\",\"https:\\\/\\\/www.instagram.com\\\/neuilly_marne\\\/\",\"https:\\\/\\\/www.linkedin.com\\\/company\\\/ville-de-neuilly-sur-marne\\\/\",\"https:\\\/\\\/www.youtube.com\\\/channel\\\/UCDdZ0TLrV8rfIqjBGvoeB5A\",\"https:\\\/\\\/www.tiktok.com\\\/@villedeneuillysurmarne\"]}]}<\/script>\n<!-- \/ Yoast SEO plugin. -->","yoast_head_json":{"title":"Concert des musiques actuelles - Mairie de Neuilly-sur-Marne","robots":{"index":"index","follow":"follow","max-snippet":"max-snippet:-1","max-image-preview":"max-image-preview:large","max-video-preview":"max-video-preview:-1"},"canonical":"https:\/\/www.neuillysurmarne.fr\/pt\/evenements\/concert-des-musiques-actuelles\/","og_locale":"pt_PT","og_type":"article","og_title":"Concert des musiques actuelles - Mairie de Neuilly-sur-Marne","og_description":"Concert MUSIQUES ACTUELLES Samedi 23 mai \u00e0 20h30 Complexe Marcel Pagnol Tout public Gratuit sur r\u00e9servation au 01 43 08 41 89 \/resa.conservatoire@neuillysurmarne.fr Inspir\u00e9 du Comte de Monte-Cristo Laissez-vous emporter par un moment unique o\u00f9 musique actuelle et danse contemporaine se rencontrent sur sc\u00e8ne. Les \u00e9l\u00e8ves du conservatoire municipal proposent un concert vibrant m\u00ealant rock, [&hellip;]","og_url":"https:\/\/www.neuillysurmarne.fr\/pt\/evenements\/concert-des-musiques-actuelles\/","og_site_name":"Mairie de Neuilly-sur-Marne","article_publisher":"https:\/\/www.facebook.com\/ville.neuilly","article_modified_time":"2026-02-13T17:02:55+00:00","og_image":[{"width":1241,"height":1754,"url":"https:\/\/www.neuillysurmarne.fr\/wp-content\/uploads\/2025\/08\/05-23-Concert-musiques-actuelles_page-0001.jpg","type":"image\/jpeg"}],"twitter_card":"summary_large_image","twitter_misc":{"Tempo estimado de leitura":"1 minuto"},"schema":{"@context":"https:\/\/schema.org","@graph":[{"@type":"WebPage","@id":"https:\/\/www.neuillysurmarne.fr\/evenements\/concert-des-musiques-actuelles\/","url":"https:\/\/www.neuillysurmarne.fr\/evenements\/concert-des-musiques-actuelles\/","name":"Concert des musiques actuelles - Mairie de Neuilly-sur-Marne","isPartOf":{"@id":"https:\/\/www.neuillysurmarne.fr\/es\/#website"},"primaryImageOfPage":{"@id":"https:\/\/www.neuillysurmarne.fr\/evenements\/concert-des-musiques-actuelles\/#primaryimage"},"image":{"@id":"https:\/\/www.neuillysurmarne.fr\/evenements\/concert-des-musiques-actuelles\/#primaryimage"},"thumbnailUrl":"https:\/\/www.neuillysurmarne.fr\/wp-content\/uploads\/2025\/08\/05-23-Concert-musiques-actuelles_page-0001.jpg","datePublished":"2025-08-11T15:38:50+00:00","dateModified":"2026-02-13T17:02:55+00:00","breadcrumb":{"@id":"https:\/\/www.neuillysurmarne.fr\/evenements\/concert-des-musiques-actuelles\/#breadcrumb"},"inLanguage":"pt-PT","potentialAction":[{"@type":"ReadAction","target":["https:\/\/www.neuillysurmarne.fr\/evenements\/concert-des-musiques-actuelles\/"]}]},{"@type":"ImageObject","inLanguage":"pt-PT","@id":"https:\/\/www.neuillysurmarne.fr\/evenements\/concert-des-musiques-actuelles\/#primaryimage","url":"https:\/\/www.neuillysurmarne.fr\/wp-content\/uploads\/2025\/08\/05-23-Concert-musiques-actuelles_page-0001.jpg","contentUrl":"https:\/\/www.neuillysurmarne.fr\/wp-content\/uploads\/2025\/08\/05-23-Concert-musiques-actuelles_page-0001.jpg","width":1241,"height":1754},{"@type":"BreadcrumbList","@id":"https:\/\/www.neuillysurmarne.fr\/evenements\/concert-des-musiques-actuelles\/#breadcrumb","itemListElement":[{"@type":"ListItem","position":1,"name":"Accueil","item":"https:\/\/www.neuillysurmarne.fr\/"},{"@type":"ListItem","position":2,"name":"Concert des musiques actuelles"}]},{"@type":"WebSite","@id":"https:\/\/www.neuillysurmarne.fr\/es\/#website","url":"https:\/\/www.neuillysurmarne.fr\/es\/","name":"C\u00e2mara Municipal de Neuilly-sur-Marne","description":"BETA","publisher":{"@id":"https:\/\/www.neuillysurmarne.fr\/es\/#organization"},"potentialAction":[{"@type":"SearchAction","target":{"@type":"EntryPoint","urlTemplate":"https:\/\/www.neuillysurmarne.fr\/es\/?s={search_term_string}"},"query-input":{"@type":"PropertyValueSpecification","valueRequired":true,"valueName":"search_term_string"}}],"inLanguage":"pt-PT"},{"@type":"Organization","@id":"https:\/\/www.neuillysurmarne.fr\/es\/#organization","name":"C\u00e2mara Municipal de Neuilly-sur-Marne","url":"https:\/\/www.neuillysurmarne.fr\/es\/","logo":{"@type":"ImageObject","inLanguage":"pt-PT","@id":"https:\/\/www.neuillysurmarne.fr\/es\/#\/schema\/logo\/image\/","url":"https:\/\/www.neuillysurmarne.fr\/wp-content\/uploads\/2023\/10\/LOGO-NeuillysurMarne-blanc.png","contentUrl":"https:\/\/www.neuillysurmarne.fr\/wp-content\/uploads\/2023\/10\/LOGO-NeuillysurMarne-blanc.png","width":3308,"height":2586,"caption":"Mairie de Neuilly-sur-Marne"},"image":{"@id":"https:\/\/www.neuillysurmarne.fr\/es\/#\/schema\/logo\/image\/"},"sameAs":["https:\/\/www.facebook.com\/ville.neuilly","https:\/\/www.instagram.com\/neuilly_marne\/","https:\/\/www.linkedin.com\/company\/ville-de-neuilly-sur-marne\/","https:\/\/www.youtube.com\/channel\/UCDdZ0TLrV8rfIqjBGvoeB5A","https:\/\/www.tiktok.com\/@villedeneuillysurmarne"]}]}},"_links":{"self":[{"href":"https:\/\/www.neuillysurmarne.fr\/pt\/wp-json\/wp\/v2\/evenements\/15973","targetHints":{"allow":["GET"]}}],"collection":[{"href":"https:\/\/www.neuillysurmarne.fr\/pt\/wp-json\/wp\/v2\/evenements"}],"about":[{"href":"https:\/\/www.neuillysurmarne.fr\/pt\/wp-json\/wp\/v2\/types\/evenements"}],"wp:featuredmedia":[{"embeddable":true,"href":"https:\/\/www.neuillysurmarne.fr\/pt\/wp-json\/wp\/v2\/media\/17429"}],"wp:attachment":[{"href":"https:\/\/www.neuillysurmarne.fr\/pt\/wp-json\/wp\/v2\/media?parent=15973"}],"wp:term":[{"taxonomy":"categorie-evenement","embeddable":true,"href":"https:\/\/www.neuillysurmarne.fr\/pt\/wp-json\/wp\/v2\/categorie-evenement?post=15973"}],"curies":[{"name":"wp","href":"https:\/\/api.w.org\/{rel}","templated":true}]}}