{"id":17760,"date":"2026-03-31T17:54:54","date_gmt":"2026-03-31T15:54:54","guid":{"rendered":"https:\/\/www.neuillysurmarne.fr\/?post_type=evenements&#038;p=17760"},"modified":"2026-03-31T17:54:54","modified_gmt":"2026-03-31T15:54:54","slug":"debat-theatral-du-cote-de-la-vie","status":"publish","type":"evenements","link":"https:\/\/www.neuillysurmarne.fr\/pt\/evenements\/debat-theatral-du-cote-de-la-vie\/","title":{"rendered":"D\u00e9bat th\u00e9\u00e2tral &#8211; Du c\u00f4t\u00e9 de la vie"},"content":{"rendered":"<h3><strong>Seniores<br \/>\nDU C\u00d4T\u00c9 DE LA VIE<\/strong><\/h3>\n<p><b>Jeudi 11 juin de 14h \u00e0 16h<br \/>\nLudom\u00e9diath\u00e8que Antoine de Saint-Exup\u00e9ry<\/b><\/p>\n<p><em>P\u00fablico em geral<br \/>\nGratuit sur r\u00e9servation au 06 25 74 21 76<\/em><\/p>\n<p><strong>D\u00e9bat th\u00e9\u00e2tral sur le bien-\u00eatre et le maintien \u00e0 domicile des A\u00een\u00e9s<\/strong><\/p>\n<p><a href=\"https:\/\/www.neuillysurmarne.fr\/wp-content\/uploads\/2026\/03\/affiche-Du-cote-de-la-vie-scaled.png\"><img fetchpriority=\"high\" decoding=\"async\" class=\"aligncenter wp-image-17761 size-large\" src=\"https:\/\/www.neuillysurmarne.fr\/wp-content\/uploads\/2026\/03\/affiche-Du-cote-de-la-vie-724x1024.png\" alt=\"\" width=\"724\" height=\"1024\" srcset=\"https:\/\/www.neuillysurmarne.fr\/wp-content\/uploads\/2026\/03\/affiche-Du-cote-de-la-vie-724x1024.png 724w, https:\/\/www.neuillysurmarne.fr\/wp-content\/uploads\/2026\/03\/affiche-Du-cote-de-la-vie-212x300.png 212w, https:\/\/www.neuillysurmarne.fr\/wp-content\/uploads\/2026\/03\/affiche-Du-cote-de-la-vie-768x1086.png 768w, https:\/\/www.neuillysurmarne.fr\/wp-content\/uploads\/2026\/03\/affiche-Du-cote-de-la-vie-1086x1536.png 1086w, https:\/\/www.neuillysurmarne.fr\/wp-content\/uploads\/2026\/03\/affiche-Du-cote-de-la-vie-1448x2048.png 1448w, https:\/\/www.neuillysurmarne.fr\/wp-content\/uploads\/2026\/03\/affiche-Du-cote-de-la-vie-8x12.png 8w, https:\/\/www.neuillysurmarne.fr\/wp-content\/uploads\/2026\/03\/affiche-Du-cote-de-la-vie-scaled.png 1811w\" sizes=\"(max-width: 724px) 100vw, 724px\" \/><\/a><\/p>","protected":false},"featured_media":17761,"template":"","categorie-evenement":[247,255],"class_list":["post-17760","evenements","type-evenements","status-publish","has-post-thumbnail","hentry","categorie-evenement-a-la-une","categorie-evenement-aines"],"acf":[],"yoast_head":"<!-- This site is optimized with the Yoast SEO plugin v27.4 - https:\/\/yoast.com\/product\/yoast-seo-wordpress\/ -->\n<title>D\u00e9bat th\u00e9\u00e2tral - Du c\u00f4t\u00e9 de la vie - Mairie de Neuilly-sur-Marne<\/title>\n<meta name=\"robots\" content=\"index, follow, max-snippet:-1, max-image-preview:large, max-video-preview:-1\" \/>\n<link rel=\"canonical\" href=\"https:\/\/www.neuillysurmarne.fr\/pt\/evenements\/debat-theatral-du-cote-de-la-vie\/\" \/>\n<meta property=\"og:locale\" content=\"pt_PT\" \/>\n<meta property=\"og:type\" content=\"article\" \/>\n<meta property=\"og:title\" content=\"D\u00e9bat th\u00e9\u00e2tral - Du c\u00f4t\u00e9 de la vie - Mairie de Neuilly-sur-Marne\" \/>\n<meta property=\"og:description\" content=\"Seniors DU C\u00d4T\u00c9 DE LA VIE Jeudi 11 juin de 14h \u00e0 16h Ludom\u00e9diath\u00e8que Antoine de Saint-Exup\u00e9ry Tout public Gratuit sur r\u00e9servation au 06 25 74 21 76 D\u00e9bat th\u00e9\u00e2tral sur le bien-\u00eatre et le maintien \u00e0 domicile des A\u00een\u00e9s\" \/>\n<meta property=\"og:url\" content=\"https:\/\/www.neuillysurmarne.fr\/pt\/evenements\/debat-theatral-du-cote-de-la-vie\/\" \/>\n<meta property=\"og:site_name\" content=\"Mairie de Neuilly-sur-Marne\" \/>\n<meta property=\"article:publisher\" content=\"https:\/\/www.facebook.com\/ville.neuilly\" \/>\n<meta property=\"og:image\" content=\"https:\/\/www.neuillysurmarne.fr\/wp-content\/uploads\/2026\/03\/affiche-Du-cote-de-la-vie-724x1024.png\" \/>\n\t<meta property=\"og:image:width\" content=\"724\" \/>\n\t<meta property=\"og:image:height\" content=\"1024\" \/>\n\t<meta property=\"og:image:type\" content=\"image\/png\" \/>\n<meta name=\"twitter:card\" content=\"summary_large_image\" \/>\n<meta name=\"twitter:label1\" content=\"Tempo estimado de leitura\" \/>\n\t<meta name=\"twitter:data1\" content=\"1 minuto\" \/>\n<script type=\"application\/ld+json\" class=\"yoast-schema-graph\">{\"@context\":\"https:\\\/\\\/schema.org\",\"@graph\":[{\"@type\":\"WebPage\",\"@id\":\"https:\\\/\\\/www.neuillysurmarne.fr\\\/evenements\\\/debat-theatral-du-cote-de-la-vie\\\/\",\"url\":\"https:\\\/\\\/www.neuillysurmarne.fr\\\/evenements\\\/debat-theatral-du-cote-de-la-vie\\\/\",\"name\":\"D\u00e9bat th\u00e9\u00e2tral - Du c\u00f4t\u00e9 de la vie - Mairie de Neuilly-sur-Marne\",\"isPartOf\":{\"@id\":\"https:\\\/\\\/www.neuillysurmarne.fr\\\/es\\\/#website\"},\"primaryImageOfPage\":{\"@id\":\"https:\\\/\\\/www.neuillysurmarne.fr\\\/evenements\\\/debat-theatral-du-cote-de-la-vie\\\/#primaryimage\"},\"image\":{\"@id\":\"https:\\\/\\\/www.neuillysurmarne.fr\\\/evenements\\\/debat-theatral-du-cote-de-la-vie\\\/#primaryimage\"},\"thumbnailUrl\":\"https:\\\/\\\/www.neuillysurmarne.fr\\\/wp-content\\\/uploads\\\/2026\\\/03\\\/affiche-Du-cote-de-la-vie-scaled.png\",\"datePublished\":\"2026-03-31T15:54:54+00:00\",\"breadcrumb\":{\"@id\":\"https:\\\/\\\/www.neuillysurmarne.fr\\\/evenements\\\/debat-theatral-du-cote-de-la-vie\\\/#breadcrumb\"},\"inLanguage\":\"pt-PT\",\"potentialAction\":[{\"@type\":\"ReadAction\",\"target\":[\"https:\\\/\\\/www.neuillysurmarne.fr\\\/evenements\\\/debat-theatral-du-cote-de-la-vie\\\/\"]}]},{\"@type\":\"ImageObject\",\"inLanguage\":\"pt-PT\",\"@id\":\"https:\\\/\\\/www.neuillysurmarne.fr\\\/evenements\\\/debat-theatral-du-cote-de-la-vie\\\/#primaryimage\",\"url\":\"https:\\\/\\\/www.neuillysurmarne.fr\\\/wp-content\\\/uploads\\\/2026\\\/03\\\/affiche-Du-cote-de-la-vie-scaled.png\",\"contentUrl\":\"https:\\\/\\\/www.neuillysurmarne.fr\\\/wp-content\\\/uploads\\\/2026\\\/03\\\/affiche-Du-cote-de-la-vie-scaled.png\",\"width\":1811,\"height\":2560},{\"@type\":\"BreadcrumbList\",\"@id\":\"https:\\\/\\\/www.neuillysurmarne.fr\\\/evenements\\\/debat-theatral-du-cote-de-la-vie\\\/#breadcrumb\",\"itemListElement\":[{\"@type\":\"ListItem\",\"position\":1,\"name\":\"Accueil\",\"item\":\"https:\\\/\\\/www.neuillysurmarne.fr\\\/\"},{\"@type\":\"ListItem\",\"position\":2,\"name\":\"D\u00e9bat th\u00e9\u00e2tral &#8211; Du c\u00f4t\u00e9 de la vie\"}]},{\"@type\":\"WebSite\",\"@id\":\"https:\\\/\\\/www.neuillysurmarne.fr\\\/es\\\/#website\",\"url\":\"https:\\\/\\\/www.neuillysurmarne.fr\\\/es\\\/\",\"name\":\"Mairie de Neuilly-sur-Marne\",\"description\":\"BETA\",\"publisher\":{\"@id\":\"https:\\\/\\\/www.neuillysurmarne.fr\\\/es\\\/#organization\"},\"potentialAction\":[{\"@type\":\"SearchAction\",\"target\":{\"@type\":\"EntryPoint\",\"urlTemplate\":\"https:\\\/\\\/www.neuillysurmarne.fr\\\/es\\\/?s={search_term_string}\"},\"query-input\":{\"@type\":\"PropertyValueSpecification\",\"valueRequired\":true,\"valueName\":\"search_term_string\"}}],\"inLanguage\":\"pt-PT\"},{\"@type\":\"Organization\",\"@id\":\"https:\\\/\\\/www.neuillysurmarne.fr\\\/es\\\/#organization\",\"name\":\"Mairie de Neuilly-sur-Marne\",\"url\":\"https:\\\/\\\/www.neuillysurmarne.fr\\\/es\\\/\",\"logo\":{\"@type\":\"ImageObject\",\"inLanguage\":\"pt-PT\",\"@id\":\"https:\\\/\\\/www.neuillysurmarne.fr\\\/es\\\/#\\\/schema\\\/logo\\\/image\\\/\",\"url\":\"https:\\\/\\\/www.neuillysurmarne.fr\\\/wp-content\\\/uploads\\\/2023\\\/10\\\/LOGO-NeuillysurMarne-blanc.png\",\"contentUrl\":\"https:\\\/\\\/www.neuillysurmarne.fr\\\/wp-content\\\/uploads\\\/2023\\\/10\\\/LOGO-NeuillysurMarne-blanc.png\",\"width\":3308,\"height\":2586,\"caption\":\"Mairie de Neuilly-sur-Marne\"},\"image\":{\"@id\":\"https:\\\/\\\/www.neuillysurmarne.fr\\\/es\\\/#\\\/schema\\\/logo\\\/image\\\/\"},\"sameAs\":[\"https:\\\/\\\/www.facebook.com\\\/ville.neuilly\",\"https:\\\/\\\/www.instagram.com\\\/neuilly_marne\\\/\",\"https:\\\/\\\/www.linkedin.com\\\/company\\\/ville-de-neuilly-sur-marne\\\/\",\"https:\\\/\\\/www.youtube.com\\\/channel\\\/UCDdZ0TLrV8rfIqjBGvoeB5A\",\"https:\\\/\\\/www.tiktok.com\\\/@villedeneuillysurmarne\"]}]}<\/script>\n<!-- \/ Yoast SEO plugin. -->","yoast_head_json":{"title":"D\u00e9bat th\u00e9\u00e2tral - Du c\u00f4t\u00e9 de la vie - Mairie de Neuilly-sur-Marne","robots":{"index":"index","follow":"follow","max-snippet":"max-snippet:-1","max-image-preview":"max-image-preview:large","max-video-preview":"max-video-preview:-1"},"canonical":"https:\/\/www.neuillysurmarne.fr\/pt\/evenements\/debat-theatral-du-cote-de-la-vie\/","og_locale":"pt_PT","og_type":"article","og_title":"D\u00e9bat th\u00e9\u00e2tral - Du c\u00f4t\u00e9 de la vie - Mairie de Neuilly-sur-Marne","og_description":"Seniors DU C\u00d4T\u00c9 DE LA VIE Jeudi 11 juin de 14h \u00e0 16h Ludom\u00e9diath\u00e8que Antoine de Saint-Exup\u00e9ry Tout public Gratuit sur r\u00e9servation au 06 25 74 21 76 D\u00e9bat th\u00e9\u00e2tral sur le bien-\u00eatre et le maintien \u00e0 domicile des A\u00een\u00e9s","og_url":"https:\/\/www.neuillysurmarne.fr\/pt\/evenements\/debat-theatral-du-cote-de-la-vie\/","og_site_name":"Mairie de Neuilly-sur-Marne","article_publisher":"https:\/\/www.facebook.com\/ville.neuilly","og_image":[{"width":724,"height":1024,"url":"https:\/\/www.neuillysurmarne.fr\/wp-content\/uploads\/2026\/03\/affiche-Du-cote-de-la-vie-724x1024.png","type":"image\/png"}],"twitter_card":"summary_large_image","twitter_misc":{"Tempo estimado de leitura":"1 minuto"},"schema":{"@context":"https:\/\/schema.org","@graph":[{"@type":"WebPage","@id":"https:\/\/www.neuillysurmarne.fr\/evenements\/debat-theatral-du-cote-de-la-vie\/","url":"https:\/\/www.neuillysurmarne.fr\/evenements\/debat-theatral-du-cote-de-la-vie\/","name":"D\u00e9bat th\u00e9\u00e2tral - Du c\u00f4t\u00e9 de la vie - Mairie de Neuilly-sur-Marne","isPartOf":{"@id":"https:\/\/www.neuillysurmarne.fr\/es\/#website"},"primaryImageOfPage":{"@id":"https:\/\/www.neuillysurmarne.fr\/evenements\/debat-theatral-du-cote-de-la-vie\/#primaryimage"},"image":{"@id":"https:\/\/www.neuillysurmarne.fr\/evenements\/debat-theatral-du-cote-de-la-vie\/#primaryimage"},"thumbnailUrl":"https:\/\/www.neuillysurmarne.fr\/wp-content\/uploads\/2026\/03\/affiche-Du-cote-de-la-vie-scaled.png","datePublished":"2026-03-31T15:54:54+00:00","breadcrumb":{"@id":"https:\/\/www.neuillysurmarne.fr\/evenements\/debat-theatral-du-cote-de-la-vie\/#breadcrumb"},"inLanguage":"pt-PT","potentialAction":[{"@type":"ReadAction","target":["https:\/\/www.neuillysurmarne.fr\/evenements\/debat-theatral-du-cote-de-la-vie\/"]}]},{"@type":"ImageObject","inLanguage":"pt-PT","@id":"https:\/\/www.neuillysurmarne.fr\/evenements\/debat-theatral-du-cote-de-la-vie\/#primaryimage","url":"https:\/\/www.neuillysurmarne.fr\/wp-content\/uploads\/2026\/03\/affiche-Du-cote-de-la-vie-scaled.png","contentUrl":"https:\/\/www.neuillysurmarne.fr\/wp-content\/uploads\/2026\/03\/affiche-Du-cote-de-la-vie-scaled.png","width":1811,"height":2560},{"@type":"BreadcrumbList","@id":"https:\/\/www.neuillysurmarne.fr\/evenements\/debat-theatral-du-cote-de-la-vie\/#breadcrumb","itemListElement":[{"@type":"ListItem","position":1,"name":"Accueil","item":"https:\/\/www.neuillysurmarne.fr\/"},{"@type":"ListItem","position":2,"name":"D\u00e9bat th\u00e9\u00e2tral &#8211; Du c\u00f4t\u00e9 de la vie"}]},{"@type":"WebSite","@id":"https:\/\/www.neuillysurmarne.fr\/es\/#website","url":"https:\/\/www.neuillysurmarne.fr\/es\/","name":"C\u00e2mara Municipal de Neuilly-sur-Marne","description":"BETA","publisher":{"@id":"https:\/\/www.neuillysurmarne.fr\/es\/#organization"},"potentialAction":[{"@type":"SearchAction","target":{"@type":"EntryPoint","urlTemplate":"https:\/\/www.neuillysurmarne.fr\/es\/?s={search_term_string}"},"query-input":{"@type":"PropertyValueSpecification","valueRequired":true,"valueName":"search_term_string"}}],"inLanguage":"pt-PT"},{"@type":"Organization","@id":"https:\/\/www.neuillysurmarne.fr\/es\/#organization","name":"C\u00e2mara Municipal de Neuilly-sur-Marne","url":"https:\/\/www.neuillysurmarne.fr\/es\/","logo":{"@type":"ImageObject","inLanguage":"pt-PT","@id":"https:\/\/www.neuillysurmarne.fr\/es\/#\/schema\/logo\/image\/","url":"https:\/\/www.neuillysurmarne.fr\/wp-content\/uploads\/2023\/10\/LOGO-NeuillysurMarne-blanc.png","contentUrl":"https:\/\/www.neuillysurmarne.fr\/wp-content\/uploads\/2023\/10\/LOGO-NeuillysurMarne-blanc.png","width":3308,"height":2586,"caption":"Mairie de Neuilly-sur-Marne"},"image":{"@id":"https:\/\/www.neuillysurmarne.fr\/es\/#\/schema\/logo\/image\/"},"sameAs":["https:\/\/www.facebook.com\/ville.neuilly","https:\/\/www.instagram.com\/neuilly_marne\/","https:\/\/www.linkedin.com\/company\/ville-de-neuilly-sur-marne\/","https:\/\/www.youtube.com\/channel\/UCDdZ0TLrV8rfIqjBGvoeB5A","https:\/\/www.tiktok.com\/@villedeneuillysurmarne"]}]}},"_links":{"self":[{"href":"https:\/\/www.neuillysurmarne.fr\/pt\/wp-json\/wp\/v2\/evenements\/17760","targetHints":{"allow":["GET"]}}],"collection":[{"href":"https:\/\/www.neuillysurmarne.fr\/pt\/wp-json\/wp\/v2\/evenements"}],"about":[{"href":"https:\/\/www.neuillysurmarne.fr\/pt\/wp-json\/wp\/v2\/types\/evenements"}],"wp:featuredmedia":[{"embeddable":true,"href":"https:\/\/www.neuillysurmarne.fr\/pt\/wp-json\/wp\/v2\/media\/17761"}],"wp:attachment":[{"href":"https:\/\/www.neuillysurmarne.fr\/pt\/wp-json\/wp\/v2\/media?parent=17760"}],"wp:term":[{"taxonomy":"categorie-evenement","embeddable":true,"href":"https:\/\/www.neuillysurmarne.fr\/pt\/wp-json\/wp\/v2\/categorie-evenement?post=17760"}],"curies":[{"name":"wp","href":"https:\/\/api.w.org\/{rel}","templated":true}]}}